{"id":45,"date":"2021-09-06T18:03:09","date_gmt":"2021-09-06T18:03:09","guid":{"rendered":"https:\/\/portuaria.gob.do\/transparenza\/?page_id=45"},"modified":"2026-04-01T20:42:42","modified_gmt":"2026-04-01T20:42:42","slug":"compras-y-contrataciones-publicas","status":"publish","type":"page","link":"https:\/\/portuaria.gob.do\/transparencia\/compras-y-contrataciones-publicas\/","title":{"rendered":"Compras y contrataciones p\u00fablicas"},"content":{"rendered":"\t\t<div data-elementor-type=\"wp-page\" data-elementor-id=\"45\" class=\"elementor elementor-45\">\n\t\t\t\t\t\t<section class=\"elementor-section elementor-top-section elementor-element elementor-element-a8d1995 elementor-section-boxed elementor-section-height-default elementor-section-height-default\" data-id=\"a8d1995\" data-element_type=\"section\" data-e-type=\"section\">\n\t\t\t\t\t\t<div class=\"elementor-container elementor-column-gap-default\">\n\t\t\t\t\t<div class=\"elementor-column elementor-col-100 elementor-top-column elementor-element elementor-element-17a9762\" data-id=\"17a9762\" data-element_type=\"column\" data-e-type=\"column\">\n\t\t\t<div class=\"elementor-widget-wrap elementor-element-populated\">\n\t\t\t\t\t\t<div class=\"elementor-element elementor-element-862d396 elementor-widget elementor-widget-html\" data-id=\"862d396\" data-element_type=\"widget\" data-e-type=\"widget\" data-widget_type=\"html.default\">\n\t\t\t\t<div class=\"elementor-widget-container\">\n\t\t\t\t\t<div>\n    <a href=\"https:\/\/comunidad.comprasdominicana.gob.do\/Public\/App\/AnnualPurchasingPlanEditPublic\/View?id=74106&prevCtxLbl=Plan+Anual+de+Compras+y+Contrataciones+(PACC)&prevCtxUrl=https%3a%2f%2fcomunidad.comprasdominicana.gob.do%3a443%2fPublic%2fApp%2fAnnualPurchasingPlanManagementPublic%2fIndex%3fcurrentLanguage%3des-DO\" target=\"_blank\">\n        PACC de Autoridad Portuaria Dominicana\n    <\/a>\n<\/div>\t\t\t\t<\/div>\n\t\t\t\t<\/div>\n\t\t\t\t\t<\/div>\n\t\t<\/div>\n\t\t\t\t\t<\/div>\n\t\t<\/section>\n\t\t\t\t<section class=\"elementor-section elementor-top-section elementor-element elementor-element-791dcce elementor-section-boxed elementor-section-height-default elementor-section-height-default\" data-id=\"791dcce\" data-element_type=\"section\" data-e-type=\"section\">\n\t\t\t\t\t\t<div class=\"elementor-container elementor-column-gap-default\">\n\t\t\t\t\t<div class=\"elementor-column elementor-col-100 elementor-top-column elementor-element elementor-element-0cdc6fd\" data-id=\"0cdc6fd\" data-element_type=\"column\" data-e-type=\"column\">\n\t\t\t<div class=\"elementor-widget-wrap elementor-element-populated\">\n\t\t\t\t\t\t<div class=\"elementor-element elementor-element-c2a7aed elementor-widget elementor-widget-html\" data-id=\"c2a7aed\" data-element_type=\"widget\" data-e-type=\"widget\" data-widget_type=\"html.default\">\n\t\t\t\t<div class=\"elementor-widget-container\">\n\t\t\t\t\t<style>\r\n.informacion-inicial {<br \/>  font-family: 'Lato', sans-serif;<br \/>  font-size: 12px;<br \/>  color: #212529;<br \/>  background-color: #f8f9fa;<br \/>  padding: 1.5rem;<br \/>  border-radius: 6px;<br \/>  border: 1px solid #dee2e6;<br \/>  margin-bottom: 2rem;<br \/>}<\/p>\r\n<p>.informacion-inicial a {<br \/>  display: block;<br \/>  margin-bottom: 0.75rem;<br \/>  color: #0056b3;<br \/>  text-decoration: none;<br \/>  font-weight: 600;<br \/>}<\/p>\r\n<p>.informacion-inicial a:hover {<br \/>  text-decoration: underline;<br \/>}<\/p>\r\n<p>.informacion-inicial .btn {<br \/>  font-size: 14px;<br \/>  font-weight: bold;<br \/>  padding: 10px 20px;<br \/>  background-color: #ffc107;<br \/>  border: none;<br \/>  color: #000;<br \/>}<\/p>\r\n<p>.informacion-inicial .btn:hover {<br \/>  background-color: #002b5c;<br \/>  color: #fff;<br \/>}<\/p>\r\n<p>.informacion-inicial .nota {<br \/>  background-color: #cddaff;<br \/>  border-left: 5px solid #172a57;<br \/>  padding: 1rem;<br \/>  margin-top: 1rem;<br \/>  border-radius: 4px;<br \/>  color: #0066ff;<br \/>  font-size: 14px;<br \/>}<\/p>\r\n<p>\/* Ocultar visualmente el plugin sin bloquear su carga *\/<br \/>#procesos-plugin {<br \/>  opacity: 0;<br \/>  pointer-events: none;<br \/>  transition: opacity 0.3s ease;<br \/>}<br \/><\/style>\r\n\r\n<!-- HTML VISUAL -->\r\n<div class=\"informacion-inicial\">\r\n\r\n<a href=\"https:\/\/www.dgcp.gob.do\/index.php\/servicios\/registro-de-proveedores\/\" target=\"_blank\" rel=\"noopener\">\r\n<i class=\"fas fa-user-check\"><\/i> \u00bfC\u00f3mo ser Proveedor del Estado?\r\n<\/a><a href=\"https:\/\/comunidad.comprasdominicana.gob.do\/Public\/App\/AnnualPurchasingPlanManagementPublic\/Index?currentLanguage=es-DO\" target=\"_blank\" rel=\"noopener\">\r\n<i class=\"fas fa-calendar-alt\"><\/i> Link al PACC en el Portal Transaccional\r\n<\/a>\r\n\r\n<a class=\"btn btn-warning\" href=\"https:\/\/comunidad.comprasdominicana.gob.do\/Public\/Tendering\/ContractNoticeManagement\/Index?currentLanguage=es&amp;Country=DO&amp;Theme=DGCP&amp;Page=Login\" target=\"_blank\" rel=\"noopener\">\r\n<i class=\"fas fa-sign-in-alt\"><\/i> ACCEDE AL PORTAL TRANSACCIONAL\r\n<\/a>\r\n<div class=\"nota\"><strong>Nota:<\/strong> Los a\u00f1os o meses que no figuran en esta p\u00e1gina se debe a que la instituci\u00f3n no hizo procesos de compras para el proceso correspondiente.<\/div>\r\n<!-- Plugin Shortcode -->\r\n<div id=\"procesos-plugin\"><style>\n                    #acc_69eeee772d89c{\n                        font-size: 14px;\n                    }\n\n                    #acc_69eeee772d89c a.hover {\n                        cursor: pointer;\n                    }\n\n                    #acc_69eeee772d89c a.hover:hover {\n                        text-decoration: none;\n                    }\n\n                    #acc_69eeee772d89c .card {\n                        border: 0;\n                        border: 1px solid #e1f1ff;\n                        border-radius: 0\n                    }\n\n                    #acc_69eeee772d89c .card-header {\n                        border: 0;\n                        border-radius: 0;\n                        background: #e1f1ff;\n                        padding: 0 .5rem\n                    }\n\n                    #acc_69eeee772d89c .card-title {\n                        text-align: center;\n                        color: #1662c2\n                    }\n\n                    #acc_69eeee772d89c .card-header .text-blue a {\n                        display: block;\n                        width: 95%;\n                        padding: .75rem .75rem;\n                        position: relative;\n                        font-weight: bold;\n                        color: #1761c3;\n                    }\n\n                    #acc_69eeee772d89c .card-header .text-blue a.collapsed:after {\n                        position: absolute;\n                        color: #1761c3;\n                        font-family: \"Font Awesome 5 Free\";\n                        font-style: normal;\n                        font-weight: 900;\n                        font-size: 14px;\n                        content: \"\\f067\";\n                        right: calc(-5%);\n                        top: 50%;\n                        transform: translate(0, -50%);\n                        background-color: transparent !important;\n                    }\n\n                    #acc_69eeee772d89c .card-header .text-blue a:after {\n                        position: absolute;\n                        color: #1761c3;\n                        font-family: \"Font Awesome 5 Free\";\n                        font-style: normal;\n                        font-weight: 900;\n                        font-size: 14px;\n                        content: \"\\f068\";\n                        right: calc(-5%);\n                        top: 50%;\n                        transform: translate(0, -50%);\n                        background-color: transparent;\n                    }\n\n                    #acc_69eeee772d89c .card:nth-child(even)>.card-header {\n                        background-color: #fff;\n                    }\n                    #acc_69eeee772d89c .card:nth-child(even)>.card-header a,\n                    #acc_69eeee772d89c .card:nth-child(even)>.card-header .text-blue a:after {\n                        color: #1761c3;\n                    }\n\n                    #acc_69eeee772d89c .card-body {\n                        padding: .5rem;\n                        font-weight: 300;\n                        line-height: 1.7\n                    }\n\n                    #acc_69eeee772d89c .jumbotron {\n                        background: #f6f7f7;\n                        padding: 1rem;\n                        margin-top: .5rem;\n                        margin-bottom: 0;\n                        border-radius: 0\n                    }\n                    #acc_69eeee772d89c .archivos .right {\n                        border-right: 2px solid #d0d1d3;\n                        padding-right: 10px;\n                        text-align: right\n                    }\n\n                    #acc_69eeee772d89c .archivos .left {\n                        padding-left: 10px\n                    }\n\n                    #acc_69eeee772d89c .archivos b {\n                        color: #666\n                    }\n                    #acc_69eeee772d89c .btn-primary{\n                        font-size: 1rem;\n                        font-weight: bold;\n                        width: 100%;\n                        padding: 0.5rem;\n                        background-color: #1761c4;\n                        border:  #1761c4;\n                        -webkit-transition: all .25s ease;\n                        -moz-transition: all .25s ease;\n                        -ms-transition: all .25s ease;\n                        -o-transition: all .25s ease;\n                        transition: all .25s ease;\n                    }\n                    #acc_69eeee772d89c .btn-primary:hover{\n                        transform: scale(1.05);\n                    }\n\n                <\/style><div class=\"accordion acc-proccess processes\" id=\"acc_69eeee772d89c\">\n        <div class=\"card\">\n            <div class=\"card-header parents\" id=\"heading_casos-de-excepcio-n-69eeee772d89c\">\n                <p class=\"title text-blue mb-0\">\n                    <a class=\"btn-block hover text-left collapsed\" data-toggle=\"collapse\" data-target=\"#collap_casos-de-excepcio-n-69eeee772d89c\" aria-expanded=\"false\" aria-controls=\"collap_casos-de-excepcio-n-69eeee772d89c\">Casos de Excepcio\u0301n<\/a>\n                <\/p>\n            <\/div>\n            <div id=\"collap_casos-de-excepcio-n-69eeee772d89c\" class=\"collapse\" aria-labelledby=\"heading_casos-de-excepcio-n-69eeee772d89c\" data-parent=\"#acc_69eeee772d89c\">\n                <div class=\"card-body\">\n        <div class=\"card\">\n            <div class=\"card-header parents\" id=\"heading_casos-de-excepcio-n-69eeee772d89c-2026-69eeee772d89c\">\n                <p class=\"title text-blue mb-0\">\n                    <a class=\"btn-block hover text-left collapsed\" data-toggle=\"collapse\" data-target=\"#collap_casos-de-excepcio-n-69eeee772d89c-2026-69eeee772d89c\" aria-expanded=\"false\" aria-controls=\"collap_casos-de-excepcio-n-69eeee772d89c-2026-69eeee772d89c\">2026<\/a>\n                <\/p>\n            <\/div>\n            <div id=\"collap_casos-de-excepcio-n-69eeee772d89c-2026-69eeee772d89c\" class=\"collapse\" aria-labelledby=\"heading_casos-de-excepcio-n-69eeee772d89c-2026-69eeee772d89c\" data-parent=\"#collap_casos-de-excepcio-n-69eeee772d89c\">\n                <div class=\"card-body\">\n        <div class=\"card\">\n            <div class=\"card-header parents\" id=\"heading_casos-de-excepcio-n-69eeee772d89c-2026-69eeee772d89c-abril-69eeee772d89c\">\n                <p class=\"title text-blue mb-0\">\n                    <a class=\"btn-block hover text-left collapsed\" data-toggle=\"collapse\" data-target=\"#collap_casos-de-excepcio-n-69eeee772d89c-2026-69eeee772d89c-abril-69eeee772d89c\" aria-expanded=\"false\" aria-controls=\"collap_casos-de-excepcio-n-69eeee772d89c-2026-69eeee772d89c-abril-69eeee772d89c\">Abril<\/a>\n                <\/p>\n            <\/div>\n            <div id=\"collap_casos-de-excepcio-n-69eeee772d89c-2026-69eeee772d89c-abril-69eeee772d89c\" class=\"collapse\" aria-labelledby=\"heading_casos-de-excepcio-n-69eeee772d89c-2026-69eeee772d89c-abril-69eeee772d89c\" data-parent=\"#collap_casos-de-excepcio-n-69eeee772d89c-2026-69eeee772d89c\">\n                <div class=\"card-body\">\n        <div class=\"card\">\n            <div class=\"card-header parents\" id=\"heading_casos-de-excepcio-n-69eeee772d89c-2026-69eeee772d89c-abril-69eeee772d89c-proceso-ordinario-69eeee772d89c\">\n                <p class=\"title text-blue mb-0\">\n                    <a class=\"btn-block hover text-left collapsed\" data-toggle=\"collapse\" data-target=\"#collap_casos-de-excepcio-n-69eeee772d89c-2026-69eeee772d89c-abril-69eeee772d89c-proceso-ordinario-69eeee772d89c\" aria-expanded=\"false\" aria-controls=\"collap_casos-de-excepcio-n-69eeee772d89c-2026-69eeee772d89c-abril-69eeee772d89c-proceso-ordinario-69eeee772d89c\">Proceso ordinario<\/a>\n                <\/p>\n            <\/div>\n            <div id=\"collap_casos-de-excepcio-n-69eeee772d89c-2026-69eeee772d89c-abril-69eeee772d89c-proceso-ordinario-69eeee772d89c\" class=\"collapse\" aria-labelledby=\"heading_casos-de-excepcio-n-69eeee772d89c-2026-69eeee772d89c-abril-69eeee772d89c-proceso-ordinario-69eeee772d89c\" data-parent=\"#collap_casos-de-excepcio-n-69eeee772d89c-2026-69eeee772d89c-abril-69eeee772d89c\">\n                <div class=\"card-body\"><div class=\"jumbotron archivos\"><div class=\"row align-items-center\"><div class=\"col\"><h6><a class=\"text-dark\" href=\"https:\/\/comunidad.comprasdominicana.gob.do\/\/Public\/Tendering\/OpportunityDetail\/Index?noticeUID=DO1.NTC.1704037\" title=\"Ver\" target=\"_blank\">APORDOM-CCC-PEPS-2026-0001<\/a><\/h6><p class=\"mb-0 bold\">Representaci\u00f3n Legal en Proceso Regulatorio para Cruceros que Arriben a Puertos Dominicanos<\/p><p class=\"mb-0\" style=\"font-size: .85rem\"><strong title=\"Estado del Proceso\"><i class=\"fas fa-spinner\"><\/i><\/strong> Sobres abiertos o aperturados<\/p><p class=\"mb-0\" style=\"font-size: .85rem\"><strong title=\"Fecha de Publicaci\u00f3n\"><i class=\"fas fa-calendar-alt\"><\/i><\/strong> Publicado el martes, 21 de abril de 2026<\/p><\/div><div class=\"col-auto mt-md-0 mt-2\"><a class=\"btn btn-primary btn-lg px-lg-4 d-none d-md-block\" href=\"https:\/\/comunidad.comprasdominicana.gob.do\/\/Public\/Tendering\/OpportunityDetail\/Index?noticeUID=DO1.NTC.1704037\" target=\"_blank\" title=\"Detalles\"><i class=\"fas fa-link\"><\/i> DETALLES<\/a><a class=\"btn btn-primary btn-lg px-lg-4 d-block d-md-none\" href=\"https:\/\/comunidad.comprasdominicana.gob.do\/\/Public\/Tendering\/OpportunityDetail\/Index?noticeUID=DO1.NTC.1704037\" target=\"_blank\" title=\"Detalles\"><i class=\"fas fa-2x fa-link\"><\/i><\/a><\/div><\/div><\/div><\/div><\/div><\/div>\n        <div class=\"card\">\n            <div class=\"card-header parents\" id=\"heading_casos-de-excepcio-n-69eeee772d89c-2026-69eeee772d89c-abril-69eeee772d89c-publicidad-69eeee772d89c\">\n                <p class=\"title text-blue mb-0\">\n                    <a class=\"btn-block hover text-left collapsed\" data-toggle=\"collapse\" data-target=\"#collap_casos-de-excepcio-n-69eeee772d89c-2026-69eeee772d89c-abril-69eeee772d89c-publicidad-69eeee772d89c\" aria-expanded=\"false\" aria-controls=\"collap_casos-de-excepcio-n-69eeee772d89c-2026-69eeee772d89c-abril-69eeee772d89c-publicidad-69eeee772d89c\">Publicidad<\/a>\n                <\/p>\n            <\/div>\n            <div id=\"collap_casos-de-excepcio-n-69eeee772d89c-2026-69eeee772d89c-abril-69eeee772d89c-publicidad-69eeee772d89c\" class=\"collapse\" aria-labelledby=\"heading_casos-de-excepcio-n-69eeee772d89c-2026-69eeee772d89c-abril-69eeee772d89c-publicidad-69eeee772d89c\" data-parent=\"#collap_casos-de-excepcio-n-69eeee772d89c-2026-69eeee772d89c-abril-69eeee772d89c\">\n                <div class=\"card-body\"><div class=\"jumbotron archivos\"><div class=\"row align-items-center\"><div class=\"col\"><h6><a class=\"text-dark\" href=\"https:\/\/comunidad.comprasdominicana.gob.do\/\/Public\/Tendering\/OpportunityDetail\/Index?noticeUID=DO1.NTC.1700963\" title=\"Ver\" target=\"_blank\">APORDOM-CCC-PEPB-2026-0001<\/a><\/h6><p class=\"mb-0 bold\">Contrataci\u00f3n de Servicios de Publicidad Institucional en Peri\u00f3dicos Nacionales<\/p><p class=\"mb-0\" style=\"font-size: .85rem\"><strong title=\"Estado del Proceso\"><i class=\"fas fa-spinner\"><\/i><\/strong> Proceso adjudicado y celebrado<\/p><p class=\"mb-0\" style=\"font-size: .85rem\"><strong title=\"Fecha de Publicaci\u00f3n\"><i class=\"fas fa-calendar-alt\"><\/i><\/strong> Publicado el mi\u00e9rcoles, 15 de abril de 2026<\/p><\/div><div class=\"col-auto mt-md-0 mt-2\"><a class=\"btn btn-primary btn-lg px-lg-4 d-none d-md-block\" href=\"https:\/\/comunidad.comprasdominicana.gob.do\/\/Public\/Tendering\/OpportunityDetail\/Index?noticeUID=DO1.NTC.1700963\" target=\"_blank\" title=\"Detalles\"><i class=\"fas fa-link\"><\/i> DETALLES<\/a><a class=\"btn btn-primary btn-lg px-lg-4 d-block d-md-none\" href=\"https:\/\/comunidad.comprasdominicana.gob.do\/\/Public\/Tendering\/OpportunityDetail\/Index?noticeUID=DO1.NTC.1700963\" target=\"_blank\" title=\"Detalles\"><i class=\"fas fa-2x fa-link\"><\/i><\/a><\/div><\/div><\/div><\/div><\/div><\/div><\/div><\/div><\/div>\n        <div class=\"card\">\n            <div class=\"card-header parents\" id=\"heading_casos-de-excepcio-n-69eeee772d89c-2026-69eeee772d89c-marzo-69eeee772d89c\">\n                <p class=\"title text-blue mb-0\">\n                    <a class=\"btn-block hover text-left collapsed\" data-toggle=\"collapse\" data-target=\"#collap_casos-de-excepcio-n-69eeee772d89c-2026-69eeee772d89c-marzo-69eeee772d89c\" aria-expanded=\"false\" aria-controls=\"collap_casos-de-excepcio-n-69eeee772d89c-2026-69eeee772d89c-marzo-69eeee772d89c\">Marzo<\/a>\n                <\/p>\n            <\/div>\n            <div id=\"collap_casos-de-excepcio-n-69eeee772d89c-2026-69eeee772d89c-marzo-69eeee772d89c\" class=\"collapse\" aria-labelledby=\"heading_casos-de-excepcio-n-69eeee772d89c-2026-69eeee772d89c-marzo-69eeee772d89c\" data-parent=\"#collap_casos-de-excepcio-n-69eeee772d89c-2026-69eeee772d89c\">\n                <div class=\"card-body\">\n        <div class=\"card\">\n            <div class=\"card-header parents\" id=\"heading_casos-de-excepcio-n-69eeee772d89c-2026-69eeee772d89c-marzo-69eeee772d89c-obras-cient-ficas-t-cnicas-art-sticas-restauraci-n-de-monumentos-69eeee772d89c\">\n                <p class=\"title text-blue mb-0\">\n                    <a class=\"btn-block hover text-left collapsed\" data-toggle=\"collapse\" data-target=\"#collap_casos-de-excepcio-n-69eeee772d89c-2026-69eeee772d89c-marzo-69eeee772d89c-obras-cient-ficas-t-cnicas-art-sticas-restauraci-n-de-monumentos-69eeee772d89c\" aria-expanded=\"false\" aria-controls=\"collap_casos-de-excepcio-n-69eeee772d89c-2026-69eeee772d89c-marzo-69eeee772d89c-obras-cient-ficas-t-cnicas-art-sticas-restauraci-n-de-monumentos-69eeee772d89c\">Obras Cient\u00edficas, T\u00e9cnicas, Art\u00edsticas, Restauraci\u00f3n de monumentos<\/a>\n                <\/p>\n            <\/div>\n            <div id=\"collap_casos-de-excepcio-n-69eeee772d89c-2026-69eeee772d89c-marzo-69eeee772d89c-obras-cient-ficas-t-cnicas-art-sticas-restauraci-n-de-monumentos-69eeee772d89c\" class=\"collapse\" aria-labelledby=\"heading_casos-de-excepcio-n-69eeee772d89c-2026-69eeee772d89c-marzo-69eeee772d89c-obras-cient-ficas-t-cnicas-art-sticas-restauraci-n-de-monumentos-69eeee772d89c\" data-parent=\"#collap_casos-de-excepcio-n-69eeee772d89c-2026-69eeee772d89c-marzo-69eeee772d89c\">\n                <div class=\"card-body\"><div class=\"jumbotron archivos\"><div class=\"row align-items-center\"><div class=\"col\"><h6><a class=\"text-dark\" href=\"https:\/\/comunidad.comprasdominicana.gob.do\/\/Public\/Tendering\/OpportunityDetail\/Index?noticeUID=DO1.NTC.1691932\" title=\"Ver\" target=\"_blank\">APORDOM-CCC-PEOR-2026-0002<\/a><\/h6><p class=\"mb-0 bold\">Contrataci\u00f3n de servicios de capacitaci\u00f3n institucional denominada \u00abPrograma para Directores de Gabinete\u00bb<\/p><p class=\"mb-0\" style=\"font-size: .85rem\"><strong title=\"Estado del Proceso\"><i class=\"fas fa-spinner\"><\/i><\/strong> Proceso adjudicado y celebrado<\/p><p class=\"mb-0\" style=\"font-size: .85rem\"><strong title=\"Fecha de Publicaci\u00f3n\"><i class=\"fas fa-calendar-alt\"><\/i><\/strong> Publicado el mi\u00e9rcoles, 25 de marzo de 2026<\/p><\/div><div class=\"col-auto mt-md-0 mt-2\"><a class=\"btn btn-primary btn-lg px-lg-4 d-none d-md-block\" href=\"https:\/\/comunidad.comprasdominicana.gob.do\/\/Public\/Tendering\/OpportunityDetail\/Index?noticeUID=DO1.NTC.1691932\" target=\"_blank\" title=\"Detalles\"><i class=\"fas fa-link\"><\/i> DETALLES<\/a><a class=\"btn btn-primary btn-lg px-lg-4 d-block d-md-none\" href=\"https:\/\/comunidad.comprasdominicana.gob.do\/\/Public\/Tendering\/OpportunityDetail\/Index?noticeUID=DO1.NTC.1691932\" target=\"_blank\" title=\"Detalles\"><i class=\"fas fa-2x fa-link\"><\/i><\/a><\/div><\/div><\/div><div class=\"jumbotron archivos\"><div class=\"row align-items-center\"><div class=\"col\"><h6><a class=\"text-dark\" href=\"https:\/\/comunidad.comprasdominicana.gob.do\/\/Public\/Tendering\/OpportunityDetail\/Index?noticeUID=DO1.NTC.1683046\" title=\"Ver\" target=\"_blank\">APORDOM-CCC-PEOR-2026-0001<\/a><\/h6><p class=\"mb-0 bold\">Contrataci\u00f3n de servicios de capacitaci\u00f3n institucional denominada \u00abJornadas de Actualizaci\u00f3n en Gesti\u00f3n P\u00fablica: Retos 360\u00b0 y mirada al futuro<\/p><p class=\"mb-0\" style=\"font-size: .85rem\"><strong title=\"Estado del Proceso\"><i class=\"fas fa-spinner\"><\/i><\/strong> Proceso adjudicado y celebrado<\/p><p class=\"mb-0\" style=\"font-size: .85rem\"><strong title=\"Fecha de Publicaci\u00f3n\"><i class=\"fas fa-calendar-alt\"><\/i><\/strong> Publicado el jueves, 5 de marzo de 2026<\/p><\/div><div class=\"col-auto mt-md-0 mt-2\"><a class=\"btn btn-primary btn-lg px-lg-4 d-none d-md-block\" href=\"https:\/\/comunidad.comprasdominicana.gob.do\/\/Public\/Tendering\/OpportunityDetail\/Index?noticeUID=DO1.NTC.1683046\" target=\"_blank\" title=\"Detalles\"><i class=\"fas fa-link\"><\/i> DETALLES<\/a><a class=\"btn btn-primary btn-lg px-lg-4 d-block d-md-none\" href=\"https:\/\/comunidad.comprasdominicana.gob.do\/\/Public\/Tendering\/OpportunityDetail\/Index?noticeUID=DO1.NTC.1683046\" target=\"_blank\" title=\"Detalles\"><i class=\"fas fa-2x fa-link\"><\/i><\/a><\/div><\/div><\/div><\/div><\/div><\/div><\/div><\/div><\/div><\/div><\/div><\/div>\n        <div class=\"card\">\n            <div class=\"card-header parents\" id=\"heading_casos-de-excepcio-n-69eeee772d89c-2025-69eeee772d89c\">\n                <p class=\"title text-blue mb-0\">\n                    <a class=\"btn-block hover text-left collapsed\" data-toggle=\"collapse\" data-target=\"#collap_casos-de-excepcio-n-69eeee772d89c-2025-69eeee772d89c\" aria-expanded=\"false\" aria-controls=\"collap_casos-de-excepcio-n-69eeee772d89c-2025-69eeee772d89c\">2025<\/a>\n                <\/p>\n            <\/div>\n            <div id=\"collap_casos-de-excepcio-n-69eeee772d89c-2025-69eeee772d89c\" class=\"collapse\" aria-labelledby=\"heading_casos-de-excepcio-n-69eeee772d89c-2025-69eeee772d89c\" data-parent=\"#collap_casos-de-excepcio-n-69eeee772d89c\">\n                <div class=\"card-body\">\n        <div class=\"card\">\n            <div class=\"card-header parents\" id=\"heading_casos-de-excepcio-n-69eeee772d89c-2025-69eeee772d89c-octubre-69eeee772d89c\">\n                <p class=\"title text-blue mb-0\">\n                    <a class=\"btn-block hover text-left collapsed\" data-toggle=\"collapse\" data-target=\"#collap_casos-de-excepcio-n-69eeee772d89c-2025-69eeee772d89c-octubre-69eeee772d89c\" aria-expanded=\"false\" aria-controls=\"collap_casos-de-excepcio-n-69eeee772d89c-2025-69eeee772d89c-octubre-69eeee772d89c\">Octubre<\/a>\n                <\/p>\n            <\/div>\n            <div id=\"collap_casos-de-excepcio-n-69eeee772d89c-2025-69eeee772d89c-octubre-69eeee772d89c\" class=\"collapse\" aria-labelledby=\"heading_casos-de-excepcio-n-69eeee772d89c-2025-69eeee772d89c-octubre-69eeee772d89c\" data-parent=\"#collap_casos-de-excepcio-n-69eeee772d89c-2025-69eeee772d89c\">\n                <div class=\"card-body\">\n        <div class=\"card\">\n            <div class=\"card-header parents\" id=\"heading_casos-de-excepcio-n-69eeee772d89c-2025-69eeee772d89c-octubre-69eeee772d89c-publicidad-69eeee772d89c\">\n                <p class=\"title text-blue mb-0\">\n                    <a class=\"btn-block hover text-left collapsed\" data-toggle=\"collapse\" data-target=\"#collap_casos-de-excepcio-n-69eeee772d89c-2025-69eeee772d89c-octubre-69eeee772d89c-publicidad-69eeee772d89c\" aria-expanded=\"false\" aria-controls=\"collap_casos-de-excepcio-n-69eeee772d89c-2025-69eeee772d89c-octubre-69eeee772d89c-publicidad-69eeee772d89c\">Publicidad<\/a>\n                <\/p>\n            <\/div>\n            <div id=\"collap_casos-de-excepcio-n-69eeee772d89c-2025-69eeee772d89c-octubre-69eeee772d89c-publicidad-69eeee772d89c\" class=\"collapse\" aria-labelledby=\"heading_casos-de-excepcio-n-69eeee772d89c-2025-69eeee772d89c-octubre-69eeee772d89c-publicidad-69eeee772d89c\" data-parent=\"#collap_casos-de-excepcio-n-69eeee772d89c-2025-69eeee772d89c-octubre-69eeee772d89c\">\n                <div class=\"card-body\"><div class=\"jumbotron archivos\"><div class=\"row align-items-center\"><div class=\"col\"><h6><a class=\"text-dark\" href=\"https:\/\/comunidad.comprasdominicana.gob.do\/\/Public\/Tendering\/OpportunityDetail\/Index?noticeUID=DO1.NTC.1626817\" title=\"Ver\" target=\"_blank\">APORDOM-CCC-PEPB-2025-0003<\/a><\/h6><p class=\"mb-0 bold\">contrataci\u00f3n de publicidad para la semana dominicana en Espa\u00f1a<\/p><p class=\"mb-0\" style=\"font-size: .85rem\"><strong title=\"Estado del Proceso\"><i class=\"fas fa-spinner\"><\/i><\/strong> Proceso adjudicado y celebrado<\/p><p class=\"mb-0\" style=\"font-size: .85rem\"><strong title=\"Fecha de Publicaci\u00f3n\"><i class=\"fas fa-calendar-alt\"><\/i><\/strong> Publicado el jueves, 30 de octubre de 2025<\/p><\/div><div class=\"col-auto mt-md-0 mt-2\"><a class=\"btn btn-primary btn-lg px-lg-4 d-none d-md-block\" href=\"https:\/\/comunidad.comprasdominicana.gob.do\/\/Public\/Tendering\/OpportunityDetail\/Index?noticeUID=DO1.NTC.1626817\" target=\"_blank\" title=\"Detalles\"><i class=\"fas fa-link\"><\/i> DETALLES<\/a><a class=\"btn btn-primary btn-lg px-lg-4 d-block d-md-none\" href=\"https:\/\/comunidad.comprasdominicana.gob.do\/\/Public\/Tendering\/OpportunityDetail\/Index?noticeUID=DO1.NTC.1626817\" target=\"_blank\" title=\"Detalles\"><i class=\"fas fa-2x fa-link\"><\/i><\/a><\/div><\/div><\/div><\/div><\/div><\/div><\/div><\/div><\/div>\n        <div class=\"card\">\n            <div class=\"card-header parents\" id=\"heading_casos-de-excepcio-n-69eeee772d89c-2025-69eeee772d89c-julio-69eeee772d89c\">\n                <p class=\"title text-blue mb-0\">\n                    <a class=\"btn-block hover text-left collapsed\" data-toggle=\"collapse\" data-target=\"#collap_casos-de-excepcio-n-69eeee772d89c-2025-69eeee772d89c-julio-69eeee772d89c\" aria-expanded=\"false\" aria-controls=\"collap_casos-de-excepcio-n-69eeee772d89c-2025-69eeee772d89c-julio-69eeee772d89c\">Julio<\/a>\n                <\/p>\n            <\/div>\n            <div id=\"collap_casos-de-excepcio-n-69eeee772d89c-2025-69eeee772d89c-julio-69eeee772d89c\" class=\"collapse\" aria-labelledby=\"heading_casos-de-excepcio-n-69eeee772d89c-2025-69eeee772d89c-julio-69eeee772d89c\" data-parent=\"#collap_casos-de-excepcio-n-69eeee772d89c-2025-69eeee772d89c\">\n                <div class=\"card-body\">\n        <div class=\"card\">\n            <div class=\"card-header parents\" id=\"heading_casos-de-excepcio-n-69eeee772d89c-2025-69eeee772d89c-julio-69eeee772d89c-publicidad-69eeee772d89c\">\n                <p class=\"title text-blue mb-0\">\n                    <a class=\"btn-block hover text-left collapsed\" data-toggle=\"collapse\" data-target=\"#collap_casos-de-excepcio-n-69eeee772d89c-2025-69eeee772d89c-julio-69eeee772d89c-publicidad-69eeee772d89c\" aria-expanded=\"false\" aria-controls=\"collap_casos-de-excepcio-n-69eeee772d89c-2025-69eeee772d89c-julio-69eeee772d89c-publicidad-69eeee772d89c\">Publicidad<\/a>\n                <\/p>\n            <\/div>\n            <div id=\"collap_casos-de-excepcio-n-69eeee772d89c-2025-69eeee772d89c-julio-69eeee772d89c-publicidad-69eeee772d89c\" class=\"collapse\" aria-labelledby=\"heading_casos-de-excepcio-n-69eeee772d89c-2025-69eeee772d89c-julio-69eeee772d89c-publicidad-69eeee772d89c\" data-parent=\"#collap_casos-de-excepcio-n-69eeee772d89c-2025-69eeee772d89c-julio-69eeee772d89c\">\n                <div class=\"card-body\"><div class=\"jumbotron archivos\"><div class=\"row align-items-center\"><div class=\"col\"><h6><a class=\"text-dark\" href=\"https:\/\/comunidad.comprasdominicana.gob.do\/\/Public\/Tendering\/OpportunityDetail\/Index?noticeUID=DO1.NTC.1584136\" title=\"Ver\" target=\"_blank\">APORDOM-CCC-PEPB-2025-0002<\/a><\/h6><p class=\"mb-0 bold\">Contrataci\u00f3n de Servicios Publicidad Institucional en Peri\u00f3dicos Nacionales\n<\/p><p class=\"mb-0\" style=\"font-size: .85rem\"><strong title=\"Estado del Proceso\"><i class=\"fas fa-spinner\"><\/i><\/strong> Proceso adjudicado y celebrado<\/p><p class=\"mb-0\" style=\"font-size: .85rem\"><strong title=\"Fecha de Publicaci\u00f3n\"><i class=\"fas fa-calendar-alt\"><\/i><\/strong> Publicado el jueves, 24 de julio de 2025<\/p><\/div><div class=\"col-auto mt-md-0 mt-2\"><a class=\"btn btn-primary btn-lg px-lg-4 d-none d-md-block\" href=\"https:\/\/comunidad.comprasdominicana.gob.do\/\/Public\/Tendering\/OpportunityDetail\/Index?noticeUID=DO1.NTC.1584136\" target=\"_blank\" title=\"Detalles\"><i class=\"fas fa-link\"><\/i> DETALLES<\/a><a class=\"btn btn-primary btn-lg px-lg-4 d-block d-md-none\" href=\"https:\/\/comunidad.comprasdominicana.gob.do\/\/Public\/Tendering\/OpportunityDetail\/Index?noticeUID=DO1.NTC.1584136\" target=\"_blank\" title=\"Detalles\"><i class=\"fas fa-2x fa-link\"><\/i><\/a><\/div><\/div><\/div><\/div><\/div><\/div><\/div><\/div><\/div>\n        <div class=\"card\">\n            <div class=\"card-header parents\" id=\"heading_casos-de-excepcio-n-69eeee772d89c-2025-69eeee772d89c-junio-69eeee772d89c\">\n                <p class=\"title text-blue mb-0\">\n                    <a class=\"btn-block hover text-left collapsed\" data-toggle=\"collapse\" data-target=\"#collap_casos-de-excepcio-n-69eeee772d89c-2025-69eeee772d89c-junio-69eeee772d89c\" aria-expanded=\"false\" aria-controls=\"collap_casos-de-excepcio-n-69eeee772d89c-2025-69eeee772d89c-junio-69eeee772d89c\">Junio<\/a>\n                <\/p>\n            <\/div>\n            <div id=\"collap_casos-de-excepcio-n-69eeee772d89c-2025-69eeee772d89c-junio-69eeee772d89c\" class=\"collapse\" aria-labelledby=\"heading_casos-de-excepcio-n-69eeee772d89c-2025-69eeee772d89c-junio-69eeee772d89c\" data-parent=\"#collap_casos-de-excepcio-n-69eeee772d89c-2025-69eeee772d89c\">\n                <div class=\"card-body\">\n        <div class=\"card\">\n            <div class=\"card-header parents\" id=\"heading_casos-de-excepcio-n-69eeee772d89c-2025-69eeee772d89c-junio-69eeee772d89c-proveedor-nico-69eeee772d89c\">\n                <p class=\"title text-blue mb-0\">\n                    <a class=\"btn-block hover text-left collapsed\" data-toggle=\"collapse\" data-target=\"#collap_casos-de-excepcio-n-69eeee772d89c-2025-69eeee772d89c-junio-69eeee772d89c-proveedor-nico-69eeee772d89c\" aria-expanded=\"false\" aria-controls=\"collap_casos-de-excepcio-n-69eeee772d89c-2025-69eeee772d89c-junio-69eeee772d89c-proveedor-nico-69eeee772d89c\">Proveedor \u00fanico<\/a>\n                <\/p>\n            <\/div>\n            <div id=\"collap_casos-de-excepcio-n-69eeee772d89c-2025-69eeee772d89c-junio-69eeee772d89c-proveedor-nico-69eeee772d89c\" class=\"collapse\" aria-labelledby=\"heading_casos-de-excepcio-n-69eeee772d89c-2025-69eeee772d89c-junio-69eeee772d89c-proveedor-nico-69eeee772d89c\" data-parent=\"#collap_casos-de-excepcio-n-69eeee772d89c-2025-69eeee772d89c-junio-69eeee772d89c\">\n                <div class=\"card-body\"><div class=\"jumbotron archivos\"><div class=\"row align-items-center\"><div class=\"col\"><h6><a class=\"text-dark\" href=\"https:\/\/comunidad.comprasdominicana.gob.do\/\/Public\/Tendering\/OpportunityDetail\/Index?noticeUID=DO1.NTC.1568434\" title=\"Ver\" target=\"_blank\">APORDOM-CCC-PEPU-2025-0003<\/a><\/h6><p class=\"mb-0 bold\">Contrataci\u00f3n de taller de mantenimiento preventivo, correctivo y general para los veh\u00edculos con garant\u00eda de APORDOM<\/p><p class=\"mb-0\" style=\"font-size: .85rem\"><strong title=\"Estado del Proceso\"><i class=\"fas fa-spinner\"><\/i><\/strong> Proceso adjudicado y celebrado<\/p><p class=\"mb-0\" style=\"font-size: .85rem\"><strong title=\"Fecha de Publicaci\u00f3n\"><i class=\"fas fa-calendar-alt\"><\/i><\/strong> Publicado el mi\u00e9rcoles, 18 de junio de 2025<\/p><\/div><div class=\"col-auto mt-md-0 mt-2\"><a class=\"btn btn-primary btn-lg px-lg-4 d-none d-md-block\" href=\"https:\/\/comunidad.comprasdominicana.gob.do\/\/Public\/Tendering\/OpportunityDetail\/Index?noticeUID=DO1.NTC.1568434\" target=\"_blank\" title=\"Detalles\"><i class=\"fas fa-link\"><\/i> DETALLES<\/a><a class=\"btn btn-primary btn-lg px-lg-4 d-block d-md-none\" href=\"https:\/\/comunidad.comprasdominicana.gob.do\/\/Public\/Tendering\/OpportunityDetail\/Index?noticeUID=DO1.NTC.1568434\" target=\"_blank\" title=\"Detalles\"><i class=\"fas fa-2x fa-link\"><\/i><\/a><\/div><\/div><\/div><\/div><\/div><\/div><\/div><\/div><\/div>\n        <div class=\"card\">\n            <div class=\"card-header parents\" id=\"heading_casos-de-excepcio-n-69eeee772d89c-2025-69eeee772d89c-mayo-69eeee772d89c\">\n                <p class=\"title text-blue mb-0\">\n                    <a class=\"btn-block hover text-left collapsed\" data-toggle=\"collapse\" data-target=\"#collap_casos-de-excepcio-n-69eeee772d89c-2025-69eeee772d89c-mayo-69eeee772d89c\" aria-expanded=\"false\" aria-controls=\"collap_casos-de-excepcio-n-69eeee772d89c-2025-69eeee772d89c-mayo-69eeee772d89c\">Mayo<\/a>\n                <\/p>\n            <\/div>\n            <div id=\"collap_casos-de-excepcio-n-69eeee772d89c-2025-69eeee772d89c-mayo-69eeee772d89c\" class=\"collapse\" aria-labelledby=\"heading_casos-de-excepcio-n-69eeee772d89c-2025-69eeee772d89c-mayo-69eeee772d89c\" data-parent=\"#collap_casos-de-excepcio-n-69eeee772d89c-2025-69eeee772d89c\">\n                <div class=\"card-body\">\n        <div class=\"card\">\n            <div class=\"card-header parents\" id=\"heading_casos-de-excepcio-n-69eeee772d89c-2025-69eeee772d89c-mayo-69eeee772d89c-proveedor-nico-69eeee772d89c\">\n                <p class=\"title text-blue mb-0\">\n                    <a class=\"btn-block hover text-left collapsed\" data-toggle=\"collapse\" data-target=\"#collap_casos-de-excepcio-n-69eeee772d89c-2025-69eeee772d89c-mayo-69eeee772d89c-proveedor-nico-69eeee772d89c\" aria-expanded=\"false\" aria-controls=\"collap_casos-de-excepcio-n-69eeee772d89c-2025-69eeee772d89c-mayo-69eeee772d89c-proveedor-nico-69eeee772d89c\">Proveedor \u00fanico<\/a>\n                <\/p>\n            <\/div>\n            <div id=\"collap_casos-de-excepcio-n-69eeee772d89c-2025-69eeee772d89c-mayo-69eeee772d89c-proveedor-nico-69eeee772d89c\" class=\"collapse\" aria-labelledby=\"heading_casos-de-excepcio-n-69eeee772d89c-2025-69eeee772d89c-mayo-69eeee772d89c-proveedor-nico-69eeee772d89c\" data-parent=\"#collap_casos-de-excepcio-n-69eeee772d89c-2025-69eeee772d89c-mayo-69eeee772d89c\">\n                <div class=\"card-body\"><div class=\"jumbotron archivos\"><div class=\"row align-items-center\"><div class=\"col\"><h6><a class=\"text-dark\" href=\"https:\/\/comunidad.comprasdominicana.gob.do\/\/Public\/Tendering\/OpportunityDetail\/Index?noticeUID=DO1.NTC.1555956\" title=\"Ver\" target=\"_blank\">APORDOM-CCC-PEPU-2025-0002<\/a><\/h6><p class=\"mb-0 bold\">Contrataci\u00f3n de Taller de Liderazgo y trabajo en Equipo<\/p><p class=\"mb-0\" style=\"font-size: .85rem\"><strong title=\"Estado del Proceso\"><i class=\"fas fa-spinner\"><\/i><\/strong> Proceso adjudicado y celebrado<\/p><p class=\"mb-0\" style=\"font-size: .85rem\"><strong title=\"Fecha de Publicaci\u00f3n\"><i class=\"fas fa-calendar-alt\"><\/i><\/strong> Publicado el mi\u00e9rcoles, 21 de mayo de 2025<\/p><\/div><div class=\"col-auto mt-md-0 mt-2\"><a class=\"btn btn-primary btn-lg px-lg-4 d-none d-md-block\" href=\"https:\/\/comunidad.comprasdominicana.gob.do\/\/Public\/Tendering\/OpportunityDetail\/Index?noticeUID=DO1.NTC.1555956\" target=\"_blank\" title=\"Detalles\"><i class=\"fas fa-link\"><\/i> DETALLES<\/a><a class=\"btn btn-primary btn-lg px-lg-4 d-block d-md-none\" href=\"https:\/\/comunidad.comprasdominicana.gob.do\/\/Public\/Tendering\/OpportunityDetail\/Index?noticeUID=DO1.NTC.1555956\" target=\"_blank\" title=\"Detalles\"><i class=\"fas fa-2x fa-link\"><\/i><\/a><\/div><\/div><\/div><\/div><\/div><\/div><\/div><\/div><\/div>\n        <div class=\"card\">\n            <div class=\"card-header parents\" id=\"heading_casos-de-excepcio-n-69eeee772d89c-2025-69eeee772d89c-abril-69eeee772d89c\">\n                <p class=\"title text-blue mb-0\">\n                    <a class=\"btn-block hover text-left collapsed\" data-toggle=\"collapse\" data-target=\"#collap_casos-de-excepcio-n-69eeee772d89c-2025-69eeee772d89c-abril-69eeee772d89c\" aria-expanded=\"false\" aria-controls=\"collap_casos-de-excepcio-n-69eeee772d89c-2025-69eeee772d89c-abril-69eeee772d89c\">Abril<\/a>\n                <\/p>\n            <\/div>\n            <div id=\"collap_casos-de-excepcio-n-69eeee772d89c-2025-69eeee772d89c-abril-69eeee772d89c\" class=\"collapse\" aria-labelledby=\"heading_casos-de-excepcio-n-69eeee772d89c-2025-69eeee772d89c-abril-69eeee772d89c\" data-parent=\"#collap_casos-de-excepcio-n-69eeee772d89c-2025-69eeee772d89c\">\n                <div class=\"card-body\">\n        <div class=\"card\">\n            <div class=\"card-header parents\" id=\"heading_casos-de-excepcio-n-69eeee772d89c-2025-69eeee772d89c-abril-69eeee772d89c-proveedor-nico-69eeee772d89c\">\n                <p class=\"title text-blue mb-0\">\n                    <a class=\"btn-block hover text-left collapsed\" data-toggle=\"collapse\" data-target=\"#collap_casos-de-excepcio-n-69eeee772d89c-2025-69eeee772d89c-abril-69eeee772d89c-proveedor-nico-69eeee772d89c\" aria-expanded=\"false\" aria-controls=\"collap_casos-de-excepcio-n-69eeee772d89c-2025-69eeee772d89c-abril-69eeee772d89c-proveedor-nico-69eeee772d89c\">Proveedor \u00fanico<\/a>\n                <\/p>\n            <\/div>\n            <div id=\"collap_casos-de-excepcio-n-69eeee772d89c-2025-69eeee772d89c-abril-69eeee772d89c-proveedor-nico-69eeee772d89c\" class=\"collapse\" aria-labelledby=\"heading_casos-de-excepcio-n-69eeee772d89c-2025-69eeee772d89c-abril-69eeee772d89c-proveedor-nico-69eeee772d89c\" data-parent=\"#collap_casos-de-excepcio-n-69eeee772d89c-2025-69eeee772d89c-abril-69eeee772d89c\">\n                <div class=\"card-body\"><div class=\"jumbotron archivos\"><div class=\"row align-items-center\"><div class=\"col\"><h6><a class=\"text-dark\" href=\"https:\/\/comunidad.comprasdominicana.gob.do\/\/Public\/Tendering\/OpportunityDetail\/Index?noticeUID=DO1.NTC.1535323\" title=\"Ver\" target=\"_blank\">APORDOM-CCC-PEPU-2025-0001<\/a><\/h6><p class=\"mb-0 bold\">Participaci\u00f3n en el V Congreso Internacional de Comunicaci\u00f3n de Gobierno 5G.<\/p><p class=\"mb-0\" style=\"font-size: .85rem\"><strong title=\"Estado del Proceso\"><i class=\"fas fa-spinner\"><\/i><\/strong> Proceso adjudicado y celebrado<\/p><p class=\"mb-0\" style=\"font-size: .85rem\"><strong title=\"Fecha de Publicaci\u00f3n\"><i class=\"fas fa-calendar-alt\"><\/i><\/strong> Publicado el martes, 1 de abril de 2025<\/p><\/div><div class=\"col-auto mt-md-0 mt-2\"><a class=\"btn btn-primary btn-lg px-lg-4 d-none d-md-block\" href=\"https:\/\/comunidad.comprasdominicana.gob.do\/\/Public\/Tendering\/OpportunityDetail\/Index?noticeUID=DO1.NTC.1535323\" target=\"_blank\" title=\"Detalles\"><i class=\"fas fa-link\"><\/i> DETALLES<\/a><a class=\"btn btn-primary btn-lg px-lg-4 d-block d-md-none\" href=\"https:\/\/comunidad.comprasdominicana.gob.do\/\/Public\/Tendering\/OpportunityDetail\/Index?noticeUID=DO1.NTC.1535323\" target=\"_blank\" title=\"Detalles\"><i class=\"fas fa-2x fa-link\"><\/i><\/a><\/div><\/div><\/div><\/div><\/div><\/div><\/div><\/div><\/div>\n        <div class=\"card\">\n            <div class=\"card-header parents\" id=\"heading_casos-de-excepcio-n-69eeee772d89c-2025-69eeee772d89c-marzo-69eeee772d89c\">\n                <p class=\"title text-blue mb-0\">\n                    <a class=\"btn-block hover text-left collapsed\" data-toggle=\"collapse\" data-target=\"#collap_casos-de-excepcio-n-69eeee772d89c-2025-69eeee772d89c-marzo-69eeee772d89c\" aria-expanded=\"false\" aria-controls=\"collap_casos-de-excepcio-n-69eeee772d89c-2025-69eeee772d89c-marzo-69eeee772d89c\">Marzo<\/a>\n                <\/p>\n            <\/div>\n            <div id=\"collap_casos-de-excepcio-n-69eeee772d89c-2025-69eeee772d89c-marzo-69eeee772d89c\" class=\"collapse\" aria-labelledby=\"heading_casos-de-excepcio-n-69eeee772d89c-2025-69eeee772d89c-marzo-69eeee772d89c\" data-parent=\"#collap_casos-de-excepcio-n-69eeee772d89c-2025-69eeee772d89c\">\n                <div class=\"card-body\">\n        <div class=\"card\">\n            <div class=\"card-header parents\" id=\"heading_casos-de-excepcio-n-69eeee772d89c-2025-69eeee772d89c-marzo-69eeee772d89c-obras-cient-ficas-t-cnicas-art-sticas-restauraci-n-de-monumentos-69eeee772d89c\">\n                <p class=\"title text-blue mb-0\">\n                    <a class=\"btn-block hover text-left collapsed\" data-toggle=\"collapse\" data-target=\"#collap_casos-de-excepcio-n-69eeee772d89c-2025-69eeee772d89c-marzo-69eeee772d89c-obras-cient-ficas-t-cnicas-art-sticas-restauraci-n-de-monumentos-69eeee772d89c\" aria-expanded=\"false\" aria-controls=\"collap_casos-de-excepcio-n-69eeee772d89c-2025-69eeee772d89c-marzo-69eeee772d89c-obras-cient-ficas-t-cnicas-art-sticas-restauraci-n-de-monumentos-69eeee772d89c\">Obras Cient\u00edficas, T\u00e9cnicas, Art\u00edsticas, Restauraci\u00f3n de monumentos<\/a>\n                <\/p>\n            <\/div>\n            <div id=\"collap_casos-de-excepcio-n-69eeee772d89c-2025-69eeee772d89c-marzo-69eeee772d89c-obras-cient-ficas-t-cnicas-art-sticas-restauraci-n-de-monumentos-69eeee772d89c\" class=\"collapse\" aria-labelledby=\"heading_casos-de-excepcio-n-69eeee772d89c-2025-69eeee772d89c-marzo-69eeee772d89c-obras-cient-ficas-t-cnicas-art-sticas-restauraci-n-de-monumentos-69eeee772d89c\" data-parent=\"#collap_casos-de-excepcio-n-69eeee772d89c-2025-69eeee772d89c-marzo-69eeee772d89c\">\n                <div class=\"card-body\"><div class=\"jumbotron archivos\"><div class=\"row align-items-center\"><div class=\"col\"><h6><a class=\"text-dark\" href=\"https:\/\/comunidad.comprasdominicana.gob.do\/\/Public\/Tendering\/OpportunityDetail\/Index?noticeUID=DO1.NTC.1533332\" title=\"Ver\" target=\"_blank\">APORDOM-CCC-PEOR-2025-0004<\/a><\/h6><p class=\"mb-0 bold\">Contrataci\u00f3n de Consultor\u00eda Especializada en Gesti\u00f3n Legal y Portuaria para el consejo de APORDOM por 12 meses<\/p><p class=\"mb-0\" style=\"font-size: .85rem\"><strong title=\"Estado del Proceso\"><i class=\"fas fa-spinner\"><\/i><\/strong> Proceso adjudicado y celebrado<\/p><p class=\"mb-0\" style=\"font-size: .85rem\"><strong title=\"Fecha de Publicaci\u00f3n\"><i class=\"fas fa-calendar-alt\"><\/i><\/strong> Publicado el jueves, 27 de marzo de 2025<\/p><\/div><div class=\"col-auto mt-md-0 mt-2\"><a class=\"btn btn-primary btn-lg px-lg-4 d-none d-md-block\" href=\"https:\/\/comunidad.comprasdominicana.gob.do\/\/Public\/Tendering\/OpportunityDetail\/Index?noticeUID=DO1.NTC.1533332\" target=\"_blank\" title=\"Detalles\"><i class=\"fas fa-link\"><\/i> DETALLES<\/a><a class=\"btn btn-primary btn-lg px-lg-4 d-block d-md-none\" href=\"https:\/\/comunidad.comprasdominicana.gob.do\/\/Public\/Tendering\/OpportunityDetail\/Index?noticeUID=DO1.NTC.1533332\" target=\"_blank\" title=\"Detalles\"><i class=\"fas fa-2x fa-link\"><\/i><\/a><\/div><\/div><\/div><div class=\"jumbotron archivos\"><div class=\"row align-items-center\"><div class=\"col\"><h6><a class=\"text-dark\" href=\"https:\/\/comunidad.comprasdominicana.gob.do\/\/Public\/Tendering\/OpportunityDetail\/Index?noticeUID=DO1.NTC.1531238\" title=\"Ver\" target=\"_blank\">APORDOM-CCC-PEOR-2025-0003<\/a><\/h6><p class=\"mb-0 bold\">Contrataci\u00f3n de Servicios Legales para Representaci\u00f3n y Consultor\u00eda por 12 meses<\/p><p class=\"mb-0\" style=\"font-size: .85rem\"><strong title=\"Estado del Proceso\"><i class=\"fas fa-spinner\"><\/i><\/strong> Proceso adjudicado y celebrado<\/p><p class=\"mb-0\" style=\"font-size: .85rem\"><strong title=\"Fecha de Publicaci\u00f3n\"><i class=\"fas fa-calendar-alt\"><\/i><\/strong> Publicado el lunes, 24 de marzo de 2025<\/p><\/div><div class=\"col-auto mt-md-0 mt-2\"><a class=\"btn btn-primary btn-lg px-lg-4 d-none d-md-block\" href=\"https:\/\/comunidad.comprasdominicana.gob.do\/\/Public\/Tendering\/OpportunityDetail\/Index?noticeUID=DO1.NTC.1531238\" target=\"_blank\" title=\"Detalles\"><i class=\"fas fa-link\"><\/i> DETALLES<\/a><a class=\"btn btn-primary btn-lg px-lg-4 d-block d-md-none\" href=\"https:\/\/comunidad.comprasdominicana.gob.do\/\/Public\/Tendering\/OpportunityDetail\/Index?noticeUID=DO1.NTC.1531238\" target=\"_blank\" title=\"Detalles\"><i class=\"fas fa-2x fa-link\"><\/i><\/a><\/div><\/div><\/div><\/div><\/div><\/div>\n        <div class=\"card\">\n            <div class=\"card-header parents\" id=\"heading_casos-de-excepcio-n-69eeee772d89c-2025-69eeee772d89c-marzo-69eeee772d89c-publicidad-69eeee772d89c\">\n                <p class=\"title text-blue mb-0\">\n                    <a class=\"btn-block hover text-left collapsed\" data-toggle=\"collapse\" data-target=\"#collap_casos-de-excepcio-n-69eeee772d89c-2025-69eeee772d89c-marzo-69eeee772d89c-publicidad-69eeee772d89c\" aria-expanded=\"false\" aria-controls=\"collap_casos-de-excepcio-n-69eeee772d89c-2025-69eeee772d89c-marzo-69eeee772d89c-publicidad-69eeee772d89c\">Publicidad<\/a>\n                <\/p>\n            <\/div>\n            <div id=\"collap_casos-de-excepcio-n-69eeee772d89c-2025-69eeee772d89c-marzo-69eeee772d89c-publicidad-69eeee772d89c\" class=\"collapse\" aria-labelledby=\"heading_casos-de-excepcio-n-69eeee772d89c-2025-69eeee772d89c-marzo-69eeee772d89c-publicidad-69eeee772d89c\" data-parent=\"#collap_casos-de-excepcio-n-69eeee772d89c-2025-69eeee772d89c-marzo-69eeee772d89c\">\n                <div class=\"card-body\"><div class=\"jumbotron archivos\"><div class=\"row align-items-center\"><div class=\"col\"><h6><a class=\"text-dark\" href=\"https:\/\/comunidad.comprasdominicana.gob.do\/\/Public\/Tendering\/OpportunityDetail\/Index?noticeUID=DO1.NTC.1524139\" title=\"Ver\" target=\"_blank\">APORDOM-CCC-PEPB-2025-0001<\/a><\/h6><p class=\"mb-0 bold\">PUBLICACI\u00d3N DE CONVOCATORIA EN PERI\u00d3DICOS DE AMPLIA CIRCULACI\u00d3N NACIONAL<\/p><p class=\"mb-0\" style=\"font-size: .85rem\"><strong title=\"Estado del Proceso\"><i class=\"fas fa-spinner\"><\/i><\/strong> Proceso adjudicado y celebrado<\/p><p class=\"mb-0\" style=\"font-size: .85rem\"><strong title=\"Fecha de Publicaci\u00f3n\"><i class=\"fas fa-calendar-alt\"><\/i><\/strong> Publicado el viernes, 7 de marzo de 2025<\/p><\/div><div class=\"col-auto mt-md-0 mt-2\"><a class=\"btn btn-primary btn-lg px-lg-4 d-none d-md-block\" href=\"https:\/\/comunidad.comprasdominicana.gob.do\/\/Public\/Tendering\/OpportunityDetail\/Index?noticeUID=DO1.NTC.1524139\" target=\"_blank\" title=\"Detalles\"><i class=\"fas fa-link\"><\/i> DETALLES<\/a><a class=\"btn btn-primary btn-lg px-lg-4 d-block d-md-none\" href=\"https:\/\/comunidad.comprasdominicana.gob.do\/\/Public\/Tendering\/OpportunityDetail\/Index?noticeUID=DO1.NTC.1524139\" target=\"_blank\" title=\"Detalles\"><i class=\"fas fa-2x fa-link\"><\/i><\/a><\/div><\/div><\/div><\/div><\/div><\/div><\/div><\/div><\/div>\n        <div class=\"card\">\n            <div class=\"card-header parents\" id=\"heading_casos-de-excepcio-n-69eeee772d89c-2025-69eeee772d89c-febrero-69eeee772d89c\">\n                <p class=\"title text-blue mb-0\">\n                    <a class=\"btn-block hover text-left collapsed\" data-toggle=\"collapse\" data-target=\"#collap_casos-de-excepcio-n-69eeee772d89c-2025-69eeee772d89c-febrero-69eeee772d89c\" aria-expanded=\"false\" aria-controls=\"collap_casos-de-excepcio-n-69eeee772d89c-2025-69eeee772d89c-febrero-69eeee772d89c\">Febrero<\/a>\n                <\/p>\n            <\/div>\n            <div id=\"collap_casos-de-excepcio-n-69eeee772d89c-2025-69eeee772d89c-febrero-69eeee772d89c\" class=\"collapse\" aria-labelledby=\"heading_casos-de-excepcio-n-69eeee772d89c-2025-69eeee772d89c-febrero-69eeee772d89c\" data-parent=\"#collap_casos-de-excepcio-n-69eeee772d89c-2025-69eeee772d89c\">\n                <div class=\"card-body\">\n        <div class=\"card\">\n            <div class=\"card-header parents\" id=\"heading_casos-de-excepcio-n-69eeee772d89c-2025-69eeee772d89c-febrero-69eeee772d89c-obras-cient-ficas-t-cnicas-art-sticas-restauraci-n-de-monumentos-69eeee772d89c\">\n                <p class=\"title text-blue mb-0\">\n                    <a class=\"btn-block hover text-left collapsed\" data-toggle=\"collapse\" data-target=\"#collap_casos-de-excepcio-n-69eeee772d89c-2025-69eeee772d89c-febrero-69eeee772d89c-obras-cient-ficas-t-cnicas-art-sticas-restauraci-n-de-monumentos-69eeee772d89c\" aria-expanded=\"false\" aria-controls=\"collap_casos-de-excepcio-n-69eeee772d89c-2025-69eeee772d89c-febrero-69eeee772d89c-obras-cient-ficas-t-cnicas-art-sticas-restauraci-n-de-monumentos-69eeee772d89c\">Obras Cient\u00edficas, T\u00e9cnicas, Art\u00edsticas, Restauraci\u00f3n de monumentos<\/a>\n                <\/p>\n            <\/div>\n            <div id=\"collap_casos-de-excepcio-n-69eeee772d89c-2025-69eeee772d89c-febrero-69eeee772d89c-obras-cient-ficas-t-cnicas-art-sticas-restauraci-n-de-monumentos-69eeee772d89c\" class=\"collapse\" aria-labelledby=\"heading_casos-de-excepcio-n-69eeee772d89c-2025-69eeee772d89c-febrero-69eeee772d89c-obras-cient-ficas-t-cnicas-art-sticas-restauraci-n-de-monumentos-69eeee772d89c\" data-parent=\"#collap_casos-de-excepcio-n-69eeee772d89c-2025-69eeee772d89c-febrero-69eeee772d89c\">\n                <div class=\"card-body\"><div class=\"jumbotron archivos\"><div class=\"row align-items-center\"><div class=\"col\"><h6><a class=\"text-dark\" href=\"https:\/\/comunidad.comprasdominicana.gob.do\/\/Public\/Tendering\/OpportunityDetail\/Index?noticeUID=DO1.NTC.1520930\" title=\"Ver\" target=\"_blank\">APORDOM-CCC-PEOR-2025-0002<\/a><\/h6><p class=\"mb-0 bold\">Contrataci\u00f3n de Consultor Externo Especialista en Derecho Aduanero<\/p><p class=\"mb-0\" style=\"font-size: .85rem\"><strong title=\"Estado del Proceso\"><i class=\"fas fa-spinner\"><\/i><\/strong> Proceso adjudicado y celebrado<\/p><p class=\"mb-0\" style=\"font-size: .85rem\"><strong title=\"Fecha de Publicaci\u00f3n\"><i class=\"fas fa-calendar-alt\"><\/i><\/strong> Publicado el viernes, 28 de febrero de 2025<\/p><\/div><div class=\"col-auto mt-md-0 mt-2\"><a class=\"btn btn-primary btn-lg px-lg-4 d-none d-md-block\" href=\"https:\/\/comunidad.comprasdominicana.gob.do\/\/Public\/Tendering\/OpportunityDetail\/Index?noticeUID=DO1.NTC.1520930\" target=\"_blank\" title=\"Detalles\"><i class=\"fas fa-link\"><\/i> DETALLES<\/a><a class=\"btn btn-primary btn-lg px-lg-4 d-block d-md-none\" href=\"https:\/\/comunidad.comprasdominicana.gob.do\/\/Public\/Tendering\/OpportunityDetail\/Index?noticeUID=DO1.NTC.1520930\" target=\"_blank\" title=\"Detalles\"><i class=\"fas fa-2x fa-link\"><\/i><\/a><\/div><\/div><\/div><div class=\"jumbotron archivos\"><div class=\"row align-items-center\"><div class=\"col\"><h6><a class=\"text-dark\" href=\"https:\/\/comunidad.comprasdominicana.gob.do\/\/Public\/Tendering\/OpportunityDetail\/Index?noticeUID=DO1.NTC.1507748\" title=\"Ver\" target=\"_blank\">APORDOM-CCC-PEOR-2025-0001<\/a><\/h6><p class=\"mb-0 bold\">Contrataci\u00f3n de Servicios Profesionales de Asesor\u00eda General de la Gesti\u00f3n para esta APORDOM<\/p><p class=\"mb-0\" style=\"font-size: .85rem\"><strong title=\"Estado del Proceso\"><i class=\"fas fa-spinner\"><\/i><\/strong> Proceso adjudicado y celebrado<\/p><p class=\"mb-0\" style=\"font-size: .85rem\"><strong title=\"Fecha de Publicaci\u00f3n\"><i class=\"fas fa-calendar-alt\"><\/i><\/strong> Publicado el mi\u00e9rcoles, 5 de febrero de 2025<\/p><\/div><div class=\"col-auto mt-md-0 mt-2\"><a class=\"btn btn-primary btn-lg px-lg-4 d-none d-md-block\" href=\"https:\/\/comunidad.comprasdominicana.gob.do\/\/Public\/Tendering\/OpportunityDetail\/Index?noticeUID=DO1.NTC.1507748\" target=\"_blank\" title=\"Detalles\"><i class=\"fas fa-link\"><\/i> DETALLES<\/a><a class=\"btn btn-primary btn-lg px-lg-4 d-block d-md-none\" href=\"https:\/\/comunidad.comprasdominicana.gob.do\/\/Public\/Tendering\/OpportunityDetail\/Index?noticeUID=DO1.NTC.1507748\" target=\"_blank\" title=\"Detalles\"><i class=\"fas fa-2x fa-link\"><\/i><\/a><\/div><\/div><\/div><\/div><\/div><\/div><\/div><\/div><\/div><\/div><\/div><\/div>\n        <div class=\"card\">\n            <div class=\"card-header parents\" id=\"heading_casos-de-excepcio-n-69eeee772d89c-2024-69eeee772d89c\">\n                <p class=\"title text-blue mb-0\">\n                    <a class=\"btn-block hover text-left collapsed\" data-toggle=\"collapse\" data-target=\"#collap_casos-de-excepcio-n-69eeee772d89c-2024-69eeee772d89c\" aria-expanded=\"false\" aria-controls=\"collap_casos-de-excepcio-n-69eeee772d89c-2024-69eeee772d89c\">2024<\/a>\n                <\/p>\n            <\/div>\n            <div id=\"collap_casos-de-excepcio-n-69eeee772d89c-2024-69eeee772d89c\" class=\"collapse\" aria-labelledby=\"heading_casos-de-excepcio-n-69eeee772d89c-2024-69eeee772d89c\" data-parent=\"#collap_casos-de-excepcio-n-69eeee772d89c\">\n                <div class=\"card-body\">\n        <div class=\"card\">\n            <div class=\"card-header parents\" id=\"heading_casos-de-excepcio-n-69eeee772d89c-2024-69eeee772d89c-diciembre-69eeee772d89c\">\n                <p class=\"title text-blue mb-0\">\n                    <a class=\"btn-block hover text-left collapsed\" data-toggle=\"collapse\" data-target=\"#collap_casos-de-excepcio-n-69eeee772d89c-2024-69eeee772d89c-diciembre-69eeee772d89c\" aria-expanded=\"false\" aria-controls=\"collap_casos-de-excepcio-n-69eeee772d89c-2024-69eeee772d89c-diciembre-69eeee772d89c\">Diciembre<\/a>\n                <\/p>\n            <\/div>\n            <div id=\"collap_casos-de-excepcio-n-69eeee772d89c-2024-69eeee772d89c-diciembre-69eeee772d89c\" class=\"collapse\" aria-labelledby=\"heading_casos-de-excepcio-n-69eeee772d89c-2024-69eeee772d89c-diciembre-69eeee772d89c\" data-parent=\"#collap_casos-de-excepcio-n-69eeee772d89c-2024-69eeee772d89c\">\n                <div class=\"card-body\">\n        <div class=\"card\">\n            <div class=\"card-header parents\" id=\"heading_casos-de-excepcio-n-69eeee772d89c-2024-69eeee772d89c-diciembre-69eeee772d89c-obras-cient-ficas-t-cnicas-art-sticas-restauraci-n-de-monumentos-69eeee772d89c\">\n                <p class=\"title text-blue mb-0\">\n                    <a class=\"btn-block hover text-left collapsed\" data-toggle=\"collapse\" data-target=\"#collap_casos-de-excepcio-n-69eeee772d89c-2024-69eeee772d89c-diciembre-69eeee772d89c-obras-cient-ficas-t-cnicas-art-sticas-restauraci-n-de-monumentos-69eeee772d89c\" aria-expanded=\"false\" aria-controls=\"collap_casos-de-excepcio-n-69eeee772d89c-2024-69eeee772d89c-diciembre-69eeee772d89c-obras-cient-ficas-t-cnicas-art-sticas-restauraci-n-de-monumentos-69eeee772d89c\">Obras Cient\u00edficas, T\u00e9cnicas, Art\u00edsticas, Restauraci\u00f3n de monumentos<\/a>\n                <\/p>\n            <\/div>\n            <div id=\"collap_casos-de-excepcio-n-69eeee772d89c-2024-69eeee772d89c-diciembre-69eeee772d89c-obras-cient-ficas-t-cnicas-art-sticas-restauraci-n-de-monumentos-69eeee772d89c\" class=\"collapse\" aria-labelledby=\"heading_casos-de-excepcio-n-69eeee772d89c-2024-69eeee772d89c-diciembre-69eeee772d89c-obras-cient-ficas-t-cnicas-art-sticas-restauraci-n-de-monumentos-69eeee772d89c\" data-parent=\"#collap_casos-de-excepcio-n-69eeee772d89c-2024-69eeee772d89c-diciembre-69eeee772d89c\">\n                <div class=\"card-body\"><div class=\"jumbotron archivos\"><div class=\"row align-items-center\"><div class=\"col\"><h6><a class=\"text-dark\" href=\"https:\/\/comunidad.comprasdominicana.gob.do\/\/Public\/Tendering\/OpportunityDetail\/Index?noticeUID=DO1.NTC.1491309\" title=\"Ver\" target=\"_blank\">APORDOM-CCC-PEOR-2024-0007<\/a><\/h6><p class=\"mb-0 bold\">Contrataci\u00f3n de asesor\u00eda en Planificaci\u00f3n y Estrategia para esta APORDOM<\/p><p class=\"mb-0\" style=\"font-size: .85rem\"><strong title=\"Estado del Proceso\"><i class=\"fas fa-spinner\"><\/i><\/strong> Cancelado<\/p><p class=\"mb-0\" style=\"font-size: .85rem\"><strong title=\"Fecha de Publicaci\u00f3n\"><i class=\"fas fa-calendar-alt\"><\/i><\/strong> Publicado el lunes, 23 de diciembre de 2024<\/p><\/div><div class=\"col-auto mt-md-0 mt-2\"><a class=\"btn btn-primary btn-lg px-lg-4 d-none d-md-block\" href=\"https:\/\/comunidad.comprasdominicana.gob.do\/\/Public\/Tendering\/OpportunityDetail\/Index?noticeUID=DO1.NTC.1491309\" target=\"_blank\" title=\"Detalles\"><i class=\"fas fa-link\"><\/i> DETALLES<\/a><a class=\"btn btn-primary btn-lg px-lg-4 d-block d-md-none\" href=\"https:\/\/comunidad.comprasdominicana.gob.do\/\/Public\/Tendering\/OpportunityDetail\/Index?noticeUID=DO1.NTC.1491309\" target=\"_blank\" title=\"Detalles\"><i class=\"fas fa-2x fa-link\"><\/i><\/a><\/div><\/div><\/div><\/div><\/div><\/div>\n        <div class=\"card\">\n            <div class=\"card-header parents\" id=\"heading_casos-de-excepcio-n-69eeee772d89c-2024-69eeee772d89c-diciembre-69eeee772d89c-publicidad-69eeee772d89c\">\n                <p class=\"title text-blue mb-0\">\n                    <a class=\"btn-block hover text-left collapsed\" data-toggle=\"collapse\" data-target=\"#collap_casos-de-excepcio-n-69eeee772d89c-2024-69eeee772d89c-diciembre-69eeee772d89c-publicidad-69eeee772d89c\" aria-expanded=\"false\" aria-controls=\"collap_casos-de-excepcio-n-69eeee772d89c-2024-69eeee772d89c-diciembre-69eeee772d89c-publicidad-69eeee772d89c\">Publicidad<\/a>\n                <\/p>\n            <\/div>\n            <div id=\"collap_casos-de-excepcio-n-69eeee772d89c-2024-69eeee772d89c-diciembre-69eeee772d89c-publicidad-69eeee772d89c\" class=\"collapse\" aria-labelledby=\"heading_casos-de-excepcio-n-69eeee772d89c-2024-69eeee772d89c-diciembre-69eeee772d89c-publicidad-69eeee772d89c\" data-parent=\"#collap_casos-de-excepcio-n-69eeee772d89c-2024-69eeee772d89c-diciembre-69eeee772d89c\">\n                <div class=\"card-body\"><div class=\"jumbotron archivos\"><div class=\"row align-items-center\"><div class=\"col\"><h6><a class=\"text-dark\" href=\"https:\/\/comunidad.comprasdominicana.gob.do\/\/Public\/Tendering\/OpportunityDetail\/Index?noticeUID=DO1.NTC.1493905\" title=\"Ver\" target=\"_blank\">APORDOM-CCC-PEPB-2024-0012<\/a><\/h6><p class=\"mb-0 bold\">COLOCACION DE PUBLICIDAD EN DIFERENTES MEDIOS DE COMUNICACION <\/p><p class=\"mb-0\" style=\"font-size: .85rem\"><strong title=\"Estado del Proceso\"><i class=\"fas fa-spinner\"><\/i><\/strong> Proceso adjudicado y celebrado<\/p><p class=\"mb-0\" style=\"font-size: .85rem\"><strong title=\"Fecha de Publicaci\u00f3n\"><i class=\"fas fa-calendar-alt\"><\/i><\/strong> Publicado el lunes, 30 de diciembre de 2024<\/p><\/div><div class=\"col-auto mt-md-0 mt-2\"><a class=\"btn btn-primary btn-lg px-lg-4 d-none d-md-block\" href=\"https:\/\/comunidad.comprasdominicana.gob.do\/\/Public\/Tendering\/OpportunityDetail\/Index?noticeUID=DO1.NTC.1493905\" target=\"_blank\" title=\"Detalles\"><i class=\"fas fa-link\"><\/i> DETALLES<\/a><a class=\"btn btn-primary btn-lg px-lg-4 d-block d-md-none\" href=\"https:\/\/comunidad.comprasdominicana.gob.do\/\/Public\/Tendering\/OpportunityDetail\/Index?noticeUID=DO1.NTC.1493905\" target=\"_blank\" title=\"Detalles\"><i class=\"fas fa-2x fa-link\"><\/i><\/a><\/div><\/div><\/div><div class=\"jumbotron archivos\"><div class=\"row align-items-center\"><div class=\"col\"><h6><a class=\"text-dark\" href=\"https:\/\/comunidad.comprasdominicana.gob.do\/\/Public\/Tendering\/OpportunityDetail\/Index?noticeUID=DO1.NTC.1488243\" title=\"Ver\" target=\"_blank\">APORDOM-CCC-PEPB-2024-0011<\/a><\/h6><p class=\"mb-0 bold\">Colocaci\u00f3n de Publicidad en diferentes Medios de Comunicaci\u00f3n para esta APORDOM.<\/p><p class=\"mb-0\" style=\"font-size: .85rem\"><strong title=\"Estado del Proceso\"><i class=\"fas fa-spinner\"><\/i><\/strong> Proceso adjudicado y celebrado<\/p><p class=\"mb-0\" style=\"font-size: .85rem\"><strong title=\"Fecha de Publicaci\u00f3n\"><i class=\"fas fa-calendar-alt\"><\/i><\/strong> Publicado el lunes, 16 de diciembre de 2024<\/p><\/div><div class=\"col-auto mt-md-0 mt-2\"><a class=\"btn btn-primary btn-lg px-lg-4 d-none d-md-block\" href=\"https:\/\/comunidad.comprasdominicana.gob.do\/\/Public\/Tendering\/OpportunityDetail\/Index?noticeUID=DO1.NTC.1488243\" target=\"_blank\" title=\"Detalles\"><i class=\"fas fa-link\"><\/i> DETALLES<\/a><a class=\"btn btn-primary btn-lg px-lg-4 d-block d-md-none\" href=\"https:\/\/comunidad.comprasdominicana.gob.do\/\/Public\/Tendering\/OpportunityDetail\/Index?noticeUID=DO1.NTC.1488243\" target=\"_blank\" title=\"Detalles\"><i class=\"fas fa-2x fa-link\"><\/i><\/a><\/div><\/div><\/div><div class=\"jumbotron archivos\"><div class=\"row align-items-center\"><div class=\"col\"><h6><a class=\"text-dark\" href=\"https:\/\/comunidad.comprasdominicana.gob.do\/\/Public\/Tendering\/OpportunityDetail\/Index?noticeUID=DO1.NTC.1483251\" title=\"Ver\" target=\"_blank\">APORDOM-CCC-PEPB-2024-0010<\/a><\/h6><p class=\"mb-0 bold\">Colocaci\u00f3n de Publicidad, en diferentes medios de comunicaci\u00f3n <\/p><p class=\"mb-0\" style=\"font-size: .85rem\"><strong title=\"Estado del Proceso\"><i class=\"fas fa-spinner\"><\/i><\/strong> Proceso adjudicado y celebrado<\/p><p class=\"mb-0\" style=\"font-size: .85rem\"><strong title=\"Fecha de Publicaci\u00f3n\"><i class=\"fas fa-calendar-alt\"><\/i><\/strong> Publicado el viernes, 6 de diciembre de 2024<\/p><\/div><div class=\"col-auto mt-md-0 mt-2\"><a class=\"btn btn-primary btn-lg px-lg-4 d-none d-md-block\" href=\"https:\/\/comunidad.comprasdominicana.gob.do\/\/Public\/Tendering\/OpportunityDetail\/Index?noticeUID=DO1.NTC.1483251\" target=\"_blank\" title=\"Detalles\"><i class=\"fas fa-link\"><\/i> DETALLES<\/a><a class=\"btn btn-primary btn-lg px-lg-4 d-block d-md-none\" href=\"https:\/\/comunidad.comprasdominicana.gob.do\/\/Public\/Tendering\/OpportunityDetail\/Index?noticeUID=DO1.NTC.1483251\" target=\"_blank\" title=\"Detalles\"><i class=\"fas fa-2x fa-link\"><\/i><\/a><\/div><\/div><\/div><\/div><\/div><\/div><\/div><\/div><\/div>\n        <div class=\"card\">\n            <div class=\"card-header parents\" id=\"heading_casos-de-excepcio-n-69eeee772d89c-2024-69eeee772d89c-noviembre-69eeee772d89c\">\n                <p class=\"title text-blue mb-0\">\n                    <a class=\"btn-block hover text-left collapsed\" data-toggle=\"collapse\" data-target=\"#collap_casos-de-excepcio-n-69eeee772d89c-2024-69eeee772d89c-noviembre-69eeee772d89c\" aria-expanded=\"false\" aria-controls=\"collap_casos-de-excepcio-n-69eeee772d89c-2024-69eeee772d89c-noviembre-69eeee772d89c\">Noviembre<\/a>\n                <\/p>\n            <\/div>\n            <div id=\"collap_casos-de-excepcio-n-69eeee772d89c-2024-69eeee772d89c-noviembre-69eeee772d89c\" class=\"collapse\" aria-labelledby=\"heading_casos-de-excepcio-n-69eeee772d89c-2024-69eeee772d89c-noviembre-69eeee772d89c\" data-parent=\"#collap_casos-de-excepcio-n-69eeee772d89c-2024-69eeee772d89c\">\n                <div class=\"card-body\">\n        <div class=\"card\">\n            <div class=\"card-header parents\" id=\"heading_casos-de-excepcio-n-69eeee772d89c-2024-69eeee772d89c-noviembre-69eeee772d89c-publicidad-69eeee772d89c\">\n                <p class=\"title text-blue mb-0\">\n                    <a class=\"btn-block hover text-left collapsed\" data-toggle=\"collapse\" data-target=\"#collap_casos-de-excepcio-n-69eeee772d89c-2024-69eeee772d89c-noviembre-69eeee772d89c-publicidad-69eeee772d89c\" aria-expanded=\"false\" aria-controls=\"collap_casos-de-excepcio-n-69eeee772d89c-2024-69eeee772d89c-noviembre-69eeee772d89c-publicidad-69eeee772d89c\">Publicidad<\/a>\n                <\/p>\n            <\/div>\n            <div id=\"collap_casos-de-excepcio-n-69eeee772d89c-2024-69eeee772d89c-noviembre-69eeee772d89c-publicidad-69eeee772d89c\" class=\"collapse\" aria-labelledby=\"heading_casos-de-excepcio-n-69eeee772d89c-2024-69eeee772d89c-noviembre-69eeee772d89c-publicidad-69eeee772d89c\" data-parent=\"#collap_casos-de-excepcio-n-69eeee772d89c-2024-69eeee772d89c-noviembre-69eeee772d89c\">\n                <div class=\"card-body\"><div class=\"jumbotron archivos\"><div class=\"row align-items-center\"><div class=\"col\"><h6><a class=\"text-dark\" href=\"https:\/\/comunidad.comprasdominicana.gob.do\/\/Public\/Tendering\/OpportunityDetail\/Index?noticeUID=DO1.NTC.1476541\" title=\"Ver\" target=\"_blank\">APORDOM-CCC-PEPB-2024-0009<\/a><\/h6><p class=\"mb-0 bold\">Colocaci\u00f3n de Publicidad de esta APORDOM, en diferentes Medios de Comunicaci\u00f3n<\/p><p class=\"mb-0\" style=\"font-size: .85rem\"><strong title=\"Estado del Proceso\"><i class=\"fas fa-spinner\"><\/i><\/strong> Proceso adjudicado y celebrado<\/p><p class=\"mb-0\" style=\"font-size: .85rem\"><strong title=\"Fecha de Publicaci\u00f3n\"><i class=\"fas fa-calendar-alt\"><\/i><\/strong> Publicado el jueves, 21 de noviembre de 2024<\/p><\/div><div class=\"col-auto mt-md-0 mt-2\"><a class=\"btn btn-primary btn-lg px-lg-4 d-none d-md-block\" href=\"https:\/\/comunidad.comprasdominicana.gob.do\/\/Public\/Tendering\/OpportunityDetail\/Index?noticeUID=DO1.NTC.1476541\" target=\"_blank\" title=\"Detalles\"><i class=\"fas fa-link\"><\/i> DETALLES<\/a><a class=\"btn btn-primary btn-lg px-lg-4 d-block d-md-none\" href=\"https:\/\/comunidad.comprasdominicana.gob.do\/\/Public\/Tendering\/OpportunityDetail\/Index?noticeUID=DO1.NTC.1476541\" target=\"_blank\" title=\"Detalles\"><i class=\"fas fa-2x fa-link\"><\/i><\/a><\/div><\/div><\/div><\/div><\/div><\/div><\/div><\/div><\/div>\n        <div class=\"card\">\n            <div class=\"card-header parents\" id=\"heading_casos-de-excepcio-n-69eeee772d89c-2024-69eeee772d89c-octubre-69eeee772d89c\">\n                <p class=\"title text-blue mb-0\">\n                    <a class=\"btn-block hover text-left collapsed\" data-toggle=\"collapse\" data-target=\"#collap_casos-de-excepcio-n-69eeee772d89c-2024-69eeee772d89c-octubre-69eeee772d89c\" aria-expanded=\"false\" aria-controls=\"collap_casos-de-excepcio-n-69eeee772d89c-2024-69eeee772d89c-octubre-69eeee772d89c\">Octubre<\/a>\n                <\/p>\n            <\/div>\n            <div id=\"collap_casos-de-excepcio-n-69eeee772d89c-2024-69eeee772d89c-octubre-69eeee772d89c\" class=\"collapse\" aria-labelledby=\"heading_casos-de-excepcio-n-69eeee772d89c-2024-69eeee772d89c-octubre-69eeee772d89c\" data-parent=\"#collap_casos-de-excepcio-n-69eeee772d89c-2024-69eeee772d89c\">\n                <div class=\"card-body\">\n        <div class=\"card\">\n            <div class=\"card-header parents\" id=\"heading_casos-de-excepcio-n-69eeee772d89c-2024-69eeee772d89c-octubre-69eeee772d89c-publicidad-69eeee772d89c\">\n                <p class=\"title text-blue mb-0\">\n                    <a class=\"btn-block hover text-left collapsed\" data-toggle=\"collapse\" data-target=\"#collap_casos-de-excepcio-n-69eeee772d89c-2024-69eeee772d89c-octubre-69eeee772d89c-publicidad-69eeee772d89c\" aria-expanded=\"false\" aria-controls=\"collap_casos-de-excepcio-n-69eeee772d89c-2024-69eeee772d89c-octubre-69eeee772d89c-publicidad-69eeee772d89c\">Publicidad<\/a>\n                <\/p>\n            <\/div>\n            <div id=\"collap_casos-de-excepcio-n-69eeee772d89c-2024-69eeee772d89c-octubre-69eeee772d89c-publicidad-69eeee772d89c\" class=\"collapse\" aria-labelledby=\"heading_casos-de-excepcio-n-69eeee772d89c-2024-69eeee772d89c-octubre-69eeee772d89c-publicidad-69eeee772d89c\" data-parent=\"#collap_casos-de-excepcio-n-69eeee772d89c-2024-69eeee772d89c-octubre-69eeee772d89c\">\n                <div class=\"card-body\"><div class=\"jumbotron archivos\"><div class=\"row align-items-center\"><div class=\"col\"><h6><a class=\"text-dark\" href=\"https:\/\/comunidad.comprasdominicana.gob.do\/\/Public\/Tendering\/OpportunityDetail\/Index?noticeUID=DO1.NTC.1466710\" title=\"Ver\" target=\"_blank\">APORDOM-CCC-PEPB-2024-0008<\/a><\/h6><p class=\"mb-0 bold\">Colocaci\u00f3n de Publicidad de esta APORDOM, en la primera semana dominicana en Espa\u00f1a<\/p><p class=\"mb-0\" style=\"font-size: .85rem\"><strong title=\"Estado del Proceso\"><i class=\"fas fa-spinner\"><\/i><\/strong> Proceso adjudicado y celebrado<\/p><p class=\"mb-0\" style=\"font-size: .85rem\"><strong title=\"Fecha de Publicaci\u00f3n\"><i class=\"fas fa-calendar-alt\"><\/i><\/strong> Publicado el martes, 29 de octubre de 2024<\/p><\/div><div class=\"col-auto mt-md-0 mt-2\"><a class=\"btn btn-primary btn-lg px-lg-4 d-none d-md-block\" href=\"https:\/\/comunidad.comprasdominicana.gob.do\/\/Public\/Tendering\/OpportunityDetail\/Index?noticeUID=DO1.NTC.1466710\" target=\"_blank\" title=\"Detalles\"><i class=\"fas fa-link\"><\/i> DETALLES<\/a><a class=\"btn btn-primary btn-lg px-lg-4 d-block d-md-none\" href=\"https:\/\/comunidad.comprasdominicana.gob.do\/\/Public\/Tendering\/OpportunityDetail\/Index?noticeUID=DO1.NTC.1466710\" target=\"_blank\" title=\"Detalles\"><i class=\"fas fa-2x fa-link\"><\/i><\/a><\/div><\/div><\/div><\/div><\/div><\/div><\/div><\/div><\/div>\n        <div class=\"card\">\n            <div class=\"card-header parents\" id=\"heading_casos-de-excepcio-n-69eeee772d89c-2024-69eeee772d89c-septiembre-69eeee772d89c\">\n                <p class=\"title text-blue mb-0\">\n                    <a class=\"btn-block hover text-left collapsed\" data-toggle=\"collapse\" data-target=\"#collap_casos-de-excepcio-n-69eeee772d89c-2024-69eeee772d89c-septiembre-69eeee772d89c\" aria-expanded=\"false\" aria-controls=\"collap_casos-de-excepcio-n-69eeee772d89c-2024-69eeee772d89c-septiembre-69eeee772d89c\">Septiembre<\/a>\n                <\/p>\n            <\/div>\n            <div id=\"collap_casos-de-excepcio-n-69eeee772d89c-2024-69eeee772d89c-septiembre-69eeee772d89c\" class=\"collapse\" aria-labelledby=\"heading_casos-de-excepcio-n-69eeee772d89c-2024-69eeee772d89c-septiembre-69eeee772d89c\" data-parent=\"#collap_casos-de-excepcio-n-69eeee772d89c-2024-69eeee772d89c\">\n                <div class=\"card-body\">\n        <div class=\"card\">\n            <div class=\"card-header parents\" id=\"heading_casos-de-excepcio-n-69eeee772d89c-2024-69eeee772d89c-septiembre-69eeee772d89c-publicidad-69eeee772d89c\">\n                <p class=\"title text-blue mb-0\">\n                    <a class=\"btn-block hover text-left collapsed\" data-toggle=\"collapse\" data-target=\"#collap_casos-de-excepcio-n-69eeee772d89c-2024-69eeee772d89c-septiembre-69eeee772d89c-publicidad-69eeee772d89c\" aria-expanded=\"false\" aria-controls=\"collap_casos-de-excepcio-n-69eeee772d89c-2024-69eeee772d89c-septiembre-69eeee772d89c-publicidad-69eeee772d89c\">Publicidad<\/a>\n                <\/p>\n            <\/div>\n            <div id=\"collap_casos-de-excepcio-n-69eeee772d89c-2024-69eeee772d89c-septiembre-69eeee772d89c-publicidad-69eeee772d89c\" class=\"collapse\" aria-labelledby=\"heading_casos-de-excepcio-n-69eeee772d89c-2024-69eeee772d89c-septiembre-69eeee772d89c-publicidad-69eeee772d89c\" data-parent=\"#collap_casos-de-excepcio-n-69eeee772d89c-2024-69eeee772d89c-septiembre-69eeee772d89c\">\n                <div class=\"card-body\"><div class=\"jumbotron archivos\"><div class=\"row align-items-center\"><div class=\"col\"><h6><a class=\"text-dark\" href=\"https:\/\/comunidad.comprasdominicana.gob.do\/\/Public\/Tendering\/OpportunityDetail\/Index?noticeUID=DO1.NTC.1450225\" title=\"Ver\" target=\"_blank\">APORDOM-CCC-PEPB-2024-0007<\/a><\/h6><p class=\"mb-0 bold\">PUBLICACI\u00d3N DE CONVOCATORIA EN PERI\u00d3DICOS DE AMPLIA CIRCULACI\u00d3N NACIONAL<\/p><p class=\"mb-0\" style=\"font-size: .85rem\"><strong title=\"Estado del Proceso\"><i class=\"fas fa-spinner\"><\/i><\/strong> Proceso adjudicado y celebrado<\/p><p class=\"mb-0\" style=\"font-size: .85rem\"><strong title=\"Fecha de Publicaci\u00f3n\"><i class=\"fas fa-calendar-alt\"><\/i><\/strong> Publicado el viernes, 20 de septiembre de 2024<\/p><\/div><div class=\"col-auto mt-md-0 mt-2\"><a class=\"btn btn-primary btn-lg px-lg-4 d-none d-md-block\" href=\"https:\/\/comunidad.comprasdominicana.gob.do\/\/Public\/Tendering\/OpportunityDetail\/Index?noticeUID=DO1.NTC.1450225\" target=\"_blank\" title=\"Detalles\"><i class=\"fas fa-link\"><\/i> DETALLES<\/a><a class=\"btn btn-primary btn-lg px-lg-4 d-block d-md-none\" href=\"https:\/\/comunidad.comprasdominicana.gob.do\/\/Public\/Tendering\/OpportunityDetail\/Index?noticeUID=DO1.NTC.1450225\" target=\"_blank\" title=\"Detalles\"><i class=\"fas fa-2x fa-link\"><\/i><\/a><\/div><\/div><\/div><\/div><\/div><\/div><\/div><\/div><\/div>\n        <div class=\"card\">\n            <div class=\"card-header parents\" id=\"heading_casos-de-excepcio-n-69eeee772d89c-2024-69eeee772d89c-agosto-69eeee772d89c\">\n                <p class=\"title text-blue mb-0\">\n                    <a class=\"btn-block hover text-left collapsed\" data-toggle=\"collapse\" data-target=\"#collap_casos-de-excepcio-n-69eeee772d89c-2024-69eeee772d89c-agosto-69eeee772d89c\" aria-expanded=\"false\" aria-controls=\"collap_casos-de-excepcio-n-69eeee772d89c-2024-69eeee772d89c-agosto-69eeee772d89c\">Agosto<\/a>\n                <\/p>\n            <\/div>\n            <div id=\"collap_casos-de-excepcio-n-69eeee772d89c-2024-69eeee772d89c-agosto-69eeee772d89c\" class=\"collapse\" aria-labelledby=\"heading_casos-de-excepcio-n-69eeee772d89c-2024-69eeee772d89c-agosto-69eeee772d89c\" data-parent=\"#collap_casos-de-excepcio-n-69eeee772d89c-2024-69eeee772d89c\">\n                <div class=\"card-body\">\n        <div class=\"card\">\n            <div class=\"card-header parents\" id=\"heading_casos-de-excepcio-n-69eeee772d89c-2024-69eeee772d89c-agosto-69eeee772d89c-obras-cient-ficas-t-cnicas-art-sticas-restauraci-n-de-monumentos-69eeee772d89c\">\n                <p class=\"title text-blue mb-0\">\n                    <a class=\"btn-block hover text-left collapsed\" data-toggle=\"collapse\" data-target=\"#collap_casos-de-excepcio-n-69eeee772d89c-2024-69eeee772d89c-agosto-69eeee772d89c-obras-cient-ficas-t-cnicas-art-sticas-restauraci-n-de-monumentos-69eeee772d89c\" aria-expanded=\"false\" aria-controls=\"collap_casos-de-excepcio-n-69eeee772d89c-2024-69eeee772d89c-agosto-69eeee772d89c-obras-cient-ficas-t-cnicas-art-sticas-restauraci-n-de-monumentos-69eeee772d89c\">Obras Cient\u00edficas, T\u00e9cnicas, Art\u00edsticas, Restauraci\u00f3n de monumentos<\/a>\n                <\/p>\n            <\/div>\n            <div id=\"collap_casos-de-excepcio-n-69eeee772d89c-2024-69eeee772d89c-agosto-69eeee772d89c-obras-cient-ficas-t-cnicas-art-sticas-restauraci-n-de-monumentos-69eeee772d89c\" class=\"collapse\" aria-labelledby=\"heading_casos-de-excepcio-n-69eeee772d89c-2024-69eeee772d89c-agosto-69eeee772d89c-obras-cient-ficas-t-cnicas-art-sticas-restauraci-n-de-monumentos-69eeee772d89c\" data-parent=\"#collap_casos-de-excepcio-n-69eeee772d89c-2024-69eeee772d89c-agosto-69eeee772d89c\">\n                <div class=\"card-body\"><div class=\"jumbotron archivos\"><div class=\"row align-items-center\"><div class=\"col\"><h6><a class=\"text-dark\" href=\"https:\/\/comunidad.comprasdominicana.gob.do\/\/Public\/Tendering\/OpportunityDetail\/Index?noticeUID=DO1.NTC.1439531\" title=\"Ver\" target=\"_blank\">APORDOM-CCC-PEOR-2024-0005<\/a><\/h6><p class=\"mb-0 bold\">Servicio de Asesor\u00eda Legal Especializado en normativas de Cruceros en Puertos.<\/p><p class=\"mb-0\" style=\"font-size: .85rem\"><strong title=\"Estado del Proceso\"><i class=\"fas fa-spinner\"><\/i><\/strong> Proceso adjudicado y celebrado<\/p><p class=\"mb-0\" style=\"font-size: .85rem\"><strong title=\"Fecha de Publicaci\u00f3n\"><i class=\"fas fa-calendar-alt\"><\/i><\/strong> Publicado el jueves, 29 de agosto de 2024<\/p><\/div><div class=\"col-auto mt-md-0 mt-2\"><a class=\"btn btn-primary btn-lg px-lg-4 d-none d-md-block\" href=\"https:\/\/comunidad.comprasdominicana.gob.do\/\/Public\/Tendering\/OpportunityDetail\/Index?noticeUID=DO1.NTC.1439531\" target=\"_blank\" title=\"Detalles\"><i class=\"fas fa-link\"><\/i> DETALLES<\/a><a class=\"btn btn-primary btn-lg px-lg-4 d-block d-md-none\" href=\"https:\/\/comunidad.comprasdominicana.gob.do\/\/Public\/Tendering\/OpportunityDetail\/Index?noticeUID=DO1.NTC.1439531\" target=\"_blank\" title=\"Detalles\"><i class=\"fas fa-2x fa-link\"><\/i><\/a><\/div><\/div><\/div><\/div><\/div><\/div><\/div><\/div><\/div>\n        <div class=\"card\">\n            <div class=\"card-header parents\" id=\"heading_casos-de-excepcio-n-69eeee772d89c-2024-69eeee772d89c-julio-69eeee772d89c\">\n                <p class=\"title text-blue mb-0\">\n                    <a class=\"btn-block hover text-left collapsed\" data-toggle=\"collapse\" data-target=\"#collap_casos-de-excepcio-n-69eeee772d89c-2024-69eeee772d89c-julio-69eeee772d89c\" aria-expanded=\"false\" aria-controls=\"collap_casos-de-excepcio-n-69eeee772d89c-2024-69eeee772d89c-julio-69eeee772d89c\">Julio<\/a>\n                <\/p>\n            <\/div>\n            <div id=\"collap_casos-de-excepcio-n-69eeee772d89c-2024-69eeee772d89c-julio-69eeee772d89c\" class=\"collapse\" aria-labelledby=\"heading_casos-de-excepcio-n-69eeee772d89c-2024-69eeee772d89c-julio-69eeee772d89c\" data-parent=\"#collap_casos-de-excepcio-n-69eeee772d89c-2024-69eeee772d89c\">\n                <div class=\"card-body\">\n        <div class=\"card\">\n            <div class=\"card-header parents\" id=\"heading_casos-de-excepcio-n-69eeee772d89c-2024-69eeee772d89c-julio-69eeee772d89c-proveedor-nico-69eeee772d89c\">\n                <p class=\"title text-blue mb-0\">\n                    <a class=\"btn-block hover text-left collapsed\" data-toggle=\"collapse\" data-target=\"#collap_casos-de-excepcio-n-69eeee772d89c-2024-69eeee772d89c-julio-69eeee772d89c-proveedor-nico-69eeee772d89c\" aria-expanded=\"false\" aria-controls=\"collap_casos-de-excepcio-n-69eeee772d89c-2024-69eeee772d89c-julio-69eeee772d89c-proveedor-nico-69eeee772d89c\">Proveedor \u00fanico<\/a>\n                <\/p>\n            <\/div>\n            <div id=\"collap_casos-de-excepcio-n-69eeee772d89c-2024-69eeee772d89c-julio-69eeee772d89c-proveedor-nico-69eeee772d89c\" class=\"collapse\" aria-labelledby=\"heading_casos-de-excepcio-n-69eeee772d89c-2024-69eeee772d89c-julio-69eeee772d89c-proveedor-nico-69eeee772d89c\" data-parent=\"#collap_casos-de-excepcio-n-69eeee772d89c-2024-69eeee772d89c-julio-69eeee772d89c\">\n                <div class=\"card-body\"><div class=\"jumbotron archivos\"><div class=\"row align-items-center\"><div class=\"col\"><h6><a class=\"text-dark\" href=\"https:\/\/comunidad.comprasdominicana.gob.do\/\/Public\/Tendering\/OpportunityDetail\/Index?noticeUID=DO1.NTC.1420334\" title=\"Ver\" target=\"_blank\">APORDOM-CCC-PEPU-2024-0002<\/a><\/h6><p class=\"mb-0 bold\">Participaci\u00f3n de esta APORDOM en la XXII versi\u00f3n de Expo-feria 2024.<\/p><p class=\"mb-0\" style=\"font-size: .85rem\"><strong title=\"Estado del Proceso\"><i class=\"fas fa-spinner\"><\/i><\/strong> Proceso adjudicado y celebrado<\/p><p class=\"mb-0\" style=\"font-size: .85rem\"><strong title=\"Fecha de Publicaci\u00f3n\"><i class=\"fas fa-calendar-alt\"><\/i><\/strong> Publicado el viernes, 5 de julio de 2024<\/p><\/div><div class=\"col-auto mt-md-0 mt-2\"><a class=\"btn btn-primary btn-lg px-lg-4 d-none d-md-block\" href=\"https:\/\/comunidad.comprasdominicana.gob.do\/\/Public\/Tendering\/OpportunityDetail\/Index?noticeUID=DO1.NTC.1420334\" target=\"_blank\" title=\"Detalles\"><i class=\"fas fa-link\"><\/i> DETALLES<\/a><a class=\"btn btn-primary btn-lg px-lg-4 d-block d-md-none\" href=\"https:\/\/comunidad.comprasdominicana.gob.do\/\/Public\/Tendering\/OpportunityDetail\/Index?noticeUID=DO1.NTC.1420334\" target=\"_blank\" title=\"Detalles\"><i class=\"fas fa-2x fa-link\"><\/i><\/a><\/div><\/div><\/div><\/div><\/div><\/div>\n        <div class=\"card\">\n            <div class=\"card-header parents\" id=\"heading_casos-de-excepcio-n-69eeee772d89c-2024-69eeee772d89c-julio-69eeee772d89c-publicidad-69eeee772d89c\">\n                <p class=\"title text-blue mb-0\">\n                    <a class=\"btn-block hover text-left collapsed\" data-toggle=\"collapse\" data-target=\"#collap_casos-de-excepcio-n-69eeee772d89c-2024-69eeee772d89c-julio-69eeee772d89c-publicidad-69eeee772d89c\" aria-expanded=\"false\" aria-controls=\"collap_casos-de-excepcio-n-69eeee772d89c-2024-69eeee772d89c-julio-69eeee772d89c-publicidad-69eeee772d89c\">Publicidad<\/a>\n                <\/p>\n            <\/div>\n            <div id=\"collap_casos-de-excepcio-n-69eeee772d89c-2024-69eeee772d89c-julio-69eeee772d89c-publicidad-69eeee772d89c\" class=\"collapse\" aria-labelledby=\"heading_casos-de-excepcio-n-69eeee772d89c-2024-69eeee772d89c-julio-69eeee772d89c-publicidad-69eeee772d89c\" data-parent=\"#collap_casos-de-excepcio-n-69eeee772d89c-2024-69eeee772d89c-julio-69eeee772d89c\">\n                <div class=\"card-body\"><div class=\"jumbotron archivos\"><div class=\"row align-items-center\"><div class=\"col\"><h6><a class=\"text-dark\" href=\"https:\/\/comunidad.comprasdominicana.gob.do\/\/Public\/Tendering\/OpportunityDetail\/Index?noticeUID=DO1.NTC.1420810\" title=\"Ver\" target=\"_blank\">APORDOM-CCC-PEPB-2024-0006<\/a><\/h6><p class=\"mb-0 bold\">Colocaci\u00f3n de Publicidad de esta APORDOM, en diferentes Medios de Comunicaci\u00f3n.<\/p><p class=\"mb-0\" style=\"font-size: .85rem\"><strong title=\"Estado del Proceso\"><i class=\"fas fa-spinner\"><\/i><\/strong> Proceso adjudicado y celebrado<\/p><p class=\"mb-0\" style=\"font-size: .85rem\"><strong title=\"Fecha de Publicaci\u00f3n\"><i class=\"fas fa-calendar-alt\"><\/i><\/strong> Publicado el lunes, 8 de julio de 2024<\/p><\/div><div class=\"col-auto mt-md-0 mt-2\"><a class=\"btn btn-primary btn-lg px-lg-4 d-none d-md-block\" href=\"https:\/\/comunidad.comprasdominicana.gob.do\/\/Public\/Tendering\/OpportunityDetail\/Index?noticeUID=DO1.NTC.1420810\" target=\"_blank\" title=\"Detalles\"><i class=\"fas fa-link\"><\/i> DETALLES<\/a><a class=\"btn btn-primary btn-lg px-lg-4 d-block d-md-none\" href=\"https:\/\/comunidad.comprasdominicana.gob.do\/\/Public\/Tendering\/OpportunityDetail\/Index?noticeUID=DO1.NTC.1420810\" target=\"_blank\" title=\"Detalles\"><i class=\"fas fa-2x fa-link\"><\/i><\/a><\/div><\/div><\/div><\/div><\/div><\/div><\/div><\/div><\/div>\n        <div class=\"card\">\n            <div class=\"card-header parents\" id=\"heading_casos-de-excepcio-n-69eeee772d89c-2024-69eeee772d89c-junio-69eeee772d89c\">\n                <p class=\"title text-blue mb-0\">\n                    <a class=\"btn-block hover text-left collapsed\" data-toggle=\"collapse\" data-target=\"#collap_casos-de-excepcio-n-69eeee772d89c-2024-69eeee772d89c-junio-69eeee772d89c\" aria-expanded=\"false\" aria-controls=\"collap_casos-de-excepcio-n-69eeee772d89c-2024-69eeee772d89c-junio-69eeee772d89c\">Junio<\/a>\n                <\/p>\n            <\/div>\n            <div id=\"collap_casos-de-excepcio-n-69eeee772d89c-2024-69eeee772d89c-junio-69eeee772d89c\" class=\"collapse\" aria-labelledby=\"heading_casos-de-excepcio-n-69eeee772d89c-2024-69eeee772d89c-junio-69eeee772d89c\" data-parent=\"#collap_casos-de-excepcio-n-69eeee772d89c-2024-69eeee772d89c\">\n                <div class=\"card-body\">\n        <div class=\"card\">\n            <div class=\"card-header parents\" id=\"heading_casos-de-excepcio-n-69eeee772d89c-2024-69eeee772d89c-junio-69eeee772d89c-exclusividad-69eeee772d89c\">\n                <p class=\"title text-blue mb-0\">\n                    <a class=\"btn-block hover text-left collapsed\" data-toggle=\"collapse\" data-target=\"#collap_casos-de-excepcio-n-69eeee772d89c-2024-69eeee772d89c-junio-69eeee772d89c-exclusividad-69eeee772d89c\" aria-expanded=\"false\" aria-controls=\"collap_casos-de-excepcio-n-69eeee772d89c-2024-69eeee772d89c-junio-69eeee772d89c-exclusividad-69eeee772d89c\">Exclusividad<\/a>\n                <\/p>\n            <\/div>\n            <div id=\"collap_casos-de-excepcio-n-69eeee772d89c-2024-69eeee772d89c-junio-69eeee772d89c-exclusividad-69eeee772d89c\" class=\"collapse\" aria-labelledby=\"heading_casos-de-excepcio-n-69eeee772d89c-2024-69eeee772d89c-junio-69eeee772d89c-exclusividad-69eeee772d89c\" data-parent=\"#collap_casos-de-excepcio-n-69eeee772d89c-2024-69eeee772d89c-junio-69eeee772d89c\">\n                <div class=\"card-body\"><div class=\"jumbotron archivos\"><div class=\"row align-items-center\"><div class=\"col\"><h6><a class=\"text-dark\" href=\"https:\/\/comunidad.comprasdominicana.gob.do\/\/Public\/Tendering\/OpportunityDetail\/Index?noticeUID=DO1.NTC.1417736\" title=\"Ver\" target=\"_blank\">APORDOM-CCC-PEEX-2024-0006<\/a><\/h6><p class=\"mb-0 bold\">Servicio de Asesor\u00eda T\u00e9cnica para Gesti\u00f3n de Calidad para la Direcci\u00f3n de Recursos Humanos de esta APORDOM, por 12 meses.<\/p><p class=\"mb-0\" style=\"font-size: .85rem\"><strong title=\"Estado del Proceso\"><i class=\"fas fa-spinner\"><\/i><\/strong> Proceso adjudicado y celebrado<\/p><p class=\"mb-0\" style=\"font-size: .85rem\"><strong title=\"Fecha de Publicaci\u00f3n\"><i class=\"fas fa-calendar-alt\"><\/i><\/strong> Publicado el viernes, 28 de junio de 2024<\/p><\/div><div class=\"col-auto mt-md-0 mt-2\"><a class=\"btn btn-primary btn-lg px-lg-4 d-none d-md-block\" href=\"https:\/\/comunidad.comprasdominicana.gob.do\/\/Public\/Tendering\/OpportunityDetail\/Index?noticeUID=DO1.NTC.1417736\" target=\"_blank\" title=\"Detalles\"><i class=\"fas fa-link\"><\/i> DETALLES<\/a><a class=\"btn btn-primary btn-lg px-lg-4 d-block d-md-none\" href=\"https:\/\/comunidad.comprasdominicana.gob.do\/\/Public\/Tendering\/OpportunityDetail\/Index?noticeUID=DO1.NTC.1417736\" target=\"_blank\" title=\"Detalles\"><i class=\"fas fa-2x fa-link\"><\/i><\/a><\/div><\/div><\/div><\/div><\/div><\/div><\/div><\/div><\/div>\n        <div class=\"card\">\n            <div class=\"card-header parents\" id=\"heading_casos-de-excepcio-n-69eeee772d89c-2024-69eeee772d89c-mayo-69eeee772d89c\">\n                <p class=\"title text-blue mb-0\">\n                    <a class=\"btn-block hover text-left collapsed\" data-toggle=\"collapse\" data-target=\"#collap_casos-de-excepcio-n-69eeee772d89c-2024-69eeee772d89c-mayo-69eeee772d89c\" aria-expanded=\"false\" aria-controls=\"collap_casos-de-excepcio-n-69eeee772d89c-2024-69eeee772d89c-mayo-69eeee772d89c\">Mayo<\/a>\n                <\/p>\n            <\/div>\n            <div id=\"collap_casos-de-excepcio-n-69eeee772d89c-2024-69eeee772d89c-mayo-69eeee772d89c\" class=\"collapse\" aria-labelledby=\"heading_casos-de-excepcio-n-69eeee772d89c-2024-69eeee772d89c-mayo-69eeee772d89c\" data-parent=\"#collap_casos-de-excepcio-n-69eeee772d89c-2024-69eeee772d89c\">\n                <div class=\"card-body\">\n        <div class=\"card\">\n            <div class=\"card-header parents\" id=\"heading_casos-de-excepcio-n-69eeee772d89c-2024-69eeee772d89c-mayo-69eeee772d89c-publicidad-69eeee772d89c\">\n                <p class=\"title text-blue mb-0\">\n                    <a class=\"btn-block hover text-left collapsed\" data-toggle=\"collapse\" data-target=\"#collap_casos-de-excepcio-n-69eeee772d89c-2024-69eeee772d89c-mayo-69eeee772d89c-publicidad-69eeee772d89c\" aria-expanded=\"false\" aria-controls=\"collap_casos-de-excepcio-n-69eeee772d89c-2024-69eeee772d89c-mayo-69eeee772d89c-publicidad-69eeee772d89c\">Publicidad<\/a>\n                <\/p>\n            <\/div>\n            <div id=\"collap_casos-de-excepcio-n-69eeee772d89c-2024-69eeee772d89c-mayo-69eeee772d89c-publicidad-69eeee772d89c\" class=\"collapse\" aria-labelledby=\"heading_casos-de-excepcio-n-69eeee772d89c-2024-69eeee772d89c-mayo-69eeee772d89c-publicidad-69eeee772d89c\" data-parent=\"#collap_casos-de-excepcio-n-69eeee772d89c-2024-69eeee772d89c-mayo-69eeee772d89c\">\n                <div class=\"card-body\"><div class=\"jumbotron archivos\"><div class=\"row align-items-center\"><div class=\"col\"><h6><a class=\"text-dark\" href=\"https:\/\/comunidad.comprasdominicana.gob.do\/\/Public\/Tendering\/OpportunityDetail\/Index?noticeUID=DO1.NTC.1406419\" title=\"Ver\" target=\"_blank\">APORDOM-CCC-PEPB-2024-0005<\/a><\/h6><p class=\"mb-0 bold\">Colocaci\u00f3n de Publicidad en medios Televisivos para esta APORDOM.<\/p><p class=\"mb-0\" style=\"font-size: .85rem\"><strong title=\"Estado del Proceso\"><i class=\"fas fa-spinner\"><\/i><\/strong> Proceso adjudicado y celebrado<\/p><p class=\"mb-0\" style=\"font-size: .85rem\"><strong title=\"Fecha de Publicaci\u00f3n\"><i class=\"fas fa-calendar-alt\"><\/i><\/strong> Publicado el martes, 28 de mayo de 2024<\/p><\/div><div class=\"col-auto mt-md-0 mt-2\"><a class=\"btn btn-primary btn-lg px-lg-4 d-none d-md-block\" href=\"https:\/\/comunidad.comprasdominicana.gob.do\/\/Public\/Tendering\/OpportunityDetail\/Index?noticeUID=DO1.NTC.1406419\" target=\"_blank\" title=\"Detalles\"><i class=\"fas fa-link\"><\/i> DETALLES<\/a><a class=\"btn btn-primary btn-lg px-lg-4 d-block d-md-none\" href=\"https:\/\/comunidad.comprasdominicana.gob.do\/\/Public\/Tendering\/OpportunityDetail\/Index?noticeUID=DO1.NTC.1406419\" target=\"_blank\" title=\"Detalles\"><i class=\"fas fa-2x fa-link\"><\/i><\/a><\/div><\/div><\/div><\/div><\/div><\/div><\/div><\/div><\/div>\n        <div class=\"card\">\n            <div class=\"card-header parents\" id=\"heading_casos-de-excepcio-n-69eeee772d89c-2024-69eeee772d89c-abril-69eeee772d89c\">\n                <p class=\"title text-blue mb-0\">\n                    <a class=\"btn-block hover text-left collapsed\" data-toggle=\"collapse\" data-target=\"#collap_casos-de-excepcio-n-69eeee772d89c-2024-69eeee772d89c-abril-69eeee772d89c\" aria-expanded=\"false\" aria-controls=\"collap_casos-de-excepcio-n-69eeee772d89c-2024-69eeee772d89c-abril-69eeee772d89c\">Abril<\/a>\n                <\/p>\n            <\/div>\n            <div id=\"collap_casos-de-excepcio-n-69eeee772d89c-2024-69eeee772d89c-abril-69eeee772d89c\" class=\"collapse\" aria-labelledby=\"heading_casos-de-excepcio-n-69eeee772d89c-2024-69eeee772d89c-abril-69eeee772d89c\" data-parent=\"#collap_casos-de-excepcio-n-69eeee772d89c-2024-69eeee772d89c\">\n                <div class=\"card-body\">\n        <div class=\"card\">\n            <div class=\"card-header parents\" id=\"heading_casos-de-excepcio-n-69eeee772d89c-2024-69eeee772d89c-abril-69eeee772d89c-publicidad-69eeee772d89c\">\n                <p class=\"title text-blue mb-0\">\n                    <a class=\"btn-block hover text-left collapsed\" data-toggle=\"collapse\" data-target=\"#collap_casos-de-excepcio-n-69eeee772d89c-2024-69eeee772d89c-abril-69eeee772d89c-publicidad-69eeee772d89c\" aria-expanded=\"false\" aria-controls=\"collap_casos-de-excepcio-n-69eeee772d89c-2024-69eeee772d89c-abril-69eeee772d89c-publicidad-69eeee772d89c\">Publicidad<\/a>\n                <\/p>\n            <\/div>\n            <div id=\"collap_casos-de-excepcio-n-69eeee772d89c-2024-69eeee772d89c-abril-69eeee772d89c-publicidad-69eeee772d89c\" class=\"collapse\" aria-labelledby=\"heading_casos-de-excepcio-n-69eeee772d89c-2024-69eeee772d89c-abril-69eeee772d89c-publicidad-69eeee772d89c\" data-parent=\"#collap_casos-de-excepcio-n-69eeee772d89c-2024-69eeee772d89c-abril-69eeee772d89c\">\n                <div class=\"card-body\"><div class=\"jumbotron archivos\"><div class=\"row align-items-center\"><div class=\"col\"><h6><a class=\"text-dark\" href=\"https:\/\/comunidad.comprasdominicana.gob.do\/\/Public\/Tendering\/OpportunityDetail\/Index?noticeUID=DO1.NTC.1383916\" title=\"Ver\" target=\"_blank\">APORDOM-CCC-PEPB-2024-0004<\/a><\/h6><p class=\"mb-0 bold\">Colocaci\u00f3n de Publicidad en diferentes Medios de Comunicaci\u00f3n para esta APORDOM<\/p><p class=\"mb-0\" style=\"font-size: .85rem\"><strong title=\"Estado del Proceso\"><i class=\"fas fa-spinner\"><\/i><\/strong> Proceso adjudicado y celebrado<\/p><p class=\"mb-0\" style=\"font-size: .85rem\"><strong title=\"Fecha de Publicaci\u00f3n\"><i class=\"fas fa-calendar-alt\"><\/i><\/strong> Publicado el viernes, 5 de abril de 2024<\/p><\/div><div class=\"col-auto mt-md-0 mt-2\"><a class=\"btn btn-primary btn-lg px-lg-4 d-none d-md-block\" href=\"https:\/\/comunidad.comprasdominicana.gob.do\/\/Public\/Tendering\/OpportunityDetail\/Index?noticeUID=DO1.NTC.1383916\" target=\"_blank\" title=\"Detalles\"><i class=\"fas fa-link\"><\/i> DETALLES<\/a><a class=\"btn btn-primary btn-lg px-lg-4 d-block d-md-none\" href=\"https:\/\/comunidad.comprasdominicana.gob.do\/\/Public\/Tendering\/OpportunityDetail\/Index?noticeUID=DO1.NTC.1383916\" target=\"_blank\" title=\"Detalles\"><i class=\"fas fa-2x fa-link\"><\/i><\/a><\/div><\/div><\/div><\/div><\/div><\/div><\/div><\/div><\/div>\n        <div class=\"card\">\n            <div class=\"card-header parents\" id=\"heading_casos-de-excepcio-n-69eeee772d89c-2024-69eeee772d89c-marzo-69eeee772d89c\">\n                <p class=\"title text-blue mb-0\">\n                    <a class=\"btn-block hover text-left collapsed\" data-toggle=\"collapse\" data-target=\"#collap_casos-de-excepcio-n-69eeee772d89c-2024-69eeee772d89c-marzo-69eeee772d89c\" aria-expanded=\"false\" aria-controls=\"collap_casos-de-excepcio-n-69eeee772d89c-2024-69eeee772d89c-marzo-69eeee772d89c\">Marzo<\/a>\n                <\/p>\n            <\/div>\n            <div id=\"collap_casos-de-excepcio-n-69eeee772d89c-2024-69eeee772d89c-marzo-69eeee772d89c\" class=\"collapse\" aria-labelledby=\"heading_casos-de-excepcio-n-69eeee772d89c-2024-69eeee772d89c-marzo-69eeee772d89c\" data-parent=\"#collap_casos-de-excepcio-n-69eeee772d89c-2024-69eeee772d89c\">\n                <div class=\"card-body\">\n        <div class=\"card\">\n            <div class=\"card-header parents\" id=\"heading_casos-de-excepcio-n-69eeee772d89c-2024-69eeee772d89c-marzo-69eeee772d89c-obras-cient-ficas-t-cnicas-art-sticas-restauraci-n-de-monumentos-69eeee772d89c\">\n                <p class=\"title text-blue mb-0\">\n                    <a class=\"btn-block hover text-left collapsed\" data-toggle=\"collapse\" data-target=\"#collap_casos-de-excepcio-n-69eeee772d89c-2024-69eeee772d89c-marzo-69eeee772d89c-obras-cient-ficas-t-cnicas-art-sticas-restauraci-n-de-monumentos-69eeee772d89c\" aria-expanded=\"false\" aria-controls=\"collap_casos-de-excepcio-n-69eeee772d89c-2024-69eeee772d89c-marzo-69eeee772d89c-obras-cient-ficas-t-cnicas-art-sticas-restauraci-n-de-monumentos-69eeee772d89c\">Obras Cient\u00edficas, T\u00e9cnicas, Art\u00edsticas, Restauraci\u00f3n de monumentos<\/a>\n                <\/p>\n            <\/div>\n            <div id=\"collap_casos-de-excepcio-n-69eeee772d89c-2024-69eeee772d89c-marzo-69eeee772d89c-obras-cient-ficas-t-cnicas-art-sticas-restauraci-n-de-monumentos-69eeee772d89c\" class=\"collapse\" aria-labelledby=\"heading_casos-de-excepcio-n-69eeee772d89c-2024-69eeee772d89c-marzo-69eeee772d89c-obras-cient-ficas-t-cnicas-art-sticas-restauraci-n-de-monumentos-69eeee772d89c\" data-parent=\"#collap_casos-de-excepcio-n-69eeee772d89c-2024-69eeee772d89c-marzo-69eeee772d89c\">\n                <div class=\"card-body\"><div class=\"jumbotron archivos\"><div class=\"row align-items-center\"><div class=\"col\"><h6><a class=\"text-dark\" href=\"https:\/\/comunidad.comprasdominicana.gob.do\/\/Public\/Tendering\/OpportunityDetail\/Index?noticeUID=DO1.NTC.1370126\" title=\"Ver\" target=\"_blank\">APORDOM-CCC-PEOR-2024-0003<\/a><\/h6><p class=\"mb-0 bold\">Servicios de Asesor\u00eda T\u00e9cnica en Comunicaci\u00f3n, An\u00e1lisis de Datos y Gesti\u00f3n de Plataformas Digitales de Comunicaci\u00f3n Social, por 12 Meses.<\/p><p class=\"mb-0\" style=\"font-size: .85rem\"><strong title=\"Estado del Proceso\"><i class=\"fas fa-spinner\"><\/i><\/strong> Proceso adjudicado y celebrado<\/p><p class=\"mb-0\" style=\"font-size: .85rem\"><strong title=\"Fecha de Publicaci\u00f3n\"><i class=\"fas fa-calendar-alt\"><\/i><\/strong> Publicado el lunes, 4 de marzo de 2024<\/p><\/div><div class=\"col-auto mt-md-0 mt-2\"><a class=\"btn btn-primary btn-lg px-lg-4 d-none d-md-block\" href=\"https:\/\/comunidad.comprasdominicana.gob.do\/\/Public\/Tendering\/OpportunityDetail\/Index?noticeUID=DO1.NTC.1370126\" target=\"_blank\" title=\"Detalles\"><i class=\"fas fa-link\"><\/i> DETALLES<\/a><a class=\"btn btn-primary btn-lg px-lg-4 d-block d-md-none\" href=\"https:\/\/comunidad.comprasdominicana.gob.do\/\/Public\/Tendering\/OpportunityDetail\/Index?noticeUID=DO1.NTC.1370126\" target=\"_blank\" title=\"Detalles\"><i class=\"fas fa-2x fa-link\"><\/i><\/a><\/div><\/div><\/div><\/div><\/div><\/div>\n        <div class=\"card\">\n            <div class=\"card-header parents\" id=\"heading_casos-de-excepcio-n-69eeee772d89c-2024-69eeee772d89c-marzo-69eeee772d89c-publicidad-69eeee772d89c\">\n                <p class=\"title text-blue mb-0\">\n                    <a class=\"btn-block hover text-left collapsed\" data-toggle=\"collapse\" data-target=\"#collap_casos-de-excepcio-n-69eeee772d89c-2024-69eeee772d89c-marzo-69eeee772d89c-publicidad-69eeee772d89c\" aria-expanded=\"false\" aria-controls=\"collap_casos-de-excepcio-n-69eeee772d89c-2024-69eeee772d89c-marzo-69eeee772d89c-publicidad-69eeee772d89c\">Publicidad<\/a>\n                <\/p>\n            <\/div>\n            <div id=\"collap_casos-de-excepcio-n-69eeee772d89c-2024-69eeee772d89c-marzo-69eeee772d89c-publicidad-69eeee772d89c\" class=\"collapse\" aria-labelledby=\"heading_casos-de-excepcio-n-69eeee772d89c-2024-69eeee772d89c-marzo-69eeee772d89c-publicidad-69eeee772d89c\" data-parent=\"#collap_casos-de-excepcio-n-69eeee772d89c-2024-69eeee772d89c-marzo-69eeee772d89c\">\n                <div class=\"card-body\"><div class=\"jumbotron archivos\"><div class=\"row align-items-center\"><div class=\"col\"><h6><a class=\"text-dark\" href=\"https:\/\/comunidad.comprasdominicana.gob.do\/\/Public\/Tendering\/OpportunityDetail\/Index?noticeUID=DO1.NTC.1376034\" title=\"Ver\" target=\"_blank\">APORDOM-CCC-PEPB-2024-0003<\/a><\/h6><p class=\"mb-0 bold\">Servicio de Transmisi\u00f3n en Vivo para Inauguraciones de Muelles Pesqueros en las localidades de Rio San Juan y Cabrera.<\/p><p class=\"mb-0\" style=\"font-size: .85rem\"><strong title=\"Estado del Proceso\"><i class=\"fas fa-spinner\"><\/i><\/strong> Proceso adjudicado y celebrado<\/p><p class=\"mb-0\" style=\"font-size: .85rem\"><strong title=\"Fecha de Publicaci\u00f3n\"><i class=\"fas fa-calendar-alt\"><\/i><\/strong> Publicado el viernes, 15 de marzo de 2024<\/p><\/div><div class=\"col-auto mt-md-0 mt-2\"><a class=\"btn btn-primary btn-lg px-lg-4 d-none d-md-block\" href=\"https:\/\/comunidad.comprasdominicana.gob.do\/\/Public\/Tendering\/OpportunityDetail\/Index?noticeUID=DO1.NTC.1376034\" target=\"_blank\" title=\"Detalles\"><i class=\"fas fa-link\"><\/i> DETALLES<\/a><a class=\"btn btn-primary btn-lg px-lg-4 d-block d-md-none\" href=\"https:\/\/comunidad.comprasdominicana.gob.do\/\/Public\/Tendering\/OpportunityDetail\/Index?noticeUID=DO1.NTC.1376034\" target=\"_blank\" title=\"Detalles\"><i class=\"fas fa-2x fa-link\"><\/i><\/a><\/div><\/div><\/div><\/div><\/div><\/div><\/div><\/div><\/div>\n        <div class=\"card\">\n            <div class=\"card-header parents\" id=\"heading_casos-de-excepcio-n-69eeee772d89c-2024-69eeee772d89c-febrero-69eeee772d89c\">\n                <p class=\"title text-blue mb-0\">\n                    <a class=\"btn-block hover text-left collapsed\" data-toggle=\"collapse\" data-target=\"#collap_casos-de-excepcio-n-69eeee772d89c-2024-69eeee772d89c-febrero-69eeee772d89c\" aria-expanded=\"false\" aria-controls=\"collap_casos-de-excepcio-n-69eeee772d89c-2024-69eeee772d89c-febrero-69eeee772d89c\">Febrero<\/a>\n                <\/p>\n            <\/div>\n            <div id=\"collap_casos-de-excepcio-n-69eeee772d89c-2024-69eeee772d89c-febrero-69eeee772d89c\" class=\"collapse\" aria-labelledby=\"heading_casos-de-excepcio-n-69eeee772d89c-2024-69eeee772d89c-febrero-69eeee772d89c\" data-parent=\"#collap_casos-de-excepcio-n-69eeee772d89c-2024-69eeee772d89c\">\n                <div class=\"card-body\">\n        <div class=\"card\">\n            <div class=\"card-header parents\" id=\"heading_casos-de-excepcio-n-69eeee772d89c-2024-69eeee772d89c-febrero-69eeee772d89c-exclusividad-69eeee772d89c\">\n                <p class=\"title text-blue mb-0\">\n                    <a class=\"btn-block hover text-left collapsed\" data-toggle=\"collapse\" data-target=\"#collap_casos-de-excepcio-n-69eeee772d89c-2024-69eeee772d89c-febrero-69eeee772d89c-exclusividad-69eeee772d89c\" aria-expanded=\"false\" aria-controls=\"collap_casos-de-excepcio-n-69eeee772d89c-2024-69eeee772d89c-febrero-69eeee772d89c-exclusividad-69eeee772d89c\">Exclusividad<\/a>\n                <\/p>\n            <\/div>\n            <div id=\"collap_casos-de-excepcio-n-69eeee772d89c-2024-69eeee772d89c-febrero-69eeee772d89c-exclusividad-69eeee772d89c\" class=\"collapse\" aria-labelledby=\"heading_casos-de-excepcio-n-69eeee772d89c-2024-69eeee772d89c-febrero-69eeee772d89c-exclusividad-69eeee772d89c\" data-parent=\"#collap_casos-de-excepcio-n-69eeee772d89c-2024-69eeee772d89c-febrero-69eeee772d89c\">\n                <div class=\"card-body\"><div class=\"jumbotron archivos\"><div class=\"row align-items-center\"><div class=\"col\"><h6><a class=\"text-dark\" href=\"https:\/\/comunidad.comprasdominicana.gob.do\/\/Public\/Tendering\/OpportunityDetail\/Index?noticeUID=DO1.NTC.1361931\" title=\"Ver\" target=\"_blank\">APORDOM-CCC-PEEX-2024-0003<\/a><\/h6><p class=\"mb-0 bold\">Contrataci\u00f3n de Servicios Profesionales de Consultor\u00eda Externa para el Proyecto de Escuela Mar\u00edtima.<\/p><p class=\"mb-0\" style=\"font-size: .85rem\"><strong title=\"Estado del Proceso\"><i class=\"fas fa-spinner\"><\/i><\/strong> Proceso adjudicado y celebrado<\/p><p class=\"mb-0\" style=\"font-size: .85rem\"><strong title=\"Fecha de Publicaci\u00f3n\"><i class=\"fas fa-calendar-alt\"><\/i><\/strong> Publicado el martes, 13 de febrero de 2024<\/p><\/div><div class=\"col-auto mt-md-0 mt-2\"><a class=\"btn btn-primary btn-lg px-lg-4 d-none d-md-block\" href=\"https:\/\/comunidad.comprasdominicana.gob.do\/\/Public\/Tendering\/OpportunityDetail\/Index?noticeUID=DO1.NTC.1361931\" target=\"_blank\" title=\"Detalles\"><i class=\"fas fa-link\"><\/i> DETALLES<\/a><a class=\"btn btn-primary btn-lg px-lg-4 d-block d-md-none\" href=\"https:\/\/comunidad.comprasdominicana.gob.do\/\/Public\/Tendering\/OpportunityDetail\/Index?noticeUID=DO1.NTC.1361931\" target=\"_blank\" title=\"Detalles\"><i class=\"fas fa-2x fa-link\"><\/i><\/a><\/div><\/div><\/div><div class=\"jumbotron archivos\"><div class=\"row align-items-center\"><div class=\"col\"><h6><a class=\"text-dark\" href=\"https:\/\/comunidad.comprasdominicana.gob.do\/\/Public\/Tendering\/OpportunityDetail\/Index?noticeUID=DO1.NTC.1359831\" title=\"Ver\" target=\"_blank\">APORDOM-CCC-PEEX-2024-0005<\/a><\/h6><p class=\"mb-0 bold\">Contrataci\u00f3n de Servicios Profesionales de Asesor\u00eda General de la Gesti\u00f3n para esta APORDOM.<\/p><p class=\"mb-0\" style=\"font-size: .85rem\"><strong title=\"Estado del Proceso\"><i class=\"fas fa-spinner\"><\/i><\/strong> Proceso adjudicado y celebrado<\/p><p class=\"mb-0\" style=\"font-size: .85rem\"><strong title=\"Fecha de Publicaci\u00f3n\"><i class=\"fas fa-calendar-alt\"><\/i><\/strong> Publicado el jueves, 8 de febrero de 2024<\/p><\/div><div class=\"col-auto mt-md-0 mt-2\"><a class=\"btn btn-primary btn-lg px-lg-4 d-none d-md-block\" href=\"https:\/\/comunidad.comprasdominicana.gob.do\/\/Public\/Tendering\/OpportunityDetail\/Index?noticeUID=DO1.NTC.1359831\" target=\"_blank\" title=\"Detalles\"><i class=\"fas fa-link\"><\/i> DETALLES<\/a><a class=\"btn btn-primary btn-lg px-lg-4 d-block d-md-none\" href=\"https:\/\/comunidad.comprasdominicana.gob.do\/\/Public\/Tendering\/OpportunityDetail\/Index?noticeUID=DO1.NTC.1359831\" target=\"_blank\" title=\"Detalles\"><i class=\"fas fa-2x fa-link\"><\/i><\/a><\/div><\/div><\/div><\/div><\/div><\/div>\n        <div class=\"card\">\n            <div class=\"card-header parents\" id=\"heading_casos-de-excepcio-n-69eeee772d89c-2024-69eeee772d89c-febrero-69eeee772d89c-obras-cient-ficas-t-cnicas-art-sticas-restauraci-n-de-monumentos-69eeee772d89c\">\n                <p class=\"title text-blue mb-0\">\n                    <a class=\"btn-block hover text-left collapsed\" data-toggle=\"collapse\" data-target=\"#collap_casos-de-excepcio-n-69eeee772d89c-2024-69eeee772d89c-febrero-69eeee772d89c-obras-cient-ficas-t-cnicas-art-sticas-restauraci-n-de-monumentos-69eeee772d89c\" aria-expanded=\"false\" aria-controls=\"collap_casos-de-excepcio-n-69eeee772d89c-2024-69eeee772d89c-febrero-69eeee772d89c-obras-cient-ficas-t-cnicas-art-sticas-restauraci-n-de-monumentos-69eeee772d89c\">Obras Cient\u00edficas, T\u00e9cnicas, Art\u00edsticas, Restauraci\u00f3n de monumentos<\/a>\n                <\/p>\n            <\/div>\n            <div id=\"collap_casos-de-excepcio-n-69eeee772d89c-2024-69eeee772d89c-febrero-69eeee772d89c-obras-cient-ficas-t-cnicas-art-sticas-restauraci-n-de-monumentos-69eeee772d89c\" class=\"collapse\" aria-labelledby=\"heading_casos-de-excepcio-n-69eeee772d89c-2024-69eeee772d89c-febrero-69eeee772d89c-obras-cient-ficas-t-cnicas-art-sticas-restauraci-n-de-monumentos-69eeee772d89c\" data-parent=\"#collap_casos-de-excepcio-n-69eeee772d89c-2024-69eeee772d89c-febrero-69eeee772d89c\">\n                <div class=\"card-body\"><div class=\"jumbotron archivos\"><div class=\"row align-items-center\"><div class=\"col\"><h6><a class=\"text-dark\" href=\"https:\/\/comunidad.comprasdominicana.gob.do\/\/Public\/Tendering\/OpportunityDetail\/Index?noticeUID=DO1.NTC.1360136\" title=\"Ver\" target=\"_blank\">APORDOM-CCC-PEOR-2024-0002<\/a><\/h6><p class=\"mb-0 bold\">Contrataci\u00f3n de Asesor\u00eda Especializada en Gesti\u00f3n Legal y Portuaria para el Consejo de Administraci\u00f3n de APORDOM.<\/p><p class=\"mb-0\" style=\"font-size: .85rem\"><strong title=\"Estado del Proceso\"><i class=\"fas fa-spinner\"><\/i><\/strong> Proceso adjudicado y celebrado<\/p><p class=\"mb-0\" style=\"font-size: .85rem\"><strong title=\"Fecha de Publicaci\u00f3n\"><i class=\"fas fa-calendar-alt\"><\/i><\/strong> Publicado el jueves, 8 de febrero de 2024<\/p><\/div><div class=\"col-auto mt-md-0 mt-2\"><a class=\"btn btn-primary btn-lg px-lg-4 d-none d-md-block\" href=\"https:\/\/comunidad.comprasdominicana.gob.do\/\/Public\/Tendering\/OpportunityDetail\/Index?noticeUID=DO1.NTC.1360136\" target=\"_blank\" title=\"Detalles\"><i class=\"fas fa-link\"><\/i> DETALLES<\/a><a class=\"btn btn-primary btn-lg px-lg-4 d-block d-md-none\" href=\"https:\/\/comunidad.comprasdominicana.gob.do\/\/Public\/Tendering\/OpportunityDetail\/Index?noticeUID=DO1.NTC.1360136\" target=\"_blank\" title=\"Detalles\"><i class=\"fas fa-2x fa-link\"><\/i><\/a><\/div><\/div><\/div><div class=\"jumbotron archivos\"><div class=\"row align-items-center\"><div class=\"col\"><h6><a class=\"text-dark\" href=\"https:\/\/comunidad.comprasdominicana.gob.do\/\/Public\/Tendering\/OpportunityDetail\/Index?noticeUID=DO1.NTC.1359924\" title=\"Ver\" target=\"_blank\">APORDOM-CCC-PEOR-2024-0001<\/a><\/h6><p class=\"mb-0 bold\">Contrataci\u00f3n de Asesor\u00eda Especializada en Servicios Legales de APORDOM.<\/p><p class=\"mb-0\" style=\"font-size: .85rem\"><strong title=\"Estado del Proceso\"><i class=\"fas fa-spinner\"><\/i><\/strong> Proceso adjudicado y celebrado<\/p><p class=\"mb-0\" style=\"font-size: .85rem\"><strong title=\"Fecha de Publicaci\u00f3n\"><i class=\"fas fa-calendar-alt\"><\/i><\/strong> Publicado el jueves, 8 de febrero de 2024<\/p><\/div><div class=\"col-auto mt-md-0 mt-2\"><a class=\"btn btn-primary btn-lg px-lg-4 d-none d-md-block\" href=\"https:\/\/comunidad.comprasdominicana.gob.do\/\/Public\/Tendering\/OpportunityDetail\/Index?noticeUID=DO1.NTC.1359924\" target=\"_blank\" title=\"Detalles\"><i class=\"fas fa-link\"><\/i> DETALLES<\/a><a class=\"btn btn-primary btn-lg px-lg-4 d-block d-md-none\" href=\"https:\/\/comunidad.comprasdominicana.gob.do\/\/Public\/Tendering\/OpportunityDetail\/Index?noticeUID=DO1.NTC.1359924\" target=\"_blank\" title=\"Detalles\"><i class=\"fas fa-2x fa-link\"><\/i><\/a><\/div><\/div><\/div><\/div><\/div><\/div>\n        <div class=\"card\">\n            <div class=\"card-header parents\" id=\"heading_casos-de-excepcio-n-69eeee772d89c-2024-69eeee772d89c-febrero-69eeee772d89c-publicidad-69eeee772d89c\">\n                <p class=\"title text-blue mb-0\">\n                    <a class=\"btn-block hover text-left collapsed\" data-toggle=\"collapse\" data-target=\"#collap_casos-de-excepcio-n-69eeee772d89c-2024-69eeee772d89c-febrero-69eeee772d89c-publicidad-69eeee772d89c\" aria-expanded=\"false\" aria-controls=\"collap_casos-de-excepcio-n-69eeee772d89c-2024-69eeee772d89c-febrero-69eeee772d89c-publicidad-69eeee772d89c\">Publicidad<\/a>\n                <\/p>\n            <\/div>\n            <div id=\"collap_casos-de-excepcio-n-69eeee772d89c-2024-69eeee772d89c-febrero-69eeee772d89c-publicidad-69eeee772d89c\" class=\"collapse\" aria-labelledby=\"heading_casos-de-excepcio-n-69eeee772d89c-2024-69eeee772d89c-febrero-69eeee772d89c-publicidad-69eeee772d89c\" data-parent=\"#collap_casos-de-excepcio-n-69eeee772d89c-2024-69eeee772d89c-febrero-69eeee772d89c\">\n                <div class=\"card-body\"><div class=\"jumbotron archivos\"><div class=\"row align-items-center\"><div class=\"col\"><h6><a class=\"text-dark\" href=\"https:\/\/comunidad.comprasdominicana.gob.do\/\/Public\/Tendering\/OpportunityDetail\/Index?noticeUID=DO1.NTC.1366437\" title=\"Ver\" target=\"_blank\">APORDOM-CCC-PEPB-2024-0002<\/a><\/h6><p class=\"mb-0 bold\">Colocaci\u00f3n de Publicidad en diferentes Medios de Comunicaci\u00f3n para esta APORDOM.<\/p><p class=\"mb-0\" style=\"font-size: .85rem\"><strong title=\"Estado del Proceso\"><i class=\"fas fa-spinner\"><\/i><\/strong> Proceso adjudicado y celebrado<\/p><p class=\"mb-0\" style=\"font-size: .85rem\"><strong title=\"Fecha de Publicaci\u00f3n\"><i class=\"fas fa-calendar-alt\"><\/i><\/strong> Publicado el mi\u00e9rcoles, 21 de febrero de 2024<\/p><\/div><div class=\"col-auto mt-md-0 mt-2\"><a class=\"btn btn-primary btn-lg px-lg-4 d-none d-md-block\" href=\"https:\/\/comunidad.comprasdominicana.gob.do\/\/Public\/Tendering\/OpportunityDetail\/Index?noticeUID=DO1.NTC.1366437\" target=\"_blank\" title=\"Detalles\"><i class=\"fas fa-link\"><\/i> DETALLES<\/a><a class=\"btn btn-primary btn-lg px-lg-4 d-block d-md-none\" href=\"https:\/\/comunidad.comprasdominicana.gob.do\/\/Public\/Tendering\/OpportunityDetail\/Index?noticeUID=DO1.NTC.1366437\" target=\"_blank\" title=\"Detalles\"><i class=\"fas fa-2x fa-link\"><\/i><\/a><\/div><\/div><\/div><div class=\"jumbotron archivos\"><div class=\"row align-items-center\"><div class=\"col\"><h6><a class=\"text-dark\" href=\"https:\/\/comunidad.comprasdominicana.gob.do\/\/Public\/Tendering\/OpportunityDetail\/Index?noticeUID=DO1.NTC.1361838\" title=\"Ver\" target=\"_blank\">APORDOM-CCC-PEPB-2024-0001<\/a><\/h6><p class=\"mb-0 bold\">Contrataci\u00f3n de Publicidad en Medios Impresos del Grupo Mercado Media Network.<\/p><p class=\"mb-0\" style=\"font-size: .85rem\"><strong title=\"Estado del Proceso\"><i class=\"fas fa-spinner\"><\/i><\/strong> Proceso adjudicado y celebrado<\/p><p class=\"mb-0\" style=\"font-size: .85rem\"><strong title=\"Fecha de Publicaci\u00f3n\"><i class=\"fas fa-calendar-alt\"><\/i><\/strong> Publicado el martes, 13 de febrero de 2024<\/p><\/div><div class=\"col-auto mt-md-0 mt-2\"><a class=\"btn btn-primary btn-lg px-lg-4 d-none d-md-block\" href=\"https:\/\/comunidad.comprasdominicana.gob.do\/\/Public\/Tendering\/OpportunityDetail\/Index?noticeUID=DO1.NTC.1361838\" target=\"_blank\" title=\"Detalles\"><i class=\"fas fa-link\"><\/i> DETALLES<\/a><a class=\"btn btn-primary btn-lg px-lg-4 d-block d-md-none\" href=\"https:\/\/comunidad.comprasdominicana.gob.do\/\/Public\/Tendering\/OpportunityDetail\/Index?noticeUID=DO1.NTC.1361838\" target=\"_blank\" title=\"Detalles\"><i class=\"fas fa-2x fa-link\"><\/i><\/a><\/div><\/div><\/div><\/div><\/div><\/div><\/div><\/div><\/div>\n        <div class=\"card\">\n            <div class=\"card-header parents\" id=\"heading_casos-de-excepcio-n-69eeee772d89c-2024-69eeee772d89c-enero-69eeee772d89c\">\n                <p class=\"title text-blue mb-0\">\n                    <a class=\"btn-block hover text-left collapsed\" data-toggle=\"collapse\" data-target=\"#collap_casos-de-excepcio-n-69eeee772d89c-2024-69eeee772d89c-enero-69eeee772d89c\" aria-expanded=\"false\" aria-controls=\"collap_casos-de-excepcio-n-69eeee772d89c-2024-69eeee772d89c-enero-69eeee772d89c\">Enero<\/a>\n                <\/p>\n            <\/div>\n            <div id=\"collap_casos-de-excepcio-n-69eeee772d89c-2024-69eeee772d89c-enero-69eeee772d89c\" class=\"collapse\" aria-labelledby=\"heading_casos-de-excepcio-n-69eeee772d89c-2024-69eeee772d89c-enero-69eeee772d89c\" data-parent=\"#collap_casos-de-excepcio-n-69eeee772d89c-2024-69eeee772d89c\">\n                <div class=\"card-body\">\n        <div class=\"card\">\n            <div class=\"card-header parents\" id=\"heading_casos-de-excepcio-n-69eeee772d89c-2024-69eeee772d89c-enero-69eeee772d89c-proveedor-nico-69eeee772d89c\">\n                <p class=\"title text-blue mb-0\">\n                    <a class=\"btn-block hover text-left collapsed\" data-toggle=\"collapse\" data-target=\"#collap_casos-de-excepcio-n-69eeee772d89c-2024-69eeee772d89c-enero-69eeee772d89c-proveedor-nico-69eeee772d89c\" aria-expanded=\"false\" aria-controls=\"collap_casos-de-excepcio-n-69eeee772d89c-2024-69eeee772d89c-enero-69eeee772d89c-proveedor-nico-69eeee772d89c\">Proveedor \u00fanico<\/a>\n                <\/p>\n            <\/div>\n            <div id=\"collap_casos-de-excepcio-n-69eeee772d89c-2024-69eeee772d89c-enero-69eeee772d89c-proveedor-nico-69eeee772d89c\" class=\"collapse\" aria-labelledby=\"heading_casos-de-excepcio-n-69eeee772d89c-2024-69eeee772d89c-enero-69eeee772d89c-proveedor-nico-69eeee772d89c\" data-parent=\"#collap_casos-de-excepcio-n-69eeee772d89c-2024-69eeee772d89c-enero-69eeee772d89c\">\n                <div class=\"card-body\"><div class=\"jumbotron archivos\"><div class=\"row align-items-center\"><div class=\"col\"><h6><a class=\"text-dark\" href=\"https:\/\/comunidad.comprasdominicana.gob.do\/\/Public\/Tendering\/OpportunityDetail\/Index?noticeUID=DO1.NTC.1356024\" title=\"Ver\" target=\"_blank\">APORDOM-CCC-PEPU-2024-0001<\/a><\/h6><p class=\"mb-0 bold\">Servicio de Mantenimiento Correctivo, Preventivo y General para Veh\u00edculos de esta APORDOM.<\/p><p class=\"mb-0\" style=\"font-size: .85rem\"><strong title=\"Estado del Proceso\"><i class=\"fas fa-spinner\"><\/i><\/strong> Proceso adjudicado y celebrado<\/p><p class=\"mb-0\" style=\"font-size: .85rem\"><strong title=\"Fecha de Publicaci\u00f3n\"><i class=\"fas fa-calendar-alt\"><\/i><\/strong> Publicado el mi\u00e9rcoles, 31 de enero de 2024<\/p><\/div><div class=\"col-auto mt-md-0 mt-2\"><a class=\"btn btn-primary btn-lg px-lg-4 d-none d-md-block\" href=\"https:\/\/comunidad.comprasdominicana.gob.do\/\/Public\/Tendering\/OpportunityDetail\/Index?noticeUID=DO1.NTC.1356024\" target=\"_blank\" title=\"Detalles\"><i class=\"fas fa-link\"><\/i> DETALLES<\/a><a class=\"btn btn-primary btn-lg px-lg-4 d-block d-md-none\" href=\"https:\/\/comunidad.comprasdominicana.gob.do\/\/Public\/Tendering\/OpportunityDetail\/Index?noticeUID=DO1.NTC.1356024\" target=\"_blank\" title=\"Detalles\"><i class=\"fas fa-2x fa-link\"><\/i><\/a><\/div><\/div><\/div><\/div><\/div><\/div><\/div><\/div><\/div><\/div><\/div><\/div>\n        <div class=\"card\">\n            <div class=\"card-header parents\" id=\"heading_casos-de-excepcio-n-69eeee772d89c-2023-69eeee772d89c\">\n                <p class=\"title text-blue mb-0\">\n                    <a class=\"btn-block hover text-left collapsed\" data-toggle=\"collapse\" data-target=\"#collap_casos-de-excepcio-n-69eeee772d89c-2023-69eeee772d89c\" aria-expanded=\"false\" aria-controls=\"collap_casos-de-excepcio-n-69eeee772d89c-2023-69eeee772d89c\">2023<\/a>\n                <\/p>\n            <\/div>\n            <div id=\"collap_casos-de-excepcio-n-69eeee772d89c-2023-69eeee772d89c\" class=\"collapse\" aria-labelledby=\"heading_casos-de-excepcio-n-69eeee772d89c-2023-69eeee772d89c\" data-parent=\"#collap_casos-de-excepcio-n-69eeee772d89c\">\n                <div class=\"card-body\">\n        <div class=\"card\">\n            <div class=\"card-header parents\" id=\"heading_casos-de-excepcio-n-69eeee772d89c-2023-69eeee772d89c-diciembre-69eeee772d89c\">\n                <p class=\"title text-blue mb-0\">\n                    <a class=\"btn-block hover text-left collapsed\" data-toggle=\"collapse\" data-target=\"#collap_casos-de-excepcio-n-69eeee772d89c-2023-69eeee772d89c-diciembre-69eeee772d89c\" aria-expanded=\"false\" aria-controls=\"collap_casos-de-excepcio-n-69eeee772d89c-2023-69eeee772d89c-diciembre-69eeee772d89c\">Diciembre<\/a>\n                <\/p>\n            <\/div>\n            <div id=\"collap_casos-de-excepcio-n-69eeee772d89c-2023-69eeee772d89c-diciembre-69eeee772d89c\" class=\"collapse\" aria-labelledby=\"heading_casos-de-excepcio-n-69eeee772d89c-2023-69eeee772d89c-diciembre-69eeee772d89c\" data-parent=\"#collap_casos-de-excepcio-n-69eeee772d89c-2023-69eeee772d89c\">\n                <div class=\"card-body\">\n        <div class=\"card\">\n            <div class=\"card-header parents\" id=\"heading_casos-de-excepcio-n-69eeee772d89c-2023-69eeee772d89c-diciembre-69eeee772d89c-publicidad-69eeee772d89c\">\n                <p class=\"title text-blue mb-0\">\n                    <a class=\"btn-block hover text-left collapsed\" data-toggle=\"collapse\" data-target=\"#collap_casos-de-excepcio-n-69eeee772d89c-2023-69eeee772d89c-diciembre-69eeee772d89c-publicidad-69eeee772d89c\" aria-expanded=\"false\" aria-controls=\"collap_casos-de-excepcio-n-69eeee772d89c-2023-69eeee772d89c-diciembre-69eeee772d89c-publicidad-69eeee772d89c\">Publicidad<\/a>\n                <\/p>\n            <\/div>\n            <div id=\"collap_casos-de-excepcio-n-69eeee772d89c-2023-69eeee772d89c-diciembre-69eeee772d89c-publicidad-69eeee772d89c\" class=\"collapse\" aria-labelledby=\"heading_casos-de-excepcio-n-69eeee772d89c-2023-69eeee772d89c-diciembre-69eeee772d89c-publicidad-69eeee772d89c\" data-parent=\"#collap_casos-de-excepcio-n-69eeee772d89c-2023-69eeee772d89c-diciembre-69eeee772d89c\">\n                <div class=\"card-body\"><div class=\"jumbotron archivos\"><div class=\"row align-items-center\"><div class=\"col\"><h6><a class=\"text-dark\" href=\"https:\/\/comunidad.comprasdominicana.gob.do\/\/Public\/Tendering\/OpportunityDetail\/Index?noticeUID=DO1.NTC.1334966\" title=\"Ver\" target=\"_blank\">APORDOM-CCC-PEPB-2023-0013<\/a><\/h6><p class=\"mb-0 bold\">Contrataci\u00f3n de Publicidad en diferentes Medios para esta APORDOM.<\/p><p class=\"mb-0\" style=\"font-size: .85rem\"><strong title=\"Estado del Proceso\"><i class=\"fas fa-spinner\"><\/i><\/strong> Proceso adjudicado y celebrado<\/p><p class=\"mb-0\" style=\"font-size: .85rem\"><strong title=\"Fecha de Publicaci\u00f3n\"><i class=\"fas fa-calendar-alt\"><\/i><\/strong> Publicado el jueves, 14 de diciembre de 2023<\/p><\/div><div class=\"col-auto mt-md-0 mt-2\"><a class=\"btn btn-primary btn-lg px-lg-4 d-none d-md-block\" href=\"https:\/\/comunidad.comprasdominicana.gob.do\/\/Public\/Tendering\/OpportunityDetail\/Index?noticeUID=DO1.NTC.1334966\" target=\"_blank\" title=\"Detalles\"><i class=\"fas fa-link\"><\/i> DETALLES<\/a><a class=\"btn btn-primary btn-lg px-lg-4 d-block d-md-none\" href=\"https:\/\/comunidad.comprasdominicana.gob.do\/\/Public\/Tendering\/OpportunityDetail\/Index?noticeUID=DO1.NTC.1334966\" target=\"_blank\" title=\"Detalles\"><i class=\"fas fa-2x fa-link\"><\/i><\/a><\/div><\/div><\/div><div class=\"jumbotron archivos\"><div class=\"row align-items-center\"><div class=\"col\"><h6><a class=\"text-dark\" href=\"https:\/\/comunidad.comprasdominicana.gob.do\/\/Public\/Tendering\/OpportunityDetail\/Index?noticeUID=DO1.NTC.1332246\" title=\"Ver\" target=\"_blank\">APORDOM-CCC-PEPB-2023-0012<\/a><\/h6><p class=\"mb-0 bold\">Servicio de Transmisi\u00f3n en Vivo para Inauguraciones de Muelle Mar\u00edtimo en la localidad San Crist\u00f3bal y Puertos en San Pedro de Macor\u00eds y Pedernales<\/p><p class=\"mb-0\" style=\"font-size: .85rem\"><strong title=\"Estado del Proceso\"><i class=\"fas fa-spinner\"><\/i><\/strong> Proceso adjudicado y celebrado<\/p><p class=\"mb-0\" style=\"font-size: .85rem\"><strong title=\"Fecha de Publicaci\u00f3n\"><i class=\"fas fa-calendar-alt\"><\/i><\/strong> Publicado el jueves, 7 de diciembre de 2023<\/p><\/div><div class=\"col-auto mt-md-0 mt-2\"><a class=\"btn btn-primary btn-lg px-lg-4 d-none d-md-block\" href=\"https:\/\/comunidad.comprasdominicana.gob.do\/\/Public\/Tendering\/OpportunityDetail\/Index?noticeUID=DO1.NTC.1332246\" target=\"_blank\" title=\"Detalles\"><i class=\"fas fa-link\"><\/i> DETALLES<\/a><a class=\"btn btn-primary btn-lg px-lg-4 d-block d-md-none\" href=\"https:\/\/comunidad.comprasdominicana.gob.do\/\/Public\/Tendering\/OpportunityDetail\/Index?noticeUID=DO1.NTC.1332246\" target=\"_blank\" title=\"Detalles\"><i class=\"fas fa-2x fa-link\"><\/i><\/a><\/div><\/div><\/div><\/div><\/div><\/div><\/div><\/div><\/div>\n        <div class=\"card\">\n            <div class=\"card-header parents\" id=\"heading_casos-de-excepcio-n-69eeee772d89c-2023-69eeee772d89c-octubre-69eeee772d89c\">\n                <p class=\"title text-blue mb-0\">\n                    <a class=\"btn-block hover text-left collapsed\" data-toggle=\"collapse\" data-target=\"#collap_casos-de-excepcio-n-69eeee772d89c-2023-69eeee772d89c-octubre-69eeee772d89c\" aria-expanded=\"false\" aria-controls=\"collap_casos-de-excepcio-n-69eeee772d89c-2023-69eeee772d89c-octubre-69eeee772d89c\">Octubre<\/a>\n                <\/p>\n            <\/div>\n            <div id=\"collap_casos-de-excepcio-n-69eeee772d89c-2023-69eeee772d89c-octubre-69eeee772d89c\" class=\"collapse\" aria-labelledby=\"heading_casos-de-excepcio-n-69eeee772d89c-2023-69eeee772d89c-octubre-69eeee772d89c\" data-parent=\"#collap_casos-de-excepcio-n-69eeee772d89c-2023-69eeee772d89c\">\n                <div class=\"card-body\">\n        <div class=\"card\">\n            <div class=\"card-header parents\" id=\"heading_casos-de-excepcio-n-69eeee772d89c-2023-69eeee772d89c-octubre-69eeee772d89c-obras-cient-ficas-t-cnicas-art-sticas-restauraci-n-de-monumentos-69eeee772d89c\">\n                <p class=\"title text-blue mb-0\">\n                    <a class=\"btn-block hover text-left collapsed\" data-toggle=\"collapse\" data-target=\"#collap_casos-de-excepcio-n-69eeee772d89c-2023-69eeee772d89c-octubre-69eeee772d89c-obras-cient-ficas-t-cnicas-art-sticas-restauraci-n-de-monumentos-69eeee772d89c\" aria-expanded=\"false\" aria-controls=\"collap_casos-de-excepcio-n-69eeee772d89c-2023-69eeee772d89c-octubre-69eeee772d89c-obras-cient-ficas-t-cnicas-art-sticas-restauraci-n-de-monumentos-69eeee772d89c\">Obras Cient\u00edficas, T\u00e9cnicas, Art\u00edsticas, Restauraci\u00f3n de monumentos<\/a>\n                <\/p>\n            <\/div>\n            <div id=\"collap_casos-de-excepcio-n-69eeee772d89c-2023-69eeee772d89c-octubre-69eeee772d89c-obras-cient-ficas-t-cnicas-art-sticas-restauraci-n-de-monumentos-69eeee772d89c\" class=\"collapse\" aria-labelledby=\"heading_casos-de-excepcio-n-69eeee772d89c-2023-69eeee772d89c-octubre-69eeee772d89c-obras-cient-ficas-t-cnicas-art-sticas-restauraci-n-de-monumentos-69eeee772d89c\" data-parent=\"#collap_casos-de-excepcio-n-69eeee772d89c-2023-69eeee772d89c-octubre-69eeee772d89c\">\n                <div class=\"card-body\"><div class=\"jumbotron archivos\"><div class=\"row align-items-center\"><div class=\"col\"><h6><a class=\"text-dark\" href=\"https:\/\/comunidad.comprasdominicana.gob.do\/\/Public\/Tendering\/OpportunityDetail\/Index?noticeUID=DO1.NTC.1314301\" title=\"Ver\" target=\"_blank\">APORDOM-CCC-PEOR-2023-0006<\/a><\/h6><p class=\"mb-0 bold\">Servicios Legales Especializados para Representaci\u00f3n de Autoridad Portuaria. <\/p><p class=\"mb-0\" style=\"font-size: .85rem\"><strong title=\"Estado del Proceso\"><i class=\"fas fa-spinner\"><\/i><\/strong> Proceso adjudicado y celebrado<\/p><p class=\"mb-0\" style=\"font-size: .85rem\"><strong title=\"Fecha de Publicaci\u00f3n\"><i class=\"fas fa-calendar-alt\"><\/i><\/strong> Publicado el viernes, 27 de octubre de 2023<\/p><\/div><div class=\"col-auto mt-md-0 mt-2\"><a class=\"btn btn-primary btn-lg px-lg-4 d-none d-md-block\" href=\"https:\/\/comunidad.comprasdominicana.gob.do\/\/Public\/Tendering\/OpportunityDetail\/Index?noticeUID=DO1.NTC.1314301\" target=\"_blank\" title=\"Detalles\"><i class=\"fas fa-link\"><\/i> DETALLES<\/a><a class=\"btn btn-primary btn-lg px-lg-4 d-block d-md-none\" href=\"https:\/\/comunidad.comprasdominicana.gob.do\/\/Public\/Tendering\/OpportunityDetail\/Index?noticeUID=DO1.NTC.1314301\" target=\"_blank\" title=\"Detalles\"><i class=\"fas fa-2x fa-link\"><\/i><\/a><\/div><\/div><\/div><\/div><\/div><\/div>\n        <div class=\"card\">\n            <div class=\"card-header parents\" id=\"heading_casos-de-excepcio-n-69eeee772d89c-2023-69eeee772d89c-octubre-69eeee772d89c-publicidad-69eeee772d89c\">\n                <p class=\"title text-blue mb-0\">\n                    <a class=\"btn-block hover text-left collapsed\" data-toggle=\"collapse\" data-target=\"#collap_casos-de-excepcio-n-69eeee772d89c-2023-69eeee772d89c-octubre-69eeee772d89c-publicidad-69eeee772d89c\" aria-expanded=\"false\" aria-controls=\"collap_casos-de-excepcio-n-69eeee772d89c-2023-69eeee772d89c-octubre-69eeee772d89c-publicidad-69eeee772d89c\">Publicidad<\/a>\n                <\/p>\n            <\/div>\n            <div id=\"collap_casos-de-excepcio-n-69eeee772d89c-2023-69eeee772d89c-octubre-69eeee772d89c-publicidad-69eeee772d89c\" class=\"collapse\" aria-labelledby=\"heading_casos-de-excepcio-n-69eeee772d89c-2023-69eeee772d89c-octubre-69eeee772d89c-publicidad-69eeee772d89c\" data-parent=\"#collap_casos-de-excepcio-n-69eeee772d89c-2023-69eeee772d89c-octubre-69eeee772d89c\">\n                <div class=\"card-body\"><div class=\"jumbotron archivos\"><div class=\"row align-items-center\"><div class=\"col\"><h6><a class=\"text-dark\" href=\"https:\/\/comunidad.comprasdominicana.gob.do\/\/Public\/Tendering\/OpportunityDetail\/Index?noticeUID=DO1.NTC.1313651\" title=\"Ver\" target=\"_blank\">APORDOM-CCC-PEPB-2023-0011<\/a><\/h6><p class=\"mb-0 bold\">Contrataci\u00f3n de Colocaci\u00f3n de Publicidad a trav\u00e9s de la Revista Mercado Media Network.<\/p><p class=\"mb-0\" style=\"font-size: .85rem\"><strong title=\"Estado del Proceso\"><i class=\"fas fa-spinner\"><\/i><\/strong> Proceso adjudicado y celebrado<\/p><p class=\"mb-0\" style=\"font-size: .85rem\"><strong title=\"Fecha de Publicaci\u00f3n\"><i class=\"fas fa-calendar-alt\"><\/i><\/strong> Publicado el jueves, 26 de octubre de 2023<\/p><\/div><div class=\"col-auto mt-md-0 mt-2\"><a class=\"btn btn-primary btn-lg px-lg-4 d-none d-md-block\" href=\"https:\/\/comunidad.comprasdominicana.gob.do\/\/Public\/Tendering\/OpportunityDetail\/Index?noticeUID=DO1.NTC.1313651\" target=\"_blank\" title=\"Detalles\"><i class=\"fas fa-link\"><\/i> DETALLES<\/a><a class=\"btn btn-primary btn-lg px-lg-4 d-block d-md-none\" href=\"https:\/\/comunidad.comprasdominicana.gob.do\/\/Public\/Tendering\/OpportunityDetail\/Index?noticeUID=DO1.NTC.1313651\" target=\"_blank\" title=\"Detalles\"><i class=\"fas fa-2x fa-link\"><\/i><\/a><\/div><\/div><\/div><div class=\"jumbotron archivos\"><div class=\"row align-items-center\"><div class=\"col\"><h6><a class=\"text-dark\" href=\"https:\/\/comunidad.comprasdominicana.gob.do\/\/Public\/Tendering\/OpportunityDetail\/Index?noticeUID=DO1.NTC.1302346\" title=\"Ver\" target=\"_blank\">APORDOM-CCC-PEPB-2023-0010<\/a><\/h6><p class=\"mb-0 bold\">Servicio de Transmisi\u00f3n en Vivo para Inauguraciones de Muelles en las localidades Cabeza de Toro y S\u00e1nchez.<\/p><p class=\"mb-0\" style=\"font-size: .85rem\"><strong title=\"Estado del Proceso\"><i class=\"fas fa-spinner\"><\/i><\/strong> Proceso adjudicado y celebrado<\/p><p class=\"mb-0\" style=\"font-size: .85rem\"><strong title=\"Fecha de Publicaci\u00f3n\"><i class=\"fas fa-calendar-alt\"><\/i><\/strong> Publicado el martes, 3 de octubre de 2023<\/p><\/div><div class=\"col-auto mt-md-0 mt-2\"><a class=\"btn btn-primary btn-lg px-lg-4 d-none d-md-block\" href=\"https:\/\/comunidad.comprasdominicana.gob.do\/\/Public\/Tendering\/OpportunityDetail\/Index?noticeUID=DO1.NTC.1302346\" target=\"_blank\" title=\"Detalles\"><i class=\"fas fa-link\"><\/i> DETALLES<\/a><a class=\"btn btn-primary btn-lg px-lg-4 d-block d-md-none\" href=\"https:\/\/comunidad.comprasdominicana.gob.do\/\/Public\/Tendering\/OpportunityDetail\/Index?noticeUID=DO1.NTC.1302346\" target=\"_blank\" title=\"Detalles\"><i class=\"fas fa-2x fa-link\"><\/i><\/a><\/div><\/div><\/div><\/div><\/div><\/div><\/div><\/div><\/div>\n        <div class=\"card\">\n            <div class=\"card-header parents\" id=\"heading_casos-de-excepcio-n-69eeee772d89c-2023-69eeee772d89c-septiembre-69eeee772d89c\">\n                <p class=\"title text-blue mb-0\">\n                    <a class=\"btn-block hover text-left collapsed\" data-toggle=\"collapse\" data-target=\"#collap_casos-de-excepcio-n-69eeee772d89c-2023-69eeee772d89c-septiembre-69eeee772d89c\" aria-expanded=\"false\" aria-controls=\"collap_casos-de-excepcio-n-69eeee772d89c-2023-69eeee772d89c-septiembre-69eeee772d89c\">Septiembre<\/a>\n                <\/p>\n            <\/div>\n            <div id=\"collap_casos-de-excepcio-n-69eeee772d89c-2023-69eeee772d89c-septiembre-69eeee772d89c\" class=\"collapse\" aria-labelledby=\"heading_casos-de-excepcio-n-69eeee772d89c-2023-69eeee772d89c-septiembre-69eeee772d89c\" data-parent=\"#collap_casos-de-excepcio-n-69eeee772d89c-2023-69eeee772d89c\">\n                <div class=\"card-body\">\n        <div class=\"card\">\n            <div class=\"card-header parents\" id=\"heading_casos-de-excepcio-n-69eeee772d89c-2023-69eeee772d89c-septiembre-69eeee772d89c-obras-cient-ficas-t-cnicas-art-sticas-restauraci-n-de-monumentos-69eeee772d89c\">\n                <p class=\"title text-blue mb-0\">\n                    <a class=\"btn-block hover text-left collapsed\" data-toggle=\"collapse\" data-target=\"#collap_casos-de-excepcio-n-69eeee772d89c-2023-69eeee772d89c-septiembre-69eeee772d89c-obras-cient-ficas-t-cnicas-art-sticas-restauraci-n-de-monumentos-69eeee772d89c\" aria-expanded=\"false\" aria-controls=\"collap_casos-de-excepcio-n-69eeee772d89c-2023-69eeee772d89c-septiembre-69eeee772d89c-obras-cient-ficas-t-cnicas-art-sticas-restauraci-n-de-monumentos-69eeee772d89c\">Obras Cient\u00edficas, T\u00e9cnicas, Art\u00edsticas, Restauraci\u00f3n de monumentos<\/a>\n                <\/p>\n            <\/div>\n            <div id=\"collap_casos-de-excepcio-n-69eeee772d89c-2023-69eeee772d89c-septiembre-69eeee772d89c-obras-cient-ficas-t-cnicas-art-sticas-restauraci-n-de-monumentos-69eeee772d89c\" class=\"collapse\" aria-labelledby=\"heading_casos-de-excepcio-n-69eeee772d89c-2023-69eeee772d89c-septiembre-69eeee772d89c-obras-cient-ficas-t-cnicas-art-sticas-restauraci-n-de-monumentos-69eeee772d89c\" data-parent=\"#collap_casos-de-excepcio-n-69eeee772d89c-2023-69eeee772d89c-septiembre-69eeee772d89c\">\n                <div class=\"card-body\"><div class=\"jumbotron archivos\"><div class=\"row align-items-center\"><div class=\"col\"><h6><a class=\"text-dark\" href=\"https:\/\/comunidad.comprasdominicana.gob.do\/\/Public\/Tendering\/OpportunityDetail\/Index?noticeUID=DO1.NTC.1294435\" title=\"Ver\" target=\"_blank\">APORDOM-CCC-PEOR-2023-0005<\/a><\/h6><p class=\"mb-0 bold\">Asesor\u00eda T\u00e9cnica en Comunicaci\u00f3n Estrat\u00e9gica, por 12 meses.<\/p><p class=\"mb-0\" style=\"font-size: .85rem\"><strong title=\"Estado del Proceso\"><i class=\"fas fa-spinner\"><\/i><\/strong> Proceso adjudicado y celebrado<\/p><p class=\"mb-0\" style=\"font-size: .85rem\"><strong title=\"Fecha de Publicaci\u00f3n\"><i class=\"fas fa-calendar-alt\"><\/i><\/strong> Publicado el mi\u00e9rcoles, 13 de septiembre de 2023<\/p><\/div><div class=\"col-auto mt-md-0 mt-2\"><a class=\"btn btn-primary btn-lg px-lg-4 d-none d-md-block\" href=\"https:\/\/comunidad.comprasdominicana.gob.do\/\/Public\/Tendering\/OpportunityDetail\/Index?noticeUID=DO1.NTC.1294435\" target=\"_blank\" title=\"Detalles\"><i class=\"fas fa-link\"><\/i> DETALLES<\/a><a class=\"btn btn-primary btn-lg px-lg-4 d-block d-md-none\" href=\"https:\/\/comunidad.comprasdominicana.gob.do\/\/Public\/Tendering\/OpportunityDetail\/Index?noticeUID=DO1.NTC.1294435\" target=\"_blank\" title=\"Detalles\"><i class=\"fas fa-2x fa-link\"><\/i><\/a><\/div><\/div><\/div><div class=\"jumbotron archivos\"><div class=\"row align-items-center\"><div class=\"col\"><h6><a class=\"text-dark\" href=\"https:\/\/comunidad.comprasdominicana.gob.do\/\/Public\/Tendering\/OpportunityDetail\/Index?noticeUID=DO1.NTC.1294026\" title=\"Ver\" target=\"_blank\">APORDOM-CCC-PEOR-2023-0004<\/a><\/h6><p class=\"mb-0 bold\">Asesor\u00eda  T\u00e9cnica en Comunicaci\u00f3n Corporativa  360.<\/p><p class=\"mb-0\" style=\"font-size: .85rem\"><strong title=\"Estado del Proceso\"><i class=\"fas fa-spinner\"><\/i><\/strong> Proceso adjudicado y celebrado<\/p><p class=\"mb-0\" style=\"font-size: .85rem\"><strong title=\"Fecha de Publicaci\u00f3n\"><i class=\"fas fa-calendar-alt\"><\/i><\/strong> Publicado el mi\u00e9rcoles, 13 de septiembre de 2023<\/p><\/div><div class=\"col-auto mt-md-0 mt-2\"><a class=\"btn btn-primary btn-lg px-lg-4 d-none d-md-block\" href=\"https:\/\/comunidad.comprasdominicana.gob.do\/\/Public\/Tendering\/OpportunityDetail\/Index?noticeUID=DO1.NTC.1294026\" target=\"_blank\" title=\"Detalles\"><i class=\"fas fa-link\"><\/i> DETALLES<\/a><a class=\"btn btn-primary btn-lg px-lg-4 d-block d-md-none\" href=\"https:\/\/comunidad.comprasdominicana.gob.do\/\/Public\/Tendering\/OpportunityDetail\/Index?noticeUID=DO1.NTC.1294026\" target=\"_blank\" title=\"Detalles\"><i class=\"fas fa-2x fa-link\"><\/i><\/a><\/div><\/div><\/div><\/div><\/div><\/div>\n        <div class=\"card\">\n            <div class=\"card-header parents\" id=\"heading_casos-de-excepcio-n-69eeee772d89c-2023-69eeee772d89c-septiembre-69eeee772d89c-publicidad-69eeee772d89c\">\n                <p class=\"title text-blue mb-0\">\n                    <a class=\"btn-block hover text-left collapsed\" data-toggle=\"collapse\" data-target=\"#collap_casos-de-excepcio-n-69eeee772d89c-2023-69eeee772d89c-septiembre-69eeee772d89c-publicidad-69eeee772d89c\" aria-expanded=\"false\" aria-controls=\"collap_casos-de-excepcio-n-69eeee772d89c-2023-69eeee772d89c-septiembre-69eeee772d89c-publicidad-69eeee772d89c\">Publicidad<\/a>\n                <\/p>\n            <\/div>\n            <div id=\"collap_casos-de-excepcio-n-69eeee772d89c-2023-69eeee772d89c-septiembre-69eeee772d89c-publicidad-69eeee772d89c\" class=\"collapse\" aria-labelledby=\"heading_casos-de-excepcio-n-69eeee772d89c-2023-69eeee772d89c-septiembre-69eeee772d89c-publicidad-69eeee772d89c\" data-parent=\"#collap_casos-de-excepcio-n-69eeee772d89c-2023-69eeee772d89c-septiembre-69eeee772d89c\">\n                <div class=\"card-body\"><div class=\"jumbotron archivos\"><div class=\"row align-items-center\"><div class=\"col\"><h6><a class=\"text-dark\" href=\"https:\/\/comunidad.comprasdominicana.gob.do\/\/Public\/Tendering\/OpportunityDetail\/Index?noticeUID=DO1.NTC.1294506\" title=\"Ver\" target=\"_blank\">APORDOM-CCC-PEPB-2023-0009<\/a><\/h6><p class=\"mb-0 bold\">Servicio de Publicaci\u00f3n en Peri\u00f3dicos de Circulaci\u00f3n Nacional por dos (2) d\u00edas consecutivos para Licitaciones P\u00fablicas Nacionales..<\/p><p class=\"mb-0\" style=\"font-size: .85rem\"><strong title=\"Estado del Proceso\"><i class=\"fas fa-spinner\"><\/i><\/strong> Proceso adjudicado y celebrado<\/p><p class=\"mb-0\" style=\"font-size: .85rem\"><strong title=\"Fecha de Publicaci\u00f3n\"><i class=\"fas fa-calendar-alt\"><\/i><\/strong> Publicado el jueves, 14 de septiembre de 2023<\/p><\/div><div class=\"col-auto mt-md-0 mt-2\"><a class=\"btn btn-primary btn-lg px-lg-4 d-none d-md-block\" href=\"https:\/\/comunidad.comprasdominicana.gob.do\/\/Public\/Tendering\/OpportunityDetail\/Index?noticeUID=DO1.NTC.1294506\" target=\"_blank\" title=\"Detalles\"><i class=\"fas fa-link\"><\/i> DETALLES<\/a><a class=\"btn btn-primary btn-lg px-lg-4 d-block d-md-none\" href=\"https:\/\/comunidad.comprasdominicana.gob.do\/\/Public\/Tendering\/OpportunityDetail\/Index?noticeUID=DO1.NTC.1294506\" target=\"_blank\" title=\"Detalles\"><i class=\"fas fa-2x fa-link\"><\/i><\/a><\/div><\/div><\/div><\/div><\/div><\/div><\/div><\/div><\/div>\n        <div class=\"card\">\n            <div class=\"card-header parents\" id=\"heading_casos-de-excepcio-n-69eeee772d89c-2023-69eeee772d89c-agosto-69eeee772d89c\">\n                <p class=\"title text-blue mb-0\">\n                    <a class=\"btn-block hover text-left collapsed\" data-toggle=\"collapse\" data-target=\"#collap_casos-de-excepcio-n-69eeee772d89c-2023-69eeee772d89c-agosto-69eeee772d89c\" aria-expanded=\"false\" aria-controls=\"collap_casos-de-excepcio-n-69eeee772d89c-2023-69eeee772d89c-agosto-69eeee772d89c\">Agosto<\/a>\n                <\/p>\n            <\/div>\n            <div id=\"collap_casos-de-excepcio-n-69eeee772d89c-2023-69eeee772d89c-agosto-69eeee772d89c\" class=\"collapse\" aria-labelledby=\"heading_casos-de-excepcio-n-69eeee772d89c-2023-69eeee772d89c-agosto-69eeee772d89c\" data-parent=\"#collap_casos-de-excepcio-n-69eeee772d89c-2023-69eeee772d89c\">\n                <div class=\"card-body\">\n        <div class=\"card\">\n            <div class=\"card-header parents\" id=\"heading_casos-de-excepcio-n-69eeee772d89c-2023-69eeee772d89c-agosto-69eeee772d89c-publicidad-69eeee772d89c\">\n                <p class=\"title text-blue mb-0\">\n                    <a class=\"btn-block hover text-left collapsed\" data-toggle=\"collapse\" data-target=\"#collap_casos-de-excepcio-n-69eeee772d89c-2023-69eeee772d89c-agosto-69eeee772d89c-publicidad-69eeee772d89c\" aria-expanded=\"false\" aria-controls=\"collap_casos-de-excepcio-n-69eeee772d89c-2023-69eeee772d89c-agosto-69eeee772d89c-publicidad-69eeee772d89c\">Publicidad<\/a>\n                <\/p>\n            <\/div>\n            <div id=\"collap_casos-de-excepcio-n-69eeee772d89c-2023-69eeee772d89c-agosto-69eeee772d89c-publicidad-69eeee772d89c\" class=\"collapse\" aria-labelledby=\"heading_casos-de-excepcio-n-69eeee772d89c-2023-69eeee772d89c-agosto-69eeee772d89c-publicidad-69eeee772d89c\" data-parent=\"#collap_casos-de-excepcio-n-69eeee772d89c-2023-69eeee772d89c-agosto-69eeee772d89c\">\n                <div class=\"card-body\"><div class=\"jumbotron archivos\"><div class=\"row align-items-center\"><div class=\"col\"><h6><a class=\"text-dark\" href=\"https:\/\/comunidad.comprasdominicana.gob.do\/\/Public\/Tendering\/OpportunityDetail\/Index?noticeUID=DO1.NTC.1281237\" title=\"Ver\" target=\"_blank\">APORDOM-CCC-PEPB-2023-0007<\/a><\/h6><p class=\"mb-0 bold\">CONTRATACI\u00d3N DE COLOCACI\u00d3N DE PUBLICIDAD EN LAS PLATAFORMAS DIGITALES DEL GRUPO MEDIANET<\/p><p class=\"mb-0\" style=\"font-size: .85rem\"><strong title=\"Estado del Proceso\"><i class=\"fas fa-spinner\"><\/i><\/strong> Cancelado<\/p><p class=\"mb-0\" style=\"font-size: .85rem\"><strong title=\"Fecha de Publicaci\u00f3n\"><i class=\"fas fa-calendar-alt\"><\/i><\/strong> Publicado el viernes, 11 de agosto de 2023<\/p><\/div><div class=\"col-auto mt-md-0 mt-2\"><a class=\"btn btn-primary btn-lg px-lg-4 d-none d-md-block\" href=\"https:\/\/comunidad.comprasdominicana.gob.do\/\/Public\/Tendering\/OpportunityDetail\/Index?noticeUID=DO1.NTC.1281237\" target=\"_blank\" title=\"Detalles\"><i class=\"fas fa-link\"><\/i> DETALLES<\/a><a class=\"btn btn-primary btn-lg px-lg-4 d-block d-md-none\" href=\"https:\/\/comunidad.comprasdominicana.gob.do\/\/Public\/Tendering\/OpportunityDetail\/Index?noticeUID=DO1.NTC.1281237\" target=\"_blank\" title=\"Detalles\"><i class=\"fas fa-2x fa-link\"><\/i><\/a><\/div><\/div><\/div><div class=\"jumbotron archivos\"><div class=\"row align-items-center\"><div class=\"col\"><h6><a class=\"text-dark\" href=\"https:\/\/comunidad.comprasdominicana.gob.do\/\/Public\/Tendering\/OpportunityDetail\/Index?noticeUID=DO1.NTC.1281214\" title=\"Ver\" target=\"_blank\">APORDOM-CCC-PEPB-2023-0008<\/a><\/h6><p class=\"mb-0 bold\">CONTRATACI\u00d3N DE COLOCACI\u00d3N DE PUBLICIDAD A TRAV\u00c9S DEL PERI\u00d3DICO DIGITAL EL QUINTO ELEMENTO TV<\/p><p class=\"mb-0\" style=\"font-size: .85rem\"><strong title=\"Estado del Proceso\"><i class=\"fas fa-spinner\"><\/i><\/strong> Proceso adjudicado y celebrado<\/p><p class=\"mb-0\" style=\"font-size: .85rem\"><strong title=\"Fecha de Publicaci\u00f3n\"><i class=\"fas fa-calendar-alt\"><\/i><\/strong> Publicado el viernes, 11 de agosto de 2023<\/p><\/div><div class=\"col-auto mt-md-0 mt-2\"><a class=\"btn btn-primary btn-lg px-lg-4 d-none d-md-block\" href=\"https:\/\/comunidad.comprasdominicana.gob.do\/\/Public\/Tendering\/OpportunityDetail\/Index?noticeUID=DO1.NTC.1281214\" target=\"_blank\" title=\"Detalles\"><i class=\"fas fa-link\"><\/i> DETALLES<\/a><a class=\"btn btn-primary btn-lg px-lg-4 d-block d-md-none\" href=\"https:\/\/comunidad.comprasdominicana.gob.do\/\/Public\/Tendering\/OpportunityDetail\/Index?noticeUID=DO1.NTC.1281214\" target=\"_blank\" title=\"Detalles\"><i class=\"fas fa-2x fa-link\"><\/i><\/a><\/div><\/div><\/div><\/div><\/div><\/div><\/div><\/div><\/div>\n        <div class=\"card\">\n            <div class=\"card-header parents\" id=\"heading_casos-de-excepcio-n-69eeee772d89c-2023-69eeee772d89c-mayo-69eeee772d89c\">\n                <p class=\"title text-blue mb-0\">\n                    <a class=\"btn-block hover text-left collapsed\" data-toggle=\"collapse\" data-target=\"#collap_casos-de-excepcio-n-69eeee772d89c-2023-69eeee772d89c-mayo-69eeee772d89c\" aria-expanded=\"false\" aria-controls=\"collap_casos-de-excepcio-n-69eeee772d89c-2023-69eeee772d89c-mayo-69eeee772d89c\">Mayo<\/a>\n                <\/p>\n            <\/div>\n            <div id=\"collap_casos-de-excepcio-n-69eeee772d89c-2023-69eeee772d89c-mayo-69eeee772d89c\" class=\"collapse\" aria-labelledby=\"heading_casos-de-excepcio-n-69eeee772d89c-2023-69eeee772d89c-mayo-69eeee772d89c\" data-parent=\"#collap_casos-de-excepcio-n-69eeee772d89c-2023-69eeee772d89c\">\n                <div class=\"card-body\">\n        <div class=\"card\">\n            <div class=\"card-header parents\" id=\"heading_casos-de-excepcio-n-69eeee772d89c-2023-69eeee772d89c-mayo-69eeee772d89c-publicidad-69eeee772d89c\">\n                <p class=\"title text-blue mb-0\">\n                    <a class=\"btn-block hover text-left collapsed\" data-toggle=\"collapse\" data-target=\"#collap_casos-de-excepcio-n-69eeee772d89c-2023-69eeee772d89c-mayo-69eeee772d89c-publicidad-69eeee772d89c\" aria-expanded=\"false\" aria-controls=\"collap_casos-de-excepcio-n-69eeee772d89c-2023-69eeee772d89c-mayo-69eeee772d89c-publicidad-69eeee772d89c\">Publicidad<\/a>\n                <\/p>\n            <\/div>\n            <div id=\"collap_casos-de-excepcio-n-69eeee772d89c-2023-69eeee772d89c-mayo-69eeee772d89c-publicidad-69eeee772d89c\" class=\"collapse\" aria-labelledby=\"heading_casos-de-excepcio-n-69eeee772d89c-2023-69eeee772d89c-mayo-69eeee772d89c-publicidad-69eeee772d89c\" data-parent=\"#collap_casos-de-excepcio-n-69eeee772d89c-2023-69eeee772d89c-mayo-69eeee772d89c\">\n                <div class=\"card-body\"><div class=\"jumbotron archivos\"><div class=\"row align-items-center\"><div class=\"col\"><h6><a class=\"text-dark\" href=\"https:\/\/comunidad.comprasdominicana.gob.do\/\/Public\/Tendering\/OpportunityDetail\/Index?noticeUID=DO1.NTC.1242437\" title=\"Ver\" target=\"_blank\">APORDOM-CCC-PEPB-2023-0005<\/a><\/h6><p class=\"mb-0 bold\">PUBLICACI\u00d3N DE ANUNCIO EN PERI\u00d3DICOS DE AMPLIA CIRCULACI\u00d3N NACIONAL<\/p><p class=\"mb-0\" style=\"font-size: .85rem\"><strong title=\"Estado del Proceso\"><i class=\"fas fa-spinner\"><\/i><\/strong> Proceso adjudicado y celebrado<\/p><p class=\"mb-0\" style=\"font-size: .85rem\"><strong title=\"Fecha de Publicaci\u00f3n\"><i class=\"fas fa-calendar-alt\"><\/i><\/strong> Publicado el viernes, 19 de mayo de 2023<\/p><\/div><div class=\"col-auto mt-md-0 mt-2\"><a class=\"btn btn-primary btn-lg px-lg-4 d-none d-md-block\" href=\"https:\/\/comunidad.comprasdominicana.gob.do\/\/Public\/Tendering\/OpportunityDetail\/Index?noticeUID=DO1.NTC.1242437\" target=\"_blank\" title=\"Detalles\"><i class=\"fas fa-link\"><\/i> DETALLES<\/a><a class=\"btn btn-primary btn-lg px-lg-4 d-block d-md-none\" href=\"https:\/\/comunidad.comprasdominicana.gob.do\/\/Public\/Tendering\/OpportunityDetail\/Index?noticeUID=DO1.NTC.1242437\" target=\"_blank\" title=\"Detalles\"><i class=\"fas fa-2x fa-link\"><\/i><\/a><\/div><\/div><\/div><div class=\"jumbotron archivos\"><div class=\"row align-items-center\"><div class=\"col\"><h6><a class=\"text-dark\" href=\"https:\/\/comunidad.comprasdominicana.gob.do\/\/Public\/Tendering\/OpportunityDetail\/Index?noticeUID=DO1.NTC.1241443\" title=\"Ver\" target=\"_blank\">APORDOM-CCC-PEPB-2023-0006<\/a><\/h6><p class=\"mb-0 bold\">CONTRATACI\u00d3N DE COLOCACI\u00d3N DE PUBLICIDAD EN LA REVISTA MERCADO<\/p><p class=\"mb-0\" style=\"font-size: .85rem\"><strong title=\"Estado del Proceso\"><i class=\"fas fa-spinner\"><\/i><\/strong> Proceso adjudicado y celebrado<\/p><p class=\"mb-0\" style=\"font-size: .85rem\"><strong title=\"Fecha de Publicaci\u00f3n\"><i class=\"fas fa-calendar-alt\"><\/i><\/strong> Publicado el jueves, 18 de mayo de 2023<\/p><\/div><div class=\"col-auto mt-md-0 mt-2\"><a class=\"btn btn-primary btn-lg px-lg-4 d-none d-md-block\" href=\"https:\/\/comunidad.comprasdominicana.gob.do\/\/Public\/Tendering\/OpportunityDetail\/Index?noticeUID=DO1.NTC.1241443\" target=\"_blank\" title=\"Detalles\"><i class=\"fas fa-link\"><\/i> DETALLES<\/a><a class=\"btn btn-primary btn-lg px-lg-4 d-block d-md-none\" href=\"https:\/\/comunidad.comprasdominicana.gob.do\/\/Public\/Tendering\/OpportunityDetail\/Index?noticeUID=DO1.NTC.1241443\" target=\"_blank\" title=\"Detalles\"><i class=\"fas fa-2x fa-link\"><\/i><\/a><\/div><\/div><\/div><\/div><\/div><\/div><\/div><\/div><\/div>\n        <div class=\"card\">\n            <div class=\"card-header parents\" id=\"heading_casos-de-excepcio-n-69eeee772d89c-2023-69eeee772d89c-abril-69eeee772d89c\">\n                <p class=\"title text-blue mb-0\">\n                    <a class=\"btn-block hover text-left collapsed\" data-toggle=\"collapse\" data-target=\"#collap_casos-de-excepcio-n-69eeee772d89c-2023-69eeee772d89c-abril-69eeee772d89c\" aria-expanded=\"false\" aria-controls=\"collap_casos-de-excepcio-n-69eeee772d89c-2023-69eeee772d89c-abril-69eeee772d89c\">Abril<\/a>\n                <\/p>\n            <\/div>\n            <div id=\"collap_casos-de-excepcio-n-69eeee772d89c-2023-69eeee772d89c-abril-69eeee772d89c\" class=\"collapse\" aria-labelledby=\"heading_casos-de-excepcio-n-69eeee772d89c-2023-69eeee772d89c-abril-69eeee772d89c\" data-parent=\"#collap_casos-de-excepcio-n-69eeee772d89c-2023-69eeee772d89c\">\n                <div class=\"card-body\">\n        <div class=\"card\">\n            <div class=\"card-header parents\" id=\"heading_casos-de-excepcio-n-69eeee772d89c-2023-69eeee772d89c-abril-69eeee772d89c-obras-cient-ficas-t-cnicas-art-sticas-restauraci-n-de-monumentos-69eeee772d89c\">\n                <p class=\"title text-blue mb-0\">\n                    <a class=\"btn-block hover text-left collapsed\" data-toggle=\"collapse\" data-target=\"#collap_casos-de-excepcio-n-69eeee772d89c-2023-69eeee772d89c-abril-69eeee772d89c-obras-cient-ficas-t-cnicas-art-sticas-restauraci-n-de-monumentos-69eeee772d89c\" aria-expanded=\"false\" aria-controls=\"collap_casos-de-excepcio-n-69eeee772d89c-2023-69eeee772d89c-abril-69eeee772d89c-obras-cient-ficas-t-cnicas-art-sticas-restauraci-n-de-monumentos-69eeee772d89c\">Obras Cient\u00edficas, T\u00e9cnicas, Art\u00edsticas, Restauraci\u00f3n de monumentos<\/a>\n                <\/p>\n            <\/div>\n            <div id=\"collap_casos-de-excepcio-n-69eeee772d89c-2023-69eeee772d89c-abril-69eeee772d89c-obras-cient-ficas-t-cnicas-art-sticas-restauraci-n-de-monumentos-69eeee772d89c\" class=\"collapse\" aria-labelledby=\"heading_casos-de-excepcio-n-69eeee772d89c-2023-69eeee772d89c-abril-69eeee772d89c-obras-cient-ficas-t-cnicas-art-sticas-restauraci-n-de-monumentos-69eeee772d89c\" data-parent=\"#collap_casos-de-excepcio-n-69eeee772d89c-2023-69eeee772d89c-abril-69eeee772d89c\">\n                <div class=\"card-body\"><div class=\"jumbotron archivos\"><div class=\"row align-items-center\"><div class=\"col\"><h6><a class=\"text-dark\" href=\"https:\/\/comunidad.comprasdominicana.gob.do\/\/Public\/Tendering\/OpportunityDetail\/Index?noticeUID=DO1.NTC.1230508\" title=\"Ver\" target=\"_blank\">APORDOM-CCC-PEOR-2023-0002<\/a><\/h6><p class=\"mb-0 bold\">ASESORIA TECNICA PARA GESTION DE CALIDAD, POR UN PERIODO DE 12 MESES <\/p><p class=\"mb-0\" style=\"font-size: .85rem\"><strong title=\"Estado del Proceso\"><i class=\"fas fa-spinner\"><\/i><\/strong> Proceso adjudicado y celebrado<\/p><p class=\"mb-0\" style=\"font-size: .85rem\"><strong title=\"Fecha de Publicaci\u00f3n\"><i class=\"fas fa-calendar-alt\"><\/i><\/strong> Publicado el viernes, 21 de abril de 2023<\/p><\/div><div class=\"col-auto mt-md-0 mt-2\"><a class=\"btn btn-primary btn-lg px-lg-4 d-none d-md-block\" href=\"https:\/\/comunidad.comprasdominicana.gob.do\/\/Public\/Tendering\/OpportunityDetail\/Index?noticeUID=DO1.NTC.1230508\" target=\"_blank\" title=\"Detalles\"><i class=\"fas fa-link\"><\/i> DETALLES<\/a><a class=\"btn btn-primary btn-lg px-lg-4 d-block d-md-none\" href=\"https:\/\/comunidad.comprasdominicana.gob.do\/\/Public\/Tendering\/OpportunityDetail\/Index?noticeUID=DO1.NTC.1230508\" target=\"_blank\" title=\"Detalles\"><i class=\"fas fa-2x fa-link\"><\/i><\/a><\/div><\/div><\/div><\/div><\/div><\/div><\/div><\/div><\/div>\n        <div class=\"card\">\n            <div class=\"card-header parents\" id=\"heading_casos-de-excepcio-n-69eeee772d89c-2023-69eeee772d89c-febrero-69eeee772d89c\">\n                <p class=\"title text-blue mb-0\">\n                    <a class=\"btn-block hover text-left collapsed\" data-toggle=\"collapse\" data-target=\"#collap_casos-de-excepcio-n-69eeee772d89c-2023-69eeee772d89c-febrero-69eeee772d89c\" aria-expanded=\"false\" aria-controls=\"collap_casos-de-excepcio-n-69eeee772d89c-2023-69eeee772d89c-febrero-69eeee772d89c\">Febrero<\/a>\n                <\/p>\n            <\/div>\n            <div id=\"collap_casos-de-excepcio-n-69eeee772d89c-2023-69eeee772d89c-febrero-69eeee772d89c\" class=\"collapse\" aria-labelledby=\"heading_casos-de-excepcio-n-69eeee772d89c-2023-69eeee772d89c-febrero-69eeee772d89c\" data-parent=\"#collap_casos-de-excepcio-n-69eeee772d89c-2023-69eeee772d89c\">\n                <div class=\"card-body\">\n        <div class=\"card\">\n            <div class=\"card-header parents\" id=\"heading_casos-de-excepcio-n-69eeee772d89c-2023-69eeee772d89c-febrero-69eeee772d89c-obras-cient-ficas-t-cnicas-art-sticas-restauraci-n-de-monumentos-69eeee772d89c\">\n                <p class=\"title text-blue mb-0\">\n                    <a class=\"btn-block hover text-left collapsed\" data-toggle=\"collapse\" data-target=\"#collap_casos-de-excepcio-n-69eeee772d89c-2023-69eeee772d89c-febrero-69eeee772d89c-obras-cient-ficas-t-cnicas-art-sticas-restauraci-n-de-monumentos-69eeee772d89c\" aria-expanded=\"false\" aria-controls=\"collap_casos-de-excepcio-n-69eeee772d89c-2023-69eeee772d89c-febrero-69eeee772d89c-obras-cient-ficas-t-cnicas-art-sticas-restauraci-n-de-monumentos-69eeee772d89c\">Obras Cient\u00edficas, T\u00e9cnicas, Art\u00edsticas, Restauraci\u00f3n de monumentos<\/a>\n                <\/p>\n            <\/div>\n            <div id=\"collap_casos-de-excepcio-n-69eeee772d89c-2023-69eeee772d89c-febrero-69eeee772d89c-obras-cient-ficas-t-cnicas-art-sticas-restauraci-n-de-monumentos-69eeee772d89c\" class=\"collapse\" aria-labelledby=\"heading_casos-de-excepcio-n-69eeee772d89c-2023-69eeee772d89c-febrero-69eeee772d89c-obras-cient-ficas-t-cnicas-art-sticas-restauraci-n-de-monumentos-69eeee772d89c\" data-parent=\"#collap_casos-de-excepcio-n-69eeee772d89c-2023-69eeee772d89c-febrero-69eeee772d89c\">\n                <div class=\"card-body\"><div class=\"jumbotron archivos\"><div class=\"row align-items-center\"><div class=\"col\"><h6><a class=\"text-dark\" href=\"https:\/\/comunidad.comprasdominicana.gob.do\/\/Public\/Tendering\/OpportunityDetail\/Index?noticeUID=DO1.NTC.1203030\" title=\"Ver\" target=\"_blank\">APORDOM-CCC-PEOR-2023-0001<\/a><\/h6><p class=\"mb-0 bold\">SESORIA TECNICA EN COMUNICACION, ANALISIS DE DATOS Y GESTION DE PLATAFORMAS DE COMUNICACION DIGITAL<\/p><p class=\"mb-0\" style=\"font-size: .85rem\"><strong title=\"Estado del Proceso\"><i class=\"fas fa-spinner\"><\/i><\/strong> Proceso adjudicado y celebrado<\/p><p class=\"mb-0\" style=\"font-size: .85rem\"><strong title=\"Fecha de Publicaci\u00f3n\"><i class=\"fas fa-calendar-alt\"><\/i><\/strong> Publicado el lunes, 20 de febrero de 2023<\/p><\/div><div class=\"col-auto mt-md-0 mt-2\"><a class=\"btn btn-primary btn-lg px-lg-4 d-none d-md-block\" href=\"https:\/\/comunidad.comprasdominicana.gob.do\/\/Public\/Tendering\/OpportunityDetail\/Index?noticeUID=DO1.NTC.1203030\" target=\"_blank\" title=\"Detalles\"><i class=\"fas fa-link\"><\/i> DETALLES<\/a><a class=\"btn btn-primary btn-lg px-lg-4 d-block d-md-none\" href=\"https:\/\/comunidad.comprasdominicana.gob.do\/\/Public\/Tendering\/OpportunityDetail\/Index?noticeUID=DO1.NTC.1203030\" target=\"_blank\" title=\"Detalles\"><i class=\"fas fa-2x fa-link\"><\/i><\/a><\/div><\/div><\/div><\/div><\/div><\/div>\n        <div class=\"card\">\n            <div class=\"card-header parents\" id=\"heading_casos-de-excepcio-n-69eeee772d89c-2023-69eeee772d89c-febrero-69eeee772d89c-publicidad-69eeee772d89c\">\n                <p class=\"title text-blue mb-0\">\n                    <a class=\"btn-block hover text-left collapsed\" data-toggle=\"collapse\" data-target=\"#collap_casos-de-excepcio-n-69eeee772d89c-2023-69eeee772d89c-febrero-69eeee772d89c-publicidad-69eeee772d89c\" aria-expanded=\"false\" aria-controls=\"collap_casos-de-excepcio-n-69eeee772d89c-2023-69eeee772d89c-febrero-69eeee772d89c-publicidad-69eeee772d89c\">Publicidad<\/a>\n                <\/p>\n            <\/div>\n            <div id=\"collap_casos-de-excepcio-n-69eeee772d89c-2023-69eeee772d89c-febrero-69eeee772d89c-publicidad-69eeee772d89c\" class=\"collapse\" aria-labelledby=\"heading_casos-de-excepcio-n-69eeee772d89c-2023-69eeee772d89c-febrero-69eeee772d89c-publicidad-69eeee772d89c\" data-parent=\"#collap_casos-de-excepcio-n-69eeee772d89c-2023-69eeee772d89c-febrero-69eeee772d89c\">\n                <div class=\"card-body\"><div class=\"jumbotron archivos\"><div class=\"row align-items-center\"><div class=\"col\"><h6><a class=\"text-dark\" href=\"https:\/\/comunidad.comprasdominicana.gob.do\/\/Public\/Tendering\/OpportunityDetail\/Index?noticeUID=DO1.NTC.1201134\" title=\"Ver\" target=\"_blank\">APORDOM-CCC-PEPB-2023-0003<\/a><\/h6><p class=\"mb-0 bold\">CONTRATACI\u00d3N DE COLOCACI\u00d3N DE PUBLICIDAD A TRAV\u00c9S DE TELECANAL 12<\/p><p class=\"mb-0\" style=\"font-size: .85rem\"><strong title=\"Estado del Proceso\"><i class=\"fas fa-spinner\"><\/i><\/strong> Proceso adjudicado y celebrado<\/p><p class=\"mb-0\" style=\"font-size: .85rem\"><strong title=\"Fecha de Publicaci\u00f3n\"><i class=\"fas fa-calendar-alt\"><\/i><\/strong> Publicado el mi\u00e9rcoles, 15 de febrero de 2023<\/p><\/div><div class=\"col-auto mt-md-0 mt-2\"><a class=\"btn btn-primary btn-lg px-lg-4 d-none d-md-block\" href=\"https:\/\/comunidad.comprasdominicana.gob.do\/\/Public\/Tendering\/OpportunityDetail\/Index?noticeUID=DO1.NTC.1201134\" target=\"_blank\" title=\"Detalles\"><i class=\"fas fa-link\"><\/i> DETALLES<\/a><a class=\"btn btn-primary btn-lg px-lg-4 d-block d-md-none\" href=\"https:\/\/comunidad.comprasdominicana.gob.do\/\/Public\/Tendering\/OpportunityDetail\/Index?noticeUID=DO1.NTC.1201134\" target=\"_blank\" title=\"Detalles\"><i class=\"fas fa-2x fa-link\"><\/i><\/a><\/div><\/div><\/div><div class=\"jumbotron archivos\"><div class=\"row align-items-center\"><div class=\"col\"><h6><a class=\"text-dark\" href=\"https:\/\/comunidad.comprasdominicana.gob.do\/\/Public\/Tendering\/OpportunityDetail\/Index?noticeUID=DO1.NTC.1192943\" title=\"Ver\" target=\"_blank\">APORDOM-CCC-PEPB-2023-0002<\/a><\/h6><p class=\"mb-0 bold\">CONTRATACI\u00d3N DE COLOCACI\u00d3N DE PUBLICIDAD A TRAV\u00c9S DE EL NUEVO DIARIO Y EL NUEVO DIARIO TV PARA LA COBERTURA DE LA SERIE DEL CARIBE 2023<\/p><p class=\"mb-0\" style=\"font-size: .85rem\"><strong title=\"Estado del Proceso\"><i class=\"fas fa-spinner\"><\/i><\/strong> Proceso adjudicado y celebrado<\/p><p class=\"mb-0\" style=\"font-size: .85rem\"><strong title=\"Fecha de Publicaci\u00f3n\"><i class=\"fas fa-calendar-alt\"><\/i><\/strong> Publicado el mi\u00e9rcoles, 1 de febrero de 2023<\/p><\/div><div class=\"col-auto mt-md-0 mt-2\"><a class=\"btn btn-primary btn-lg px-lg-4 d-none d-md-block\" href=\"https:\/\/comunidad.comprasdominicana.gob.do\/\/Public\/Tendering\/OpportunityDetail\/Index?noticeUID=DO1.NTC.1192943\" target=\"_blank\" title=\"Detalles\"><i class=\"fas fa-link\"><\/i> DETALLES<\/a><a class=\"btn btn-primary btn-lg px-lg-4 d-block d-md-none\" href=\"https:\/\/comunidad.comprasdominicana.gob.do\/\/Public\/Tendering\/OpportunityDetail\/Index?noticeUID=DO1.NTC.1192943\" target=\"_blank\" title=\"Detalles\"><i class=\"fas fa-2x fa-link\"><\/i><\/a><\/div><\/div><\/div><\/div><\/div><\/div><\/div><\/div><\/div>\n        <div class=\"card\">\n            <div class=\"card-header parents\" id=\"heading_casos-de-excepcio-n-69eeee772d89c-2023-69eeee772d89c-enero-69eeee772d89c\">\n                <p class=\"title text-blue mb-0\">\n                    <a class=\"btn-block hover text-left collapsed\" data-toggle=\"collapse\" data-target=\"#collap_casos-de-excepcio-n-69eeee772d89c-2023-69eeee772d89c-enero-69eeee772d89c\" aria-expanded=\"false\" aria-controls=\"collap_casos-de-excepcio-n-69eeee772d89c-2023-69eeee772d89c-enero-69eeee772d89c\">Enero<\/a>\n                <\/p>\n            <\/div>\n            <div id=\"collap_casos-de-excepcio-n-69eeee772d89c-2023-69eeee772d89c-enero-69eeee772d89c\" class=\"collapse\" aria-labelledby=\"heading_casos-de-excepcio-n-69eeee772d89c-2023-69eeee772d89c-enero-69eeee772d89c\" data-parent=\"#collap_casos-de-excepcio-n-69eeee772d89c-2023-69eeee772d89c\">\n                <div class=\"card-body\">\n        <div class=\"card\">\n            <div class=\"card-header parents\" id=\"heading_casos-de-excepcio-n-69eeee772d89c-2023-69eeee772d89c-enero-69eeee772d89c-publicidad-69eeee772d89c\">\n                <p class=\"title text-blue mb-0\">\n                    <a class=\"btn-block hover text-left collapsed\" data-toggle=\"collapse\" data-target=\"#collap_casos-de-excepcio-n-69eeee772d89c-2023-69eeee772d89c-enero-69eeee772d89c-publicidad-69eeee772d89c\" aria-expanded=\"false\" aria-controls=\"collap_casos-de-excepcio-n-69eeee772d89c-2023-69eeee772d89c-enero-69eeee772d89c-publicidad-69eeee772d89c\">Publicidad<\/a>\n                <\/p>\n            <\/div>\n            <div id=\"collap_casos-de-excepcio-n-69eeee772d89c-2023-69eeee772d89c-enero-69eeee772d89c-publicidad-69eeee772d89c\" class=\"collapse\" aria-labelledby=\"heading_casos-de-excepcio-n-69eeee772d89c-2023-69eeee772d89c-enero-69eeee772d89c-publicidad-69eeee772d89c\" data-parent=\"#collap_casos-de-excepcio-n-69eeee772d89c-2023-69eeee772d89c-enero-69eeee772d89c\">\n                <div class=\"card-body\"><div class=\"jumbotron archivos\"><div class=\"row align-items-center\"><div class=\"col\"><h6><a class=\"text-dark\" href=\"https:\/\/comunidad.comprasdominicana.gob.do\/\/Public\/Tendering\/OpportunityDetail\/Index?noticeUID=DO1.NTC.1183113\" title=\"Ver\" target=\"_blank\">APORDOM-CCC-PEPB-2023-0001<\/a><\/h6><p class=\"mb-0 bold\">CONTRATACI\u00d3N DE COLOCACION DE PUBLICIDAD A TRAV\u00c9S DEL CANAL DE YOUTUBE EL 4TO BATE TV<\/p><p class=\"mb-0\" style=\"font-size: .85rem\"><strong title=\"Estado del Proceso\"><i class=\"fas fa-spinner\"><\/i><\/strong> Proceso adjudicado y celebrado<\/p><p class=\"mb-0\" style=\"font-size: .85rem\"><strong title=\"Fecha de Publicaci\u00f3n\"><i class=\"fas fa-calendar-alt\"><\/i><\/strong> Publicado el martes, 10 de enero de 2023<\/p><\/div><div class=\"col-auto mt-md-0 mt-2\"><a class=\"btn btn-primary btn-lg px-lg-4 d-none d-md-block\" href=\"https:\/\/comunidad.comprasdominicana.gob.do\/\/Public\/Tendering\/OpportunityDetail\/Index?noticeUID=DO1.NTC.1183113\" target=\"_blank\" title=\"Detalles\"><i class=\"fas fa-link\"><\/i> DETALLES<\/a><a class=\"btn btn-primary btn-lg px-lg-4 d-block d-md-none\" href=\"https:\/\/comunidad.comprasdominicana.gob.do\/\/Public\/Tendering\/OpportunityDetail\/Index?noticeUID=DO1.NTC.1183113\" target=\"_blank\" title=\"Detalles\"><i class=\"fas fa-2x fa-link\"><\/i><\/a><\/div><\/div><\/div><\/div><\/div><\/div><\/div><\/div><\/div><\/div><\/div><\/div>\n        <div class=\"card\">\n            <div class=\"card-header parents\" id=\"heading_casos-de-excepcio-n-69eeee772d89c-2022-69eeee772d89c\">\n                <p class=\"title text-blue mb-0\">\n                    <a class=\"btn-block hover text-left collapsed\" data-toggle=\"collapse\" data-target=\"#collap_casos-de-excepcio-n-69eeee772d89c-2022-69eeee772d89c\" aria-expanded=\"false\" aria-controls=\"collap_casos-de-excepcio-n-69eeee772d89c-2022-69eeee772d89c\">2022<\/a>\n                <\/p>\n            <\/div>\n            <div id=\"collap_casos-de-excepcio-n-69eeee772d89c-2022-69eeee772d89c\" class=\"collapse\" aria-labelledby=\"heading_casos-de-excepcio-n-69eeee772d89c-2022-69eeee772d89c\" data-parent=\"#collap_casos-de-excepcio-n-69eeee772d89c\">\n                <div class=\"card-body\">\n        <div class=\"card\">\n            <div class=\"card-header parents\" id=\"heading_casos-de-excepcio-n-69eeee772d89c-2022-69eeee772d89c-diciembre-69eeee772d89c\">\n                <p class=\"title text-blue mb-0\">\n                    <a class=\"btn-block hover text-left collapsed\" data-toggle=\"collapse\" data-target=\"#collap_casos-de-excepcio-n-69eeee772d89c-2022-69eeee772d89c-diciembre-69eeee772d89c\" aria-expanded=\"false\" aria-controls=\"collap_casos-de-excepcio-n-69eeee772d89c-2022-69eeee772d89c-diciembre-69eeee772d89c\">Diciembre<\/a>\n                <\/p>\n            <\/div>\n            <div id=\"collap_casos-de-excepcio-n-69eeee772d89c-2022-69eeee772d89c-diciembre-69eeee772d89c\" class=\"collapse\" aria-labelledby=\"heading_casos-de-excepcio-n-69eeee772d89c-2022-69eeee772d89c-diciembre-69eeee772d89c\" data-parent=\"#collap_casos-de-excepcio-n-69eeee772d89c-2022-69eeee772d89c\">\n                <div class=\"card-body\">\n        <div class=\"card\">\n            <div class=\"card-header parents\" id=\"heading_casos-de-excepcio-n-69eeee772d89c-2022-69eeee772d89c-diciembre-69eeee772d89c-obras-cient-ficas-t-cnicas-art-sticas-restauraci-n-de-monumentos-69eeee772d89c\">\n                <p class=\"title text-blue mb-0\">\n                    <a class=\"btn-block hover text-left collapsed\" data-toggle=\"collapse\" data-target=\"#collap_casos-de-excepcio-n-69eeee772d89c-2022-69eeee772d89c-diciembre-69eeee772d89c-obras-cient-ficas-t-cnicas-art-sticas-restauraci-n-de-monumentos-69eeee772d89c\" aria-expanded=\"false\" aria-controls=\"collap_casos-de-excepcio-n-69eeee772d89c-2022-69eeee772d89c-diciembre-69eeee772d89c-obras-cient-ficas-t-cnicas-art-sticas-restauraci-n-de-monumentos-69eeee772d89c\">Obras Cient\u00edficas, T\u00e9cnicas, Art\u00edsticas, Restauraci\u00f3n de monumentos<\/a>\n                <\/p>\n            <\/div>\n            <div id=\"collap_casos-de-excepcio-n-69eeee772d89c-2022-69eeee772d89c-diciembre-69eeee772d89c-obras-cient-ficas-t-cnicas-art-sticas-restauraci-n-de-monumentos-69eeee772d89c\" class=\"collapse\" aria-labelledby=\"heading_casos-de-excepcio-n-69eeee772d89c-2022-69eeee772d89c-diciembre-69eeee772d89c-obras-cient-ficas-t-cnicas-art-sticas-restauraci-n-de-monumentos-69eeee772d89c\" data-parent=\"#collap_casos-de-excepcio-n-69eeee772d89c-2022-69eeee772d89c-diciembre-69eeee772d89c\">\n                <div class=\"card-body\"><div class=\"jumbotron archivos\"><div class=\"row align-items-center\"><div class=\"col\"><h6><a class=\"text-dark\" href=\"https:\/\/comunidad.comprasdominicana.gob.do\/\/Public\/Tendering\/OpportunityDetail\/Index?noticeUID=DO1.NTC.1167049\" title=\"Ver\" target=\"_blank\">APORDOM-CCC-PEOR-2022-0002<\/a><\/h6><p class=\"mb-0 bold\">CONTRATACION DE SERVICIOS DE ASESORIA DE GESTION PARA APORDOM<\/p><p class=\"mb-0\" style=\"font-size: .85rem\"><strong title=\"Estado del Proceso\"><i class=\"fas fa-spinner\"><\/i><\/strong> Proceso adjudicado y celebrado<\/p><p class=\"mb-0\" style=\"font-size: .85rem\"><strong title=\"Fecha de Publicaci\u00f3n\"><i class=\"fas fa-calendar-alt\"><\/i><\/strong> Publicado el viernes, 2 de diciembre de 2022<\/p><\/div><div class=\"col-auto mt-md-0 mt-2\"><a class=\"btn btn-primary btn-lg px-lg-4 d-none d-md-block\" href=\"https:\/\/comunidad.comprasdominicana.gob.do\/\/Public\/Tendering\/OpportunityDetail\/Index?noticeUID=DO1.NTC.1167049\" target=\"_blank\" title=\"Detalles\"><i class=\"fas fa-link\"><\/i> DETALLES<\/a><a class=\"btn btn-primary btn-lg px-lg-4 d-block d-md-none\" href=\"https:\/\/comunidad.comprasdominicana.gob.do\/\/Public\/Tendering\/OpportunityDetail\/Index?noticeUID=DO1.NTC.1167049\" target=\"_blank\" title=\"Detalles\"><i class=\"fas fa-2x fa-link\"><\/i><\/a><\/div><\/div><\/div><\/div><\/div><\/div>\n        <div class=\"card\">\n            <div class=\"card-header parents\" id=\"heading_casos-de-excepcio-n-69eeee772d89c-2022-69eeee772d89c-diciembre-69eeee772d89c-publicidad-69eeee772d89c\">\n                <p class=\"title text-blue mb-0\">\n                    <a class=\"btn-block hover text-left collapsed\" data-toggle=\"collapse\" data-target=\"#collap_casos-de-excepcio-n-69eeee772d89c-2022-69eeee772d89c-diciembre-69eeee772d89c-publicidad-69eeee772d89c\" aria-expanded=\"false\" aria-controls=\"collap_casos-de-excepcio-n-69eeee772d89c-2022-69eeee772d89c-diciembre-69eeee772d89c-publicidad-69eeee772d89c\">Publicidad<\/a>\n                <\/p>\n            <\/div>\n            <div id=\"collap_casos-de-excepcio-n-69eeee772d89c-2022-69eeee772d89c-diciembre-69eeee772d89c-publicidad-69eeee772d89c\" class=\"collapse\" aria-labelledby=\"heading_casos-de-excepcio-n-69eeee772d89c-2022-69eeee772d89c-diciembre-69eeee772d89c-publicidad-69eeee772d89c\" data-parent=\"#collap_casos-de-excepcio-n-69eeee772d89c-2022-69eeee772d89c-diciembre-69eeee772d89c\">\n                <div class=\"card-body\"><div class=\"jumbotron archivos\"><div class=\"row align-items-center\"><div class=\"col\"><h6><a class=\"text-dark\" href=\"https:\/\/comunidad.comprasdominicana.gob.do\/\/Public\/Tendering\/OpportunityDetail\/Index?noticeUID=DO1.NTC.1175603\" title=\"Ver\" target=\"_blank\">APORDOM-CCC-PEPB-2022-0064<\/a><\/h6><p class=\"mb-0 bold\">CONTRATACI\u00d3N DE PUBLICIDAD A TRAV\u00c9S DEL PERI\u00d3DICO DIGITAL LATORA.TV.COM<\/p><p class=\"mb-0\" style=\"font-size: .85rem\"><strong title=\"Estado del Proceso\"><i class=\"fas fa-spinner\"><\/i><\/strong> Proceso adjudicado y celebrado<\/p><p class=\"mb-0\" style=\"font-size: .85rem\"><strong title=\"Fecha de Publicaci\u00f3n\"><i class=\"fas fa-calendar-alt\"><\/i><\/strong> Publicado el mi\u00e9rcoles, 21 de diciembre de 2022<\/p><\/div><div class=\"col-auto mt-md-0 mt-2\"><a class=\"btn btn-primary btn-lg px-lg-4 d-none d-md-block\" href=\"https:\/\/comunidad.comprasdominicana.gob.do\/\/Public\/Tendering\/OpportunityDetail\/Index?noticeUID=DO1.NTC.1175603\" target=\"_blank\" title=\"Detalles\"><i class=\"fas fa-link\"><\/i> DETALLES<\/a><a class=\"btn btn-primary btn-lg px-lg-4 d-block d-md-none\" href=\"https:\/\/comunidad.comprasdominicana.gob.do\/\/Public\/Tendering\/OpportunityDetail\/Index?noticeUID=DO1.NTC.1175603\" target=\"_blank\" title=\"Detalles\"><i class=\"fas fa-2x fa-link\"><\/i><\/a><\/div><\/div><\/div><div class=\"jumbotron archivos\"><div class=\"row align-items-center\"><div class=\"col\"><h6><a class=\"text-dark\" href=\"https:\/\/comunidad.comprasdominicana.gob.do\/\/Public\/Tendering\/OpportunityDetail\/Index?noticeUID=DO1.NTC.1172514\" title=\"Ver\" target=\"_blank\">APORDOM-CCC-PEPB-2022-0063<\/a><\/h6><p class=\"mb-0 bold\">CONTRATACI\u00d3N DE PUBLICIDAD A TRAV\u00c9S DE MULTIMEDIOS GRUPO EST\u00c9VEZ<\/p><p class=\"mb-0\" style=\"font-size: .85rem\"><strong title=\"Estado del Proceso\"><i class=\"fas fa-spinner\"><\/i><\/strong> Proceso adjudicado y celebrado<\/p><p class=\"mb-0\" style=\"font-size: .85rem\"><strong title=\"Fecha de Publicaci\u00f3n\"><i class=\"fas fa-calendar-alt\"><\/i><\/strong> Publicado el mi\u00e9rcoles, 14 de diciembre de 2022<\/p><\/div><div class=\"col-auto mt-md-0 mt-2\"><a class=\"btn btn-primary btn-lg px-lg-4 d-none d-md-block\" href=\"https:\/\/comunidad.comprasdominicana.gob.do\/\/Public\/Tendering\/OpportunityDetail\/Index?noticeUID=DO1.NTC.1172514\" target=\"_blank\" title=\"Detalles\"><i class=\"fas fa-link\"><\/i> DETALLES<\/a><a class=\"btn btn-primary btn-lg px-lg-4 d-block d-md-none\" href=\"https:\/\/comunidad.comprasdominicana.gob.do\/\/Public\/Tendering\/OpportunityDetail\/Index?noticeUID=DO1.NTC.1172514\" target=\"_blank\" title=\"Detalles\"><i class=\"fas fa-2x fa-link\"><\/i><\/a><\/div><\/div><\/div><div class=\"jumbotron archivos\"><div class=\"row align-items-center\"><div class=\"col\"><h6><a class=\"text-dark\" href=\"https:\/\/comunidad.comprasdominicana.gob.do\/\/Public\/Tendering\/OpportunityDetail\/Index?noticeUID=DO1.NTC.1170446\" title=\"Ver\" target=\"_blank\">APORDOM-CCC-PEPB-2022-0062<\/a><\/h6><p class=\"mb-0 bold\">CONTRATACI\u00d3N DE COLOCACI\u00d3N DE PUBLICIDAD A TRAV\u00c9S DEL PROGRAMA LUZ Y SOMBRA<\/p><p class=\"mb-0\" style=\"font-size: .85rem\"><strong title=\"Estado del Proceso\"><i class=\"fas fa-spinner\"><\/i><\/strong> Proceso adjudicado y celebrado<\/p><p class=\"mb-0\" style=\"font-size: .85rem\"><strong title=\"Fecha de Publicaci\u00f3n\"><i class=\"fas fa-calendar-alt\"><\/i><\/strong> Publicado el lunes, 12 de diciembre de 2022<\/p><\/div><div class=\"col-auto mt-md-0 mt-2\"><a class=\"btn btn-primary btn-lg px-lg-4 d-none d-md-block\" href=\"https:\/\/comunidad.comprasdominicana.gob.do\/\/Public\/Tendering\/OpportunityDetail\/Index?noticeUID=DO1.NTC.1170446\" target=\"_blank\" title=\"Detalles\"><i class=\"fas fa-link\"><\/i> DETALLES<\/a><a class=\"btn btn-primary btn-lg px-lg-4 d-block d-md-none\" href=\"https:\/\/comunidad.comprasdominicana.gob.do\/\/Public\/Tendering\/OpportunityDetail\/Index?noticeUID=DO1.NTC.1170446\" target=\"_blank\" title=\"Detalles\"><i class=\"fas fa-2x fa-link\"><\/i><\/a><\/div><\/div><\/div><div class=\"jumbotron archivos\"><div class=\"row align-items-center\"><div class=\"col\"><h6><a class=\"text-dark\" href=\"https:\/\/comunidad.comprasdominicana.gob.do\/\/Public\/Tendering\/OpportunityDetail\/Index?noticeUID=DO1.NTC.1170629\" title=\"Ver\" target=\"_blank\">APORDOM-CCC-PEPB-2022-0061<\/a><\/h6><p class=\"mb-0 bold\">CONTRATACI\u00d3N DE COLOCACI\u00d3N DE PUBLICIDAD A TRAV\u00c9S DEL PERIODICO DIGITAL ELQUINTOELEMENTOTV.COM<\/p><p class=\"mb-0\" style=\"font-size: .85rem\"><strong title=\"Estado del Proceso\"><i class=\"fas fa-spinner\"><\/i><\/strong> Proceso adjudicado y celebrado<\/p><p class=\"mb-0\" style=\"font-size: .85rem\"><strong title=\"Fecha de Publicaci\u00f3n\"><i class=\"fas fa-calendar-alt\"><\/i><\/strong> Publicado el lunes, 12 de diciembre de 2022<\/p><\/div><div class=\"col-auto mt-md-0 mt-2\"><a class=\"btn btn-primary btn-lg px-lg-4 d-none d-md-block\" href=\"https:\/\/comunidad.comprasdominicana.gob.do\/\/Public\/Tendering\/OpportunityDetail\/Index?noticeUID=DO1.NTC.1170629\" target=\"_blank\" title=\"Detalles\"><i class=\"fas fa-link\"><\/i> DETALLES<\/a><a class=\"btn btn-primary btn-lg px-lg-4 d-block d-md-none\" href=\"https:\/\/comunidad.comprasdominicana.gob.do\/\/Public\/Tendering\/OpportunityDetail\/Index?noticeUID=DO1.NTC.1170629\" target=\"_blank\" title=\"Detalles\"><i class=\"fas fa-2x fa-link\"><\/i><\/a><\/div><\/div><\/div><div class=\"jumbotron archivos\"><div class=\"row align-items-center\"><div class=\"col\"><h6><a class=\"text-dark\" href=\"https:\/\/comunidad.comprasdominicana.gob.do\/\/Public\/Tendering\/OpportunityDetail\/Index?noticeUID=DO1.NTC.1169019\" title=\"Ver\" target=\"_blank\">APORDOM-CCC-PEPB-2022-0060<\/a><\/h6><p class=\"mb-0 bold\">CONTRATACI\u00d3N DE COLOCACI\u00d3N DE PUBLICIDAD A TRAV\u00c9S DEL PROGRAMA DOS PUNTOS DE VISTA<\/p><p class=\"mb-0\" style=\"font-size: .85rem\"><strong title=\"Estado del Proceso\"><i class=\"fas fa-spinner\"><\/i><\/strong> Proceso adjudicado y celebrado<\/p><p class=\"mb-0\" style=\"font-size: .85rem\"><strong title=\"Fecha de Publicaci\u00f3n\"><i class=\"fas fa-calendar-alt\"><\/i><\/strong> Publicado el mi\u00e9rcoles, 7 de diciembre de 2022<\/p><\/div><div class=\"col-auto mt-md-0 mt-2\"><a class=\"btn btn-primary btn-lg px-lg-4 d-none d-md-block\" href=\"https:\/\/comunidad.comprasdominicana.gob.do\/\/Public\/Tendering\/OpportunityDetail\/Index?noticeUID=DO1.NTC.1169019\" target=\"_blank\" title=\"Detalles\"><i class=\"fas fa-link\"><\/i> DETALLES<\/a><a class=\"btn btn-primary btn-lg px-lg-4 d-block d-md-none\" href=\"https:\/\/comunidad.comprasdominicana.gob.do\/\/Public\/Tendering\/OpportunityDetail\/Index?noticeUID=DO1.NTC.1169019\" target=\"_blank\" title=\"Detalles\"><i class=\"fas fa-2x fa-link\"><\/i><\/a><\/div><\/div><\/div><div class=\"jumbotron archivos\"><div class=\"row align-items-center\"><div class=\"col\"><h6><a class=\"text-dark\" href=\"https:\/\/comunidad.comprasdominicana.gob.do\/\/Public\/Tendering\/OpportunityDetail\/Index?noticeUID=DO1.NTC.1168710\" title=\"Ver\" target=\"_blank\">APORDOM-CCC-PEPB-2022-0059<\/a><\/h6><p class=\"mb-0 bold\">CONTRATACI\u00d3N DE PUBLICIDAD A TRAV\u00c9S DEL PROGRAMA AL MEDIODIA CON JOCHY HERN\u00c1NDEZ<\/p><p class=\"mb-0\" style=\"font-size: .85rem\"><strong title=\"Estado del Proceso\"><i class=\"fas fa-spinner\"><\/i><\/strong> Proceso adjudicado y celebrado<\/p><p class=\"mb-0\" style=\"font-size: .85rem\"><strong title=\"Fecha de Publicaci\u00f3n\"><i class=\"fas fa-calendar-alt\"><\/i><\/strong> Publicado el mi\u00e9rcoles, 7 de diciembre de 2022<\/p><\/div><div class=\"col-auto mt-md-0 mt-2\"><a class=\"btn btn-primary btn-lg px-lg-4 d-none d-md-block\" href=\"https:\/\/comunidad.comprasdominicana.gob.do\/\/Public\/Tendering\/OpportunityDetail\/Index?noticeUID=DO1.NTC.1168710\" target=\"_blank\" title=\"Detalles\"><i class=\"fas fa-link\"><\/i> DETALLES<\/a><a class=\"btn btn-primary btn-lg px-lg-4 d-block d-md-none\" href=\"https:\/\/comunidad.comprasdominicana.gob.do\/\/Public\/Tendering\/OpportunityDetail\/Index?noticeUID=DO1.NTC.1168710\" target=\"_blank\" title=\"Detalles\"><i class=\"fas fa-2x fa-link\"><\/i><\/a><\/div><\/div><\/div><div class=\"jumbotron archivos\"><div class=\"row align-items-center\"><div class=\"col\"><h6><a class=\"text-dark\" href=\"https:\/\/comunidad.comprasdominicana.gob.do\/\/Public\/Tendering\/OpportunityDetail\/Index?noticeUID=DO1.NTC.1168337\" title=\"Ver\" target=\"_blank\">APORDOM-CCC-PEPB-2022-0058<\/a><\/h6><p class=\"mb-0 bold\">CONTRATACI\u00d3N DE COLOCACI\u00d3N DE PUBLICIDAD A TRAV\u00c9S DEL PERIODICO DIGITAL APLATANAONEWS.COM<\/p><p class=\"mb-0\" style=\"font-size: .85rem\"><strong title=\"Estado del Proceso\"><i class=\"fas fa-spinner\"><\/i><\/strong> Proceso adjudicado y celebrado<\/p><p class=\"mb-0\" style=\"font-size: .85rem\"><strong title=\"Fecha de Publicaci\u00f3n\"><i class=\"fas fa-calendar-alt\"><\/i><\/strong> Publicado el martes, 6 de diciembre de 2022<\/p><\/div><div class=\"col-auto mt-md-0 mt-2\"><a class=\"btn btn-primary btn-lg px-lg-4 d-none d-md-block\" href=\"https:\/\/comunidad.comprasdominicana.gob.do\/\/Public\/Tendering\/OpportunityDetail\/Index?noticeUID=DO1.NTC.1168337\" target=\"_blank\" title=\"Detalles\"><i class=\"fas fa-link\"><\/i> DETALLES<\/a><a class=\"btn btn-primary btn-lg px-lg-4 d-block d-md-none\" href=\"https:\/\/comunidad.comprasdominicana.gob.do\/\/Public\/Tendering\/OpportunityDetail\/Index?noticeUID=DO1.NTC.1168337\" target=\"_blank\" title=\"Detalles\"><i class=\"fas fa-2x fa-link\"><\/i><\/a><\/div><\/div><\/div><\/div><\/div><\/div><\/div><\/div><\/div>\n        <div class=\"card\">\n            <div class=\"card-header parents\" id=\"heading_casos-de-excepcio-n-69eeee772d89c-2022-69eeee772d89c-noviembre-69eeee772d89c\">\n                <p class=\"title text-blue mb-0\">\n                    <a class=\"btn-block hover text-left collapsed\" data-toggle=\"collapse\" data-target=\"#collap_casos-de-excepcio-n-69eeee772d89c-2022-69eeee772d89c-noviembre-69eeee772d89c\" aria-expanded=\"false\" aria-controls=\"collap_casos-de-excepcio-n-69eeee772d89c-2022-69eeee772d89c-noviembre-69eeee772d89c\">Noviembre<\/a>\n                <\/p>\n            <\/div>\n            <div id=\"collap_casos-de-excepcio-n-69eeee772d89c-2022-69eeee772d89c-noviembre-69eeee772d89c\" class=\"collapse\" aria-labelledby=\"heading_casos-de-excepcio-n-69eeee772d89c-2022-69eeee772d89c-noviembre-69eeee772d89c\" data-parent=\"#collap_casos-de-excepcio-n-69eeee772d89c-2022-69eeee772d89c\">\n                <div class=\"card-body\">\n        <div class=\"card\">\n            <div class=\"card-header parents\" id=\"heading_casos-de-excepcio-n-69eeee772d89c-2022-69eeee772d89c-noviembre-69eeee772d89c-exclusividad-69eeee772d89c\">\n                <p class=\"title text-blue mb-0\">\n                    <a class=\"btn-block hover text-left collapsed\" data-toggle=\"collapse\" data-target=\"#collap_casos-de-excepcio-n-69eeee772d89c-2022-69eeee772d89c-noviembre-69eeee772d89c-exclusividad-69eeee772d89c\" aria-expanded=\"false\" aria-controls=\"collap_casos-de-excepcio-n-69eeee772d89c-2022-69eeee772d89c-noviembre-69eeee772d89c-exclusividad-69eeee772d89c\">Exclusividad<\/a>\n                <\/p>\n            <\/div>\n            <div id=\"collap_casos-de-excepcio-n-69eeee772d89c-2022-69eeee772d89c-noviembre-69eeee772d89c-exclusividad-69eeee772d89c\" class=\"collapse\" aria-labelledby=\"heading_casos-de-excepcio-n-69eeee772d89c-2022-69eeee772d89c-noviembre-69eeee772d89c-exclusividad-69eeee772d89c\" data-parent=\"#collap_casos-de-excepcio-n-69eeee772d89c-2022-69eeee772d89c-noviembre-69eeee772d89c\">\n                <div class=\"card-body\"><div class=\"jumbotron archivos\"><div class=\"row align-items-center\"><div class=\"col\"><h6><a class=\"text-dark\" href=\"https:\/\/comunidad.comprasdominicana.gob.do\/\/Public\/Tendering\/OpportunityDetail\/Index?noticeUID=DO1.NTC.1158247\" title=\"Ver\" target=\"_blank\">APORDOM-CCC-PEEX-2022-0005<\/a><\/h6><p class=\"mb-0 bold\">CONTRATACION DE SERVICIOS PROFESIONALES DE CONSULTORIA EXTERNA PARA EL PROYECTO DE ESCUELA MARITIMA<\/p><p class=\"mb-0\" style=\"font-size: .85rem\"><strong title=\"Estado del Proceso\"><i class=\"fas fa-spinner\"><\/i><\/strong> Proceso adjudicado y celebrado<\/p><p class=\"mb-0\" style=\"font-size: .85rem\"><strong title=\"Fecha de Publicaci\u00f3n\"><i class=\"fas fa-calendar-alt\"><\/i><\/strong> Publicado el mi\u00e9rcoles, 16 de noviembre de 2022<\/p><\/div><div class=\"col-auto mt-md-0 mt-2\"><a class=\"btn btn-primary btn-lg px-lg-4 d-none d-md-block\" href=\"https:\/\/comunidad.comprasdominicana.gob.do\/\/Public\/Tendering\/OpportunityDetail\/Index?noticeUID=DO1.NTC.1158247\" target=\"_blank\" title=\"Detalles\"><i class=\"fas fa-link\"><\/i> DETALLES<\/a><a class=\"btn btn-primary btn-lg px-lg-4 d-block d-md-none\" href=\"https:\/\/comunidad.comprasdominicana.gob.do\/\/Public\/Tendering\/OpportunityDetail\/Index?noticeUID=DO1.NTC.1158247\" target=\"_blank\" title=\"Detalles\"><i class=\"fas fa-2x fa-link\"><\/i><\/a><\/div><\/div><\/div><div class=\"jumbotron archivos\"><div class=\"row align-items-center\"><div class=\"col\"><h6><a class=\"text-dark\" href=\"https:\/\/comunidad.comprasdominicana.gob.do\/\/Public\/Tendering\/OpportunityDetail\/Index?noticeUID=DO1.NTC.1157020\" title=\"Ver\" target=\"_blank\">APORDOM-CCC-PEEX-2022-0004<\/a><\/h6><p class=\"mb-0 bold\">CONTRATACION DE CONSULTOR EXTERNO ESPECIALISTA EN DERECHO ADUANERO<\/p><p class=\"mb-0\" style=\"font-size: .85rem\"><strong title=\"Estado del Proceso\"><i class=\"fas fa-spinner\"><\/i><\/strong> Proceso adjudicado y celebrado<\/p><p class=\"mb-0\" style=\"font-size: .85rem\"><strong title=\"Fecha de Publicaci\u00f3n\"><i class=\"fas fa-calendar-alt\"><\/i><\/strong> Publicado el lunes, 14 de noviembre de 2022<\/p><\/div><div class=\"col-auto mt-md-0 mt-2\"><a class=\"btn btn-primary btn-lg px-lg-4 d-none d-md-block\" href=\"https:\/\/comunidad.comprasdominicana.gob.do\/\/Public\/Tendering\/OpportunityDetail\/Index?noticeUID=DO1.NTC.1157020\" target=\"_blank\" title=\"Detalles\"><i class=\"fas fa-link\"><\/i> DETALLES<\/a><a class=\"btn btn-primary btn-lg px-lg-4 d-block d-md-none\" href=\"https:\/\/comunidad.comprasdominicana.gob.do\/\/Public\/Tendering\/OpportunityDetail\/Index?noticeUID=DO1.NTC.1157020\" target=\"_blank\" title=\"Detalles\"><i class=\"fas fa-2x fa-link\"><\/i><\/a><\/div><\/div><\/div><div class=\"jumbotron archivos\"><div class=\"row align-items-center\"><div class=\"col\"><h6><a class=\"text-dark\" href=\"https:\/\/comunidad.comprasdominicana.gob.do\/\/Public\/Tendering\/OpportunityDetail\/Index?noticeUID=DO1.NTC.1152312\" title=\"Ver\" target=\"_blank\">APORDOM-CCC-PEEX-2022-0003<\/a><\/h6><p class=\"mb-0 bold\">CONTRATACION DE ASESORIA ESPECIALIZADA EN GESTION LEGAL Y PORTUARIA PARA EL CONSEJO DE ADMINISTRACION DE APORDOM<\/p><p class=\"mb-0\" style=\"font-size: .85rem\"><strong title=\"Estado del Proceso\"><i class=\"fas fa-spinner\"><\/i><\/strong> Proceso adjudicado y celebrado<\/p><p class=\"mb-0\" style=\"font-size: .85rem\"><strong title=\"Fecha de Publicaci\u00f3n\"><i class=\"fas fa-calendar-alt\"><\/i><\/strong> Publicado el viernes, 4 de noviembre de 2022<\/p><\/div><div class=\"col-auto mt-md-0 mt-2\"><a class=\"btn btn-primary btn-lg px-lg-4 d-none d-md-block\" href=\"https:\/\/comunidad.comprasdominicana.gob.do\/\/Public\/Tendering\/OpportunityDetail\/Index?noticeUID=DO1.NTC.1152312\" target=\"_blank\" title=\"Detalles\"><i class=\"fas fa-link\"><\/i> DETALLES<\/a><a class=\"btn btn-primary btn-lg px-lg-4 d-block d-md-none\" href=\"https:\/\/comunidad.comprasdominicana.gob.do\/\/Public\/Tendering\/OpportunityDetail\/Index?noticeUID=DO1.NTC.1152312\" target=\"_blank\" title=\"Detalles\"><i class=\"fas fa-2x fa-link\"><\/i><\/a><\/div><\/div><\/div><\/div><\/div><\/div>\n        <div class=\"card\">\n            <div class=\"card-header parents\" id=\"heading_casos-de-excepcio-n-69eeee772d89c-2022-69eeee772d89c-noviembre-69eeee772d89c-publicidad-69eeee772d89c\">\n                <p class=\"title text-blue mb-0\">\n                    <a class=\"btn-block hover text-left collapsed\" data-toggle=\"collapse\" data-target=\"#collap_casos-de-excepcio-n-69eeee772d89c-2022-69eeee772d89c-noviembre-69eeee772d89c-publicidad-69eeee772d89c\" aria-expanded=\"false\" aria-controls=\"collap_casos-de-excepcio-n-69eeee772d89c-2022-69eeee772d89c-noviembre-69eeee772d89c-publicidad-69eeee772d89c\">Publicidad<\/a>\n                <\/p>\n            <\/div>\n            <div id=\"collap_casos-de-excepcio-n-69eeee772d89c-2022-69eeee772d89c-noviembre-69eeee772d89c-publicidad-69eeee772d89c\" class=\"collapse\" aria-labelledby=\"heading_casos-de-excepcio-n-69eeee772d89c-2022-69eeee772d89c-noviembre-69eeee772d89c-publicidad-69eeee772d89c\" data-parent=\"#collap_casos-de-excepcio-n-69eeee772d89c-2022-69eeee772d89c-noviembre-69eeee772d89c\">\n                <div class=\"card-body\"><div class=\"jumbotron archivos\"><div class=\"row align-items-center\"><div class=\"col\"><h6><a class=\"text-dark\" href=\"https:\/\/comunidad.comprasdominicana.gob.do\/\/Public\/Tendering\/OpportunityDetail\/Index?noticeUID=DO1.NTC.1163409\" title=\"Ver\" target=\"_blank\">APORDOM-CCC-PEPB-2022-0057<\/a><\/h6><p class=\"mb-0 bold\">CONTRATACI\u00d3N DE COLOCACI\u00d3N DE PUBLICIDAD A TRAV\u00c9S DEL PROGRAMA PROPUESTA INFORMATIVA TV<\/p><p class=\"mb-0\" style=\"font-size: .85rem\"><strong title=\"Estado del Proceso\"><i class=\"fas fa-spinner\"><\/i><\/strong> Proceso adjudicado y celebrado<\/p><p class=\"mb-0\" style=\"font-size: .85rem\"><strong title=\"Fecha de Publicaci\u00f3n\"><i class=\"fas fa-calendar-alt\"><\/i><\/strong> Publicado el viernes, 25 de noviembre de 2022<\/p><\/div><div class=\"col-auto mt-md-0 mt-2\"><a class=\"btn btn-primary btn-lg px-lg-4 d-none d-md-block\" href=\"https:\/\/comunidad.comprasdominicana.gob.do\/\/Public\/Tendering\/OpportunityDetail\/Index?noticeUID=DO1.NTC.1163409\" target=\"_blank\" title=\"Detalles\"><i class=\"fas fa-link\"><\/i> DETALLES<\/a><a class=\"btn btn-primary btn-lg px-lg-4 d-block d-md-none\" href=\"https:\/\/comunidad.comprasdominicana.gob.do\/\/Public\/Tendering\/OpportunityDetail\/Index?noticeUID=DO1.NTC.1163409\" target=\"_blank\" title=\"Detalles\"><i class=\"fas fa-2x fa-link\"><\/i><\/a><\/div><\/div><\/div><div class=\"jumbotron archivos\"><div class=\"row align-items-center\"><div class=\"col\"><h6><a class=\"text-dark\" href=\"https:\/\/comunidad.comprasdominicana.gob.do\/\/Public\/Tendering\/OpportunityDetail\/Index?noticeUID=DO1.NTC.1163204\" title=\"Ver\" target=\"_blank\">APORDOM-CCC-PEPB-2022-0056<\/a><\/h6><p class=\"mb-0 bold\">CONTRATACI\u00d3N DE PUBLICIDAD EN EL EVENTO 2DA GALA BEN\u00c9FICA DE FUNDACION LASO<\/p><p class=\"mb-0\" style=\"font-size: .85rem\"><strong title=\"Estado del Proceso\"><i class=\"fas fa-spinner\"><\/i><\/strong> Proceso adjudicado y celebrado<\/p><p class=\"mb-0\" style=\"font-size: .85rem\"><strong title=\"Fecha de Publicaci\u00f3n\"><i class=\"fas fa-calendar-alt\"><\/i><\/strong> Publicado el viernes, 25 de noviembre de 2022<\/p><\/div><div class=\"col-auto mt-md-0 mt-2\"><a class=\"btn btn-primary btn-lg px-lg-4 d-none d-md-block\" href=\"https:\/\/comunidad.comprasdominicana.gob.do\/\/Public\/Tendering\/OpportunityDetail\/Index?noticeUID=DO1.NTC.1163204\" target=\"_blank\" title=\"Detalles\"><i class=\"fas fa-link\"><\/i> DETALLES<\/a><a class=\"btn btn-primary btn-lg px-lg-4 d-block d-md-none\" href=\"https:\/\/comunidad.comprasdominicana.gob.do\/\/Public\/Tendering\/OpportunityDetail\/Index?noticeUID=DO1.NTC.1163204\" target=\"_blank\" title=\"Detalles\"><i class=\"fas fa-2x fa-link\"><\/i><\/a><\/div><\/div><\/div><div class=\"jumbotron archivos\"><div class=\"row align-items-center\"><div class=\"col\"><h6><a class=\"text-dark\" href=\"https:\/\/comunidad.comprasdominicana.gob.do\/\/Public\/Tendering\/OpportunityDetail\/Index?noticeUID=DO1.NTC.1157404\" title=\"Ver\" target=\"_blank\">APORDOM-CCC-PEPB-2022-0054<\/a><\/h6><p class=\"mb-0 bold\">CONTRATACI\u00d3N DE COLOCACI\u00d3N DE PUBLICIDAD A TRAV\u00c9S DE LA REVISTA FACTOR DE \u00c9XITO<\/p><p class=\"mb-0\" style=\"font-size: .85rem\"><strong title=\"Estado del Proceso\"><i class=\"fas fa-spinner\"><\/i><\/strong> Proceso adjudicado y celebrado<\/p><p class=\"mb-0\" style=\"font-size: .85rem\"><strong title=\"Fecha de Publicaci\u00f3n\"><i class=\"fas fa-calendar-alt\"><\/i><\/strong> Publicado el lunes, 14 de noviembre de 2022<\/p><\/div><div class=\"col-auto mt-md-0 mt-2\"><a class=\"btn btn-primary btn-lg px-lg-4 d-none d-md-block\" href=\"https:\/\/comunidad.comprasdominicana.gob.do\/\/Public\/Tendering\/OpportunityDetail\/Index?noticeUID=DO1.NTC.1157404\" target=\"_blank\" title=\"Detalles\"><i class=\"fas fa-link\"><\/i> DETALLES<\/a><a class=\"btn btn-primary btn-lg px-lg-4 d-block d-md-none\" href=\"https:\/\/comunidad.comprasdominicana.gob.do\/\/Public\/Tendering\/OpportunityDetail\/Index?noticeUID=DO1.NTC.1157404\" target=\"_blank\" title=\"Detalles\"><i class=\"fas fa-2x fa-link\"><\/i><\/a><\/div><\/div><\/div><div class=\"jumbotron archivos\"><div class=\"row align-items-center\"><div class=\"col\"><h6><a class=\"text-dark\" href=\"https:\/\/comunidad.comprasdominicana.gob.do\/\/Public\/Tendering\/OpportunityDetail\/Index?noticeUID=DO1.NTC.1153901\" title=\"Ver\" target=\"_blank\">APORDOM-CCC-PEPB-2022-0053<\/a><\/h6><p class=\"mb-0 bold\">CONTRATACI\u00d3N DE PUBLICIDAD EN TELEVISI\u00d3N, RADIO Y MEDIOS DIGITALES<\/p><p class=\"mb-0\" style=\"font-size: .85rem\"><strong title=\"Estado del Proceso\"><i class=\"fas fa-spinner\"><\/i><\/strong> Proceso adjudicado y celebrado<\/p><p class=\"mb-0\" style=\"font-size: .85rem\"><strong title=\"Fecha de Publicaci\u00f3n\"><i class=\"fas fa-calendar-alt\"><\/i><\/strong> Publicado el martes, 8 de noviembre de 2022<\/p><\/div><div class=\"col-auto mt-md-0 mt-2\"><a class=\"btn btn-primary btn-lg px-lg-4 d-none d-md-block\" href=\"https:\/\/comunidad.comprasdominicana.gob.do\/\/Public\/Tendering\/OpportunityDetail\/Index?noticeUID=DO1.NTC.1153901\" target=\"_blank\" title=\"Detalles\"><i class=\"fas fa-link\"><\/i> DETALLES<\/a><a class=\"btn btn-primary btn-lg px-lg-4 d-block d-md-none\" href=\"https:\/\/comunidad.comprasdominicana.gob.do\/\/Public\/Tendering\/OpportunityDetail\/Index?noticeUID=DO1.NTC.1153901\" target=\"_blank\" title=\"Detalles\"><i class=\"fas fa-2x fa-link\"><\/i><\/a><\/div><\/div><\/div><div class=\"jumbotron archivos\"><div class=\"row align-items-center\"><div class=\"col\"><h6><a class=\"text-dark\" href=\"https:\/\/comunidad.comprasdominicana.gob.do\/\/Public\/Tendering\/OpportunityDetail\/Index?noticeUID=DO1.NTC.1152201\" title=\"Ver\" target=\"_blank\">APORDOM-CCC-PEPB-2022-0055<\/a><\/h6><p class=\"mb-0 bold\">CONTRATACI\u00d3N DE PUBLICIDAD PARA TRANSMISI\u00d3N EN VIVO EN EL PROGRAMA EL SOL DE LA MA\u00d1ANA<\/p><p class=\"mb-0\" style=\"font-size: .85rem\"><strong title=\"Estado del Proceso\"><i class=\"fas fa-spinner\"><\/i><\/strong> Proceso adjudicado y celebrado<\/p><p class=\"mb-0\" style=\"font-size: .85rem\"><strong title=\"Fecha de Publicaci\u00f3n\"><i class=\"fas fa-calendar-alt\"><\/i><\/strong> Publicado el viernes, 4 de noviembre de 2022<\/p><\/div><div class=\"col-auto mt-md-0 mt-2\"><a class=\"btn btn-primary btn-lg px-lg-4 d-none d-md-block\" href=\"https:\/\/comunidad.comprasdominicana.gob.do\/\/Public\/Tendering\/OpportunityDetail\/Index?noticeUID=DO1.NTC.1152201\" target=\"_blank\" title=\"Detalles\"><i class=\"fas fa-link\"><\/i> DETALLES<\/a><a class=\"btn btn-primary btn-lg px-lg-4 d-block d-md-none\" href=\"https:\/\/comunidad.comprasdominicana.gob.do\/\/Public\/Tendering\/OpportunityDetail\/Index?noticeUID=DO1.NTC.1152201\" target=\"_blank\" title=\"Detalles\"><i class=\"fas fa-2x fa-link\"><\/i><\/a><\/div><\/div><\/div><\/div><\/div><\/div><\/div><\/div><\/div>\n        <div class=\"card\">\n            <div class=\"card-header parents\" id=\"heading_casos-de-excepcio-n-69eeee772d89c-2022-69eeee772d89c-octubre-69eeee772d89c\">\n                <p class=\"title text-blue mb-0\">\n                    <a class=\"btn-block hover text-left collapsed\" data-toggle=\"collapse\" data-target=\"#collap_casos-de-excepcio-n-69eeee772d89c-2022-69eeee772d89c-octubre-69eeee772d89c\" aria-expanded=\"false\" aria-controls=\"collap_casos-de-excepcio-n-69eeee772d89c-2022-69eeee772d89c-octubre-69eeee772d89c\">Octubre<\/a>\n                <\/p>\n            <\/div>\n            <div id=\"collap_casos-de-excepcio-n-69eeee772d89c-2022-69eeee772d89c-octubre-69eeee772d89c\" class=\"collapse\" aria-labelledby=\"heading_casos-de-excepcio-n-69eeee772d89c-2022-69eeee772d89c-octubre-69eeee772d89c\" data-parent=\"#collap_casos-de-excepcio-n-69eeee772d89c-2022-69eeee772d89c\">\n                <div class=\"card-body\">\n        <div class=\"card\">\n            <div class=\"card-header parents\" id=\"heading_casos-de-excepcio-n-69eeee772d89c-2022-69eeee772d89c-octubre-69eeee772d89c-exclusividad-69eeee772d89c\">\n                <p class=\"title text-blue mb-0\">\n                    <a class=\"btn-block hover text-left collapsed\" data-toggle=\"collapse\" data-target=\"#collap_casos-de-excepcio-n-69eeee772d89c-2022-69eeee772d89c-octubre-69eeee772d89c-exclusividad-69eeee772d89c\" aria-expanded=\"false\" aria-controls=\"collap_casos-de-excepcio-n-69eeee772d89c-2022-69eeee772d89c-octubre-69eeee772d89c-exclusividad-69eeee772d89c\">Exclusividad<\/a>\n                <\/p>\n            <\/div>\n            <div id=\"collap_casos-de-excepcio-n-69eeee772d89c-2022-69eeee772d89c-octubre-69eeee772d89c-exclusividad-69eeee772d89c\" class=\"collapse\" aria-labelledby=\"heading_casos-de-excepcio-n-69eeee772d89c-2022-69eeee772d89c-octubre-69eeee772d89c-exclusividad-69eeee772d89c\" data-parent=\"#collap_casos-de-excepcio-n-69eeee772d89c-2022-69eeee772d89c-octubre-69eeee772d89c\">\n                <div class=\"card-body\"><div class=\"jumbotron archivos\"><div class=\"row align-items-center\"><div class=\"col\"><h6><a class=\"text-dark\" href=\"https:\/\/comunidad.comprasdominicana.gob.do\/\/Public\/Tendering\/OpportunityDetail\/Index?noticeUID=DO1.NTC.1137850\" title=\"Ver\" target=\"_blank\">APORDOM-CCC-PEEX-2022-0002<\/a><\/h6><p class=\"mb-0 bold\">CONTRATACION DE SERVICIOS PROFESIONALES DE CONSULTORIA EXTERNA PARA EL PROYECTO DE ESCUELA MARITIMA<\/p><p class=\"mb-0\" style=\"font-size: .85rem\"><strong title=\"Estado del Proceso\"><i class=\"fas fa-spinner\"><\/i><\/strong> Proceso adjudicado y celebrado<\/p><p class=\"mb-0\" style=\"font-size: .85rem\"><strong title=\"Fecha de Publicaci\u00f3n\"><i class=\"fas fa-calendar-alt\"><\/i><\/strong> Publicado el lunes, 3 de octubre de 2022<\/p><\/div><div class=\"col-auto mt-md-0 mt-2\"><a class=\"btn btn-primary btn-lg px-lg-4 d-none d-md-block\" href=\"https:\/\/comunidad.comprasdominicana.gob.do\/\/Public\/Tendering\/OpportunityDetail\/Index?noticeUID=DO1.NTC.1137850\" target=\"_blank\" title=\"Detalles\"><i class=\"fas fa-link\"><\/i> DETALLES<\/a><a class=\"btn btn-primary btn-lg px-lg-4 d-block d-md-none\" href=\"https:\/\/comunidad.comprasdominicana.gob.do\/\/Public\/Tendering\/OpportunityDetail\/Index?noticeUID=DO1.NTC.1137850\" target=\"_blank\" title=\"Detalles\"><i class=\"fas fa-2x fa-link\"><\/i><\/a><\/div><\/div><\/div><\/div><\/div><\/div>\n        <div class=\"card\">\n            <div class=\"card-header parents\" id=\"heading_casos-de-excepcio-n-69eeee772d89c-2022-69eeee772d89c-octubre-69eeee772d89c-publicidad-69eeee772d89c\">\n                <p class=\"title text-blue mb-0\">\n                    <a class=\"btn-block hover text-left collapsed\" data-toggle=\"collapse\" data-target=\"#collap_casos-de-excepcio-n-69eeee772d89c-2022-69eeee772d89c-octubre-69eeee772d89c-publicidad-69eeee772d89c\" aria-expanded=\"false\" aria-controls=\"collap_casos-de-excepcio-n-69eeee772d89c-2022-69eeee772d89c-octubre-69eeee772d89c-publicidad-69eeee772d89c\">Publicidad<\/a>\n                <\/p>\n            <\/div>\n            <div id=\"collap_casos-de-excepcio-n-69eeee772d89c-2022-69eeee772d89c-octubre-69eeee772d89c-publicidad-69eeee772d89c\" class=\"collapse\" aria-labelledby=\"heading_casos-de-excepcio-n-69eeee772d89c-2022-69eeee772d89c-octubre-69eeee772d89c-publicidad-69eeee772d89c\" data-parent=\"#collap_casos-de-excepcio-n-69eeee772d89c-2022-69eeee772d89c-octubre-69eeee772d89c\">\n                <div class=\"card-body\"><div class=\"jumbotron archivos\"><div class=\"row align-items-center\"><div class=\"col\"><h6><a class=\"text-dark\" href=\"https:\/\/comunidad.comprasdominicana.gob.do\/\/Public\/Tendering\/OpportunityDetail\/Index?noticeUID=DO1.NTC.1146923\" title=\"Ver\" target=\"_blank\">APORDOM-CCC-PEPB-2022-0051<\/a><\/h6><p class=\"mb-0 bold\">CONTRATACI\u00d3N DE PUBLICIDAD A TRAV\u00c9S DE LA REVISTA SEMANA<\/p><p class=\"mb-0\" style=\"font-size: .85rem\"><strong title=\"Estado del Proceso\"><i class=\"fas fa-spinner\"><\/i><\/strong> Proceso adjudicado y celebrado<\/p><p class=\"mb-0\" style=\"font-size: .85rem\"><strong title=\"Fecha de Publicaci\u00f3n\"><i class=\"fas fa-calendar-alt\"><\/i><\/strong> Publicado el lunes, 24 de octubre de 2022<\/p><\/div><div class=\"col-auto mt-md-0 mt-2\"><a class=\"btn btn-primary btn-lg px-lg-4 d-none d-md-block\" href=\"https:\/\/comunidad.comprasdominicana.gob.do\/\/Public\/Tendering\/OpportunityDetail\/Index?noticeUID=DO1.NTC.1146923\" target=\"_blank\" title=\"Detalles\"><i class=\"fas fa-link\"><\/i> DETALLES<\/a><a class=\"btn btn-primary btn-lg px-lg-4 d-block d-md-none\" href=\"https:\/\/comunidad.comprasdominicana.gob.do\/\/Public\/Tendering\/OpportunityDetail\/Index?noticeUID=DO1.NTC.1146923\" target=\"_blank\" title=\"Detalles\"><i class=\"fas fa-2x fa-link\"><\/i><\/a><\/div><\/div><\/div><div class=\"jumbotron archivos\"><div class=\"row align-items-center\"><div class=\"col\"><h6><a class=\"text-dark\" href=\"https:\/\/comunidad.comprasdominicana.gob.do\/\/Public\/Tendering\/OpportunityDetail\/Index?noticeUID=DO1.NTC.1143827\" title=\"Ver\" target=\"_blank\">APORDOM-CCC-PEPB-2022-0046<\/a><\/h6><p class=\"mb-0 bold\">CONTRATACI\u00d3N DE SERVICIOS DE PUBLICIDAD A TRAV\u00c9S DEL PERIODICO DIGITAL NOTIDIGITALRD.COM.DO<\/p><p class=\"mb-0\" style=\"font-size: .85rem\"><strong title=\"Estado del Proceso\"><i class=\"fas fa-spinner\"><\/i><\/strong> Proceso adjudicado y celebrado<\/p><p class=\"mb-0\" style=\"font-size: .85rem\"><strong title=\"Fecha de Publicaci\u00f3n\"><i class=\"fas fa-calendar-alt\"><\/i><\/strong> Publicado el lunes, 17 de octubre de 2022<\/p><\/div><div class=\"col-auto mt-md-0 mt-2\"><a class=\"btn btn-primary btn-lg px-lg-4 d-none d-md-block\" href=\"https:\/\/comunidad.comprasdominicana.gob.do\/\/Public\/Tendering\/OpportunityDetail\/Index?noticeUID=DO1.NTC.1143827\" target=\"_blank\" title=\"Detalles\"><i class=\"fas fa-link\"><\/i> DETALLES<\/a><a class=\"btn btn-primary btn-lg px-lg-4 d-block d-md-none\" href=\"https:\/\/comunidad.comprasdominicana.gob.do\/\/Public\/Tendering\/OpportunityDetail\/Index?noticeUID=DO1.NTC.1143827\" target=\"_blank\" title=\"Detalles\"><i class=\"fas fa-2x fa-link\"><\/i><\/a><\/div><\/div><\/div><div class=\"jumbotron archivos\"><div class=\"row align-items-center\"><div class=\"col\"><h6><a class=\"text-dark\" href=\"https:\/\/comunidad.comprasdominicana.gob.do\/\/Public\/Tendering\/OpportunityDetail\/Index?noticeUID=DO1.NTC.1143626\" title=\"Ver\" target=\"_blank\">APORDOM-CCC-PEPB-2022-0052<\/a><\/h6><p class=\"mb-0 bold\">CONTRATACI\u00d3N DE COLOCACI\u00d3N DE PUBLICIDAD EN LOS PERI\u00d3DICOS LIST\u00cdN DIARIO, EL D\u00cdA Y DIARIO LIBRE<\/p><p class=\"mb-0\" style=\"font-size: .85rem\"><strong title=\"Estado del Proceso\"><i class=\"fas fa-spinner\"><\/i><\/strong> Proceso adjudicado y celebrado<\/p><p class=\"mb-0\" style=\"font-size: .85rem\"><strong title=\"Fecha de Publicaci\u00f3n\"><i class=\"fas fa-calendar-alt\"><\/i><\/strong> Publicado el viernes, 14 de octubre de 2022<\/p><\/div><div class=\"col-auto mt-md-0 mt-2\"><a class=\"btn btn-primary btn-lg px-lg-4 d-none d-md-block\" href=\"https:\/\/comunidad.comprasdominicana.gob.do\/\/Public\/Tendering\/OpportunityDetail\/Index?noticeUID=DO1.NTC.1143626\" target=\"_blank\" title=\"Detalles\"><i class=\"fas fa-link\"><\/i> DETALLES<\/a><a class=\"btn btn-primary btn-lg px-lg-4 d-block d-md-none\" href=\"https:\/\/comunidad.comprasdominicana.gob.do\/\/Public\/Tendering\/OpportunityDetail\/Index?noticeUID=DO1.NTC.1143626\" target=\"_blank\" title=\"Detalles\"><i class=\"fas fa-2x fa-link\"><\/i><\/a><\/div><\/div><\/div><div class=\"jumbotron archivos\"><div class=\"row align-items-center\"><div class=\"col\"><h6><a class=\"text-dark\" href=\"https:\/\/comunidad.comprasdominicana.gob.do\/\/Public\/Tendering\/OpportunityDetail\/Index?noticeUID=DO1.NTC.1142406\" title=\"Ver\" target=\"_blank\">APORDOM-CCC-PEPB-2022-0050<\/a><\/h6><p class=\"mb-0 bold\">CONTRATACI\u00d3N DE PUBLICIDAD A TRAV\u00c9S DEL PROGRAMA MANANTIAL DE VIDA<\/p><p class=\"mb-0\" style=\"font-size: .85rem\"><strong title=\"Estado del Proceso\"><i class=\"fas fa-spinner\"><\/i><\/strong> Proceso adjudicado y celebrado<\/p><p class=\"mb-0\" style=\"font-size: .85rem\"><strong title=\"Fecha de Publicaci\u00f3n\"><i class=\"fas fa-calendar-alt\"><\/i><\/strong> Publicado el mi\u00e9rcoles, 12 de octubre de 2022<\/p><\/div><div class=\"col-auto mt-md-0 mt-2\"><a class=\"btn btn-primary btn-lg px-lg-4 d-none d-md-block\" href=\"https:\/\/comunidad.comprasdominicana.gob.do\/\/Public\/Tendering\/OpportunityDetail\/Index?noticeUID=DO1.NTC.1142406\" target=\"_blank\" title=\"Detalles\"><i class=\"fas fa-link\"><\/i> DETALLES<\/a><a class=\"btn btn-primary btn-lg px-lg-4 d-block d-md-none\" href=\"https:\/\/comunidad.comprasdominicana.gob.do\/\/Public\/Tendering\/OpportunityDetail\/Index?noticeUID=DO1.NTC.1142406\" target=\"_blank\" title=\"Detalles\"><i class=\"fas fa-2x fa-link\"><\/i><\/a><\/div><\/div><\/div><div class=\"jumbotron archivos\"><div class=\"row align-items-center\"><div class=\"col\"><h6><a class=\"text-dark\" href=\"https:\/\/comunidad.comprasdominicana.gob.do\/\/Public\/Tendering\/OpportunityDetail\/Index?noticeUID=DO1.NTC.1141643\" title=\"Ver\" target=\"_blank\">APORDOM-CCC-PEPB-2022-0045<\/a><\/h6><p class=\"mb-0 bold\">CONTRATACI\u00d3N DE PUBLICIDAD A TRAV\u00c9S DEL PROGRAMA TRIALOGO DE LA MUNICIPALIDAD<\/p><p class=\"mb-0\" style=\"font-size: .85rem\"><strong title=\"Estado del Proceso\"><i class=\"fas fa-spinner\"><\/i><\/strong> Proceso adjudicado y celebrado<\/p><p class=\"mb-0\" style=\"font-size: .85rem\"><strong title=\"Fecha de Publicaci\u00f3n\"><i class=\"fas fa-calendar-alt\"><\/i><\/strong> Publicado el martes, 11 de octubre de 2022<\/p><\/div><div class=\"col-auto mt-md-0 mt-2\"><a class=\"btn btn-primary btn-lg px-lg-4 d-none d-md-block\" href=\"https:\/\/comunidad.comprasdominicana.gob.do\/\/Public\/Tendering\/OpportunityDetail\/Index?noticeUID=DO1.NTC.1141643\" target=\"_blank\" title=\"Detalles\"><i class=\"fas fa-link\"><\/i> DETALLES<\/a><a class=\"btn btn-primary btn-lg px-lg-4 d-block d-md-none\" href=\"https:\/\/comunidad.comprasdominicana.gob.do\/\/Public\/Tendering\/OpportunityDetail\/Index?noticeUID=DO1.NTC.1141643\" target=\"_blank\" title=\"Detalles\"><i class=\"fas fa-2x fa-link\"><\/i><\/a><\/div><\/div><\/div><div class=\"jumbotron archivos\"><div class=\"row align-items-center\"><div class=\"col\"><h6><a class=\"text-dark\" href=\"https:\/\/comunidad.comprasdominicana.gob.do\/\/Public\/Tendering\/OpportunityDetail\/Index?noticeUID=DO1.NTC.1141417\" title=\"Ver\" target=\"_blank\">APORDOM-CCC-PEPB-2022-0048<\/a><\/h6><p class=\"mb-0 bold\">CONTRATACI\u00d3N DE PUBLICIDAD A TRAV\u00c9S DEL PROGRAMA ENFOQUE DE ACTUALIDAD<\/p><p class=\"mb-0\" style=\"font-size: .85rem\"><strong title=\"Estado del Proceso\"><i class=\"fas fa-spinner\"><\/i><\/strong> Proceso adjudicado y celebrado<\/p><p class=\"mb-0\" style=\"font-size: .85rem\"><strong title=\"Fecha de Publicaci\u00f3n\"><i class=\"fas fa-calendar-alt\"><\/i><\/strong> Publicado el martes, 11 de octubre de 2022<\/p><\/div><div class=\"col-auto mt-md-0 mt-2\"><a class=\"btn btn-primary btn-lg px-lg-4 d-none d-md-block\" href=\"https:\/\/comunidad.comprasdominicana.gob.do\/\/Public\/Tendering\/OpportunityDetail\/Index?noticeUID=DO1.NTC.1141417\" target=\"_blank\" title=\"Detalles\"><i class=\"fas fa-link\"><\/i> DETALLES<\/a><a class=\"btn btn-primary btn-lg px-lg-4 d-block d-md-none\" href=\"https:\/\/comunidad.comprasdominicana.gob.do\/\/Public\/Tendering\/OpportunityDetail\/Index?noticeUID=DO1.NTC.1141417\" target=\"_blank\" title=\"Detalles\"><i class=\"fas fa-2x fa-link\"><\/i><\/a><\/div><\/div><\/div><div class=\"jumbotron archivos\"><div class=\"row align-items-center\"><div class=\"col\"><h6><a class=\"text-dark\" href=\"https:\/\/comunidad.comprasdominicana.gob.do\/\/Public\/Tendering\/OpportunityDetail\/Index?noticeUID=DO1.NTC.1141049\" title=\"Ver\" target=\"_blank\">APORDOM-CCC-PEPB-2022-0049<\/a><\/h6><p class=\"mb-0 bold\">CONTRATACI\u00d3N DE SERVICIOS DE PUBLICIDAD A TRAV\u00c9S DEL PERIODICO DIGITAL EL OCOE\u00d1O<\/p><p class=\"mb-0\" style=\"font-size: .85rem\"><strong title=\"Estado del Proceso\"><i class=\"fas fa-spinner\"><\/i><\/strong> Proceso adjudicado y celebrado<\/p><p class=\"mb-0\" style=\"font-size: .85rem\"><strong title=\"Fecha de Publicaci\u00f3n\"><i class=\"fas fa-calendar-alt\"><\/i><\/strong> Publicado el lunes, 10 de octubre de 2022<\/p><\/div><div class=\"col-auto mt-md-0 mt-2\"><a class=\"btn btn-primary btn-lg px-lg-4 d-none d-md-block\" href=\"https:\/\/comunidad.comprasdominicana.gob.do\/\/Public\/Tendering\/OpportunityDetail\/Index?noticeUID=DO1.NTC.1141049\" target=\"_blank\" title=\"Detalles\"><i class=\"fas fa-link\"><\/i> DETALLES<\/a><a class=\"btn btn-primary btn-lg px-lg-4 d-block d-md-none\" href=\"https:\/\/comunidad.comprasdominicana.gob.do\/\/Public\/Tendering\/OpportunityDetail\/Index?noticeUID=DO1.NTC.1141049\" target=\"_blank\" title=\"Detalles\"><i class=\"fas fa-2x fa-link\"><\/i><\/a><\/div><\/div><\/div><div class=\"jumbotron archivos\"><div class=\"row align-items-center\"><div class=\"col\"><h6><a class=\"text-dark\" href=\"https:\/\/comunidad.comprasdominicana.gob.do\/\/Public\/Tendering\/OpportunityDetail\/Index?noticeUID=DO1.NTC.1141311\" title=\"Ver\" target=\"_blank\">APORDOM-CCC-PEPB-2022-0047<\/a><\/h6><p class=\"mb-0 bold\">CONTRATACI\u00d3N DE PUBLICIDAD A TRAV\u00c9S DE EL NUEVO DIARIO TV Y SU PERIODICO DIGITAL<\/p><p class=\"mb-0\" style=\"font-size: .85rem\"><strong title=\"Estado del Proceso\"><i class=\"fas fa-spinner\"><\/i><\/strong> Proceso adjudicado y celebrado<\/p><p class=\"mb-0\" style=\"font-size: .85rem\"><strong title=\"Fecha de Publicaci\u00f3n\"><i class=\"fas fa-calendar-alt\"><\/i><\/strong> Publicado el lunes, 10 de octubre de 2022<\/p><\/div><div class=\"col-auto mt-md-0 mt-2\"><a class=\"btn btn-primary btn-lg px-lg-4 d-none d-md-block\" href=\"https:\/\/comunidad.comprasdominicana.gob.do\/\/Public\/Tendering\/OpportunityDetail\/Index?noticeUID=DO1.NTC.1141311\" target=\"_blank\" title=\"Detalles\"><i class=\"fas fa-link\"><\/i> DETALLES<\/a><a class=\"btn btn-primary btn-lg px-lg-4 d-block d-md-none\" href=\"https:\/\/comunidad.comprasdominicana.gob.do\/\/Public\/Tendering\/OpportunityDetail\/Index?noticeUID=DO1.NTC.1141311\" target=\"_blank\" title=\"Detalles\"><i class=\"fas fa-2x fa-link\"><\/i><\/a><\/div><\/div><\/div><\/div><\/div><\/div><\/div><\/div><\/div>\n        <div class=\"card\">\n            <div class=\"card-header parents\" id=\"heading_casos-de-excepcio-n-69eeee772d89c-2022-69eeee772d89c-septiembre-69eeee772d89c\">\n                <p class=\"title text-blue mb-0\">\n                    <a class=\"btn-block hover text-left collapsed\" data-toggle=\"collapse\" data-target=\"#collap_casos-de-excepcio-n-69eeee772d89c-2022-69eeee772d89c-septiembre-69eeee772d89c\" aria-expanded=\"false\" aria-controls=\"collap_casos-de-excepcio-n-69eeee772d89c-2022-69eeee772d89c-septiembre-69eeee772d89c\">Septiembre<\/a>\n                <\/p>\n            <\/div>\n            <div id=\"collap_casos-de-excepcio-n-69eeee772d89c-2022-69eeee772d89c-septiembre-69eeee772d89c\" class=\"collapse\" aria-labelledby=\"heading_casos-de-excepcio-n-69eeee772d89c-2022-69eeee772d89c-septiembre-69eeee772d89c\" data-parent=\"#collap_casos-de-excepcio-n-69eeee772d89c-2022-69eeee772d89c\">\n                <div class=\"card-body\">\n        <div class=\"card\">\n            <div class=\"card-header parents\" id=\"heading_casos-de-excepcio-n-69eeee772d89c-2022-69eeee772d89c-septiembre-69eeee772d89c-exclusividad-69eeee772d89c\">\n                <p class=\"title text-blue mb-0\">\n                    <a class=\"btn-block hover text-left collapsed\" data-toggle=\"collapse\" data-target=\"#collap_casos-de-excepcio-n-69eeee772d89c-2022-69eeee772d89c-septiembre-69eeee772d89c-exclusividad-69eeee772d89c\" aria-expanded=\"false\" aria-controls=\"collap_casos-de-excepcio-n-69eeee772d89c-2022-69eeee772d89c-septiembre-69eeee772d89c-exclusividad-69eeee772d89c\">Exclusividad<\/a>\n                <\/p>\n            <\/div>\n            <div id=\"collap_casos-de-excepcio-n-69eeee772d89c-2022-69eeee772d89c-septiembre-69eeee772d89c-exclusividad-69eeee772d89c\" class=\"collapse\" aria-labelledby=\"heading_casos-de-excepcio-n-69eeee772d89c-2022-69eeee772d89c-septiembre-69eeee772d89c-exclusividad-69eeee772d89c\" data-parent=\"#collap_casos-de-excepcio-n-69eeee772d89c-2022-69eeee772d89c-septiembre-69eeee772d89c\">\n                <div class=\"card-body\"><div class=\"jumbotron archivos\"><div class=\"row align-items-center\"><div class=\"col\"><h6><a class=\"text-dark\" href=\"https:\/\/comunidad.comprasdominicana.gob.do\/\/Public\/Tendering\/OpportunityDetail\/Index?noticeUID=DO1.NTC.1136120\" title=\"Ver\" target=\"_blank\">APORDOM-CCC-PEEX-2022-0001<\/a><\/h6><p class=\"mb-0 bold\">ASESORIA ESPECIALIZADA EN RELACIONES PUBLICAS Y COMUNICACION ESTRATEGICA <\/p><p class=\"mb-0\" style=\"font-size: .85rem\"><strong title=\"Estado del Proceso\"><i class=\"fas fa-spinner\"><\/i><\/strong> Proceso adjudicado y celebrado<\/p><p class=\"mb-0\" style=\"font-size: .85rem\"><strong title=\"Fecha de Publicaci\u00f3n\"><i class=\"fas fa-calendar-alt\"><\/i><\/strong> Publicado el mi\u00e9rcoles, 28 de septiembre de 2022<\/p><\/div><div class=\"col-auto mt-md-0 mt-2\"><a class=\"btn btn-primary btn-lg px-lg-4 d-none d-md-block\" href=\"https:\/\/comunidad.comprasdominicana.gob.do\/\/Public\/Tendering\/OpportunityDetail\/Index?noticeUID=DO1.NTC.1136120\" target=\"_blank\" title=\"Detalles\"><i class=\"fas fa-link\"><\/i> DETALLES<\/a><a class=\"btn btn-primary btn-lg px-lg-4 d-block d-md-none\" href=\"https:\/\/comunidad.comprasdominicana.gob.do\/\/Public\/Tendering\/OpportunityDetail\/Index?noticeUID=DO1.NTC.1136120\" target=\"_blank\" title=\"Detalles\"><i class=\"fas fa-2x fa-link\"><\/i><\/a><\/div><\/div><\/div><\/div><\/div><\/div>\n        <div class=\"card\">\n            <div class=\"card-header parents\" id=\"heading_casos-de-excepcio-n-69eeee772d89c-2022-69eeee772d89c-septiembre-69eeee772d89c-publicidad-69eeee772d89c\">\n                <p class=\"title text-blue mb-0\">\n                    <a class=\"btn-block hover text-left collapsed\" data-toggle=\"collapse\" data-target=\"#collap_casos-de-excepcio-n-69eeee772d89c-2022-69eeee772d89c-septiembre-69eeee772d89c-publicidad-69eeee772d89c\" aria-expanded=\"false\" aria-controls=\"collap_casos-de-excepcio-n-69eeee772d89c-2022-69eeee772d89c-septiembre-69eeee772d89c-publicidad-69eeee772d89c\">Publicidad<\/a>\n                <\/p>\n            <\/div>\n            <div id=\"collap_casos-de-excepcio-n-69eeee772d89c-2022-69eeee772d89c-septiembre-69eeee772d89c-publicidad-69eeee772d89c\" class=\"collapse\" aria-labelledby=\"heading_casos-de-excepcio-n-69eeee772d89c-2022-69eeee772d89c-septiembre-69eeee772d89c-publicidad-69eeee772d89c\" data-parent=\"#collap_casos-de-excepcio-n-69eeee772d89c-2022-69eeee772d89c-septiembre-69eeee772d89c\">\n                <div class=\"card-body\"><div class=\"jumbotron archivos\"><div class=\"row align-items-center\"><div class=\"col\"><h6><a class=\"text-dark\" href=\"https:\/\/comunidad.comprasdominicana.gob.do\/\/Public\/Tendering\/OpportunityDetail\/Index?noticeUID=DO1.NTC.1126131\" title=\"Ver\" target=\"_blank\">APORDOM-CCC-PEPB-2022-0044<\/a><\/h6><p class=\"mb-0 bold\">CONTRATACI\u00d3N DE SERVICIOS DE PUBLICIDAD A TRAV\u00c9S DEL PERIODICO DIGITAL EL REGIONAL<\/p><p class=\"mb-0\" style=\"font-size: .85rem\"><strong title=\"Estado del Proceso\"><i class=\"fas fa-spinner\"><\/i><\/strong> Proceso adjudicado y celebrado<\/p><p class=\"mb-0\" style=\"font-size: .85rem\"><strong title=\"Fecha de Publicaci\u00f3n\"><i class=\"fas fa-calendar-alt\"><\/i><\/strong> Publicado el lunes, 5 de septiembre de 2022<\/p><\/div><div class=\"col-auto mt-md-0 mt-2\"><a class=\"btn btn-primary btn-lg px-lg-4 d-none d-md-block\" href=\"https:\/\/comunidad.comprasdominicana.gob.do\/\/Public\/Tendering\/OpportunityDetail\/Index?noticeUID=DO1.NTC.1126131\" target=\"_blank\" title=\"Detalles\"><i class=\"fas fa-link\"><\/i> DETALLES<\/a><a class=\"btn btn-primary btn-lg px-lg-4 d-block d-md-none\" href=\"https:\/\/comunidad.comprasdominicana.gob.do\/\/Public\/Tendering\/OpportunityDetail\/Index?noticeUID=DO1.NTC.1126131\" target=\"_blank\" title=\"Detalles\"><i class=\"fas fa-2x fa-link\"><\/i><\/a><\/div><\/div><\/div><div class=\"jumbotron archivos\"><div class=\"row align-items-center\"><div class=\"col\"><h6><a class=\"text-dark\" href=\"https:\/\/comunidad.comprasdominicana.gob.do\/\/Public\/Tendering\/OpportunityDetail\/Index?noticeUID=DO1.NTC.1125229\" title=\"Ver\" target=\"_blank\">APORDOM-CCC-PEPB-2022-0041<\/a><\/h6><p class=\"mb-0 bold\">CONTRATACI\u00d3N DE SERVICIOS DE PUBLICIDAD A TRAV\u00c9S DEL PERIODICO DIGITAL EXTRARD<\/p><p class=\"mb-0\" style=\"font-size: .85rem\"><strong title=\"Estado del Proceso\"><i class=\"fas fa-spinner\"><\/i><\/strong> Proceso adjudicado y celebrado<\/p><p class=\"mb-0\" style=\"font-size: .85rem\"><strong title=\"Fecha de Publicaci\u00f3n\"><i class=\"fas fa-calendar-alt\"><\/i><\/strong> Publicado el viernes, 2 de septiembre de 2022<\/p><\/div><div class=\"col-auto mt-md-0 mt-2\"><a class=\"btn btn-primary btn-lg px-lg-4 d-none d-md-block\" href=\"https:\/\/comunidad.comprasdominicana.gob.do\/\/Public\/Tendering\/OpportunityDetail\/Index?noticeUID=DO1.NTC.1125229\" target=\"_blank\" title=\"Detalles\"><i class=\"fas fa-link\"><\/i> DETALLES<\/a><a class=\"btn btn-primary btn-lg px-lg-4 d-block d-md-none\" href=\"https:\/\/comunidad.comprasdominicana.gob.do\/\/Public\/Tendering\/OpportunityDetail\/Index?noticeUID=DO1.NTC.1125229\" target=\"_blank\" title=\"Detalles\"><i class=\"fas fa-2x fa-link\"><\/i><\/a><\/div><\/div><\/div><div class=\"jumbotron archivos\"><div class=\"row align-items-center\"><div class=\"col\"><h6><a class=\"text-dark\" href=\"https:\/\/comunidad.comprasdominicana.gob.do\/\/Public\/Tendering\/OpportunityDetail\/Index?noticeUID=DO1.NTC.1125411\" title=\"Ver\" target=\"_blank\">APORDOM-CCC-PEPB-2022-0040<\/a><\/h6><p class=\"mb-0 bold\">CONTRATACI\u00d3N DE PUBLICIDAD A TRAV\u00c9S DEL PROGRAMA ENFOQUE DIRECTO<\/p><p class=\"mb-0\" style=\"font-size: .85rem\"><strong title=\"Estado del Proceso\"><i class=\"fas fa-spinner\"><\/i><\/strong> Proceso adjudicado y celebrado<\/p><p class=\"mb-0\" style=\"font-size: .85rem\"><strong title=\"Fecha de Publicaci\u00f3n\"><i class=\"fas fa-calendar-alt\"><\/i><\/strong> Publicado el viernes, 2 de septiembre de 2022<\/p><\/div><div class=\"col-auto mt-md-0 mt-2\"><a class=\"btn btn-primary btn-lg px-lg-4 d-none d-md-block\" href=\"https:\/\/comunidad.comprasdominicana.gob.do\/\/Public\/Tendering\/OpportunityDetail\/Index?noticeUID=DO1.NTC.1125411\" target=\"_blank\" title=\"Detalles\"><i class=\"fas fa-link\"><\/i> DETALLES<\/a><a class=\"btn btn-primary btn-lg px-lg-4 d-block d-md-none\" href=\"https:\/\/comunidad.comprasdominicana.gob.do\/\/Public\/Tendering\/OpportunityDetail\/Index?noticeUID=DO1.NTC.1125411\" target=\"_blank\" title=\"Detalles\"><i class=\"fas fa-2x fa-link\"><\/i><\/a><\/div><\/div><\/div><div class=\"jumbotron archivos\"><div class=\"row align-items-center\"><div class=\"col\"><h6><a class=\"text-dark\" href=\"https:\/\/comunidad.comprasdominicana.gob.do\/\/Public\/Tendering\/OpportunityDetail\/Index?noticeUID=DO1.NTC.1124732\" title=\"Ver\" target=\"_blank\">APORDOM-CCC-PEPB-2022-0043<\/a><\/h6><p class=\"mb-0 bold\">CONTRATACI\u00d3N DE PUBLICIDAD A TRAV\u00c9S DEL PROGRAMA SIN ESQUEMAS CON ALBERTO ATALLAH<\/p><p class=\"mb-0\" style=\"font-size: .85rem\"><strong title=\"Estado del Proceso\"><i class=\"fas fa-spinner\"><\/i><\/strong> Proceso adjudicado y celebrado<\/p><p class=\"mb-0\" style=\"font-size: .85rem\"><strong title=\"Fecha de Publicaci\u00f3n\"><i class=\"fas fa-calendar-alt\"><\/i><\/strong> Publicado el jueves, 1 de septiembre de 2022<\/p><\/div><div class=\"col-auto mt-md-0 mt-2\"><a class=\"btn btn-primary btn-lg px-lg-4 d-none d-md-block\" href=\"https:\/\/comunidad.comprasdominicana.gob.do\/\/Public\/Tendering\/OpportunityDetail\/Index?noticeUID=DO1.NTC.1124732\" target=\"_blank\" title=\"Detalles\"><i class=\"fas fa-link\"><\/i> DETALLES<\/a><a class=\"btn btn-primary btn-lg px-lg-4 d-block d-md-none\" href=\"https:\/\/comunidad.comprasdominicana.gob.do\/\/Public\/Tendering\/OpportunityDetail\/Index?noticeUID=DO1.NTC.1124732\" target=\"_blank\" title=\"Detalles\"><i class=\"fas fa-2x fa-link\"><\/i><\/a><\/div><\/div><\/div><\/div><\/div><\/div><\/div><\/div><\/div>\n        <div class=\"card\">\n            <div class=\"card-header parents\" id=\"heading_casos-de-excepcio-n-69eeee772d89c-2022-69eeee772d89c-agosto-69eeee772d89c\">\n                <p class=\"title text-blue mb-0\">\n                    <a class=\"btn-block hover text-left collapsed\" data-toggle=\"collapse\" data-target=\"#collap_casos-de-excepcio-n-69eeee772d89c-2022-69eeee772d89c-agosto-69eeee772d89c\" aria-expanded=\"false\" aria-controls=\"collap_casos-de-excepcio-n-69eeee772d89c-2022-69eeee772d89c-agosto-69eeee772d89c\">Agosto<\/a>\n                <\/p>\n            <\/div>\n            <div id=\"collap_casos-de-excepcio-n-69eeee772d89c-2022-69eeee772d89c-agosto-69eeee772d89c\" class=\"collapse\" aria-labelledby=\"heading_casos-de-excepcio-n-69eeee772d89c-2022-69eeee772d89c-agosto-69eeee772d89c\" data-parent=\"#collap_casos-de-excepcio-n-69eeee772d89c-2022-69eeee772d89c\">\n                <div class=\"card-body\">\n        <div class=\"card\">\n            <div class=\"card-header parents\" id=\"heading_casos-de-excepcio-n-69eeee772d89c-2022-69eeee772d89c-agosto-69eeee772d89c-publicidad-69eeee772d89c\">\n                <p class=\"title text-blue mb-0\">\n                    <a class=\"btn-block hover text-left collapsed\" data-toggle=\"collapse\" data-target=\"#collap_casos-de-excepcio-n-69eeee772d89c-2022-69eeee772d89c-agosto-69eeee772d89c-publicidad-69eeee772d89c\" aria-expanded=\"false\" aria-controls=\"collap_casos-de-excepcio-n-69eeee772d89c-2022-69eeee772d89c-agosto-69eeee772d89c-publicidad-69eeee772d89c\">Publicidad<\/a>\n                <\/p>\n            <\/div>\n            <div id=\"collap_casos-de-excepcio-n-69eeee772d89c-2022-69eeee772d89c-agosto-69eeee772d89c-publicidad-69eeee772d89c\" class=\"collapse\" aria-labelledby=\"heading_casos-de-excepcio-n-69eeee772d89c-2022-69eeee772d89c-agosto-69eeee772d89c-publicidad-69eeee772d89c\" data-parent=\"#collap_casos-de-excepcio-n-69eeee772d89c-2022-69eeee772d89c-agosto-69eeee772d89c\">\n                <div class=\"card-body\"><div class=\"jumbotron archivos\"><div class=\"row align-items-center\"><div class=\"col\"><h6><a class=\"text-dark\" href=\"https:\/\/comunidad.comprasdominicana.gob.do\/\/Public\/Tendering\/OpportunityDetail\/Index?noticeUID=DO1.NTC.1124038\" title=\"Ver\" target=\"_blank\">APORDOM-CCC-PEPB-2022-0042<\/a><\/h6><p class=\"mb-0 bold\">CONTRATACI\u00d3N DE PUBLICIDAD EN LA PROGRAMACI\u00d3N REGULAR DE LA EMISORA FULL 94.1 FM<\/p><p class=\"mb-0\" style=\"font-size: .85rem\"><strong title=\"Estado del Proceso\"><i class=\"fas fa-spinner\"><\/i><\/strong> Proceso adjudicado y celebrado<\/p><p class=\"mb-0\" style=\"font-size: .85rem\"><strong title=\"Fecha de Publicaci\u00f3n\"><i class=\"fas fa-calendar-alt\"><\/i><\/strong> Publicado el mi\u00e9rcoles, 31 de agosto de 2022<\/p><\/div><div class=\"col-auto mt-md-0 mt-2\"><a class=\"btn btn-primary btn-lg px-lg-4 d-none d-md-block\" href=\"https:\/\/comunidad.comprasdominicana.gob.do\/\/Public\/Tendering\/OpportunityDetail\/Index?noticeUID=DO1.NTC.1124038\" target=\"_blank\" title=\"Detalles\"><i class=\"fas fa-link\"><\/i> DETALLES<\/a><a class=\"btn btn-primary btn-lg px-lg-4 d-block d-md-none\" href=\"https:\/\/comunidad.comprasdominicana.gob.do\/\/Public\/Tendering\/OpportunityDetail\/Index?noticeUID=DO1.NTC.1124038\" target=\"_blank\" title=\"Detalles\"><i class=\"fas fa-2x fa-link\"><\/i><\/a><\/div><\/div><\/div><div class=\"jumbotron archivos\"><div class=\"row align-items-center\"><div class=\"col\"><h6><a class=\"text-dark\" href=\"https:\/\/comunidad.comprasdominicana.gob.do\/\/Public\/Tendering\/OpportunityDetail\/Index?noticeUID=DO1.NTC.1117309\" title=\"Ver\" target=\"_blank\">APORDOM-CCC-PEPB-2022-0039<\/a><\/h6><p class=\"mb-0 bold\">CONTRATACI\u00d3N DE SERVICIOS DE PUBLICIDAD EN LA REVISTA MERCADO MEDIA NETWORK<\/p><p class=\"mb-0\" style=\"font-size: .85rem\"><strong title=\"Estado del Proceso\"><i class=\"fas fa-spinner\"><\/i><\/strong> Proceso adjudicado y celebrado<\/p><p class=\"mb-0\" style=\"font-size: .85rem\"><strong title=\"Fecha de Publicaci\u00f3n\"><i class=\"fas fa-calendar-alt\"><\/i><\/strong> Publicado el viernes, 12 de agosto de 2022<\/p><\/div><div class=\"col-auto mt-md-0 mt-2\"><a class=\"btn btn-primary btn-lg px-lg-4 d-none d-md-block\" href=\"https:\/\/comunidad.comprasdominicana.gob.do\/\/Public\/Tendering\/OpportunityDetail\/Index?noticeUID=DO1.NTC.1117309\" target=\"_blank\" title=\"Detalles\"><i class=\"fas fa-link\"><\/i> DETALLES<\/a><a class=\"btn btn-primary btn-lg px-lg-4 d-block d-md-none\" href=\"https:\/\/comunidad.comprasdominicana.gob.do\/\/Public\/Tendering\/OpportunityDetail\/Index?noticeUID=DO1.NTC.1117309\" target=\"_blank\" title=\"Detalles\"><i class=\"fas fa-2x fa-link\"><\/i><\/a><\/div><\/div><\/div><div class=\"jumbotron archivos\"><div class=\"row align-items-center\"><div class=\"col\"><h6><a class=\"text-dark\" href=\"https:\/\/comunidad.comprasdominicana.gob.do\/\/Public\/Tendering\/OpportunityDetail\/Index?noticeUID=DO1.NTC.1112306\" title=\"Ver\" target=\"_blank\">APORDOM-CCC-PEPB-2022-0038<\/a><\/h6><p class=\"mb-0 bold\">CONTRATACI\u00d3N DE PUBLICIDAD A TRAV\u00c9S DEL PROGRAMA DE FRENTE A LA VERDAD<\/p><p class=\"mb-0\" style=\"font-size: .85rem\"><strong title=\"Estado del Proceso\"><i class=\"fas fa-spinner\"><\/i><\/strong> Proceso adjudicado y celebrado<\/p><p class=\"mb-0\" style=\"font-size: .85rem\"><strong title=\"Fecha de Publicaci\u00f3n\"><i class=\"fas fa-calendar-alt\"><\/i><\/strong> Publicado el martes, 2 de agosto de 2022<\/p><\/div><div class=\"col-auto mt-md-0 mt-2\"><a class=\"btn btn-primary btn-lg px-lg-4 d-none d-md-block\" href=\"https:\/\/comunidad.comprasdominicana.gob.do\/\/Public\/Tendering\/OpportunityDetail\/Index?noticeUID=DO1.NTC.1112306\" target=\"_blank\" title=\"Detalles\"><i class=\"fas fa-link\"><\/i> DETALLES<\/a><a class=\"btn btn-primary btn-lg px-lg-4 d-block d-md-none\" href=\"https:\/\/comunidad.comprasdominicana.gob.do\/\/Public\/Tendering\/OpportunityDetail\/Index?noticeUID=DO1.NTC.1112306\" target=\"_blank\" title=\"Detalles\"><i class=\"fas fa-2x fa-link\"><\/i><\/a><\/div><\/div><\/div><\/div><\/div><\/div><\/div><\/div><\/div>\n        <div class=\"card\">\n            <div class=\"card-header parents\" id=\"heading_casos-de-excepcio-n-69eeee772d89c-2022-69eeee772d89c-julio-69eeee772d89c\">\n                <p class=\"title text-blue mb-0\">\n                    <a class=\"btn-block hover text-left collapsed\" data-toggle=\"collapse\" data-target=\"#collap_casos-de-excepcio-n-69eeee772d89c-2022-69eeee772d89c-julio-69eeee772d89c\" aria-expanded=\"false\" aria-controls=\"collap_casos-de-excepcio-n-69eeee772d89c-2022-69eeee772d89c-julio-69eeee772d89c\">Julio<\/a>\n                <\/p>\n            <\/div>\n            <div id=\"collap_casos-de-excepcio-n-69eeee772d89c-2022-69eeee772d89c-julio-69eeee772d89c\" class=\"collapse\" aria-labelledby=\"heading_casos-de-excepcio-n-69eeee772d89c-2022-69eeee772d89c-julio-69eeee772d89c\" data-parent=\"#collap_casos-de-excepcio-n-69eeee772d89c-2022-69eeee772d89c\">\n                <div class=\"card-body\">\n        <div class=\"card\">\n            <div class=\"card-header parents\" id=\"heading_casos-de-excepcio-n-69eeee772d89c-2022-69eeee772d89c-julio-69eeee772d89c-obras-cient-ficas-t-cnicas-art-sticas-restauraci-n-de-monumentos-69eeee772d89c\">\n                <p class=\"title text-blue mb-0\">\n                    <a class=\"btn-block hover text-left collapsed\" data-toggle=\"collapse\" data-target=\"#collap_casos-de-excepcio-n-69eeee772d89c-2022-69eeee772d89c-julio-69eeee772d89c-obras-cient-ficas-t-cnicas-art-sticas-restauraci-n-de-monumentos-69eeee772d89c\" aria-expanded=\"false\" aria-controls=\"collap_casos-de-excepcio-n-69eeee772d89c-2022-69eeee772d89c-julio-69eeee772d89c-obras-cient-ficas-t-cnicas-art-sticas-restauraci-n-de-monumentos-69eeee772d89c\">Obras Cient\u00edficas, T\u00e9cnicas, Art\u00edsticas, Restauraci\u00f3n de monumentos<\/a>\n                <\/p>\n            <\/div>\n            <div id=\"collap_casos-de-excepcio-n-69eeee772d89c-2022-69eeee772d89c-julio-69eeee772d89c-obras-cient-ficas-t-cnicas-art-sticas-restauraci-n-de-monumentos-69eeee772d89c\" class=\"collapse\" aria-labelledby=\"heading_casos-de-excepcio-n-69eeee772d89c-2022-69eeee772d89c-julio-69eeee772d89c-obras-cient-ficas-t-cnicas-art-sticas-restauraci-n-de-monumentos-69eeee772d89c\" data-parent=\"#collap_casos-de-excepcio-n-69eeee772d89c-2022-69eeee772d89c-julio-69eeee772d89c\">\n                <div class=\"card-body\"><div class=\"jumbotron archivos\"><div class=\"row align-items-center\"><div class=\"col\"><h6><a class=\"text-dark\" href=\"https:\/\/comunidad.comprasdominicana.gob.do\/\/Public\/Tendering\/OpportunityDetail\/Index?noticeUID=DO1.NTC.1101453\" title=\"Ver\" target=\"_blank\">APORDOM-CCC-PEOR-2022-0001<\/a><\/h6><p class=\"mb-0 bold\">SERVICIO DE MAESTRIA DE CEREMONIA PARA EVENTOS DE APORDOM<\/p><p class=\"mb-0\" style=\"font-size: .85rem\"><strong title=\"Estado del Proceso\"><i class=\"fas fa-spinner\"><\/i><\/strong> Proceso adjudicado y celebrado<\/p><p class=\"mb-0\" style=\"font-size: .85rem\"><strong title=\"Fecha de Publicaci\u00f3n\"><i class=\"fas fa-calendar-alt\"><\/i><\/strong> Publicado el lunes, 11 de julio de 2022<\/p><\/div><div class=\"col-auto mt-md-0 mt-2\"><a class=\"btn btn-primary btn-lg px-lg-4 d-none d-md-block\" href=\"https:\/\/comunidad.comprasdominicana.gob.do\/\/Public\/Tendering\/OpportunityDetail\/Index?noticeUID=DO1.NTC.1101453\" target=\"_blank\" title=\"Detalles\"><i class=\"fas fa-link\"><\/i> DETALLES<\/a><a class=\"btn btn-primary btn-lg px-lg-4 d-block d-md-none\" href=\"https:\/\/comunidad.comprasdominicana.gob.do\/\/Public\/Tendering\/OpportunityDetail\/Index?noticeUID=DO1.NTC.1101453\" target=\"_blank\" title=\"Detalles\"><i class=\"fas fa-2x fa-link\"><\/i><\/a><\/div><\/div><\/div><\/div><\/div><\/div>\n        <div class=\"card\">\n            <div class=\"card-header parents\" id=\"heading_casos-de-excepcio-n-69eeee772d89c-2022-69eeee772d89c-julio-69eeee772d89c-publicidad-69eeee772d89c\">\n                <p class=\"title text-blue mb-0\">\n                    <a class=\"btn-block hover text-left collapsed\" data-toggle=\"collapse\" data-target=\"#collap_casos-de-excepcio-n-69eeee772d89c-2022-69eeee772d89c-julio-69eeee772d89c-publicidad-69eeee772d89c\" aria-expanded=\"false\" aria-controls=\"collap_casos-de-excepcio-n-69eeee772d89c-2022-69eeee772d89c-julio-69eeee772d89c-publicidad-69eeee772d89c\">Publicidad<\/a>\n                <\/p>\n            <\/div>\n            <div id=\"collap_casos-de-excepcio-n-69eeee772d89c-2022-69eeee772d89c-julio-69eeee772d89c-publicidad-69eeee772d89c\" class=\"collapse\" aria-labelledby=\"heading_casos-de-excepcio-n-69eeee772d89c-2022-69eeee772d89c-julio-69eeee772d89c-publicidad-69eeee772d89c\" data-parent=\"#collap_casos-de-excepcio-n-69eeee772d89c-2022-69eeee772d89c-julio-69eeee772d89c\">\n                <div class=\"card-body\"><div class=\"jumbotron archivos\"><div class=\"row align-items-center\"><div class=\"col\"><h6><a class=\"text-dark\" href=\"https:\/\/comunidad.comprasdominicana.gob.do\/\/Public\/Tendering\/OpportunityDetail\/Index?noticeUID=DO1.NTC.1109613\" title=\"Ver\" target=\"_blank\">APORDOM-CCC-PEPB-2022-0037<\/a><\/h6><p class=\"mb-0 bold\">CONTRATACI\u00d3N DE PUBLICIDAD A TRAV\u00c9S DEL PROGRAMA UNA NUEVA MA\u00d1ANA<\/p><p class=\"mb-0\" style=\"font-size: .85rem\"><strong title=\"Estado del Proceso\"><i class=\"fas fa-spinner\"><\/i><\/strong> Proceso adjudicado y celebrado<\/p><p class=\"mb-0\" style=\"font-size: .85rem\"><strong title=\"Fecha de Publicaci\u00f3n\"><i class=\"fas fa-calendar-alt\"><\/i><\/strong> Publicado el jueves, 28 de julio de 2022<\/p><\/div><div class=\"col-auto mt-md-0 mt-2\"><a class=\"btn btn-primary btn-lg px-lg-4 d-none d-md-block\" href=\"https:\/\/comunidad.comprasdominicana.gob.do\/\/Public\/Tendering\/OpportunityDetail\/Index?noticeUID=DO1.NTC.1109613\" target=\"_blank\" title=\"Detalles\"><i class=\"fas fa-link\"><\/i> DETALLES<\/a><a class=\"btn btn-primary btn-lg px-lg-4 d-block d-md-none\" href=\"https:\/\/comunidad.comprasdominicana.gob.do\/\/Public\/Tendering\/OpportunityDetail\/Index?noticeUID=DO1.NTC.1109613\" target=\"_blank\" title=\"Detalles\"><i class=\"fas fa-2x fa-link\"><\/i><\/a><\/div><\/div><\/div><div class=\"jumbotron archivos\"><div class=\"row align-items-center\"><div class=\"col\"><h6><a class=\"text-dark\" href=\"https:\/\/comunidad.comprasdominicana.gob.do\/\/Public\/Tendering\/OpportunityDetail\/Index?noticeUID=DO1.NTC.1109407\" title=\"Ver\" target=\"_blank\">APORDOM-CCC-PEPB-2022-0036<\/a><\/h6><p class=\"mb-0 bold\">CONTRATACI\u00d3N DE PUBLICIDAD A TRAV\u00c9S DEL PROGRAMA AGENDA DEL PUEBLO<\/p><p class=\"mb-0\" style=\"font-size: .85rem\"><strong title=\"Estado del Proceso\"><i class=\"fas fa-spinner\"><\/i><\/strong> Proceso adjudicado y celebrado<\/p><p class=\"mb-0\" style=\"font-size: .85rem\"><strong title=\"Fecha de Publicaci\u00f3n\"><i class=\"fas fa-calendar-alt\"><\/i><\/strong> Publicado el mi\u00e9rcoles, 27 de julio de 2022<\/p><\/div><div class=\"col-auto mt-md-0 mt-2\"><a class=\"btn btn-primary btn-lg px-lg-4 d-none d-md-block\" href=\"https:\/\/comunidad.comprasdominicana.gob.do\/\/Public\/Tendering\/OpportunityDetail\/Index?noticeUID=DO1.NTC.1109407\" target=\"_blank\" title=\"Detalles\"><i class=\"fas fa-link\"><\/i> DETALLES<\/a><a class=\"btn btn-primary btn-lg px-lg-4 d-block d-md-none\" href=\"https:\/\/comunidad.comprasdominicana.gob.do\/\/Public\/Tendering\/OpportunityDetail\/Index?noticeUID=DO1.NTC.1109407\" target=\"_blank\" title=\"Detalles\"><i class=\"fas fa-2x fa-link\"><\/i><\/a><\/div><\/div><\/div><div class=\"jumbotron archivos\"><div class=\"row align-items-center\"><div class=\"col\"><h6><a class=\"text-dark\" href=\"https:\/\/comunidad.comprasdominicana.gob.do\/\/Public\/Tendering\/OpportunityDetail\/Index?noticeUID=DO1.NTC.1103828\" title=\"Ver\" target=\"_blank\">APORDOM-CCC-PEPB-2022-0035<\/a><\/h6><p class=\"mb-0 bold\">CONTRATACION DE TRANSMISI\u00d3N EN VIVO DEL PROGRAMA \u201cEL GOBIERNO DE LA MA\u00d1ANA\u201d DESDE EL PRIMER PICAZO DE LA EJECUCI\u00d3N DEL PUERTO DE SAMAN\u00c1, TRANSMISI\u00d3N ESPECIAL A TRAV\u00c9S DEL CANAL DIGITAL \u201cEL NUEVO DIARIO TV\u201d DEL PRIMER PALAZO DEL MUELLE PESQUERO DE S\u00c1NCHEZ, SAMAN\u00c1<\/p><p class=\"mb-0\" style=\"font-size: .85rem\"><strong title=\"Estado del Proceso\"><i class=\"fas fa-spinner\"><\/i><\/strong> Proceso adjudicado y celebrado<\/p><p class=\"mb-0\" style=\"font-size: .85rem\"><strong title=\"Fecha de Publicaci\u00f3n\"><i class=\"fas fa-calendar-alt\"><\/i><\/strong> Publicado el viernes, 15 de julio de 2022<\/p><\/div><div class=\"col-auto mt-md-0 mt-2\"><a class=\"btn btn-primary btn-lg px-lg-4 d-none d-md-block\" href=\"https:\/\/comunidad.comprasdominicana.gob.do\/\/Public\/Tendering\/OpportunityDetail\/Index?noticeUID=DO1.NTC.1103828\" target=\"_blank\" title=\"Detalles\"><i class=\"fas fa-link\"><\/i> DETALLES<\/a><a class=\"btn btn-primary btn-lg px-lg-4 d-block d-md-none\" href=\"https:\/\/comunidad.comprasdominicana.gob.do\/\/Public\/Tendering\/OpportunityDetail\/Index?noticeUID=DO1.NTC.1103828\" target=\"_blank\" title=\"Detalles\"><i class=\"fas fa-2x fa-link\"><\/i><\/a><\/div><\/div><\/div><\/div><\/div><\/div><\/div><\/div><\/div>\n        <div class=\"card\">\n            <div class=\"card-header parents\" id=\"heading_casos-de-excepcio-n-69eeee772d89c-2022-69eeee772d89c-junio-69eeee772d89c\">\n                <p class=\"title text-blue mb-0\">\n                    <a class=\"btn-block hover text-left collapsed\" data-toggle=\"collapse\" data-target=\"#collap_casos-de-excepcio-n-69eeee772d89c-2022-69eeee772d89c-junio-69eeee772d89c\" aria-expanded=\"false\" aria-controls=\"collap_casos-de-excepcio-n-69eeee772d89c-2022-69eeee772d89c-junio-69eeee772d89c\">Junio<\/a>\n                <\/p>\n            <\/div>\n            <div id=\"collap_casos-de-excepcio-n-69eeee772d89c-2022-69eeee772d89c-junio-69eeee772d89c\" class=\"collapse\" aria-labelledby=\"heading_casos-de-excepcio-n-69eeee772d89c-2022-69eeee772d89c-junio-69eeee772d89c\" data-parent=\"#collap_casos-de-excepcio-n-69eeee772d89c-2022-69eeee772d89c\">\n                <div class=\"card-body\">\n        <div class=\"card\">\n            <div class=\"card-header parents\" id=\"heading_casos-de-excepcio-n-69eeee772d89c-2022-69eeee772d89c-junio-69eeee772d89c-publicidad-69eeee772d89c\">\n                <p class=\"title text-blue mb-0\">\n                    <a class=\"btn-block hover text-left collapsed\" data-toggle=\"collapse\" data-target=\"#collap_casos-de-excepcio-n-69eeee772d89c-2022-69eeee772d89c-junio-69eeee772d89c-publicidad-69eeee772d89c\" aria-expanded=\"false\" aria-controls=\"collap_casos-de-excepcio-n-69eeee772d89c-2022-69eeee772d89c-junio-69eeee772d89c-publicidad-69eeee772d89c\">Publicidad<\/a>\n                <\/p>\n            <\/div>\n            <div id=\"collap_casos-de-excepcio-n-69eeee772d89c-2022-69eeee772d89c-junio-69eeee772d89c-publicidad-69eeee772d89c\" class=\"collapse\" aria-labelledby=\"heading_casos-de-excepcio-n-69eeee772d89c-2022-69eeee772d89c-junio-69eeee772d89c-publicidad-69eeee772d89c\" data-parent=\"#collap_casos-de-excepcio-n-69eeee772d89c-2022-69eeee772d89c-junio-69eeee772d89c\">\n                <div class=\"card-body\"><div class=\"jumbotron archivos\"><div class=\"row align-items-center\"><div class=\"col\"><h6><a class=\"text-dark\" href=\"https:\/\/comunidad.comprasdominicana.gob.do\/\/Public\/Tendering\/OpportunityDetail\/Index?noticeUID=DO1.NTC.1089535\" title=\"Ver\" target=\"_blank\">APORDOM-CCC-PEPB-2022-0034<\/a><\/h6><p class=\"mb-0 bold\">CONTRATACI\u00d3N DE PUBLICIDAD A TRAV\u00c9S DE LA REVISTA SEMANA<\/p><p class=\"mb-0\" style=\"font-size: .85rem\"><strong title=\"Estado del Proceso\"><i class=\"fas fa-spinner\"><\/i><\/strong> Proceso adjudicado y celebrado<\/p><p class=\"mb-0\" style=\"font-size: .85rem\"><strong title=\"Fecha de Publicaci\u00f3n\"><i class=\"fas fa-calendar-alt\"><\/i><\/strong> Publicado el viernes, 10 de junio de 2022<\/p><\/div><div class=\"col-auto mt-md-0 mt-2\"><a class=\"btn btn-primary btn-lg px-lg-4 d-none d-md-block\" href=\"https:\/\/comunidad.comprasdominicana.gob.do\/\/Public\/Tendering\/OpportunityDetail\/Index?noticeUID=DO1.NTC.1089535\" target=\"_blank\" title=\"Detalles\"><i class=\"fas fa-link\"><\/i> DETALLES<\/a><a class=\"btn btn-primary btn-lg px-lg-4 d-block d-md-none\" href=\"https:\/\/comunidad.comprasdominicana.gob.do\/\/Public\/Tendering\/OpportunityDetail\/Index?noticeUID=DO1.NTC.1089535\" target=\"_blank\" title=\"Detalles\"><i class=\"fas fa-2x fa-link\"><\/i><\/a><\/div><\/div><\/div><div class=\"jumbotron archivos\"><div class=\"row align-items-center\"><div class=\"col\"><h6><a class=\"text-dark\" href=\"https:\/\/comunidad.comprasdominicana.gob.do\/\/Public\/Tendering\/OpportunityDetail\/Index?noticeUID=DO1.NTC.1088223\" title=\"Ver\" target=\"_blank\">APORDOM-CCC-PEPB-2022-0031<\/a><\/h6><p class=\"mb-0 bold\">CONTRATACI\u00d3N DE PUBLICIDAD A TRAV\u00c9S DEL PERI\u00d3DICO DIGITAL CORTEZACORAL.NET<\/p><p class=\"mb-0\" style=\"font-size: .85rem\"><strong title=\"Estado del Proceso\"><i class=\"fas fa-spinner\"><\/i><\/strong> Proceso adjudicado y celebrado<\/p><p class=\"mb-0\" style=\"font-size: .85rem\"><strong title=\"Fecha de Publicaci\u00f3n\"><i class=\"fas fa-calendar-alt\"><\/i><\/strong> Publicado el mi\u00e9rcoles, 8 de junio de 2022<\/p><\/div><div class=\"col-auto mt-md-0 mt-2\"><a class=\"btn btn-primary btn-lg px-lg-4 d-none d-md-block\" href=\"https:\/\/comunidad.comprasdominicana.gob.do\/\/Public\/Tendering\/OpportunityDetail\/Index?noticeUID=DO1.NTC.1088223\" target=\"_blank\" title=\"Detalles\"><i class=\"fas fa-link\"><\/i> DETALLES<\/a><a class=\"btn btn-primary btn-lg px-lg-4 d-block d-md-none\" href=\"https:\/\/comunidad.comprasdominicana.gob.do\/\/Public\/Tendering\/OpportunityDetail\/Index?noticeUID=DO1.NTC.1088223\" target=\"_blank\" title=\"Detalles\"><i class=\"fas fa-2x fa-link\"><\/i><\/a><\/div><\/div><\/div><div class=\"jumbotron archivos\"><div class=\"row align-items-center\"><div class=\"col\"><h6><a class=\"text-dark\" href=\"https:\/\/comunidad.comprasdominicana.gob.do\/\/Public\/Tendering\/OpportunityDetail\/Index?noticeUID=DO1.NTC.1086636\" title=\"Ver\" target=\"_blank\">APORDOM-CCC-PEPB-2022-0030<\/a><\/h6><p class=\"mb-0 bold\">CONTRATACI\u00d3N DE PUBLICIDAD A TRAV\u00c9S DE LOS PROGRAMAS EL FUEGO DE LA MA\u00d1ANA Y SIN MENTIRAS<\/p><p class=\"mb-0\" style=\"font-size: .85rem\"><strong title=\"Estado del Proceso\"><i class=\"fas fa-spinner\"><\/i><\/strong> Proceso adjudicado y celebrado<\/p><p class=\"mb-0\" style=\"font-size: .85rem\"><strong title=\"Fecha de Publicaci\u00f3n\"><i class=\"fas fa-calendar-alt\"><\/i><\/strong> Publicado el viernes, 3 de junio de 2022<\/p><\/div><div class=\"col-auto mt-md-0 mt-2\"><a class=\"btn btn-primary btn-lg px-lg-4 d-none d-md-block\" href=\"https:\/\/comunidad.comprasdominicana.gob.do\/\/Public\/Tendering\/OpportunityDetail\/Index?noticeUID=DO1.NTC.1086636\" target=\"_blank\" title=\"Detalles\"><i class=\"fas fa-link\"><\/i> DETALLES<\/a><a class=\"btn btn-primary btn-lg px-lg-4 d-block d-md-none\" href=\"https:\/\/comunidad.comprasdominicana.gob.do\/\/Public\/Tendering\/OpportunityDetail\/Index?noticeUID=DO1.NTC.1086636\" target=\"_blank\" title=\"Detalles\"><i class=\"fas fa-2x fa-link\"><\/i><\/a><\/div><\/div><\/div><div class=\"jumbotron archivos\"><div class=\"row align-items-center\"><div class=\"col\"><h6><a class=\"text-dark\" href=\"https:\/\/comunidad.comprasdominicana.gob.do\/\/Public\/Tendering\/OpportunityDetail\/Index?noticeUID=DO1.NTC.1086220\" title=\"Ver\" target=\"_blank\">APORDOM-CCC-PEPB-2022-0028<\/a><\/h6><p class=\"mb-0 bold\">CONTRATACI\u00d3N DE PUBLICIDAD A TRAV\u00c9S DE LA REVISTA SE\u00d1ALES TV<\/p><p class=\"mb-0\" style=\"font-size: .85rem\"><strong title=\"Estado del Proceso\"><i class=\"fas fa-spinner\"><\/i><\/strong> Proceso adjudicado y celebrado<\/p><p class=\"mb-0\" style=\"font-size: .85rem\"><strong title=\"Fecha de Publicaci\u00f3n\"><i class=\"fas fa-calendar-alt\"><\/i><\/strong> Publicado el viernes, 3 de junio de 2022<\/p><\/div><div class=\"col-auto mt-md-0 mt-2\"><a class=\"btn btn-primary btn-lg px-lg-4 d-none d-md-block\" href=\"https:\/\/comunidad.comprasdominicana.gob.do\/\/Public\/Tendering\/OpportunityDetail\/Index?noticeUID=DO1.NTC.1086220\" target=\"_blank\" title=\"Detalles\"><i class=\"fas fa-link\"><\/i> DETALLES<\/a><a class=\"btn btn-primary btn-lg px-lg-4 d-block d-md-none\" href=\"https:\/\/comunidad.comprasdominicana.gob.do\/\/Public\/Tendering\/OpportunityDetail\/Index?noticeUID=DO1.NTC.1086220\" target=\"_blank\" title=\"Detalles\"><i class=\"fas fa-2x fa-link\"><\/i><\/a><\/div><\/div><\/div><div class=\"jumbotron archivos\"><div class=\"row align-items-center\"><div class=\"col\"><h6><a class=\"text-dark\" href=\"https:\/\/comunidad.comprasdominicana.gob.do\/\/Public\/Tendering\/OpportunityDetail\/Index?noticeUID=DO1.NTC.1086113\" title=\"Ver\" target=\"_blank\">APORDOM-CCC-PEPB-2022-0026<\/a><\/h6><p class=\"mb-0 bold\">CONTRATACI\u00d3N DE PUBLICIDAD A TRAV\u00c9S DEL PROGRAMA AL MEDIODIA CON JOCHY HERN\u00c1NDEZ<\/p><p class=\"mb-0\" style=\"font-size: .85rem\"><strong title=\"Estado del Proceso\"><i class=\"fas fa-spinner\"><\/i><\/strong> Proceso adjudicado y celebrado<\/p><p class=\"mb-0\" style=\"font-size: .85rem\"><strong title=\"Fecha de Publicaci\u00f3n\"><i class=\"fas fa-calendar-alt\"><\/i><\/strong> Publicado el viernes, 3 de junio de 2022<\/p><\/div><div class=\"col-auto mt-md-0 mt-2\"><a class=\"btn btn-primary btn-lg px-lg-4 d-none d-md-block\" href=\"https:\/\/comunidad.comprasdominicana.gob.do\/\/Public\/Tendering\/OpportunityDetail\/Index?noticeUID=DO1.NTC.1086113\" target=\"_blank\" title=\"Detalles\"><i class=\"fas fa-link\"><\/i> DETALLES<\/a><a class=\"btn btn-primary btn-lg px-lg-4 d-block d-md-none\" href=\"https:\/\/comunidad.comprasdominicana.gob.do\/\/Public\/Tendering\/OpportunityDetail\/Index?noticeUID=DO1.NTC.1086113\" target=\"_blank\" title=\"Detalles\"><i class=\"fas fa-2x fa-link\"><\/i><\/a><\/div><\/div><\/div><div class=\"jumbotron archivos\"><div class=\"row align-items-center\"><div class=\"col\"><h6><a class=\"text-dark\" href=\"https:\/\/comunidad.comprasdominicana.gob.do\/\/Public\/Tendering\/OpportunityDetail\/Index?noticeUID=DO1.NTC.1086109\" title=\"Ver\" target=\"_blank\">APORDOM-CCC-PEPB-2022-0025<\/a><\/h6><p class=\"mb-0 bold\">CONTRATACI\u00d3N DE PUBLICIDAD A TRAV\u00c9S DEL PROGRAMA EL PODER DE 849<\/p><p class=\"mb-0\" style=\"font-size: .85rem\"><strong title=\"Estado del Proceso\"><i class=\"fas fa-spinner\"><\/i><\/strong> Proceso adjudicado y celebrado<\/p><p class=\"mb-0\" style=\"font-size: .85rem\"><strong title=\"Fecha de Publicaci\u00f3n\"><i class=\"fas fa-calendar-alt\"><\/i><\/strong> Publicado el viernes, 3 de junio de 2022<\/p><\/div><div class=\"col-auto mt-md-0 mt-2\"><a class=\"btn btn-primary btn-lg px-lg-4 d-none d-md-block\" href=\"https:\/\/comunidad.comprasdominicana.gob.do\/\/Public\/Tendering\/OpportunityDetail\/Index?noticeUID=DO1.NTC.1086109\" target=\"_blank\" title=\"Detalles\"><i class=\"fas fa-link\"><\/i> DETALLES<\/a><a class=\"btn btn-primary btn-lg px-lg-4 d-block d-md-none\" href=\"https:\/\/comunidad.comprasdominicana.gob.do\/\/Public\/Tendering\/OpportunityDetail\/Index?noticeUID=DO1.NTC.1086109\" target=\"_blank\" title=\"Detalles\"><i class=\"fas fa-2x fa-link\"><\/i><\/a><\/div><\/div><\/div><div class=\"jumbotron archivos\"><div class=\"row align-items-center\"><div class=\"col\"><h6><a class=\"text-dark\" href=\"https:\/\/comunidad.comprasdominicana.gob.do\/\/Public\/Tendering\/OpportunityDetail\/Index?noticeUID=DO1.NTC.1085054\" title=\"Ver\" target=\"_blank\">APORDOM-CCC-PEPB-2022-0033<\/a><\/h6><p class=\"mb-0 bold\">CONTRATACI\u00d3N DE PUBLICIDAD PARA TRANSMISI\u00d3N EN VIVO  EN LOS PROGRAMAS NITIDA TV Y NITIDA FM 106.3<\/p><p class=\"mb-0\" style=\"font-size: .85rem\"><strong title=\"Estado del Proceso\"><i class=\"fas fa-spinner\"><\/i><\/strong> Proceso adjudicado y celebrado<\/p><p class=\"mb-0\" style=\"font-size: .85rem\"><strong title=\"Fecha de Publicaci\u00f3n\"><i class=\"fas fa-calendar-alt\"><\/i><\/strong> Publicado el mi\u00e9rcoles, 1 de junio de 2022<\/p><\/div><div class=\"col-auto mt-md-0 mt-2\"><a class=\"btn btn-primary btn-lg px-lg-4 d-none d-md-block\" href=\"https:\/\/comunidad.comprasdominicana.gob.do\/\/Public\/Tendering\/OpportunityDetail\/Index?noticeUID=DO1.NTC.1085054\" target=\"_blank\" title=\"Detalles\"><i class=\"fas fa-link\"><\/i> DETALLES<\/a><a class=\"btn btn-primary btn-lg px-lg-4 d-block d-md-none\" href=\"https:\/\/comunidad.comprasdominicana.gob.do\/\/Public\/Tendering\/OpportunityDetail\/Index?noticeUID=DO1.NTC.1085054\" target=\"_blank\" title=\"Detalles\"><i class=\"fas fa-2x fa-link\"><\/i><\/a><\/div><\/div><\/div><\/div><\/div><\/div><\/div><\/div><\/div>\n        <div class=\"card\">\n            <div class=\"card-header parents\" id=\"heading_casos-de-excepcio-n-69eeee772d89c-2022-69eeee772d89c-mayo-69eeee772d89c\">\n                <p class=\"title text-blue mb-0\">\n                    <a class=\"btn-block hover text-left collapsed\" data-toggle=\"collapse\" data-target=\"#collap_casos-de-excepcio-n-69eeee772d89c-2022-69eeee772d89c-mayo-69eeee772d89c\" aria-expanded=\"false\" aria-controls=\"collap_casos-de-excepcio-n-69eeee772d89c-2022-69eeee772d89c-mayo-69eeee772d89c\">Mayo<\/a>\n                <\/p>\n            <\/div>\n            <div id=\"collap_casos-de-excepcio-n-69eeee772d89c-2022-69eeee772d89c-mayo-69eeee772d89c\" class=\"collapse\" aria-labelledby=\"heading_casos-de-excepcio-n-69eeee772d89c-2022-69eeee772d89c-mayo-69eeee772d89c\" data-parent=\"#collap_casos-de-excepcio-n-69eeee772d89c-2022-69eeee772d89c\">\n                <div class=\"card-body\">\n        <div class=\"card\">\n            <div class=\"card-header parents\" id=\"heading_casos-de-excepcio-n-69eeee772d89c-2022-69eeee772d89c-mayo-69eeee772d89c-publicidad-69eeee772d89c\">\n                <p class=\"title text-blue mb-0\">\n                    <a class=\"btn-block hover text-left collapsed\" data-toggle=\"collapse\" data-target=\"#collap_casos-de-excepcio-n-69eeee772d89c-2022-69eeee772d89c-mayo-69eeee772d89c-publicidad-69eeee772d89c\" aria-expanded=\"false\" aria-controls=\"collap_casos-de-excepcio-n-69eeee772d89c-2022-69eeee772d89c-mayo-69eeee772d89c-publicidad-69eeee772d89c\">Publicidad<\/a>\n                <\/p>\n            <\/div>\n            <div id=\"collap_casos-de-excepcio-n-69eeee772d89c-2022-69eeee772d89c-mayo-69eeee772d89c-publicidad-69eeee772d89c\" class=\"collapse\" aria-labelledby=\"heading_casos-de-excepcio-n-69eeee772d89c-2022-69eeee772d89c-mayo-69eeee772d89c-publicidad-69eeee772d89c\" data-parent=\"#collap_casos-de-excepcio-n-69eeee772d89c-2022-69eeee772d89c-mayo-69eeee772d89c\">\n                <div class=\"card-body\"><div class=\"jumbotron archivos\"><div class=\"row align-items-center\"><div class=\"col\"><h6><a class=\"text-dark\" href=\"https:\/\/comunidad.comprasdominicana.gob.do\/\/Public\/Tendering\/OpportunityDetail\/Index?noticeUID=DO1.NTC.1084835\" title=\"Ver\" target=\"_blank\">APORDOM-CCC-PEPB-2022-0032<\/a><\/h6><p class=\"mb-0 bold\">CONTRATACI\u00d3N DE INFLUENCERS PARA COLOCACION DE PUBLICIDAD A TRAVES DE REDES SOCIALES (INSTAGRAM Y FACEBOOK)<\/p><p class=\"mb-0\" style=\"font-size: .85rem\"><strong title=\"Estado del Proceso\"><i class=\"fas fa-spinner\"><\/i><\/strong> Proceso adjudicado y celebrado<\/p><p class=\"mb-0\" style=\"font-size: .85rem\"><strong title=\"Fecha de Publicaci\u00f3n\"><i class=\"fas fa-calendar-alt\"><\/i><\/strong> Publicado el martes, 31 de mayo de 2022<\/p><\/div><div class=\"col-auto mt-md-0 mt-2\"><a class=\"btn btn-primary btn-lg px-lg-4 d-none d-md-block\" href=\"https:\/\/comunidad.comprasdominicana.gob.do\/\/Public\/Tendering\/OpportunityDetail\/Index?noticeUID=DO1.NTC.1084835\" target=\"_blank\" title=\"Detalles\"><i class=\"fas fa-link\"><\/i> DETALLES<\/a><a class=\"btn btn-primary btn-lg px-lg-4 d-block d-md-none\" href=\"https:\/\/comunidad.comprasdominicana.gob.do\/\/Public\/Tendering\/OpportunityDetail\/Index?noticeUID=DO1.NTC.1084835\" target=\"_blank\" title=\"Detalles\"><i class=\"fas fa-2x fa-link\"><\/i><\/a><\/div><\/div><\/div><div class=\"jumbotron archivos\"><div class=\"row align-items-center\"><div class=\"col\"><h6><a class=\"text-dark\" href=\"https:\/\/comunidad.comprasdominicana.gob.do\/\/Public\/Tendering\/OpportunityDetail\/Index?noticeUID=DO1.NTC.1083926\" title=\"Ver\" target=\"_blank\">APORDOM-CCC-PEPB-2022-0023<\/a><\/h6><p class=\"mb-0 bold\">CONTRATACI\u00d3N DE PUBLICIDAD A TRAV\u00c9S DEL PROGRAMA P\u00c9GATE Y GANA CON EL PACHA<\/p><p class=\"mb-0\" style=\"font-size: .85rem\"><strong title=\"Estado del Proceso\"><i class=\"fas fa-spinner\"><\/i><\/strong> Proceso adjudicado y celebrado<\/p><p class=\"mb-0\" style=\"font-size: .85rem\"><strong title=\"Fecha de Publicaci\u00f3n\"><i class=\"fas fa-calendar-alt\"><\/i><\/strong> Publicado el lunes, 30 de mayo de 2022<\/p><\/div><div class=\"col-auto mt-md-0 mt-2\"><a class=\"btn btn-primary btn-lg px-lg-4 d-none d-md-block\" href=\"https:\/\/comunidad.comprasdominicana.gob.do\/\/Public\/Tendering\/OpportunityDetail\/Index?noticeUID=DO1.NTC.1083926\" target=\"_blank\" title=\"Detalles\"><i class=\"fas fa-link\"><\/i> DETALLES<\/a><a class=\"btn btn-primary btn-lg px-lg-4 d-block d-md-none\" href=\"https:\/\/comunidad.comprasdominicana.gob.do\/\/Public\/Tendering\/OpportunityDetail\/Index?noticeUID=DO1.NTC.1083926\" target=\"_blank\" title=\"Detalles\"><i class=\"fas fa-2x fa-link\"><\/i><\/a><\/div><\/div><\/div><div class=\"jumbotron archivos\"><div class=\"row align-items-center\"><div class=\"col\"><h6><a class=\"text-dark\" href=\"https:\/\/comunidad.comprasdominicana.gob.do\/\/Public\/Tendering\/OpportunityDetail\/Index?noticeUID=DO1.NTC.1083711\" title=\"Ver\" target=\"_blank\">APORDOM-CCC-PEPB-2022-0027<\/a><\/h6><p class=\"mb-0 bold\">CONTRATACI\u00d3N DE PUBLICIDAD A TRAV\u00c9S DEL PROGRAMA LUZ Y SOMBRA<\/p><p class=\"mb-0\" style=\"font-size: .85rem\"><strong title=\"Estado del Proceso\"><i class=\"fas fa-spinner\"><\/i><\/strong> Proceso adjudicado y celebrado<\/p><p class=\"mb-0\" style=\"font-size: .85rem\"><strong title=\"Fecha de Publicaci\u00f3n\"><i class=\"fas fa-calendar-alt\"><\/i><\/strong> Publicado el lunes, 30 de mayo de 2022<\/p><\/div><div class=\"col-auto mt-md-0 mt-2\"><a class=\"btn btn-primary btn-lg px-lg-4 d-none d-md-block\" href=\"https:\/\/comunidad.comprasdominicana.gob.do\/\/Public\/Tendering\/OpportunityDetail\/Index?noticeUID=DO1.NTC.1083711\" target=\"_blank\" title=\"Detalles\"><i class=\"fas fa-link\"><\/i> DETALLES<\/a><a class=\"btn btn-primary btn-lg px-lg-4 d-block d-md-none\" href=\"https:\/\/comunidad.comprasdominicana.gob.do\/\/Public\/Tendering\/OpportunityDetail\/Index?noticeUID=DO1.NTC.1083711\" target=\"_blank\" title=\"Detalles\"><i class=\"fas fa-2x fa-link\"><\/i><\/a><\/div><\/div><\/div><div class=\"jumbotron archivos\"><div class=\"row align-items-center\"><div class=\"col\"><h6><a class=\"text-dark\" href=\"https:\/\/comunidad.comprasdominicana.gob.do\/\/Public\/Tendering\/OpportunityDetail\/Index?noticeUID=DO1.NTC.1082018\" title=\"Ver\" target=\"_blank\">APORDOM-CCC-PEPB-2022-0029<\/a><\/h6><p class=\"mb-0 bold\">CONTRATACI\u00d3N DE TRANSMISI\u00d3N EN VIVO EN EL PROGRAMA EL SOL DE LA MA\u00d1ANA<\/p><p class=\"mb-0\" style=\"font-size: .85rem\"><strong title=\"Estado del Proceso\"><i class=\"fas fa-spinner\"><\/i><\/strong> Proceso adjudicado y celebrado<\/p><p class=\"mb-0\" style=\"font-size: .85rem\"><strong title=\"Fecha de Publicaci\u00f3n\"><i class=\"fas fa-calendar-alt\"><\/i><\/strong> Publicado el mi\u00e9rcoles, 25 de mayo de 2022<\/p><\/div><div class=\"col-auto mt-md-0 mt-2\"><a class=\"btn btn-primary btn-lg px-lg-4 d-none d-md-block\" href=\"https:\/\/comunidad.comprasdominicana.gob.do\/\/Public\/Tendering\/OpportunityDetail\/Index?noticeUID=DO1.NTC.1082018\" target=\"_blank\" title=\"Detalles\"><i class=\"fas fa-link\"><\/i> DETALLES<\/a><a class=\"btn btn-primary btn-lg px-lg-4 d-block d-md-none\" href=\"https:\/\/comunidad.comprasdominicana.gob.do\/\/Public\/Tendering\/OpportunityDetail\/Index?noticeUID=DO1.NTC.1082018\" target=\"_blank\" title=\"Detalles\"><i class=\"fas fa-2x fa-link\"><\/i><\/a><\/div><\/div><\/div><div class=\"jumbotron archivos\"><div class=\"row align-items-center\"><div class=\"col\"><h6><a class=\"text-dark\" href=\"https:\/\/comunidad.comprasdominicana.gob.do\/\/Public\/Tendering\/OpportunityDetail\/Index?noticeUID=DO1.NTC.1081623\" title=\"Ver\" target=\"_blank\">APORDOM-CCC-PEPB-2022-0022<\/a><\/h6><p class=\"mb-0 bold\">CONTRATACI\u00d3N DE PUBLICIDAD A TRAV\u00c9S DEL PROGRAMA AL MEDIOD\u00cdA RADIO<\/p><p class=\"mb-0\" style=\"font-size: .85rem\"><strong title=\"Estado del Proceso\"><i class=\"fas fa-spinner\"><\/i><\/strong> Proceso adjudicado y celebrado<\/p><p class=\"mb-0\" style=\"font-size: .85rem\"><strong title=\"Fecha de Publicaci\u00f3n\"><i class=\"fas fa-calendar-alt\"><\/i><\/strong> Publicado el martes, 24 de mayo de 2022<\/p><\/div><div class=\"col-auto mt-md-0 mt-2\"><a class=\"btn btn-primary btn-lg px-lg-4 d-none d-md-block\" href=\"https:\/\/comunidad.comprasdominicana.gob.do\/\/Public\/Tendering\/OpportunityDetail\/Index?noticeUID=DO1.NTC.1081623\" target=\"_blank\" title=\"Detalles\"><i class=\"fas fa-link\"><\/i> DETALLES<\/a><a class=\"btn btn-primary btn-lg px-lg-4 d-block d-md-none\" href=\"https:\/\/comunidad.comprasdominicana.gob.do\/\/Public\/Tendering\/OpportunityDetail\/Index?noticeUID=DO1.NTC.1081623\" target=\"_blank\" title=\"Detalles\"><i class=\"fas fa-2x fa-link\"><\/i><\/a><\/div><\/div><\/div><div class=\"jumbotron archivos\"><div class=\"row align-items-center\"><div class=\"col\"><h6><a class=\"text-dark\" href=\"https:\/\/comunidad.comprasdominicana.gob.do\/\/Public\/Tendering\/OpportunityDetail\/Index?noticeUID=DO1.NTC.1081821\" title=\"Ver\" target=\"_blank\">APORDOM-CCC-PEPB-2022-0024<\/a><\/h6><p class=\"mb-0 bold\">CONTRATACI\u00d3N DE PUBLICIDAD A TRAV\u00c9S DEL PROGRAMA SOBERAN\u00cdA POPULAR TV<\/p><p class=\"mb-0\" style=\"font-size: .85rem\"><strong title=\"Estado del Proceso\"><i class=\"fas fa-spinner\"><\/i><\/strong> Proceso adjudicado y celebrado<\/p><p class=\"mb-0\" style=\"font-size: .85rem\"><strong title=\"Fecha de Publicaci\u00f3n\"><i class=\"fas fa-calendar-alt\"><\/i><\/strong> Publicado el martes, 24 de mayo de 2022<\/p><\/div><div class=\"col-auto mt-md-0 mt-2\"><a class=\"btn btn-primary btn-lg px-lg-4 d-none d-md-block\" href=\"https:\/\/comunidad.comprasdominicana.gob.do\/\/Public\/Tendering\/OpportunityDetail\/Index?noticeUID=DO1.NTC.1081821\" target=\"_blank\" title=\"Detalles\"><i class=\"fas fa-link\"><\/i> DETALLES<\/a><a class=\"btn btn-primary btn-lg px-lg-4 d-block d-md-none\" href=\"https:\/\/comunidad.comprasdominicana.gob.do\/\/Public\/Tendering\/OpportunityDetail\/Index?noticeUID=DO1.NTC.1081821\" target=\"_blank\" title=\"Detalles\"><i class=\"fas fa-2x fa-link\"><\/i><\/a><\/div><\/div><\/div><div class=\"jumbotron archivos\"><div class=\"row align-items-center\"><div class=\"col\"><h6><a class=\"text-dark\" href=\"https:\/\/comunidad.comprasdominicana.gob.do\/\/Public\/Tendering\/OpportunityDetail\/Index?noticeUID=DO1.NTC.1075140\" title=\"Ver\" target=\"_blank\">APORDOM-CCC-PEPB-2022-0018<\/a><\/h6><p class=\"mb-0 bold\">Contrataci\u00f3n de Publicidad a trav\u00e9s del Programa La Pura Verdad.<\/p><p class=\"mb-0\" style=\"font-size: .85rem\"><strong title=\"Estado del Proceso\"><i class=\"fas fa-spinner\"><\/i><\/strong> Proceso adjudicado y celebrado<\/p><p class=\"mb-0\" style=\"font-size: .85rem\"><strong title=\"Fecha de Publicaci\u00f3n\"><i class=\"fas fa-calendar-alt\"><\/i><\/strong> Publicado el lunes, 9 de mayo de 2022<\/p><\/div><div class=\"col-auto mt-md-0 mt-2\"><a class=\"btn btn-primary btn-lg px-lg-4 d-none d-md-block\" href=\"https:\/\/comunidad.comprasdominicana.gob.do\/\/Public\/Tendering\/OpportunityDetail\/Index?noticeUID=DO1.NTC.1075140\" target=\"_blank\" title=\"Detalles\"><i class=\"fas fa-link\"><\/i> DETALLES<\/a><a class=\"btn btn-primary btn-lg px-lg-4 d-block d-md-none\" href=\"https:\/\/comunidad.comprasdominicana.gob.do\/\/Public\/Tendering\/OpportunityDetail\/Index?noticeUID=DO1.NTC.1075140\" target=\"_blank\" title=\"Detalles\"><i class=\"fas fa-2x fa-link\"><\/i><\/a><\/div><\/div><\/div><div class=\"jumbotron archivos\"><div class=\"row align-items-center\"><div class=\"col\"><h6><a class=\"text-dark\" href=\"https:\/\/comunidad.comprasdominicana.gob.do\/\/Public\/Tendering\/OpportunityDetail\/Index?noticeUID=DO1.NTC.1074444\" title=\"Ver\" target=\"_blank\">APORDOM-CCC-PEPB-2022-0017<\/a><\/h6><p class=\"mb-0 bold\">Contrataci\u00f3n de Publicidad a trav\u00e9s del Programa Mala Live Radio.<\/p><p class=\"mb-0\" style=\"font-size: .85rem\"><strong title=\"Estado del Proceso\"><i class=\"fas fa-spinner\"><\/i><\/strong> Proceso adjudicado y celebrado<\/p><p class=\"mb-0\" style=\"font-size: .85rem\"><strong title=\"Fecha de Publicaci\u00f3n\"><i class=\"fas fa-calendar-alt\"><\/i><\/strong> Publicado el viernes, 6 de mayo de 2022<\/p><\/div><div class=\"col-auto mt-md-0 mt-2\"><a class=\"btn btn-primary btn-lg px-lg-4 d-none d-md-block\" href=\"https:\/\/comunidad.comprasdominicana.gob.do\/\/Public\/Tendering\/OpportunityDetail\/Index?noticeUID=DO1.NTC.1074444\" target=\"_blank\" title=\"Detalles\"><i class=\"fas fa-link\"><\/i> DETALLES<\/a><a class=\"btn btn-primary btn-lg px-lg-4 d-block d-md-none\" href=\"https:\/\/comunidad.comprasdominicana.gob.do\/\/Public\/Tendering\/OpportunityDetail\/Index?noticeUID=DO1.NTC.1074444\" target=\"_blank\" title=\"Detalles\"><i class=\"fas fa-2x fa-link\"><\/i><\/a><\/div><\/div><\/div><\/div><\/div><\/div><\/div><\/div><\/div>\n        <div class=\"card\">\n            <div class=\"card-header parents\" id=\"heading_casos-de-excepcio-n-69eeee772d89c-2022-69eeee772d89c-abril-69eeee772d89c\">\n                <p class=\"title text-blue mb-0\">\n                    <a class=\"btn-block hover text-left collapsed\" data-toggle=\"collapse\" data-target=\"#collap_casos-de-excepcio-n-69eeee772d89c-2022-69eeee772d89c-abril-69eeee772d89c\" aria-expanded=\"false\" aria-controls=\"collap_casos-de-excepcio-n-69eeee772d89c-2022-69eeee772d89c-abril-69eeee772d89c\">Abril<\/a>\n                <\/p>\n            <\/div>\n            <div id=\"collap_casos-de-excepcio-n-69eeee772d89c-2022-69eeee772d89c-abril-69eeee772d89c\" class=\"collapse\" aria-labelledby=\"heading_casos-de-excepcio-n-69eeee772d89c-2022-69eeee772d89c-abril-69eeee772d89c\" data-parent=\"#collap_casos-de-excepcio-n-69eeee772d89c-2022-69eeee772d89c\">\n                <div class=\"card-body\">\n        <div class=\"card\">\n            <div class=\"card-header parents\" id=\"heading_casos-de-excepcio-n-69eeee772d89c-2022-69eeee772d89c-abril-69eeee772d89c-publicidad-69eeee772d89c\">\n                <p class=\"title text-blue mb-0\">\n                    <a class=\"btn-block hover text-left collapsed\" data-toggle=\"collapse\" data-target=\"#collap_casos-de-excepcio-n-69eeee772d89c-2022-69eeee772d89c-abril-69eeee772d89c-publicidad-69eeee772d89c\" aria-expanded=\"false\" aria-controls=\"collap_casos-de-excepcio-n-69eeee772d89c-2022-69eeee772d89c-abril-69eeee772d89c-publicidad-69eeee772d89c\">Publicidad<\/a>\n                <\/p>\n            <\/div>\n            <div id=\"collap_casos-de-excepcio-n-69eeee772d89c-2022-69eeee772d89c-abril-69eeee772d89c-publicidad-69eeee772d89c\" class=\"collapse\" aria-labelledby=\"heading_casos-de-excepcio-n-69eeee772d89c-2022-69eeee772d89c-abril-69eeee772d89c-publicidad-69eeee772d89c\" data-parent=\"#collap_casos-de-excepcio-n-69eeee772d89c-2022-69eeee772d89c-abril-69eeee772d89c\">\n                <div class=\"card-body\"><div class=\"jumbotron archivos\"><div class=\"row align-items-center\"><div class=\"col\"><h6><a class=\"text-dark\" href=\"https:\/\/comunidad.comprasdominicana.gob.do\/\/Public\/Tendering\/OpportunityDetail\/Index?noticeUID=DO1.NTC.1069732\" title=\"Ver\" target=\"_blank\">APORDOM-CCC-PEPB-2022-0016<\/a><\/h6><p class=\"mb-0 bold\">Contrataci\u00f3n de Publicidad a trav\u00e9s del Programa Respuesta Correcta.<\/p><p class=\"mb-0\" style=\"font-size: .85rem\"><strong title=\"Estado del Proceso\"><i class=\"fas fa-spinner\"><\/i><\/strong> Proceso adjudicado y celebrado<\/p><p class=\"mb-0\" style=\"font-size: .85rem\"><strong title=\"Fecha de Publicaci\u00f3n\"><i class=\"fas fa-calendar-alt\"><\/i><\/strong> Publicado el lunes, 25 de abril de 2022<\/p><\/div><div class=\"col-auto mt-md-0 mt-2\"><a class=\"btn btn-primary btn-lg px-lg-4 d-none d-md-block\" href=\"https:\/\/comunidad.comprasdominicana.gob.do\/\/Public\/Tendering\/OpportunityDetail\/Index?noticeUID=DO1.NTC.1069732\" target=\"_blank\" title=\"Detalles\"><i class=\"fas fa-link\"><\/i> DETALLES<\/a><a class=\"btn btn-primary btn-lg px-lg-4 d-block d-md-none\" href=\"https:\/\/comunidad.comprasdominicana.gob.do\/\/Public\/Tendering\/OpportunityDetail\/Index?noticeUID=DO1.NTC.1069732\" target=\"_blank\" title=\"Detalles\"><i class=\"fas fa-2x fa-link\"><\/i><\/a><\/div><\/div><\/div><div class=\"jumbotron archivos\"><div class=\"row align-items-center\"><div class=\"col\"><h6><a class=\"text-dark\" href=\"https:\/\/comunidad.comprasdominicana.gob.do\/\/Public\/Tendering\/OpportunityDetail\/Index?noticeUID=DO1.NTC.1066634\" title=\"Ver\" target=\"_blank\">APORDOM-CCC-PEPB-2022-0015<\/a><\/h6><p class=\"mb-0 bold\">Contrataci\u00f3n de Colocaci\u00f3n de Publicidad a trav\u00e9s del portal web RodandoRD.do.<\/p><p class=\"mb-0\" style=\"font-size: .85rem\"><strong title=\"Estado del Proceso\"><i class=\"fas fa-spinner\"><\/i><\/strong> Proceso adjudicado y celebrado<\/p><p class=\"mb-0\" style=\"font-size: .85rem\"><strong title=\"Fecha de Publicaci\u00f3n\"><i class=\"fas fa-calendar-alt\"><\/i><\/strong> Publicado el lunes, 18 de abril de 2022<\/p><\/div><div class=\"col-auto mt-md-0 mt-2\"><a class=\"btn btn-primary btn-lg px-lg-4 d-none d-md-block\" href=\"https:\/\/comunidad.comprasdominicana.gob.do\/\/Public\/Tendering\/OpportunityDetail\/Index?noticeUID=DO1.NTC.1066634\" target=\"_blank\" title=\"Detalles\"><i class=\"fas fa-link\"><\/i> DETALLES<\/a><a class=\"btn btn-primary btn-lg px-lg-4 d-block d-md-none\" href=\"https:\/\/comunidad.comprasdominicana.gob.do\/\/Public\/Tendering\/OpportunityDetail\/Index?noticeUID=DO1.NTC.1066634\" target=\"_blank\" title=\"Detalles\"><i class=\"fas fa-2x fa-link\"><\/i><\/a><\/div><\/div><\/div><div class=\"jumbotron archivos\"><div class=\"row align-items-center\"><div class=\"col\"><h6><a class=\"text-dark\" href=\"https:\/\/comunidad.comprasdominicana.gob.do\/\/Public\/Tendering\/OpportunityDetail\/Index?noticeUID=DO1.NTC.1065435\" title=\"Ver\" target=\"_blank\">APORDOM-CCC-PEPB-2022-0014<\/a><\/h6><p class=\"mb-0 bold\">CONTRATACI\u00d3N DE PUBLICIDAD A TRAV\u00c9S DEL PROGRAMA ACCI\u00d3N JUR\u00cdDICA<\/p><p class=\"mb-0\" style=\"font-size: .85rem\"><strong title=\"Estado del Proceso\"><i class=\"fas fa-spinner\"><\/i><\/strong> Proceso adjudicado y celebrado<\/p><p class=\"mb-0\" style=\"font-size: .85rem\"><strong title=\"Fecha de Publicaci\u00f3n\"><i class=\"fas fa-calendar-alt\"><\/i><\/strong> Publicado el mi\u00e9rcoles, 13 de abril de 2022<\/p><\/div><div class=\"col-auto mt-md-0 mt-2\"><a class=\"btn btn-primary btn-lg px-lg-4 d-none d-md-block\" href=\"https:\/\/comunidad.comprasdominicana.gob.do\/\/Public\/Tendering\/OpportunityDetail\/Index?noticeUID=DO1.NTC.1065435\" target=\"_blank\" title=\"Detalles\"><i class=\"fas fa-link\"><\/i> DETALLES<\/a><a class=\"btn btn-primary btn-lg px-lg-4 d-block d-md-none\" href=\"https:\/\/comunidad.comprasdominicana.gob.do\/\/Public\/Tendering\/OpportunityDetail\/Index?noticeUID=DO1.NTC.1065435\" target=\"_blank\" title=\"Detalles\"><i class=\"fas fa-2x fa-link\"><\/i><\/a><\/div><\/div><\/div><div class=\"jumbotron archivos\"><div class=\"row align-items-center\"><div class=\"col\"><h6><a class=\"text-dark\" href=\"https:\/\/comunidad.comprasdominicana.gob.do\/\/Public\/Tendering\/OpportunityDetail\/Index?noticeUID=DO1.NTC.1065309\" title=\"Ver\" target=\"_blank\">APORDOM-CCC-PEPB-2022-0013<\/a><\/h6><p class=\"mb-0 bold\">Contrataci\u00f3n de Publicidad a trav\u00e9s de Programa de Televisi\u00f3n y Radio \u201cTrialogo de la Municipalidad\u201d.<\/p><p class=\"mb-0\" style=\"font-size: .85rem\"><strong title=\"Estado del Proceso\"><i class=\"fas fa-spinner\"><\/i><\/strong> Proceso adjudicado y celebrado<\/p><p class=\"mb-0\" style=\"font-size: .85rem\"><strong title=\"Fecha de Publicaci\u00f3n\"><i class=\"fas fa-calendar-alt\"><\/i><\/strong> Publicado el mi\u00e9rcoles, 13 de abril de 2022<\/p><\/div><div class=\"col-auto mt-md-0 mt-2\"><a class=\"btn btn-primary btn-lg px-lg-4 d-none d-md-block\" href=\"https:\/\/comunidad.comprasdominicana.gob.do\/\/Public\/Tendering\/OpportunityDetail\/Index?noticeUID=DO1.NTC.1065309\" target=\"_blank\" title=\"Detalles\"><i class=\"fas fa-link\"><\/i> DETALLES<\/a><a class=\"btn btn-primary btn-lg px-lg-4 d-block d-md-none\" href=\"https:\/\/comunidad.comprasdominicana.gob.do\/\/Public\/Tendering\/OpportunityDetail\/Index?noticeUID=DO1.NTC.1065309\" target=\"_blank\" title=\"Detalles\"><i class=\"fas fa-2x fa-link\"><\/i><\/a><\/div><\/div><\/div><div class=\"jumbotron archivos\"><div class=\"row align-items-center\"><div class=\"col\"><h6><a class=\"text-dark\" href=\"https:\/\/comunidad.comprasdominicana.gob.do\/\/Public\/Tendering\/OpportunityDetail\/Index?noticeUID=DO1.NTC.1065417\" title=\"Ver\" target=\"_blank\">APORDOM-CCC-PEPB-2022-0012<\/a><\/h6><p class=\"mb-0 bold\">CONTRATACION DE COLOCACION DE PUBLICIDAD A TRAVES DE ME GUSTA DE NOCHE CON JOEL LOPEZ<\/p><p class=\"mb-0\" style=\"font-size: .85rem\"><strong title=\"Estado del Proceso\"><i class=\"fas fa-spinner\"><\/i><\/strong> Proceso adjudicado y celebrado<\/p><p class=\"mb-0\" style=\"font-size: .85rem\"><strong title=\"Fecha de Publicaci\u00f3n\"><i class=\"fas fa-calendar-alt\"><\/i><\/strong> Publicado el mi\u00e9rcoles, 13 de abril de 2022<\/p><\/div><div class=\"col-auto mt-md-0 mt-2\"><a class=\"btn btn-primary btn-lg px-lg-4 d-none d-md-block\" href=\"https:\/\/comunidad.comprasdominicana.gob.do\/\/Public\/Tendering\/OpportunityDetail\/Index?noticeUID=DO1.NTC.1065417\" target=\"_blank\" title=\"Detalles\"><i class=\"fas fa-link\"><\/i> DETALLES<\/a><a class=\"btn btn-primary btn-lg px-lg-4 d-block d-md-none\" href=\"https:\/\/comunidad.comprasdominicana.gob.do\/\/Public\/Tendering\/OpportunityDetail\/Index?noticeUID=DO1.NTC.1065417\" target=\"_blank\" title=\"Detalles\"><i class=\"fas fa-2x fa-link\"><\/i><\/a><\/div><\/div><\/div><\/div><\/div><\/div><\/div><\/div><\/div>\n        <div class=\"card\">\n            <div class=\"card-header parents\" id=\"heading_casos-de-excepcio-n-69eeee772d89c-2022-69eeee772d89c-febrero-69eeee772d89c\">\n                <p class=\"title text-blue mb-0\">\n                    <a class=\"btn-block hover text-left collapsed\" data-toggle=\"collapse\" data-target=\"#collap_casos-de-excepcio-n-69eeee772d89c-2022-69eeee772d89c-febrero-69eeee772d89c\" aria-expanded=\"false\" aria-controls=\"collap_casos-de-excepcio-n-69eeee772d89c-2022-69eeee772d89c-febrero-69eeee772d89c\">Febrero<\/a>\n                <\/p>\n            <\/div>\n            <div id=\"collap_casos-de-excepcio-n-69eeee772d89c-2022-69eeee772d89c-febrero-69eeee772d89c\" class=\"collapse\" aria-labelledby=\"heading_casos-de-excepcio-n-69eeee772d89c-2022-69eeee772d89c-febrero-69eeee772d89c\" data-parent=\"#collap_casos-de-excepcio-n-69eeee772d89c-2022-69eeee772d89c\">\n                <div class=\"card-body\">\n        <div class=\"card\">\n            <div class=\"card-header parents\" id=\"heading_casos-de-excepcio-n-69eeee772d89c-2022-69eeee772d89c-febrero-69eeee772d89c-publicidad-69eeee772d89c\">\n                <p class=\"title text-blue mb-0\">\n                    <a class=\"btn-block hover text-left collapsed\" data-toggle=\"collapse\" data-target=\"#collap_casos-de-excepcio-n-69eeee772d89c-2022-69eeee772d89c-febrero-69eeee772d89c-publicidad-69eeee772d89c\" aria-expanded=\"false\" aria-controls=\"collap_casos-de-excepcio-n-69eeee772d89c-2022-69eeee772d89c-febrero-69eeee772d89c-publicidad-69eeee772d89c\">Publicidad<\/a>\n                <\/p>\n            <\/div>\n            <div id=\"collap_casos-de-excepcio-n-69eeee772d89c-2022-69eeee772d89c-febrero-69eeee772d89c-publicidad-69eeee772d89c\" class=\"collapse\" aria-labelledby=\"heading_casos-de-excepcio-n-69eeee772d89c-2022-69eeee772d89c-febrero-69eeee772d89c-publicidad-69eeee772d89c\" data-parent=\"#collap_casos-de-excepcio-n-69eeee772d89c-2022-69eeee772d89c-febrero-69eeee772d89c\">\n                <div class=\"card-body\"><div class=\"jumbotron archivos\"><div class=\"row align-items-center\"><div class=\"col\"><h6><a class=\"text-dark\" href=\"https:\/\/comunidad.comprasdominicana.gob.do\/\/Public\/Tendering\/OpportunityDetail\/Index?noticeUID=DO1.NTC.1044716\" title=\"Ver\" target=\"_blank\">APORDOM-CCC-PEPB-2022-0011<\/a><\/h6><p class=\"mb-0 bold\">Contrataci\u00f3n de Colocaci\u00f3n de Publicidad a trav\u00e9s de Modo Opini\u00f3n<\/p><p class=\"mb-0\" style=\"font-size: .85rem\"><strong title=\"Estado del Proceso\"><i class=\"fas fa-spinner\"><\/i><\/strong> Proceso adjudicado y celebrado<\/p><p class=\"mb-0\" style=\"font-size: .85rem\"><strong title=\"Fecha de Publicaci\u00f3n\"><i class=\"fas fa-calendar-alt\"><\/i><\/strong> Publicado el jueves, 24 de febrero de 2022<\/p><\/div><div class=\"col-auto mt-md-0 mt-2\"><a class=\"btn btn-primary btn-lg px-lg-4 d-none d-md-block\" href=\"https:\/\/comunidad.comprasdominicana.gob.do\/\/Public\/Tendering\/OpportunityDetail\/Index?noticeUID=DO1.NTC.1044716\" target=\"_blank\" title=\"Detalles\"><i class=\"fas fa-link\"><\/i> DETALLES<\/a><a class=\"btn btn-primary btn-lg px-lg-4 d-block d-md-none\" href=\"https:\/\/comunidad.comprasdominicana.gob.do\/\/Public\/Tendering\/OpportunityDetail\/Index?noticeUID=DO1.NTC.1044716\" target=\"_blank\" title=\"Detalles\"><i class=\"fas fa-2x fa-link\"><\/i><\/a><\/div><\/div><\/div><div class=\"jumbotron archivos\"><div class=\"row align-items-center\"><div class=\"col\"><h6><a class=\"text-dark\" href=\"https:\/\/comunidad.comprasdominicana.gob.do\/\/Public\/Tendering\/OpportunityDetail\/Index?noticeUID=DO1.NTC.1044643\" title=\"Ver\" target=\"_blank\">APORDOM-CCC-PEPB-2022-0008<\/a><\/h6><p class=\"mb-0 bold\">Contrataci\u00f3n de Servicios de Publicidad en la Revista Mercado Media Network<\/p><p class=\"mb-0\" style=\"font-size: .85rem\"><strong title=\"Estado del Proceso\"><i class=\"fas fa-spinner\"><\/i><\/strong> Proceso adjudicado y celebrado<\/p><p class=\"mb-0\" style=\"font-size: .85rem\"><strong title=\"Fecha de Publicaci\u00f3n\"><i class=\"fas fa-calendar-alt\"><\/i><\/strong> Publicado el mi\u00e9rcoles, 23 de febrero de 2022<\/p><\/div><div class=\"col-auto mt-md-0 mt-2\"><a class=\"btn btn-primary btn-lg px-lg-4 d-none d-md-block\" href=\"https:\/\/comunidad.comprasdominicana.gob.do\/\/Public\/Tendering\/OpportunityDetail\/Index?noticeUID=DO1.NTC.1044643\" target=\"_blank\" title=\"Detalles\"><i class=\"fas fa-link\"><\/i> DETALLES<\/a><a class=\"btn btn-primary btn-lg px-lg-4 d-block d-md-none\" href=\"https:\/\/comunidad.comprasdominicana.gob.do\/\/Public\/Tendering\/OpportunityDetail\/Index?noticeUID=DO1.NTC.1044643\" target=\"_blank\" title=\"Detalles\"><i class=\"fas fa-2x fa-link\"><\/i><\/a><\/div><\/div><\/div><div class=\"jumbotron archivos\"><div class=\"row align-items-center\"><div class=\"col\"><h6><a class=\"text-dark\" href=\"https:\/\/comunidad.comprasdominicana.gob.do\/\/Public\/Tendering\/OpportunityDetail\/Index?noticeUID=DO1.NTC.1043919\" title=\"Ver\" target=\"_blank\">APORDOM-CCC-PEPB-2022-0010<\/a><\/h6><p class=\"mb-0 bold\">Contrataci\u00f3n de Colocaci\u00f3n de Publicidad a trav\u00e9s de Tu Ma\u00f1ana By   Cachicha.<\/p><p class=\"mb-0\" style=\"font-size: .85rem\"><strong title=\"Estado del Proceso\"><i class=\"fas fa-spinner\"><\/i><\/strong> Proceso adjudicado y celebrado<\/p><p class=\"mb-0\" style=\"font-size: .85rem\"><strong title=\"Fecha de Publicaci\u00f3n\"><i class=\"fas fa-calendar-alt\"><\/i><\/strong> Publicado el martes, 22 de febrero de 2022<\/p><\/div><div class=\"col-auto mt-md-0 mt-2\"><a class=\"btn btn-primary btn-lg px-lg-4 d-none d-md-block\" href=\"https:\/\/comunidad.comprasdominicana.gob.do\/\/Public\/Tendering\/OpportunityDetail\/Index?noticeUID=DO1.NTC.1043919\" target=\"_blank\" title=\"Detalles\"><i class=\"fas fa-link\"><\/i> DETALLES<\/a><a class=\"btn btn-primary btn-lg px-lg-4 d-block d-md-none\" href=\"https:\/\/comunidad.comprasdominicana.gob.do\/\/Public\/Tendering\/OpportunityDetail\/Index?noticeUID=DO1.NTC.1043919\" target=\"_blank\" title=\"Detalles\"><i class=\"fas fa-2x fa-link\"><\/i><\/a><\/div><\/div><\/div><div class=\"jumbotron archivos\"><div class=\"row align-items-center\"><div class=\"col\"><h6><a class=\"text-dark\" href=\"https:\/\/comunidad.comprasdominicana.gob.do\/\/Public\/Tendering\/OpportunityDetail\/Index?noticeUID=DO1.NTC.1041436\" title=\"Ver\" target=\"_blank\">APORDOM-CCC-PEPB-2022-0007<\/a><\/h6><p class=\"mb-0 bold\">CONTRATACION DE SERVICIOS DE PUBLICIDAD A TRAVES DE SIN RODEOS CON CRISTIAN<\/p><p class=\"mb-0\" style=\"font-size: .85rem\"><strong title=\"Estado del Proceso\"><i class=\"fas fa-spinner\"><\/i><\/strong> Proceso adjudicado y celebrado<\/p><p class=\"mb-0\" style=\"font-size: .85rem\"><strong title=\"Fecha de Publicaci\u00f3n\"><i class=\"fas fa-calendar-alt\"><\/i><\/strong> Publicado el mi\u00e9rcoles, 16 de febrero de 2022<\/p><\/div><div class=\"col-auto mt-md-0 mt-2\"><a class=\"btn btn-primary btn-lg px-lg-4 d-none d-md-block\" href=\"https:\/\/comunidad.comprasdominicana.gob.do\/\/Public\/Tendering\/OpportunityDetail\/Index?noticeUID=DO1.NTC.1041436\" target=\"_blank\" title=\"Detalles\"><i class=\"fas fa-link\"><\/i> DETALLES<\/a><a class=\"btn btn-primary btn-lg px-lg-4 d-block d-md-none\" href=\"https:\/\/comunidad.comprasdominicana.gob.do\/\/Public\/Tendering\/OpportunityDetail\/Index?noticeUID=DO1.NTC.1041436\" target=\"_blank\" title=\"Detalles\"><i class=\"fas fa-2x fa-link\"><\/i><\/a><\/div><\/div><\/div><div class=\"jumbotron archivos\"><div class=\"row align-items-center\"><div class=\"col\"><h6><a class=\"text-dark\" href=\"https:\/\/comunidad.comprasdominicana.gob.do\/\/Public\/Tendering\/OpportunityDetail\/Index?noticeUID=DO1.NTC.1041104\" title=\"Ver\" target=\"_blank\">APORDOM-CCC-PEPB-2022-0006<\/a><\/h6><p class=\"mb-0 bold\">Contrataci\u00f3n de Colocaci\u00f3n de Publicidad a Trav\u00e9s de televisivo Global TNI Multimedios <\/p><p class=\"mb-0\" style=\"font-size: .85rem\"><strong title=\"Estado del Proceso\"><i class=\"fas fa-spinner\"><\/i><\/strong> Proceso adjudicado y celebrado<\/p><p class=\"mb-0\" style=\"font-size: .85rem\"><strong title=\"Fecha de Publicaci\u00f3n\"><i class=\"fas fa-calendar-alt\"><\/i><\/strong> Publicado el mi\u00e9rcoles, 16 de febrero de 2022<\/p><\/div><div class=\"col-auto mt-md-0 mt-2\"><a class=\"btn btn-primary btn-lg px-lg-4 d-none d-md-block\" href=\"https:\/\/comunidad.comprasdominicana.gob.do\/\/Public\/Tendering\/OpportunityDetail\/Index?noticeUID=DO1.NTC.1041104\" target=\"_blank\" title=\"Detalles\"><i class=\"fas fa-link\"><\/i> DETALLES<\/a><a class=\"btn btn-primary btn-lg px-lg-4 d-block d-md-none\" href=\"https:\/\/comunidad.comprasdominicana.gob.do\/\/Public\/Tendering\/OpportunityDetail\/Index?noticeUID=DO1.NTC.1041104\" target=\"_blank\" title=\"Detalles\"><i class=\"fas fa-2x fa-link\"><\/i><\/a><\/div><\/div><\/div><div class=\"jumbotron archivos\"><div class=\"row align-items-center\"><div class=\"col\"><h6><a class=\"text-dark\" href=\"https:\/\/comunidad.comprasdominicana.gob.do\/\/Public\/Tendering\/OpportunityDetail\/Index?noticeUID=DO1.NTC.1041304\" title=\"Ver\" target=\"_blank\">APORDOM-CCC-PEPB-2022-0009<\/a><\/h6><p class=\"mb-0 bold\">Contrataci\u00f3n de Colocaci\u00f3n de Publicidad a trav\u00e9s de Sin Esquemas con Alberto Atallah.<\/p><p class=\"mb-0\" style=\"font-size: .85rem\"><strong title=\"Estado del Proceso\"><i class=\"fas fa-spinner\"><\/i><\/strong> Proceso adjudicado y celebrado<\/p><p class=\"mb-0\" style=\"font-size: .85rem\"><strong title=\"Fecha de Publicaci\u00f3n\"><i class=\"fas fa-calendar-alt\"><\/i><\/strong> Publicado el mi\u00e9rcoles, 16 de febrero de 2022<\/p><\/div><div class=\"col-auto mt-md-0 mt-2\"><a class=\"btn btn-primary btn-lg px-lg-4 d-none d-md-block\" href=\"https:\/\/comunidad.comprasdominicana.gob.do\/\/Public\/Tendering\/OpportunityDetail\/Index?noticeUID=DO1.NTC.1041304\" target=\"_blank\" title=\"Detalles\"><i class=\"fas fa-link\"><\/i> DETALLES<\/a><a class=\"btn btn-primary btn-lg px-lg-4 d-block d-md-none\" href=\"https:\/\/comunidad.comprasdominicana.gob.do\/\/Public\/Tendering\/OpportunityDetail\/Index?noticeUID=DO1.NTC.1041304\" target=\"_blank\" title=\"Detalles\"><i class=\"fas fa-2x fa-link\"><\/i><\/a><\/div><\/div><\/div><div class=\"jumbotron archivos\"><div class=\"row align-items-center\"><div class=\"col\"><h6><a class=\"text-dark\" href=\"https:\/\/comunidad.comprasdominicana.gob.do\/\/Public\/Tendering\/OpportunityDetail\/Index?noticeUID=DO1.NTC.1037923\" title=\"Ver\" target=\"_blank\">APORDOM-CCC-PEPB-2022-0005<\/a><\/h6><p class=\"mb-0 bold\">Contrataci\u00f3n de Servicios de Publicidad a trav\u00e9s de Programa Radial \u201cLo que est\u00e1 pasando \u201c\n<\/p><p class=\"mb-0\" style=\"font-size: .85rem\"><strong title=\"Estado del Proceso\"><i class=\"fas fa-spinner\"><\/i><\/strong> Proceso adjudicado y celebrado<\/p><p class=\"mb-0\" style=\"font-size: .85rem\"><strong title=\"Fecha de Publicaci\u00f3n\"><i class=\"fas fa-calendar-alt\"><\/i><\/strong> Publicado el martes, 8 de febrero de 2022<\/p><\/div><div class=\"col-auto mt-md-0 mt-2\"><a class=\"btn btn-primary btn-lg px-lg-4 d-none d-md-block\" href=\"https:\/\/comunidad.comprasdominicana.gob.do\/\/Public\/Tendering\/OpportunityDetail\/Index?noticeUID=DO1.NTC.1037923\" target=\"_blank\" title=\"Detalles\"><i class=\"fas fa-link\"><\/i> DETALLES<\/a><a class=\"btn btn-primary btn-lg px-lg-4 d-block d-md-none\" href=\"https:\/\/comunidad.comprasdominicana.gob.do\/\/Public\/Tendering\/OpportunityDetail\/Index?noticeUID=DO1.NTC.1037923\" target=\"_blank\" title=\"Detalles\"><i class=\"fas fa-2x fa-link\"><\/i><\/a><\/div><\/div><\/div><div class=\"jumbotron archivos\"><div class=\"row align-items-center\"><div class=\"col\"><h6><a class=\"text-dark\" href=\"https:\/\/comunidad.comprasdominicana.gob.do\/\/Public\/Tendering\/OpportunityDetail\/Index?noticeUID=DO1.NTC.1037607\" title=\"Ver\" target=\"_blank\">APORDOM-CCC-PEPB-2022-0003<\/a><\/h6><p class=\"mb-0 bold\">Contrataci\u00f3n de Colocaci\u00f3n de Publicidad a trav\u00e9s de Telecanal 12.<\/p><p class=\"mb-0\" style=\"font-size: .85rem\"><strong title=\"Estado del Proceso\"><i class=\"fas fa-spinner\"><\/i><\/strong> Proceso adjudicado y celebrado<\/p><p class=\"mb-0\" style=\"font-size: .85rem\"><strong title=\"Fecha de Publicaci\u00f3n\"><i class=\"fas fa-calendar-alt\"><\/i><\/strong> Publicado el martes, 8 de febrero de 2022<\/p><\/div><div class=\"col-auto mt-md-0 mt-2\"><a class=\"btn btn-primary btn-lg px-lg-4 d-none d-md-block\" href=\"https:\/\/comunidad.comprasdominicana.gob.do\/\/Public\/Tendering\/OpportunityDetail\/Index?noticeUID=DO1.NTC.1037607\" target=\"_blank\" title=\"Detalles\"><i class=\"fas fa-link\"><\/i> DETALLES<\/a><a class=\"btn btn-primary btn-lg px-lg-4 d-block d-md-none\" href=\"https:\/\/comunidad.comprasdominicana.gob.do\/\/Public\/Tendering\/OpportunityDetail\/Index?noticeUID=DO1.NTC.1037607\" target=\"_blank\" title=\"Detalles\"><i class=\"fas fa-2x fa-link\"><\/i><\/a><\/div><\/div><\/div><div class=\"jumbotron archivos\"><div class=\"row align-items-center\"><div class=\"col\"><h6><a class=\"text-dark\" href=\"https:\/\/comunidad.comprasdominicana.gob.do\/\/Public\/Tendering\/OpportunityDetail\/Index?noticeUID=DO1.NTC.1036713\" title=\"Ver\" target=\"_blank\">APORDOM-CCC-PEPB-2022-0004<\/a><\/h6><p class=\"mb-0 bold\">Contrataci\u00f3n de Colocaci\u00f3n de Publicidad a trav\u00e9s de Avance Provincial.<\/p><p class=\"mb-0\" style=\"font-size: .85rem\"><strong title=\"Estado del Proceso\"><i class=\"fas fa-spinner\"><\/i><\/strong> Proceso adjudicado y celebrado<\/p><p class=\"mb-0\" style=\"font-size: .85rem\"><strong title=\"Fecha de Publicaci\u00f3n\"><i class=\"fas fa-calendar-alt\"><\/i><\/strong> Publicado el viernes, 4 de febrero de 2022<\/p><\/div><div class=\"col-auto mt-md-0 mt-2\"><a class=\"btn btn-primary btn-lg px-lg-4 d-none d-md-block\" href=\"https:\/\/comunidad.comprasdominicana.gob.do\/\/Public\/Tendering\/OpportunityDetail\/Index?noticeUID=DO1.NTC.1036713\" target=\"_blank\" title=\"Detalles\"><i class=\"fas fa-link\"><\/i> DETALLES<\/a><a class=\"btn btn-primary btn-lg px-lg-4 d-block d-md-none\" href=\"https:\/\/comunidad.comprasdominicana.gob.do\/\/Public\/Tendering\/OpportunityDetail\/Index?noticeUID=DO1.NTC.1036713\" target=\"_blank\" title=\"Detalles\"><i class=\"fas fa-2x fa-link\"><\/i><\/a><\/div><\/div><\/div><div class=\"jumbotron archivos\"><div class=\"row align-items-center\"><div class=\"col\"><h6><a class=\"text-dark\" href=\"https:\/\/comunidad.comprasdominicana.gob.do\/\/Public\/Tendering\/OpportunityDetail\/Index?noticeUID=DO1.NTC.1036129\" title=\"Ver\" target=\"_blank\">APORDOM-CCC-PEPB-2022-0002<\/a><\/h6><p class=\"mb-0 bold\">CONTRATACION DE COLOCACION DE PUBLICIDAD A TRAVES  DE GRUPO NAGUERO<\/p><p class=\"mb-0\" style=\"font-size: .85rem\"><strong title=\"Estado del Proceso\"><i class=\"fas fa-spinner\"><\/i><\/strong> Proceso adjudicado y celebrado<\/p><p class=\"mb-0\" style=\"font-size: .85rem\"><strong title=\"Fecha de Publicaci\u00f3n\"><i class=\"fas fa-calendar-alt\"><\/i><\/strong> Publicado el jueves, 3 de febrero de 2022<\/p><\/div><div class=\"col-auto mt-md-0 mt-2\"><a class=\"btn btn-primary btn-lg px-lg-4 d-none d-md-block\" href=\"https:\/\/comunidad.comprasdominicana.gob.do\/\/Public\/Tendering\/OpportunityDetail\/Index?noticeUID=DO1.NTC.1036129\" target=\"_blank\" title=\"Detalles\"><i class=\"fas fa-link\"><\/i> DETALLES<\/a><a class=\"btn btn-primary btn-lg px-lg-4 d-block d-md-none\" href=\"https:\/\/comunidad.comprasdominicana.gob.do\/\/Public\/Tendering\/OpportunityDetail\/Index?noticeUID=DO1.NTC.1036129\" target=\"_blank\" title=\"Detalles\"><i class=\"fas fa-2x fa-link\"><\/i><\/a><\/div><\/div><\/div><div class=\"jumbotron archivos\"><div class=\"row align-items-center\"><div class=\"col\"><h6><a class=\"text-dark\" href=\"https:\/\/comunidad.comprasdominicana.gob.do\/\/Public\/Tendering\/OpportunityDetail\/Index?noticeUID=DO1.NTC.1036215\" title=\"Ver\" target=\"_blank\">APORDOM-CCC-PEPB-2022-0001<\/a><\/h6><p class=\"mb-0 bold\">Contrataci\u00f3n de Servicios de Publicidad a trav\u00e9s Cr\u00f3nica RD<\/p><p class=\"mb-0\" style=\"font-size: .85rem\"><strong title=\"Estado del Proceso\"><i class=\"fas fa-spinner\"><\/i><\/strong> Proceso adjudicado y celebrado<\/p><p class=\"mb-0\" style=\"font-size: .85rem\"><strong title=\"Fecha de Publicaci\u00f3n\"><i class=\"fas fa-calendar-alt\"><\/i><\/strong> Publicado el jueves, 3 de febrero de 2022<\/p><\/div><div class=\"col-auto mt-md-0 mt-2\"><a class=\"btn btn-primary btn-lg px-lg-4 d-none d-md-block\" href=\"https:\/\/comunidad.comprasdominicana.gob.do\/\/Public\/Tendering\/OpportunityDetail\/Index?noticeUID=DO1.NTC.1036215\" target=\"_blank\" title=\"Detalles\"><i class=\"fas fa-link\"><\/i> DETALLES<\/a><a class=\"btn btn-primary btn-lg px-lg-4 d-block d-md-none\" href=\"https:\/\/comunidad.comprasdominicana.gob.do\/\/Public\/Tendering\/OpportunityDetail\/Index?noticeUID=DO1.NTC.1036215\" target=\"_blank\" title=\"Detalles\"><i class=\"fas fa-2x fa-link\"><\/i><\/a><\/div><\/div><\/div><\/div><\/div><\/div><\/div><\/div><\/div><\/div><\/div><\/div>\n        <div class=\"card\">\n            <div class=\"card-header parents\" id=\"heading_casos-de-excepcio-n-69eeee772d89c-2021-69eeee772d89c\">\n                <p class=\"title text-blue mb-0\">\n                    <a class=\"btn-block hover text-left collapsed\" data-toggle=\"collapse\" data-target=\"#collap_casos-de-excepcio-n-69eeee772d89c-2021-69eeee772d89c\" aria-expanded=\"false\" aria-controls=\"collap_casos-de-excepcio-n-69eeee772d89c-2021-69eeee772d89c\">2021<\/a>\n                <\/p>\n            <\/div>\n            <div id=\"collap_casos-de-excepcio-n-69eeee772d89c-2021-69eeee772d89c\" class=\"collapse\" aria-labelledby=\"heading_casos-de-excepcio-n-69eeee772d89c-2021-69eeee772d89c\" data-parent=\"#collap_casos-de-excepcio-n-69eeee772d89c\">\n                <div class=\"card-body\">\n        <div class=\"card\">\n            <div class=\"card-header parents\" id=\"heading_casos-de-excepcio-n-69eeee772d89c-2021-69eeee772d89c-diciembre-69eeee772d89c\">\n                <p class=\"title text-blue mb-0\">\n                    <a class=\"btn-block hover text-left collapsed\" data-toggle=\"collapse\" data-target=\"#collap_casos-de-excepcio-n-69eeee772d89c-2021-69eeee772d89c-diciembre-69eeee772d89c\" aria-expanded=\"false\" aria-controls=\"collap_casos-de-excepcio-n-69eeee772d89c-2021-69eeee772d89c-diciembre-69eeee772d89c\">Diciembre<\/a>\n                <\/p>\n            <\/div>\n            <div id=\"collap_casos-de-excepcio-n-69eeee772d89c-2021-69eeee772d89c-diciembre-69eeee772d89c\" class=\"collapse\" aria-labelledby=\"heading_casos-de-excepcio-n-69eeee772d89c-2021-69eeee772d89c-diciembre-69eeee772d89c\" data-parent=\"#collap_casos-de-excepcio-n-69eeee772d89c-2021-69eeee772d89c\">\n                <div class=\"card-body\">\n        <div class=\"card\">\n            <div class=\"card-header parents\" id=\"heading_casos-de-excepcio-n-69eeee772d89c-2021-69eeee772d89c-diciembre-69eeee772d89c-publicidad-69eeee772d89c\">\n                <p class=\"title text-blue mb-0\">\n                    <a class=\"btn-block hover text-left collapsed\" data-toggle=\"collapse\" data-target=\"#collap_casos-de-excepcio-n-69eeee772d89c-2021-69eeee772d89c-diciembre-69eeee772d89c-publicidad-69eeee772d89c\" aria-expanded=\"false\" aria-controls=\"collap_casos-de-excepcio-n-69eeee772d89c-2021-69eeee772d89c-diciembre-69eeee772d89c-publicidad-69eeee772d89c\">Publicidad<\/a>\n                <\/p>\n            <\/div>\n            <div id=\"collap_casos-de-excepcio-n-69eeee772d89c-2021-69eeee772d89c-diciembre-69eeee772d89c-publicidad-69eeee772d89c\" class=\"collapse\" aria-labelledby=\"heading_casos-de-excepcio-n-69eeee772d89c-2021-69eeee772d89c-diciembre-69eeee772d89c-publicidad-69eeee772d89c\" data-parent=\"#collap_casos-de-excepcio-n-69eeee772d89c-2021-69eeee772d89c-diciembre-69eeee772d89c\">\n                <div class=\"card-body\"><div class=\"jumbotron archivos\"><div class=\"row align-items-center\"><div class=\"col\"><h6><a class=\"text-dark\" href=\"https:\/\/comunidad.comprasdominicana.gob.do\/\/Public\/Tendering\/OpportunityDetail\/Index?noticeUID=DO1.NTC.1017116\" title=\"Ver\" target=\"_blank\">APORDOM-CCC-PEPB-2021-0036<\/a><\/h6><p class=\"mb-0 bold\">Colocaci\u00f3n de publicidad a trav\u00e9s del programa Encuentro Extra<\/p><p class=\"mb-0\" style=\"font-size: .85rem\"><strong title=\"Estado del Proceso\"><i class=\"fas fa-spinner\"><\/i><\/strong> Proceso adjudicado y celebrado<\/p><p class=\"mb-0\" style=\"font-size: .85rem\"><strong title=\"Fecha de Publicaci\u00f3n\"><i class=\"fas fa-calendar-alt\"><\/i><\/strong> Publicado el jueves, 23 de diciembre de 2021<\/p><\/div><div class=\"col-auto mt-md-0 mt-2\"><a class=\"btn btn-primary btn-lg px-lg-4 d-none d-md-block\" href=\"https:\/\/comunidad.comprasdominicana.gob.do\/\/Public\/Tendering\/OpportunityDetail\/Index?noticeUID=DO1.NTC.1017116\" target=\"_blank\" title=\"Detalles\"><i class=\"fas fa-link\"><\/i> DETALLES<\/a><a class=\"btn btn-primary btn-lg px-lg-4 d-block d-md-none\" href=\"https:\/\/comunidad.comprasdominicana.gob.do\/\/Public\/Tendering\/OpportunityDetail\/Index?noticeUID=DO1.NTC.1017116\" target=\"_blank\" title=\"Detalles\"><i class=\"fas fa-2x fa-link\"><\/i><\/a><\/div><\/div><\/div><div class=\"jumbotron archivos\"><div class=\"row align-items-center\"><div class=\"col\"><h6><a class=\"text-dark\" href=\"https:\/\/comunidad.comprasdominicana.gob.do\/\/Public\/Tendering\/OpportunityDetail\/Index?noticeUID=DO1.NTC.1016622\" title=\"Ver\" target=\"_blank\">APORDOM-CCC-PEPB-2021-0035<\/a><\/h6><p class=\"mb-0 bold\">Colocaci\u00f3n de publicidad a trav\u00e9s del programa \u201cSIN CORTES\u201d<\/p><p class=\"mb-0\" style=\"font-size: .85rem\"><strong title=\"Estado del Proceso\"><i class=\"fas fa-spinner\"><\/i><\/strong> Proceso adjudicado y celebrado<\/p><p class=\"mb-0\" style=\"font-size: .85rem\"><strong title=\"Fecha de Publicaci\u00f3n\"><i class=\"fas fa-calendar-alt\"><\/i><\/strong> Publicado el mi\u00e9rcoles, 22 de diciembre de 2021<\/p><\/div><div class=\"col-auto mt-md-0 mt-2\"><a class=\"btn btn-primary btn-lg px-lg-4 d-none d-md-block\" href=\"https:\/\/comunidad.comprasdominicana.gob.do\/\/Public\/Tendering\/OpportunityDetail\/Index?noticeUID=DO1.NTC.1016622\" target=\"_blank\" title=\"Detalles\"><i class=\"fas fa-link\"><\/i> DETALLES<\/a><a class=\"btn btn-primary btn-lg px-lg-4 d-block d-md-none\" href=\"https:\/\/comunidad.comprasdominicana.gob.do\/\/Public\/Tendering\/OpportunityDetail\/Index?noticeUID=DO1.NTC.1016622\" target=\"_blank\" title=\"Detalles\"><i class=\"fas fa-2x fa-link\"><\/i><\/a><\/div><\/div><\/div><div class=\"jumbotron archivos\"><div class=\"row align-items-center\"><div class=\"col\"><h6><a class=\"text-dark\" href=\"https:\/\/comunidad.comprasdominicana.gob.do\/\/Public\/Tendering\/OpportunityDetail\/Index?noticeUID=DO1.NTC.1012615\" title=\"Ver\" target=\"_blank\">APORDOM-CCC-PEPB-2021-0037<\/a><\/h6><p class=\"mb-0 bold\">Contrataci\u00f3n de Colocaci\u00f3n de Publicidad en los  Peri\u00f3dicos  Diario Libre,  El Caribe Y List\u00edn Diario<\/p><p class=\"mb-0\" style=\"font-size: .85rem\"><strong title=\"Estado del Proceso\"><i class=\"fas fa-spinner\"><\/i><\/strong> Proceso adjudicado y celebrado<\/p><p class=\"mb-0\" style=\"font-size: .85rem\"><strong title=\"Fecha de Publicaci\u00f3n\"><i class=\"fas fa-calendar-alt\"><\/i><\/strong> Publicado el martes, 14 de diciembre de 2021<\/p><\/div><div class=\"col-auto mt-md-0 mt-2\"><a class=\"btn btn-primary btn-lg px-lg-4 d-none d-md-block\" href=\"https:\/\/comunidad.comprasdominicana.gob.do\/\/Public\/Tendering\/OpportunityDetail\/Index?noticeUID=DO1.NTC.1012615\" target=\"_blank\" title=\"Detalles\"><i class=\"fas fa-link\"><\/i> DETALLES<\/a><a class=\"btn btn-primary btn-lg px-lg-4 d-block d-md-none\" href=\"https:\/\/comunidad.comprasdominicana.gob.do\/\/Public\/Tendering\/OpportunityDetail\/Index?noticeUID=DO1.NTC.1012615\" target=\"_blank\" title=\"Detalles\"><i class=\"fas fa-2x fa-link\"><\/i><\/a><\/div><\/div><\/div><div class=\"jumbotron archivos\"><div class=\"row align-items-center\"><div class=\"col\"><h6><a class=\"text-dark\" href=\"https:\/\/comunidad.comprasdominicana.gob.do\/\/Public\/Tendering\/OpportunityDetail\/Index?noticeUID=DO1.NTC.1011526\" title=\"Ver\" target=\"_blank\">APORDOM-CCC-PEPB-2021-0034<\/a><\/h6><p class=\"mb-0 bold\">CONTRATACION DE PUBLICIDAD A TRAVES EMISORAS GRUPO AZUCAR F.M.<\/p><p class=\"mb-0\" style=\"font-size: .85rem\"><strong title=\"Estado del Proceso\"><i class=\"fas fa-spinner\"><\/i><\/strong> Proceso adjudicado y celebrado<\/p><p class=\"mb-0\" style=\"font-size: .85rem\"><strong title=\"Fecha de Publicaci\u00f3n\"><i class=\"fas fa-calendar-alt\"><\/i><\/strong> Publicado el viernes, 10 de diciembre de 2021<\/p><\/div><div class=\"col-auto mt-md-0 mt-2\"><a class=\"btn btn-primary btn-lg px-lg-4 d-none d-md-block\" href=\"https:\/\/comunidad.comprasdominicana.gob.do\/\/Public\/Tendering\/OpportunityDetail\/Index?noticeUID=DO1.NTC.1011526\" target=\"_blank\" title=\"Detalles\"><i class=\"fas fa-link\"><\/i> DETALLES<\/a><a class=\"btn btn-primary btn-lg px-lg-4 d-block d-md-none\" href=\"https:\/\/comunidad.comprasdominicana.gob.do\/\/Public\/Tendering\/OpportunityDetail\/Index?noticeUID=DO1.NTC.1011526\" target=\"_blank\" title=\"Detalles\"><i class=\"fas fa-2x fa-link\"><\/i><\/a><\/div><\/div><\/div><\/div><\/div><\/div><\/div><\/div><\/div>\n        <div class=\"card\">\n            <div class=\"card-header parents\" id=\"heading_casos-de-excepcio-n-69eeee772d89c-2021-69eeee772d89c-noviembre-69eeee772d89c\">\n                <p class=\"title text-blue mb-0\">\n                    <a class=\"btn-block hover text-left collapsed\" data-toggle=\"collapse\" data-target=\"#collap_casos-de-excepcio-n-69eeee772d89c-2021-69eeee772d89c-noviembre-69eeee772d89c\" aria-expanded=\"false\" aria-controls=\"collap_casos-de-excepcio-n-69eeee772d89c-2021-69eeee772d89c-noviembre-69eeee772d89c\">Noviembre<\/a>\n                <\/p>\n            <\/div>\n            <div id=\"collap_casos-de-excepcio-n-69eeee772d89c-2021-69eeee772d89c-noviembre-69eeee772d89c\" class=\"collapse\" aria-labelledby=\"heading_casos-de-excepcio-n-69eeee772d89c-2021-69eeee772d89c-noviembre-69eeee772d89c\" data-parent=\"#collap_casos-de-excepcio-n-69eeee772d89c-2021-69eeee772d89c\">\n                <div class=\"card-body\">\n        <div class=\"card\">\n            <div class=\"card-header parents\" id=\"heading_casos-de-excepcio-n-69eeee772d89c-2021-69eeee772d89c-noviembre-69eeee772d89c-publicidad-69eeee772d89c\">\n                <p class=\"title text-blue mb-0\">\n                    <a class=\"btn-block hover text-left collapsed\" data-toggle=\"collapse\" data-target=\"#collap_casos-de-excepcio-n-69eeee772d89c-2021-69eeee772d89c-noviembre-69eeee772d89c-publicidad-69eeee772d89c\" aria-expanded=\"false\" aria-controls=\"collap_casos-de-excepcio-n-69eeee772d89c-2021-69eeee772d89c-noviembre-69eeee772d89c-publicidad-69eeee772d89c\">Publicidad<\/a>\n                <\/p>\n            <\/div>\n            <div id=\"collap_casos-de-excepcio-n-69eeee772d89c-2021-69eeee772d89c-noviembre-69eeee772d89c-publicidad-69eeee772d89c\" class=\"collapse\" aria-labelledby=\"heading_casos-de-excepcio-n-69eeee772d89c-2021-69eeee772d89c-noviembre-69eeee772d89c-publicidad-69eeee772d89c\" data-parent=\"#collap_casos-de-excepcio-n-69eeee772d89c-2021-69eeee772d89c-noviembre-69eeee772d89c\">\n                <div class=\"card-body\"><div class=\"jumbotron archivos\"><div class=\"row align-items-center\"><div class=\"col\"><h6><a class=\"text-dark\" href=\"https:\/\/comunidad.comprasdominicana.gob.do\/\/Public\/Tendering\/OpportunityDetail\/Index?noticeUID=DO1.NTC.1005819\" title=\"Ver\" target=\"_blank\">APORDOM-CCC-PEPB-2021-0033<\/a><\/h6><p class=\"mb-0 bold\">Colocaci\u00f3n de publicidad a trav\u00e9s del espacio   televisivo \u201cBajando Duro con Vidal Diaz\u201d<\/p><p class=\"mb-0\" style=\"font-size: .85rem\"><strong title=\"Estado del Proceso\"><i class=\"fas fa-spinner\"><\/i><\/strong> Proceso adjudicado y celebrado<\/p><p class=\"mb-0\" style=\"font-size: .85rem\"><strong title=\"Fecha de Publicaci\u00f3n\"><i class=\"fas fa-calendar-alt\"><\/i><\/strong> Publicado el viernes, 26 de noviembre de 2021<\/p><\/div><div class=\"col-auto mt-md-0 mt-2\"><a class=\"btn btn-primary btn-lg px-lg-4 d-none d-md-block\" href=\"https:\/\/comunidad.comprasdominicana.gob.do\/\/Public\/Tendering\/OpportunityDetail\/Index?noticeUID=DO1.NTC.1005819\" target=\"_blank\" title=\"Detalles\"><i class=\"fas fa-link\"><\/i> DETALLES<\/a><a class=\"btn btn-primary btn-lg px-lg-4 d-block d-md-none\" href=\"https:\/\/comunidad.comprasdominicana.gob.do\/\/Public\/Tendering\/OpportunityDetail\/Index?noticeUID=DO1.NTC.1005819\" target=\"_blank\" title=\"Detalles\"><i class=\"fas fa-2x fa-link\"><\/i><\/a><\/div><\/div><\/div><div class=\"jumbotron archivos\"><div class=\"row align-items-center\"><div class=\"col\"><h6><a class=\"text-dark\" href=\"https:\/\/comunidad.comprasdominicana.gob.do\/\/Public\/Tendering\/OpportunityDetail\/Index?noticeUID=DO1.NTC.1004225\" title=\"Ver\" target=\"_blank\">APORDOM-CCC-PEPB-2021-0032<\/a><\/h6><p class=\"mb-0 bold\">Colocaci\u00f3n de publicidad a trav\u00e9s del espacio   televisivo \u201cAl Medio D\u00eda con Jochy Hern\u00e1ndez\u201d\t<\/p><p class=\"mb-0\" style=\"font-size: .85rem\"><strong title=\"Estado del Proceso\"><i class=\"fas fa-spinner\"><\/i><\/strong> Proceso adjudicado y celebrado<\/p><p class=\"mb-0\" style=\"font-size: .85rem\"><strong title=\"Fecha de Publicaci\u00f3n\"><i class=\"fas fa-calendar-alt\"><\/i><\/strong> Publicado el mi\u00e9rcoles, 24 de noviembre de 2021<\/p><\/div><div class=\"col-auto mt-md-0 mt-2\"><a class=\"btn btn-primary btn-lg px-lg-4 d-none d-md-block\" href=\"https:\/\/comunidad.comprasdominicana.gob.do\/\/Public\/Tendering\/OpportunityDetail\/Index?noticeUID=DO1.NTC.1004225\" target=\"_blank\" title=\"Detalles\"><i class=\"fas fa-link\"><\/i> DETALLES<\/a><a class=\"btn btn-primary btn-lg px-lg-4 d-block d-md-none\" href=\"https:\/\/comunidad.comprasdominicana.gob.do\/\/Public\/Tendering\/OpportunityDetail\/Index?noticeUID=DO1.NTC.1004225\" target=\"_blank\" title=\"Detalles\"><i class=\"fas fa-2x fa-link\"><\/i><\/a><\/div><\/div><\/div><div class=\"jumbotron archivos\"><div class=\"row align-items-center\"><div class=\"col\"><h6><a class=\"text-dark\" href=\"https:\/\/comunidad.comprasdominicana.gob.do\/\/Public\/Tendering\/OpportunityDetail\/Index?noticeUID=DO1.NTC.1003913\" title=\"Ver\" target=\"_blank\">APORDOM-CCC-PEPB-2021-0030<\/a><\/h6><p class=\"mb-0 bold\">Colocaci\u00f3n de Publicidad a trav\u00e9s del espacio televisivo &quot;Punto \u00b4por Punto&quot;<\/p><p class=\"mb-0\" style=\"font-size: .85rem\"><strong title=\"Estado del Proceso\"><i class=\"fas fa-spinner\"><\/i><\/strong> Proceso adjudicado y celebrado<\/p><p class=\"mb-0\" style=\"font-size: .85rem\"><strong title=\"Fecha de Publicaci\u00f3n\"><i class=\"fas fa-calendar-alt\"><\/i><\/strong> Publicado el martes, 23 de noviembre de 2021<\/p><\/div><div class=\"col-auto mt-md-0 mt-2\"><a class=\"btn btn-primary btn-lg px-lg-4 d-none d-md-block\" href=\"https:\/\/comunidad.comprasdominicana.gob.do\/\/Public\/Tendering\/OpportunityDetail\/Index?noticeUID=DO1.NTC.1003913\" target=\"_blank\" title=\"Detalles\"><i class=\"fas fa-link\"><\/i> DETALLES<\/a><a class=\"btn btn-primary btn-lg px-lg-4 d-block d-md-none\" href=\"https:\/\/comunidad.comprasdominicana.gob.do\/\/Public\/Tendering\/OpportunityDetail\/Index?noticeUID=DO1.NTC.1003913\" target=\"_blank\" title=\"Detalles\"><i class=\"fas fa-2x fa-link\"><\/i><\/a><\/div><\/div><\/div><div class=\"jumbotron archivos\"><div class=\"row align-items-center\"><div class=\"col\"><h6><a class=\"text-dark\" href=\"https:\/\/comunidad.comprasdominicana.gob.do\/\/Public\/Tendering\/OpportunityDetail\/Index?noticeUID=DO1.NTC.1003516\" title=\"Ver\" target=\"_blank\">APORDOM-CCC-PEPB-2021-0031<\/a><\/h6><p class=\"mb-0 bold\">Contrataci\u00f3n de servicios de publicidad en la Revista Business<\/p><p class=\"mb-0\" style=\"font-size: .85rem\"><strong title=\"Estado del Proceso\"><i class=\"fas fa-spinner\"><\/i><\/strong> Proceso adjudicado y celebrado<\/p><p class=\"mb-0\" style=\"font-size: .85rem\"><strong title=\"Fecha de Publicaci\u00f3n\"><i class=\"fas fa-calendar-alt\"><\/i><\/strong> Publicado el martes, 23 de noviembre de 2021<\/p><\/div><div class=\"col-auto mt-md-0 mt-2\"><a class=\"btn btn-primary btn-lg px-lg-4 d-none d-md-block\" href=\"https:\/\/comunidad.comprasdominicana.gob.do\/\/Public\/Tendering\/OpportunityDetail\/Index?noticeUID=DO1.NTC.1003516\" target=\"_blank\" title=\"Detalles\"><i class=\"fas fa-link\"><\/i> DETALLES<\/a><a class=\"btn btn-primary btn-lg px-lg-4 d-block d-md-none\" href=\"https:\/\/comunidad.comprasdominicana.gob.do\/\/Public\/Tendering\/OpportunityDetail\/Index?noticeUID=DO1.NTC.1003516\" target=\"_blank\" title=\"Detalles\"><i class=\"fas fa-2x fa-link\"><\/i><\/a><\/div><\/div><\/div><div class=\"jumbotron archivos\"><div class=\"row align-items-center\"><div class=\"col\"><h6><a class=\"text-dark\" href=\"https:\/\/comunidad.comprasdominicana.gob.do\/\/Public\/Tendering\/OpportunityDetail\/Index?noticeUID=DO1.NTC.1003909\" title=\"Ver\" target=\"_blank\">APORDOM-CCC-PEPB-2021-0029<\/a><\/h6><p class=\"mb-0 bold\">Colocaci\u00f3n de publicidad a trav\u00e9s de \u201cCabrera Plus Y Ent\u00e9rate   Astoa\u201d<\/p><p class=\"mb-0\" style=\"font-size: .85rem\"><strong title=\"Estado del Proceso\"><i class=\"fas fa-spinner\"><\/i><\/strong> Proceso adjudicado y celebrado<\/p><p class=\"mb-0\" style=\"font-size: .85rem\"><strong title=\"Fecha de Publicaci\u00f3n\"><i class=\"fas fa-calendar-alt\"><\/i><\/strong> Publicado el martes, 23 de noviembre de 2021<\/p><\/div><div class=\"col-auto mt-md-0 mt-2\"><a class=\"btn btn-primary btn-lg px-lg-4 d-none d-md-block\" href=\"https:\/\/comunidad.comprasdominicana.gob.do\/\/Public\/Tendering\/OpportunityDetail\/Index?noticeUID=DO1.NTC.1003909\" target=\"_blank\" title=\"Detalles\"><i class=\"fas fa-link\"><\/i> DETALLES<\/a><a class=\"btn btn-primary btn-lg px-lg-4 d-block d-md-none\" href=\"https:\/\/comunidad.comprasdominicana.gob.do\/\/Public\/Tendering\/OpportunityDetail\/Index?noticeUID=DO1.NTC.1003909\" target=\"_blank\" title=\"Detalles\"><i class=\"fas fa-2x fa-link\"><\/i><\/a><\/div><\/div><\/div><div class=\"jumbotron archivos\"><div class=\"row align-items-center\"><div class=\"col\"><h6><a class=\"text-dark\" href=\"https:\/\/comunidad.comprasdominicana.gob.do\/\/Public\/Tendering\/OpportunityDetail\/Index?noticeUID=DO1.NTC.1003406\" title=\"Ver\" target=\"_blank\">APORDOM-CCC-PEPB-2021-0028<\/a><\/h6><p class=\"mb-0 bold\">Colocaci\u00f3n de publicidad a trav\u00e9s del espacio \u201cEl 4to, Bate TV\u201d<\/p><p class=\"mb-0\" style=\"font-size: .85rem\"><strong title=\"Estado del Proceso\"><i class=\"fas fa-spinner\"><\/i><\/strong> Proceso adjudicado y celebrado<\/p><p class=\"mb-0\" style=\"font-size: .85rem\"><strong title=\"Fecha de Publicaci\u00f3n\"><i class=\"fas fa-calendar-alt\"><\/i><\/strong> Publicado el lunes, 22 de noviembre de 2021<\/p><\/div><div class=\"col-auto mt-md-0 mt-2\"><a class=\"btn btn-primary btn-lg px-lg-4 d-none d-md-block\" href=\"https:\/\/comunidad.comprasdominicana.gob.do\/\/Public\/Tendering\/OpportunityDetail\/Index?noticeUID=DO1.NTC.1003406\" target=\"_blank\" title=\"Detalles\"><i class=\"fas fa-link\"><\/i> DETALLES<\/a><a class=\"btn btn-primary btn-lg px-lg-4 d-block d-md-none\" href=\"https:\/\/comunidad.comprasdominicana.gob.do\/\/Public\/Tendering\/OpportunityDetail\/Index?noticeUID=DO1.NTC.1003406\" target=\"_blank\" title=\"Detalles\"><i class=\"fas fa-2x fa-link\"><\/i><\/a><\/div><\/div><\/div><\/div><\/div><\/div><\/div><\/div><\/div>\n        <div class=\"card\">\n            <div class=\"card-header parents\" id=\"heading_casos-de-excepcio-n-69eeee772d89c-2021-69eeee772d89c-octubre-69eeee772d89c\">\n                <p class=\"title text-blue mb-0\">\n                    <a class=\"btn-block hover text-left collapsed\" data-toggle=\"collapse\" data-target=\"#collap_casos-de-excepcio-n-69eeee772d89c-2021-69eeee772d89c-octubre-69eeee772d89c\" aria-expanded=\"false\" aria-controls=\"collap_casos-de-excepcio-n-69eeee772d89c-2021-69eeee772d89c-octubre-69eeee772d89c\">Octubre<\/a>\n                <\/p>\n            <\/div>\n            <div id=\"collap_casos-de-excepcio-n-69eeee772d89c-2021-69eeee772d89c-octubre-69eeee772d89c\" class=\"collapse\" aria-labelledby=\"heading_casos-de-excepcio-n-69eeee772d89c-2021-69eeee772d89c-octubre-69eeee772d89c\" data-parent=\"#collap_casos-de-excepcio-n-69eeee772d89c-2021-69eeee772d89c\">\n                <div class=\"card-body\">\n        <div class=\"card\">\n            <div class=\"card-header parents\" id=\"heading_casos-de-excepcio-n-69eeee772d89c-2021-69eeee772d89c-octubre-69eeee772d89c-publicidad-69eeee772d89c\">\n                <p class=\"title text-blue mb-0\">\n                    <a class=\"btn-block hover text-left collapsed\" data-toggle=\"collapse\" data-target=\"#collap_casos-de-excepcio-n-69eeee772d89c-2021-69eeee772d89c-octubre-69eeee772d89c-publicidad-69eeee772d89c\" aria-expanded=\"false\" aria-controls=\"collap_casos-de-excepcio-n-69eeee772d89c-2021-69eeee772d89c-octubre-69eeee772d89c-publicidad-69eeee772d89c\">Publicidad<\/a>\n                <\/p>\n            <\/div>\n            <div id=\"collap_casos-de-excepcio-n-69eeee772d89c-2021-69eeee772d89c-octubre-69eeee772d89c-publicidad-69eeee772d89c\" class=\"collapse\" aria-labelledby=\"heading_casos-de-excepcio-n-69eeee772d89c-2021-69eeee772d89c-octubre-69eeee772d89c-publicidad-69eeee772d89c\" data-parent=\"#collap_casos-de-excepcio-n-69eeee772d89c-2021-69eeee772d89c-octubre-69eeee772d89c\">\n                <div class=\"card-body\"><div class=\"jumbotron archivos\"><div class=\"row align-items-center\"><div class=\"col\"><h6><a class=\"text-dark\" href=\"https:\/\/comunidad.comprasdominicana.gob.do\/\/Public\/Tendering\/OpportunityDetail\/Index?noticeUID=DO1.NTC.987612\" title=\"Ver\" target=\"_blank\">APORDOM-CCC-PEPB-2021-0027<\/a><\/h6><p class=\"mb-0 bold\">Contrataci\u00f3n de Servicios de Publicidad en Shelby Developers.<\/p><p class=\"mb-0\" style=\"font-size: .85rem\"><strong title=\"Estado del Proceso\"><i class=\"fas fa-spinner\"><\/i><\/strong> Proceso adjudicado y celebrado<\/p><p class=\"mb-0\" style=\"font-size: .85rem\"><strong title=\"Fecha de Publicaci\u00f3n\"><i class=\"fas fa-calendar-alt\"><\/i><\/strong> Publicado el jueves, 21 de octubre de 2021<\/p><\/div><div class=\"col-auto mt-md-0 mt-2\"><a class=\"btn btn-primary btn-lg px-lg-4 d-none d-md-block\" href=\"https:\/\/comunidad.comprasdominicana.gob.do\/\/Public\/Tendering\/OpportunityDetail\/Index?noticeUID=DO1.NTC.987612\" target=\"_blank\" title=\"Detalles\"><i class=\"fas fa-link\"><\/i> DETALLES<\/a><a class=\"btn btn-primary btn-lg px-lg-4 d-block d-md-none\" href=\"https:\/\/comunidad.comprasdominicana.gob.do\/\/Public\/Tendering\/OpportunityDetail\/Index?noticeUID=DO1.NTC.987612\" target=\"_blank\" title=\"Detalles\"><i class=\"fas fa-2x fa-link\"><\/i><\/a><\/div><\/div><\/div><div class=\"jumbotron archivos\"><div class=\"row align-items-center\"><div class=\"col\"><h6><a class=\"text-dark\" href=\"https:\/\/comunidad.comprasdominicana.gob.do\/\/Public\/Tendering\/OpportunityDetail\/Index?noticeUID=DO1.NTC.984419\" title=\"Ver\" target=\"_blank\">APORDOM-CCC-PEPB-2021-0025<\/a><\/h6><p class=\"mb-0 bold\">Contrataci\u00f3n de Colocaci\u00f3n de Publicidad en el Peri\u00f3dico el Caribe<\/p><p class=\"mb-0\" style=\"font-size: .85rem\"><strong title=\"Estado del Proceso\"><i class=\"fas fa-spinner\"><\/i><\/strong> Proceso adjudicado y celebrado<\/p><p class=\"mb-0\" style=\"font-size: .85rem\"><strong title=\"Fecha de Publicaci\u00f3n\"><i class=\"fas fa-calendar-alt\"><\/i><\/strong> Publicado el mi\u00e9rcoles, 13 de octubre de 2021<\/p><\/div><div class=\"col-auto mt-md-0 mt-2\"><a class=\"btn btn-primary btn-lg px-lg-4 d-none d-md-block\" href=\"https:\/\/comunidad.comprasdominicana.gob.do\/\/Public\/Tendering\/OpportunityDetail\/Index?noticeUID=DO1.NTC.984419\" target=\"_blank\" title=\"Detalles\"><i class=\"fas fa-link\"><\/i> DETALLES<\/a><a class=\"btn btn-primary btn-lg px-lg-4 d-block d-md-none\" href=\"https:\/\/comunidad.comprasdominicana.gob.do\/\/Public\/Tendering\/OpportunityDetail\/Index?noticeUID=DO1.NTC.984419\" target=\"_blank\" title=\"Detalles\"><i class=\"fas fa-2x fa-link\"><\/i><\/a><\/div><\/div><\/div><div class=\"jumbotron archivos\"><div class=\"row align-items-center\"><div class=\"col\"><h6><a class=\"text-dark\" href=\"https:\/\/comunidad.comprasdominicana.gob.do\/\/Public\/Tendering\/OpportunityDetail\/Index?noticeUID=DO1.NTC.982639\" title=\"Ver\" target=\"_blank\">APORDOM-CCC-PEPB-2021-0026<\/a><\/h6><p class=\"mb-0 bold\">Contrataci\u00f3n de Servicios de Publicidad  en el 8vo Torneo Invitacional de Golf BM Cargo 2021<\/p><p class=\"mb-0\" style=\"font-size: .85rem\"><strong title=\"Estado del Proceso\"><i class=\"fas fa-spinner\"><\/i><\/strong> Proceso adjudicado y celebrado<\/p><p class=\"mb-0\" style=\"font-size: .85rem\"><strong title=\"Fecha de Publicaci\u00f3n\"><i class=\"fas fa-calendar-alt\"><\/i><\/strong> Publicado el viernes, 8 de octubre de 2021<\/p><\/div><div class=\"col-auto mt-md-0 mt-2\"><a class=\"btn btn-primary btn-lg px-lg-4 d-none d-md-block\" href=\"https:\/\/comunidad.comprasdominicana.gob.do\/\/Public\/Tendering\/OpportunityDetail\/Index?noticeUID=DO1.NTC.982639\" target=\"_blank\" title=\"Detalles\"><i class=\"fas fa-link\"><\/i> DETALLES<\/a><a class=\"btn btn-primary btn-lg px-lg-4 d-block d-md-none\" href=\"https:\/\/comunidad.comprasdominicana.gob.do\/\/Public\/Tendering\/OpportunityDetail\/Index?noticeUID=DO1.NTC.982639\" target=\"_blank\" title=\"Detalles\"><i class=\"fas fa-2x fa-link\"><\/i><\/a><\/div><\/div><\/div><div class=\"jumbotron archivos\"><div class=\"row align-items-center\"><div class=\"col\"><h6><a class=\"text-dark\" href=\"https:\/\/comunidad.comprasdominicana.gob.do\/\/Public\/Tendering\/OpportunityDetail\/Index?noticeUID=DO1.NTC.981108\" title=\"Ver\" target=\"_blank\">APORDOM-CCC-PEPB-2021-0024<\/a><\/h6><p class=\"mb-0 bold\">Contrataci\u00f3n de Servicios de Publicidad  en  Caf\u00e9 Ejecutivo  Radio<\/p><p class=\"mb-0\" style=\"font-size: .85rem\"><strong title=\"Estado del Proceso\"><i class=\"fas fa-spinner\"><\/i><\/strong> Proceso adjudicado y celebrado<\/p><p class=\"mb-0\" style=\"font-size: .85rem\"><strong title=\"Fecha de Publicaci\u00f3n\"><i class=\"fas fa-calendar-alt\"><\/i><\/strong> Publicado el jueves, 7 de octubre de 2021<\/p><\/div><div class=\"col-auto mt-md-0 mt-2\"><a class=\"btn btn-primary btn-lg px-lg-4 d-none d-md-block\" href=\"https:\/\/comunidad.comprasdominicana.gob.do\/\/Public\/Tendering\/OpportunityDetail\/Index?noticeUID=DO1.NTC.981108\" target=\"_blank\" title=\"Detalles\"><i class=\"fas fa-link\"><\/i> DETALLES<\/a><a class=\"btn btn-primary btn-lg px-lg-4 d-block d-md-none\" href=\"https:\/\/comunidad.comprasdominicana.gob.do\/\/Public\/Tendering\/OpportunityDetail\/Index?noticeUID=DO1.NTC.981108\" target=\"_blank\" title=\"Detalles\"><i class=\"fas fa-2x fa-link\"><\/i><\/a><\/div><\/div><\/div><div class=\"jumbotron archivos\"><div class=\"row align-items-center\"><div class=\"col\"><h6><a class=\"text-dark\" href=\"https:\/\/comunidad.comprasdominicana.gob.do\/\/Public\/Tendering\/OpportunityDetail\/Index?noticeUID=DO1.NTC.979508\" title=\"Ver\" target=\"_blank\">APORDOM-CCC-PEPB-2021-0023<\/a><\/h6><p class=\"mb-0 bold\">Contrataci\u00f3n de Servicios de Publicidad en Entrevistas en TV<\/p><p class=\"mb-0\" style=\"font-size: .85rem\"><strong title=\"Estado del Proceso\"><i class=\"fas fa-spinner\"><\/i><\/strong> Proceso adjudicado y celebrado<\/p><p class=\"mb-0\" style=\"font-size: .85rem\"><strong title=\"Fecha de Publicaci\u00f3n\"><i class=\"fas fa-calendar-alt\"><\/i><\/strong> Publicado el lunes, 4 de octubre de 2021<\/p><\/div><div class=\"col-auto mt-md-0 mt-2\"><a class=\"btn btn-primary btn-lg px-lg-4 d-none d-md-block\" href=\"https:\/\/comunidad.comprasdominicana.gob.do\/\/Public\/Tendering\/OpportunityDetail\/Index?noticeUID=DO1.NTC.979508\" target=\"_blank\" title=\"Detalles\"><i class=\"fas fa-link\"><\/i> DETALLES<\/a><a class=\"btn btn-primary btn-lg px-lg-4 d-block d-md-none\" href=\"https:\/\/comunidad.comprasdominicana.gob.do\/\/Public\/Tendering\/OpportunityDetail\/Index?noticeUID=DO1.NTC.979508\" target=\"_blank\" title=\"Detalles\"><i class=\"fas fa-2x fa-link\"><\/i><\/a><\/div><\/div><\/div><\/div><\/div><\/div><\/div><\/div><\/div>\n        <div class=\"card\">\n            <div class=\"card-header parents\" id=\"heading_casos-de-excepcio-n-69eeee772d89c-2021-69eeee772d89c-septiembre-69eeee772d89c\">\n                <p class=\"title text-blue mb-0\">\n                    <a class=\"btn-block hover text-left collapsed\" data-toggle=\"collapse\" data-target=\"#collap_casos-de-excepcio-n-69eeee772d89c-2021-69eeee772d89c-septiembre-69eeee772d89c\" aria-expanded=\"false\" aria-controls=\"collap_casos-de-excepcio-n-69eeee772d89c-2021-69eeee772d89c-septiembre-69eeee772d89c\">Septiembre<\/a>\n                <\/p>\n            <\/div>\n            <div id=\"collap_casos-de-excepcio-n-69eeee772d89c-2021-69eeee772d89c-septiembre-69eeee772d89c\" class=\"collapse\" aria-labelledby=\"heading_casos-de-excepcio-n-69eeee772d89c-2021-69eeee772d89c-septiembre-69eeee772d89c\" data-parent=\"#collap_casos-de-excepcio-n-69eeee772d89c-2021-69eeee772d89c\">\n                <div class=\"card-body\">\n        <div class=\"card\">\n            <div class=\"card-header parents\" id=\"heading_casos-de-excepcio-n-69eeee772d89c-2021-69eeee772d89c-septiembre-69eeee772d89c-publicidad-69eeee772d89c\">\n                <p class=\"title text-blue mb-0\">\n                    <a class=\"btn-block hover text-left collapsed\" data-toggle=\"collapse\" data-target=\"#collap_casos-de-excepcio-n-69eeee772d89c-2021-69eeee772d89c-septiembre-69eeee772d89c-publicidad-69eeee772d89c\" aria-expanded=\"false\" aria-controls=\"collap_casos-de-excepcio-n-69eeee772d89c-2021-69eeee772d89c-septiembre-69eeee772d89c-publicidad-69eeee772d89c\">Publicidad<\/a>\n                <\/p>\n            <\/div>\n            <div id=\"collap_casos-de-excepcio-n-69eeee772d89c-2021-69eeee772d89c-septiembre-69eeee772d89c-publicidad-69eeee772d89c\" class=\"collapse\" aria-labelledby=\"heading_casos-de-excepcio-n-69eeee772d89c-2021-69eeee772d89c-septiembre-69eeee772d89c-publicidad-69eeee772d89c\" data-parent=\"#collap_casos-de-excepcio-n-69eeee772d89c-2021-69eeee772d89c-septiembre-69eeee772d89c\">\n                <div class=\"card-body\"><div class=\"jumbotron archivos\"><div class=\"row align-items-center\"><div class=\"col\"><h6><a class=\"text-dark\" href=\"https:\/\/comunidad.comprasdominicana.gob.do\/\/Public\/Tendering\/OpportunityDetail\/Index?noticeUID=DO1.NTC.977852\" title=\"Ver\" target=\"_blank\">APORDOM-CCC-PEPB-2021-0022<\/a><\/h6><p class=\"mb-0 bold\">Contrataci\u00f3n de Servicios de Publicidad en LTG Bussines<\/p><p class=\"mb-0\" style=\"font-size: .85rem\"><strong title=\"Estado del Proceso\"><i class=\"fas fa-spinner\"><\/i><\/strong> Proceso adjudicado y celebrado<\/p><p class=\"mb-0\" style=\"font-size: .85rem\"><strong title=\"Fecha de Publicaci\u00f3n\"><i class=\"fas fa-calendar-alt\"><\/i><\/strong> Publicado el mi\u00e9rcoles, 29 de septiembre de 2021<\/p><\/div><div class=\"col-auto mt-md-0 mt-2\"><a class=\"btn btn-primary btn-lg px-lg-4 d-none d-md-block\" href=\"https:\/\/comunidad.comprasdominicana.gob.do\/\/Public\/Tendering\/OpportunityDetail\/Index?noticeUID=DO1.NTC.977852\" target=\"_blank\" title=\"Detalles\"><i class=\"fas fa-link\"><\/i> DETALLES<\/a><a class=\"btn btn-primary btn-lg px-lg-4 d-block d-md-none\" href=\"https:\/\/comunidad.comprasdominicana.gob.do\/\/Public\/Tendering\/OpportunityDetail\/Index?noticeUID=DO1.NTC.977852\" target=\"_blank\" title=\"Detalles\"><i class=\"fas fa-2x fa-link\"><\/i><\/a><\/div><\/div><\/div><div class=\"jumbotron archivos\"><div class=\"row align-items-center\"><div class=\"col\"><h6><a class=\"text-dark\" href=\"https:\/\/comunidad.comprasdominicana.gob.do\/\/Public\/Tendering\/OpportunityDetail\/Index?noticeUID=DO1.NTC.967507\" title=\"Ver\" target=\"_blank\">APORDOM-CCC-PEPB-2021-0021<\/a><\/h6><p class=\"mb-0 bold\">Contrataci\u00f3n de Servicios de Publicidad en MC Promotions &amp; Services<\/p><p class=\"mb-0\" style=\"font-size: .85rem\"><strong title=\"Estado del Proceso\"><i class=\"fas fa-spinner\"><\/i><\/strong> Proceso adjudicado y celebrado<\/p><p class=\"mb-0\" style=\"font-size: .85rem\"><strong title=\"Fecha de Publicaci\u00f3n\"><i class=\"fas fa-calendar-alt\"><\/i><\/strong> Publicado el martes, 7 de septiembre de 2021<\/p><\/div><div class=\"col-auto mt-md-0 mt-2\"><a class=\"btn btn-primary btn-lg px-lg-4 d-none d-md-block\" href=\"https:\/\/comunidad.comprasdominicana.gob.do\/\/Public\/Tendering\/OpportunityDetail\/Index?noticeUID=DO1.NTC.967507\" target=\"_blank\" title=\"Detalles\"><i class=\"fas fa-link\"><\/i> DETALLES<\/a><a class=\"btn btn-primary btn-lg px-lg-4 d-block d-md-none\" href=\"https:\/\/comunidad.comprasdominicana.gob.do\/\/Public\/Tendering\/OpportunityDetail\/Index?noticeUID=DO1.NTC.967507\" target=\"_blank\" title=\"Detalles\"><i class=\"fas fa-2x fa-link\"><\/i><\/a><\/div><\/div><\/div><\/div><\/div><\/div><\/div><\/div><\/div>\n        <div class=\"card\">\n            <div class=\"card-header parents\" id=\"heading_casos-de-excepcio-n-69eeee772d89c-2021-69eeee772d89c-agosto-69eeee772d89c\">\n                <p class=\"title text-blue mb-0\">\n                    <a class=\"btn-block hover text-left collapsed\" data-toggle=\"collapse\" data-target=\"#collap_casos-de-excepcio-n-69eeee772d89c-2021-69eeee772d89c-agosto-69eeee772d89c\" aria-expanded=\"false\" aria-controls=\"collap_casos-de-excepcio-n-69eeee772d89c-2021-69eeee772d89c-agosto-69eeee772d89c\">Agosto<\/a>\n                <\/p>\n            <\/div>\n            <div id=\"collap_casos-de-excepcio-n-69eeee772d89c-2021-69eeee772d89c-agosto-69eeee772d89c\" class=\"collapse\" aria-labelledby=\"heading_casos-de-excepcio-n-69eeee772d89c-2021-69eeee772d89c-agosto-69eeee772d89c\" data-parent=\"#collap_casos-de-excepcio-n-69eeee772d89c-2021-69eeee772d89c\">\n                <div class=\"card-body\">\n        <div class=\"card\">\n            <div class=\"card-header parents\" id=\"heading_casos-de-excepcio-n-69eeee772d89c-2021-69eeee772d89c-agosto-69eeee772d89c-publicidad-69eeee772d89c\">\n                <p class=\"title text-blue mb-0\">\n                    <a class=\"btn-block hover text-left collapsed\" data-toggle=\"collapse\" data-target=\"#collap_casos-de-excepcio-n-69eeee772d89c-2021-69eeee772d89c-agosto-69eeee772d89c-publicidad-69eeee772d89c\" aria-expanded=\"false\" aria-controls=\"collap_casos-de-excepcio-n-69eeee772d89c-2021-69eeee772d89c-agosto-69eeee772d89c-publicidad-69eeee772d89c\">Publicidad<\/a>\n                <\/p>\n            <\/div>\n            <div id=\"collap_casos-de-excepcio-n-69eeee772d89c-2021-69eeee772d89c-agosto-69eeee772d89c-publicidad-69eeee772d89c\" class=\"collapse\" aria-labelledby=\"heading_casos-de-excepcio-n-69eeee772d89c-2021-69eeee772d89c-agosto-69eeee772d89c-publicidad-69eeee772d89c\" data-parent=\"#collap_casos-de-excepcio-n-69eeee772d89c-2021-69eeee772d89c-agosto-69eeee772d89c\">\n                <div class=\"card-body\"><div class=\"jumbotron archivos\"><div class=\"row align-items-center\"><div class=\"col\"><h6><a class=\"text-dark\" href=\"https:\/\/comunidad.comprasdominicana.gob.do\/\/Public\/Tendering\/OpportunityDetail\/Index?noticeUID=DO1.NTC.957634\" title=\"Ver\" target=\"_blank\">APORDOM-CCC-PEPB-2021-0016<\/a><\/h6><p class=\"mb-0 bold\">Contrataci\u00f3n de Servicios de Publicidad en CDN <\/p><p class=\"mb-0\" style=\"font-size: .85rem\"><strong title=\"Estado del Proceso\"><i class=\"fas fa-spinner\"><\/i><\/strong> Proceso adjudicado y celebrado<\/p><p class=\"mb-0\" style=\"font-size: .85rem\"><strong title=\"Fecha de Publicaci\u00f3n\"><i class=\"fas fa-calendar-alt\"><\/i><\/strong> Publicado el viernes, 13 de agosto de 2021<\/p><\/div><div class=\"col-auto mt-md-0 mt-2\"><a class=\"btn btn-primary btn-lg px-lg-4 d-none d-md-block\" href=\"https:\/\/comunidad.comprasdominicana.gob.do\/\/Public\/Tendering\/OpportunityDetail\/Index?noticeUID=DO1.NTC.957634\" target=\"_blank\" title=\"Detalles\"><i class=\"fas fa-link\"><\/i> DETALLES<\/a><a class=\"btn btn-primary btn-lg px-lg-4 d-block d-md-none\" href=\"https:\/\/comunidad.comprasdominicana.gob.do\/\/Public\/Tendering\/OpportunityDetail\/Index?noticeUID=DO1.NTC.957634\" target=\"_blank\" title=\"Detalles\"><i class=\"fas fa-2x fa-link\"><\/i><\/a><\/div><\/div><\/div><div class=\"jumbotron archivos\"><div class=\"row align-items-center\"><div class=\"col\"><h6><a class=\"text-dark\" href=\"https:\/\/comunidad.comprasdominicana.gob.do\/\/Public\/Tendering\/OpportunityDetail\/Index?noticeUID=DO1.NTC.956423\" title=\"Ver\" target=\"_blank\">APORDOM-CCC-PEPB-2021-0020<\/a><\/h6><p class=\"mb-0 bold\">Contrataci\u00f3n de Servicios de Publicidad en Teleradio Am\u00e9rica<\/p><p class=\"mb-0\" style=\"font-size: .85rem\"><strong title=\"Estado del Proceso\"><i class=\"fas fa-spinner\"><\/i><\/strong> Proceso adjudicado y celebrado<\/p><p class=\"mb-0\" style=\"font-size: .85rem\"><strong title=\"Fecha de Publicaci\u00f3n\"><i class=\"fas fa-calendar-alt\"><\/i><\/strong> Publicado el mi\u00e9rcoles, 11 de agosto de 2021<\/p><\/div><div class=\"col-auto mt-md-0 mt-2\"><a class=\"btn btn-primary btn-lg px-lg-4 d-none d-md-block\" href=\"https:\/\/comunidad.comprasdominicana.gob.do\/\/Public\/Tendering\/OpportunityDetail\/Index?noticeUID=DO1.NTC.956423\" target=\"_blank\" title=\"Detalles\"><i class=\"fas fa-link\"><\/i> DETALLES<\/a><a class=\"btn btn-primary btn-lg px-lg-4 d-block d-md-none\" href=\"https:\/\/comunidad.comprasdominicana.gob.do\/\/Public\/Tendering\/OpportunityDetail\/Index?noticeUID=DO1.NTC.956423\" target=\"_blank\" title=\"Detalles\"><i class=\"fas fa-2x fa-link\"><\/i><\/a><\/div><\/div><\/div><div class=\"jumbotron archivos\"><div class=\"row align-items-center\"><div class=\"col\"><h6><a class=\"text-dark\" href=\"https:\/\/comunidad.comprasdominicana.gob.do\/\/Public\/Tendering\/OpportunityDetail\/Index?noticeUID=DO1.NTC.955035\" title=\"Ver\" target=\"_blank\">APORDOM-CCC-PEPB-2021-0019<\/a><\/h6><p class=\"mb-0 bold\">Contrataci\u00f3n de Servicios de Publicidad en Dinarej<\/p><p class=\"mb-0\" style=\"font-size: .85rem\"><strong title=\"Estado del Proceso\"><i class=\"fas fa-spinner\"><\/i><\/strong> Proceso adjudicado y celebrado<\/p><p class=\"mb-0\" style=\"font-size: .85rem\"><strong title=\"Fecha de Publicaci\u00f3n\"><i class=\"fas fa-calendar-alt\"><\/i><\/strong> Publicado el lunes, 9 de agosto de 2021<\/p><\/div><div class=\"col-auto mt-md-0 mt-2\"><a class=\"btn btn-primary btn-lg px-lg-4 d-none d-md-block\" href=\"https:\/\/comunidad.comprasdominicana.gob.do\/\/Public\/Tendering\/OpportunityDetail\/Index?noticeUID=DO1.NTC.955035\" target=\"_blank\" title=\"Detalles\"><i class=\"fas fa-link\"><\/i> DETALLES<\/a><a class=\"btn btn-primary btn-lg px-lg-4 d-block d-md-none\" href=\"https:\/\/comunidad.comprasdominicana.gob.do\/\/Public\/Tendering\/OpportunityDetail\/Index?noticeUID=DO1.NTC.955035\" target=\"_blank\" title=\"Detalles\"><i class=\"fas fa-2x fa-link\"><\/i><\/a><\/div><\/div><\/div><div class=\"jumbotron archivos\"><div class=\"row align-items-center\"><div class=\"col\"><h6><a class=\"text-dark\" href=\"https:\/\/comunidad.comprasdominicana.gob.do\/\/Public\/Tendering\/OpportunityDetail\/Index?noticeUID=DO1.NTC.953207\" title=\"Ver\" target=\"_blank\">APORDOM-CCC-PEPB-2021-0018<\/a><\/h6><p class=\"mb-0 bold\">Contrataci\u00f3n de Servicios de Publicidad en Variedades Informativas con Julio N\u00fa\u00f1ez<\/p><p class=\"mb-0\" style=\"font-size: .85rem\"><strong title=\"Estado del Proceso\"><i class=\"fas fa-spinner\"><\/i><\/strong> Proceso adjudicado y celebrado<\/p><p class=\"mb-0\" style=\"font-size: .85rem\"><strong title=\"Fecha de Publicaci\u00f3n\"><i class=\"fas fa-calendar-alt\"><\/i><\/strong> Publicado el mi\u00e9rcoles, 4 de agosto de 2021<\/p><\/div><div class=\"col-auto mt-md-0 mt-2\"><a class=\"btn btn-primary btn-lg px-lg-4 d-none d-md-block\" href=\"https:\/\/comunidad.comprasdominicana.gob.do\/\/Public\/Tendering\/OpportunityDetail\/Index?noticeUID=DO1.NTC.953207\" target=\"_blank\" title=\"Detalles\"><i class=\"fas fa-link\"><\/i> DETALLES<\/a><a class=\"btn btn-primary btn-lg px-lg-4 d-block d-md-none\" href=\"https:\/\/comunidad.comprasdominicana.gob.do\/\/Public\/Tendering\/OpportunityDetail\/Index?noticeUID=DO1.NTC.953207\" target=\"_blank\" title=\"Detalles\"><i class=\"fas fa-2x fa-link\"><\/i><\/a><\/div><\/div><\/div><\/div><\/div><\/div><\/div><\/div><\/div>\n        <div class=\"card\">\n            <div class=\"card-header parents\" id=\"heading_casos-de-excepcio-n-69eeee772d89c-2021-69eeee772d89c-julio-69eeee772d89c\">\n                <p class=\"title text-blue mb-0\">\n                    <a class=\"btn-block hover text-left collapsed\" data-toggle=\"collapse\" data-target=\"#collap_casos-de-excepcio-n-69eeee772d89c-2021-69eeee772d89c-julio-69eeee772d89c\" aria-expanded=\"false\" aria-controls=\"collap_casos-de-excepcio-n-69eeee772d89c-2021-69eeee772d89c-julio-69eeee772d89c\">Julio<\/a>\n                <\/p>\n            <\/div>\n            <div id=\"collap_casos-de-excepcio-n-69eeee772d89c-2021-69eeee772d89c-julio-69eeee772d89c\" class=\"collapse\" aria-labelledby=\"heading_casos-de-excepcio-n-69eeee772d89c-2021-69eeee772d89c-julio-69eeee772d89c\" data-parent=\"#collap_casos-de-excepcio-n-69eeee772d89c-2021-69eeee772d89c\">\n                <div class=\"card-body\">\n        <div class=\"card\">\n            <div class=\"card-header parents\" id=\"heading_casos-de-excepcio-n-69eeee772d89c-2021-69eeee772d89c-julio-69eeee772d89c-publicidad-69eeee772d89c\">\n                <p class=\"title text-blue mb-0\">\n                    <a class=\"btn-block hover text-left collapsed\" data-toggle=\"collapse\" data-target=\"#collap_casos-de-excepcio-n-69eeee772d89c-2021-69eeee772d89c-julio-69eeee772d89c-publicidad-69eeee772d89c\" aria-expanded=\"false\" aria-controls=\"collap_casos-de-excepcio-n-69eeee772d89c-2021-69eeee772d89c-julio-69eeee772d89c-publicidad-69eeee772d89c\">Publicidad<\/a>\n                <\/p>\n            <\/div>\n            <div id=\"collap_casos-de-excepcio-n-69eeee772d89c-2021-69eeee772d89c-julio-69eeee772d89c-publicidad-69eeee772d89c\" class=\"collapse\" aria-labelledby=\"heading_casos-de-excepcio-n-69eeee772d89c-2021-69eeee772d89c-julio-69eeee772d89c-publicidad-69eeee772d89c\" data-parent=\"#collap_casos-de-excepcio-n-69eeee772d89c-2021-69eeee772d89c-julio-69eeee772d89c\">\n                <div class=\"card-body\"><div class=\"jumbotron archivos\"><div class=\"row align-items-center\"><div class=\"col\"><h6><a class=\"text-dark\" href=\"https:\/\/comunidad.comprasdominicana.gob.do\/\/Public\/Tendering\/OpportunityDetail\/Index?noticeUID=DO1.NTC.951811\" title=\"Ver\" target=\"_blank\">APORDOM-CCC-PEPB-2021-0017<\/a><\/h6><p class=\"mb-0 bold\">Contrataci\u00f3n de Servicios de Publicidad a trav\u00e9s de Emisoras Grupo Az\u00facar F.M<\/p><p class=\"mb-0\" style=\"font-size: .85rem\"><strong title=\"Estado del Proceso\"><i class=\"fas fa-spinner\"><\/i><\/strong> Proceso adjudicado y celebrado<\/p><p class=\"mb-0\" style=\"font-size: .85rem\"><strong title=\"Fecha de Publicaci\u00f3n\"><i class=\"fas fa-calendar-alt\"><\/i><\/strong> Publicado el viernes, 30 de julio de 2021<\/p><\/div><div class=\"col-auto mt-md-0 mt-2\"><a class=\"btn btn-primary btn-lg px-lg-4 d-none d-md-block\" href=\"https:\/\/comunidad.comprasdominicana.gob.do\/\/Public\/Tendering\/OpportunityDetail\/Index?noticeUID=DO1.NTC.951811\" target=\"_blank\" title=\"Detalles\"><i class=\"fas fa-link\"><\/i> DETALLES<\/a><a class=\"btn btn-primary btn-lg px-lg-4 d-block d-md-none\" href=\"https:\/\/comunidad.comprasdominicana.gob.do\/\/Public\/Tendering\/OpportunityDetail\/Index?noticeUID=DO1.NTC.951811\" target=\"_blank\" title=\"Detalles\"><i class=\"fas fa-2x fa-link\"><\/i><\/a><\/div><\/div><\/div><div class=\"jumbotron archivos\"><div class=\"row align-items-center\"><div class=\"col\"><h6><a class=\"text-dark\" href=\"https:\/\/comunidad.comprasdominicana.gob.do\/\/Public\/Tendering\/OpportunityDetail\/Index?noticeUID=DO1.NTC.950518\" title=\"Ver\" target=\"_blank\">APORDOM-CCC-PEPB-2021-0015<\/a><\/h6><p class=\"mb-0 bold\">Contrataci\u00f3n de Servicios de Publicidad en la Revista Contacto<\/p><p class=\"mb-0\" style=\"font-size: .85rem\"><strong title=\"Estado del Proceso\"><i class=\"fas fa-spinner\"><\/i><\/strong> Proceso adjudicado y celebrado<\/p><p class=\"mb-0\" style=\"font-size: .85rem\"><strong title=\"Fecha de Publicaci\u00f3n\"><i class=\"fas fa-calendar-alt\"><\/i><\/strong> Publicado el mi\u00e9rcoles, 28 de julio de 2021<\/p><\/div><div class=\"col-auto mt-md-0 mt-2\"><a class=\"btn btn-primary btn-lg px-lg-4 d-none d-md-block\" href=\"https:\/\/comunidad.comprasdominicana.gob.do\/\/Public\/Tendering\/OpportunityDetail\/Index?noticeUID=DO1.NTC.950518\" target=\"_blank\" title=\"Detalles\"><i class=\"fas fa-link\"><\/i> DETALLES<\/a><a class=\"btn btn-primary btn-lg px-lg-4 d-block d-md-none\" href=\"https:\/\/comunidad.comprasdominicana.gob.do\/\/Public\/Tendering\/OpportunityDetail\/Index?noticeUID=DO1.NTC.950518\" target=\"_blank\" title=\"Detalles\"><i class=\"fas fa-2x fa-link\"><\/i><\/a><\/div><\/div><\/div><div class=\"jumbotron archivos\"><div class=\"row align-items-center\"><div class=\"col\"><h6><a class=\"text-dark\" href=\"https:\/\/comunidad.comprasdominicana.gob.do\/\/Public\/Tendering\/OpportunityDetail\/Index?noticeUID=DO1.NTC.949905\" title=\"Ver\" target=\"_blank\">APORDOM-CCC-PEPB-2021-0014<\/a><\/h6><p class=\"mb-0 bold\">Contrataci\u00f3n de Servicios de Publicidad en el Peri\u00f3dico Digital Corteza Coral<\/p><p class=\"mb-0\" style=\"font-size: .85rem\"><strong title=\"Estado del Proceso\"><i class=\"fas fa-spinner\"><\/i><\/strong> Proceso adjudicado y celebrado<\/p><p class=\"mb-0\" style=\"font-size: .85rem\"><strong title=\"Fecha de Publicaci\u00f3n\"><i class=\"fas fa-calendar-alt\"><\/i><\/strong> Publicado el martes, 27 de julio de 2021<\/p><\/div><div class=\"col-auto mt-md-0 mt-2\"><a class=\"btn btn-primary btn-lg px-lg-4 d-none d-md-block\" href=\"https:\/\/comunidad.comprasdominicana.gob.do\/\/Public\/Tendering\/OpportunityDetail\/Index?noticeUID=DO1.NTC.949905\" target=\"_blank\" title=\"Detalles\"><i class=\"fas fa-link\"><\/i> DETALLES<\/a><a class=\"btn btn-primary btn-lg px-lg-4 d-block d-md-none\" href=\"https:\/\/comunidad.comprasdominicana.gob.do\/\/Public\/Tendering\/OpportunityDetail\/Index?noticeUID=DO1.NTC.949905\" target=\"_blank\" title=\"Detalles\"><i class=\"fas fa-2x fa-link\"><\/i><\/a><\/div><\/div><\/div><div class=\"jumbotron archivos\"><div class=\"row align-items-center\"><div class=\"col\"><h6><a class=\"text-dark\" href=\"https:\/\/comunidad.comprasdominicana.gob.do\/\/Public\/Tendering\/OpportunityDetail\/Index?noticeUID=DO1.NTC.944502\" title=\"Ver\" target=\"_blank\">APORDOM-CCC-PEPB-2021-0012<\/a><\/h6><p class=\"mb-0 bold\">Contrataci\u00f3n de Publicidad Programa Influyentes con Geomar Garc\u00eda<\/p><p class=\"mb-0\" style=\"font-size: .85rem\"><strong title=\"Estado del Proceso\"><i class=\"fas fa-spinner\"><\/i><\/strong> Proceso adjudicado y celebrado<\/p><p class=\"mb-0\" style=\"font-size: .85rem\"><strong title=\"Fecha de Publicaci\u00f3n\"><i class=\"fas fa-calendar-alt\"><\/i><\/strong> Publicado el mi\u00e9rcoles, 14 de julio de 2021<\/p><\/div><div class=\"col-auto mt-md-0 mt-2\"><a class=\"btn btn-primary btn-lg px-lg-4 d-none d-md-block\" href=\"https:\/\/comunidad.comprasdominicana.gob.do\/\/Public\/Tendering\/OpportunityDetail\/Index?noticeUID=DO1.NTC.944502\" target=\"_blank\" title=\"Detalles\"><i class=\"fas fa-link\"><\/i> DETALLES<\/a><a class=\"btn btn-primary btn-lg px-lg-4 d-block d-md-none\" href=\"https:\/\/comunidad.comprasdominicana.gob.do\/\/Public\/Tendering\/OpportunityDetail\/Index?noticeUID=DO1.NTC.944502\" target=\"_blank\" title=\"Detalles\"><i class=\"fas fa-2x fa-link\"><\/i><\/a><\/div><\/div><\/div><div class=\"jumbotron archivos\"><div class=\"row align-items-center\"><div class=\"col\"><h6><a class=\"text-dark\" href=\"https:\/\/comunidad.comprasdominicana.gob.do\/\/Public\/Tendering\/OpportunityDetail\/Index?noticeUID=DO1.NTC.943228\" title=\"Ver\" target=\"_blank\">APORDOM-CCC-PEPB-2021-0013<\/a><\/h6><p class=\"mb-0 bold\">Contrataci\u00f3n de servicios de publicidad en Tele Canal 12<\/p><p class=\"mb-0\" style=\"font-size: .85rem\"><strong title=\"Estado del Proceso\"><i class=\"fas fa-spinner\"><\/i><\/strong> Proceso adjudicado y celebrado<\/p><p class=\"mb-0\" style=\"font-size: .85rem\"><strong title=\"Fecha de Publicaci\u00f3n\"><i class=\"fas fa-calendar-alt\"><\/i><\/strong> Publicado el lunes, 12 de julio de 2021<\/p><\/div><div class=\"col-auto mt-md-0 mt-2\"><a class=\"btn btn-primary btn-lg px-lg-4 d-none d-md-block\" href=\"https:\/\/comunidad.comprasdominicana.gob.do\/\/Public\/Tendering\/OpportunityDetail\/Index?noticeUID=DO1.NTC.943228\" target=\"_blank\" title=\"Detalles\"><i class=\"fas fa-link\"><\/i> DETALLES<\/a><a class=\"btn btn-primary btn-lg px-lg-4 d-block d-md-none\" href=\"https:\/\/comunidad.comprasdominicana.gob.do\/\/Public\/Tendering\/OpportunityDetail\/Index?noticeUID=DO1.NTC.943228\" target=\"_blank\" title=\"Detalles\"><i class=\"fas fa-2x fa-link\"><\/i><\/a><\/div><\/div><\/div><\/div><\/div><\/div><\/div><\/div><\/div>\n        <div class=\"card\">\n            <div class=\"card-header parents\" id=\"heading_casos-de-excepcio-n-69eeee772d89c-2021-69eeee772d89c-junio-69eeee772d89c\">\n                <p class=\"title text-blue mb-0\">\n                    <a class=\"btn-block hover text-left collapsed\" data-toggle=\"collapse\" data-target=\"#collap_casos-de-excepcio-n-69eeee772d89c-2021-69eeee772d89c-junio-69eeee772d89c\" aria-expanded=\"false\" aria-controls=\"collap_casos-de-excepcio-n-69eeee772d89c-2021-69eeee772d89c-junio-69eeee772d89c\">Junio<\/a>\n                <\/p>\n            <\/div>\n            <div id=\"collap_casos-de-excepcio-n-69eeee772d89c-2021-69eeee772d89c-junio-69eeee772d89c\" class=\"collapse\" aria-labelledby=\"heading_casos-de-excepcio-n-69eeee772d89c-2021-69eeee772d89c-junio-69eeee772d89c\" data-parent=\"#collap_casos-de-excepcio-n-69eeee772d89c-2021-69eeee772d89c\">\n                <div class=\"card-body\">\n        <div class=\"card\">\n            <div class=\"card-header parents\" id=\"heading_casos-de-excepcio-n-69eeee772d89c-2021-69eeee772d89c-junio-69eeee772d89c-publicidad-69eeee772d89c\">\n                <p class=\"title text-blue mb-0\">\n                    <a class=\"btn-block hover text-left collapsed\" data-toggle=\"collapse\" data-target=\"#collap_casos-de-excepcio-n-69eeee772d89c-2021-69eeee772d89c-junio-69eeee772d89c-publicidad-69eeee772d89c\" aria-expanded=\"false\" aria-controls=\"collap_casos-de-excepcio-n-69eeee772d89c-2021-69eeee772d89c-junio-69eeee772d89c-publicidad-69eeee772d89c\">Publicidad<\/a>\n                <\/p>\n            <\/div>\n            <div id=\"collap_casos-de-excepcio-n-69eeee772d89c-2021-69eeee772d89c-junio-69eeee772d89c-publicidad-69eeee772d89c\" class=\"collapse\" aria-labelledby=\"heading_casos-de-excepcio-n-69eeee772d89c-2021-69eeee772d89c-junio-69eeee772d89c-publicidad-69eeee772d89c\" data-parent=\"#collap_casos-de-excepcio-n-69eeee772d89c-2021-69eeee772d89c-junio-69eeee772d89c\">\n                <div class=\"card-body\"><div class=\"jumbotron archivos\"><div class=\"row align-items-center\"><div class=\"col\"><h6><a class=\"text-dark\" href=\"https:\/\/comunidad.comprasdominicana.gob.do\/\/Public\/Tendering\/OpportunityDetail\/Index?noticeUID=DO1.NTC.936205\" title=\"Ver\" target=\"_blank\">APORDOM-CCC-PEPB-2021-0011<\/a><\/h6><p class=\"mb-0 bold\">Contrataci\u00f3n de Servicios de Publicidad en la Revista Business<\/p><p class=\"mb-0\" style=\"font-size: .85rem\"><strong title=\"Estado del Proceso\"><i class=\"fas fa-spinner\"><\/i><\/strong> Proceso adjudicado y celebrado<\/p><p class=\"mb-0\" style=\"font-size: .85rem\"><strong title=\"Fecha de Publicaci\u00f3n\"><i class=\"fas fa-calendar-alt\"><\/i><\/strong> Publicado el viernes, 25 de junio de 2021<\/p><\/div><div class=\"col-auto mt-md-0 mt-2\"><a class=\"btn btn-primary btn-lg px-lg-4 d-none d-md-block\" href=\"https:\/\/comunidad.comprasdominicana.gob.do\/\/Public\/Tendering\/OpportunityDetail\/Index?noticeUID=DO1.NTC.936205\" target=\"_blank\" title=\"Detalles\"><i class=\"fas fa-link\"><\/i> DETALLES<\/a><a class=\"btn btn-primary btn-lg px-lg-4 d-block d-md-none\" href=\"https:\/\/comunidad.comprasdominicana.gob.do\/\/Public\/Tendering\/OpportunityDetail\/Index?noticeUID=DO1.NTC.936205\" target=\"_blank\" title=\"Detalles\"><i class=\"fas fa-2x fa-link\"><\/i><\/a><\/div><\/div><\/div><\/div><\/div><\/div><\/div><\/div><\/div>\n        <div class=\"card\">\n            <div class=\"card-header parents\" id=\"heading_casos-de-excepcio-n-69eeee772d89c-2021-69eeee772d89c-mayo-69eeee772d89c\">\n                <p class=\"title text-blue mb-0\">\n                    <a class=\"btn-block hover text-left collapsed\" data-toggle=\"collapse\" data-target=\"#collap_casos-de-excepcio-n-69eeee772d89c-2021-69eeee772d89c-mayo-69eeee772d89c\" aria-expanded=\"false\" aria-controls=\"collap_casos-de-excepcio-n-69eeee772d89c-2021-69eeee772d89c-mayo-69eeee772d89c\">Mayo<\/a>\n                <\/p>\n            <\/div>\n            <div id=\"collap_casos-de-excepcio-n-69eeee772d89c-2021-69eeee772d89c-mayo-69eeee772d89c\" class=\"collapse\" aria-labelledby=\"heading_casos-de-excepcio-n-69eeee772d89c-2021-69eeee772d89c-mayo-69eeee772d89c\" data-parent=\"#collap_casos-de-excepcio-n-69eeee772d89c-2021-69eeee772d89c\">\n                <div class=\"card-body\">\n        <div class=\"card\">\n            <div class=\"card-header parents\" id=\"heading_casos-de-excepcio-n-69eeee772d89c-2021-69eeee772d89c-mayo-69eeee772d89c-publicidad-69eeee772d89c\">\n                <p class=\"title text-blue mb-0\">\n                    <a class=\"btn-block hover text-left collapsed\" data-toggle=\"collapse\" data-target=\"#collap_casos-de-excepcio-n-69eeee772d89c-2021-69eeee772d89c-mayo-69eeee772d89c-publicidad-69eeee772d89c\" aria-expanded=\"false\" aria-controls=\"collap_casos-de-excepcio-n-69eeee772d89c-2021-69eeee772d89c-mayo-69eeee772d89c-publicidad-69eeee772d89c\">Publicidad<\/a>\n                <\/p>\n            <\/div>\n            <div id=\"collap_casos-de-excepcio-n-69eeee772d89c-2021-69eeee772d89c-mayo-69eeee772d89c-publicidad-69eeee772d89c\" class=\"collapse\" aria-labelledby=\"heading_casos-de-excepcio-n-69eeee772d89c-2021-69eeee772d89c-mayo-69eeee772d89c-publicidad-69eeee772d89c\" data-parent=\"#collap_casos-de-excepcio-n-69eeee772d89c-2021-69eeee772d89c-mayo-69eeee772d89c\">\n                <div class=\"card-body\"><div class=\"jumbotron archivos\"><div class=\"row align-items-center\"><div class=\"col\"><h6><a class=\"text-dark\" href=\"https:\/\/comunidad.comprasdominicana.gob.do\/\/Public\/Tendering\/OpportunityDetail\/Index?noticeUID=DO1.NTC.924218\" title=\"Ver\" target=\"_blank\">APORDOM-CCC-PEPB-2021-0009<\/a><\/h6><p class=\"mb-0 bold\"> en Edici\u00f3n Especial \u00a8Construcci\u00f3n Automotriz, Mar\u00edtimo:  Sectores Claves para el Reimpulso Econ\u00f3mico  <\/p><p class=\"mb-0\" style=\"font-size: .85rem\"><strong title=\"Estado del Proceso\"><i class=\"fas fa-spinner\"><\/i><\/strong> Proceso adjudicado y celebrado<\/p><p class=\"mb-0\" style=\"font-size: .85rem\"><strong title=\"Fecha de Publicaci\u00f3n\"><i class=\"fas fa-calendar-alt\"><\/i><\/strong> Publicado el viernes, 28 de mayo de 2021<\/p><\/div><div class=\"col-auto mt-md-0 mt-2\"><a class=\"btn btn-primary btn-lg px-lg-4 d-none d-md-block\" href=\"https:\/\/comunidad.comprasdominicana.gob.do\/\/Public\/Tendering\/OpportunityDetail\/Index?noticeUID=DO1.NTC.924218\" target=\"_blank\" title=\"Detalles\"><i class=\"fas fa-link\"><\/i> DETALLES<\/a><a class=\"btn btn-primary btn-lg px-lg-4 d-block d-md-none\" href=\"https:\/\/comunidad.comprasdominicana.gob.do\/\/Public\/Tendering\/OpportunityDetail\/Index?noticeUID=DO1.NTC.924218\" target=\"_blank\" title=\"Detalles\"><i class=\"fas fa-2x fa-link\"><\/i><\/a><\/div><\/div><\/div><div class=\"jumbotron archivos\"><div class=\"row align-items-center\"><div class=\"col\"><h6><a class=\"text-dark\" href=\"https:\/\/comunidad.comprasdominicana.gob.do\/\/Public\/Tendering\/OpportunityDetail\/Index?noticeUID=DO1.NTC.923531\" title=\"Ver\" target=\"_blank\">APORDOM-CCC-PEPB-2021-0010<\/a><\/h6><p class=\"mb-0 bold\">Contrataci\u00f3n de Servicios de Publicidad en Multimedios Modo Opinion.<\/p><p class=\"mb-0\" style=\"font-size: .85rem\"><strong title=\"Estado del Proceso\"><i class=\"fas fa-spinner\"><\/i><\/strong> Proceso adjudicado y celebrado<\/p><p class=\"mb-0\" style=\"font-size: .85rem\"><strong title=\"Fecha de Publicaci\u00f3n\"><i class=\"fas fa-calendar-alt\"><\/i><\/strong> Publicado el jueves, 27 de mayo de 2021<\/p><\/div><div class=\"col-auto mt-md-0 mt-2\"><a class=\"btn btn-primary btn-lg px-lg-4 d-none d-md-block\" href=\"https:\/\/comunidad.comprasdominicana.gob.do\/\/Public\/Tendering\/OpportunityDetail\/Index?noticeUID=DO1.NTC.923531\" target=\"_blank\" title=\"Detalles\"><i class=\"fas fa-link\"><\/i> DETALLES<\/a><a class=\"btn btn-primary btn-lg px-lg-4 d-block d-md-none\" href=\"https:\/\/comunidad.comprasdominicana.gob.do\/\/Public\/Tendering\/OpportunityDetail\/Index?noticeUID=DO1.NTC.923531\" target=\"_blank\" title=\"Detalles\"><i class=\"fas fa-2x fa-link\"><\/i><\/a><\/div><\/div><\/div><div class=\"jumbotron archivos\"><div class=\"row align-items-center\"><div class=\"col\"><h6><a class=\"text-dark\" href=\"https:\/\/comunidad.comprasdominicana.gob.do\/\/Public\/Tendering\/OpportunityDetail\/Index?noticeUID=DO1.NTC.913601\" title=\"Ver\" target=\"_blank\">APORDOM-CCC-PEPB-2021-0008<\/a><\/h6><p class=\"mb-0 bold\">Contrataci\u00f3n de Colocaci\u00f3n de Publicidad a trav\u00e9s de Tele Este Canal 12<\/p><p class=\"mb-0\" style=\"font-size: .85rem\"><strong title=\"Estado del Proceso\"><i class=\"fas fa-spinner\"><\/i><\/strong> Proceso adjudicado y celebrado<\/p><p class=\"mb-0\" style=\"font-size: .85rem\"><strong title=\"Fecha de Publicaci\u00f3n\"><i class=\"fas fa-calendar-alt\"><\/i><\/strong> Publicado el viernes, 7 de mayo de 2021<\/p><\/div><div class=\"col-auto mt-md-0 mt-2\"><a class=\"btn btn-primary btn-lg px-lg-4 d-none d-md-block\" href=\"https:\/\/comunidad.comprasdominicana.gob.do\/\/Public\/Tendering\/OpportunityDetail\/Index?noticeUID=DO1.NTC.913601\" target=\"_blank\" title=\"Detalles\"><i class=\"fas fa-link\"><\/i> DETALLES<\/a><a class=\"btn btn-primary btn-lg px-lg-4 d-block d-md-none\" href=\"https:\/\/comunidad.comprasdominicana.gob.do\/\/Public\/Tendering\/OpportunityDetail\/Index?noticeUID=DO1.NTC.913601\" target=\"_blank\" title=\"Detalles\"><i class=\"fas fa-2x fa-link\"><\/i><\/a><\/div><\/div><\/div><div class=\"jumbotron archivos\"><div class=\"row align-items-center\"><div class=\"col\"><h6><a class=\"text-dark\" href=\"https:\/\/comunidad.comprasdominicana.gob.do\/\/Public\/Tendering\/OpportunityDetail\/Index?noticeUID=DO1.NTC.913049\" title=\"Ver\" target=\"_blank\">APORDOM-CCC-PEPB-2021-0007<\/a><\/h6><p class=\"mb-0 bold\">Contrataci\u00f3n de Servicios de Publicidad a trav\u00e9s de Emisoras Grupo Az\u00facar F.M<\/p><p class=\"mb-0\" style=\"font-size: .85rem\"><strong title=\"Estado del Proceso\"><i class=\"fas fa-spinner\"><\/i><\/strong> Proceso adjudicado y celebrado<\/p><p class=\"mb-0\" style=\"font-size: .85rem\"><strong title=\"Fecha de Publicaci\u00f3n\"><i class=\"fas fa-calendar-alt\"><\/i><\/strong> Publicado el jueves, 6 de mayo de 2021<\/p><\/div><div class=\"col-auto mt-md-0 mt-2\"><a class=\"btn btn-primary btn-lg px-lg-4 d-none d-md-block\" href=\"https:\/\/comunidad.comprasdominicana.gob.do\/\/Public\/Tendering\/OpportunityDetail\/Index?noticeUID=DO1.NTC.913049\" target=\"_blank\" title=\"Detalles\"><i class=\"fas fa-link\"><\/i> DETALLES<\/a><a class=\"btn btn-primary btn-lg px-lg-4 d-block d-md-none\" href=\"https:\/\/comunidad.comprasdominicana.gob.do\/\/Public\/Tendering\/OpportunityDetail\/Index?noticeUID=DO1.NTC.913049\" target=\"_blank\" title=\"Detalles\"><i class=\"fas fa-2x fa-link\"><\/i><\/a><\/div><\/div><\/div><div class=\"jumbotron archivos\"><div class=\"row align-items-center\"><div class=\"col\"><h6><a class=\"text-dark\" href=\"https:\/\/comunidad.comprasdominicana.gob.do\/\/Public\/Tendering\/OpportunityDetail\/Index?noticeUID=DO1.NTC.913236\" title=\"Ver\" target=\"_blank\">APORDOM-CCC-PEPB-2021-0006<\/a><\/h6><p class=\"mb-0 bold\">Contrataci\u00f3n de Colocaci\u00f3n de Servicios de Publicidad en el Peri\u00f3dico El Nuevo Diario<\/p><p class=\"mb-0\" style=\"font-size: .85rem\"><strong title=\"Estado del Proceso\"><i class=\"fas fa-spinner\"><\/i><\/strong> Proceso adjudicado y celebrado<\/p><p class=\"mb-0\" style=\"font-size: .85rem\"><strong title=\"Fecha de Publicaci\u00f3n\"><i class=\"fas fa-calendar-alt\"><\/i><\/strong> Publicado el jueves, 6 de mayo de 2021<\/p><\/div><div class=\"col-auto mt-md-0 mt-2\"><a class=\"btn btn-primary btn-lg px-lg-4 d-none d-md-block\" href=\"https:\/\/comunidad.comprasdominicana.gob.do\/\/Public\/Tendering\/OpportunityDetail\/Index?noticeUID=DO1.NTC.913236\" target=\"_blank\" title=\"Detalles\"><i class=\"fas fa-link\"><\/i> DETALLES<\/a><a class=\"btn btn-primary btn-lg px-lg-4 d-block d-md-none\" href=\"https:\/\/comunidad.comprasdominicana.gob.do\/\/Public\/Tendering\/OpportunityDetail\/Index?noticeUID=DO1.NTC.913236\" target=\"_blank\" title=\"Detalles\"><i class=\"fas fa-2x fa-link\"><\/i><\/a><\/div><\/div><\/div><\/div><\/div><\/div><\/div><\/div><\/div>\n        <div class=\"card\">\n            <div class=\"card-header parents\" id=\"heading_casos-de-excepcio-n-69eeee772d89c-2021-69eeee772d89c-abril-69eeee772d89c\">\n                <p class=\"title text-blue mb-0\">\n                    <a class=\"btn-block hover text-left collapsed\" data-toggle=\"collapse\" data-target=\"#collap_casos-de-excepcio-n-69eeee772d89c-2021-69eeee772d89c-abril-69eeee772d89c\" aria-expanded=\"false\" aria-controls=\"collap_casos-de-excepcio-n-69eeee772d89c-2021-69eeee772d89c-abril-69eeee772d89c\">Abril<\/a>\n                <\/p>\n            <\/div>\n            <div id=\"collap_casos-de-excepcio-n-69eeee772d89c-2021-69eeee772d89c-abril-69eeee772d89c\" class=\"collapse\" aria-labelledby=\"heading_casos-de-excepcio-n-69eeee772d89c-2021-69eeee772d89c-abril-69eeee772d89c\" data-parent=\"#collap_casos-de-excepcio-n-69eeee772d89c-2021-69eeee772d89c\">\n                <div class=\"card-body\">\n        <div class=\"card\">\n            <div class=\"card-header parents\" id=\"heading_casos-de-excepcio-n-69eeee772d89c-2021-69eeee772d89c-abril-69eeee772d89c-publicidad-69eeee772d89c\">\n                <p class=\"title text-blue mb-0\">\n                    <a class=\"btn-block hover text-left collapsed\" data-toggle=\"collapse\" data-target=\"#collap_casos-de-excepcio-n-69eeee772d89c-2021-69eeee772d89c-abril-69eeee772d89c-publicidad-69eeee772d89c\" aria-expanded=\"false\" aria-controls=\"collap_casos-de-excepcio-n-69eeee772d89c-2021-69eeee772d89c-abril-69eeee772d89c-publicidad-69eeee772d89c\">Publicidad<\/a>\n                <\/p>\n            <\/div>\n            <div id=\"collap_casos-de-excepcio-n-69eeee772d89c-2021-69eeee772d89c-abril-69eeee772d89c-publicidad-69eeee772d89c\" class=\"collapse\" aria-labelledby=\"heading_casos-de-excepcio-n-69eeee772d89c-2021-69eeee772d89c-abril-69eeee772d89c-publicidad-69eeee772d89c\" data-parent=\"#collap_casos-de-excepcio-n-69eeee772d89c-2021-69eeee772d89c-abril-69eeee772d89c\">\n                <div class=\"card-body\"><div class=\"jumbotron archivos\"><div class=\"row align-items-center\"><div class=\"col\"><h6><a class=\"text-dark\" href=\"https:\/\/comunidad.comprasdominicana.gob.do\/\/Public\/Tendering\/OpportunityDetail\/Index?noticeUID=DO1.NTC.897809\" title=\"Ver\" target=\"_blank\">APORDOM-CCC-PEPB-2021-0004<\/a><\/h6><p class=\"mb-0 bold\">Contrataci\u00f3n de Colocaci\u00f3n de Publicidad en el Espacio Meridiano Musical<\/p><p class=\"mb-0\" style=\"font-size: .85rem\"><strong title=\"Estado del Proceso\"><i class=\"fas fa-spinner\"><\/i><\/strong> Proceso adjudicado y celebrado<\/p><p class=\"mb-0\" style=\"font-size: .85rem\"><strong title=\"Fecha de Publicaci\u00f3n\"><i class=\"fas fa-calendar-alt\"><\/i><\/strong> Publicado el jueves, 8 de abril de 2021<\/p><\/div><div class=\"col-auto mt-md-0 mt-2\"><a class=\"btn btn-primary btn-lg px-lg-4 d-none d-md-block\" href=\"https:\/\/comunidad.comprasdominicana.gob.do\/\/Public\/Tendering\/OpportunityDetail\/Index?noticeUID=DO1.NTC.897809\" target=\"_blank\" title=\"Detalles\"><i class=\"fas fa-link\"><\/i> DETALLES<\/a><a class=\"btn btn-primary btn-lg px-lg-4 d-block d-md-none\" href=\"https:\/\/comunidad.comprasdominicana.gob.do\/\/Public\/Tendering\/OpportunityDetail\/Index?noticeUID=DO1.NTC.897809\" target=\"_blank\" title=\"Detalles\"><i class=\"fas fa-2x fa-link\"><\/i><\/a><\/div><\/div><\/div><\/div><\/div><\/div><\/div><\/div><\/div>\n        <div class=\"card\">\n            <div class=\"card-header parents\" id=\"heading_casos-de-excepcio-n-69eeee772d89c-2021-69eeee772d89c-marzo-69eeee772d89c\">\n                <p class=\"title text-blue mb-0\">\n                    <a class=\"btn-block hover text-left collapsed\" data-toggle=\"collapse\" data-target=\"#collap_casos-de-excepcio-n-69eeee772d89c-2021-69eeee772d89c-marzo-69eeee772d89c\" aria-expanded=\"false\" aria-controls=\"collap_casos-de-excepcio-n-69eeee772d89c-2021-69eeee772d89c-marzo-69eeee772d89c\">Marzo<\/a>\n                <\/p>\n            <\/div>\n            <div id=\"collap_casos-de-excepcio-n-69eeee772d89c-2021-69eeee772d89c-marzo-69eeee772d89c\" class=\"collapse\" aria-labelledby=\"heading_casos-de-excepcio-n-69eeee772d89c-2021-69eeee772d89c-marzo-69eeee772d89c\" data-parent=\"#collap_casos-de-excepcio-n-69eeee772d89c-2021-69eeee772d89c\">\n                <div class=\"card-body\">\n        <div class=\"card\">\n            <div class=\"card-header parents\" id=\"heading_casos-de-excepcio-n-69eeee772d89c-2021-69eeee772d89c-marzo-69eeee772d89c-publicidad-69eeee772d89c\">\n                <p class=\"title text-blue mb-0\">\n                    <a class=\"btn-block hover text-left collapsed\" data-toggle=\"collapse\" data-target=\"#collap_casos-de-excepcio-n-69eeee772d89c-2021-69eeee772d89c-marzo-69eeee772d89c-publicidad-69eeee772d89c\" aria-expanded=\"false\" aria-controls=\"collap_casos-de-excepcio-n-69eeee772d89c-2021-69eeee772d89c-marzo-69eeee772d89c-publicidad-69eeee772d89c\">Publicidad<\/a>\n                <\/p>\n            <\/div>\n            <div id=\"collap_casos-de-excepcio-n-69eeee772d89c-2021-69eeee772d89c-marzo-69eeee772d89c-publicidad-69eeee772d89c\" class=\"collapse\" aria-labelledby=\"heading_casos-de-excepcio-n-69eeee772d89c-2021-69eeee772d89c-marzo-69eeee772d89c-publicidad-69eeee772d89c\" data-parent=\"#collap_casos-de-excepcio-n-69eeee772d89c-2021-69eeee772d89c-marzo-69eeee772d89c\">\n                <div class=\"card-body\"><div class=\"jumbotron archivos\"><div class=\"row align-items-center\"><div class=\"col\"><h6><a class=\"text-dark\" href=\"https:\/\/comunidad.comprasdominicana.gob.do\/\/Public\/Tendering\/OpportunityDetail\/Index?noticeUID=DO1.NTC.893311\" title=\"Ver\" target=\"_blank\">APORDOM-CCC-PEPB-2021-0005<\/a><\/h6><p class=\"mb-0 bold\">Contrataci\u00f3n de servicios de publicidad a trav\u00e9s de Radio FM Primera<\/p><p class=\"mb-0\" style=\"font-size: .85rem\"><strong title=\"Estado del Proceso\"><i class=\"fas fa-spinner\"><\/i><\/strong> Proceso adjudicado y celebrado<\/p><p class=\"mb-0\" style=\"font-size: .85rem\"><strong title=\"Fecha de Publicaci\u00f3n\"><i class=\"fas fa-calendar-alt\"><\/i><\/strong> Publicado el viernes, 26 de marzo de 2021<\/p><\/div><div class=\"col-auto mt-md-0 mt-2\"><a class=\"btn btn-primary btn-lg px-lg-4 d-none d-md-block\" href=\"https:\/\/comunidad.comprasdominicana.gob.do\/\/Public\/Tendering\/OpportunityDetail\/Index?noticeUID=DO1.NTC.893311\" target=\"_blank\" title=\"Detalles\"><i class=\"fas fa-link\"><\/i> DETALLES<\/a><a class=\"btn btn-primary btn-lg px-lg-4 d-block d-md-none\" href=\"https:\/\/comunidad.comprasdominicana.gob.do\/\/Public\/Tendering\/OpportunityDetail\/Index?noticeUID=DO1.NTC.893311\" target=\"_blank\" title=\"Detalles\"><i class=\"fas fa-2x fa-link\"><\/i><\/a><\/div><\/div><\/div><div class=\"jumbotron archivos\"><div class=\"row align-items-center\"><div class=\"col\"><h6><a class=\"text-dark\" href=\"https:\/\/comunidad.comprasdominicana.gob.do\/\/Public\/Tendering\/OpportunityDetail\/Index?noticeUID=DO1.NTC.890542\" title=\"Ver\" target=\"_blank\">APORDOM-CCC-PEPB-2021-0002<\/a><\/h6><p class=\"mb-0 bold\">Contrataci\u00f3n de servicios de publicidad en Caribe Media.<\/p><p class=\"mb-0\" style=\"font-size: .85rem\"><strong title=\"Estado del Proceso\"><i class=\"fas fa-spinner\"><\/i><\/strong> Proceso adjudicado y celebrado<\/p><p class=\"mb-0\" style=\"font-size: .85rem\"><strong title=\"Fecha de Publicaci\u00f3n\"><i class=\"fas fa-calendar-alt\"><\/i><\/strong> Publicado el lunes, 22 de marzo de 2021<\/p><\/div><div class=\"col-auto mt-md-0 mt-2\"><a class=\"btn btn-primary btn-lg px-lg-4 d-none d-md-block\" href=\"https:\/\/comunidad.comprasdominicana.gob.do\/\/Public\/Tendering\/OpportunityDetail\/Index?noticeUID=DO1.NTC.890542\" target=\"_blank\" title=\"Detalles\"><i class=\"fas fa-link\"><\/i> DETALLES<\/a><a class=\"btn btn-primary btn-lg px-lg-4 d-block d-md-none\" href=\"https:\/\/comunidad.comprasdominicana.gob.do\/\/Public\/Tendering\/OpportunityDetail\/Index?noticeUID=DO1.NTC.890542\" target=\"_blank\" title=\"Detalles\"><i class=\"fas fa-2x fa-link\"><\/i><\/a><\/div><\/div><\/div><div class=\"jumbotron archivos\"><div class=\"row align-items-center\"><div class=\"col\"><h6><a class=\"text-dark\" href=\"https:\/\/comunidad.comprasdominicana.gob.do\/\/Public\/Tendering\/OpportunityDetail\/Index?noticeUID=DO1.NTC.890647\" title=\"Ver\" target=\"_blank\">APORDOM-CCC-PEPB-2021-0003<\/a><\/h6><p class=\"mb-0 bold\">Contrataci\u00f3n de Colocaci\u00f3n de Servicios de Publicidad en la Revista Mercado Media Network<\/p><p class=\"mb-0\" style=\"font-size: .85rem\"><strong title=\"Estado del Proceso\"><i class=\"fas fa-spinner\"><\/i><\/strong> Proceso adjudicado y celebrado<\/p><p class=\"mb-0\" style=\"font-size: .85rem\"><strong title=\"Fecha de Publicaci\u00f3n\"><i class=\"fas fa-calendar-alt\"><\/i><\/strong> Publicado el lunes, 22 de marzo de 2021<\/p><\/div><div class=\"col-auto mt-md-0 mt-2\"><a class=\"btn btn-primary btn-lg px-lg-4 d-none d-md-block\" href=\"https:\/\/comunidad.comprasdominicana.gob.do\/\/Public\/Tendering\/OpportunityDetail\/Index?noticeUID=DO1.NTC.890647\" target=\"_blank\" title=\"Detalles\"><i class=\"fas fa-link\"><\/i> DETALLES<\/a><a class=\"btn btn-primary btn-lg px-lg-4 d-block d-md-none\" href=\"https:\/\/comunidad.comprasdominicana.gob.do\/\/Public\/Tendering\/OpportunityDetail\/Index?noticeUID=DO1.NTC.890647\" target=\"_blank\" title=\"Detalles\"><i class=\"fas fa-2x fa-link\"><\/i><\/a><\/div><\/div><\/div><\/div><\/div><\/div><\/div><\/div><\/div>\n        <div class=\"card\">\n            <div class=\"card-header parents\" id=\"heading_casos-de-excepcio-n-69eeee772d89c-2021-69eeee772d89c-febrero-69eeee772d89c\">\n                <p class=\"title text-blue mb-0\">\n                    <a class=\"btn-block hover text-left collapsed\" data-toggle=\"collapse\" data-target=\"#collap_casos-de-excepcio-n-69eeee772d89c-2021-69eeee772d89c-febrero-69eeee772d89c\" aria-expanded=\"false\" aria-controls=\"collap_casos-de-excepcio-n-69eeee772d89c-2021-69eeee772d89c-febrero-69eeee772d89c\">Febrero<\/a>\n                <\/p>\n            <\/div>\n            <div id=\"collap_casos-de-excepcio-n-69eeee772d89c-2021-69eeee772d89c-febrero-69eeee772d89c\" class=\"collapse\" aria-labelledby=\"heading_casos-de-excepcio-n-69eeee772d89c-2021-69eeee772d89c-febrero-69eeee772d89c\" data-parent=\"#collap_casos-de-excepcio-n-69eeee772d89c-2021-69eeee772d89c\">\n                <div class=\"card-body\">\n        <div class=\"card\">\n            <div class=\"card-header parents\" id=\"heading_casos-de-excepcio-n-69eeee772d89c-2021-69eeee772d89c-febrero-69eeee772d89c-publicidad-69eeee772d89c\">\n                <p class=\"title text-blue mb-0\">\n                    <a class=\"btn-block hover text-left collapsed\" data-toggle=\"collapse\" data-target=\"#collap_casos-de-excepcio-n-69eeee772d89c-2021-69eeee772d89c-febrero-69eeee772d89c-publicidad-69eeee772d89c\" aria-expanded=\"false\" aria-controls=\"collap_casos-de-excepcio-n-69eeee772d89c-2021-69eeee772d89c-febrero-69eeee772d89c-publicidad-69eeee772d89c\">Publicidad<\/a>\n                <\/p>\n            <\/div>\n            <div id=\"collap_casos-de-excepcio-n-69eeee772d89c-2021-69eeee772d89c-febrero-69eeee772d89c-publicidad-69eeee772d89c\" class=\"collapse\" aria-labelledby=\"heading_casos-de-excepcio-n-69eeee772d89c-2021-69eeee772d89c-febrero-69eeee772d89c-publicidad-69eeee772d89c\" data-parent=\"#collap_casos-de-excepcio-n-69eeee772d89c-2021-69eeee772d89c-febrero-69eeee772d89c\">\n                <div class=\"card-body\"><div class=\"jumbotron archivos\"><div class=\"row align-items-center\"><div class=\"col\"><h6><a class=\"text-dark\" href=\"https:\/\/comunidad.comprasdominicana.gob.do\/\/Public\/Tendering\/OpportunityDetail\/Index?noticeUID=DO1.NTC.874521\" title=\"Ver\" target=\"_blank\">APORDOM-CCC-PEPB-2021-0001<\/a><\/h6><p class=\"mb-0 bold\">Colocaci\u00f3n de Publicidad en la Revista Business y Gala<\/p><p class=\"mb-0\" style=\"font-size: .85rem\"><strong title=\"Estado del Proceso\"><i class=\"fas fa-spinner\"><\/i><\/strong> Proceso adjudicado y celebrado<\/p><p class=\"mb-0\" style=\"font-size: .85rem\"><strong title=\"Fecha de Publicaci\u00f3n\"><i class=\"fas fa-calendar-alt\"><\/i><\/strong> Publicado el lunes, 15 de febrero de 2021<\/p><\/div><div class=\"col-auto mt-md-0 mt-2\"><a class=\"btn btn-primary btn-lg px-lg-4 d-none d-md-block\" href=\"https:\/\/comunidad.comprasdominicana.gob.do\/\/Public\/Tendering\/OpportunityDetail\/Index?noticeUID=DO1.NTC.874521\" target=\"_blank\" title=\"Detalles\"><i class=\"fas fa-link\"><\/i> DETALLES<\/a><a class=\"btn btn-primary btn-lg px-lg-4 d-block d-md-none\" href=\"https:\/\/comunidad.comprasdominicana.gob.do\/\/Public\/Tendering\/OpportunityDetail\/Index?noticeUID=DO1.NTC.874521\" target=\"_blank\" title=\"Detalles\"><i class=\"fas fa-2x fa-link\"><\/i><\/a><\/div><\/div><\/div><\/div><\/div><\/div><\/div><\/div><\/div>\n        <div class=\"card\">\n            <div class=\"card-header parents\" id=\"heading_casos-de-excepcio-n-69eeee772d89c-2021-69eeee772d89c-enero-69eeee772d89c\">\n                <p class=\"title text-blue mb-0\">\n                    <a class=\"btn-block hover text-left collapsed\" data-toggle=\"collapse\" data-target=\"#collap_casos-de-excepcio-n-69eeee772d89c-2021-69eeee772d89c-enero-69eeee772d89c\" aria-expanded=\"false\" aria-controls=\"collap_casos-de-excepcio-n-69eeee772d89c-2021-69eeee772d89c-enero-69eeee772d89c\">Enero<\/a>\n                <\/p>\n            <\/div>\n            <div id=\"collap_casos-de-excepcio-n-69eeee772d89c-2021-69eeee772d89c-enero-69eeee772d89c\" class=\"collapse\" aria-labelledby=\"heading_casos-de-excepcio-n-69eeee772d89c-2021-69eeee772d89c-enero-69eeee772d89c\" data-parent=\"#collap_casos-de-excepcio-n-69eeee772d89c-2021-69eeee772d89c\">\n                <div class=\"card-body\">\n        <div class=\"card\">\n            <div class=\"card-header parents\" id=\"heading_casos-de-excepcio-n-69eeee772d89c-2021-69eeee772d89c-enero-69eeee772d89c-publicidad-69eeee772d89c\">\n                <p class=\"title text-blue mb-0\">\n                    <a class=\"btn-block hover text-left collapsed\" data-toggle=\"collapse\" data-target=\"#collap_casos-de-excepcio-n-69eeee772d89c-2021-69eeee772d89c-enero-69eeee772d89c-publicidad-69eeee772d89c\" aria-expanded=\"false\" aria-controls=\"collap_casos-de-excepcio-n-69eeee772d89c-2021-69eeee772d89c-enero-69eeee772d89c-publicidad-69eeee772d89c\">Publicidad<\/a>\n                <\/p>\n            <\/div>\n            <div id=\"collap_casos-de-excepcio-n-69eeee772d89c-2021-69eeee772d89c-enero-69eeee772d89c-publicidad-69eeee772d89c\" class=\"collapse\" aria-labelledby=\"heading_casos-de-excepcio-n-69eeee772d89c-2021-69eeee772d89c-enero-69eeee772d89c-publicidad-69eeee772d89c\" data-parent=\"#collap_casos-de-excepcio-n-69eeee772d89c-2021-69eeee772d89c-enero-69eeee772d89c\">\n                <div class=\"card-body\"><div class=\"jumbotron archivos\"><div class=\"row align-items-center\"><div class=\"col\"><h6><a class=\"text-dark\" href=\"https:\/\/comunidad.comprasdominicana.gob.do\/\/Public\/Tendering\/OpportunityDetail\/Index?noticeUID=DO1.NTC.860808\" title=\"Ver\" target=\"_blank\">APORDOM-CCC-PEPB-2020-0004<\/a><\/h6><p class=\"mb-0 bold\">Colocaci\u00f3n de publicidad digital en el portal DINAREJ por dos meses<\/p><p class=\"mb-0\" style=\"font-size: .85rem\"><strong title=\"Estado del Proceso\"><i class=\"fas fa-spinner\"><\/i><\/strong> Proceso adjudicado y celebrado<\/p><p class=\"mb-0\" style=\"font-size: .85rem\"><strong title=\"Fecha de Publicaci\u00f3n\"><i class=\"fas fa-calendar-alt\"><\/i><\/strong> Publicado el viernes, 8 de enero de 2021<\/p><\/div><div class=\"col-auto mt-md-0 mt-2\"><a class=\"btn btn-primary btn-lg px-lg-4 d-none d-md-block\" href=\"https:\/\/comunidad.comprasdominicana.gob.do\/\/Public\/Tendering\/OpportunityDetail\/Index?noticeUID=DO1.NTC.860808\" target=\"_blank\" title=\"Detalles\"><i class=\"fas fa-link\"><\/i> DETALLES<\/a><a class=\"btn btn-primary btn-lg px-lg-4 d-block d-md-none\" href=\"https:\/\/comunidad.comprasdominicana.gob.do\/\/Public\/Tendering\/OpportunityDetail\/Index?noticeUID=DO1.NTC.860808\" target=\"_blank\" title=\"Detalles\"><i class=\"fas fa-2x fa-link\"><\/i><\/a><\/div><\/div><\/div><\/div><\/div><\/div><\/div><\/div><\/div><\/div><\/div><\/div>\n        <div class=\"card\">\n            <div class=\"card-header parents\" id=\"heading_casos-de-excepcio-n-69eeee772d89c-2020-69eeee772d89c\">\n                <p class=\"title text-blue mb-0\">\n                    <a class=\"btn-block hover text-left collapsed\" data-toggle=\"collapse\" data-target=\"#collap_casos-de-excepcio-n-69eeee772d89c-2020-69eeee772d89c\" aria-expanded=\"false\" aria-controls=\"collap_casos-de-excepcio-n-69eeee772d89c-2020-69eeee772d89c\">2020<\/a>\n                <\/p>\n            <\/div>\n            <div id=\"collap_casos-de-excepcio-n-69eeee772d89c-2020-69eeee772d89c\" class=\"collapse\" aria-labelledby=\"heading_casos-de-excepcio-n-69eeee772d89c-2020-69eeee772d89c\" data-parent=\"#collap_casos-de-excepcio-n-69eeee772d89c\">\n                <div class=\"card-body\">\n        <div class=\"card\">\n            <div class=\"card-header parents\" id=\"heading_casos-de-excepcio-n-69eeee772d89c-2020-69eeee772d89c-diciembre-69eeee772d89c\">\n                <p class=\"title text-blue mb-0\">\n                    <a class=\"btn-block hover text-left collapsed\" data-toggle=\"collapse\" data-target=\"#collap_casos-de-excepcio-n-69eeee772d89c-2020-69eeee772d89c-diciembre-69eeee772d89c\" aria-expanded=\"false\" aria-controls=\"collap_casos-de-excepcio-n-69eeee772d89c-2020-69eeee772d89c-diciembre-69eeee772d89c\">Diciembre<\/a>\n                <\/p>\n            <\/div>\n            <div id=\"collap_casos-de-excepcio-n-69eeee772d89c-2020-69eeee772d89c-diciembre-69eeee772d89c\" class=\"collapse\" aria-labelledby=\"heading_casos-de-excepcio-n-69eeee772d89c-2020-69eeee772d89c-diciembre-69eeee772d89c\" data-parent=\"#collap_casos-de-excepcio-n-69eeee772d89c-2020-69eeee772d89c\">\n                <div class=\"card-body\">\n        <div class=\"card\">\n            <div class=\"card-header parents\" id=\"heading_casos-de-excepcio-n-69eeee772d89c-2020-69eeee772d89c-diciembre-69eeee772d89c-publicidad-69eeee772d89c\">\n                <p class=\"title text-blue mb-0\">\n                    <a class=\"btn-block hover text-left collapsed\" data-toggle=\"collapse\" data-target=\"#collap_casos-de-excepcio-n-69eeee772d89c-2020-69eeee772d89c-diciembre-69eeee772d89c-publicidad-69eeee772d89c\" aria-expanded=\"false\" aria-controls=\"collap_casos-de-excepcio-n-69eeee772d89c-2020-69eeee772d89c-diciembre-69eeee772d89c-publicidad-69eeee772d89c\">Publicidad<\/a>\n                <\/p>\n            <\/div>\n            <div id=\"collap_casos-de-excepcio-n-69eeee772d89c-2020-69eeee772d89c-diciembre-69eeee772d89c-publicidad-69eeee772d89c\" class=\"collapse\" aria-labelledby=\"heading_casos-de-excepcio-n-69eeee772d89c-2020-69eeee772d89c-diciembre-69eeee772d89c-publicidad-69eeee772d89c\" data-parent=\"#collap_casos-de-excepcio-n-69eeee772d89c-2020-69eeee772d89c-diciembre-69eeee772d89c\">\n                <div class=\"card-body\"><div class=\"jumbotron archivos\"><div class=\"row align-items-center\"><div class=\"col\"><h6><a class=\"text-dark\" href=\"https:\/\/comunidad.comprasdominicana.gob.do\/\/Public\/Tendering\/OpportunityDetail\/Index?noticeUID=DO1.NTC.856007\" title=\"Ver\" target=\"_blank\">APORDOM-CCC-PEPB-2020-0003<\/a><\/h6><p class=\"mb-0 bold\">Colocaci\u00f3n De Publicidad En La Edici\u00f3n Especial de  Instituciones Gubernamentales M\u00e1s Admiradas 2020, De La Revista Mercado Media Network.<\/p><p class=\"mb-0\" style=\"font-size: .85rem\"><strong title=\"Estado del Proceso\"><i class=\"fas fa-spinner\"><\/i><\/strong> Cancelado<\/p><p class=\"mb-0\" style=\"font-size: .85rem\"><strong title=\"Fecha de Publicaci\u00f3n\"><i class=\"fas fa-calendar-alt\"><\/i><\/strong> Publicado el jueves, 24 de diciembre de 2020<\/p><\/div><div class=\"col-auto mt-md-0 mt-2\"><a class=\"btn btn-primary btn-lg px-lg-4 d-none d-md-block\" href=\"https:\/\/comunidad.comprasdominicana.gob.do\/\/Public\/Tendering\/OpportunityDetail\/Index?noticeUID=DO1.NTC.856007\" target=\"_blank\" title=\"Detalles\"><i class=\"fas fa-link\"><\/i> DETALLES<\/a><a class=\"btn btn-primary btn-lg px-lg-4 d-block d-md-none\" href=\"https:\/\/comunidad.comprasdominicana.gob.do\/\/Public\/Tendering\/OpportunityDetail\/Index?noticeUID=DO1.NTC.856007\" target=\"_blank\" title=\"Detalles\"><i class=\"fas fa-2x fa-link\"><\/i><\/a><\/div><\/div><\/div><div class=\"jumbotron archivos\"><div class=\"row align-items-center\"><div class=\"col\"><h6><a class=\"text-dark\" href=\"https:\/\/comunidad.comprasdominicana.gob.do\/\/Public\/Tendering\/OpportunityDetail\/Index?noticeUID=DO1.NTC.855278\" title=\"Ver\" target=\"_blank\">APORDOM-CCC-PEPB-2020-0002<\/a><\/h6><p class=\"mb-0 bold\">Colocaci\u00f3n de publicidad a trav\u00e9s del espacio \u201cEl 4to, Bate TV\u201d.<\/p><p class=\"mb-0\" style=\"font-size: .85rem\"><strong title=\"Estado del Proceso\"><i class=\"fas fa-spinner\"><\/i><\/strong> Proceso adjudicado y celebrado<\/p><p class=\"mb-0\" style=\"font-size: .85rem\"><strong title=\"Fecha de Publicaci\u00f3n\"><i class=\"fas fa-calendar-alt\"><\/i><\/strong> Publicado el mi\u00e9rcoles, 23 de diciembre de 2020<\/p><\/div><div class=\"col-auto mt-md-0 mt-2\"><a class=\"btn btn-primary btn-lg px-lg-4 d-none d-md-block\" href=\"https:\/\/comunidad.comprasdominicana.gob.do\/\/Public\/Tendering\/OpportunityDetail\/Index?noticeUID=DO1.NTC.855278\" target=\"_blank\" title=\"Detalles\"><i class=\"fas fa-link\"><\/i> DETALLES<\/a><a class=\"btn btn-primary btn-lg px-lg-4 d-block d-md-none\" href=\"https:\/\/comunidad.comprasdominicana.gob.do\/\/Public\/Tendering\/OpportunityDetail\/Index?noticeUID=DO1.NTC.855278\" target=\"_blank\" title=\"Detalles\"><i class=\"fas fa-2x fa-link\"><\/i><\/a><\/div><\/div><\/div><\/div><\/div><\/div><\/div><\/div><\/div>\n        <div class=\"card\">\n            <div class=\"card-header parents\" id=\"heading_casos-de-excepcio-n-69eeee772d89c-2020-69eeee772d89c-noviembre-69eeee772d89c\">\n                <p class=\"title text-blue mb-0\">\n                    <a class=\"btn-block hover text-left collapsed\" data-toggle=\"collapse\" data-target=\"#collap_casos-de-excepcio-n-69eeee772d89c-2020-69eeee772d89c-noviembre-69eeee772d89c\" aria-expanded=\"false\" aria-controls=\"collap_casos-de-excepcio-n-69eeee772d89c-2020-69eeee772d89c-noviembre-69eeee772d89c\">Noviembre<\/a>\n                <\/p>\n            <\/div>\n            <div id=\"collap_casos-de-excepcio-n-69eeee772d89c-2020-69eeee772d89c-noviembre-69eeee772d89c\" class=\"collapse\" aria-labelledby=\"heading_casos-de-excepcio-n-69eeee772d89c-2020-69eeee772d89c-noviembre-69eeee772d89c\" data-parent=\"#collap_casos-de-excepcio-n-69eeee772d89c-2020-69eeee772d89c\">\n                <div class=\"card-body\">\n        <div class=\"card\">\n            <div class=\"card-header parents\" id=\"heading_casos-de-excepcio-n-69eeee772d89c-2020-69eeee772d89c-noviembre-69eeee772d89c-publicidad-69eeee772d89c\">\n                <p class=\"title text-blue mb-0\">\n                    <a class=\"btn-block hover text-left collapsed\" data-toggle=\"collapse\" data-target=\"#collap_casos-de-excepcio-n-69eeee772d89c-2020-69eeee772d89c-noviembre-69eeee772d89c-publicidad-69eeee772d89c\" aria-expanded=\"false\" aria-controls=\"collap_casos-de-excepcio-n-69eeee772d89c-2020-69eeee772d89c-noviembre-69eeee772d89c-publicidad-69eeee772d89c\">Publicidad<\/a>\n                <\/p>\n            <\/div>\n            <div id=\"collap_casos-de-excepcio-n-69eeee772d89c-2020-69eeee772d89c-noviembre-69eeee772d89c-publicidad-69eeee772d89c\" class=\"collapse\" aria-labelledby=\"heading_casos-de-excepcio-n-69eeee772d89c-2020-69eeee772d89c-noviembre-69eeee772d89c-publicidad-69eeee772d89c\" data-parent=\"#collap_casos-de-excepcio-n-69eeee772d89c-2020-69eeee772d89c-noviembre-69eeee772d89c\">\n                <div class=\"card-body\"><div class=\"jumbotron archivos\"><div class=\"row align-items-center\"><div class=\"col\"><h6><a class=\"text-dark\" href=\"https:\/\/comunidad.comprasdominicana.gob.do\/\/Public\/Tendering\/OpportunityDetail\/Index?noticeUID=DO1.NTC.838933\" title=\"Ver\" target=\"_blank\">APORDOM-CCC-PEPB-2020-0001<\/a><\/h6><p class=\"mb-0 bold\">Procedimiento De Excepci\u00f3n Para La Contrataci\u00f3n De Publirreportaje En Revista Mercado Media Networking Para Ser Publicado En La Edici\u00f3n Mercado Regular Noviembre 2020<\/p><p class=\"mb-0\" style=\"font-size: .85rem\"><strong title=\"Estado del Proceso\"><i class=\"fas fa-spinner\"><\/i><\/strong> Proceso adjudicado y celebrado<\/p><p class=\"mb-0\" style=\"font-size: .85rem\"><strong title=\"Fecha de Publicaci\u00f3n\"><i class=\"fas fa-calendar-alt\"><\/i><\/strong> Publicado el viernes, 13 de noviembre de 2020<\/p><\/div><div class=\"col-auto mt-md-0 mt-2\"><a class=\"btn btn-primary btn-lg px-lg-4 d-none d-md-block\" href=\"https:\/\/comunidad.comprasdominicana.gob.do\/\/Public\/Tendering\/OpportunityDetail\/Index?noticeUID=DO1.NTC.838933\" target=\"_blank\" title=\"Detalles\"><i class=\"fas fa-link\"><\/i> DETALLES<\/a><a class=\"btn btn-primary btn-lg px-lg-4 d-block d-md-none\" href=\"https:\/\/comunidad.comprasdominicana.gob.do\/\/Public\/Tendering\/OpportunityDetail\/Index?noticeUID=DO1.NTC.838933\" target=\"_blank\" title=\"Detalles\"><i class=\"fas fa-2x fa-link\"><\/i><\/a><\/div><\/div><\/div><\/div><\/div><\/div><\/div><\/div><\/div>\n        <div class=\"card\">\n            <div class=\"card-header parents\" id=\"heading_casos-de-excepcio-n-69eeee772d89c-2020-69eeee772d89c-marzo-69eeee772d89c\">\n                <p class=\"title text-blue mb-0\">\n                    <a class=\"btn-block hover text-left collapsed\" data-toggle=\"collapse\" data-target=\"#collap_casos-de-excepcio-n-69eeee772d89c-2020-69eeee772d89c-marzo-69eeee772d89c\" aria-expanded=\"false\" aria-controls=\"collap_casos-de-excepcio-n-69eeee772d89c-2020-69eeee772d89c-marzo-69eeee772d89c\">Marzo<\/a>\n                <\/p>\n            <\/div>\n            <div id=\"collap_casos-de-excepcio-n-69eeee772d89c-2020-69eeee772d89c-marzo-69eeee772d89c\" class=\"collapse\" aria-labelledby=\"heading_casos-de-excepcio-n-69eeee772d89c-2020-69eeee772d89c-marzo-69eeee772d89c\" data-parent=\"#collap_casos-de-excepcio-n-69eeee772d89c-2020-69eeee772d89c\">\n                <div class=\"card-body\">\n        <div class=\"card\">\n            <div class=\"card-header parents\" id=\"heading_casos-de-excepcio-n-69eeee772d89c-2020-69eeee772d89c-marzo-69eeee772d89c-urgencia-69eeee772d89c\">\n                <p class=\"title text-blue mb-0\">\n                    <a class=\"btn-block hover text-left collapsed\" data-toggle=\"collapse\" data-target=\"#collap_casos-de-excepcio-n-69eeee772d89c-2020-69eeee772d89c-marzo-69eeee772d89c-urgencia-69eeee772d89c\" aria-expanded=\"false\" aria-controls=\"collap_casos-de-excepcio-n-69eeee772d89c-2020-69eeee772d89c-marzo-69eeee772d89c-urgencia-69eeee772d89c\">Urgencia<\/a>\n                <\/p>\n            <\/div>\n            <div id=\"collap_casos-de-excepcio-n-69eeee772d89c-2020-69eeee772d89c-marzo-69eeee772d89c-urgencia-69eeee772d89c\" class=\"collapse\" aria-labelledby=\"heading_casos-de-excepcio-n-69eeee772d89c-2020-69eeee772d89c-marzo-69eeee772d89c-urgencia-69eeee772d89c\" data-parent=\"#collap_casos-de-excepcio-n-69eeee772d89c-2020-69eeee772d89c-marzo-69eeee772d89c\">\n                <div class=\"card-body\"><div class=\"jumbotron archivos\"><div class=\"row align-items-center\"><div class=\"col\"><h6><a class=\"text-dark\" href=\"https:\/\/comunidad.comprasdominicana.gob.do\/\/Public\/Tendering\/OpportunityDetail\/Index?noticeUID=DO1.NTC.723539\" title=\"Ver\" target=\"_blank\">APORDOM-MAE-PEUR-2020-0001<\/a><\/h6><p class=\"mb-0 bold\">Mascarillas N95 (Respirador contra part\u00edculas N95)<\/p><p class=\"mb-0\" style=\"font-size: .85rem\"><strong title=\"Estado del Proceso\"><i class=\"fas fa-spinner\"><\/i><\/strong> Proceso adjudicado y celebrado<\/p><p class=\"mb-0\" style=\"font-size: .85rem\"><strong title=\"Fecha de Publicaci\u00f3n\"><i class=\"fas fa-calendar-alt\"><\/i><\/strong> Publicado el lunes, 2 de marzo de 2020<\/p><\/div><div class=\"col-auto mt-md-0 mt-2\"><a class=\"btn btn-primary btn-lg px-lg-4 d-none d-md-block\" href=\"https:\/\/comunidad.comprasdominicana.gob.do\/\/Public\/Tendering\/OpportunityDetail\/Index?noticeUID=DO1.NTC.723539\" target=\"_blank\" title=\"Detalles\"><i class=\"fas fa-link\"><\/i> DETALLES<\/a><a class=\"btn btn-primary btn-lg px-lg-4 d-block d-md-none\" href=\"https:\/\/comunidad.comprasdominicana.gob.do\/\/Public\/Tendering\/OpportunityDetail\/Index?noticeUID=DO1.NTC.723539\" target=\"_blank\" title=\"Detalles\"><i class=\"fas fa-2x fa-link\"><\/i><\/a><\/div><\/div><\/div><\/div><\/div><\/div><\/div><\/div><\/div><\/div><\/div><\/div><\/div><\/div><\/div>\n        <div class=\"card\">\n            <div class=\"card-header parents\" id=\"heading_comparaci-n-de-precios-69eeee772d89c\">\n                <p class=\"title text-blue mb-0\">\n                    <a class=\"btn-block hover text-left collapsed\" data-toggle=\"collapse\" data-target=\"#collap_comparaci-n-de-precios-69eeee772d89c\" aria-expanded=\"false\" aria-controls=\"collap_comparaci-n-de-precios-69eeee772d89c\">Comparaci\u00f3n de Precios<\/a>\n                <\/p>\n            <\/div>\n            <div id=\"collap_comparaci-n-de-precios-69eeee772d89c\" class=\"collapse\" aria-labelledby=\"heading_comparaci-n-de-precios-69eeee772d89c\" data-parent=\"#acc_69eeee772d89c\">\n                <div class=\"card-body\">\n        <div class=\"card\">\n            <div class=\"card-header parents\" id=\"heading_comparaci-n-de-precios-69eeee772d89c-2026-69eeee772d89c\">\n                <p class=\"title text-blue mb-0\">\n                    <a class=\"btn-block hover text-left collapsed\" data-toggle=\"collapse\" data-target=\"#collap_comparaci-n-de-precios-69eeee772d89c-2026-69eeee772d89c\" aria-expanded=\"false\" aria-controls=\"collap_comparaci-n-de-precios-69eeee772d89c-2026-69eeee772d89c\">2026<\/a>\n                <\/p>\n            <\/div>\n            <div id=\"collap_comparaci-n-de-precios-69eeee772d89c-2026-69eeee772d89c\" class=\"collapse\" aria-labelledby=\"heading_comparaci-n-de-precios-69eeee772d89c-2026-69eeee772d89c\" data-parent=\"#collap_comparaci-n-de-precios-69eeee772d89c\">\n                <div class=\"card-body\">\n        <div class=\"card\">\n            <div class=\"card-header parents\" id=\"heading_comparaci-n-de-precios-69eeee772d89c-2026-69eeee772d89c-abril-69eeee772d89c\">\n                <p class=\"title text-blue mb-0\">\n                    <a class=\"btn-block hover text-left collapsed\" data-toggle=\"collapse\" data-target=\"#collap_comparaci-n-de-precios-69eeee772d89c-2026-69eeee772d89c-abril-69eeee772d89c\" aria-expanded=\"false\" aria-controls=\"collap_comparaci-n-de-precios-69eeee772d89c-2026-69eeee772d89c-abril-69eeee772d89c\">Abril<\/a>\n                <\/p>\n            <\/div>\n            <div id=\"collap_comparaci-n-de-precios-69eeee772d89c-2026-69eeee772d89c-abril-69eeee772d89c\" class=\"collapse\" aria-labelledby=\"heading_comparaci-n-de-precios-69eeee772d89c-2026-69eeee772d89c-abril-69eeee772d89c\" data-parent=\"#collap_comparaci-n-de-precios-69eeee772d89c-2026-69eeee772d89c\">\n                <div class=\"card-body\"><div class=\"jumbotron archivos\"><div class=\"row align-items-center\"><div class=\"col\"><h6><a class=\"text-dark\" href=\"https:\/\/comunidad.comprasdominicana.gob.do\/\/Public\/Tendering\/OpportunityDetail\/Index?noticeUID=DO1.NTC.1705444\" title=\"Ver\" target=\"_blank\">APORDOM-CCC-CP-2026-0001<\/a><\/h6><p class=\"mb-0 bold\">Contrataci\u00f3n de taller de mantenimiento preventivo, correctivo y general para los veh\u00edculos de APORDOM<\/p><p class=\"mb-0\" style=\"font-size: .85rem\"><strong title=\"Estado del Proceso\"><i class=\"fas fa-spinner\"><\/i><\/strong> Proceso publicado<\/p><p class=\"mb-0\" style=\"font-size: .85rem\"><strong title=\"Fecha de Publicaci\u00f3n\"><i class=\"fas fa-calendar-alt\"><\/i><\/strong> Publicado el viernes, 24 de abril de 2026<\/p><\/div><div class=\"col-auto mt-md-0 mt-2\"><a class=\"btn btn-primary btn-lg px-lg-4 d-none d-md-block\" href=\"https:\/\/comunidad.comprasdominicana.gob.do\/\/Public\/Tendering\/OpportunityDetail\/Index?noticeUID=DO1.NTC.1705444\" target=\"_blank\" title=\"Detalles\"><i class=\"fas fa-link\"><\/i> DETALLES<\/a><a class=\"btn btn-primary btn-lg px-lg-4 d-block d-md-none\" href=\"https:\/\/comunidad.comprasdominicana.gob.do\/\/Public\/Tendering\/OpportunityDetail\/Index?noticeUID=DO1.NTC.1705444\" target=\"_blank\" title=\"Detalles\"><i class=\"fas fa-2x fa-link\"><\/i><\/a><\/div><\/div><\/div><\/div><\/div><\/div><\/div><\/div><\/div>\n        <div class=\"card\">\n            <div class=\"card-header parents\" id=\"heading_comparaci-n-de-precios-69eeee772d89c-2025-69eeee772d89c\">\n                <p class=\"title text-blue mb-0\">\n                    <a class=\"btn-block hover text-left collapsed\" data-toggle=\"collapse\" data-target=\"#collap_comparaci-n-de-precios-69eeee772d89c-2025-69eeee772d89c\" aria-expanded=\"false\" aria-controls=\"collap_comparaci-n-de-precios-69eeee772d89c-2025-69eeee772d89c\">2025<\/a>\n                <\/p>\n            <\/div>\n            <div id=\"collap_comparaci-n-de-precios-69eeee772d89c-2025-69eeee772d89c\" class=\"collapse\" aria-labelledby=\"heading_comparaci-n-de-precios-69eeee772d89c-2025-69eeee772d89c\" data-parent=\"#collap_comparaci-n-de-precios-69eeee772d89c\">\n                <div class=\"card-body\">\n        <div class=\"card\">\n            <div class=\"card-header parents\" id=\"heading_comparaci-n-de-precios-69eeee772d89c-2025-69eeee772d89c-diciembre-69eeee772d89c\">\n                <p class=\"title text-blue mb-0\">\n                    <a class=\"btn-block hover text-left collapsed\" data-toggle=\"collapse\" data-target=\"#collap_comparaci-n-de-precios-69eeee772d89c-2025-69eeee772d89c-diciembre-69eeee772d89c\" aria-expanded=\"false\" aria-controls=\"collap_comparaci-n-de-precios-69eeee772d89c-2025-69eeee772d89c-diciembre-69eeee772d89c\">Diciembre<\/a>\n                <\/p>\n            <\/div>\n            <div id=\"collap_comparaci-n-de-precios-69eeee772d89c-2025-69eeee772d89c-diciembre-69eeee772d89c\" class=\"collapse\" aria-labelledby=\"heading_comparaci-n-de-precios-69eeee772d89c-2025-69eeee772d89c-diciembre-69eeee772d89c\" data-parent=\"#collap_comparaci-n-de-precios-69eeee772d89c-2025-69eeee772d89c\">\n                <div class=\"card-body\"><div class=\"jumbotron archivos\"><div class=\"row align-items-center\"><div class=\"col\"><h6><a class=\"text-dark\" href=\"https:\/\/comunidad.comprasdominicana.gob.do\/\/Public\/Tendering\/OpportunityDetail\/Index?noticeUID=DO1.NTC.1654902\" title=\"Ver\" target=\"_blank\">APORDOM-CCC-CP-2025-0007<\/a><\/h6><p class=\"mb-0 bold\">Readecuaci\u00f3n  de \u00c1reas de APORDOM<\/p><p class=\"mb-0\" style=\"font-size: .85rem\"><strong title=\"Estado del Proceso\"><i class=\"fas fa-spinner\"><\/i><\/strong> Proceso adjudicado y celebrado<\/p><p class=\"mb-0\" style=\"font-size: .85rem\"><strong title=\"Fecha de Publicaci\u00f3n\"><i class=\"fas fa-calendar-alt\"><\/i><\/strong> Publicado el lunes, 29 de diciembre de 2025<\/p><\/div><div class=\"col-auto mt-md-0 mt-2\"><a class=\"btn btn-primary btn-lg px-lg-4 d-none d-md-block\" href=\"https:\/\/comunidad.comprasdominicana.gob.do\/\/Public\/Tendering\/OpportunityDetail\/Index?noticeUID=DO1.NTC.1654902\" target=\"_blank\" title=\"Detalles\"><i class=\"fas fa-link\"><\/i> DETALLES<\/a><a class=\"btn btn-primary btn-lg px-lg-4 d-block d-md-none\" href=\"https:\/\/comunidad.comprasdominicana.gob.do\/\/Public\/Tendering\/OpportunityDetail\/Index?noticeUID=DO1.NTC.1654902\" target=\"_blank\" title=\"Detalles\"><i class=\"fas fa-2x fa-link\"><\/i><\/a><\/div><\/div><\/div><div class=\"jumbotron archivos\"><div class=\"row align-items-center\"><div class=\"col\"><h6><a class=\"text-dark\" href=\"https:\/\/comunidad.comprasdominicana.gob.do\/\/Public\/Tendering\/OpportunityDetail\/Index?noticeUID=DO1.NTC.1654703\" title=\"Ver\" target=\"_blank\">APORDOM-CCC-CP-2025-0006<\/a><\/h6><p class=\"mb-0 bold\">Servicios de instalaci\u00f3n de ventanas en diferentes \u00e1reas de APORDOM<\/p><p class=\"mb-0\" style=\"font-size: .85rem\"><strong title=\"Estado del Proceso\"><i class=\"fas fa-spinner\"><\/i><\/strong> Proceso adjudicado y celebrado<\/p><p class=\"mb-0\" style=\"font-size: .85rem\"><strong title=\"Fecha de Publicaci\u00f3n\"><i class=\"fas fa-calendar-alt\"><\/i><\/strong> Publicado el lunes, 29 de diciembre de 2025<\/p><\/div><div class=\"col-auto mt-md-0 mt-2\"><a class=\"btn btn-primary btn-lg px-lg-4 d-none d-md-block\" href=\"https:\/\/comunidad.comprasdominicana.gob.do\/\/Public\/Tendering\/OpportunityDetail\/Index?noticeUID=DO1.NTC.1654703\" target=\"_blank\" title=\"Detalles\"><i class=\"fas fa-link\"><\/i> DETALLES<\/a><a class=\"btn btn-primary btn-lg px-lg-4 d-block d-md-none\" href=\"https:\/\/comunidad.comprasdominicana.gob.do\/\/Public\/Tendering\/OpportunityDetail\/Index?noticeUID=DO1.NTC.1654703\" target=\"_blank\" title=\"Detalles\"><i class=\"fas fa-2x fa-link\"><\/i><\/a><\/div><\/div><\/div><\/div><\/div><\/div>\n        <div class=\"card\">\n            <div class=\"card-header parents\" id=\"heading_comparaci-n-de-precios-69eeee772d89c-2025-69eeee772d89c-octubre-69eeee772d89c\">\n                <p class=\"title text-blue mb-0\">\n                    <a class=\"btn-block hover text-left collapsed\" data-toggle=\"collapse\" data-target=\"#collap_comparaci-n-de-precios-69eeee772d89c-2025-69eeee772d89c-octubre-69eeee772d89c\" aria-expanded=\"false\" aria-controls=\"collap_comparaci-n-de-precios-69eeee772d89c-2025-69eeee772d89c-octubre-69eeee772d89c\">Octubre<\/a>\n                <\/p>\n            <\/div>\n            <div id=\"collap_comparaci-n-de-precios-69eeee772d89c-2025-69eeee772d89c-octubre-69eeee772d89c\" class=\"collapse\" aria-labelledby=\"heading_comparaci-n-de-precios-69eeee772d89c-2025-69eeee772d89c-octubre-69eeee772d89c\" data-parent=\"#collap_comparaci-n-de-precios-69eeee772d89c-2025-69eeee772d89c\">\n                <div class=\"card-body\"><div class=\"jumbotron archivos\"><div class=\"row align-items-center\"><div class=\"col\"><h6><a class=\"text-dark\" href=\"https:\/\/comunidad.comprasdominicana.gob.do\/\/Public\/Tendering\/OpportunityDetail\/Index?noticeUID=DO1.NTC.1615139\" title=\"Ver\" target=\"_blank\">APORDOM-CCC-CP-2025-0005<\/a><\/h6><p class=\"mb-0 bold\">Adquisici\u00f3n de mobiliario y electrodom\u00e9sticos para uso de APORDOM<\/p><p class=\"mb-0\" style=\"font-size: .85rem\"><strong title=\"Estado del Proceso\"><i class=\"fas fa-spinner\"><\/i><\/strong> Proceso adjudicado y celebrado<\/p><p class=\"mb-0\" style=\"font-size: .85rem\"><strong title=\"Fecha de Publicaci\u00f3n\"><i class=\"fas fa-calendar-alt\"><\/i><\/strong> Publicado el viernes, 3 de octubre de 2025<\/p><\/div><div class=\"col-auto mt-md-0 mt-2\"><a class=\"btn btn-primary btn-lg px-lg-4 d-none d-md-block\" href=\"https:\/\/comunidad.comprasdominicana.gob.do\/\/Public\/Tendering\/OpportunityDetail\/Index?noticeUID=DO1.NTC.1615139\" target=\"_blank\" title=\"Detalles\"><i class=\"fas fa-link\"><\/i> DETALLES<\/a><a class=\"btn btn-primary btn-lg px-lg-4 d-block d-md-none\" href=\"https:\/\/comunidad.comprasdominicana.gob.do\/\/Public\/Tendering\/OpportunityDetail\/Index?noticeUID=DO1.NTC.1615139\" target=\"_blank\" title=\"Detalles\"><i class=\"fas fa-2x fa-link\"><\/i><\/a><\/div><\/div><\/div><\/div><\/div><\/div>\n        <div class=\"card\">\n            <div class=\"card-header parents\" id=\"heading_comparaci-n-de-precios-69eeee772d89c-2025-69eeee772d89c-julio-69eeee772d89c\">\n                <p class=\"title text-blue mb-0\">\n                    <a class=\"btn-block hover text-left collapsed\" data-toggle=\"collapse\" data-target=\"#collap_comparaci-n-de-precios-69eeee772d89c-2025-69eeee772d89c-julio-69eeee772d89c\" aria-expanded=\"false\" aria-controls=\"collap_comparaci-n-de-precios-69eeee772d89c-2025-69eeee772d89c-julio-69eeee772d89c\">Julio<\/a>\n                <\/p>\n            <\/div>\n            <div id=\"collap_comparaci-n-de-precios-69eeee772d89c-2025-69eeee772d89c-julio-69eeee772d89c\" class=\"collapse\" aria-labelledby=\"heading_comparaci-n-de-precios-69eeee772d89c-2025-69eeee772d89c-julio-69eeee772d89c\" data-parent=\"#collap_comparaci-n-de-precios-69eeee772d89c-2025-69eeee772d89c\">\n                <div class=\"card-body\"><div class=\"jumbotron archivos\"><div class=\"row align-items-center\"><div class=\"col\"><h6><a class=\"text-dark\" href=\"https:\/\/comunidad.comprasdominicana.gob.do\/\/Public\/Tendering\/OpportunityDetail\/Index?noticeUID=DO1.NTC.1577534\" title=\"Ver\" target=\"_blank\">APORDOM-CCC-CP-2025-0004<\/a><\/h6><p class=\"mb-0 bold\">Adquisici\u00f3n de insumos de materiales el\u00e9ctricos, ferreteros y de plomer\u00eda<\/p><p class=\"mb-0\" style=\"font-size: .85rem\"><strong title=\"Estado del Proceso\"><i class=\"fas fa-spinner\"><\/i><\/strong> Proceso adjudicado y celebrado<\/p><p class=\"mb-0\" style=\"font-size: .85rem\"><strong title=\"Fecha de Publicaci\u00f3n\"><i class=\"fas fa-calendar-alt\"><\/i><\/strong> Publicado el jueves, 10 de julio de 2025<\/p><\/div><div class=\"col-auto mt-md-0 mt-2\"><a class=\"btn btn-primary btn-lg px-lg-4 d-none d-md-block\" href=\"https:\/\/comunidad.comprasdominicana.gob.do\/\/Public\/Tendering\/OpportunityDetail\/Index?noticeUID=DO1.NTC.1577534\" target=\"_blank\" title=\"Detalles\"><i class=\"fas fa-link\"><\/i> DETALLES<\/a><a class=\"btn btn-primary btn-lg px-lg-4 d-block d-md-none\" href=\"https:\/\/comunidad.comprasdominicana.gob.do\/\/Public\/Tendering\/OpportunityDetail\/Index?noticeUID=DO1.NTC.1577534\" target=\"_blank\" title=\"Detalles\"><i class=\"fas fa-2x fa-link\"><\/i><\/a><\/div><\/div><\/div><\/div><\/div><\/div>\n        <div class=\"card\">\n            <div class=\"card-header parents\" id=\"heading_comparaci-n-de-precios-69eeee772d89c-2025-69eeee772d89c-junio-69eeee772d89c\">\n                <p class=\"title text-blue mb-0\">\n                    <a class=\"btn-block hover text-left collapsed\" data-toggle=\"collapse\" data-target=\"#collap_comparaci-n-de-precios-69eeee772d89c-2025-69eeee772d89c-junio-69eeee772d89c\" aria-expanded=\"false\" aria-controls=\"collap_comparaci-n-de-precios-69eeee772d89c-2025-69eeee772d89c-junio-69eeee772d89c\">Junio<\/a>\n                <\/p>\n            <\/div>\n            <div id=\"collap_comparaci-n-de-precios-69eeee772d89c-2025-69eeee772d89c-junio-69eeee772d89c\" class=\"collapse\" aria-labelledby=\"heading_comparaci-n-de-precios-69eeee772d89c-2025-69eeee772d89c-junio-69eeee772d89c\" data-parent=\"#collap_comparaci-n-de-precios-69eeee772d89c-2025-69eeee772d89c\">\n                <div class=\"card-body\"><div class=\"jumbotron archivos\"><div class=\"row align-items-center\"><div class=\"col\"><h6><a class=\"text-dark\" href=\"https:\/\/comunidad.comprasdominicana.gob.do\/\/Public\/Tendering\/OpportunityDetail\/Index?noticeUID=DO1.NTC.1566327\" title=\"Ver\" target=\"_blank\">APORDOM-CCC-CP-2025-0003<\/a><\/h6><p class=\"mb-0 bold\">Contrataci\u00f3n de taller de mantenimiento preventivo, correctivo y general para los veh\u00edculos de APORDOM<\/p><p class=\"mb-0\" style=\"font-size: .85rem\"><strong title=\"Estado del Proceso\"><i class=\"fas fa-spinner\"><\/i><\/strong> Proceso adjudicado y celebrado<\/p><p class=\"mb-0\" style=\"font-size: .85rem\"><strong title=\"Fecha de Publicaci\u00f3n\"><i class=\"fas fa-calendar-alt\"><\/i><\/strong> Publicado el viernes, 13 de junio de 2025<\/p><\/div><div class=\"col-auto mt-md-0 mt-2\"><a class=\"btn btn-primary btn-lg px-lg-4 d-none d-md-block\" href=\"https:\/\/comunidad.comprasdominicana.gob.do\/\/Public\/Tendering\/OpportunityDetail\/Index?noticeUID=DO1.NTC.1566327\" target=\"_blank\" title=\"Detalles\"><i class=\"fas fa-link\"><\/i> DETALLES<\/a><a class=\"btn btn-primary btn-lg px-lg-4 d-block d-md-none\" href=\"https:\/\/comunidad.comprasdominicana.gob.do\/\/Public\/Tendering\/OpportunityDetail\/Index?noticeUID=DO1.NTC.1566327\" target=\"_blank\" title=\"Detalles\"><i class=\"fas fa-2x fa-link\"><\/i><\/a><\/div><\/div><\/div><div class=\"jumbotron archivos\"><div class=\"row align-items-center\"><div class=\"col\"><h6><a class=\"text-dark\" href=\"https:\/\/comunidad.comprasdominicana.gob.do\/\/Public\/Tendering\/OpportunityDetail\/Index?noticeUID=DO1.NTC.1566326\" title=\"Ver\" target=\"_blank\">APORDOM-CCC-CP-2025-0002<\/a><\/h6><p class=\"mb-0 bold\">Contrataci\u00f3n de servicio de firma de auditores para la realizaci\u00f3n de auditoria interna de APORDOM<\/p><p class=\"mb-0\" style=\"font-size: .85rem\"><strong title=\"Estado del Proceso\"><i class=\"fas fa-spinner\"><\/i><\/strong> Proceso adjudicado y celebrado<\/p><p class=\"mb-0\" style=\"font-size: .85rem\"><strong title=\"Fecha de Publicaci\u00f3n\"><i class=\"fas fa-calendar-alt\"><\/i><\/strong> Publicado el viernes, 13 de junio de 2025<\/p><\/div><div class=\"col-auto mt-md-0 mt-2\"><a class=\"btn btn-primary btn-lg px-lg-4 d-none d-md-block\" href=\"https:\/\/comunidad.comprasdominicana.gob.do\/\/Public\/Tendering\/OpportunityDetail\/Index?noticeUID=DO1.NTC.1566326\" target=\"_blank\" title=\"Detalles\"><i class=\"fas fa-link\"><\/i> DETALLES<\/a><a class=\"btn btn-primary btn-lg px-lg-4 d-block d-md-none\" href=\"https:\/\/comunidad.comprasdominicana.gob.do\/\/Public\/Tendering\/OpportunityDetail\/Index?noticeUID=DO1.NTC.1566326\" target=\"_blank\" title=\"Detalles\"><i class=\"fas fa-2x fa-link\"><\/i><\/a><\/div><\/div><\/div><\/div><\/div><\/div><\/div><\/div><\/div>\n        <div class=\"card\">\n            <div class=\"card-header parents\" id=\"heading_comparaci-n-de-precios-69eeee772d89c-2024-69eeee772d89c\">\n                <p class=\"title text-blue mb-0\">\n                    <a class=\"btn-block hover text-left collapsed\" data-toggle=\"collapse\" data-target=\"#collap_comparaci-n-de-precios-69eeee772d89c-2024-69eeee772d89c\" aria-expanded=\"false\" aria-controls=\"collap_comparaci-n-de-precios-69eeee772d89c-2024-69eeee772d89c\">2024<\/a>\n                <\/p>\n            <\/div>\n            <div id=\"collap_comparaci-n-de-precios-69eeee772d89c-2024-69eeee772d89c\" class=\"collapse\" aria-labelledby=\"heading_comparaci-n-de-precios-69eeee772d89c-2024-69eeee772d89c\" data-parent=\"#collap_comparaci-n-de-precios-69eeee772d89c\">\n                <div class=\"card-body\">\n        <div class=\"card\">\n            <div class=\"card-header parents\" id=\"heading_comparaci-n-de-precios-69eeee772d89c-2024-69eeee772d89c-noviembre-69eeee772d89c\">\n                <p class=\"title text-blue mb-0\">\n                    <a class=\"btn-block hover text-left collapsed\" data-toggle=\"collapse\" data-target=\"#collap_comparaci-n-de-precios-69eeee772d89c-2024-69eeee772d89c-noviembre-69eeee772d89c\" aria-expanded=\"false\" aria-controls=\"collap_comparaci-n-de-precios-69eeee772d89c-2024-69eeee772d89c-noviembre-69eeee772d89c\">Noviembre<\/a>\n                <\/p>\n            <\/div>\n            <div id=\"collap_comparaci-n-de-precios-69eeee772d89c-2024-69eeee772d89c-noviembre-69eeee772d89c\" class=\"collapse\" aria-labelledby=\"heading_comparaci-n-de-precios-69eeee772d89c-2024-69eeee772d89c-noviembre-69eeee772d89c\" data-parent=\"#collap_comparaci-n-de-precios-69eeee772d89c-2024-69eeee772d89c\">\n                <div class=\"card-body\"><div class=\"jumbotron archivos\"><div class=\"row align-items-center\"><div class=\"col\"><h6><a class=\"text-dark\" href=\"https:\/\/comunidad.comprasdominicana.gob.do\/\/Public\/Tendering\/OpportunityDetail\/Index?noticeUID=DO1.NTC.1477853\" title=\"Ver\" target=\"_blank\">APORDOM-CCC-CP-2024-0011<\/a><\/h6><p class=\"mb-0 bold\">Remozamiento de los muelles pesqueros Boca de Yuma, Palenque y R\u00edo San Juan, por los da\u00f1os causados por las fuertes lluvias y crecidas del oleaje, y readecuaci\u00f3n del archivo general de\u00a0esta\u00a0APORDOM.<\/p><p class=\"mb-0\" style=\"font-size: .85rem\"><strong title=\"Estado del Proceso\"><i class=\"fas fa-spinner\"><\/i><\/strong> Proceso adjudicado y celebrado<\/p><p class=\"mb-0\" style=\"font-size: .85rem\"><strong title=\"Fecha de Publicaci\u00f3n\"><i class=\"fas fa-calendar-alt\"><\/i><\/strong> Publicado el lunes, 25 de noviembre de 2024<\/p><\/div><div class=\"col-auto mt-md-0 mt-2\"><a class=\"btn btn-primary btn-lg px-lg-4 d-none d-md-block\" href=\"https:\/\/comunidad.comprasdominicana.gob.do\/\/Public\/Tendering\/OpportunityDetail\/Index?noticeUID=DO1.NTC.1477853\" target=\"_blank\" title=\"Detalles\"><i class=\"fas fa-link\"><\/i> DETALLES<\/a><a class=\"btn btn-primary btn-lg px-lg-4 d-block d-md-none\" href=\"https:\/\/comunidad.comprasdominicana.gob.do\/\/Public\/Tendering\/OpportunityDetail\/Index?noticeUID=DO1.NTC.1477853\" target=\"_blank\" title=\"Detalles\"><i class=\"fas fa-2x fa-link\"><\/i><\/a><\/div><\/div><\/div><div class=\"jumbotron archivos\"><div class=\"row align-items-center\"><div class=\"col\"><h6><a class=\"text-dark\" href=\"https:\/\/comunidad.comprasdominicana.gob.do\/\/Public\/Tendering\/OpportunityDetail\/Index?noticeUID=DO1.NTC.1472649\" title=\"Ver\" target=\"_blank\">APORDOM-CCC-CP-2024-0009<\/a><\/h6><p class=\"mb-0 bold\">Adquisici\u00f3n de Combustible a Granel y Tickets de Combustible para APORDOM<\/p><p class=\"mb-0\" style=\"font-size: .85rem\"><strong title=\"Estado del Proceso\"><i class=\"fas fa-spinner\"><\/i><\/strong> Proceso adjudicado y celebrado<\/p><p class=\"mb-0\" style=\"font-size: .85rem\"><strong title=\"Fecha de Publicaci\u00f3n\"><i class=\"fas fa-calendar-alt\"><\/i><\/strong> Publicado el mi\u00e9rcoles, 13 de noviembre de 2024<\/p><\/div><div class=\"col-auto mt-md-0 mt-2\"><a class=\"btn btn-primary btn-lg px-lg-4 d-none d-md-block\" href=\"https:\/\/comunidad.comprasdominicana.gob.do\/\/Public\/Tendering\/OpportunityDetail\/Index?noticeUID=DO1.NTC.1472649\" target=\"_blank\" title=\"Detalles\"><i class=\"fas fa-link\"><\/i> DETALLES<\/a><a class=\"btn btn-primary btn-lg px-lg-4 d-block d-md-none\" href=\"https:\/\/comunidad.comprasdominicana.gob.do\/\/Public\/Tendering\/OpportunityDetail\/Index?noticeUID=DO1.NTC.1472649\" target=\"_blank\" title=\"Detalles\"><i class=\"fas fa-2x fa-link\"><\/i><\/a><\/div><\/div><\/div><\/div><\/div><\/div>\n        <div class=\"card\">\n            <div class=\"card-header parents\" id=\"heading_comparaci-n-de-precios-69eeee772d89c-2024-69eeee772d89c-septiembre-69eeee772d89c\">\n                <p class=\"title text-blue mb-0\">\n                    <a class=\"btn-block hover text-left collapsed\" data-toggle=\"collapse\" data-target=\"#collap_comparaci-n-de-precios-69eeee772d89c-2024-69eeee772d89c-septiembre-69eeee772d89c\" aria-expanded=\"false\" aria-controls=\"collap_comparaci-n-de-precios-69eeee772d89c-2024-69eeee772d89c-septiembre-69eeee772d89c\">Septiembre<\/a>\n                <\/p>\n            <\/div>\n            <div id=\"collap_comparaci-n-de-precios-69eeee772d89c-2024-69eeee772d89c-septiembre-69eeee772d89c\" class=\"collapse\" aria-labelledby=\"heading_comparaci-n-de-precios-69eeee772d89c-2024-69eeee772d89c-septiembre-69eeee772d89c\" data-parent=\"#collap_comparaci-n-de-precios-69eeee772d89c-2024-69eeee772d89c\">\n                <div class=\"card-body\"><div class=\"jumbotron archivos\"><div class=\"row align-items-center\"><div class=\"col\"><h6><a class=\"text-dark\" href=\"https:\/\/comunidad.comprasdominicana.gob.do\/\/Public\/Tendering\/OpportunityDetail\/Index?noticeUID=DO1.NTC.1452614\" title=\"Ver\" target=\"_blank\">APORDOM-CCC-CP-2024-0004<\/a><\/h6><p class=\"mb-0 bold\">Adquisici\u00f3n de Materiales e Insumos de Pintura para Sede Principal y diferentes Puertos de esta APORDOM.<\/p><p class=\"mb-0\" style=\"font-size: .85rem\"><strong title=\"Estado del Proceso\"><i class=\"fas fa-spinner\"><\/i><\/strong> Cancelado<\/p><p class=\"mb-0\" style=\"font-size: .85rem\"><strong title=\"Fecha de Publicaci\u00f3n\"><i class=\"fas fa-calendar-alt\"><\/i><\/strong> Publicado el jueves, 26 de septiembre de 2024<\/p><\/div><div class=\"col-auto mt-md-0 mt-2\"><a class=\"btn btn-primary btn-lg px-lg-4 d-none d-md-block\" href=\"https:\/\/comunidad.comprasdominicana.gob.do\/\/Public\/Tendering\/OpportunityDetail\/Index?noticeUID=DO1.NTC.1452614\" target=\"_blank\" title=\"Detalles\"><i class=\"fas fa-link\"><\/i> DETALLES<\/a><a class=\"btn btn-primary btn-lg px-lg-4 d-block d-md-none\" href=\"https:\/\/comunidad.comprasdominicana.gob.do\/\/Public\/Tendering\/OpportunityDetail\/Index?noticeUID=DO1.NTC.1452614\" target=\"_blank\" title=\"Detalles\"><i class=\"fas fa-2x fa-link\"><\/i><\/a><\/div><\/div><\/div><div class=\"jumbotron archivos\"><div class=\"row align-items-center\"><div class=\"col\"><h6><a class=\"text-dark\" href=\"https:\/\/comunidad.comprasdominicana.gob.do\/\/Public\/Tendering\/OpportunityDetail\/Index?noticeUID=DO1.NTC.1449016\" title=\"Ver\" target=\"_blank\">APORDOM-CCC-CP-2024-0008<\/a><\/h6><p class=\"mb-0 bold\">Remozamiento de Muelle Palenque y Muelle Boca de Yuma, por da\u00f1os causados por  el Hurac\u00e1n Beryl.\n<\/p><p class=\"mb-0\" style=\"font-size: .85rem\"><strong title=\"Estado del Proceso\"><i class=\"fas fa-spinner\"><\/i><\/strong> Cancelado<\/p><p class=\"mb-0\" style=\"font-size: .85rem\"><strong title=\"Fecha de Publicaci\u00f3n\"><i class=\"fas fa-calendar-alt\"><\/i><\/strong> Publicado el mi\u00e9rcoles, 18 de septiembre de 2024<\/p><\/div><div class=\"col-auto mt-md-0 mt-2\"><a class=\"btn btn-primary btn-lg px-lg-4 d-none d-md-block\" href=\"https:\/\/comunidad.comprasdominicana.gob.do\/\/Public\/Tendering\/OpportunityDetail\/Index?noticeUID=DO1.NTC.1449016\" target=\"_blank\" title=\"Detalles\"><i class=\"fas fa-link\"><\/i> DETALLES<\/a><a class=\"btn btn-primary btn-lg px-lg-4 d-block d-md-none\" href=\"https:\/\/comunidad.comprasdominicana.gob.do\/\/Public\/Tendering\/OpportunityDetail\/Index?noticeUID=DO1.NTC.1449016\" target=\"_blank\" title=\"Detalles\"><i class=\"fas fa-2x fa-link\"><\/i><\/a><\/div><\/div><\/div><\/div><\/div><\/div>\n        <div class=\"card\">\n            <div class=\"card-header parents\" id=\"heading_comparaci-n-de-precios-69eeee772d89c-2024-69eeee772d89c-agosto-69eeee772d89c\">\n                <p class=\"title text-blue mb-0\">\n                    <a class=\"btn-block hover text-left collapsed\" data-toggle=\"collapse\" data-target=\"#collap_comparaci-n-de-precios-69eeee772d89c-2024-69eeee772d89c-agosto-69eeee772d89c\" aria-expanded=\"false\" aria-controls=\"collap_comparaci-n-de-precios-69eeee772d89c-2024-69eeee772d89c-agosto-69eeee772d89c\">Agosto<\/a>\n                <\/p>\n            <\/div>\n            <div id=\"collap_comparaci-n-de-precios-69eeee772d89c-2024-69eeee772d89c-agosto-69eeee772d89c\" class=\"collapse\" aria-labelledby=\"heading_comparaci-n-de-precios-69eeee772d89c-2024-69eeee772d89c-agosto-69eeee772d89c\" data-parent=\"#collap_comparaci-n-de-precios-69eeee772d89c-2024-69eeee772d89c\">\n                <div class=\"card-body\"><div class=\"jumbotron archivos\"><div class=\"row align-items-center\"><div class=\"col\"><h6><a class=\"text-dark\" href=\"https:\/\/comunidad.comprasdominicana.gob.do\/\/Public\/Tendering\/OpportunityDetail\/Index?noticeUID=DO1.NTC.1435946\" title=\"Ver\" target=\"_blank\">APORDOM-CCC-CP-2024-0006<\/a><\/h6><p class=\"mb-0 bold\">Adquisici\u00f3n de Materiales Tecnol\u00f3gicos para uso de APORDOM<\/p><p class=\"mb-0\" style=\"font-size: .85rem\"><strong title=\"Estado del Proceso\"><i class=\"fas fa-spinner\"><\/i><\/strong> Proceso adjudicado y celebrado<\/p><p class=\"mb-0\" style=\"font-size: .85rem\"><strong title=\"Fecha de Publicaci\u00f3n\"><i class=\"fas fa-calendar-alt\"><\/i><\/strong> Publicado el martes, 20 de agosto de 2024<\/p><\/div><div class=\"col-auto mt-md-0 mt-2\"><a class=\"btn btn-primary btn-lg px-lg-4 d-none d-md-block\" href=\"https:\/\/comunidad.comprasdominicana.gob.do\/\/Public\/Tendering\/OpportunityDetail\/Index?noticeUID=DO1.NTC.1435946\" target=\"_blank\" title=\"Detalles\"><i class=\"fas fa-link\"><\/i> DETALLES<\/a><a class=\"btn btn-primary btn-lg px-lg-4 d-block d-md-none\" href=\"https:\/\/comunidad.comprasdominicana.gob.do\/\/Public\/Tendering\/OpportunityDetail\/Index?noticeUID=DO1.NTC.1435946\" target=\"_blank\" title=\"Detalles\"><i class=\"fas fa-2x fa-link\"><\/i><\/a><\/div><\/div><\/div><div class=\"jumbotron archivos\"><div class=\"row align-items-center\"><div class=\"col\"><h6><a class=\"text-dark\" href=\"https:\/\/comunidad.comprasdominicana.gob.do\/\/Public\/Tendering\/OpportunityDetail\/Index?noticeUID=DO1.NTC.1434041\" title=\"Ver\" target=\"_blank\">APORDOM-CCC-CP-2024-0001<\/a><\/h6><p class=\"mb-0 bold\">Adquisici\u00f3n e Instalaci\u00f3n de Aires Acondicionados para Climatizaci\u00f3n de diferentes \u00e1reas de esta APORDOM.<\/p><p class=\"mb-0\" style=\"font-size: .85rem\"><strong title=\"Estado del Proceso\"><i class=\"fas fa-spinner\"><\/i><\/strong> Proceso adjudicado y celebrado<\/p><p class=\"mb-0\" style=\"font-size: .85rem\"><strong title=\"Fecha de Publicaci\u00f3n\"><i class=\"fas fa-calendar-alt\"><\/i><\/strong> Publicado el martes, 13 de agosto de 2024<\/p><\/div><div class=\"col-auto mt-md-0 mt-2\"><a class=\"btn btn-primary btn-lg px-lg-4 d-none d-md-block\" href=\"https:\/\/comunidad.comprasdominicana.gob.do\/\/Public\/Tendering\/OpportunityDetail\/Index?noticeUID=DO1.NTC.1434041\" target=\"_blank\" title=\"Detalles\"><i class=\"fas fa-link\"><\/i> DETALLES<\/a><a class=\"btn btn-primary btn-lg px-lg-4 d-block d-md-none\" href=\"https:\/\/comunidad.comprasdominicana.gob.do\/\/Public\/Tendering\/OpportunityDetail\/Index?noticeUID=DO1.NTC.1434041\" target=\"_blank\" title=\"Detalles\"><i class=\"fas fa-2x fa-link\"><\/i><\/a><\/div><\/div><\/div><div class=\"jumbotron archivos\"><div class=\"row align-items-center\"><div class=\"col\"><h6><a class=\"text-dark\" href=\"https:\/\/comunidad.comprasdominicana.gob.do\/\/Public\/Tendering\/OpportunityDetail\/Index?noticeUID=DO1.NTC.1429851\" title=\"Ver\" target=\"_blank\">APORDOM-CCC-CP-2024-0007<\/a><\/h6><p class=\"mb-0 bold\">Contrataci\u00f3n de Empresa para Alquiler de Contenedores de Oficina para el Puerto de Barahona.<\/p><p class=\"mb-0\" style=\"font-size: .85rem\"><strong title=\"Estado del Proceso\"><i class=\"fas fa-spinner\"><\/i><\/strong> Proceso desierto<\/p><p class=\"mb-0\" style=\"font-size: .85rem\"><strong title=\"Fecha de Publicaci\u00f3n\"><i class=\"fas fa-calendar-alt\"><\/i><\/strong> Publicado el jueves, 1 de agosto de 2024<\/p><\/div><div class=\"col-auto mt-md-0 mt-2\"><a class=\"btn btn-primary btn-lg px-lg-4 d-none d-md-block\" href=\"https:\/\/comunidad.comprasdominicana.gob.do\/\/Public\/Tendering\/OpportunityDetail\/Index?noticeUID=DO1.NTC.1429851\" target=\"_blank\" title=\"Detalles\"><i class=\"fas fa-link\"><\/i> DETALLES<\/a><a class=\"btn btn-primary btn-lg px-lg-4 d-block d-md-none\" href=\"https:\/\/comunidad.comprasdominicana.gob.do\/\/Public\/Tendering\/OpportunityDetail\/Index?noticeUID=DO1.NTC.1429851\" target=\"_blank\" title=\"Detalles\"><i class=\"fas fa-2x fa-link\"><\/i><\/a><\/div><\/div><\/div><\/div><\/div><\/div>\n        <div class=\"card\">\n            <div class=\"card-header parents\" id=\"heading_comparaci-n-de-precios-69eeee772d89c-2024-69eeee772d89c-junio-69eeee772d89c\">\n                <p class=\"title text-blue mb-0\">\n                    <a class=\"btn-block hover text-left collapsed\" data-toggle=\"collapse\" data-target=\"#collap_comparaci-n-de-precios-69eeee772d89c-2024-69eeee772d89c-junio-69eeee772d89c\" aria-expanded=\"false\" aria-controls=\"collap_comparaci-n-de-precios-69eeee772d89c-2024-69eeee772d89c-junio-69eeee772d89c\">Junio<\/a>\n                <\/p>\n            <\/div>\n            <div id=\"collap_comparaci-n-de-precios-69eeee772d89c-2024-69eeee772d89c-junio-69eeee772d89c\" class=\"collapse\" aria-labelledby=\"heading_comparaci-n-de-precios-69eeee772d89c-2024-69eeee772d89c-junio-69eeee772d89c\" data-parent=\"#collap_comparaci-n-de-precios-69eeee772d89c-2024-69eeee772d89c\">\n                <div class=\"card-body\"><div class=\"jumbotron archivos\"><div class=\"row align-items-center\"><div class=\"col\"><h6><a class=\"text-dark\" href=\"https:\/\/comunidad.comprasdominicana.gob.do\/\/Public\/Tendering\/OpportunityDetail\/Index?noticeUID=DO1.NTC.1418057\" title=\"Ver\" target=\"_blank\">APORDOM-CCC-CP-2024-0005<\/a><\/h6><p class=\"mb-0 bold\">Adquisici\u00f3n de Combustible a Granel y Tickets de Combustible para APORDOM.<\/p><p class=\"mb-0\" style=\"font-size: .85rem\"><strong title=\"Estado del Proceso\"><i class=\"fas fa-spinner\"><\/i><\/strong> Proceso adjudicado y celebrado<\/p><p class=\"mb-0\" style=\"font-size: .85rem\"><strong title=\"Fecha de Publicaci\u00f3n\"><i class=\"fas fa-calendar-alt\"><\/i><\/strong> Publicado el viernes, 28 de junio de 2024<\/p><\/div><div class=\"col-auto mt-md-0 mt-2\"><a class=\"btn btn-primary btn-lg px-lg-4 d-none d-md-block\" href=\"https:\/\/comunidad.comprasdominicana.gob.do\/\/Public\/Tendering\/OpportunityDetail\/Index?noticeUID=DO1.NTC.1418057\" target=\"_blank\" title=\"Detalles\"><i class=\"fas fa-link\"><\/i> DETALLES<\/a><a class=\"btn btn-primary btn-lg px-lg-4 d-block d-md-none\" href=\"https:\/\/comunidad.comprasdominicana.gob.do\/\/Public\/Tendering\/OpportunityDetail\/Index?noticeUID=DO1.NTC.1418057\" target=\"_blank\" title=\"Detalles\"><i class=\"fas fa-2x fa-link\"><\/i><\/a><\/div><\/div><\/div><div class=\"jumbotron archivos\"><div class=\"row align-items-center\"><div class=\"col\"><h6><a class=\"text-dark\" href=\"https:\/\/comunidad.comprasdominicana.gob.do\/\/Public\/Tendering\/OpportunityDetail\/Index?noticeUID=DO1.NTC.1417640\" title=\"Ver\" target=\"_blank\">APORDOM-CCC-CP-2024-0003<\/a><\/h6><p class=\"mb-0 bold\">Servicio de Desmonte y Reemplazo de Ventanales de la sede principal de esta APORDOM, declarado desierto del proceso para la Adecuaciones en diferentes \u00e1reas de la Sede Principal y Puertos de esta APORDOM.<\/p><p class=\"mb-0\" style=\"font-size: .85rem\"><strong title=\"Estado del Proceso\"><i class=\"fas fa-spinner\"><\/i><\/strong> Proceso adjudicado y celebrado<\/p><p class=\"mb-0\" style=\"font-size: .85rem\"><strong title=\"Fecha de Publicaci\u00f3n\"><i class=\"fas fa-calendar-alt\"><\/i><\/strong> Publicado el viernes, 28 de junio de 2024<\/p><\/div><div class=\"col-auto mt-md-0 mt-2\"><a class=\"btn btn-primary btn-lg px-lg-4 d-none d-md-block\" href=\"https:\/\/comunidad.comprasdominicana.gob.do\/\/Public\/Tendering\/OpportunityDetail\/Index?noticeUID=DO1.NTC.1417640\" target=\"_blank\" title=\"Detalles\"><i class=\"fas fa-link\"><\/i> DETALLES<\/a><a class=\"btn btn-primary btn-lg px-lg-4 d-block d-md-none\" href=\"https:\/\/comunidad.comprasdominicana.gob.do\/\/Public\/Tendering\/OpportunityDetail\/Index?noticeUID=DO1.NTC.1417640\" target=\"_blank\" title=\"Detalles\"><i class=\"fas fa-2x fa-link\"><\/i><\/a><\/div><\/div><\/div><\/div><\/div><\/div><\/div><\/div><\/div>\n        <div class=\"card\">\n            <div class=\"card-header parents\" id=\"heading_comparaci-n-de-precios-69eeee772d89c-2023-69eeee772d89c\">\n                <p class=\"title text-blue mb-0\">\n                    <a class=\"btn-block hover text-left collapsed\" data-toggle=\"collapse\" data-target=\"#collap_comparaci-n-de-precios-69eeee772d89c-2023-69eeee772d89c\" aria-expanded=\"false\" aria-controls=\"collap_comparaci-n-de-precios-69eeee772d89c-2023-69eeee772d89c\">2023<\/a>\n                <\/p>\n            <\/div>\n            <div id=\"collap_comparaci-n-de-precios-69eeee772d89c-2023-69eeee772d89c\" class=\"collapse\" aria-labelledby=\"heading_comparaci-n-de-precios-69eeee772d89c-2023-69eeee772d89c\" data-parent=\"#collap_comparaci-n-de-precios-69eeee772d89c\">\n                <div class=\"card-body\">\n        <div class=\"card\">\n            <div class=\"card-header parents\" id=\"heading_comparaci-n-de-precios-69eeee772d89c-2023-69eeee772d89c-diciembre-69eeee772d89c\">\n                <p class=\"title text-blue mb-0\">\n                    <a class=\"btn-block hover text-left collapsed\" data-toggle=\"collapse\" data-target=\"#collap_comparaci-n-de-precios-69eeee772d89c-2023-69eeee772d89c-diciembre-69eeee772d89c\" aria-expanded=\"false\" aria-controls=\"collap_comparaci-n-de-precios-69eeee772d89c-2023-69eeee772d89c-diciembre-69eeee772d89c\">Diciembre<\/a>\n                <\/p>\n            <\/div>\n            <div id=\"collap_comparaci-n-de-precios-69eeee772d89c-2023-69eeee772d89c-diciembre-69eeee772d89c\" class=\"collapse\" aria-labelledby=\"heading_comparaci-n-de-precios-69eeee772d89c-2023-69eeee772d89c-diciembre-69eeee772d89c\" data-parent=\"#collap_comparaci-n-de-precios-69eeee772d89c-2023-69eeee772d89c\">\n                <div class=\"card-body\"><div class=\"jumbotron archivos\"><div class=\"row align-items-center\"><div class=\"col\"><h6><a class=\"text-dark\" href=\"https:\/\/comunidad.comprasdominicana.gob.do\/\/Public\/Tendering\/OpportunityDetail\/Index?noticeUID=DO1.NTC.1341813\" title=\"Ver\" target=\"_blank\">APORDOM-CCC-CP-2023-0010<\/a><\/h6><p class=\"mb-0 bold\">Adecuaciones en diferentes \u00e1reas de la Sede Principal y Puertos de esta APORDOM.<\/p><p class=\"mb-0\" style=\"font-size: .85rem\"><strong title=\"Estado del Proceso\"><i class=\"fas fa-spinner\"><\/i><\/strong> Proceso adjudicado y celebrado<\/p><p class=\"mb-0\" style=\"font-size: .85rem\"><strong title=\"Fecha de Publicaci\u00f3n\"><i class=\"fas fa-calendar-alt\"><\/i><\/strong> Publicado el viernes, 29 de diciembre de 2023<\/p><\/div><div class=\"col-auto mt-md-0 mt-2\"><a class=\"btn btn-primary btn-lg px-lg-4 d-none d-md-block\" href=\"https:\/\/comunidad.comprasdominicana.gob.do\/\/Public\/Tendering\/OpportunityDetail\/Index?noticeUID=DO1.NTC.1341813\" target=\"_blank\" title=\"Detalles\"><i class=\"fas fa-link\"><\/i> DETALLES<\/a><a class=\"btn btn-primary btn-lg px-lg-4 d-block d-md-none\" href=\"https:\/\/comunidad.comprasdominicana.gob.do\/\/Public\/Tendering\/OpportunityDetail\/Index?noticeUID=DO1.NTC.1341813\" target=\"_blank\" title=\"Detalles\"><i class=\"fas fa-2x fa-link\"><\/i><\/a><\/div><\/div><\/div><\/div><\/div><\/div>\n        <div class=\"card\">\n            <div class=\"card-header parents\" id=\"heading_comparaci-n-de-precios-69eeee772d89c-2023-69eeee772d89c-noviembre-69eeee772d89c\">\n                <p class=\"title text-blue mb-0\">\n                    <a class=\"btn-block hover text-left collapsed\" data-toggle=\"collapse\" data-target=\"#collap_comparaci-n-de-precios-69eeee772d89c-2023-69eeee772d89c-noviembre-69eeee772d89c\" aria-expanded=\"false\" aria-controls=\"collap_comparaci-n-de-precios-69eeee772d89c-2023-69eeee772d89c-noviembre-69eeee772d89c\">Noviembre<\/a>\n                <\/p>\n            <\/div>\n            <div id=\"collap_comparaci-n-de-precios-69eeee772d89c-2023-69eeee772d89c-noviembre-69eeee772d89c\" class=\"collapse\" aria-labelledby=\"heading_comparaci-n-de-precios-69eeee772d89c-2023-69eeee772d89c-noviembre-69eeee772d89c\" data-parent=\"#collap_comparaci-n-de-precios-69eeee772d89c-2023-69eeee772d89c\">\n                <div class=\"card-body\"><div class=\"jumbotron archivos\"><div class=\"row align-items-center\"><div class=\"col\"><h6><a class=\"text-dark\" href=\"https:\/\/comunidad.comprasdominicana.gob.do\/\/Public\/Tendering\/OpportunityDetail\/Index?noticeUID=DO1.NTC.1326229\" title=\"Ver\" target=\"_blank\">APORDOM-CCC-CP-2023-0008<\/a><\/h6><p class=\"mb-0 bold\">Adquisici\u00f3n De Licencias Inform\u00e1ticas Para Uso De APORDOM<\/p><p class=\"mb-0\" style=\"font-size: .85rem\"><strong title=\"Estado del Proceso\"><i class=\"fas fa-spinner\"><\/i><\/strong> Proceso adjudicado y celebrado<\/p><p class=\"mb-0\" style=\"font-size: .85rem\"><strong title=\"Fecha de Publicaci\u00f3n\"><i class=\"fas fa-calendar-alt\"><\/i><\/strong> Publicado el jueves, 23 de noviembre de 2023<\/p><\/div><div class=\"col-auto mt-md-0 mt-2\"><a class=\"btn btn-primary btn-lg px-lg-4 d-none d-md-block\" href=\"https:\/\/comunidad.comprasdominicana.gob.do\/\/Public\/Tendering\/OpportunityDetail\/Index?noticeUID=DO1.NTC.1326229\" target=\"_blank\" title=\"Detalles\"><i class=\"fas fa-link\"><\/i> DETALLES<\/a><a class=\"btn btn-primary btn-lg px-lg-4 d-block d-md-none\" href=\"https:\/\/comunidad.comprasdominicana.gob.do\/\/Public\/Tendering\/OpportunityDetail\/Index?noticeUID=DO1.NTC.1326229\" target=\"_blank\" title=\"Detalles\"><i class=\"fas fa-2x fa-link\"><\/i><\/a><\/div><\/div><\/div><\/div><\/div><\/div>\n        <div class=\"card\">\n            <div class=\"card-header parents\" id=\"heading_comparaci-n-de-precios-69eeee772d89c-2023-69eeee772d89c-septiembre-69eeee772d89c\">\n                <p class=\"title text-blue mb-0\">\n                    <a class=\"btn-block hover text-left collapsed\" data-toggle=\"collapse\" data-target=\"#collap_comparaci-n-de-precios-69eeee772d89c-2023-69eeee772d89c-septiembre-69eeee772d89c\" aria-expanded=\"false\" aria-controls=\"collap_comparaci-n-de-precios-69eeee772d89c-2023-69eeee772d89c-septiembre-69eeee772d89c\">Septiembre<\/a>\n                <\/p>\n            <\/div>\n            <div id=\"collap_comparaci-n-de-precios-69eeee772d89c-2023-69eeee772d89c-septiembre-69eeee772d89c\" class=\"collapse\" aria-labelledby=\"heading_comparaci-n-de-precios-69eeee772d89c-2023-69eeee772d89c-septiembre-69eeee772d89c\" data-parent=\"#collap_comparaci-n-de-precios-69eeee772d89c-2023-69eeee772d89c\">\n                <div class=\"card-body\"><div class=\"jumbotron archivos\"><div class=\"row align-items-center\"><div class=\"col\"><h6><a class=\"text-dark\" href=\"https:\/\/comunidad.comprasdominicana.gob.do\/\/Public\/Tendering\/OpportunityDetail\/Index?noticeUID=DO1.NTC.1301538\" title=\"Ver\" target=\"_blank\">APORDOM-CCC-CP-2023-0009<\/a><\/h6><p class=\"mb-0 bold\">Servicio de Contrataci\u00f3n de Montaje de Eventos, dirigido a Mipymes.<\/p><p class=\"mb-0\" style=\"font-size: .85rem\"><strong title=\"Estado del Proceso\"><i class=\"fas fa-spinner\"><\/i><\/strong> Proceso adjudicado y celebrado<\/p><p class=\"mb-0\" style=\"font-size: .85rem\"><strong title=\"Fecha de Publicaci\u00f3n\"><i class=\"fas fa-calendar-alt\"><\/i><\/strong> Publicado el viernes, 29 de septiembre de 2023<\/p><\/div><div class=\"col-auto mt-md-0 mt-2\"><a class=\"btn btn-primary btn-lg px-lg-4 d-none d-md-block\" href=\"https:\/\/comunidad.comprasdominicana.gob.do\/\/Public\/Tendering\/OpportunityDetail\/Index?noticeUID=DO1.NTC.1301538\" target=\"_blank\" title=\"Detalles\"><i class=\"fas fa-link\"><\/i> DETALLES<\/a><a class=\"btn btn-primary btn-lg px-lg-4 d-block d-md-none\" href=\"https:\/\/comunidad.comprasdominicana.gob.do\/\/Public\/Tendering\/OpportunityDetail\/Index?noticeUID=DO1.NTC.1301538\" target=\"_blank\" title=\"Detalles\"><i class=\"fas fa-2x fa-link\"><\/i><\/a><\/div><\/div><\/div><div class=\"jumbotron archivos\"><div class=\"row align-items-center\"><div class=\"col\"><h6><a class=\"text-dark\" href=\"https:\/\/comunidad.comprasdominicana.gob.do\/\/Public\/Tendering\/OpportunityDetail\/Index?noticeUID=DO1.NTC.1293944\" title=\"Ver\" target=\"_blank\">APORDOM-CCC-CP-2023-0007<\/a><\/h6><p class=\"mb-0 bold\">Adquisici\u00f3n  de Aplicaci\u00f3n WEB y M\u00f3vil para Servicios  de  APORDOM<\/p><p class=\"mb-0\" style=\"font-size: .85rem\"><strong title=\"Estado del Proceso\"><i class=\"fas fa-spinner\"><\/i><\/strong> Proceso adjudicado y celebrado<\/p><p class=\"mb-0\" style=\"font-size: .85rem\"><strong title=\"Fecha de Publicaci\u00f3n\"><i class=\"fas fa-calendar-alt\"><\/i><\/strong> Publicado el mi\u00e9rcoles, 13 de septiembre de 2023<\/p><\/div><div class=\"col-auto mt-md-0 mt-2\"><a class=\"btn btn-primary btn-lg px-lg-4 d-none d-md-block\" href=\"https:\/\/comunidad.comprasdominicana.gob.do\/\/Public\/Tendering\/OpportunityDetail\/Index?noticeUID=DO1.NTC.1293944\" target=\"_blank\" title=\"Detalles\"><i class=\"fas fa-link\"><\/i> DETALLES<\/a><a class=\"btn btn-primary btn-lg px-lg-4 d-block d-md-none\" href=\"https:\/\/comunidad.comprasdominicana.gob.do\/\/Public\/Tendering\/OpportunityDetail\/Index?noticeUID=DO1.NTC.1293944\" target=\"_blank\" title=\"Detalles\"><i class=\"fas fa-2x fa-link\"><\/i><\/a><\/div><\/div><\/div><\/div><\/div><\/div>\n        <div class=\"card\">\n            <div class=\"card-header parents\" id=\"heading_comparaci-n-de-precios-69eeee772d89c-2023-69eeee772d89c-junio-69eeee772d89c\">\n                <p class=\"title text-blue mb-0\">\n                    <a class=\"btn-block hover text-left collapsed\" data-toggle=\"collapse\" data-target=\"#collap_comparaci-n-de-precios-69eeee772d89c-2023-69eeee772d89c-junio-69eeee772d89c\" aria-expanded=\"false\" aria-controls=\"collap_comparaci-n-de-precios-69eeee772d89c-2023-69eeee772d89c-junio-69eeee772d89c\">Junio<\/a>\n                <\/p>\n            <\/div>\n            <div id=\"collap_comparaci-n-de-precios-69eeee772d89c-2023-69eeee772d89c-junio-69eeee772d89c\" class=\"collapse\" aria-labelledby=\"heading_comparaci-n-de-precios-69eeee772d89c-2023-69eeee772d89c-junio-69eeee772d89c\" data-parent=\"#collap_comparaci-n-de-precios-69eeee772d89c-2023-69eeee772d89c\">\n                <div class=\"card-body\"><div class=\"jumbotron archivos\"><div class=\"row align-items-center\"><div class=\"col\"><h6><a class=\"text-dark\" href=\"https:\/\/comunidad.comprasdominicana.gob.do\/\/Public\/Tendering\/OpportunityDetail\/Index?noticeUID=DO1.NTC.1256135\" title=\"Ver\" target=\"_blank\">APORDOM-CCC-CP-2023-0005<\/a><\/h6><p class=\"mb-0 bold\">ADQUISICION DE MOBILIARIO PARA OFICINAS DE APORDOM.<\/p><p class=\"mb-0\" style=\"font-size: .85rem\"><strong title=\"Estado del Proceso\"><i class=\"fas fa-spinner\"><\/i><\/strong> Proceso adjudicado y celebrado<\/p><p class=\"mb-0\" style=\"font-size: .85rem\"><strong title=\"Fecha de Publicaci\u00f3n\"><i class=\"fas fa-calendar-alt\"><\/i><\/strong> Publicado el lunes, 19 de junio de 2023<\/p><\/div><div class=\"col-auto mt-md-0 mt-2\"><a class=\"btn btn-primary btn-lg px-lg-4 d-none d-md-block\" href=\"https:\/\/comunidad.comprasdominicana.gob.do\/\/Public\/Tendering\/OpportunityDetail\/Index?noticeUID=DO1.NTC.1256135\" target=\"_blank\" title=\"Detalles\"><i class=\"fas fa-link\"><\/i> DETALLES<\/a><a class=\"btn btn-primary btn-lg px-lg-4 d-block d-md-none\" href=\"https:\/\/comunidad.comprasdominicana.gob.do\/\/Public\/Tendering\/OpportunityDetail\/Index?noticeUID=DO1.NTC.1256135\" target=\"_blank\" title=\"Detalles\"><i class=\"fas fa-2x fa-link\"><\/i><\/a><\/div><\/div><\/div><\/div><\/div><\/div>\n        <div class=\"card\">\n            <div class=\"card-header parents\" id=\"heading_comparaci-n-de-precios-69eeee772d89c-2023-69eeee772d89c-mayo-69eeee772d89c\">\n                <p class=\"title text-blue mb-0\">\n                    <a class=\"btn-block hover text-left collapsed\" data-toggle=\"collapse\" data-target=\"#collap_comparaci-n-de-precios-69eeee772d89c-2023-69eeee772d89c-mayo-69eeee772d89c\" aria-expanded=\"false\" aria-controls=\"collap_comparaci-n-de-precios-69eeee772d89c-2023-69eeee772d89c-mayo-69eeee772d89c\">Mayo<\/a>\n                <\/p>\n            <\/div>\n            <div id=\"collap_comparaci-n-de-precios-69eeee772d89c-2023-69eeee772d89c-mayo-69eeee772d89c\" class=\"collapse\" aria-labelledby=\"heading_comparaci-n-de-precios-69eeee772d89c-2023-69eeee772d89c-mayo-69eeee772d89c\" data-parent=\"#collap_comparaci-n-de-precios-69eeee772d89c-2023-69eeee772d89c\">\n                <div class=\"card-body\"><div class=\"jumbotron archivos\"><div class=\"row align-items-center\"><div class=\"col\"><h6><a class=\"text-dark\" href=\"https:\/\/comunidad.comprasdominicana.gob.do\/\/Public\/Tendering\/OpportunityDetail\/Index?noticeUID=DO1.NTC.1244907\" title=\"Ver\" target=\"_blank\">APORDOM-CCC-CP-2023-0001<\/a><\/h6><p class=\"mb-0 bold\">ADQUISICI\u00d3N DE EQUIPOS DE VIDEO VIGILANCIA PARA USO DE APORDOM<\/p><p class=\"mb-0\" style=\"font-size: .85rem\"><strong title=\"Estado del Proceso\"><i class=\"fas fa-spinner\"><\/i><\/strong> Proceso adjudicado y celebrado<\/p><p class=\"mb-0\" style=\"font-size: .85rem\"><strong title=\"Fecha de Publicaci\u00f3n\"><i class=\"fas fa-calendar-alt\"><\/i><\/strong> Publicado el viernes, 26 de mayo de 2023<\/p><\/div><div class=\"col-auto mt-md-0 mt-2\"><a class=\"btn btn-primary btn-lg px-lg-4 d-none d-md-block\" href=\"https:\/\/comunidad.comprasdominicana.gob.do\/\/Public\/Tendering\/OpportunityDetail\/Index?noticeUID=DO1.NTC.1244907\" target=\"_blank\" title=\"Detalles\"><i class=\"fas fa-link\"><\/i> DETALLES<\/a><a class=\"btn btn-primary btn-lg px-lg-4 d-block d-md-none\" href=\"https:\/\/comunidad.comprasdominicana.gob.do\/\/Public\/Tendering\/OpportunityDetail\/Index?noticeUID=DO1.NTC.1244907\" target=\"_blank\" title=\"Detalles\"><i class=\"fas fa-2x fa-link\"><\/i><\/a><\/div><\/div><\/div><div class=\"jumbotron archivos\"><div class=\"row align-items-center\"><div class=\"col\"><h6><a class=\"text-dark\" href=\"https:\/\/comunidad.comprasdominicana.gob.do\/\/Public\/Tendering\/OpportunityDetail\/Index?noticeUID=DO1.NTC.1242860\" title=\"Ver\" target=\"_blank\">APORDOM-CCC-CP-2023-0004<\/a><\/h6><p class=\"mb-0 bold\">Adquisici\u00f3n de cuatro (4) Guardabarros para ser Colocadas en el Muelle #5 del Puerto de Puerto Plata.<\/p><p class=\"mb-0\" style=\"font-size: .85rem\"><strong title=\"Estado del Proceso\"><i class=\"fas fa-spinner\"><\/i><\/strong> Proceso adjudicado y celebrado<\/p><p class=\"mb-0\" style=\"font-size: .85rem\"><strong title=\"Fecha de Publicaci\u00f3n\"><i class=\"fas fa-calendar-alt\"><\/i><\/strong> Publicado el lunes, 22 de mayo de 2023<\/p><\/div><div class=\"col-auto mt-md-0 mt-2\"><a class=\"btn btn-primary btn-lg px-lg-4 d-none d-md-block\" href=\"https:\/\/comunidad.comprasdominicana.gob.do\/\/Public\/Tendering\/OpportunityDetail\/Index?noticeUID=DO1.NTC.1242860\" target=\"_blank\" title=\"Detalles\"><i class=\"fas fa-link\"><\/i> DETALLES<\/a><a class=\"btn btn-primary btn-lg px-lg-4 d-block d-md-none\" href=\"https:\/\/comunidad.comprasdominicana.gob.do\/\/Public\/Tendering\/OpportunityDetail\/Index?noticeUID=DO1.NTC.1242860\" target=\"_blank\" title=\"Detalles\"><i class=\"fas fa-2x fa-link\"><\/i><\/a><\/div><\/div><\/div><\/div><\/div><\/div>\n        <div class=\"card\">\n            <div class=\"card-header parents\" id=\"heading_comparaci-n-de-precios-69eeee772d89c-2023-69eeee772d89c-marzo-69eeee772d89c\">\n                <p class=\"title text-blue mb-0\">\n                    <a class=\"btn-block hover text-left collapsed\" data-toggle=\"collapse\" data-target=\"#collap_comparaci-n-de-precios-69eeee772d89c-2023-69eeee772d89c-marzo-69eeee772d89c\" aria-expanded=\"false\" aria-controls=\"collap_comparaci-n-de-precios-69eeee772d89c-2023-69eeee772d89c-marzo-69eeee772d89c\">Marzo<\/a>\n                <\/p>\n            <\/div>\n            <div id=\"collap_comparaci-n-de-precios-69eeee772d89c-2023-69eeee772d89c-marzo-69eeee772d89c\" class=\"collapse\" aria-labelledby=\"heading_comparaci-n-de-precios-69eeee772d89c-2023-69eeee772d89c-marzo-69eeee772d89c\" data-parent=\"#collap_comparaci-n-de-precios-69eeee772d89c-2023-69eeee772d89c\">\n                <div class=\"card-body\"><div class=\"jumbotron archivos\"><div class=\"row align-items-center\"><div class=\"col\"><h6><a class=\"text-dark\" href=\"https:\/\/comunidad.comprasdominicana.gob.do\/\/Public\/Tendering\/OpportunityDetail\/Index?noticeUID=DO1.NTC.1207137\" title=\"Ver\" target=\"_blank\">APORDOM-CCC-CP-2023-0002<\/a><\/h6><p class=\"mb-0 bold\">ADQUISICI\u00d3N DE MATERIALES TECNOL\u00d3GICOS PARA USO DE APORDOM<\/p><p class=\"mb-0\" style=\"font-size: .85rem\"><strong title=\"Estado del Proceso\"><i class=\"fas fa-spinner\"><\/i><\/strong> Proceso adjudicado y celebrado<\/p><p class=\"mb-0\" style=\"font-size: .85rem\"><strong title=\"Fecha de Publicaci\u00f3n\"><i class=\"fas fa-calendar-alt\"><\/i><\/strong> Publicado el jueves, 2 de marzo de 2023<\/p><\/div><div class=\"col-auto mt-md-0 mt-2\"><a class=\"btn btn-primary btn-lg px-lg-4 d-none d-md-block\" href=\"https:\/\/comunidad.comprasdominicana.gob.do\/\/Public\/Tendering\/OpportunityDetail\/Index?noticeUID=DO1.NTC.1207137\" target=\"_blank\" title=\"Detalles\"><i class=\"fas fa-link\"><\/i> DETALLES<\/a><a class=\"btn btn-primary btn-lg px-lg-4 d-block d-md-none\" href=\"https:\/\/comunidad.comprasdominicana.gob.do\/\/Public\/Tendering\/OpportunityDetail\/Index?noticeUID=DO1.NTC.1207137\" target=\"_blank\" title=\"Detalles\"><i class=\"fas fa-2x fa-link\"><\/i><\/a><\/div><\/div><\/div><\/div><\/div><\/div>\n        <div class=\"card\">\n            <div class=\"card-header parents\" id=\"heading_comparaci-n-de-precios-69eeee772d89c-2023-69eeee772d89c-febrero-69eeee772d89c\">\n                <p class=\"title text-blue mb-0\">\n                    <a class=\"btn-block hover text-left collapsed\" data-toggle=\"collapse\" data-target=\"#collap_comparaci-n-de-precios-69eeee772d89c-2023-69eeee772d89c-febrero-69eeee772d89c\" aria-expanded=\"false\" aria-controls=\"collap_comparaci-n-de-precios-69eeee772d89c-2023-69eeee772d89c-febrero-69eeee772d89c\">Febrero<\/a>\n                <\/p>\n            <\/div>\n            <div id=\"collap_comparaci-n-de-precios-69eeee772d89c-2023-69eeee772d89c-febrero-69eeee772d89c\" class=\"collapse\" aria-labelledby=\"heading_comparaci-n-de-precios-69eeee772d89c-2023-69eeee772d89c-febrero-69eeee772d89c\" data-parent=\"#collap_comparaci-n-de-precios-69eeee772d89c-2023-69eeee772d89c\">\n                <div class=\"card-body\"><div class=\"jumbotron archivos\"><div class=\"row align-items-center\"><div class=\"col\"><h6><a class=\"text-dark\" href=\"https:\/\/comunidad.comprasdominicana.gob.do\/\/Public\/Tendering\/OpportunityDetail\/Index?noticeUID=DO1.NTC.1202938\" title=\"Ver\" target=\"_blank\">APORDOM-CCC-CP-2023-0003<\/a><\/h6><p class=\"mb-0 bold\">CONTRATACI\u00d3N DE MONTAJE PARA INAUGURACIONES MUELLES PESQUEROS DE SALINAS, SANCHEZ, PALENQUE, EL ASFALTO Y PRIMER PICAZO BARAHONA<\/p><p class=\"mb-0\" style=\"font-size: .85rem\"><strong title=\"Estado del Proceso\"><i class=\"fas fa-spinner\"><\/i><\/strong> Proceso adjudicado y celebrado<\/p><p class=\"mb-0\" style=\"font-size: .85rem\"><strong title=\"Fecha de Publicaci\u00f3n\"><i class=\"fas fa-calendar-alt\"><\/i><\/strong> Publicado el lunes, 20 de febrero de 2023<\/p><\/div><div class=\"col-auto mt-md-0 mt-2\"><a class=\"btn btn-primary btn-lg px-lg-4 d-none d-md-block\" href=\"https:\/\/comunidad.comprasdominicana.gob.do\/\/Public\/Tendering\/OpportunityDetail\/Index?noticeUID=DO1.NTC.1202938\" target=\"_blank\" title=\"Detalles\"><i class=\"fas fa-link\"><\/i> DETALLES<\/a><a class=\"btn btn-primary btn-lg px-lg-4 d-block d-md-none\" href=\"https:\/\/comunidad.comprasdominicana.gob.do\/\/Public\/Tendering\/OpportunityDetail\/Index?noticeUID=DO1.NTC.1202938\" target=\"_blank\" title=\"Detalles\"><i class=\"fas fa-2x fa-link\"><\/i><\/a><\/div><\/div><\/div><\/div><\/div><\/div><\/div><\/div><\/div>\n        <div class=\"card\">\n            <div class=\"card-header parents\" id=\"heading_comparaci-n-de-precios-69eeee772d89c-2022-69eeee772d89c\">\n                <p class=\"title text-blue mb-0\">\n                    <a class=\"btn-block hover text-left collapsed\" data-toggle=\"collapse\" data-target=\"#collap_comparaci-n-de-precios-69eeee772d89c-2022-69eeee772d89c\" aria-expanded=\"false\" aria-controls=\"collap_comparaci-n-de-precios-69eeee772d89c-2022-69eeee772d89c\">2022<\/a>\n                <\/p>\n            <\/div>\n            <div id=\"collap_comparaci-n-de-precios-69eeee772d89c-2022-69eeee772d89c\" class=\"collapse\" aria-labelledby=\"heading_comparaci-n-de-precios-69eeee772d89c-2022-69eeee772d89c\" data-parent=\"#collap_comparaci-n-de-precios-69eeee772d89c\">\n                <div class=\"card-body\">\n        <div class=\"card\">\n            <div class=\"card-header parents\" id=\"heading_comparaci-n-de-precios-69eeee772d89c-2022-69eeee772d89c-noviembre-69eeee772d89c\">\n                <p class=\"title text-blue mb-0\">\n                    <a class=\"btn-block hover text-left collapsed\" data-toggle=\"collapse\" data-target=\"#collap_comparaci-n-de-precios-69eeee772d89c-2022-69eeee772d89c-noviembre-69eeee772d89c\" aria-expanded=\"false\" aria-controls=\"collap_comparaci-n-de-precios-69eeee772d89c-2022-69eeee772d89c-noviembre-69eeee772d89c\">Noviembre<\/a>\n                <\/p>\n            <\/div>\n            <div id=\"collap_comparaci-n-de-precios-69eeee772d89c-2022-69eeee772d89c-noviembre-69eeee772d89c\" class=\"collapse\" aria-labelledby=\"heading_comparaci-n-de-precios-69eeee772d89c-2022-69eeee772d89c-noviembre-69eeee772d89c\" data-parent=\"#collap_comparaci-n-de-precios-69eeee772d89c-2022-69eeee772d89c\">\n                <div class=\"card-body\"><div class=\"jumbotron archivos\"><div class=\"row align-items-center\"><div class=\"col\"><h6><a class=\"text-dark\" href=\"https:\/\/comunidad.comprasdominicana.gob.do\/\/Public\/Tendering\/OpportunityDetail\/Index?noticeUID=DO1.NTC.1163463\" title=\"Ver\" target=\"_blank\">APORDOM-CCC-CP-2022-0011<\/a><\/h6><p class=\"mb-0 bold\">CONTRATACION DE SERVICIOS DE DESABOLLADURA, PINTURA, MANTENIMIENTO PREVENTIVO Y CORRECTIVO PARA FLOTILLA VEHICULAR DE USO DE APORDOM<\/p><p class=\"mb-0\" style=\"font-size: .85rem\"><strong title=\"Estado del Proceso\"><i class=\"fas fa-spinner\"><\/i><\/strong> Proceso adjudicado y celebrado<\/p><p class=\"mb-0\" style=\"font-size: .85rem\"><strong title=\"Fecha de Publicaci\u00f3n\"><i class=\"fas fa-calendar-alt\"><\/i><\/strong> Publicado el viernes, 25 de noviembre de 2022<\/p><\/div><div class=\"col-auto mt-md-0 mt-2\"><a class=\"btn btn-primary btn-lg px-lg-4 d-none d-md-block\" href=\"https:\/\/comunidad.comprasdominicana.gob.do\/\/Public\/Tendering\/OpportunityDetail\/Index?noticeUID=DO1.NTC.1163463\" target=\"_blank\" title=\"Detalles\"><i class=\"fas fa-link\"><\/i> DETALLES<\/a><a class=\"btn btn-primary btn-lg px-lg-4 d-block d-md-none\" href=\"https:\/\/comunidad.comprasdominicana.gob.do\/\/Public\/Tendering\/OpportunityDetail\/Index?noticeUID=DO1.NTC.1163463\" target=\"_blank\" title=\"Detalles\"><i class=\"fas fa-2x fa-link\"><\/i><\/a><\/div><\/div><\/div><div class=\"jumbotron archivos\"><div class=\"row align-items-center\"><div class=\"col\"><h6><a class=\"text-dark\" href=\"https:\/\/comunidad.comprasdominicana.gob.do\/\/Public\/Tendering\/OpportunityDetail\/Index?noticeUID=DO1.NTC.1153938\" title=\"Ver\" target=\"_blank\">APORDOM-CCC-CP-2022-0007<\/a><\/h6><p class=\"mb-0 bold\">ADQUISICI\u00d3N DE MOBILIARIOS DE OFICINA PARA USO DE APORDOM<\/p><p class=\"mb-0\" style=\"font-size: .85rem\"><strong title=\"Estado del Proceso\"><i class=\"fas fa-spinner\"><\/i><\/strong> Proceso adjudicado y celebrado<\/p><p class=\"mb-0\" style=\"font-size: .85rem\"><strong title=\"Fecha de Publicaci\u00f3n\"><i class=\"fas fa-calendar-alt\"><\/i><\/strong> Publicado el martes, 8 de noviembre de 2022<\/p><\/div><div class=\"col-auto mt-md-0 mt-2\"><a class=\"btn btn-primary btn-lg px-lg-4 d-none d-md-block\" href=\"https:\/\/comunidad.comprasdominicana.gob.do\/\/Public\/Tendering\/OpportunityDetail\/Index?noticeUID=DO1.NTC.1153938\" target=\"_blank\" title=\"Detalles\"><i class=\"fas fa-link\"><\/i> DETALLES<\/a><a class=\"btn btn-primary btn-lg px-lg-4 d-block d-md-none\" href=\"https:\/\/comunidad.comprasdominicana.gob.do\/\/Public\/Tendering\/OpportunityDetail\/Index?noticeUID=DO1.NTC.1153938\" target=\"_blank\" title=\"Detalles\"><i class=\"fas fa-2x fa-link\"><\/i><\/a><\/div><\/div><\/div><\/div><\/div><\/div>\n        <div class=\"card\">\n            <div class=\"card-header parents\" id=\"heading_comparaci-n-de-precios-69eeee772d89c-2022-69eeee772d89c-octubre-69eeee772d89c\">\n                <p class=\"title text-blue mb-0\">\n                    <a class=\"btn-block hover text-left collapsed\" data-toggle=\"collapse\" data-target=\"#collap_comparaci-n-de-precios-69eeee772d89c-2022-69eeee772d89c-octubre-69eeee772d89c\" aria-expanded=\"false\" aria-controls=\"collap_comparaci-n-de-precios-69eeee772d89c-2022-69eeee772d89c-octubre-69eeee772d89c\">Octubre<\/a>\n                <\/p>\n            <\/div>\n            <div id=\"collap_comparaci-n-de-precios-69eeee772d89c-2022-69eeee772d89c-octubre-69eeee772d89c\" class=\"collapse\" aria-labelledby=\"heading_comparaci-n-de-precios-69eeee772d89c-2022-69eeee772d89c-octubre-69eeee772d89c\" data-parent=\"#collap_comparaci-n-de-precios-69eeee772d89c-2022-69eeee772d89c\">\n                <div class=\"card-body\"><div class=\"jumbotron archivos\"><div class=\"row align-items-center\"><div class=\"col\"><h6><a class=\"text-dark\" href=\"https:\/\/comunidad.comprasdominicana.gob.do\/\/Public\/Tendering\/OpportunityDetail\/Index?noticeUID=DO1.NTC.1143953\" title=\"Ver\" target=\"_blank\">APORDOM-CCC-CP-2022-0010<\/a><\/h6><p class=\"mb-0 bold\">CONTRATACION DE SERVICIOS DE DESABOLLADURA, PINTURA, MANTENIMIENTO PREVENTIVO Y CORRECTIVO PARA FLOTILLA VEHICULAR DE USO DE APORDOM<\/p><p class=\"mb-0\" style=\"font-size: .85rem\"><strong title=\"Estado del Proceso\"><i class=\"fas fa-spinner\"><\/i><\/strong> Proceso desierto<\/p><p class=\"mb-0\" style=\"font-size: .85rem\"><strong title=\"Fecha de Publicaci\u00f3n\"><i class=\"fas fa-calendar-alt\"><\/i><\/strong> Publicado el lunes, 17 de octubre de 2022<\/p><\/div><div class=\"col-auto mt-md-0 mt-2\"><a class=\"btn btn-primary btn-lg px-lg-4 d-none d-md-block\" href=\"https:\/\/comunidad.comprasdominicana.gob.do\/\/Public\/Tendering\/OpportunityDetail\/Index?noticeUID=DO1.NTC.1143953\" target=\"_blank\" title=\"Detalles\"><i class=\"fas fa-link\"><\/i> DETALLES<\/a><a class=\"btn btn-primary btn-lg px-lg-4 d-block d-md-none\" href=\"https:\/\/comunidad.comprasdominicana.gob.do\/\/Public\/Tendering\/OpportunityDetail\/Index?noticeUID=DO1.NTC.1143953\" target=\"_blank\" title=\"Detalles\"><i class=\"fas fa-2x fa-link\"><\/i><\/a><\/div><\/div><\/div><\/div><\/div><\/div>\n        <div class=\"card\">\n            <div class=\"card-header parents\" id=\"heading_comparaci-n-de-precios-69eeee772d89c-2022-69eeee772d89c-septiembre-69eeee772d89c\">\n                <p class=\"title text-blue mb-0\">\n                    <a class=\"btn-block hover text-left collapsed\" data-toggle=\"collapse\" data-target=\"#collap_comparaci-n-de-precios-69eeee772d89c-2022-69eeee772d89c-septiembre-69eeee772d89c\" aria-expanded=\"false\" aria-controls=\"collap_comparaci-n-de-precios-69eeee772d89c-2022-69eeee772d89c-septiembre-69eeee772d89c\">Septiembre<\/a>\n                <\/p>\n            <\/div>\n            <div id=\"collap_comparaci-n-de-precios-69eeee772d89c-2022-69eeee772d89c-septiembre-69eeee772d89c\" class=\"collapse\" aria-labelledby=\"heading_comparaci-n-de-precios-69eeee772d89c-2022-69eeee772d89c-septiembre-69eeee772d89c\" data-parent=\"#collap_comparaci-n-de-precios-69eeee772d89c-2022-69eeee772d89c\">\n                <div class=\"card-body\"><div class=\"jumbotron archivos\"><div class=\"row align-items-center\"><div class=\"col\"><h6><a class=\"text-dark\" href=\"https:\/\/comunidad.comprasdominicana.gob.do\/\/Public\/Tendering\/OpportunityDetail\/Index?noticeUID=DO1.NTC.1132741\" title=\"Ver\" target=\"_blank\">APORDOM-CCC-CP-2022-0009<\/a><\/h6><p class=\"mb-0 bold\">ADQUISICI\u00d3N DE EQUIPOS AUDIOVISUALES PARA USO DE LA DIRECCION DE COMUNICACIONES DE APORDOM<\/p><p class=\"mb-0\" style=\"font-size: .85rem\"><strong title=\"Estado del Proceso\"><i class=\"fas fa-spinner\"><\/i><\/strong> Proceso adjudicado y celebrado<\/p><p class=\"mb-0\" style=\"font-size: .85rem\"><strong title=\"Fecha de Publicaci\u00f3n\"><i class=\"fas fa-calendar-alt\"><\/i><\/strong> Publicado el martes, 20 de septiembre de 2022<\/p><\/div><div class=\"col-auto mt-md-0 mt-2\"><a class=\"btn btn-primary btn-lg px-lg-4 d-none d-md-block\" href=\"https:\/\/comunidad.comprasdominicana.gob.do\/\/Public\/Tendering\/OpportunityDetail\/Index?noticeUID=DO1.NTC.1132741\" target=\"_blank\" title=\"Detalles\"><i class=\"fas fa-link\"><\/i> DETALLES<\/a><a class=\"btn btn-primary btn-lg px-lg-4 d-block d-md-none\" href=\"https:\/\/comunidad.comprasdominicana.gob.do\/\/Public\/Tendering\/OpportunityDetail\/Index?noticeUID=DO1.NTC.1132741\" target=\"_blank\" title=\"Detalles\"><i class=\"fas fa-2x fa-link\"><\/i><\/a><\/div><\/div><\/div><div class=\"jumbotron archivos\"><div class=\"row align-items-center\"><div class=\"col\"><h6><a class=\"text-dark\" href=\"https:\/\/comunidad.comprasdominicana.gob.do\/\/Public\/Tendering\/OpportunityDetail\/Index?noticeUID=DO1.NTC.1128006\" title=\"Ver\" target=\"_blank\">APORDOM-CCC-CP-2022-0008<\/a><\/h6><p class=\"mb-0 bold\">ADQUISICION DE PINTURA Y MATERIALES PARA USO DE APORDOM<\/p><p class=\"mb-0\" style=\"font-size: .85rem\"><strong title=\"Estado del Proceso\"><i class=\"fas fa-spinner\"><\/i><\/strong> Proceso adjudicado y celebrado<\/p><p class=\"mb-0\" style=\"font-size: .85rem\"><strong title=\"Fecha de Publicaci\u00f3n\"><i class=\"fas fa-calendar-alt\"><\/i><\/strong> Publicado el jueves, 8 de septiembre de 2022<\/p><\/div><div class=\"col-auto mt-md-0 mt-2\"><a class=\"btn btn-primary btn-lg px-lg-4 d-none d-md-block\" href=\"https:\/\/comunidad.comprasdominicana.gob.do\/\/Public\/Tendering\/OpportunityDetail\/Index?noticeUID=DO1.NTC.1128006\" target=\"_blank\" title=\"Detalles\"><i class=\"fas fa-link\"><\/i> DETALLES<\/a><a class=\"btn btn-primary btn-lg px-lg-4 d-block d-md-none\" href=\"https:\/\/comunidad.comprasdominicana.gob.do\/\/Public\/Tendering\/OpportunityDetail\/Index?noticeUID=DO1.NTC.1128006\" target=\"_blank\" title=\"Detalles\"><i class=\"fas fa-2x fa-link\"><\/i><\/a><\/div><\/div><\/div><\/div><\/div><\/div>\n        <div class=\"card\">\n            <div class=\"card-header parents\" id=\"heading_comparaci-n-de-precios-69eeee772d89c-2022-69eeee772d89c-julio-69eeee772d89c\">\n                <p class=\"title text-blue mb-0\">\n                    <a class=\"btn-block hover text-left collapsed\" data-toggle=\"collapse\" data-target=\"#collap_comparaci-n-de-precios-69eeee772d89c-2022-69eeee772d89c-julio-69eeee772d89c\" aria-expanded=\"false\" aria-controls=\"collap_comparaci-n-de-precios-69eeee772d89c-2022-69eeee772d89c-julio-69eeee772d89c\">Julio<\/a>\n                <\/p>\n            <\/div>\n            <div id=\"collap_comparaci-n-de-precios-69eeee772d89c-2022-69eeee772d89c-julio-69eeee772d89c\" class=\"collapse\" aria-labelledby=\"heading_comparaci-n-de-precios-69eeee772d89c-2022-69eeee772d89c-julio-69eeee772d89c\" data-parent=\"#collap_comparaci-n-de-precios-69eeee772d89c-2022-69eeee772d89c\">\n                <div class=\"card-body\"><div class=\"jumbotron archivos\"><div class=\"row align-items-center\"><div class=\"col\"><h6><a class=\"text-dark\" href=\"https:\/\/comunidad.comprasdominicana.gob.do\/\/Public\/Tendering\/OpportunityDetail\/Index?noticeUID=DO1.NTC.1110119\" title=\"Ver\" target=\"_blank\">APORDOM-CCC-CP-2022-0006<\/a><\/h6><p class=\"mb-0 bold\">ADQUISICI\u00d3N DE GENERADOR EL\u00c9CTRICO (PLANTA ELECTRICA) PARA LA SEDE PRINCIPAL DE APORDOM, DECLARADO DESIERTO DEL PROCESO APORDOM-CCC-CP-2022-0004<\/p><p class=\"mb-0\" style=\"font-size: .85rem\"><strong title=\"Estado del Proceso\"><i class=\"fas fa-spinner\"><\/i><\/strong> Proceso adjudicado y celebrado<\/p><p class=\"mb-0\" style=\"font-size: .85rem\"><strong title=\"Fecha de Publicaci\u00f3n\"><i class=\"fas fa-calendar-alt\"><\/i><\/strong> Publicado el jueves, 28 de julio de 2022<\/p><\/div><div class=\"col-auto mt-md-0 mt-2\"><a class=\"btn btn-primary btn-lg px-lg-4 d-none d-md-block\" href=\"https:\/\/comunidad.comprasdominicana.gob.do\/\/Public\/Tendering\/OpportunityDetail\/Index?noticeUID=DO1.NTC.1110119\" target=\"_blank\" title=\"Detalles\"><i class=\"fas fa-link\"><\/i> DETALLES<\/a><a class=\"btn btn-primary btn-lg px-lg-4 d-block d-md-none\" href=\"https:\/\/comunidad.comprasdominicana.gob.do\/\/Public\/Tendering\/OpportunityDetail\/Index?noticeUID=DO1.NTC.1110119\" target=\"_blank\" title=\"Detalles\"><i class=\"fas fa-2x fa-link\"><\/i><\/a><\/div><\/div><\/div><\/div><\/div><\/div>\n        <div class=\"card\">\n            <div class=\"card-header parents\" id=\"heading_comparaci-n-de-precios-69eeee772d89c-2022-69eeee772d89c-mayo-69eeee772d89c\">\n                <p class=\"title text-blue mb-0\">\n                    <a class=\"btn-block hover text-left collapsed\" data-toggle=\"collapse\" data-target=\"#collap_comparaci-n-de-precios-69eeee772d89c-2022-69eeee772d89c-mayo-69eeee772d89c\" aria-expanded=\"false\" aria-controls=\"collap_comparaci-n-de-precios-69eeee772d89c-2022-69eeee772d89c-mayo-69eeee772d89c\">Mayo<\/a>\n                <\/p>\n            <\/div>\n            <div id=\"collap_comparaci-n-de-precios-69eeee772d89c-2022-69eeee772d89c-mayo-69eeee772d89c\" class=\"collapse\" aria-labelledby=\"heading_comparaci-n-de-precios-69eeee772d89c-2022-69eeee772d89c-mayo-69eeee772d89c\" data-parent=\"#collap_comparaci-n-de-precios-69eeee772d89c-2022-69eeee772d89c\">\n                <div class=\"card-body\"><div class=\"jumbotron archivos\"><div class=\"row align-items-center\"><div class=\"col\"><h6><a class=\"text-dark\" href=\"https:\/\/comunidad.comprasdominicana.gob.do\/\/Public\/Tendering\/OpportunityDetail\/Index?noticeUID=DO1.NTC.1082623\" title=\"Ver\" target=\"_blank\">APORDOM-CCC-CP-2022-0004<\/a><\/h6><p class=\"mb-0 bold\">ADQUISICI\u00d3N DE GENERADOR EL\u00c9CTRICO (PLANTA ELECTRICA) PARA LA SEDE PRINCIPAL DE APORDOM<\/p><p class=\"mb-0\" style=\"font-size: .85rem\"><strong title=\"Estado del Proceso\"><i class=\"fas fa-spinner\"><\/i><\/strong> Proceso desierto<\/p><p class=\"mb-0\" style=\"font-size: .85rem\"><strong title=\"Fecha de Publicaci\u00f3n\"><i class=\"fas fa-calendar-alt\"><\/i><\/strong> Publicado el jueves, 26 de mayo de 2022<\/p><\/div><div class=\"col-auto mt-md-0 mt-2\"><a class=\"btn btn-primary btn-lg px-lg-4 d-none d-md-block\" href=\"https:\/\/comunidad.comprasdominicana.gob.do\/\/Public\/Tendering\/OpportunityDetail\/Index?noticeUID=DO1.NTC.1082623\" target=\"_blank\" title=\"Detalles\"><i class=\"fas fa-link\"><\/i> DETALLES<\/a><a class=\"btn btn-primary btn-lg px-lg-4 d-block d-md-none\" href=\"https:\/\/comunidad.comprasdominicana.gob.do\/\/Public\/Tendering\/OpportunityDetail\/Index?noticeUID=DO1.NTC.1082623\" target=\"_blank\" title=\"Detalles\"><i class=\"fas fa-2x fa-link\"><\/i><\/a><\/div><\/div><\/div><\/div><\/div><\/div>\n        <div class=\"card\">\n            <div class=\"card-header parents\" id=\"heading_comparaci-n-de-precios-69eeee772d89c-2022-69eeee772d89c-abril-69eeee772d89c\">\n                <p class=\"title text-blue mb-0\">\n                    <a class=\"btn-block hover text-left collapsed\" data-toggle=\"collapse\" data-target=\"#collap_comparaci-n-de-precios-69eeee772d89c-2022-69eeee772d89c-abril-69eeee772d89c\" aria-expanded=\"false\" aria-controls=\"collap_comparaci-n-de-precios-69eeee772d89c-2022-69eeee772d89c-abril-69eeee772d89c\">Abril<\/a>\n                <\/p>\n            <\/div>\n            <div id=\"collap_comparaci-n-de-precios-69eeee772d89c-2022-69eeee772d89c-abril-69eeee772d89c\" class=\"collapse\" aria-labelledby=\"heading_comparaci-n-de-precios-69eeee772d89c-2022-69eeee772d89c-abril-69eeee772d89c\" data-parent=\"#collap_comparaci-n-de-precios-69eeee772d89c-2022-69eeee772d89c\">\n                <div class=\"card-body\"><div class=\"jumbotron archivos\"><div class=\"row align-items-center\"><div class=\"col\"><h6><a class=\"text-dark\" href=\"https:\/\/comunidad.comprasdominicana.gob.do\/\/Public\/Tendering\/OpportunityDetail\/Index?noticeUID=DO1.NTC.1071451\" title=\"Ver\" target=\"_blank\">APORDOM-CCC-CP-2022-0005<\/a><\/h6><p class=\"mb-0 bold\">\u201cADQUISICI\u00d3N DE CAMIONETA PARA USO DE APORDOM\u201d<\/p><p class=\"mb-0\" style=\"font-size: .85rem\"><strong title=\"Estado del Proceso\"><i class=\"fas fa-spinner\"><\/i><\/strong> Proceso adjudicado y celebrado<\/p><p class=\"mb-0\" style=\"font-size: .85rem\"><strong title=\"Fecha de Publicaci\u00f3n\"><i class=\"fas fa-calendar-alt\"><\/i><\/strong> Publicado el jueves, 28 de abril de 2022<\/p><\/div><div class=\"col-auto mt-md-0 mt-2\"><a class=\"btn btn-primary btn-lg px-lg-4 d-none d-md-block\" href=\"https:\/\/comunidad.comprasdominicana.gob.do\/\/Public\/Tendering\/OpportunityDetail\/Index?noticeUID=DO1.NTC.1071451\" target=\"_blank\" title=\"Detalles\"><i class=\"fas fa-link\"><\/i> DETALLES<\/a><a class=\"btn btn-primary btn-lg px-lg-4 d-block d-md-none\" href=\"https:\/\/comunidad.comprasdominicana.gob.do\/\/Public\/Tendering\/OpportunityDetail\/Index?noticeUID=DO1.NTC.1071451\" target=\"_blank\" title=\"Detalles\"><i class=\"fas fa-2x fa-link\"><\/i><\/a><\/div><\/div><\/div><div class=\"jumbotron archivos\"><div class=\"row align-items-center\"><div class=\"col\"><h6><a class=\"text-dark\" href=\"https:\/\/comunidad.comprasdominicana.gob.do\/\/Public\/Tendering\/OpportunityDetail\/Index?noticeUID=DO1.NTC.1068531\" title=\"Ver\" target=\"_blank\">APORDOM-CCC-CP-2022-0003<\/a><\/h6><p class=\"mb-0 bold\">REMOZAMIENTO DE MUELLE NO.3 EN EL PUERTO DE BARAHONA Y ADECUACI\u00d3N DEL LOCAL DE LA ESCUELA MAR\u00cdTIMA PORTUARIA<\/p><p class=\"mb-0\" style=\"font-size: .85rem\"><strong title=\"Estado del Proceso\"><i class=\"fas fa-spinner\"><\/i><\/strong> Proceso adjudicado y celebrado<\/p><p class=\"mb-0\" style=\"font-size: .85rem\"><strong title=\"Fecha de Publicaci\u00f3n\"><i class=\"fas fa-calendar-alt\"><\/i><\/strong> Publicado el jueves, 21 de abril de 2022<\/p><\/div><div class=\"col-auto mt-md-0 mt-2\"><a class=\"btn btn-primary btn-lg px-lg-4 d-none d-md-block\" href=\"https:\/\/comunidad.comprasdominicana.gob.do\/\/Public\/Tendering\/OpportunityDetail\/Index?noticeUID=DO1.NTC.1068531\" target=\"_blank\" title=\"Detalles\"><i class=\"fas fa-link\"><\/i> DETALLES<\/a><a class=\"btn btn-primary btn-lg px-lg-4 d-block d-md-none\" href=\"https:\/\/comunidad.comprasdominicana.gob.do\/\/Public\/Tendering\/OpportunityDetail\/Index?noticeUID=DO1.NTC.1068531\" target=\"_blank\" title=\"Detalles\"><i class=\"fas fa-2x fa-link\"><\/i><\/a><\/div><\/div><\/div><div class=\"jumbotron archivos\"><div class=\"row align-items-center\"><div class=\"col\"><h6><a class=\"text-dark\" href=\"https:\/\/comunidad.comprasdominicana.gob.do\/\/Public\/Tendering\/OpportunityDetail\/Index?noticeUID=DO1.NTC.1061551\" title=\"Ver\" target=\"_blank\">APORDOM-CCC-CP-2022-0001<\/a><\/h6><p class=\"mb-0 bold\">Adquisici\u00f3n de equipos de Climatizaci\u00f3n para las oficinas de APORDOM<\/p><p class=\"mb-0\" style=\"font-size: .85rem\"><strong title=\"Estado del Proceso\"><i class=\"fas fa-spinner\"><\/i><\/strong> Proceso adjudicado y celebrado<\/p><p class=\"mb-0\" style=\"font-size: .85rem\"><strong title=\"Fecha de Publicaci\u00f3n\"><i class=\"fas fa-calendar-alt\"><\/i><\/strong> Publicado el martes, 5 de abril de 2022<\/p><\/div><div class=\"col-auto mt-md-0 mt-2\"><a class=\"btn btn-primary btn-lg px-lg-4 d-none d-md-block\" href=\"https:\/\/comunidad.comprasdominicana.gob.do\/\/Public\/Tendering\/OpportunityDetail\/Index?noticeUID=DO1.NTC.1061551\" target=\"_blank\" title=\"Detalles\"><i class=\"fas fa-link\"><\/i> DETALLES<\/a><a class=\"btn btn-primary btn-lg px-lg-4 d-block d-md-none\" href=\"https:\/\/comunidad.comprasdominicana.gob.do\/\/Public\/Tendering\/OpportunityDetail\/Index?noticeUID=DO1.NTC.1061551\" target=\"_blank\" title=\"Detalles\"><i class=\"fas fa-2x fa-link\"><\/i><\/a><\/div><\/div><\/div><div class=\"jumbotron archivos\"><div class=\"row align-items-center\"><div class=\"col\"><h6><a class=\"text-dark\" href=\"https:\/\/comunidad.comprasdominicana.gob.do\/\/Public\/Tendering\/OpportunityDetail\/Index?noticeUID=DO1.NTC.1062053\" title=\"Ver\" target=\"_blank\">APORDOM-CCC-CP-2022-0002<\/a><\/h6><p class=\"mb-0 bold\">ADQUISICI\u00d3N DE COMBUSTIBLE Y TANQUES DE COMBUSTIBLE CON SU DISPENSADOR PARA LA FLOTILLA VEHICULAR DE APORDOM.<\/p><p class=\"mb-0\" style=\"font-size: .85rem\"><strong title=\"Estado del Proceso\"><i class=\"fas fa-spinner\"><\/i><\/strong> Proceso adjudicado y celebrado<\/p><p class=\"mb-0\" style=\"font-size: .85rem\"><strong title=\"Fecha de Publicaci\u00f3n\"><i class=\"fas fa-calendar-alt\"><\/i><\/strong> Publicado el martes, 5 de abril de 2022<\/p><\/div><div class=\"col-auto mt-md-0 mt-2\"><a class=\"btn btn-primary btn-lg px-lg-4 d-none d-md-block\" href=\"https:\/\/comunidad.comprasdominicana.gob.do\/\/Public\/Tendering\/OpportunityDetail\/Index?noticeUID=DO1.NTC.1062053\" target=\"_blank\" title=\"Detalles\"><i class=\"fas fa-link\"><\/i> DETALLES<\/a><a class=\"btn btn-primary btn-lg px-lg-4 d-block d-md-none\" href=\"https:\/\/comunidad.comprasdominicana.gob.do\/\/Public\/Tendering\/OpportunityDetail\/Index?noticeUID=DO1.NTC.1062053\" target=\"_blank\" title=\"Detalles\"><i class=\"fas fa-2x fa-link\"><\/i><\/a><\/div><\/div><\/div><\/div><\/div><\/div><\/div><\/div><\/div>\n        <div class=\"card\">\n            <div class=\"card-header parents\" id=\"heading_comparaci-n-de-precios-69eeee772d89c-2021-69eeee772d89c\">\n                <p class=\"title text-blue mb-0\">\n                    <a class=\"btn-block hover text-left collapsed\" data-toggle=\"collapse\" data-target=\"#collap_comparaci-n-de-precios-69eeee772d89c-2021-69eeee772d89c\" aria-expanded=\"false\" aria-controls=\"collap_comparaci-n-de-precios-69eeee772d89c-2021-69eeee772d89c\">2021<\/a>\n                <\/p>\n            <\/div>\n            <div id=\"collap_comparaci-n-de-precios-69eeee772d89c-2021-69eeee772d89c\" class=\"collapse\" aria-labelledby=\"heading_comparaci-n-de-precios-69eeee772d89c-2021-69eeee772d89c\" data-parent=\"#collap_comparaci-n-de-precios-69eeee772d89c\">\n                <div class=\"card-body\">\n        <div class=\"card\">\n            <div class=\"card-header parents\" id=\"heading_comparaci-n-de-precios-69eeee772d89c-2021-69eeee772d89c-diciembre-69eeee772d89c\">\n                <p class=\"title text-blue mb-0\">\n                    <a class=\"btn-block hover text-left collapsed\" data-toggle=\"collapse\" data-target=\"#collap_comparaci-n-de-precios-69eeee772d89c-2021-69eeee772d89c-diciembre-69eeee772d89c\" aria-expanded=\"false\" aria-controls=\"collap_comparaci-n-de-precios-69eeee772d89c-2021-69eeee772d89c-diciembre-69eeee772d89c\">Diciembre<\/a>\n                <\/p>\n            <\/div>\n            <div id=\"collap_comparaci-n-de-precios-69eeee772d89c-2021-69eeee772d89c-diciembre-69eeee772d89c\" class=\"collapse\" aria-labelledby=\"heading_comparaci-n-de-precios-69eeee772d89c-2021-69eeee772d89c-diciembre-69eeee772d89c\" data-parent=\"#collap_comparaci-n-de-precios-69eeee772d89c-2021-69eeee772d89c\">\n                <div class=\"card-body\"><div class=\"jumbotron archivos\"><div class=\"row align-items-center\"><div class=\"col\"><h6><a class=\"text-dark\" href=\"https:\/\/comunidad.comprasdominicana.gob.do\/\/Public\/Tendering\/OpportunityDetail\/Index?noticeUID=DO1.NTC.1011344\" title=\"Ver\" target=\"_blank\">APORDOM-CCC-CP-2021-0005<\/a><\/h6><p class=\"mb-0 bold\">Construcci\u00f3n y Remozamiento de Muelles Pesqueros, Regi\u00f3n Norte y Sur del Pa\u00eds.<\/p><p class=\"mb-0\" style=\"font-size: .85rem\"><strong title=\"Estado del Proceso\"><i class=\"fas fa-spinner\"><\/i><\/strong> Proceso adjudicado y celebrado<\/p><p class=\"mb-0\" style=\"font-size: .85rem\"><strong title=\"Fecha de Publicaci\u00f3n\"><i class=\"fas fa-calendar-alt\"><\/i><\/strong> Publicado el viernes, 10 de diciembre de 2021<\/p><\/div><div class=\"col-auto mt-md-0 mt-2\"><a class=\"btn btn-primary btn-lg px-lg-4 d-none d-md-block\" href=\"https:\/\/comunidad.comprasdominicana.gob.do\/\/Public\/Tendering\/OpportunityDetail\/Index?noticeUID=DO1.NTC.1011344\" target=\"_blank\" title=\"Detalles\"><i class=\"fas fa-link\"><\/i> DETALLES<\/a><a class=\"btn btn-primary btn-lg px-lg-4 d-block d-md-none\" href=\"https:\/\/comunidad.comprasdominicana.gob.do\/\/Public\/Tendering\/OpportunityDetail\/Index?noticeUID=DO1.NTC.1011344\" target=\"_blank\" title=\"Detalles\"><i class=\"fas fa-2x fa-link\"><\/i><\/a><\/div><\/div><\/div><\/div><\/div><\/div>\n        <div class=\"card\">\n            <div class=\"card-header parents\" id=\"heading_comparaci-n-de-precios-69eeee772d89c-2021-69eeee772d89c-noviembre-69eeee772d89c\">\n                <p class=\"title text-blue mb-0\">\n                    <a class=\"btn-block hover text-left collapsed\" data-toggle=\"collapse\" data-target=\"#collap_comparaci-n-de-precios-69eeee772d89c-2021-69eeee772d89c-noviembre-69eeee772d89c\" aria-expanded=\"false\" aria-controls=\"collap_comparaci-n-de-precios-69eeee772d89c-2021-69eeee772d89c-noviembre-69eeee772d89c\">Noviembre<\/a>\n                <\/p>\n            <\/div>\n            <div id=\"collap_comparaci-n-de-precios-69eeee772d89c-2021-69eeee772d89c-noviembre-69eeee772d89c\" class=\"collapse\" aria-labelledby=\"heading_comparaci-n-de-precios-69eeee772d89c-2021-69eeee772d89c-noviembre-69eeee772d89c\" data-parent=\"#collap_comparaci-n-de-precios-69eeee772d89c-2021-69eeee772d89c\">\n                <div class=\"card-body\"><div class=\"jumbotron archivos\"><div class=\"row align-items-center\"><div class=\"col\"><h6><a class=\"text-dark\" href=\"https:\/\/comunidad.comprasdominicana.gob.do\/\/Public\/Tendering\/OpportunityDetail\/Index?noticeUID=DO1.NTC.993951\" title=\"Ver\" target=\"_blank\">APORDOM-CCC-CP-2021-0004<\/a><\/h6><p class=\"mb-0 bold\">Adquisici\u00f3n de Combustible<\/p><p class=\"mb-0\" style=\"font-size: .85rem\"><strong title=\"Estado del Proceso\"><i class=\"fas fa-spinner\"><\/i><\/strong> Proceso adjudicado y celebrado<\/p><p class=\"mb-0\" style=\"font-size: .85rem\"><strong title=\"Fecha de Publicaci\u00f3n\"><i class=\"fas fa-calendar-alt\"><\/i><\/strong> Publicado el martes, 2 de noviembre de 2021<\/p><\/div><div class=\"col-auto mt-md-0 mt-2\"><a class=\"btn btn-primary btn-lg px-lg-4 d-none d-md-block\" href=\"https:\/\/comunidad.comprasdominicana.gob.do\/\/Public\/Tendering\/OpportunityDetail\/Index?noticeUID=DO1.NTC.993951\" target=\"_blank\" title=\"Detalles\"><i class=\"fas fa-link\"><\/i> DETALLES<\/a><a class=\"btn btn-primary btn-lg px-lg-4 d-block d-md-none\" href=\"https:\/\/comunidad.comprasdominicana.gob.do\/\/Public\/Tendering\/OpportunityDetail\/Index?noticeUID=DO1.NTC.993951\" target=\"_blank\" title=\"Detalles\"><i class=\"fas fa-2x fa-link\"><\/i><\/a><\/div><\/div><\/div><\/div><\/div><\/div>\n        <div class=\"card\">\n            <div class=\"card-header parents\" id=\"heading_comparaci-n-de-precios-69eeee772d89c-2021-69eeee772d89c-agosto-69eeee772d89c\">\n                <p class=\"title text-blue mb-0\">\n                    <a class=\"btn-block hover text-left collapsed\" data-toggle=\"collapse\" data-target=\"#collap_comparaci-n-de-precios-69eeee772d89c-2021-69eeee772d89c-agosto-69eeee772d89c\" aria-expanded=\"false\" aria-controls=\"collap_comparaci-n-de-precios-69eeee772d89c-2021-69eeee772d89c-agosto-69eeee772d89c\">Agosto<\/a>\n                <\/p>\n            <\/div>\n            <div id=\"collap_comparaci-n-de-precios-69eeee772d89c-2021-69eeee772d89c-agosto-69eeee772d89c\" class=\"collapse\" aria-labelledby=\"heading_comparaci-n-de-precios-69eeee772d89c-2021-69eeee772d89c-agosto-69eeee772d89c\" data-parent=\"#collap_comparaci-n-de-precios-69eeee772d89c-2021-69eeee772d89c\">\n                <div class=\"card-body\"><div class=\"jumbotron archivos\"><div class=\"row align-items-center\"><div class=\"col\"><h6><a class=\"text-dark\" href=\"https:\/\/comunidad.comprasdominicana.gob.do\/\/Public\/Tendering\/OpportunityDetail\/Index?noticeUID=DO1.NTC.954206\" title=\"Ver\" target=\"_blank\">APORDOM-CCC-CP-2021-0003<\/a><\/h6><p class=\"mb-0 bold\">Adquisici\u00f3n de 2 Autobuses Usados<\/p><p class=\"mb-0\" style=\"font-size: .85rem\"><strong title=\"Estado del Proceso\"><i class=\"fas fa-spinner\"><\/i><\/strong> Proceso adjudicado y celebrado<\/p><p class=\"mb-0\" style=\"font-size: .85rem\"><strong title=\"Fecha de Publicaci\u00f3n\"><i class=\"fas fa-calendar-alt\"><\/i><\/strong> Publicado el jueves, 5 de agosto de 2021<\/p><\/div><div class=\"col-auto mt-md-0 mt-2\"><a class=\"btn btn-primary btn-lg px-lg-4 d-none d-md-block\" href=\"https:\/\/comunidad.comprasdominicana.gob.do\/\/Public\/Tendering\/OpportunityDetail\/Index?noticeUID=DO1.NTC.954206\" target=\"_blank\" title=\"Detalles\"><i class=\"fas fa-link\"><\/i> DETALLES<\/a><a class=\"btn btn-primary btn-lg px-lg-4 d-block d-md-none\" href=\"https:\/\/comunidad.comprasdominicana.gob.do\/\/Public\/Tendering\/OpportunityDetail\/Index?noticeUID=DO1.NTC.954206\" target=\"_blank\" title=\"Detalles\"><i class=\"fas fa-2x fa-link\"><\/i><\/a><\/div><\/div><\/div><\/div><\/div><\/div>\n        <div class=\"card\">\n            <div class=\"card-header parents\" id=\"heading_comparaci-n-de-precios-69eeee772d89c-2021-69eeee772d89c-julio-69eeee772d89c\">\n                <p class=\"title text-blue mb-0\">\n                    <a class=\"btn-block hover text-left collapsed\" data-toggle=\"collapse\" data-target=\"#collap_comparaci-n-de-precios-69eeee772d89c-2021-69eeee772d89c-julio-69eeee772d89c\" aria-expanded=\"false\" aria-controls=\"collap_comparaci-n-de-precios-69eeee772d89c-2021-69eeee772d89c-julio-69eeee772d89c\">Julio<\/a>\n                <\/p>\n            <\/div>\n            <div id=\"collap_comparaci-n-de-precios-69eeee772d89c-2021-69eeee772d89c-julio-69eeee772d89c\" class=\"collapse\" aria-labelledby=\"heading_comparaci-n-de-precios-69eeee772d89c-2021-69eeee772d89c-julio-69eeee772d89c\" data-parent=\"#collap_comparaci-n-de-precios-69eeee772d89c-2021-69eeee772d89c\">\n                <div class=\"card-body\"><div class=\"jumbotron archivos\"><div class=\"row align-items-center\"><div class=\"col\"><h6><a class=\"text-dark\" href=\"https:\/\/comunidad.comprasdominicana.gob.do\/\/Public\/Tendering\/OpportunityDetail\/Index?noticeUID=DO1.NTC.947036\" title=\"Ver\" target=\"_blank\">APORDOM-CCC-CP-2021-0002<\/a><\/h6><p class=\"mb-0 bold\"> Contrataci\u00f3n para el Remozamiento  del Espig\u00f3n y Acera en el Puerto de Boca Chica.<\/p><p class=\"mb-0\" style=\"font-size: .85rem\"><strong title=\"Estado del Proceso\"><i class=\"fas fa-spinner\"><\/i><\/strong> Proceso adjudicado y celebrado<\/p><p class=\"mb-0\" style=\"font-size: .85rem\"><strong title=\"Fecha de Publicaci\u00f3n\"><i class=\"fas fa-calendar-alt\"><\/i><\/strong> Publicado el martes, 20 de julio de 2021<\/p><\/div><div class=\"col-auto mt-md-0 mt-2\"><a class=\"btn btn-primary btn-lg px-lg-4 d-none d-md-block\" href=\"https:\/\/comunidad.comprasdominicana.gob.do\/\/Public\/Tendering\/OpportunityDetail\/Index?noticeUID=DO1.NTC.947036\" target=\"_blank\" title=\"Detalles\"><i class=\"fas fa-link\"><\/i> DETALLES<\/a><a class=\"btn btn-primary btn-lg px-lg-4 d-block d-md-none\" href=\"https:\/\/comunidad.comprasdominicana.gob.do\/\/Public\/Tendering\/OpportunityDetail\/Index?noticeUID=DO1.NTC.947036\" target=\"_blank\" title=\"Detalles\"><i class=\"fas fa-2x fa-link\"><\/i><\/a><\/div><\/div><\/div><\/div><\/div><\/div>\n        <div class=\"card\">\n            <div class=\"card-header parents\" id=\"heading_comparaci-n-de-precios-69eeee772d89c-2021-69eeee772d89c-abril-69eeee772d89c\">\n                <p class=\"title text-blue mb-0\">\n                    <a class=\"btn-block hover text-left collapsed\" data-toggle=\"collapse\" data-target=\"#collap_comparaci-n-de-precios-69eeee772d89c-2021-69eeee772d89c-abril-69eeee772d89c\" aria-expanded=\"false\" aria-controls=\"collap_comparaci-n-de-precios-69eeee772d89c-2021-69eeee772d89c-abril-69eeee772d89c\">Abril<\/a>\n                <\/p>\n            <\/div>\n            <div id=\"collap_comparaci-n-de-precios-69eeee772d89c-2021-69eeee772d89c-abril-69eeee772d89c\" class=\"collapse\" aria-labelledby=\"heading_comparaci-n-de-precios-69eeee772d89c-2021-69eeee772d89c-abril-69eeee772d89c\" data-parent=\"#collap_comparaci-n-de-precios-69eeee772d89c-2021-69eeee772d89c\">\n                <div class=\"card-body\"><div class=\"jumbotron archivos\"><div class=\"row align-items-center\"><div class=\"col\"><h6><a class=\"text-dark\" href=\"https:\/\/comunidad.comprasdominicana.gob.do\/\/Public\/Tendering\/OpportunityDetail\/Index?noticeUID=DO1.NTC.898437\" title=\"Ver\" target=\"_blank\">APORDOM-CCC-CP-2021-0001<\/a><\/h6><p class=\"mb-0 bold\">Adquisici\u00f3n de Combustible (Gasoil) y Tickets de Combustible (Gasolina) para Autoridad Portuaria Dominicana. <\/p><p class=\"mb-0\" style=\"font-size: .85rem\"><strong title=\"Estado del Proceso\"><i class=\"fas fa-spinner\"><\/i><\/strong> Proceso adjudicado y celebrado<\/p><p class=\"mb-0\" style=\"font-size: .85rem\"><strong title=\"Fecha de Publicaci\u00f3n\"><i class=\"fas fa-calendar-alt\"><\/i><\/strong> Publicado el viernes, 9 de abril de 2021<\/p><\/div><div class=\"col-auto mt-md-0 mt-2\"><a class=\"btn btn-primary btn-lg px-lg-4 d-none d-md-block\" href=\"https:\/\/comunidad.comprasdominicana.gob.do\/\/Public\/Tendering\/OpportunityDetail\/Index?noticeUID=DO1.NTC.898437\" target=\"_blank\" title=\"Detalles\"><i class=\"fas fa-link\"><\/i> DETALLES<\/a><a class=\"btn btn-primary btn-lg px-lg-4 d-block d-md-none\" href=\"https:\/\/comunidad.comprasdominicana.gob.do\/\/Public\/Tendering\/OpportunityDetail\/Index?noticeUID=DO1.NTC.898437\" target=\"_blank\" title=\"Detalles\"><i class=\"fas fa-2x fa-link\"><\/i><\/a><\/div><\/div><\/div><\/div><\/div><\/div><\/div><\/div><\/div>\n        <div class=\"card\">\n            <div class=\"card-header parents\" id=\"heading_comparaci-n-de-precios-69eeee772d89c-2020-69eeee772d89c\">\n                <p class=\"title text-blue mb-0\">\n                    <a class=\"btn-block hover text-left collapsed\" data-toggle=\"collapse\" data-target=\"#collap_comparaci-n-de-precios-69eeee772d89c-2020-69eeee772d89c\" aria-expanded=\"false\" aria-controls=\"collap_comparaci-n-de-precios-69eeee772d89c-2020-69eeee772d89c\">2020<\/a>\n                <\/p>\n            <\/div>\n            <div id=\"collap_comparaci-n-de-precios-69eeee772d89c-2020-69eeee772d89c\" class=\"collapse\" aria-labelledby=\"heading_comparaci-n-de-precios-69eeee772d89c-2020-69eeee772d89c\" data-parent=\"#collap_comparaci-n-de-precios-69eeee772d89c\">\n                <div class=\"card-body\">\n        <div class=\"card\">\n            <div class=\"card-header parents\" id=\"heading_comparaci-n-de-precios-69eeee772d89c-2020-69eeee772d89c-noviembre-69eeee772d89c\">\n                <p class=\"title text-blue mb-0\">\n                    <a class=\"btn-block hover text-left collapsed\" data-toggle=\"collapse\" data-target=\"#collap_comparaci-n-de-precios-69eeee772d89c-2020-69eeee772d89c-noviembre-69eeee772d89c\" aria-expanded=\"false\" aria-controls=\"collap_comparaci-n-de-precios-69eeee772d89c-2020-69eeee772d89c-noviembre-69eeee772d89c\">Noviembre<\/a>\n                <\/p>\n            <\/div>\n            <div id=\"collap_comparaci-n-de-precios-69eeee772d89c-2020-69eeee772d89c-noviembre-69eeee772d89c\" class=\"collapse\" aria-labelledby=\"heading_comparaci-n-de-precios-69eeee772d89c-2020-69eeee772d89c-noviembre-69eeee772d89c\" data-parent=\"#collap_comparaci-n-de-precios-69eeee772d89c-2020-69eeee772d89c\">\n                <div class=\"card-body\"><div class=\"jumbotron archivos\"><div class=\"row align-items-center\"><div class=\"col\"><h6><a class=\"text-dark\" href=\"https:\/\/comunidad.comprasdominicana.gob.do\/\/Public\/Tendering\/OpportunityDetail\/Index?noticeUID=DO1.NTC.844439\" title=\"Ver\" target=\"_blank\">APORDOM-CCC-CP-2020-0002<\/a><\/h6><p class=\"mb-0 bold\">Adecuaci\u00f3n de Oficinas del Edificio de la Sede Central de Autoridad Portuaria Dominicana<\/p><p class=\"mb-0\" style=\"font-size: .85rem\"><strong title=\"Estado del Proceso\"><i class=\"fas fa-spinner\"><\/i><\/strong> Proceso adjudicado y celebrado<\/p><p class=\"mb-0\" style=\"font-size: .85rem\"><strong title=\"Fecha de Publicaci\u00f3n\"><i class=\"fas fa-calendar-alt\"><\/i><\/strong> Publicado el viernes, 27 de noviembre de 2020<\/p><\/div><div class=\"col-auto mt-md-0 mt-2\"><a class=\"btn btn-primary btn-lg px-lg-4 d-none d-md-block\" href=\"https:\/\/comunidad.comprasdominicana.gob.do\/\/Public\/Tendering\/OpportunityDetail\/Index?noticeUID=DO1.NTC.844439\" target=\"_blank\" title=\"Detalles\"><i class=\"fas fa-link\"><\/i> DETALLES<\/a><a class=\"btn btn-primary btn-lg px-lg-4 d-block d-md-none\" href=\"https:\/\/comunidad.comprasdominicana.gob.do\/\/Public\/Tendering\/OpportunityDetail\/Index?noticeUID=DO1.NTC.844439\" target=\"_blank\" title=\"Detalles\"><i class=\"fas fa-2x fa-link\"><\/i><\/a><\/div><\/div><\/div><div class=\"jumbotron archivos\"><div class=\"row align-items-center\"><div class=\"col\"><h6><a class=\"text-dark\" href=\"https:\/\/comunidad.comprasdominicana.gob.do\/\/Public\/Tendering\/OpportunityDetail\/Index?noticeUID=DO1.NTC.835218\" title=\"Ver\" target=\"_blank\">APORDOM-CCC-CP-2020-0001<\/a><\/h6><p class=\"mb-0 bold\">Contrataci\u00f3n de una Firma Auditora para la Auditoria Legal-Financiera correspondiente al per\u00edodo  Agosto 2018 hasta Agosto 2020.<\/p><p class=\"mb-0\" style=\"font-size: .85rem\"><strong title=\"Estado del Proceso\"><i class=\"fas fa-spinner\"><\/i><\/strong> Proceso adjudicado y celebrado<\/p><p class=\"mb-0\" style=\"font-size: .85rem\"><strong title=\"Fecha de Publicaci\u00f3n\"><i class=\"fas fa-calendar-alt\"><\/i><\/strong> Publicado el jueves, 5 de noviembre de 2020<\/p><\/div><div class=\"col-auto mt-md-0 mt-2\"><a class=\"btn btn-primary btn-lg px-lg-4 d-none d-md-block\" href=\"https:\/\/comunidad.comprasdominicana.gob.do\/\/Public\/Tendering\/OpportunityDetail\/Index?noticeUID=DO1.NTC.835218\" target=\"_blank\" title=\"Detalles\"><i class=\"fas fa-link\"><\/i> DETALLES<\/a><a class=\"btn btn-primary btn-lg px-lg-4 d-block d-md-none\" href=\"https:\/\/comunidad.comprasdominicana.gob.do\/\/Public\/Tendering\/OpportunityDetail\/Index?noticeUID=DO1.NTC.835218\" target=\"_blank\" title=\"Detalles\"><i class=\"fas fa-2x fa-link\"><\/i><\/a><\/div><\/div><\/div><\/div><\/div><\/div><\/div><\/div><\/div>\n        <div class=\"card\">\n            <div class=\"card-header parents\" id=\"heading_comparaci-n-de-precios-69eeee772d89c-2019-69eeee772d89c\">\n                <p class=\"title text-blue mb-0\">\n                    <a class=\"btn-block hover text-left collapsed\" data-toggle=\"collapse\" data-target=\"#collap_comparaci-n-de-precios-69eeee772d89c-2019-69eeee772d89c\" aria-expanded=\"false\" aria-controls=\"collap_comparaci-n-de-precios-69eeee772d89c-2019-69eeee772d89c\">2019<\/a>\n                <\/p>\n            <\/div>\n            <div id=\"collap_comparaci-n-de-precios-69eeee772d89c-2019-69eeee772d89c\" class=\"collapse\" aria-labelledby=\"heading_comparaci-n-de-precios-69eeee772d89c-2019-69eeee772d89c\" data-parent=\"#collap_comparaci-n-de-precios-69eeee772d89c\">\n                <div class=\"card-body\">\n        <div class=\"card\">\n            <div class=\"card-header parents\" id=\"heading_comparaci-n-de-precios-69eeee772d89c-2019-69eeee772d89c-junio-69eeee772d89c\">\n                <p class=\"title text-blue mb-0\">\n                    <a class=\"btn-block hover text-left collapsed\" data-toggle=\"collapse\" data-target=\"#collap_comparaci-n-de-precios-69eeee772d89c-2019-69eeee772d89c-junio-69eeee772d89c\" aria-expanded=\"false\" aria-controls=\"collap_comparaci-n-de-precios-69eeee772d89c-2019-69eeee772d89c-junio-69eeee772d89c\">Junio<\/a>\n                <\/p>\n            <\/div>\n            <div id=\"collap_comparaci-n-de-precios-69eeee772d89c-2019-69eeee772d89c-junio-69eeee772d89c\" class=\"collapse\" aria-labelledby=\"heading_comparaci-n-de-precios-69eeee772d89c-2019-69eeee772d89c-junio-69eeee772d89c\" data-parent=\"#collap_comparaci-n-de-precios-69eeee772d89c-2019-69eeee772d89c\">\n                <div class=\"card-body\"><div class=\"jumbotron archivos\"><div class=\"row align-items-center\"><div class=\"col\"><h6><a class=\"text-dark\" href=\"https:\/\/comunidad.comprasdominicana.gob.do\/\/Public\/Tendering\/OpportunityDetail\/Index?noticeUID=DO1.NTC.605638\" title=\"Ver\" target=\"_blank\">APORDOM-CCC-CP-2019-0001<\/a><\/h6><p class=\"mb-0 bold\">Construccion del Muelle Vista de Cuarto de Luna Parque Ecologico Ciudad Juan Bosch Santo Domingo<\/p><p class=\"mb-0\" style=\"font-size: .85rem\"><strong title=\"Estado del Proceso\"><i class=\"fas fa-spinner\"><\/i><\/strong> Sobres estan abriendose<\/p><p class=\"mb-0\" style=\"font-size: .85rem\"><strong title=\"Fecha de Publicaci\u00f3n\"><i class=\"fas fa-calendar-alt\"><\/i><\/strong> Publicado el mi\u00e9rcoles, 26 de junio de 2019<\/p><\/div><div class=\"col-auto mt-md-0 mt-2\"><a class=\"btn btn-primary btn-lg px-lg-4 d-none d-md-block\" href=\"https:\/\/comunidad.comprasdominicana.gob.do\/\/Public\/Tendering\/OpportunityDetail\/Index?noticeUID=DO1.NTC.605638\" target=\"_blank\" title=\"Detalles\"><i class=\"fas fa-link\"><\/i> DETALLES<\/a><a class=\"btn btn-primary btn-lg px-lg-4 d-block d-md-none\" href=\"https:\/\/comunidad.comprasdominicana.gob.do\/\/Public\/Tendering\/OpportunityDetail\/Index?noticeUID=DO1.NTC.605638\" target=\"_blank\" title=\"Detalles\"><i class=\"fas fa-2x fa-link\"><\/i><\/a><\/div><\/div><\/div><\/div><\/div><\/div><\/div><\/div><\/div><\/div><\/div><\/div>\n        <div class=\"card\">\n            <div class=\"card-header parents\" id=\"heading_compras-menores-69eeee772d89c\">\n                <p class=\"title text-blue mb-0\">\n                    <a class=\"btn-block hover text-left collapsed\" data-toggle=\"collapse\" data-target=\"#collap_compras-menores-69eeee772d89c\" aria-expanded=\"false\" aria-controls=\"collap_compras-menores-69eeee772d89c\">Compras Menores<\/a>\n                <\/p>\n            <\/div>\n            <div id=\"collap_compras-menores-69eeee772d89c\" class=\"collapse\" aria-labelledby=\"heading_compras-menores-69eeee772d89c\" data-parent=\"#acc_69eeee772d89c\">\n                <div class=\"card-body\">\n        <div class=\"card\">\n            <div class=\"card-header parents\" id=\"heading_compras-menores-69eeee772d89c-2026-69eeee772d89c\">\n                <p class=\"title text-blue mb-0\">\n                    <a class=\"btn-block hover text-left collapsed\" data-toggle=\"collapse\" data-target=\"#collap_compras-menores-69eeee772d89c-2026-69eeee772d89c\" aria-expanded=\"false\" aria-controls=\"collap_compras-menores-69eeee772d89c-2026-69eeee772d89c\">2026<\/a>\n                <\/p>\n            <\/div>\n            <div id=\"collap_compras-menores-69eeee772d89c-2026-69eeee772d89c\" class=\"collapse\" aria-labelledby=\"heading_compras-menores-69eeee772d89c-2026-69eeee772d89c\" data-parent=\"#collap_compras-menores-69eeee772d89c\">\n                <div class=\"card-body\">\n        <div class=\"card\">\n            <div class=\"card-header parents\" id=\"heading_compras-menores-69eeee772d89c-2026-69eeee772d89c-abril-69eeee772d89c\">\n                <p class=\"title text-blue mb-0\">\n                    <a class=\"btn-block hover text-left collapsed\" data-toggle=\"collapse\" data-target=\"#collap_compras-menores-69eeee772d89c-2026-69eeee772d89c-abril-69eeee772d89c\" aria-expanded=\"false\" aria-controls=\"collap_compras-menores-69eeee772d89c-2026-69eeee772d89c-abril-69eeee772d89c\">Abril<\/a>\n                <\/p>\n            <\/div>\n            <div id=\"collap_compras-menores-69eeee772d89c-2026-69eeee772d89c-abril-69eeee772d89c\" class=\"collapse\" aria-labelledby=\"heading_compras-menores-69eeee772d89c-2026-69eeee772d89c-abril-69eeee772d89c\" data-parent=\"#collap_compras-menores-69eeee772d89c-2026-69eeee772d89c\">\n                <div class=\"card-body\"><div class=\"jumbotron archivos\"><div class=\"row align-items-center\"><div class=\"col\"><h6><a class=\"text-dark\" href=\"https:\/\/comunidad.comprasdominicana.gob.do\/\/Public\/Tendering\/OpportunityDetail\/Index?noticeUID=DO1.NTC.1705537\" title=\"Ver\" target=\"_blank\">APORDOM-DAF-CM-2026-0007<\/a><\/h6><p class=\"mb-0 bold\">Contrataci\u00f3n de servicio de gestionado de impresi\u00f3n, copiado y escaneo para la sede central y puerto de APORDOM<\/p><p class=\"mb-0\" style=\"font-size: .85rem\"><strong title=\"Estado del Proceso\"><i class=\"fas fa-spinner\"><\/i><\/strong> Proceso publicado<\/p><p class=\"mb-0\" style=\"font-size: .85rem\"><strong title=\"Fecha de Publicaci\u00f3n\"><i class=\"fas fa-calendar-alt\"><\/i><\/strong> Publicado el viernes, 24 de abril de 2026<\/p><\/div><div class=\"col-auto mt-md-0 mt-2\"><a class=\"btn btn-primary btn-lg px-lg-4 d-none d-md-block\" href=\"https:\/\/comunidad.comprasdominicana.gob.do\/\/Public\/Tendering\/OpportunityDetail\/Index?noticeUID=DO1.NTC.1705537\" target=\"_blank\" title=\"Detalles\"><i class=\"fas fa-link\"><\/i> DETALLES<\/a><a class=\"btn btn-primary btn-lg px-lg-4 d-block d-md-none\" href=\"https:\/\/comunidad.comprasdominicana.gob.do\/\/Public\/Tendering\/OpportunityDetail\/Index?noticeUID=DO1.NTC.1705537\" target=\"_blank\" title=\"Detalles\"><i class=\"fas fa-2x fa-link\"><\/i><\/a><\/div><\/div><\/div><\/div><\/div><\/div>\n        <div class=\"card\">\n            <div class=\"card-header parents\" id=\"heading_compras-menores-69eeee772d89c-2026-69eeee772d89c-marzo-69eeee772d89c\">\n                <p class=\"title text-blue mb-0\">\n                    <a class=\"btn-block hover text-left collapsed\" data-toggle=\"collapse\" data-target=\"#collap_compras-menores-69eeee772d89c-2026-69eeee772d89c-marzo-69eeee772d89c\" aria-expanded=\"false\" aria-controls=\"collap_compras-menores-69eeee772d89c-2026-69eeee772d89c-marzo-69eeee772d89c\">Marzo<\/a>\n                <\/p>\n            <\/div>\n            <div id=\"collap_compras-menores-69eeee772d89c-2026-69eeee772d89c-marzo-69eeee772d89c\" class=\"collapse\" aria-labelledby=\"heading_compras-menores-69eeee772d89c-2026-69eeee772d89c-marzo-69eeee772d89c\" data-parent=\"#collap_compras-menores-69eeee772d89c-2026-69eeee772d89c\">\n                <div class=\"card-body\"><div class=\"jumbotron archivos\"><div class=\"row align-items-center\"><div class=\"col\"><h6><a class=\"text-dark\" href=\"https:\/\/comunidad.comprasdominicana.gob.do\/\/Public\/Tendering\/OpportunityDetail\/Index?noticeUID=DO1.NTC.1688707\" title=\"Ver\" target=\"_blank\">APORDOM-DAF-CM-2026-0003<\/a><\/h6><p class=\"mb-0 bold\">Contrataci\u00f3n de servicios de fumigaci\u00f3n, dirigido a mipymes<\/p><p class=\"mb-0\" style=\"font-size: .85rem\"><strong title=\"Estado del Proceso\"><i class=\"fas fa-spinner\"><\/i><\/strong> Proceso adjudicado y celebrado<\/p><p class=\"mb-0\" style=\"font-size: .85rem\"><strong title=\"Fecha de Publicaci\u00f3n\"><i class=\"fas fa-calendar-alt\"><\/i><\/strong> Publicado el jueves, 19 de marzo de 2026<\/p><\/div><div class=\"col-auto mt-md-0 mt-2\"><a class=\"btn btn-primary btn-lg px-lg-4 d-none d-md-block\" href=\"https:\/\/comunidad.comprasdominicana.gob.do\/\/Public\/Tendering\/OpportunityDetail\/Index?noticeUID=DO1.NTC.1688707\" target=\"_blank\" title=\"Detalles\"><i class=\"fas fa-link\"><\/i> DETALLES<\/a><a class=\"btn btn-primary btn-lg px-lg-4 d-block d-md-none\" href=\"https:\/\/comunidad.comprasdominicana.gob.do\/\/Public\/Tendering\/OpportunityDetail\/Index?noticeUID=DO1.NTC.1688707\" target=\"_blank\" title=\"Detalles\"><i class=\"fas fa-2x fa-link\"><\/i><\/a><\/div><\/div><\/div><div class=\"jumbotron archivos\"><div class=\"row align-items-center\"><div class=\"col\"><h6><a class=\"text-dark\" href=\"https:\/\/comunidad.comprasdominicana.gob.do\/\/Public\/Tendering\/OpportunityDetail\/Index?noticeUID=DO1.NTC.1688367\" title=\"Ver\" target=\"_blank\">APORDOM-DAF-CM-2026-0004<\/a><\/h6><p class=\"mb-0 bold\">Contrataci\u00f3n de servicios de mantenimiento de aires acondicionados, dirigido a mipymes<\/p><p class=\"mb-0\" style=\"font-size: .85rem\"><strong title=\"Estado del Proceso\"><i class=\"fas fa-spinner\"><\/i><\/strong> Proceso adjudicado y celebrado<\/p><p class=\"mb-0\" style=\"font-size: .85rem\"><strong title=\"Fecha de Publicaci\u00f3n\"><i class=\"fas fa-calendar-alt\"><\/i><\/strong> Publicado el mi\u00e9rcoles, 18 de marzo de 2026<\/p><\/div><div class=\"col-auto mt-md-0 mt-2\"><a class=\"btn btn-primary btn-lg px-lg-4 d-none d-md-block\" href=\"https:\/\/comunidad.comprasdominicana.gob.do\/\/Public\/Tendering\/OpportunityDetail\/Index?noticeUID=DO1.NTC.1688367\" target=\"_blank\" title=\"Detalles\"><i class=\"fas fa-link\"><\/i> DETALLES<\/a><a class=\"btn btn-primary btn-lg px-lg-4 d-block d-md-none\" href=\"https:\/\/comunidad.comprasdominicana.gob.do\/\/Public\/Tendering\/OpportunityDetail\/Index?noticeUID=DO1.NTC.1688367\" target=\"_blank\" title=\"Detalles\"><i class=\"fas fa-2x fa-link\"><\/i><\/a><\/div><\/div><\/div><div class=\"jumbotron archivos\"><div class=\"row align-items-center\"><div class=\"col\"><h6><a class=\"text-dark\" href=\"https:\/\/comunidad.comprasdominicana.gob.do\/\/Public\/Tendering\/OpportunityDetail\/Index?noticeUID=DO1.NTC.1682003\" title=\"Ver\" target=\"_blank\">APORDOM-DAF-CM-2026-0002<\/a><\/h6><p class=\"mb-0 bold\">Contrataci\u00f3n de Eventos y Montaje de Stand<\/p><p class=\"mb-0\" style=\"font-size: .85rem\"><strong title=\"Estado del Proceso\"><i class=\"fas fa-spinner\"><\/i><\/strong> Proceso adjudicado y celebrado<\/p><p class=\"mb-0\" style=\"font-size: .85rem\"><strong title=\"Fecha de Publicaci\u00f3n\"><i class=\"fas fa-calendar-alt\"><\/i><\/strong> Publicado el martes, 3 de marzo de 2026<\/p><\/div><div class=\"col-auto mt-md-0 mt-2\"><a class=\"btn btn-primary btn-lg px-lg-4 d-none d-md-block\" href=\"https:\/\/comunidad.comprasdominicana.gob.do\/\/Public\/Tendering\/OpportunityDetail\/Index?noticeUID=DO1.NTC.1682003\" target=\"_blank\" title=\"Detalles\"><i class=\"fas fa-link\"><\/i> DETALLES<\/a><a class=\"btn btn-primary btn-lg px-lg-4 d-block d-md-none\" href=\"https:\/\/comunidad.comprasdominicana.gob.do\/\/Public\/Tendering\/OpportunityDetail\/Index?noticeUID=DO1.NTC.1682003\" target=\"_blank\" title=\"Detalles\"><i class=\"fas fa-2x fa-link\"><\/i><\/a><\/div><\/div><\/div><\/div><\/div><\/div>\n        <div class=\"card\">\n            <div class=\"card-header parents\" id=\"heading_compras-menores-69eeee772d89c-2026-69eeee772d89c-enero-69eeee772d89c\">\n                <p class=\"title text-blue mb-0\">\n                    <a class=\"btn-block hover text-left collapsed\" data-toggle=\"collapse\" data-target=\"#collap_compras-menores-69eeee772d89c-2026-69eeee772d89c-enero-69eeee772d89c\" aria-expanded=\"false\" aria-controls=\"collap_compras-menores-69eeee772d89c-2026-69eeee772d89c-enero-69eeee772d89c\">Enero<\/a>\n                <\/p>\n            <\/div>\n            <div id=\"collap_compras-menores-69eeee772d89c-2026-69eeee772d89c-enero-69eeee772d89c\" class=\"collapse\" aria-labelledby=\"heading_compras-menores-69eeee772d89c-2026-69eeee772d89c-enero-69eeee772d89c\" data-parent=\"#collap_compras-menores-69eeee772d89c-2026-69eeee772d89c\">\n                <div class=\"card-body\"><div class=\"jumbotron archivos\"><div class=\"row align-items-center\"><div class=\"col\"><h6><a class=\"text-dark\" href=\"https:\/\/comunidad.comprasdominicana.gob.do\/\/Public\/Tendering\/OpportunityDetail\/Index?noticeUID=DO1.NTC.1665330\" title=\"Ver\" target=\"_blank\">APORDOM-DAF-CM-2026-0001<\/a><\/h6><p class=\"mb-0 bold\">Adquisici\u00f3n de Combustible <\/p><p class=\"mb-0\" style=\"font-size: .85rem\"><strong title=\"Estado del Proceso\"><i class=\"fas fa-spinner\"><\/i><\/strong> Proceso adjudicado y celebrado<\/p><p class=\"mb-0\" style=\"font-size: .85rem\"><strong title=\"Fecha de Publicaci\u00f3n\"><i class=\"fas fa-calendar-alt\"><\/i><\/strong> Publicado el viernes, 23 de enero de 2026<\/p><\/div><div class=\"col-auto mt-md-0 mt-2\"><a class=\"btn btn-primary btn-lg px-lg-4 d-none d-md-block\" href=\"https:\/\/comunidad.comprasdominicana.gob.do\/\/Public\/Tendering\/OpportunityDetail\/Index?noticeUID=DO1.NTC.1665330\" target=\"_blank\" title=\"Detalles\"><i class=\"fas fa-link\"><\/i> DETALLES<\/a><a class=\"btn btn-primary btn-lg px-lg-4 d-block d-md-none\" href=\"https:\/\/comunidad.comprasdominicana.gob.do\/\/Public\/Tendering\/OpportunityDetail\/Index?noticeUID=DO1.NTC.1665330\" target=\"_blank\" title=\"Detalles\"><i class=\"fas fa-2x fa-link\"><\/i><\/a><\/div><\/div><\/div><\/div><\/div><\/div><\/div><\/div><\/div>\n        <div class=\"card\">\n            <div class=\"card-header parents\" id=\"heading_compras-menores-69eeee772d89c-2025-69eeee772d89c\">\n                <p class=\"title text-blue mb-0\">\n                    <a class=\"btn-block hover text-left collapsed\" data-toggle=\"collapse\" data-target=\"#collap_compras-menores-69eeee772d89c-2025-69eeee772d89c\" aria-expanded=\"false\" aria-controls=\"collap_compras-menores-69eeee772d89c-2025-69eeee772d89c\">2025<\/a>\n                <\/p>\n            <\/div>\n            <div id=\"collap_compras-menores-69eeee772d89c-2025-69eeee772d89c\" class=\"collapse\" aria-labelledby=\"heading_compras-menores-69eeee772d89c-2025-69eeee772d89c\" data-parent=\"#collap_compras-menores-69eeee772d89c\">\n                <div class=\"card-body\">\n        <div class=\"card\">\n            <div class=\"card-header parents\" id=\"heading_compras-menores-69eeee772d89c-2025-69eeee772d89c-noviembre-69eeee772d89c\">\n                <p class=\"title text-blue mb-0\">\n                    <a class=\"btn-block hover text-left collapsed\" data-toggle=\"collapse\" data-target=\"#collap_compras-menores-69eeee772d89c-2025-69eeee772d89c-noviembre-69eeee772d89c\" aria-expanded=\"false\" aria-controls=\"collap_compras-menores-69eeee772d89c-2025-69eeee772d89c-noviembre-69eeee772d89c\">Noviembre<\/a>\n                <\/p>\n            <\/div>\n            <div id=\"collap_compras-menores-69eeee772d89c-2025-69eeee772d89c-noviembre-69eeee772d89c\" class=\"collapse\" aria-labelledby=\"heading_compras-menores-69eeee772d89c-2025-69eeee772d89c-noviembre-69eeee772d89c\" data-parent=\"#collap_compras-menores-69eeee772d89c-2025-69eeee772d89c\">\n                <div class=\"card-body\"><div class=\"jumbotron archivos\"><div class=\"row align-items-center\"><div class=\"col\"><h6><a class=\"text-dark\" href=\"https:\/\/comunidad.comprasdominicana.gob.do\/\/Public\/Tendering\/OpportunityDetail\/Index?noticeUID=DO1.NTC.1632758\" title=\"Ver\" target=\"_blank\">APORDOM-DAF-CM-2025-0035<\/a><\/h6><p class=\"mb-0 bold\">Adquisici\u00f3n de insumos de comestibles, dirigido a mipymes<\/p><p class=\"mb-0\" style=\"font-size: .85rem\"><strong title=\"Estado del Proceso\"><i class=\"fas fa-spinner\"><\/i><\/strong> Proceso adjudicado y celebrado<\/p><p class=\"mb-0\" style=\"font-size: .85rem\"><strong title=\"Fecha de Publicaci\u00f3n\"><i class=\"fas fa-calendar-alt\"><\/i><\/strong> Publicado el mi\u00e9rcoles, 12 de noviembre de 2025<\/p><\/div><div class=\"col-auto mt-md-0 mt-2\"><a class=\"btn btn-primary btn-lg px-lg-4 d-none d-md-block\" href=\"https:\/\/comunidad.comprasdominicana.gob.do\/\/Public\/Tendering\/OpportunityDetail\/Index?noticeUID=DO1.NTC.1632758\" target=\"_blank\" title=\"Detalles\"><i class=\"fas fa-link\"><\/i> DETALLES<\/a><a class=\"btn btn-primary btn-lg px-lg-4 d-block d-md-none\" href=\"https:\/\/comunidad.comprasdominicana.gob.do\/\/Public\/Tendering\/OpportunityDetail\/Index?noticeUID=DO1.NTC.1632758\" target=\"_blank\" title=\"Detalles\"><i class=\"fas fa-2x fa-link\"><\/i><\/a><\/div><\/div><\/div><div class=\"jumbotron archivos\"><div class=\"row align-items-center\"><div class=\"col\"><h6><a class=\"text-dark\" href=\"https:\/\/comunidad.comprasdominicana.gob.do\/\/Public\/Tendering\/OpportunityDetail\/Index?noticeUID=DO1.NTC.1628664\" title=\"Ver\" target=\"_blank\">APORDOM-DAF-CM-2025-0033<\/a><\/h6><p class=\"mb-0 bold\">Adquisici\u00f3n de Materiales Gastables de Oficina y Talonarios<\/p><p class=\"mb-0\" style=\"font-size: .85rem\"><strong title=\"Estado del Proceso\"><i class=\"fas fa-spinner\"><\/i><\/strong> Proceso adjudicado y celebrado<\/p><p class=\"mb-0\" style=\"font-size: .85rem\"><strong title=\"Fecha de Publicaci\u00f3n\"><i class=\"fas fa-calendar-alt\"><\/i><\/strong> Publicado el lunes, 3 de noviembre de 2025<\/p><\/div><div class=\"col-auto mt-md-0 mt-2\"><a class=\"btn btn-primary btn-lg px-lg-4 d-none d-md-block\" href=\"https:\/\/comunidad.comprasdominicana.gob.do\/\/Public\/Tendering\/OpportunityDetail\/Index?noticeUID=DO1.NTC.1628664\" target=\"_blank\" title=\"Detalles\"><i class=\"fas fa-link\"><\/i> DETALLES<\/a><a class=\"btn btn-primary btn-lg px-lg-4 d-block d-md-none\" href=\"https:\/\/comunidad.comprasdominicana.gob.do\/\/Public\/Tendering\/OpportunityDetail\/Index?noticeUID=DO1.NTC.1628664\" target=\"_blank\" title=\"Detalles\"><i class=\"fas fa-2x fa-link\"><\/i><\/a><\/div><\/div><\/div><\/div><\/div><\/div>\n        <div class=\"card\">\n            <div class=\"card-header parents\" id=\"heading_compras-menores-69eeee772d89c-2025-69eeee772d89c-octubre-69eeee772d89c\">\n                <p class=\"title text-blue mb-0\">\n                    <a class=\"btn-block hover text-left collapsed\" data-toggle=\"collapse\" data-target=\"#collap_compras-menores-69eeee772d89c-2025-69eeee772d89c-octubre-69eeee772d89c\" aria-expanded=\"false\" aria-controls=\"collap_compras-menores-69eeee772d89c-2025-69eeee772d89c-octubre-69eeee772d89c\">Octubre<\/a>\n                <\/p>\n            <\/div>\n            <div id=\"collap_compras-menores-69eeee772d89c-2025-69eeee772d89c-octubre-69eeee772d89c\" class=\"collapse\" aria-labelledby=\"heading_compras-menores-69eeee772d89c-2025-69eeee772d89c-octubre-69eeee772d89c\" data-parent=\"#collap_compras-menores-69eeee772d89c-2025-69eeee772d89c\">\n                <div class=\"card-body\"><div class=\"jumbotron archivos\"><div class=\"row align-items-center\"><div class=\"col\"><h6><a class=\"text-dark\" href=\"https:\/\/comunidad.comprasdominicana.gob.do\/\/Public\/Tendering\/OpportunityDetail\/Index?noticeUID=DO1.NTC.1627644\" title=\"Ver\" target=\"_blank\">APORDOM-DAF-CM-2025-0034<\/a><\/h6><p class=\"mb-0 bold\">Adquisici\u00f3n de insumos de limpieza para el uso de APORDOM<\/p><p class=\"mb-0\" style=\"font-size: .85rem\"><strong title=\"Estado del Proceso\"><i class=\"fas fa-spinner\"><\/i><\/strong> Proceso adjudicado y celebrado<\/p><p class=\"mb-0\" style=\"font-size: .85rem\"><strong title=\"Fecha de Publicaci\u00f3n\"><i class=\"fas fa-calendar-alt\"><\/i><\/strong> Publicado el viernes, 31 de octubre de 2025<\/p><\/div><div class=\"col-auto mt-md-0 mt-2\"><a class=\"btn btn-primary btn-lg px-lg-4 d-none d-md-block\" href=\"https:\/\/comunidad.comprasdominicana.gob.do\/\/Public\/Tendering\/OpportunityDetail\/Index?noticeUID=DO1.NTC.1627644\" target=\"_blank\" title=\"Detalles\"><i class=\"fas fa-link\"><\/i> DETALLES<\/a><a class=\"btn btn-primary btn-lg px-lg-4 d-block d-md-none\" href=\"https:\/\/comunidad.comprasdominicana.gob.do\/\/Public\/Tendering\/OpportunityDetail\/Index?noticeUID=DO1.NTC.1627644\" target=\"_blank\" title=\"Detalles\"><i class=\"fas fa-2x fa-link\"><\/i><\/a><\/div><\/div><\/div><div class=\"jumbotron archivos\"><div class=\"row align-items-center\"><div class=\"col\"><h6><a class=\"text-dark\" href=\"https:\/\/comunidad.comprasdominicana.gob.do\/\/Public\/Tendering\/OpportunityDetail\/Index?noticeUID=DO1.NTC.1615842\" title=\"Ver\" target=\"_blank\">APORDOM-DAF-CM-2025-0032<\/a><\/h6><p class=\"mb-0 bold\">\u201dAdquisici\u00f3n de materiales para carnet para la actualizaci\u00f3n de datos de colaboradores, segunda convocatoria \u201d <\/p><p class=\"mb-0\" style=\"font-size: .85rem\"><strong title=\"Estado del Proceso\"><i class=\"fas fa-spinner\"><\/i><\/strong> Proceso desierto<\/p><p class=\"mb-0\" style=\"font-size: .85rem\"><strong title=\"Fecha de Publicaci\u00f3n\"><i class=\"fas fa-calendar-alt\"><\/i><\/strong> Publicado el lunes, 6 de octubre de 2025<\/p><\/div><div class=\"col-auto mt-md-0 mt-2\"><a class=\"btn btn-primary btn-lg px-lg-4 d-none d-md-block\" href=\"https:\/\/comunidad.comprasdominicana.gob.do\/\/Public\/Tendering\/OpportunityDetail\/Index?noticeUID=DO1.NTC.1615842\" target=\"_blank\" title=\"Detalles\"><i class=\"fas fa-link\"><\/i> DETALLES<\/a><a class=\"btn btn-primary btn-lg px-lg-4 d-block d-md-none\" href=\"https:\/\/comunidad.comprasdominicana.gob.do\/\/Public\/Tendering\/OpportunityDetail\/Index?noticeUID=DO1.NTC.1615842\" target=\"_blank\" title=\"Detalles\"><i class=\"fas fa-2x fa-link\"><\/i><\/a><\/div><\/div><\/div><\/div><\/div><\/div>\n        <div class=\"card\">\n            <div class=\"card-header parents\" id=\"heading_compras-menores-69eeee772d89c-2025-69eeee772d89c-septiembre-69eeee772d89c\">\n                <p class=\"title text-blue mb-0\">\n                    <a class=\"btn-block hover text-left collapsed\" data-toggle=\"collapse\" data-target=\"#collap_compras-menores-69eeee772d89c-2025-69eeee772d89c-septiembre-69eeee772d89c\" aria-expanded=\"false\" aria-controls=\"collap_compras-menores-69eeee772d89c-2025-69eeee772d89c-septiembre-69eeee772d89c\">Septiembre<\/a>\n                <\/p>\n            <\/div>\n            <div id=\"collap_compras-menores-69eeee772d89c-2025-69eeee772d89c-septiembre-69eeee772d89c\" class=\"collapse\" aria-labelledby=\"heading_compras-menores-69eeee772d89c-2025-69eeee772d89c-septiembre-69eeee772d89c\" data-parent=\"#collap_compras-menores-69eeee772d89c-2025-69eeee772d89c\">\n                <div class=\"card-body\"><div class=\"jumbotron archivos\"><div class=\"row align-items-center\"><div class=\"col\"><h6><a class=\"text-dark\" href=\"https:\/\/comunidad.comprasdominicana.gob.do\/\/Public\/Tendering\/OpportunityDetail\/Index?noticeUID=DO1.NTC.1602836\" title=\"Ver\" target=\"_blank\">APORDOM-DAF-CM-2025-0031<\/a><\/h6><p class=\"mb-0 bold\">Adquisici\u00f3n de aires acondicionados<\/p><p class=\"mb-0\" style=\"font-size: .85rem\"><strong title=\"Estado del Proceso\"><i class=\"fas fa-spinner\"><\/i><\/strong> Proceso adjudicado y celebrado<\/p><p class=\"mb-0\" style=\"font-size: .85rem\"><strong title=\"Fecha de Publicaci\u00f3n\"><i class=\"fas fa-calendar-alt\"><\/i><\/strong> Publicado el jueves, 4 de septiembre de 2025<\/p><\/div><div class=\"col-auto mt-md-0 mt-2\"><a class=\"btn btn-primary btn-lg px-lg-4 d-none d-md-block\" href=\"https:\/\/comunidad.comprasdominicana.gob.do\/\/Public\/Tendering\/OpportunityDetail\/Index?noticeUID=DO1.NTC.1602836\" target=\"_blank\" title=\"Detalles\"><i class=\"fas fa-link\"><\/i> DETALLES<\/a><a class=\"btn btn-primary btn-lg px-lg-4 d-block d-md-none\" href=\"https:\/\/comunidad.comprasdominicana.gob.do\/\/Public\/Tendering\/OpportunityDetail\/Index?noticeUID=DO1.NTC.1602836\" target=\"_blank\" title=\"Detalles\"><i class=\"fas fa-2x fa-link\"><\/i><\/a><\/div><\/div><\/div><div class=\"jumbotron archivos\"><div class=\"row align-items-center\"><div class=\"col\"><h6><a class=\"text-dark\" href=\"https:\/\/comunidad.comprasdominicana.gob.do\/\/Public\/Tendering\/OpportunityDetail\/Index?noticeUID=DO1.NTC.1601634\" title=\"Ver\" target=\"_blank\">APORDOM-DAF-CM-2025-0030<\/a><\/h6><p class=\"mb-0 bold\">Adquisici\u00f3n de busto del Sr. Daniel Shephard  Moya, Segunda convocatoria<\/p><p class=\"mb-0\" style=\"font-size: .85rem\"><strong title=\"Estado del Proceso\"><i class=\"fas fa-spinner\"><\/i><\/strong> Proceso adjudicado y celebrado<\/p><p class=\"mb-0\" style=\"font-size: .85rem\"><strong title=\"Fecha de Publicaci\u00f3n\"><i class=\"fas fa-calendar-alt\"><\/i><\/strong> Publicado el martes, 2 de septiembre de 2025<\/p><\/div><div class=\"col-auto mt-md-0 mt-2\"><a class=\"btn btn-primary btn-lg px-lg-4 d-none d-md-block\" href=\"https:\/\/comunidad.comprasdominicana.gob.do\/\/Public\/Tendering\/OpportunityDetail\/Index?noticeUID=DO1.NTC.1601634\" target=\"_blank\" title=\"Detalles\"><i class=\"fas fa-link\"><\/i> DETALLES<\/a><a class=\"btn btn-primary btn-lg px-lg-4 d-block d-md-none\" href=\"https:\/\/comunidad.comprasdominicana.gob.do\/\/Public\/Tendering\/OpportunityDetail\/Index?noticeUID=DO1.NTC.1601634\" target=\"_blank\" title=\"Detalles\"><i class=\"fas fa-2x fa-link\"><\/i><\/a><\/div><\/div><\/div><div class=\"jumbotron archivos\"><div class=\"row align-items-center\"><div class=\"col\"><h6><a class=\"text-dark\" href=\"https:\/\/comunidad.comprasdominicana.gob.do\/\/Public\/Tendering\/OpportunityDetail\/Index?noticeUID=DO1.NTC.1605149\" title=\"Ver\" target=\"_blank\">APORDOM-DAF-CM-2025-0029<\/a><\/h6><p class=\"mb-0 bold\">Adquisici\u00f3n de materiales para carnet para la actualizaci\u00f3n de datos de colaboradores APORDOM<\/p><p class=\"mb-0\" style=\"font-size: .85rem\"><strong title=\"Estado del Proceso\"><i class=\"fas fa-spinner\"><\/i><\/strong> Proceso desierto<\/p><p class=\"mb-0\" style=\"font-size: .85rem\"><strong title=\"Fecha de Publicaci\u00f3n\"><i class=\"fas fa-calendar-alt\"><\/i><\/strong> Publicado el mi\u00e9rcoles, 10 de septiembre de 2025<\/p><\/div><div class=\"col-auto mt-md-0 mt-2\"><a class=\"btn btn-primary btn-lg px-lg-4 d-none d-md-block\" href=\"https:\/\/comunidad.comprasdominicana.gob.do\/\/Public\/Tendering\/OpportunityDetail\/Index?noticeUID=DO1.NTC.1605149\" target=\"_blank\" title=\"Detalles\"><i class=\"fas fa-link\"><\/i> DETALLES<\/a><a class=\"btn btn-primary btn-lg px-lg-4 d-block d-md-none\" href=\"https:\/\/comunidad.comprasdominicana.gob.do\/\/Public\/Tendering\/OpportunityDetail\/Index?noticeUID=DO1.NTC.1605149\" target=\"_blank\" title=\"Detalles\"><i class=\"fas fa-2x fa-link\"><\/i><\/a><\/div><\/div><\/div><\/div><\/div><\/div>\n        <div class=\"card\">\n            <div class=\"card-header parents\" id=\"heading_compras-menores-69eeee772d89c-2025-69eeee772d89c-julio-69eeee772d89c\">\n                <p class=\"title text-blue mb-0\">\n                    <a class=\"btn-block hover text-left collapsed\" data-toggle=\"collapse\" data-target=\"#collap_compras-menores-69eeee772d89c-2025-69eeee772d89c-julio-69eeee772d89c\" aria-expanded=\"false\" aria-controls=\"collap_compras-menores-69eeee772d89c-2025-69eeee772d89c-julio-69eeee772d89c\">Julio<\/a>\n                <\/p>\n            <\/div>\n            <div id=\"collap_compras-menores-69eeee772d89c-2025-69eeee772d89c-julio-69eeee772d89c\" class=\"collapse\" aria-labelledby=\"heading_compras-menores-69eeee772d89c-2025-69eeee772d89c-julio-69eeee772d89c\" data-parent=\"#collap_compras-menores-69eeee772d89c-2025-69eeee772d89c\">\n                <div class=\"card-body\"><div class=\"jumbotron archivos\"><div class=\"row align-items-center\"><div class=\"col\"><h6><a class=\"text-dark\" href=\"https:\/\/comunidad.comprasdominicana.gob.do\/\/Public\/Tendering\/OpportunityDetail\/Index?noticeUID=DO1.NTC.1585427\" title=\"Ver\" target=\"_blank\">APORDOM-DAF-CM-2025-0028<\/a><\/h6><p class=\"mb-0 bold\">Adquisici\u00f3n de banderas institucionales y confecci\u00f3n de uniformes para esta  APORDOM, Segunda Convocatoria\n<\/p><p class=\"mb-0\" style=\"font-size: .85rem\"><strong title=\"Estado del Proceso\"><i class=\"fas fa-spinner\"><\/i><\/strong> Proceso adjudicado y celebrado<\/p><p class=\"mb-0\" style=\"font-size: .85rem\"><strong title=\"Fecha de Publicaci\u00f3n\"><i class=\"fas fa-calendar-alt\"><\/i><\/strong> Publicado el martes, 29 de julio de 2025<\/p><\/div><div class=\"col-auto mt-md-0 mt-2\"><a class=\"btn btn-primary btn-lg px-lg-4 d-none d-md-block\" href=\"https:\/\/comunidad.comprasdominicana.gob.do\/\/Public\/Tendering\/OpportunityDetail\/Index?noticeUID=DO1.NTC.1585427\" target=\"_blank\" title=\"Detalles\"><i class=\"fas fa-link\"><\/i> DETALLES<\/a><a class=\"btn btn-primary btn-lg px-lg-4 d-block d-md-none\" href=\"https:\/\/comunidad.comprasdominicana.gob.do\/\/Public\/Tendering\/OpportunityDetail\/Index?noticeUID=DO1.NTC.1585427\" target=\"_blank\" title=\"Detalles\"><i class=\"fas fa-2x fa-link\"><\/i><\/a><\/div><\/div><\/div><div class=\"jumbotron archivos\"><div class=\"row align-items-center\"><div class=\"col\"><h6><a class=\"text-dark\" href=\"https:\/\/comunidad.comprasdominicana.gob.do\/\/Public\/Tendering\/OpportunityDetail\/Index?noticeUID=DO1.NTC.1584944\" title=\"Ver\" target=\"_blank\">APORDOM-DAF-CM-2025-0027<\/a><\/h6><p class=\"mb-0 bold\">Contrataci\u00f3n de servicios florales para esta APORDOM, Segunda Convocatoria<\/p><p class=\"mb-0\" style=\"font-size: .85rem\"><strong title=\"Estado del Proceso\"><i class=\"fas fa-spinner\"><\/i><\/strong> Proceso adjudicado y celebrado<\/p><p class=\"mb-0\" style=\"font-size: .85rem\"><strong title=\"Fecha de Publicaci\u00f3n\"><i class=\"fas fa-calendar-alt\"><\/i><\/strong> Publicado el lunes, 28 de julio de 2025<\/p><\/div><div class=\"col-auto mt-md-0 mt-2\"><a class=\"btn btn-primary btn-lg px-lg-4 d-none d-md-block\" href=\"https:\/\/comunidad.comprasdominicana.gob.do\/\/Public\/Tendering\/OpportunityDetail\/Index?noticeUID=DO1.NTC.1584944\" target=\"_blank\" title=\"Detalles\"><i class=\"fas fa-link\"><\/i> DETALLES<\/a><a class=\"btn btn-primary btn-lg px-lg-4 d-block d-md-none\" href=\"https:\/\/comunidad.comprasdominicana.gob.do\/\/Public\/Tendering\/OpportunityDetail\/Index?noticeUID=DO1.NTC.1584944\" target=\"_blank\" title=\"Detalles\"><i class=\"fas fa-2x fa-link\"><\/i><\/a><\/div><\/div><\/div><div class=\"jumbotron archivos\"><div class=\"row align-items-center\"><div class=\"col\"><h6><a class=\"text-dark\" href=\"https:\/\/comunidad.comprasdominicana.gob.do\/\/Public\/Tendering\/OpportunityDetail\/Index?noticeUID=DO1.NTC.1585122\" title=\"Ver\" target=\"_blank\">APORDOM-DAF-CM-2025-0026<\/a><\/h6><p class=\"mb-0 bold\">Adquisici\u00f3n y rellenado de Extintores de esta APORDOM<\/p><p class=\"mb-0\" style=\"font-size: .85rem\"><strong title=\"Estado del Proceso\"><i class=\"fas fa-spinner\"><\/i><\/strong> Proceso adjudicado y celebrado<\/p><p class=\"mb-0\" style=\"font-size: .85rem\"><strong title=\"Fecha de Publicaci\u00f3n\"><i class=\"fas fa-calendar-alt\"><\/i><\/strong> Publicado el lunes, 28 de julio de 2025<\/p><\/div><div class=\"col-auto mt-md-0 mt-2\"><a class=\"btn btn-primary btn-lg px-lg-4 d-none d-md-block\" href=\"https:\/\/comunidad.comprasdominicana.gob.do\/\/Public\/Tendering\/OpportunityDetail\/Index?noticeUID=DO1.NTC.1585122\" target=\"_blank\" title=\"Detalles\"><i class=\"fas fa-link\"><\/i> DETALLES<\/a><a class=\"btn btn-primary btn-lg px-lg-4 d-block d-md-none\" href=\"https:\/\/comunidad.comprasdominicana.gob.do\/\/Public\/Tendering\/OpportunityDetail\/Index?noticeUID=DO1.NTC.1585122\" target=\"_blank\" title=\"Detalles\"><i class=\"fas fa-2x fa-link\"><\/i><\/a><\/div><\/div><\/div><div class=\"jumbotron archivos\"><div class=\"row align-items-center\"><div class=\"col\"><h6><a class=\"text-dark\" href=\"https:\/\/comunidad.comprasdominicana.gob.do\/\/Public\/Tendering\/OpportunityDetail\/Index?noticeUID=DO1.NTC.1584802\" title=\"Ver\" target=\"_blank\">APORDOM-DAF-CM-2025-0024<\/a><\/h6><p class=\"mb-0 bold\">Contrataci\u00f3n de servicios de consultor\u00eda especializada en comunicaci\u00f3n corporativa y marketing digital<\/p><p class=\"mb-0\" style=\"font-size: .85rem\"><strong title=\"Estado del Proceso\"><i class=\"fas fa-spinner\"><\/i><\/strong> Proceso adjudicado y celebrado<\/p><p class=\"mb-0\" style=\"font-size: .85rem\"><strong title=\"Fecha de Publicaci\u00f3n\"><i class=\"fas fa-calendar-alt\"><\/i><\/strong> Publicado el lunes, 28 de julio de 2025<\/p><\/div><div class=\"col-auto mt-md-0 mt-2\"><a class=\"btn btn-primary btn-lg px-lg-4 d-none d-md-block\" href=\"https:\/\/comunidad.comprasdominicana.gob.do\/\/Public\/Tendering\/OpportunityDetail\/Index?noticeUID=DO1.NTC.1584802\" target=\"_blank\" title=\"Detalles\"><i class=\"fas fa-link\"><\/i> DETALLES<\/a><a class=\"btn btn-primary btn-lg px-lg-4 d-block d-md-none\" href=\"https:\/\/comunidad.comprasdominicana.gob.do\/\/Public\/Tendering\/OpportunityDetail\/Index?noticeUID=DO1.NTC.1584802\" target=\"_blank\" title=\"Detalles\"><i class=\"fas fa-2x fa-link\"><\/i><\/a><\/div><\/div><\/div><div class=\"jumbotron archivos\"><div class=\"row align-items-center\"><div class=\"col\"><h6><a class=\"text-dark\" href=\"https:\/\/comunidad.comprasdominicana.gob.do\/\/Public\/Tendering\/OpportunityDetail\/Index?noticeUID=DO1.NTC.1577641\" title=\"Ver\" target=\"_blank\">APORDOM-DAF-CM-2025-0022<\/a><\/h6><p class=\"mb-0 bold\">Contrataci\u00f3n de servicios de catering para diferentes actividades de esta APORDOM<\/p><p class=\"mb-0\" style=\"font-size: .85rem\"><strong title=\"Estado del Proceso\"><i class=\"fas fa-spinner\"><\/i><\/strong> Proceso adjudicado y celebrado<\/p><p class=\"mb-0\" style=\"font-size: .85rem\"><strong title=\"Fecha de Publicaci\u00f3n\"><i class=\"fas fa-calendar-alt\"><\/i><\/strong> Publicado el jueves, 10 de julio de 2025<\/p><\/div><div class=\"col-auto mt-md-0 mt-2\"><a class=\"btn btn-primary btn-lg px-lg-4 d-none d-md-block\" href=\"https:\/\/comunidad.comprasdominicana.gob.do\/\/Public\/Tendering\/OpportunityDetail\/Index?noticeUID=DO1.NTC.1577641\" target=\"_blank\" title=\"Detalles\"><i class=\"fas fa-link\"><\/i> DETALLES<\/a><a class=\"btn btn-primary btn-lg px-lg-4 d-block d-md-none\" href=\"https:\/\/comunidad.comprasdominicana.gob.do\/\/Public\/Tendering\/OpportunityDetail\/Index?noticeUID=DO1.NTC.1577641\" target=\"_blank\" title=\"Detalles\"><i class=\"fas fa-2x fa-link\"><\/i><\/a><\/div><\/div><\/div><div class=\"jumbotron archivos\"><div class=\"row align-items-center\"><div class=\"col\"><h6><a class=\"text-dark\" href=\"https:\/\/comunidad.comprasdominicana.gob.do\/\/Public\/Tendering\/OpportunityDetail\/Index?noticeUID=DO1.NTC.1577140\" title=\"Ver\" target=\"_blank\">APORDOM-DAF-CM-2025-0016<\/a><\/h6><p class=\"mb-0 bold\">Adquisici\u00f3n de insumos odontol\u00f3gicos, m\u00e9dicos y art\u00edculos de sala de lactancia para ser usado en el dispensario m\u00e9dico de APORDOM<\/p><p class=\"mb-0\" style=\"font-size: .85rem\"><strong title=\"Estado del Proceso\"><i class=\"fas fa-spinner\"><\/i><\/strong> Proceso adjudicado y celebrado<\/p><p class=\"mb-0\" style=\"font-size: .85rem\"><strong title=\"Fecha de Publicaci\u00f3n\"><i class=\"fas fa-calendar-alt\"><\/i><\/strong> Publicado el mi\u00e9rcoles, 9 de julio de 2025<\/p><\/div><div class=\"col-auto mt-md-0 mt-2\"><a class=\"btn btn-primary btn-lg px-lg-4 d-none d-md-block\" href=\"https:\/\/comunidad.comprasdominicana.gob.do\/\/Public\/Tendering\/OpportunityDetail\/Index?noticeUID=DO1.NTC.1577140\" target=\"_blank\" title=\"Detalles\"><i class=\"fas fa-link\"><\/i> DETALLES<\/a><a class=\"btn btn-primary btn-lg px-lg-4 d-block d-md-none\" href=\"https:\/\/comunidad.comprasdominicana.gob.do\/\/Public\/Tendering\/OpportunityDetail\/Index?noticeUID=DO1.NTC.1577140\" target=\"_blank\" title=\"Detalles\"><i class=\"fas fa-2x fa-link\"><\/i><\/a><\/div><\/div><\/div><div class=\"jumbotron archivos\"><div class=\"row align-items-center\"><div class=\"col\"><h6><a class=\"text-dark\" href=\"https:\/\/comunidad.comprasdominicana.gob.do\/\/Public\/Tendering\/OpportunityDetail\/Index?noticeUID=DO1.NTC.1576646\" title=\"Ver\" target=\"_blank\">APORDOM-DAF-CM-2025-0021<\/a><\/h6><p class=\"mb-0 bold\">Adquisici\u00f3n de insumos comestibles <\/p><p class=\"mb-0\" style=\"font-size: .85rem\"><strong title=\"Estado del Proceso\"><i class=\"fas fa-spinner\"><\/i><\/strong> Proceso adjudicado y celebrado<\/p><p class=\"mb-0\" style=\"font-size: .85rem\"><strong title=\"Fecha de Publicaci\u00f3n\"><i class=\"fas fa-calendar-alt\"><\/i><\/strong> Publicado el mi\u00e9rcoles, 9 de julio de 2025<\/p><\/div><div class=\"col-auto mt-md-0 mt-2\"><a class=\"btn btn-primary btn-lg px-lg-4 d-none d-md-block\" href=\"https:\/\/comunidad.comprasdominicana.gob.do\/\/Public\/Tendering\/OpportunityDetail\/Index?noticeUID=DO1.NTC.1576646\" target=\"_blank\" title=\"Detalles\"><i class=\"fas fa-link\"><\/i> DETALLES<\/a><a class=\"btn btn-primary btn-lg px-lg-4 d-block d-md-none\" href=\"https:\/\/comunidad.comprasdominicana.gob.do\/\/Public\/Tendering\/OpportunityDetail\/Index?noticeUID=DO1.NTC.1576646\" target=\"_blank\" title=\"Detalles\"><i class=\"fas fa-2x fa-link\"><\/i><\/a><\/div><\/div><\/div><div class=\"jumbotron archivos\"><div class=\"row align-items-center\"><div class=\"col\"><h6><a class=\"text-dark\" href=\"https:\/\/comunidad.comprasdominicana.gob.do\/\/Public\/Tendering\/OpportunityDetail\/Index?noticeUID=DO1.NTC.1583642\" title=\"Ver\" target=\"_blank\">APORDOM-DAF-CM-2025-0025<\/a><\/h6><p class=\"mb-0 bold\">Adquisici\u00f3n de busto del Sr. Daniel Shephard  Moya<\/p><p class=\"mb-0\" style=\"font-size: .85rem\"><strong title=\"Estado del Proceso\"><i class=\"fas fa-spinner\"><\/i><\/strong> Proceso desierto<\/p><p class=\"mb-0\" style=\"font-size: .85rem\"><strong title=\"Fecha de Publicaci\u00f3n\"><i class=\"fas fa-calendar-alt\"><\/i><\/strong> Publicado el jueves, 24 de julio de 2025<\/p><\/div><div class=\"col-auto mt-md-0 mt-2\"><a class=\"btn btn-primary btn-lg px-lg-4 d-none d-md-block\" href=\"https:\/\/comunidad.comprasdominicana.gob.do\/\/Public\/Tendering\/OpportunityDetail\/Index?noticeUID=DO1.NTC.1583642\" target=\"_blank\" title=\"Detalles\"><i class=\"fas fa-link\"><\/i> DETALLES<\/a><a class=\"btn btn-primary btn-lg px-lg-4 d-block d-md-none\" href=\"https:\/\/comunidad.comprasdominicana.gob.do\/\/Public\/Tendering\/OpportunityDetail\/Index?noticeUID=DO1.NTC.1583642\" target=\"_blank\" title=\"Detalles\"><i class=\"fas fa-2x fa-link\"><\/i><\/a><\/div><\/div><\/div><div class=\"jumbotron archivos\"><div class=\"row align-items-center\"><div class=\"col\"><h6><a class=\"text-dark\" href=\"https:\/\/comunidad.comprasdominicana.gob.do\/\/Public\/Tendering\/OpportunityDetail\/Index?noticeUID=DO1.NTC.1578949\" title=\"Ver\" target=\"_blank\">APORDOM-DAF-CM-2025-0023<\/a><\/h6><p class=\"mb-0 bold\">Contrataci\u00f3n de sal\u00f3n para realizaci\u00f3n de evento de integraci\u00f3n del POA 2026, segunda convocatoria<\/p><p class=\"mb-0\" style=\"font-size: .85rem\"><strong title=\"Estado del Proceso\"><i class=\"fas fa-spinner\"><\/i><\/strong> Proceso desierto<\/p><p class=\"mb-0\" style=\"font-size: .85rem\"><strong title=\"Fecha de Publicaci\u00f3n\"><i class=\"fas fa-calendar-alt\"><\/i><\/strong> Publicado el lunes, 14 de julio de 2025<\/p><\/div><div class=\"col-auto mt-md-0 mt-2\"><a class=\"btn btn-primary btn-lg px-lg-4 d-none d-md-block\" href=\"https:\/\/comunidad.comprasdominicana.gob.do\/\/Public\/Tendering\/OpportunityDetail\/Index?noticeUID=DO1.NTC.1578949\" target=\"_blank\" title=\"Detalles\"><i class=\"fas fa-link\"><\/i> DETALLES<\/a><a class=\"btn btn-primary btn-lg px-lg-4 d-block d-md-none\" href=\"https:\/\/comunidad.comprasdominicana.gob.do\/\/Public\/Tendering\/OpportunityDetail\/Index?noticeUID=DO1.NTC.1578949\" target=\"_blank\" title=\"Detalles\"><i class=\"fas fa-2x fa-link\"><\/i><\/a><\/div><\/div><\/div><div class=\"jumbotron archivos\"><div class=\"row align-items-center\"><div class=\"col\"><h6><a class=\"text-dark\" href=\"https:\/\/comunidad.comprasdominicana.gob.do\/\/Public\/Tendering\/OpportunityDetail\/Index?noticeUID=DO1.NTC.1576045\" title=\"Ver\" target=\"_blank\">APORDOM-DAF-CM-2025-0020<\/a><\/h6><p class=\"mb-0 bold\">Contrataci\u00f3n de servicio florales para esta APORDOM.<\/p><p class=\"mb-0\" style=\"font-size: .85rem\"><strong title=\"Estado del Proceso\"><i class=\"fas fa-spinner\"><\/i><\/strong> Proceso desierto<\/p><p class=\"mb-0\" style=\"font-size: .85rem\"><strong title=\"Fecha de Publicaci\u00f3n\"><i class=\"fas fa-calendar-alt\"><\/i><\/strong> Publicado el martes, 8 de julio de 2025<\/p><\/div><div class=\"col-auto mt-md-0 mt-2\"><a class=\"btn btn-primary btn-lg px-lg-4 d-none d-md-block\" href=\"https:\/\/comunidad.comprasdominicana.gob.do\/\/Public\/Tendering\/OpportunityDetail\/Index?noticeUID=DO1.NTC.1576045\" target=\"_blank\" title=\"Detalles\"><i class=\"fas fa-link\"><\/i> DETALLES<\/a><a class=\"btn btn-primary btn-lg px-lg-4 d-block d-md-none\" href=\"https:\/\/comunidad.comprasdominicana.gob.do\/\/Public\/Tendering\/OpportunityDetail\/Index?noticeUID=DO1.NTC.1576045\" target=\"_blank\" title=\"Detalles\"><i class=\"fas fa-2x fa-link\"><\/i><\/a><\/div><\/div><\/div><div class=\"jumbotron archivos\"><div class=\"row align-items-center\"><div class=\"col\"><h6><a class=\"text-dark\" href=\"https:\/\/comunidad.comprasdominicana.gob.do\/\/Public\/Tendering\/OpportunityDetail\/Index?noticeUID=DO1.NTC.1575718\" title=\"Ver\" target=\"_blank\">APORDOM-DAF-CM-2025-0019<\/a><\/h6><p class=\"mb-0 bold\">Contrataci\u00f3n de sal\u00f3n para realizaci\u00f3n de evento de integraci\u00f3n del POA 2026<\/p><p class=\"mb-0\" style=\"font-size: .85rem\"><strong title=\"Estado del Proceso\"><i class=\"fas fa-spinner\"><\/i><\/strong> Proceso desierto<\/p><p class=\"mb-0\" style=\"font-size: .85rem\"><strong title=\"Fecha de Publicaci\u00f3n\"><i class=\"fas fa-calendar-alt\"><\/i><\/strong> Publicado el lunes, 7 de julio de 2025<\/p><\/div><div class=\"col-auto mt-md-0 mt-2\"><a class=\"btn btn-primary btn-lg px-lg-4 d-none d-md-block\" href=\"https:\/\/comunidad.comprasdominicana.gob.do\/\/Public\/Tendering\/OpportunityDetail\/Index?noticeUID=DO1.NTC.1575718\" target=\"_blank\" title=\"Detalles\"><i class=\"fas fa-link\"><\/i> DETALLES<\/a><a class=\"btn btn-primary btn-lg px-lg-4 d-block d-md-none\" href=\"https:\/\/comunidad.comprasdominicana.gob.do\/\/Public\/Tendering\/OpportunityDetail\/Index?noticeUID=DO1.NTC.1575718\" target=\"_blank\" title=\"Detalles\"><i class=\"fas fa-2x fa-link\"><\/i><\/a><\/div><\/div><\/div><div class=\"jumbotron archivos\"><div class=\"row align-items-center\"><div class=\"col\"><h6><a class=\"text-dark\" href=\"https:\/\/comunidad.comprasdominicana.gob.do\/\/Public\/Tendering\/OpportunityDetail\/Index?noticeUID=DO1.NTC.1575139\" title=\"Ver\" target=\"_blank\">APORDOM-DAF-CM-2025-0018<\/a><\/h6><p class=\"mb-0 bold\">Adquisici\u00f3n de Banderas Institucionales y Confecci\u00f3n de Uniformes para esta APORDOM.<\/p><p class=\"mb-0\" style=\"font-size: .85rem\"><strong title=\"Estado del Proceso\"><i class=\"fas fa-spinner\"><\/i><\/strong> Proceso desierto<\/p><p class=\"mb-0\" style=\"font-size: .85rem\"><strong title=\"Fecha de Publicaci\u00f3n\"><i class=\"fas fa-calendar-alt\"><\/i><\/strong> Publicado el viernes, 4 de julio de 2025<\/p><\/div><div class=\"col-auto mt-md-0 mt-2\"><a class=\"btn btn-primary btn-lg px-lg-4 d-none d-md-block\" href=\"https:\/\/comunidad.comprasdominicana.gob.do\/\/Public\/Tendering\/OpportunityDetail\/Index?noticeUID=DO1.NTC.1575139\" target=\"_blank\" title=\"Detalles\"><i class=\"fas fa-link\"><\/i> DETALLES<\/a><a class=\"btn btn-primary btn-lg px-lg-4 d-block d-md-none\" href=\"https:\/\/comunidad.comprasdominicana.gob.do\/\/Public\/Tendering\/OpportunityDetail\/Index?noticeUID=DO1.NTC.1575139\" target=\"_blank\" title=\"Detalles\"><i class=\"fas fa-2x fa-link\"><\/i><\/a><\/div><\/div><\/div><\/div><\/div><\/div>\n        <div class=\"card\">\n            <div class=\"card-header parents\" id=\"heading_compras-menores-69eeee772d89c-2025-69eeee772d89c-mayo-69eeee772d89c\">\n                <p class=\"title text-blue mb-0\">\n                    <a class=\"btn-block hover text-left collapsed\" data-toggle=\"collapse\" data-target=\"#collap_compras-menores-69eeee772d89c-2025-69eeee772d89c-mayo-69eeee772d89c\" aria-expanded=\"false\" aria-controls=\"collap_compras-menores-69eeee772d89c-2025-69eeee772d89c-mayo-69eeee772d89c\">Mayo<\/a>\n                <\/p>\n            <\/div>\n            <div id=\"collap_compras-menores-69eeee772d89c-2025-69eeee772d89c-mayo-69eeee772d89c\" class=\"collapse\" aria-labelledby=\"heading_compras-menores-69eeee772d89c-2025-69eeee772d89c-mayo-69eeee772d89c\" data-parent=\"#collap_compras-menores-69eeee772d89c-2025-69eeee772d89c\">\n                <div class=\"card-body\"><div class=\"jumbotron archivos\"><div class=\"row align-items-center\"><div class=\"col\"><h6><a class=\"text-dark\" href=\"https:\/\/comunidad.comprasdominicana.gob.do\/\/Public\/Tendering\/OpportunityDetail\/Index?noticeUID=DO1.NTC.1560433\" title=\"Ver\" target=\"_blank\">APORDOM-DAF-CM-2025-0015<\/a><\/h6><p class=\"mb-0 bold\">Adquisici\u00f3n de insumos y materiales de pinturas para diferentes puertos y muelles de esta APORDOM, Dirigido a MiPyME<\/p><p class=\"mb-0\" style=\"font-size: .85rem\"><strong title=\"Estado del Proceso\"><i class=\"fas fa-spinner\"><\/i><\/strong> Proceso adjudicado y celebrado<\/p><p class=\"mb-0\" style=\"font-size: .85rem\"><strong title=\"Fecha de Publicaci\u00f3n\"><i class=\"fas fa-calendar-alt\"><\/i><\/strong> Publicado el viernes, 30 de mayo de 2025<\/p><\/div><div class=\"col-auto mt-md-0 mt-2\"><a class=\"btn btn-primary btn-lg px-lg-4 d-none d-md-block\" href=\"https:\/\/comunidad.comprasdominicana.gob.do\/\/Public\/Tendering\/OpportunityDetail\/Index?noticeUID=DO1.NTC.1560433\" target=\"_blank\" title=\"Detalles\"><i class=\"fas fa-link\"><\/i> DETALLES<\/a><a class=\"btn btn-primary btn-lg px-lg-4 d-block d-md-none\" href=\"https:\/\/comunidad.comprasdominicana.gob.do\/\/Public\/Tendering\/OpportunityDetail\/Index?noticeUID=DO1.NTC.1560433\" target=\"_blank\" title=\"Detalles\"><i class=\"fas fa-2x fa-link\"><\/i><\/a><\/div><\/div><\/div><div class=\"jumbotron archivos\"><div class=\"row align-items-center\"><div class=\"col\"><h6><a class=\"text-dark\" href=\"https:\/\/comunidad.comprasdominicana.gob.do\/\/Public\/Tendering\/OpportunityDetail\/Index?noticeUID=DO1.NTC.1557645\" title=\"Ver\" target=\"_blank\">APORDOM-DAF-CM-2025-0014<\/a><\/h6><p class=\"mb-0 bold\">Adquisici\u00f3n de souvenirs para personal de la direcci\u00f3n de recursos humanos de APORDOM, dirigido a Mipymes <\/p><p class=\"mb-0\" style=\"font-size: .85rem\"><strong title=\"Estado del Proceso\"><i class=\"fas fa-spinner\"><\/i><\/strong> Proceso adjudicado y celebrado<\/p><p class=\"mb-0\" style=\"font-size: .85rem\"><strong title=\"Fecha de Publicaci\u00f3n\"><i class=\"fas fa-calendar-alt\"><\/i><\/strong> Publicado el viernes, 23 de mayo de 2025<\/p><\/div><div class=\"col-auto mt-md-0 mt-2\"><a class=\"btn btn-primary btn-lg px-lg-4 d-none d-md-block\" href=\"https:\/\/comunidad.comprasdominicana.gob.do\/\/Public\/Tendering\/OpportunityDetail\/Index?noticeUID=DO1.NTC.1557645\" target=\"_blank\" title=\"Detalles\"><i class=\"fas fa-link\"><\/i> DETALLES<\/a><a class=\"btn btn-primary btn-lg px-lg-4 d-block d-md-none\" href=\"https:\/\/comunidad.comprasdominicana.gob.do\/\/Public\/Tendering\/OpportunityDetail\/Index?noticeUID=DO1.NTC.1557645\" target=\"_blank\" title=\"Detalles\"><i class=\"fas fa-2x fa-link\"><\/i><\/a><\/div><\/div><\/div><div class=\"jumbotron archivos\"><div class=\"row align-items-center\"><div class=\"col\"><h6><a class=\"text-dark\" href=\"https:\/\/comunidad.comprasdominicana.gob.do\/\/Public\/Tendering\/OpportunityDetail\/Index?noticeUID=DO1.NTC.1554841\" title=\"Ver\" target=\"_blank\">APORDOM-DAF-CM-2025-0013<\/a><\/h6><p class=\"mb-0 bold\">Servicio de Mantenimiento Preventivo del Elevador o Ascensor de esta APORDOM<\/p><p class=\"mb-0\" style=\"font-size: .85rem\"><strong title=\"Estado del Proceso\"><i class=\"fas fa-spinner\"><\/i><\/strong> Proceso adjudicado y celebrado<\/p><p class=\"mb-0\" style=\"font-size: .85rem\"><strong title=\"Fecha de Publicaci\u00f3n\"><i class=\"fas fa-calendar-alt\"><\/i><\/strong> Publicado el lunes, 19 de mayo de 2025<\/p><\/div><div class=\"col-auto mt-md-0 mt-2\"><a class=\"btn btn-primary btn-lg px-lg-4 d-none d-md-block\" href=\"https:\/\/comunidad.comprasdominicana.gob.do\/\/Public\/Tendering\/OpportunityDetail\/Index?noticeUID=DO1.NTC.1554841\" target=\"_blank\" title=\"Detalles\"><i class=\"fas fa-link\"><\/i> DETALLES<\/a><a class=\"btn btn-primary btn-lg px-lg-4 d-block d-md-none\" href=\"https:\/\/comunidad.comprasdominicana.gob.do\/\/Public\/Tendering\/OpportunityDetail\/Index?noticeUID=DO1.NTC.1554841\" target=\"_blank\" title=\"Detalles\"><i class=\"fas fa-2x fa-link\"><\/i><\/a><\/div><\/div><\/div><div class=\"jumbotron archivos\"><div class=\"row align-items-center\"><div class=\"col\"><h6><a class=\"text-dark\" href=\"https:\/\/comunidad.comprasdominicana.gob.do\/\/Public\/Tendering\/OpportunityDetail\/Index?noticeUID=DO1.NTC.1550748\" title=\"Ver\" target=\"_blank\">APORDOM-DAF-CM-2025-0011<\/a><\/h6><p class=\"mb-0 bold\">Contrataci\u00f3n para la Renovaci\u00f3n de Garant\u00edas de Equipos Tecnol\u00f3gicos de APORDOM<\/p><p class=\"mb-0\" style=\"font-size: .85rem\"><strong title=\"Estado del Proceso\"><i class=\"fas fa-spinner\"><\/i><\/strong> Proceso adjudicado y celebrado<\/p><p class=\"mb-0\" style=\"font-size: .85rem\"><strong title=\"Fecha de Publicaci\u00f3n\"><i class=\"fas fa-calendar-alt\"><\/i><\/strong> Publicado el jueves, 8 de mayo de 2025<\/p><\/div><div class=\"col-auto mt-md-0 mt-2\"><a class=\"btn btn-primary btn-lg px-lg-4 d-none d-md-block\" href=\"https:\/\/comunidad.comprasdominicana.gob.do\/\/Public\/Tendering\/OpportunityDetail\/Index?noticeUID=DO1.NTC.1550748\" target=\"_blank\" title=\"Detalles\"><i class=\"fas fa-link\"><\/i> DETALLES<\/a><a class=\"btn btn-primary btn-lg px-lg-4 d-block d-md-none\" href=\"https:\/\/comunidad.comprasdominicana.gob.do\/\/Public\/Tendering\/OpportunityDetail\/Index?noticeUID=DO1.NTC.1550748\" target=\"_blank\" title=\"Detalles\"><i class=\"fas fa-2x fa-link\"><\/i><\/a><\/div><\/div><\/div><div class=\"jumbotron archivos\"><div class=\"row align-items-center\"><div class=\"col\"><h6><a class=\"text-dark\" href=\"https:\/\/comunidad.comprasdominicana.gob.do\/\/Public\/Tendering\/OpportunityDetail\/Index?noticeUID=DO1.NTC.1550449\" title=\"Ver\" target=\"_blank\">APORDOM-DAF-CM-2025-0012<\/a><\/h6><p class=\"mb-0 bold\">Adquisici\u00f3n De Talonarios Para Uso De La Sede Principal Y Puertos De Apordom, Dirigido A Mipymes.<\/p><p class=\"mb-0\" style=\"font-size: .85rem\"><strong title=\"Estado del Proceso\"><i class=\"fas fa-spinner\"><\/i><\/strong> Proceso adjudicado y celebrado<\/p><p class=\"mb-0\" style=\"font-size: .85rem\"><strong title=\"Fecha de Publicaci\u00f3n\"><i class=\"fas fa-calendar-alt\"><\/i><\/strong> Publicado el jueves, 8 de mayo de 2025<\/p><\/div><div class=\"col-auto mt-md-0 mt-2\"><a class=\"btn btn-primary btn-lg px-lg-4 d-none d-md-block\" href=\"https:\/\/comunidad.comprasdominicana.gob.do\/\/Public\/Tendering\/OpportunityDetail\/Index?noticeUID=DO1.NTC.1550449\" target=\"_blank\" title=\"Detalles\"><i class=\"fas fa-link\"><\/i> DETALLES<\/a><a class=\"btn btn-primary btn-lg px-lg-4 d-block d-md-none\" href=\"https:\/\/comunidad.comprasdominicana.gob.do\/\/Public\/Tendering\/OpportunityDetail\/Index?noticeUID=DO1.NTC.1550449\" target=\"_blank\" title=\"Detalles\"><i class=\"fas fa-2x fa-link\"><\/i><\/a><\/div><\/div><\/div><div class=\"jumbotron archivos\"><div class=\"row align-items-center\"><div class=\"col\"><h6><a class=\"text-dark\" href=\"https:\/\/comunidad.comprasdominicana.gob.do\/\/Public\/Tendering\/OpportunityDetail\/Index?noticeUID=DO1.NTC.1550263\" title=\"Ver\" target=\"_blank\">APORDOM-DAF-CM-2025-0009<\/a><\/h6><p class=\"mb-0 bold\">Adquisici\u00f3n de productos de limpieza e higiene para diferentes departamentos y puertos de esta APORDOM, dirigido a mipymes mujer<\/p><p class=\"mb-0\" style=\"font-size: .85rem\"><strong title=\"Estado del Proceso\"><i class=\"fas fa-spinner\"><\/i><\/strong> Proceso adjudicado y celebrado<\/p><p class=\"mb-0\" style=\"font-size: .85rem\"><strong title=\"Fecha de Publicaci\u00f3n\"><i class=\"fas fa-calendar-alt\"><\/i><\/strong> Publicado el mi\u00e9rcoles, 7 de mayo de 2025<\/p><\/div><div class=\"col-auto mt-md-0 mt-2\"><a class=\"btn btn-primary btn-lg px-lg-4 d-none d-md-block\" href=\"https:\/\/comunidad.comprasdominicana.gob.do\/\/Public\/Tendering\/OpportunityDetail\/Index?noticeUID=DO1.NTC.1550263\" target=\"_blank\" title=\"Detalles\"><i class=\"fas fa-link\"><\/i> DETALLES<\/a><a class=\"btn btn-primary btn-lg px-lg-4 d-block d-md-none\" href=\"https:\/\/comunidad.comprasdominicana.gob.do\/\/Public\/Tendering\/OpportunityDetail\/Index?noticeUID=DO1.NTC.1550263\" target=\"_blank\" title=\"Detalles\"><i class=\"fas fa-2x fa-link\"><\/i><\/a><\/div><\/div><\/div><div class=\"jumbotron archivos\"><div class=\"row align-items-center\"><div class=\"col\"><h6><a class=\"text-dark\" href=\"https:\/\/comunidad.comprasdominicana.gob.do\/\/Public\/Tendering\/OpportunityDetail\/Index?noticeUID=DO1.NTC.1548936\" title=\"Ver\" target=\"_blank\">APORDOM-DAF-CM-2025-0010<\/a><\/h6><p class=\"mb-0 bold\">Adquisici\u00f3n de souvenirs para personal de la direcci\u00f3n de recursos humanos de APORDOM, dirigido a Mipymes<\/p><p class=\"mb-0\" style=\"font-size: .85rem\"><strong title=\"Estado del Proceso\"><i class=\"fas fa-spinner\"><\/i><\/strong> Proceso desierto<\/p><p class=\"mb-0\" style=\"font-size: .85rem\"><strong title=\"Fecha de Publicaci\u00f3n\"><i class=\"fas fa-calendar-alt\"><\/i><\/strong> Publicado el viernes, 2 de mayo de 2025<\/p><\/div><div class=\"col-auto mt-md-0 mt-2\"><a class=\"btn btn-primary btn-lg px-lg-4 d-none d-md-block\" href=\"https:\/\/comunidad.comprasdominicana.gob.do\/\/Public\/Tendering\/OpportunityDetail\/Index?noticeUID=DO1.NTC.1548936\" target=\"_blank\" title=\"Detalles\"><i class=\"fas fa-link\"><\/i> DETALLES<\/a><a class=\"btn btn-primary btn-lg px-lg-4 d-block d-md-none\" href=\"https:\/\/comunidad.comprasdominicana.gob.do\/\/Public\/Tendering\/OpportunityDetail\/Index?noticeUID=DO1.NTC.1548936\" target=\"_blank\" title=\"Detalles\"><i class=\"fas fa-2x fa-link\"><\/i><\/a><\/div><\/div><\/div><\/div><\/div><\/div>\n        <div class=\"card\">\n            <div class=\"card-header parents\" id=\"heading_compras-menores-69eeee772d89c-2025-69eeee772d89c-marzo-69eeee772d89c\">\n                <p class=\"title text-blue mb-0\">\n                    <a class=\"btn-block hover text-left collapsed\" data-toggle=\"collapse\" data-target=\"#collap_compras-menores-69eeee772d89c-2025-69eeee772d89c-marzo-69eeee772d89c\" aria-expanded=\"false\" aria-controls=\"collap_compras-menores-69eeee772d89c-2025-69eeee772d89c-marzo-69eeee772d89c\">Marzo<\/a>\n                <\/p>\n            <\/div>\n            <div id=\"collap_compras-menores-69eeee772d89c-2025-69eeee772d89c-marzo-69eeee772d89c\" class=\"collapse\" aria-labelledby=\"heading_compras-menores-69eeee772d89c-2025-69eeee772d89c-marzo-69eeee772d89c\" data-parent=\"#collap_compras-menores-69eeee772d89c-2025-69eeee772d89c\">\n                <div class=\"card-body\"><div class=\"jumbotron archivos\"><div class=\"row align-items-center\"><div class=\"col\"><h6><a class=\"text-dark\" href=\"https:\/\/comunidad.comprasdominicana.gob.do\/\/Public\/Tendering\/OpportunityDetail\/Index?noticeUID=DO1.NTC.1533936\" title=\"Ver\" target=\"_blank\">APORDOM-DAF-CM-2025-0005<\/a><\/h6><p class=\"mb-0 bold\">Adquisici\u00f3n de Insumos de Oficinas y Materiales Gastable para diferentes Departamentos de esta APORDOM, dirigido a Mipymes\n<\/p><p class=\"mb-0\" style=\"font-size: .85rem\"><strong title=\"Estado del Proceso\"><i class=\"fas fa-spinner\"><\/i><\/strong> Proceso adjudicado y celebrado<\/p><p class=\"mb-0\" style=\"font-size: .85rem\"><strong title=\"Fecha de Publicaci\u00f3n\"><i class=\"fas fa-calendar-alt\"><\/i><\/strong> Publicado el viernes, 28 de marzo de 2025<\/p><\/div><div class=\"col-auto mt-md-0 mt-2\"><a class=\"btn btn-primary btn-lg px-lg-4 d-none d-md-block\" href=\"https:\/\/comunidad.comprasdominicana.gob.do\/\/Public\/Tendering\/OpportunityDetail\/Index?noticeUID=DO1.NTC.1533936\" target=\"_blank\" title=\"Detalles\"><i class=\"fas fa-link\"><\/i> DETALLES<\/a><a class=\"btn btn-primary btn-lg px-lg-4 d-block d-md-none\" href=\"https:\/\/comunidad.comprasdominicana.gob.do\/\/Public\/Tendering\/OpportunityDetail\/Index?noticeUID=DO1.NTC.1533936\" target=\"_blank\" title=\"Detalles\"><i class=\"fas fa-2x fa-link\"><\/i><\/a><\/div><\/div><\/div><div class=\"jumbotron archivos\"><div class=\"row align-items-center\"><div class=\"col\"><h6><a class=\"text-dark\" href=\"https:\/\/comunidad.comprasdominicana.gob.do\/\/Public\/Tendering\/OpportunityDetail\/Index?noticeUID=DO1.NTC.1533112\" title=\"Ver\" target=\"_blank\">APORDOM-DAF-CM-2025-0007<\/a><\/h6><p class=\"mb-0 bold\">CONTRATACI\u00d3N DE SERVICIOS PARA LA CREACION DE UNA BASE PARA LA COLOCACI\u00d3N DE BUSTO EN EL PUERTO DE SANCHEZ DE ESTA APORDOM<\/p><p class=\"mb-0\" style=\"font-size: .85rem\"><strong title=\"Estado del Proceso\"><i class=\"fas fa-spinner\"><\/i><\/strong> Proceso adjudicado y celebrado<\/p><p class=\"mb-0\" style=\"font-size: .85rem\"><strong title=\"Fecha de Publicaci\u00f3n\"><i class=\"fas fa-calendar-alt\"><\/i><\/strong> Publicado el jueves, 27 de marzo de 2025<\/p><\/div><div class=\"col-auto mt-md-0 mt-2\"><a class=\"btn btn-primary btn-lg px-lg-4 d-none d-md-block\" href=\"https:\/\/comunidad.comprasdominicana.gob.do\/\/Public\/Tendering\/OpportunityDetail\/Index?noticeUID=DO1.NTC.1533112\" target=\"_blank\" title=\"Detalles\"><i class=\"fas fa-link\"><\/i> DETALLES<\/a><a class=\"btn btn-primary btn-lg px-lg-4 d-block d-md-none\" href=\"https:\/\/comunidad.comprasdominicana.gob.do\/\/Public\/Tendering\/OpportunityDetail\/Index?noticeUID=DO1.NTC.1533112\" target=\"_blank\" title=\"Detalles\"><i class=\"fas fa-2x fa-link\"><\/i><\/a><\/div><\/div><\/div><div class=\"jumbotron archivos\"><div class=\"row align-items-center\"><div class=\"col\"><h6><a class=\"text-dark\" href=\"https:\/\/comunidad.comprasdominicana.gob.do\/\/Public\/Tendering\/OpportunityDetail\/Index?noticeUID=DO1.NTC.1526816\" title=\"Ver\" target=\"_blank\">APORDOM-DAF-CM-2025-0003<\/a><\/h6><p class=\"mb-0 bold\">Contrataci\u00f3n de Servicio de Alquiler de Impresoras por 12 meses.<\/p><p class=\"mb-0\" style=\"font-size: .85rem\"><strong title=\"Estado del Proceso\"><i class=\"fas fa-spinner\"><\/i><\/strong> Proceso adjudicado y celebrado<\/p><p class=\"mb-0\" style=\"font-size: .85rem\"><strong title=\"Fecha de Publicaci\u00f3n\"><i class=\"fas fa-calendar-alt\"><\/i><\/strong> Publicado el jueves, 13 de marzo de 2025<\/p><\/div><div class=\"col-auto mt-md-0 mt-2\"><a class=\"btn btn-primary btn-lg px-lg-4 d-none d-md-block\" href=\"https:\/\/comunidad.comprasdominicana.gob.do\/\/Public\/Tendering\/OpportunityDetail\/Index?noticeUID=DO1.NTC.1526816\" target=\"_blank\" title=\"Detalles\"><i class=\"fas fa-link\"><\/i> DETALLES<\/a><a class=\"btn btn-primary btn-lg px-lg-4 d-block d-md-none\" href=\"https:\/\/comunidad.comprasdominicana.gob.do\/\/Public\/Tendering\/OpportunityDetail\/Index?noticeUID=DO1.NTC.1526816\" target=\"_blank\" title=\"Detalles\"><i class=\"fas fa-2x fa-link\"><\/i><\/a><\/div><\/div><\/div><div class=\"jumbotron archivos\"><div class=\"row align-items-center\"><div class=\"col\"><h6><a class=\"text-dark\" href=\"https:\/\/comunidad.comprasdominicana.gob.do\/\/Public\/Tendering\/OpportunityDetail\/Index?noticeUID=DO1.NTC.1527630\" title=\"Ver\" target=\"_blank\">APORDOM-DAF-CM-2025-0004<\/a><\/h6><p class=\"mb-0 bold\">Contrataci\u00f3n de Servicios de Mantenimiento, Preventivo y Correctivo de Equipos Odontol\u00f3gicos por 12 Meses<\/p><p class=\"mb-0\" style=\"font-size: .85rem\"><strong title=\"Estado del Proceso\"><i class=\"fas fa-spinner\"><\/i><\/strong> Proceso desierto<\/p><p class=\"mb-0\" style=\"font-size: .85rem\"><strong title=\"Fecha de Publicaci\u00f3n\"><i class=\"fas fa-calendar-alt\"><\/i><\/strong> Publicado el lunes, 17 de marzo de 2025<\/p><\/div><div class=\"col-auto mt-md-0 mt-2\"><a class=\"btn btn-primary btn-lg px-lg-4 d-none d-md-block\" href=\"https:\/\/comunidad.comprasdominicana.gob.do\/\/Public\/Tendering\/OpportunityDetail\/Index?noticeUID=DO1.NTC.1527630\" target=\"_blank\" title=\"Detalles\"><i class=\"fas fa-link\"><\/i> DETALLES<\/a><a class=\"btn btn-primary btn-lg px-lg-4 d-block d-md-none\" href=\"https:\/\/comunidad.comprasdominicana.gob.do\/\/Public\/Tendering\/OpportunityDetail\/Index?noticeUID=DO1.NTC.1527630\" target=\"_blank\" title=\"Detalles\"><i class=\"fas fa-2x fa-link\"><\/i><\/a><\/div><\/div><\/div><\/div><\/div><\/div>\n        <div class=\"card\">\n            <div class=\"card-header parents\" id=\"heading_compras-menores-69eeee772d89c-2025-69eeee772d89c-febrero-69eeee772d89c\">\n                <p class=\"title text-blue mb-0\">\n                    <a class=\"btn-block hover text-left collapsed\" data-toggle=\"collapse\" data-target=\"#collap_compras-menores-69eeee772d89c-2025-69eeee772d89c-febrero-69eeee772d89c\" aria-expanded=\"false\" aria-controls=\"collap_compras-menores-69eeee772d89c-2025-69eeee772d89c-febrero-69eeee772d89c\">Febrero<\/a>\n                <\/p>\n            <\/div>\n            <div id=\"collap_compras-menores-69eeee772d89c-2025-69eeee772d89c-febrero-69eeee772d89c\" class=\"collapse\" aria-labelledby=\"heading_compras-menores-69eeee772d89c-2025-69eeee772d89c-febrero-69eeee772d89c\" data-parent=\"#collap_compras-menores-69eeee772d89c-2025-69eeee772d89c\">\n                <div class=\"card-body\"><div class=\"jumbotron archivos\"><div class=\"row align-items-center\"><div class=\"col\"><h6><a class=\"text-dark\" href=\"https:\/\/comunidad.comprasdominicana.gob.do\/\/Public\/Tendering\/OpportunityDetail\/Index?noticeUID=DO1.NTC.1519428\" title=\"Ver\" target=\"_blank\">APORDOM-DAF-CM-2025-0002<\/a><\/h6><p class=\"mb-0 bold\">Contrataci\u00f3n de Empresa para Elaboraci\u00f3n y Colocaci\u00f3n de Stand para Uso de APORDOM<\/p><p class=\"mb-0\" style=\"font-size: .85rem\"><strong title=\"Estado del Proceso\"><i class=\"fas fa-spinner\"><\/i><\/strong> Proceso adjudicado y celebrado<\/p><p class=\"mb-0\" style=\"font-size: .85rem\"><strong title=\"Fecha de Publicaci\u00f3n\"><i class=\"fas fa-calendar-alt\"><\/i><\/strong> Publicado el martes, 25 de febrero de 2025<\/p><\/div><div class=\"col-auto mt-md-0 mt-2\"><a class=\"btn btn-primary btn-lg px-lg-4 d-none d-md-block\" href=\"https:\/\/comunidad.comprasdominicana.gob.do\/\/Public\/Tendering\/OpportunityDetail\/Index?noticeUID=DO1.NTC.1519428\" target=\"_blank\" title=\"Detalles\"><i class=\"fas fa-link\"><\/i> DETALLES<\/a><a class=\"btn btn-primary btn-lg px-lg-4 d-block d-md-none\" href=\"https:\/\/comunidad.comprasdominicana.gob.do\/\/Public\/Tendering\/OpportunityDetail\/Index?noticeUID=DO1.NTC.1519428\" target=\"_blank\" title=\"Detalles\"><i class=\"fas fa-2x fa-link\"><\/i><\/a><\/div><\/div><\/div><\/div><\/div><\/div><\/div><\/div><\/div>\n        <div class=\"card\">\n            <div class=\"card-header parents\" id=\"heading_compras-menores-69eeee772d89c-2024-69eeee772d89c\">\n                <p class=\"title text-blue mb-0\">\n                    <a class=\"btn-block hover text-left collapsed\" data-toggle=\"collapse\" data-target=\"#collap_compras-menores-69eeee772d89c-2024-69eeee772d89c\" aria-expanded=\"false\" aria-controls=\"collap_compras-menores-69eeee772d89c-2024-69eeee772d89c\">2024<\/a>\n                <\/p>\n            <\/div>\n            <div id=\"collap_compras-menores-69eeee772d89c-2024-69eeee772d89c\" class=\"collapse\" aria-labelledby=\"heading_compras-menores-69eeee772d89c-2024-69eeee772d89c\" data-parent=\"#collap_compras-menores-69eeee772d89c\">\n                <div class=\"card-body\">\n        <div class=\"card\">\n            <div class=\"card-header parents\" id=\"heading_compras-menores-69eeee772d89c-2024-69eeee772d89c-diciembre-69eeee772d89c\">\n                <p class=\"title text-blue mb-0\">\n                    <a class=\"btn-block hover text-left collapsed\" data-toggle=\"collapse\" data-target=\"#collap_compras-menores-69eeee772d89c-2024-69eeee772d89c-diciembre-69eeee772d89c\" aria-expanded=\"false\" aria-controls=\"collap_compras-menores-69eeee772d89c-2024-69eeee772d89c-diciembre-69eeee772d89c\">Diciembre<\/a>\n                <\/p>\n            <\/div>\n            <div id=\"collap_compras-menores-69eeee772d89c-2024-69eeee772d89c-diciembre-69eeee772d89c\" class=\"collapse\" aria-labelledby=\"heading_compras-menores-69eeee772d89c-2024-69eeee772d89c-diciembre-69eeee772d89c\" data-parent=\"#collap_compras-menores-69eeee772d89c-2024-69eeee772d89c\">\n                <div class=\"card-body\"><div class=\"jumbotron archivos\"><div class=\"row align-items-center\"><div class=\"col\"><h6><a class=\"text-dark\" href=\"https:\/\/comunidad.comprasdominicana.gob.do\/\/Public\/Tendering\/OpportunityDetail\/Index?noticeUID=DO1.NTC.1493505\" title=\"Ver\" target=\"_blank\">APORDOM-DAF-CM-2024-0061<\/a><\/h6><p class=\"mb-0 bold\">Adquisici\u00f3n de Se\u00f1al\u00e9ticas y Letreros para la Sede Central y Puertos de esta APORDOM, Dirigido a Mipymes.<\/p><p class=\"mb-0\" style=\"font-size: .85rem\"><strong title=\"Estado del Proceso\"><i class=\"fas fa-spinner\"><\/i><\/strong> Proceso adjudicado y celebrado<\/p><p class=\"mb-0\" style=\"font-size: .85rem\"><strong title=\"Fecha de Publicaci\u00f3n\"><i class=\"fas fa-calendar-alt\"><\/i><\/strong> Publicado el lunes, 30 de diciembre de 2024<\/p><\/div><div class=\"col-auto mt-md-0 mt-2\"><a class=\"btn btn-primary btn-lg px-lg-4 d-none d-md-block\" href=\"https:\/\/comunidad.comprasdominicana.gob.do\/\/Public\/Tendering\/OpportunityDetail\/Index?noticeUID=DO1.NTC.1493505\" target=\"_blank\" title=\"Detalles\"><i class=\"fas fa-link\"><\/i> DETALLES<\/a><a class=\"btn btn-primary btn-lg px-lg-4 d-block d-md-none\" href=\"https:\/\/comunidad.comprasdominicana.gob.do\/\/Public\/Tendering\/OpportunityDetail\/Index?noticeUID=DO1.NTC.1493505\" target=\"_blank\" title=\"Detalles\"><i class=\"fas fa-2x fa-link\"><\/i><\/a><\/div><\/div><\/div><div class=\"jumbotron archivos\"><div class=\"row align-items-center\"><div class=\"col\"><h6><a class=\"text-dark\" href=\"https:\/\/comunidad.comprasdominicana.gob.do\/\/Public\/Tendering\/OpportunityDetail\/Index?noticeUID=DO1.NTC.1494001\" title=\"Ver\" target=\"_blank\">APORDOM-DAF-CM-2024-0058<\/a><\/h6><p class=\"mb-0 bold\">Contrataci\u00f3n de Servicios Profesionales Asesor\u00eda Externa en TIC <\/p><p class=\"mb-0\" style=\"font-size: .85rem\"><strong title=\"Estado del Proceso\"><i class=\"fas fa-spinner\"><\/i><\/strong> Proceso adjudicado y celebrado<\/p><p class=\"mb-0\" style=\"font-size: .85rem\"><strong title=\"Fecha de Publicaci\u00f3n\"><i class=\"fas fa-calendar-alt\"><\/i><\/strong> Publicado el lunes, 30 de diciembre de 2024<\/p><\/div><div class=\"col-auto mt-md-0 mt-2\"><a class=\"btn btn-primary btn-lg px-lg-4 d-none d-md-block\" href=\"https:\/\/comunidad.comprasdominicana.gob.do\/\/Public\/Tendering\/OpportunityDetail\/Index?noticeUID=DO1.NTC.1494001\" target=\"_blank\" title=\"Detalles\"><i class=\"fas fa-link\"><\/i> DETALLES<\/a><a class=\"btn btn-primary btn-lg px-lg-4 d-block d-md-none\" href=\"https:\/\/comunidad.comprasdominicana.gob.do\/\/Public\/Tendering\/OpportunityDetail\/Index?noticeUID=DO1.NTC.1494001\" target=\"_blank\" title=\"Detalles\"><i class=\"fas fa-2x fa-link\"><\/i><\/a><\/div><\/div><\/div><div class=\"jumbotron archivos\"><div class=\"row align-items-center\"><div class=\"col\"><h6><a class=\"text-dark\" href=\"https:\/\/comunidad.comprasdominicana.gob.do\/\/Public\/Tendering\/OpportunityDetail\/Index?noticeUID=DO1.NTC.1490707\" title=\"Ver\" target=\"_blank\">APORDOM-DAF-CM-2024-0059<\/a><\/h6><p class=\"mb-0 bold\">Adquisici\u00f3n de Mobiliarios para diferentes Departamentos y Puertos de esta APORDOM, dirigido a Mipymes<\/p><p class=\"mb-0\" style=\"font-size: .85rem\"><strong title=\"Estado del Proceso\"><i class=\"fas fa-spinner\"><\/i><\/strong> Proceso adjudicado y celebrado<\/p><p class=\"mb-0\" style=\"font-size: .85rem\"><strong title=\"Fecha de Publicaci\u00f3n\"><i class=\"fas fa-calendar-alt\"><\/i><\/strong> Publicado el viernes, 20 de diciembre de 2024<\/p><\/div><div class=\"col-auto mt-md-0 mt-2\"><a class=\"btn btn-primary btn-lg px-lg-4 d-none d-md-block\" href=\"https:\/\/comunidad.comprasdominicana.gob.do\/\/Public\/Tendering\/OpportunityDetail\/Index?noticeUID=DO1.NTC.1490707\" target=\"_blank\" title=\"Detalles\"><i class=\"fas fa-link\"><\/i> DETALLES<\/a><a class=\"btn btn-primary btn-lg px-lg-4 d-block d-md-none\" href=\"https:\/\/comunidad.comprasdominicana.gob.do\/\/Public\/Tendering\/OpportunityDetail\/Index?noticeUID=DO1.NTC.1490707\" target=\"_blank\" title=\"Detalles\"><i class=\"fas fa-2x fa-link\"><\/i><\/a><\/div><\/div><\/div><div class=\"jumbotron archivos\"><div class=\"row align-items-center\"><div class=\"col\"><h6><a class=\"text-dark\" href=\"https:\/\/comunidad.comprasdominicana.gob.do\/\/Public\/Tendering\/OpportunityDetail\/Index?noticeUID=DO1.NTC.1487729\" title=\"Ver\" target=\"_blank\">APORDOM-DAF-CM-2024-0060<\/a><\/h6><p class=\"mb-0 bold\">Adquisici\u00f3n de Productos de Limpieza e Higiene para diferentes Departamentos y Puertos de esta APORDOM, dirigido a Mipymes Mujer<\/p><p class=\"mb-0\" style=\"font-size: .85rem\"><strong title=\"Estado del Proceso\"><i class=\"fas fa-spinner\"><\/i><\/strong> Proceso adjudicado y celebrado<\/p><p class=\"mb-0\" style=\"font-size: .85rem\"><strong title=\"Fecha de Publicaci\u00f3n\"><i class=\"fas fa-calendar-alt\"><\/i><\/strong> Publicado el viernes, 13 de diciembre de 2024<\/p><\/div><div class=\"col-auto mt-md-0 mt-2\"><a class=\"btn btn-primary btn-lg px-lg-4 d-none d-md-block\" href=\"https:\/\/comunidad.comprasdominicana.gob.do\/\/Public\/Tendering\/OpportunityDetail\/Index?noticeUID=DO1.NTC.1487729\" target=\"_blank\" title=\"Detalles\"><i class=\"fas fa-link\"><\/i> DETALLES<\/a><a class=\"btn btn-primary btn-lg px-lg-4 d-block d-md-none\" href=\"https:\/\/comunidad.comprasdominicana.gob.do\/\/Public\/Tendering\/OpportunityDetail\/Index?noticeUID=DO1.NTC.1487729\" target=\"_blank\" title=\"Detalles\"><i class=\"fas fa-2x fa-link\"><\/i><\/a><\/div><\/div><\/div><\/div><\/div><\/div>\n        <div class=\"card\">\n            <div class=\"card-header parents\" id=\"heading_compras-menores-69eeee772d89c-2024-69eeee772d89c-noviembre-69eeee772d89c\">\n                <p class=\"title text-blue mb-0\">\n                    <a class=\"btn-block hover text-left collapsed\" data-toggle=\"collapse\" data-target=\"#collap_compras-menores-69eeee772d89c-2024-69eeee772d89c-noviembre-69eeee772d89c\" aria-expanded=\"false\" aria-controls=\"collap_compras-menores-69eeee772d89c-2024-69eeee772d89c-noviembre-69eeee772d89c\">Noviembre<\/a>\n                <\/p>\n            <\/div>\n            <div id=\"collap_compras-menores-69eeee772d89c-2024-69eeee772d89c-noviembre-69eeee772d89c\" class=\"collapse\" aria-labelledby=\"heading_compras-menores-69eeee772d89c-2024-69eeee772d89c-noviembre-69eeee772d89c\" data-parent=\"#collap_compras-menores-69eeee772d89c-2024-69eeee772d89c\">\n                <div class=\"card-body\"><div class=\"jumbotron archivos\"><div class=\"row align-items-center\"><div class=\"col\"><h6><a class=\"text-dark\" href=\"https:\/\/comunidad.comprasdominicana.gob.do\/\/Public\/Tendering\/OpportunityDetail\/Index?noticeUID=DO1.NTC.1473129\" title=\"Ver\" target=\"_blank\">APORDOM-DAF-CM-2024-0052<\/a><\/h6><p class=\"mb-0 bold\">Adquisici\u00f3n De Talonarios Para Uso De La Sede Principal Y Puertos De APORDOM, Dirigido A Mipymes<\/p><p class=\"mb-0\" style=\"font-size: .85rem\"><strong title=\"Estado del Proceso\"><i class=\"fas fa-spinner\"><\/i><\/strong> Proceso adjudicado y celebrado<\/p><p class=\"mb-0\" style=\"font-size: .85rem\"><strong title=\"Fecha de Publicaci\u00f3n\"><i class=\"fas fa-calendar-alt\"><\/i><\/strong> Publicado el jueves, 14 de noviembre de 2024<\/p><\/div><div class=\"col-auto mt-md-0 mt-2\"><a class=\"btn btn-primary btn-lg px-lg-4 d-none d-md-block\" href=\"https:\/\/comunidad.comprasdominicana.gob.do\/\/Public\/Tendering\/OpportunityDetail\/Index?noticeUID=DO1.NTC.1473129\" target=\"_blank\" title=\"Detalles\"><i class=\"fas fa-link\"><\/i> DETALLES<\/a><a class=\"btn btn-primary btn-lg px-lg-4 d-block d-md-none\" href=\"https:\/\/comunidad.comprasdominicana.gob.do\/\/Public\/Tendering\/OpportunityDetail\/Index?noticeUID=DO1.NTC.1473129\" target=\"_blank\" title=\"Detalles\"><i class=\"fas fa-2x fa-link\"><\/i><\/a><\/div><\/div><\/div><div class=\"jumbotron archivos\"><div class=\"row align-items-center\"><div class=\"col\"><h6><a class=\"text-dark\" href=\"https:\/\/comunidad.comprasdominicana.gob.do\/\/Public\/Tendering\/OpportunityDetail\/Index?noticeUID=DO1.NTC.1470638\" title=\"Ver\" target=\"_blank\">APORDOM-DAF-CM-2024-0051<\/a><\/h6><p class=\"mb-0 bold\">Adquisici\u00f3n De Componentes Para Flotilla Vehicular De APORDOM, Dirigido A Mipyme<\/p><p class=\"mb-0\" style=\"font-size: .85rem\"><strong title=\"Estado del Proceso\"><i class=\"fas fa-spinner\"><\/i><\/strong> Proceso adjudicado y celebrado<\/p><p class=\"mb-0\" style=\"font-size: .85rem\"><strong title=\"Fecha de Publicaci\u00f3n\"><i class=\"fas fa-calendar-alt\"><\/i><\/strong> Publicado el jueves, 7 de noviembre de 2024<\/p><\/div><div class=\"col-auto mt-md-0 mt-2\"><a class=\"btn btn-primary btn-lg px-lg-4 d-none d-md-block\" href=\"https:\/\/comunidad.comprasdominicana.gob.do\/\/Public\/Tendering\/OpportunityDetail\/Index?noticeUID=DO1.NTC.1470638\" target=\"_blank\" title=\"Detalles\"><i class=\"fas fa-link\"><\/i> DETALLES<\/a><a class=\"btn btn-primary btn-lg px-lg-4 d-block d-md-none\" href=\"https:\/\/comunidad.comprasdominicana.gob.do\/\/Public\/Tendering\/OpportunityDetail\/Index?noticeUID=DO1.NTC.1470638\" target=\"_blank\" title=\"Detalles\"><i class=\"fas fa-2x fa-link\"><\/i><\/a><\/div><\/div><\/div><div class=\"jumbotron archivos\"><div class=\"row align-items-center\"><div class=\"col\"><h6><a class=\"text-dark\" href=\"https:\/\/comunidad.comprasdominicana.gob.do\/\/Public\/Tendering\/OpportunityDetail\/Index?noticeUID=DO1.NTC.1470428\" title=\"Ver\" target=\"_blank\">APORDOM-DAF-CM-2024-0054<\/a><\/h6><p class=\"mb-0 bold\">Adquisici\u00f3n De UPS Para Uso De La Direcci\u00f3n De Tecnolog\u00eda De APORDOM Dirigido a Mipymes<\/p><p class=\"mb-0\" style=\"font-size: .85rem\"><strong title=\"Estado del Proceso\"><i class=\"fas fa-spinner\"><\/i><\/strong> Proceso adjudicado y celebrado<\/p><p class=\"mb-0\" style=\"font-size: .85rem\"><strong title=\"Fecha de Publicaci\u00f3n\"><i class=\"fas fa-calendar-alt\"><\/i><\/strong> Publicado el jueves, 7 de noviembre de 2024<\/p><\/div><div class=\"col-auto mt-md-0 mt-2\"><a class=\"btn btn-primary btn-lg px-lg-4 d-none d-md-block\" href=\"https:\/\/comunidad.comprasdominicana.gob.do\/\/Public\/Tendering\/OpportunityDetail\/Index?noticeUID=DO1.NTC.1470428\" target=\"_blank\" title=\"Detalles\"><i class=\"fas fa-link\"><\/i> DETALLES<\/a><a class=\"btn btn-primary btn-lg px-lg-4 d-block d-md-none\" href=\"https:\/\/comunidad.comprasdominicana.gob.do\/\/Public\/Tendering\/OpportunityDetail\/Index?noticeUID=DO1.NTC.1470428\" target=\"_blank\" title=\"Detalles\"><i class=\"fas fa-2x fa-link\"><\/i><\/a><\/div><\/div><\/div><div class=\"jumbotron archivos\"><div class=\"row align-items-center\"><div class=\"col\"><h6><a class=\"text-dark\" href=\"https:\/\/comunidad.comprasdominicana.gob.do\/\/Public\/Tendering\/OpportunityDetail\/Index?noticeUID=DO1.NTC.1469330\" title=\"Ver\" target=\"_blank\">APORDOM-DAF-CM-2024-0053<\/a><\/h6><p class=\"mb-0 bold\">Adquisici\u00f3n de Insumos de Oficinas y Materiales Gastable para diferentes Departamentos de esta APORDOM<\/p><p class=\"mb-0\" style=\"font-size: .85rem\"><strong title=\"Estado del Proceso\"><i class=\"fas fa-spinner\"><\/i><\/strong> Proceso adjudicado y celebrado<\/p><p class=\"mb-0\" style=\"font-size: .85rem\"><strong title=\"Fecha de Publicaci\u00f3n\"><i class=\"fas fa-calendar-alt\"><\/i><\/strong> Publicado el martes, 5 de noviembre de 2024<\/p><\/div><div class=\"col-auto mt-md-0 mt-2\"><a class=\"btn btn-primary btn-lg px-lg-4 d-none d-md-block\" href=\"https:\/\/comunidad.comprasdominicana.gob.do\/\/Public\/Tendering\/OpportunityDetail\/Index?noticeUID=DO1.NTC.1469330\" target=\"_blank\" title=\"Detalles\"><i class=\"fas fa-link\"><\/i> DETALLES<\/a><a class=\"btn btn-primary btn-lg px-lg-4 d-block d-md-none\" href=\"https:\/\/comunidad.comprasdominicana.gob.do\/\/Public\/Tendering\/OpportunityDetail\/Index?noticeUID=DO1.NTC.1469330\" target=\"_blank\" title=\"Detalles\"><i class=\"fas fa-2x fa-link\"><\/i><\/a><\/div><\/div><\/div><\/div><\/div><\/div>\n        <div class=\"card\">\n            <div class=\"card-header parents\" id=\"heading_compras-menores-69eeee772d89c-2024-69eeee772d89c-septiembre-69eeee772d89c\">\n                <p class=\"title text-blue mb-0\">\n                    <a class=\"btn-block hover text-left collapsed\" data-toggle=\"collapse\" data-target=\"#collap_compras-menores-69eeee772d89c-2024-69eeee772d89c-septiembre-69eeee772d89c\" aria-expanded=\"false\" aria-controls=\"collap_compras-menores-69eeee772d89c-2024-69eeee772d89c-septiembre-69eeee772d89c\">Septiembre<\/a>\n                <\/p>\n            <\/div>\n            <div id=\"collap_compras-menores-69eeee772d89c-2024-69eeee772d89c-septiembre-69eeee772d89c\" class=\"collapse\" aria-labelledby=\"heading_compras-menores-69eeee772d89c-2024-69eeee772d89c-septiembre-69eeee772d89c\" data-parent=\"#collap_compras-menores-69eeee772d89c-2024-69eeee772d89c\">\n                <div class=\"card-body\"><div class=\"jumbotron archivos\"><div class=\"row align-items-center\"><div class=\"col\"><h6><a class=\"text-dark\" href=\"https:\/\/comunidad.comprasdominicana.gob.do\/\/Public\/Tendering\/OpportunityDetail\/Index?noticeUID=DO1.NTC.1446134\" title=\"Ver\" target=\"_blank\">APORDOM-DAF-CM-2024-0045<\/a><\/h6><p class=\"mb-0 bold\">ADQUISICI\u00d3N  DE LIBRETAS PARA USO DE APORDOM, DIRIGIDO A MIPYMES MUJER<\/p><p class=\"mb-0\" style=\"font-size: .85rem\"><strong title=\"Estado del Proceso\"><i class=\"fas fa-spinner\"><\/i><\/strong> Proceso adjudicado y celebrado<\/p><p class=\"mb-0\" style=\"font-size: .85rem\"><strong title=\"Fecha de Publicaci\u00f3n\"><i class=\"fas fa-calendar-alt\"><\/i><\/strong> Publicado el jueves, 12 de septiembre de 2024<\/p><\/div><div class=\"col-auto mt-md-0 mt-2\"><a class=\"btn btn-primary btn-lg px-lg-4 d-none d-md-block\" href=\"https:\/\/comunidad.comprasdominicana.gob.do\/\/Public\/Tendering\/OpportunityDetail\/Index?noticeUID=DO1.NTC.1446134\" target=\"_blank\" title=\"Detalles\"><i class=\"fas fa-link\"><\/i> DETALLES<\/a><a class=\"btn btn-primary btn-lg px-lg-4 d-block d-md-none\" href=\"https:\/\/comunidad.comprasdominicana.gob.do\/\/Public\/Tendering\/OpportunityDetail\/Index?noticeUID=DO1.NTC.1446134\" target=\"_blank\" title=\"Detalles\"><i class=\"fas fa-2x fa-link\"><\/i><\/a><\/div><\/div><\/div><div class=\"jumbotron archivos\"><div class=\"row align-items-center\"><div class=\"col\"><h6><a class=\"text-dark\" href=\"https:\/\/comunidad.comprasdominicana.gob.do\/\/Public\/Tendering\/OpportunityDetail\/Index?noticeUID=DO1.NTC.1444946\" title=\"Ver\" target=\"_blank\">APORDOM-DAF-CM-2024-0044<\/a><\/h6><p class=\"mb-0 bold\">Adquisici\u00f3n e Instalaci\u00f3n de Transformador para Puerto de Puerto Plata.<\/p><p class=\"mb-0\" style=\"font-size: .85rem\"><strong title=\"Estado del Proceso\"><i class=\"fas fa-spinner\"><\/i><\/strong> Proceso adjudicado y celebrado<\/p><p class=\"mb-0\" style=\"font-size: .85rem\"><strong title=\"Fecha de Publicaci\u00f3n\"><i class=\"fas fa-calendar-alt\"><\/i><\/strong> Publicado el martes, 10 de septiembre de 2024<\/p><\/div><div class=\"col-auto mt-md-0 mt-2\"><a class=\"btn btn-primary btn-lg px-lg-4 d-none d-md-block\" href=\"https:\/\/comunidad.comprasdominicana.gob.do\/\/Public\/Tendering\/OpportunityDetail\/Index?noticeUID=DO1.NTC.1444946\" target=\"_blank\" title=\"Detalles\"><i class=\"fas fa-link\"><\/i> DETALLES<\/a><a class=\"btn btn-primary btn-lg px-lg-4 d-block d-md-none\" href=\"https:\/\/comunidad.comprasdominicana.gob.do\/\/Public\/Tendering\/OpportunityDetail\/Index?noticeUID=DO1.NTC.1444946\" target=\"_blank\" title=\"Detalles\"><i class=\"fas fa-2x fa-link\"><\/i><\/a><\/div><\/div><\/div><div class=\"jumbotron archivos\"><div class=\"row align-items-center\"><div class=\"col\"><h6><a class=\"text-dark\" href=\"https:\/\/comunidad.comprasdominicana.gob.do\/\/Public\/Tendering\/OpportunityDetail\/Index?noticeUID=DO1.NTC.1444505\" title=\"Ver\" target=\"_blank\">APORDOM-DAF-CM-2024-0043<\/a><\/h6><p class=\"mb-0 bold\">Contrataci\u00f3n de Taller para mantenimiento preventivo y correctivo de las unidades Vehiculares de esta APORDOM, dirigido a Mipymes.<\/p><p class=\"mb-0\" style=\"font-size: .85rem\"><strong title=\"Estado del Proceso\"><i class=\"fas fa-spinner\"><\/i><\/strong> Proceso adjudicado y celebrado<\/p><p class=\"mb-0\" style=\"font-size: .85rem\"><strong title=\"Fecha de Publicaci\u00f3n\"><i class=\"fas fa-calendar-alt\"><\/i><\/strong> Publicado el lunes, 9 de septiembre de 2024<\/p><\/div><div class=\"col-auto mt-md-0 mt-2\"><a class=\"btn btn-primary btn-lg px-lg-4 d-none d-md-block\" href=\"https:\/\/comunidad.comprasdominicana.gob.do\/\/Public\/Tendering\/OpportunityDetail\/Index?noticeUID=DO1.NTC.1444505\" target=\"_blank\" title=\"Detalles\"><i class=\"fas fa-link\"><\/i> DETALLES<\/a><a class=\"btn btn-primary btn-lg px-lg-4 d-block d-md-none\" href=\"https:\/\/comunidad.comprasdominicana.gob.do\/\/Public\/Tendering\/OpportunityDetail\/Index?noticeUID=DO1.NTC.1444505\" target=\"_blank\" title=\"Detalles\"><i class=\"fas fa-2x fa-link\"><\/i><\/a><\/div><\/div><\/div><div class=\"jumbotron archivos\"><div class=\"row align-items-center\"><div class=\"col\"><h6><a class=\"text-dark\" href=\"https:\/\/comunidad.comprasdominicana.gob.do\/\/Public\/Tendering\/OpportunityDetail\/Index?noticeUID=DO1.NTC.1443932\" title=\"Ver\" target=\"_blank\">APORDOM-DAF-CM-2024-0047<\/a><\/h6><p class=\"mb-0 bold\">Adquisici\u00f3n de Uniformes para el Personal de esta APORDOM, dirigido a Mipymes Mujer<\/p><p class=\"mb-0\" style=\"font-size: .85rem\"><strong title=\"Estado del Proceso\"><i class=\"fas fa-spinner\"><\/i><\/strong> Proceso adjudicado y celebrado<\/p><p class=\"mb-0\" style=\"font-size: .85rem\"><strong title=\"Fecha de Publicaci\u00f3n\"><i class=\"fas fa-calendar-alt\"><\/i><\/strong> Publicado el viernes, 6 de septiembre de 2024<\/p><\/div><div class=\"col-auto mt-md-0 mt-2\"><a class=\"btn btn-primary btn-lg px-lg-4 d-none d-md-block\" href=\"https:\/\/comunidad.comprasdominicana.gob.do\/\/Public\/Tendering\/OpportunityDetail\/Index?noticeUID=DO1.NTC.1443932\" target=\"_blank\" title=\"Detalles\"><i class=\"fas fa-link\"><\/i> DETALLES<\/a><a class=\"btn btn-primary btn-lg px-lg-4 d-block d-md-none\" href=\"https:\/\/comunidad.comprasdominicana.gob.do\/\/Public\/Tendering\/OpportunityDetail\/Index?noticeUID=DO1.NTC.1443932\" target=\"_blank\" title=\"Detalles\"><i class=\"fas fa-2x fa-link\"><\/i><\/a><\/div><\/div><\/div><\/div><\/div><\/div>\n        <div class=\"card\">\n            <div class=\"card-header parents\" id=\"heading_compras-menores-69eeee772d89c-2024-69eeee772d89c-agosto-69eeee772d89c\">\n                <p class=\"title text-blue mb-0\">\n                    <a class=\"btn-block hover text-left collapsed\" data-toggle=\"collapse\" data-target=\"#collap_compras-menores-69eeee772d89c-2024-69eeee772d89c-agosto-69eeee772d89c\" aria-expanded=\"false\" aria-controls=\"collap_compras-menores-69eeee772d89c-2024-69eeee772d89c-agosto-69eeee772d89c\">Agosto<\/a>\n                <\/p>\n            <\/div>\n            <div id=\"collap_compras-menores-69eeee772d89c-2024-69eeee772d89c-agosto-69eeee772d89c\" class=\"collapse\" aria-labelledby=\"heading_compras-menores-69eeee772d89c-2024-69eeee772d89c-agosto-69eeee772d89c\" data-parent=\"#collap_compras-menores-69eeee772d89c-2024-69eeee772d89c\">\n                <div class=\"card-body\"><div class=\"jumbotron archivos\"><div class=\"row align-items-center\"><div class=\"col\"><h6><a class=\"text-dark\" href=\"https:\/\/comunidad.comprasdominicana.gob.do\/\/Public\/Tendering\/OpportunityDetail\/Index?noticeUID=DO1.NTC.1438611\" title=\"Ver\" target=\"_blank\">APORDOM-DAF-CM-2024-0041<\/a><\/h6><p class=\"mb-0 bold\">Adquisici\u00f3n de Productos de Limpieza e Higiene para diferentes Departamentos y Puertos de esta APORDOM, dirigido a Mipymes<\/p><p class=\"mb-0\" style=\"font-size: .85rem\"><strong title=\"Estado del Proceso\"><i class=\"fas fa-spinner\"><\/i><\/strong> Proceso adjudicado y celebrado<\/p><p class=\"mb-0\" style=\"font-size: .85rem\"><strong title=\"Fecha de Publicaci\u00f3n\"><i class=\"fas fa-calendar-alt\"><\/i><\/strong> Publicado el mi\u00e9rcoles, 28 de agosto de 2024<\/p><\/div><div class=\"col-auto mt-md-0 mt-2\"><a class=\"btn btn-primary btn-lg px-lg-4 d-none d-md-block\" href=\"https:\/\/comunidad.comprasdominicana.gob.do\/\/Public\/Tendering\/OpportunityDetail\/Index?noticeUID=DO1.NTC.1438611\" target=\"_blank\" title=\"Detalles\"><i class=\"fas fa-link\"><\/i> DETALLES<\/a><a class=\"btn btn-primary btn-lg px-lg-4 d-block d-md-none\" href=\"https:\/\/comunidad.comprasdominicana.gob.do\/\/Public\/Tendering\/OpportunityDetail\/Index?noticeUID=DO1.NTC.1438611\" target=\"_blank\" title=\"Detalles\"><i class=\"fas fa-2x fa-link\"><\/i><\/a><\/div><\/div><\/div><div class=\"jumbotron archivos\"><div class=\"row align-items-center\"><div class=\"col\"><h6><a class=\"text-dark\" href=\"https:\/\/comunidad.comprasdominicana.gob.do\/\/Public\/Tendering\/OpportunityDetail\/Index?noticeUID=DO1.NTC.1438405\" title=\"Ver\" target=\"_blank\">APORDOM-DAF-CM-2024-0042<\/a><\/h6><p class=\"mb-0 bold\">Servicio de Mantenimiento Correctivo, Preventivo y General para Camionetas del departamento de transportaci\u00f3n de esta APORDOM<\/p><p class=\"mb-0\" style=\"font-size: .85rem\"><strong title=\"Estado del Proceso\"><i class=\"fas fa-spinner\"><\/i><\/strong> Proceso adjudicado y celebrado<\/p><p class=\"mb-0\" style=\"font-size: .85rem\"><strong title=\"Fecha de Publicaci\u00f3n\"><i class=\"fas fa-calendar-alt\"><\/i><\/strong> Publicado el martes, 27 de agosto de 2024<\/p><\/div><div class=\"col-auto mt-md-0 mt-2\"><a class=\"btn btn-primary btn-lg px-lg-4 d-none d-md-block\" href=\"https:\/\/comunidad.comprasdominicana.gob.do\/\/Public\/Tendering\/OpportunityDetail\/Index?noticeUID=DO1.NTC.1438405\" target=\"_blank\" title=\"Detalles\"><i class=\"fas fa-link\"><\/i> DETALLES<\/a><a class=\"btn btn-primary btn-lg px-lg-4 d-block d-md-none\" href=\"https:\/\/comunidad.comprasdominicana.gob.do\/\/Public\/Tendering\/OpportunityDetail\/Index?noticeUID=DO1.NTC.1438405\" target=\"_blank\" title=\"Detalles\"><i class=\"fas fa-2x fa-link\"><\/i><\/a><\/div><\/div><\/div><div class=\"jumbotron archivos\"><div class=\"row align-items-center\"><div class=\"col\"><h6><a class=\"text-dark\" href=\"https:\/\/comunidad.comprasdominicana.gob.do\/\/Public\/Tendering\/OpportunityDetail\/Index?noticeUID=DO1.NTC.1433547\" title=\"Ver\" target=\"_blank\">APORDOM-DAF-CM-2024-0036<\/a><\/h6><p class=\"mb-0 bold\">ADQUISICI\u00d3N DE PALLETS, LOCKER, VENTILADORES, EXTRACTORES Y MATERIALES FERRETEROS PARA USO DE ESTA APORDOM, DECLARADO DESIERTO DEL PROCESO REF.: APORDOM-DAF-CM-2024-0033<\/p><p class=\"mb-0\" style=\"font-size: .85rem\"><strong title=\"Estado del Proceso\"><i class=\"fas fa-spinner\"><\/i><\/strong> Proceso adjudicado y celebrado<\/p><p class=\"mb-0\" style=\"font-size: .85rem\"><strong title=\"Fecha de Publicaci\u00f3n\"><i class=\"fas fa-calendar-alt\"><\/i><\/strong> Publicado el lunes, 12 de agosto de 2024<\/p><\/div><div class=\"col-auto mt-md-0 mt-2\"><a class=\"btn btn-primary btn-lg px-lg-4 d-none d-md-block\" href=\"https:\/\/comunidad.comprasdominicana.gob.do\/\/Public\/Tendering\/OpportunityDetail\/Index?noticeUID=DO1.NTC.1433547\" target=\"_blank\" title=\"Detalles\"><i class=\"fas fa-link\"><\/i> DETALLES<\/a><a class=\"btn btn-primary btn-lg px-lg-4 d-block d-md-none\" href=\"https:\/\/comunidad.comprasdominicana.gob.do\/\/Public\/Tendering\/OpportunityDetail\/Index?noticeUID=DO1.NTC.1433547\" target=\"_blank\" title=\"Detalles\"><i class=\"fas fa-2x fa-link\"><\/i><\/a><\/div><\/div><\/div><div class=\"jumbotron archivos\"><div class=\"row align-items-center\"><div class=\"col\"><h6><a class=\"text-dark\" href=\"https:\/\/comunidad.comprasdominicana.gob.do\/\/Public\/Tendering\/OpportunityDetail\/Index?noticeUID=DO1.NTC.1433333\" title=\"Ver\" target=\"_blank\">APORDOM-DAF-CM-2024-0019<\/a><\/h6><p class=\"mb-0 bold\">Adquisici\u00f3n de Licencias Inform\u00e1ticas para Uso de esta APORDOM items declarados desiertos del proceso Ref:.APORDOM-DAF-CM-2024-0031<\/p><p class=\"mb-0\" style=\"font-size: .85rem\"><strong title=\"Estado del Proceso\"><i class=\"fas fa-spinner\"><\/i><\/strong> Proceso adjudicado y celebrado<\/p><p class=\"mb-0\" style=\"font-size: .85rem\"><strong title=\"Fecha de Publicaci\u00f3n\"><i class=\"fas fa-calendar-alt\"><\/i><\/strong> Publicado el lunes, 12 de agosto de 2024<\/p><\/div><div class=\"col-auto mt-md-0 mt-2\"><a class=\"btn btn-primary btn-lg px-lg-4 d-none d-md-block\" href=\"https:\/\/comunidad.comprasdominicana.gob.do\/\/Public\/Tendering\/OpportunityDetail\/Index?noticeUID=DO1.NTC.1433333\" target=\"_blank\" title=\"Detalles\"><i class=\"fas fa-link\"><\/i> DETALLES<\/a><a class=\"btn btn-primary btn-lg px-lg-4 d-block d-md-none\" href=\"https:\/\/comunidad.comprasdominicana.gob.do\/\/Public\/Tendering\/OpportunityDetail\/Index?noticeUID=DO1.NTC.1433333\" target=\"_blank\" title=\"Detalles\"><i class=\"fas fa-2x fa-link\"><\/i><\/a><\/div><\/div><\/div><div class=\"jumbotron archivos\"><div class=\"row align-items-center\"><div class=\"col\"><h6><a class=\"text-dark\" href=\"https:\/\/comunidad.comprasdominicana.gob.do\/\/Public\/Tendering\/OpportunityDetail\/Index?noticeUID=DO1.NTC.1433433\" title=\"Ver\" target=\"_blank\">APORDOM-DAF-CM-2024-0037<\/a><\/h6><p class=\"mb-0 bold\">Adquisici\u00f3n de Banderas de Interior y Manteler\u00eda, para esta APORDOM, dirigido a Mipymes<\/p><p class=\"mb-0\" style=\"font-size: .85rem\"><strong title=\"Estado del Proceso\"><i class=\"fas fa-spinner\"><\/i><\/strong> Proceso adjudicado y celebrado<\/p><p class=\"mb-0\" style=\"font-size: .85rem\"><strong title=\"Fecha de Publicaci\u00f3n\"><i class=\"fas fa-calendar-alt\"><\/i><\/strong> Publicado el lunes, 12 de agosto de 2024<\/p><\/div><div class=\"col-auto mt-md-0 mt-2\"><a class=\"btn btn-primary btn-lg px-lg-4 d-none d-md-block\" href=\"https:\/\/comunidad.comprasdominicana.gob.do\/\/Public\/Tendering\/OpportunityDetail\/Index?noticeUID=DO1.NTC.1433433\" target=\"_blank\" title=\"Detalles\"><i class=\"fas fa-link\"><\/i> DETALLES<\/a><a class=\"btn btn-primary btn-lg px-lg-4 d-block d-md-none\" href=\"https:\/\/comunidad.comprasdominicana.gob.do\/\/Public\/Tendering\/OpportunityDetail\/Index?noticeUID=DO1.NTC.1433433\" target=\"_blank\" title=\"Detalles\"><i class=\"fas fa-2x fa-link\"><\/i><\/a><\/div><\/div><\/div><div class=\"jumbotron archivos\"><div class=\"row align-items-center\"><div class=\"col\"><h6><a class=\"text-dark\" href=\"https:\/\/comunidad.comprasdominicana.gob.do\/\/Public\/Tendering\/OpportunityDetail\/Index?noticeUID=DO1.NTC.1432643\" title=\"Ver\" target=\"_blank\">APORDOM-DAF-CM-2024-0040<\/a><\/h6><p class=\"mb-0 bold\">Servicio De Desmonte Y Reemplazo De Piso De Madera En Diferentes Departamento De Esta APORDOM<\/p><p class=\"mb-0\" style=\"font-size: .85rem\"><strong title=\"Estado del Proceso\"><i class=\"fas fa-spinner\"><\/i><\/strong> Proceso adjudicado y celebrado<\/p><p class=\"mb-0\" style=\"font-size: .85rem\"><strong title=\"Fecha de Publicaci\u00f3n\"><i class=\"fas fa-calendar-alt\"><\/i><\/strong> Publicado el viernes, 9 de agosto de 2024<\/p><\/div><div class=\"col-auto mt-md-0 mt-2\"><a class=\"btn btn-primary btn-lg px-lg-4 d-none d-md-block\" href=\"https:\/\/comunidad.comprasdominicana.gob.do\/\/Public\/Tendering\/OpportunityDetail\/Index?noticeUID=DO1.NTC.1432643\" target=\"_blank\" title=\"Detalles\"><i class=\"fas fa-link\"><\/i> DETALLES<\/a><a class=\"btn btn-primary btn-lg px-lg-4 d-block d-md-none\" href=\"https:\/\/comunidad.comprasdominicana.gob.do\/\/Public\/Tendering\/OpportunityDetail\/Index?noticeUID=DO1.NTC.1432643\" target=\"_blank\" title=\"Detalles\"><i class=\"fas fa-2x fa-link\"><\/i><\/a><\/div><\/div><\/div><div class=\"jumbotron archivos\"><div class=\"row align-items-center\"><div class=\"col\"><h6><a class=\"text-dark\" href=\"https:\/\/comunidad.comprasdominicana.gob.do\/\/Public\/Tendering\/OpportunityDetail\/Index?noticeUID=DO1.NTC.1431122\" title=\"Ver\" target=\"_blank\">APORDOM-DAF-CM-2024-0038<\/a><\/h6><p class=\"mb-0 bold\">Adquisici\u00f3n de Sellos de Seguridad para Contenedores de esta APORDOM, dirigido a Mipymes. <\/p><p class=\"mb-0\" style=\"font-size: .85rem\"><strong title=\"Estado del Proceso\"><i class=\"fas fa-spinner\"><\/i><\/strong> Proceso adjudicado y celebrado<\/p><p class=\"mb-0\" style=\"font-size: .85rem\"><strong title=\"Fecha de Publicaci\u00f3n\"><i class=\"fas fa-calendar-alt\"><\/i><\/strong> Publicado el martes, 6 de agosto de 2024<\/p><\/div><div class=\"col-auto mt-md-0 mt-2\"><a class=\"btn btn-primary btn-lg px-lg-4 d-none d-md-block\" href=\"https:\/\/comunidad.comprasdominicana.gob.do\/\/Public\/Tendering\/OpportunityDetail\/Index?noticeUID=DO1.NTC.1431122\" target=\"_blank\" title=\"Detalles\"><i class=\"fas fa-link\"><\/i> DETALLES<\/a><a class=\"btn btn-primary btn-lg px-lg-4 d-block d-md-none\" href=\"https:\/\/comunidad.comprasdominicana.gob.do\/\/Public\/Tendering\/OpportunityDetail\/Index?noticeUID=DO1.NTC.1431122\" target=\"_blank\" title=\"Detalles\"><i class=\"fas fa-2x fa-link\"><\/i><\/a><\/div><\/div><\/div><\/div><\/div><\/div>\n        <div class=\"card\">\n            <div class=\"card-header parents\" id=\"heading_compras-menores-69eeee772d89c-2024-69eeee772d89c-julio-69eeee772d89c\">\n                <p class=\"title text-blue mb-0\">\n                    <a class=\"btn-block hover text-left collapsed\" data-toggle=\"collapse\" data-target=\"#collap_compras-menores-69eeee772d89c-2024-69eeee772d89c-julio-69eeee772d89c\" aria-expanded=\"false\" aria-controls=\"collap_compras-menores-69eeee772d89c-2024-69eeee772d89c-julio-69eeee772d89c\">Julio<\/a>\n                <\/p>\n            <\/div>\n            <div id=\"collap_compras-menores-69eeee772d89c-2024-69eeee772d89c-julio-69eeee772d89c\" class=\"collapse\" aria-labelledby=\"heading_compras-menores-69eeee772d89c-2024-69eeee772d89c-julio-69eeee772d89c\" data-parent=\"#collap_compras-menores-69eeee772d89c-2024-69eeee772d89c\">\n                <div class=\"card-body\"><div class=\"jumbotron archivos\"><div class=\"row align-items-center\"><div class=\"col\"><h6><a class=\"text-dark\" href=\"https:\/\/comunidad.comprasdominicana.gob.do\/\/Public\/Tendering\/OpportunityDetail\/Index?noticeUID=DO1.NTC.1427942\" title=\"Ver\" target=\"_blank\">APORDOM-DAF-CM-2024-0018<\/a><\/h6><p class=\"mb-0 bold\">Adquisici\u00f3n de Medicamentos y Material Gastable para Dispensario M\u00e9dico y Divisi\u00f3n de Odontolog\u00eda de APORDOM<\/p><p class=\"mb-0\" style=\"font-size: .85rem\"><strong title=\"Estado del Proceso\"><i class=\"fas fa-spinner\"><\/i><\/strong> Proceso adjudicado y celebrado<\/p><p class=\"mb-0\" style=\"font-size: .85rem\"><strong title=\"Fecha de Publicaci\u00f3n\"><i class=\"fas fa-calendar-alt\"><\/i><\/strong> Publicado el viernes, 26 de julio de 2024<\/p><\/div><div class=\"col-auto mt-md-0 mt-2\"><a class=\"btn btn-primary btn-lg px-lg-4 d-none d-md-block\" href=\"https:\/\/comunidad.comprasdominicana.gob.do\/\/Public\/Tendering\/OpportunityDetail\/Index?noticeUID=DO1.NTC.1427942\" target=\"_blank\" title=\"Detalles\"><i class=\"fas fa-link\"><\/i> DETALLES<\/a><a class=\"btn btn-primary btn-lg px-lg-4 d-block d-md-none\" href=\"https:\/\/comunidad.comprasdominicana.gob.do\/\/Public\/Tendering\/OpportunityDetail\/Index?noticeUID=DO1.NTC.1427942\" target=\"_blank\" title=\"Detalles\"><i class=\"fas fa-2x fa-link\"><\/i><\/a><\/div><\/div><\/div><div class=\"jumbotron archivos\"><div class=\"row align-items-center\"><div class=\"col\"><h6><a class=\"text-dark\" href=\"https:\/\/comunidad.comprasdominicana.gob.do\/\/Public\/Tendering\/OpportunityDetail\/Index?noticeUID=DO1.NTC.1427145\" title=\"Ver\" target=\"_blank\">APORDOM-DAF-CM-2024-0027<\/a><\/h6><p class=\"mb-0 bold\">Adquisici\u00f3n de Ejemplares del libro &quot;Pedernales: Historia, Evoluci\u00f3n y Desarrollo&quot; para esta APORDOM.<\/p><p class=\"mb-0\" style=\"font-size: .85rem\"><strong title=\"Estado del Proceso\"><i class=\"fas fa-spinner\"><\/i><\/strong> Proceso adjudicado y celebrado<\/p><p class=\"mb-0\" style=\"font-size: .85rem\"><strong title=\"Fecha de Publicaci\u00f3n\"><i class=\"fas fa-calendar-alt\"><\/i><\/strong> Publicado el jueves, 25 de julio de 2024<\/p><\/div><div class=\"col-auto mt-md-0 mt-2\"><a class=\"btn btn-primary btn-lg px-lg-4 d-none d-md-block\" href=\"https:\/\/comunidad.comprasdominicana.gob.do\/\/Public\/Tendering\/OpportunityDetail\/Index?noticeUID=DO1.NTC.1427145\" target=\"_blank\" title=\"Detalles\"><i class=\"fas fa-link\"><\/i> DETALLES<\/a><a class=\"btn btn-primary btn-lg px-lg-4 d-block d-md-none\" href=\"https:\/\/comunidad.comprasdominicana.gob.do\/\/Public\/Tendering\/OpportunityDetail\/Index?noticeUID=DO1.NTC.1427145\" target=\"_blank\" title=\"Detalles\"><i class=\"fas fa-2x fa-link\"><\/i><\/a><\/div><\/div><\/div><\/div><\/div><\/div>\n        <div class=\"card\">\n            <div class=\"card-header parents\" id=\"heading_compras-menores-69eeee772d89c-2024-69eeee772d89c-junio-69eeee772d89c\">\n                <p class=\"title text-blue mb-0\">\n                    <a class=\"btn-block hover text-left collapsed\" data-toggle=\"collapse\" data-target=\"#collap_compras-menores-69eeee772d89c-2024-69eeee772d89c-junio-69eeee772d89c\" aria-expanded=\"false\" aria-controls=\"collap_compras-menores-69eeee772d89c-2024-69eeee772d89c-junio-69eeee772d89c\">Junio<\/a>\n                <\/p>\n            <\/div>\n            <div id=\"collap_compras-menores-69eeee772d89c-2024-69eeee772d89c-junio-69eeee772d89c\" class=\"collapse\" aria-labelledby=\"heading_compras-menores-69eeee772d89c-2024-69eeee772d89c-junio-69eeee772d89c\" data-parent=\"#collap_compras-menores-69eeee772d89c-2024-69eeee772d89c\">\n                <div class=\"card-body\"><div class=\"jumbotron archivos\"><div class=\"row align-items-center\"><div class=\"col\"><h6><a class=\"text-dark\" href=\"https:\/\/comunidad.comprasdominicana.gob.do\/\/Public\/Tendering\/OpportunityDetail\/Index?noticeUID=DO1.NTC.1417517\" title=\"Ver\" target=\"_blank\">APORDOM-DAF-CM-2024-0035<\/a><\/h6><p class=\"mb-0 bold\">Adquisici\u00f3n de Equipos de Seguridad F\u00edsica para uso de APORDOM<\/p><p class=\"mb-0\" style=\"font-size: .85rem\"><strong title=\"Estado del Proceso\"><i class=\"fas fa-spinner\"><\/i><\/strong> Proceso adjudicado y celebrado<\/p><p class=\"mb-0\" style=\"font-size: .85rem\"><strong title=\"Fecha de Publicaci\u00f3n\"><i class=\"fas fa-calendar-alt\"><\/i><\/strong> Publicado el jueves, 27 de junio de 2024<\/p><\/div><div class=\"col-auto mt-md-0 mt-2\"><a class=\"btn btn-primary btn-lg px-lg-4 d-none d-md-block\" href=\"https:\/\/comunidad.comprasdominicana.gob.do\/\/Public\/Tendering\/OpportunityDetail\/Index?noticeUID=DO1.NTC.1417517\" target=\"_blank\" title=\"Detalles\"><i class=\"fas fa-link\"><\/i> DETALLES<\/a><a class=\"btn btn-primary btn-lg px-lg-4 d-block d-md-none\" href=\"https:\/\/comunidad.comprasdominicana.gob.do\/\/Public\/Tendering\/OpportunityDetail\/Index?noticeUID=DO1.NTC.1417517\" target=\"_blank\" title=\"Detalles\"><i class=\"fas fa-2x fa-link\"><\/i><\/a><\/div><\/div><\/div><div class=\"jumbotron archivos\"><div class=\"row align-items-center\"><div class=\"col\"><h6><a class=\"text-dark\" href=\"https:\/\/comunidad.comprasdominicana.gob.do\/\/Public\/Tendering\/OpportunityDetail\/Index?noticeUID=DO1.NTC.1415039\" title=\"Ver\" target=\"_blank\">APORDOM-DAF-CM-2024-0030<\/a><\/h6><p class=\"mb-0 bold\">Contrataci\u00f3n de Sal\u00f3n de Conferencia para Planificaci\u00f3n del 2025 de esta APORDOM.<\/p><p class=\"mb-0\" style=\"font-size: .85rem\"><strong title=\"Estado del Proceso\"><i class=\"fas fa-spinner\"><\/i><\/strong> Proceso adjudicado y celebrado<\/p><p class=\"mb-0\" style=\"font-size: .85rem\"><strong title=\"Fecha de Publicaci\u00f3n\"><i class=\"fas fa-calendar-alt\"><\/i><\/strong> Publicado el viernes, 21 de junio de 2024<\/p><\/div><div class=\"col-auto mt-md-0 mt-2\"><a class=\"btn btn-primary btn-lg px-lg-4 d-none d-md-block\" href=\"https:\/\/comunidad.comprasdominicana.gob.do\/\/Public\/Tendering\/OpportunityDetail\/Index?noticeUID=DO1.NTC.1415039\" target=\"_blank\" title=\"Detalles\"><i class=\"fas fa-link\"><\/i> DETALLES<\/a><a class=\"btn btn-primary btn-lg px-lg-4 d-block d-md-none\" href=\"https:\/\/comunidad.comprasdominicana.gob.do\/\/Public\/Tendering\/OpportunityDetail\/Index?noticeUID=DO1.NTC.1415039\" target=\"_blank\" title=\"Detalles\"><i class=\"fas fa-2x fa-link\"><\/i><\/a><\/div><\/div><\/div><div class=\"jumbotron archivos\"><div class=\"row align-items-center\"><div class=\"col\"><h6><a class=\"text-dark\" href=\"https:\/\/comunidad.comprasdominicana.gob.do\/\/Public\/Tendering\/OpportunityDetail\/Index?noticeUID=DO1.NTC.1414848\" title=\"Ver\" target=\"_blank\">APORDOM-DAF-CM-2024-0034<\/a><\/h6><p class=\"mb-0 bold\">CONTRATACI\u00d3N DE AGENCIA PUBLICITARIA  PARA USO DE APORDOM<\/p><p class=\"mb-0\" style=\"font-size: .85rem\"><strong title=\"Estado del Proceso\"><i class=\"fas fa-spinner\"><\/i><\/strong> Proceso adjudicado y celebrado<\/p><p class=\"mb-0\" style=\"font-size: .85rem\"><strong title=\"Fecha de Publicaci\u00f3n\"><i class=\"fas fa-calendar-alt\"><\/i><\/strong> Publicado el jueves, 20 de junio de 2024<\/p><\/div><div class=\"col-auto mt-md-0 mt-2\"><a class=\"btn btn-primary btn-lg px-lg-4 d-none d-md-block\" href=\"https:\/\/comunidad.comprasdominicana.gob.do\/\/Public\/Tendering\/OpportunityDetail\/Index?noticeUID=DO1.NTC.1414848\" target=\"_blank\" title=\"Detalles\"><i class=\"fas fa-link\"><\/i> DETALLES<\/a><a class=\"btn btn-primary btn-lg px-lg-4 d-block d-md-none\" href=\"https:\/\/comunidad.comprasdominicana.gob.do\/\/Public\/Tendering\/OpportunityDetail\/Index?noticeUID=DO1.NTC.1414848\" target=\"_blank\" title=\"Detalles\"><i class=\"fas fa-2x fa-link\"><\/i><\/a><\/div><\/div><\/div><div class=\"jumbotron archivos\"><div class=\"row align-items-center\"><div class=\"col\"><h6><a class=\"text-dark\" href=\"https:\/\/comunidad.comprasdominicana.gob.do\/\/Public\/Tendering\/OpportunityDetail\/Index?noticeUID=DO1.NTC.1412052\" title=\"Ver\" target=\"_blank\">APORDOM-DAF-CM-2024-0032<\/a><\/h6><p class=\"mb-0 bold\">Contrataci\u00f3n de Servicio de Alquiler de Impresoras por 7 meses<\/p><p class=\"mb-0\" style=\"font-size: .85rem\"><strong title=\"Estado del Proceso\"><i class=\"fas fa-spinner\"><\/i><\/strong> Proceso adjudicado y celebrado<\/p><p class=\"mb-0\" style=\"font-size: .85rem\"><strong title=\"Fecha de Publicaci\u00f3n\"><i class=\"fas fa-calendar-alt\"><\/i><\/strong> Publicado el jueves, 13 de junio de 2024<\/p><\/div><div class=\"col-auto mt-md-0 mt-2\"><a class=\"btn btn-primary btn-lg px-lg-4 d-none d-md-block\" href=\"https:\/\/comunidad.comprasdominicana.gob.do\/\/Public\/Tendering\/OpportunityDetail\/Index?noticeUID=DO1.NTC.1412052\" target=\"_blank\" title=\"Detalles\"><i class=\"fas fa-link\"><\/i> DETALLES<\/a><a class=\"btn btn-primary btn-lg px-lg-4 d-block d-md-none\" href=\"https:\/\/comunidad.comprasdominicana.gob.do\/\/Public\/Tendering\/OpportunityDetail\/Index?noticeUID=DO1.NTC.1412052\" target=\"_blank\" title=\"Detalles\"><i class=\"fas fa-2x fa-link\"><\/i><\/a><\/div><\/div><\/div><div class=\"jumbotron archivos\"><div class=\"row align-items-center\"><div class=\"col\"><h6><a class=\"text-dark\" href=\"https:\/\/comunidad.comprasdominicana.gob.do\/\/Public\/Tendering\/OpportunityDetail\/Index?noticeUID=DO1.NTC.1408341\" title=\"Ver\" target=\"_blank\">APORDOM-DAF-CM-2024-0031<\/a><\/h6><p class=\"mb-0 bold\">Adquisici\u00f3n de Licencias Inform\u00e1ticas para el uso de los sistemas de esta APORDOM<\/p><p class=\"mb-0\" style=\"font-size: .85rem\"><strong title=\"Estado del Proceso\"><i class=\"fas fa-spinner\"><\/i><\/strong> Proceso adjudicado y celebrado<\/p><p class=\"mb-0\" style=\"font-size: .85rem\"><strong title=\"Fecha de Publicaci\u00f3n\"><i class=\"fas fa-calendar-alt\"><\/i><\/strong> Publicado el martes, 4 de junio de 2024<\/p><\/div><div class=\"col-auto mt-md-0 mt-2\"><a class=\"btn btn-primary btn-lg px-lg-4 d-none d-md-block\" href=\"https:\/\/comunidad.comprasdominicana.gob.do\/\/Public\/Tendering\/OpportunityDetail\/Index?noticeUID=DO1.NTC.1408341\" target=\"_blank\" title=\"Detalles\"><i class=\"fas fa-link\"><\/i> DETALLES<\/a><a class=\"btn btn-primary btn-lg px-lg-4 d-block d-md-none\" href=\"https:\/\/comunidad.comprasdominicana.gob.do\/\/Public\/Tendering\/OpportunityDetail\/Index?noticeUID=DO1.NTC.1408341\" target=\"_blank\" title=\"Detalles\"><i class=\"fas fa-2x fa-link\"><\/i><\/a><\/div><\/div><\/div><div class=\"jumbotron archivos\"><div class=\"row align-items-center\"><div class=\"col\"><h6><a class=\"text-dark\" href=\"https:\/\/comunidad.comprasdominicana.gob.do\/\/Public\/Tendering\/OpportunityDetail\/Index?noticeUID=DO1.NTC.1417428\" title=\"Ver\" target=\"_blank\">APORDOM-DAF-CM-2024-0033<\/a><\/h6><p class=\"mb-0 bold\">Adquisici\u00f3n de Pallets, Locker, Ventiladores, Extractores y Materiales Ferreteros para Uso de Esta Apordom<\/p><p class=\"mb-0\" style=\"font-size: .85rem\"><strong title=\"Estado del Proceso\"><i class=\"fas fa-spinner\"><\/i><\/strong> Proceso desierto<\/p><p class=\"mb-0\" style=\"font-size: .85rem\"><strong title=\"Fecha de Publicaci\u00f3n\"><i class=\"fas fa-calendar-alt\"><\/i><\/strong> Publicado el jueves, 27 de junio de 2024<\/p><\/div><div class=\"col-auto mt-md-0 mt-2\"><a class=\"btn btn-primary btn-lg px-lg-4 d-none d-md-block\" href=\"https:\/\/comunidad.comprasdominicana.gob.do\/\/Public\/Tendering\/OpportunityDetail\/Index?noticeUID=DO1.NTC.1417428\" target=\"_blank\" title=\"Detalles\"><i class=\"fas fa-link\"><\/i> DETALLES<\/a><a class=\"btn btn-primary btn-lg px-lg-4 d-block d-md-none\" href=\"https:\/\/comunidad.comprasdominicana.gob.do\/\/Public\/Tendering\/OpportunityDetail\/Index?noticeUID=DO1.NTC.1417428\" target=\"_blank\" title=\"Detalles\"><i class=\"fas fa-2x fa-link\"><\/i><\/a><\/div><\/div><\/div><div class=\"jumbotron archivos\"><div class=\"row align-items-center\"><div class=\"col\"><h6><a class=\"text-dark\" href=\"https:\/\/comunidad.comprasdominicana.gob.do\/\/Public\/Tendering\/OpportunityDetail\/Index?noticeUID=DO1.NTC.1417326\" title=\"Ver\" target=\"_blank\">APORDOM-DAF-CM-2024-0029<\/a><\/h6><p class=\"mb-0 bold\">ADQUISICI\u00d3N Y RELLENADO DE EXTINTORES PARA LA SEDE CENTRAL Y DIFERENTES PUERTOS DE ESTA APORDOM<\/p><p class=\"mb-0\" style=\"font-size: .85rem\"><strong title=\"Estado del Proceso\"><i class=\"fas fa-spinner\"><\/i><\/strong> Proceso desierto<\/p><p class=\"mb-0\" style=\"font-size: .85rem\"><strong title=\"Fecha de Publicaci\u00f3n\"><i class=\"fas fa-calendar-alt\"><\/i><\/strong> Publicado el jueves, 27 de junio de 2024<\/p><\/div><div class=\"col-auto mt-md-0 mt-2\"><a class=\"btn btn-primary btn-lg px-lg-4 d-none d-md-block\" href=\"https:\/\/comunidad.comprasdominicana.gob.do\/\/Public\/Tendering\/OpportunityDetail\/Index?noticeUID=DO1.NTC.1417326\" target=\"_blank\" title=\"Detalles\"><i class=\"fas fa-link\"><\/i> DETALLES<\/a><a class=\"btn btn-primary btn-lg px-lg-4 d-block d-md-none\" href=\"https:\/\/comunidad.comprasdominicana.gob.do\/\/Public\/Tendering\/OpportunityDetail\/Index?noticeUID=DO1.NTC.1417326\" target=\"_blank\" title=\"Detalles\"><i class=\"fas fa-2x fa-link\"><\/i><\/a><\/div><\/div><\/div><\/div><\/div><\/div>\n        <div class=\"card\">\n            <div class=\"card-header parents\" id=\"heading_compras-menores-69eeee772d89c-2024-69eeee772d89c-mayo-69eeee772d89c\">\n                <p class=\"title text-blue mb-0\">\n                    <a class=\"btn-block hover text-left collapsed\" data-toggle=\"collapse\" data-target=\"#collap_compras-menores-69eeee772d89c-2024-69eeee772d89c-mayo-69eeee772d89c\" aria-expanded=\"false\" aria-controls=\"collap_compras-menores-69eeee772d89c-2024-69eeee772d89c-mayo-69eeee772d89c\">Mayo<\/a>\n                <\/p>\n            <\/div>\n            <div id=\"collap_compras-menores-69eeee772d89c-2024-69eeee772d89c-mayo-69eeee772d89c\" class=\"collapse\" aria-labelledby=\"heading_compras-menores-69eeee772d89c-2024-69eeee772d89c-mayo-69eeee772d89c\" data-parent=\"#collap_compras-menores-69eeee772d89c-2024-69eeee772d89c\">\n                <div class=\"card-body\"><div class=\"jumbotron archivos\"><div class=\"row align-items-center\"><div class=\"col\"><h6><a class=\"text-dark\" href=\"https:\/\/comunidad.comprasdominicana.gob.do\/\/Public\/Tendering\/OpportunityDetail\/Index?noticeUID=DO1.NTC.1405040\" title=\"Ver\" target=\"_blank\">APORDOM-DAF-CM-2024-0024<\/a><\/h6><p class=\"mb-0 bold\">Servicio de Impermeabilizaci\u00f3n para el Edificio de Inspector\u00eda de esta APORDOM.<\/p><p class=\"mb-0\" style=\"font-size: .85rem\"><strong title=\"Estado del Proceso\"><i class=\"fas fa-spinner\"><\/i><\/strong> Proceso adjudicado y celebrado<\/p><p class=\"mb-0\" style=\"font-size: .85rem\"><strong title=\"Fecha de Publicaci\u00f3n\"><i class=\"fas fa-calendar-alt\"><\/i><\/strong> Publicado el viernes, 24 de mayo de 2024<\/p><\/div><div class=\"col-auto mt-md-0 mt-2\"><a class=\"btn btn-primary btn-lg px-lg-4 d-none d-md-block\" href=\"https:\/\/comunidad.comprasdominicana.gob.do\/\/Public\/Tendering\/OpportunityDetail\/Index?noticeUID=DO1.NTC.1405040\" target=\"_blank\" title=\"Detalles\"><i class=\"fas fa-link\"><\/i> DETALLES<\/a><a class=\"btn btn-primary btn-lg px-lg-4 d-block d-md-none\" href=\"https:\/\/comunidad.comprasdominicana.gob.do\/\/Public\/Tendering\/OpportunityDetail\/Index?noticeUID=DO1.NTC.1405040\" target=\"_blank\" title=\"Detalles\"><i class=\"fas fa-2x fa-link\"><\/i><\/a><\/div><\/div><\/div><\/div><\/div><\/div>\n        <div class=\"card\">\n            <div class=\"card-header parents\" id=\"heading_compras-menores-69eeee772d89c-2024-69eeee772d89c-abril-69eeee772d89c\">\n                <p class=\"title text-blue mb-0\">\n                    <a class=\"btn-block hover text-left collapsed\" data-toggle=\"collapse\" data-target=\"#collap_compras-menores-69eeee772d89c-2024-69eeee772d89c-abril-69eeee772d89c\" aria-expanded=\"false\" aria-controls=\"collap_compras-menores-69eeee772d89c-2024-69eeee772d89c-abril-69eeee772d89c\">Abril<\/a>\n                <\/p>\n            <\/div>\n            <div id=\"collap_compras-menores-69eeee772d89c-2024-69eeee772d89c-abril-69eeee772d89c\" class=\"collapse\" aria-labelledby=\"heading_compras-menores-69eeee772d89c-2024-69eeee772d89c-abril-69eeee772d89c\" data-parent=\"#collap_compras-menores-69eeee772d89c-2024-69eeee772d89c\">\n                <div class=\"card-body\"><div class=\"jumbotron archivos\"><div class=\"row align-items-center\"><div class=\"col\"><h6><a class=\"text-dark\" href=\"https:\/\/comunidad.comprasdominicana.gob.do\/\/Public\/Tendering\/OpportunityDetail\/Index?noticeUID=DO1.NTC.1387120\" title=\"Ver\" target=\"_blank\">APORDOM-DAF-CM-2024-0026<\/a><\/h6><p class=\"mb-0 bold\">ADQUISICI\u00d3N DE ART\u00cdCULOS PARA EL D\u00cdA DE LAS MADRES, PADRES Y DE LAS SECRETARIAS DE ESTA APORDOM<\/p><p class=\"mb-0\" style=\"font-size: .85rem\"><strong title=\"Estado del Proceso\"><i class=\"fas fa-spinner\"><\/i><\/strong> Proceso adjudicado y celebrado<\/p><p class=\"mb-0\" style=\"font-size: .85rem\"><strong title=\"Fecha de Publicaci\u00f3n\"><i class=\"fas fa-calendar-alt\"><\/i><\/strong> Publicado el viernes, 12 de abril de 2024<\/p><\/div><div class=\"col-auto mt-md-0 mt-2\"><a class=\"btn btn-primary btn-lg px-lg-4 d-none d-md-block\" href=\"https:\/\/comunidad.comprasdominicana.gob.do\/\/Public\/Tendering\/OpportunityDetail\/Index?noticeUID=DO1.NTC.1387120\" target=\"_blank\" title=\"Detalles\"><i class=\"fas fa-link\"><\/i> DETALLES<\/a><a class=\"btn btn-primary btn-lg px-lg-4 d-block d-md-none\" href=\"https:\/\/comunidad.comprasdominicana.gob.do\/\/Public\/Tendering\/OpportunityDetail\/Index?noticeUID=DO1.NTC.1387120\" target=\"_blank\" title=\"Detalles\"><i class=\"fas fa-2x fa-link\"><\/i><\/a><\/div><\/div><\/div><div class=\"jumbotron archivos\"><div class=\"row align-items-center\"><div class=\"col\"><h6><a class=\"text-dark\" href=\"https:\/\/comunidad.comprasdominicana.gob.do\/\/Public\/Tendering\/OpportunityDetail\/Index?noticeUID=DO1.NTC.1385720\" title=\"Ver\" target=\"_blank\">APORDOM-DAF-CM-2024-0022<\/a><\/h6><p class=\"mb-0 bold\">ADQUISICI\u00d3N DE HERRAMIENTAS DE TRANSPORTACION PARA USO DE APORDOM<\/p><p class=\"mb-0\" style=\"font-size: .85rem\"><strong title=\"Estado del Proceso\"><i class=\"fas fa-spinner\"><\/i><\/strong> Proceso adjudicado y celebrado<\/p><p class=\"mb-0\" style=\"font-size: .85rem\"><strong title=\"Fecha de Publicaci\u00f3n\"><i class=\"fas fa-calendar-alt\"><\/i><\/strong> Publicado el mi\u00e9rcoles, 10 de abril de 2024<\/p><\/div><div class=\"col-auto mt-md-0 mt-2\"><a class=\"btn btn-primary btn-lg px-lg-4 d-none d-md-block\" href=\"https:\/\/comunidad.comprasdominicana.gob.do\/\/Public\/Tendering\/OpportunityDetail\/Index?noticeUID=DO1.NTC.1385720\" target=\"_blank\" title=\"Detalles\"><i class=\"fas fa-link\"><\/i> DETALLES<\/a><a class=\"btn btn-primary btn-lg px-lg-4 d-block d-md-none\" href=\"https:\/\/comunidad.comprasdominicana.gob.do\/\/Public\/Tendering\/OpportunityDetail\/Index?noticeUID=DO1.NTC.1385720\" target=\"_blank\" title=\"Detalles\"><i class=\"fas fa-2x fa-link\"><\/i><\/a><\/div><\/div><\/div><\/div><\/div><\/div>\n        <div class=\"card\">\n            <div class=\"card-header parents\" id=\"heading_compras-menores-69eeee772d89c-2024-69eeee772d89c-marzo-69eeee772d89c\">\n                <p class=\"title text-blue mb-0\">\n                    <a class=\"btn-block hover text-left collapsed\" data-toggle=\"collapse\" data-target=\"#collap_compras-menores-69eeee772d89c-2024-69eeee772d89c-marzo-69eeee772d89c\" aria-expanded=\"false\" aria-controls=\"collap_compras-menores-69eeee772d89c-2024-69eeee772d89c-marzo-69eeee772d89c\">Marzo<\/a>\n                <\/p>\n            <\/div>\n            <div id=\"collap_compras-menores-69eeee772d89c-2024-69eeee772d89c-marzo-69eeee772d89c\" class=\"collapse\" aria-labelledby=\"heading_compras-menores-69eeee772d89c-2024-69eeee772d89c-marzo-69eeee772d89c\" data-parent=\"#collap_compras-menores-69eeee772d89c-2024-69eeee772d89c\">\n                <div class=\"card-body\"><div class=\"jumbotron archivos\"><div class=\"row align-items-center\"><div class=\"col\"><h6><a class=\"text-dark\" href=\"https:\/\/comunidad.comprasdominicana.gob.do\/\/Public\/Tendering\/OpportunityDetail\/Index?noticeUID=DO1.NTC.1372636\" title=\"Ver\" target=\"_blank\">APORDOM-DAF-CM-2024-0010<\/a><\/h6><p class=\"mb-0 bold\">ADQUISICI\u00d3N DE MATERIALES FERRETEROS PARA ESTA APORDOM<\/p><p class=\"mb-0\" style=\"font-size: .85rem\"><strong title=\"Estado del Proceso\"><i class=\"fas fa-spinner\"><\/i><\/strong> Cancelado<\/p><p class=\"mb-0\" style=\"font-size: .85rem\"><strong title=\"Fecha de Publicaci\u00f3n\"><i class=\"fas fa-calendar-alt\"><\/i><\/strong> Publicado el viernes, 8 de marzo de 2024<\/p><\/div><div class=\"col-auto mt-md-0 mt-2\"><a class=\"btn btn-primary btn-lg px-lg-4 d-none d-md-block\" href=\"https:\/\/comunidad.comprasdominicana.gob.do\/\/Public\/Tendering\/OpportunityDetail\/Index?noticeUID=DO1.NTC.1372636\" target=\"_blank\" title=\"Detalles\"><i class=\"fas fa-link\"><\/i> DETALLES<\/a><a class=\"btn btn-primary btn-lg px-lg-4 d-block d-md-none\" href=\"https:\/\/comunidad.comprasdominicana.gob.do\/\/Public\/Tendering\/OpportunityDetail\/Index?noticeUID=DO1.NTC.1372636\" target=\"_blank\" title=\"Detalles\"><i class=\"fas fa-2x fa-link\"><\/i><\/a><\/div><\/div><\/div><div class=\"jumbotron archivos\"><div class=\"row align-items-center\"><div class=\"col\"><h6><a class=\"text-dark\" href=\"https:\/\/comunidad.comprasdominicana.gob.do\/\/Public\/Tendering\/OpportunityDetail\/Index?noticeUID=DO1.NTC.1380422\" title=\"Ver\" target=\"_blank\">APORDOM-DAF-CM-2024-0011<\/a><\/h6><p class=\"mb-0 bold\">Adquisici\u00f3n de Materiales e Insumos de Pinturas para dependencias de esta APORDOM, dirigido a Mipymes.<\/p><p class=\"mb-0\" style=\"font-size: .85rem\"><strong title=\"Estado del Proceso\"><i class=\"fas fa-spinner\"><\/i><\/strong> Proceso adjudicado y celebrado<\/p><p class=\"mb-0\" style=\"font-size: .85rem\"><strong title=\"Fecha de Publicaci\u00f3n\"><i class=\"fas fa-calendar-alt\"><\/i><\/strong> Publicado el mi\u00e9rcoles, 27 de marzo de 2024<\/p><\/div><div class=\"col-auto mt-md-0 mt-2\"><a class=\"btn btn-primary btn-lg px-lg-4 d-none d-md-block\" href=\"https:\/\/comunidad.comprasdominicana.gob.do\/\/Public\/Tendering\/OpportunityDetail\/Index?noticeUID=DO1.NTC.1380422\" target=\"_blank\" title=\"Detalles\"><i class=\"fas fa-link\"><\/i> DETALLES<\/a><a class=\"btn btn-primary btn-lg px-lg-4 d-block d-md-none\" href=\"https:\/\/comunidad.comprasdominicana.gob.do\/\/Public\/Tendering\/OpportunityDetail\/Index?noticeUID=DO1.NTC.1380422\" target=\"_blank\" title=\"Detalles\"><i class=\"fas fa-2x fa-link\"><\/i><\/a><\/div><\/div><\/div><div class=\"jumbotron archivos\"><div class=\"row align-items-center\"><div class=\"col\"><h6><a class=\"text-dark\" href=\"https:\/\/comunidad.comprasdominicana.gob.do\/\/Public\/Tendering\/OpportunityDetail\/Index?noticeUID=DO1.NTC.1380824\" title=\"Ver\" target=\"_blank\">APORDOM-DAF-CM-2024-0016<\/a><\/h6><p class=\"mb-0 bold\">Adquisici\u00f3n de Uniformes y Gorras para Personal de esta APORDOM, dirigido a Mipymes.<\/p><p class=\"mb-0\" style=\"font-size: .85rem\"><strong title=\"Estado del Proceso\"><i class=\"fas fa-spinner\"><\/i><\/strong> Proceso adjudicado y celebrado<\/p><p class=\"mb-0\" style=\"font-size: .85rem\"><strong title=\"Fecha de Publicaci\u00f3n\"><i class=\"fas fa-calendar-alt\"><\/i><\/strong> Publicado el mi\u00e9rcoles, 27 de marzo de 2024<\/p><\/div><div class=\"col-auto mt-md-0 mt-2\"><a class=\"btn btn-primary btn-lg px-lg-4 d-none d-md-block\" href=\"https:\/\/comunidad.comprasdominicana.gob.do\/\/Public\/Tendering\/OpportunityDetail\/Index?noticeUID=DO1.NTC.1380824\" target=\"_blank\" title=\"Detalles\"><i class=\"fas fa-link\"><\/i> DETALLES<\/a><a class=\"btn btn-primary btn-lg px-lg-4 d-block d-md-none\" href=\"https:\/\/comunidad.comprasdominicana.gob.do\/\/Public\/Tendering\/OpportunityDetail\/Index?noticeUID=DO1.NTC.1380824\" target=\"_blank\" title=\"Detalles\"><i class=\"fas fa-2x fa-link\"><\/i><\/a><\/div><\/div><\/div><div class=\"jumbotron archivos\"><div class=\"row align-items-center\"><div class=\"col\"><h6><a class=\"text-dark\" href=\"https:\/\/comunidad.comprasdominicana.gob.do\/\/Public\/Tendering\/OpportunityDetail\/Index?noticeUID=DO1.NTC.1380822\" title=\"Ver\" target=\"_blank\">APORDOM-DAF-CM-2024-0023<\/a><\/h6><p class=\"mb-0 bold\">ADQUISICI\u00d3N DE LICENCIAS Y SERVIDORES DECLARADOS DESIERTOS DE PROCESOS APORDOM-CCC-CP-2023-0008 Y APORDOM-CCC-LPN-2023-0004<\/p><p class=\"mb-0\" style=\"font-size: .85rem\"><strong title=\"Estado del Proceso\"><i class=\"fas fa-spinner\"><\/i><\/strong> Proceso adjudicado y celebrado<\/p><p class=\"mb-0\" style=\"font-size: .85rem\"><strong title=\"Fecha de Publicaci\u00f3n\"><i class=\"fas fa-calendar-alt\"><\/i><\/strong> Publicado el mi\u00e9rcoles, 27 de marzo de 2024<\/p><\/div><div class=\"col-auto mt-md-0 mt-2\"><a class=\"btn btn-primary btn-lg px-lg-4 d-none d-md-block\" href=\"https:\/\/comunidad.comprasdominicana.gob.do\/\/Public\/Tendering\/OpportunityDetail\/Index?noticeUID=DO1.NTC.1380822\" target=\"_blank\" title=\"Detalles\"><i class=\"fas fa-link\"><\/i> DETALLES<\/a><a class=\"btn btn-primary btn-lg px-lg-4 d-block d-md-none\" href=\"https:\/\/comunidad.comprasdominicana.gob.do\/\/Public\/Tendering\/OpportunityDetail\/Index?noticeUID=DO1.NTC.1380822\" target=\"_blank\" title=\"Detalles\"><i class=\"fas fa-2x fa-link\"><\/i><\/a><\/div><\/div><\/div><div class=\"jumbotron archivos\"><div class=\"row align-items-center\"><div class=\"col\"><h6><a class=\"text-dark\" href=\"https:\/\/comunidad.comprasdominicana.gob.do\/\/Public\/Tendering\/OpportunityDetail\/Index?noticeUID=DO1.NTC.1379735\" title=\"Ver\" target=\"_blank\">APORDOM-DAF-CM-2024-0017<\/a><\/h6><p class=\"mb-0 bold\">Servicio de Ebanister\u00eda para diferentes departamentos de esta APORDOM.<\/p><p class=\"mb-0\" style=\"font-size: .85rem\"><strong title=\"Estado del Proceso\"><i class=\"fas fa-spinner\"><\/i><\/strong> Proceso adjudicado y celebrado<\/p><p class=\"mb-0\" style=\"font-size: .85rem\"><strong title=\"Fecha de Publicaci\u00f3n\"><i class=\"fas fa-calendar-alt\"><\/i><\/strong> Publicado el martes, 26 de marzo de 2024<\/p><\/div><div class=\"col-auto mt-md-0 mt-2\"><a class=\"btn btn-primary btn-lg px-lg-4 d-none d-md-block\" href=\"https:\/\/comunidad.comprasdominicana.gob.do\/\/Public\/Tendering\/OpportunityDetail\/Index?noticeUID=DO1.NTC.1379735\" target=\"_blank\" title=\"Detalles\"><i class=\"fas fa-link\"><\/i> DETALLES<\/a><a class=\"btn btn-primary btn-lg px-lg-4 d-block d-md-none\" href=\"https:\/\/comunidad.comprasdominicana.gob.do\/\/Public\/Tendering\/OpportunityDetail\/Index?noticeUID=DO1.NTC.1379735\" target=\"_blank\" title=\"Detalles\"><i class=\"fas fa-2x fa-link\"><\/i><\/a><\/div><\/div><\/div><div class=\"jumbotron archivos\"><div class=\"row align-items-center\"><div class=\"col\"><h6><a class=\"text-dark\" href=\"https:\/\/comunidad.comprasdominicana.gob.do\/\/Public\/Tendering\/OpportunityDetail\/Index?noticeUID=DO1.NTC.1380230\" title=\"Ver\" target=\"_blank\">APORDOM-DAF-CM-2024-0025<\/a><\/h6><p class=\"mb-0 bold\">Servicio de Mantenimiento Correctivo, Preventivo y General para Veh\u00edculos del departamento de transportaci\u00f3n de esta APORDOM<\/p><p class=\"mb-0\" style=\"font-size: .85rem\"><strong title=\"Estado del Proceso\"><i class=\"fas fa-spinner\"><\/i><\/strong> Proceso adjudicado y celebrado<\/p><p class=\"mb-0\" style=\"font-size: .85rem\"><strong title=\"Fecha de Publicaci\u00f3n\"><i class=\"fas fa-calendar-alt\"><\/i><\/strong> Publicado el martes, 26 de marzo de 2024<\/p><\/div><div class=\"col-auto mt-md-0 mt-2\"><a class=\"btn btn-primary btn-lg px-lg-4 d-none d-md-block\" href=\"https:\/\/comunidad.comprasdominicana.gob.do\/\/Public\/Tendering\/OpportunityDetail\/Index?noticeUID=DO1.NTC.1380230\" target=\"_blank\" title=\"Detalles\"><i class=\"fas fa-link\"><\/i> DETALLES<\/a><a class=\"btn btn-primary btn-lg px-lg-4 d-block d-md-none\" href=\"https:\/\/comunidad.comprasdominicana.gob.do\/\/Public\/Tendering\/OpportunityDetail\/Index?noticeUID=DO1.NTC.1380230\" target=\"_blank\" title=\"Detalles\"><i class=\"fas fa-2x fa-link\"><\/i><\/a><\/div><\/div><\/div><div class=\"jumbotron archivos\"><div class=\"row align-items-center\"><div class=\"col\"><h6><a class=\"text-dark\" href=\"https:\/\/comunidad.comprasdominicana.gob.do\/\/Public\/Tendering\/OpportunityDetail\/Index?noticeUID=DO1.NTC.1379126\" title=\"Ver\" target=\"_blank\">APORDOM-DAF-CM-2024-0004<\/a><\/h6><p class=\"mb-0 bold\">ADQUISICI\u00d3N E INSTALACI\u00d3N DE BARANDAS PARA RAMPA Y ESCALERAS DE LA PARTE FRONTAL DE APORDOM<\/p><p class=\"mb-0\" style=\"font-size: .85rem\"><strong title=\"Estado del Proceso\"><i class=\"fas fa-spinner\"><\/i><\/strong> Proceso adjudicado y celebrado<\/p><p class=\"mb-0\" style=\"font-size: .85rem\"><strong title=\"Fecha de Publicaci\u00f3n\"><i class=\"fas fa-calendar-alt\"><\/i><\/strong> Publicado el lunes, 25 de marzo de 2024<\/p><\/div><div class=\"col-auto mt-md-0 mt-2\"><a class=\"btn btn-primary btn-lg px-lg-4 d-none d-md-block\" href=\"https:\/\/comunidad.comprasdominicana.gob.do\/\/Public\/Tendering\/OpportunityDetail\/Index?noticeUID=DO1.NTC.1379126\" target=\"_blank\" title=\"Detalles\"><i class=\"fas fa-link\"><\/i> DETALLES<\/a><a class=\"btn btn-primary btn-lg px-lg-4 d-block d-md-none\" href=\"https:\/\/comunidad.comprasdominicana.gob.do\/\/Public\/Tendering\/OpportunityDetail\/Index?noticeUID=DO1.NTC.1379126\" target=\"_blank\" title=\"Detalles\"><i class=\"fas fa-2x fa-link\"><\/i><\/a><\/div><\/div><\/div><div class=\"jumbotron archivos\"><div class=\"row align-items-center\"><div class=\"col\"><h6><a class=\"text-dark\" href=\"https:\/\/comunidad.comprasdominicana.gob.do\/\/Public\/Tendering\/OpportunityDetail\/Index?noticeUID=DO1.NTC.1376434\" title=\"Ver\" target=\"_blank\">APORDOM-DAF-CM-2024-0020<\/a><\/h6><p class=\"mb-0 bold\">Adquisici\u00f3n e Instalaci\u00f3n de Cortinas tipo Zebra y Enrollables para esta APORDOM, dirigido a Mipymes.<\/p><p class=\"mb-0\" style=\"font-size: .85rem\"><strong title=\"Estado del Proceso\"><i class=\"fas fa-spinner\"><\/i><\/strong> Proceso adjudicado y celebrado<\/p><p class=\"mb-0\" style=\"font-size: .85rem\"><strong title=\"Fecha de Publicaci\u00f3n\"><i class=\"fas fa-calendar-alt\"><\/i><\/strong> Publicado el lunes, 18 de marzo de 2024<\/p><\/div><div class=\"col-auto mt-md-0 mt-2\"><a class=\"btn btn-primary btn-lg px-lg-4 d-none d-md-block\" href=\"https:\/\/comunidad.comprasdominicana.gob.do\/\/Public\/Tendering\/OpportunityDetail\/Index?noticeUID=DO1.NTC.1376434\" target=\"_blank\" title=\"Detalles\"><i class=\"fas fa-link\"><\/i> DETALLES<\/a><a class=\"btn btn-primary btn-lg px-lg-4 d-block d-md-none\" href=\"https:\/\/comunidad.comprasdominicana.gob.do\/\/Public\/Tendering\/OpportunityDetail\/Index?noticeUID=DO1.NTC.1376434\" target=\"_blank\" title=\"Detalles\"><i class=\"fas fa-2x fa-link\"><\/i><\/a><\/div><\/div><\/div><div class=\"jumbotron archivos\"><div class=\"row align-items-center\"><div class=\"col\"><h6><a class=\"text-dark\" href=\"https:\/\/comunidad.comprasdominicana.gob.do\/\/Public\/Tendering\/OpportunityDetail\/Index?noticeUID=DO1.NTC.1374804\" title=\"Ver\" target=\"_blank\">APORDOM-DAF-CM-2024-0005<\/a><\/h6><p class=\"mb-0 bold\">Adquisici\u00f3n de Materiales Electricos, dirigido a Mipymes\n<\/p><p class=\"mb-0\" style=\"font-size: .85rem\"><strong title=\"Estado del Proceso\"><i class=\"fas fa-spinner\"><\/i><\/strong> Proceso adjudicado y celebrado<\/p><p class=\"mb-0\" style=\"font-size: .85rem\"><strong title=\"Fecha de Publicaci\u00f3n\"><i class=\"fas fa-calendar-alt\"><\/i><\/strong> Publicado el mi\u00e9rcoles, 13 de marzo de 2024<\/p><\/div><div class=\"col-auto mt-md-0 mt-2\"><a class=\"btn btn-primary btn-lg px-lg-4 d-none d-md-block\" href=\"https:\/\/comunidad.comprasdominicana.gob.do\/\/Public\/Tendering\/OpportunityDetail\/Index?noticeUID=DO1.NTC.1374804\" target=\"_blank\" title=\"Detalles\"><i class=\"fas fa-link\"><\/i> DETALLES<\/a><a class=\"btn btn-primary btn-lg px-lg-4 d-block d-md-none\" href=\"https:\/\/comunidad.comprasdominicana.gob.do\/\/Public\/Tendering\/OpportunityDetail\/Index?noticeUID=DO1.NTC.1374804\" target=\"_blank\" title=\"Detalles\"><i class=\"fas fa-2x fa-link\"><\/i><\/a><\/div><\/div><\/div><div class=\"jumbotron archivos\"><div class=\"row align-items-center\"><div class=\"col\"><h6><a class=\"text-dark\" href=\"https:\/\/comunidad.comprasdominicana.gob.do\/\/Public\/Tendering\/OpportunityDetail\/Index?noticeUID=DO1.NTC.1373944\" title=\"Ver\" target=\"_blank\">APORDOM-DAF-CM-2024-0009<\/a><\/h6><p class=\"mb-0 bold\"> ADQUISICI\u00d3N DE MATERIALES FERRETEROS, DIRIGIDO A MIPYMES<\/p><p class=\"mb-0\" style=\"font-size: .85rem\"><strong title=\"Estado del Proceso\"><i class=\"fas fa-spinner\"><\/i><\/strong> Proceso adjudicado y celebrado<\/p><p class=\"mb-0\" style=\"font-size: .85rem\"><strong title=\"Fecha de Publicaci\u00f3n\"><i class=\"fas fa-calendar-alt\"><\/i><\/strong> Publicado el martes, 12 de marzo de 2024<\/p><\/div><div class=\"col-auto mt-md-0 mt-2\"><a class=\"btn btn-primary btn-lg px-lg-4 d-none d-md-block\" href=\"https:\/\/comunidad.comprasdominicana.gob.do\/\/Public\/Tendering\/OpportunityDetail\/Index?noticeUID=DO1.NTC.1373944\" target=\"_blank\" title=\"Detalles\"><i class=\"fas fa-link\"><\/i> DETALLES<\/a><a class=\"btn btn-primary btn-lg px-lg-4 d-block d-md-none\" href=\"https:\/\/comunidad.comprasdominicana.gob.do\/\/Public\/Tendering\/OpportunityDetail\/Index?noticeUID=DO1.NTC.1373944\" target=\"_blank\" title=\"Detalles\"><i class=\"fas fa-2x fa-link\"><\/i><\/a><\/div><\/div><\/div><div class=\"jumbotron archivos\"><div class=\"row align-items-center\"><div class=\"col\"><h6><a class=\"text-dark\" href=\"https:\/\/comunidad.comprasdominicana.gob.do\/\/Public\/Tendering\/OpportunityDetail\/Index?noticeUID=DO1.NTC.1374007\" title=\"Ver\" target=\"_blank\">APORDOM-DAF-CM-2024-0012<\/a><\/h6><p class=\"mb-0 bold\">SERVICIO DE COFFEE BREAK PARA USO DE APORDOM, DIRIGIDO A MIPYMES MUJER<\/p><p class=\"mb-0\" style=\"font-size: .85rem\"><strong title=\"Estado del Proceso\"><i class=\"fas fa-spinner\"><\/i><\/strong> Proceso adjudicado y celebrado<\/p><p class=\"mb-0\" style=\"font-size: .85rem\"><strong title=\"Fecha de Publicaci\u00f3n\"><i class=\"fas fa-calendar-alt\"><\/i><\/strong> Publicado el martes, 12 de marzo de 2024<\/p><\/div><div class=\"col-auto mt-md-0 mt-2\"><a class=\"btn btn-primary btn-lg px-lg-4 d-none d-md-block\" href=\"https:\/\/comunidad.comprasdominicana.gob.do\/\/Public\/Tendering\/OpportunityDetail\/Index?noticeUID=DO1.NTC.1374007\" target=\"_blank\" title=\"Detalles\"><i class=\"fas fa-link\"><\/i> DETALLES<\/a><a class=\"btn btn-primary btn-lg px-lg-4 d-block d-md-none\" href=\"https:\/\/comunidad.comprasdominicana.gob.do\/\/Public\/Tendering\/OpportunityDetail\/Index?noticeUID=DO1.NTC.1374007\" target=\"_blank\" title=\"Detalles\"><i class=\"fas fa-2x fa-link\"><\/i><\/a><\/div><\/div><\/div><div class=\"jumbotron archivos\"><div class=\"row align-items-center\"><div class=\"col\"><h6><a class=\"text-dark\" href=\"https:\/\/comunidad.comprasdominicana.gob.do\/\/Public\/Tendering\/OpportunityDetail\/Index?noticeUID=DO1.NTC.1373032\" title=\"Ver\" target=\"_blank\">APORDOM-DAF-CM-2024-0014<\/a><\/h6><p class=\"mb-0 bold\">Adquisici\u00f3n de Productos de Limpieza e Higiene para diferentes Departamentos y Puertos de esta APORDOM, dirigido a Mipymes<\/p><p class=\"mb-0\" style=\"font-size: .85rem\"><strong title=\"Estado del Proceso\"><i class=\"fas fa-spinner\"><\/i><\/strong> Proceso adjudicado y celebrado<\/p><p class=\"mb-0\" style=\"font-size: .85rem\"><strong title=\"Fecha de Publicaci\u00f3n\"><i class=\"fas fa-calendar-alt\"><\/i><\/strong> Publicado el viernes, 8 de marzo de 2024<\/p><\/div><div class=\"col-auto mt-md-0 mt-2\"><a class=\"btn btn-primary btn-lg px-lg-4 d-none d-md-block\" href=\"https:\/\/comunidad.comprasdominicana.gob.do\/\/Public\/Tendering\/OpportunityDetail\/Index?noticeUID=DO1.NTC.1373032\" target=\"_blank\" title=\"Detalles\"><i class=\"fas fa-link\"><\/i> DETALLES<\/a><a class=\"btn btn-primary btn-lg px-lg-4 d-block d-md-none\" href=\"https:\/\/comunidad.comprasdominicana.gob.do\/\/Public\/Tendering\/OpportunityDetail\/Index?noticeUID=DO1.NTC.1373032\" target=\"_blank\" title=\"Detalles\"><i class=\"fas fa-2x fa-link\"><\/i><\/a><\/div><\/div><\/div><div class=\"jumbotron archivos\"><div class=\"row align-items-center\"><div class=\"col\"><h6><a class=\"text-dark\" href=\"https:\/\/comunidad.comprasdominicana.gob.do\/\/Public\/Tendering\/OpportunityDetail\/Index?noticeUID=DO1.NTC.1373020\" title=\"Ver\" target=\"_blank\">APORDOM-DAF-CM-2024-0007<\/a><\/h6><p class=\"mb-0 bold\">Adquisici\u00f3n e Instalaci\u00f3n de Aires Acondicionados de 5 toneladas para oficinas de esta APORDOM, dirigido a Mipymes.<\/p><p class=\"mb-0\" style=\"font-size: .85rem\"><strong title=\"Estado del Proceso\"><i class=\"fas fa-spinner\"><\/i><\/strong> Proceso adjudicado y celebrado<\/p><p class=\"mb-0\" style=\"font-size: .85rem\"><strong title=\"Fecha de Publicaci\u00f3n\"><i class=\"fas fa-calendar-alt\"><\/i><\/strong> Publicado el viernes, 8 de marzo de 2024<\/p><\/div><div class=\"col-auto mt-md-0 mt-2\"><a class=\"btn btn-primary btn-lg px-lg-4 d-none d-md-block\" href=\"https:\/\/comunidad.comprasdominicana.gob.do\/\/Public\/Tendering\/OpportunityDetail\/Index?noticeUID=DO1.NTC.1373020\" target=\"_blank\" title=\"Detalles\"><i class=\"fas fa-link\"><\/i> DETALLES<\/a><a class=\"btn btn-primary btn-lg px-lg-4 d-block d-md-none\" href=\"https:\/\/comunidad.comprasdominicana.gob.do\/\/Public\/Tendering\/OpportunityDetail\/Index?noticeUID=DO1.NTC.1373020\" target=\"_blank\" title=\"Detalles\"><i class=\"fas fa-2x fa-link\"><\/i><\/a><\/div><\/div><\/div><div class=\"jumbotron archivos\"><div class=\"row align-items-center\"><div class=\"col\"><h6><a class=\"text-dark\" href=\"https:\/\/comunidad.comprasdominicana.gob.do\/\/Public\/Tendering\/OpportunityDetail\/Index?noticeUID=DO1.NTC.1372520\" title=\"Ver\" target=\"_blank\">APORDOM-DAF-CM-2024-0015<\/a><\/h6><p class=\"mb-0 bold\">Adquisici\u00f3n de Insumos de Oficinas y Materiales Gastable para diferentes Departamentos de esta APORDOM, dirigido a Mipymes.<\/p><p class=\"mb-0\" style=\"font-size: .85rem\"><strong title=\"Estado del Proceso\"><i class=\"fas fa-spinner\"><\/i><\/strong> Proceso adjudicado y celebrado<\/p><p class=\"mb-0\" style=\"font-size: .85rem\"><strong title=\"Fecha de Publicaci\u00f3n\"><i class=\"fas fa-calendar-alt\"><\/i><\/strong> Publicado el viernes, 8 de marzo de 2024<\/p><\/div><div class=\"col-auto mt-md-0 mt-2\"><a class=\"btn btn-primary btn-lg px-lg-4 d-none d-md-block\" href=\"https:\/\/comunidad.comprasdominicana.gob.do\/\/Public\/Tendering\/OpportunityDetail\/Index?noticeUID=DO1.NTC.1372520\" target=\"_blank\" title=\"Detalles\"><i class=\"fas fa-link\"><\/i> DETALLES<\/a><a class=\"btn btn-primary btn-lg px-lg-4 d-block d-md-none\" href=\"https:\/\/comunidad.comprasdominicana.gob.do\/\/Public\/Tendering\/OpportunityDetail\/Index?noticeUID=DO1.NTC.1372520\" target=\"_blank\" title=\"Detalles\"><i class=\"fas fa-2x fa-link\"><\/i><\/a><\/div><\/div><\/div><div class=\"jumbotron archivos\"><div class=\"row align-items-center\"><div class=\"col\"><h6><a class=\"text-dark\" href=\"https:\/\/comunidad.comprasdominicana.gob.do\/\/Public\/Tendering\/OpportunityDetail\/Index?noticeUID=DO1.NTC.1371720\" title=\"Ver\" target=\"_blank\">APORDOM-DAF-CM-2024-0021<\/a><\/h6><p class=\"mb-0 bold\">Adquisici\u00f3n de Mobiliarios para diferentes Departamentos y Puertos de esta APORDOM, dirigido a Mipymes.<\/p><p class=\"mb-0\" style=\"font-size: .85rem\"><strong title=\"Estado del Proceso\"><i class=\"fas fa-spinner\"><\/i><\/strong> Proceso adjudicado y celebrado<\/p><p class=\"mb-0\" style=\"font-size: .85rem\"><strong title=\"Fecha de Publicaci\u00f3n\"><i class=\"fas fa-calendar-alt\"><\/i><\/strong> Publicado el mi\u00e9rcoles, 6 de marzo de 2024<\/p><\/div><div class=\"col-auto mt-md-0 mt-2\"><a class=\"btn btn-primary btn-lg px-lg-4 d-none d-md-block\" href=\"https:\/\/comunidad.comprasdominicana.gob.do\/\/Public\/Tendering\/OpportunityDetail\/Index?noticeUID=DO1.NTC.1371720\" target=\"_blank\" title=\"Detalles\"><i class=\"fas fa-link\"><\/i> DETALLES<\/a><a class=\"btn btn-primary btn-lg px-lg-4 d-block d-md-none\" href=\"https:\/\/comunidad.comprasdominicana.gob.do\/\/Public\/Tendering\/OpportunityDetail\/Index?noticeUID=DO1.NTC.1371720\" target=\"_blank\" title=\"Detalles\"><i class=\"fas fa-2x fa-link\"><\/i><\/a><\/div><\/div><\/div><\/div><\/div><\/div>\n        <div class=\"card\">\n            <div class=\"card-header parents\" id=\"heading_compras-menores-69eeee772d89c-2024-69eeee772d89c-febrero-69eeee772d89c\">\n                <p class=\"title text-blue mb-0\">\n                    <a class=\"btn-block hover text-left collapsed\" data-toggle=\"collapse\" data-target=\"#collap_compras-menores-69eeee772d89c-2024-69eeee772d89c-febrero-69eeee772d89c\" aria-expanded=\"false\" aria-controls=\"collap_compras-menores-69eeee772d89c-2024-69eeee772d89c-febrero-69eeee772d89c\">Febrero<\/a>\n                <\/p>\n            <\/div>\n            <div id=\"collap_compras-menores-69eeee772d89c-2024-69eeee772d89c-febrero-69eeee772d89c\" class=\"collapse\" aria-labelledby=\"heading_compras-menores-69eeee772d89c-2024-69eeee772d89c-febrero-69eeee772d89c\" data-parent=\"#collap_compras-menores-69eeee772d89c-2024-69eeee772d89c\">\n                <div class=\"card-body\"><div class=\"jumbotron archivos\"><div class=\"row align-items-center\"><div class=\"col\"><h6><a class=\"text-dark\" href=\"https:\/\/comunidad.comprasdominicana.gob.do\/\/Public\/Tendering\/OpportunityDetail\/Index?noticeUID=DO1.NTC.1366920\" title=\"Ver\" target=\"_blank\">APORDOM-DAF-CM-2024-0002<\/a><\/h6><p class=\"mb-0 bold\">ADQUISICI\u00d3N DE TALONARIOS PARA USO DE LA SEDE PRINCIPAL Y PUERTOS DE APORDOM, DIRIGIDO A MIPYMES\n<\/p><p class=\"mb-0\" style=\"font-size: .85rem\"><strong title=\"Estado del Proceso\"><i class=\"fas fa-spinner\"><\/i><\/strong> Proceso adjudicado y celebrado<\/p><p class=\"mb-0\" style=\"font-size: .85rem\"><strong title=\"Fecha de Publicaci\u00f3n\"><i class=\"fas fa-calendar-alt\"><\/i><\/strong> Publicado el jueves, 22 de febrero de 2024<\/p><\/div><div class=\"col-auto mt-md-0 mt-2\"><a class=\"btn btn-primary btn-lg px-lg-4 d-none d-md-block\" href=\"https:\/\/comunidad.comprasdominicana.gob.do\/\/Public\/Tendering\/OpportunityDetail\/Index?noticeUID=DO1.NTC.1366920\" target=\"_blank\" title=\"Detalles\"><i class=\"fas fa-link\"><\/i> DETALLES<\/a><a class=\"btn btn-primary btn-lg px-lg-4 d-block d-md-none\" href=\"https:\/\/comunidad.comprasdominicana.gob.do\/\/Public\/Tendering\/OpportunityDetail\/Index?noticeUID=DO1.NTC.1366920\" target=\"_blank\" title=\"Detalles\"><i class=\"fas fa-2x fa-link\"><\/i><\/a><\/div><\/div><\/div><div class=\"jumbotron archivos\"><div class=\"row align-items-center\"><div class=\"col\"><h6><a class=\"text-dark\" href=\"https:\/\/comunidad.comprasdominicana.gob.do\/\/Public\/Tendering\/OpportunityDetail\/Index?noticeUID=DO1.NTC.1366423\" title=\"Ver\" target=\"_blank\">APORDOM-DAF-CM-2024-0003<\/a><\/h6><p class=\"mb-0 bold\">Adquisici\u00f3n de neum\u00e1ticos para veh\u00edculos de esta APORDOM.\n<\/p><p class=\"mb-0\" style=\"font-size: .85rem\"><strong title=\"Estado del Proceso\"><i class=\"fas fa-spinner\"><\/i><\/strong> Proceso adjudicado y celebrado<\/p><p class=\"mb-0\" style=\"font-size: .85rem\"><strong title=\"Fecha de Publicaci\u00f3n\"><i class=\"fas fa-calendar-alt\"><\/i><\/strong> Publicado el mi\u00e9rcoles, 21 de febrero de 2024<\/p><\/div><div class=\"col-auto mt-md-0 mt-2\"><a class=\"btn btn-primary btn-lg px-lg-4 d-none d-md-block\" href=\"https:\/\/comunidad.comprasdominicana.gob.do\/\/Public\/Tendering\/OpportunityDetail\/Index?noticeUID=DO1.NTC.1366423\" target=\"_blank\" title=\"Detalles\"><i class=\"fas fa-link\"><\/i> DETALLES<\/a><a class=\"btn btn-primary btn-lg px-lg-4 d-block d-md-none\" href=\"https:\/\/comunidad.comprasdominicana.gob.do\/\/Public\/Tendering\/OpportunityDetail\/Index?noticeUID=DO1.NTC.1366423\" target=\"_blank\" title=\"Detalles\"><i class=\"fas fa-2x fa-link\"><\/i><\/a><\/div><\/div><\/div><div class=\"jumbotron archivos\"><div class=\"row align-items-center\"><div class=\"col\"><h6><a class=\"text-dark\" href=\"https:\/\/comunidad.comprasdominicana.gob.do\/\/Public\/Tendering\/OpportunityDetail\/Index?noticeUID=DO1.NTC.1360735\" title=\"Ver\" target=\"_blank\">APORDOM-DAF-CM-2024-0006<\/a><\/h6><p class=\"mb-0 bold\">Contrataci\u00f3n de Empresa para Elaboraci\u00f3n y Colocaci\u00f3n de Stand para Expo-turismo y Atracciones 2024 en Barahona.<\/p><p class=\"mb-0\" style=\"font-size: .85rem\"><strong title=\"Estado del Proceso\"><i class=\"fas fa-spinner\"><\/i><\/strong> Proceso adjudicado y celebrado<\/p><p class=\"mb-0\" style=\"font-size: .85rem\"><strong title=\"Fecha de Publicaci\u00f3n\"><i class=\"fas fa-calendar-alt\"><\/i><\/strong> Publicado el viernes, 9 de febrero de 2024<\/p><\/div><div class=\"col-auto mt-md-0 mt-2\"><a class=\"btn btn-primary btn-lg px-lg-4 d-none d-md-block\" href=\"https:\/\/comunidad.comprasdominicana.gob.do\/\/Public\/Tendering\/OpportunityDetail\/Index?noticeUID=DO1.NTC.1360735\" target=\"_blank\" title=\"Detalles\"><i class=\"fas fa-link\"><\/i> DETALLES<\/a><a class=\"btn btn-primary btn-lg px-lg-4 d-block d-md-none\" href=\"https:\/\/comunidad.comprasdominicana.gob.do\/\/Public\/Tendering\/OpportunityDetail\/Index?noticeUID=DO1.NTC.1360735\" target=\"_blank\" title=\"Detalles\"><i class=\"fas fa-2x fa-link\"><\/i><\/a><\/div><\/div><\/div><div class=\"jumbotron archivos\"><div class=\"row align-items-center\"><div class=\"col\"><h6><a class=\"text-dark\" href=\"https:\/\/comunidad.comprasdominicana.gob.do\/\/Public\/Tendering\/OpportunityDetail\/Index?noticeUID=DO1.NTC.1359821\" title=\"Ver\" target=\"_blank\">APORDOM-DAF-CM-2024-0001<\/a><\/h6><p class=\"mb-0 bold\">ADQUISICI\u00d3N DE ART\u00cdCULOS COMESTIBLES Y GASTABLES -DIRIGIDO A MIPYMES, 1ER Y 2DO TRIMESTRE<\/p><p class=\"mb-0\" style=\"font-size: .85rem\"><strong title=\"Estado del Proceso\"><i class=\"fas fa-spinner\"><\/i><\/strong> Proceso adjudicado y celebrado<\/p><p class=\"mb-0\" style=\"font-size: .85rem\"><strong title=\"Fecha de Publicaci\u00f3n\"><i class=\"fas fa-calendar-alt\"><\/i><\/strong> Publicado el jueves, 8 de febrero de 2024<\/p><\/div><div class=\"col-auto mt-md-0 mt-2\"><a class=\"btn btn-primary btn-lg px-lg-4 d-none d-md-block\" href=\"https:\/\/comunidad.comprasdominicana.gob.do\/\/Public\/Tendering\/OpportunityDetail\/Index?noticeUID=DO1.NTC.1359821\" target=\"_blank\" title=\"Detalles\"><i class=\"fas fa-link\"><\/i> DETALLES<\/a><a class=\"btn btn-primary btn-lg px-lg-4 d-block d-md-none\" href=\"https:\/\/comunidad.comprasdominicana.gob.do\/\/Public\/Tendering\/OpportunityDetail\/Index?noticeUID=DO1.NTC.1359821\" target=\"_blank\" title=\"Detalles\"><i class=\"fas fa-2x fa-link\"><\/i><\/a><\/div><\/div><\/div><div class=\"jumbotron archivos\"><div class=\"row align-items-center\"><div class=\"col\"><h6><a class=\"text-dark\" href=\"https:\/\/comunidad.comprasdominicana.gob.do\/\/Public\/Tendering\/OpportunityDetail\/Index?noticeUID=DO1.NTC.1359923\" title=\"Ver\" target=\"_blank\">APORDOM-DAF-CM-2024-0008<\/a><\/h6><p class=\"mb-0 bold\">Adquisici\u00f3n de Insumos L\u00edquidos y Comestibles para uso de APORDOM, dirigido a Mipymes.<\/p><p class=\"mb-0\" style=\"font-size: .85rem\"><strong title=\"Estado del Proceso\"><i class=\"fas fa-spinner\"><\/i><\/strong> Proceso adjudicado y celebrado<\/p><p class=\"mb-0\" style=\"font-size: .85rem\"><strong title=\"Fecha de Publicaci\u00f3n\"><i class=\"fas fa-calendar-alt\"><\/i><\/strong> Publicado el jueves, 8 de febrero de 2024<\/p><\/div><div class=\"col-auto mt-md-0 mt-2\"><a class=\"btn btn-primary btn-lg px-lg-4 d-none d-md-block\" href=\"https:\/\/comunidad.comprasdominicana.gob.do\/\/Public\/Tendering\/OpportunityDetail\/Index?noticeUID=DO1.NTC.1359923\" target=\"_blank\" title=\"Detalles\"><i class=\"fas fa-link\"><\/i> DETALLES<\/a><a class=\"btn btn-primary btn-lg px-lg-4 d-block d-md-none\" href=\"https:\/\/comunidad.comprasdominicana.gob.do\/\/Public\/Tendering\/OpportunityDetail\/Index?noticeUID=DO1.NTC.1359923\" target=\"_blank\" title=\"Detalles\"><i class=\"fas fa-2x fa-link\"><\/i><\/a><\/div><\/div><\/div><\/div><\/div><\/div><\/div><\/div><\/div>\n        <div class=\"card\">\n            <div class=\"card-header parents\" id=\"heading_compras-menores-69eeee772d89c-2023-69eeee772d89c\">\n                <p class=\"title text-blue mb-0\">\n                    <a class=\"btn-block hover text-left collapsed\" data-toggle=\"collapse\" data-target=\"#collap_compras-menores-69eeee772d89c-2023-69eeee772d89c\" aria-expanded=\"false\" aria-controls=\"collap_compras-menores-69eeee772d89c-2023-69eeee772d89c\">2023<\/a>\n                <\/p>\n            <\/div>\n            <div id=\"collap_compras-menores-69eeee772d89c-2023-69eeee772d89c\" class=\"collapse\" aria-labelledby=\"heading_compras-menores-69eeee772d89c-2023-69eeee772d89c\" data-parent=\"#collap_compras-menores-69eeee772d89c\">\n                <div class=\"card-body\">\n        <div class=\"card\">\n            <div class=\"card-header parents\" id=\"heading_compras-menores-69eeee772d89c-2023-69eeee772d89c-diciembre-69eeee772d89c\">\n                <p class=\"title text-blue mb-0\">\n                    <a class=\"btn-block hover text-left collapsed\" data-toggle=\"collapse\" data-target=\"#collap_compras-menores-69eeee772d89c-2023-69eeee772d89c-diciembre-69eeee772d89c\" aria-expanded=\"false\" aria-controls=\"collap_compras-menores-69eeee772d89c-2023-69eeee772d89c-diciembre-69eeee772d89c\">Diciembre<\/a>\n                <\/p>\n            <\/div>\n            <div id=\"collap_compras-menores-69eeee772d89c-2023-69eeee772d89c-diciembre-69eeee772d89c\" class=\"collapse\" aria-labelledby=\"heading_compras-menores-69eeee772d89c-2023-69eeee772d89c-diciembre-69eeee772d89c\" data-parent=\"#collap_compras-menores-69eeee772d89c-2023-69eeee772d89c\">\n                <div class=\"card-body\"><div class=\"jumbotron archivos\"><div class=\"row align-items-center\"><div class=\"col\"><h6><a class=\"text-dark\" href=\"https:\/\/comunidad.comprasdominicana.gob.do\/\/Public\/Tendering\/OpportunityDetail\/Index?noticeUID=DO1.NTC.1330062\" title=\"Ver\" target=\"_blank\">APORDOM-DAF-CM-2023-0056<\/a><\/h6><p class=\"mb-0 bold\">Adquisici\u00f3n de Insumos Personalizados con el Logo Institucional de esta APORDOM, dirigido a Mipymes.\n<\/p><p class=\"mb-0\" style=\"font-size: .85rem\"><strong title=\"Estado del Proceso\"><i class=\"fas fa-spinner\"><\/i><\/strong> Proceso adjudicado y celebrado<\/p><p class=\"mb-0\" style=\"font-size: .85rem\"><strong title=\"Fecha de Publicaci\u00f3n\"><i class=\"fas fa-calendar-alt\"><\/i><\/strong> Publicado el lunes, 4 de diciembre de 2023<\/p><\/div><div class=\"col-auto mt-md-0 mt-2\"><a class=\"btn btn-primary btn-lg px-lg-4 d-none d-md-block\" href=\"https:\/\/comunidad.comprasdominicana.gob.do\/\/Public\/Tendering\/OpportunityDetail\/Index?noticeUID=DO1.NTC.1330062\" target=\"_blank\" title=\"Detalles\"><i class=\"fas fa-link\"><\/i> DETALLES<\/a><a class=\"btn btn-primary btn-lg px-lg-4 d-block d-md-none\" href=\"https:\/\/comunidad.comprasdominicana.gob.do\/\/Public\/Tendering\/OpportunityDetail\/Index?noticeUID=DO1.NTC.1330062\" target=\"_blank\" title=\"Detalles\"><i class=\"fas fa-2x fa-link\"><\/i><\/a><\/div><\/div><\/div><\/div><\/div><\/div>\n        <div class=\"card\">\n            <div class=\"card-header parents\" id=\"heading_compras-menores-69eeee772d89c-2023-69eeee772d89c-noviembre-69eeee772d89c\">\n                <p class=\"title text-blue mb-0\">\n                    <a class=\"btn-block hover text-left collapsed\" data-toggle=\"collapse\" data-target=\"#collap_compras-menores-69eeee772d89c-2023-69eeee772d89c-noviembre-69eeee772d89c\" aria-expanded=\"false\" aria-controls=\"collap_compras-menores-69eeee772d89c-2023-69eeee772d89c-noviembre-69eeee772d89c\">Noviembre<\/a>\n                <\/p>\n            <\/div>\n            <div id=\"collap_compras-menores-69eeee772d89c-2023-69eeee772d89c-noviembre-69eeee772d89c\" class=\"collapse\" aria-labelledby=\"heading_compras-menores-69eeee772d89c-2023-69eeee772d89c-noviembre-69eeee772d89c\" data-parent=\"#collap_compras-menores-69eeee772d89c-2023-69eeee772d89c\">\n                <div class=\"card-body\"><div class=\"jumbotron archivos\"><div class=\"row align-items-center\"><div class=\"col\"><h6><a class=\"text-dark\" href=\"https:\/\/comunidad.comprasdominicana.gob.do\/\/Public\/Tendering\/OpportunityDetail\/Index?noticeUID=DO1.NTC.1326849\" title=\"Ver\" target=\"_blank\">APORDOM-DAF-CM-2023-0066<\/a><\/h6><p class=\"mb-0 bold\">Servicio de Mantenimiento, piezas y reparaci\u00f3n de veh\u00edculos de esta APORDOM.<\/p><p class=\"mb-0\" style=\"font-size: .85rem\"><strong title=\"Estado del Proceso\"><i class=\"fas fa-spinner\"><\/i><\/strong> Proceso adjudicado y celebrado<\/p><p class=\"mb-0\" style=\"font-size: .85rem\"><strong title=\"Fecha de Publicaci\u00f3n\"><i class=\"fas fa-calendar-alt\"><\/i><\/strong> Publicado el viernes, 24 de noviembre de 2023<\/p><\/div><div class=\"col-auto mt-md-0 mt-2\"><a class=\"btn btn-primary btn-lg px-lg-4 d-none d-md-block\" href=\"https:\/\/comunidad.comprasdominicana.gob.do\/\/Public\/Tendering\/OpportunityDetail\/Index?noticeUID=DO1.NTC.1326849\" target=\"_blank\" title=\"Detalles\"><i class=\"fas fa-link\"><\/i> DETALLES<\/a><a class=\"btn btn-primary btn-lg px-lg-4 d-block d-md-none\" href=\"https:\/\/comunidad.comprasdominicana.gob.do\/\/Public\/Tendering\/OpportunityDetail\/Index?noticeUID=DO1.NTC.1326849\" target=\"_blank\" title=\"Detalles\"><i class=\"fas fa-2x fa-link\"><\/i><\/a><\/div><\/div><\/div><div class=\"jumbotron archivos\"><div class=\"row align-items-center\"><div class=\"col\"><h6><a class=\"text-dark\" href=\"https:\/\/comunidad.comprasdominicana.gob.do\/\/Public\/Tendering\/OpportunityDetail\/Index?noticeUID=DO1.NTC.1326539\" title=\"Ver\" target=\"_blank\">APORDOM-DAF-CM-2023-0065<\/a><\/h6><p class=\"mb-0 bold\">Adquisici\u00f3n de Tickets de Combustible para Veh\u00edculos de esta APORDOM.<\/p><p class=\"mb-0\" style=\"font-size: .85rem\"><strong title=\"Estado del Proceso\"><i class=\"fas fa-spinner\"><\/i><\/strong> Proceso adjudicado y celebrado<\/p><p class=\"mb-0\" style=\"font-size: .85rem\"><strong title=\"Fecha de Publicaci\u00f3n\"><i class=\"fas fa-calendar-alt\"><\/i><\/strong> Publicado el viernes, 24 de noviembre de 2023<\/p><\/div><div class=\"col-auto mt-md-0 mt-2\"><a class=\"btn btn-primary btn-lg px-lg-4 d-none d-md-block\" href=\"https:\/\/comunidad.comprasdominicana.gob.do\/\/Public\/Tendering\/OpportunityDetail\/Index?noticeUID=DO1.NTC.1326539\" target=\"_blank\" title=\"Detalles\"><i class=\"fas fa-link\"><\/i> DETALLES<\/a><a class=\"btn btn-primary btn-lg px-lg-4 d-block d-md-none\" href=\"https:\/\/comunidad.comprasdominicana.gob.do\/\/Public\/Tendering\/OpportunityDetail\/Index?noticeUID=DO1.NTC.1326539\" target=\"_blank\" title=\"Detalles\"><i class=\"fas fa-2x fa-link\"><\/i><\/a><\/div><\/div><\/div><div class=\"jumbotron archivos\"><div class=\"row align-items-center\"><div class=\"col\"><h6><a class=\"text-dark\" href=\"https:\/\/comunidad.comprasdominicana.gob.do\/\/Public\/Tendering\/OpportunityDetail\/Index?noticeUID=DO1.NTC.1325726\" title=\"Ver\" target=\"_blank\">APORDOM-DAF-CM-2023-0062<\/a><\/h6><p class=\"mb-0 bold\">Servicio de Ebanister\u00eda para diferentes departamentos de esta APORDOM.<\/p><p class=\"mb-0\" style=\"font-size: .85rem\"><strong title=\"Estado del Proceso\"><i class=\"fas fa-spinner\"><\/i><\/strong> Proceso adjudicado y celebrado<\/p><p class=\"mb-0\" style=\"font-size: .85rem\"><strong title=\"Fecha de Publicaci\u00f3n\"><i class=\"fas fa-calendar-alt\"><\/i><\/strong> Publicado el jueves, 23 de noviembre de 2023<\/p><\/div><div class=\"col-auto mt-md-0 mt-2\"><a class=\"btn btn-primary btn-lg px-lg-4 d-none d-md-block\" href=\"https:\/\/comunidad.comprasdominicana.gob.do\/\/Public\/Tendering\/OpportunityDetail\/Index?noticeUID=DO1.NTC.1325726\" target=\"_blank\" title=\"Detalles\"><i class=\"fas fa-link\"><\/i> DETALLES<\/a><a class=\"btn btn-primary btn-lg px-lg-4 d-block d-md-none\" href=\"https:\/\/comunidad.comprasdominicana.gob.do\/\/Public\/Tendering\/OpportunityDetail\/Index?noticeUID=DO1.NTC.1325726\" target=\"_blank\" title=\"Detalles\"><i class=\"fas fa-2x fa-link\"><\/i><\/a><\/div><\/div><\/div><div class=\"jumbotron archivos\"><div class=\"row align-items-center\"><div class=\"col\"><h6><a class=\"text-dark\" href=\"https:\/\/comunidad.comprasdominicana.gob.do\/\/Public\/Tendering\/OpportunityDetail\/Index?noticeUID=DO1.NTC.1325163\" title=\"Ver\" target=\"_blank\">APORDOM-DAF-CM-2023-0064<\/a><\/h6><p class=\"mb-0 bold\">Servicio de Gasoil Regular a Granel para flotilla de veh\u00edculo de esta APORDOM.<\/p><p class=\"mb-0\" style=\"font-size: .85rem\"><strong title=\"Estado del Proceso\"><i class=\"fas fa-spinner\"><\/i><\/strong> Proceso adjudicado y celebrado<\/p><p class=\"mb-0\" style=\"font-size: .85rem\"><strong title=\"Fecha de Publicaci\u00f3n\"><i class=\"fas fa-calendar-alt\"><\/i><\/strong> Publicado el mi\u00e9rcoles, 22 de noviembre de 2023<\/p><\/div><div class=\"col-auto mt-md-0 mt-2\"><a class=\"btn btn-primary btn-lg px-lg-4 d-none d-md-block\" href=\"https:\/\/comunidad.comprasdominicana.gob.do\/\/Public\/Tendering\/OpportunityDetail\/Index?noticeUID=DO1.NTC.1325163\" target=\"_blank\" title=\"Detalles\"><i class=\"fas fa-link\"><\/i> DETALLES<\/a><a class=\"btn btn-primary btn-lg px-lg-4 d-block d-md-none\" href=\"https:\/\/comunidad.comprasdominicana.gob.do\/\/Public\/Tendering\/OpportunityDetail\/Index?noticeUID=DO1.NTC.1325163\" target=\"_blank\" title=\"Detalles\"><i class=\"fas fa-2x fa-link\"><\/i><\/a><\/div><\/div><\/div><div class=\"jumbotron archivos\"><div class=\"row align-items-center\"><div class=\"col\"><h6><a class=\"text-dark\" href=\"https:\/\/comunidad.comprasdominicana.gob.do\/\/Public\/Tendering\/OpportunityDetail\/Index?noticeUID=DO1.NTC.1325018\" title=\"Ver\" target=\"_blank\">APORDOM-DAF-CM-2023-0063<\/a><\/h6><p class=\"mb-0 bold\">Contrataci\u00f3n de Servicios de Sonido y Audiovisuales para Inauguraci\u00f3n Muelle Pesquero Palenque, dirigido a Mipymes.<\/p><p class=\"mb-0\" style=\"font-size: .85rem\"><strong title=\"Estado del Proceso\"><i class=\"fas fa-spinner\"><\/i><\/strong> Proceso adjudicado y celebrado<\/p><p class=\"mb-0\" style=\"font-size: .85rem\"><strong title=\"Fecha de Publicaci\u00f3n\"><i class=\"fas fa-calendar-alt\"><\/i><\/strong> Publicado el martes, 21 de noviembre de 2023<\/p><\/div><div class=\"col-auto mt-md-0 mt-2\"><a class=\"btn btn-primary btn-lg px-lg-4 d-none d-md-block\" href=\"https:\/\/comunidad.comprasdominicana.gob.do\/\/Public\/Tendering\/OpportunityDetail\/Index?noticeUID=DO1.NTC.1325018\" target=\"_blank\" title=\"Detalles\"><i class=\"fas fa-link\"><\/i> DETALLES<\/a><a class=\"btn btn-primary btn-lg px-lg-4 d-block d-md-none\" href=\"https:\/\/comunidad.comprasdominicana.gob.do\/\/Public\/Tendering\/OpportunityDetail\/Index?noticeUID=DO1.NTC.1325018\" target=\"_blank\" title=\"Detalles\"><i class=\"fas fa-2x fa-link\"><\/i><\/a><\/div><\/div><\/div><div class=\"jumbotron archivos\"><div class=\"row align-items-center\"><div class=\"col\"><h6><a class=\"text-dark\" href=\"https:\/\/comunidad.comprasdominicana.gob.do\/\/Public\/Tendering\/OpportunityDetail\/Index?noticeUID=DO1.NTC.1320852\" title=\"Ver\" target=\"_blank\">APORDOM-DAF-CM-2023-0060<\/a><\/h6><p class=\"mb-0 bold\">Adquisici\u00f3n de Mobiliario para diferentes Departamentos y Puertos de esta APORDOM, dirigido a Mipymes.<\/p><p class=\"mb-0\" style=\"font-size: .85rem\"><strong title=\"Estado del Proceso\"><i class=\"fas fa-spinner\"><\/i><\/strong> Proceso adjudicado y celebrado<\/p><p class=\"mb-0\" style=\"font-size: .85rem\"><strong title=\"Fecha de Publicaci\u00f3n\"><i class=\"fas fa-calendar-alt\"><\/i><\/strong> Publicado el martes, 14 de noviembre de 2023<\/p><\/div><div class=\"col-auto mt-md-0 mt-2\"><a class=\"btn btn-primary btn-lg px-lg-4 d-none d-md-block\" href=\"https:\/\/comunidad.comprasdominicana.gob.do\/\/Public\/Tendering\/OpportunityDetail\/Index?noticeUID=DO1.NTC.1320852\" target=\"_blank\" title=\"Detalles\"><i class=\"fas fa-link\"><\/i> DETALLES<\/a><a class=\"btn btn-primary btn-lg px-lg-4 d-block d-md-none\" href=\"https:\/\/comunidad.comprasdominicana.gob.do\/\/Public\/Tendering\/OpportunityDetail\/Index?noticeUID=DO1.NTC.1320852\" target=\"_blank\" title=\"Detalles\"><i class=\"fas fa-2x fa-link\"><\/i><\/a><\/div><\/div><\/div><div class=\"jumbotron archivos\"><div class=\"row align-items-center\"><div class=\"col\"><h6><a class=\"text-dark\" href=\"https:\/\/comunidad.comprasdominicana.gob.do\/\/Public\/Tendering\/OpportunityDetail\/Index?noticeUID=DO1.NTC.1320549\" title=\"Ver\" target=\"_blank\">APORDOM-DAF-CM-2023-0049<\/a><\/h6><p class=\"mb-0 bold\">Servicio de Coffee Break para uso de APORDOM, dirigido a Mipymes Mujer.<\/p><p class=\"mb-0\" style=\"font-size: .85rem\"><strong title=\"Estado del Proceso\"><i class=\"fas fa-spinner\"><\/i><\/strong> Proceso adjudicado y celebrado<\/p><p class=\"mb-0\" style=\"font-size: .85rem\"><strong title=\"Fecha de Publicaci\u00f3n\"><i class=\"fas fa-calendar-alt\"><\/i><\/strong> Publicado el martes, 14 de noviembre de 2023<\/p><\/div><div class=\"col-auto mt-md-0 mt-2\"><a class=\"btn btn-primary btn-lg px-lg-4 d-none d-md-block\" href=\"https:\/\/comunidad.comprasdominicana.gob.do\/\/Public\/Tendering\/OpportunityDetail\/Index?noticeUID=DO1.NTC.1320549\" target=\"_blank\" title=\"Detalles\"><i class=\"fas fa-link\"><\/i> DETALLES<\/a><a class=\"btn btn-primary btn-lg px-lg-4 d-block d-md-none\" href=\"https:\/\/comunidad.comprasdominicana.gob.do\/\/Public\/Tendering\/OpportunityDetail\/Index?noticeUID=DO1.NTC.1320549\" target=\"_blank\" title=\"Detalles\"><i class=\"fas fa-2x fa-link\"><\/i><\/a><\/div><\/div><\/div><div class=\"jumbotron archivos\"><div class=\"row align-items-center\"><div class=\"col\"><h6><a class=\"text-dark\" href=\"https:\/\/comunidad.comprasdominicana.gob.do\/\/Public\/Tendering\/OpportunityDetail\/Index?noticeUID=DO1.NTC.1318336\" title=\"Ver\" target=\"_blank\">APORDOM-DAF-CM-2023-0052<\/a><\/h6><p class=\"mb-0 bold\">Adquisici\u00f3n de Insumos de Oficinas y Materiales Gastable para diferentes Departamentos de esta APORDOM, dirigido a Mipymes.\n<\/p><p class=\"mb-0\" style=\"font-size: .85rem\"><strong title=\"Estado del Proceso\"><i class=\"fas fa-spinner\"><\/i><\/strong> Proceso adjudicado y celebrado<\/p><p class=\"mb-0\" style=\"font-size: .85rem\"><strong title=\"Fecha de Publicaci\u00f3n\"><i class=\"fas fa-calendar-alt\"><\/i><\/strong> Publicado el mi\u00e9rcoles, 8 de noviembre de 2023<\/p><\/div><div class=\"col-auto mt-md-0 mt-2\"><a class=\"btn btn-primary btn-lg px-lg-4 d-none d-md-block\" href=\"https:\/\/comunidad.comprasdominicana.gob.do\/\/Public\/Tendering\/OpportunityDetail\/Index?noticeUID=DO1.NTC.1318336\" target=\"_blank\" title=\"Detalles\"><i class=\"fas fa-link\"><\/i> DETALLES<\/a><a class=\"btn btn-primary btn-lg px-lg-4 d-block d-md-none\" href=\"https:\/\/comunidad.comprasdominicana.gob.do\/\/Public\/Tendering\/OpportunityDetail\/Index?noticeUID=DO1.NTC.1318336\" target=\"_blank\" title=\"Detalles\"><i class=\"fas fa-2x fa-link\"><\/i><\/a><\/div><\/div><\/div><div class=\"jumbotron archivos\"><div class=\"row align-items-center\"><div class=\"col\"><h6><a class=\"text-dark\" href=\"https:\/\/comunidad.comprasdominicana.gob.do\/\/Public\/Tendering\/OpportunityDetail\/Index?noticeUID=DO1.NTC.1318512\" title=\"Ver\" target=\"_blank\">APORDOM-DAF-CM-2023-0059<\/a><\/h6><p class=\"mb-0 bold\">Adquisici\u00f3n de Medicamentos y Material Gastable para Dispensario M\u00e9dico y Divisi\u00f3n de Odontolog\u00eda de APORDOM.<\/p><p class=\"mb-0\" style=\"font-size: .85rem\"><strong title=\"Estado del Proceso\"><i class=\"fas fa-spinner\"><\/i><\/strong> Proceso adjudicado y celebrado<\/p><p class=\"mb-0\" style=\"font-size: .85rem\"><strong title=\"Fecha de Publicaci\u00f3n\"><i class=\"fas fa-calendar-alt\"><\/i><\/strong> Publicado el mi\u00e9rcoles, 8 de noviembre de 2023<\/p><\/div><div class=\"col-auto mt-md-0 mt-2\"><a class=\"btn btn-primary btn-lg px-lg-4 d-none d-md-block\" href=\"https:\/\/comunidad.comprasdominicana.gob.do\/\/Public\/Tendering\/OpportunityDetail\/Index?noticeUID=DO1.NTC.1318512\" target=\"_blank\" title=\"Detalles\"><i class=\"fas fa-link\"><\/i> DETALLES<\/a><a class=\"btn btn-primary btn-lg px-lg-4 d-block d-md-none\" href=\"https:\/\/comunidad.comprasdominicana.gob.do\/\/Public\/Tendering\/OpportunityDetail\/Index?noticeUID=DO1.NTC.1318512\" target=\"_blank\" title=\"Detalles\"><i class=\"fas fa-2x fa-link\"><\/i><\/a><\/div><\/div><\/div><div class=\"jumbotron archivos\"><div class=\"row align-items-center\"><div class=\"col\"><h6><a class=\"text-dark\" href=\"https:\/\/comunidad.comprasdominicana.gob.do\/\/Public\/Tendering\/OpportunityDetail\/Index?noticeUID=DO1.NTC.1317921\" title=\"Ver\" target=\"_blank\">APORDOM-DAF-CM-2023-0048<\/a><\/h6><p class=\"mb-0 bold\">Adquisici\u00f3n de Uniformes y Gorras para Diferentes Departamentos de esta APORDOM.<\/p><p class=\"mb-0\" style=\"font-size: .85rem\"><strong title=\"Estado del Proceso\"><i class=\"fas fa-spinner\"><\/i><\/strong> Proceso adjudicado y celebrado<\/p><p class=\"mb-0\" style=\"font-size: .85rem\"><strong title=\"Fecha de Publicaci\u00f3n\"><i class=\"fas fa-calendar-alt\"><\/i><\/strong> Publicado el martes, 7 de noviembre de 2023<\/p><\/div><div class=\"col-auto mt-md-0 mt-2\"><a class=\"btn btn-primary btn-lg px-lg-4 d-none d-md-block\" href=\"https:\/\/comunidad.comprasdominicana.gob.do\/\/Public\/Tendering\/OpportunityDetail\/Index?noticeUID=DO1.NTC.1317921\" target=\"_blank\" title=\"Detalles\"><i class=\"fas fa-link\"><\/i> DETALLES<\/a><a class=\"btn btn-primary btn-lg px-lg-4 d-block d-md-none\" href=\"https:\/\/comunidad.comprasdominicana.gob.do\/\/Public\/Tendering\/OpportunityDetail\/Index?noticeUID=DO1.NTC.1317921\" target=\"_blank\" title=\"Detalles\"><i class=\"fas fa-2x fa-link\"><\/i><\/a><\/div><\/div><\/div><div class=\"jumbotron archivos\"><div class=\"row align-items-center\"><div class=\"col\"><h6><a class=\"text-dark\" href=\"https:\/\/comunidad.comprasdominicana.gob.do\/\/Public\/Tendering\/OpportunityDetail\/Index?noticeUID=DO1.NTC.1317352\" title=\"Ver\" target=\"_blank\">APORDOM-DAF-CM-2023-0058<\/a><\/h6><p class=\"mb-0 bold\">Contrataci\u00f3n de empresa para Gesti\u00f3n de Eventos para Inauguraci\u00f3n Muelle Pesquero de Palenque, dirigido a Mipymes.<\/p><p class=\"mb-0\" style=\"font-size: .85rem\"><strong title=\"Estado del Proceso\"><i class=\"fas fa-spinner\"><\/i><\/strong> Proceso adjudicado y celebrado<\/p><p class=\"mb-0\" style=\"font-size: .85rem\"><strong title=\"Fecha de Publicaci\u00f3n\"><i class=\"fas fa-calendar-alt\"><\/i><\/strong> Publicado el viernes, 3 de noviembre de 2023<\/p><\/div><div class=\"col-auto mt-md-0 mt-2\"><a class=\"btn btn-primary btn-lg px-lg-4 d-none d-md-block\" href=\"https:\/\/comunidad.comprasdominicana.gob.do\/\/Public\/Tendering\/OpportunityDetail\/Index?noticeUID=DO1.NTC.1317352\" target=\"_blank\" title=\"Detalles\"><i class=\"fas fa-link\"><\/i> DETALLES<\/a><a class=\"btn btn-primary btn-lg px-lg-4 d-block d-md-none\" href=\"https:\/\/comunidad.comprasdominicana.gob.do\/\/Public\/Tendering\/OpportunityDetail\/Index?noticeUID=DO1.NTC.1317352\" target=\"_blank\" title=\"Detalles\"><i class=\"fas fa-2x fa-link\"><\/i><\/a><\/div><\/div><\/div><\/div><\/div><\/div>\n        <div class=\"card\">\n            <div class=\"card-header parents\" id=\"heading_compras-menores-69eeee772d89c-2023-69eeee772d89c-octubre-69eeee772d89c\">\n                <p class=\"title text-blue mb-0\">\n                    <a class=\"btn-block hover text-left collapsed\" data-toggle=\"collapse\" data-target=\"#collap_compras-menores-69eeee772d89c-2023-69eeee772d89c-octubre-69eeee772d89c\" aria-expanded=\"false\" aria-controls=\"collap_compras-menores-69eeee772d89c-2023-69eeee772d89c-octubre-69eeee772d89c\">Octubre<\/a>\n                <\/p>\n            <\/div>\n            <div id=\"collap_compras-menores-69eeee772d89c-2023-69eeee772d89c-octubre-69eeee772d89c\" class=\"collapse\" aria-labelledby=\"heading_compras-menores-69eeee772d89c-2023-69eeee772d89c-octubre-69eeee772d89c\" data-parent=\"#collap_compras-menores-69eeee772d89c-2023-69eeee772d89c\">\n                <div class=\"card-body\"><div class=\"jumbotron archivos\"><div class=\"row align-items-center\"><div class=\"col\"><h6><a class=\"text-dark\" href=\"https:\/\/comunidad.comprasdominicana.gob.do\/\/Public\/Tendering\/OpportunityDetail\/Index?noticeUID=DO1.NTC.1315250\" title=\"Ver\" target=\"_blank\">APORDOM-DAF-CM-2023-0057<\/a><\/h6><p class=\"mb-0 bold\">Adquisici\u00f3n e Instalaci\u00f3n de Aires Acondicionados para uso de APORDOM.<\/p><p class=\"mb-0\" style=\"font-size: .85rem\"><strong title=\"Estado del Proceso\"><i class=\"fas fa-spinner\"><\/i><\/strong> Proceso adjudicado y celebrado<\/p><p class=\"mb-0\" style=\"font-size: .85rem\"><strong title=\"Fecha de Publicaci\u00f3n\"><i class=\"fas fa-calendar-alt\"><\/i><\/strong> Publicado el martes, 31 de octubre de 2023<\/p><\/div><div class=\"col-auto mt-md-0 mt-2\"><a class=\"btn btn-primary btn-lg px-lg-4 d-none d-md-block\" href=\"https:\/\/comunidad.comprasdominicana.gob.do\/\/Public\/Tendering\/OpportunityDetail\/Index?noticeUID=DO1.NTC.1315250\" target=\"_blank\" title=\"Detalles\"><i class=\"fas fa-link\"><\/i> DETALLES<\/a><a class=\"btn btn-primary btn-lg px-lg-4 d-block d-md-none\" href=\"https:\/\/comunidad.comprasdominicana.gob.do\/\/Public\/Tendering\/OpportunityDetail\/Index?noticeUID=DO1.NTC.1315250\" target=\"_blank\" title=\"Detalles\"><i class=\"fas fa-2x fa-link\"><\/i><\/a><\/div><\/div><\/div><div class=\"jumbotron archivos\"><div class=\"row align-items-center\"><div class=\"col\"><h6><a class=\"text-dark\" href=\"https:\/\/comunidad.comprasdominicana.gob.do\/\/Public\/Tendering\/OpportunityDetail\/Index?noticeUID=DO1.NTC.1315041\" title=\"Ver\" target=\"_blank\">APORDOM-DAF-CM-2023-0055<\/a><\/h6><p class=\"mb-0 bold\">Adquisici\u00f3n de Materiales e Insumos de Pintura para diferentes dependencias de esta APORDOM, dirigido a Mipymes.<\/p><p class=\"mb-0\" style=\"font-size: .85rem\"><strong title=\"Estado del Proceso\"><i class=\"fas fa-spinner\"><\/i><\/strong> Proceso adjudicado y celebrado<\/p><p class=\"mb-0\" style=\"font-size: .85rem\"><strong title=\"Fecha de Publicaci\u00f3n\"><i class=\"fas fa-calendar-alt\"><\/i><\/strong> Publicado el martes, 31 de octubre de 2023<\/p><\/div><div class=\"col-auto mt-md-0 mt-2\"><a class=\"btn btn-primary btn-lg px-lg-4 d-none d-md-block\" href=\"https:\/\/comunidad.comprasdominicana.gob.do\/\/Public\/Tendering\/OpportunityDetail\/Index?noticeUID=DO1.NTC.1315041\" target=\"_blank\" title=\"Detalles\"><i class=\"fas fa-link\"><\/i> DETALLES<\/a><a class=\"btn btn-primary btn-lg px-lg-4 d-block d-md-none\" href=\"https:\/\/comunidad.comprasdominicana.gob.do\/\/Public\/Tendering\/OpportunityDetail\/Index?noticeUID=DO1.NTC.1315041\" target=\"_blank\" title=\"Detalles\"><i class=\"fas fa-2x fa-link\"><\/i><\/a><\/div><\/div><\/div><div class=\"jumbotron archivos\"><div class=\"row align-items-center\"><div class=\"col\"><h6><a class=\"text-dark\" href=\"https:\/\/comunidad.comprasdominicana.gob.do\/\/Public\/Tendering\/OpportunityDetail\/Index?noticeUID=DO1.NTC.1315339\" title=\"Ver\" target=\"_blank\">APORDOM-DAF-CM-2023-0050<\/a><\/h6><p class=\"mb-0 bold\">ADQUISICI\u00d3N DE HERRAMIENTAS Y MATERIALES FERRETEROS PARA DIFERENTES \u00c1REAS DE ESTA APORDOM<\/p><p class=\"mb-0\" style=\"font-size: .85rem\"><strong title=\"Estado del Proceso\"><i class=\"fas fa-spinner\"><\/i><\/strong> Proceso adjudicado y celebrado<\/p><p class=\"mb-0\" style=\"font-size: .85rem\"><strong title=\"Fecha de Publicaci\u00f3n\"><i class=\"fas fa-calendar-alt\"><\/i><\/strong> Publicado el martes, 31 de octubre de 2023<\/p><\/div><div class=\"col-auto mt-md-0 mt-2\"><a class=\"btn btn-primary btn-lg px-lg-4 d-none d-md-block\" href=\"https:\/\/comunidad.comprasdominicana.gob.do\/\/Public\/Tendering\/OpportunityDetail\/Index?noticeUID=DO1.NTC.1315339\" target=\"_blank\" title=\"Detalles\"><i class=\"fas fa-link\"><\/i> DETALLES<\/a><a class=\"btn btn-primary btn-lg px-lg-4 d-block d-md-none\" href=\"https:\/\/comunidad.comprasdominicana.gob.do\/\/Public\/Tendering\/OpportunityDetail\/Index?noticeUID=DO1.NTC.1315339\" target=\"_blank\" title=\"Detalles\"><i class=\"fas fa-2x fa-link\"><\/i><\/a><\/div><\/div><\/div><div class=\"jumbotron archivos\"><div class=\"row align-items-center\"><div class=\"col\"><h6><a class=\"text-dark\" href=\"https:\/\/comunidad.comprasdominicana.gob.do\/\/Public\/Tendering\/OpportunityDetail\/Index?noticeUID=DO1.NTC.1315241\" title=\"Ver\" target=\"_blank\">APORDOM-DAF-CM-2023-0053<\/a><\/h6><p class=\"mb-0 bold\">Adquisici\u00f3n De Materiales El\u00e9ctricos Para Diferentes \u00c1reas De Apordom, Dirigido A Mipymes<\/p><p class=\"mb-0\" style=\"font-size: .85rem\"><strong title=\"Estado del Proceso\"><i class=\"fas fa-spinner\"><\/i><\/strong> Proceso adjudicado y celebrado<\/p><p class=\"mb-0\" style=\"font-size: .85rem\"><strong title=\"Fecha de Publicaci\u00f3n\"><i class=\"fas fa-calendar-alt\"><\/i><\/strong> Publicado el martes, 31 de octubre de 2023<\/p><\/div><div class=\"col-auto mt-md-0 mt-2\"><a class=\"btn btn-primary btn-lg px-lg-4 d-none d-md-block\" href=\"https:\/\/comunidad.comprasdominicana.gob.do\/\/Public\/Tendering\/OpportunityDetail\/Index?noticeUID=DO1.NTC.1315241\" target=\"_blank\" title=\"Detalles\"><i class=\"fas fa-link\"><\/i> DETALLES<\/a><a class=\"btn btn-primary btn-lg px-lg-4 d-block d-md-none\" href=\"https:\/\/comunidad.comprasdominicana.gob.do\/\/Public\/Tendering\/OpportunityDetail\/Index?noticeUID=DO1.NTC.1315241\" target=\"_blank\" title=\"Detalles\"><i class=\"fas fa-2x fa-link\"><\/i><\/a><\/div><\/div><\/div><div class=\"jumbotron archivos\"><div class=\"row align-items-center\"><div class=\"col\"><h6><a class=\"text-dark\" href=\"https:\/\/comunidad.comprasdominicana.gob.do\/\/Public\/Tendering\/OpportunityDetail\/Index?noticeUID=DO1.NTC.1315530\" title=\"Ver\" target=\"_blank\">APORDOM-DAF-CM-2023-0051<\/a><\/h6><p class=\"mb-0 bold\">Adquisici\u00f3n e Instalaci\u00f3n de Cortinas Tipo Zebra y Cortinas Enrollables para diferentes Departamentos de esta APORDOM.<\/p><p class=\"mb-0\" style=\"font-size: .85rem\"><strong title=\"Estado del Proceso\"><i class=\"fas fa-spinner\"><\/i><\/strong> Proceso adjudicado y celebrado<\/p><p class=\"mb-0\" style=\"font-size: .85rem\"><strong title=\"Fecha de Publicaci\u00f3n\"><i class=\"fas fa-calendar-alt\"><\/i><\/strong> Publicado el martes, 31 de octubre de 2023<\/p><\/div><div class=\"col-auto mt-md-0 mt-2\"><a class=\"btn btn-primary btn-lg px-lg-4 d-none d-md-block\" href=\"https:\/\/comunidad.comprasdominicana.gob.do\/\/Public\/Tendering\/OpportunityDetail\/Index?noticeUID=DO1.NTC.1315530\" target=\"_blank\" title=\"Detalles\"><i class=\"fas fa-link\"><\/i> DETALLES<\/a><a class=\"btn btn-primary btn-lg px-lg-4 d-block d-md-none\" href=\"https:\/\/comunidad.comprasdominicana.gob.do\/\/Public\/Tendering\/OpportunityDetail\/Index?noticeUID=DO1.NTC.1315530\" target=\"_blank\" title=\"Detalles\"><i class=\"fas fa-2x fa-link\"><\/i><\/a><\/div><\/div><\/div><div class=\"jumbotron archivos\"><div class=\"row align-items-center\"><div class=\"col\"><h6><a class=\"text-dark\" href=\"https:\/\/comunidad.comprasdominicana.gob.do\/\/Public\/Tendering\/OpportunityDetail\/Index?noticeUID=DO1.NTC.1314839\" title=\"Ver\" target=\"_blank\">APORDOM-DAF-CM-2023-0054<\/a><\/h6><p class=\"mb-0 bold\">Adquisici\u00f3n de Productos de Limpieza e Higiene para diferentes Departamentos y Puertos de esta APORDOM, dirigido a Mipymes.<\/p><p class=\"mb-0\" style=\"font-size: .85rem\"><strong title=\"Estado del Proceso\"><i class=\"fas fa-spinner\"><\/i><\/strong> Proceso adjudicado y celebrado<\/p><p class=\"mb-0\" style=\"font-size: .85rem\"><strong title=\"Fecha de Publicaci\u00f3n\"><i class=\"fas fa-calendar-alt\"><\/i><\/strong> Publicado el lunes, 30 de octubre de 2023<\/p><\/div><div class=\"col-auto mt-md-0 mt-2\"><a class=\"btn btn-primary btn-lg px-lg-4 d-none d-md-block\" href=\"https:\/\/comunidad.comprasdominicana.gob.do\/\/Public\/Tendering\/OpportunityDetail\/Index?noticeUID=DO1.NTC.1314839\" target=\"_blank\" title=\"Detalles\"><i class=\"fas fa-link\"><\/i> DETALLES<\/a><a class=\"btn btn-primary btn-lg px-lg-4 d-block d-md-none\" href=\"https:\/\/comunidad.comprasdominicana.gob.do\/\/Public\/Tendering\/OpportunityDetail\/Index?noticeUID=DO1.NTC.1314839\" target=\"_blank\" title=\"Detalles\"><i class=\"fas fa-2x fa-link\"><\/i><\/a><\/div><\/div><\/div><div class=\"jumbotron archivos\"><div class=\"row align-items-center\"><div class=\"col\"><h6><a class=\"text-dark\" href=\"https:\/\/comunidad.comprasdominicana.gob.do\/\/Public\/Tendering\/OpportunityDetail\/Index?noticeUID=DO1.NTC.1314739\" title=\"Ver\" target=\"_blank\">APORDOM-DAF-CM-2023-0046<\/a><\/h6><p class=\"mb-0 bold\">Servicio de Impresi\u00f3n y Encuadernaci\u00f3n de diversos ejemplares y formularios de esta APORDOM, dirigido a Mipymes.<\/p><p class=\"mb-0\" style=\"font-size: .85rem\"><strong title=\"Estado del Proceso\"><i class=\"fas fa-spinner\"><\/i><\/strong> Proceso adjudicado y celebrado<\/p><p class=\"mb-0\" style=\"font-size: .85rem\"><strong title=\"Fecha de Publicaci\u00f3n\"><i class=\"fas fa-calendar-alt\"><\/i><\/strong> Publicado el lunes, 30 de octubre de 2023<\/p><\/div><div class=\"col-auto mt-md-0 mt-2\"><a class=\"btn btn-primary btn-lg px-lg-4 d-none d-md-block\" href=\"https:\/\/comunidad.comprasdominicana.gob.do\/\/Public\/Tendering\/OpportunityDetail\/Index?noticeUID=DO1.NTC.1314739\" target=\"_blank\" title=\"Detalles\"><i class=\"fas fa-link\"><\/i> DETALLES<\/a><a class=\"btn btn-primary btn-lg px-lg-4 d-block d-md-none\" href=\"https:\/\/comunidad.comprasdominicana.gob.do\/\/Public\/Tendering\/OpportunityDetail\/Index?noticeUID=DO1.NTC.1314739\" target=\"_blank\" title=\"Detalles\"><i class=\"fas fa-2x fa-link\"><\/i><\/a><\/div><\/div><\/div><\/div><\/div><\/div>\n        <div class=\"card\">\n            <div class=\"card-header parents\" id=\"heading_compras-menores-69eeee772d89c-2023-69eeee772d89c-septiembre-69eeee772d89c\">\n                <p class=\"title text-blue mb-0\">\n                    <a class=\"btn-block hover text-left collapsed\" data-toggle=\"collapse\" data-target=\"#collap_compras-menores-69eeee772d89c-2023-69eeee772d89c-septiembre-69eeee772d89c\" aria-expanded=\"false\" aria-controls=\"collap_compras-menores-69eeee772d89c-2023-69eeee772d89c-septiembre-69eeee772d89c\">Septiembre<\/a>\n                <\/p>\n            <\/div>\n            <div id=\"collap_compras-menores-69eeee772d89c-2023-69eeee772d89c-septiembre-69eeee772d89c\" class=\"collapse\" aria-labelledby=\"heading_compras-menores-69eeee772d89c-2023-69eeee772d89c-septiembre-69eeee772d89c\" data-parent=\"#collap_compras-menores-69eeee772d89c-2023-69eeee772d89c\">\n                <div class=\"card-body\"><div class=\"jumbotron archivos\"><div class=\"row align-items-center\"><div class=\"col\"><h6><a class=\"text-dark\" href=\"https:\/\/comunidad.comprasdominicana.gob.do\/\/Public\/Tendering\/OpportunityDetail\/Index?noticeUID=DO1.NTC.1294717\" title=\"Ver\" target=\"_blank\">APORDOM-DAF-CM-2023-0045<\/a><\/h6><p class=\"mb-0 bold\">CONTRATACION DE SERVICIO DE PRUEBA DE PENETRACION (PENTESTING)<\/p><p class=\"mb-0\" style=\"font-size: .85rem\"><strong title=\"Estado del Proceso\"><i class=\"fas fa-spinner\"><\/i><\/strong> Proceso adjudicado y celebrado<\/p><p class=\"mb-0\" style=\"font-size: .85rem\"><strong title=\"Fecha de Publicaci\u00f3n\"><i class=\"fas fa-calendar-alt\"><\/i><\/strong> Publicado el jueves, 14 de septiembre de 2023<\/p><\/div><div class=\"col-auto mt-md-0 mt-2\"><a class=\"btn btn-primary btn-lg px-lg-4 d-none d-md-block\" href=\"https:\/\/comunidad.comprasdominicana.gob.do\/\/Public\/Tendering\/OpportunityDetail\/Index?noticeUID=DO1.NTC.1294717\" target=\"_blank\" title=\"Detalles\"><i class=\"fas fa-link\"><\/i> DETALLES<\/a><a class=\"btn btn-primary btn-lg px-lg-4 d-block d-md-none\" href=\"https:\/\/comunidad.comprasdominicana.gob.do\/\/Public\/Tendering\/OpportunityDetail\/Index?noticeUID=DO1.NTC.1294717\" target=\"_blank\" title=\"Detalles\"><i class=\"fas fa-2x fa-link\"><\/i><\/a><\/div><\/div><\/div><div class=\"jumbotron archivos\"><div class=\"row align-items-center\"><div class=\"col\"><h6><a class=\"text-dark\" href=\"https:\/\/comunidad.comprasdominicana.gob.do\/\/Public\/Tendering\/OpportunityDetail\/Index?noticeUID=DO1.NTC.1291534\" title=\"Ver\" target=\"_blank\">APORDOM-DAF-CM-2023-0044<\/a><\/h6><p class=\"mb-0 bold\">ADQUISICI\u00d3N DE SCANNER Y ACCESORIOS TECNOL\u00d3GICOS PARA USO DE APORDOM DIRIGIDO A MIPYMES<\/p><p class=\"mb-0\" style=\"font-size: .85rem\"><strong title=\"Estado del Proceso\"><i class=\"fas fa-spinner\"><\/i><\/strong> Proceso adjudicado y celebrado<\/p><p class=\"mb-0\" style=\"font-size: .85rem\"><strong title=\"Fecha de Publicaci\u00f3n\"><i class=\"fas fa-calendar-alt\"><\/i><\/strong> Publicado el jueves, 7 de septiembre de 2023<\/p><\/div><div class=\"col-auto mt-md-0 mt-2\"><a class=\"btn btn-primary btn-lg px-lg-4 d-none d-md-block\" href=\"https:\/\/comunidad.comprasdominicana.gob.do\/\/Public\/Tendering\/OpportunityDetail\/Index?noticeUID=DO1.NTC.1291534\" target=\"_blank\" title=\"Detalles\"><i class=\"fas fa-link\"><\/i> DETALLES<\/a><a class=\"btn btn-primary btn-lg px-lg-4 d-block d-md-none\" href=\"https:\/\/comunidad.comprasdominicana.gob.do\/\/Public\/Tendering\/OpportunityDetail\/Index?noticeUID=DO1.NTC.1291534\" target=\"_blank\" title=\"Detalles\"><i class=\"fas fa-2x fa-link\"><\/i><\/a><\/div><\/div><\/div><div class=\"jumbotron archivos\"><div class=\"row align-items-center\"><div class=\"col\"><h6><a class=\"text-dark\" href=\"https:\/\/comunidad.comprasdominicana.gob.do\/\/Public\/Tendering\/OpportunityDetail\/Index?noticeUID=DO1.NTC.1289438\" title=\"Ver\" target=\"_blank\">APORDOM-DAF-CM-2023-0043<\/a><\/h6><p class=\"mb-0 bold\">ADQUISICION E INSTALACION  DE COCINA MODULAR PARA  OFICINA DE APORDOM, DECLARADO DESIERTO EN EL PROCESO APORDOM-UC-CD-2023-0041<\/p><p class=\"mb-0\" style=\"font-size: .85rem\"><strong title=\"Estado del Proceso\"><i class=\"fas fa-spinner\"><\/i><\/strong> Proceso adjudicado y celebrado<\/p><p class=\"mb-0\" style=\"font-size: .85rem\"><strong title=\"Fecha de Publicaci\u00f3n\"><i class=\"fas fa-calendar-alt\"><\/i><\/strong> Publicado el viernes, 1 de septiembre de 2023<\/p><\/div><div class=\"col-auto mt-md-0 mt-2\"><a class=\"btn btn-primary btn-lg px-lg-4 d-none d-md-block\" href=\"https:\/\/comunidad.comprasdominicana.gob.do\/\/Public\/Tendering\/OpportunityDetail\/Index?noticeUID=DO1.NTC.1289438\" target=\"_blank\" title=\"Detalles\"><i class=\"fas fa-link\"><\/i> DETALLES<\/a><a class=\"btn btn-primary btn-lg px-lg-4 d-block d-md-none\" href=\"https:\/\/comunidad.comprasdominicana.gob.do\/\/Public\/Tendering\/OpportunityDetail\/Index?noticeUID=DO1.NTC.1289438\" target=\"_blank\" title=\"Detalles\"><i class=\"fas fa-2x fa-link\"><\/i><\/a><\/div><\/div><\/div><div class=\"jumbotron archivos\"><div class=\"row align-items-center\"><div class=\"col\"><h6><a class=\"text-dark\" href=\"https:\/\/comunidad.comprasdominicana.gob.do\/\/Public\/Tendering\/OpportunityDetail\/Index?noticeUID=DO1.NTC.1289109\" title=\"Ver\" target=\"_blank\">APORDOM-DAF-CM-2023-0042<\/a><\/h6><p class=\"mb-0 bold\">CONTRATACI\u00d3N DE AGENCIA PUBLICITARIA PARA GESTI\u00d3N DE MEDIOS.<\/p><p class=\"mb-0\" style=\"font-size: .85rem\"><strong title=\"Estado del Proceso\"><i class=\"fas fa-spinner\"><\/i><\/strong> Proceso adjudicado y celebrado<\/p><p class=\"mb-0\" style=\"font-size: .85rem\"><strong title=\"Fecha de Publicaci\u00f3n\"><i class=\"fas fa-calendar-alt\"><\/i><\/strong> Publicado el viernes, 1 de septiembre de 2023<\/p><\/div><div class=\"col-auto mt-md-0 mt-2\"><a class=\"btn btn-primary btn-lg px-lg-4 d-none d-md-block\" href=\"https:\/\/comunidad.comprasdominicana.gob.do\/\/Public\/Tendering\/OpportunityDetail\/Index?noticeUID=DO1.NTC.1289109\" target=\"_blank\" title=\"Detalles\"><i class=\"fas fa-link\"><\/i> DETALLES<\/a><a class=\"btn btn-primary btn-lg px-lg-4 d-block d-md-none\" href=\"https:\/\/comunidad.comprasdominicana.gob.do\/\/Public\/Tendering\/OpportunityDetail\/Index?noticeUID=DO1.NTC.1289109\" target=\"_blank\" title=\"Detalles\"><i class=\"fas fa-2x fa-link\"><\/i><\/a><\/div><\/div><\/div><\/div><\/div><\/div>\n        <div class=\"card\">\n            <div class=\"card-header parents\" id=\"heading_compras-menores-69eeee772d89c-2023-69eeee772d89c-agosto-69eeee772d89c\">\n                <p class=\"title text-blue mb-0\">\n                    <a class=\"btn-block hover text-left collapsed\" data-toggle=\"collapse\" data-target=\"#collap_compras-menores-69eeee772d89c-2023-69eeee772d89c-agosto-69eeee772d89c\" aria-expanded=\"false\" aria-controls=\"collap_compras-menores-69eeee772d89c-2023-69eeee772d89c-agosto-69eeee772d89c\">Agosto<\/a>\n                <\/p>\n            <\/div>\n            <div id=\"collap_compras-menores-69eeee772d89c-2023-69eeee772d89c-agosto-69eeee772d89c\" class=\"collapse\" aria-labelledby=\"heading_compras-menores-69eeee772d89c-2023-69eeee772d89c-agosto-69eeee772d89c\" data-parent=\"#collap_compras-menores-69eeee772d89c-2023-69eeee772d89c\">\n                <div class=\"card-body\"><div class=\"jumbotron archivos\"><div class=\"row align-items-center\"><div class=\"col\"><h6><a class=\"text-dark\" href=\"https:\/\/comunidad.comprasdominicana.gob.do\/\/Public\/Tendering\/OpportunityDetail\/Index?noticeUID=DO1.NTC.1280131\" title=\"Ver\" target=\"_blank\">APORDOM-DAF-CM-2023-0041<\/a><\/h6><p class=\"mb-0 bold\">ADQUISICI\u00d3N DE HERRAMIENTAS Y EQUIPOS DE INGENIER\u00cdA PARA USO DE APORDOM<\/p><p class=\"mb-0\" style=\"font-size: .85rem\"><strong title=\"Estado del Proceso\"><i class=\"fas fa-spinner\"><\/i><\/strong> Proceso adjudicado y celebrado<\/p><p class=\"mb-0\" style=\"font-size: .85rem\"><strong title=\"Fecha de Publicaci\u00f3n\"><i class=\"fas fa-calendar-alt\"><\/i><\/strong> Publicado el jueves, 10 de agosto de 2023<\/p><\/div><div class=\"col-auto mt-md-0 mt-2\"><a class=\"btn btn-primary btn-lg px-lg-4 d-none d-md-block\" href=\"https:\/\/comunidad.comprasdominicana.gob.do\/\/Public\/Tendering\/OpportunityDetail\/Index?noticeUID=DO1.NTC.1280131\" target=\"_blank\" title=\"Detalles\"><i class=\"fas fa-link\"><\/i> DETALLES<\/a><a class=\"btn btn-primary btn-lg px-lg-4 d-block d-md-none\" href=\"https:\/\/comunidad.comprasdominicana.gob.do\/\/Public\/Tendering\/OpportunityDetail\/Index?noticeUID=DO1.NTC.1280131\" target=\"_blank\" title=\"Detalles\"><i class=\"fas fa-2x fa-link\"><\/i><\/a><\/div><\/div><\/div><div class=\"jumbotron archivos\"><div class=\"row align-items-center\"><div class=\"col\"><h6><a class=\"text-dark\" href=\"https:\/\/comunidad.comprasdominicana.gob.do\/\/Public\/Tendering\/OpportunityDetail\/Index?noticeUID=DO1.NTC.1278606\" title=\"Ver\" target=\"_blank\">APORDOM-DAF-CM-2023-0040<\/a><\/h6><p class=\"mb-0 bold\">Servicio de Catering para Reuniones y Actividades Institucionales-Dirigido a Mipymes Mujer <\/p><p class=\"mb-0\" style=\"font-size: .85rem\"><strong title=\"Estado del Proceso\"><i class=\"fas fa-spinner\"><\/i><\/strong> Proceso adjudicado y celebrado<\/p><p class=\"mb-0\" style=\"font-size: .85rem\"><strong title=\"Fecha de Publicaci\u00f3n\"><i class=\"fas fa-calendar-alt\"><\/i><\/strong> Publicado el lunes, 7 de agosto de 2023<\/p><\/div><div class=\"col-auto mt-md-0 mt-2\"><a class=\"btn btn-primary btn-lg px-lg-4 d-none d-md-block\" href=\"https:\/\/comunidad.comprasdominicana.gob.do\/\/Public\/Tendering\/OpportunityDetail\/Index?noticeUID=DO1.NTC.1278606\" target=\"_blank\" title=\"Detalles\"><i class=\"fas fa-link\"><\/i> DETALLES<\/a><a class=\"btn btn-primary btn-lg px-lg-4 d-block d-md-none\" href=\"https:\/\/comunidad.comprasdominicana.gob.do\/\/Public\/Tendering\/OpportunityDetail\/Index?noticeUID=DO1.NTC.1278606\" target=\"_blank\" title=\"Detalles\"><i class=\"fas fa-2x fa-link\"><\/i><\/a><\/div><\/div><\/div><div class=\"jumbotron archivos\"><div class=\"row align-items-center\"><div class=\"col\"><h6><a class=\"text-dark\" href=\"https:\/\/comunidad.comprasdominicana.gob.do\/\/Public\/Tendering\/OpportunityDetail\/Index?noticeUID=DO1.NTC.1278505\" title=\"Ver\" target=\"_blank\">APORDOM-DAF-CM-2023-0037<\/a><\/h6><p class=\"mb-0 bold\">ADQUISICION DE ARTICULOS DE COCINA Y ELECTRODOMESTICOS PARA  OFICINAS DE APORDOM -DIRIGIDO A MIPYMES.<\/p><p class=\"mb-0\" style=\"font-size: .85rem\"><strong title=\"Estado del Proceso\"><i class=\"fas fa-spinner\"><\/i><\/strong> Proceso adjudicado y celebrado<\/p><p class=\"mb-0\" style=\"font-size: .85rem\"><strong title=\"Fecha de Publicaci\u00f3n\"><i class=\"fas fa-calendar-alt\"><\/i><\/strong> Publicado el lunes, 7 de agosto de 2023<\/p><\/div><div class=\"col-auto mt-md-0 mt-2\"><a class=\"btn btn-primary btn-lg px-lg-4 d-none d-md-block\" href=\"https:\/\/comunidad.comprasdominicana.gob.do\/\/Public\/Tendering\/OpportunityDetail\/Index?noticeUID=DO1.NTC.1278505\" target=\"_blank\" title=\"Detalles\"><i class=\"fas fa-link\"><\/i> DETALLES<\/a><a class=\"btn btn-primary btn-lg px-lg-4 d-block d-md-none\" href=\"https:\/\/comunidad.comprasdominicana.gob.do\/\/Public\/Tendering\/OpportunityDetail\/Index?noticeUID=DO1.NTC.1278505\" target=\"_blank\" title=\"Detalles\"><i class=\"fas fa-2x fa-link\"><\/i><\/a><\/div><\/div><\/div><div class=\"jumbotron archivos\"><div class=\"row align-items-center\"><div class=\"col\"><h6><a class=\"text-dark\" href=\"https:\/\/comunidad.comprasdominicana.gob.do\/\/Public\/Tendering\/OpportunityDetail\/Index?noticeUID=DO1.NTC.1277901\" title=\"Ver\" target=\"_blank\">APORDOM-DAF-CM-2023-0039<\/a><\/h6><p class=\"mb-0 bold\">Adquisici\u00f3n de Art\u00edculos Comestibles y Gastables - DIRIGIDO A MIPYMES<\/p><p class=\"mb-0\" style=\"font-size: .85rem\"><strong title=\"Estado del Proceso\"><i class=\"fas fa-spinner\"><\/i><\/strong> Proceso adjudicado y celebrado<\/p><p class=\"mb-0\" style=\"font-size: .85rem\"><strong title=\"Fecha de Publicaci\u00f3n\"><i class=\"fas fa-calendar-alt\"><\/i><\/strong> Publicado el viernes, 4 de agosto de 2023<\/p><\/div><div class=\"col-auto mt-md-0 mt-2\"><a class=\"btn btn-primary btn-lg px-lg-4 d-none d-md-block\" href=\"https:\/\/comunidad.comprasdominicana.gob.do\/\/Public\/Tendering\/OpportunityDetail\/Index?noticeUID=DO1.NTC.1277901\" target=\"_blank\" title=\"Detalles\"><i class=\"fas fa-link\"><\/i> DETALLES<\/a><a class=\"btn btn-primary btn-lg px-lg-4 d-block d-md-none\" href=\"https:\/\/comunidad.comprasdominicana.gob.do\/\/Public\/Tendering\/OpportunityDetail\/Index?noticeUID=DO1.NTC.1277901\" target=\"_blank\" title=\"Detalles\"><i class=\"fas fa-2x fa-link\"><\/i><\/a><\/div><\/div><\/div><div class=\"jumbotron archivos\"><div class=\"row align-items-center\"><div class=\"col\"><h6><a class=\"text-dark\" href=\"https:\/\/comunidad.comprasdominicana.gob.do\/\/Public\/Tendering\/OpportunityDetail\/Index?noticeUID=DO1.NTC.1276531\" title=\"Ver\" target=\"_blank\">APORDOM-DAF-CM-2023-0038<\/a><\/h6><p class=\"mb-0 bold\">ADQUISICI\u00d3N DE MATERIAL GASTABLE Y DE OFICINA PARA USO DE APORDOM, DIRIGIDO A MIPYMES.<\/p><p class=\"mb-0\" style=\"font-size: .85rem\"><strong title=\"Estado del Proceso\"><i class=\"fas fa-spinner\"><\/i><\/strong> Proceso adjudicado y celebrado<\/p><p class=\"mb-0\" style=\"font-size: .85rem\"><strong title=\"Fecha de Publicaci\u00f3n\"><i class=\"fas fa-calendar-alt\"><\/i><\/strong> Publicado el mi\u00e9rcoles, 2 de agosto de 2023<\/p><\/div><div class=\"col-auto mt-md-0 mt-2\"><a class=\"btn btn-primary btn-lg px-lg-4 d-none d-md-block\" href=\"https:\/\/comunidad.comprasdominicana.gob.do\/\/Public\/Tendering\/OpportunityDetail\/Index?noticeUID=DO1.NTC.1276531\" target=\"_blank\" title=\"Detalles\"><i class=\"fas fa-link\"><\/i> DETALLES<\/a><a class=\"btn btn-primary btn-lg px-lg-4 d-block d-md-none\" href=\"https:\/\/comunidad.comprasdominicana.gob.do\/\/Public\/Tendering\/OpportunityDetail\/Index?noticeUID=DO1.NTC.1276531\" target=\"_blank\" title=\"Detalles\"><i class=\"fas fa-2x fa-link\"><\/i><\/a><\/div><\/div><\/div><\/div><\/div><\/div>\n        <div class=\"card\">\n            <div class=\"card-header parents\" id=\"heading_compras-menores-69eeee772d89c-2023-69eeee772d89c-julio-69eeee772d89c\">\n                <p class=\"title text-blue mb-0\">\n                    <a class=\"btn-block hover text-left collapsed\" data-toggle=\"collapse\" data-target=\"#collap_compras-menores-69eeee772d89c-2023-69eeee772d89c-julio-69eeee772d89c\" aria-expanded=\"false\" aria-controls=\"collap_compras-menores-69eeee772d89c-2023-69eeee772d89c-julio-69eeee772d89c\">Julio<\/a>\n                <\/p>\n            <\/div>\n            <div id=\"collap_compras-menores-69eeee772d89c-2023-69eeee772d89c-julio-69eeee772d89c\" class=\"collapse\" aria-labelledby=\"heading_compras-menores-69eeee772d89c-2023-69eeee772d89c-julio-69eeee772d89c\" data-parent=\"#collap_compras-menores-69eeee772d89c-2023-69eeee772d89c\">\n                <div class=\"card-body\"><div class=\"jumbotron archivos\"><div class=\"row align-items-center\"><div class=\"col\"><h6><a class=\"text-dark\" href=\"https:\/\/comunidad.comprasdominicana.gob.do\/\/Public\/Tendering\/OpportunityDetail\/Index?noticeUID=DO1.NTC.1271224\" title=\"Ver\" target=\"_blank\">APORDOM-DAF-CM-2023-0036<\/a><\/h6><p class=\"mb-0 bold\">ADQUISICI\u00d3N Y SERVICIO DE ART\u00cdCULOS IMPRESOS PARA USO DE APORDOM, DIRIGIDO A MIPYME<\/p><p class=\"mb-0\" style=\"font-size: .85rem\"><strong title=\"Estado del Proceso\"><i class=\"fas fa-spinner\"><\/i><\/strong> Proceso adjudicado y celebrado<\/p><p class=\"mb-0\" style=\"font-size: .85rem\"><strong title=\"Fecha de Publicaci\u00f3n\"><i class=\"fas fa-calendar-alt\"><\/i><\/strong> Publicado el jueves, 20 de julio de 2023<\/p><\/div><div class=\"col-auto mt-md-0 mt-2\"><a class=\"btn btn-primary btn-lg px-lg-4 d-none d-md-block\" href=\"https:\/\/comunidad.comprasdominicana.gob.do\/\/Public\/Tendering\/OpportunityDetail\/Index?noticeUID=DO1.NTC.1271224\" target=\"_blank\" title=\"Detalles\"><i class=\"fas fa-link\"><\/i> DETALLES<\/a><a class=\"btn btn-primary btn-lg px-lg-4 d-block d-md-none\" href=\"https:\/\/comunidad.comprasdominicana.gob.do\/\/Public\/Tendering\/OpportunityDetail\/Index?noticeUID=DO1.NTC.1271224\" target=\"_blank\" title=\"Detalles\"><i class=\"fas fa-2x fa-link\"><\/i><\/a><\/div><\/div><\/div><div class=\"jumbotron archivos\"><div class=\"row align-items-center\"><div class=\"col\"><h6><a class=\"text-dark\" href=\"https:\/\/comunidad.comprasdominicana.gob.do\/\/Public\/Tendering\/OpportunityDetail\/Index?noticeUID=DO1.NTC.1269143\" title=\"Ver\" target=\"_blank\">APORDOM-DAF-CM-2023-0035<\/a><\/h6><p class=\"mb-0 bold\">Adquisici\u00f3n de Insumos L\u00edquidos y Comestibles para uso de APORDOM, dirigido a Mipymes Mujer.<\/p><p class=\"mb-0\" style=\"font-size: .85rem\"><strong title=\"Estado del Proceso\"><i class=\"fas fa-spinner\"><\/i><\/strong> Proceso adjudicado y celebrado<\/p><p class=\"mb-0\" style=\"font-size: .85rem\"><strong title=\"Fecha de Publicaci\u00f3n\"><i class=\"fas fa-calendar-alt\"><\/i><\/strong> Publicado el lunes, 17 de julio de 2023<\/p><\/div><div class=\"col-auto mt-md-0 mt-2\"><a class=\"btn btn-primary btn-lg px-lg-4 d-none d-md-block\" href=\"https:\/\/comunidad.comprasdominicana.gob.do\/\/Public\/Tendering\/OpportunityDetail\/Index?noticeUID=DO1.NTC.1269143\" target=\"_blank\" title=\"Detalles\"><i class=\"fas fa-link\"><\/i> DETALLES<\/a><a class=\"btn btn-primary btn-lg px-lg-4 d-block d-md-none\" href=\"https:\/\/comunidad.comprasdominicana.gob.do\/\/Public\/Tendering\/OpportunityDetail\/Index?noticeUID=DO1.NTC.1269143\" target=\"_blank\" title=\"Detalles\"><i class=\"fas fa-2x fa-link\"><\/i><\/a><\/div><\/div><\/div><div class=\"jumbotron archivos\"><div class=\"row align-items-center\"><div class=\"col\"><h6><a class=\"text-dark\" href=\"https:\/\/comunidad.comprasdominicana.gob.do\/\/Public\/Tendering\/OpportunityDetail\/Index?noticeUID=DO1.NTC.1269324\" title=\"Ver\" target=\"_blank\">APORDOM-DAF-CM-2023-0034<\/a><\/h6><p class=\"mb-0 bold\">Adquisici\u00f3n de Tazas y Kit de notas para Empleados de APORDOM-Dirigido a Mipymes <\/p><p class=\"mb-0\" style=\"font-size: .85rem\"><strong title=\"Estado del Proceso\"><i class=\"fas fa-spinner\"><\/i><\/strong> Proceso adjudicado y celebrado<\/p><p class=\"mb-0\" style=\"font-size: .85rem\"><strong title=\"Fecha de Publicaci\u00f3n\"><i class=\"fas fa-calendar-alt\"><\/i><\/strong> Publicado el lunes, 17 de julio de 2023<\/p><\/div><div class=\"col-auto mt-md-0 mt-2\"><a class=\"btn btn-primary btn-lg px-lg-4 d-none d-md-block\" href=\"https:\/\/comunidad.comprasdominicana.gob.do\/\/Public\/Tendering\/OpportunityDetail\/Index?noticeUID=DO1.NTC.1269324\" target=\"_blank\" title=\"Detalles\"><i class=\"fas fa-link\"><\/i> DETALLES<\/a><a class=\"btn btn-primary btn-lg px-lg-4 d-block d-md-none\" href=\"https:\/\/comunidad.comprasdominicana.gob.do\/\/Public\/Tendering\/OpportunityDetail\/Index?noticeUID=DO1.NTC.1269324\" target=\"_blank\" title=\"Detalles\"><i class=\"fas fa-2x fa-link\"><\/i><\/a><\/div><\/div><\/div><div class=\"jumbotron archivos\"><div class=\"row align-items-center\"><div class=\"col\"><h6><a class=\"text-dark\" href=\"https:\/\/comunidad.comprasdominicana.gob.do\/\/Public\/Tendering\/OpportunityDetail\/Index?noticeUID=DO1.NTC.1262926\" title=\"Ver\" target=\"_blank\">APORDOM-DAF-CM-2023-0033<\/a><\/h6><p class=\"mb-0 bold\">Servicio de  Evento para Actividad de Integraci\u00f3n Directiva y Planificaci\u00f3n 2024.<\/p><p class=\"mb-0\" style=\"font-size: .85rem\"><strong title=\"Estado del Proceso\"><i class=\"fas fa-spinner\"><\/i><\/strong> Proceso adjudicado y celebrado<\/p><p class=\"mb-0\" style=\"font-size: .85rem\"><strong title=\"Fecha de Publicaci\u00f3n\"><i class=\"fas fa-calendar-alt\"><\/i><\/strong> Publicado el martes, 4 de julio de 2023<\/p><\/div><div class=\"col-auto mt-md-0 mt-2\"><a class=\"btn btn-primary btn-lg px-lg-4 d-none d-md-block\" href=\"https:\/\/comunidad.comprasdominicana.gob.do\/\/Public\/Tendering\/OpportunityDetail\/Index?noticeUID=DO1.NTC.1262926\" target=\"_blank\" title=\"Detalles\"><i class=\"fas fa-link\"><\/i> DETALLES<\/a><a class=\"btn btn-primary btn-lg px-lg-4 d-block d-md-none\" href=\"https:\/\/comunidad.comprasdominicana.gob.do\/\/Public\/Tendering\/OpportunityDetail\/Index?noticeUID=DO1.NTC.1262926\" target=\"_blank\" title=\"Detalles\"><i class=\"fas fa-2x fa-link\"><\/i><\/a><\/div><\/div><\/div><\/div><\/div><\/div>\n        <div class=\"card\">\n            <div class=\"card-header parents\" id=\"heading_compras-menores-69eeee772d89c-2023-69eeee772d89c-mayo-69eeee772d89c\">\n                <p class=\"title text-blue mb-0\">\n                    <a class=\"btn-block hover text-left collapsed\" data-toggle=\"collapse\" data-target=\"#collap_compras-menores-69eeee772d89c-2023-69eeee772d89c-mayo-69eeee772d89c\" aria-expanded=\"false\" aria-controls=\"collap_compras-menores-69eeee772d89c-2023-69eeee772d89c-mayo-69eeee772d89c\">Mayo<\/a>\n                <\/p>\n            <\/div>\n            <div id=\"collap_compras-menores-69eeee772d89c-2023-69eeee772d89c-mayo-69eeee772d89c\" class=\"collapse\" aria-labelledby=\"heading_compras-menores-69eeee772d89c-2023-69eeee772d89c-mayo-69eeee772d89c\" data-parent=\"#collap_compras-menores-69eeee772d89c-2023-69eeee772d89c\">\n                <div class=\"card-body\"><div class=\"jumbotron archivos\"><div class=\"row align-items-center\"><div class=\"col\"><h6><a class=\"text-dark\" href=\"https:\/\/comunidad.comprasdominicana.gob.do\/\/Public\/Tendering\/OpportunityDetail\/Index?noticeUID=DO1.NTC.1244526\" title=\"Ver\" target=\"_blank\">APORDOM-DAF-CM-2023-0031<\/a><\/h6><p class=\"mb-0 bold\">Contrataci\u00f3n de Servicios de Transporte de Carga para uso de APORDOM<\/p><p class=\"mb-0\" style=\"font-size: .85rem\"><strong title=\"Estado del Proceso\"><i class=\"fas fa-spinner\"><\/i><\/strong> Proceso adjudicado y celebrado<\/p><p class=\"mb-0\" style=\"font-size: .85rem\"><strong title=\"Fecha de Publicaci\u00f3n\"><i class=\"fas fa-calendar-alt\"><\/i><\/strong> Publicado el jueves, 25 de mayo de 2023<\/p><\/div><div class=\"col-auto mt-md-0 mt-2\"><a class=\"btn btn-primary btn-lg px-lg-4 d-none d-md-block\" href=\"https:\/\/comunidad.comprasdominicana.gob.do\/\/Public\/Tendering\/OpportunityDetail\/Index?noticeUID=DO1.NTC.1244526\" target=\"_blank\" title=\"Detalles\"><i class=\"fas fa-link\"><\/i> DETALLES<\/a><a class=\"btn btn-primary btn-lg px-lg-4 d-block d-md-none\" href=\"https:\/\/comunidad.comprasdominicana.gob.do\/\/Public\/Tendering\/OpportunityDetail\/Index?noticeUID=DO1.NTC.1244526\" target=\"_blank\" title=\"Detalles\"><i class=\"fas fa-2x fa-link\"><\/i><\/a><\/div><\/div><\/div><div class=\"jumbotron archivos\"><div class=\"row align-items-center\"><div class=\"col\"><h6><a class=\"text-dark\" href=\"https:\/\/comunidad.comprasdominicana.gob.do\/\/Public\/Tendering\/OpportunityDetail\/Index?noticeUID=DO1.NTC.1243606\" title=\"Ver\" target=\"_blank\">APORDOM-DAF-CM-2023-0032<\/a><\/h6><p class=\"mb-0 bold\">Adquisici\u00f3n de Medicamentos, Insumos y Materiales M\u00e9dicos para uso del Dispensario M\u00e9dico de esta APORDOM.<\/p><p class=\"mb-0\" style=\"font-size: .85rem\"><strong title=\"Estado del Proceso\"><i class=\"fas fa-spinner\"><\/i><\/strong> Proceso adjudicado y celebrado<\/p><p class=\"mb-0\" style=\"font-size: .85rem\"><strong title=\"Fecha de Publicaci\u00f3n\"><i class=\"fas fa-calendar-alt\"><\/i><\/strong> Publicado el martes, 23 de mayo de 2023<\/p><\/div><div class=\"col-auto mt-md-0 mt-2\"><a class=\"btn btn-primary btn-lg px-lg-4 d-none d-md-block\" href=\"https:\/\/comunidad.comprasdominicana.gob.do\/\/Public\/Tendering\/OpportunityDetail\/Index?noticeUID=DO1.NTC.1243606\" target=\"_blank\" title=\"Detalles\"><i class=\"fas fa-link\"><\/i> DETALLES<\/a><a class=\"btn btn-primary btn-lg px-lg-4 d-block d-md-none\" href=\"https:\/\/comunidad.comprasdominicana.gob.do\/\/Public\/Tendering\/OpportunityDetail\/Index?noticeUID=DO1.NTC.1243606\" target=\"_blank\" title=\"Detalles\"><i class=\"fas fa-2x fa-link\"><\/i><\/a><\/div><\/div><\/div><div class=\"jumbotron archivos\"><div class=\"row align-items-center\"><div class=\"col\"><h6><a class=\"text-dark\" href=\"https:\/\/comunidad.comprasdominicana.gob.do\/\/Public\/Tendering\/OpportunityDetail\/Index?noticeUID=DO1.NTC.1241940\" title=\"Ver\" target=\"_blank\">APORDOM-DAF-CM-2023-0026<\/a><\/h6><p class=\"mb-0 bold\">ADQUISICION DE MATERIAL GASTABLE DE OFICINA PARA USO DE APORDOM.<\/p><p class=\"mb-0\" style=\"font-size: .85rem\"><strong title=\"Estado del Proceso\"><i class=\"fas fa-spinner\"><\/i><\/strong> Proceso adjudicado y celebrado<\/p><p class=\"mb-0\" style=\"font-size: .85rem\"><strong title=\"Fecha de Publicaci\u00f3n\"><i class=\"fas fa-calendar-alt\"><\/i><\/strong> Publicado el viernes, 19 de mayo de 2023<\/p><\/div><div class=\"col-auto mt-md-0 mt-2\"><a class=\"btn btn-primary btn-lg px-lg-4 d-none d-md-block\" href=\"https:\/\/comunidad.comprasdominicana.gob.do\/\/Public\/Tendering\/OpportunityDetail\/Index?noticeUID=DO1.NTC.1241940\" target=\"_blank\" title=\"Detalles\"><i class=\"fas fa-link\"><\/i> DETALLES<\/a><a class=\"btn btn-primary btn-lg px-lg-4 d-block d-md-none\" href=\"https:\/\/comunidad.comprasdominicana.gob.do\/\/Public\/Tendering\/OpportunityDetail\/Index?noticeUID=DO1.NTC.1241940\" target=\"_blank\" title=\"Detalles\"><i class=\"fas fa-2x fa-link\"><\/i><\/a><\/div><\/div><\/div><div class=\"jumbotron archivos\"><div class=\"row align-items-center\"><div class=\"col\"><h6><a class=\"text-dark\" href=\"https:\/\/comunidad.comprasdominicana.gob.do\/\/Public\/Tendering\/OpportunityDetail\/Index?noticeUID=DO1.NTC.1240046\" title=\"Ver\" target=\"_blank\">APORDOM-DAF-CM-2023-0029<\/a><\/h6><p class=\"mb-0 bold\">ADQUISICI\u00d3N DE HERRAMIENTAS DE MANTENIMIENTO PARA USO DE APORDOM, DIRIGIDO A MIPYME<\/p><p class=\"mb-0\" style=\"font-size: .85rem\"><strong title=\"Estado del Proceso\"><i class=\"fas fa-spinner\"><\/i><\/strong> Proceso adjudicado y celebrado<\/p><p class=\"mb-0\" style=\"font-size: .85rem\"><strong title=\"Fecha de Publicaci\u00f3n\"><i class=\"fas fa-calendar-alt\"><\/i><\/strong> Publicado el lunes, 15 de mayo de 2023<\/p><\/div><div class=\"col-auto mt-md-0 mt-2\"><a class=\"btn btn-primary btn-lg px-lg-4 d-none d-md-block\" href=\"https:\/\/comunidad.comprasdominicana.gob.do\/\/Public\/Tendering\/OpportunityDetail\/Index?noticeUID=DO1.NTC.1240046\" target=\"_blank\" title=\"Detalles\"><i class=\"fas fa-link\"><\/i> DETALLES<\/a><a class=\"btn btn-primary btn-lg px-lg-4 d-block d-md-none\" href=\"https:\/\/comunidad.comprasdominicana.gob.do\/\/Public\/Tendering\/OpportunityDetail\/Index?noticeUID=DO1.NTC.1240046\" target=\"_blank\" title=\"Detalles\"><i class=\"fas fa-2x fa-link\"><\/i><\/a><\/div><\/div><\/div><div class=\"jumbotron archivos\"><div class=\"row align-items-center\"><div class=\"col\"><h6><a class=\"text-dark\" href=\"https:\/\/comunidad.comprasdominicana.gob.do\/\/Public\/Tendering\/OpportunityDetail\/Index?noticeUID=DO1.NTC.1239038\" title=\"Ver\" target=\"_blank\">APORDOM-DAF-CM-2023-0028<\/a><\/h6><p class=\"mb-0 bold\">SERVICIO DE MANTENIMIENTO PREVENTIVO Y CORRECTIVO PARA FLOTILLA VEHICULAR DE AUTORIDAD PORTUARIA<\/p><p class=\"mb-0\" style=\"font-size: .85rem\"><strong title=\"Estado del Proceso\"><i class=\"fas fa-spinner\"><\/i><\/strong> Proceso adjudicado y celebrado<\/p><p class=\"mb-0\" style=\"font-size: .85rem\"><strong title=\"Fecha de Publicaci\u00f3n\"><i class=\"fas fa-calendar-alt\"><\/i><\/strong> Publicado el viernes, 12 de mayo de 2023<\/p><\/div><div class=\"col-auto mt-md-0 mt-2\"><a class=\"btn btn-primary btn-lg px-lg-4 d-none d-md-block\" href=\"https:\/\/comunidad.comprasdominicana.gob.do\/\/Public\/Tendering\/OpportunityDetail\/Index?noticeUID=DO1.NTC.1239038\" target=\"_blank\" title=\"Detalles\"><i class=\"fas fa-link\"><\/i> DETALLES<\/a><a class=\"btn btn-primary btn-lg px-lg-4 d-block d-md-none\" href=\"https:\/\/comunidad.comprasdominicana.gob.do\/\/Public\/Tendering\/OpportunityDetail\/Index?noticeUID=DO1.NTC.1239038\" target=\"_blank\" title=\"Detalles\"><i class=\"fas fa-2x fa-link\"><\/i><\/a><\/div><\/div><\/div><div class=\"jumbotron archivos\"><div class=\"row align-items-center\"><div class=\"col\"><h6><a class=\"text-dark\" href=\"https:\/\/comunidad.comprasdominicana.gob.do\/\/Public\/Tendering\/OpportunityDetail\/Index?noticeUID=DO1.NTC.1238734\" title=\"Ver\" target=\"_blank\">APORDOM-DAF-CM-2023-0027<\/a><\/h6><p class=\"mb-0 bold\">CONTRATACI\u00d3N DE SERVICIO DE ALQUILER DE IMPRESORAS<\/p><p class=\"mb-0\" style=\"font-size: .85rem\"><strong title=\"Estado del Proceso\"><i class=\"fas fa-spinner\"><\/i><\/strong> Proceso adjudicado y celebrado<\/p><p class=\"mb-0\" style=\"font-size: .85rem\"><strong title=\"Fecha de Publicaci\u00f3n\"><i class=\"fas fa-calendar-alt\"><\/i><\/strong> Publicado el jueves, 11 de mayo de 2023<\/p><\/div><div class=\"col-auto mt-md-0 mt-2\"><a class=\"btn btn-primary btn-lg px-lg-4 d-none d-md-block\" href=\"https:\/\/comunidad.comprasdominicana.gob.do\/\/Public\/Tendering\/OpportunityDetail\/Index?noticeUID=DO1.NTC.1238734\" target=\"_blank\" title=\"Detalles\"><i class=\"fas fa-link\"><\/i> DETALLES<\/a><a class=\"btn btn-primary btn-lg px-lg-4 d-block d-md-none\" href=\"https:\/\/comunidad.comprasdominicana.gob.do\/\/Public\/Tendering\/OpportunityDetail\/Index?noticeUID=DO1.NTC.1238734\" target=\"_blank\" title=\"Detalles\"><i class=\"fas fa-2x fa-link\"><\/i><\/a><\/div><\/div><\/div><div class=\"jumbotron archivos\"><div class=\"row align-items-center\"><div class=\"col\"><h6><a class=\"text-dark\" href=\"https:\/\/comunidad.comprasdominicana.gob.do\/\/Public\/Tendering\/OpportunityDetail\/Index?noticeUID=DO1.NTC.1238524\" title=\"Ver\" target=\"_blank\">APORDOM-DAF-CM-2023-0030<\/a><\/h6><p class=\"mb-0 bold\">Alquiler de Sal\u00f3n para Actividad de esta Autoridad Portuaria. <\/p><p class=\"mb-0\" style=\"font-size: .85rem\"><strong title=\"Estado del Proceso\"><i class=\"fas fa-spinner\"><\/i><\/strong> Proceso adjudicado y celebrado<\/p><p class=\"mb-0\" style=\"font-size: .85rem\"><strong title=\"Fecha de Publicaci\u00f3n\"><i class=\"fas fa-calendar-alt\"><\/i><\/strong> Publicado el jueves, 11 de mayo de 2023<\/p><\/div><div class=\"col-auto mt-md-0 mt-2\"><a class=\"btn btn-primary btn-lg px-lg-4 d-none d-md-block\" href=\"https:\/\/comunidad.comprasdominicana.gob.do\/\/Public\/Tendering\/OpportunityDetail\/Index?noticeUID=DO1.NTC.1238524\" target=\"_blank\" title=\"Detalles\"><i class=\"fas fa-link\"><\/i> DETALLES<\/a><a class=\"btn btn-primary btn-lg px-lg-4 d-block d-md-none\" href=\"https:\/\/comunidad.comprasdominicana.gob.do\/\/Public\/Tendering\/OpportunityDetail\/Index?noticeUID=DO1.NTC.1238524\" target=\"_blank\" title=\"Detalles\"><i class=\"fas fa-2x fa-link\"><\/i><\/a><\/div><\/div><\/div><div class=\"jumbotron archivos\"><div class=\"row align-items-center\"><div class=\"col\"><h6><a class=\"text-dark\" href=\"https:\/\/comunidad.comprasdominicana.gob.do\/\/Public\/Tendering\/OpportunityDetail\/Index?noticeUID=DO1.NTC.1237227\" title=\"Ver\" target=\"_blank\">APORDOM-DAF-CM-2023-0024<\/a><\/h6><p class=\"mb-0 bold\">ADQUISICION PRODUCTOS DE LIMPIEZA E HIGIENE PARA LA SEDE PRINCIPAL DE APORDOM, DIRIGIDO A MIPYMES MUJER<\/p><p class=\"mb-0\" style=\"font-size: .85rem\"><strong title=\"Estado del Proceso\"><i class=\"fas fa-spinner\"><\/i><\/strong> Proceso adjudicado y celebrado<\/p><p class=\"mb-0\" style=\"font-size: .85rem\"><strong title=\"Fecha de Publicaci\u00f3n\"><i class=\"fas fa-calendar-alt\"><\/i><\/strong> Publicado el martes, 9 de mayo de 2023<\/p><\/div><div class=\"col-auto mt-md-0 mt-2\"><a class=\"btn btn-primary btn-lg px-lg-4 d-none d-md-block\" href=\"https:\/\/comunidad.comprasdominicana.gob.do\/\/Public\/Tendering\/OpportunityDetail\/Index?noticeUID=DO1.NTC.1237227\" target=\"_blank\" title=\"Detalles\"><i class=\"fas fa-link\"><\/i> DETALLES<\/a><a class=\"btn btn-primary btn-lg px-lg-4 d-block d-md-none\" href=\"https:\/\/comunidad.comprasdominicana.gob.do\/\/Public\/Tendering\/OpportunityDetail\/Index?noticeUID=DO1.NTC.1237227\" target=\"_blank\" title=\"Detalles\"><i class=\"fas fa-2x fa-link\"><\/i><\/a><\/div><\/div><\/div><\/div><\/div><\/div>\n        <div class=\"card\">\n            <div class=\"card-header parents\" id=\"heading_compras-menores-69eeee772d89c-2023-69eeee772d89c-abril-69eeee772d89c\">\n                <p class=\"title text-blue mb-0\">\n                    <a class=\"btn-block hover text-left collapsed\" data-toggle=\"collapse\" data-target=\"#collap_compras-menores-69eeee772d89c-2023-69eeee772d89c-abril-69eeee772d89c\" aria-expanded=\"false\" aria-controls=\"collap_compras-menores-69eeee772d89c-2023-69eeee772d89c-abril-69eeee772d89c\">Abril<\/a>\n                <\/p>\n            <\/div>\n            <div id=\"collap_compras-menores-69eeee772d89c-2023-69eeee772d89c-abril-69eeee772d89c\" class=\"collapse\" aria-labelledby=\"heading_compras-menores-69eeee772d89c-2023-69eeee772d89c-abril-69eeee772d89c\" data-parent=\"#collap_compras-menores-69eeee772d89c-2023-69eeee772d89c\">\n                <div class=\"card-body\"><div class=\"jumbotron archivos\"><div class=\"row align-items-center\"><div class=\"col\"><h6><a class=\"text-dark\" href=\"https:\/\/comunidad.comprasdominicana.gob.do\/\/Public\/Tendering\/OpportunityDetail\/Index?noticeUID=DO1.NTC.1233551\" title=\"Ver\" target=\"_blank\">APORDOM-DAF-CM-2023-0019<\/a><\/h6><p class=\"mb-0 bold\">ADQUISICION DE UNIFORMES PARA COLABORADORES DE LA SEDE PRINCIPAL DE APORDOM, DIRIGIDO A MIPYMES<\/p><p class=\"mb-0\" style=\"font-size: .85rem\"><strong title=\"Estado del Proceso\"><i class=\"fas fa-spinner\"><\/i><\/strong> Proceso adjudicado y celebrado<\/p><p class=\"mb-0\" style=\"font-size: .85rem\"><strong title=\"Fecha de Publicaci\u00f3n\"><i class=\"fas fa-calendar-alt\"><\/i><\/strong> Publicado el viernes, 28 de abril de 2023<\/p><\/div><div class=\"col-auto mt-md-0 mt-2\"><a class=\"btn btn-primary btn-lg px-lg-4 d-none d-md-block\" href=\"https:\/\/comunidad.comprasdominicana.gob.do\/\/Public\/Tendering\/OpportunityDetail\/Index?noticeUID=DO1.NTC.1233551\" target=\"_blank\" title=\"Detalles\"><i class=\"fas fa-link\"><\/i> DETALLES<\/a><a class=\"btn btn-primary btn-lg px-lg-4 d-block d-md-none\" href=\"https:\/\/comunidad.comprasdominicana.gob.do\/\/Public\/Tendering\/OpportunityDetail\/Index?noticeUID=DO1.NTC.1233551\" target=\"_blank\" title=\"Detalles\"><i class=\"fas fa-2x fa-link\"><\/i><\/a><\/div><\/div><\/div><div class=\"jumbotron archivos\"><div class=\"row align-items-center\"><div class=\"col\"><h6><a class=\"text-dark\" href=\"https:\/\/comunidad.comprasdominicana.gob.do\/\/Public\/Tendering\/OpportunityDetail\/Index?noticeUID=DO1.NTC.1233436\" title=\"Ver\" target=\"_blank\">APORDOM-DAF-CM-2023-0025<\/a><\/h6><p class=\"mb-0 bold\">Adquisici\u00f3n de Mesas para Entrenamientos para el Instituto Mar\u00edtimo Portuario IMPLOG, dirigido a Mipyme.<\/p><p class=\"mb-0\" style=\"font-size: .85rem\"><strong title=\"Estado del Proceso\"><i class=\"fas fa-spinner\"><\/i><\/strong> Proceso adjudicado y celebrado<\/p><p class=\"mb-0\" style=\"font-size: .85rem\"><strong title=\"Fecha de Publicaci\u00f3n\"><i class=\"fas fa-calendar-alt\"><\/i><\/strong> Publicado el jueves, 27 de abril de 2023<\/p><\/div><div class=\"col-auto mt-md-0 mt-2\"><a class=\"btn btn-primary btn-lg px-lg-4 d-none d-md-block\" href=\"https:\/\/comunidad.comprasdominicana.gob.do\/\/Public\/Tendering\/OpportunityDetail\/Index?noticeUID=DO1.NTC.1233436\" target=\"_blank\" title=\"Detalles\"><i class=\"fas fa-link\"><\/i> DETALLES<\/a><a class=\"btn btn-primary btn-lg px-lg-4 d-block d-md-none\" href=\"https:\/\/comunidad.comprasdominicana.gob.do\/\/Public\/Tendering\/OpportunityDetail\/Index?noticeUID=DO1.NTC.1233436\" target=\"_blank\" title=\"Detalles\"><i class=\"fas fa-2x fa-link\"><\/i><\/a><\/div><\/div><\/div><div class=\"jumbotron archivos\"><div class=\"row align-items-center\"><div class=\"col\"><h6><a class=\"text-dark\" href=\"https:\/\/comunidad.comprasdominicana.gob.do\/\/Public\/Tendering\/OpportunityDetail\/Index?noticeUID=DO1.NTC.1233025\" title=\"Ver\" target=\"_blank\">APORDOM-DAF-CM-2023-0023<\/a><\/h6><p class=\"mb-0 bold\">ADQUISICI\u00d3N DE PINTURA PARA LAS \u00c1REAS INTERNAS Y EXTERNAS DE APORDOM<\/p><p class=\"mb-0\" style=\"font-size: .85rem\"><strong title=\"Estado del Proceso\"><i class=\"fas fa-spinner\"><\/i><\/strong> Proceso adjudicado y celebrado<\/p><p class=\"mb-0\" style=\"font-size: .85rem\"><strong title=\"Fecha de Publicaci\u00f3n\"><i class=\"fas fa-calendar-alt\"><\/i><\/strong> Publicado el jueves, 27 de abril de 2023<\/p><\/div><div class=\"col-auto mt-md-0 mt-2\"><a class=\"btn btn-primary btn-lg px-lg-4 d-none d-md-block\" href=\"https:\/\/comunidad.comprasdominicana.gob.do\/\/Public\/Tendering\/OpportunityDetail\/Index?noticeUID=DO1.NTC.1233025\" target=\"_blank\" title=\"Detalles\"><i class=\"fas fa-link\"><\/i> DETALLES<\/a><a class=\"btn btn-primary btn-lg px-lg-4 d-block d-md-none\" href=\"https:\/\/comunidad.comprasdominicana.gob.do\/\/Public\/Tendering\/OpportunityDetail\/Index?noticeUID=DO1.NTC.1233025\" target=\"_blank\" title=\"Detalles\"><i class=\"fas fa-2x fa-link\"><\/i><\/a><\/div><\/div><\/div><div class=\"jumbotron archivos\"><div class=\"row align-items-center\"><div class=\"col\"><h6><a class=\"text-dark\" href=\"https:\/\/comunidad.comprasdominicana.gob.do\/\/Public\/Tendering\/OpportunityDetail\/Index?noticeUID=DO1.NTC.1231326\" title=\"Ver\" target=\"_blank\">APORDOM-DAF-CM-2023-0020<\/a><\/h6><p class=\"mb-0 bold\">Servicio de alquiler de Montaje para Inauguraci\u00f3n de diversos Muelles Pesqueros y Tur\u00edsticos.<\/p><p class=\"mb-0\" style=\"font-size: .85rem\"><strong title=\"Estado del Proceso\"><i class=\"fas fa-spinner\"><\/i><\/strong> Proceso adjudicado y celebrado<\/p><p class=\"mb-0\" style=\"font-size: .85rem\"><strong title=\"Fecha de Publicaci\u00f3n\"><i class=\"fas fa-calendar-alt\"><\/i><\/strong> Publicado el lunes, 24 de abril de 2023<\/p><\/div><div class=\"col-auto mt-md-0 mt-2\"><a class=\"btn btn-primary btn-lg px-lg-4 d-none d-md-block\" href=\"https:\/\/comunidad.comprasdominicana.gob.do\/\/Public\/Tendering\/OpportunityDetail\/Index?noticeUID=DO1.NTC.1231326\" target=\"_blank\" title=\"Detalles\"><i class=\"fas fa-link\"><\/i> DETALLES<\/a><a class=\"btn btn-primary btn-lg px-lg-4 d-block d-md-none\" href=\"https:\/\/comunidad.comprasdominicana.gob.do\/\/Public\/Tendering\/OpportunityDetail\/Index?noticeUID=DO1.NTC.1231326\" target=\"_blank\" title=\"Detalles\"><i class=\"fas fa-2x fa-link\"><\/i><\/a><\/div><\/div><\/div><div class=\"jumbotron archivos\"><div class=\"row align-items-center\"><div class=\"col\"><h6><a class=\"text-dark\" href=\"https:\/\/comunidad.comprasdominicana.gob.do\/\/Public\/Tendering\/OpportunityDetail\/Index?noticeUID=DO1.NTC.1230038\" title=\"Ver\" target=\"_blank\">APORDOM-DAF-CM-2023-0021<\/a><\/h6><p class=\"mb-0 bold\">Adquisici\u00f3n de Insumos Consumibles y Gastables para el uso de Distintos Departamentos y Puertos de esta Instituci\u00f3n, dirigido a Mipymes Mujer.<\/p><p class=\"mb-0\" style=\"font-size: .85rem\"><strong title=\"Estado del Proceso\"><i class=\"fas fa-spinner\"><\/i><\/strong> Proceso adjudicado y celebrado<\/p><p class=\"mb-0\" style=\"font-size: .85rem\"><strong title=\"Fecha de Publicaci\u00f3n\"><i class=\"fas fa-calendar-alt\"><\/i><\/strong> Publicado el jueves, 20 de abril de 2023<\/p><\/div><div class=\"col-auto mt-md-0 mt-2\"><a class=\"btn btn-primary btn-lg px-lg-4 d-none d-md-block\" href=\"https:\/\/comunidad.comprasdominicana.gob.do\/\/Public\/Tendering\/OpportunityDetail\/Index?noticeUID=DO1.NTC.1230038\" target=\"_blank\" title=\"Detalles\"><i class=\"fas fa-link\"><\/i> DETALLES<\/a><a class=\"btn btn-primary btn-lg px-lg-4 d-block d-md-none\" href=\"https:\/\/comunidad.comprasdominicana.gob.do\/\/Public\/Tendering\/OpportunityDetail\/Index?noticeUID=DO1.NTC.1230038\" target=\"_blank\" title=\"Detalles\"><i class=\"fas fa-2x fa-link\"><\/i><\/a><\/div><\/div><\/div><\/div><\/div><\/div>\n        <div class=\"card\">\n            <div class=\"card-header parents\" id=\"heading_compras-menores-69eeee772d89c-2023-69eeee772d89c-marzo-69eeee772d89c\">\n                <p class=\"title text-blue mb-0\">\n                    <a class=\"btn-block hover text-left collapsed\" data-toggle=\"collapse\" data-target=\"#collap_compras-menores-69eeee772d89c-2023-69eeee772d89c-marzo-69eeee772d89c\" aria-expanded=\"false\" aria-controls=\"collap_compras-menores-69eeee772d89c-2023-69eeee772d89c-marzo-69eeee772d89c\">Marzo<\/a>\n                <\/p>\n            <\/div>\n            <div id=\"collap_compras-menores-69eeee772d89c-2023-69eeee772d89c-marzo-69eeee772d89c\" class=\"collapse\" aria-labelledby=\"heading_compras-menores-69eeee772d89c-2023-69eeee772d89c-marzo-69eeee772d89c\" data-parent=\"#collap_compras-menores-69eeee772d89c-2023-69eeee772d89c\">\n                <div class=\"card-body\"><div class=\"jumbotron archivos\"><div class=\"row align-items-center\"><div class=\"col\"><h6><a class=\"text-dark\" href=\"https:\/\/comunidad.comprasdominicana.gob.do\/\/Public\/Tendering\/OpportunityDetail\/Index?noticeUID=DO1.NTC.1221101\" title=\"Ver\" target=\"_blank\">APORDOM-DAF-CM-2023-0018<\/a><\/h6><p class=\"mb-0 bold\">ADQUISICI\u00d3N DE MATERIALES FERRETEROS PARA USO DE APORDOM, DIRIGIDO A MIPYMES<\/p><p class=\"mb-0\" style=\"font-size: .85rem\"><strong title=\"Estado del Proceso\"><i class=\"fas fa-spinner\"><\/i><\/strong> Proceso adjudicado y celebrado<\/p><p class=\"mb-0\" style=\"font-size: .85rem\"><strong title=\"Fecha de Publicaci\u00f3n\"><i class=\"fas fa-calendar-alt\"><\/i><\/strong> Publicado el jueves, 30 de marzo de 2023<\/p><\/div><div class=\"col-auto mt-md-0 mt-2\"><a class=\"btn btn-primary btn-lg px-lg-4 d-none d-md-block\" href=\"https:\/\/comunidad.comprasdominicana.gob.do\/\/Public\/Tendering\/OpportunityDetail\/Index?noticeUID=DO1.NTC.1221101\" target=\"_blank\" title=\"Detalles\"><i class=\"fas fa-link\"><\/i> DETALLES<\/a><a class=\"btn btn-primary btn-lg px-lg-4 d-block d-md-none\" href=\"https:\/\/comunidad.comprasdominicana.gob.do\/\/Public\/Tendering\/OpportunityDetail\/Index?noticeUID=DO1.NTC.1221101\" target=\"_blank\" title=\"Detalles\"><i class=\"fas fa-2x fa-link\"><\/i><\/a><\/div><\/div><\/div><div class=\"jumbotron archivos\"><div class=\"row align-items-center\"><div class=\"col\"><h6><a class=\"text-dark\" href=\"https:\/\/comunidad.comprasdominicana.gob.do\/\/Public\/Tendering\/OpportunityDetail\/Index?noticeUID=DO1.NTC.1217127\" title=\"Ver\" target=\"_blank\">APORDOM-DAF-CM-2023-0015<\/a><\/h6><p class=\"mb-0 bold\">ADQUISICI\u00d3N DE MATERIALES DE PLOMERIA PARA USO DE APORDOM <\/p><p class=\"mb-0\" style=\"font-size: .85rem\"><strong title=\"Estado del Proceso\"><i class=\"fas fa-spinner\"><\/i><\/strong> Proceso adjudicado y celebrado<\/p><p class=\"mb-0\" style=\"font-size: .85rem\"><strong title=\"Fecha de Publicaci\u00f3n\"><i class=\"fas fa-calendar-alt\"><\/i><\/strong> Publicado el viernes, 24 de marzo de 2023<\/p><\/div><div class=\"col-auto mt-md-0 mt-2\"><a class=\"btn btn-primary btn-lg px-lg-4 d-none d-md-block\" href=\"https:\/\/comunidad.comprasdominicana.gob.do\/\/Public\/Tendering\/OpportunityDetail\/Index?noticeUID=DO1.NTC.1217127\" target=\"_blank\" title=\"Detalles\"><i class=\"fas fa-link\"><\/i> DETALLES<\/a><a class=\"btn btn-primary btn-lg px-lg-4 d-block d-md-none\" href=\"https:\/\/comunidad.comprasdominicana.gob.do\/\/Public\/Tendering\/OpportunityDetail\/Index?noticeUID=DO1.NTC.1217127\" target=\"_blank\" title=\"Detalles\"><i class=\"fas fa-2x fa-link\"><\/i><\/a><\/div><\/div><\/div><div class=\"jumbotron archivos\"><div class=\"row align-items-center\"><div class=\"col\"><h6><a class=\"text-dark\" href=\"https:\/\/comunidad.comprasdominicana.gob.do\/\/Public\/Tendering\/OpportunityDetail\/Index?noticeUID=DO1.NTC.1215121\" title=\"Ver\" target=\"_blank\">APORDOM-DAF-CM-2023-0017<\/a><\/h6><p class=\"mb-0 bold\">ADQUISICI\u00d3N DE TRES MIL (3,000.00) LANYARDS PARA EL PERSONAL DE APORDOM, DIRIGIDO A MIPYME<\/p><p class=\"mb-0\" style=\"font-size: .85rem\"><strong title=\"Estado del Proceso\"><i class=\"fas fa-spinner\"><\/i><\/strong> Proceso adjudicado y celebrado<\/p><p class=\"mb-0\" style=\"font-size: .85rem\"><strong title=\"Fecha de Publicaci\u00f3n\"><i class=\"fas fa-calendar-alt\"><\/i><\/strong> Publicado el martes, 21 de marzo de 2023<\/p><\/div><div class=\"col-auto mt-md-0 mt-2\"><a class=\"btn btn-primary btn-lg px-lg-4 d-none d-md-block\" href=\"https:\/\/comunidad.comprasdominicana.gob.do\/\/Public\/Tendering\/OpportunityDetail\/Index?noticeUID=DO1.NTC.1215121\" target=\"_blank\" title=\"Detalles\"><i class=\"fas fa-link\"><\/i> DETALLES<\/a><a class=\"btn btn-primary btn-lg px-lg-4 d-block d-md-none\" href=\"https:\/\/comunidad.comprasdominicana.gob.do\/\/Public\/Tendering\/OpportunityDetail\/Index?noticeUID=DO1.NTC.1215121\" target=\"_blank\" title=\"Detalles\"><i class=\"fas fa-2x fa-link\"><\/i><\/a><\/div><\/div><\/div><div class=\"jumbotron archivos\"><div class=\"row align-items-center\"><div class=\"col\"><h6><a class=\"text-dark\" href=\"https:\/\/comunidad.comprasdominicana.gob.do\/\/Public\/Tendering\/OpportunityDetail\/Index?noticeUID=DO1.NTC.1213841\" title=\"Ver\" target=\"_blank\">APORDOM-DAF-CM-2023-0012<\/a><\/h6><p class=\"mb-0 bold\">ADQUISICION DE BANDERAS Y ASTAS PARA LA SEDE PRINCIPAL Y PUERTOS DE  APORDOM.<\/p><p class=\"mb-0\" style=\"font-size: .85rem\"><strong title=\"Estado del Proceso\"><i class=\"fas fa-spinner\"><\/i><\/strong> Proceso adjudicado y celebrado<\/p><p class=\"mb-0\" style=\"font-size: .85rem\"><strong title=\"Fecha de Publicaci\u00f3n\"><i class=\"fas fa-calendar-alt\"><\/i><\/strong> Publicado el viernes, 17 de marzo de 2023<\/p><\/div><div class=\"col-auto mt-md-0 mt-2\"><a class=\"btn btn-primary btn-lg px-lg-4 d-none d-md-block\" href=\"https:\/\/comunidad.comprasdominicana.gob.do\/\/Public\/Tendering\/OpportunityDetail\/Index?noticeUID=DO1.NTC.1213841\" target=\"_blank\" title=\"Detalles\"><i class=\"fas fa-link\"><\/i> DETALLES<\/a><a class=\"btn btn-primary btn-lg px-lg-4 d-block d-md-none\" href=\"https:\/\/comunidad.comprasdominicana.gob.do\/\/Public\/Tendering\/OpportunityDetail\/Index?noticeUID=DO1.NTC.1213841\" target=\"_blank\" title=\"Detalles\"><i class=\"fas fa-2x fa-link\"><\/i><\/a><\/div><\/div><\/div><div class=\"jumbotron archivos\"><div class=\"row align-items-center\"><div class=\"col\"><h6><a class=\"text-dark\" href=\"https:\/\/comunidad.comprasdominicana.gob.do\/\/Public\/Tendering\/OpportunityDetail\/Index?noticeUID=DO1.NTC.1212924\" title=\"Ver\" target=\"_blank\">APORDOM-DAF-CM-2023-0013<\/a><\/h6><p class=\"mb-0 bold\">Adquisici\u00f3n e Instalaci\u00f3n de Inversores  con sus bater\u00edas para diferentes Puertos de APORDOM, dirigido a Mipymes.<\/p><p class=\"mb-0\" style=\"font-size: .85rem\"><strong title=\"Estado del Proceso\"><i class=\"fas fa-spinner\"><\/i><\/strong> Proceso adjudicado y celebrado<\/p><p class=\"mb-0\" style=\"font-size: .85rem\"><strong title=\"Fecha de Publicaci\u00f3n\"><i class=\"fas fa-calendar-alt\"><\/i><\/strong> Publicado el mi\u00e9rcoles, 15 de marzo de 2023<\/p><\/div><div class=\"col-auto mt-md-0 mt-2\"><a class=\"btn btn-primary btn-lg px-lg-4 d-none d-md-block\" href=\"https:\/\/comunidad.comprasdominicana.gob.do\/\/Public\/Tendering\/OpportunityDetail\/Index?noticeUID=DO1.NTC.1212924\" target=\"_blank\" title=\"Detalles\"><i class=\"fas fa-link\"><\/i> DETALLES<\/a><a class=\"btn btn-primary btn-lg px-lg-4 d-block d-md-none\" href=\"https:\/\/comunidad.comprasdominicana.gob.do\/\/Public\/Tendering\/OpportunityDetail\/Index?noticeUID=DO1.NTC.1212924\" target=\"_blank\" title=\"Detalles\"><i class=\"fas fa-2x fa-link\"><\/i><\/a><\/div><\/div><\/div><div class=\"jumbotron archivos\"><div class=\"row align-items-center\"><div class=\"col\"><h6><a class=\"text-dark\" href=\"https:\/\/comunidad.comprasdominicana.gob.do\/\/Public\/Tendering\/OpportunityDetail\/Index?noticeUID=DO1.NTC.1212530\" title=\"Ver\" target=\"_blank\">APORDOM-DAF-CM-2023-0014<\/a><\/h6><p class=\"mb-0 bold\">ADQUISICI\u00d3N DE EQUIPOS DE PROTECCI\u00d3N PERSONAL PARA USO DEL PERSONAL DE LOS PUERTOS Y SEDE PRINCIPAL DE APORDOM<\/p><p class=\"mb-0\" style=\"font-size: .85rem\"><strong title=\"Estado del Proceso\"><i class=\"fas fa-spinner\"><\/i><\/strong> Proceso adjudicado y celebrado<\/p><p class=\"mb-0\" style=\"font-size: .85rem\"><strong title=\"Fecha de Publicaci\u00f3n\"><i class=\"fas fa-calendar-alt\"><\/i><\/strong> Publicado el mi\u00e9rcoles, 15 de marzo de 2023<\/p><\/div><div class=\"col-auto mt-md-0 mt-2\"><a class=\"btn btn-primary btn-lg px-lg-4 d-none d-md-block\" href=\"https:\/\/comunidad.comprasdominicana.gob.do\/\/Public\/Tendering\/OpportunityDetail\/Index?noticeUID=DO1.NTC.1212530\" target=\"_blank\" title=\"Detalles\"><i class=\"fas fa-link\"><\/i> DETALLES<\/a><a class=\"btn btn-primary btn-lg px-lg-4 d-block d-md-none\" href=\"https:\/\/comunidad.comprasdominicana.gob.do\/\/Public\/Tendering\/OpportunityDetail\/Index?noticeUID=DO1.NTC.1212530\" target=\"_blank\" title=\"Detalles\"><i class=\"fas fa-2x fa-link\"><\/i><\/a><\/div><\/div><\/div><\/div><\/div><\/div>\n        <div class=\"card\">\n            <div class=\"card-header parents\" id=\"heading_compras-menores-69eeee772d89c-2023-69eeee772d89c-febrero-69eeee772d89c\">\n                <p class=\"title text-blue mb-0\">\n                    <a class=\"btn-block hover text-left collapsed\" data-toggle=\"collapse\" data-target=\"#collap_compras-menores-69eeee772d89c-2023-69eeee772d89c-febrero-69eeee772d89c\" aria-expanded=\"false\" aria-controls=\"collap_compras-menores-69eeee772d89c-2023-69eeee772d89c-febrero-69eeee772d89c\">Febrero<\/a>\n                <\/p>\n            <\/div>\n            <div id=\"collap_compras-menores-69eeee772d89c-2023-69eeee772d89c-febrero-69eeee772d89c\" class=\"collapse\" aria-labelledby=\"heading_compras-menores-69eeee772d89c-2023-69eeee772d89c-febrero-69eeee772d89c\" data-parent=\"#collap_compras-menores-69eeee772d89c-2023-69eeee772d89c\">\n                <div class=\"card-body\"><div class=\"jumbotron archivos\"><div class=\"row align-items-center\"><div class=\"col\"><h6><a class=\"text-dark\" href=\"https:\/\/comunidad.comprasdominicana.gob.do\/\/Public\/Tendering\/OpportunityDetail\/Index?noticeUID=DO1.NTC.1202336\" title=\"Ver\" target=\"_blank\">APORDOM-DAF-CM-2023-0011<\/a><\/h6><p class=\"mb-0 bold\">ADQUISICI\u00d3N DE COMPONENTES PARA FLOTILLA VEHICULAR DE APORDOM<\/p><p class=\"mb-0\" style=\"font-size: .85rem\"><strong title=\"Estado del Proceso\"><i class=\"fas fa-spinner\"><\/i><\/strong> Proceso adjudicado y celebrado<\/p><p class=\"mb-0\" style=\"font-size: .85rem\"><strong title=\"Fecha de Publicaci\u00f3n\"><i class=\"fas fa-calendar-alt\"><\/i><\/strong> Publicado el viernes, 17 de febrero de 2023<\/p><\/div><div class=\"col-auto mt-md-0 mt-2\"><a class=\"btn btn-primary btn-lg px-lg-4 d-none d-md-block\" href=\"https:\/\/comunidad.comprasdominicana.gob.do\/\/Public\/Tendering\/OpportunityDetail\/Index?noticeUID=DO1.NTC.1202336\" target=\"_blank\" title=\"Detalles\"><i class=\"fas fa-link\"><\/i> DETALLES<\/a><a class=\"btn btn-primary btn-lg px-lg-4 d-block d-md-none\" href=\"https:\/\/comunidad.comprasdominicana.gob.do\/\/Public\/Tendering\/OpportunityDetail\/Index?noticeUID=DO1.NTC.1202336\" target=\"_blank\" title=\"Detalles\"><i class=\"fas fa-2x fa-link\"><\/i><\/a><\/div><\/div><\/div><div class=\"jumbotron archivos\"><div class=\"row align-items-center\"><div class=\"col\"><h6><a class=\"text-dark\" href=\"https:\/\/comunidad.comprasdominicana.gob.do\/\/Public\/Tendering\/OpportunityDetail\/Index?noticeUID=DO1.NTC.1202644\" title=\"Ver\" target=\"_blank\">APORDOM-DAF-CM-2023-0005<\/a><\/h6><p class=\"mb-0 bold\">ADQUISICI\u00d3N DE TALONARIOS E IMPRESOS PARA USO DE LA SEDE Y PUERTOS DE APORDOM, DIRIGIDO A MI MIPYMES.<\/p><p class=\"mb-0\" style=\"font-size: .85rem\"><strong title=\"Estado del Proceso\"><i class=\"fas fa-spinner\"><\/i><\/strong> Proceso adjudicado y celebrado<\/p><p class=\"mb-0\" style=\"font-size: .85rem\"><strong title=\"Fecha de Publicaci\u00f3n\"><i class=\"fas fa-calendar-alt\"><\/i><\/strong> Publicado el viernes, 17 de febrero de 2023<\/p><\/div><div class=\"col-auto mt-md-0 mt-2\"><a class=\"btn btn-primary btn-lg px-lg-4 d-none d-md-block\" href=\"https:\/\/comunidad.comprasdominicana.gob.do\/\/Public\/Tendering\/OpportunityDetail\/Index?noticeUID=DO1.NTC.1202644\" target=\"_blank\" title=\"Detalles\"><i class=\"fas fa-link\"><\/i> DETALLES<\/a><a class=\"btn btn-primary btn-lg px-lg-4 d-block d-md-none\" href=\"https:\/\/comunidad.comprasdominicana.gob.do\/\/Public\/Tendering\/OpportunityDetail\/Index?noticeUID=DO1.NTC.1202644\" target=\"_blank\" title=\"Detalles\"><i class=\"fas fa-2x fa-link\"><\/i><\/a><\/div><\/div><\/div><div class=\"jumbotron archivos\"><div class=\"row align-items-center\"><div class=\"col\"><h6><a class=\"text-dark\" href=\"https:\/\/comunidad.comprasdominicana.gob.do\/\/Public\/Tendering\/OpportunityDetail\/Index?noticeUID=DO1.NTC.1201932\" title=\"Ver\" target=\"_blank\">APORDOM-DAF-CM-2023-0006<\/a><\/h6><p class=\"mb-0 bold\">ADQUISICI\u00d3N DE IMPRESORAS MATRICIALES Y DE PLOTTER PARA USO DE OFICINAS DE APORDOM, DIRIGIDO A MIPYMES<\/p><p class=\"mb-0\" style=\"font-size: .85rem\"><strong title=\"Estado del Proceso\"><i class=\"fas fa-spinner\"><\/i><\/strong> Proceso adjudicado y celebrado<\/p><p class=\"mb-0\" style=\"font-size: .85rem\"><strong title=\"Fecha de Publicaci\u00f3n\"><i class=\"fas fa-calendar-alt\"><\/i><\/strong> Publicado el jueves, 16 de febrero de 2023<\/p><\/div><div class=\"col-auto mt-md-0 mt-2\"><a class=\"btn btn-primary btn-lg px-lg-4 d-none d-md-block\" href=\"https:\/\/comunidad.comprasdominicana.gob.do\/\/Public\/Tendering\/OpportunityDetail\/Index?noticeUID=DO1.NTC.1201932\" target=\"_blank\" title=\"Detalles\"><i class=\"fas fa-link\"><\/i> DETALLES<\/a><a class=\"btn btn-primary btn-lg px-lg-4 d-block d-md-none\" href=\"https:\/\/comunidad.comprasdominicana.gob.do\/\/Public\/Tendering\/OpportunityDetail\/Index?noticeUID=DO1.NTC.1201932\" target=\"_blank\" title=\"Detalles\"><i class=\"fas fa-2x fa-link\"><\/i><\/a><\/div><\/div><\/div><div class=\"jumbotron archivos\"><div class=\"row align-items-center\"><div class=\"col\"><h6><a class=\"text-dark\" href=\"https:\/\/comunidad.comprasdominicana.gob.do\/\/Public\/Tendering\/OpportunityDetail\/Index?noticeUID=DO1.NTC.1201931\" title=\"Ver\" target=\"_blank\">APORDOM-DAF-CM-2023-0010<\/a><\/h6><p class=\"mb-0 bold\">ADQUISICI\u00d3N DE ELECTRODOM\u00c9STICOS PARA APORDOM, DIRIGIDO A MIPYMES<\/p><p class=\"mb-0\" style=\"font-size: .85rem\"><strong title=\"Estado del Proceso\"><i class=\"fas fa-spinner\"><\/i><\/strong> Proceso adjudicado y celebrado<\/p><p class=\"mb-0\" style=\"font-size: .85rem\"><strong title=\"Fecha de Publicaci\u00f3n\"><i class=\"fas fa-calendar-alt\"><\/i><\/strong> Publicado el jueves, 16 de febrero de 2023<\/p><\/div><div class=\"col-auto mt-md-0 mt-2\"><a class=\"btn btn-primary btn-lg px-lg-4 d-none d-md-block\" href=\"https:\/\/comunidad.comprasdominicana.gob.do\/\/Public\/Tendering\/OpportunityDetail\/Index?noticeUID=DO1.NTC.1201931\" target=\"_blank\" title=\"Detalles\"><i class=\"fas fa-link\"><\/i> DETALLES<\/a><a class=\"btn btn-primary btn-lg px-lg-4 d-block d-md-none\" href=\"https:\/\/comunidad.comprasdominicana.gob.do\/\/Public\/Tendering\/OpportunityDetail\/Index?noticeUID=DO1.NTC.1201931\" target=\"_blank\" title=\"Detalles\"><i class=\"fas fa-2x fa-link\"><\/i><\/a><\/div><\/div><\/div><div class=\"jumbotron archivos\"><div class=\"row align-items-center\"><div class=\"col\"><h6><a class=\"text-dark\" href=\"https:\/\/comunidad.comprasdominicana.gob.do\/\/Public\/Tendering\/OpportunityDetail\/Index?noticeUID=DO1.NTC.1201634\" title=\"Ver\" target=\"_blank\">APORDOM-DAF-CM-2023-0009<\/a><\/h6><p class=\"mb-0 bold\">ADQUISICI\u00d3N DE MOTOCICLETAS PARA LA FLOTILLA VEHICULAR DE APORDOM, DECLARADO DESIERTO DEL PROCESO APORDOM-CCC-SI-2023-0001<\/p><p class=\"mb-0\" style=\"font-size: .85rem\"><strong title=\"Estado del Proceso\"><i class=\"fas fa-spinner\"><\/i><\/strong> Proceso adjudicado y celebrado<\/p><p class=\"mb-0\" style=\"font-size: .85rem\"><strong title=\"Fecha de Publicaci\u00f3n\"><i class=\"fas fa-calendar-alt\"><\/i><\/strong> Publicado el jueves, 16 de febrero de 2023<\/p><\/div><div class=\"col-auto mt-md-0 mt-2\"><a class=\"btn btn-primary btn-lg px-lg-4 d-none d-md-block\" href=\"https:\/\/comunidad.comprasdominicana.gob.do\/\/Public\/Tendering\/OpportunityDetail\/Index?noticeUID=DO1.NTC.1201634\" target=\"_blank\" title=\"Detalles\"><i class=\"fas fa-link\"><\/i> DETALLES<\/a><a class=\"btn btn-primary btn-lg px-lg-4 d-block d-md-none\" href=\"https:\/\/comunidad.comprasdominicana.gob.do\/\/Public\/Tendering\/OpportunityDetail\/Index?noticeUID=DO1.NTC.1201634\" target=\"_blank\" title=\"Detalles\"><i class=\"fas fa-2x fa-link\"><\/i><\/a><\/div><\/div><\/div><div class=\"jumbotron archivos\"><div class=\"row align-items-center\"><div class=\"col\"><h6><a class=\"text-dark\" href=\"https:\/\/comunidad.comprasdominicana.gob.do\/\/Public\/Tendering\/OpportunityDetail\/Index?noticeUID=DO1.NTC.1201061\" title=\"Ver\" target=\"_blank\">APORDOM-DAF-CM-2023-0008<\/a><\/h6><p class=\"mb-0 bold\">ADQUISICI\u00d3N DE 04 PROYECTORES PARA EL INPLOG, DIRIGIDO A MIPYMES, DECLARADO DESIERTO DEL PROCESO REF. APORDOM-DAF-CM-2023-0002<\/p><p class=\"mb-0\" style=\"font-size: .85rem\"><strong title=\"Estado del Proceso\"><i class=\"fas fa-spinner\"><\/i><\/strong> Proceso adjudicado y celebrado<\/p><p class=\"mb-0\" style=\"font-size: .85rem\"><strong title=\"Fecha de Publicaci\u00f3n\"><i class=\"fas fa-calendar-alt\"><\/i><\/strong> Publicado el mi\u00e9rcoles, 15 de febrero de 2023<\/p><\/div><div class=\"col-auto mt-md-0 mt-2\"><a class=\"btn btn-primary btn-lg px-lg-4 d-none d-md-block\" href=\"https:\/\/comunidad.comprasdominicana.gob.do\/\/Public\/Tendering\/OpportunityDetail\/Index?noticeUID=DO1.NTC.1201061\" target=\"_blank\" title=\"Detalles\"><i class=\"fas fa-link\"><\/i> DETALLES<\/a><a class=\"btn btn-primary btn-lg px-lg-4 d-block d-md-none\" href=\"https:\/\/comunidad.comprasdominicana.gob.do\/\/Public\/Tendering\/OpportunityDetail\/Index?noticeUID=DO1.NTC.1201061\" target=\"_blank\" title=\"Detalles\"><i class=\"fas fa-2x fa-link\"><\/i><\/a><\/div><\/div><\/div><div class=\"jumbotron archivos\"><div class=\"row align-items-center\"><div class=\"col\"><h6><a class=\"text-dark\" href=\"https:\/\/comunidad.comprasdominicana.gob.do\/\/Public\/Tendering\/OpportunityDetail\/Index?noticeUID=DO1.NTC.1201536\" title=\"Ver\" target=\"_blank\">APORDOM-DAF-CM-2023-0004<\/a><\/h6><p class=\"mb-0 bold\">ADQUISICI\u00d3N DE INSUMOS Y DESECHABLES PARA CONSUMO DE APORDOM POR UN PERIODO DE TRES MESES<\/p><p class=\"mb-0\" style=\"font-size: .85rem\"><strong title=\"Estado del Proceso\"><i class=\"fas fa-spinner\"><\/i><\/strong> Proceso adjudicado y celebrado<\/p><p class=\"mb-0\" style=\"font-size: .85rem\"><strong title=\"Fecha de Publicaci\u00f3n\"><i class=\"fas fa-calendar-alt\"><\/i><\/strong> Publicado el mi\u00e9rcoles, 15 de febrero de 2023<\/p><\/div><div class=\"col-auto mt-md-0 mt-2\"><a class=\"btn btn-primary btn-lg px-lg-4 d-none d-md-block\" href=\"https:\/\/comunidad.comprasdominicana.gob.do\/\/Public\/Tendering\/OpportunityDetail\/Index?noticeUID=DO1.NTC.1201536\" target=\"_blank\" title=\"Detalles\"><i class=\"fas fa-link\"><\/i> DETALLES<\/a><a class=\"btn btn-primary btn-lg px-lg-4 d-block d-md-none\" href=\"https:\/\/comunidad.comprasdominicana.gob.do\/\/Public\/Tendering\/OpportunityDetail\/Index?noticeUID=DO1.NTC.1201536\" target=\"_blank\" title=\"Detalles\"><i class=\"fas fa-2x fa-link\"><\/i><\/a><\/div><\/div><\/div><div class=\"jumbotron archivos\"><div class=\"row align-items-center\"><div class=\"col\"><h6><a class=\"text-dark\" href=\"https:\/\/comunidad.comprasdominicana.gob.do\/\/Public\/Tendering\/OpportunityDetail\/Index?noticeUID=DO1.NTC.1201239\" title=\"Ver\" target=\"_blank\">APORDOM-DAF-CM-2023-0007<\/a><\/h6><p class=\"mb-0 bold\">ADQUISICI\u00d3N DE AIRES ACONDICIONADOS PARA OFICINAS EN LOS PUERTOS DE ESTA APORDOM.<\/p><p class=\"mb-0\" style=\"font-size: .85rem\"><strong title=\"Estado del Proceso\"><i class=\"fas fa-spinner\"><\/i><\/strong> Proceso adjudicado y celebrado<\/p><p class=\"mb-0\" style=\"font-size: .85rem\"><strong title=\"Fecha de Publicaci\u00f3n\"><i class=\"fas fa-calendar-alt\"><\/i><\/strong> Publicado el mi\u00e9rcoles, 15 de febrero de 2023<\/p><\/div><div class=\"col-auto mt-md-0 mt-2\"><a class=\"btn btn-primary btn-lg px-lg-4 d-none d-md-block\" href=\"https:\/\/comunidad.comprasdominicana.gob.do\/\/Public\/Tendering\/OpportunityDetail\/Index?noticeUID=DO1.NTC.1201239\" target=\"_blank\" title=\"Detalles\"><i class=\"fas fa-link\"><\/i> DETALLES<\/a><a class=\"btn btn-primary btn-lg px-lg-4 d-block d-md-none\" href=\"https:\/\/comunidad.comprasdominicana.gob.do\/\/Public\/Tendering\/OpportunityDetail\/Index?noticeUID=DO1.NTC.1201239\" target=\"_blank\" title=\"Detalles\"><i class=\"fas fa-2x fa-link\"><\/i><\/a><\/div><\/div><\/div><div class=\"jumbotron archivos\"><div class=\"row align-items-center\"><div class=\"col\"><h6><a class=\"text-dark\" href=\"https:\/\/comunidad.comprasdominicana.gob.do\/\/Public\/Tendering\/OpportunityDetail\/Index?noticeUID=DO1.NTC.1196626\" title=\"Ver\" target=\"_blank\">APORDOM-DAF-CM-2023-0003<\/a><\/h6><p class=\"mb-0 bold\">ADQUISICI\u00d3N DE 22 DISPOSITIVOS DE CONTROLES DE ACCESO PARA OFICINAS DE LA SEDE CENTRAL DE APORDOM.<\/p><p class=\"mb-0\" style=\"font-size: .85rem\"><strong title=\"Estado del Proceso\"><i class=\"fas fa-spinner\"><\/i><\/strong> Proceso adjudicado y celebrado<\/p><p class=\"mb-0\" style=\"font-size: .85rem\"><strong title=\"Fecha de Publicaci\u00f3n\"><i class=\"fas fa-calendar-alt\"><\/i><\/strong> Publicado el jueves, 9 de febrero de 2023<\/p><\/div><div class=\"col-auto mt-md-0 mt-2\"><a class=\"btn btn-primary btn-lg px-lg-4 d-none d-md-block\" href=\"https:\/\/comunidad.comprasdominicana.gob.do\/\/Public\/Tendering\/OpportunityDetail\/Index?noticeUID=DO1.NTC.1196626\" target=\"_blank\" title=\"Detalles\"><i class=\"fas fa-link\"><\/i> DETALLES<\/a><a class=\"btn btn-primary btn-lg px-lg-4 d-block d-md-none\" href=\"https:\/\/comunidad.comprasdominicana.gob.do\/\/Public\/Tendering\/OpportunityDetail\/Index?noticeUID=DO1.NTC.1196626\" target=\"_blank\" title=\"Detalles\"><i class=\"fas fa-2x fa-link\"><\/i><\/a><\/div><\/div><\/div><\/div><\/div><\/div>\n        <div class=\"card\">\n            <div class=\"card-header parents\" id=\"heading_compras-menores-69eeee772d89c-2023-69eeee772d89c-enero-69eeee772d89c\">\n                <p class=\"title text-blue mb-0\">\n                    <a class=\"btn-block hover text-left collapsed\" data-toggle=\"collapse\" data-target=\"#collap_compras-menores-69eeee772d89c-2023-69eeee772d89c-enero-69eeee772d89c\" aria-expanded=\"false\" aria-controls=\"collap_compras-menores-69eeee772d89c-2023-69eeee772d89c-enero-69eeee772d89c\">Enero<\/a>\n                <\/p>\n            <\/div>\n            <div id=\"collap_compras-menores-69eeee772d89c-2023-69eeee772d89c-enero-69eeee772d89c\" class=\"collapse\" aria-labelledby=\"heading_compras-menores-69eeee772d89c-2023-69eeee772d89c-enero-69eeee772d89c\" data-parent=\"#collap_compras-menores-69eeee772d89c-2023-69eeee772d89c\">\n                <div class=\"card-body\"><div class=\"jumbotron archivos\"><div class=\"row align-items-center\"><div class=\"col\"><h6><a class=\"text-dark\" href=\"https:\/\/comunidad.comprasdominicana.gob.do\/\/Public\/Tendering\/OpportunityDetail\/Index?noticeUID=DO1.NTC.1190108\" title=\"Ver\" target=\"_blank\">APORDOM-DAF-CM-2023-0002<\/a><\/h6><p class=\"mb-0 bold\">ADQUISICI\u00d3N DE EQUIPOS TECNOL\u00d3GICOS PARA EL INPLOG, DIRIGIDO A MIPYMES<\/p><p class=\"mb-0\" style=\"font-size: .85rem\"><strong title=\"Estado del Proceso\"><i class=\"fas fa-spinner\"><\/i><\/strong> Proceso adjudicado y celebrado<\/p><p class=\"mb-0\" style=\"font-size: .85rem\"><strong title=\"Fecha de Publicaci\u00f3n\"><i class=\"fas fa-calendar-alt\"><\/i><\/strong> Publicado el martes, 24 de enero de 2023<\/p><\/div><div class=\"col-auto mt-md-0 mt-2\"><a class=\"btn btn-primary btn-lg px-lg-4 d-none d-md-block\" href=\"https:\/\/comunidad.comprasdominicana.gob.do\/\/Public\/Tendering\/OpportunityDetail\/Index?noticeUID=DO1.NTC.1190108\" target=\"_blank\" title=\"Detalles\"><i class=\"fas fa-link\"><\/i> DETALLES<\/a><a class=\"btn btn-primary btn-lg px-lg-4 d-block d-md-none\" href=\"https:\/\/comunidad.comprasdominicana.gob.do\/\/Public\/Tendering\/OpportunityDetail\/Index?noticeUID=DO1.NTC.1190108\" target=\"_blank\" title=\"Detalles\"><i class=\"fas fa-2x fa-link\"><\/i><\/a><\/div><\/div><\/div><div class=\"jumbotron archivos\"><div class=\"row align-items-center\"><div class=\"col\"><h6><a class=\"text-dark\" href=\"https:\/\/comunidad.comprasdominicana.gob.do\/\/Public\/Tendering\/OpportunityDetail\/Index?noticeUID=DO1.NTC.1184515\" title=\"Ver\" target=\"_blank\">APORDOM-DAF-CM-2023-0001<\/a><\/h6><p class=\"mb-0 bold\">SERVICIO DE LOG\u00cdSTICA Y MONTAJE DE EVENTO PARA INAUGURACI\u00d3N DE MUELLE PESQUERO EN BOCA DE YUMA-DIRIGIDO A MIPYMES<\/p><p class=\"mb-0\" style=\"font-size: .85rem\"><strong title=\"Estado del Proceso\"><i class=\"fas fa-spinner\"><\/i><\/strong> Proceso adjudicado y celebrado<\/p><p class=\"mb-0\" style=\"font-size: .85rem\"><strong title=\"Fecha de Publicaci\u00f3n\"><i class=\"fas fa-calendar-alt\"><\/i><\/strong> Publicado el viernes, 13 de enero de 2023<\/p><\/div><div class=\"col-auto mt-md-0 mt-2\"><a class=\"btn btn-primary btn-lg px-lg-4 d-none d-md-block\" href=\"https:\/\/comunidad.comprasdominicana.gob.do\/\/Public\/Tendering\/OpportunityDetail\/Index?noticeUID=DO1.NTC.1184515\" target=\"_blank\" title=\"Detalles\"><i class=\"fas fa-link\"><\/i> DETALLES<\/a><a class=\"btn btn-primary btn-lg px-lg-4 d-block d-md-none\" href=\"https:\/\/comunidad.comprasdominicana.gob.do\/\/Public\/Tendering\/OpportunityDetail\/Index?noticeUID=DO1.NTC.1184515\" target=\"_blank\" title=\"Detalles\"><i class=\"fas fa-2x fa-link\"><\/i><\/a><\/div><\/div><\/div><\/div><\/div><\/div><\/div><\/div><\/div>\n        <div class=\"card\">\n            <div class=\"card-header parents\" id=\"heading_compras-menores-69eeee772d89c-2022-69eeee772d89c\">\n                <p class=\"title text-blue mb-0\">\n                    <a class=\"btn-block hover text-left collapsed\" data-toggle=\"collapse\" data-target=\"#collap_compras-menores-69eeee772d89c-2022-69eeee772d89c\" aria-expanded=\"false\" aria-controls=\"collap_compras-menores-69eeee772d89c-2022-69eeee772d89c\">2022<\/a>\n                <\/p>\n            <\/div>\n            <div id=\"collap_compras-menores-69eeee772d89c-2022-69eeee772d89c\" class=\"collapse\" aria-labelledby=\"heading_compras-menores-69eeee772d89c-2022-69eeee772d89c\" data-parent=\"#collap_compras-menores-69eeee772d89c\">\n                <div class=\"card-body\">\n        <div class=\"card\">\n            <div class=\"card-header parents\" id=\"heading_compras-menores-69eeee772d89c-2022-69eeee772d89c-diciembre-69eeee772d89c\">\n                <p class=\"title text-blue mb-0\">\n                    <a class=\"btn-block hover text-left collapsed\" data-toggle=\"collapse\" data-target=\"#collap_compras-menores-69eeee772d89c-2022-69eeee772d89c-diciembre-69eeee772d89c\" aria-expanded=\"false\" aria-controls=\"collap_compras-menores-69eeee772d89c-2022-69eeee772d89c-diciembre-69eeee772d89c\">Diciembre<\/a>\n                <\/p>\n            <\/div>\n            <div id=\"collap_compras-menores-69eeee772d89c-2022-69eeee772d89c-diciembre-69eeee772d89c\" class=\"collapse\" aria-labelledby=\"heading_compras-menores-69eeee772d89c-2022-69eeee772d89c-diciembre-69eeee772d89c\" data-parent=\"#collap_compras-menores-69eeee772d89c-2022-69eeee772d89c\">\n                <div class=\"card-body\"><div class=\"jumbotron archivos\"><div class=\"row align-items-center\"><div class=\"col\"><h6><a class=\"text-dark\" href=\"https:\/\/comunidad.comprasdominicana.gob.do\/\/Public\/Tendering\/OpportunityDetail\/Index?noticeUID=DO1.NTC.1173327\" title=\"Ver\" target=\"_blank\">APORDOM-DAF-CM-2022-0073<\/a><\/h6><p class=\"mb-0 bold\">CONTRATACION DE SERVICIO DE CATERING PARA AGASAJO DE COLABORADORES DE APORDOM<\/p><p class=\"mb-0\" style=\"font-size: .85rem\"><strong title=\"Estado del Proceso\"><i class=\"fas fa-spinner\"><\/i><\/strong> Proceso adjudicado y celebrado<\/p><p class=\"mb-0\" style=\"font-size: .85rem\"><strong title=\"Fecha de Publicaci\u00f3n\"><i class=\"fas fa-calendar-alt\"><\/i><\/strong> Publicado el jueves, 15 de diciembre de 2022<\/p><\/div><div class=\"col-auto mt-md-0 mt-2\"><a class=\"btn btn-primary btn-lg px-lg-4 d-none d-md-block\" href=\"https:\/\/comunidad.comprasdominicana.gob.do\/\/Public\/Tendering\/OpportunityDetail\/Index?noticeUID=DO1.NTC.1173327\" target=\"_blank\" title=\"Detalles\"><i class=\"fas fa-link\"><\/i> DETALLES<\/a><a class=\"btn btn-primary btn-lg px-lg-4 d-block d-md-none\" href=\"https:\/\/comunidad.comprasdominicana.gob.do\/\/Public\/Tendering\/OpportunityDetail\/Index?noticeUID=DO1.NTC.1173327\" target=\"_blank\" title=\"Detalles\"><i class=\"fas fa-2x fa-link\"><\/i><\/a><\/div><\/div><\/div><div class=\"jumbotron archivos\"><div class=\"row align-items-center\"><div class=\"col\"><h6><a class=\"text-dark\" href=\"https:\/\/comunidad.comprasdominicana.gob.do\/\/Public\/Tendering\/OpportunityDetail\/Index?noticeUID=DO1.NTC.1173229\" title=\"Ver\" target=\"_blank\">APORDOM-DAF-CM-2022-0072<\/a><\/h6><p class=\"mb-0 bold\">CONTRATACION DE ARTISTA PARA AGASAJO DE COLABORADORES DE APORDOM<\/p><p class=\"mb-0\" style=\"font-size: .85rem\"><strong title=\"Estado del Proceso\"><i class=\"fas fa-spinner\"><\/i><\/strong> Proceso adjudicado y celebrado<\/p><p class=\"mb-0\" style=\"font-size: .85rem\"><strong title=\"Fecha de Publicaci\u00f3n\"><i class=\"fas fa-calendar-alt\"><\/i><\/strong> Publicado el jueves, 15 de diciembre de 2022<\/p><\/div><div class=\"col-auto mt-md-0 mt-2\"><a class=\"btn btn-primary btn-lg px-lg-4 d-none d-md-block\" href=\"https:\/\/comunidad.comprasdominicana.gob.do\/\/Public\/Tendering\/OpportunityDetail\/Index?noticeUID=DO1.NTC.1173229\" target=\"_blank\" title=\"Detalles\"><i class=\"fas fa-link\"><\/i> DETALLES<\/a><a class=\"btn btn-primary btn-lg px-lg-4 d-block d-md-none\" href=\"https:\/\/comunidad.comprasdominicana.gob.do\/\/Public\/Tendering\/OpportunityDetail\/Index?noticeUID=DO1.NTC.1173229\" target=\"_blank\" title=\"Detalles\"><i class=\"fas fa-2x fa-link\"><\/i><\/a><\/div><\/div><\/div><div class=\"jumbotron archivos\"><div class=\"row align-items-center\"><div class=\"col\"><h6><a class=\"text-dark\" href=\"https:\/\/comunidad.comprasdominicana.gob.do\/\/Public\/Tendering\/OpportunityDetail\/Index?noticeUID=DO1.NTC.1173021\" title=\"Ver\" target=\"_blank\">APORDOM-DAF-CM-2022-0074<\/a><\/h6><p class=\"mb-0 bold\">CONTRATACI\u00d3N DE MONTAJE PARA AGASAJO DE COLABORADORES DE APORDOM<\/p><p class=\"mb-0\" style=\"font-size: .85rem\"><strong title=\"Estado del Proceso\"><i class=\"fas fa-spinner\"><\/i><\/strong> Proceso adjudicado y celebrado<\/p><p class=\"mb-0\" style=\"font-size: .85rem\"><strong title=\"Fecha de Publicaci\u00f3n\"><i class=\"fas fa-calendar-alt\"><\/i><\/strong> Publicado el jueves, 15 de diciembre de 2022<\/p><\/div><div class=\"col-auto mt-md-0 mt-2\"><a class=\"btn btn-primary btn-lg px-lg-4 d-none d-md-block\" href=\"https:\/\/comunidad.comprasdominicana.gob.do\/\/Public\/Tendering\/OpportunityDetail\/Index?noticeUID=DO1.NTC.1173021\" target=\"_blank\" title=\"Detalles\"><i class=\"fas fa-link\"><\/i> DETALLES<\/a><a class=\"btn btn-primary btn-lg px-lg-4 d-block d-md-none\" href=\"https:\/\/comunidad.comprasdominicana.gob.do\/\/Public\/Tendering\/OpportunityDetail\/Index?noticeUID=DO1.NTC.1173021\" target=\"_blank\" title=\"Detalles\"><i class=\"fas fa-2x fa-link\"><\/i><\/a><\/div><\/div><\/div><div class=\"jumbotron archivos\"><div class=\"row align-items-center\"><div class=\"col\"><h6><a class=\"text-dark\" href=\"https:\/\/comunidad.comprasdominicana.gob.do\/\/Public\/Tendering\/OpportunityDetail\/Index?noticeUID=DO1.NTC.1170010\" title=\"Ver\" target=\"_blank\">APORDOM-DAF-CM-2022-0070<\/a><\/h6><p class=\"mb-0 bold\">PARTICIPACI\u00d3N DE APORDOM EN EL EVENTO NAVIDAD EN ALTA MAR<\/p><p class=\"mb-0\" style=\"font-size: .85rem\"><strong title=\"Estado del Proceso\"><i class=\"fas fa-spinner\"><\/i><\/strong> Proceso adjudicado y celebrado<\/p><p class=\"mb-0\" style=\"font-size: .85rem\"><strong title=\"Fecha de Publicaci\u00f3n\"><i class=\"fas fa-calendar-alt\"><\/i><\/strong> Publicado el viernes, 9 de diciembre de 2022<\/p><\/div><div class=\"col-auto mt-md-0 mt-2\"><a class=\"btn btn-primary btn-lg px-lg-4 d-none d-md-block\" href=\"https:\/\/comunidad.comprasdominicana.gob.do\/\/Public\/Tendering\/OpportunityDetail\/Index?noticeUID=DO1.NTC.1170010\" target=\"_blank\" title=\"Detalles\"><i class=\"fas fa-link\"><\/i> DETALLES<\/a><a class=\"btn btn-primary btn-lg px-lg-4 d-block d-md-none\" href=\"https:\/\/comunidad.comprasdominicana.gob.do\/\/Public\/Tendering\/OpportunityDetail\/Index?noticeUID=DO1.NTC.1170010\" target=\"_blank\" title=\"Detalles\"><i class=\"fas fa-2x fa-link\"><\/i><\/a><\/div><\/div><\/div><div class=\"jumbotron archivos\"><div class=\"row align-items-center\"><div class=\"col\"><h6><a class=\"text-dark\" href=\"https:\/\/comunidad.comprasdominicana.gob.do\/\/Public\/Tendering\/OpportunityDetail\/Index?noticeUID=DO1.NTC.1168823\" title=\"Ver\" target=\"_blank\">APORDOM-DAF-CM-2022-0059<\/a><\/h6><p class=\"mb-0 bold\">ADQUISICION DE FILTROS, LUBRICANTES Y BATERIA PARA FLOTILLA VEHICULAR DE APORDOM\n<\/p><p class=\"mb-0\" style=\"font-size: .85rem\"><strong title=\"Estado del Proceso\"><i class=\"fas fa-spinner\"><\/i><\/strong> Proceso adjudicado y celebrado<\/p><p class=\"mb-0\" style=\"font-size: .85rem\"><strong title=\"Fecha de Publicaci\u00f3n\"><i class=\"fas fa-calendar-alt\"><\/i><\/strong> Publicado el mi\u00e9rcoles, 7 de diciembre de 2022<\/p><\/div><div class=\"col-auto mt-md-0 mt-2\"><a class=\"btn btn-primary btn-lg px-lg-4 d-none d-md-block\" href=\"https:\/\/comunidad.comprasdominicana.gob.do\/\/Public\/Tendering\/OpportunityDetail\/Index?noticeUID=DO1.NTC.1168823\" target=\"_blank\" title=\"Detalles\"><i class=\"fas fa-link\"><\/i> DETALLES<\/a><a class=\"btn btn-primary btn-lg px-lg-4 d-block d-md-none\" href=\"https:\/\/comunidad.comprasdominicana.gob.do\/\/Public\/Tendering\/OpportunityDetail\/Index?noticeUID=DO1.NTC.1168823\" target=\"_blank\" title=\"Detalles\"><i class=\"fas fa-2x fa-link\"><\/i><\/a><\/div><\/div><\/div><div class=\"jumbotron archivos\"><div class=\"row align-items-center\"><div class=\"col\"><h6><a class=\"text-dark\" href=\"https:\/\/comunidad.comprasdominicana.gob.do\/\/Public\/Tendering\/OpportunityDetail\/Index?noticeUID=DO1.NTC.1167919\" title=\"Ver\" target=\"_blank\">APORDOM-DAF-CM-2022-0069<\/a><\/h6><p class=\"mb-0 bold\">PARTICIPACI\u00d3N DE APORDOM EN EL EVENTO COPA GOLF ADOEXPO 2022<\/p><p class=\"mb-0\" style=\"font-size: .85rem\"><strong title=\"Estado del Proceso\"><i class=\"fas fa-spinner\"><\/i><\/strong> Proceso adjudicado y celebrado<\/p><p class=\"mb-0\" style=\"font-size: .85rem\"><strong title=\"Fecha de Publicaci\u00f3n\"><i class=\"fas fa-calendar-alt\"><\/i><\/strong> Publicado el martes, 6 de diciembre de 2022<\/p><\/div><div class=\"col-auto mt-md-0 mt-2\"><a class=\"btn btn-primary btn-lg px-lg-4 d-none d-md-block\" href=\"https:\/\/comunidad.comprasdominicana.gob.do\/\/Public\/Tendering\/OpportunityDetail\/Index?noticeUID=DO1.NTC.1167919\" target=\"_blank\" title=\"Detalles\"><i class=\"fas fa-link\"><\/i> DETALLES<\/a><a class=\"btn btn-primary btn-lg px-lg-4 d-block d-md-none\" href=\"https:\/\/comunidad.comprasdominicana.gob.do\/\/Public\/Tendering\/OpportunityDetail\/Index?noticeUID=DO1.NTC.1167919\" target=\"_blank\" title=\"Detalles\"><i class=\"fas fa-2x fa-link\"><\/i><\/a><\/div><\/div><\/div><div class=\"jumbotron archivos\"><div class=\"row align-items-center\"><div class=\"col\"><h6><a class=\"text-dark\" href=\"https:\/\/comunidad.comprasdominicana.gob.do\/\/Public\/Tendering\/OpportunityDetail\/Index?noticeUID=DO1.NTC.1166650\" title=\"Ver\" target=\"_blank\">APORDOM-DAF-CM-2022-0066<\/a><\/h6><p class=\"mb-0 bold\">ADQUISICI\u00d3N DE MATERIALES EL\u00c9CTRICOS Y REFRIGERANTES PARA USO DE APORDOM, DIRIGIDO A MIPYMES<\/p><p class=\"mb-0\" style=\"font-size: .85rem\"><strong title=\"Estado del Proceso\"><i class=\"fas fa-spinner\"><\/i><\/strong> Proceso adjudicado y celebrado<\/p><p class=\"mb-0\" style=\"font-size: .85rem\"><strong title=\"Fecha de Publicaci\u00f3n\"><i class=\"fas fa-calendar-alt\"><\/i><\/strong> Publicado el jueves, 1 de diciembre de 2022<\/p><\/div><div class=\"col-auto mt-md-0 mt-2\"><a class=\"btn btn-primary btn-lg px-lg-4 d-none d-md-block\" href=\"https:\/\/comunidad.comprasdominicana.gob.do\/\/Public\/Tendering\/OpportunityDetail\/Index?noticeUID=DO1.NTC.1166650\" target=\"_blank\" title=\"Detalles\"><i class=\"fas fa-link\"><\/i> DETALLES<\/a><a class=\"btn btn-primary btn-lg px-lg-4 d-block d-md-none\" href=\"https:\/\/comunidad.comprasdominicana.gob.do\/\/Public\/Tendering\/OpportunityDetail\/Index?noticeUID=DO1.NTC.1166650\" target=\"_blank\" title=\"Detalles\"><i class=\"fas fa-2x fa-link\"><\/i><\/a><\/div><\/div><\/div><\/div><\/div><\/div>\n        <div class=\"card\">\n            <div class=\"card-header parents\" id=\"heading_compras-menores-69eeee772d89c-2022-69eeee772d89c-noviembre-69eeee772d89c\">\n                <p class=\"title text-blue mb-0\">\n                    <a class=\"btn-block hover text-left collapsed\" data-toggle=\"collapse\" data-target=\"#collap_compras-menores-69eeee772d89c-2022-69eeee772d89c-noviembre-69eeee772d89c\" aria-expanded=\"false\" aria-controls=\"collap_compras-menores-69eeee772d89c-2022-69eeee772d89c-noviembre-69eeee772d89c\">Noviembre<\/a>\n                <\/p>\n            <\/div>\n            <div id=\"collap_compras-menores-69eeee772d89c-2022-69eeee772d89c-noviembre-69eeee772d89c\" class=\"collapse\" aria-labelledby=\"heading_compras-menores-69eeee772d89c-2022-69eeee772d89c-noviembre-69eeee772d89c\" data-parent=\"#collap_compras-menores-69eeee772d89c-2022-69eeee772d89c\">\n                <div class=\"card-body\"><div class=\"jumbotron archivos\"><div class=\"row align-items-center\"><div class=\"col\"><h6><a class=\"text-dark\" href=\"https:\/\/comunidad.comprasdominicana.gob.do\/\/Public\/Tendering\/OpportunityDetail\/Index?noticeUID=DO1.NTC.1163082\" title=\"Ver\" target=\"_blank\">APORDOM-DAF-CM-2022-0067<\/a><\/h6><p class=\"mb-0 bold\">ADQUISICI\u00d3N DE ELECTRODOM\u00c9STICOS PARA USO DE APORDOM, DIRIGIDO A MIPYMES<\/p><p class=\"mb-0\" style=\"font-size: .85rem\"><strong title=\"Estado del Proceso\"><i class=\"fas fa-spinner\"><\/i><\/strong> Proceso adjudicado y celebrado<\/p><p class=\"mb-0\" style=\"font-size: .85rem\"><strong title=\"Fecha de Publicaci\u00f3n\"><i class=\"fas fa-calendar-alt\"><\/i><\/strong> Publicado el viernes, 25 de noviembre de 2022<\/p><\/div><div class=\"col-auto mt-md-0 mt-2\"><a class=\"btn btn-primary btn-lg px-lg-4 d-none d-md-block\" href=\"https:\/\/comunidad.comprasdominicana.gob.do\/\/Public\/Tendering\/OpportunityDetail\/Index?noticeUID=DO1.NTC.1163082\" target=\"_blank\" title=\"Detalles\"><i class=\"fas fa-link\"><\/i> DETALLES<\/a><a class=\"btn btn-primary btn-lg px-lg-4 d-block d-md-none\" href=\"https:\/\/comunidad.comprasdominicana.gob.do\/\/Public\/Tendering\/OpportunityDetail\/Index?noticeUID=DO1.NTC.1163082\" target=\"_blank\" title=\"Detalles\"><i class=\"fas fa-2x fa-link\"><\/i><\/a><\/div><\/div><\/div><div class=\"jumbotron archivos\"><div class=\"row align-items-center\"><div class=\"col\"><h6><a class=\"text-dark\" href=\"https:\/\/comunidad.comprasdominicana.gob.do\/\/Public\/Tendering\/OpportunityDetail\/Index?noticeUID=DO1.NTC.1163452\" title=\"Ver\" target=\"_blank\">APORDOM-DAF-CM-2022-0063<\/a><\/h6><p class=\"mb-0 bold\">ADQUISICI\u00d3N DE LAPTOPS DECLARADO DESIERTO DEL PROCESO REF. APORDOM-CCC-CP-2022-0009<\/p><p class=\"mb-0\" style=\"font-size: .85rem\"><strong title=\"Estado del Proceso\"><i class=\"fas fa-spinner\"><\/i><\/strong> Proceso adjudicado y celebrado<\/p><p class=\"mb-0\" style=\"font-size: .85rem\"><strong title=\"Fecha de Publicaci\u00f3n\"><i class=\"fas fa-calendar-alt\"><\/i><\/strong> Publicado el viernes, 25 de noviembre de 2022<\/p><\/div><div class=\"col-auto mt-md-0 mt-2\"><a class=\"btn btn-primary btn-lg px-lg-4 d-none d-md-block\" href=\"https:\/\/comunidad.comprasdominicana.gob.do\/\/Public\/Tendering\/OpportunityDetail\/Index?noticeUID=DO1.NTC.1163452\" target=\"_blank\" title=\"Detalles\"><i class=\"fas fa-link\"><\/i> DETALLES<\/a><a class=\"btn btn-primary btn-lg px-lg-4 d-block d-md-none\" href=\"https:\/\/comunidad.comprasdominicana.gob.do\/\/Public\/Tendering\/OpportunityDetail\/Index?noticeUID=DO1.NTC.1163452\" target=\"_blank\" title=\"Detalles\"><i class=\"fas fa-2x fa-link\"><\/i><\/a><\/div><\/div><\/div><div class=\"jumbotron archivos\"><div class=\"row align-items-center\"><div class=\"col\"><h6><a class=\"text-dark\" href=\"https:\/\/comunidad.comprasdominicana.gob.do\/\/Public\/Tendering\/OpportunityDetail\/Index?noticeUID=DO1.NTC.1163141\" title=\"Ver\" target=\"_blank\">APORDOM-DAF-CM-2022-0065<\/a><\/h6><p class=\"mb-0 bold\">CONTRATACI\u00d3N DE REFRIGERIOS PARA ANIVERSARIO PORTUARIA Y REUNIONES DE APORDOM, DIRIGIDO A MIPYMES<\/p><p class=\"mb-0\" style=\"font-size: .85rem\"><strong title=\"Estado del Proceso\"><i class=\"fas fa-spinner\"><\/i><\/strong> Proceso adjudicado y celebrado<\/p><p class=\"mb-0\" style=\"font-size: .85rem\"><strong title=\"Fecha de Publicaci\u00f3n\"><i class=\"fas fa-calendar-alt\"><\/i><\/strong> Publicado el viernes, 25 de noviembre de 2022<\/p><\/div><div class=\"col-auto mt-md-0 mt-2\"><a class=\"btn btn-primary btn-lg px-lg-4 d-none d-md-block\" href=\"https:\/\/comunidad.comprasdominicana.gob.do\/\/Public\/Tendering\/OpportunityDetail\/Index?noticeUID=DO1.NTC.1163141\" target=\"_blank\" title=\"Detalles\"><i class=\"fas fa-link\"><\/i> DETALLES<\/a><a class=\"btn btn-primary btn-lg px-lg-4 d-block d-md-none\" href=\"https:\/\/comunidad.comprasdominicana.gob.do\/\/Public\/Tendering\/OpportunityDetail\/Index?noticeUID=DO1.NTC.1163141\" target=\"_blank\" title=\"Detalles\"><i class=\"fas fa-2x fa-link\"><\/i><\/a><\/div><\/div><\/div><div class=\"jumbotron archivos\"><div class=\"row align-items-center\"><div class=\"col\"><h6><a class=\"text-dark\" href=\"https:\/\/comunidad.comprasdominicana.gob.do\/\/Public\/Tendering\/OpportunityDetail\/Index?noticeUID=DO1.NTC.1163133\" title=\"Ver\" target=\"_blank\">APORDOM-DAF-CM-2022-0068<\/a><\/h6><p class=\"mb-0 bold\">CONTRATACION DE LOGISTICA PARA INAUGURACIONES DE PROYECTOS DE AUTORIDAD PORTUARIA , DIRIGIDO A MIPYMES<\/p><p class=\"mb-0\" style=\"font-size: .85rem\"><strong title=\"Estado del Proceso\"><i class=\"fas fa-spinner\"><\/i><\/strong> Proceso adjudicado y celebrado<\/p><p class=\"mb-0\" style=\"font-size: .85rem\"><strong title=\"Fecha de Publicaci\u00f3n\"><i class=\"fas fa-calendar-alt\"><\/i><\/strong> Publicado el viernes, 25 de noviembre de 2022<\/p><\/div><div class=\"col-auto mt-md-0 mt-2\"><a class=\"btn btn-primary btn-lg px-lg-4 d-none d-md-block\" href=\"https:\/\/comunidad.comprasdominicana.gob.do\/\/Public\/Tendering\/OpportunityDetail\/Index?noticeUID=DO1.NTC.1163133\" target=\"_blank\" title=\"Detalles\"><i class=\"fas fa-link\"><\/i> DETALLES<\/a><a class=\"btn btn-primary btn-lg px-lg-4 d-block d-md-none\" href=\"https:\/\/comunidad.comprasdominicana.gob.do\/\/Public\/Tendering\/OpportunityDetail\/Index?noticeUID=DO1.NTC.1163133\" target=\"_blank\" title=\"Detalles\"><i class=\"fas fa-2x fa-link\"><\/i><\/a><\/div><\/div><\/div><div class=\"jumbotron archivos\"><div class=\"row align-items-center\"><div class=\"col\"><h6><a class=\"text-dark\" href=\"https:\/\/comunidad.comprasdominicana.gob.do\/\/Public\/Tendering\/OpportunityDetail\/Index?noticeUID=DO1.NTC.1159523\" title=\"Ver\" target=\"_blank\">APORDOM-DAF-CM-2022-0060<\/a><\/h6><p class=\"mb-0 bold\">CONTRATACION DE SERVICIOS DE ALFOMBRADO PARA ESCALERAS INTERNAS DE APORDOM DESIERTO DEL PROCESO REF. APORDOM-DAF-CM-2022-0055<\/p><p class=\"mb-0\" style=\"font-size: .85rem\"><strong title=\"Estado del Proceso\"><i class=\"fas fa-spinner\"><\/i><\/strong> Proceso adjudicado y celebrado<\/p><p class=\"mb-0\" style=\"font-size: .85rem\"><strong title=\"Fecha de Publicaci\u00f3n\"><i class=\"fas fa-calendar-alt\"><\/i><\/strong> Publicado el viernes, 18 de noviembre de 2022<\/p><\/div><div class=\"col-auto mt-md-0 mt-2\"><a class=\"btn btn-primary btn-lg px-lg-4 d-none d-md-block\" href=\"https:\/\/comunidad.comprasdominicana.gob.do\/\/Public\/Tendering\/OpportunityDetail\/Index?noticeUID=DO1.NTC.1159523\" target=\"_blank\" title=\"Detalles\"><i class=\"fas fa-link\"><\/i> DETALLES<\/a><a class=\"btn btn-primary btn-lg px-lg-4 d-block d-md-none\" href=\"https:\/\/comunidad.comprasdominicana.gob.do\/\/Public\/Tendering\/OpportunityDetail\/Index?noticeUID=DO1.NTC.1159523\" target=\"_blank\" title=\"Detalles\"><i class=\"fas fa-2x fa-link\"><\/i><\/a><\/div><\/div><\/div><div class=\"jumbotron archivos\"><div class=\"row align-items-center\"><div class=\"col\"><h6><a class=\"text-dark\" href=\"https:\/\/comunidad.comprasdominicana.gob.do\/\/Public\/Tendering\/OpportunityDetail\/Index?noticeUID=DO1.NTC.1159410\" title=\"Ver\" target=\"_blank\">APORDOM-DAF-CM-2022-0061<\/a><\/h6><p class=\"mb-0 bold\">CONTRATACI\u00d3N DE SERVICIO DE ALQUILER DE VEH\u00cdCULOS<\/p><p class=\"mb-0\" style=\"font-size: .85rem\"><strong title=\"Estado del Proceso\"><i class=\"fas fa-spinner\"><\/i><\/strong> Proceso adjudicado y celebrado<\/p><p class=\"mb-0\" style=\"font-size: .85rem\"><strong title=\"Fecha de Publicaci\u00f3n\"><i class=\"fas fa-calendar-alt\"><\/i><\/strong> Publicado el viernes, 18 de noviembre de 2022<\/p><\/div><div class=\"col-auto mt-md-0 mt-2\"><a class=\"btn btn-primary btn-lg px-lg-4 d-none d-md-block\" href=\"https:\/\/comunidad.comprasdominicana.gob.do\/\/Public\/Tendering\/OpportunityDetail\/Index?noticeUID=DO1.NTC.1159410\" target=\"_blank\" title=\"Detalles\"><i class=\"fas fa-link\"><\/i> DETALLES<\/a><a class=\"btn btn-primary btn-lg px-lg-4 d-block d-md-none\" href=\"https:\/\/comunidad.comprasdominicana.gob.do\/\/Public\/Tendering\/OpportunityDetail\/Index?noticeUID=DO1.NTC.1159410\" target=\"_blank\" title=\"Detalles\"><i class=\"fas fa-2x fa-link\"><\/i><\/a><\/div><\/div><\/div><div class=\"jumbotron archivos\"><div class=\"row align-items-center\"><div class=\"col\"><h6><a class=\"text-dark\" href=\"https:\/\/comunidad.comprasdominicana.gob.do\/\/Public\/Tendering\/OpportunityDetail\/Index?noticeUID=DO1.NTC.1159801\" title=\"Ver\" target=\"_blank\">APORDOM-DAF-CM-2022-0062<\/a><\/h6><p class=\"mb-0 bold\">ADQUISICI\u00d3N DE COMBUSTIBLE Y TICKETS DE COMBUSTIBLE PARA APORDOM<\/p><p class=\"mb-0\" style=\"font-size: .85rem\"><strong title=\"Estado del Proceso\"><i class=\"fas fa-spinner\"><\/i><\/strong> Proceso adjudicado y celebrado<\/p><p class=\"mb-0\" style=\"font-size: .85rem\"><strong title=\"Fecha de Publicaci\u00f3n\"><i class=\"fas fa-calendar-alt\"><\/i><\/strong> Publicado el viernes, 18 de noviembre de 2022<\/p><\/div><div class=\"col-auto mt-md-0 mt-2\"><a class=\"btn btn-primary btn-lg px-lg-4 d-none d-md-block\" href=\"https:\/\/comunidad.comprasdominicana.gob.do\/\/Public\/Tendering\/OpportunityDetail\/Index?noticeUID=DO1.NTC.1159801\" target=\"_blank\" title=\"Detalles\"><i class=\"fas fa-link\"><\/i> DETALLES<\/a><a class=\"btn btn-primary btn-lg px-lg-4 d-block d-md-none\" href=\"https:\/\/comunidad.comprasdominicana.gob.do\/\/Public\/Tendering\/OpportunityDetail\/Index?noticeUID=DO1.NTC.1159801\" target=\"_blank\" title=\"Detalles\"><i class=\"fas fa-2x fa-link\"><\/i><\/a><\/div><\/div><\/div><div class=\"jumbotron archivos\"><div class=\"row align-items-center\"><div class=\"col\"><h6><a class=\"text-dark\" href=\"https:\/\/comunidad.comprasdominicana.gob.do\/\/Public\/Tendering\/OpportunityDetail\/Index?noticeUID=DO1.NTC.1157357\" title=\"Ver\" target=\"_blank\">APORDOM-DAF-CM-2022-0058<\/a><\/h6><p class=\"mb-0 bold\">ADQUISICION DE MATERIAL GASTABLE DE OFICINA PARA USO DE APORDOM<\/p><p class=\"mb-0\" style=\"font-size: .85rem\"><strong title=\"Estado del Proceso\"><i class=\"fas fa-spinner\"><\/i><\/strong> Proceso adjudicado y celebrado<\/p><p class=\"mb-0\" style=\"font-size: .85rem\"><strong title=\"Fecha de Publicaci\u00f3n\"><i class=\"fas fa-calendar-alt\"><\/i><\/strong> Publicado el lunes, 14 de noviembre de 2022<\/p><\/div><div class=\"col-auto mt-md-0 mt-2\"><a class=\"btn btn-primary btn-lg px-lg-4 d-none d-md-block\" href=\"https:\/\/comunidad.comprasdominicana.gob.do\/\/Public\/Tendering\/OpportunityDetail\/Index?noticeUID=DO1.NTC.1157357\" target=\"_blank\" title=\"Detalles\"><i class=\"fas fa-link\"><\/i> DETALLES<\/a><a class=\"btn btn-primary btn-lg px-lg-4 d-block d-md-none\" href=\"https:\/\/comunidad.comprasdominicana.gob.do\/\/Public\/Tendering\/OpportunityDetail\/Index?noticeUID=DO1.NTC.1157357\" target=\"_blank\" title=\"Detalles\"><i class=\"fas fa-2x fa-link\"><\/i><\/a><\/div><\/div><\/div><div class=\"jumbotron archivos\"><div class=\"row align-items-center\"><div class=\"col\"><h6><a class=\"text-dark\" href=\"https:\/\/comunidad.comprasdominicana.gob.do\/\/Public\/Tendering\/OpportunityDetail\/Index?noticeUID=DO1.NTC.1155733\" title=\"Ver\" target=\"_blank\">APORDOM-DAF-CM-2022-0050<\/a><\/h6><p class=\"mb-0 bold\">ADQUISICI\u00d3N DE CORTINAS ROLLER CHADE Y VENECIANAS PARA LAS DIFERENTES AREAS DE SEDE PRINCIPAL DE APORDOM. DIRIGIDO A MIPYMES<\/p><p class=\"mb-0\" style=\"font-size: .85rem\"><strong title=\"Estado del Proceso\"><i class=\"fas fa-spinner\"><\/i><\/strong> Proceso adjudicado y celebrado<\/p><p class=\"mb-0\" style=\"font-size: .85rem\"><strong title=\"Fecha de Publicaci\u00f3n\"><i class=\"fas fa-calendar-alt\"><\/i><\/strong> Publicado el jueves, 10 de noviembre de 2022<\/p><\/div><div class=\"col-auto mt-md-0 mt-2\"><a class=\"btn btn-primary btn-lg px-lg-4 d-none d-md-block\" href=\"https:\/\/comunidad.comprasdominicana.gob.do\/\/Public\/Tendering\/OpportunityDetail\/Index?noticeUID=DO1.NTC.1155733\" target=\"_blank\" title=\"Detalles\"><i class=\"fas fa-link\"><\/i> DETALLES<\/a><a class=\"btn btn-primary btn-lg px-lg-4 d-block d-md-none\" href=\"https:\/\/comunidad.comprasdominicana.gob.do\/\/Public\/Tendering\/OpportunityDetail\/Index?noticeUID=DO1.NTC.1155733\" target=\"_blank\" title=\"Detalles\"><i class=\"fas fa-2x fa-link\"><\/i><\/a><\/div><\/div><\/div><div class=\"jumbotron archivos\"><div class=\"row align-items-center\"><div class=\"col\"><h6><a class=\"text-dark\" href=\"https:\/\/comunidad.comprasdominicana.gob.do\/\/Public\/Tendering\/OpportunityDetail\/Index?noticeUID=DO1.NTC.1152714\" title=\"Ver\" target=\"_blank\">APORDOM-DAF-CM-2022-0057<\/a><\/h6><p class=\"mb-0 bold\">ADQUISICI\u00d3N DE MATERIALES FERRETEROS PARA USO DE APORDOM, DIRIGIDO A MIPYMES<\/p><p class=\"mb-0\" style=\"font-size: .85rem\"><strong title=\"Estado del Proceso\"><i class=\"fas fa-spinner\"><\/i><\/strong> Proceso adjudicado y celebrado<\/p><p class=\"mb-0\" style=\"font-size: .85rem\"><strong title=\"Fecha de Publicaci\u00f3n\"><i class=\"fas fa-calendar-alt\"><\/i><\/strong> Publicado el viernes, 4 de noviembre de 2022<\/p><\/div><div class=\"col-auto mt-md-0 mt-2\"><a class=\"btn btn-primary btn-lg px-lg-4 d-none d-md-block\" href=\"https:\/\/comunidad.comprasdominicana.gob.do\/\/Public\/Tendering\/OpportunityDetail\/Index?noticeUID=DO1.NTC.1152714\" target=\"_blank\" title=\"Detalles\"><i class=\"fas fa-link\"><\/i> DETALLES<\/a><a class=\"btn btn-primary btn-lg px-lg-4 d-block d-md-none\" href=\"https:\/\/comunidad.comprasdominicana.gob.do\/\/Public\/Tendering\/OpportunityDetail\/Index?noticeUID=DO1.NTC.1152714\" target=\"_blank\" title=\"Detalles\"><i class=\"fas fa-2x fa-link\"><\/i><\/a><\/div><\/div><\/div><\/div><\/div><\/div>\n        <div class=\"card\">\n            <div class=\"card-header parents\" id=\"heading_compras-menores-69eeee772d89c-2022-69eeee772d89c-octubre-69eeee772d89c\">\n                <p class=\"title text-blue mb-0\">\n                    <a class=\"btn-block hover text-left collapsed\" data-toggle=\"collapse\" data-target=\"#collap_compras-menores-69eeee772d89c-2022-69eeee772d89c-octubre-69eeee772d89c\" aria-expanded=\"false\" aria-controls=\"collap_compras-menores-69eeee772d89c-2022-69eeee772d89c-octubre-69eeee772d89c\">Octubre<\/a>\n                <\/p>\n            <\/div>\n            <div id=\"collap_compras-menores-69eeee772d89c-2022-69eeee772d89c-octubre-69eeee772d89c\" class=\"collapse\" aria-labelledby=\"heading_compras-menores-69eeee772d89c-2022-69eeee772d89c-octubre-69eeee772d89c\" data-parent=\"#collap_compras-menores-69eeee772d89c-2022-69eeee772d89c\">\n                <div class=\"card-body\"><div class=\"jumbotron archivos\"><div class=\"row align-items-center\"><div class=\"col\"><h6><a class=\"text-dark\" href=\"https:\/\/comunidad.comprasdominicana.gob.do\/\/Public\/Tendering\/OpportunityDetail\/Index?noticeUID=DO1.NTC.1149944\" title=\"Ver\" target=\"_blank\">APORDOM-DAF-CM-2022-0056<\/a><\/h6><p class=\"mb-0 bold\">ADQUISICION DE MATERIALES FERRETEROS PARA TELA PROTECTORA EN EL PUERTO DE PUERTO PLATA<\/p><p class=\"mb-0\" style=\"font-size: .85rem\"><strong title=\"Estado del Proceso\"><i class=\"fas fa-spinner\"><\/i><\/strong> Proceso adjudicado y celebrado<\/p><p class=\"mb-0\" style=\"font-size: .85rem\"><strong title=\"Fecha de Publicaci\u00f3n\"><i class=\"fas fa-calendar-alt\"><\/i><\/strong> Publicado el lunes, 31 de octubre de 2022<\/p><\/div><div class=\"col-auto mt-md-0 mt-2\"><a class=\"btn btn-primary btn-lg px-lg-4 d-none d-md-block\" href=\"https:\/\/comunidad.comprasdominicana.gob.do\/\/Public\/Tendering\/OpportunityDetail\/Index?noticeUID=DO1.NTC.1149944\" target=\"_blank\" title=\"Detalles\"><i class=\"fas fa-link\"><\/i> DETALLES<\/a><a class=\"btn btn-primary btn-lg px-lg-4 d-block d-md-none\" href=\"https:\/\/comunidad.comprasdominicana.gob.do\/\/Public\/Tendering\/OpportunityDetail\/Index?noticeUID=DO1.NTC.1149944\" target=\"_blank\" title=\"Detalles\"><i class=\"fas fa-2x fa-link\"><\/i><\/a><\/div><\/div><\/div><div class=\"jumbotron archivos\"><div class=\"row align-items-center\"><div class=\"col\"><h6><a class=\"text-dark\" href=\"https:\/\/comunidad.comprasdominicana.gob.do\/\/Public\/Tendering\/OpportunityDetail\/Index?noticeUID=DO1.NTC.1149550\" title=\"Ver\" target=\"_blank\">APORDOM-DAF-CM-2022-0054<\/a><\/h6><p class=\"mb-0 bold\">ADQUISICI\u00d3N DE MOBILIARIOS DE OFICINA PARA USO DE LA SEDE PRINCIPAL DE APORDOM, DIRIGIDO A MIPYMES<\/p><p class=\"mb-0\" style=\"font-size: .85rem\"><strong title=\"Estado del Proceso\"><i class=\"fas fa-spinner\"><\/i><\/strong> Proceso adjudicado y celebrado<\/p><p class=\"mb-0\" style=\"font-size: .85rem\"><strong title=\"Fecha de Publicaci\u00f3n\"><i class=\"fas fa-calendar-alt\"><\/i><\/strong> Publicado el viernes, 28 de octubre de 2022<\/p><\/div><div class=\"col-auto mt-md-0 mt-2\"><a class=\"btn btn-primary btn-lg px-lg-4 d-none d-md-block\" href=\"https:\/\/comunidad.comprasdominicana.gob.do\/\/Public\/Tendering\/OpportunityDetail\/Index?noticeUID=DO1.NTC.1149550\" target=\"_blank\" title=\"Detalles\"><i class=\"fas fa-link\"><\/i> DETALLES<\/a><a class=\"btn btn-primary btn-lg px-lg-4 d-block d-md-none\" href=\"https:\/\/comunidad.comprasdominicana.gob.do\/\/Public\/Tendering\/OpportunityDetail\/Index?noticeUID=DO1.NTC.1149550\" target=\"_blank\" title=\"Detalles\"><i class=\"fas fa-2x fa-link\"><\/i><\/a><\/div><\/div><\/div><div class=\"jumbotron archivos\"><div class=\"row align-items-center\"><div class=\"col\"><h6><a class=\"text-dark\" href=\"https:\/\/comunidad.comprasdominicana.gob.do\/\/Public\/Tendering\/OpportunityDetail\/Index?noticeUID=DO1.NTC.1145628\" title=\"Ver\" target=\"_blank\">APORDOM-DAF-CM-2022-0053<\/a><\/h6><p class=\"mb-0 bold\">ADQUISICION DE MATERIALES Y PRODUCTOS DE LIMPIEZA PARA LA SEDE PRINCIPAL DE APORDOM DIRIGIDO A MIPYMES MUJER<\/p><p class=\"mb-0\" style=\"font-size: .85rem\"><strong title=\"Estado del Proceso\"><i class=\"fas fa-spinner\"><\/i><\/strong> Proceso adjudicado y celebrado<\/p><p class=\"mb-0\" style=\"font-size: .85rem\"><strong title=\"Fecha de Publicaci\u00f3n\"><i class=\"fas fa-calendar-alt\"><\/i><\/strong> Publicado el jueves, 20 de octubre de 2022<\/p><\/div><div class=\"col-auto mt-md-0 mt-2\"><a class=\"btn btn-primary btn-lg px-lg-4 d-none d-md-block\" href=\"https:\/\/comunidad.comprasdominicana.gob.do\/\/Public\/Tendering\/OpportunityDetail\/Index?noticeUID=DO1.NTC.1145628\" target=\"_blank\" title=\"Detalles\"><i class=\"fas fa-link\"><\/i> DETALLES<\/a><a class=\"btn btn-primary btn-lg px-lg-4 d-block d-md-none\" href=\"https:\/\/comunidad.comprasdominicana.gob.do\/\/Public\/Tendering\/OpportunityDetail\/Index?noticeUID=DO1.NTC.1145628\" target=\"_blank\" title=\"Detalles\"><i class=\"fas fa-2x fa-link\"><\/i><\/a><\/div><\/div><\/div><div class=\"jumbotron archivos\"><div class=\"row align-items-center\"><div class=\"col\"><h6><a class=\"text-dark\" href=\"https:\/\/comunidad.comprasdominicana.gob.do\/\/Public\/Tendering\/OpportunityDetail\/Index?noticeUID=DO1.NTC.1144013\" title=\"Ver\" target=\"_blank\">APORDOM-DAF-CM-2022-0051<\/a><\/h6><p class=\"mb-0 bold\">ADQUISICI\u00d3N DE MATERIAL GASTABLE PARA EL ARCHIVO DE APORDOM, DIRIGIDO A MIPYME MUJER<\/p><p class=\"mb-0\" style=\"font-size: .85rem\"><strong title=\"Estado del Proceso\"><i class=\"fas fa-spinner\"><\/i><\/strong> Proceso adjudicado y celebrado<\/p><p class=\"mb-0\" style=\"font-size: .85rem\"><strong title=\"Fecha de Publicaci\u00f3n\"><i class=\"fas fa-calendar-alt\"><\/i><\/strong> Publicado el lunes, 17 de octubre de 2022<\/p><\/div><div class=\"col-auto mt-md-0 mt-2\"><a class=\"btn btn-primary btn-lg px-lg-4 d-none d-md-block\" href=\"https:\/\/comunidad.comprasdominicana.gob.do\/\/Public\/Tendering\/OpportunityDetail\/Index?noticeUID=DO1.NTC.1144013\" target=\"_blank\" title=\"Detalles\"><i class=\"fas fa-link\"><\/i> DETALLES<\/a><a class=\"btn btn-primary btn-lg px-lg-4 d-block d-md-none\" href=\"https:\/\/comunidad.comprasdominicana.gob.do\/\/Public\/Tendering\/OpportunityDetail\/Index?noticeUID=DO1.NTC.1144013\" target=\"_blank\" title=\"Detalles\"><i class=\"fas fa-2x fa-link\"><\/i><\/a><\/div><\/div><\/div><div class=\"jumbotron archivos\"><div class=\"row align-items-center\"><div class=\"col\"><h6><a class=\"text-dark\" href=\"https:\/\/comunidad.comprasdominicana.gob.do\/\/Public\/Tendering\/OpportunityDetail\/Index?noticeUID=DO1.NTC.1141042\" title=\"Ver\" target=\"_blank\">APORDOM-DAF-CM-2022-0049<\/a><\/h6><p class=\"mb-0 bold\">ADQUISICION DE CARPA PARA APORDOM<\/p><p class=\"mb-0\" style=\"font-size: .85rem\"><strong title=\"Estado del Proceso\"><i class=\"fas fa-spinner\"><\/i><\/strong> Proceso adjudicado y celebrado<\/p><p class=\"mb-0\" style=\"font-size: .85rem\"><strong title=\"Fecha de Publicaci\u00f3n\"><i class=\"fas fa-calendar-alt\"><\/i><\/strong> Publicado el lunes, 10 de octubre de 2022<\/p><\/div><div class=\"col-auto mt-md-0 mt-2\"><a class=\"btn btn-primary btn-lg px-lg-4 d-none d-md-block\" href=\"https:\/\/comunidad.comprasdominicana.gob.do\/\/Public\/Tendering\/OpportunityDetail\/Index?noticeUID=DO1.NTC.1141042\" target=\"_blank\" title=\"Detalles\"><i class=\"fas fa-link\"><\/i> DETALLES<\/a><a class=\"btn btn-primary btn-lg px-lg-4 d-block d-md-none\" href=\"https:\/\/comunidad.comprasdominicana.gob.do\/\/Public\/Tendering\/OpportunityDetail\/Index?noticeUID=DO1.NTC.1141042\" target=\"_blank\" title=\"Detalles\"><i class=\"fas fa-2x fa-link\"><\/i><\/a><\/div><\/div><\/div><div class=\"jumbotron archivos\"><div class=\"row align-items-center\"><div class=\"col\"><h6><a class=\"text-dark\" href=\"https:\/\/comunidad.comprasdominicana.gob.do\/\/Public\/Tendering\/OpportunityDetail\/Index?noticeUID=DO1.NTC.1139032\" title=\"Ver\" target=\"_blank\">APORDOM-DAF-CM-2022-0041<\/a><\/h6><p class=\"mb-0 bold\">ADQUISICI\u00d3N DE EQUIPOS DE PROTECCI\u00d3N PERSONAL PARA USO DEL PERSONAL DE LOS PUERTOS Y SEDE PRINCIPAL DE APORDOM<\/p><p class=\"mb-0\" style=\"font-size: .85rem\"><strong title=\"Estado del Proceso\"><i class=\"fas fa-spinner\"><\/i><\/strong> Proceso adjudicado y celebrado<\/p><p class=\"mb-0\" style=\"font-size: .85rem\"><strong title=\"Fecha de Publicaci\u00f3n\"><i class=\"fas fa-calendar-alt\"><\/i><\/strong> Publicado el mi\u00e9rcoles, 5 de octubre de 2022<\/p><\/div><div class=\"col-auto mt-md-0 mt-2\"><a class=\"btn btn-primary btn-lg px-lg-4 d-none d-md-block\" href=\"https:\/\/comunidad.comprasdominicana.gob.do\/\/Public\/Tendering\/OpportunityDetail\/Index?noticeUID=DO1.NTC.1139032\" target=\"_blank\" title=\"Detalles\"><i class=\"fas fa-link\"><\/i> DETALLES<\/a><a class=\"btn btn-primary btn-lg px-lg-4 d-block d-md-none\" href=\"https:\/\/comunidad.comprasdominicana.gob.do\/\/Public\/Tendering\/OpportunityDetail\/Index?noticeUID=DO1.NTC.1139032\" target=\"_blank\" title=\"Detalles\"><i class=\"fas fa-2x fa-link\"><\/i><\/a><\/div><\/div><\/div><div class=\"jumbotron archivos\"><div class=\"row align-items-center\"><div class=\"col\"><h6><a class=\"text-dark\" href=\"https:\/\/comunidad.comprasdominicana.gob.do\/\/Public\/Tendering\/OpportunityDetail\/Index?noticeUID=DO1.NTC.1149222\" title=\"Ver\" target=\"_blank\">APORDOM-DAF-CM-2022-0055<\/a><\/h6><p class=\"mb-0 bold\">CONTRATACION DE SERVICIO DE ALFOMBRADO PARA ESCALERAS INTERNAS DE APORDOM<\/p><p class=\"mb-0\" style=\"font-size: .85rem\"><strong title=\"Estado del Proceso\"><i class=\"fas fa-spinner\"><\/i><\/strong> Proceso desierto<\/p><p class=\"mb-0\" style=\"font-size: .85rem\"><strong title=\"Fecha de Publicaci\u00f3n\"><i class=\"fas fa-calendar-alt\"><\/i><\/strong> Publicado el viernes, 28 de octubre de 2022<\/p><\/div><div class=\"col-auto mt-md-0 mt-2\"><a class=\"btn btn-primary btn-lg px-lg-4 d-none d-md-block\" href=\"https:\/\/comunidad.comprasdominicana.gob.do\/\/Public\/Tendering\/OpportunityDetail\/Index?noticeUID=DO1.NTC.1149222\" target=\"_blank\" title=\"Detalles\"><i class=\"fas fa-link\"><\/i> DETALLES<\/a><a class=\"btn btn-primary btn-lg px-lg-4 d-block d-md-none\" href=\"https:\/\/comunidad.comprasdominicana.gob.do\/\/Public\/Tendering\/OpportunityDetail\/Index?noticeUID=DO1.NTC.1149222\" target=\"_blank\" title=\"Detalles\"><i class=\"fas fa-2x fa-link\"><\/i><\/a><\/div><\/div><\/div><\/div><\/div><\/div>\n        <div class=\"card\">\n            <div class=\"card-header parents\" id=\"heading_compras-menores-69eeee772d89c-2022-69eeee772d89c-septiembre-69eeee772d89c\">\n                <p class=\"title text-blue mb-0\">\n                    <a class=\"btn-block hover text-left collapsed\" data-toggle=\"collapse\" data-target=\"#collap_compras-menores-69eeee772d89c-2022-69eeee772d89c-septiembre-69eeee772d89c\" aria-expanded=\"false\" aria-controls=\"collap_compras-menores-69eeee772d89c-2022-69eeee772d89c-septiembre-69eeee772d89c\">Septiembre<\/a>\n                <\/p>\n            <\/div>\n            <div id=\"collap_compras-menores-69eeee772d89c-2022-69eeee772d89c-septiembre-69eeee772d89c\" class=\"collapse\" aria-labelledby=\"heading_compras-menores-69eeee772d89c-2022-69eeee772d89c-septiembre-69eeee772d89c\" data-parent=\"#collap_compras-menores-69eeee772d89c-2022-69eeee772d89c\">\n                <div class=\"card-body\"><div class=\"jumbotron archivos\"><div class=\"row align-items-center\"><div class=\"col\"><h6><a class=\"text-dark\" href=\"https:\/\/comunidad.comprasdominicana.gob.do\/\/Public\/Tendering\/OpportunityDetail\/Index?noticeUID=DO1.NTC.1131136\" title=\"Ver\" target=\"_blank\">APORDOM-DAF-CM-2022-0045<\/a><\/h6><p class=\"mb-0 bold\">CONTRATACION DE SERVICIOS AUDIVISUALES PARA EVENTO FCCA 2022<\/p><p class=\"mb-0\" style=\"font-size: .85rem\"><strong title=\"Estado del Proceso\"><i class=\"fas fa-spinner\"><\/i><\/strong> Cancelado<\/p><p class=\"mb-0\" style=\"font-size: .85rem\"><strong title=\"Fecha de Publicaci\u00f3n\"><i class=\"fas fa-calendar-alt\"><\/i><\/strong> Publicado el jueves, 15 de septiembre de 2022<\/p><\/div><div class=\"col-auto mt-md-0 mt-2\"><a class=\"btn btn-primary btn-lg px-lg-4 d-none d-md-block\" href=\"https:\/\/comunidad.comprasdominicana.gob.do\/\/Public\/Tendering\/OpportunityDetail\/Index?noticeUID=DO1.NTC.1131136\" target=\"_blank\" title=\"Detalles\"><i class=\"fas fa-link\"><\/i> DETALLES<\/a><a class=\"btn btn-primary btn-lg px-lg-4 d-block d-md-none\" href=\"https:\/\/comunidad.comprasdominicana.gob.do\/\/Public\/Tendering\/OpportunityDetail\/Index?noticeUID=DO1.NTC.1131136\" target=\"_blank\" title=\"Detalles\"><i class=\"fas fa-2x fa-link\"><\/i><\/a><\/div><\/div><\/div><div class=\"jumbotron archivos\"><div class=\"row align-items-center\"><div class=\"col\"><h6><a class=\"text-dark\" href=\"https:\/\/comunidad.comprasdominicana.gob.do\/\/Public\/Tendering\/OpportunityDetail\/Index?noticeUID=DO1.NTC.1133236\" title=\"Ver\" target=\"_blank\">APORDOM-DAF-CM-2022-0047<\/a><\/h6><p class=\"mb-0 bold\">CONTRATACION DE SALON PARA EVENTO FCCA 2022<\/p><p class=\"mb-0\" style=\"font-size: .85rem\"><strong title=\"Estado del Proceso\"><i class=\"fas fa-spinner\"><\/i><\/strong> Proceso adjudicado y celebrado<\/p><p class=\"mb-0\" style=\"font-size: .85rem\"><strong title=\"Fecha de Publicaci\u00f3n\"><i class=\"fas fa-calendar-alt\"><\/i><\/strong> Publicado el mi\u00e9rcoles, 21 de septiembre de 2022<\/p><\/div><div class=\"col-auto mt-md-0 mt-2\"><a class=\"btn btn-primary btn-lg px-lg-4 d-none d-md-block\" href=\"https:\/\/comunidad.comprasdominicana.gob.do\/\/Public\/Tendering\/OpportunityDetail\/Index?noticeUID=DO1.NTC.1133236\" target=\"_blank\" title=\"Detalles\"><i class=\"fas fa-link\"><\/i> DETALLES<\/a><a class=\"btn btn-primary btn-lg px-lg-4 d-block d-md-none\" href=\"https:\/\/comunidad.comprasdominicana.gob.do\/\/Public\/Tendering\/OpportunityDetail\/Index?noticeUID=DO1.NTC.1133236\" target=\"_blank\" title=\"Detalles\"><i class=\"fas fa-2x fa-link\"><\/i><\/a><\/div><\/div><\/div><div class=\"jumbotron archivos\"><div class=\"row align-items-center\"><div class=\"col\"><h6><a class=\"text-dark\" href=\"https:\/\/comunidad.comprasdominicana.gob.do\/\/Public\/Tendering\/OpportunityDetail\/Index?noticeUID=DO1.NTC.1132841\" title=\"Ver\" target=\"_blank\">APORDOM-DAF-CM-2022-0043<\/a><\/h6><p class=\"mb-0 bold\">CONTRATACION DE SERVICIO DE CATERING PARA EVENTO DE FCCA<\/p><p class=\"mb-0\" style=\"font-size: .85rem\"><strong title=\"Estado del Proceso\"><i class=\"fas fa-spinner\"><\/i><\/strong> Proceso adjudicado y celebrado<\/p><p class=\"mb-0\" style=\"font-size: .85rem\"><strong title=\"Fecha de Publicaci\u00f3n\"><i class=\"fas fa-calendar-alt\"><\/i><\/strong> Publicado el martes, 20 de septiembre de 2022<\/p><\/div><div class=\"col-auto mt-md-0 mt-2\"><a class=\"btn btn-primary btn-lg px-lg-4 d-none d-md-block\" href=\"https:\/\/comunidad.comprasdominicana.gob.do\/\/Public\/Tendering\/OpportunityDetail\/Index?noticeUID=DO1.NTC.1132841\" target=\"_blank\" title=\"Detalles\"><i class=\"fas fa-link\"><\/i> DETALLES<\/a><a class=\"btn btn-primary btn-lg px-lg-4 d-block d-md-none\" href=\"https:\/\/comunidad.comprasdominicana.gob.do\/\/Public\/Tendering\/OpportunityDetail\/Index?noticeUID=DO1.NTC.1132841\" target=\"_blank\" title=\"Detalles\"><i class=\"fas fa-2x fa-link\"><\/i><\/a><\/div><\/div><\/div><div class=\"jumbotron archivos\"><div class=\"row align-items-center\"><div class=\"col\"><h6><a class=\"text-dark\" href=\"https:\/\/comunidad.comprasdominicana.gob.do\/\/Public\/Tendering\/OpportunityDetail\/Index?noticeUID=DO1.NTC.1132446\" title=\"Ver\" target=\"_blank\">APORDOM-DAF-CM-2022-0046<\/a><\/h6><p class=\"mb-0 bold\">CONTRATACION DE MONTAJE PARA EVENTO DE FCCA 2022<\/p><p class=\"mb-0\" style=\"font-size: .85rem\"><strong title=\"Estado del Proceso\"><i class=\"fas fa-spinner\"><\/i><\/strong> Proceso adjudicado y celebrado<\/p><p class=\"mb-0\" style=\"font-size: .85rem\"><strong title=\"Fecha de Publicaci\u00f3n\"><i class=\"fas fa-calendar-alt\"><\/i><\/strong> Publicado el martes, 20 de septiembre de 2022<\/p><\/div><div class=\"col-auto mt-md-0 mt-2\"><a class=\"btn btn-primary btn-lg px-lg-4 d-none d-md-block\" href=\"https:\/\/comunidad.comprasdominicana.gob.do\/\/Public\/Tendering\/OpportunityDetail\/Index?noticeUID=DO1.NTC.1132446\" target=\"_blank\" title=\"Detalles\"><i class=\"fas fa-link\"><\/i> DETALLES<\/a><a class=\"btn btn-primary btn-lg px-lg-4 d-block d-md-none\" href=\"https:\/\/comunidad.comprasdominicana.gob.do\/\/Public\/Tendering\/OpportunityDetail\/Index?noticeUID=DO1.NTC.1132446\" target=\"_blank\" title=\"Detalles\"><i class=\"fas fa-2x fa-link\"><\/i><\/a><\/div><\/div><\/div><div class=\"jumbotron archivos\"><div class=\"row align-items-center\"><div class=\"col\"><h6><a class=\"text-dark\" href=\"https:\/\/comunidad.comprasdominicana.gob.do\/\/Public\/Tendering\/OpportunityDetail\/Index?noticeUID=DO1.NTC.1124936\" title=\"Ver\" target=\"_blank\">APORDOM-DAF-CM-2022-0044<\/a><\/h6><p class=\"mb-0 bold\">ADQUISICION DE EQUIPOS DE CLIMATIZACION PARA USO DE APORDOM, DIRIGIDO A MIPYMES<\/p><p class=\"mb-0\" style=\"font-size: .85rem\"><strong title=\"Estado del Proceso\"><i class=\"fas fa-spinner\"><\/i><\/strong> Proceso adjudicado y celebrado<\/p><p class=\"mb-0\" style=\"font-size: .85rem\"><strong title=\"Fecha de Publicaci\u00f3n\"><i class=\"fas fa-calendar-alt\"><\/i><\/strong> Publicado el jueves, 1 de septiembre de 2022<\/p><\/div><div class=\"col-auto mt-md-0 mt-2\"><a class=\"btn btn-primary btn-lg px-lg-4 d-none d-md-block\" href=\"https:\/\/comunidad.comprasdominicana.gob.do\/\/Public\/Tendering\/OpportunityDetail\/Index?noticeUID=DO1.NTC.1124936\" target=\"_blank\" title=\"Detalles\"><i class=\"fas fa-link\"><\/i> DETALLES<\/a><a class=\"btn btn-primary btn-lg px-lg-4 d-block d-md-none\" href=\"https:\/\/comunidad.comprasdominicana.gob.do\/\/Public\/Tendering\/OpportunityDetail\/Index?noticeUID=DO1.NTC.1124936\" target=\"_blank\" title=\"Detalles\"><i class=\"fas fa-2x fa-link\"><\/i><\/a><\/div><\/div><\/div><\/div><\/div><\/div>\n        <div class=\"card\">\n            <div class=\"card-header parents\" id=\"heading_compras-menores-69eeee772d89c-2022-69eeee772d89c-agosto-69eeee772d89c\">\n                <p class=\"title text-blue mb-0\">\n                    <a class=\"btn-block hover text-left collapsed\" data-toggle=\"collapse\" data-target=\"#collap_compras-menores-69eeee772d89c-2022-69eeee772d89c-agosto-69eeee772d89c\" aria-expanded=\"false\" aria-controls=\"collap_compras-menores-69eeee772d89c-2022-69eeee772d89c-agosto-69eeee772d89c\">Agosto<\/a>\n                <\/p>\n            <\/div>\n            <div id=\"collap_compras-menores-69eeee772d89c-2022-69eeee772d89c-agosto-69eeee772d89c\" class=\"collapse\" aria-labelledby=\"heading_compras-menores-69eeee772d89c-2022-69eeee772d89c-agosto-69eeee772d89c\" data-parent=\"#collap_compras-menores-69eeee772d89c-2022-69eeee772d89c\">\n                <div class=\"card-body\"><div class=\"jumbotron archivos\"><div class=\"row align-items-center\"><div class=\"col\"><h6><a class=\"text-dark\" href=\"https:\/\/comunidad.comprasdominicana.gob.do\/\/Public\/Tendering\/OpportunityDetail\/Index?noticeUID=DO1.NTC.1122019\" title=\"Ver\" target=\"_blank\">APORDOM-DAF-CM-2022-0042<\/a><\/h6><p class=\"mb-0 bold\">CONTRATACION DE LOGISTICA PARA PRIMER PALAZO MUELLE PESQUERO BARAHONA, DIRIGIDO A MIPYMES<\/p><p class=\"mb-0\" style=\"font-size: .85rem\"><strong title=\"Estado del Proceso\"><i class=\"fas fa-spinner\"><\/i><\/strong> Proceso adjudicado y celebrado<\/p><p class=\"mb-0\" style=\"font-size: .85rem\"><strong title=\"Fecha de Publicaci\u00f3n\"><i class=\"fas fa-calendar-alt\"><\/i><\/strong> Publicado el jueves, 25 de agosto de 2022<\/p><\/div><div class=\"col-auto mt-md-0 mt-2\"><a class=\"btn btn-primary btn-lg px-lg-4 d-none d-md-block\" href=\"https:\/\/comunidad.comprasdominicana.gob.do\/\/Public\/Tendering\/OpportunityDetail\/Index?noticeUID=DO1.NTC.1122019\" target=\"_blank\" title=\"Detalles\"><i class=\"fas fa-link\"><\/i> DETALLES<\/a><a class=\"btn btn-primary btn-lg px-lg-4 d-block d-md-none\" href=\"https:\/\/comunidad.comprasdominicana.gob.do\/\/Public\/Tendering\/OpportunityDetail\/Index?noticeUID=DO1.NTC.1122019\" target=\"_blank\" title=\"Detalles\"><i class=\"fas fa-2x fa-link\"><\/i><\/a><\/div><\/div><\/div><div class=\"jumbotron archivos\"><div class=\"row align-items-center\"><div class=\"col\"><h6><a class=\"text-dark\" href=\"https:\/\/comunidad.comprasdominicana.gob.do\/\/Public\/Tendering\/OpportunityDetail\/Index?noticeUID=DO1.NTC.1119103\" title=\"Ver\" target=\"_blank\">APORDOM-DAF-CM-2022-0039<\/a><\/h6><p class=\"mb-0 bold\">ADQUISICION DE UNIFORMES PARA LA SEDE PRINCIPAL DE APORDOM DIRIGIDO A MIPYME<\/p><p class=\"mb-0\" style=\"font-size: .85rem\"><strong title=\"Estado del Proceso\"><i class=\"fas fa-spinner\"><\/i><\/strong> Proceso adjudicado y celebrado<\/p><p class=\"mb-0\" style=\"font-size: .85rem\"><strong title=\"Fecha de Publicaci\u00f3n\"><i class=\"fas fa-calendar-alt\"><\/i><\/strong> Publicado el jueves, 18 de agosto de 2022<\/p><\/div><div class=\"col-auto mt-md-0 mt-2\"><a class=\"btn btn-primary btn-lg px-lg-4 d-none d-md-block\" href=\"https:\/\/comunidad.comprasdominicana.gob.do\/\/Public\/Tendering\/OpportunityDetail\/Index?noticeUID=DO1.NTC.1119103\" target=\"_blank\" title=\"Detalles\"><i class=\"fas fa-link\"><\/i> DETALLES<\/a><a class=\"btn btn-primary btn-lg px-lg-4 d-block d-md-none\" href=\"https:\/\/comunidad.comprasdominicana.gob.do\/\/Public\/Tendering\/OpportunityDetail\/Index?noticeUID=DO1.NTC.1119103\" target=\"_blank\" title=\"Detalles\"><i class=\"fas fa-2x fa-link\"><\/i><\/a><\/div><\/div><\/div><div class=\"jumbotron archivos\"><div class=\"row align-items-center\"><div class=\"col\"><h6><a class=\"text-dark\" href=\"https:\/\/comunidad.comprasdominicana.gob.do\/\/Public\/Tendering\/OpportunityDetail\/Index?noticeUID=DO1.NTC.1117814\" title=\"Ver\" target=\"_blank\">APORDOM-DAF-CM-2022-0040<\/a><\/h6><p class=\"mb-0 bold\">CONTRATACION DE LOGISTICA PARA PRIMER PALAZO MUELLE PESQUERO PALENQUE, DIRIGIDO A MIPYMES<\/p><p class=\"mb-0\" style=\"font-size: .85rem\"><strong title=\"Estado del Proceso\"><i class=\"fas fa-spinner\"><\/i><\/strong> Proceso adjudicado y celebrado<\/p><p class=\"mb-0\" style=\"font-size: .85rem\"><strong title=\"Fecha de Publicaci\u00f3n\"><i class=\"fas fa-calendar-alt\"><\/i><\/strong> Publicado el lunes, 15 de agosto de 2022<\/p><\/div><div class=\"col-auto mt-md-0 mt-2\"><a class=\"btn btn-primary btn-lg px-lg-4 d-none d-md-block\" href=\"https:\/\/comunidad.comprasdominicana.gob.do\/\/Public\/Tendering\/OpportunityDetail\/Index?noticeUID=DO1.NTC.1117814\" target=\"_blank\" title=\"Detalles\"><i class=\"fas fa-link\"><\/i> DETALLES<\/a><a class=\"btn btn-primary btn-lg px-lg-4 d-block d-md-none\" href=\"https:\/\/comunidad.comprasdominicana.gob.do\/\/Public\/Tendering\/OpportunityDetail\/Index?noticeUID=DO1.NTC.1117814\" target=\"_blank\" title=\"Detalles\"><i class=\"fas fa-2x fa-link\"><\/i><\/a><\/div><\/div><\/div><div class=\"jumbotron archivos\"><div class=\"row align-items-center\"><div class=\"col\"><h6><a class=\"text-dark\" href=\"https:\/\/comunidad.comprasdominicana.gob.do\/\/Public\/Tendering\/OpportunityDetail\/Index?noticeUID=DO1.NTC.1116419\" title=\"Ver\" target=\"_blank\">APORDOM-DAF-CM-2022-0038<\/a><\/h6><p class=\"mb-0 bold\">ADQUISICI\u00d3N DE MATERIALES FERRETEROS PARA USO DE LA SEDE PRINCIPAL DE APORDOM, DIRIGIDO A MIPYMES.<\/p><p class=\"mb-0\" style=\"font-size: .85rem\"><strong title=\"Estado del Proceso\"><i class=\"fas fa-spinner\"><\/i><\/strong> Proceso adjudicado y celebrado<\/p><p class=\"mb-0\" style=\"font-size: .85rem\"><strong title=\"Fecha de Publicaci\u00f3n\"><i class=\"fas fa-calendar-alt\"><\/i><\/strong> Publicado el jueves, 11 de agosto de 2022<\/p><\/div><div class=\"col-auto mt-md-0 mt-2\"><a class=\"btn btn-primary btn-lg px-lg-4 d-none d-md-block\" href=\"https:\/\/comunidad.comprasdominicana.gob.do\/\/Public\/Tendering\/OpportunityDetail\/Index?noticeUID=DO1.NTC.1116419\" target=\"_blank\" title=\"Detalles\"><i class=\"fas fa-link\"><\/i> DETALLES<\/a><a class=\"btn btn-primary btn-lg px-lg-4 d-block d-md-none\" href=\"https:\/\/comunidad.comprasdominicana.gob.do\/\/Public\/Tendering\/OpportunityDetail\/Index?noticeUID=DO1.NTC.1116419\" target=\"_blank\" title=\"Detalles\"><i class=\"fas fa-2x fa-link\"><\/i><\/a><\/div><\/div><\/div><div class=\"jumbotron archivos\"><div class=\"row align-items-center\"><div class=\"col\"><h6><a class=\"text-dark\" href=\"https:\/\/comunidad.comprasdominicana.gob.do\/\/Public\/Tendering\/OpportunityDetail\/Index?noticeUID=DO1.NTC.1115436\" title=\"Ver\" target=\"_blank\">APORDOM-DAF-CM-2022-0037<\/a><\/h6><p class=\"mb-0 bold\">ADQUISICI\u00d3N DE TANQUES DE COMBUSTIBLE CON SU DISPENSADOR PARA FLOTILLA VEHICULAR DE APORDOM<\/p><p class=\"mb-0\" style=\"font-size: .85rem\"><strong title=\"Estado del Proceso\"><i class=\"fas fa-spinner\"><\/i><\/strong> Proceso adjudicado y celebrado<\/p><p class=\"mb-0\" style=\"font-size: .85rem\"><strong title=\"Fecha de Publicaci\u00f3n\"><i class=\"fas fa-calendar-alt\"><\/i><\/strong> Publicado el martes, 9 de agosto de 2022<\/p><\/div><div class=\"col-auto mt-md-0 mt-2\"><a class=\"btn btn-primary btn-lg px-lg-4 d-none d-md-block\" href=\"https:\/\/comunidad.comprasdominicana.gob.do\/\/Public\/Tendering\/OpportunityDetail\/Index?noticeUID=DO1.NTC.1115436\" target=\"_blank\" title=\"Detalles\"><i class=\"fas fa-link\"><\/i> DETALLES<\/a><a class=\"btn btn-primary btn-lg px-lg-4 d-block d-md-none\" href=\"https:\/\/comunidad.comprasdominicana.gob.do\/\/Public\/Tendering\/OpportunityDetail\/Index?noticeUID=DO1.NTC.1115436\" target=\"_blank\" title=\"Detalles\"><i class=\"fas fa-2x fa-link\"><\/i><\/a><\/div><\/div><\/div><div class=\"jumbotron archivos\"><div class=\"row align-items-center\"><div class=\"col\"><h6><a class=\"text-dark\" href=\"https:\/\/comunidad.comprasdominicana.gob.do\/\/Public\/Tendering\/OpportunityDetail\/Index?noticeUID=DO1.NTC.1115233\" title=\"Ver\" target=\"_blank\">APORDOM-DAF-CM-2022-0036<\/a><\/h6><p class=\"mb-0 bold\">COMPRA DE ESCANERES AUTOMOTRIZ PARA USO DE APORDOM<\/p><p class=\"mb-0\" style=\"font-size: .85rem\"><strong title=\"Estado del Proceso\"><i class=\"fas fa-spinner\"><\/i><\/strong> Proceso adjudicado y celebrado<\/p><p class=\"mb-0\" style=\"font-size: .85rem\"><strong title=\"Fecha de Publicaci\u00f3n\"><i class=\"fas fa-calendar-alt\"><\/i><\/strong> Publicado el martes, 9 de agosto de 2022<\/p><\/div><div class=\"col-auto mt-md-0 mt-2\"><a class=\"btn btn-primary btn-lg px-lg-4 d-none d-md-block\" href=\"https:\/\/comunidad.comprasdominicana.gob.do\/\/Public\/Tendering\/OpportunityDetail\/Index?noticeUID=DO1.NTC.1115233\" target=\"_blank\" title=\"Detalles\"><i class=\"fas fa-link\"><\/i> DETALLES<\/a><a class=\"btn btn-primary btn-lg px-lg-4 d-block d-md-none\" href=\"https:\/\/comunidad.comprasdominicana.gob.do\/\/Public\/Tendering\/OpportunityDetail\/Index?noticeUID=DO1.NTC.1115233\" target=\"_blank\" title=\"Detalles\"><i class=\"fas fa-2x fa-link\"><\/i><\/a><\/div><\/div><\/div><div class=\"jumbotron archivos\"><div class=\"row align-items-center\"><div class=\"col\"><h6><a class=\"text-dark\" href=\"https:\/\/comunidad.comprasdominicana.gob.do\/\/Public\/Tendering\/OpportunityDetail\/Index?noticeUID=DO1.NTC.1114137\" title=\"Ver\" target=\"_blank\">APORDOM-DAF-CM-2022-0035<\/a><\/h6><p class=\"mb-0 bold\">CONTRATACION DE SALON PARA REUNION DE APORDOM<\/p><p class=\"mb-0\" style=\"font-size: .85rem\"><strong title=\"Estado del Proceso\"><i class=\"fas fa-spinner\"><\/i><\/strong> Proceso adjudicado y celebrado<\/p><p class=\"mb-0\" style=\"font-size: .85rem\"><strong title=\"Fecha de Publicaci\u00f3n\"><i class=\"fas fa-calendar-alt\"><\/i><\/strong> Publicado el viernes, 5 de agosto de 2022<\/p><\/div><div class=\"col-auto mt-md-0 mt-2\"><a class=\"btn btn-primary btn-lg px-lg-4 d-none d-md-block\" href=\"https:\/\/comunidad.comprasdominicana.gob.do\/\/Public\/Tendering\/OpportunityDetail\/Index?noticeUID=DO1.NTC.1114137\" target=\"_blank\" title=\"Detalles\"><i class=\"fas fa-link\"><\/i> DETALLES<\/a><a class=\"btn btn-primary btn-lg px-lg-4 d-block d-md-none\" href=\"https:\/\/comunidad.comprasdominicana.gob.do\/\/Public\/Tendering\/OpportunityDetail\/Index?noticeUID=DO1.NTC.1114137\" target=\"_blank\" title=\"Detalles\"><i class=\"fas fa-2x fa-link\"><\/i><\/a><\/div><\/div><\/div><div class=\"jumbotron archivos\"><div class=\"row align-items-center\"><div class=\"col\"><h6><a class=\"text-dark\" href=\"https:\/\/comunidad.comprasdominicana.gob.do\/\/Public\/Tendering\/OpportunityDetail\/Index?noticeUID=DO1.NTC.1112426\" title=\"Ver\" target=\"_blank\">APORDOM-DAF-CM-2022-0034<\/a><\/h6><p class=\"mb-0 bold\">ADQUISICI\u00d3N DE EQUIPOS Y ART\u00cdCULOS TECNOL\u00d3GICOS PARA USO DE APORDOM.<\/p><p class=\"mb-0\" style=\"font-size: .85rem\"><strong title=\"Estado del Proceso\"><i class=\"fas fa-spinner\"><\/i><\/strong> Proceso adjudicado y celebrado<\/p><p class=\"mb-0\" style=\"font-size: .85rem\"><strong title=\"Fecha de Publicaci\u00f3n\"><i class=\"fas fa-calendar-alt\"><\/i><\/strong> Publicado el martes, 2 de agosto de 2022<\/p><\/div><div class=\"col-auto mt-md-0 mt-2\"><a class=\"btn btn-primary btn-lg px-lg-4 d-none d-md-block\" href=\"https:\/\/comunidad.comprasdominicana.gob.do\/\/Public\/Tendering\/OpportunityDetail\/Index?noticeUID=DO1.NTC.1112426\" target=\"_blank\" title=\"Detalles\"><i class=\"fas fa-link\"><\/i> DETALLES<\/a><a class=\"btn btn-primary btn-lg px-lg-4 d-block d-md-none\" href=\"https:\/\/comunidad.comprasdominicana.gob.do\/\/Public\/Tendering\/OpportunityDetail\/Index?noticeUID=DO1.NTC.1112426\" target=\"_blank\" title=\"Detalles\"><i class=\"fas fa-2x fa-link\"><\/i><\/a><\/div><\/div><\/div><\/div><\/div><\/div>\n        <div class=\"card\">\n            <div class=\"card-header parents\" id=\"heading_compras-menores-69eeee772d89c-2022-69eeee772d89c-julio-69eeee772d89c\">\n                <p class=\"title text-blue mb-0\">\n                    <a class=\"btn-block hover text-left collapsed\" data-toggle=\"collapse\" data-target=\"#collap_compras-menores-69eeee772d89c-2022-69eeee772d89c-julio-69eeee772d89c\" aria-expanded=\"false\" aria-controls=\"collap_compras-menores-69eeee772d89c-2022-69eeee772d89c-julio-69eeee772d89c\">Julio<\/a>\n                <\/p>\n            <\/div>\n            <div id=\"collap_compras-menores-69eeee772d89c-2022-69eeee772d89c-julio-69eeee772d89c\" class=\"collapse\" aria-labelledby=\"heading_compras-menores-69eeee772d89c-2022-69eeee772d89c-julio-69eeee772d89c\" data-parent=\"#collap_compras-menores-69eeee772d89c-2022-69eeee772d89c\">\n                <div class=\"card-body\"><div class=\"jumbotron archivos\"><div class=\"row align-items-center\"><div class=\"col\"><h6><a class=\"text-dark\" href=\"https:\/\/comunidad.comprasdominicana.gob.do\/\/Public\/Tendering\/OpportunityDetail\/Index?noticeUID=DO1.NTC.1110505\" title=\"Ver\" target=\"_blank\">APORDOM-DAF-CM-2022-0032<\/a><\/h6><p class=\"mb-0 bold\">ADQUISICI\u00d3N DE MATERIALES FERRETEROS Y ELECTRICOS PARA USO DE LA SEDE PRINCIPAL DE APORDOM, DIRIGIDO A MIPYMES.<\/p><p class=\"mb-0\" style=\"font-size: .85rem\"><strong title=\"Estado del Proceso\"><i class=\"fas fa-spinner\"><\/i><\/strong> Proceso adjudicado y celebrado<\/p><p class=\"mb-0\" style=\"font-size: .85rem\"><strong title=\"Fecha de Publicaci\u00f3n\"><i class=\"fas fa-calendar-alt\"><\/i><\/strong> Publicado el jueves, 28 de julio de 2022<\/p><\/div><div class=\"col-auto mt-md-0 mt-2\"><a class=\"btn btn-primary btn-lg px-lg-4 d-none d-md-block\" href=\"https:\/\/comunidad.comprasdominicana.gob.do\/\/Public\/Tendering\/OpportunityDetail\/Index?noticeUID=DO1.NTC.1110505\" target=\"_blank\" title=\"Detalles\"><i class=\"fas fa-link\"><\/i> DETALLES<\/a><a class=\"btn btn-primary btn-lg px-lg-4 d-block d-md-none\" href=\"https:\/\/comunidad.comprasdominicana.gob.do\/\/Public\/Tendering\/OpportunityDetail\/Index?noticeUID=DO1.NTC.1110505\" target=\"_blank\" title=\"Detalles\"><i class=\"fas fa-2x fa-link\"><\/i><\/a><\/div><\/div><\/div><div class=\"jumbotron archivos\"><div class=\"row align-items-center\"><div class=\"col\"><h6><a class=\"text-dark\" href=\"https:\/\/comunidad.comprasdominicana.gob.do\/\/Public\/Tendering\/OpportunityDetail\/Index?noticeUID=DO1.NTC.1108216\" title=\"Ver\" target=\"_blank\">APORDOM-DAF-CM-2022-0033<\/a><\/h6><p class=\"mb-0 bold\">CONTRATACI\u00d3N DE SERVICIO DE APLICACI\u00d3N DE PINTURA PARA EDIFICACIONES DE LA SEDE PRINCIPAL DE APORDOM.<\/p><p class=\"mb-0\" style=\"font-size: .85rem\"><strong title=\"Estado del Proceso\"><i class=\"fas fa-spinner\"><\/i><\/strong> Proceso adjudicado y celebrado<\/p><p class=\"mb-0\" style=\"font-size: .85rem\"><strong title=\"Fecha de Publicaci\u00f3n\"><i class=\"fas fa-calendar-alt\"><\/i><\/strong> Publicado el martes, 26 de julio de 2022<\/p><\/div><div class=\"col-auto mt-md-0 mt-2\"><a class=\"btn btn-primary btn-lg px-lg-4 d-none d-md-block\" href=\"https:\/\/comunidad.comprasdominicana.gob.do\/\/Public\/Tendering\/OpportunityDetail\/Index?noticeUID=DO1.NTC.1108216\" target=\"_blank\" title=\"Detalles\"><i class=\"fas fa-link\"><\/i> DETALLES<\/a><a class=\"btn btn-primary btn-lg px-lg-4 d-block d-md-none\" href=\"https:\/\/comunidad.comprasdominicana.gob.do\/\/Public\/Tendering\/OpportunityDetail\/Index?noticeUID=DO1.NTC.1108216\" target=\"_blank\" title=\"Detalles\"><i class=\"fas fa-2x fa-link\"><\/i><\/a><\/div><\/div><\/div><div class=\"jumbotron archivos\"><div class=\"row align-items-center\"><div class=\"col\"><h6><a class=\"text-dark\" href=\"https:\/\/comunidad.comprasdominicana.gob.do\/\/Public\/Tendering\/OpportunityDetail\/Index?noticeUID=DO1.NTC.1102253\" title=\"Ver\" target=\"_blank\">APORDOM-DAF-CM-2022-0031<\/a><\/h6><p class=\"mb-0 bold\">CONTRATACION DE LOGISTICA PARA PRIMER PICAZO MUELLES PESQUEROS SAMANA Y SANCHEZ<\/p><p class=\"mb-0\" style=\"font-size: .85rem\"><strong title=\"Estado del Proceso\"><i class=\"fas fa-spinner\"><\/i><\/strong> Proceso adjudicado y celebrado<\/p><p class=\"mb-0\" style=\"font-size: .85rem\"><strong title=\"Fecha de Publicaci\u00f3n\"><i class=\"fas fa-calendar-alt\"><\/i><\/strong> Publicado el martes, 12 de julio de 2022<\/p><\/div><div class=\"col-auto mt-md-0 mt-2\"><a class=\"btn btn-primary btn-lg px-lg-4 d-none d-md-block\" href=\"https:\/\/comunidad.comprasdominicana.gob.do\/\/Public\/Tendering\/OpportunityDetail\/Index?noticeUID=DO1.NTC.1102253\" target=\"_blank\" title=\"Detalles\"><i class=\"fas fa-link\"><\/i> DETALLES<\/a><a class=\"btn btn-primary btn-lg px-lg-4 d-block d-md-none\" href=\"https:\/\/comunidad.comprasdominicana.gob.do\/\/Public\/Tendering\/OpportunityDetail\/Index?noticeUID=DO1.NTC.1102253\" target=\"_blank\" title=\"Detalles\"><i class=\"fas fa-2x fa-link\"><\/i><\/a><\/div><\/div><\/div><\/div><\/div><\/div>\n        <div class=\"card\">\n            <div class=\"card-header parents\" id=\"heading_compras-menores-69eeee772d89c-2022-69eeee772d89c-junio-69eeee772d89c\">\n                <p class=\"title text-blue mb-0\">\n                    <a class=\"btn-block hover text-left collapsed\" data-toggle=\"collapse\" data-target=\"#collap_compras-menores-69eeee772d89c-2022-69eeee772d89c-junio-69eeee772d89c\" aria-expanded=\"false\" aria-controls=\"collap_compras-menores-69eeee772d89c-2022-69eeee772d89c-junio-69eeee772d89c\">Junio<\/a>\n                <\/p>\n            <\/div>\n            <div id=\"collap_compras-menores-69eeee772d89c-2022-69eeee772d89c-junio-69eeee772d89c\" class=\"collapse\" aria-labelledby=\"heading_compras-menores-69eeee772d89c-2022-69eeee772d89c-junio-69eeee772d89c\" data-parent=\"#collap_compras-menores-69eeee772d89c-2022-69eeee772d89c\">\n                <div class=\"card-body\"><div class=\"jumbotron archivos\"><div class=\"row align-items-center\"><div class=\"col\"><h6><a class=\"text-dark\" href=\"https:\/\/comunidad.comprasdominicana.gob.do\/\/Public\/Tendering\/OpportunityDetail\/Index?noticeUID=DO1.NTC.1095741\" title=\"Ver\" target=\"_blank\">APORDOM-DAF-CM-2022-0030<\/a><\/h6><p class=\"mb-0 bold\">PARTICIPACI\u00d3N DE COLABORADORES DE APORDOM EN LA CUMBRE LATINOAMERICANA SOBRE MARKETING POLITICO A CELEBRARSE EN REPUBLICA DOMINICANA<\/p><p class=\"mb-0\" style=\"font-size: .85rem\"><strong title=\"Estado del Proceso\"><i class=\"fas fa-spinner\"><\/i><\/strong> Proceso adjudicado y celebrado<\/p><p class=\"mb-0\" style=\"font-size: .85rem\"><strong title=\"Fecha de Publicaci\u00f3n\"><i class=\"fas fa-calendar-alt\"><\/i><\/strong> Publicado el lunes, 27 de junio de 2022<\/p><\/div><div class=\"col-auto mt-md-0 mt-2\"><a class=\"btn btn-primary btn-lg px-lg-4 d-none d-md-block\" href=\"https:\/\/comunidad.comprasdominicana.gob.do\/\/Public\/Tendering\/OpportunityDetail\/Index?noticeUID=DO1.NTC.1095741\" target=\"_blank\" title=\"Detalles\"><i class=\"fas fa-link\"><\/i> DETALLES<\/a><a class=\"btn btn-primary btn-lg px-lg-4 d-block d-md-none\" href=\"https:\/\/comunidad.comprasdominicana.gob.do\/\/Public\/Tendering\/OpportunityDetail\/Index?noticeUID=DO1.NTC.1095741\" target=\"_blank\" title=\"Detalles\"><i class=\"fas fa-2x fa-link\"><\/i><\/a><\/div><\/div><\/div><div class=\"jumbotron archivos\"><div class=\"row align-items-center\"><div class=\"col\"><h6><a class=\"text-dark\" href=\"https:\/\/comunidad.comprasdominicana.gob.do\/\/Public\/Tendering\/OpportunityDetail\/Index?noticeUID=DO1.NTC.1092524\" title=\"Ver\" target=\"_blank\">APORDOM-DAF-CM-2022-0024<\/a><\/h6><p class=\"mb-0 bold\">ADQUISICI\u00d3N DE DETECTORES DE METALES PARA USO DE APORDOM.<\/p><p class=\"mb-0\" style=\"font-size: .85rem\"><strong title=\"Estado del Proceso\"><i class=\"fas fa-spinner\"><\/i><\/strong> Proceso adjudicado y celebrado<\/p><p class=\"mb-0\" style=\"font-size: .85rem\"><strong title=\"Fecha de Publicaci\u00f3n\"><i class=\"fas fa-calendar-alt\"><\/i><\/strong> Publicado el lunes, 20 de junio de 2022<\/p><\/div><div class=\"col-auto mt-md-0 mt-2\"><a class=\"btn btn-primary btn-lg px-lg-4 d-none d-md-block\" href=\"https:\/\/comunidad.comprasdominicana.gob.do\/\/Public\/Tendering\/OpportunityDetail\/Index?noticeUID=DO1.NTC.1092524\" target=\"_blank\" title=\"Detalles\"><i class=\"fas fa-link\"><\/i> DETALLES<\/a><a class=\"btn btn-primary btn-lg px-lg-4 d-block d-md-none\" href=\"https:\/\/comunidad.comprasdominicana.gob.do\/\/Public\/Tendering\/OpportunityDetail\/Index?noticeUID=DO1.NTC.1092524\" target=\"_blank\" title=\"Detalles\"><i class=\"fas fa-2x fa-link\"><\/i><\/a><\/div><\/div><\/div><div class=\"jumbotron archivos\"><div class=\"row align-items-center\"><div class=\"col\"><h6><a class=\"text-dark\" href=\"https:\/\/comunidad.comprasdominicana.gob.do\/\/Public\/Tendering\/OpportunityDetail\/Index?noticeUID=DO1.NTC.1091912\" title=\"Ver\" target=\"_blank\">APORDOM-DAF-CM-2022-0025<\/a><\/h6><p class=\"mb-0 bold\">ADQUISICION DE MATERIAL IMPRESO PARA LAS OFICINAS Y PUERTOS DE APORDOM, DIRIGIDO A MIPYMES<\/p><p class=\"mb-0\" style=\"font-size: .85rem\"><strong title=\"Estado del Proceso\"><i class=\"fas fa-spinner\"><\/i><\/strong> Proceso adjudicado y celebrado<\/p><p class=\"mb-0\" style=\"font-size: .85rem\"><strong title=\"Fecha de Publicaci\u00f3n\"><i class=\"fas fa-calendar-alt\"><\/i><\/strong> Publicado el viernes, 17 de junio de 2022<\/p><\/div><div class=\"col-auto mt-md-0 mt-2\"><a class=\"btn btn-primary btn-lg px-lg-4 d-none d-md-block\" href=\"https:\/\/comunidad.comprasdominicana.gob.do\/\/Public\/Tendering\/OpportunityDetail\/Index?noticeUID=DO1.NTC.1091912\" target=\"_blank\" title=\"Detalles\"><i class=\"fas fa-link\"><\/i> DETALLES<\/a><a class=\"btn btn-primary btn-lg px-lg-4 d-block d-md-none\" href=\"https:\/\/comunidad.comprasdominicana.gob.do\/\/Public\/Tendering\/OpportunityDetail\/Index?noticeUID=DO1.NTC.1091912\" target=\"_blank\" title=\"Detalles\"><i class=\"fas fa-2x fa-link\"><\/i><\/a><\/div><\/div><\/div><div class=\"jumbotron archivos\"><div class=\"row align-items-center\"><div class=\"col\"><h6><a class=\"text-dark\" href=\"https:\/\/comunidad.comprasdominicana.gob.do\/\/Public\/Tendering\/OpportunityDetail\/Index?noticeUID=DO1.NTC.1089417\" title=\"Ver\" target=\"_blank\">APORDOM-DAF-CM-2022-0028<\/a><\/h6><p class=\"mb-0 bold\">Adquisici\u00f3n de Materiales Gastables (desechables y productos de limpieza) y Dispensadores para la Sede principal de APORDOM, dirigido a Mipymes<\/p><p class=\"mb-0\" style=\"font-size: .85rem\"><strong title=\"Estado del Proceso\"><i class=\"fas fa-spinner\"><\/i><\/strong> Proceso adjudicado y celebrado<\/p><p class=\"mb-0\" style=\"font-size: .85rem\"><strong title=\"Fecha de Publicaci\u00f3n\"><i class=\"fas fa-calendar-alt\"><\/i><\/strong> Publicado el viernes, 10 de junio de 2022<\/p><\/div><div class=\"col-auto mt-md-0 mt-2\"><a class=\"btn btn-primary btn-lg px-lg-4 d-none d-md-block\" href=\"https:\/\/comunidad.comprasdominicana.gob.do\/\/Public\/Tendering\/OpportunityDetail\/Index?noticeUID=DO1.NTC.1089417\" target=\"_blank\" title=\"Detalles\"><i class=\"fas fa-link\"><\/i> DETALLES<\/a><a class=\"btn btn-primary btn-lg px-lg-4 d-block d-md-none\" href=\"https:\/\/comunidad.comprasdominicana.gob.do\/\/Public\/Tendering\/OpportunityDetail\/Index?noticeUID=DO1.NTC.1089417\" target=\"_blank\" title=\"Detalles\"><i class=\"fas fa-2x fa-link\"><\/i><\/a><\/div><\/div><\/div><div class=\"jumbotron archivos\"><div class=\"row align-items-center\"><div class=\"col\"><h6><a class=\"text-dark\" href=\"https:\/\/comunidad.comprasdominicana.gob.do\/\/Public\/Tendering\/OpportunityDetail\/Index?noticeUID=DO1.NTC.1089309\" title=\"Ver\" target=\"_blank\">APORDOM-DAF-CM-2022-0021<\/a><\/h6><p class=\"mb-0 bold\">ADQUISICION DE UNIFORMES PARA LA SEDE PRINCIPAL DE APORDOM<\/p><p class=\"mb-0\" style=\"font-size: .85rem\"><strong title=\"Estado del Proceso\"><i class=\"fas fa-spinner\"><\/i><\/strong> Proceso adjudicado y celebrado<\/p><p class=\"mb-0\" style=\"font-size: .85rem\"><strong title=\"Fecha de Publicaci\u00f3n\"><i class=\"fas fa-calendar-alt\"><\/i><\/strong> Publicado el viernes, 10 de junio de 2022<\/p><\/div><div class=\"col-auto mt-md-0 mt-2\"><a class=\"btn btn-primary btn-lg px-lg-4 d-none d-md-block\" href=\"https:\/\/comunidad.comprasdominicana.gob.do\/\/Public\/Tendering\/OpportunityDetail\/Index?noticeUID=DO1.NTC.1089309\" target=\"_blank\" title=\"Detalles\"><i class=\"fas fa-link\"><\/i> DETALLES<\/a><a class=\"btn btn-primary btn-lg px-lg-4 d-block d-md-none\" href=\"https:\/\/comunidad.comprasdominicana.gob.do\/\/Public\/Tendering\/OpportunityDetail\/Index?noticeUID=DO1.NTC.1089309\" target=\"_blank\" title=\"Detalles\"><i class=\"fas fa-2x fa-link\"><\/i><\/a><\/div><\/div><\/div><div class=\"jumbotron archivos\"><div class=\"row align-items-center\"><div class=\"col\"><h6><a class=\"text-dark\" href=\"https:\/\/comunidad.comprasdominicana.gob.do\/\/Public\/Tendering\/OpportunityDetail\/Index?noticeUID=DO1.NTC.1089306\" title=\"Ver\" target=\"_blank\">APORDOM-DAF-CM-2022-0029<\/a><\/h6><p class=\"mb-0 bold\">CONTRATACION DE SERVICIOS DE IMPRESION PARA APORDOM<\/p><p class=\"mb-0\" style=\"font-size: .85rem\"><strong title=\"Estado del Proceso\"><i class=\"fas fa-spinner\"><\/i><\/strong> Proceso adjudicado y celebrado<\/p><p class=\"mb-0\" style=\"font-size: .85rem\"><strong title=\"Fecha de Publicaci\u00f3n\"><i class=\"fas fa-calendar-alt\"><\/i><\/strong> Publicado el viernes, 10 de junio de 2022<\/p><\/div><div class=\"col-auto mt-md-0 mt-2\"><a class=\"btn btn-primary btn-lg px-lg-4 d-none d-md-block\" href=\"https:\/\/comunidad.comprasdominicana.gob.do\/\/Public\/Tendering\/OpportunityDetail\/Index?noticeUID=DO1.NTC.1089306\" target=\"_blank\" title=\"Detalles\"><i class=\"fas fa-link\"><\/i> DETALLES<\/a><a class=\"btn btn-primary btn-lg px-lg-4 d-block d-md-none\" href=\"https:\/\/comunidad.comprasdominicana.gob.do\/\/Public\/Tendering\/OpportunityDetail\/Index?noticeUID=DO1.NTC.1089306\" target=\"_blank\" title=\"Detalles\"><i class=\"fas fa-2x fa-link\"><\/i><\/a><\/div><\/div><\/div><div class=\"jumbotron archivos\"><div class=\"row align-items-center\"><div class=\"col\"><h6><a class=\"text-dark\" href=\"https:\/\/comunidad.comprasdominicana.gob.do\/\/Public\/Tendering\/OpportunityDetail\/Index?noticeUID=DO1.NTC.1085732\" title=\"Ver\" target=\"_blank\">APORDOM-DAF-CM-2022-0026<\/a><\/h6><p class=\"mb-0 bold\">ADQUISICION DE EQUIPOS DE CLIMATIZACION PARA LAS OFICINAS DE APORDOM, DIRIGIDO A MIPYMES<\/p><p class=\"mb-0\" style=\"font-size: .85rem\"><strong title=\"Estado del Proceso\"><i class=\"fas fa-spinner\"><\/i><\/strong> Proceso adjudicado y celebrado<\/p><p class=\"mb-0\" style=\"font-size: .85rem\"><strong title=\"Fecha de Publicaci\u00f3n\"><i class=\"fas fa-calendar-alt\"><\/i><\/strong> Publicado el jueves, 2 de junio de 2022<\/p><\/div><div class=\"col-auto mt-md-0 mt-2\"><a class=\"btn btn-primary btn-lg px-lg-4 d-none d-md-block\" href=\"https:\/\/comunidad.comprasdominicana.gob.do\/\/Public\/Tendering\/OpportunityDetail\/Index?noticeUID=DO1.NTC.1085732\" target=\"_blank\" title=\"Detalles\"><i class=\"fas fa-link\"><\/i> DETALLES<\/a><a class=\"btn btn-primary btn-lg px-lg-4 d-block d-md-none\" href=\"https:\/\/comunidad.comprasdominicana.gob.do\/\/Public\/Tendering\/OpportunityDetail\/Index?noticeUID=DO1.NTC.1085732\" target=\"_blank\" title=\"Detalles\"><i class=\"fas fa-2x fa-link\"><\/i><\/a><\/div><\/div><\/div><div class=\"jumbotron archivos\"><div class=\"row align-items-center\"><div class=\"col\"><h6><a class=\"text-dark\" href=\"https:\/\/comunidad.comprasdominicana.gob.do\/\/Public\/Tendering\/OpportunityDetail\/Index?noticeUID=DO1.NTC.1086034\" title=\"Ver\" target=\"_blank\">APORDOM-DAF-CM-2022-0027<\/a><\/h6><p class=\"mb-0 bold\">ADQUISICI\u00d3N DE RESMAS DE PAPEL PARA USO DE APORDOM, DIRIGIDO A MIPYMES, DECLARADO DESIERTO DEL PROCESO, APORDOM-DAF-CM-2022-0020<\/p><p class=\"mb-0\" style=\"font-size: .85rem\"><strong title=\"Estado del Proceso\"><i class=\"fas fa-spinner\"><\/i><\/strong> Proceso adjudicado y celebrado<\/p><p class=\"mb-0\" style=\"font-size: .85rem\"><strong title=\"Fecha de Publicaci\u00f3n\"><i class=\"fas fa-calendar-alt\"><\/i><\/strong> Publicado el jueves, 2 de junio de 2022<\/p><\/div><div class=\"col-auto mt-md-0 mt-2\"><a class=\"btn btn-primary btn-lg px-lg-4 d-none d-md-block\" href=\"https:\/\/comunidad.comprasdominicana.gob.do\/\/Public\/Tendering\/OpportunityDetail\/Index?noticeUID=DO1.NTC.1086034\" target=\"_blank\" title=\"Detalles\"><i class=\"fas fa-link\"><\/i> DETALLES<\/a><a class=\"btn btn-primary btn-lg px-lg-4 d-block d-md-none\" href=\"https:\/\/comunidad.comprasdominicana.gob.do\/\/Public\/Tendering\/OpportunityDetail\/Index?noticeUID=DO1.NTC.1086034\" target=\"_blank\" title=\"Detalles\"><i class=\"fas fa-2x fa-link\"><\/i><\/a><\/div><\/div><\/div><\/div><\/div><\/div>\n        <div class=\"card\">\n            <div class=\"card-header parents\" id=\"heading_compras-menores-69eeee772d89c-2022-69eeee772d89c-mayo-69eeee772d89c\">\n                <p class=\"title text-blue mb-0\">\n                    <a class=\"btn-block hover text-left collapsed\" data-toggle=\"collapse\" data-target=\"#collap_compras-menores-69eeee772d89c-2022-69eeee772d89c-mayo-69eeee772d89c\" aria-expanded=\"false\" aria-controls=\"collap_compras-menores-69eeee772d89c-2022-69eeee772d89c-mayo-69eeee772d89c\">Mayo<\/a>\n                <\/p>\n            <\/div>\n            <div id=\"collap_compras-menores-69eeee772d89c-2022-69eeee772d89c-mayo-69eeee772d89c\" class=\"collapse\" aria-labelledby=\"heading_compras-menores-69eeee772d89c-2022-69eeee772d89c-mayo-69eeee772d89c\" data-parent=\"#collap_compras-menores-69eeee772d89c-2022-69eeee772d89c\">\n                <div class=\"card-body\"><div class=\"jumbotron archivos\"><div class=\"row align-items-center\"><div class=\"col\"><h6><a class=\"text-dark\" href=\"https:\/\/comunidad.comprasdominicana.gob.do\/\/Public\/Tendering\/OpportunityDetail\/Index?noticeUID=DO1.NTC.1083028\" title=\"Ver\" target=\"_blank\">APORDOM-DAF-CM-2022-0022<\/a><\/h6><p class=\"mb-0 bold\">CONTRATACION DE SUMINISTRO E INSTALACION DE PA\u00d1O DE VIDRIO Y COCINA MODULAR PARA ADECUACION DE OFICINAS ADMINISTRATIVAS DE LA SEDE PRINCIPAL DE APORDOM<\/p><p class=\"mb-0\" style=\"font-size: .85rem\"><strong title=\"Estado del Proceso\"><i class=\"fas fa-spinner\"><\/i><\/strong> Proceso adjudicado y celebrado<\/p><p class=\"mb-0\" style=\"font-size: .85rem\"><strong title=\"Fecha de Publicaci\u00f3n\"><i class=\"fas fa-calendar-alt\"><\/i><\/strong> Publicado el jueves, 26 de mayo de 2022<\/p><\/div><div class=\"col-auto mt-md-0 mt-2\"><a class=\"btn btn-primary btn-lg px-lg-4 d-none d-md-block\" href=\"https:\/\/comunidad.comprasdominicana.gob.do\/\/Public\/Tendering\/OpportunityDetail\/Index?noticeUID=DO1.NTC.1083028\" target=\"_blank\" title=\"Detalles\"><i class=\"fas fa-link\"><\/i> DETALLES<\/a><a class=\"btn btn-primary btn-lg px-lg-4 d-block d-md-none\" href=\"https:\/\/comunidad.comprasdominicana.gob.do\/\/Public\/Tendering\/OpportunityDetail\/Index?noticeUID=DO1.NTC.1083028\" target=\"_blank\" title=\"Detalles\"><i class=\"fas fa-2x fa-link\"><\/i><\/a><\/div><\/div><\/div><div class=\"jumbotron archivos\"><div class=\"row align-items-center\"><div class=\"col\"><h6><a class=\"text-dark\" href=\"https:\/\/comunidad.comprasdominicana.gob.do\/\/Public\/Tendering\/OpportunityDetail\/Index?noticeUID=DO1.NTC.1082130\" title=\"Ver\" target=\"_blank\">APORDOM-DAF-CM-2022-0023<\/a><\/h6><p class=\"mb-0 bold\">ADQUISICI\u00d3N DE MATERIAL FERRETEROS Y ELECTRICOS PARA USO DE OFICINA Y PUERTOS DE APORDOM, DIRIGIDO A MIPYMES <\/p><p class=\"mb-0\" style=\"font-size: .85rem\"><strong title=\"Estado del Proceso\"><i class=\"fas fa-spinner\"><\/i><\/strong> Proceso adjudicado y celebrado<\/p><p class=\"mb-0\" style=\"font-size: .85rem\"><strong title=\"Fecha de Publicaci\u00f3n\"><i class=\"fas fa-calendar-alt\"><\/i><\/strong> Publicado el mi\u00e9rcoles, 25 de mayo de 2022<\/p><\/div><div class=\"col-auto mt-md-0 mt-2\"><a class=\"btn btn-primary btn-lg px-lg-4 d-none d-md-block\" href=\"https:\/\/comunidad.comprasdominicana.gob.do\/\/Public\/Tendering\/OpportunityDetail\/Index?noticeUID=DO1.NTC.1082130\" target=\"_blank\" title=\"Detalles\"><i class=\"fas fa-link\"><\/i> DETALLES<\/a><a class=\"btn btn-primary btn-lg px-lg-4 d-block d-md-none\" href=\"https:\/\/comunidad.comprasdominicana.gob.do\/\/Public\/Tendering\/OpportunityDetail\/Index?noticeUID=DO1.NTC.1082130\" target=\"_blank\" title=\"Detalles\"><i class=\"fas fa-2x fa-link\"><\/i><\/a><\/div><\/div><\/div><div class=\"jumbotron archivos\"><div class=\"row align-items-center\"><div class=\"col\"><h6><a class=\"text-dark\" href=\"https:\/\/comunidad.comprasdominicana.gob.do\/\/Public\/Tendering\/OpportunityDetail\/Index?noticeUID=DO1.NTC.1080154\" title=\"Ver\" target=\"_blank\">APORDOM-DAF-CM-2022-0020<\/a><\/h6><p class=\"mb-0 bold\">\u201cADQUISICI\u00d3N DE MATERIAL GASTABLE Y ARTICULOS DE OFICINA PARA USO DE APORDOM, DIRIGIDO A MIPYMES\u201c<\/p><p class=\"mb-0\" style=\"font-size: .85rem\"><strong title=\"Estado del Proceso\"><i class=\"fas fa-spinner\"><\/i><\/strong> Proceso adjudicado y celebrado<\/p><p class=\"mb-0\" style=\"font-size: .85rem\"><strong title=\"Fecha de Publicaci\u00f3n\"><i class=\"fas fa-calendar-alt\"><\/i><\/strong> Publicado el viernes, 20 de mayo de 2022<\/p><\/div><div class=\"col-auto mt-md-0 mt-2\"><a class=\"btn btn-primary btn-lg px-lg-4 d-none d-md-block\" href=\"https:\/\/comunidad.comprasdominicana.gob.do\/\/Public\/Tendering\/OpportunityDetail\/Index?noticeUID=DO1.NTC.1080154\" target=\"_blank\" title=\"Detalles\"><i class=\"fas fa-link\"><\/i> DETALLES<\/a><a class=\"btn btn-primary btn-lg px-lg-4 d-block d-md-none\" href=\"https:\/\/comunidad.comprasdominicana.gob.do\/\/Public\/Tendering\/OpportunityDetail\/Index?noticeUID=DO1.NTC.1080154\" target=\"_blank\" title=\"Detalles\"><i class=\"fas fa-2x fa-link\"><\/i><\/a><\/div><\/div><\/div><div class=\"jumbotron archivos\"><div class=\"row align-items-center\"><div class=\"col\"><h6><a class=\"text-dark\" href=\"https:\/\/comunidad.comprasdominicana.gob.do\/\/Public\/Tendering\/OpportunityDetail\/Index?noticeUID=DO1.NTC.1075933\" title=\"Ver\" target=\"_blank\">APORDOM-DAF-CM-2022-0019<\/a><\/h6><p class=\"mb-0 bold\">ADQUISICION DE PINTURA Y MATERIALES FERRETEROS PARA LA SEDE PRINCIPAL DE APORDOM, DIRIGIDO A MIPYMES. <\/p><p class=\"mb-0\" style=\"font-size: .85rem\"><strong title=\"Estado del Proceso\"><i class=\"fas fa-spinner\"><\/i><\/strong> Proceso adjudicado y celebrado<\/p><p class=\"mb-0\" style=\"font-size: .85rem\"><strong title=\"Fecha de Publicaci\u00f3n\"><i class=\"fas fa-calendar-alt\"><\/i><\/strong> Publicado el mi\u00e9rcoles, 11 de mayo de 2022<\/p><\/div><div class=\"col-auto mt-md-0 mt-2\"><a class=\"btn btn-primary btn-lg px-lg-4 d-none d-md-block\" href=\"https:\/\/comunidad.comprasdominicana.gob.do\/\/Public\/Tendering\/OpportunityDetail\/Index?noticeUID=DO1.NTC.1075933\" target=\"_blank\" title=\"Detalles\"><i class=\"fas fa-link\"><\/i> DETALLES<\/a><a class=\"btn btn-primary btn-lg px-lg-4 d-block d-md-none\" href=\"https:\/\/comunidad.comprasdominicana.gob.do\/\/Public\/Tendering\/OpportunityDetail\/Index?noticeUID=DO1.NTC.1075933\" target=\"_blank\" title=\"Detalles\"><i class=\"fas fa-2x fa-link\"><\/i><\/a><\/div><\/div><\/div><div class=\"jumbotron archivos\"><div class=\"row align-items-center\"><div class=\"col\"><h6><a class=\"text-dark\" href=\"https:\/\/comunidad.comprasdominicana.gob.do\/\/Public\/Tendering\/OpportunityDetail\/Index?noticeUID=DO1.NTC.1075517\" title=\"Ver\" target=\"_blank\">APORDOM-DAF-CM-2022-0017<\/a><\/h6><p class=\"mb-0 bold\">ADQUISICI\u00d3N DE MATERIAL GASTABLE PARA EL ARCHIVO DE APORDOM, DIRIGIDO A MIPYMES<\/p><p class=\"mb-0\" style=\"font-size: .85rem\"><strong title=\"Estado del Proceso\"><i class=\"fas fa-spinner\"><\/i><\/strong> Proceso adjudicado y celebrado<\/p><p class=\"mb-0\" style=\"font-size: .85rem\"><strong title=\"Fecha de Publicaci\u00f3n\"><i class=\"fas fa-calendar-alt\"><\/i><\/strong> Publicado el martes, 10 de mayo de 2022<\/p><\/div><div class=\"col-auto mt-md-0 mt-2\"><a class=\"btn btn-primary btn-lg px-lg-4 d-none d-md-block\" href=\"https:\/\/comunidad.comprasdominicana.gob.do\/\/Public\/Tendering\/OpportunityDetail\/Index?noticeUID=DO1.NTC.1075517\" target=\"_blank\" title=\"Detalles\"><i class=\"fas fa-link\"><\/i> DETALLES<\/a><a class=\"btn btn-primary btn-lg px-lg-4 d-block d-md-none\" href=\"https:\/\/comunidad.comprasdominicana.gob.do\/\/Public\/Tendering\/OpportunityDetail\/Index?noticeUID=DO1.NTC.1075517\" target=\"_blank\" title=\"Detalles\"><i class=\"fas fa-2x fa-link\"><\/i><\/a><\/div><\/div><\/div><div class=\"jumbotron archivos\"><div class=\"row align-items-center\"><div class=\"col\"><h6><a class=\"text-dark\" href=\"https:\/\/comunidad.comprasdominicana.gob.do\/\/Public\/Tendering\/OpportunityDetail\/Index?noticeUID=DO1.NTC.1074230\" title=\"Ver\" target=\"_blank\">APORDOM-DAF-CM-2022-0018<\/a><\/h6><p class=\"mb-0 bold\">\u201cADQUISICI\u00d3N DE ART\u00cdCULOS Y EQUIPOS, EL\u00c9CTRICOS Y FERRETEROS PARA USO DE LA SEDE PRINCIPAL DE APORDOM DIRIGIDO A MIPYMES\u201d<\/p><p class=\"mb-0\" style=\"font-size: .85rem\"><strong title=\"Estado del Proceso\"><i class=\"fas fa-spinner\"><\/i><\/strong> Proceso adjudicado y celebrado<\/p><p class=\"mb-0\" style=\"font-size: .85rem\"><strong title=\"Fecha de Publicaci\u00f3n\"><i class=\"fas fa-calendar-alt\"><\/i><\/strong> Publicado el viernes, 6 de mayo de 2022<\/p><\/div><div class=\"col-auto mt-md-0 mt-2\"><a class=\"btn btn-primary btn-lg px-lg-4 d-none d-md-block\" href=\"https:\/\/comunidad.comprasdominicana.gob.do\/\/Public\/Tendering\/OpportunityDetail\/Index?noticeUID=DO1.NTC.1074230\" target=\"_blank\" title=\"Detalles\"><i class=\"fas fa-link\"><\/i> DETALLES<\/a><a class=\"btn btn-primary btn-lg px-lg-4 d-block d-md-none\" href=\"https:\/\/comunidad.comprasdominicana.gob.do\/\/Public\/Tendering\/OpportunityDetail\/Index?noticeUID=DO1.NTC.1074230\" target=\"_blank\" title=\"Detalles\"><i class=\"fas fa-2x fa-link\"><\/i><\/a><\/div><\/div><\/div><div class=\"jumbotron archivos\"><div class=\"row align-items-center\"><div class=\"col\"><h6><a class=\"text-dark\" href=\"https:\/\/comunidad.comprasdominicana.gob.do\/\/Public\/Tendering\/OpportunityDetail\/Index?noticeUID=DO1.NTC.1073138\" title=\"Ver\" target=\"_blank\">APORDOM-DAF-CM-2022-0011<\/a><\/h6><p class=\"mb-0 bold\">ADQUISICI\u00d3N DE ELECTRODOM\u00c9STICOS PARA USO DE LA SEDE PRINCIPAL DE APORDOM<\/p><p class=\"mb-0\" style=\"font-size: .85rem\"><strong title=\"Estado del Proceso\"><i class=\"fas fa-spinner\"><\/i><\/strong> Proceso adjudicado y celebrado<\/p><p class=\"mb-0\" style=\"font-size: .85rem\"><strong title=\"Fecha de Publicaci\u00f3n\"><i class=\"fas fa-calendar-alt\"><\/i><\/strong> Publicado el mi\u00e9rcoles, 4 de mayo de 2022<\/p><\/div><div class=\"col-auto mt-md-0 mt-2\"><a class=\"btn btn-primary btn-lg px-lg-4 d-none d-md-block\" href=\"https:\/\/comunidad.comprasdominicana.gob.do\/\/Public\/Tendering\/OpportunityDetail\/Index?noticeUID=DO1.NTC.1073138\" target=\"_blank\" title=\"Detalles\"><i class=\"fas fa-link\"><\/i> DETALLES<\/a><a class=\"btn btn-primary btn-lg px-lg-4 d-block d-md-none\" href=\"https:\/\/comunidad.comprasdominicana.gob.do\/\/Public\/Tendering\/OpportunityDetail\/Index?noticeUID=DO1.NTC.1073138\" target=\"_blank\" title=\"Detalles\"><i class=\"fas fa-2x fa-link\"><\/i><\/a><\/div><\/div><\/div><\/div><\/div><\/div>\n        <div class=\"card\">\n            <div class=\"card-header parents\" id=\"heading_compras-menores-69eeee772d89c-2022-69eeee772d89c-abril-69eeee772d89c\">\n                <p class=\"title text-blue mb-0\">\n                    <a class=\"btn-block hover text-left collapsed\" data-toggle=\"collapse\" data-target=\"#collap_compras-menores-69eeee772d89c-2022-69eeee772d89c-abril-69eeee772d89c\" aria-expanded=\"false\" aria-controls=\"collap_compras-menores-69eeee772d89c-2022-69eeee772d89c-abril-69eeee772d89c\">Abril<\/a>\n                <\/p>\n            <\/div>\n            <div id=\"collap_compras-menores-69eeee772d89c-2022-69eeee772d89c-abril-69eeee772d89c\" class=\"collapse\" aria-labelledby=\"heading_compras-menores-69eeee772d89c-2022-69eeee772d89c-abril-69eeee772d89c\" data-parent=\"#collap_compras-menores-69eeee772d89c-2022-69eeee772d89c\">\n                <div class=\"card-body\"><div class=\"jumbotron archivos\"><div class=\"row align-items-center\"><div class=\"col\"><h6><a class=\"text-dark\" href=\"https:\/\/comunidad.comprasdominicana.gob.do\/\/Public\/Tendering\/OpportunityDetail\/Index?noticeUID=DO1.NTC.1071618\" title=\"Ver\" target=\"_blank\">APORDOM-DAF-CM-2022-0016<\/a><\/h6><p class=\"mb-0 bold\">ADQUISICION DE MATERIALES ELECTRICOS PARA USO DE LA SEDE PRINCIPAL DE APORDOM DIRIGIDO A MIPYMES.<\/p><p class=\"mb-0\" style=\"font-size: .85rem\"><strong title=\"Estado del Proceso\"><i class=\"fas fa-spinner\"><\/i><\/strong> Proceso adjudicado y celebrado<\/p><p class=\"mb-0\" style=\"font-size: .85rem\"><strong title=\"Fecha de Publicaci\u00f3n\"><i class=\"fas fa-calendar-alt\"><\/i><\/strong> Publicado el viernes, 29 de abril de 2022<\/p><\/div><div class=\"col-auto mt-md-0 mt-2\"><a class=\"btn btn-primary btn-lg px-lg-4 d-none d-md-block\" href=\"https:\/\/comunidad.comprasdominicana.gob.do\/\/Public\/Tendering\/OpportunityDetail\/Index?noticeUID=DO1.NTC.1071618\" target=\"_blank\" title=\"Detalles\"><i class=\"fas fa-link\"><\/i> DETALLES<\/a><a class=\"btn btn-primary btn-lg px-lg-4 d-block d-md-none\" href=\"https:\/\/comunidad.comprasdominicana.gob.do\/\/Public\/Tendering\/OpportunityDetail\/Index?noticeUID=DO1.NTC.1071618\" target=\"_blank\" title=\"Detalles\"><i class=\"fas fa-2x fa-link\"><\/i><\/a><\/div><\/div><\/div><div class=\"jumbotron archivos\"><div class=\"row align-items-center\"><div class=\"col\"><h6><a class=\"text-dark\" href=\"https:\/\/comunidad.comprasdominicana.gob.do\/\/Public\/Tendering\/OpportunityDetail\/Index?noticeUID=DO1.NTC.1069850\" title=\"Ver\" target=\"_blank\">APORDOM-DAF-CM-2022-0015<\/a><\/h6><p class=\"mb-0 bold\">CONTRATACION DE LOGISTICA PARA EVENTO EN PUERTO PLATA Y SAN PEDRO DE MACORIS, DIRIGIDO A MIPYMES<\/p><p class=\"mb-0\" style=\"font-size: .85rem\"><strong title=\"Estado del Proceso\"><i class=\"fas fa-spinner\"><\/i><\/strong> Proceso adjudicado y celebrado<\/p><p class=\"mb-0\" style=\"font-size: .85rem\"><strong title=\"Fecha de Publicaci\u00f3n\"><i class=\"fas fa-calendar-alt\"><\/i><\/strong> Publicado el martes, 26 de abril de 2022<\/p><\/div><div class=\"col-auto mt-md-0 mt-2\"><a class=\"btn btn-primary btn-lg px-lg-4 d-none d-md-block\" href=\"https:\/\/comunidad.comprasdominicana.gob.do\/\/Public\/Tendering\/OpportunityDetail\/Index?noticeUID=DO1.NTC.1069850\" target=\"_blank\" title=\"Detalles\"><i class=\"fas fa-link\"><\/i> DETALLES<\/a><a class=\"btn btn-primary btn-lg px-lg-4 d-block d-md-none\" href=\"https:\/\/comunidad.comprasdominicana.gob.do\/\/Public\/Tendering\/OpportunityDetail\/Index?noticeUID=DO1.NTC.1069850\" target=\"_blank\" title=\"Detalles\"><i class=\"fas fa-2x fa-link\"><\/i><\/a><\/div><\/div><\/div><div class=\"jumbotron archivos\"><div class=\"row align-items-center\"><div class=\"col\"><h6><a class=\"text-dark\" href=\"https:\/\/comunidad.comprasdominicana.gob.do\/\/Public\/Tendering\/OpportunityDetail\/Index?noticeUID=DO1.NTC.1062428\" title=\"Ver\" target=\"_blank\">APORDOM-DAF-CM-2022-0014<\/a><\/h6><p class=\"mb-0 bold\">ADQUISICI\u00d3N DE ART\u00cdCULOS Y EQUIPOS TECNOL\u00d3GICOS PARA LA SEDE PRINCIPAL DE APORDOM<\/p><p class=\"mb-0\" style=\"font-size: .85rem\"><strong title=\"Estado del Proceso\"><i class=\"fas fa-spinner\"><\/i><\/strong> Proceso adjudicado y celebrado<\/p><p class=\"mb-0\" style=\"font-size: .85rem\"><strong title=\"Fecha de Publicaci\u00f3n\"><i class=\"fas fa-calendar-alt\"><\/i><\/strong> Publicado el mi\u00e9rcoles, 6 de abril de 2022<\/p><\/div><div class=\"col-auto mt-md-0 mt-2\"><a class=\"btn btn-primary btn-lg px-lg-4 d-none d-md-block\" href=\"https:\/\/comunidad.comprasdominicana.gob.do\/\/Public\/Tendering\/OpportunityDetail\/Index?noticeUID=DO1.NTC.1062428\" target=\"_blank\" title=\"Detalles\"><i class=\"fas fa-link\"><\/i> DETALLES<\/a><a class=\"btn btn-primary btn-lg px-lg-4 d-block d-md-none\" href=\"https:\/\/comunidad.comprasdominicana.gob.do\/\/Public\/Tendering\/OpportunityDetail\/Index?noticeUID=DO1.NTC.1062428\" target=\"_blank\" title=\"Detalles\"><i class=\"fas fa-2x fa-link\"><\/i><\/a><\/div><\/div><\/div><div class=\"jumbotron archivos\"><div class=\"row align-items-center\"><div class=\"col\"><h6><a class=\"text-dark\" href=\"https:\/\/comunidad.comprasdominicana.gob.do\/\/Public\/Tendering\/OpportunityDetail\/Index?noticeUID=DO1.NTC.1060635\" title=\"Ver\" target=\"_blank\">APORDOM-DAF-CM-2022-0013<\/a><\/h6><p class=\"mb-0 bold\">ADQUISICION DE INVERSOR UPS PARA USO DE LA SEDE PRINCIPAL DE APORDOM<\/p><p class=\"mb-0\" style=\"font-size: .85rem\"><strong title=\"Estado del Proceso\"><i class=\"fas fa-spinner\"><\/i><\/strong> Proceso adjudicado y celebrado<\/p><p class=\"mb-0\" style=\"font-size: .85rem\"><strong title=\"Fecha de Publicaci\u00f3n\"><i class=\"fas fa-calendar-alt\"><\/i><\/strong> Publicado el viernes, 1 de abril de 2022<\/p><\/div><div class=\"col-auto mt-md-0 mt-2\"><a class=\"btn btn-primary btn-lg px-lg-4 d-none d-md-block\" href=\"https:\/\/comunidad.comprasdominicana.gob.do\/\/Public\/Tendering\/OpportunityDetail\/Index?noticeUID=DO1.NTC.1060635\" target=\"_blank\" title=\"Detalles\"><i class=\"fas fa-link\"><\/i> DETALLES<\/a><a class=\"btn btn-primary btn-lg px-lg-4 d-block d-md-none\" href=\"https:\/\/comunidad.comprasdominicana.gob.do\/\/Public\/Tendering\/OpportunityDetail\/Index?noticeUID=DO1.NTC.1060635\" target=\"_blank\" title=\"Detalles\"><i class=\"fas fa-2x fa-link\"><\/i><\/a><\/div><\/div><\/div><\/div><\/div><\/div>\n        <div class=\"card\">\n            <div class=\"card-header parents\" id=\"heading_compras-menores-69eeee772d89c-2022-69eeee772d89c-marzo-69eeee772d89c\">\n                <p class=\"title text-blue mb-0\">\n                    <a class=\"btn-block hover text-left collapsed\" data-toggle=\"collapse\" data-target=\"#collap_compras-menores-69eeee772d89c-2022-69eeee772d89c-marzo-69eeee772d89c\" aria-expanded=\"false\" aria-controls=\"collap_compras-menores-69eeee772d89c-2022-69eeee772d89c-marzo-69eeee772d89c\">Marzo<\/a>\n                <\/p>\n            <\/div>\n            <div id=\"collap_compras-menores-69eeee772d89c-2022-69eeee772d89c-marzo-69eeee772d89c\" class=\"collapse\" aria-labelledby=\"heading_compras-menores-69eeee772d89c-2022-69eeee772d89c-marzo-69eeee772d89c\" data-parent=\"#collap_compras-menores-69eeee772d89c-2022-69eeee772d89c\">\n                <div class=\"card-body\"><div class=\"jumbotron archivos\"><div class=\"row align-items-center\"><div class=\"col\"><h6><a class=\"text-dark\" href=\"https:\/\/comunidad.comprasdominicana.gob.do\/\/Public\/Tendering\/OpportunityDetail\/Index?noticeUID=DO1.NTC.1057233\" title=\"Ver\" target=\"_blank\">APORDOM-DAF-CM-2022-0012<\/a><\/h6><p class=\"mb-0 bold\">ADQUISICI\u00d3N DE MATERIAL GASTABLE PARA LAS OFICINAS Y PUERTOS DE APORDOM DIRIGIDO A MIPYME. <\/p><p class=\"mb-0\" style=\"font-size: .85rem\"><strong title=\"Estado del Proceso\"><i class=\"fas fa-spinner\"><\/i><\/strong> Proceso adjudicado y celebrado<\/p><p class=\"mb-0\" style=\"font-size: .85rem\"><strong title=\"Fecha de Publicaci\u00f3n\"><i class=\"fas fa-calendar-alt\"><\/i><\/strong> Publicado el jueves, 24 de marzo de 2022<\/p><\/div><div class=\"col-auto mt-md-0 mt-2\"><a class=\"btn btn-primary btn-lg px-lg-4 d-none d-md-block\" href=\"https:\/\/comunidad.comprasdominicana.gob.do\/\/Public\/Tendering\/OpportunityDetail\/Index?noticeUID=DO1.NTC.1057233\" target=\"_blank\" title=\"Detalles\"><i class=\"fas fa-link\"><\/i> DETALLES<\/a><a class=\"btn btn-primary btn-lg px-lg-4 d-block d-md-none\" href=\"https:\/\/comunidad.comprasdominicana.gob.do\/\/Public\/Tendering\/OpportunityDetail\/Index?noticeUID=DO1.NTC.1057233\" target=\"_blank\" title=\"Detalles\"><i class=\"fas fa-2x fa-link\"><\/i><\/a><\/div><\/div><\/div><div class=\"jumbotron archivos\"><div class=\"row align-items-center\"><div class=\"col\"><h6><a class=\"text-dark\" href=\"https:\/\/comunidad.comprasdominicana.gob.do\/\/Public\/Tendering\/OpportunityDetail\/Index?noticeUID=DO1.NTC.1056048\" title=\"Ver\" target=\"_blank\">APORDOM-DAF-CM-2022-0010<\/a><\/h6><p class=\"mb-0 bold\">ADQUISICION DE PINTURA Y MATERIALES FERRETEROS PARA LA SEDE PRINCIPAL DE APORDOM.<\/p><p class=\"mb-0\" style=\"font-size: .85rem\"><strong title=\"Estado del Proceso\"><i class=\"fas fa-spinner\"><\/i><\/strong> Proceso adjudicado y celebrado<\/p><p class=\"mb-0\" style=\"font-size: .85rem\"><strong title=\"Fecha de Publicaci\u00f3n\"><i class=\"fas fa-calendar-alt\"><\/i><\/strong> Publicado el martes, 22 de marzo de 2022<\/p><\/div><div class=\"col-auto mt-md-0 mt-2\"><a class=\"btn btn-primary btn-lg px-lg-4 d-none d-md-block\" href=\"https:\/\/comunidad.comprasdominicana.gob.do\/\/Public\/Tendering\/OpportunityDetail\/Index?noticeUID=DO1.NTC.1056048\" target=\"_blank\" title=\"Detalles\"><i class=\"fas fa-link\"><\/i> DETALLES<\/a><a class=\"btn btn-primary btn-lg px-lg-4 d-block d-md-none\" href=\"https:\/\/comunidad.comprasdominicana.gob.do\/\/Public\/Tendering\/OpportunityDetail\/Index?noticeUID=DO1.NTC.1056048\" target=\"_blank\" title=\"Detalles\"><i class=\"fas fa-2x fa-link\"><\/i><\/a><\/div><\/div><\/div><div class=\"jumbotron archivos\"><div class=\"row align-items-center\"><div class=\"col\"><h6><a class=\"text-dark\" href=\"https:\/\/comunidad.comprasdominicana.gob.do\/\/Public\/Tendering\/OpportunityDetail\/Index?noticeUID=DO1.NTC.1053942\" title=\"Ver\" target=\"_blank\">APORDOM-DAF-CM-2022-0009<\/a><\/h6><p class=\"mb-0 bold\">ADQUISICION DE MATERIALES FERRETEROS PARA OFICINAS APORDOM DIRIGIDO A MYPIMES<\/p><p class=\"mb-0\" style=\"font-size: .85rem\"><strong title=\"Estado del Proceso\"><i class=\"fas fa-spinner\"><\/i><\/strong> Proceso adjudicado y celebrado<\/p><p class=\"mb-0\" style=\"font-size: .85rem\"><strong title=\"Fecha de Publicaci\u00f3n\"><i class=\"fas fa-calendar-alt\"><\/i><\/strong> Publicado el jueves, 17 de marzo de 2022<\/p><\/div><div class=\"col-auto mt-md-0 mt-2\"><a class=\"btn btn-primary btn-lg px-lg-4 d-none d-md-block\" href=\"https:\/\/comunidad.comprasdominicana.gob.do\/\/Public\/Tendering\/OpportunityDetail\/Index?noticeUID=DO1.NTC.1053942\" target=\"_blank\" title=\"Detalles\"><i class=\"fas fa-link\"><\/i> DETALLES<\/a><a class=\"btn btn-primary btn-lg px-lg-4 d-block d-md-none\" href=\"https:\/\/comunidad.comprasdominicana.gob.do\/\/Public\/Tendering\/OpportunityDetail\/Index?noticeUID=DO1.NTC.1053942\" target=\"_blank\" title=\"Detalles\"><i class=\"fas fa-2x fa-link\"><\/i><\/a><\/div><\/div><\/div><div class=\"jumbotron archivos\"><div class=\"row align-items-center\"><div class=\"col\"><h6><a class=\"text-dark\" href=\"https:\/\/comunidad.comprasdominicana.gob.do\/\/Public\/Tendering\/OpportunityDetail\/Index?noticeUID=DO1.NTC.1050404\" title=\"Ver\" target=\"_blank\">APORDOM-DAF-CM-2022-0008<\/a><\/h6><p class=\"mb-0 bold\">CONTRATACI\u00d3N DE TALLER DE MANTENIMIENTO DE VEH\u00cdCULOS DE APORDOM.<\/p><p class=\"mb-0\" style=\"font-size: .85rem\"><strong title=\"Estado del Proceso\"><i class=\"fas fa-spinner\"><\/i><\/strong> Proceso adjudicado y celebrado<\/p><p class=\"mb-0\" style=\"font-size: .85rem\"><strong title=\"Fecha de Publicaci\u00f3n\"><i class=\"fas fa-calendar-alt\"><\/i><\/strong> Publicado el mi\u00e9rcoles, 9 de marzo de 2022<\/p><\/div><div class=\"col-auto mt-md-0 mt-2\"><a class=\"btn btn-primary btn-lg px-lg-4 d-none d-md-block\" href=\"https:\/\/comunidad.comprasdominicana.gob.do\/\/Public\/Tendering\/OpportunityDetail\/Index?noticeUID=DO1.NTC.1050404\" target=\"_blank\" title=\"Detalles\"><i class=\"fas fa-link\"><\/i> DETALLES<\/a><a class=\"btn btn-primary btn-lg px-lg-4 d-block d-md-none\" href=\"https:\/\/comunidad.comprasdominicana.gob.do\/\/Public\/Tendering\/OpportunityDetail\/Index?noticeUID=DO1.NTC.1050404\" target=\"_blank\" title=\"Detalles\"><i class=\"fas fa-2x fa-link\"><\/i><\/a><\/div><\/div><\/div><div class=\"jumbotron archivos\"><div class=\"row align-items-center\"><div class=\"col\"><h6><a class=\"text-dark\" href=\"https:\/\/comunidad.comprasdominicana.gob.do\/\/Public\/Tendering\/OpportunityDetail\/Index?noticeUID=DO1.NTC.1048523\" title=\"Ver\" target=\"_blank\">APORDOM-DAF-CM-2022-0006<\/a><\/h6><p class=\"mb-0 bold\">Adquisici\u00f3n de Banderas y Astas para la Sede Principal y Puertos de APORDOM.<\/p><p class=\"mb-0\" style=\"font-size: .85rem\"><strong title=\"Estado del Proceso\"><i class=\"fas fa-spinner\"><\/i><\/strong> Proceso adjudicado y celebrado<\/p><p class=\"mb-0\" style=\"font-size: .85rem\"><strong title=\"Fecha de Publicaci\u00f3n\"><i class=\"fas fa-calendar-alt\"><\/i><\/strong> Publicado el viernes, 4 de marzo de 2022<\/p><\/div><div class=\"col-auto mt-md-0 mt-2\"><a class=\"btn btn-primary btn-lg px-lg-4 d-none d-md-block\" href=\"https:\/\/comunidad.comprasdominicana.gob.do\/\/Public\/Tendering\/OpportunityDetail\/Index?noticeUID=DO1.NTC.1048523\" target=\"_blank\" title=\"Detalles\"><i class=\"fas fa-link\"><\/i> DETALLES<\/a><a class=\"btn btn-primary btn-lg px-lg-4 d-block d-md-none\" href=\"https:\/\/comunidad.comprasdominicana.gob.do\/\/Public\/Tendering\/OpportunityDetail\/Index?noticeUID=DO1.NTC.1048523\" target=\"_blank\" title=\"Detalles\"><i class=\"fas fa-2x fa-link\"><\/i><\/a><\/div><\/div><\/div><\/div><\/div><\/div>\n        <div class=\"card\">\n            <div class=\"card-header parents\" id=\"heading_compras-menores-69eeee772d89c-2022-69eeee772d89c-febrero-69eeee772d89c\">\n                <p class=\"title text-blue mb-0\">\n                    <a class=\"btn-block hover text-left collapsed\" data-toggle=\"collapse\" data-target=\"#collap_compras-menores-69eeee772d89c-2022-69eeee772d89c-febrero-69eeee772d89c\" aria-expanded=\"false\" aria-controls=\"collap_compras-menores-69eeee772d89c-2022-69eeee772d89c-febrero-69eeee772d89c\">Febrero<\/a>\n                <\/p>\n            <\/div>\n            <div id=\"collap_compras-menores-69eeee772d89c-2022-69eeee772d89c-febrero-69eeee772d89c\" class=\"collapse\" aria-labelledby=\"heading_compras-menores-69eeee772d89c-2022-69eeee772d89c-febrero-69eeee772d89c\" data-parent=\"#collap_compras-menores-69eeee772d89c-2022-69eeee772d89c\">\n                <div class=\"card-body\"><div class=\"jumbotron archivos\"><div class=\"row align-items-center\"><div class=\"col\"><h6><a class=\"text-dark\" href=\"https:\/\/comunidad.comprasdominicana.gob.do\/\/Public\/Tendering\/OpportunityDetail\/Index?noticeUID=DO1.NTC.1044619\" title=\"Ver\" target=\"_blank\">APORDOM-DAF-CM-2022-0007<\/a><\/h6><p class=\"mb-0 bold\">Adquisici\u00f3n De Materiales Ferreteros Para Adecuar Diferentes \u00c1reas De APORDOM.<\/p><p class=\"mb-0\" style=\"font-size: .85rem\"><strong title=\"Estado del Proceso\"><i class=\"fas fa-spinner\"><\/i><\/strong> Proceso adjudicado y celebrado<\/p><p class=\"mb-0\" style=\"font-size: .85rem\"><strong title=\"Fecha de Publicaci\u00f3n\"><i class=\"fas fa-calendar-alt\"><\/i><\/strong> Publicado el mi\u00e9rcoles, 23 de febrero de 2022<\/p><\/div><div class=\"col-auto mt-md-0 mt-2\"><a class=\"btn btn-primary btn-lg px-lg-4 d-none d-md-block\" href=\"https:\/\/comunidad.comprasdominicana.gob.do\/\/Public\/Tendering\/OpportunityDetail\/Index?noticeUID=DO1.NTC.1044619\" target=\"_blank\" title=\"Detalles\"><i class=\"fas fa-link\"><\/i> DETALLES<\/a><a class=\"btn btn-primary btn-lg px-lg-4 d-block d-md-none\" href=\"https:\/\/comunidad.comprasdominicana.gob.do\/\/Public\/Tendering\/OpportunityDetail\/Index?noticeUID=DO1.NTC.1044619\" target=\"_blank\" title=\"Detalles\"><i class=\"fas fa-2x fa-link\"><\/i><\/a><\/div><\/div><\/div><div class=\"jumbotron archivos\"><div class=\"row align-items-center\"><div class=\"col\"><h6><a class=\"text-dark\" href=\"https:\/\/comunidad.comprasdominicana.gob.do\/\/Public\/Tendering\/OpportunityDetail\/Index?noticeUID=DO1.NTC.1035318\" title=\"Ver\" target=\"_blank\">APORDOM-DAF-CM-2022-0004<\/a><\/h6><p class=\"mb-0 bold\">Adquisici\u00f3n de Materiales de Higiene y Limpieza Declarados Desiertos del proceso Ref. No. APORDOM-DAF-CM-2021-0072, dirigido a Mipymes<\/p><p class=\"mb-0\" style=\"font-size: .85rem\"><strong title=\"Estado del Proceso\"><i class=\"fas fa-spinner\"><\/i><\/strong> Proceso adjudicado y celebrado<\/p><p class=\"mb-0\" style=\"font-size: .85rem\"><strong title=\"Fecha de Publicaci\u00f3n\"><i class=\"fas fa-calendar-alt\"><\/i><\/strong> Publicado el mi\u00e9rcoles, 2 de febrero de 2022<\/p><\/div><div class=\"col-auto mt-md-0 mt-2\"><a class=\"btn btn-primary btn-lg px-lg-4 d-none d-md-block\" href=\"https:\/\/comunidad.comprasdominicana.gob.do\/\/Public\/Tendering\/OpportunityDetail\/Index?noticeUID=DO1.NTC.1035318\" target=\"_blank\" title=\"Detalles\"><i class=\"fas fa-link\"><\/i> DETALLES<\/a><a class=\"btn btn-primary btn-lg px-lg-4 d-block d-md-none\" href=\"https:\/\/comunidad.comprasdominicana.gob.do\/\/Public\/Tendering\/OpportunityDetail\/Index?noticeUID=DO1.NTC.1035318\" target=\"_blank\" title=\"Detalles\"><i class=\"fas fa-2x fa-link\"><\/i><\/a><\/div><\/div><\/div><\/div><\/div><\/div>\n        <div class=\"card\">\n            <div class=\"card-header parents\" id=\"heading_compras-menores-69eeee772d89c-2022-69eeee772d89c-enero-69eeee772d89c\">\n                <p class=\"title text-blue mb-0\">\n                    <a class=\"btn-block hover text-left collapsed\" data-toggle=\"collapse\" data-target=\"#collap_compras-menores-69eeee772d89c-2022-69eeee772d89c-enero-69eeee772d89c\" aria-expanded=\"false\" aria-controls=\"collap_compras-menores-69eeee772d89c-2022-69eeee772d89c-enero-69eeee772d89c\">Enero<\/a>\n                <\/p>\n            <\/div>\n            <div id=\"collap_compras-menores-69eeee772d89c-2022-69eeee772d89c-enero-69eeee772d89c\" class=\"collapse\" aria-labelledby=\"heading_compras-menores-69eeee772d89c-2022-69eeee772d89c-enero-69eeee772d89c\" data-parent=\"#collap_compras-menores-69eeee772d89c-2022-69eeee772d89c\">\n                <div class=\"card-body\"><div class=\"jumbotron archivos\"><div class=\"row align-items-center\"><div class=\"col\"><h6><a class=\"text-dark\" href=\"https:\/\/comunidad.comprasdominicana.gob.do\/\/Public\/Tendering\/OpportunityDetail\/Index?noticeUID=DO1.NTC.1033713\" title=\"Ver\" target=\"_blank\">APORDOM-DAF-CM-2022-0001<\/a><\/h6><p class=\"mb-0 bold\">Contrataci\u00f3n de Servicios de Manejo y Creatividad de Comunicaci\u00f3n Digital. <\/p><p class=\"mb-0\" style=\"font-size: .85rem\"><strong title=\"Estado del Proceso\"><i class=\"fas fa-spinner\"><\/i><\/strong> Cancelado<\/p><p class=\"mb-0\" style=\"font-size: .85rem\"><strong title=\"Fecha de Publicaci\u00f3n\"><i class=\"fas fa-calendar-alt\"><\/i><\/strong> Publicado el viernes, 28 de enero de 2022<\/p><\/div><div class=\"col-auto mt-md-0 mt-2\"><a class=\"btn btn-primary btn-lg px-lg-4 d-none d-md-block\" href=\"https:\/\/comunidad.comprasdominicana.gob.do\/\/Public\/Tendering\/OpportunityDetail\/Index?noticeUID=DO1.NTC.1033713\" target=\"_blank\" title=\"Detalles\"><i class=\"fas fa-link\"><\/i> DETALLES<\/a><a class=\"btn btn-primary btn-lg px-lg-4 d-block d-md-none\" href=\"https:\/\/comunidad.comprasdominicana.gob.do\/\/Public\/Tendering\/OpportunityDetail\/Index?noticeUID=DO1.NTC.1033713\" target=\"_blank\" title=\"Detalles\"><i class=\"fas fa-2x fa-link\"><\/i><\/a><\/div><\/div><\/div><div class=\"jumbotron archivos\"><div class=\"row align-items-center\"><div class=\"col\"><h6><a class=\"text-dark\" href=\"https:\/\/comunidad.comprasdominicana.gob.do\/\/Public\/Tendering\/OpportunityDetail\/Index?noticeUID=DO1.NTC.1032620\" title=\"Ver\" target=\"_blank\">APORDOM-DAF-CM-2022-0002<\/a><\/h6><p class=\"mb-0 bold\">Adquisici\u00f3n de Interruptores de red para las oficinas de APORDOM.<\/p><p class=\"mb-0\" style=\"font-size: .85rem\"><strong title=\"Estado del Proceso\"><i class=\"fas fa-spinner\"><\/i><\/strong> Proceso adjudicado y celebrado<\/p><p class=\"mb-0\" style=\"font-size: .85rem\"><strong title=\"Fecha de Publicaci\u00f3n\"><i class=\"fas fa-calendar-alt\"><\/i><\/strong> Publicado el mi\u00e9rcoles, 26 de enero de 2022<\/p><\/div><div class=\"col-auto mt-md-0 mt-2\"><a class=\"btn btn-primary btn-lg px-lg-4 d-none d-md-block\" href=\"https:\/\/comunidad.comprasdominicana.gob.do\/\/Public\/Tendering\/OpportunityDetail\/Index?noticeUID=DO1.NTC.1032620\" target=\"_blank\" title=\"Detalles\"><i class=\"fas fa-link\"><\/i> DETALLES<\/a><a class=\"btn btn-primary btn-lg px-lg-4 d-block d-md-none\" href=\"https:\/\/comunidad.comprasdominicana.gob.do\/\/Public\/Tendering\/OpportunityDetail\/Index?noticeUID=DO1.NTC.1032620\" target=\"_blank\" title=\"Detalles\"><i class=\"fas fa-2x fa-link\"><\/i><\/a><\/div><\/div><\/div><div class=\"jumbotron archivos\"><div class=\"row align-items-center\"><div class=\"col\"><h6><a class=\"text-dark\" href=\"https:\/\/comunidad.comprasdominicana.gob.do\/\/Public\/Tendering\/OpportunityDetail\/Index?noticeUID=DO1.NTC.1032526\" title=\"Ver\" target=\"_blank\">APORDOM-DAF-CM-2022-0003<\/a><\/h6><p class=\"mb-0 bold\">Adquisici\u00f3n de Licencia y estructura de red para las oficinas de APORDOM<\/p><p class=\"mb-0\" style=\"font-size: .85rem\"><strong title=\"Estado del Proceso\"><i class=\"fas fa-spinner\"><\/i><\/strong> Proceso adjudicado y celebrado<\/p><p class=\"mb-0\" style=\"font-size: .85rem\"><strong title=\"Fecha de Publicaci\u00f3n\"><i class=\"fas fa-calendar-alt\"><\/i><\/strong> Publicado el mi\u00e9rcoles, 26 de enero de 2022<\/p><\/div><div class=\"col-auto mt-md-0 mt-2\"><a class=\"btn btn-primary btn-lg px-lg-4 d-none d-md-block\" href=\"https:\/\/comunidad.comprasdominicana.gob.do\/\/Public\/Tendering\/OpportunityDetail\/Index?noticeUID=DO1.NTC.1032526\" target=\"_blank\" title=\"Detalles\"><i class=\"fas fa-link\"><\/i> DETALLES<\/a><a class=\"btn btn-primary btn-lg px-lg-4 d-block d-md-none\" href=\"https:\/\/comunidad.comprasdominicana.gob.do\/\/Public\/Tendering\/OpportunityDetail\/Index?noticeUID=DO1.NTC.1032526\" target=\"_blank\" title=\"Detalles\"><i class=\"fas fa-2x fa-link\"><\/i><\/a><\/div><\/div><\/div><\/div><\/div><\/div><\/div><\/div><\/div>\n        <div class=\"card\">\n            <div class=\"card-header parents\" id=\"heading_compras-menores-69eeee772d89c-2021-69eeee772d89c\">\n                <p class=\"title text-blue mb-0\">\n                    <a class=\"btn-block hover text-left collapsed\" data-toggle=\"collapse\" data-target=\"#collap_compras-menores-69eeee772d89c-2021-69eeee772d89c\" aria-expanded=\"false\" aria-controls=\"collap_compras-menores-69eeee772d89c-2021-69eeee772d89c\">2021<\/a>\n                <\/p>\n            <\/div>\n            <div id=\"collap_compras-menores-69eeee772d89c-2021-69eeee772d89c\" class=\"collapse\" aria-labelledby=\"heading_compras-menores-69eeee772d89c-2021-69eeee772d89c\" data-parent=\"#collap_compras-menores-69eeee772d89c\">\n                <div class=\"card-body\">\n        <div class=\"card\">\n            <div class=\"card-header parents\" id=\"heading_compras-menores-69eeee772d89c-2021-69eeee772d89c-diciembre-69eeee772d89c\">\n                <p class=\"title text-blue mb-0\">\n                    <a class=\"btn-block hover text-left collapsed\" data-toggle=\"collapse\" data-target=\"#collap_compras-menores-69eeee772d89c-2021-69eeee772d89c-diciembre-69eeee772d89c\" aria-expanded=\"false\" aria-controls=\"collap_compras-menores-69eeee772d89c-2021-69eeee772d89c-diciembre-69eeee772d89c\">Diciembre<\/a>\n                <\/p>\n            <\/div>\n            <div id=\"collap_compras-menores-69eeee772d89c-2021-69eeee772d89c-diciembre-69eeee772d89c\" class=\"collapse\" aria-labelledby=\"heading_compras-menores-69eeee772d89c-2021-69eeee772d89c-diciembre-69eeee772d89c\" data-parent=\"#collap_compras-menores-69eeee772d89c-2021-69eeee772d89c\">\n                <div class=\"card-body\"><div class=\"jumbotron archivos\"><div class=\"row align-items-center\"><div class=\"col\"><h6><a class=\"text-dark\" href=\"https:\/\/comunidad.comprasdominicana.gob.do\/\/Public\/Tendering\/OpportunityDetail\/Index?noticeUID=DO1.NTC.1012139\" title=\"Ver\" target=\"_blank\">APORDOM-DAF-CM-2021-0072<\/a><\/h6><p class=\"mb-0 bold\">Adquisici\u00f3n de Materiales Gastables (desechables y productos de limpieza) para la Sede principal de APORDOM<\/p><p class=\"mb-0\" style=\"font-size: .85rem\"><strong title=\"Estado del Proceso\"><i class=\"fas fa-spinner\"><\/i><\/strong> Proceso adjudicado y celebrado<\/p><p class=\"mb-0\" style=\"font-size: .85rem\"><strong title=\"Fecha de Publicaci\u00f3n\"><i class=\"fas fa-calendar-alt\"><\/i><\/strong> Publicado el lunes, 13 de diciembre de 2021<\/p><\/div><div class=\"col-auto mt-md-0 mt-2\"><a class=\"btn btn-primary btn-lg px-lg-4 d-none d-md-block\" href=\"https:\/\/comunidad.comprasdominicana.gob.do\/\/Public\/Tendering\/OpportunityDetail\/Index?noticeUID=DO1.NTC.1012139\" target=\"_blank\" title=\"Detalles\"><i class=\"fas fa-link\"><\/i> DETALLES<\/a><a class=\"btn btn-primary btn-lg px-lg-4 d-block d-md-none\" href=\"https:\/\/comunidad.comprasdominicana.gob.do\/\/Public\/Tendering\/OpportunityDetail\/Index?noticeUID=DO1.NTC.1012139\" target=\"_blank\" title=\"Detalles\"><i class=\"fas fa-2x fa-link\"><\/i><\/a><\/div><\/div><\/div><div class=\"jumbotron archivos\"><div class=\"row align-items-center\"><div class=\"col\"><h6><a class=\"text-dark\" href=\"https:\/\/comunidad.comprasdominicana.gob.do\/\/Public\/Tendering\/OpportunityDetail\/Index?noticeUID=DO1.NTC.1009855\" title=\"Ver\" target=\"_blank\">APORDOM-DAF-CM-2021-0071<\/a><\/h6><p class=\"mb-0 bold\">Contrataci\u00f3n de servicios de alquiler de impresoras multifuncionales para APORDOM por 12 meses.<\/p><p class=\"mb-0\" style=\"font-size: .85rem\"><strong title=\"Estado del Proceso\"><i class=\"fas fa-spinner\"><\/i><\/strong> Proceso adjudicado y celebrado<\/p><p class=\"mb-0\" style=\"font-size: .85rem\"><strong title=\"Fecha de Publicaci\u00f3n\"><i class=\"fas fa-calendar-alt\"><\/i><\/strong> Publicado el martes, 7 de diciembre de 2021<\/p><\/div><div class=\"col-auto mt-md-0 mt-2\"><a class=\"btn btn-primary btn-lg px-lg-4 d-none d-md-block\" href=\"https:\/\/comunidad.comprasdominicana.gob.do\/\/Public\/Tendering\/OpportunityDetail\/Index?noticeUID=DO1.NTC.1009855\" target=\"_blank\" title=\"Detalles\"><i class=\"fas fa-link\"><\/i> DETALLES<\/a><a class=\"btn btn-primary btn-lg px-lg-4 d-block d-md-none\" href=\"https:\/\/comunidad.comprasdominicana.gob.do\/\/Public\/Tendering\/OpportunityDetail\/Index?noticeUID=DO1.NTC.1009855\" target=\"_blank\" title=\"Detalles\"><i class=\"fas fa-2x fa-link\"><\/i><\/a><\/div><\/div><\/div><div class=\"jumbotron archivos\"><div class=\"row align-items-center\"><div class=\"col\"><h6><a class=\"text-dark\" href=\"https:\/\/comunidad.comprasdominicana.gob.do\/\/Public\/Tendering\/OpportunityDetail\/Index?noticeUID=DO1.NTC.1010045\" title=\"Ver\" target=\"_blank\">APORDOM-DAF-CM-2021-0070<\/a><\/h6><p class=\"mb-0 bold\">Adquisici\u00f3n de Mobiliarios de Oficina para la Sede Principal de APORDOM<\/p><p class=\"mb-0\" style=\"font-size: .85rem\"><strong title=\"Estado del Proceso\"><i class=\"fas fa-spinner\"><\/i><\/strong> Proceso adjudicado y celebrado<\/p><p class=\"mb-0\" style=\"font-size: .85rem\"><strong title=\"Fecha de Publicaci\u00f3n\"><i class=\"fas fa-calendar-alt\"><\/i><\/strong> Publicado el martes, 7 de diciembre de 2021<\/p><\/div><div class=\"col-auto mt-md-0 mt-2\"><a class=\"btn btn-primary btn-lg px-lg-4 d-none d-md-block\" href=\"https:\/\/comunidad.comprasdominicana.gob.do\/\/Public\/Tendering\/OpportunityDetail\/Index?noticeUID=DO1.NTC.1010045\" target=\"_blank\" title=\"Detalles\"><i class=\"fas fa-link\"><\/i> DETALLES<\/a><a class=\"btn btn-primary btn-lg px-lg-4 d-block d-md-none\" href=\"https:\/\/comunidad.comprasdominicana.gob.do\/\/Public\/Tendering\/OpportunityDetail\/Index?noticeUID=DO1.NTC.1010045\" target=\"_blank\" title=\"Detalles\"><i class=\"fas fa-2x fa-link\"><\/i><\/a><\/div><\/div><\/div><div class=\"jumbotron archivos\"><div class=\"row align-items-center\"><div class=\"col\"><h6><a class=\"text-dark\" href=\"https:\/\/comunidad.comprasdominicana.gob.do\/\/Public\/Tendering\/OpportunityDetail\/Index?noticeUID=DO1.NTC.1009032\" title=\"Ver\" target=\"_blank\">APORDOM-DAF-CM-2021-0068<\/a><\/h6><p class=\"mb-0 bold\">Adquisici\u00f3n de Material Gastable para las Oficinas y Puertos de APORDOM<\/p><p class=\"mb-0\" style=\"font-size: .85rem\"><strong title=\"Estado del Proceso\"><i class=\"fas fa-spinner\"><\/i><\/strong> Proceso adjudicado y celebrado<\/p><p class=\"mb-0\" style=\"font-size: .85rem\"><strong title=\"Fecha de Publicaci\u00f3n\"><i class=\"fas fa-calendar-alt\"><\/i><\/strong> Publicado el lunes, 6 de diciembre de 2021<\/p><\/div><div class=\"col-auto mt-md-0 mt-2\"><a class=\"btn btn-primary btn-lg px-lg-4 d-none d-md-block\" href=\"https:\/\/comunidad.comprasdominicana.gob.do\/\/Public\/Tendering\/OpportunityDetail\/Index?noticeUID=DO1.NTC.1009032\" target=\"_blank\" title=\"Detalles\"><i class=\"fas fa-link\"><\/i> DETALLES<\/a><a class=\"btn btn-primary btn-lg px-lg-4 d-block d-md-none\" href=\"https:\/\/comunidad.comprasdominicana.gob.do\/\/Public\/Tendering\/OpportunityDetail\/Index?noticeUID=DO1.NTC.1009032\" target=\"_blank\" title=\"Detalles\"><i class=\"fas fa-2x fa-link\"><\/i><\/a><\/div><\/div><\/div><div class=\"jumbotron archivos\"><div class=\"row align-items-center\"><div class=\"col\"><h6><a class=\"text-dark\" href=\"https:\/\/comunidad.comprasdominicana.gob.do\/\/Public\/Tendering\/OpportunityDetail\/Index?noticeUID=DO1.NTC.1008719\" title=\"Ver\" target=\"_blank\">APORDOM-DAF-CM-2021-0069<\/a><\/h6><p class=\"mb-0 bold\">Adquisici\u00f3n de Formularios y Material impreso para uso de APORDOM.<\/p><p class=\"mb-0\" style=\"font-size: .85rem\"><strong title=\"Estado del Proceso\"><i class=\"fas fa-spinner\"><\/i><\/strong> Proceso adjudicado y celebrado<\/p><p class=\"mb-0\" style=\"font-size: .85rem\"><strong title=\"Fecha de Publicaci\u00f3n\"><i class=\"fas fa-calendar-alt\"><\/i><\/strong> Publicado el viernes, 3 de diciembre de 2021<\/p><\/div><div class=\"col-auto mt-md-0 mt-2\"><a class=\"btn btn-primary btn-lg px-lg-4 d-none d-md-block\" href=\"https:\/\/comunidad.comprasdominicana.gob.do\/\/Public\/Tendering\/OpportunityDetail\/Index?noticeUID=DO1.NTC.1008719\" target=\"_blank\" title=\"Detalles\"><i class=\"fas fa-link\"><\/i> DETALLES<\/a><a class=\"btn btn-primary btn-lg px-lg-4 d-block d-md-none\" href=\"https:\/\/comunidad.comprasdominicana.gob.do\/\/Public\/Tendering\/OpportunityDetail\/Index?noticeUID=DO1.NTC.1008719\" target=\"_blank\" title=\"Detalles\"><i class=\"fas fa-2x fa-link\"><\/i><\/a><\/div><\/div><\/div><div class=\"jumbotron archivos\"><div class=\"row align-items-center\"><div class=\"col\"><h6><a class=\"text-dark\" href=\"https:\/\/comunidad.comprasdominicana.gob.do\/\/Public\/Tendering\/OpportunityDetail\/Index?noticeUID=DO1.NTC.1007719\" title=\"Ver\" target=\"_blank\">APORDOM-DAF-CM-2021-0067<\/a><\/h6><p class=\"mb-0 bold\">Adquisici\u00f3n de (T\u00e9, Caf\u00e9, Az\u00facar, Removedores y Vasos para Caf\u00e9) para el consumo de APORDOM<\/p><p class=\"mb-0\" style=\"font-size: .85rem\"><strong title=\"Estado del Proceso\"><i class=\"fas fa-spinner\"><\/i><\/strong> Proceso adjudicado y celebrado<\/p><p class=\"mb-0\" style=\"font-size: .85rem\"><strong title=\"Fecha de Publicaci\u00f3n\"><i class=\"fas fa-calendar-alt\"><\/i><\/strong> Publicado el jueves, 2 de diciembre de 2021<\/p><\/div><div class=\"col-auto mt-md-0 mt-2\"><a class=\"btn btn-primary btn-lg px-lg-4 d-none d-md-block\" href=\"https:\/\/comunidad.comprasdominicana.gob.do\/\/Public\/Tendering\/OpportunityDetail\/Index?noticeUID=DO1.NTC.1007719\" target=\"_blank\" title=\"Detalles\"><i class=\"fas fa-link\"><\/i> DETALLES<\/a><a class=\"btn btn-primary btn-lg px-lg-4 d-block d-md-none\" href=\"https:\/\/comunidad.comprasdominicana.gob.do\/\/Public\/Tendering\/OpportunityDetail\/Index?noticeUID=DO1.NTC.1007719\" target=\"_blank\" title=\"Detalles\"><i class=\"fas fa-2x fa-link\"><\/i><\/a><\/div><\/div><\/div><\/div><\/div><\/div>\n        <div class=\"card\">\n            <div class=\"card-header parents\" id=\"heading_compras-menores-69eeee772d89c-2021-69eeee772d89c-noviembre-69eeee772d89c\">\n                <p class=\"title text-blue mb-0\">\n                    <a class=\"btn-block hover text-left collapsed\" data-toggle=\"collapse\" data-target=\"#collap_compras-menores-69eeee772d89c-2021-69eeee772d89c-noviembre-69eeee772d89c\" aria-expanded=\"false\" aria-controls=\"collap_compras-menores-69eeee772d89c-2021-69eeee772d89c-noviembre-69eeee772d89c\">Noviembre<\/a>\n                <\/p>\n            <\/div>\n            <div id=\"collap_compras-menores-69eeee772d89c-2021-69eeee772d89c-noviembre-69eeee772d89c\" class=\"collapse\" aria-labelledby=\"heading_compras-menores-69eeee772d89c-2021-69eeee772d89c-noviembre-69eeee772d89c\" data-parent=\"#collap_compras-menores-69eeee772d89c-2021-69eeee772d89c\">\n                <div class=\"card-body\"><div class=\"jumbotron archivos\"><div class=\"row align-items-center\"><div class=\"col\"><h6><a class=\"text-dark\" href=\"https:\/\/comunidad.comprasdominicana.gob.do\/\/Public\/Tendering\/OpportunityDetail\/Index?noticeUID=DO1.NTC.1005130\" title=\"Ver\" target=\"_blank\">APORDOM-DAF-CM-2021-0065<\/a><\/h6><p class=\"mb-0 bold\">Adquisici\u00f3n de materiales ferreteros para estaci\u00f3n de carga el\u00e9ctrica, dirigida a MiPymes.<\/p><p class=\"mb-0\" style=\"font-size: .85rem\"><strong title=\"Estado del Proceso\"><i class=\"fas fa-spinner\"><\/i><\/strong> Proceso adjudicado y celebrado<\/p><p class=\"mb-0\" style=\"font-size: .85rem\"><strong title=\"Fecha de Publicaci\u00f3n\"><i class=\"fas fa-calendar-alt\"><\/i><\/strong> Publicado el jueves, 25 de noviembre de 2021<\/p><\/div><div class=\"col-auto mt-md-0 mt-2\"><a class=\"btn btn-primary btn-lg px-lg-4 d-none d-md-block\" href=\"https:\/\/comunidad.comprasdominicana.gob.do\/\/Public\/Tendering\/OpportunityDetail\/Index?noticeUID=DO1.NTC.1005130\" target=\"_blank\" title=\"Detalles\"><i class=\"fas fa-link\"><\/i> DETALLES<\/a><a class=\"btn btn-primary btn-lg px-lg-4 d-block d-md-none\" href=\"https:\/\/comunidad.comprasdominicana.gob.do\/\/Public\/Tendering\/OpportunityDetail\/Index?noticeUID=DO1.NTC.1005130\" target=\"_blank\" title=\"Detalles\"><i class=\"fas fa-2x fa-link\"><\/i><\/a><\/div><\/div><\/div><div class=\"jumbotron archivos\"><div class=\"row align-items-center\"><div class=\"col\"><h6><a class=\"text-dark\" href=\"https:\/\/comunidad.comprasdominicana.gob.do\/\/Public\/Tendering\/OpportunityDetail\/Index?noticeUID=DO1.NTC.1004943\" title=\"Ver\" target=\"_blank\">APORDOM-DAF-CM-2021-0066<\/a><\/h6><p class=\"mb-0 bold\">Contrataci\u00f3n de Servicio de Alquiler de Veh\u00edculos<\/p><p class=\"mb-0\" style=\"font-size: .85rem\"><strong title=\"Estado del Proceso\"><i class=\"fas fa-spinner\"><\/i><\/strong> Proceso adjudicado y celebrado<\/p><p class=\"mb-0\" style=\"font-size: .85rem\"><strong title=\"Fecha de Publicaci\u00f3n\"><i class=\"fas fa-calendar-alt\"><\/i><\/strong> Publicado el jueves, 25 de noviembre de 2021<\/p><\/div><div class=\"col-auto mt-md-0 mt-2\"><a class=\"btn btn-primary btn-lg px-lg-4 d-none d-md-block\" href=\"https:\/\/comunidad.comprasdominicana.gob.do\/\/Public\/Tendering\/OpportunityDetail\/Index?noticeUID=DO1.NTC.1004943\" target=\"_blank\" title=\"Detalles\"><i class=\"fas fa-link\"><\/i> DETALLES<\/a><a class=\"btn btn-primary btn-lg px-lg-4 d-block d-md-none\" href=\"https:\/\/comunidad.comprasdominicana.gob.do\/\/Public\/Tendering\/OpportunityDetail\/Index?noticeUID=DO1.NTC.1004943\" target=\"_blank\" title=\"Detalles\"><i class=\"fas fa-2x fa-link\"><\/i><\/a><\/div><\/div><\/div><div class=\"jumbotron archivos\"><div class=\"row align-items-center\"><div class=\"col\"><h6><a class=\"text-dark\" href=\"https:\/\/comunidad.comprasdominicana.gob.do\/\/Public\/Tendering\/OpportunityDetail\/Index?noticeUID=DO1.NTC.1002717\" title=\"Ver\" target=\"_blank\">APORDOM-DAF-CM-2021-0064<\/a><\/h6><p class=\"mb-0 bold\">Contrataci\u00f3n de Taller para Mantenimiento y Reparaci\u00f3n de Veh\u00edculos de APORDOM<\/p><p class=\"mb-0\" style=\"font-size: .85rem\"><strong title=\"Estado del Proceso\"><i class=\"fas fa-spinner\"><\/i><\/strong> Proceso adjudicado y celebrado<\/p><p class=\"mb-0\" style=\"font-size: .85rem\"><strong title=\"Fecha de Publicaci\u00f3n\"><i class=\"fas fa-calendar-alt\"><\/i><\/strong> Publicado el viernes, 19 de noviembre de 2021<\/p><\/div><div class=\"col-auto mt-md-0 mt-2\"><a class=\"btn btn-primary btn-lg px-lg-4 d-none d-md-block\" href=\"https:\/\/comunidad.comprasdominicana.gob.do\/\/Public\/Tendering\/OpportunityDetail\/Index?noticeUID=DO1.NTC.1002717\" target=\"_blank\" title=\"Detalles\"><i class=\"fas fa-link\"><\/i> DETALLES<\/a><a class=\"btn btn-primary btn-lg px-lg-4 d-block d-md-none\" href=\"https:\/\/comunidad.comprasdominicana.gob.do\/\/Public\/Tendering\/OpportunityDetail\/Index?noticeUID=DO1.NTC.1002717\" target=\"_blank\" title=\"Detalles\"><i class=\"fas fa-2x fa-link\"><\/i><\/a><\/div><\/div><\/div><div class=\"jumbotron archivos\"><div class=\"row align-items-center\"><div class=\"col\"><h6><a class=\"text-dark\" href=\"https:\/\/comunidad.comprasdominicana.gob.do\/\/Public\/Tendering\/OpportunityDetail\/Index?noticeUID=DO1.NTC.1001740\" title=\"Ver\" target=\"_blank\">APORDOM-DAF-CM-2021-0062<\/a><\/h6><p class=\"mb-0 bold\">Adquisici\u00f3n de Art\u00edculos y Utensilios Deportivos para la Sede Principal de APORDOM<\/p><p class=\"mb-0\" style=\"font-size: .85rem\"><strong title=\"Estado del Proceso\"><i class=\"fas fa-spinner\"><\/i><\/strong> Proceso adjudicado y celebrado<\/p><p class=\"mb-0\" style=\"font-size: .85rem\"><strong title=\"Fecha de Publicaci\u00f3n\"><i class=\"fas fa-calendar-alt\"><\/i><\/strong> Publicado el jueves, 18 de noviembre de 2021<\/p><\/div><div class=\"col-auto mt-md-0 mt-2\"><a class=\"btn btn-primary btn-lg px-lg-4 d-none d-md-block\" href=\"https:\/\/comunidad.comprasdominicana.gob.do\/\/Public\/Tendering\/OpportunityDetail\/Index?noticeUID=DO1.NTC.1001740\" target=\"_blank\" title=\"Detalles\"><i class=\"fas fa-link\"><\/i> DETALLES<\/a><a class=\"btn btn-primary btn-lg px-lg-4 d-block d-md-none\" href=\"https:\/\/comunidad.comprasdominicana.gob.do\/\/Public\/Tendering\/OpportunityDetail\/Index?noticeUID=DO1.NTC.1001740\" target=\"_blank\" title=\"Detalles\"><i class=\"fas fa-2x fa-link\"><\/i><\/a><\/div><\/div><\/div><div class=\"jumbotron archivos\"><div class=\"row align-items-center\"><div class=\"col\"><h6><a class=\"text-dark\" href=\"https:\/\/comunidad.comprasdominicana.gob.do\/\/Public\/Tendering\/OpportunityDetail\/Index?noticeUID=DO1.NTC.997446\" title=\"Ver\" target=\"_blank\">APORDOM-DAF-CM-2021-0063<\/a><\/h6><p class=\"mb-0 bold\">Contrataci\u00f3n de Log\u00edstica para Reuniones de APORDOM<\/p><p class=\"mb-0\" style=\"font-size: .85rem\"><strong title=\"Estado del Proceso\"><i class=\"fas fa-spinner\"><\/i><\/strong> Proceso adjudicado y celebrado<\/p><p class=\"mb-0\" style=\"font-size: .85rem\"><strong title=\"Fecha de Publicaci\u00f3n\"><i class=\"fas fa-calendar-alt\"><\/i><\/strong> Publicado el mi\u00e9rcoles, 10 de noviembre de 2021<\/p><\/div><div class=\"col-auto mt-md-0 mt-2\"><a class=\"btn btn-primary btn-lg px-lg-4 d-none d-md-block\" href=\"https:\/\/comunidad.comprasdominicana.gob.do\/\/Public\/Tendering\/OpportunityDetail\/Index?noticeUID=DO1.NTC.997446\" target=\"_blank\" title=\"Detalles\"><i class=\"fas fa-link\"><\/i> DETALLES<\/a><a class=\"btn btn-primary btn-lg px-lg-4 d-block d-md-none\" href=\"https:\/\/comunidad.comprasdominicana.gob.do\/\/Public\/Tendering\/OpportunityDetail\/Index?noticeUID=DO1.NTC.997446\" target=\"_blank\" title=\"Detalles\"><i class=\"fas fa-2x fa-link\"><\/i><\/a><\/div><\/div><\/div><div class=\"jumbotron archivos\"><div class=\"row align-items-center\"><div class=\"col\"><h6><a class=\"text-dark\" href=\"https:\/\/comunidad.comprasdominicana.gob.do\/\/Public\/Tendering\/OpportunityDetail\/Index?noticeUID=DO1.NTC.994747\" title=\"Ver\" target=\"_blank\">APORDOM-DAF-CM-2021-0059<\/a><\/h6><p class=\"mb-0 bold\">Contrataci\u00f3n de Servicio de Licencia Software AutoCAD Civil 3D<\/p><p class=\"mb-0\" style=\"font-size: .85rem\"><strong title=\"Estado del Proceso\"><i class=\"fas fa-spinner\"><\/i><\/strong> Proceso adjudicado y celebrado<\/p><p class=\"mb-0\" style=\"font-size: .85rem\"><strong title=\"Fecha de Publicaci\u00f3n\"><i class=\"fas fa-calendar-alt\"><\/i><\/strong> Publicado el jueves, 4 de noviembre de 2021<\/p><\/div><div class=\"col-auto mt-md-0 mt-2\"><a class=\"btn btn-primary btn-lg px-lg-4 d-none d-md-block\" href=\"https:\/\/comunidad.comprasdominicana.gob.do\/\/Public\/Tendering\/OpportunityDetail\/Index?noticeUID=DO1.NTC.994747\" target=\"_blank\" title=\"Detalles\"><i class=\"fas fa-link\"><\/i> DETALLES<\/a><a class=\"btn btn-primary btn-lg px-lg-4 d-block d-md-none\" href=\"https:\/\/comunidad.comprasdominicana.gob.do\/\/Public\/Tendering\/OpportunityDetail\/Index?noticeUID=DO1.NTC.994747\" target=\"_blank\" title=\"Detalles\"><i class=\"fas fa-2x fa-link\"><\/i><\/a><\/div><\/div><\/div><div class=\"jumbotron archivos\"><div class=\"row align-items-center\"><div class=\"col\"><h6><a class=\"text-dark\" href=\"https:\/\/comunidad.comprasdominicana.gob.do\/\/Public\/Tendering\/OpportunityDetail\/Index?noticeUID=DO1.NTC.994442\" title=\"Ver\" target=\"_blank\">APORDOM-DAF-CM-2021-0061<\/a><\/h6><p class=\"mb-0 bold\">Contrataci\u00f3n de Servicios de Mantenimientos Preventivos y Correctivos para los Generadores El\u00e9ctricos de APORDOM.<\/p><p class=\"mb-0\" style=\"font-size: .85rem\"><strong title=\"Estado del Proceso\"><i class=\"fas fa-spinner\"><\/i><\/strong> Proceso adjudicado y celebrado<\/p><p class=\"mb-0\" style=\"font-size: .85rem\"><strong title=\"Fecha de Publicaci\u00f3n\"><i class=\"fas fa-calendar-alt\"><\/i><\/strong> Publicado el mi\u00e9rcoles, 3 de noviembre de 2021<\/p><\/div><div class=\"col-auto mt-md-0 mt-2\"><a class=\"btn btn-primary btn-lg px-lg-4 d-none d-md-block\" href=\"https:\/\/comunidad.comprasdominicana.gob.do\/\/Public\/Tendering\/OpportunityDetail\/Index?noticeUID=DO1.NTC.994442\" target=\"_blank\" title=\"Detalles\"><i class=\"fas fa-link\"><\/i> DETALLES<\/a><a class=\"btn btn-primary btn-lg px-lg-4 d-block d-md-none\" href=\"https:\/\/comunidad.comprasdominicana.gob.do\/\/Public\/Tendering\/OpportunityDetail\/Index?noticeUID=DO1.NTC.994442\" target=\"_blank\" title=\"Detalles\"><i class=\"fas fa-2x fa-link\"><\/i><\/a><\/div><\/div><\/div><div class=\"jumbotron archivos\"><div class=\"row align-items-center\"><div class=\"col\"><h6><a class=\"text-dark\" href=\"https:\/\/comunidad.comprasdominicana.gob.do\/\/Public\/Tendering\/OpportunityDetail\/Index?noticeUID=DO1.NTC.993218\" title=\"Ver\" target=\"_blank\">APORDOM-DAF-CM-2021-0060<\/a><\/h6><p class=\"mb-0 bold\">Adquisici\u00f3n de Electrodom\u00e9sticos para la Sede Principal de APORDOM<\/p><p class=\"mb-0\" style=\"font-size: .85rem\"><strong title=\"Estado del Proceso\"><i class=\"fas fa-spinner\"><\/i><\/strong> Proceso adjudicado y celebrado<\/p><p class=\"mb-0\" style=\"font-size: .85rem\"><strong title=\"Fecha de Publicaci\u00f3n\"><i class=\"fas fa-calendar-alt\"><\/i><\/strong> Publicado el lunes, 1 de noviembre de 2021<\/p><\/div><div class=\"col-auto mt-md-0 mt-2\"><a class=\"btn btn-primary btn-lg px-lg-4 d-none d-md-block\" href=\"https:\/\/comunidad.comprasdominicana.gob.do\/\/Public\/Tendering\/OpportunityDetail\/Index?noticeUID=DO1.NTC.993218\" target=\"_blank\" title=\"Detalles\"><i class=\"fas fa-link\"><\/i> DETALLES<\/a><a class=\"btn btn-primary btn-lg px-lg-4 d-block d-md-none\" href=\"https:\/\/comunidad.comprasdominicana.gob.do\/\/Public\/Tendering\/OpportunityDetail\/Index?noticeUID=DO1.NTC.993218\" target=\"_blank\" title=\"Detalles\"><i class=\"fas fa-2x fa-link\"><\/i><\/a><\/div><\/div><\/div><div class=\"jumbotron archivos\"><div class=\"row align-items-center\"><div class=\"col\"><h6><a class=\"text-dark\" href=\"https:\/\/comunidad.comprasdominicana.gob.do\/\/Public\/Tendering\/OpportunityDetail\/Index?noticeUID=DO1.NTC.994527\" title=\"Ver\" target=\"_blank\">APORDOM-DAF-CM-2021-0058<\/a><\/h6><p class=\"mb-0 bold\">Contrataci\u00f3n de Taller para Mantenimiento y Reparaci\u00f3n de Veh\u00edculos de APORDOM<\/p><p class=\"mb-0\" style=\"font-size: .85rem\"><strong title=\"Estado del Proceso\"><i class=\"fas fa-spinner\"><\/i><\/strong> Proceso desierto<\/p><p class=\"mb-0\" style=\"font-size: .85rem\"><strong title=\"Fecha de Publicaci\u00f3n\"><i class=\"fas fa-calendar-alt\"><\/i><\/strong> Publicado el mi\u00e9rcoles, 3 de noviembre de 2021<\/p><\/div><div class=\"col-auto mt-md-0 mt-2\"><a class=\"btn btn-primary btn-lg px-lg-4 d-none d-md-block\" href=\"https:\/\/comunidad.comprasdominicana.gob.do\/\/Public\/Tendering\/OpportunityDetail\/Index?noticeUID=DO1.NTC.994527\" target=\"_blank\" title=\"Detalles\"><i class=\"fas fa-link\"><\/i> DETALLES<\/a><a class=\"btn btn-primary btn-lg px-lg-4 d-block d-md-none\" href=\"https:\/\/comunidad.comprasdominicana.gob.do\/\/Public\/Tendering\/OpportunityDetail\/Index?noticeUID=DO1.NTC.994527\" target=\"_blank\" title=\"Detalles\"><i class=\"fas fa-2x fa-link\"><\/i><\/a><\/div><\/div><\/div><\/div><\/div><\/div>\n        <div class=\"card\">\n            <div class=\"card-header parents\" id=\"heading_compras-menores-69eeee772d89c-2021-69eeee772d89c-octubre-69eeee772d89c\">\n                <p class=\"title text-blue mb-0\">\n                    <a class=\"btn-block hover text-left collapsed\" data-toggle=\"collapse\" data-target=\"#collap_compras-menores-69eeee772d89c-2021-69eeee772d89c-octubre-69eeee772d89c\" aria-expanded=\"false\" aria-controls=\"collap_compras-menores-69eeee772d89c-2021-69eeee772d89c-octubre-69eeee772d89c\">Octubre<\/a>\n                <\/p>\n            <\/div>\n            <div id=\"collap_compras-menores-69eeee772d89c-2021-69eeee772d89c-octubre-69eeee772d89c\" class=\"collapse\" aria-labelledby=\"heading_compras-menores-69eeee772d89c-2021-69eeee772d89c-octubre-69eeee772d89c\" data-parent=\"#collap_compras-menores-69eeee772d89c-2021-69eeee772d89c\">\n                <div class=\"card-body\"><div class=\"jumbotron archivos\"><div class=\"row align-items-center\"><div class=\"col\"><h6><a class=\"text-dark\" href=\"https:\/\/comunidad.comprasdominicana.gob.do\/\/Public\/Tendering\/OpportunityDetail\/Index?noticeUID=DO1.NTC.992744\" title=\"Ver\" target=\"_blank\">APORDOM-DAF-CM-2021-0056<\/a><\/h6><p class=\"mb-0 bold\">Adquisici\u00f3n de Materiales y Equipos Tecnol\u00f3gicos para la Sede Principal de APORDOM<\/p><p class=\"mb-0\" style=\"font-size: .85rem\"><strong title=\"Estado del Proceso\"><i class=\"fas fa-spinner\"><\/i><\/strong> Proceso adjudicado y celebrado<\/p><p class=\"mb-0\" style=\"font-size: .85rem\"><strong title=\"Fecha de Publicaci\u00f3n\"><i class=\"fas fa-calendar-alt\"><\/i><\/strong> Publicado el viernes, 29 de octubre de 2021<\/p><\/div><div class=\"col-auto mt-md-0 mt-2\"><a class=\"btn btn-primary btn-lg px-lg-4 d-none d-md-block\" href=\"https:\/\/comunidad.comprasdominicana.gob.do\/\/Public\/Tendering\/OpportunityDetail\/Index?noticeUID=DO1.NTC.992744\" target=\"_blank\" title=\"Detalles\"><i class=\"fas fa-link\"><\/i> DETALLES<\/a><a class=\"btn btn-primary btn-lg px-lg-4 d-block d-md-none\" href=\"https:\/\/comunidad.comprasdominicana.gob.do\/\/Public\/Tendering\/OpportunityDetail\/Index?noticeUID=DO1.NTC.992744\" target=\"_blank\" title=\"Detalles\"><i class=\"fas fa-2x fa-link\"><\/i><\/a><\/div><\/div><\/div><div class=\"jumbotron archivos\"><div class=\"row align-items-center\"><div class=\"col\"><h6><a class=\"text-dark\" href=\"https:\/\/comunidad.comprasdominicana.gob.do\/\/Public\/Tendering\/OpportunityDetail\/Index?noticeUID=DO1.NTC.985511\" title=\"Ver\" target=\"_blank\">APORDOM-DAF-CM-2021-0057<\/a><\/h6><p class=\"mb-0 bold\">Adquisici\u00f3n de Piezas de Repuesto para uso de APORDOM.<\/p><p class=\"mb-0\" style=\"font-size: .85rem\"><strong title=\"Estado del Proceso\"><i class=\"fas fa-spinner\"><\/i><\/strong> Proceso adjudicado y celebrado<\/p><p class=\"mb-0\" style=\"font-size: .85rem\"><strong title=\"Fecha de Publicaci\u00f3n\"><i class=\"fas fa-calendar-alt\"><\/i><\/strong> Publicado el viernes, 15 de octubre de 2021<\/p><\/div><div class=\"col-auto mt-md-0 mt-2\"><a class=\"btn btn-primary btn-lg px-lg-4 d-none d-md-block\" href=\"https:\/\/comunidad.comprasdominicana.gob.do\/\/Public\/Tendering\/OpportunityDetail\/Index?noticeUID=DO1.NTC.985511\" target=\"_blank\" title=\"Detalles\"><i class=\"fas fa-link\"><\/i> DETALLES<\/a><a class=\"btn btn-primary btn-lg px-lg-4 d-block d-md-none\" href=\"https:\/\/comunidad.comprasdominicana.gob.do\/\/Public\/Tendering\/OpportunityDetail\/Index?noticeUID=DO1.NTC.985511\" target=\"_blank\" title=\"Detalles\"><i class=\"fas fa-2x fa-link\"><\/i><\/a><\/div><\/div><\/div><\/div><\/div><\/div>\n        <div class=\"card\">\n            <div class=\"card-header parents\" id=\"heading_compras-menores-69eeee772d89c-2021-69eeee772d89c-septiembre-69eeee772d89c\">\n                <p class=\"title text-blue mb-0\">\n                    <a class=\"btn-block hover text-left collapsed\" data-toggle=\"collapse\" data-target=\"#collap_compras-menores-69eeee772d89c-2021-69eeee772d89c-septiembre-69eeee772d89c\" aria-expanded=\"false\" aria-controls=\"collap_compras-menores-69eeee772d89c-2021-69eeee772d89c-septiembre-69eeee772d89c\">Septiembre<\/a>\n                <\/p>\n            <\/div>\n            <div id=\"collap_compras-menores-69eeee772d89c-2021-69eeee772d89c-septiembre-69eeee772d89c\" class=\"collapse\" aria-labelledby=\"heading_compras-menores-69eeee772d89c-2021-69eeee772d89c-septiembre-69eeee772d89c\" data-parent=\"#collap_compras-menores-69eeee772d89c-2021-69eeee772d89c\">\n                <div class=\"card-body\"><div class=\"jumbotron archivos\"><div class=\"row align-items-center\"><div class=\"col\"><h6><a class=\"text-dark\" href=\"https:\/\/comunidad.comprasdominicana.gob.do\/\/Public\/Tendering\/OpportunityDetail\/Index?noticeUID=DO1.NTC.976931\" title=\"Ver\" target=\"_blank\">APORDOM-DAF-CM-2021-0055<\/a><\/h6><p class=\"mb-0 bold\">Adquisici\u00f3n de Uniformes Deportivos del Lote desierto en el Proceso  APORDOM-DAF-CM-2021-0043, dirigido a Mipymes<\/p><p class=\"mb-0\" style=\"font-size: .85rem\"><strong title=\"Estado del Proceso\"><i class=\"fas fa-spinner\"><\/i><\/strong> Proceso adjudicado y celebrado<\/p><p class=\"mb-0\" style=\"font-size: .85rem\"><strong title=\"Fecha de Publicaci\u00f3n\"><i class=\"fas fa-calendar-alt\"><\/i><\/strong> Publicado el martes, 28 de septiembre de 2021<\/p><\/div><div class=\"col-auto mt-md-0 mt-2\"><a class=\"btn btn-primary btn-lg px-lg-4 d-none d-md-block\" href=\"https:\/\/comunidad.comprasdominicana.gob.do\/\/Public\/Tendering\/OpportunityDetail\/Index?noticeUID=DO1.NTC.976931\" target=\"_blank\" title=\"Detalles\"><i class=\"fas fa-link\"><\/i> DETALLES<\/a><a class=\"btn btn-primary btn-lg px-lg-4 d-block d-md-none\" href=\"https:\/\/comunidad.comprasdominicana.gob.do\/\/Public\/Tendering\/OpportunityDetail\/Index?noticeUID=DO1.NTC.976931\" target=\"_blank\" title=\"Detalles\"><i class=\"fas fa-2x fa-link\"><\/i><\/a><\/div><\/div><\/div><div class=\"jumbotron archivos\"><div class=\"row align-items-center\"><div class=\"col\"><h6><a class=\"text-dark\" href=\"https:\/\/comunidad.comprasdominicana.gob.do\/\/Public\/Tendering\/OpportunityDetail\/Index?noticeUID=DO1.NTC.977031\" title=\"Ver\" target=\"_blank\">APORDOM-DAF-CM-2021-0054<\/a><\/h6><p class=\"mb-0 bold\">Adquisici\u00f3n de Cortinas Venecianas para uso de APORDOM.<\/p><p class=\"mb-0\" style=\"font-size: .85rem\"><strong title=\"Estado del Proceso\"><i class=\"fas fa-spinner\"><\/i><\/strong> Proceso adjudicado y celebrado<\/p><p class=\"mb-0\" style=\"font-size: .85rem\"><strong title=\"Fecha de Publicaci\u00f3n\"><i class=\"fas fa-calendar-alt\"><\/i><\/strong> Publicado el martes, 28 de septiembre de 2021<\/p><\/div><div class=\"col-auto mt-md-0 mt-2\"><a class=\"btn btn-primary btn-lg px-lg-4 d-none d-md-block\" href=\"https:\/\/comunidad.comprasdominicana.gob.do\/\/Public\/Tendering\/OpportunityDetail\/Index?noticeUID=DO1.NTC.977031\" target=\"_blank\" title=\"Detalles\"><i class=\"fas fa-link\"><\/i> DETALLES<\/a><a class=\"btn btn-primary btn-lg px-lg-4 d-block d-md-none\" href=\"https:\/\/comunidad.comprasdominicana.gob.do\/\/Public\/Tendering\/OpportunityDetail\/Index?noticeUID=DO1.NTC.977031\" target=\"_blank\" title=\"Detalles\"><i class=\"fas fa-2x fa-link\"><\/i><\/a><\/div><\/div><\/div><div class=\"jumbotron archivos\"><div class=\"row align-items-center\"><div class=\"col\"><h6><a class=\"text-dark\" href=\"https:\/\/comunidad.comprasdominicana.gob.do\/\/Public\/Tendering\/OpportunityDetail\/Index?noticeUID=DO1.NTC.974525\" title=\"Ver\" target=\"_blank\">APORDOM-DAF-CM-2021-0053<\/a><\/h6><p class=\"mb-0 bold\">Adquisici\u00f3n de Materiales Ferreteros para el Puerto de Saman\u00e1, dirigido a Mipymes.<\/p><p class=\"mb-0\" style=\"font-size: .85rem\"><strong title=\"Estado del Proceso\"><i class=\"fas fa-spinner\"><\/i><\/strong> Proceso adjudicado y celebrado<\/p><p class=\"mb-0\" style=\"font-size: .85rem\"><strong title=\"Fecha de Publicaci\u00f3n\"><i class=\"fas fa-calendar-alt\"><\/i><\/strong> Publicado el martes, 21 de septiembre de 2021<\/p><\/div><div class=\"col-auto mt-md-0 mt-2\"><a class=\"btn btn-primary btn-lg px-lg-4 d-none d-md-block\" href=\"https:\/\/comunidad.comprasdominicana.gob.do\/\/Public\/Tendering\/OpportunityDetail\/Index?noticeUID=DO1.NTC.974525\" target=\"_blank\" title=\"Detalles\"><i class=\"fas fa-link\"><\/i> DETALLES<\/a><a class=\"btn btn-primary btn-lg px-lg-4 d-block d-md-none\" href=\"https:\/\/comunidad.comprasdominicana.gob.do\/\/Public\/Tendering\/OpportunityDetail\/Index?noticeUID=DO1.NTC.974525\" target=\"_blank\" title=\"Detalles\"><i class=\"fas fa-2x fa-link\"><\/i><\/a><\/div><\/div><\/div><div class=\"jumbotron archivos\"><div class=\"row align-items-center\"><div class=\"col\"><h6><a class=\"text-dark\" href=\"https:\/\/comunidad.comprasdominicana.gob.do\/\/Public\/Tendering\/OpportunityDetail\/Index?noticeUID=DO1.NTC.971633\" title=\"Ver\" target=\"_blank\">APORDOM-DAF-CM-2021-0051<\/a><\/h6><p class=\"mb-0 bold\">Adquisici\u00f3n de Equipos de Climatizaci\u00f3n.<\/p><p class=\"mb-0\" style=\"font-size: .85rem\"><strong title=\"Estado del Proceso\"><i class=\"fas fa-spinner\"><\/i><\/strong> Proceso adjudicado y celebrado<\/p><p class=\"mb-0\" style=\"font-size: .85rem\"><strong title=\"Fecha de Publicaci\u00f3n\"><i class=\"fas fa-calendar-alt\"><\/i><\/strong> Publicado el jueves, 16 de septiembre de 2021<\/p><\/div><div class=\"col-auto mt-md-0 mt-2\"><a class=\"btn btn-primary btn-lg px-lg-4 d-none d-md-block\" href=\"https:\/\/comunidad.comprasdominicana.gob.do\/\/Public\/Tendering\/OpportunityDetail\/Index?noticeUID=DO1.NTC.971633\" target=\"_blank\" title=\"Detalles\"><i class=\"fas fa-link\"><\/i> DETALLES<\/a><a class=\"btn btn-primary btn-lg px-lg-4 d-block d-md-none\" href=\"https:\/\/comunidad.comprasdominicana.gob.do\/\/Public\/Tendering\/OpportunityDetail\/Index?noticeUID=DO1.NTC.971633\" target=\"_blank\" title=\"Detalles\"><i class=\"fas fa-2x fa-link\"><\/i><\/a><\/div><\/div><\/div><div class=\"jumbotron archivos\"><div class=\"row align-items-center\"><div class=\"col\"><h6><a class=\"text-dark\" href=\"https:\/\/comunidad.comprasdominicana.gob.do\/\/Public\/Tendering\/OpportunityDetail\/Index?noticeUID=DO1.NTC.968515\" title=\"Ver\" target=\"_blank\">APORDOM-DAF-CM-2021-0050<\/a><\/h6><p class=\"mb-0 bold\">Adquisici\u00f3n de los servicios de alojamiento Web Microsoft Azure para el Portal Web de Autoridad Portuaria Dominicana por un Periodo de trece (13) Meses<\/p><p class=\"mb-0\" style=\"font-size: .85rem\"><strong title=\"Estado del Proceso\"><i class=\"fas fa-spinner\"><\/i><\/strong> Proceso adjudicado y celebrado<\/p><p class=\"mb-0\" style=\"font-size: .85rem\"><strong title=\"Fecha de Publicaci\u00f3n\"><i class=\"fas fa-calendar-alt\"><\/i><\/strong> Publicado el jueves, 9 de septiembre de 2021<\/p><\/div><div class=\"col-auto mt-md-0 mt-2\"><a class=\"btn btn-primary btn-lg px-lg-4 d-none d-md-block\" href=\"https:\/\/comunidad.comprasdominicana.gob.do\/\/Public\/Tendering\/OpportunityDetail\/Index?noticeUID=DO1.NTC.968515\" target=\"_blank\" title=\"Detalles\"><i class=\"fas fa-link\"><\/i> DETALLES<\/a><a class=\"btn btn-primary btn-lg px-lg-4 d-block d-md-none\" href=\"https:\/\/comunidad.comprasdominicana.gob.do\/\/Public\/Tendering\/OpportunityDetail\/Index?noticeUID=DO1.NTC.968515\" target=\"_blank\" title=\"Detalles\"><i class=\"fas fa-2x fa-link\"><\/i><\/a><\/div><\/div><\/div><div class=\"jumbotron archivos\"><div class=\"row align-items-center\"><div class=\"col\"><h6><a class=\"text-dark\" href=\"https:\/\/comunidad.comprasdominicana.gob.do\/\/Public\/Tendering\/OpportunityDetail\/Index?noticeUID=DO1.NTC.968031\" title=\"Ver\" target=\"_blank\">APORDOM-DAF-CM-2021-0047<\/a><\/h6><p class=\"mb-0 bold\">Adquisici\u00f3n de Equipos M\u00e9dicos.<\/p><p class=\"mb-0\" style=\"font-size: .85rem\"><strong title=\"Estado del Proceso\"><i class=\"fas fa-spinner\"><\/i><\/strong> Proceso adjudicado y celebrado<\/p><p class=\"mb-0\" style=\"font-size: .85rem\"><strong title=\"Fecha de Publicaci\u00f3n\"><i class=\"fas fa-calendar-alt\"><\/i><\/strong> Publicado el mi\u00e9rcoles, 8 de septiembre de 2021<\/p><\/div><div class=\"col-auto mt-md-0 mt-2\"><a class=\"btn btn-primary btn-lg px-lg-4 d-none d-md-block\" href=\"https:\/\/comunidad.comprasdominicana.gob.do\/\/Public\/Tendering\/OpportunityDetail\/Index?noticeUID=DO1.NTC.968031\" target=\"_blank\" title=\"Detalles\"><i class=\"fas fa-link\"><\/i> DETALLES<\/a><a class=\"btn btn-primary btn-lg px-lg-4 d-block d-md-none\" href=\"https:\/\/comunidad.comprasdominicana.gob.do\/\/Public\/Tendering\/OpportunityDetail\/Index?noticeUID=DO1.NTC.968031\" target=\"_blank\" title=\"Detalles\"><i class=\"fas fa-2x fa-link\"><\/i><\/a><\/div><\/div><\/div><div class=\"jumbotron archivos\"><div class=\"row align-items-center\"><div class=\"col\"><h6><a class=\"text-dark\" href=\"https:\/\/comunidad.comprasdominicana.gob.do\/\/Public\/Tendering\/OpportunityDetail\/Index?noticeUID=DO1.NTC.967138\" title=\"Ver\" target=\"_blank\">APORDOM-DAF-CM-2021-0045<\/a><\/h6><p class=\"mb-0 bold\">Adquisici\u00f3n de Equipos Odontol\u00f3gicos.<\/p><p class=\"mb-0\" style=\"font-size: .85rem\"><strong title=\"Estado del Proceso\"><i class=\"fas fa-spinner\"><\/i><\/strong> Proceso adjudicado y celebrado<\/p><p class=\"mb-0\" style=\"font-size: .85rem\"><strong title=\"Fecha de Publicaci\u00f3n\"><i class=\"fas fa-calendar-alt\"><\/i><\/strong> Publicado el martes, 7 de septiembre de 2021<\/p><\/div><div class=\"col-auto mt-md-0 mt-2\"><a class=\"btn btn-primary btn-lg px-lg-4 d-none d-md-block\" href=\"https:\/\/comunidad.comprasdominicana.gob.do\/\/Public\/Tendering\/OpportunityDetail\/Index?noticeUID=DO1.NTC.967138\" target=\"_blank\" title=\"Detalles\"><i class=\"fas fa-link\"><\/i> DETALLES<\/a><a class=\"btn btn-primary btn-lg px-lg-4 d-block d-md-none\" href=\"https:\/\/comunidad.comprasdominicana.gob.do\/\/Public\/Tendering\/OpportunityDetail\/Index?noticeUID=DO1.NTC.967138\" target=\"_blank\" title=\"Detalles\"><i class=\"fas fa-2x fa-link\"><\/i><\/a><\/div><\/div><\/div><div class=\"jumbotron archivos\"><div class=\"row align-items-center\"><div class=\"col\"><h6><a class=\"text-dark\" href=\"https:\/\/comunidad.comprasdominicana.gob.do\/\/Public\/Tendering\/OpportunityDetail\/Index?noticeUID=DO1.NTC.967428\" title=\"Ver\" target=\"_blank\">APORDOM-DAF-CM-2021-0043<\/a><\/h6><p class=\"mb-0 bold\">Adquisici\u00f3n de Uniformes para Colaboradores de APORDOM<\/p><p class=\"mb-0\" style=\"font-size: .85rem\"><strong title=\"Estado del Proceso\"><i class=\"fas fa-spinner\"><\/i><\/strong> Proceso adjudicado y celebrado<\/p><p class=\"mb-0\" style=\"font-size: .85rem\"><strong title=\"Fecha de Publicaci\u00f3n\"><i class=\"fas fa-calendar-alt\"><\/i><\/strong> Publicado el martes, 7 de septiembre de 2021<\/p><\/div><div class=\"col-auto mt-md-0 mt-2\"><a class=\"btn btn-primary btn-lg px-lg-4 d-none d-md-block\" href=\"https:\/\/comunidad.comprasdominicana.gob.do\/\/Public\/Tendering\/OpportunityDetail\/Index?noticeUID=DO1.NTC.967428\" target=\"_blank\" title=\"Detalles\"><i class=\"fas fa-link\"><\/i> DETALLES<\/a><a class=\"btn btn-primary btn-lg px-lg-4 d-block d-md-none\" href=\"https:\/\/comunidad.comprasdominicana.gob.do\/\/Public\/Tendering\/OpportunityDetail\/Index?noticeUID=DO1.NTC.967428\" target=\"_blank\" title=\"Detalles\"><i class=\"fas fa-2x fa-link\"><\/i><\/a><\/div><\/div><\/div><div class=\"jumbotron archivos\"><div class=\"row align-items-center\"><div class=\"col\"><h6><a class=\"text-dark\" href=\"https:\/\/comunidad.comprasdominicana.gob.do\/\/Public\/Tendering\/OpportunityDetail\/Index?noticeUID=DO1.NTC.970828\" title=\"Ver\" target=\"_blank\">APORDOM-DAF-CM-2021-0052<\/a><\/h6><p class=\"mb-0 bold\">Adquisici\u00f3n de Alfombras con Logo Institucional.<\/p><p class=\"mb-0\" style=\"font-size: .85rem\"><strong title=\"Estado del Proceso\"><i class=\"fas fa-spinner\"><\/i><\/strong> Proceso desierto<\/p><p class=\"mb-0\" style=\"font-size: .85rem\"><strong title=\"Fecha de Publicaci\u00f3n\"><i class=\"fas fa-calendar-alt\"><\/i><\/strong> Publicado el mi\u00e9rcoles, 15 de septiembre de 2021<\/p><\/div><div class=\"col-auto mt-md-0 mt-2\"><a class=\"btn btn-primary btn-lg px-lg-4 d-none d-md-block\" href=\"https:\/\/comunidad.comprasdominicana.gob.do\/\/Public\/Tendering\/OpportunityDetail\/Index?noticeUID=DO1.NTC.970828\" target=\"_blank\" title=\"Detalles\"><i class=\"fas fa-link\"><\/i> DETALLES<\/a><a class=\"btn btn-primary btn-lg px-lg-4 d-block d-md-none\" href=\"https:\/\/comunidad.comprasdominicana.gob.do\/\/Public\/Tendering\/OpportunityDetail\/Index?noticeUID=DO1.NTC.970828\" target=\"_blank\" title=\"Detalles\"><i class=\"fas fa-2x fa-link\"><\/i><\/a><\/div><\/div><\/div><\/div><\/div><\/div>\n        <div class=\"card\">\n            <div class=\"card-header parents\" id=\"heading_compras-menores-69eeee772d89c-2021-69eeee772d89c-agosto-69eeee772d89c\">\n                <p class=\"title text-blue mb-0\">\n                    <a class=\"btn-block hover text-left collapsed\" data-toggle=\"collapse\" data-target=\"#collap_compras-menores-69eeee772d89c-2021-69eeee772d89c-agosto-69eeee772d89c\" aria-expanded=\"false\" aria-controls=\"collap_compras-menores-69eeee772d89c-2021-69eeee772d89c-agosto-69eeee772d89c\">Agosto<\/a>\n                <\/p>\n            <\/div>\n            <div id=\"collap_compras-menores-69eeee772d89c-2021-69eeee772d89c-agosto-69eeee772d89c\" class=\"collapse\" aria-labelledby=\"heading_compras-menores-69eeee772d89c-2021-69eeee772d89c-agosto-69eeee772d89c\" data-parent=\"#collap_compras-menores-69eeee772d89c-2021-69eeee772d89c\">\n                <div class=\"card-body\"><div class=\"jumbotron archivos\"><div class=\"row align-items-center\"><div class=\"col\"><h6><a class=\"text-dark\" href=\"https:\/\/comunidad.comprasdominicana.gob.do\/\/Public\/Tendering\/OpportunityDetail\/Index?noticeUID=DO1.NTC.963234\" title=\"Ver\" target=\"_blank\">APORDOM-DAF-CM-2021-0044<\/a><\/h6><p class=\"mb-0 bold\">Adquisici\u00f3n de Materiales y Equipos El\u00e9ctricos, Dirigido a MiPymes.<\/p><p class=\"mb-0\" style=\"font-size: .85rem\"><strong title=\"Estado del Proceso\"><i class=\"fas fa-spinner\"><\/i><\/strong> Proceso adjudicado y celebrado<\/p><p class=\"mb-0\" style=\"font-size: .85rem\"><strong title=\"Fecha de Publicaci\u00f3n\"><i class=\"fas fa-calendar-alt\"><\/i><\/strong> Publicado el viernes, 27 de agosto de 2021<\/p><\/div><div class=\"col-auto mt-md-0 mt-2\"><a class=\"btn btn-primary btn-lg px-lg-4 d-none d-md-block\" href=\"https:\/\/comunidad.comprasdominicana.gob.do\/\/Public\/Tendering\/OpportunityDetail\/Index?noticeUID=DO1.NTC.963234\" target=\"_blank\" title=\"Detalles\"><i class=\"fas fa-link\"><\/i> DETALLES<\/a><a class=\"btn btn-primary btn-lg px-lg-4 d-block d-md-none\" href=\"https:\/\/comunidad.comprasdominicana.gob.do\/\/Public\/Tendering\/OpportunityDetail\/Index?noticeUID=DO1.NTC.963234\" target=\"_blank\" title=\"Detalles\"><i class=\"fas fa-2x fa-link\"><\/i><\/a><\/div><\/div><\/div><div class=\"jumbotron archivos\"><div class=\"row align-items-center\"><div class=\"col\"><h6><a class=\"text-dark\" href=\"https:\/\/comunidad.comprasdominicana.gob.do\/\/Public\/Tendering\/OpportunityDetail\/Index?noticeUID=DO1.NTC.963011\" title=\"Ver\" target=\"_blank\">APORDOM-DAF-CM-2021-0049<\/a><\/h6><p class=\"mb-0 bold\">Adquisici\u00f3n e Instalaci\u00f3n de Interruptor de Transferencia Autom\u00e1tica para Planta El\u00e9ctrica Caterpillar. <\/p><p class=\"mb-0\" style=\"font-size: .85rem\"><strong title=\"Estado del Proceso\"><i class=\"fas fa-spinner\"><\/i><\/strong> Proceso adjudicado y celebrado<\/p><p class=\"mb-0\" style=\"font-size: .85rem\"><strong title=\"Fecha de Publicaci\u00f3n\"><i class=\"fas fa-calendar-alt\"><\/i><\/strong> Publicado el viernes, 27 de agosto de 2021<\/p><\/div><div class=\"col-auto mt-md-0 mt-2\"><a class=\"btn btn-primary btn-lg px-lg-4 d-none d-md-block\" href=\"https:\/\/comunidad.comprasdominicana.gob.do\/\/Public\/Tendering\/OpportunityDetail\/Index?noticeUID=DO1.NTC.963011\" target=\"_blank\" title=\"Detalles\"><i class=\"fas fa-link\"><\/i> DETALLES<\/a><a class=\"btn btn-primary btn-lg px-lg-4 d-block d-md-none\" href=\"https:\/\/comunidad.comprasdominicana.gob.do\/\/Public\/Tendering\/OpportunityDetail\/Index?noticeUID=DO1.NTC.963011\" target=\"_blank\" title=\"Detalles\"><i class=\"fas fa-2x fa-link\"><\/i><\/a><\/div><\/div><\/div><div class=\"jumbotron archivos\"><div class=\"row align-items-center\"><div class=\"col\"><h6><a class=\"text-dark\" href=\"https:\/\/comunidad.comprasdominicana.gob.do\/\/Public\/Tendering\/OpportunityDetail\/Index?noticeUID=DO1.NTC.960427\" title=\"Ver\" target=\"_blank\">APORDOM-DAF-CM-2021-0046<\/a><\/h6><p class=\"mb-0 bold\">Adquisici\u00f3n de Kit de Equipos Topogr\u00e1ficos<\/p><p class=\"mb-0\" style=\"font-size: .85rem\"><strong title=\"Estado del Proceso\"><i class=\"fas fa-spinner\"><\/i><\/strong> Proceso adjudicado y celebrado<\/p><p class=\"mb-0\" style=\"font-size: .85rem\"><strong title=\"Fecha de Publicaci\u00f3n\"><i class=\"fas fa-calendar-alt\"><\/i><\/strong> Publicado el lunes, 23 de agosto de 2021<\/p><\/div><div class=\"col-auto mt-md-0 mt-2\"><a class=\"btn btn-primary btn-lg px-lg-4 d-none d-md-block\" href=\"https:\/\/comunidad.comprasdominicana.gob.do\/\/Public\/Tendering\/OpportunityDetail\/Index?noticeUID=DO1.NTC.960427\" target=\"_blank\" title=\"Detalles\"><i class=\"fas fa-link\"><\/i> DETALLES<\/a><a class=\"btn btn-primary btn-lg px-lg-4 d-block d-md-none\" href=\"https:\/\/comunidad.comprasdominicana.gob.do\/\/Public\/Tendering\/OpportunityDetail\/Index?noticeUID=DO1.NTC.960427\" target=\"_blank\" title=\"Detalles\"><i class=\"fas fa-2x fa-link\"><\/i><\/a><\/div><\/div><\/div><div class=\"jumbotron archivos\"><div class=\"row align-items-center\"><div class=\"col\"><h6><a class=\"text-dark\" href=\"https:\/\/comunidad.comprasdominicana.gob.do\/\/Public\/Tendering\/OpportunityDetail\/Index?noticeUID=DO1.NTC.960726\" title=\"Ver\" target=\"_blank\">APORDOM-DAF-CM-2021-0048<\/a><\/h6><p class=\"mb-0 bold\">Contrataci\u00f3n de Asesor\u00eda en Comunicaci\u00f3n Estrat\u00e9gica.<\/p><p class=\"mb-0\" style=\"font-size: .85rem\"><strong title=\"Estado del Proceso\"><i class=\"fas fa-spinner\"><\/i><\/strong> Proceso adjudicado y celebrado<\/p><p class=\"mb-0\" style=\"font-size: .85rem\"><strong title=\"Fecha de Publicaci\u00f3n\"><i class=\"fas fa-calendar-alt\"><\/i><\/strong> Publicado el lunes, 23 de agosto de 2021<\/p><\/div><div class=\"col-auto mt-md-0 mt-2\"><a class=\"btn btn-primary btn-lg px-lg-4 d-none d-md-block\" href=\"https:\/\/comunidad.comprasdominicana.gob.do\/\/Public\/Tendering\/OpportunityDetail\/Index?noticeUID=DO1.NTC.960726\" target=\"_blank\" title=\"Detalles\"><i class=\"fas fa-link\"><\/i> DETALLES<\/a><a class=\"btn btn-primary btn-lg px-lg-4 d-block d-md-none\" href=\"https:\/\/comunidad.comprasdominicana.gob.do\/\/Public\/Tendering\/OpportunityDetail\/Index?noticeUID=DO1.NTC.960726\" target=\"_blank\" title=\"Detalles\"><i class=\"fas fa-2x fa-link\"><\/i><\/a><\/div><\/div><\/div><div class=\"jumbotron archivos\"><div class=\"row align-items-center\"><div class=\"col\"><h6><a class=\"text-dark\" href=\"https:\/\/comunidad.comprasdominicana.gob.do\/\/Public\/Tendering\/OpportunityDetail\/Index?noticeUID=DO1.NTC.959244\" title=\"Ver\" target=\"_blank\">APORDOM-DAF-CM-2021-0042<\/a><\/h6><p class=\"mb-0 bold\">Adquisici\u00f3n de T\u00f3ner para Impresoras de la Sede Principal de APORDOM<\/p><p class=\"mb-0\" style=\"font-size: .85rem\"><strong title=\"Estado del Proceso\"><i class=\"fas fa-spinner\"><\/i><\/strong> Proceso adjudicado y celebrado<\/p><p class=\"mb-0\" style=\"font-size: .85rem\"><strong title=\"Fecha de Publicaci\u00f3n\"><i class=\"fas fa-calendar-alt\"><\/i><\/strong> Publicado el jueves, 19 de agosto de 2021<\/p><\/div><div class=\"col-auto mt-md-0 mt-2\"><a class=\"btn btn-primary btn-lg px-lg-4 d-none d-md-block\" href=\"https:\/\/comunidad.comprasdominicana.gob.do\/\/Public\/Tendering\/OpportunityDetail\/Index?noticeUID=DO1.NTC.959244\" target=\"_blank\" title=\"Detalles\"><i class=\"fas fa-link\"><\/i> DETALLES<\/a><a class=\"btn btn-primary btn-lg px-lg-4 d-block d-md-none\" href=\"https:\/\/comunidad.comprasdominicana.gob.do\/\/Public\/Tendering\/OpportunityDetail\/Index?noticeUID=DO1.NTC.959244\" target=\"_blank\" title=\"Detalles\"><i class=\"fas fa-2x fa-link\"><\/i><\/a><\/div><\/div><\/div><div class=\"jumbotron archivos\"><div class=\"row align-items-center\"><div class=\"col\"><h6><a class=\"text-dark\" href=\"https:\/\/comunidad.comprasdominicana.gob.do\/\/Public\/Tendering\/OpportunityDetail\/Index?noticeUID=DO1.NTC.957146\" title=\"Ver\" target=\"_blank\">APORDOM-DAF-CM-2021-0041<\/a><\/h6><p class=\"mb-0 bold\">Adquisici\u00f3n de Equipos y Licencias Tecnol\u00f3gicas.<\/p><p class=\"mb-0\" style=\"font-size: .85rem\"><strong title=\"Estado del Proceso\"><i class=\"fas fa-spinner\"><\/i><\/strong> Proceso adjudicado y celebrado<\/p><p class=\"mb-0\" style=\"font-size: .85rem\"><strong title=\"Fecha de Publicaci\u00f3n\"><i class=\"fas fa-calendar-alt\"><\/i><\/strong> Publicado el jueves, 12 de agosto de 2021<\/p><\/div><div class=\"col-auto mt-md-0 mt-2\"><a class=\"btn btn-primary btn-lg px-lg-4 d-none d-md-block\" href=\"https:\/\/comunidad.comprasdominicana.gob.do\/\/Public\/Tendering\/OpportunityDetail\/Index?noticeUID=DO1.NTC.957146\" target=\"_blank\" title=\"Detalles\"><i class=\"fas fa-link\"><\/i> DETALLES<\/a><a class=\"btn btn-primary btn-lg px-lg-4 d-block d-md-none\" href=\"https:\/\/comunidad.comprasdominicana.gob.do\/\/Public\/Tendering\/OpportunityDetail\/Index?noticeUID=DO1.NTC.957146\" target=\"_blank\" title=\"Detalles\"><i class=\"fas fa-2x fa-link\"><\/i><\/a><\/div><\/div><\/div><div class=\"jumbotron archivos\"><div class=\"row align-items-center\"><div class=\"col\"><h6><a class=\"text-dark\" href=\"https:\/\/comunidad.comprasdominicana.gob.do\/\/Public\/Tendering\/OpportunityDetail\/Index?noticeUID=DO1.NTC.953330\" title=\"Ver\" target=\"_blank\">APORDOM-DAF-CM-2021-0040<\/a><\/h6><p class=\"mb-0 bold\">Adquisici\u00f3n de Sellos de Seguridad para Furgones, para ser utilizados en el despacho de todos los puertos de Autoridad Portuaria Dominicana. <\/p><p class=\"mb-0\" style=\"font-size: .85rem\"><strong title=\"Estado del Proceso\"><i class=\"fas fa-spinner\"><\/i><\/strong> Proceso adjudicado y celebrado<\/p><p class=\"mb-0\" style=\"font-size: .85rem\"><strong title=\"Fecha de Publicaci\u00f3n\"><i class=\"fas fa-calendar-alt\"><\/i><\/strong> Publicado el mi\u00e9rcoles, 4 de agosto de 2021<\/p><\/div><div class=\"col-auto mt-md-0 mt-2\"><a class=\"btn btn-primary btn-lg px-lg-4 d-none d-md-block\" href=\"https:\/\/comunidad.comprasdominicana.gob.do\/\/Public\/Tendering\/OpportunityDetail\/Index?noticeUID=DO1.NTC.953330\" target=\"_blank\" title=\"Detalles\"><i class=\"fas fa-link\"><\/i> DETALLES<\/a><a class=\"btn btn-primary btn-lg px-lg-4 d-block d-md-none\" href=\"https:\/\/comunidad.comprasdominicana.gob.do\/\/Public\/Tendering\/OpportunityDetail\/Index?noticeUID=DO1.NTC.953330\" target=\"_blank\" title=\"Detalles\"><i class=\"fas fa-2x fa-link\"><\/i><\/a><\/div><\/div><\/div><\/div><\/div><\/div>\n        <div class=\"card\">\n            <div class=\"card-header parents\" id=\"heading_compras-menores-69eeee772d89c-2021-69eeee772d89c-julio-69eeee772d89c\">\n                <p class=\"title text-blue mb-0\">\n                    <a class=\"btn-block hover text-left collapsed\" data-toggle=\"collapse\" data-target=\"#collap_compras-menores-69eeee772d89c-2021-69eeee772d89c-julio-69eeee772d89c\" aria-expanded=\"false\" aria-controls=\"collap_compras-menores-69eeee772d89c-2021-69eeee772d89c-julio-69eeee772d89c\">Julio<\/a>\n                <\/p>\n            <\/div>\n            <div id=\"collap_compras-menores-69eeee772d89c-2021-69eeee772d89c-julio-69eeee772d89c\" class=\"collapse\" aria-labelledby=\"heading_compras-menores-69eeee772d89c-2021-69eeee772d89c-julio-69eeee772d89c\" data-parent=\"#collap_compras-menores-69eeee772d89c-2021-69eeee772d89c\">\n                <div class=\"card-body\"><div class=\"jumbotron archivos\"><div class=\"row align-items-center\"><div class=\"col\"><h6><a class=\"text-dark\" href=\"https:\/\/comunidad.comprasdominicana.gob.do\/\/Public\/Tendering\/OpportunityDetail\/Index?noticeUID=DO1.NTC.944317\" title=\"Ver\" target=\"_blank\">APORDOM-DAF-CM-2021-0037<\/a><\/h6><p class=\"mb-0 bold\">Adquisici\u00f3n de Materiales para Reestablecer el Muelle de Sabana de la Mar. <\/p><p class=\"mb-0\" style=\"font-size: .85rem\"><strong title=\"Estado del Proceso\"><i class=\"fas fa-spinner\"><\/i><\/strong> Cancelado<\/p><p class=\"mb-0\" style=\"font-size: .85rem\"><strong title=\"Fecha de Publicaci\u00f3n\"><i class=\"fas fa-calendar-alt\"><\/i><\/strong> Publicado el mi\u00e9rcoles, 14 de julio de 2021<\/p><\/div><div class=\"col-auto mt-md-0 mt-2\"><a class=\"btn btn-primary btn-lg px-lg-4 d-none d-md-block\" href=\"https:\/\/comunidad.comprasdominicana.gob.do\/\/Public\/Tendering\/OpportunityDetail\/Index?noticeUID=DO1.NTC.944317\" target=\"_blank\" title=\"Detalles\"><i class=\"fas fa-link\"><\/i> DETALLES<\/a><a class=\"btn btn-primary btn-lg px-lg-4 d-block d-md-none\" href=\"https:\/\/comunidad.comprasdominicana.gob.do\/\/Public\/Tendering\/OpportunityDetail\/Index?noticeUID=DO1.NTC.944317\" target=\"_blank\" title=\"Detalles\"><i class=\"fas fa-2x fa-link\"><\/i><\/a><\/div><\/div><\/div><div class=\"jumbotron archivos\"><div class=\"row align-items-center\"><div class=\"col\"><h6><a class=\"text-dark\" href=\"https:\/\/comunidad.comprasdominicana.gob.do\/\/Public\/Tendering\/OpportunityDetail\/Index?noticeUID=DO1.NTC.951129\" title=\"Ver\" target=\"_blank\">APORDOM-DAF-CM-2021-0036<\/a><\/h6><p class=\"mb-0 bold\">Adquisici\u00f3n de Formularios y Material impreso para uso de APORDOM, Dirigido a MiPymes.<\/p><p class=\"mb-0\" style=\"font-size: .85rem\"><strong title=\"Estado del Proceso\"><i class=\"fas fa-spinner\"><\/i><\/strong> Proceso adjudicado y celebrado<\/p><p class=\"mb-0\" style=\"font-size: .85rem\"><strong title=\"Fecha de Publicaci\u00f3n\"><i class=\"fas fa-calendar-alt\"><\/i><\/strong> Publicado el jueves, 29 de julio de 2021<\/p><\/div><div class=\"col-auto mt-md-0 mt-2\"><a class=\"btn btn-primary btn-lg px-lg-4 d-none d-md-block\" href=\"https:\/\/comunidad.comprasdominicana.gob.do\/\/Public\/Tendering\/OpportunityDetail\/Index?noticeUID=DO1.NTC.951129\" target=\"_blank\" title=\"Detalles\"><i class=\"fas fa-link\"><\/i> DETALLES<\/a><a class=\"btn btn-primary btn-lg px-lg-4 d-block d-md-none\" href=\"https:\/\/comunidad.comprasdominicana.gob.do\/\/Public\/Tendering\/OpportunityDetail\/Index?noticeUID=DO1.NTC.951129\" target=\"_blank\" title=\"Detalles\"><i class=\"fas fa-2x fa-link\"><\/i><\/a><\/div><\/div><\/div><div class=\"jumbotron archivos\"><div class=\"row align-items-center\"><div class=\"col\"><h6><a class=\"text-dark\" href=\"https:\/\/comunidad.comprasdominicana.gob.do\/\/Public\/Tendering\/OpportunityDetail\/Index?noticeUID=DO1.NTC.950134\" title=\"Ver\" target=\"_blank\">APORDOM-DAF-CM-2021-0039<\/a><\/h6><p class=\"mb-0 bold\">Adquisici\u00f3n de (T\u00e9, Caf\u00e9, Az\u00facar, Removedores y Vasos para Caf\u00e9) para el consumo de Autoridad Portuaria por 3 meses, dirigido a Mipymes<\/p><p class=\"mb-0\" style=\"font-size: .85rem\"><strong title=\"Estado del Proceso\"><i class=\"fas fa-spinner\"><\/i><\/strong> Proceso adjudicado y celebrado<\/p><p class=\"mb-0\" style=\"font-size: .85rem\"><strong title=\"Fecha de Publicaci\u00f3n\"><i class=\"fas fa-calendar-alt\"><\/i><\/strong> Publicado el martes, 27 de julio de 2021<\/p><\/div><div class=\"col-auto mt-md-0 mt-2\"><a class=\"btn btn-primary btn-lg px-lg-4 d-none d-md-block\" href=\"https:\/\/comunidad.comprasdominicana.gob.do\/\/Public\/Tendering\/OpportunityDetail\/Index?noticeUID=DO1.NTC.950134\" target=\"_blank\" title=\"Detalles\"><i class=\"fas fa-link\"><\/i> DETALLES<\/a><a class=\"btn btn-primary btn-lg px-lg-4 d-block d-md-none\" href=\"https:\/\/comunidad.comprasdominicana.gob.do\/\/Public\/Tendering\/OpportunityDetail\/Index?noticeUID=DO1.NTC.950134\" target=\"_blank\" title=\"Detalles\"><i class=\"fas fa-2x fa-link\"><\/i><\/a><\/div><\/div><\/div><div class=\"jumbotron archivos\"><div class=\"row align-items-center\"><div class=\"col\"><h6><a class=\"text-dark\" href=\"https:\/\/comunidad.comprasdominicana.gob.do\/\/Public\/Tendering\/OpportunityDetail\/Index?noticeUID=DO1.NTC.946732\" title=\"Ver\" target=\"_blank\">APORDOM-DAF-CM-2021-0038<\/a><\/h6><p class=\"mb-0 bold\">Adquisici\u00f3n de materiales el\u00e9ctricos, ferreteros, pinturas y vigas de acero.<\/p><p class=\"mb-0\" style=\"font-size: .85rem\"><strong title=\"Estado del Proceso\"><i class=\"fas fa-spinner\"><\/i><\/strong> Proceso adjudicado y celebrado<\/p><p class=\"mb-0\" style=\"font-size: .85rem\"><strong title=\"Fecha de Publicaci\u00f3n\"><i class=\"fas fa-calendar-alt\"><\/i><\/strong> Publicado el martes, 20 de julio de 2021<\/p><\/div><div class=\"col-auto mt-md-0 mt-2\"><a class=\"btn btn-primary btn-lg px-lg-4 d-none d-md-block\" href=\"https:\/\/comunidad.comprasdominicana.gob.do\/\/Public\/Tendering\/OpportunityDetail\/Index?noticeUID=DO1.NTC.946732\" target=\"_blank\" title=\"Detalles\"><i class=\"fas fa-link\"><\/i> DETALLES<\/a><a class=\"btn btn-primary btn-lg px-lg-4 d-block d-md-none\" href=\"https:\/\/comunidad.comprasdominicana.gob.do\/\/Public\/Tendering\/OpportunityDetail\/Index?noticeUID=DO1.NTC.946732\" target=\"_blank\" title=\"Detalles\"><i class=\"fas fa-2x fa-link\"><\/i><\/a><\/div><\/div><\/div><div class=\"jumbotron archivos\"><div class=\"row align-items-center\"><div class=\"col\"><h6><a class=\"text-dark\" href=\"https:\/\/comunidad.comprasdominicana.gob.do\/\/Public\/Tendering\/OpportunityDetail\/Index?noticeUID=DO1.NTC.942129\" title=\"Ver\" target=\"_blank\">APORDOM-DAF-CM-2021-0035<\/a><\/h6><p class=\"mb-0 bold\">Adquisici\u00f3n de Materiales Gastables (desechables y productos de limpieza) para la Sede principal de APORDOM, dirigido a Mipymes<\/p><p class=\"mb-0\" style=\"font-size: .85rem\"><strong title=\"Estado del Proceso\"><i class=\"fas fa-spinner\"><\/i><\/strong> Proceso adjudicado y celebrado<\/p><p class=\"mb-0\" style=\"font-size: .85rem\"><strong title=\"Fecha de Publicaci\u00f3n\"><i class=\"fas fa-calendar-alt\"><\/i><\/strong> Publicado el jueves, 8 de julio de 2021<\/p><\/div><div class=\"col-auto mt-md-0 mt-2\"><a class=\"btn btn-primary btn-lg px-lg-4 d-none d-md-block\" href=\"https:\/\/comunidad.comprasdominicana.gob.do\/\/Public\/Tendering\/OpportunityDetail\/Index?noticeUID=DO1.NTC.942129\" target=\"_blank\" title=\"Detalles\"><i class=\"fas fa-link\"><\/i> DETALLES<\/a><a class=\"btn btn-primary btn-lg px-lg-4 d-block d-md-none\" href=\"https:\/\/comunidad.comprasdominicana.gob.do\/\/Public\/Tendering\/OpportunityDetail\/Index?noticeUID=DO1.NTC.942129\" target=\"_blank\" title=\"Detalles\"><i class=\"fas fa-2x fa-link\"><\/i><\/a><\/div><\/div><\/div><div class=\"jumbotron archivos\"><div class=\"row align-items-center\"><div class=\"col\"><h6><a class=\"text-dark\" href=\"https:\/\/comunidad.comprasdominicana.gob.do\/\/Public\/Tendering\/OpportunityDetail\/Index?noticeUID=DO1.NTC.941814\" title=\"Ver\" target=\"_blank\">APORDOM-DAF-CM-2021-0034<\/a><\/h6><p class=\"mb-0 bold\">Adquisici\u00f3n de Material gastable de oficina para uso de APORDOM, Dirigido a MiPymes.<\/p><p class=\"mb-0\" style=\"font-size: .85rem\"><strong title=\"Estado del Proceso\"><i class=\"fas fa-spinner\"><\/i><\/strong> Proceso adjudicado y celebrado<\/p><p class=\"mb-0\" style=\"font-size: .85rem\"><strong title=\"Fecha de Publicaci\u00f3n\"><i class=\"fas fa-calendar-alt\"><\/i><\/strong> Publicado el jueves, 8 de julio de 2021<\/p><\/div><div class=\"col-auto mt-md-0 mt-2\"><a class=\"btn btn-primary btn-lg px-lg-4 d-none d-md-block\" href=\"https:\/\/comunidad.comprasdominicana.gob.do\/\/Public\/Tendering\/OpportunityDetail\/Index?noticeUID=DO1.NTC.941814\" target=\"_blank\" title=\"Detalles\"><i class=\"fas fa-link\"><\/i> DETALLES<\/a><a class=\"btn btn-primary btn-lg px-lg-4 d-block d-md-none\" href=\"https:\/\/comunidad.comprasdominicana.gob.do\/\/Public\/Tendering\/OpportunityDetail\/Index?noticeUID=DO1.NTC.941814\" target=\"_blank\" title=\"Detalles\"><i class=\"fas fa-2x fa-link\"><\/i><\/a><\/div><\/div><\/div><\/div><\/div><\/div>\n        <div class=\"card\">\n            <div class=\"card-header parents\" id=\"heading_compras-menores-69eeee772d89c-2021-69eeee772d89c-junio-69eeee772d89c\">\n                <p class=\"title text-blue mb-0\">\n                    <a class=\"btn-block hover text-left collapsed\" data-toggle=\"collapse\" data-target=\"#collap_compras-menores-69eeee772d89c-2021-69eeee772d89c-junio-69eeee772d89c\" aria-expanded=\"false\" aria-controls=\"collap_compras-menores-69eeee772d89c-2021-69eeee772d89c-junio-69eeee772d89c\">Junio<\/a>\n                <\/p>\n            <\/div>\n            <div id=\"collap_compras-menores-69eeee772d89c-2021-69eeee772d89c-junio-69eeee772d89c\" class=\"collapse\" aria-labelledby=\"heading_compras-menores-69eeee772d89c-2021-69eeee772d89c-junio-69eeee772d89c\" data-parent=\"#collap_compras-menores-69eeee772d89c-2021-69eeee772d89c\">\n                <div class=\"card-body\"><div class=\"jumbotron archivos\"><div class=\"row align-items-center\"><div class=\"col\"><h6><a class=\"text-dark\" href=\"https:\/\/comunidad.comprasdominicana.gob.do\/\/Public\/Tendering\/OpportunityDetail\/Index?noticeUID=DO1.NTC.930614\" title=\"Ver\" target=\"_blank\">APORDOM-DAF-CM-2021-0033<\/a><\/h6><p class=\"mb-0 bold\">Adquisici\u00f3n de Agua Potable en Botellones para uso de Autoridad Portuaria Dominicana<\/p><p class=\"mb-0\" style=\"font-size: .85rem\"><strong title=\"Estado del Proceso\"><i class=\"fas fa-spinner\"><\/i><\/strong> Proceso adjudicado y celebrado<\/p><p class=\"mb-0\" style=\"font-size: .85rem\"><strong title=\"Fecha de Publicaci\u00f3n\"><i class=\"fas fa-calendar-alt\"><\/i><\/strong> Publicado el martes, 15 de junio de 2021<\/p><\/div><div class=\"col-auto mt-md-0 mt-2\"><a class=\"btn btn-primary btn-lg px-lg-4 d-none d-md-block\" href=\"https:\/\/comunidad.comprasdominicana.gob.do\/\/Public\/Tendering\/OpportunityDetail\/Index?noticeUID=DO1.NTC.930614\" target=\"_blank\" title=\"Detalles\"><i class=\"fas fa-link\"><\/i> DETALLES<\/a><a class=\"btn btn-primary btn-lg px-lg-4 d-block d-md-none\" href=\"https:\/\/comunidad.comprasdominicana.gob.do\/\/Public\/Tendering\/OpportunityDetail\/Index?noticeUID=DO1.NTC.930614\" target=\"_blank\" title=\"Detalles\"><i class=\"fas fa-2x fa-link\"><\/i><\/a><\/div><\/div><\/div><div class=\"jumbotron archivos\"><div class=\"row align-items-center\"><div class=\"col\"><h6><a class=\"text-dark\" href=\"https:\/\/comunidad.comprasdominicana.gob.do\/\/Public\/Tendering\/OpportunityDetail\/Index?noticeUID=DO1.NTC.928736\" title=\"Ver\" target=\"_blank\">APORDOM-DAF-CM-2021-0031<\/a><\/h6><p class=\"mb-0 bold\">Adquisici\u00f3n de Aire Acondicionado y Condensadoras para la Sede Principal de Autoridad Portuaria Dominicana, dirigido a Mypimes<\/p><p class=\"mb-0\" style=\"font-size: .85rem\"><strong title=\"Estado del Proceso\"><i class=\"fas fa-spinner\"><\/i><\/strong> Proceso adjudicado y celebrado<\/p><p class=\"mb-0\" style=\"font-size: .85rem\"><strong title=\"Fecha de Publicaci\u00f3n\"><i class=\"fas fa-calendar-alt\"><\/i><\/strong> Publicado el jueves, 10 de junio de 2021<\/p><\/div><div class=\"col-auto mt-md-0 mt-2\"><a class=\"btn btn-primary btn-lg px-lg-4 d-none d-md-block\" href=\"https:\/\/comunidad.comprasdominicana.gob.do\/\/Public\/Tendering\/OpportunityDetail\/Index?noticeUID=DO1.NTC.928736\" target=\"_blank\" title=\"Detalles\"><i class=\"fas fa-link\"><\/i> DETALLES<\/a><a class=\"btn btn-primary btn-lg px-lg-4 d-block d-md-none\" href=\"https:\/\/comunidad.comprasdominicana.gob.do\/\/Public\/Tendering\/OpportunityDetail\/Index?noticeUID=DO1.NTC.928736\" target=\"_blank\" title=\"Detalles\"><i class=\"fas fa-2x fa-link\"><\/i><\/a><\/div><\/div><\/div><div class=\"jumbotron archivos\"><div class=\"row align-items-center\"><div class=\"col\"><h6><a class=\"text-dark\" href=\"https:\/\/comunidad.comprasdominicana.gob.do\/\/Public\/Tendering\/OpportunityDetail\/Index?noticeUID=DO1.NTC.928320\" title=\"Ver\" target=\"_blank\">APORDOM-DAF-CM-2021-0030<\/a><\/h6><p class=\"mb-0 bold\">Adquisici\u00f3n de Dispensadores de Agua, Neveras Ejecutivas, Microondas y Maquina para Caf\u00e9 para la Sede Principal de APORDOM.<\/p><p class=\"mb-0\" style=\"font-size: .85rem\"><strong title=\"Estado del Proceso\"><i class=\"fas fa-spinner\"><\/i><\/strong> Proceso adjudicado y celebrado<\/p><p class=\"mb-0\" style=\"font-size: .85rem\"><strong title=\"Fecha de Publicaci\u00f3n\"><i class=\"fas fa-calendar-alt\"><\/i><\/strong> Publicado el mi\u00e9rcoles, 9 de junio de 2021<\/p><\/div><div class=\"col-auto mt-md-0 mt-2\"><a class=\"btn btn-primary btn-lg px-lg-4 d-none d-md-block\" href=\"https:\/\/comunidad.comprasdominicana.gob.do\/\/Public\/Tendering\/OpportunityDetail\/Index?noticeUID=DO1.NTC.928320\" target=\"_blank\" title=\"Detalles\"><i class=\"fas fa-link\"><\/i> DETALLES<\/a><a class=\"btn btn-primary btn-lg px-lg-4 d-block d-md-none\" href=\"https:\/\/comunidad.comprasdominicana.gob.do\/\/Public\/Tendering\/OpportunityDetail\/Index?noticeUID=DO1.NTC.928320\" target=\"_blank\" title=\"Detalles\"><i class=\"fas fa-2x fa-link\"><\/i><\/a><\/div><\/div><\/div><div class=\"jumbotron archivos\"><div class=\"row align-items-center\"><div class=\"col\"><h6><a class=\"text-dark\" href=\"https:\/\/comunidad.comprasdominicana.gob.do\/\/Public\/Tendering\/OpportunityDetail\/Index?noticeUID=DO1.NTC.925014\" title=\"Ver\" target=\"_blank\">APORDOM-DAF-CM-2021-0029<\/a><\/h6><p class=\"mb-0 bold\">Adquisici\u00f3n de Radios de Comunicaciones<\/p><p class=\"mb-0\" style=\"font-size: .85rem\"><strong title=\"Estado del Proceso\"><i class=\"fas fa-spinner\"><\/i><\/strong> Proceso adjudicado y celebrado<\/p><p class=\"mb-0\" style=\"font-size: .85rem\"><strong title=\"Fecha de Publicaci\u00f3n\"><i class=\"fas fa-calendar-alt\"><\/i><\/strong> Publicado el martes, 1 de junio de 2021<\/p><\/div><div class=\"col-auto mt-md-0 mt-2\"><a class=\"btn btn-primary btn-lg px-lg-4 d-none d-md-block\" href=\"https:\/\/comunidad.comprasdominicana.gob.do\/\/Public\/Tendering\/OpportunityDetail\/Index?noticeUID=DO1.NTC.925014\" target=\"_blank\" title=\"Detalles\"><i class=\"fas fa-link\"><\/i> DETALLES<\/a><a class=\"btn btn-primary btn-lg px-lg-4 d-block d-md-none\" href=\"https:\/\/comunidad.comprasdominicana.gob.do\/\/Public\/Tendering\/OpportunityDetail\/Index?noticeUID=DO1.NTC.925014\" target=\"_blank\" title=\"Detalles\"><i class=\"fas fa-2x fa-link\"><\/i><\/a><\/div><\/div><\/div><div class=\"jumbotron archivos\"><div class=\"row align-items-center\"><div class=\"col\"><h6><a class=\"text-dark\" href=\"https:\/\/comunidad.comprasdominicana.gob.do\/\/Public\/Tendering\/OpportunityDetail\/Index?noticeUID=DO1.NTC.930519\" title=\"Ver\" target=\"_blank\">APORDOM-DAF-CM-2021-0032<\/a><\/h6><p class=\"mb-0 bold\">ADQUISICI\u00d3N DE MATERIALES DE CONSTRUCCION PARA LA PLAZA DEL PUERTO DE SAN PEDRO DE MACORIS Y RECCONSTRUCCION DE LA MALLA CICLONICA EN PUERTODE BOCA CHICA DIRIGIDO A MIPYMES.<\/p><p class=\"mb-0\" style=\"font-size: .85rem\"><strong title=\"Estado del Proceso\"><i class=\"fas fa-spinner\"><\/i><\/strong> Proceso desierto<\/p><p class=\"mb-0\" style=\"font-size: .85rem\"><strong title=\"Fecha de Publicaci\u00f3n\"><i class=\"fas fa-calendar-alt\"><\/i><\/strong> Publicado el martes, 15 de junio de 2021<\/p><\/div><div class=\"col-auto mt-md-0 mt-2\"><a class=\"btn btn-primary btn-lg px-lg-4 d-none d-md-block\" href=\"https:\/\/comunidad.comprasdominicana.gob.do\/\/Public\/Tendering\/OpportunityDetail\/Index?noticeUID=DO1.NTC.930519\" target=\"_blank\" title=\"Detalles\"><i class=\"fas fa-link\"><\/i> DETALLES<\/a><a class=\"btn btn-primary btn-lg px-lg-4 d-block d-md-none\" href=\"https:\/\/comunidad.comprasdominicana.gob.do\/\/Public\/Tendering\/OpportunityDetail\/Index?noticeUID=DO1.NTC.930519\" target=\"_blank\" title=\"Detalles\"><i class=\"fas fa-2x fa-link\"><\/i><\/a><\/div><\/div><\/div><\/div><\/div><\/div>\n        <div class=\"card\">\n            <div class=\"card-header parents\" id=\"heading_compras-menores-69eeee772d89c-2021-69eeee772d89c-mayo-69eeee772d89c\">\n                <p class=\"title text-blue mb-0\">\n                    <a class=\"btn-block hover text-left collapsed\" data-toggle=\"collapse\" data-target=\"#collap_compras-menores-69eeee772d89c-2021-69eeee772d89c-mayo-69eeee772d89c\" aria-expanded=\"false\" aria-controls=\"collap_compras-menores-69eeee772d89c-2021-69eeee772d89c-mayo-69eeee772d89c\">Mayo<\/a>\n                <\/p>\n            <\/div>\n            <div id=\"collap_compras-menores-69eeee772d89c-2021-69eeee772d89c-mayo-69eeee772d89c\" class=\"collapse\" aria-labelledby=\"heading_compras-menores-69eeee772d89c-2021-69eeee772d89c-mayo-69eeee772d89c\" data-parent=\"#collap_compras-menores-69eeee772d89c-2021-69eeee772d89c\">\n                <div class=\"card-body\"><div class=\"jumbotron archivos\"><div class=\"row align-items-center\"><div class=\"col\"><h6><a class=\"text-dark\" href=\"https:\/\/comunidad.comprasdominicana.gob.do\/\/Public\/Tendering\/OpportunityDetail\/Index?noticeUID=DO1.NTC.924422\" title=\"Ver\" target=\"_blank\">APORDOM-DAF-CM-2021-0028<\/a><\/h6><p class=\"mb-0 bold\">Contrataci\u00f3n de Servicio de Sal\u00f3n de Eventos para Reuni\u00f3n Tipo Coctel con los Navieros.<\/p><p class=\"mb-0\" style=\"font-size: .85rem\"><strong title=\"Estado del Proceso\"><i class=\"fas fa-spinner\"><\/i><\/strong> Proceso adjudicado y celebrado<\/p><p class=\"mb-0\" style=\"font-size: .85rem\"><strong title=\"Fecha de Publicaci\u00f3n\"><i class=\"fas fa-calendar-alt\"><\/i><\/strong> Publicado el lunes, 31 de mayo de 2021<\/p><\/div><div class=\"col-auto mt-md-0 mt-2\"><a class=\"btn btn-primary btn-lg px-lg-4 d-none d-md-block\" href=\"https:\/\/comunidad.comprasdominicana.gob.do\/\/Public\/Tendering\/OpportunityDetail\/Index?noticeUID=DO1.NTC.924422\" target=\"_blank\" title=\"Detalles\"><i class=\"fas fa-link\"><\/i> DETALLES<\/a><a class=\"btn btn-primary btn-lg px-lg-4 d-block d-md-none\" href=\"https:\/\/comunidad.comprasdominicana.gob.do\/\/Public\/Tendering\/OpportunityDetail\/Index?noticeUID=DO1.NTC.924422\" target=\"_blank\" title=\"Detalles\"><i class=\"fas fa-2x fa-link\"><\/i><\/a><\/div><\/div><\/div><div class=\"jumbotron archivos\"><div class=\"row align-items-center\"><div class=\"col\"><h6><a class=\"text-dark\" href=\"https:\/\/comunidad.comprasdominicana.gob.do\/\/Public\/Tendering\/OpportunityDetail\/Index?noticeUID=DO1.NTC.922621\" title=\"Ver\" target=\"_blank\">APORDOM-DAF-CM-2021-0027<\/a><\/h6><p class=\"mb-0 bold\">Creaci\u00f3n de Busto para el Puerto de San Pedro de Macor\u00eds.<\/p><p class=\"mb-0\" style=\"font-size: .85rem\"><strong title=\"Estado del Proceso\"><i class=\"fas fa-spinner\"><\/i><\/strong> Proceso adjudicado y celebrado<\/p><p class=\"mb-0\" style=\"font-size: .85rem\"><strong title=\"Fecha de Publicaci\u00f3n\"><i class=\"fas fa-calendar-alt\"><\/i><\/strong> Publicado el mi\u00e9rcoles, 26 de mayo de 2021<\/p><\/div><div class=\"col-auto mt-md-0 mt-2\"><a class=\"btn btn-primary btn-lg px-lg-4 d-none d-md-block\" href=\"https:\/\/comunidad.comprasdominicana.gob.do\/\/Public\/Tendering\/OpportunityDetail\/Index?noticeUID=DO1.NTC.922621\" target=\"_blank\" title=\"Detalles\"><i class=\"fas fa-link\"><\/i> DETALLES<\/a><a class=\"btn btn-primary btn-lg px-lg-4 d-block d-md-none\" href=\"https:\/\/comunidad.comprasdominicana.gob.do\/\/Public\/Tendering\/OpportunityDetail\/Index?noticeUID=DO1.NTC.922621\" target=\"_blank\" title=\"Detalles\"><i class=\"fas fa-2x fa-link\"><\/i><\/a><\/div><\/div><\/div><div class=\"jumbotron archivos\"><div class=\"row align-items-center\"><div class=\"col\"><h6><a class=\"text-dark\" href=\"https:\/\/comunidad.comprasdominicana.gob.do\/\/Public\/Tendering\/OpportunityDetail\/Index?noticeUID=DO1.NTC.921226\" title=\"Ver\" target=\"_blank\">APORDOM-DAF-CM-2021-0026<\/a><\/h6><p class=\"mb-0 bold\">Adquisici\u00f3n de zafacones para uso del proyecto de Producci\u00f3n mas limpia y uso eficiente de los recursos.<\/p><p class=\"mb-0\" style=\"font-size: .85rem\"><strong title=\"Estado del Proceso\"><i class=\"fas fa-spinner\"><\/i><\/strong> Proceso adjudicado y celebrado<\/p><p class=\"mb-0\" style=\"font-size: .85rem\"><strong title=\"Fecha de Publicaci\u00f3n\"><i class=\"fas fa-calendar-alt\"><\/i><\/strong> Publicado el viernes, 21 de mayo de 2021<\/p><\/div><div class=\"col-auto mt-md-0 mt-2\"><a class=\"btn btn-primary btn-lg px-lg-4 d-none d-md-block\" href=\"https:\/\/comunidad.comprasdominicana.gob.do\/\/Public\/Tendering\/OpportunityDetail\/Index?noticeUID=DO1.NTC.921226\" target=\"_blank\" title=\"Detalles\"><i class=\"fas fa-link\"><\/i> DETALLES<\/a><a class=\"btn btn-primary btn-lg px-lg-4 d-block d-md-none\" href=\"https:\/\/comunidad.comprasdominicana.gob.do\/\/Public\/Tendering\/OpportunityDetail\/Index?noticeUID=DO1.NTC.921226\" target=\"_blank\" title=\"Detalles\"><i class=\"fas fa-2x fa-link\"><\/i><\/a><\/div><\/div><\/div><div class=\"jumbotron archivos\"><div class=\"row align-items-center\"><div class=\"col\"><h6><a class=\"text-dark\" href=\"https:\/\/comunidad.comprasdominicana.gob.do\/\/Public\/Tendering\/OpportunityDetail\/Index?noticeUID=DO1.NTC.911037\" title=\"Ver\" target=\"_blank\">APORDOM-DAF-CM-2021-0022<\/a><\/h6><p class=\"mb-0 bold\">Contrataci\u00f3n de servicios mec\u00e1nicos y mantenimientos preventivos y correctivos para los veh\u00edculos de la Sede Central de Autoridad Portuaria Dominicana.<\/p><p class=\"mb-0\" style=\"font-size: .85rem\"><strong title=\"Estado del Proceso\"><i class=\"fas fa-spinner\"><\/i><\/strong> Proceso adjudicado y celebrado<\/p><p class=\"mb-0\" style=\"font-size: .85rem\"><strong title=\"Fecha de Publicaci\u00f3n\"><i class=\"fas fa-calendar-alt\"><\/i><\/strong> Publicado el lunes, 3 de mayo de 2021<\/p><\/div><div class=\"col-auto mt-md-0 mt-2\"><a class=\"btn btn-primary btn-lg px-lg-4 d-none d-md-block\" href=\"https:\/\/comunidad.comprasdominicana.gob.do\/\/Public\/Tendering\/OpportunityDetail\/Index?noticeUID=DO1.NTC.911037\" target=\"_blank\" title=\"Detalles\"><i class=\"fas fa-link\"><\/i> DETALLES<\/a><a class=\"btn btn-primary btn-lg px-lg-4 d-block d-md-none\" href=\"https:\/\/comunidad.comprasdominicana.gob.do\/\/Public\/Tendering\/OpportunityDetail\/Index?noticeUID=DO1.NTC.911037\" target=\"_blank\" title=\"Detalles\"><i class=\"fas fa-2x fa-link\"><\/i><\/a><\/div><\/div><\/div><div class=\"jumbotron archivos\"><div class=\"row align-items-center\"><div class=\"col\"><h6><a class=\"text-dark\" href=\"https:\/\/comunidad.comprasdominicana.gob.do\/\/Public\/Tendering\/OpportunityDetail\/Index?noticeUID=DO1.NTC.911524\" title=\"Ver\" target=\"_blank\">APORDOM-DAF-CM-2021-0024<\/a><\/h6><p class=\"mb-0 bold\">Adquisici\u00f3n de Art\u00edculos POP para la Sede Principal de APORDOM<\/p><p class=\"mb-0\" style=\"font-size: .85rem\"><strong title=\"Estado del Proceso\"><i class=\"fas fa-spinner\"><\/i><\/strong> Proceso adjudicado y celebrado<\/p><p class=\"mb-0\" style=\"font-size: .85rem\"><strong title=\"Fecha de Publicaci\u00f3n\"><i class=\"fas fa-calendar-alt\"><\/i><\/strong> Publicado el lunes, 3 de mayo de 2021<\/p><\/div><div class=\"col-auto mt-md-0 mt-2\"><a class=\"btn btn-primary btn-lg px-lg-4 d-none d-md-block\" href=\"https:\/\/comunidad.comprasdominicana.gob.do\/\/Public\/Tendering\/OpportunityDetail\/Index?noticeUID=DO1.NTC.911524\" target=\"_blank\" title=\"Detalles\"><i class=\"fas fa-link\"><\/i> DETALLES<\/a><a class=\"btn btn-primary btn-lg px-lg-4 d-block d-md-none\" href=\"https:\/\/comunidad.comprasdominicana.gob.do\/\/Public\/Tendering\/OpportunityDetail\/Index?noticeUID=DO1.NTC.911524\" target=\"_blank\" title=\"Detalles\"><i class=\"fas fa-2x fa-link\"><\/i><\/a><\/div><\/div><\/div><div class=\"jumbotron archivos\"><div class=\"row align-items-center\"><div class=\"col\"><h6><a class=\"text-dark\" href=\"https:\/\/comunidad.comprasdominicana.gob.do\/\/Public\/Tendering\/OpportunityDetail\/Index?noticeUID=DO1.NTC.911232\" title=\"Ver\" target=\"_blank\">APORDOM-DAF-CM-2021-0025<\/a><\/h6><p class=\"mb-0 bold\">Adquisici\u00f3n de Agua Potable en Botellones y Fardos de botellas por un Periodo de doce (12) Meses para uso de Autoridad Portuaria Dominicana.<\/p><p class=\"mb-0\" style=\"font-size: .85rem\"><strong title=\"Estado del Proceso\"><i class=\"fas fa-spinner\"><\/i><\/strong> Proceso desierto<\/p><p class=\"mb-0\" style=\"font-size: .85rem\"><strong title=\"Fecha de Publicaci\u00f3n\"><i class=\"fas fa-calendar-alt\"><\/i><\/strong> Publicado el lunes, 3 de mayo de 2021<\/p><\/div><div class=\"col-auto mt-md-0 mt-2\"><a class=\"btn btn-primary btn-lg px-lg-4 d-none d-md-block\" href=\"https:\/\/comunidad.comprasdominicana.gob.do\/\/Public\/Tendering\/OpportunityDetail\/Index?noticeUID=DO1.NTC.911232\" target=\"_blank\" title=\"Detalles\"><i class=\"fas fa-link\"><\/i> DETALLES<\/a><a class=\"btn btn-primary btn-lg px-lg-4 d-block d-md-none\" href=\"https:\/\/comunidad.comprasdominicana.gob.do\/\/Public\/Tendering\/OpportunityDetail\/Index?noticeUID=DO1.NTC.911232\" target=\"_blank\" title=\"Detalles\"><i class=\"fas fa-2x fa-link\"><\/i><\/a><\/div><\/div><\/div><\/div><\/div><\/div>\n        <div class=\"card\">\n            <div class=\"card-header parents\" id=\"heading_compras-menores-69eeee772d89c-2021-69eeee772d89c-abril-69eeee772d89c\">\n                <p class=\"title text-blue mb-0\">\n                    <a class=\"btn-block hover text-left collapsed\" data-toggle=\"collapse\" data-target=\"#collap_compras-menores-69eeee772d89c-2021-69eeee772d89c-abril-69eeee772d89c\" aria-expanded=\"false\" aria-controls=\"collap_compras-menores-69eeee772d89c-2021-69eeee772d89c-abril-69eeee772d89c\">Abril<\/a>\n                <\/p>\n            <\/div>\n            <div id=\"collap_compras-menores-69eeee772d89c-2021-69eeee772d89c-abril-69eeee772d89c\" class=\"collapse\" aria-labelledby=\"heading_compras-menores-69eeee772d89c-2021-69eeee772d89c-abril-69eeee772d89c\" data-parent=\"#collap_compras-menores-69eeee772d89c-2021-69eeee772d89c\">\n                <div class=\"card-body\"><div class=\"jumbotron archivos\"><div class=\"row align-items-center\"><div class=\"col\"><h6><a class=\"text-dark\" href=\"https:\/\/comunidad.comprasdominicana.gob.do\/\/Public\/Tendering\/OpportunityDetail\/Index?noticeUID=DO1.NTC.910241\" title=\"Ver\" target=\"_blank\">APORDOM-DAF-CM-2021-0018<\/a><\/h6><p class=\"mb-0 bold\">Adquisici\u00f3n de Suministros de Oficina para la Sede Principal de Autoridad Portuaria Dominicana, Dirigido a Mipymes, <\/p><p class=\"mb-0\" style=\"font-size: .85rem\"><strong title=\"Estado del Proceso\"><i class=\"fas fa-spinner\"><\/i><\/strong> Proceso adjudicado y celebrado<\/p><p class=\"mb-0\" style=\"font-size: .85rem\"><strong title=\"Fecha de Publicaci\u00f3n\"><i class=\"fas fa-calendar-alt\"><\/i><\/strong> Publicado el jueves, 29 de abril de 2021<\/p><\/div><div class=\"col-auto mt-md-0 mt-2\"><a class=\"btn btn-primary btn-lg px-lg-4 d-none d-md-block\" href=\"https:\/\/comunidad.comprasdominicana.gob.do\/\/Public\/Tendering\/OpportunityDetail\/Index?noticeUID=DO1.NTC.910241\" target=\"_blank\" title=\"Detalles\"><i class=\"fas fa-link\"><\/i> DETALLES<\/a><a class=\"btn btn-primary btn-lg px-lg-4 d-block d-md-none\" href=\"https:\/\/comunidad.comprasdominicana.gob.do\/\/Public\/Tendering\/OpportunityDetail\/Index?noticeUID=DO1.NTC.910241\" target=\"_blank\" title=\"Detalles\"><i class=\"fas fa-2x fa-link\"><\/i><\/a><\/div><\/div><\/div><div class=\"jumbotron archivos\"><div class=\"row align-items-center\"><div class=\"col\"><h6><a class=\"text-dark\" href=\"https:\/\/comunidad.comprasdominicana.gob.do\/\/Public\/Tendering\/OpportunityDetail\/Index?noticeUID=DO1.NTC.905234\" title=\"Ver\" target=\"_blank\">APORDOM-DAF-CM-2021-0023<\/a><\/h6><p class=\"mb-0 bold\">Adquisici\u00f3n de (T\u00e9, Caf\u00e9, Az\u00facar, Removedores y Vasos para Caf\u00e9) para el consumo de Autoridad Portuaria por 3 meses, dirigido a Mipymes,<\/p><p class=\"mb-0\" style=\"font-size: .85rem\"><strong title=\"Estado del Proceso\"><i class=\"fas fa-spinner\"><\/i><\/strong> Proceso adjudicado y celebrado<\/p><p class=\"mb-0\" style=\"font-size: .85rem\"><strong title=\"Fecha de Publicaci\u00f3n\"><i class=\"fas fa-calendar-alt\"><\/i><\/strong> Publicado el viernes, 23 de abril de 2021<\/p><\/div><div class=\"col-auto mt-md-0 mt-2\"><a class=\"btn btn-primary btn-lg px-lg-4 d-none d-md-block\" href=\"https:\/\/comunidad.comprasdominicana.gob.do\/\/Public\/Tendering\/OpportunityDetail\/Index?noticeUID=DO1.NTC.905234\" target=\"_blank\" title=\"Detalles\"><i class=\"fas fa-link\"><\/i> DETALLES<\/a><a class=\"btn btn-primary btn-lg px-lg-4 d-block d-md-none\" href=\"https:\/\/comunidad.comprasdominicana.gob.do\/\/Public\/Tendering\/OpportunityDetail\/Index?noticeUID=DO1.NTC.905234\" target=\"_blank\" title=\"Detalles\"><i class=\"fas fa-2x fa-link\"><\/i><\/a><\/div><\/div><\/div><div class=\"jumbotron archivos\"><div class=\"row align-items-center\"><div class=\"col\"><h6><a class=\"text-dark\" href=\"https:\/\/comunidad.comprasdominicana.gob.do\/\/Public\/Tendering\/OpportunityDetail\/Index?noticeUID=DO1.NTC.902209\" title=\"Ver\" target=\"_blank\">APORDOM-DAF-CM-2021-0020<\/a><\/h6><p class=\"mb-0 bold\">Adquisici\u00f3n e Instalaci\u00f3n de Cortinas Roller Shades, Cortinas Venecianas y Puerta de Acero Enrollable para la Sede Principal de APORDOM<\/p><p class=\"mb-0\" style=\"font-size: .85rem\"><strong title=\"Estado del Proceso\"><i class=\"fas fa-spinner\"><\/i><\/strong> Proceso adjudicado y celebrado<\/p><p class=\"mb-0\" style=\"font-size: .85rem\"><strong title=\"Fecha de Publicaci\u00f3n\"><i class=\"fas fa-calendar-alt\"><\/i><\/strong> Publicado el viernes, 16 de abril de 2021<\/p><\/div><div class=\"col-auto mt-md-0 mt-2\"><a class=\"btn btn-primary btn-lg px-lg-4 d-none d-md-block\" href=\"https:\/\/comunidad.comprasdominicana.gob.do\/\/Public\/Tendering\/OpportunityDetail\/Index?noticeUID=DO1.NTC.902209\" target=\"_blank\" title=\"Detalles\"><i class=\"fas fa-link\"><\/i> DETALLES<\/a><a class=\"btn btn-primary btn-lg px-lg-4 d-block d-md-none\" href=\"https:\/\/comunidad.comprasdominicana.gob.do\/\/Public\/Tendering\/OpportunityDetail\/Index?noticeUID=DO1.NTC.902209\" target=\"_blank\" title=\"Detalles\"><i class=\"fas fa-2x fa-link\"><\/i><\/a><\/div><\/div><\/div><div class=\"jumbotron archivos\"><div class=\"row align-items-center\"><div class=\"col\"><h6><a class=\"text-dark\" href=\"https:\/\/comunidad.comprasdominicana.gob.do\/\/Public\/Tendering\/OpportunityDetail\/Index?noticeUID=DO1.NTC.900741\" title=\"Ver\" target=\"_blank\">APORDOM-DAF-CM-2021-0016<\/a><\/h6><p class=\"mb-0 bold\">Contrataci\u00f3n de Servicios, Instalaci\u00f3n y Configuraci\u00f3n  de un Sistema de Software para la Cooperativa de APORDOM, Declarado Desierto de Proceso APORDOM-DAF-CM-2021-0008.<\/p><p class=\"mb-0\" style=\"font-size: .85rem\"><strong title=\"Estado del Proceso\"><i class=\"fas fa-spinner\"><\/i><\/strong> Proceso adjudicado y celebrado<\/p><p class=\"mb-0\" style=\"font-size: .85rem\"><strong title=\"Fecha de Publicaci\u00f3n\"><i class=\"fas fa-calendar-alt\"><\/i><\/strong> Publicado el jueves, 15 de abril de 2021<\/p><\/div><div class=\"col-auto mt-md-0 mt-2\"><a class=\"btn btn-primary btn-lg px-lg-4 d-none d-md-block\" href=\"https:\/\/comunidad.comprasdominicana.gob.do\/\/Public\/Tendering\/OpportunityDetail\/Index?noticeUID=DO1.NTC.900741\" target=\"_blank\" title=\"Detalles\"><i class=\"fas fa-link\"><\/i> DETALLES<\/a><a class=\"btn btn-primary btn-lg px-lg-4 d-block d-md-none\" href=\"https:\/\/comunidad.comprasdominicana.gob.do\/\/Public\/Tendering\/OpportunityDetail\/Index?noticeUID=DO1.NTC.900741\" target=\"_blank\" title=\"Detalles\"><i class=\"fas fa-2x fa-link\"><\/i><\/a><\/div><\/div><\/div><div class=\"jumbotron archivos\"><div class=\"row align-items-center\"><div class=\"col\"><h6><a class=\"text-dark\" href=\"https:\/\/comunidad.comprasdominicana.gob.do\/\/Public\/Tendering\/OpportunityDetail\/Index?noticeUID=DO1.NTC.900838\" title=\"Ver\" target=\"_blank\">APORDOM-DAF-CM-2021-0019<\/a><\/h6><p class=\"mb-0 bold\">Adquisici\u00f3n de Gomas, Filtros, Hidrolavadora y Bater\u00edas para Veh\u00edculos de la Sede Principal de Autoridad Portuaria Dominicana. <\/p><p class=\"mb-0\" style=\"font-size: .85rem\"><strong title=\"Estado del Proceso\"><i class=\"fas fa-spinner\"><\/i><\/strong> Proceso adjudicado y celebrado<\/p><p class=\"mb-0\" style=\"font-size: .85rem\"><strong title=\"Fecha de Publicaci\u00f3n\"><i class=\"fas fa-calendar-alt\"><\/i><\/strong> Publicado el jueves, 15 de abril de 2021<\/p><\/div><div class=\"col-auto mt-md-0 mt-2\"><a class=\"btn btn-primary btn-lg px-lg-4 d-none d-md-block\" href=\"https:\/\/comunidad.comprasdominicana.gob.do\/\/Public\/Tendering\/OpportunityDetail\/Index?noticeUID=DO1.NTC.900838\" target=\"_blank\" title=\"Detalles\"><i class=\"fas fa-link\"><\/i> DETALLES<\/a><a class=\"btn btn-primary btn-lg px-lg-4 d-block d-md-none\" href=\"https:\/\/comunidad.comprasdominicana.gob.do\/\/Public\/Tendering\/OpportunityDetail\/Index?noticeUID=DO1.NTC.900838\" target=\"_blank\" title=\"Detalles\"><i class=\"fas fa-2x fa-link\"><\/i><\/a><\/div><\/div><\/div><\/div><\/div><\/div>\n        <div class=\"card\">\n            <div class=\"card-header parents\" id=\"heading_compras-menores-69eeee772d89c-2021-69eeee772d89c-marzo-69eeee772d89c\">\n                <p class=\"title text-blue mb-0\">\n                    <a class=\"btn-block hover text-left collapsed\" data-toggle=\"collapse\" data-target=\"#collap_compras-menores-69eeee772d89c-2021-69eeee772d89c-marzo-69eeee772d89c\" aria-expanded=\"false\" aria-controls=\"collap_compras-menores-69eeee772d89c-2021-69eeee772d89c-marzo-69eeee772d89c\">Marzo<\/a>\n                <\/p>\n            <\/div>\n            <div id=\"collap_compras-menores-69eeee772d89c-2021-69eeee772d89c-marzo-69eeee772d89c\" class=\"collapse\" aria-labelledby=\"heading_compras-menores-69eeee772d89c-2021-69eeee772d89c-marzo-69eeee772d89c\" data-parent=\"#collap_compras-menores-69eeee772d89c-2021-69eeee772d89c\">\n                <div class=\"card-body\"><div class=\"jumbotron archivos\"><div class=\"row align-items-center\"><div class=\"col\"><h6><a class=\"text-dark\" href=\"https:\/\/comunidad.comprasdominicana.gob.do\/\/Public\/Tendering\/OpportunityDetail\/Index?noticeUID=DO1.NTC.890639\" title=\"Ver\" target=\"_blank\">APORDOM-DAF-CM-2021-0017<\/a><\/h6><p class=\"mb-0 bold\">Adquisici\u00f3n de Materiales de Construcci\u00f3n para Casetas de Peaje, Casetas de Planta El\u00e9ctrica, Caseta de Combustible y Remodelaci\u00f3n de Acera de la Planta El\u00e9ctrica de  APORDOM.<\/p><p class=\"mb-0\" style=\"font-size: .85rem\"><strong title=\"Estado del Proceso\"><i class=\"fas fa-spinner\"><\/i><\/strong> Proceso adjudicado y celebrado<\/p><p class=\"mb-0\" style=\"font-size: .85rem\"><strong title=\"Fecha de Publicaci\u00f3n\"><i class=\"fas fa-calendar-alt\"><\/i><\/strong> Publicado el lunes, 22 de marzo de 2021<\/p><\/div><div class=\"col-auto mt-md-0 mt-2\"><a class=\"btn btn-primary btn-lg px-lg-4 d-none d-md-block\" href=\"https:\/\/comunidad.comprasdominicana.gob.do\/\/Public\/Tendering\/OpportunityDetail\/Index?noticeUID=DO1.NTC.890639\" target=\"_blank\" title=\"Detalles\"><i class=\"fas fa-link\"><\/i> DETALLES<\/a><a class=\"btn btn-primary btn-lg px-lg-4 d-block d-md-none\" href=\"https:\/\/comunidad.comprasdominicana.gob.do\/\/Public\/Tendering\/OpportunityDetail\/Index?noticeUID=DO1.NTC.890639\" target=\"_blank\" title=\"Detalles\"><i class=\"fas fa-2x fa-link\"><\/i><\/a><\/div><\/div><\/div><div class=\"jumbotron archivos\"><div class=\"row align-items-center\"><div class=\"col\"><h6><a class=\"text-dark\" href=\"https:\/\/comunidad.comprasdominicana.gob.do\/\/Public\/Tendering\/OpportunityDetail\/Index?noticeUID=DO1.NTC.889116\" title=\"Ver\" target=\"_blank\">APORDOM-DAF-CM-2021-0014<\/a><\/h6><p class=\"mb-0 bold\">Adquisici\u00f3n de Materiales de Higiene y Limpieza para la Sede Principal de Autoridad Portuaria Dominicana.<\/p><p class=\"mb-0\" style=\"font-size: .85rem\"><strong title=\"Estado del Proceso\"><i class=\"fas fa-spinner\"><\/i><\/strong> Proceso adjudicado y celebrado<\/p><p class=\"mb-0\" style=\"font-size: .85rem\"><strong title=\"Fecha de Publicaci\u00f3n\"><i class=\"fas fa-calendar-alt\"><\/i><\/strong> Publicado el mi\u00e9rcoles, 17 de marzo de 2021<\/p><\/div><div class=\"col-auto mt-md-0 mt-2\"><a class=\"btn btn-primary btn-lg px-lg-4 d-none d-md-block\" href=\"https:\/\/comunidad.comprasdominicana.gob.do\/\/Public\/Tendering\/OpportunityDetail\/Index?noticeUID=DO1.NTC.889116\" target=\"_blank\" title=\"Detalles\"><i class=\"fas fa-link\"><\/i> DETALLES<\/a><a class=\"btn btn-primary btn-lg px-lg-4 d-block d-md-none\" href=\"https:\/\/comunidad.comprasdominicana.gob.do\/\/Public\/Tendering\/OpportunityDetail\/Index?noticeUID=DO1.NTC.889116\" target=\"_blank\" title=\"Detalles\"><i class=\"fas fa-2x fa-link\"><\/i><\/a><\/div><\/div><\/div><div class=\"jumbotron archivos\"><div class=\"row align-items-center\"><div class=\"col\"><h6><a class=\"text-dark\" href=\"https:\/\/comunidad.comprasdominicana.gob.do\/\/Public\/Tendering\/OpportunityDetail\/Index?noticeUID=DO1.NTC.888813\" title=\"Ver\" target=\"_blank\">APORDOM-DAF-CM-2021-0003<\/a><\/h6><p class=\"mb-0 bold\">Adquisici\u00f3n De Se\u00f1alizaciones Del Interior Y Exterior Del Edificio De La Sede Central De Autoridad Portuaria Dominicana.<\/p><p class=\"mb-0\" style=\"font-size: .85rem\"><strong title=\"Estado del Proceso\"><i class=\"fas fa-spinner\"><\/i><\/strong> Proceso adjudicado y celebrado<\/p><p class=\"mb-0\" style=\"font-size: .85rem\"><strong title=\"Fecha de Publicaci\u00f3n\"><i class=\"fas fa-calendar-alt\"><\/i><\/strong> Publicado el mi\u00e9rcoles, 17 de marzo de 2021<\/p><\/div><div class=\"col-auto mt-md-0 mt-2\"><a class=\"btn btn-primary btn-lg px-lg-4 d-none d-md-block\" href=\"https:\/\/comunidad.comprasdominicana.gob.do\/\/Public\/Tendering\/OpportunityDetail\/Index?noticeUID=DO1.NTC.888813\" target=\"_blank\" title=\"Detalles\"><i class=\"fas fa-link\"><\/i> DETALLES<\/a><a class=\"btn btn-primary btn-lg px-lg-4 d-block d-md-none\" href=\"https:\/\/comunidad.comprasdominicana.gob.do\/\/Public\/Tendering\/OpportunityDetail\/Index?noticeUID=DO1.NTC.888813\" target=\"_blank\" title=\"Detalles\"><i class=\"fas fa-2x fa-link\"><\/i><\/a><\/div><\/div><\/div><div class=\"jumbotron archivos\"><div class=\"row align-items-center\"><div class=\"col\"><h6><a class=\"text-dark\" href=\"https:\/\/comunidad.comprasdominicana.gob.do\/\/Public\/Tendering\/OpportunityDetail\/Index?noticeUID=DO1.NTC.888808\" title=\"Ver\" target=\"_blank\">APORDOM-DAF-CM-2021-0010<\/a><\/h6><p class=\"mb-0 bold\">Adquisici\u00f3n De Soporte De Pie Para Extintores Y Suministros De Protecci\u00f3n Personal Para El Departamento De Seguridad F\u00edsica De APORDOM.<\/p><p class=\"mb-0\" style=\"font-size: .85rem\"><strong title=\"Estado del Proceso\"><i class=\"fas fa-spinner\"><\/i><\/strong> Proceso adjudicado y celebrado<\/p><p class=\"mb-0\" style=\"font-size: .85rem\"><strong title=\"Fecha de Publicaci\u00f3n\"><i class=\"fas fa-calendar-alt\"><\/i><\/strong> Publicado el mi\u00e9rcoles, 17 de marzo de 2021<\/p><\/div><div class=\"col-auto mt-md-0 mt-2\"><a class=\"btn btn-primary btn-lg px-lg-4 d-none d-md-block\" href=\"https:\/\/comunidad.comprasdominicana.gob.do\/\/Public\/Tendering\/OpportunityDetail\/Index?noticeUID=DO1.NTC.888808\" target=\"_blank\" title=\"Detalles\"><i class=\"fas fa-link\"><\/i> DETALLES<\/a><a class=\"btn btn-primary btn-lg px-lg-4 d-block d-md-none\" href=\"https:\/\/comunidad.comprasdominicana.gob.do\/\/Public\/Tendering\/OpportunityDetail\/Index?noticeUID=DO1.NTC.888808\" target=\"_blank\" title=\"Detalles\"><i class=\"fas fa-2x fa-link\"><\/i><\/a><\/div><\/div><\/div><div class=\"jumbotron archivos\"><div class=\"row align-items-center\"><div class=\"col\"><h6><a class=\"text-dark\" href=\"https:\/\/comunidad.comprasdominicana.gob.do\/\/Public\/Tendering\/OpportunityDetail\/Index?noticeUID=DO1.NTC.886814\" title=\"Ver\" target=\"_blank\">APORDOM-DAF-CM-2021-0006<\/a><\/h6><p class=\"mb-0 bold\">Adquisici\u00f3n de Garita prefabricada para ampliaci\u00f3n del peaje de la entrada de la Sede Principal de APORDOM. <\/p><p class=\"mb-0\" style=\"font-size: .85rem\"><strong title=\"Estado del Proceso\"><i class=\"fas fa-spinner\"><\/i><\/strong> Proceso adjudicado y celebrado<\/p><p class=\"mb-0\" style=\"font-size: .85rem\"><strong title=\"Fecha de Publicaci\u00f3n\"><i class=\"fas fa-calendar-alt\"><\/i><\/strong> Publicado el viernes, 12 de marzo de 2021<\/p><\/div><div class=\"col-auto mt-md-0 mt-2\"><a class=\"btn btn-primary btn-lg px-lg-4 d-none d-md-block\" href=\"https:\/\/comunidad.comprasdominicana.gob.do\/\/Public\/Tendering\/OpportunityDetail\/Index?noticeUID=DO1.NTC.886814\" target=\"_blank\" title=\"Detalles\"><i class=\"fas fa-link\"><\/i> DETALLES<\/a><a class=\"btn btn-primary btn-lg px-lg-4 d-block d-md-none\" href=\"https:\/\/comunidad.comprasdominicana.gob.do\/\/Public\/Tendering\/OpportunityDetail\/Index?noticeUID=DO1.NTC.886814\" target=\"_blank\" title=\"Detalles\"><i class=\"fas fa-2x fa-link\"><\/i><\/a><\/div><\/div><\/div><div class=\"jumbotron archivos\"><div class=\"row align-items-center\"><div class=\"col\"><h6><a class=\"text-dark\" href=\"https:\/\/comunidad.comprasdominicana.gob.do\/\/Public\/Tendering\/OpportunityDetail\/Index?noticeUID=DO1.NTC.885414\" title=\"Ver\" target=\"_blank\">APORDOM-DAF-CM-2021-0015<\/a><\/h6><p class=\"mb-0 bold\">Adquisici\u00f3n de Uniforme para Supervisores y Vigilantes de la Sede  Principal de APORDOM.<\/p><p class=\"mb-0\" style=\"font-size: .85rem\"><strong title=\"Estado del Proceso\"><i class=\"fas fa-spinner\"><\/i><\/strong> Proceso adjudicado y celebrado<\/p><p class=\"mb-0\" style=\"font-size: .85rem\"><strong title=\"Fecha de Publicaci\u00f3n\"><i class=\"fas fa-calendar-alt\"><\/i><\/strong> Publicado el mi\u00e9rcoles, 10 de marzo de 2021<\/p><\/div><div class=\"col-auto mt-md-0 mt-2\"><a class=\"btn btn-primary btn-lg px-lg-4 d-none d-md-block\" href=\"https:\/\/comunidad.comprasdominicana.gob.do\/\/Public\/Tendering\/OpportunityDetail\/Index?noticeUID=DO1.NTC.885414\" target=\"_blank\" title=\"Detalles\"><i class=\"fas fa-link\"><\/i> DETALLES<\/a><a class=\"btn btn-primary btn-lg px-lg-4 d-block d-md-none\" href=\"https:\/\/comunidad.comprasdominicana.gob.do\/\/Public\/Tendering\/OpportunityDetail\/Index?noticeUID=DO1.NTC.885414\" target=\"_blank\" title=\"Detalles\"><i class=\"fas fa-2x fa-link\"><\/i><\/a><\/div><\/div><\/div><div class=\"jumbotron archivos\"><div class=\"row align-items-center\"><div class=\"col\"><h6><a class=\"text-dark\" href=\"https:\/\/comunidad.comprasdominicana.gob.do\/\/Public\/Tendering\/OpportunityDetail\/Index?noticeUID=DO1.NTC.880226\" title=\"Ver\" target=\"_blank\">APORDOM-DAF-CM-2021-0013<\/a><\/h6><p class=\"mb-0 bold\">Contrataci\u00f3n de servicio de alquiler de gr\u00faa canasta para la adecuaci\u00f3n del peaje de APORDOM<\/p><p class=\"mb-0\" style=\"font-size: .85rem\"><strong title=\"Estado del Proceso\"><i class=\"fas fa-spinner\"><\/i><\/strong> Proceso adjudicado y celebrado<\/p><p class=\"mb-0\" style=\"font-size: .85rem\"><strong title=\"Fecha de Publicaci\u00f3n\"><i class=\"fas fa-calendar-alt\"><\/i><\/strong> Publicado el lunes, 1 de marzo de 2021<\/p><\/div><div class=\"col-auto mt-md-0 mt-2\"><a class=\"btn btn-primary btn-lg px-lg-4 d-none d-md-block\" href=\"https:\/\/comunidad.comprasdominicana.gob.do\/\/Public\/Tendering\/OpportunityDetail\/Index?noticeUID=DO1.NTC.880226\" target=\"_blank\" title=\"Detalles\"><i class=\"fas fa-link\"><\/i> DETALLES<\/a><a class=\"btn btn-primary btn-lg px-lg-4 d-block d-md-none\" href=\"https:\/\/comunidad.comprasdominicana.gob.do\/\/Public\/Tendering\/OpportunityDetail\/Index?noticeUID=DO1.NTC.880226\" target=\"_blank\" title=\"Detalles\"><i class=\"fas fa-2x fa-link\"><\/i><\/a><\/div><\/div><\/div><div class=\"jumbotron archivos\"><div class=\"row align-items-center\"><div class=\"col\"><h6><a class=\"text-dark\" href=\"https:\/\/comunidad.comprasdominicana.gob.do\/\/Public\/Tendering\/OpportunityDetail\/Index?noticeUID=DO1.NTC.880724\" title=\"Ver\" target=\"_blank\">APORDOM-DAF-CM-2021-0002<\/a><\/h6><p class=\"mb-0 bold\">Adquisici\u00f3n de Aires Acondicionados y Condensadora para la Sede Principal de Autoridad Portuaria Dominicana.<\/p><p class=\"mb-0\" style=\"font-size: .85rem\"><strong title=\"Estado del Proceso\"><i class=\"fas fa-spinner\"><\/i><\/strong> Proceso adjudicado y celebrado<\/p><p class=\"mb-0\" style=\"font-size: .85rem\"><strong title=\"Fecha de Publicaci\u00f3n\"><i class=\"fas fa-calendar-alt\"><\/i><\/strong> Publicado el lunes, 1 de marzo de 2021<\/p><\/div><div class=\"col-auto mt-md-0 mt-2\"><a class=\"btn btn-primary btn-lg px-lg-4 d-none d-md-block\" href=\"https:\/\/comunidad.comprasdominicana.gob.do\/\/Public\/Tendering\/OpportunityDetail\/Index?noticeUID=DO1.NTC.880724\" target=\"_blank\" title=\"Detalles\"><i class=\"fas fa-link\"><\/i> DETALLES<\/a><a class=\"btn btn-primary btn-lg px-lg-4 d-block d-md-none\" href=\"https:\/\/comunidad.comprasdominicana.gob.do\/\/Public\/Tendering\/OpportunityDetail\/Index?noticeUID=DO1.NTC.880724\" target=\"_blank\" title=\"Detalles\"><i class=\"fas fa-2x fa-link\"><\/i><\/a><\/div><\/div><\/div><div class=\"jumbotron archivos\"><div class=\"row align-items-center\"><div class=\"col\"><h6><a class=\"text-dark\" href=\"https:\/\/comunidad.comprasdominicana.gob.do\/\/Public\/Tendering\/OpportunityDetail\/Index?noticeUID=DO1.NTC.881117\" title=\"Ver\" target=\"_blank\">APORDOM-DAF-CM-2021-0012<\/a><\/h6><p class=\"mb-0 bold\">Adquisici\u00f3n de Materiales de Construcci\u00f3n para Casetas de Peaje, Casetas de Planta El\u00e9ctrica, Caseta de Combustible y Remodelaci\u00f3n de Acera de la Planta El\u00e9ctrica de  APORDOM.<\/p><p class=\"mb-0\" style=\"font-size: .85rem\"><strong title=\"Estado del Proceso\"><i class=\"fas fa-spinner\"><\/i><\/strong> Proceso desierto<\/p><p class=\"mb-0\" style=\"font-size: .85rem\"><strong title=\"Fecha de Publicaci\u00f3n\"><i class=\"fas fa-calendar-alt\"><\/i><\/strong> Publicado el martes, 2 de marzo de 2021<\/p><\/div><div class=\"col-auto mt-md-0 mt-2\"><a class=\"btn btn-primary btn-lg px-lg-4 d-none d-md-block\" href=\"https:\/\/comunidad.comprasdominicana.gob.do\/\/Public\/Tendering\/OpportunityDetail\/Index?noticeUID=DO1.NTC.881117\" target=\"_blank\" title=\"Detalles\"><i class=\"fas fa-link\"><\/i> DETALLES<\/a><a class=\"btn btn-primary btn-lg px-lg-4 d-block d-md-none\" href=\"https:\/\/comunidad.comprasdominicana.gob.do\/\/Public\/Tendering\/OpportunityDetail\/Index?noticeUID=DO1.NTC.881117\" target=\"_blank\" title=\"Detalles\"><i class=\"fas fa-2x fa-link\"><\/i><\/a><\/div><\/div><\/div><\/div><\/div><\/div>\n        <div class=\"card\">\n            <div class=\"card-header parents\" id=\"heading_compras-menores-69eeee772d89c-2021-69eeee772d89c-febrero-69eeee772d89c\">\n                <p class=\"title text-blue mb-0\">\n                    <a class=\"btn-block hover text-left collapsed\" data-toggle=\"collapse\" data-target=\"#collap_compras-menores-69eeee772d89c-2021-69eeee772d89c-febrero-69eeee772d89c\" aria-expanded=\"false\" aria-controls=\"collap_compras-menores-69eeee772d89c-2021-69eeee772d89c-febrero-69eeee772d89c\">Febrero<\/a>\n                <\/p>\n            <\/div>\n            <div id=\"collap_compras-menores-69eeee772d89c-2021-69eeee772d89c-febrero-69eeee772d89c\" class=\"collapse\" aria-labelledby=\"heading_compras-menores-69eeee772d89c-2021-69eeee772d89c-febrero-69eeee772d89c\" data-parent=\"#collap_compras-menores-69eeee772d89c-2021-69eeee772d89c\">\n                <div class=\"card-body\"><div class=\"jumbotron archivos\"><div class=\"row align-items-center\"><div class=\"col\"><h6><a class=\"text-dark\" href=\"https:\/\/comunidad.comprasdominicana.gob.do\/\/Public\/Tendering\/OpportunityDetail\/Index?noticeUID=DO1.NTC.877722\" title=\"Ver\" target=\"_blank\">APORDOM-DAF-CM-2021-0011<\/a><\/h6><p class=\"mb-0 bold\">Adquisici\u00f3n de Motocicletas para la Sede Principal de Autoridad Portuaria Dominicana.<\/p><p class=\"mb-0\" style=\"font-size: .85rem\"><strong title=\"Estado del Proceso\"><i class=\"fas fa-spinner\"><\/i><\/strong> Proceso adjudicado y celebrado<\/p><p class=\"mb-0\" style=\"font-size: .85rem\"><strong title=\"Fecha de Publicaci\u00f3n\"><i class=\"fas fa-calendar-alt\"><\/i><\/strong> Publicado el lunes, 22 de febrero de 2021<\/p><\/div><div class=\"col-auto mt-md-0 mt-2\"><a class=\"btn btn-primary btn-lg px-lg-4 d-none d-md-block\" href=\"https:\/\/comunidad.comprasdominicana.gob.do\/\/Public\/Tendering\/OpportunityDetail\/Index?noticeUID=DO1.NTC.877722\" target=\"_blank\" title=\"Detalles\"><i class=\"fas fa-link\"><\/i> DETALLES<\/a><a class=\"btn btn-primary btn-lg px-lg-4 d-block d-md-none\" href=\"https:\/\/comunidad.comprasdominicana.gob.do\/\/Public\/Tendering\/OpportunityDetail\/Index?noticeUID=DO1.NTC.877722\" target=\"_blank\" title=\"Detalles\"><i class=\"fas fa-2x fa-link\"><\/i><\/a><\/div><\/div><\/div><div class=\"jumbotron archivos\"><div class=\"row align-items-center\"><div class=\"col\"><h6><a class=\"text-dark\" href=\"https:\/\/comunidad.comprasdominicana.gob.do\/\/Public\/Tendering\/OpportunityDetail\/Index?noticeUID=DO1.NTC.875327\" title=\"Ver\" target=\"_blank\">APORDOM-DAF-CM-2021-0007<\/a><\/h6><p class=\"mb-0 bold\">Adquisici\u00f3n de Materiales El\u00e9ctricos, Luminarias y Bomba Sumergible para APORDOM <\/p><p class=\"mb-0\" style=\"font-size: .85rem\"><strong title=\"Estado del Proceso\"><i class=\"fas fa-spinner\"><\/i><\/strong> Proceso adjudicado y celebrado<\/p><p class=\"mb-0\" style=\"font-size: .85rem\"><strong title=\"Fecha de Publicaci\u00f3n\"><i class=\"fas fa-calendar-alt\"><\/i><\/strong> Publicado el martes, 16 de febrero de 2021<\/p><\/div><div class=\"col-auto mt-md-0 mt-2\"><a class=\"btn btn-primary btn-lg px-lg-4 d-none d-md-block\" href=\"https:\/\/comunidad.comprasdominicana.gob.do\/\/Public\/Tendering\/OpportunityDetail\/Index?noticeUID=DO1.NTC.875327\" target=\"_blank\" title=\"Detalles\"><i class=\"fas fa-link\"><\/i> DETALLES<\/a><a class=\"btn btn-primary btn-lg px-lg-4 d-block d-md-none\" href=\"https:\/\/comunidad.comprasdominicana.gob.do\/\/Public\/Tendering\/OpportunityDetail\/Index?noticeUID=DO1.NTC.875327\" target=\"_blank\" title=\"Detalles\"><i class=\"fas fa-2x fa-link\"><\/i><\/a><\/div><\/div><\/div><div class=\"jumbotron archivos\"><div class=\"row align-items-center\"><div class=\"col\"><h6><a class=\"text-dark\" href=\"https:\/\/comunidad.comprasdominicana.gob.do\/\/Public\/Tendering\/OpportunityDetail\/Index?noticeUID=DO1.NTC.875323\" title=\"Ver\" target=\"_blank\">APORDOM-DAF-CM-2021-0004<\/a><\/h6><p class=\"mb-0 bold\">Adquisici\u00f3n de Dispensadores de Agua y Neveras Ejecutivas para la Sede Central de APORDOM<\/p><p class=\"mb-0\" style=\"font-size: .85rem\"><strong title=\"Estado del Proceso\"><i class=\"fas fa-spinner\"><\/i><\/strong> Proceso adjudicado y celebrado<\/p><p class=\"mb-0\" style=\"font-size: .85rem\"><strong title=\"Fecha de Publicaci\u00f3n\"><i class=\"fas fa-calendar-alt\"><\/i><\/strong> Publicado el martes, 16 de febrero de 2021<\/p><\/div><div class=\"col-auto mt-md-0 mt-2\"><a class=\"btn btn-primary btn-lg px-lg-4 d-none d-md-block\" href=\"https:\/\/comunidad.comprasdominicana.gob.do\/\/Public\/Tendering\/OpportunityDetail\/Index?noticeUID=DO1.NTC.875323\" target=\"_blank\" title=\"Detalles\"><i class=\"fas fa-link\"><\/i> DETALLES<\/a><a class=\"btn btn-primary btn-lg px-lg-4 d-block d-md-none\" href=\"https:\/\/comunidad.comprasdominicana.gob.do\/\/Public\/Tendering\/OpportunityDetail\/Index?noticeUID=DO1.NTC.875323\" target=\"_blank\" title=\"Detalles\"><i class=\"fas fa-2x fa-link\"><\/i><\/a><\/div><\/div><\/div><div class=\"jumbotron archivos\"><div class=\"row align-items-center\"><div class=\"col\"><h6><a class=\"text-dark\" href=\"https:\/\/comunidad.comprasdominicana.gob.do\/\/Public\/Tendering\/OpportunityDetail\/Index?noticeUID=DO1.NTC.874328\" title=\"Ver\" target=\"_blank\">APORDOM-DAF-CM-2021-0009<\/a><\/h6><p class=\"mb-0 bold\">Adquisici\u00f3n de Computadoras, Impresoras y Tel\u00e9fonos Digitales para APORODM<\/p><p class=\"mb-0\" style=\"font-size: .85rem\"><strong title=\"Estado del Proceso\"><i class=\"fas fa-spinner\"><\/i><\/strong> Proceso adjudicado y celebrado<\/p><p class=\"mb-0\" style=\"font-size: .85rem\"><strong title=\"Fecha de Publicaci\u00f3n\"><i class=\"fas fa-calendar-alt\"><\/i><\/strong> Publicado el lunes, 15 de febrero de 2021<\/p><\/div><div class=\"col-auto mt-md-0 mt-2\"><a class=\"btn btn-primary btn-lg px-lg-4 d-none d-md-block\" href=\"https:\/\/comunidad.comprasdominicana.gob.do\/\/Public\/Tendering\/OpportunityDetail\/Index?noticeUID=DO1.NTC.874328\" target=\"_blank\" title=\"Detalles\"><i class=\"fas fa-link\"><\/i> DETALLES<\/a><a class=\"btn btn-primary btn-lg px-lg-4 d-block d-md-none\" href=\"https:\/\/comunidad.comprasdominicana.gob.do\/\/Public\/Tendering\/OpportunityDetail\/Index?noticeUID=DO1.NTC.874328\" target=\"_blank\" title=\"Detalles\"><i class=\"fas fa-2x fa-link\"><\/i><\/a><\/div><\/div><\/div><div class=\"jumbotron archivos\"><div class=\"row align-items-center\"><div class=\"col\"><h6><a class=\"text-dark\" href=\"https:\/\/comunidad.comprasdominicana.gob.do\/\/Public\/Tendering\/OpportunityDetail\/Index?noticeUID=DO1.NTC.872125\" title=\"Ver\" target=\"_blank\">APORDOM-DAF-CM-2021-0005<\/a><\/h6><p class=\"mb-0 bold\">Adquisici\u00f3n de Mobiliarios de Oficina para la Sede Principal de  Autoridad Portuaria Dominicana<\/p><p class=\"mb-0\" style=\"font-size: .85rem\"><strong title=\"Estado del Proceso\"><i class=\"fas fa-spinner\"><\/i><\/strong> Proceso adjudicado y celebrado<\/p><p class=\"mb-0\" style=\"font-size: .85rem\"><strong title=\"Fecha de Publicaci\u00f3n\"><i class=\"fas fa-calendar-alt\"><\/i><\/strong> Publicado el martes, 9 de febrero de 2021<\/p><\/div><div class=\"col-auto mt-md-0 mt-2\"><a class=\"btn btn-primary btn-lg px-lg-4 d-none d-md-block\" href=\"https:\/\/comunidad.comprasdominicana.gob.do\/\/Public\/Tendering\/OpportunityDetail\/Index?noticeUID=DO1.NTC.872125\" target=\"_blank\" title=\"Detalles\"><i class=\"fas fa-link\"><\/i> DETALLES<\/a><a class=\"btn btn-primary btn-lg px-lg-4 d-block d-md-none\" href=\"https:\/\/comunidad.comprasdominicana.gob.do\/\/Public\/Tendering\/OpportunityDetail\/Index?noticeUID=DO1.NTC.872125\" target=\"_blank\" title=\"Detalles\"><i class=\"fas fa-2x fa-link\"><\/i><\/a><\/div><\/div><\/div><div class=\"jumbotron archivos\"><div class=\"row align-items-center\"><div class=\"col\"><h6><a class=\"text-dark\" href=\"https:\/\/comunidad.comprasdominicana.gob.do\/\/Public\/Tendering\/OpportunityDetail\/Index?noticeUID=DO1.NTC.875216\" title=\"Ver\" target=\"_blank\">APORDOM-DAF-CM-2021-0008<\/a><\/h6><p class=\"mb-0 bold\">Contrataci\u00f3n de Servicios, Instalaci\u00f3n y Configuraci\u00f3n  de un Sistema de Software para la Cooperativa de APORDOM.<\/p><p class=\"mb-0\" style=\"font-size: .85rem\"><strong title=\"Estado del Proceso\"><i class=\"fas fa-spinner\"><\/i><\/strong> Proceso desierto<\/p><p class=\"mb-0\" style=\"font-size: .85rem\"><strong title=\"Fecha de Publicaci\u00f3n\"><i class=\"fas fa-calendar-alt\"><\/i><\/strong> Publicado el martes, 16 de febrero de 2021<\/p><\/div><div class=\"col-auto mt-md-0 mt-2\"><a class=\"btn btn-primary btn-lg px-lg-4 d-none d-md-block\" href=\"https:\/\/comunidad.comprasdominicana.gob.do\/\/Public\/Tendering\/OpportunityDetail\/Index?noticeUID=DO1.NTC.875216\" target=\"_blank\" title=\"Detalles\"><i class=\"fas fa-link\"><\/i> DETALLES<\/a><a class=\"btn btn-primary btn-lg px-lg-4 d-block d-md-none\" href=\"https:\/\/comunidad.comprasdominicana.gob.do\/\/Public\/Tendering\/OpportunityDetail\/Index?noticeUID=DO1.NTC.875216\" target=\"_blank\" title=\"Detalles\"><i class=\"fas fa-2x fa-link\"><\/i><\/a><\/div><\/div><\/div><\/div><\/div><\/div>\n        <div class=\"card\">\n            <div class=\"card-header parents\" id=\"heading_compras-menores-69eeee772d89c-2021-69eeee772d89c-enero-69eeee772d89c\">\n                <p class=\"title text-blue mb-0\">\n                    <a class=\"btn-block hover text-left collapsed\" data-toggle=\"collapse\" data-target=\"#collap_compras-menores-69eeee772d89c-2021-69eeee772d89c-enero-69eeee772d89c\" aria-expanded=\"false\" aria-controls=\"collap_compras-menores-69eeee772d89c-2021-69eeee772d89c-enero-69eeee772d89c\">Enero<\/a>\n                <\/p>\n            <\/div>\n            <div id=\"collap_compras-menores-69eeee772d89c-2021-69eeee772d89c-enero-69eeee772d89c\" class=\"collapse\" aria-labelledby=\"heading_compras-menores-69eeee772d89c-2021-69eeee772d89c-enero-69eeee772d89c\" data-parent=\"#collap_compras-menores-69eeee772d89c-2021-69eeee772d89c\">\n                <div class=\"card-body\"><div class=\"jumbotron archivos\"><div class=\"row align-items-center\"><div class=\"col\"><h6><a class=\"text-dark\" href=\"https:\/\/comunidad.comprasdominicana.gob.do\/\/Public\/Tendering\/OpportunityDetail\/Index?noticeUID=DO1.NTC.866310\" title=\"Ver\" target=\"_blank\">APORDOM-DAF-CM-2021-0001<\/a><\/h6><p class=\"mb-0 bold\">Adquisici\u00f3n de Suministros de Oficina para la Sede Principal de Autoridad Portuaria Dominicana por un periodo de 3 meses, Dirigido a Mipymes<\/p><p class=\"mb-0\" style=\"font-size: .85rem\"><strong title=\"Estado del Proceso\"><i class=\"fas fa-spinner\"><\/i><\/strong> Proceso adjudicado y celebrado<\/p><p class=\"mb-0\" style=\"font-size: .85rem\"><strong title=\"Fecha de Publicaci\u00f3n\"><i class=\"fas fa-calendar-alt\"><\/i><\/strong> Publicado el martes, 26 de enero de 2021<\/p><\/div><div class=\"col-auto mt-md-0 mt-2\"><a class=\"btn btn-primary btn-lg px-lg-4 d-none d-md-block\" href=\"https:\/\/comunidad.comprasdominicana.gob.do\/\/Public\/Tendering\/OpportunityDetail\/Index?noticeUID=DO1.NTC.866310\" target=\"_blank\" title=\"Detalles\"><i class=\"fas fa-link\"><\/i> DETALLES<\/a><a class=\"btn btn-primary btn-lg px-lg-4 d-block d-md-none\" href=\"https:\/\/comunidad.comprasdominicana.gob.do\/\/Public\/Tendering\/OpportunityDetail\/Index?noticeUID=DO1.NTC.866310\" target=\"_blank\" title=\"Detalles\"><i class=\"fas fa-2x fa-link\"><\/i><\/a><\/div><\/div><\/div><\/div><\/div><\/div><\/div><\/div><\/div>\n        <div class=\"card\">\n            <div class=\"card-header parents\" id=\"heading_compras-menores-69eeee772d89c-2020-69eeee772d89c\">\n                <p class=\"title text-blue mb-0\">\n                    <a class=\"btn-block hover text-left collapsed\" data-toggle=\"collapse\" data-target=\"#collap_compras-menores-69eeee772d89c-2020-69eeee772d89c\" aria-expanded=\"false\" aria-controls=\"collap_compras-menores-69eeee772d89c-2020-69eeee772d89c\">2020<\/a>\n                <\/p>\n            <\/div>\n            <div id=\"collap_compras-menores-69eeee772d89c-2020-69eeee772d89c\" class=\"collapse\" aria-labelledby=\"heading_compras-menores-69eeee772d89c-2020-69eeee772d89c\" data-parent=\"#collap_compras-menores-69eeee772d89c\">\n                <div class=\"card-body\">\n        <div class=\"card\">\n            <div class=\"card-header parents\" id=\"heading_compras-menores-69eeee772d89c-2020-69eeee772d89c-diciembre-69eeee772d89c\">\n                <p class=\"title text-blue mb-0\">\n                    <a class=\"btn-block hover text-left collapsed\" data-toggle=\"collapse\" data-target=\"#collap_compras-menores-69eeee772d89c-2020-69eeee772d89c-diciembre-69eeee772d89c\" aria-expanded=\"false\" aria-controls=\"collap_compras-menores-69eeee772d89c-2020-69eeee772d89c-diciembre-69eeee772d89c\">Diciembre<\/a>\n                <\/p>\n            <\/div>\n            <div id=\"collap_compras-menores-69eeee772d89c-2020-69eeee772d89c-diciembre-69eeee772d89c\" class=\"collapse\" aria-labelledby=\"heading_compras-menores-69eeee772d89c-2020-69eeee772d89c-diciembre-69eeee772d89c\" data-parent=\"#collap_compras-menores-69eeee772d89c-2020-69eeee772d89c\">\n                <div class=\"card-body\"><div class=\"jumbotron archivos\"><div class=\"row align-items-center\"><div class=\"col\"><h6><a class=\"text-dark\" href=\"https:\/\/comunidad.comprasdominicana.gob.do\/\/Public\/Tendering\/OpportunityDetail\/Index?noticeUID=DO1.NTC.852118\" title=\"Ver\" target=\"_blank\">APORDOM-DAF-CM-2020-0038<\/a><\/h6><p class=\"mb-0 bold\">Contrataci\u00f3n de servicio para elaboraci\u00f3n y asesor\u00eda de Brochure APORDOM. <\/p><p class=\"mb-0\" style=\"font-size: .85rem\"><strong title=\"Estado del Proceso\"><i class=\"fas fa-spinner\"><\/i><\/strong> Cancelado<\/p><p class=\"mb-0\" style=\"font-size: .85rem\"><strong title=\"Fecha de Publicaci\u00f3n\"><i class=\"fas fa-calendar-alt\"><\/i><\/strong> Publicado el martes, 15 de diciembre de 2020<\/p><\/div><div class=\"col-auto mt-md-0 mt-2\"><a class=\"btn btn-primary btn-lg px-lg-4 d-none d-md-block\" href=\"https:\/\/comunidad.comprasdominicana.gob.do\/\/Public\/Tendering\/OpportunityDetail\/Index?noticeUID=DO1.NTC.852118\" target=\"_blank\" title=\"Detalles\"><i class=\"fas fa-link\"><\/i> DETALLES<\/a><a class=\"btn btn-primary btn-lg px-lg-4 d-block d-md-none\" href=\"https:\/\/comunidad.comprasdominicana.gob.do\/\/Public\/Tendering\/OpportunityDetail\/Index?noticeUID=DO1.NTC.852118\" target=\"_blank\" title=\"Detalles\"><i class=\"fas fa-2x fa-link\"><\/i><\/a><\/div><\/div><\/div><div class=\"jumbotron archivos\"><div class=\"row align-items-center\"><div class=\"col\"><h6><a class=\"text-dark\" href=\"https:\/\/comunidad.comprasdominicana.gob.do\/\/Public\/Tendering\/OpportunityDetail\/Index?noticeUID=DO1.NTC.855738\" title=\"Ver\" target=\"_blank\">APORDOM-DAF-CM-2020-0041<\/a><\/h6><p class=\"mb-0 bold\">Adquisici\u00f3n de Tickets de Combustible para Autoridad Portuaria Dominicana por un Periodo Estimado de Tres Meses y Medio.<\/p><p class=\"mb-0\" style=\"font-size: .85rem\"><strong title=\"Estado del Proceso\"><i class=\"fas fa-spinner\"><\/i><\/strong> Proceso adjudicado y celebrado<\/p><p class=\"mb-0\" style=\"font-size: .85rem\"><strong title=\"Fecha de Publicaci\u00f3n\"><i class=\"fas fa-calendar-alt\"><\/i><\/strong> Publicado el mi\u00e9rcoles, 23 de diciembre de 2020<\/p><\/div><div class=\"col-auto mt-md-0 mt-2\"><a class=\"btn btn-primary btn-lg px-lg-4 d-none d-md-block\" href=\"https:\/\/comunidad.comprasdominicana.gob.do\/\/Public\/Tendering\/OpportunityDetail\/Index?noticeUID=DO1.NTC.855738\" target=\"_blank\" title=\"Detalles\"><i class=\"fas fa-link\"><\/i> DETALLES<\/a><a class=\"btn btn-primary btn-lg px-lg-4 d-block d-md-none\" href=\"https:\/\/comunidad.comprasdominicana.gob.do\/\/Public\/Tendering\/OpportunityDetail\/Index?noticeUID=DO1.NTC.855738\" target=\"_blank\" title=\"Detalles\"><i class=\"fas fa-2x fa-link\"><\/i><\/a><\/div><\/div><\/div><div class=\"jumbotron archivos\"><div class=\"row align-items-center\"><div class=\"col\"><h6><a class=\"text-dark\" href=\"https:\/\/comunidad.comprasdominicana.gob.do\/\/Public\/Tendering\/OpportunityDetail\/Index?noticeUID=DO1.NTC.854234\" title=\"Ver\" target=\"_blank\">APORDOM-DAF-CM-2020-0040<\/a><\/h6><p class=\"mb-0 bold\">Adquisici\u00f3n de suministros para la prevenci\u00f3n del COVID-19 para los colaboradores de APORDOM, dirigido a Mipymes<\/p><p class=\"mb-0\" style=\"font-size: .85rem\"><strong title=\"Estado del Proceso\"><i class=\"fas fa-spinner\"><\/i><\/strong> Proceso adjudicado y celebrado<\/p><p class=\"mb-0\" style=\"font-size: .85rem\"><strong title=\"Fecha de Publicaci\u00f3n\"><i class=\"fas fa-calendar-alt\"><\/i><\/strong> Publicado el lunes, 21 de diciembre de 2020<\/p><\/div><div class=\"col-auto mt-md-0 mt-2\"><a class=\"btn btn-primary btn-lg px-lg-4 d-none d-md-block\" href=\"https:\/\/comunidad.comprasdominicana.gob.do\/\/Public\/Tendering\/OpportunityDetail\/Index?noticeUID=DO1.NTC.854234\" target=\"_blank\" title=\"Detalles\"><i class=\"fas fa-link\"><\/i> DETALLES<\/a><a class=\"btn btn-primary btn-lg px-lg-4 d-block d-md-none\" href=\"https:\/\/comunidad.comprasdominicana.gob.do\/\/Public\/Tendering\/OpportunityDetail\/Index?noticeUID=DO1.NTC.854234\" target=\"_blank\" title=\"Detalles\"><i class=\"fas fa-2x fa-link\"><\/i><\/a><\/div><\/div><\/div><div class=\"jumbotron archivos\"><div class=\"row align-items-center\"><div class=\"col\"><h6><a class=\"text-dark\" href=\"https:\/\/comunidad.comprasdominicana.gob.do\/\/Public\/Tendering\/OpportunityDetail\/Index?noticeUID=DO1.NTC.851806\" title=\"Ver\" target=\"_blank\">APORDOM-DAF-CM-2020-0039<\/a><\/h6><p class=\"mb-0 bold\"> Adquisici\u00f3n de art\u00edculos promocionales alusivos al 50 aniversario de la Instituci\u00f3n, Dirigido a Mipymes.<\/p><p class=\"mb-0\" style=\"font-size: .85rem\"><strong title=\"Estado del Proceso\"><i class=\"fas fa-spinner\"><\/i><\/strong> Proceso adjudicado y celebrado<\/p><p class=\"mb-0\" style=\"font-size: .85rem\"><strong title=\"Fecha de Publicaci\u00f3n\"><i class=\"fas fa-calendar-alt\"><\/i><\/strong> Publicado el martes, 15 de diciembre de 2020<\/p><\/div><div class=\"col-auto mt-md-0 mt-2\"><a class=\"btn btn-primary btn-lg px-lg-4 d-none d-md-block\" href=\"https:\/\/comunidad.comprasdominicana.gob.do\/\/Public\/Tendering\/OpportunityDetail\/Index?noticeUID=DO1.NTC.851806\" target=\"_blank\" title=\"Detalles\"><i class=\"fas fa-link\"><\/i> DETALLES<\/a><a class=\"btn btn-primary btn-lg px-lg-4 d-block d-md-none\" href=\"https:\/\/comunidad.comprasdominicana.gob.do\/\/Public\/Tendering\/OpportunityDetail\/Index?noticeUID=DO1.NTC.851806\" target=\"_blank\" title=\"Detalles\"><i class=\"fas fa-2x fa-link\"><\/i><\/a><\/div><\/div><\/div><div class=\"jumbotron archivos\"><div class=\"row align-items-center\"><div class=\"col\"><h6><a class=\"text-dark\" href=\"https:\/\/comunidad.comprasdominicana.gob.do\/\/Public\/Tendering\/OpportunityDetail\/Index?noticeUID=DO1.NTC.849844\" title=\"Ver\" target=\"_blank\">APORDOM-DAF-CM-2020-0037<\/a><\/h6><p class=\"mb-0 bold\">Adquisici\u00f3n De Banderas Institucional, Nacional E Internacional Para Uso Del Exterior De La Sede Principal De Autoridad Portuaria<\/p><p class=\"mb-0\" style=\"font-size: .85rem\"><strong title=\"Estado del Proceso\"><i class=\"fas fa-spinner\"><\/i><\/strong> Proceso adjudicado y celebrado<\/p><p class=\"mb-0\" style=\"font-size: .85rem\"><strong title=\"Fecha de Publicaci\u00f3n\"><i class=\"fas fa-calendar-alt\"><\/i><\/strong> Publicado el jueves, 10 de diciembre de 2020<\/p><\/div><div class=\"col-auto mt-md-0 mt-2\"><a class=\"btn btn-primary btn-lg px-lg-4 d-none d-md-block\" href=\"https:\/\/comunidad.comprasdominicana.gob.do\/\/Public\/Tendering\/OpportunityDetail\/Index?noticeUID=DO1.NTC.849844\" target=\"_blank\" title=\"Detalles\"><i class=\"fas fa-link\"><\/i> DETALLES<\/a><a class=\"btn btn-primary btn-lg px-lg-4 d-block d-md-none\" href=\"https:\/\/comunidad.comprasdominicana.gob.do\/\/Public\/Tendering\/OpportunityDetail\/Index?noticeUID=DO1.NTC.849844\" target=\"_blank\" title=\"Detalles\"><i class=\"fas fa-2x fa-link\"><\/i><\/a><\/div><\/div><\/div><div class=\"jumbotron archivos\"><div class=\"row align-items-center\"><div class=\"col\"><h6><a class=\"text-dark\" href=\"https:\/\/comunidad.comprasdominicana.gob.do\/\/Public\/Tendering\/OpportunityDetail\/Index?noticeUID=DO1.NTC.847723\" title=\"Ver\" target=\"_blank\">APORDOM-DAF-CM-2020-0036<\/a><\/h6><p class=\"mb-0 bold\">Contrataci\u00f3n de servicio de refrigerio para la actividad del 50 Aniversario de Autoridad Portuaria Dominicana.<\/p><p class=\"mb-0\" style=\"font-size: .85rem\"><strong title=\"Estado del Proceso\"><i class=\"fas fa-spinner\"><\/i><\/strong> Proceso adjudicado y celebrado<\/p><p class=\"mb-0\" style=\"font-size: .85rem\"><strong title=\"Fecha de Publicaci\u00f3n\"><i class=\"fas fa-calendar-alt\"><\/i><\/strong> Publicado el viernes, 4 de diciembre de 2020<\/p><\/div><div class=\"col-auto mt-md-0 mt-2\"><a class=\"btn btn-primary btn-lg px-lg-4 d-none d-md-block\" href=\"https:\/\/comunidad.comprasdominicana.gob.do\/\/Public\/Tendering\/OpportunityDetail\/Index?noticeUID=DO1.NTC.847723\" target=\"_blank\" title=\"Detalles\"><i class=\"fas fa-link\"><\/i> DETALLES<\/a><a class=\"btn btn-primary btn-lg px-lg-4 d-block d-md-none\" href=\"https:\/\/comunidad.comprasdominicana.gob.do\/\/Public\/Tendering\/OpportunityDetail\/Index?noticeUID=DO1.NTC.847723\" target=\"_blank\" title=\"Detalles\"><i class=\"fas fa-2x fa-link\"><\/i><\/a><\/div><\/div><\/div><div class=\"jumbotron archivos\"><div class=\"row align-items-center\"><div class=\"col\"><h6><a class=\"text-dark\" href=\"https:\/\/comunidad.comprasdominicana.gob.do\/\/Public\/Tendering\/OpportunityDetail\/Index?noticeUID=DO1.NTC.846938\" title=\"Ver\" target=\"_blank\">APORDOM-DAF-CM-2020-0035<\/a><\/h6><p class=\"mb-0 bold\">Adquisici\u00f3n de Casetas para la remodelaci\u00f3n del peaje en la entrada Principal de la Instituci\u00f3n.\u00a0<\/p><p class=\"mb-0\" style=\"font-size: .85rem\"><strong title=\"Estado del Proceso\"><i class=\"fas fa-spinner\"><\/i><\/strong> Proceso adjudicado y celebrado<\/p><p class=\"mb-0\" style=\"font-size: .85rem\"><strong title=\"Fecha de Publicaci\u00f3n\"><i class=\"fas fa-calendar-alt\"><\/i><\/strong> Publicado el jueves, 3 de diciembre de 2020<\/p><\/div><div class=\"col-auto mt-md-0 mt-2\"><a class=\"btn btn-primary btn-lg px-lg-4 d-none d-md-block\" href=\"https:\/\/comunidad.comprasdominicana.gob.do\/\/Public\/Tendering\/OpportunityDetail\/Index?noticeUID=DO1.NTC.846938\" target=\"_blank\" title=\"Detalles\"><i class=\"fas fa-link\"><\/i> DETALLES<\/a><a class=\"btn btn-primary btn-lg px-lg-4 d-block d-md-none\" href=\"https:\/\/comunidad.comprasdominicana.gob.do\/\/Public\/Tendering\/OpportunityDetail\/Index?noticeUID=DO1.NTC.846938\" target=\"_blank\" title=\"Detalles\"><i class=\"fas fa-2x fa-link\"><\/i><\/a><\/div><\/div><\/div><div class=\"jumbotron archivos\"><div class=\"row align-items-center\"><div class=\"col\"><h6><a class=\"text-dark\" href=\"https:\/\/comunidad.comprasdominicana.gob.do\/\/Public\/Tendering\/OpportunityDetail\/Index?noticeUID=DO1.NTC.847334\" title=\"Ver\" target=\"_blank\">APORDOM-DAF-CM-2020-0034<\/a><\/h6><p class=\"mb-0 bold\">Contrataci\u00f3n de servicio de montaje y dise\u00f1o para el evento Misa de Acci\u00f3n de Gracias por el motivo del 50 Aniversario de la Instituci\u00f3n.<\/p><p class=\"mb-0\" style=\"font-size: .85rem\"><strong title=\"Estado del Proceso\"><i class=\"fas fa-spinner\"><\/i><\/strong> Proceso adjudicado y celebrado<\/p><p class=\"mb-0\" style=\"font-size: .85rem\"><strong title=\"Fecha de Publicaci\u00f3n\"><i class=\"fas fa-calendar-alt\"><\/i><\/strong> Publicado el jueves, 3 de diciembre de 2020<\/p><\/div><div class=\"col-auto mt-md-0 mt-2\"><a class=\"btn btn-primary btn-lg px-lg-4 d-none d-md-block\" href=\"https:\/\/comunidad.comprasdominicana.gob.do\/\/Public\/Tendering\/OpportunityDetail\/Index?noticeUID=DO1.NTC.847334\" target=\"_blank\" title=\"Detalles\"><i class=\"fas fa-link\"><\/i> DETALLES<\/a><a class=\"btn btn-primary btn-lg px-lg-4 d-block d-md-none\" href=\"https:\/\/comunidad.comprasdominicana.gob.do\/\/Public\/Tendering\/OpportunityDetail\/Index?noticeUID=DO1.NTC.847334\" target=\"_blank\" title=\"Detalles\"><i class=\"fas fa-2x fa-link\"><\/i><\/a><\/div><\/div><\/div><\/div><\/div><\/div>\n        <div class=\"card\">\n            <div class=\"card-header parents\" id=\"heading_compras-menores-69eeee772d89c-2020-69eeee772d89c-noviembre-69eeee772d89c\">\n                <p class=\"title text-blue mb-0\">\n                    <a class=\"btn-block hover text-left collapsed\" data-toggle=\"collapse\" data-target=\"#collap_compras-menores-69eeee772d89c-2020-69eeee772d89c-noviembre-69eeee772d89c\" aria-expanded=\"false\" aria-controls=\"collap_compras-menores-69eeee772d89c-2020-69eeee772d89c-noviembre-69eeee772d89c\">Noviembre<\/a>\n                <\/p>\n            <\/div>\n            <div id=\"collap_compras-menores-69eeee772d89c-2020-69eeee772d89c-noviembre-69eeee772d89c\" class=\"collapse\" aria-labelledby=\"heading_compras-menores-69eeee772d89c-2020-69eeee772d89c-noviembre-69eeee772d89c\" data-parent=\"#collap_compras-menores-69eeee772d89c-2020-69eeee772d89c\">\n                <div class=\"card-body\"><div class=\"jumbotron archivos\"><div class=\"row align-items-center\"><div class=\"col\"><h6><a class=\"text-dark\" href=\"https:\/\/comunidad.comprasdominicana.gob.do\/\/Public\/Tendering\/OpportunityDetail\/Index?noticeUID=DO1.NTC.844045\" title=\"Ver\" target=\"_blank\">APORDOM-DAF-CM-2020-0029<\/a><\/h6><p class=\"mb-0 bold\">Adquisici\u00f3n de Materiales de Ferreter\u00eda y Pintura para Autoridad Portuaria Dominicana<\/p><p class=\"mb-0\" style=\"font-size: .85rem\"><strong title=\"Estado del Proceso\"><i class=\"fas fa-spinner\"><\/i><\/strong> Proceso adjudicado y celebrado<\/p><p class=\"mb-0\" style=\"font-size: .85rem\"><strong title=\"Fecha de Publicaci\u00f3n\"><i class=\"fas fa-calendar-alt\"><\/i><\/strong> Publicado el jueves, 26 de noviembre de 2020<\/p><\/div><div class=\"col-auto mt-md-0 mt-2\"><a class=\"btn btn-primary btn-lg px-lg-4 d-none d-md-block\" href=\"https:\/\/comunidad.comprasdominicana.gob.do\/\/Public\/Tendering\/OpportunityDetail\/Index?noticeUID=DO1.NTC.844045\" target=\"_blank\" title=\"Detalles\"><i class=\"fas fa-link\"><\/i> DETALLES<\/a><a class=\"btn btn-primary btn-lg px-lg-4 d-block d-md-none\" href=\"https:\/\/comunidad.comprasdominicana.gob.do\/\/Public\/Tendering\/OpportunityDetail\/Index?noticeUID=DO1.NTC.844045\" target=\"_blank\" title=\"Detalles\"><i class=\"fas fa-2x fa-link\"><\/i><\/a><\/div><\/div><\/div><div class=\"jumbotron archivos\"><div class=\"row align-items-center\"><div class=\"col\"><h6><a class=\"text-dark\" href=\"https:\/\/comunidad.comprasdominicana.gob.do\/\/Public\/Tendering\/OpportunityDetail\/Index?noticeUID=DO1.NTC.842930\" title=\"Ver\" target=\"_blank\">APORDOM-DAF-CM-2020-0033<\/a><\/h6><p class=\"mb-0 bold\">Adquisici\u00f3n de suministro de oficina para la Sede Principal de Autoridad Portuaria Dominicana, Dirigido a Mipymes.<\/p><p class=\"mb-0\" style=\"font-size: .85rem\"><strong title=\"Estado del Proceso\"><i class=\"fas fa-spinner\"><\/i><\/strong> Proceso adjudicado y celebrado<\/p><p class=\"mb-0\" style=\"font-size: .85rem\"><strong title=\"Fecha de Publicaci\u00f3n\"><i class=\"fas fa-calendar-alt\"><\/i><\/strong> Publicado el martes, 24 de noviembre de 2020<\/p><\/div><div class=\"col-auto mt-md-0 mt-2\"><a class=\"btn btn-primary btn-lg px-lg-4 d-none d-md-block\" href=\"https:\/\/comunidad.comprasdominicana.gob.do\/\/Public\/Tendering\/OpportunityDetail\/Index?noticeUID=DO1.NTC.842930\" target=\"_blank\" title=\"Detalles\"><i class=\"fas fa-link\"><\/i> DETALLES<\/a><a class=\"btn btn-primary btn-lg px-lg-4 d-block d-md-none\" href=\"https:\/\/comunidad.comprasdominicana.gob.do\/\/Public\/Tendering\/OpportunityDetail\/Index?noticeUID=DO1.NTC.842930\" target=\"_blank\" title=\"Detalles\"><i class=\"fas fa-2x fa-link\"><\/i><\/a><\/div><\/div><\/div><div class=\"jumbotron archivos\"><div class=\"row align-items-center\"><div class=\"col\"><h6><a class=\"text-dark\" href=\"https:\/\/comunidad.comprasdominicana.gob.do\/\/Public\/Tendering\/OpportunityDetail\/Index?noticeUID=DO1.NTC.840106\" title=\"Ver\" target=\"_blank\">APORDOM-DAF-CM-2020-0031<\/a><\/h6><p class=\"mb-0 bold\">Adquisici\u00f3n de Suministros para la prevenci\u00f3n del covid-19 para Autoridad Portuaria Dominicana.<\/p><p class=\"mb-0\" style=\"font-size: .85rem\"><strong title=\"Estado del Proceso\"><i class=\"fas fa-spinner\"><\/i><\/strong> Proceso adjudicado y celebrado<\/p><p class=\"mb-0\" style=\"font-size: .85rem\"><strong title=\"Fecha de Publicaci\u00f3n\"><i class=\"fas fa-calendar-alt\"><\/i><\/strong> Publicado el martes, 17 de noviembre de 2020<\/p><\/div><div class=\"col-auto mt-md-0 mt-2\"><a class=\"btn btn-primary btn-lg px-lg-4 d-none d-md-block\" href=\"https:\/\/comunidad.comprasdominicana.gob.do\/\/Public\/Tendering\/OpportunityDetail\/Index?noticeUID=DO1.NTC.840106\" target=\"_blank\" title=\"Detalles\"><i class=\"fas fa-link\"><\/i> DETALLES<\/a><a class=\"btn btn-primary btn-lg px-lg-4 d-block d-md-none\" href=\"https:\/\/comunidad.comprasdominicana.gob.do\/\/Public\/Tendering\/OpportunityDetail\/Index?noticeUID=DO1.NTC.840106\" target=\"_blank\" title=\"Detalles\"><i class=\"fas fa-2x fa-link\"><\/i><\/a><\/div><\/div><\/div><div class=\"jumbotron archivos\"><div class=\"row align-items-center\"><div class=\"col\"><h6><a class=\"text-dark\" href=\"https:\/\/comunidad.comprasdominicana.gob.do\/\/Public\/Tendering\/OpportunityDetail\/Index?noticeUID=DO1.NTC.839249\" title=\"Ver\" target=\"_blank\">APORDOM-DAF-CM-2020-0030<\/a><\/h6><p class=\"mb-0 bold\">Adquisici\u00f3n de extintores y accesorios para extintores  para la Sede Principal de Autoridad Portuaria Dominicana, Dirigido a Mipymes.<\/p><p class=\"mb-0\" style=\"font-size: .85rem\"><strong title=\"Estado del Proceso\"><i class=\"fas fa-spinner\"><\/i><\/strong> Proceso adjudicado y celebrado<\/p><p class=\"mb-0\" style=\"font-size: .85rem\"><strong title=\"Fecha de Publicaci\u00f3n\"><i class=\"fas fa-calendar-alt\"><\/i><\/strong> Publicado el lunes, 16 de noviembre de 2020<\/p><\/div><div class=\"col-auto mt-md-0 mt-2\"><a class=\"btn btn-primary btn-lg px-lg-4 d-none d-md-block\" href=\"https:\/\/comunidad.comprasdominicana.gob.do\/\/Public\/Tendering\/OpportunityDetail\/Index?noticeUID=DO1.NTC.839249\" target=\"_blank\" title=\"Detalles\"><i class=\"fas fa-link\"><\/i> DETALLES<\/a><a class=\"btn btn-primary btn-lg px-lg-4 d-block d-md-none\" href=\"https:\/\/comunidad.comprasdominicana.gob.do\/\/Public\/Tendering\/OpportunityDetail\/Index?noticeUID=DO1.NTC.839249\" target=\"_blank\" title=\"Detalles\"><i class=\"fas fa-2x fa-link\"><\/i><\/a><\/div><\/div><\/div><div class=\"jumbotron archivos\"><div class=\"row align-items-center\"><div class=\"col\"><h6><a class=\"text-dark\" href=\"https:\/\/comunidad.comprasdominicana.gob.do\/\/Public\/Tendering\/OpportunityDetail\/Index?noticeUID=DO1.NTC.836133\" title=\"Ver\" target=\"_blank\">APORDOM-DAF-CM-2020-0028<\/a><\/h6><p class=\"mb-0 bold\">Adquisici\u00f3n de Aires Acondicionados y Condensadora para la Sede Central de Autoridad Portuaria Dominicana.<\/p><p class=\"mb-0\" style=\"font-size: .85rem\"><strong title=\"Estado del Proceso\"><i class=\"fas fa-spinner\"><\/i><\/strong> Proceso adjudicado y celebrado<\/p><p class=\"mb-0\" style=\"font-size: .85rem\"><strong title=\"Fecha de Publicaci\u00f3n\"><i class=\"fas fa-calendar-alt\"><\/i><\/strong> Publicado el viernes, 6 de noviembre de 2020<\/p><\/div><div class=\"col-auto mt-md-0 mt-2\"><a class=\"btn btn-primary btn-lg px-lg-4 d-none d-md-block\" href=\"https:\/\/comunidad.comprasdominicana.gob.do\/\/Public\/Tendering\/OpportunityDetail\/Index?noticeUID=DO1.NTC.836133\" target=\"_blank\" title=\"Detalles\"><i class=\"fas fa-link\"><\/i> DETALLES<\/a><a class=\"btn btn-primary btn-lg px-lg-4 d-block d-md-none\" href=\"https:\/\/comunidad.comprasdominicana.gob.do\/\/Public\/Tendering\/OpportunityDetail\/Index?noticeUID=DO1.NTC.836133\" target=\"_blank\" title=\"Detalles\"><i class=\"fas fa-2x fa-link\"><\/i><\/a><\/div><\/div><\/div><\/div><\/div><\/div>\n        <div class=\"card\">\n            <div class=\"card-header parents\" id=\"heading_compras-menores-69eeee772d89c-2020-69eeee772d89c-octubre-69eeee772d89c\">\n                <p class=\"title text-blue mb-0\">\n                    <a class=\"btn-block hover text-left collapsed\" data-toggle=\"collapse\" data-target=\"#collap_compras-menores-69eeee772d89c-2020-69eeee772d89c-octubre-69eeee772d89c\" aria-expanded=\"false\" aria-controls=\"collap_compras-menores-69eeee772d89c-2020-69eeee772d89c-octubre-69eeee772d89c\">Octubre<\/a>\n                <\/p>\n            <\/div>\n            <div id=\"collap_compras-menores-69eeee772d89c-2020-69eeee772d89c-octubre-69eeee772d89c\" class=\"collapse\" aria-labelledby=\"heading_compras-menores-69eeee772d89c-2020-69eeee772d89c-octubre-69eeee772d89c\" data-parent=\"#collap_compras-menores-69eeee772d89c-2020-69eeee772d89c\">\n                <div class=\"card-body\"><div class=\"jumbotron archivos\"><div class=\"row align-items-center\"><div class=\"col\"><h6><a class=\"text-dark\" href=\"https:\/\/comunidad.comprasdominicana.gob.do\/\/Public\/Tendering\/OpportunityDetail\/Index?noticeUID=DO1.NTC.822407\" title=\"Ver\" target=\"_blank\">APORDOM-DAF-CM-2020-0016<\/a><\/h6><p class=\"mb-0 bold\">Servicio de catering y refrigerios ejecutivos para actividades y reuniones de la direcci\u00f3n ejecutiva de Autoridad Portuaria Dominicana<\/p><p class=\"mb-0\" style=\"font-size: .85rem\"><strong title=\"Estado del Proceso\"><i class=\"fas fa-spinner\"><\/i><\/strong> Cancelado<\/p><p class=\"mb-0\" style=\"font-size: .85rem\"><strong title=\"Fecha de Publicaci\u00f3n\"><i class=\"fas fa-calendar-alt\"><\/i><\/strong> Publicado el mi\u00e9rcoles, 7 de octubre de 2020<\/p><\/div><div class=\"col-auto mt-md-0 mt-2\"><a class=\"btn btn-primary btn-lg px-lg-4 d-none d-md-block\" href=\"https:\/\/comunidad.comprasdominicana.gob.do\/\/Public\/Tendering\/OpportunityDetail\/Index?noticeUID=DO1.NTC.822407\" target=\"_blank\" title=\"Detalles\"><i class=\"fas fa-link\"><\/i> DETALLES<\/a><a class=\"btn btn-primary btn-lg px-lg-4 d-block d-md-none\" href=\"https:\/\/comunidad.comprasdominicana.gob.do\/\/Public\/Tendering\/OpportunityDetail\/Index?noticeUID=DO1.NTC.822407\" target=\"_blank\" title=\"Detalles\"><i class=\"fas fa-2x fa-link\"><\/i><\/a><\/div><\/div><\/div><div class=\"jumbotron archivos\"><div class=\"row align-items-center\"><div class=\"col\"><h6><a class=\"text-dark\" href=\"https:\/\/comunidad.comprasdominicana.gob.do\/\/Public\/Tendering\/OpportunityDetail\/Index?noticeUID=DO1.NTC.820025\" title=\"Ver\" target=\"_blank\">APORDOM-DAF-CM-2020-0021<\/a><\/h6><p class=\"mb-0 bold\">Servicio de adecuaci\u00f3n de Oficinas de la Sede Central de Autoridad Portuaria Dominicana.<\/p><p class=\"mb-0\" style=\"font-size: .85rem\"><strong title=\"Estado del Proceso\"><i class=\"fas fa-spinner\"><\/i><\/strong> Cancelado<\/p><p class=\"mb-0\" style=\"font-size: .85rem\"><strong title=\"Fecha de Publicaci\u00f3n\"><i class=\"fas fa-calendar-alt\"><\/i><\/strong> Publicado el jueves, 1 de octubre de 2020<\/p><\/div><div class=\"col-auto mt-md-0 mt-2\"><a class=\"btn btn-primary btn-lg px-lg-4 d-none d-md-block\" href=\"https:\/\/comunidad.comprasdominicana.gob.do\/\/Public\/Tendering\/OpportunityDetail\/Index?noticeUID=DO1.NTC.820025\" target=\"_blank\" title=\"Detalles\"><i class=\"fas fa-link\"><\/i> DETALLES<\/a><a class=\"btn btn-primary btn-lg px-lg-4 d-block d-md-none\" href=\"https:\/\/comunidad.comprasdominicana.gob.do\/\/Public\/Tendering\/OpportunityDetail\/Index?noticeUID=DO1.NTC.820025\" target=\"_blank\" title=\"Detalles\"><i class=\"fas fa-2x fa-link\"><\/i><\/a><\/div><\/div><\/div><div class=\"jumbotron archivos\"><div class=\"row align-items-center\"><div class=\"col\"><h6><a class=\"text-dark\" href=\"https:\/\/comunidad.comprasdominicana.gob.do\/\/Public\/Tendering\/OpportunityDetail\/Index?noticeUID=DO1.NTC.831434\" title=\"Ver\" target=\"_blank\">APORDOM-DAF-CM-2020-0026<\/a><\/h6><p class=\"mb-0 bold\">Adquisici\u00f3n de sellos, talonarios y material impreso para uso en la Autoridad Portuaria Dominicana por un per\u00edodo de 8 meses, Dirigido a MIPYMES.<\/p><p class=\"mb-0\" style=\"font-size: .85rem\"><strong title=\"Estado del Proceso\"><i class=\"fas fa-spinner\"><\/i><\/strong> Proceso adjudicado y celebrado<\/p><p class=\"mb-0\" style=\"font-size: .85rem\"><strong title=\"Fecha de Publicaci\u00f3n\"><i class=\"fas fa-calendar-alt\"><\/i><\/strong> Publicado el mi\u00e9rcoles, 28 de octubre de 2020<\/p><\/div><div class=\"col-auto mt-md-0 mt-2\"><a class=\"btn btn-primary btn-lg px-lg-4 d-none d-md-block\" href=\"https:\/\/comunidad.comprasdominicana.gob.do\/\/Public\/Tendering\/OpportunityDetail\/Index?noticeUID=DO1.NTC.831434\" target=\"_blank\" title=\"Detalles\"><i class=\"fas fa-link\"><\/i> DETALLES<\/a><a class=\"btn btn-primary btn-lg px-lg-4 d-block d-md-none\" href=\"https:\/\/comunidad.comprasdominicana.gob.do\/\/Public\/Tendering\/OpportunityDetail\/Index?noticeUID=DO1.NTC.831434\" target=\"_blank\" title=\"Detalles\"><i class=\"fas fa-2x fa-link\"><\/i><\/a><\/div><\/div><\/div><div class=\"jumbotron archivos\"><div class=\"row align-items-center\"><div class=\"col\"><h6><a class=\"text-dark\" href=\"https:\/\/comunidad.comprasdominicana.gob.do\/\/Public\/Tendering\/OpportunityDetail\/Index?noticeUID=DO1.NTC.830132\" title=\"Ver\" target=\"_blank\">APORDOM-DAF-CM-2020-0027<\/a><\/h6><p class=\"mb-0 bold\">Servicios de Alquiler de impresoras multifuncionales para APORDOM por 13 meses.<\/p><p class=\"mb-0\" style=\"font-size: .85rem\"><strong title=\"Estado del Proceso\"><i class=\"fas fa-spinner\"><\/i><\/strong> Proceso adjudicado y celebrado<\/p><p class=\"mb-0\" style=\"font-size: .85rem\"><strong title=\"Fecha de Publicaci\u00f3n\"><i class=\"fas fa-calendar-alt\"><\/i><\/strong> Publicado el lunes, 26 de octubre de 2020<\/p><\/div><div class=\"col-auto mt-md-0 mt-2\"><a class=\"btn btn-primary btn-lg px-lg-4 d-none d-md-block\" href=\"https:\/\/comunidad.comprasdominicana.gob.do\/\/Public\/Tendering\/OpportunityDetail\/Index?noticeUID=DO1.NTC.830132\" target=\"_blank\" title=\"Detalles\"><i class=\"fas fa-link\"><\/i> DETALLES<\/a><a class=\"btn btn-primary btn-lg px-lg-4 d-block d-md-none\" href=\"https:\/\/comunidad.comprasdominicana.gob.do\/\/Public\/Tendering\/OpportunityDetail\/Index?noticeUID=DO1.NTC.830132\" target=\"_blank\" title=\"Detalles\"><i class=\"fas fa-2x fa-link\"><\/i><\/a><\/div><\/div><\/div><div class=\"jumbotron archivos\"><div class=\"row align-items-center\"><div class=\"col\"><h6><a class=\"text-dark\" href=\"https:\/\/comunidad.comprasdominicana.gob.do\/\/Public\/Tendering\/OpportunityDetail\/Index?noticeUID=DO1.NTC.826331\" title=\"Ver\" target=\"_blank\">APORDOM-DAF-CM-2020-0025<\/a><\/h6><p class=\"mb-0 bold\">Adquisici\u00f3n de materiales de higiene y limpieza para la Sede Central de Autoridad Portuaria Dominicana ,dirigido a Mipymes<\/p><p class=\"mb-0\" style=\"font-size: .85rem\"><strong title=\"Estado del Proceso\"><i class=\"fas fa-spinner\"><\/i><\/strong> Proceso adjudicado y celebrado<\/p><p class=\"mb-0\" style=\"font-size: .85rem\"><strong title=\"Fecha de Publicaci\u00f3n\"><i class=\"fas fa-calendar-alt\"><\/i><\/strong> Publicado el jueves, 15 de octubre de 2020<\/p><\/div><div class=\"col-auto mt-md-0 mt-2\"><a class=\"btn btn-primary btn-lg px-lg-4 d-none d-md-block\" href=\"https:\/\/comunidad.comprasdominicana.gob.do\/\/Public\/Tendering\/OpportunityDetail\/Index?noticeUID=DO1.NTC.826331\" target=\"_blank\" title=\"Detalles\"><i class=\"fas fa-link\"><\/i> DETALLES<\/a><a class=\"btn btn-primary btn-lg px-lg-4 d-block d-md-none\" href=\"https:\/\/comunidad.comprasdominicana.gob.do\/\/Public\/Tendering\/OpportunityDetail\/Index?noticeUID=DO1.NTC.826331\" target=\"_blank\" title=\"Detalles\"><i class=\"fas fa-2x fa-link\"><\/i><\/a><\/div><\/div><\/div><div class=\"jumbotron archivos\"><div class=\"row align-items-center\"><div class=\"col\"><h6><a class=\"text-dark\" href=\"https:\/\/comunidad.comprasdominicana.gob.do\/\/Public\/Tendering\/OpportunityDetail\/Index?noticeUID=DO1.NTC.822803\" title=\"Ver\" target=\"_blank\">APORDOM-DAF-CM-2020-0024<\/a><\/h6><p class=\"mb-0 bold\">Servicio de Reparaci\u00f3n y puesta en marcha de  PLANTAS ELECTRICAS  de la Sede Central de Autoridad Portuaria Dominicana.<\/p><p class=\"mb-0\" style=\"font-size: .85rem\"><strong title=\"Estado del Proceso\"><i class=\"fas fa-spinner\"><\/i><\/strong> Proceso adjudicado y celebrado<\/p><p class=\"mb-0\" style=\"font-size: .85rem\"><strong title=\"Fecha de Publicaci\u00f3n\"><i class=\"fas fa-calendar-alt\"><\/i><\/strong> Publicado el jueves, 8 de octubre de 2020<\/p><\/div><div class=\"col-auto mt-md-0 mt-2\"><a class=\"btn btn-primary btn-lg px-lg-4 d-none d-md-block\" href=\"https:\/\/comunidad.comprasdominicana.gob.do\/\/Public\/Tendering\/OpportunityDetail\/Index?noticeUID=DO1.NTC.822803\" target=\"_blank\" title=\"Detalles\"><i class=\"fas fa-link\"><\/i> DETALLES<\/a><a class=\"btn btn-primary btn-lg px-lg-4 d-block d-md-none\" href=\"https:\/\/comunidad.comprasdominicana.gob.do\/\/Public\/Tendering\/OpportunityDetail\/Index?noticeUID=DO1.NTC.822803\" target=\"_blank\" title=\"Detalles\"><i class=\"fas fa-2x fa-link\"><\/i><\/a><\/div><\/div><\/div><div class=\"jumbotron archivos\"><div class=\"row align-items-center\"><div class=\"col\"><h6><a class=\"text-dark\" href=\"https:\/\/comunidad.comprasdominicana.gob.do\/\/Public\/Tendering\/OpportunityDetail\/Index?noticeUID=DO1.NTC.822138\" title=\"Ver\" target=\"_blank\">APORDOM-DAF-CM-2020-0023<\/a><\/h6><p class=\"mb-0 bold\">Contrataci\u00f3n de servicios mec\u00e1nicos y mantenimiento preventivos y correctivos para los veh\u00edculos de la Sede Central de Autoridad Portuaria Dominicana<\/p><p class=\"mb-0\" style=\"font-size: .85rem\"><strong title=\"Estado del Proceso\"><i class=\"fas fa-spinner\"><\/i><\/strong> Proceso adjudicado y celebrado<\/p><p class=\"mb-0\" style=\"font-size: .85rem\"><strong title=\"Fecha de Publicaci\u00f3n\"><i class=\"fas fa-calendar-alt\"><\/i><\/strong> Publicado el mi\u00e9rcoles, 7 de octubre de 2020<\/p><\/div><div class=\"col-auto mt-md-0 mt-2\"><a class=\"btn btn-primary btn-lg px-lg-4 d-none d-md-block\" href=\"https:\/\/comunidad.comprasdominicana.gob.do\/\/Public\/Tendering\/OpportunityDetail\/Index?noticeUID=DO1.NTC.822138\" target=\"_blank\" title=\"Detalles\"><i class=\"fas fa-link\"><\/i> DETALLES<\/a><a class=\"btn btn-primary btn-lg px-lg-4 d-block d-md-none\" href=\"https:\/\/comunidad.comprasdominicana.gob.do\/\/Public\/Tendering\/OpportunityDetail\/Index?noticeUID=DO1.NTC.822138\" target=\"_blank\" title=\"Detalles\"><i class=\"fas fa-2x fa-link\"><\/i><\/a><\/div><\/div><\/div><\/div><\/div><\/div>\n        <div class=\"card\">\n            <div class=\"card-header parents\" id=\"heading_compras-menores-69eeee772d89c-2020-69eeee772d89c-septiembre-69eeee772d89c\">\n                <p class=\"title text-blue mb-0\">\n                    <a class=\"btn-block hover text-left collapsed\" data-toggle=\"collapse\" data-target=\"#collap_compras-menores-69eeee772d89c-2020-69eeee772d89c-septiembre-69eeee772d89c\" aria-expanded=\"false\" aria-controls=\"collap_compras-menores-69eeee772d89c-2020-69eeee772d89c-septiembre-69eeee772d89c\">Septiembre<\/a>\n                <\/p>\n            <\/div>\n            <div id=\"collap_compras-menores-69eeee772d89c-2020-69eeee772d89c-septiembre-69eeee772d89c\" class=\"collapse\" aria-labelledby=\"heading_compras-menores-69eeee772d89c-2020-69eeee772d89c-septiembre-69eeee772d89c\" data-parent=\"#collap_compras-menores-69eeee772d89c-2020-69eeee772d89c\">\n                <div class=\"card-body\"><div class=\"jumbotron archivos\"><div class=\"row align-items-center\"><div class=\"col\"><h6><a class=\"text-dark\" href=\"https:\/\/comunidad.comprasdominicana.gob.do\/\/Public\/Tendering\/OpportunityDetail\/Index?noticeUID=DO1.NTC.815725\" title=\"Ver\" target=\"_blank\">APORDOM-DAF-CM-2020-0017<\/a><\/h6><p class=\"mb-0 bold\">ADQUISICION DE COMBUSTIBLE (GASOIL) PARA USO DE LOS VEHICULOS DE ESTA AUTORIDAD PORTUARIA DOMINICANA.<\/p><p class=\"mb-0\" style=\"font-size: .85rem\"><strong title=\"Estado del Proceso\"><i class=\"fas fa-spinner\"><\/i><\/strong> Proceso adjudicado y celebrado<\/p><p class=\"mb-0\" style=\"font-size: .85rem\"><strong title=\"Fecha de Publicaci\u00f3n\"><i class=\"fas fa-calendar-alt\"><\/i><\/strong> Publicado el lunes, 21 de septiembre de 2020<\/p><\/div><div class=\"col-auto mt-md-0 mt-2\"><a class=\"btn btn-primary btn-lg px-lg-4 d-none d-md-block\" href=\"https:\/\/comunidad.comprasdominicana.gob.do\/\/Public\/Tendering\/OpportunityDetail\/Index?noticeUID=DO1.NTC.815725\" target=\"_blank\" title=\"Detalles\"><i class=\"fas fa-link\"><\/i> DETALLES<\/a><a class=\"btn btn-primary btn-lg px-lg-4 d-block d-md-none\" href=\"https:\/\/comunidad.comprasdominicana.gob.do\/\/Public\/Tendering\/OpportunityDetail\/Index?noticeUID=DO1.NTC.815725\" target=\"_blank\" title=\"Detalles\"><i class=\"fas fa-2x fa-link\"><\/i><\/a><\/div><\/div><\/div><div class=\"jumbotron archivos\"><div class=\"row align-items-center\"><div class=\"col\"><h6><a class=\"text-dark\" href=\"https:\/\/comunidad.comprasdominicana.gob.do\/\/Public\/Tendering\/OpportunityDetail\/Index?noticeUID=DO1.NTC.815322\" title=\"Ver\" target=\"_blank\">APORDOM-DAF-CM-2020-0019<\/a><\/h6><p class=\"mb-0 bold\">Adquisici\u00f3n Sellos de Seguridad para Furgones, para ser usados en todos los puertos de esta instituci\u00f3n.<\/p><p class=\"mb-0\" style=\"font-size: .85rem\"><strong title=\"Estado del Proceso\"><i class=\"fas fa-spinner\"><\/i><\/strong> Proceso adjudicado y celebrado<\/p><p class=\"mb-0\" style=\"font-size: .85rem\"><strong title=\"Fecha de Publicaci\u00f3n\"><i class=\"fas fa-calendar-alt\"><\/i><\/strong> Publicado el lunes, 21 de septiembre de 2020<\/p><\/div><div class=\"col-auto mt-md-0 mt-2\"><a class=\"btn btn-primary btn-lg px-lg-4 d-none d-md-block\" href=\"https:\/\/comunidad.comprasdominicana.gob.do\/\/Public\/Tendering\/OpportunityDetail\/Index?noticeUID=DO1.NTC.815322\" target=\"_blank\" title=\"Detalles\"><i class=\"fas fa-link\"><\/i> DETALLES<\/a><a class=\"btn btn-primary btn-lg px-lg-4 d-block d-md-none\" href=\"https:\/\/comunidad.comprasdominicana.gob.do\/\/Public\/Tendering\/OpportunityDetail\/Index?noticeUID=DO1.NTC.815322\" target=\"_blank\" title=\"Detalles\"><i class=\"fas fa-2x fa-link\"><\/i><\/a><\/div><\/div><\/div><div class=\"jumbotron archivos\"><div class=\"row align-items-center\"><div class=\"col\"><h6><a class=\"text-dark\" href=\"https:\/\/comunidad.comprasdominicana.gob.do\/\/Public\/Tendering\/OpportunityDetail\/Index?noticeUID=DO1.NTC.814815\" title=\"Ver\" target=\"_blank\">APORDOM-DAF-CM-2020-0015<\/a><\/h6><p class=\"mb-0 bold\">Adquisici\u00f3n de Agua Potable en Botellones y Fardos de botellas de agua, para uso de Autoridad Portuaria Dominicana.<\/p><p class=\"mb-0\" style=\"font-size: .85rem\"><strong title=\"Estado del Proceso\"><i class=\"fas fa-spinner\"><\/i><\/strong> Proceso adjudicado y celebrado<\/p><p class=\"mb-0\" style=\"font-size: .85rem\"><strong title=\"Fecha de Publicaci\u00f3n\"><i class=\"fas fa-calendar-alt\"><\/i><\/strong> Publicado el viernes, 18 de septiembre de 2020<\/p><\/div><div class=\"col-auto mt-md-0 mt-2\"><a class=\"btn btn-primary btn-lg px-lg-4 d-none d-md-block\" href=\"https:\/\/comunidad.comprasdominicana.gob.do\/\/Public\/Tendering\/OpportunityDetail\/Index?noticeUID=DO1.NTC.814815\" target=\"_blank\" title=\"Detalles\"><i class=\"fas fa-link\"><\/i> DETALLES<\/a><a class=\"btn btn-primary btn-lg px-lg-4 d-block d-md-none\" href=\"https:\/\/comunidad.comprasdominicana.gob.do\/\/Public\/Tendering\/OpportunityDetail\/Index?noticeUID=DO1.NTC.814815\" target=\"_blank\" title=\"Detalles\"><i class=\"fas fa-2x fa-link\"><\/i><\/a><\/div><\/div><\/div><div class=\"jumbotron archivos\"><div class=\"row align-items-center\"><div class=\"col\"><h6><a class=\"text-dark\" href=\"https:\/\/comunidad.comprasdominicana.gob.do\/\/Public\/Tendering\/OpportunityDetail\/Index?noticeUID=DO1.NTC.810609\" title=\"Ver\" target=\"_blank\">APORDOM-DAF-CM-2020-0014<\/a><\/h6><p class=\"mb-0 bold\">ADQUISICI\u00d3N DE UTENSILIOS DEL HOGAR Y ELECTRODOM\u00c9STICOS PARA LA ADECUACI\u00d3N DEL DEPARTAMENTO DE PROTOCOLO DE AUTORIDAD PORTUARIA DOMINICANA.<\/p><p class=\"mb-0\" style=\"font-size: .85rem\"><strong title=\"Estado del Proceso\"><i class=\"fas fa-spinner\"><\/i><\/strong> Proceso adjudicado y celebrado<\/p><p class=\"mb-0\" style=\"font-size: .85rem\"><strong title=\"Fecha de Publicaci\u00f3n\"><i class=\"fas fa-calendar-alt\"><\/i><\/strong> Publicado el mi\u00e9rcoles, 9 de septiembre de 2020<\/p><\/div><div class=\"col-auto mt-md-0 mt-2\"><a class=\"btn btn-primary btn-lg px-lg-4 d-none d-md-block\" href=\"https:\/\/comunidad.comprasdominicana.gob.do\/\/Public\/Tendering\/OpportunityDetail\/Index?noticeUID=DO1.NTC.810609\" target=\"_blank\" title=\"Detalles\"><i class=\"fas fa-link\"><\/i> DETALLES<\/a><a class=\"btn btn-primary btn-lg px-lg-4 d-block d-md-none\" href=\"https:\/\/comunidad.comprasdominicana.gob.do\/\/Public\/Tendering\/OpportunityDetail\/Index?noticeUID=DO1.NTC.810609\" target=\"_blank\" title=\"Detalles\"><i class=\"fas fa-2x fa-link\"><\/i><\/a><\/div><\/div><\/div><div class=\"jumbotron archivos\"><div class=\"row align-items-center\"><div class=\"col\"><h6><a class=\"text-dark\" href=\"https:\/\/comunidad.comprasdominicana.gob.do\/\/Public\/Tendering\/OpportunityDetail\/Index?noticeUID=DO1.NTC.809933\" title=\"Ver\" target=\"_blank\">APORDOM-DAF-CM-2020-0013<\/a><\/h6><p class=\"mb-0 bold\">Adquisici\u00f3n de SUMINISTRO DE OFICINA; para ser usados en las oficinas de este y todos los puestos de esta instituci\u00f3n.<\/p><p class=\"mb-0\" style=\"font-size: .85rem\"><strong title=\"Estado del Proceso\"><i class=\"fas fa-spinner\"><\/i><\/strong> Proceso adjudicado y celebrado<\/p><p class=\"mb-0\" style=\"font-size: .85rem\"><strong title=\"Fecha de Publicaci\u00f3n\"><i class=\"fas fa-calendar-alt\"><\/i><\/strong> Publicado el martes, 8 de septiembre de 2020<\/p><\/div><div class=\"col-auto mt-md-0 mt-2\"><a class=\"btn btn-primary btn-lg px-lg-4 d-none d-md-block\" href=\"https:\/\/comunidad.comprasdominicana.gob.do\/\/Public\/Tendering\/OpportunityDetail\/Index?noticeUID=DO1.NTC.809933\" target=\"_blank\" title=\"Detalles\"><i class=\"fas fa-link\"><\/i> DETALLES<\/a><a class=\"btn btn-primary btn-lg px-lg-4 d-block d-md-none\" href=\"https:\/\/comunidad.comprasdominicana.gob.do\/\/Public\/Tendering\/OpportunityDetail\/Index?noticeUID=DO1.NTC.809933\" target=\"_blank\" title=\"Detalles\"><i class=\"fas fa-2x fa-link\"><\/i><\/a><\/div><\/div><\/div><div class=\"jumbotron archivos\"><div class=\"row align-items-center\"><div class=\"col\"><h6><a class=\"text-dark\" href=\"https:\/\/comunidad.comprasdominicana.gob.do\/\/Public\/Tendering\/OpportunityDetail\/Index?noticeUID=DO1.NTC.808404\" title=\"Ver\" target=\"_blank\">APORDOM-DAF-CM-2020-0012<\/a><\/h6><p class=\"mb-0 bold\">Adquisici\u00f3n de COMPONENTES DE VEHICULOS (BATERIA, NEUMATICOS Y PIEZAS DE REPUESTOS), para ser usados en la en reparaci\u00f3n de veh\u00edculos propiedad de esta instituci\u00f3n.<\/p><p class=\"mb-0\" style=\"font-size: .85rem\"><strong title=\"Estado del Proceso\"><i class=\"fas fa-spinner\"><\/i><\/strong> Proceso adjudicado y celebrado<\/p><p class=\"mb-0\" style=\"font-size: .85rem\"><strong title=\"Fecha de Publicaci\u00f3n\"><i class=\"fas fa-calendar-alt\"><\/i><\/strong> Publicado el jueves, 3 de septiembre de 2020<\/p><\/div><div class=\"col-auto mt-md-0 mt-2\"><a class=\"btn btn-primary btn-lg px-lg-4 d-none d-md-block\" href=\"https:\/\/comunidad.comprasdominicana.gob.do\/\/Public\/Tendering\/OpportunityDetail\/Index?noticeUID=DO1.NTC.808404\" target=\"_blank\" title=\"Detalles\"><i class=\"fas fa-link\"><\/i> DETALLES<\/a><a class=\"btn btn-primary btn-lg px-lg-4 d-block d-md-none\" href=\"https:\/\/comunidad.comprasdominicana.gob.do\/\/Public\/Tendering\/OpportunityDetail\/Index?noticeUID=DO1.NTC.808404\" target=\"_blank\" title=\"Detalles\"><i class=\"fas fa-2x fa-link\"><\/i><\/a><\/div><\/div><\/div><div class=\"jumbotron archivos\"><div class=\"row align-items-center\"><div class=\"col\"><h6><a class=\"text-dark\" href=\"https:\/\/comunidad.comprasdominicana.gob.do\/\/Public\/Tendering\/OpportunityDetail\/Index?noticeUID=DO1.NTC.818735\" title=\"Ver\" target=\"_blank\">APORDOM-DAF-CM-2020-0020<\/a><\/h6><p class=\"mb-0 bold\">Adquisici\u00f3n  de Unidades de Aire Acondicionado y condensadores para oficinas de Autoridad Portuaria Dominicana.<\/p><p class=\"mb-0\" style=\"font-size: .85rem\"><strong title=\"Estado del Proceso\"><i class=\"fas fa-spinner\"><\/i><\/strong> Proceso desierto<\/p><p class=\"mb-0\" style=\"font-size: .85rem\"><strong title=\"Fecha de Publicaci\u00f3n\"><i class=\"fas fa-calendar-alt\"><\/i><\/strong> Publicado el martes, 29 de septiembre de 2020<\/p><\/div><div class=\"col-auto mt-md-0 mt-2\"><a class=\"btn btn-primary btn-lg px-lg-4 d-none d-md-block\" href=\"https:\/\/comunidad.comprasdominicana.gob.do\/\/Public\/Tendering\/OpportunityDetail\/Index?noticeUID=DO1.NTC.818735\" target=\"_blank\" title=\"Detalles\"><i class=\"fas fa-link\"><\/i> DETALLES<\/a><a class=\"btn btn-primary btn-lg px-lg-4 d-block d-md-none\" href=\"https:\/\/comunidad.comprasdominicana.gob.do\/\/Public\/Tendering\/OpportunityDetail\/Index?noticeUID=DO1.NTC.818735\" target=\"_blank\" title=\"Detalles\"><i class=\"fas fa-2x fa-link\"><\/i><\/a><\/div><\/div><\/div><\/div><\/div><\/div>\n        <div class=\"card\">\n            <div class=\"card-header parents\" id=\"heading_compras-menores-69eeee772d89c-2020-69eeee772d89c-julio-69eeee772d89c\">\n                <p class=\"title text-blue mb-0\">\n                    <a class=\"btn-block hover text-left collapsed\" data-toggle=\"collapse\" data-target=\"#collap_compras-menores-69eeee772d89c-2020-69eeee772d89c-julio-69eeee772d89c\" aria-expanded=\"false\" aria-controls=\"collap_compras-menores-69eeee772d89c-2020-69eeee772d89c-julio-69eeee772d89c\">Julio<\/a>\n                <\/p>\n            <\/div>\n            <div id=\"collap_compras-menores-69eeee772d89c-2020-69eeee772d89c-julio-69eeee772d89c\" class=\"collapse\" aria-labelledby=\"heading_compras-menores-69eeee772d89c-2020-69eeee772d89c-julio-69eeee772d89c\" data-parent=\"#collap_compras-menores-69eeee772d89c-2020-69eeee772d89c\">\n                <div class=\"card-body\"><div class=\"jumbotron archivos\"><div class=\"row align-items-center\"><div class=\"col\"><h6><a class=\"text-dark\" href=\"https:\/\/comunidad.comprasdominicana.gob.do\/\/Public\/Tendering\/OpportunityDetail\/Index?noticeUID=DO1.NTC.785321\" title=\"Ver\" target=\"_blank\">APORDOM-DAF-CM-2020-0011<\/a><\/h6><p class=\"mb-0 bold\">Contratacion de los  Servicio de una firma de Abogado para los trabajos de Auditoria Legal del Expediente  Administrativo que conforma el proyecto de Concesion para la &quot;Contruccion, Reconstruccion y  Desarroyo de una Terminal de Cruceros y Pasajeros en el Puerto de Puerto Plata.<\/p><p class=\"mb-0\" style=\"font-size: .85rem\"><strong title=\"Estado del Proceso\"><i class=\"fas fa-spinner\"><\/i><\/strong> Proceso adjudicado y celebrado<\/p><p class=\"mb-0\" style=\"font-size: .85rem\"><strong title=\"Fecha de Publicaci\u00f3n\"><i class=\"fas fa-calendar-alt\"><\/i><\/strong> Publicado el martes, 14 de julio de 2020<\/p><\/div><div class=\"col-auto mt-md-0 mt-2\"><a class=\"btn btn-primary btn-lg px-lg-4 d-none d-md-block\" href=\"https:\/\/comunidad.comprasdominicana.gob.do\/\/Public\/Tendering\/OpportunityDetail\/Index?noticeUID=DO1.NTC.785321\" target=\"_blank\" title=\"Detalles\"><i class=\"fas fa-link\"><\/i> DETALLES<\/a><a class=\"btn btn-primary btn-lg px-lg-4 d-block d-md-none\" href=\"https:\/\/comunidad.comprasdominicana.gob.do\/\/Public\/Tendering\/OpportunityDetail\/Index?noticeUID=DO1.NTC.785321\" target=\"_blank\" title=\"Detalles\"><i class=\"fas fa-2x fa-link\"><\/i><\/a><\/div><\/div><\/div><div class=\"jumbotron archivos\"><div class=\"row align-items-center\"><div class=\"col\"><h6><a class=\"text-dark\" href=\"https:\/\/comunidad.comprasdominicana.gob.do\/\/Public\/Tendering\/OpportunityDetail\/Index?noticeUID=DO1.NTC.782902\" title=\"Ver\" target=\"_blank\">APORDOM-DAF-CM-2020-0010<\/a><\/h6><p class=\"mb-0 bold\">Impresos.<\/p><p class=\"mb-0\" style=\"font-size: .85rem\"><strong title=\"Estado del Proceso\"><i class=\"fas fa-spinner\"><\/i><\/strong> Proceso adjudicado y celebrado<\/p><p class=\"mb-0\" style=\"font-size: .85rem\"><strong title=\"Fecha de Publicaci\u00f3n\"><i class=\"fas fa-calendar-alt\"><\/i><\/strong> Publicado el mi\u00e9rcoles, 8 de julio de 2020<\/p><\/div><div class=\"col-auto mt-md-0 mt-2\"><a class=\"btn btn-primary btn-lg px-lg-4 d-none d-md-block\" href=\"https:\/\/comunidad.comprasdominicana.gob.do\/\/Public\/Tendering\/OpportunityDetail\/Index?noticeUID=DO1.NTC.782902\" target=\"_blank\" title=\"Detalles\"><i class=\"fas fa-link\"><\/i> DETALLES<\/a><a class=\"btn btn-primary btn-lg px-lg-4 d-block d-md-none\" href=\"https:\/\/comunidad.comprasdominicana.gob.do\/\/Public\/Tendering\/OpportunityDetail\/Index?noticeUID=DO1.NTC.782902\" target=\"_blank\" title=\"Detalles\"><i class=\"fas fa-2x fa-link\"><\/i><\/a><\/div><\/div><\/div><\/div><\/div><\/div>\n        <div class=\"card\">\n            <div class=\"card-header parents\" id=\"heading_compras-menores-69eeee772d89c-2020-69eeee772d89c-junio-69eeee772d89c\">\n                <p class=\"title text-blue mb-0\">\n                    <a class=\"btn-block hover text-left collapsed\" data-toggle=\"collapse\" data-target=\"#collap_compras-menores-69eeee772d89c-2020-69eeee772d89c-junio-69eeee772d89c\" aria-expanded=\"false\" aria-controls=\"collap_compras-menores-69eeee772d89c-2020-69eeee772d89c-junio-69eeee772d89c\">Junio<\/a>\n                <\/p>\n            <\/div>\n            <div id=\"collap_compras-menores-69eeee772d89c-2020-69eeee772d89c-junio-69eeee772d89c\" class=\"collapse\" aria-labelledby=\"heading_compras-menores-69eeee772d89c-2020-69eeee772d89c-junio-69eeee772d89c\" data-parent=\"#collap_compras-menores-69eeee772d89c-2020-69eeee772d89c\">\n                <div class=\"card-body\"><div class=\"jumbotron archivos\"><div class=\"row align-items-center\"><div class=\"col\"><h6><a class=\"text-dark\" href=\"https:\/\/comunidad.comprasdominicana.gob.do\/\/Public\/Tendering\/OpportunityDetail\/Index?noticeUID=DO1.NTC.770434\" title=\"Ver\" target=\"_blank\">APORDOM-DAF-CM-2020-0009<\/a><\/h6><p class=\"mb-0 bold\">COMPONENTES DE VEH\u00cdCULOS.<\/p><p class=\"mb-0\" style=\"font-size: .85rem\"><strong title=\"Estado del Proceso\"><i class=\"fas fa-spinner\"><\/i><\/strong> Proceso adjudicado y celebrado<\/p><p class=\"mb-0\" style=\"font-size: .85rem\"><strong title=\"Fecha de Publicaci\u00f3n\"><i class=\"fas fa-calendar-alt\"><\/i><\/strong> Publicado el lunes, 15 de junio de 2020<\/p><\/div><div class=\"col-auto mt-md-0 mt-2\"><a class=\"btn btn-primary btn-lg px-lg-4 d-none d-md-block\" href=\"https:\/\/comunidad.comprasdominicana.gob.do\/\/Public\/Tendering\/OpportunityDetail\/Index?noticeUID=DO1.NTC.770434\" target=\"_blank\" title=\"Detalles\"><i class=\"fas fa-link\"><\/i> DETALLES<\/a><a class=\"btn btn-primary btn-lg px-lg-4 d-block d-md-none\" href=\"https:\/\/comunidad.comprasdominicana.gob.do\/\/Public\/Tendering\/OpportunityDetail\/Index?noticeUID=DO1.NTC.770434\" target=\"_blank\" title=\"Detalles\"><i class=\"fas fa-2x fa-link\"><\/i><\/a><\/div><\/div><\/div><\/div><\/div><\/div>\n        <div class=\"card\">\n            <div class=\"card-header parents\" id=\"heading_compras-menores-69eeee772d89c-2020-69eeee772d89c-marzo-69eeee772d89c\">\n                <p class=\"title text-blue mb-0\">\n                    <a class=\"btn-block hover text-left collapsed\" data-toggle=\"collapse\" data-target=\"#collap_compras-menores-69eeee772d89c-2020-69eeee772d89c-marzo-69eeee772d89c\" aria-expanded=\"false\" aria-controls=\"collap_compras-menores-69eeee772d89c-2020-69eeee772d89c-marzo-69eeee772d89c\">Marzo<\/a>\n                <\/p>\n            <\/div>\n            <div id=\"collap_compras-menores-69eeee772d89c-2020-69eeee772d89c-marzo-69eeee772d89c\" class=\"collapse\" aria-labelledby=\"heading_compras-menores-69eeee772d89c-2020-69eeee772d89c-marzo-69eeee772d89c\" data-parent=\"#collap_compras-menores-69eeee772d89c-2020-69eeee772d89c\">\n                <div class=\"card-body\"><div class=\"jumbotron archivos\"><div class=\"row align-items-center\"><div class=\"col\"><h6><a class=\"text-dark\" href=\"https:\/\/comunidad.comprasdominicana.gob.do\/\/Public\/Tendering\/OpportunityDetail\/Index?noticeUID=DO1.NTC.732915\" title=\"Ver\" target=\"_blank\">APORDOM-DAF-CM-2020-0008<\/a><\/h6><p class=\"mb-0 bold\">RENOVACI\u00d3N DE LICENCIA ANTIVIRUS.<\/p><p class=\"mb-0\" style=\"font-size: .85rem\"><strong title=\"Estado del Proceso\"><i class=\"fas fa-spinner\"><\/i><\/strong> Proceso adjudicado y celebrado<\/p><p class=\"mb-0\" style=\"font-size: .85rem\"><strong title=\"Fecha de Publicaci\u00f3n\"><i class=\"fas fa-calendar-alt\"><\/i><\/strong> Publicado el viernes, 20 de marzo de 2020<\/p><\/div><div class=\"col-auto mt-md-0 mt-2\"><a class=\"btn btn-primary btn-lg px-lg-4 d-none d-md-block\" href=\"https:\/\/comunidad.comprasdominicana.gob.do\/\/Public\/Tendering\/OpportunityDetail\/Index?noticeUID=DO1.NTC.732915\" target=\"_blank\" title=\"Detalles\"><i class=\"fas fa-link\"><\/i> DETALLES<\/a><a class=\"btn btn-primary btn-lg px-lg-4 d-block d-md-none\" href=\"https:\/\/comunidad.comprasdominicana.gob.do\/\/Public\/Tendering\/OpportunityDetail\/Index?noticeUID=DO1.NTC.732915\" target=\"_blank\" title=\"Detalles\"><i class=\"fas fa-2x fa-link\"><\/i><\/a><\/div><\/div><\/div><div class=\"jumbotron archivos\"><div class=\"row align-items-center\"><div class=\"col\"><h6><a class=\"text-dark\" href=\"https:\/\/comunidad.comprasdominicana.gob.do\/\/Public\/Tendering\/OpportunityDetail\/Index?noticeUID=DO1.NTC.725847\" title=\"Ver\" target=\"_blank\">APORDOM-DAF-CM-2020-0007<\/a><\/h6><p class=\"mb-0 bold\">Adquisici\u00f3n de Mascarillas N95.<\/p><p class=\"mb-0\" style=\"font-size: .85rem\"><strong title=\"Estado del Proceso\"><i class=\"fas fa-spinner\"><\/i><\/strong> Proceso adjudicado y celebrado<\/p><p class=\"mb-0\" style=\"font-size: .85rem\"><strong title=\"Fecha de Publicaci\u00f3n\"><i class=\"fas fa-calendar-alt\"><\/i><\/strong> Publicado el viernes, 6 de marzo de 2020<\/p><\/div><div class=\"col-auto mt-md-0 mt-2\"><a class=\"btn btn-primary btn-lg px-lg-4 d-none d-md-block\" href=\"https:\/\/comunidad.comprasdominicana.gob.do\/\/Public\/Tendering\/OpportunityDetail\/Index?noticeUID=DO1.NTC.725847\" target=\"_blank\" title=\"Detalles\"><i class=\"fas fa-link\"><\/i> DETALLES<\/a><a class=\"btn btn-primary btn-lg px-lg-4 d-block d-md-none\" href=\"https:\/\/comunidad.comprasdominicana.gob.do\/\/Public\/Tendering\/OpportunityDetail\/Index?noticeUID=DO1.NTC.725847\" target=\"_blank\" title=\"Detalles\"><i class=\"fas fa-2x fa-link\"><\/i><\/a><\/div><\/div><\/div><\/div><\/div><\/div>\n        <div class=\"card\">\n            <div class=\"card-header parents\" id=\"heading_compras-menores-69eeee772d89c-2020-69eeee772d89c-febrero-69eeee772d89c\">\n                <p class=\"title text-blue mb-0\">\n                    <a class=\"btn-block hover text-left collapsed\" data-toggle=\"collapse\" data-target=\"#collap_compras-menores-69eeee772d89c-2020-69eeee772d89c-febrero-69eeee772d89c\" aria-expanded=\"false\" aria-controls=\"collap_compras-menores-69eeee772d89c-2020-69eeee772d89c-febrero-69eeee772d89c\">Febrero<\/a>\n                <\/p>\n            <\/div>\n            <div id=\"collap_compras-menores-69eeee772d89c-2020-69eeee772d89c-febrero-69eeee772d89c\" class=\"collapse\" aria-labelledby=\"heading_compras-menores-69eeee772d89c-2020-69eeee772d89c-febrero-69eeee772d89c\" data-parent=\"#collap_compras-menores-69eeee772d89c-2020-69eeee772d89c\">\n                <div class=\"card-body\"><div class=\"jumbotron archivos\"><div class=\"row align-items-center\"><div class=\"col\"><h6><a class=\"text-dark\" href=\"https:\/\/comunidad.comprasdominicana.gob.do\/\/Public\/Tendering\/OpportunityDetail\/Index?noticeUID=DO1.NTC.721516\" title=\"Ver\" target=\"_blank\">APORDOM-DAF-CM-2020-0006<\/a><\/h6><p class=\"mb-0 bold\">Adquisici\u00f3n de Alimentos.<\/p><p class=\"mb-0\" style=\"font-size: .85rem\"><strong title=\"Estado del Proceso\"><i class=\"fas fa-spinner\"><\/i><\/strong> Proceso adjudicado y celebrado<\/p><p class=\"mb-0\" style=\"font-size: .85rem\"><strong title=\"Fecha de Publicaci\u00f3n\"><i class=\"fas fa-calendar-alt\"><\/i><\/strong> Publicado el martes, 25 de febrero de 2020<\/p><\/div><div class=\"col-auto mt-md-0 mt-2\"><a class=\"btn btn-primary btn-lg px-lg-4 d-none d-md-block\" href=\"https:\/\/comunidad.comprasdominicana.gob.do\/\/Public\/Tendering\/OpportunityDetail\/Index?noticeUID=DO1.NTC.721516\" target=\"_blank\" title=\"Detalles\"><i class=\"fas fa-link\"><\/i> DETALLES<\/a><a class=\"btn btn-primary btn-lg px-lg-4 d-block d-md-none\" href=\"https:\/\/comunidad.comprasdominicana.gob.do\/\/Public\/Tendering\/OpportunityDetail\/Index?noticeUID=DO1.NTC.721516\" target=\"_blank\" title=\"Detalles\"><i class=\"fas fa-2x fa-link\"><\/i><\/a><\/div><\/div><\/div><div class=\"jumbotron archivos\"><div class=\"row align-items-center\"><div class=\"col\"><h6><a class=\"text-dark\" href=\"https:\/\/comunidad.comprasdominicana.gob.do\/\/Public\/Tendering\/OpportunityDetail\/Index?noticeUID=DO1.NTC.718755\" title=\"Ver\" target=\"_blank\">APORDOM-DAF-CM-2020-0005<\/a><\/h6><p class=\"mb-0 bold\">Adquisici\u00f3n de Combustible, GLP. para el Comedor Portuario<\/p><p class=\"mb-0\" style=\"font-size: .85rem\"><strong title=\"Estado del Proceso\"><i class=\"fas fa-spinner\"><\/i><\/strong> Proceso adjudicado y celebrado<\/p><p class=\"mb-0\" style=\"font-size: .85rem\"><strong title=\"Fecha de Publicaci\u00f3n\"><i class=\"fas fa-calendar-alt\"><\/i><\/strong> Publicado el martes, 18 de febrero de 2020<\/p><\/div><div class=\"col-auto mt-md-0 mt-2\"><a class=\"btn btn-primary btn-lg px-lg-4 d-none d-md-block\" href=\"https:\/\/comunidad.comprasdominicana.gob.do\/\/Public\/Tendering\/OpportunityDetail\/Index?noticeUID=DO1.NTC.718755\" target=\"_blank\" title=\"Detalles\"><i class=\"fas fa-link\"><\/i> DETALLES<\/a><a class=\"btn btn-primary btn-lg px-lg-4 d-block d-md-none\" href=\"https:\/\/comunidad.comprasdominicana.gob.do\/\/Public\/Tendering\/OpportunityDetail\/Index?noticeUID=DO1.NTC.718755\" target=\"_blank\" title=\"Detalles\"><i class=\"fas fa-2x fa-link\"><\/i><\/a><\/div><\/div><\/div><\/div><\/div><\/div>\n        <div class=\"card\">\n            <div class=\"card-header parents\" id=\"heading_compras-menores-69eeee772d89c-2020-69eeee772d89c-enero-69eeee772d89c\">\n                <p class=\"title text-blue mb-0\">\n                    <a class=\"btn-block hover text-left collapsed\" data-toggle=\"collapse\" data-target=\"#collap_compras-menores-69eeee772d89c-2020-69eeee772d89c-enero-69eeee772d89c\" aria-expanded=\"false\" aria-controls=\"collap_compras-menores-69eeee772d89c-2020-69eeee772d89c-enero-69eeee772d89c\">Enero<\/a>\n                <\/p>\n            <\/div>\n            <div id=\"collap_compras-menores-69eeee772d89c-2020-69eeee772d89c-enero-69eeee772d89c\" class=\"collapse\" aria-labelledby=\"heading_compras-menores-69eeee772d89c-2020-69eeee772d89c-enero-69eeee772d89c\" data-parent=\"#collap_compras-menores-69eeee772d89c-2020-69eeee772d89c\">\n                <div class=\"card-body\"><div class=\"jumbotron archivos\"><div class=\"row align-items-center\"><div class=\"col\"><h6><a class=\"text-dark\" href=\"https:\/\/comunidad.comprasdominicana.gob.do\/\/Public\/Tendering\/OpportunityDetail\/Index?noticeUID=DO1.NTC.710920\" title=\"Ver\" target=\"_blank\">APORDOM-DAF-CM-2020-0004<\/a><\/h6><p class=\"mb-0 bold\">ADQUISICI\u00d3N DE IMPRESOS.<\/p><p class=\"mb-0\" style=\"font-size: .85rem\"><strong title=\"Estado del Proceso\"><i class=\"fas fa-spinner\"><\/i><\/strong> Proceso adjudicado y celebrado<\/p><p class=\"mb-0\" style=\"font-size: .85rem\"><strong title=\"Fecha de Publicaci\u00f3n\"><i class=\"fas fa-calendar-alt\"><\/i><\/strong> Publicado el jueves, 30 de enero de 2020<\/p><\/div><div class=\"col-auto mt-md-0 mt-2\"><a class=\"btn btn-primary btn-lg px-lg-4 d-none d-md-block\" href=\"https:\/\/comunidad.comprasdominicana.gob.do\/\/Public\/Tendering\/OpportunityDetail\/Index?noticeUID=DO1.NTC.710920\" target=\"_blank\" title=\"Detalles\"><i class=\"fas fa-link\"><\/i> DETALLES<\/a><a class=\"btn btn-primary btn-lg px-lg-4 d-block d-md-none\" href=\"https:\/\/comunidad.comprasdominicana.gob.do\/\/Public\/Tendering\/OpportunityDetail\/Index?noticeUID=DO1.NTC.710920\" target=\"_blank\" title=\"Detalles\"><i class=\"fas fa-2x fa-link\"><\/i><\/a><\/div><\/div><\/div><div class=\"jumbotron archivos\"><div class=\"row align-items-center\"><div class=\"col\"><h6><a class=\"text-dark\" href=\"https:\/\/comunidad.comprasdominicana.gob.do\/\/Public\/Tendering\/OpportunityDetail\/Index?noticeUID=DO1.NTC.709222\" title=\"Ver\" target=\"_blank\">APORDOM-DAF-CM-2020-0002<\/a><\/h6><p class=\"mb-0 bold\">Adquisici\u00f3n de Alimentos.<\/p><p class=\"mb-0\" style=\"font-size: .85rem\"><strong title=\"Estado del Proceso\"><i class=\"fas fa-spinner\"><\/i><\/strong> Proceso adjudicado y celebrado<\/p><p class=\"mb-0\" style=\"font-size: .85rem\"><strong title=\"Fecha de Publicaci\u00f3n\"><i class=\"fas fa-calendar-alt\"><\/i><\/strong> Publicado el lunes, 27 de enero de 2020<\/p><\/div><div class=\"col-auto mt-md-0 mt-2\"><a class=\"btn btn-primary btn-lg px-lg-4 d-none d-md-block\" href=\"https:\/\/comunidad.comprasdominicana.gob.do\/\/Public\/Tendering\/OpportunityDetail\/Index?noticeUID=DO1.NTC.709222\" target=\"_blank\" title=\"Detalles\"><i class=\"fas fa-link\"><\/i> DETALLES<\/a><a class=\"btn btn-primary btn-lg px-lg-4 d-block d-md-none\" href=\"https:\/\/comunidad.comprasdominicana.gob.do\/\/Public\/Tendering\/OpportunityDetail\/Index?noticeUID=DO1.NTC.709222\" target=\"_blank\" title=\"Detalles\"><i class=\"fas fa-2x fa-link\"><\/i><\/a><\/div><\/div><\/div><div class=\"jumbotron archivos\"><div class=\"row align-items-center\"><div class=\"col\"><h6><a class=\"text-dark\" href=\"https:\/\/comunidad.comprasdominicana.gob.do\/\/Public\/Tendering\/OpportunityDetail\/Index?noticeUID=DO1.NTC.708808\" title=\"Ver\" target=\"_blank\">APORDOM-DAF-CM-2020-0003<\/a><\/h6><p class=\"mb-0 bold\">ADQUISICI\u00d3N BONOS DE COMPRAS.<\/p><p class=\"mb-0\" style=\"font-size: .85rem\"><strong title=\"Estado del Proceso\"><i class=\"fas fa-spinner\"><\/i><\/strong> Proceso adjudicado y celebrado<\/p><p class=\"mb-0\" style=\"font-size: .85rem\"><strong title=\"Fecha de Publicaci\u00f3n\"><i class=\"fas fa-calendar-alt\"><\/i><\/strong> Publicado el lunes, 27 de enero de 2020<\/p><\/div><div class=\"col-auto mt-md-0 mt-2\"><a class=\"btn btn-primary btn-lg px-lg-4 d-none d-md-block\" href=\"https:\/\/comunidad.comprasdominicana.gob.do\/\/Public\/Tendering\/OpportunityDetail\/Index?noticeUID=DO1.NTC.708808\" target=\"_blank\" title=\"Detalles\"><i class=\"fas fa-link\"><\/i> DETALLES<\/a><a class=\"btn btn-primary btn-lg px-lg-4 d-block d-md-none\" href=\"https:\/\/comunidad.comprasdominicana.gob.do\/\/Public\/Tendering\/OpportunityDetail\/Index?noticeUID=DO1.NTC.708808\" target=\"_blank\" title=\"Detalles\"><i class=\"fas fa-2x fa-link\"><\/i><\/a><\/div><\/div><\/div><div class=\"jumbotron archivos\"><div class=\"row align-items-center\"><div class=\"col\"><h6><a class=\"text-dark\" href=\"https:\/\/comunidad.comprasdominicana.gob.do\/\/Public\/Tendering\/OpportunityDetail\/Index?noticeUID=DO1.NTC.699515\" title=\"Ver\" target=\"_blank\">APORDOM-DAF-CM-2020-0001<\/a><\/h6><p class=\"mb-0 bold\">ADQUISICI\u00d3N DE ALIMENTOS.<\/p><p class=\"mb-0\" style=\"font-size: .85rem\"><strong title=\"Estado del Proceso\"><i class=\"fas fa-spinner\"><\/i><\/strong> Proceso adjudicado y celebrado<\/p><p class=\"mb-0\" style=\"font-size: .85rem\"><strong title=\"Fecha de Publicaci\u00f3n\"><i class=\"fas fa-calendar-alt\"><\/i><\/strong> Publicado el jueves, 2 de enero de 2020<\/p><\/div><div class=\"col-auto mt-md-0 mt-2\"><a class=\"btn btn-primary btn-lg px-lg-4 d-none d-md-block\" href=\"https:\/\/comunidad.comprasdominicana.gob.do\/\/Public\/Tendering\/OpportunityDetail\/Index?noticeUID=DO1.NTC.699515\" target=\"_blank\" title=\"Detalles\"><i class=\"fas fa-link\"><\/i> DETALLES<\/a><a class=\"btn btn-primary btn-lg px-lg-4 d-block d-md-none\" href=\"https:\/\/comunidad.comprasdominicana.gob.do\/\/Public\/Tendering\/OpportunityDetail\/Index?noticeUID=DO1.NTC.699515\" target=\"_blank\" title=\"Detalles\"><i class=\"fas fa-2x fa-link\"><\/i><\/a><\/div><\/div><\/div><\/div><\/div><\/div><\/div><\/div><\/div>\n        <div class=\"card\">\n            <div class=\"card-header parents\" id=\"heading_compras-menores-69eeee772d89c-2019-69eeee772d89c\">\n                <p class=\"title text-blue mb-0\">\n                    <a class=\"btn-block hover text-left collapsed\" data-toggle=\"collapse\" data-target=\"#collap_compras-menores-69eeee772d89c-2019-69eeee772d89c\" aria-expanded=\"false\" aria-controls=\"collap_compras-menores-69eeee772d89c-2019-69eeee772d89c\">2019<\/a>\n                <\/p>\n            <\/div>\n            <div id=\"collap_compras-menores-69eeee772d89c-2019-69eeee772d89c\" class=\"collapse\" aria-labelledby=\"heading_compras-menores-69eeee772d89c-2019-69eeee772d89c\" data-parent=\"#collap_compras-menores-69eeee772d89c\">\n                <div class=\"card-body\">\n        <div class=\"card\">\n            <div class=\"card-header parents\" id=\"heading_compras-menores-69eeee772d89c-2019-69eeee772d89c-diciembre-69eeee772d89c\">\n                <p class=\"title text-blue mb-0\">\n                    <a class=\"btn-block hover text-left collapsed\" data-toggle=\"collapse\" data-target=\"#collap_compras-menores-69eeee772d89c-2019-69eeee772d89c-diciembre-69eeee772d89c\" aria-expanded=\"false\" aria-controls=\"collap_compras-menores-69eeee772d89c-2019-69eeee772d89c-diciembre-69eeee772d89c\">Diciembre<\/a>\n                <\/p>\n            <\/div>\n            <div id=\"collap_compras-menores-69eeee772d89c-2019-69eeee772d89c-diciembre-69eeee772d89c\" class=\"collapse\" aria-labelledby=\"heading_compras-menores-69eeee772d89c-2019-69eeee772d89c-diciembre-69eeee772d89c\" data-parent=\"#collap_compras-menores-69eeee772d89c-2019-69eeee772d89c\">\n                <div class=\"card-body\"><div class=\"jumbotron archivos\"><div class=\"row align-items-center\"><div class=\"col\"><h6><a class=\"text-dark\" href=\"https:\/\/comunidad.comprasdominicana.gob.do\/\/Public\/Tendering\/OpportunityDetail\/Index?noticeUID=DO1.NTC.692747\" title=\"Ver\" target=\"_blank\">APORDOM-DAF-CM-2019-0026<\/a><\/h6><p class=\"mb-0 bold\">ADQUISICI\u00d3N BONO DE COMPRA.<\/p><p class=\"mb-0\" style=\"font-size: .85rem\"><strong title=\"Estado del Proceso\"><i class=\"fas fa-spinner\"><\/i><\/strong> Proceso adjudicado y celebrado<\/p><p class=\"mb-0\" style=\"font-size: .85rem\"><strong title=\"Fecha de Publicaci\u00f3n\"><i class=\"fas fa-calendar-alt\"><\/i><\/strong> Publicado el mi\u00e9rcoles, 18 de diciembre de 2019<\/p><\/div><div class=\"col-auto mt-md-0 mt-2\"><a class=\"btn btn-primary btn-lg px-lg-4 d-none d-md-block\" href=\"https:\/\/comunidad.comprasdominicana.gob.do\/\/Public\/Tendering\/OpportunityDetail\/Index?noticeUID=DO1.NTC.692747\" target=\"_blank\" title=\"Detalles\"><i class=\"fas fa-link\"><\/i> DETALLES<\/a><a class=\"btn btn-primary btn-lg px-lg-4 d-block d-md-none\" href=\"https:\/\/comunidad.comprasdominicana.gob.do\/\/Public\/Tendering\/OpportunityDetail\/Index?noticeUID=DO1.NTC.692747\" target=\"_blank\" title=\"Detalles\"><i class=\"fas fa-2x fa-link\"><\/i><\/a><\/div><\/div><\/div><div class=\"jumbotron archivos\"><div class=\"row align-items-center\"><div class=\"col\"><h6><a class=\"text-dark\" href=\"https:\/\/comunidad.comprasdominicana.gob.do\/\/Public\/Tendering\/OpportunityDetail\/Index?noticeUID=DO1.NTC.691744\" title=\"Ver\" target=\"_blank\">APORDOM-DAF-CM-2019-0025<\/a><\/h6><p class=\"mb-0 bold\">ADQUISICI\u00d3N  BONOS DE COMPRA.<\/p><p class=\"mb-0\" style=\"font-size: .85rem\"><strong title=\"Estado del Proceso\"><i class=\"fas fa-spinner\"><\/i><\/strong> Proceso adjudicado y celebrado<\/p><p class=\"mb-0\" style=\"font-size: .85rem\"><strong title=\"Fecha de Publicaci\u00f3n\"><i class=\"fas fa-calendar-alt\"><\/i><\/strong> Publicado el martes, 17 de diciembre de 2019<\/p><\/div><div class=\"col-auto mt-md-0 mt-2\"><a class=\"btn btn-primary btn-lg px-lg-4 d-none d-md-block\" href=\"https:\/\/comunidad.comprasdominicana.gob.do\/\/Public\/Tendering\/OpportunityDetail\/Index?noticeUID=DO1.NTC.691744\" target=\"_blank\" title=\"Detalles\"><i class=\"fas fa-link\"><\/i> DETALLES<\/a><a class=\"btn btn-primary btn-lg px-lg-4 d-block d-md-none\" href=\"https:\/\/comunidad.comprasdominicana.gob.do\/\/Public\/Tendering\/OpportunityDetail\/Index?noticeUID=DO1.NTC.691744\" target=\"_blank\" title=\"Detalles\"><i class=\"fas fa-2x fa-link\"><\/i><\/a><\/div><\/div><\/div><div class=\"jumbotron archivos\"><div class=\"row align-items-center\"><div class=\"col\"><h6><a class=\"text-dark\" href=\"https:\/\/comunidad.comprasdominicana.gob.do\/\/Public\/Tendering\/OpportunityDetail\/Index?noticeUID=DO1.NTC.694807\" title=\"Ver\" target=\"_blank\">APORDOM-DAF-CM-2019-0027<\/a><\/h6><p class=\"mb-0 bold\">LUBRICANTES Y COMPONENTES DE VEH\u00cdCULOS.<\/p><p class=\"mb-0\" style=\"font-size: .85rem\"><strong title=\"Estado del Proceso\"><i class=\"fas fa-spinner\"><\/i><\/strong> Proceso desierto<\/p><p class=\"mb-0\" style=\"font-size: .85rem\"><strong title=\"Fecha de Publicaci\u00f3n\"><i class=\"fas fa-calendar-alt\"><\/i><\/strong> Publicado el viernes, 20 de diciembre de 2019<\/p><\/div><div class=\"col-auto mt-md-0 mt-2\"><a class=\"btn btn-primary btn-lg px-lg-4 d-none d-md-block\" href=\"https:\/\/comunidad.comprasdominicana.gob.do\/\/Public\/Tendering\/OpportunityDetail\/Index?noticeUID=DO1.NTC.694807\" target=\"_blank\" title=\"Detalles\"><i class=\"fas fa-link\"><\/i> DETALLES<\/a><a class=\"btn btn-primary btn-lg px-lg-4 d-block d-md-none\" href=\"https:\/\/comunidad.comprasdominicana.gob.do\/\/Public\/Tendering\/OpportunityDetail\/Index?noticeUID=DO1.NTC.694807\" target=\"_blank\" title=\"Detalles\"><i class=\"fas fa-2x fa-link\"><\/i><\/a><\/div><\/div><\/div><\/div><\/div><\/div>\n        <div class=\"card\">\n            <div class=\"card-header parents\" id=\"heading_compras-menores-69eeee772d89c-2019-69eeee772d89c-noviembre-69eeee772d89c\">\n                <p class=\"title text-blue mb-0\">\n                    <a class=\"btn-block hover text-left collapsed\" data-toggle=\"collapse\" data-target=\"#collap_compras-menores-69eeee772d89c-2019-69eeee772d89c-noviembre-69eeee772d89c\" aria-expanded=\"false\" aria-controls=\"collap_compras-menores-69eeee772d89c-2019-69eeee772d89c-noviembre-69eeee772d89c\">Noviembre<\/a>\n                <\/p>\n            <\/div>\n            <div id=\"collap_compras-menores-69eeee772d89c-2019-69eeee772d89c-noviembre-69eeee772d89c\" class=\"collapse\" aria-labelledby=\"heading_compras-menores-69eeee772d89c-2019-69eeee772d89c-noviembre-69eeee772d89c\" data-parent=\"#collap_compras-menores-69eeee772d89c-2019-69eeee772d89c\">\n                <div class=\"card-body\"><div class=\"jumbotron archivos\"><div class=\"row align-items-center\"><div class=\"col\"><h6><a class=\"text-dark\" href=\"https:\/\/comunidad.comprasdominicana.gob.do\/\/Public\/Tendering\/OpportunityDetail\/Index?noticeUID=DO1.NTC.682313\" title=\"Ver\" target=\"_blank\">APORDOM-DAF-CM-2019-0024<\/a><\/h6><p class=\"mb-0 bold\">Adquisici\u00f3n de Combustible (Gasoil Regular).<\/p><p class=\"mb-0\" style=\"font-size: .85rem\"><strong title=\"Estado del Proceso\"><i class=\"fas fa-spinner\"><\/i><\/strong> Proceso adjudicado y celebrado<\/p><p class=\"mb-0\" style=\"font-size: .85rem\"><strong title=\"Fecha de Publicaci\u00f3n\"><i class=\"fas fa-calendar-alt\"><\/i><\/strong> Publicado el martes, 26 de noviembre de 2019<\/p><\/div><div class=\"col-auto mt-md-0 mt-2\"><a class=\"btn btn-primary btn-lg px-lg-4 d-none d-md-block\" href=\"https:\/\/comunidad.comprasdominicana.gob.do\/\/Public\/Tendering\/OpportunityDetail\/Index?noticeUID=DO1.NTC.682313\" target=\"_blank\" title=\"Detalles\"><i class=\"fas fa-link\"><\/i> DETALLES<\/a><a class=\"btn btn-primary btn-lg px-lg-4 d-block d-md-none\" href=\"https:\/\/comunidad.comprasdominicana.gob.do\/\/Public\/Tendering\/OpportunityDetail\/Index?noticeUID=DO1.NTC.682313\" target=\"_blank\" title=\"Detalles\"><i class=\"fas fa-2x fa-link\"><\/i><\/a><\/div><\/div><\/div><div class=\"jumbotron archivos\"><div class=\"row align-items-center\"><div class=\"col\"><h6><a class=\"text-dark\" href=\"https:\/\/comunidad.comprasdominicana.gob.do\/\/Public\/Tendering\/OpportunityDetail\/Index?noticeUID=DO1.NTC.680036\" title=\"Ver\" target=\"_blank\">APORDOM-DAF-CM-2019-0023<\/a><\/h6><p class=\"mb-0 bold\">SUMINISTROS DE OFICINA.<\/p><p class=\"mb-0\" style=\"font-size: .85rem\"><strong title=\"Estado del Proceso\"><i class=\"fas fa-spinner\"><\/i><\/strong> Proceso adjudicado y celebrado<\/p><p class=\"mb-0\" style=\"font-size: .85rem\"><strong title=\"Fecha de Publicaci\u00f3n\"><i class=\"fas fa-calendar-alt\"><\/i><\/strong> Publicado el jueves, 21 de noviembre de 2019<\/p><\/div><div class=\"col-auto mt-md-0 mt-2\"><a class=\"btn btn-primary btn-lg px-lg-4 d-none d-md-block\" href=\"https:\/\/comunidad.comprasdominicana.gob.do\/\/Public\/Tendering\/OpportunityDetail\/Index?noticeUID=DO1.NTC.680036\" target=\"_blank\" title=\"Detalles\"><i class=\"fas fa-link\"><\/i> DETALLES<\/a><a class=\"btn btn-primary btn-lg px-lg-4 d-block d-md-none\" href=\"https:\/\/comunidad.comprasdominicana.gob.do\/\/Public\/Tendering\/OpportunityDetail\/Index?noticeUID=DO1.NTC.680036\" target=\"_blank\" title=\"Detalles\"><i class=\"fas fa-2x fa-link\"><\/i><\/a><\/div><\/div><\/div><div class=\"jumbotron archivos\"><div class=\"row align-items-center\"><div class=\"col\"><h6><a class=\"text-dark\" href=\"https:\/\/comunidad.comprasdominicana.gob.do\/\/Public\/Tendering\/OpportunityDetail\/Index?noticeUID=DO1.NTC.678832\" title=\"Ver\" target=\"_blank\">APORDOM-DAF-CM-2019-0022<\/a><\/h6><p class=\"mb-0 bold\">ADQUISICI\u00d3N ART\u00cdCULOS DE LIMPIEZA E HIGIENE.<\/p><p class=\"mb-0\" style=\"font-size: .85rem\"><strong title=\"Estado del Proceso\"><i class=\"fas fa-spinner\"><\/i><\/strong> Proceso adjudicado y celebrado<\/p><p class=\"mb-0\" style=\"font-size: .85rem\"><strong title=\"Fecha de Publicaci\u00f3n\"><i class=\"fas fa-calendar-alt\"><\/i><\/strong> Publicado el mi\u00e9rcoles, 20 de noviembre de 2019<\/p><\/div><div class=\"col-auto mt-md-0 mt-2\"><a class=\"btn btn-primary btn-lg px-lg-4 d-none d-md-block\" href=\"https:\/\/comunidad.comprasdominicana.gob.do\/\/Public\/Tendering\/OpportunityDetail\/Index?noticeUID=DO1.NTC.678832\" target=\"_blank\" title=\"Detalles\"><i class=\"fas fa-link\"><\/i> DETALLES<\/a><a class=\"btn btn-primary btn-lg px-lg-4 d-block d-md-none\" href=\"https:\/\/comunidad.comprasdominicana.gob.do\/\/Public\/Tendering\/OpportunityDetail\/Index?noticeUID=DO1.NTC.678832\" target=\"_blank\" title=\"Detalles\"><i class=\"fas fa-2x fa-link\"><\/i><\/a><\/div><\/div><\/div><div class=\"jumbotron archivos\"><div class=\"row align-items-center\"><div class=\"col\"><h6><a class=\"text-dark\" href=\"https:\/\/comunidad.comprasdominicana.gob.do\/\/Public\/Tendering\/OpportunityDetail\/Index?noticeUID=DO1.NTC.674515\" title=\"Ver\" target=\"_blank\">APORDOM-DAF-CM-2019-0021<\/a><\/h6><p class=\"mb-0 bold\">Adquisici\u00f3n de Alimentos.<\/p><p class=\"mb-0\" style=\"font-size: .85rem\"><strong title=\"Estado del Proceso\"><i class=\"fas fa-spinner\"><\/i><\/strong> Proceso adjudicado y celebrado<\/p><p class=\"mb-0\" style=\"font-size: .85rem\"><strong title=\"Fecha de Publicaci\u00f3n\"><i class=\"fas fa-calendar-alt\"><\/i><\/strong> Publicado el viernes, 15 de noviembre de 2019<\/p><\/div><div class=\"col-auto mt-md-0 mt-2\"><a class=\"btn btn-primary btn-lg px-lg-4 d-none d-md-block\" href=\"https:\/\/comunidad.comprasdominicana.gob.do\/\/Public\/Tendering\/OpportunityDetail\/Index?noticeUID=DO1.NTC.674515\" target=\"_blank\" title=\"Detalles\"><i class=\"fas fa-link\"><\/i> DETALLES<\/a><a class=\"btn btn-primary btn-lg px-lg-4 d-block d-md-none\" href=\"https:\/\/comunidad.comprasdominicana.gob.do\/\/Public\/Tendering\/OpportunityDetail\/Index?noticeUID=DO1.NTC.674515\" target=\"_blank\" title=\"Detalles\"><i class=\"fas fa-2x fa-link\"><\/i><\/a><\/div><\/div><\/div><\/div><\/div><\/div>\n        <div class=\"card\">\n            <div class=\"card-header parents\" id=\"heading_compras-menores-69eeee772d89c-2019-69eeee772d89c-septiembre-69eeee772d89c\">\n                <p class=\"title text-blue mb-0\">\n                    <a class=\"btn-block hover text-left collapsed\" data-toggle=\"collapse\" data-target=\"#collap_compras-menores-69eeee772d89c-2019-69eeee772d89c-septiembre-69eeee772d89c\" aria-expanded=\"false\" aria-controls=\"collap_compras-menores-69eeee772d89c-2019-69eeee772d89c-septiembre-69eeee772d89c\">Septiembre<\/a>\n                <\/p>\n            <\/div>\n            <div id=\"collap_compras-menores-69eeee772d89c-2019-69eeee772d89c-septiembre-69eeee772d89c\" class=\"collapse\" aria-labelledby=\"heading_compras-menores-69eeee772d89c-2019-69eeee772d89c-septiembre-69eeee772d89c\" data-parent=\"#collap_compras-menores-69eeee772d89c-2019-69eeee772d89c\">\n                <div class=\"card-body\"><div class=\"jumbotron archivos\"><div class=\"row align-items-center\"><div class=\"col\"><h6><a class=\"text-dark\" href=\"https:\/\/comunidad.comprasdominicana.gob.do\/\/Public\/Tendering\/OpportunityDetail\/Index?noticeUID=DO1.NTC.646020\" title=\"Ver\" target=\"_blank\">APORDOM-DAF-CM-2019-0018<\/a><\/h6><p class=\"mb-0 bold\">ADQUISICI\u00d3N DE ALIMENTOS<\/p><p class=\"mb-0\" style=\"font-size: .85rem\"><strong title=\"Estado del Proceso\"><i class=\"fas fa-spinner\"><\/i><\/strong> Proceso adjudicado y celebrado<\/p><p class=\"mb-0\" style=\"font-size: .85rem\"><strong title=\"Fecha de Publicaci\u00f3n\"><i class=\"fas fa-calendar-alt\"><\/i><\/strong> Publicado el viernes, 20 de septiembre de 2019<\/p><\/div><div class=\"col-auto mt-md-0 mt-2\"><a class=\"btn btn-primary btn-lg px-lg-4 d-none d-md-block\" href=\"https:\/\/comunidad.comprasdominicana.gob.do\/\/Public\/Tendering\/OpportunityDetail\/Index?noticeUID=DO1.NTC.646020\" target=\"_blank\" title=\"Detalles\"><i class=\"fas fa-link\"><\/i> DETALLES<\/a><a class=\"btn btn-primary btn-lg px-lg-4 d-block d-md-none\" href=\"https:\/\/comunidad.comprasdominicana.gob.do\/\/Public\/Tendering\/OpportunityDetail\/Index?noticeUID=DO1.NTC.646020\" target=\"_blank\" title=\"Detalles\"><i class=\"fas fa-2x fa-link\"><\/i><\/a><\/div><\/div><\/div><div class=\"jumbotron archivos\"><div class=\"row align-items-center\"><div class=\"col\"><h6><a class=\"text-dark\" href=\"https:\/\/comunidad.comprasdominicana.gob.do\/\/Public\/Tendering\/OpportunityDetail\/Index?noticeUID=DO1.NTC.640432\" title=\"Ver\" target=\"_blank\">APORDOM-DAF-CM-2019-0017<\/a><\/h6><p class=\"mb-0 bold\">EQUIPOS YRENOVACION DE LICENCIASFORTIGATE<\/p><p class=\"mb-0\" style=\"font-size: .85rem\"><strong title=\"Estado del Proceso\"><i class=\"fas fa-spinner\"><\/i><\/strong> Proceso adjudicado y celebrado<\/p><p class=\"mb-0\" style=\"font-size: .85rem\"><strong title=\"Fecha de Publicaci\u00f3n\"><i class=\"fas fa-calendar-alt\"><\/i><\/strong> Publicado el lunes, 9 de septiembre de 2019<\/p><\/div><div class=\"col-auto mt-md-0 mt-2\"><a class=\"btn btn-primary btn-lg px-lg-4 d-none d-md-block\" href=\"https:\/\/comunidad.comprasdominicana.gob.do\/\/Public\/Tendering\/OpportunityDetail\/Index?noticeUID=DO1.NTC.640432\" target=\"_blank\" title=\"Detalles\"><i class=\"fas fa-link\"><\/i> DETALLES<\/a><a class=\"btn btn-primary btn-lg px-lg-4 d-block d-md-none\" href=\"https:\/\/comunidad.comprasdominicana.gob.do\/\/Public\/Tendering\/OpportunityDetail\/Index?noticeUID=DO1.NTC.640432\" target=\"_blank\" title=\"Detalles\"><i class=\"fas fa-2x fa-link\"><\/i><\/a><\/div><\/div><\/div><div class=\"jumbotron archivos\"><div class=\"row align-items-center\"><div class=\"col\"><h6><a class=\"text-dark\" href=\"https:\/\/comunidad.comprasdominicana.gob.do\/\/Public\/Tendering\/OpportunityDetail\/Index?noticeUID=DO1.NTC.638522\" title=\"Ver\" target=\"_blank\">APORDOM-DAF-CM-2019-0016<\/a><\/h6><p class=\"mb-0 bold\">Adquisici\u00f3n de Combustible, GLP para el Comedor Portuario.<\/p><p class=\"mb-0\" style=\"font-size: .85rem\"><strong title=\"Estado del Proceso\"><i class=\"fas fa-spinner\"><\/i><\/strong> Proceso adjudicado y celebrado<\/p><p class=\"mb-0\" style=\"font-size: .85rem\"><strong title=\"Fecha de Publicaci\u00f3n\"><i class=\"fas fa-calendar-alt\"><\/i><\/strong> Publicado el mi\u00e9rcoles, 4 de septiembre de 2019<\/p><\/div><div class=\"col-auto mt-md-0 mt-2\"><a class=\"btn btn-primary btn-lg px-lg-4 d-none d-md-block\" href=\"https:\/\/comunidad.comprasdominicana.gob.do\/\/Public\/Tendering\/OpportunityDetail\/Index?noticeUID=DO1.NTC.638522\" target=\"_blank\" title=\"Detalles\"><i class=\"fas fa-link\"><\/i> DETALLES<\/a><a class=\"btn btn-primary btn-lg px-lg-4 d-block d-md-none\" href=\"https:\/\/comunidad.comprasdominicana.gob.do\/\/Public\/Tendering\/OpportunityDetail\/Index?noticeUID=DO1.NTC.638522\" target=\"_blank\" title=\"Detalles\"><i class=\"fas fa-2x fa-link\"><\/i><\/a><\/div><\/div><\/div><\/div><\/div><\/div>\n        <div class=\"card\">\n            <div class=\"card-header parents\" id=\"heading_compras-menores-69eeee772d89c-2019-69eeee772d89c-agosto-69eeee772d89c\">\n                <p class=\"title text-blue mb-0\">\n                    <a class=\"btn-block hover text-left collapsed\" data-toggle=\"collapse\" data-target=\"#collap_compras-menores-69eeee772d89c-2019-69eeee772d89c-agosto-69eeee772d89c\" aria-expanded=\"false\" aria-controls=\"collap_compras-menores-69eeee772d89c-2019-69eeee772d89c-agosto-69eeee772d89c\">Agosto<\/a>\n                <\/p>\n            <\/div>\n            <div id=\"collap_compras-menores-69eeee772d89c-2019-69eeee772d89c-agosto-69eeee772d89c\" class=\"collapse\" aria-labelledby=\"heading_compras-menores-69eeee772d89c-2019-69eeee772d89c-agosto-69eeee772d89c\" data-parent=\"#collap_compras-menores-69eeee772d89c-2019-69eeee772d89c\">\n                <div class=\"card-body\"><div class=\"jumbotron archivos\"><div class=\"row align-items-center\"><div class=\"col\"><h6><a class=\"text-dark\" href=\"https:\/\/comunidad.comprasdominicana.gob.do\/\/Public\/Tendering\/OpportunityDetail\/Index?noticeUID=DO1.NTC.630522\" title=\"Ver\" target=\"_blank\">APORDOM-DAF-CM-2019-0015<\/a><\/h6><p class=\"mb-0 bold\">Adquisici\u00f3n de Alimentos para el Comedor Portuario.<\/p><p class=\"mb-0\" style=\"font-size: .85rem\"><strong title=\"Estado del Proceso\"><i class=\"fas fa-spinner\"><\/i><\/strong> Proceso adjudicado y celebrado<\/p><p class=\"mb-0\" style=\"font-size: .85rem\"><strong title=\"Fecha de Publicaci\u00f3n\"><i class=\"fas fa-calendar-alt\"><\/i><\/strong> Publicado el lunes, 19 de agosto de 2019<\/p><\/div><div class=\"col-auto mt-md-0 mt-2\"><a class=\"btn btn-primary btn-lg px-lg-4 d-none d-md-block\" href=\"https:\/\/comunidad.comprasdominicana.gob.do\/\/Public\/Tendering\/OpportunityDetail\/Index?noticeUID=DO1.NTC.630522\" target=\"_blank\" title=\"Detalles\"><i class=\"fas fa-link\"><\/i> DETALLES<\/a><a class=\"btn btn-primary btn-lg px-lg-4 d-block d-md-none\" href=\"https:\/\/comunidad.comprasdominicana.gob.do\/\/Public\/Tendering\/OpportunityDetail\/Index?noticeUID=DO1.NTC.630522\" target=\"_blank\" title=\"Detalles\"><i class=\"fas fa-2x fa-link\"><\/i><\/a><\/div><\/div><\/div><\/div><\/div><\/div>\n        <div class=\"card\">\n            <div class=\"card-header parents\" id=\"heading_compras-menores-69eeee772d89c-2019-69eeee772d89c-julio-69eeee772d89c\">\n                <p class=\"title text-blue mb-0\">\n                    <a class=\"btn-block hover text-left collapsed\" data-toggle=\"collapse\" data-target=\"#collap_compras-menores-69eeee772d89c-2019-69eeee772d89c-julio-69eeee772d89c\" aria-expanded=\"false\" aria-controls=\"collap_compras-menores-69eeee772d89c-2019-69eeee772d89c-julio-69eeee772d89c\">Julio<\/a>\n                <\/p>\n            <\/div>\n            <div id=\"collap_compras-menores-69eeee772d89c-2019-69eeee772d89c-julio-69eeee772d89c\" class=\"collapse\" aria-labelledby=\"heading_compras-menores-69eeee772d89c-2019-69eeee772d89c-julio-69eeee772d89c\" data-parent=\"#collap_compras-menores-69eeee772d89c-2019-69eeee772d89c\">\n                <div class=\"card-body\"><div class=\"jumbotron archivos\"><div class=\"row align-items-center\"><div class=\"col\"><h6><a class=\"text-dark\" href=\"https:\/\/comunidad.comprasdominicana.gob.do\/\/Public\/Tendering\/OpportunityDetail\/Index?noticeUID=DO1.NTC.617850\" title=\"Ver\" target=\"_blank\">APORDOM-DAF-CM-2019-0014<\/a><\/h6><p class=\"mb-0 bold\">ADQUISICI\u00d3N SELLOS DE SEGURIDAD PARA FURGONES<\/p><p class=\"mb-0\" style=\"font-size: .85rem\"><strong title=\"Estado del Proceso\"><i class=\"fas fa-spinner\"><\/i><\/strong> Proceso adjudicado y celebrado<\/p><p class=\"mb-0\" style=\"font-size: .85rem\"><strong title=\"Fecha de Publicaci\u00f3n\"><i class=\"fas fa-calendar-alt\"><\/i><\/strong> Publicado el mi\u00e9rcoles, 24 de julio de 2019<\/p><\/div><div class=\"col-auto mt-md-0 mt-2\"><a class=\"btn btn-primary btn-lg px-lg-4 d-none d-md-block\" href=\"https:\/\/comunidad.comprasdominicana.gob.do\/\/Public\/Tendering\/OpportunityDetail\/Index?noticeUID=DO1.NTC.617850\" target=\"_blank\" title=\"Detalles\"><i class=\"fas fa-link\"><\/i> DETALLES<\/a><a class=\"btn btn-primary btn-lg px-lg-4 d-block d-md-none\" href=\"https:\/\/comunidad.comprasdominicana.gob.do\/\/Public\/Tendering\/OpportunityDetail\/Index?noticeUID=DO1.NTC.617850\" target=\"_blank\" title=\"Detalles\"><i class=\"fas fa-2x fa-link\"><\/i><\/a><\/div><\/div><\/div><div class=\"jumbotron archivos\"><div class=\"row align-items-center\"><div class=\"col\"><h6><a class=\"text-dark\" href=\"https:\/\/comunidad.comprasdominicana.gob.do\/\/Public\/Tendering\/OpportunityDetail\/Index?noticeUID=DO1.NTC.615156\" title=\"Ver\" target=\"_blank\">APORDOM-DAF-CM-2019-0013<\/a><\/h6><p class=\"mb-0 bold\">Adquisici\u00f3n de Alimentos para el Comedor Portuario.<\/p><p class=\"mb-0\" style=\"font-size: .85rem\"><strong title=\"Estado del Proceso\"><i class=\"fas fa-spinner\"><\/i><\/strong> Proceso adjudicado y celebrado<\/p><p class=\"mb-0\" style=\"font-size: .85rem\"><strong title=\"Fecha de Publicaci\u00f3n\"><i class=\"fas fa-calendar-alt\"><\/i><\/strong> Publicado el mi\u00e9rcoles, 17 de julio de 2019<\/p><\/div><div class=\"col-auto mt-md-0 mt-2\"><a class=\"btn btn-primary btn-lg px-lg-4 d-none d-md-block\" href=\"https:\/\/comunidad.comprasdominicana.gob.do\/\/Public\/Tendering\/OpportunityDetail\/Index?noticeUID=DO1.NTC.615156\" target=\"_blank\" title=\"Detalles\"><i class=\"fas fa-link\"><\/i> DETALLES<\/a><a class=\"btn btn-primary btn-lg px-lg-4 d-block d-md-none\" href=\"https:\/\/comunidad.comprasdominicana.gob.do\/\/Public\/Tendering\/OpportunityDetail\/Index?noticeUID=DO1.NTC.615156\" target=\"_blank\" title=\"Detalles\"><i class=\"fas fa-2x fa-link\"><\/i><\/a><\/div><\/div><\/div><\/div><\/div><\/div>\n        <div class=\"card\">\n            <div class=\"card-header parents\" id=\"heading_compras-menores-69eeee772d89c-2019-69eeee772d89c-junio-69eeee772d89c\">\n                <p class=\"title text-blue mb-0\">\n                    <a class=\"btn-block hover text-left collapsed\" data-toggle=\"collapse\" data-target=\"#collap_compras-menores-69eeee772d89c-2019-69eeee772d89c-junio-69eeee772d89c\" aria-expanded=\"false\" aria-controls=\"collap_compras-menores-69eeee772d89c-2019-69eeee772d89c-junio-69eeee772d89c\">Junio<\/a>\n                <\/p>\n            <\/div>\n            <div id=\"collap_compras-menores-69eeee772d89c-2019-69eeee772d89c-junio-69eeee772d89c\" class=\"collapse\" aria-labelledby=\"heading_compras-menores-69eeee772d89c-2019-69eeee772d89c-junio-69eeee772d89c\" data-parent=\"#collap_compras-menores-69eeee772d89c-2019-69eeee772d89c\">\n                <div class=\"card-body\"><div class=\"jumbotron archivos\"><div class=\"row align-items-center\"><div class=\"col\"><h6><a class=\"text-dark\" href=\"https:\/\/comunidad.comprasdominicana.gob.do\/\/Public\/Tendering\/OpportunityDetail\/Index?noticeUID=DO1.NTC.597042\" title=\"Ver\" target=\"_blank\">APORDOM-DAF-CM-2019-0011<\/a><\/h6><p class=\"mb-0 bold\">ADQUISICI\u00d3N DE \u201cSE\u00d1ALETICA DE SEGURIDAD\u201d<\/p><p class=\"mb-0\" style=\"font-size: .85rem\"><strong title=\"Estado del Proceso\"><i class=\"fas fa-spinner\"><\/i><\/strong> Cancelado<\/p><p class=\"mb-0\" style=\"font-size: .85rem\"><strong title=\"Fecha de Publicaci\u00f3n\"><i class=\"fas fa-calendar-alt\"><\/i><\/strong> Publicado el mi\u00e9rcoles, 5 de junio de 2019<\/p><\/div><div class=\"col-auto mt-md-0 mt-2\"><a class=\"btn btn-primary btn-lg px-lg-4 d-none d-md-block\" href=\"https:\/\/comunidad.comprasdominicana.gob.do\/\/Public\/Tendering\/OpportunityDetail\/Index?noticeUID=DO1.NTC.597042\" target=\"_blank\" title=\"Detalles\"><i class=\"fas fa-link\"><\/i> DETALLES<\/a><a class=\"btn btn-primary btn-lg px-lg-4 d-block d-md-none\" href=\"https:\/\/comunidad.comprasdominicana.gob.do\/\/Public\/Tendering\/OpportunityDetail\/Index?noticeUID=DO1.NTC.597042\" target=\"_blank\" title=\"Detalles\"><i class=\"fas fa-2x fa-link\"><\/i><\/a><\/div><\/div><\/div><div class=\"jumbotron archivos\"><div class=\"row align-items-center\"><div class=\"col\"><h6><a class=\"text-dark\" href=\"https:\/\/comunidad.comprasdominicana.gob.do\/\/Public\/Tendering\/OpportunityDetail\/Index?noticeUID=DO1.NTC.601503\" title=\"Ver\" target=\"_blank\">APORDOM-DAF-CM-2019-0012<\/a><\/h6><p class=\"mb-0 bold\">Adquisici\u00f3n de Alimentos, para ser usado en el Comedor Portuario.<\/p><p class=\"mb-0\" style=\"font-size: .85rem\"><strong title=\"Estado del Proceso\"><i class=\"fas fa-spinner\"><\/i><\/strong> Proceso adjudicado y celebrado<\/p><p class=\"mb-0\" style=\"font-size: .85rem\"><strong title=\"Fecha de Publicaci\u00f3n\"><i class=\"fas fa-calendar-alt\"><\/i><\/strong> Publicado el viernes, 14 de junio de 2019<\/p><\/div><div class=\"col-auto mt-md-0 mt-2\"><a class=\"btn btn-primary btn-lg px-lg-4 d-none d-md-block\" href=\"https:\/\/comunidad.comprasdominicana.gob.do\/\/Public\/Tendering\/OpportunityDetail\/Index?noticeUID=DO1.NTC.601503\" target=\"_blank\" title=\"Detalles\"><i class=\"fas fa-link\"><\/i> DETALLES<\/a><a class=\"btn btn-primary btn-lg px-lg-4 d-block d-md-none\" href=\"https:\/\/comunidad.comprasdominicana.gob.do\/\/Public\/Tendering\/OpportunityDetail\/Index?noticeUID=DO1.NTC.601503\" target=\"_blank\" title=\"Detalles\"><i class=\"fas fa-2x fa-link\"><\/i><\/a><\/div><\/div><\/div><\/div><\/div><\/div>\n        <div class=\"card\">\n            <div class=\"card-header parents\" id=\"heading_compras-menores-69eeee772d89c-2019-69eeee772d89c-mayo-69eeee772d89c\">\n                <p class=\"title text-blue mb-0\">\n                    <a class=\"btn-block hover text-left collapsed\" data-toggle=\"collapse\" data-target=\"#collap_compras-menores-69eeee772d89c-2019-69eeee772d89c-mayo-69eeee772d89c\" aria-expanded=\"false\" aria-controls=\"collap_compras-menores-69eeee772d89c-2019-69eeee772d89c-mayo-69eeee772d89c\">Mayo<\/a>\n                <\/p>\n            <\/div>\n            <div id=\"collap_compras-menores-69eeee772d89c-2019-69eeee772d89c-mayo-69eeee772d89c\" class=\"collapse\" aria-labelledby=\"heading_compras-menores-69eeee772d89c-2019-69eeee772d89c-mayo-69eeee772d89c\" data-parent=\"#collap_compras-menores-69eeee772d89c-2019-69eeee772d89c\">\n                <div class=\"card-body\"><div class=\"jumbotron archivos\"><div class=\"row align-items-center\"><div class=\"col\"><h6><a class=\"text-dark\" href=\"https:\/\/comunidad.comprasdominicana.gob.do\/\/Public\/Tendering\/OpportunityDetail\/Index?noticeUID=DO1.NTC.585708\" title=\"Ver\" target=\"_blank\">APORDOM-DAF-CM-2019-0010<\/a><\/h6><p class=\"mb-0 bold\">ADQUISICI\u00d3N DE ALIMENTOS PARA EL COMEDOR PORTUARIO DE ESTA INSTITUCION.<\/p><p class=\"mb-0\" style=\"font-size: .85rem\"><strong title=\"Estado del Proceso\"><i class=\"fas fa-spinner\"><\/i><\/strong> Proceso adjudicado y celebrado<\/p><p class=\"mb-0\" style=\"font-size: .85rem\"><strong title=\"Fecha de Publicaci\u00f3n\"><i class=\"fas fa-calendar-alt\"><\/i><\/strong> Publicado el viernes, 10 de mayo de 2019<\/p><\/div><div class=\"col-auto mt-md-0 mt-2\"><a class=\"btn btn-primary btn-lg px-lg-4 d-none d-md-block\" href=\"https:\/\/comunidad.comprasdominicana.gob.do\/\/Public\/Tendering\/OpportunityDetail\/Index?noticeUID=DO1.NTC.585708\" target=\"_blank\" title=\"Detalles\"><i class=\"fas fa-link\"><\/i> DETALLES<\/a><a class=\"btn btn-primary btn-lg px-lg-4 d-block d-md-none\" href=\"https:\/\/comunidad.comprasdominicana.gob.do\/\/Public\/Tendering\/OpportunityDetail\/Index?noticeUID=DO1.NTC.585708\" target=\"_blank\" title=\"Detalles\"><i class=\"fas fa-2x fa-link\"><\/i><\/a><\/div><\/div><\/div><\/div><\/div><\/div>\n        <div class=\"card\">\n            <div class=\"card-header parents\" id=\"heading_compras-menores-69eeee772d89c-2019-69eeee772d89c-abril-69eeee772d89c\">\n                <p class=\"title text-blue mb-0\">\n                    <a class=\"btn-block hover text-left collapsed\" data-toggle=\"collapse\" data-target=\"#collap_compras-menores-69eeee772d89c-2019-69eeee772d89c-abril-69eeee772d89c\" aria-expanded=\"false\" aria-controls=\"collap_compras-menores-69eeee772d89c-2019-69eeee772d89c-abril-69eeee772d89c\">Abril<\/a>\n                <\/p>\n            <\/div>\n            <div id=\"collap_compras-menores-69eeee772d89c-2019-69eeee772d89c-abril-69eeee772d89c\" class=\"collapse\" aria-labelledby=\"heading_compras-menores-69eeee772d89c-2019-69eeee772d89c-abril-69eeee772d89c\" data-parent=\"#collap_compras-menores-69eeee772d89c-2019-69eeee772d89c\">\n                <div class=\"card-body\"><div class=\"jumbotron archivos\"><div class=\"row align-items-center\"><div class=\"col\"><h6><a class=\"text-dark\" href=\"https:\/\/comunidad.comprasdominicana.gob.do\/\/Public\/Tendering\/OpportunityDetail\/Index?noticeUID=DO1.NTC.577120\" title=\"Ver\" target=\"_blank\">APORDOM-DAF-CM-2019-0009<\/a><\/h6><p class=\"mb-0 bold\">Adquisici\u00f3n de 5,000 galones de Gasoil Regular.<\/p><p class=\"mb-0\" style=\"font-size: .85rem\"><strong title=\"Estado del Proceso\"><i class=\"fas fa-spinner\"><\/i><\/strong> Proceso adjudicado y celebrado<\/p><p class=\"mb-0\" style=\"font-size: .85rem\"><strong title=\"Fecha de Publicaci\u00f3n\"><i class=\"fas fa-calendar-alt\"><\/i><\/strong> Publicado el martes, 23 de abril de 2019<\/p><\/div><div class=\"col-auto mt-md-0 mt-2\"><a class=\"btn btn-primary btn-lg px-lg-4 d-none d-md-block\" href=\"https:\/\/comunidad.comprasdominicana.gob.do\/\/Public\/Tendering\/OpportunityDetail\/Index?noticeUID=DO1.NTC.577120\" target=\"_blank\" title=\"Detalles\"><i class=\"fas fa-link\"><\/i> DETALLES<\/a><a class=\"btn btn-primary btn-lg px-lg-4 d-block d-md-none\" href=\"https:\/\/comunidad.comprasdominicana.gob.do\/\/Public\/Tendering\/OpportunityDetail\/Index?noticeUID=DO1.NTC.577120\" target=\"_blank\" title=\"Detalles\"><i class=\"fas fa-2x fa-link\"><\/i><\/a><\/div><\/div><\/div><div class=\"jumbotron archivos\"><div class=\"row align-items-center\"><div class=\"col\"><h6><a class=\"text-dark\" href=\"https:\/\/comunidad.comprasdominicana.gob.do\/\/Public\/Tendering\/OpportunityDetail\/Index?noticeUID=DO1.NTC.569052\" title=\"Ver\" target=\"_blank\">APORDOM-DAF-CM-2019-0008<\/a><\/h6><p class=\"mb-0 bold\">Adquisici\u00f3n de Gas Licuado Del Petr\u00f3leo.<\/p><p class=\"mb-0\" style=\"font-size: .85rem\"><strong title=\"Estado del Proceso\"><i class=\"fas fa-spinner\"><\/i><\/strong> Proceso adjudicado y celebrado<\/p><p class=\"mb-0\" style=\"font-size: .85rem\"><strong title=\"Fecha de Publicaci\u00f3n\"><i class=\"fas fa-calendar-alt\"><\/i><\/strong> Publicado el mi\u00e9rcoles, 10 de abril de 2019<\/p><\/div><div class=\"col-auto mt-md-0 mt-2\"><a class=\"btn btn-primary btn-lg px-lg-4 d-none d-md-block\" href=\"https:\/\/comunidad.comprasdominicana.gob.do\/\/Public\/Tendering\/OpportunityDetail\/Index?noticeUID=DO1.NTC.569052\" target=\"_blank\" title=\"Detalles\"><i class=\"fas fa-link\"><\/i> DETALLES<\/a><a class=\"btn btn-primary btn-lg px-lg-4 d-block d-md-none\" href=\"https:\/\/comunidad.comprasdominicana.gob.do\/\/Public\/Tendering\/OpportunityDetail\/Index?noticeUID=DO1.NTC.569052\" target=\"_blank\" title=\"Detalles\"><i class=\"fas fa-2x fa-link\"><\/i><\/a><\/div><\/div><\/div><\/div><\/div><\/div>\n        <div class=\"card\">\n            <div class=\"card-header parents\" id=\"heading_compras-menores-69eeee772d89c-2019-69eeee772d89c-marzo-69eeee772d89c\">\n                <p class=\"title text-blue mb-0\">\n                    <a class=\"btn-block hover text-left collapsed\" data-toggle=\"collapse\" data-target=\"#collap_compras-menores-69eeee772d89c-2019-69eeee772d89c-marzo-69eeee772d89c\" aria-expanded=\"false\" aria-controls=\"collap_compras-menores-69eeee772d89c-2019-69eeee772d89c-marzo-69eeee772d89c\">Marzo<\/a>\n                <\/p>\n            <\/div>\n            <div id=\"collap_compras-menores-69eeee772d89c-2019-69eeee772d89c-marzo-69eeee772d89c\" class=\"collapse\" aria-labelledby=\"heading_compras-menores-69eeee772d89c-2019-69eeee772d89c-marzo-69eeee772d89c\" data-parent=\"#collap_compras-menores-69eeee772d89c-2019-69eeee772d89c\">\n                <div class=\"card-body\"><div class=\"jumbotron archivos\"><div class=\"row align-items-center\"><div class=\"col\"><h6><a class=\"text-dark\" href=\"https:\/\/comunidad.comprasdominicana.gob.do\/\/Public\/Tendering\/OpportunityDetail\/Index?noticeUID=DO1.NTC.561833\" title=\"Ver\" target=\"_blank\">APORDOM-DAF-CM-2019-0007<\/a><\/h6><p class=\"mb-0 bold\">ADQUISICION DE LUBRICANTES<\/p><p class=\"mb-0\" style=\"font-size: .85rem\"><strong title=\"Estado del Proceso\"><i class=\"fas fa-spinner\"><\/i><\/strong> Proceso adjudicado y celebrado<\/p><p class=\"mb-0\" style=\"font-size: .85rem\"><strong title=\"Fecha de Publicaci\u00f3n\"><i class=\"fas fa-calendar-alt\"><\/i><\/strong> Publicado el martes, 26 de marzo de 2019<\/p><\/div><div class=\"col-auto mt-md-0 mt-2\"><a class=\"btn btn-primary btn-lg px-lg-4 d-none d-md-block\" href=\"https:\/\/comunidad.comprasdominicana.gob.do\/\/Public\/Tendering\/OpportunityDetail\/Index?noticeUID=DO1.NTC.561833\" target=\"_blank\" title=\"Detalles\"><i class=\"fas fa-link\"><\/i> DETALLES<\/a><a class=\"btn btn-primary btn-lg px-lg-4 d-block d-md-none\" href=\"https:\/\/comunidad.comprasdominicana.gob.do\/\/Public\/Tendering\/OpportunityDetail\/Index?noticeUID=DO1.NTC.561833\" target=\"_blank\" title=\"Detalles\"><i class=\"fas fa-2x fa-link\"><\/i><\/a><\/div><\/div><\/div><div class=\"jumbotron archivos\"><div class=\"row align-items-center\"><div class=\"col\"><h6><a class=\"text-dark\" href=\"https:\/\/comunidad.comprasdominicana.gob.do\/\/Public\/Tendering\/OpportunityDetail\/Index?noticeUID=DO1.NTC.561432\" title=\"Ver\" target=\"_blank\">APORDOM-DAF-CM-2019-0006<\/a><\/h6><p class=\"mb-0 bold\">ADQUISICI\u00d3N DE ALIMENTOS PARA EL COMEDOR PORTUARIO DE ESTA INSTITUCION.<\/p><p class=\"mb-0\" style=\"font-size: .85rem\"><strong title=\"Estado del Proceso\"><i class=\"fas fa-spinner\"><\/i><\/strong> Proceso adjudicado y celebrado<\/p><p class=\"mb-0\" style=\"font-size: .85rem\"><strong title=\"Fecha de Publicaci\u00f3n\"><i class=\"fas fa-calendar-alt\"><\/i><\/strong> Publicado el lunes, 25 de marzo de 2019<\/p><\/div><div class=\"col-auto mt-md-0 mt-2\"><a class=\"btn btn-primary btn-lg px-lg-4 d-none d-md-block\" href=\"https:\/\/comunidad.comprasdominicana.gob.do\/\/Public\/Tendering\/OpportunityDetail\/Index?noticeUID=DO1.NTC.561432\" target=\"_blank\" title=\"Detalles\"><i class=\"fas fa-link\"><\/i> DETALLES<\/a><a class=\"btn btn-primary btn-lg px-lg-4 d-block d-md-none\" href=\"https:\/\/comunidad.comprasdominicana.gob.do\/\/Public\/Tendering\/OpportunityDetail\/Index?noticeUID=DO1.NTC.561432\" target=\"_blank\" title=\"Detalles\"><i class=\"fas fa-2x fa-link\"><\/i><\/a><\/div><\/div><\/div><div class=\"jumbotron archivos\"><div class=\"row align-items-center\"><div class=\"col\"><h6><a class=\"text-dark\" href=\"https:\/\/comunidad.comprasdominicana.gob.do\/\/Public\/Tendering\/OpportunityDetail\/Index?noticeUID=DO1.NTC.561738\" title=\"Ver\" target=\"_blank\">APORDOM-DAF-CM-2019-0005<\/a><\/h6><p class=\"mb-0 bold\">Adquisici\u00f3n Productos M\u00e9dicos y Farmacia.<\/p><p class=\"mb-0\" style=\"font-size: .85rem\"><strong title=\"Estado del Proceso\"><i class=\"fas fa-spinner\"><\/i><\/strong> Proceso adjudicado y celebrado<\/p><p class=\"mb-0\" style=\"font-size: .85rem\"><strong title=\"Fecha de Publicaci\u00f3n\"><i class=\"fas fa-calendar-alt\"><\/i><\/strong> Publicado el lunes, 25 de marzo de 2019<\/p><\/div><div class=\"col-auto mt-md-0 mt-2\"><a class=\"btn btn-primary btn-lg px-lg-4 d-none d-md-block\" href=\"https:\/\/comunidad.comprasdominicana.gob.do\/\/Public\/Tendering\/OpportunityDetail\/Index?noticeUID=DO1.NTC.561738\" target=\"_blank\" title=\"Detalles\"><i class=\"fas fa-link\"><\/i> DETALLES<\/a><a class=\"btn btn-primary btn-lg px-lg-4 d-block d-md-none\" href=\"https:\/\/comunidad.comprasdominicana.gob.do\/\/Public\/Tendering\/OpportunityDetail\/Index?noticeUID=DO1.NTC.561738\" target=\"_blank\" title=\"Detalles\"><i class=\"fas fa-2x fa-link\"><\/i><\/a><\/div><\/div><\/div><div class=\"jumbotron archivos\"><div class=\"row align-items-center\"><div class=\"col\"><h6><a class=\"text-dark\" href=\"https:\/\/comunidad.comprasdominicana.gob.do\/\/Public\/Tendering\/OpportunityDetail\/Index?noticeUID=DO1.NTC.556942\" title=\"Ver\" target=\"_blank\">APORDOM-DAF-CM-2019-0003<\/a><\/h6><p class=\"mb-0 bold\">RENOVACI\u00d3N DE LICENCIAS ANTIVIRUS <\/p><p class=\"mb-0\" style=\"font-size: .85rem\"><strong title=\"Estado del Proceso\"><i class=\"fas fa-spinner\"><\/i><\/strong> Proceso adjudicado y celebrado<\/p><p class=\"mb-0\" style=\"font-size: .85rem\"><strong title=\"Fecha de Publicaci\u00f3n\"><i class=\"fas fa-calendar-alt\"><\/i><\/strong> Publicado el lunes, 18 de marzo de 2019<\/p><\/div><div class=\"col-auto mt-md-0 mt-2\"><a class=\"btn btn-primary btn-lg px-lg-4 d-none d-md-block\" href=\"https:\/\/comunidad.comprasdominicana.gob.do\/\/Public\/Tendering\/OpportunityDetail\/Index?noticeUID=DO1.NTC.556942\" target=\"_blank\" title=\"Detalles\"><i class=\"fas fa-link\"><\/i> DETALLES<\/a><a class=\"btn btn-primary btn-lg px-lg-4 d-block d-md-none\" href=\"https:\/\/comunidad.comprasdominicana.gob.do\/\/Public\/Tendering\/OpportunityDetail\/Index?noticeUID=DO1.NTC.556942\" target=\"_blank\" title=\"Detalles\"><i class=\"fas fa-2x fa-link\"><\/i><\/a><\/div><\/div><\/div><div class=\"jumbotron archivos\"><div class=\"row align-items-center\"><div class=\"col\"><h6><a class=\"text-dark\" href=\"https:\/\/comunidad.comprasdominicana.gob.do\/\/Public\/Tendering\/OpportunityDetail\/Index?noticeUID=DO1.NTC.558027\" title=\"Ver\" target=\"_blank\">APORDOM-DAF-CM-2019-0004<\/a><\/h6><p class=\"mb-0 bold\">ADQUISICI\u00d3N DE ALIMENTOS PARA EL COMEDOR PORTUARIO DE ESTA INSTITUCION.<\/p><p class=\"mb-0\" style=\"font-size: .85rem\"><strong title=\"Estado del Proceso\"><i class=\"fas fa-spinner\"><\/i><\/strong> Proceso con etapa cerrada<\/p><p class=\"mb-0\" style=\"font-size: .85rem\"><strong title=\"Fecha de Publicaci\u00f3n\"><i class=\"fas fa-calendar-alt\"><\/i><\/strong> Publicado el martes, 19 de marzo de 2019<\/p><\/div><div class=\"col-auto mt-md-0 mt-2\"><a class=\"btn btn-primary btn-lg px-lg-4 d-none d-md-block\" href=\"https:\/\/comunidad.comprasdominicana.gob.do\/\/Public\/Tendering\/OpportunityDetail\/Index?noticeUID=DO1.NTC.558027\" target=\"_blank\" title=\"Detalles\"><i class=\"fas fa-link\"><\/i> DETALLES<\/a><a class=\"btn btn-primary btn-lg px-lg-4 d-block d-md-none\" href=\"https:\/\/comunidad.comprasdominicana.gob.do\/\/Public\/Tendering\/OpportunityDetail\/Index?noticeUID=DO1.NTC.558027\" target=\"_blank\" title=\"Detalles\"><i class=\"fas fa-2x fa-link\"><\/i><\/a><\/div><\/div><\/div><div class=\"jumbotron archivos\"><div class=\"row align-items-center\"><div class=\"col\"><h6><a class=\"text-dark\" href=\"https:\/\/comunidad.comprasdominicana.gob.do\/\/Public\/Tendering\/OpportunityDetail\/Index?noticeUID=DO1.NTC.555622\" title=\"Ver\" target=\"_blank\">APORDOM-DAF-CM-2019-0002<\/a><\/h6><p class=\"mb-0 bold\">Adquisici\u00f3n Productos M\u00e9dicos y Farmacia.<\/p><p class=\"mb-0\" style=\"font-size: .85rem\"><strong title=\"Estado del Proceso\"><i class=\"fas fa-spinner\"><\/i><\/strong> Proceso desierto<\/p><p class=\"mb-0\" style=\"font-size: .85rem\"><strong title=\"Fecha de Publicaci\u00f3n\"><i class=\"fas fa-calendar-alt\"><\/i><\/strong> Publicado el jueves, 14 de marzo de 2019<\/p><\/div><div class=\"col-auto mt-md-0 mt-2\"><a class=\"btn btn-primary btn-lg px-lg-4 d-none d-md-block\" href=\"https:\/\/comunidad.comprasdominicana.gob.do\/\/Public\/Tendering\/OpportunityDetail\/Index?noticeUID=DO1.NTC.555622\" target=\"_blank\" title=\"Detalles\"><i class=\"fas fa-link\"><\/i> DETALLES<\/a><a class=\"btn btn-primary btn-lg px-lg-4 d-block d-md-none\" href=\"https:\/\/comunidad.comprasdominicana.gob.do\/\/Public\/Tendering\/OpportunityDetail\/Index?noticeUID=DO1.NTC.555622\" target=\"_blank\" title=\"Detalles\"><i class=\"fas fa-2x fa-link\"><\/i><\/a><\/div><\/div><\/div><\/div><\/div><\/div>\n        <div class=\"card\">\n            <div class=\"card-header parents\" id=\"heading_compras-menores-69eeee772d89c-2019-69eeee772d89c-febrero-69eeee772d89c\">\n                <p class=\"title text-blue mb-0\">\n                    <a class=\"btn-block hover text-left collapsed\" data-toggle=\"collapse\" data-target=\"#collap_compras-menores-69eeee772d89c-2019-69eeee772d89c-febrero-69eeee772d89c\" aria-expanded=\"false\" aria-controls=\"collap_compras-menores-69eeee772d89c-2019-69eeee772d89c-febrero-69eeee772d89c\">Febrero<\/a>\n                <\/p>\n            <\/div>\n            <div id=\"collap_compras-menores-69eeee772d89c-2019-69eeee772d89c-febrero-69eeee772d89c\" class=\"collapse\" aria-labelledby=\"heading_compras-menores-69eeee772d89c-2019-69eeee772d89c-febrero-69eeee772d89c\" data-parent=\"#collap_compras-menores-69eeee772d89c-2019-69eeee772d89c\">\n                <div class=\"card-body\"><div class=\"jumbotron archivos\"><div class=\"row align-items-center\"><div class=\"col\"><h6><a class=\"text-dark\" href=\"https:\/\/comunidad.comprasdominicana.gob.do\/\/Public\/Tendering\/OpportunityDetail\/Index?noticeUID=DO1.NTC.545127\" title=\"Ver\" target=\"_blank\">APORDOM-DAF-CM-2019-0001<\/a><\/h6><p class=\"mb-0 bold\">Art\u00edculos de Limpieza e Higiene, para ser utilizados en las diferentes oficinas de esta Autoridad Portuaria Dominicana <\/p><p class=\"mb-0\" style=\"font-size: .85rem\"><strong title=\"Estado del Proceso\"><i class=\"fas fa-spinner\"><\/i><\/strong> Proceso adjudicado y celebrado<\/p><p class=\"mb-0\" style=\"font-size: .85rem\"><strong title=\"Fecha de Publicaci\u00f3n\"><i class=\"fas fa-calendar-alt\"><\/i><\/strong> Publicado el viernes, 22 de febrero de 2019<\/p><\/div><div class=\"col-auto mt-md-0 mt-2\"><a class=\"btn btn-primary btn-lg px-lg-4 d-none d-md-block\" href=\"https:\/\/comunidad.comprasdominicana.gob.do\/\/Public\/Tendering\/OpportunityDetail\/Index?noticeUID=DO1.NTC.545127\" target=\"_blank\" title=\"Detalles\"><i class=\"fas fa-link\"><\/i> DETALLES<\/a><a class=\"btn btn-primary btn-lg px-lg-4 d-block d-md-none\" href=\"https:\/\/comunidad.comprasdominicana.gob.do\/\/Public\/Tendering\/OpportunityDetail\/Index?noticeUID=DO1.NTC.545127\" target=\"_blank\" title=\"Detalles\"><i class=\"fas fa-2x fa-link\"><\/i><\/a><\/div><\/div><\/div><\/div><\/div><\/div><\/div><\/div><\/div><\/div><\/div><\/div>\n        <div class=\"card\">\n            <div class=\"card-header parents\" id=\"heading_compras-por-debajo-del-umbral-69eeee772d89c\">\n                <p class=\"title text-blue mb-0\">\n                    <a class=\"btn-block hover text-left collapsed\" data-toggle=\"collapse\" data-target=\"#collap_compras-por-debajo-del-umbral-69eeee772d89c\" aria-expanded=\"false\" aria-controls=\"collap_compras-por-debajo-del-umbral-69eeee772d89c\">Compras por Debajo del Umbral<\/a>\n                <\/p>\n            <\/div>\n            <div id=\"collap_compras-por-debajo-del-umbral-69eeee772d89c\" class=\"collapse\" aria-labelledby=\"heading_compras-por-debajo-del-umbral-69eeee772d89c\" data-parent=\"#acc_69eeee772d89c\">\n                <div class=\"card-body\">\n        <div class=\"card\">\n            <div class=\"card-header parents\" id=\"heading_compras-por-debajo-del-umbral-69eeee772d89c-2026-69eeee772d89c\">\n                <p class=\"title text-blue mb-0\">\n                    <a class=\"btn-block hover text-left collapsed\" data-toggle=\"collapse\" data-target=\"#collap_compras-por-debajo-del-umbral-69eeee772d89c-2026-69eeee772d89c\" aria-expanded=\"false\" aria-controls=\"collap_compras-por-debajo-del-umbral-69eeee772d89c-2026-69eeee772d89c\">2026<\/a>\n                <\/p>\n            <\/div>\n            <div id=\"collap_compras-por-debajo-del-umbral-69eeee772d89c-2026-69eeee772d89c\" class=\"collapse\" aria-labelledby=\"heading_compras-por-debajo-del-umbral-69eeee772d89c-2026-69eeee772d89c\" data-parent=\"#collap_compras-por-debajo-del-umbral-69eeee772d89c\">\n                <div class=\"card-body\">\n        <div class=\"card\">\n            <div class=\"card-header parents\" id=\"heading_compras-por-debajo-del-umbral-69eeee772d89c-2026-69eeee772d89c-abril-69eeee772d89c\">\n                <p class=\"title text-blue mb-0\">\n                    <a class=\"btn-block hover text-left collapsed\" data-toggle=\"collapse\" data-target=\"#collap_compras-por-debajo-del-umbral-69eeee772d89c-2026-69eeee772d89c-abril-69eeee772d89c\" aria-expanded=\"false\" aria-controls=\"collap_compras-por-debajo-del-umbral-69eeee772d89c-2026-69eeee772d89c-abril-69eeee772d89c\">Abril<\/a>\n                <\/p>\n            <\/div>\n            <div id=\"collap_compras-por-debajo-del-umbral-69eeee772d89c-2026-69eeee772d89c-abril-69eeee772d89c\" class=\"collapse\" aria-labelledby=\"heading_compras-por-debajo-del-umbral-69eeee772d89c-2026-69eeee772d89c-abril-69eeee772d89c\" data-parent=\"#collap_compras-por-debajo-del-umbral-69eeee772d89c-2026-69eeee772d89c\">\n                <div class=\"card-body\"><div class=\"jumbotron archivos\"><div class=\"row align-items-center\"><div class=\"col\"><h6><a class=\"text-dark\" href=\"https:\/\/comunidad.comprasdominicana.gob.do\/\/Public\/Tendering\/OpportunityDetail\/Index?noticeUID=DO1.NTC.1703407\" title=\"Ver\" target=\"_blank\">APORDOM-DAF-CD-2026-0005<\/a><\/h6><p class=\"mb-0 bold\">Adquisici\u00f3n de uniformes, dirigido a MIPYMES <\/p><p class=\"mb-0\" style=\"font-size: .85rem\"><strong title=\"Estado del Proceso\"><i class=\"fas fa-spinner\"><\/i><\/strong> Proceso con etapa cerrada<\/p><p class=\"mb-0\" style=\"font-size: .85rem\"><strong title=\"Fecha de Publicaci\u00f3n\"><i class=\"fas fa-calendar-alt\"><\/i><\/strong> Publicado el lunes, 20 de abril de 2026<\/p><\/div><div class=\"col-auto mt-md-0 mt-2\"><a class=\"btn btn-primary btn-lg px-lg-4 d-none d-md-block\" href=\"https:\/\/comunidad.comprasdominicana.gob.do\/\/Public\/Tendering\/OpportunityDetail\/Index?noticeUID=DO1.NTC.1703407\" target=\"_blank\" title=\"Detalles\"><i class=\"fas fa-link\"><\/i> DETALLES<\/a><a class=\"btn btn-primary btn-lg px-lg-4 d-block d-md-none\" href=\"https:\/\/comunidad.comprasdominicana.gob.do\/\/Public\/Tendering\/OpportunityDetail\/Index?noticeUID=DO1.NTC.1703407\" target=\"_blank\" title=\"Detalles\"><i class=\"fas fa-2x fa-link\"><\/i><\/a><\/div><\/div><\/div><\/div><\/div><\/div>\n        <div class=\"card\">\n            <div class=\"card-header parents\" id=\"heading_compras-por-debajo-del-umbral-69eeee772d89c-2026-69eeee772d89c-marzo-69eeee772d89c\">\n                <p class=\"title text-blue mb-0\">\n                    <a class=\"btn-block hover text-left collapsed\" data-toggle=\"collapse\" data-target=\"#collap_compras-por-debajo-del-umbral-69eeee772d89c-2026-69eeee772d89c-marzo-69eeee772d89c\" aria-expanded=\"false\" aria-controls=\"collap_compras-por-debajo-del-umbral-69eeee772d89c-2026-69eeee772d89c-marzo-69eeee772d89c\">Marzo<\/a>\n                <\/p>\n            <\/div>\n            <div id=\"collap_compras-por-debajo-del-umbral-69eeee772d89c-2026-69eeee772d89c-marzo-69eeee772d89c\" class=\"collapse\" aria-labelledby=\"heading_compras-por-debajo-del-umbral-69eeee772d89c-2026-69eeee772d89c-marzo-69eeee772d89c\" data-parent=\"#collap_compras-por-debajo-del-umbral-69eeee772d89c-2026-69eeee772d89c\">\n                <div class=\"card-body\"><div class=\"jumbotron archivos\"><div class=\"row align-items-center\"><div class=\"col\"><h6><a class=\"text-dark\" href=\"https:\/\/comunidad.comprasdominicana.gob.do\/\/Public\/Tendering\/OpportunityDetail\/Index?noticeUID=DO1.NTC.1691923\" title=\"Ver\" target=\"_blank\">APORDOM-DAF-CD-2026-0003<\/a><\/h6><p class=\"mb-0 bold\">Alquiler de Veh\u00edculo<\/p><p class=\"mb-0\" style=\"font-size: .85rem\"><strong title=\"Estado del Proceso\"><i class=\"fas fa-spinner\"><\/i><\/strong> Proceso adjudicado y celebrado<\/p><p class=\"mb-0\" style=\"font-size: .85rem\"><strong title=\"Fecha de Publicaci\u00f3n\"><i class=\"fas fa-calendar-alt\"><\/i><\/strong> Publicado el mi\u00e9rcoles, 25 de marzo de 2026<\/p><\/div><div class=\"col-auto mt-md-0 mt-2\"><a class=\"btn btn-primary btn-lg px-lg-4 d-none d-md-block\" href=\"https:\/\/comunidad.comprasdominicana.gob.do\/\/Public\/Tendering\/OpportunityDetail\/Index?noticeUID=DO1.NTC.1691923\" target=\"_blank\" title=\"Detalles\"><i class=\"fas fa-link\"><\/i> DETALLES<\/a><a class=\"btn btn-primary btn-lg px-lg-4 d-block d-md-none\" href=\"https:\/\/comunidad.comprasdominicana.gob.do\/\/Public\/Tendering\/OpportunityDetail\/Index?noticeUID=DO1.NTC.1691923\" target=\"_blank\" title=\"Detalles\"><i class=\"fas fa-2x fa-link\"><\/i><\/a><\/div><\/div><\/div><div class=\"jumbotron archivos\"><div class=\"row align-items-center\"><div class=\"col\"><h6><a class=\"text-dark\" href=\"https:\/\/comunidad.comprasdominicana.gob.do\/\/Public\/Tendering\/OpportunityDetail\/Index?noticeUID=DO1.NTC.1686515\" title=\"Ver\" target=\"_blank\">APORDOM-DAF-CD-2026-0002<\/a><\/h6><p class=\"mb-0 bold\">Contrataci\u00f3n de servicios de mantenimiento de ascensor<\/p><p class=\"mb-0\" style=\"font-size: .85rem\"><strong title=\"Estado del Proceso\"><i class=\"fas fa-spinner\"><\/i><\/strong> Proceso adjudicado y celebrado<\/p><p class=\"mb-0\" style=\"font-size: .85rem\"><strong title=\"Fecha de Publicaci\u00f3n\"><i class=\"fas fa-calendar-alt\"><\/i><\/strong> Publicado el viernes, 13 de marzo de 2026<\/p><\/div><div class=\"col-auto mt-md-0 mt-2\"><a class=\"btn btn-primary btn-lg px-lg-4 d-none d-md-block\" href=\"https:\/\/comunidad.comprasdominicana.gob.do\/\/Public\/Tendering\/OpportunityDetail\/Index?noticeUID=DO1.NTC.1686515\" target=\"_blank\" title=\"Detalles\"><i class=\"fas fa-link\"><\/i> DETALLES<\/a><a class=\"btn btn-primary btn-lg px-lg-4 d-block d-md-none\" href=\"https:\/\/comunidad.comprasdominicana.gob.do\/\/Public\/Tendering\/OpportunityDetail\/Index?noticeUID=DO1.NTC.1686515\" target=\"_blank\" title=\"Detalles\"><i class=\"fas fa-2x fa-link\"><\/i><\/a><\/div><\/div><\/div><div class=\"jumbotron archivos\"><div class=\"row align-items-center\"><div class=\"col\"><h6><a class=\"text-dark\" href=\"https:\/\/comunidad.comprasdominicana.gob.do\/\/Public\/Tendering\/OpportunityDetail\/Index?noticeUID=DO1.NTC.1681339\" title=\"Ver\" target=\"_blank\">APORDOM-DAF-CD-2026-0001<\/a><\/h6><p class=\"mb-0 bold\">Servicio de Rellenado de Botellones de Agua Potable para diferentes Departamentos y Puertos de esta APORDOM<\/p><p class=\"mb-0\" style=\"font-size: .85rem\"><strong title=\"Estado del Proceso\"><i class=\"fas fa-spinner\"><\/i><\/strong> Proceso adjudicado y celebrado<\/p><p class=\"mb-0\" style=\"font-size: .85rem\"><strong title=\"Fecha de Publicaci\u00f3n\"><i class=\"fas fa-calendar-alt\"><\/i><\/strong> Publicado el lunes, 2 de marzo de 2026<\/p><\/div><div class=\"col-auto mt-md-0 mt-2\"><a class=\"btn btn-primary btn-lg px-lg-4 d-none d-md-block\" href=\"https:\/\/comunidad.comprasdominicana.gob.do\/\/Public\/Tendering\/OpportunityDetail\/Index?noticeUID=DO1.NTC.1681339\" target=\"_blank\" title=\"Detalles\"><i class=\"fas fa-link\"><\/i> DETALLES<\/a><a class=\"btn btn-primary btn-lg px-lg-4 d-block d-md-none\" href=\"https:\/\/comunidad.comprasdominicana.gob.do\/\/Public\/Tendering\/OpportunityDetail\/Index?noticeUID=DO1.NTC.1681339\" target=\"_blank\" title=\"Detalles\"><i class=\"fas fa-2x fa-link\"><\/i><\/a><\/div><\/div><\/div><\/div><\/div><\/div><\/div><\/div><\/div>\n        <div class=\"card\">\n            <div class=\"card-header parents\" id=\"heading_compras-por-debajo-del-umbral-69eeee772d89c-2025-69eeee772d89c\">\n                <p class=\"title text-blue mb-0\">\n                    <a class=\"btn-block hover text-left collapsed\" data-toggle=\"collapse\" data-target=\"#collap_compras-por-debajo-del-umbral-69eeee772d89c-2025-69eeee772d89c\" aria-expanded=\"false\" aria-controls=\"collap_compras-por-debajo-del-umbral-69eeee772d89c-2025-69eeee772d89c\">2025<\/a>\n                <\/p>\n            <\/div>\n            <div id=\"collap_compras-por-debajo-del-umbral-69eeee772d89c-2025-69eeee772d89c\" class=\"collapse\" aria-labelledby=\"heading_compras-por-debajo-del-umbral-69eeee772d89c-2025-69eeee772d89c\" data-parent=\"#collap_compras-por-debajo-del-umbral-69eeee772d89c\">\n                <div class=\"card-body\">\n        <div class=\"card\">\n            <div class=\"card-header parents\" id=\"heading_compras-por-debajo-del-umbral-69eeee772d89c-2025-69eeee772d89c-noviembre-69eeee772d89c\">\n                <p class=\"title text-blue mb-0\">\n                    <a class=\"btn-block hover text-left collapsed\" data-toggle=\"collapse\" data-target=\"#collap_compras-por-debajo-del-umbral-69eeee772d89c-2025-69eeee772d89c-noviembre-69eeee772d89c\" aria-expanded=\"false\" aria-controls=\"collap_compras-por-debajo-del-umbral-69eeee772d89c-2025-69eeee772d89c-noviembre-69eeee772d89c\">Noviembre<\/a>\n                <\/p>\n            <\/div>\n            <div id=\"collap_compras-por-debajo-del-umbral-69eeee772d89c-2025-69eeee772d89c-noviembre-69eeee772d89c\" class=\"collapse\" aria-labelledby=\"heading_compras-por-debajo-del-umbral-69eeee772d89c-2025-69eeee772d89c-noviembre-69eeee772d89c\" data-parent=\"#collap_compras-por-debajo-del-umbral-69eeee772d89c-2025-69eeee772d89c\">\n                <div class=\"card-body\"><div class=\"jumbotron archivos\"><div class=\"row align-items-center\"><div class=\"col\"><h6><a class=\"text-dark\" href=\"https:\/\/comunidad.comprasdominicana.gob.do\/\/Public\/Tendering\/OpportunityDetail\/Index?noticeUID=DO1.NTC.1634344\" title=\"Ver\" target=\"_blank\">APORDOM-DAF-CD-2025-0029<\/a><\/h6><p class=\"mb-0 bold\">Adquisici\u00f3n de pieza de elevador de pasajero<\/p><p class=\"mb-0\" style=\"font-size: .85rem\"><strong title=\"Estado del Proceso\"><i class=\"fas fa-spinner\"><\/i><\/strong> Proceso adjudicado y celebrado<\/p><p class=\"mb-0\" style=\"font-size: .85rem\"><strong title=\"Fecha de Publicaci\u00f3n\"><i class=\"fas fa-calendar-alt\"><\/i><\/strong> Publicado el lunes, 17 de noviembre de 2025<\/p><\/div><div class=\"col-auto mt-md-0 mt-2\"><a class=\"btn btn-primary btn-lg px-lg-4 d-none d-md-block\" href=\"https:\/\/comunidad.comprasdominicana.gob.do\/\/Public\/Tendering\/OpportunityDetail\/Index?noticeUID=DO1.NTC.1634344\" target=\"_blank\" title=\"Detalles\"><i class=\"fas fa-link\"><\/i> DETALLES<\/a><a class=\"btn btn-primary btn-lg px-lg-4 d-block d-md-none\" href=\"https:\/\/comunidad.comprasdominicana.gob.do\/\/Public\/Tendering\/OpportunityDetail\/Index?noticeUID=DO1.NTC.1634344\" target=\"_blank\" title=\"Detalles\"><i class=\"fas fa-2x fa-link\"><\/i><\/a><\/div><\/div><\/div><div class=\"jumbotron archivos\"><div class=\"row align-items-center\"><div class=\"col\"><h6><a class=\"text-dark\" href=\"https:\/\/comunidad.comprasdominicana.gob.do\/\/Public\/Tendering\/OpportunityDetail\/Index?noticeUID=DO1.NTC.1631732\" title=\"Ver\" target=\"_blank\">APORDOM-DAF-CD-2025-0028<\/a><\/h6><p class=\"mb-0 bold\">Servicio de coro para misa del 55 Aniversario<\/p><p class=\"mb-0\" style=\"font-size: .85rem\"><strong title=\"Estado del Proceso\"><i class=\"fas fa-spinner\"><\/i><\/strong> Proceso adjudicado y celebrado<\/p><p class=\"mb-0\" style=\"font-size: .85rem\"><strong title=\"Fecha de Publicaci\u00f3n\"><i class=\"fas fa-calendar-alt\"><\/i><\/strong> Publicado el viernes, 7 de noviembre de 2025<\/p><\/div><div class=\"col-auto mt-md-0 mt-2\"><a class=\"btn btn-primary btn-lg px-lg-4 d-none d-md-block\" href=\"https:\/\/comunidad.comprasdominicana.gob.do\/\/Public\/Tendering\/OpportunityDetail\/Index?noticeUID=DO1.NTC.1631732\" target=\"_blank\" title=\"Detalles\"><i class=\"fas fa-link\"><\/i> DETALLES<\/a><a class=\"btn btn-primary btn-lg px-lg-4 d-block d-md-none\" href=\"https:\/\/comunidad.comprasdominicana.gob.do\/\/Public\/Tendering\/OpportunityDetail\/Index?noticeUID=DO1.NTC.1631732\" target=\"_blank\" title=\"Detalles\"><i class=\"fas fa-2x fa-link\"><\/i><\/a><\/div><\/div><\/div><\/div><\/div><\/div>\n        <div class=\"card\">\n            <div class=\"card-header parents\" id=\"heading_compras-por-debajo-del-umbral-69eeee772d89c-2025-69eeee772d89c-octubre-69eeee772d89c\">\n                <p class=\"title text-blue mb-0\">\n                    <a class=\"btn-block hover text-left collapsed\" data-toggle=\"collapse\" data-target=\"#collap_compras-por-debajo-del-umbral-69eeee772d89c-2025-69eeee772d89c-octubre-69eeee772d89c\" aria-expanded=\"false\" aria-controls=\"collap_compras-por-debajo-del-umbral-69eeee772d89c-2025-69eeee772d89c-octubre-69eeee772d89c\">Octubre<\/a>\n                <\/p>\n            <\/div>\n            <div id=\"collap_compras-por-debajo-del-umbral-69eeee772d89c-2025-69eeee772d89c-octubre-69eeee772d89c\" class=\"collapse\" aria-labelledby=\"heading_compras-por-debajo-del-umbral-69eeee772d89c-2025-69eeee772d89c-octubre-69eeee772d89c\" data-parent=\"#collap_compras-por-debajo-del-umbral-69eeee772d89c-2025-69eeee772d89c\">\n                <div class=\"card-body\"><div class=\"jumbotron archivos\"><div class=\"row align-items-center\"><div class=\"col\"><h6><a class=\"text-dark\" href=\"https:\/\/comunidad.comprasdominicana.gob.do\/\/Public\/Tendering\/OpportunityDetail\/Index?noticeUID=DO1.NTC.1626650\" title=\"Ver\" target=\"_blank\">APORDOM-DAF-CD-2025-0027<\/a><\/h6><p class=\"mb-0 bold\">Servicio de alquiler de veh\u00edculos<\/p><p class=\"mb-0\" style=\"font-size: .85rem\"><strong title=\"Estado del Proceso\"><i class=\"fas fa-spinner\"><\/i><\/strong> Proceso adjudicado y celebrado<\/p><p class=\"mb-0\" style=\"font-size: .85rem\"><strong title=\"Fecha de Publicaci\u00f3n\"><i class=\"fas fa-calendar-alt\"><\/i><\/strong> Publicado el mi\u00e9rcoles, 29 de octubre de 2025<\/p><\/div><div class=\"col-auto mt-md-0 mt-2\"><a class=\"btn btn-primary btn-lg px-lg-4 d-none d-md-block\" href=\"https:\/\/comunidad.comprasdominicana.gob.do\/\/Public\/Tendering\/OpportunityDetail\/Index?noticeUID=DO1.NTC.1626650\" target=\"_blank\" title=\"Detalles\"><i class=\"fas fa-link\"><\/i> DETALLES<\/a><a class=\"btn btn-primary btn-lg px-lg-4 d-block d-md-none\" href=\"https:\/\/comunidad.comprasdominicana.gob.do\/\/Public\/Tendering\/OpportunityDetail\/Index?noticeUID=DO1.NTC.1626650\" target=\"_blank\" title=\"Detalles\"><i class=\"fas fa-2x fa-link\"><\/i><\/a><\/div><\/div><\/div><\/div><\/div><\/div>\n        <div class=\"card\">\n            <div class=\"card-header parents\" id=\"heading_compras-por-debajo-del-umbral-69eeee772d89c-2025-69eeee772d89c-septiembre-69eeee772d89c\">\n                <p class=\"title text-blue mb-0\">\n                    <a class=\"btn-block hover text-left collapsed\" data-toggle=\"collapse\" data-target=\"#collap_compras-por-debajo-del-umbral-69eeee772d89c-2025-69eeee772d89c-septiembre-69eeee772d89c\" aria-expanded=\"false\" aria-controls=\"collap_compras-por-debajo-del-umbral-69eeee772d89c-2025-69eeee772d89c-septiembre-69eeee772d89c\">Septiembre<\/a>\n                <\/p>\n            <\/div>\n            <div id=\"collap_compras-por-debajo-del-umbral-69eeee772d89c-2025-69eeee772d89c-septiembre-69eeee772d89c\" class=\"collapse\" aria-labelledby=\"heading_compras-por-debajo-del-umbral-69eeee772d89c-2025-69eeee772d89c-septiembre-69eeee772d89c\" data-parent=\"#collap_compras-por-debajo-del-umbral-69eeee772d89c-2025-69eeee772d89c\">\n                <div class=\"card-body\"><div class=\"jumbotron archivos\"><div class=\"row align-items-center\"><div class=\"col\"><h6><a class=\"text-dark\" href=\"https:\/\/comunidad.comprasdominicana.gob.do\/\/Public\/Tendering\/OpportunityDetail\/Index?noticeUID=DO1.NTC.1610742\" title=\"Ver\" target=\"_blank\">APORDOM-DAF-CD-2025-0025<\/a><\/h6><p class=\"mb-0 bold\">Adquisici\u00f3n de Placas de Reconocimiento de esta APORDOM<\/p><p class=\"mb-0\" style=\"font-size: .85rem\"><strong title=\"Estado del Proceso\"><i class=\"fas fa-spinner\"><\/i><\/strong> Proceso adjudicado y celebrado<\/p><p class=\"mb-0\" style=\"font-size: .85rem\"><strong title=\"Fecha de Publicaci\u00f3n\"><i class=\"fas fa-calendar-alt\"><\/i><\/strong> Publicado el martes, 23 de septiembre de 2025<\/p><\/div><div class=\"col-auto mt-md-0 mt-2\"><a class=\"btn btn-primary btn-lg px-lg-4 d-none d-md-block\" href=\"https:\/\/comunidad.comprasdominicana.gob.do\/\/Public\/Tendering\/OpportunityDetail\/Index?noticeUID=DO1.NTC.1610742\" target=\"_blank\" title=\"Detalles\"><i class=\"fas fa-link\"><\/i> DETALLES<\/a><a class=\"btn btn-primary btn-lg px-lg-4 d-block d-md-none\" href=\"https:\/\/comunidad.comprasdominicana.gob.do\/\/Public\/Tendering\/OpportunityDetail\/Index?noticeUID=DO1.NTC.1610742\" target=\"_blank\" title=\"Detalles\"><i class=\"fas fa-2x fa-link\"><\/i><\/a><\/div><\/div><\/div><\/div><\/div><\/div>\n        <div class=\"card\">\n            <div class=\"card-header parents\" id=\"heading_compras-por-debajo-del-umbral-69eeee772d89c-2025-69eeee772d89c-agosto-69eeee772d89c\">\n                <p class=\"title text-blue mb-0\">\n                    <a class=\"btn-block hover text-left collapsed\" data-toggle=\"collapse\" data-target=\"#collap_compras-por-debajo-del-umbral-69eeee772d89c-2025-69eeee772d89c-agosto-69eeee772d89c\" aria-expanded=\"false\" aria-controls=\"collap_compras-por-debajo-del-umbral-69eeee772d89c-2025-69eeee772d89c-agosto-69eeee772d89c\">Agosto<\/a>\n                <\/p>\n            <\/div>\n            <div id=\"collap_compras-por-debajo-del-umbral-69eeee772d89c-2025-69eeee772d89c-agosto-69eeee772d89c\" class=\"collapse\" aria-labelledby=\"heading_compras-por-debajo-del-umbral-69eeee772d89c-2025-69eeee772d89c-agosto-69eeee772d89c\" data-parent=\"#collap_compras-por-debajo-del-umbral-69eeee772d89c-2025-69eeee772d89c\">\n                <div class=\"card-body\"><div class=\"jumbotron archivos\"><div class=\"row align-items-center\"><div class=\"col\"><h6><a class=\"text-dark\" href=\"https:\/\/comunidad.comprasdominicana.gob.do\/\/Public\/Tendering\/OpportunityDetail\/Index?noticeUID=DO1.NTC.1595734\" title=\"Ver\" target=\"_blank\">APORDOM-DAF-CD-2025-0024<\/a><\/h6><p class=\"mb-0 bold\">Contrataci\u00f3n de Servicios de Custodia y Almacenamiento de Documentos de la Instituci\u00f3n<\/p><p class=\"mb-0\" style=\"font-size: .85rem\"><strong title=\"Estado del Proceso\"><i class=\"fas fa-spinner\"><\/i><\/strong> Proceso adjudicado y celebrado<\/p><p class=\"mb-0\" style=\"font-size: .85rem\"><strong title=\"Fecha de Publicaci\u00f3n\"><i class=\"fas fa-calendar-alt\"><\/i><\/strong> Publicado el mi\u00e9rcoles, 20 de agosto de 2025<\/p><\/div><div class=\"col-auto mt-md-0 mt-2\"><a class=\"btn btn-primary btn-lg px-lg-4 d-none d-md-block\" href=\"https:\/\/comunidad.comprasdominicana.gob.do\/\/Public\/Tendering\/OpportunityDetail\/Index?noticeUID=DO1.NTC.1595734\" target=\"_blank\" title=\"Detalles\"><i class=\"fas fa-link\"><\/i> DETALLES<\/a><a class=\"btn btn-primary btn-lg px-lg-4 d-block d-md-none\" href=\"https:\/\/comunidad.comprasdominicana.gob.do\/\/Public\/Tendering\/OpportunityDetail\/Index?noticeUID=DO1.NTC.1595734\" target=\"_blank\" title=\"Detalles\"><i class=\"fas fa-2x fa-link\"><\/i><\/a><\/div><\/div><\/div><div class=\"jumbotron archivos\"><div class=\"row align-items-center\"><div class=\"col\"><h6><a class=\"text-dark\" href=\"https:\/\/comunidad.comprasdominicana.gob.do\/\/Public\/Tendering\/OpportunityDetail\/Index?noticeUID=DO1.NTC.1589114\" title=\"Ver\" target=\"_blank\">APORDOM-DAF-CD-2025-0022<\/a><\/h6><p class=\"mb-0 bold\">Adquisici\u00f3n de Vasos T\u00e9rmicos, dirigido a Mipymes <\/p><p class=\"mb-0\" style=\"font-size: .85rem\"><strong title=\"Estado del Proceso\"><i class=\"fas fa-spinner\"><\/i><\/strong> Proceso adjudicado y celebrado<\/p><p class=\"mb-0\" style=\"font-size: .85rem\"><strong title=\"Fecha de Publicaci\u00f3n\"><i class=\"fas fa-calendar-alt\"><\/i><\/strong> Publicado el mi\u00e9rcoles, 6 de agosto de 2025<\/p><\/div><div class=\"col-auto mt-md-0 mt-2\"><a class=\"btn btn-primary btn-lg px-lg-4 d-none d-md-block\" href=\"https:\/\/comunidad.comprasdominicana.gob.do\/\/Public\/Tendering\/OpportunityDetail\/Index?noticeUID=DO1.NTC.1589114\" target=\"_blank\" title=\"Detalles\"><i class=\"fas fa-link\"><\/i> DETALLES<\/a><a class=\"btn btn-primary btn-lg px-lg-4 d-block d-md-none\" href=\"https:\/\/comunidad.comprasdominicana.gob.do\/\/Public\/Tendering\/OpportunityDetail\/Index?noticeUID=DO1.NTC.1589114\" target=\"_blank\" title=\"Detalles\"><i class=\"fas fa-2x fa-link\"><\/i><\/a><\/div><\/div><\/div><\/div><\/div><\/div>\n        <div class=\"card\">\n            <div class=\"card-header parents\" id=\"heading_compras-por-debajo-del-umbral-69eeee772d89c-2025-69eeee772d89c-julio-69eeee772d89c\">\n                <p class=\"title text-blue mb-0\">\n                    <a class=\"btn-block hover text-left collapsed\" data-toggle=\"collapse\" data-target=\"#collap_compras-por-debajo-del-umbral-69eeee772d89c-2025-69eeee772d89c-julio-69eeee772d89c\" aria-expanded=\"false\" aria-controls=\"collap_compras-por-debajo-del-umbral-69eeee772d89c-2025-69eeee772d89c-julio-69eeee772d89c\">Julio<\/a>\n                <\/p>\n            <\/div>\n            <div id=\"collap_compras-por-debajo-del-umbral-69eeee772d89c-2025-69eeee772d89c-julio-69eeee772d89c\" class=\"collapse\" aria-labelledby=\"heading_compras-por-debajo-del-umbral-69eeee772d89c-2025-69eeee772d89c-julio-69eeee772d89c\" data-parent=\"#collap_compras-por-debajo-del-umbral-69eeee772d89c-2025-69eeee772d89c\">\n                <div class=\"card-body\"><div class=\"jumbotron archivos\"><div class=\"row align-items-center\"><div class=\"col\"><h6><a class=\"text-dark\" href=\"https:\/\/comunidad.comprasdominicana.gob.do\/\/Public\/Tendering\/OpportunityDetail\/Index?noticeUID=DO1.NTC.1583146\" title=\"Ver\" target=\"_blank\">APORDOM-DAF-CD-2025-0023<\/a><\/h6><p class=\"mb-0 bold\">Adquisici\u00f3n de libros para impulsar el proyecto de lectura PORTUARIA LEE <\/p><p class=\"mb-0\" style=\"font-size: .85rem\"><strong title=\"Estado del Proceso\"><i class=\"fas fa-spinner\"><\/i><\/strong> Proceso adjudicado y celebrado<\/p><p class=\"mb-0\" style=\"font-size: .85rem\"><strong title=\"Fecha de Publicaci\u00f3n\"><i class=\"fas fa-calendar-alt\"><\/i><\/strong> Publicado el mi\u00e9rcoles, 23 de julio de 2025<\/p><\/div><div class=\"col-auto mt-md-0 mt-2\"><a class=\"btn btn-primary btn-lg px-lg-4 d-none d-md-block\" href=\"https:\/\/comunidad.comprasdominicana.gob.do\/\/Public\/Tendering\/OpportunityDetail\/Index?noticeUID=DO1.NTC.1583146\" target=\"_blank\" title=\"Detalles\"><i class=\"fas fa-link\"><\/i> DETALLES<\/a><a class=\"btn btn-primary btn-lg px-lg-4 d-block d-md-none\" href=\"https:\/\/comunidad.comprasdominicana.gob.do\/\/Public\/Tendering\/OpportunityDetail\/Index?noticeUID=DO1.NTC.1583146\" target=\"_blank\" title=\"Detalles\"><i class=\"fas fa-2x fa-link\"><\/i><\/a><\/div><\/div><\/div><\/div><\/div><\/div>\n        <div class=\"card\">\n            <div class=\"card-header parents\" id=\"heading_compras-por-debajo-del-umbral-69eeee772d89c-2025-69eeee772d89c-junio-69eeee772d89c\">\n                <p class=\"title text-blue mb-0\">\n                    <a class=\"btn-block hover text-left collapsed\" data-toggle=\"collapse\" data-target=\"#collap_compras-por-debajo-del-umbral-69eeee772d89c-2025-69eeee772d89c-junio-69eeee772d89c\" aria-expanded=\"false\" aria-controls=\"collap_compras-por-debajo-del-umbral-69eeee772d89c-2025-69eeee772d89c-junio-69eeee772d89c\">Junio<\/a>\n                <\/p>\n            <\/div>\n            <div id=\"collap_compras-por-debajo-del-umbral-69eeee772d89c-2025-69eeee772d89c-junio-69eeee772d89c\" class=\"collapse\" aria-labelledby=\"heading_compras-por-debajo-del-umbral-69eeee772d89c-2025-69eeee772d89c-junio-69eeee772d89c\" data-parent=\"#collap_compras-por-debajo-del-umbral-69eeee772d89c-2025-69eeee772d89c\">\n                <div class=\"card-body\"><div class=\"jumbotron archivos\"><div class=\"row align-items-center\"><div class=\"col\"><h6><a class=\"text-dark\" href=\"https:\/\/comunidad.comprasdominicana.gob.do\/\/Public\/Tendering\/OpportunityDetail\/Index?noticeUID=DO1.NTC.1568730\" title=\"Ver\" target=\"_blank\">APORDOM-DAF-CD-2025-0021<\/a><\/h6><p class=\"mb-0 bold\">Adquisici\u00f3n de Kit  anti derrames<\/p><p class=\"mb-0\" style=\"font-size: .85rem\"><strong title=\"Estado del Proceso\"><i class=\"fas fa-spinner\"><\/i><\/strong> Proceso adjudicado y celebrado<\/p><p class=\"mb-0\" style=\"font-size: .85rem\"><strong title=\"Fecha de Publicaci\u00f3n\"><i class=\"fas fa-calendar-alt\"><\/i><\/strong> Publicado el viernes, 20 de junio de 2025<\/p><\/div><div class=\"col-auto mt-md-0 mt-2\"><a class=\"btn btn-primary btn-lg px-lg-4 d-none d-md-block\" href=\"https:\/\/comunidad.comprasdominicana.gob.do\/\/Public\/Tendering\/OpportunityDetail\/Index?noticeUID=DO1.NTC.1568730\" target=\"_blank\" title=\"Detalles\"><i class=\"fas fa-link\"><\/i> DETALLES<\/a><a class=\"btn btn-primary btn-lg px-lg-4 d-block d-md-none\" href=\"https:\/\/comunidad.comprasdominicana.gob.do\/\/Public\/Tendering\/OpportunityDetail\/Index?noticeUID=DO1.NTC.1568730\" target=\"_blank\" title=\"Detalles\"><i class=\"fas fa-2x fa-link\"><\/i><\/a><\/div><\/div><\/div><div class=\"jumbotron archivos\"><div class=\"row align-items-center\"><div class=\"col\"><h6><a class=\"text-dark\" href=\"https:\/\/comunidad.comprasdominicana.gob.do\/\/Public\/Tendering\/OpportunityDetail\/Index?noticeUID=DO1.NTC.1565937\" title=\"Ver\" target=\"_blank\">APORDOM-DAF-CD-2025-0020<\/a><\/h6><p class=\"mb-0 bold\">Adquisici\u00f3n de sillones ejecutivos <\/p><p class=\"mb-0\" style=\"font-size: .85rem\"><strong title=\"Estado del Proceso\"><i class=\"fas fa-spinner\"><\/i><\/strong> Proceso adjudicado y celebrado<\/p><p class=\"mb-0\" style=\"font-size: .85rem\"><strong title=\"Fecha de Publicaci\u00f3n\"><i class=\"fas fa-calendar-alt\"><\/i><\/strong> Publicado el jueves, 12 de junio de 2025<\/p><\/div><div class=\"col-auto mt-md-0 mt-2\"><a class=\"btn btn-primary btn-lg px-lg-4 d-none d-md-block\" href=\"https:\/\/comunidad.comprasdominicana.gob.do\/\/Public\/Tendering\/OpportunityDetail\/Index?noticeUID=DO1.NTC.1565937\" target=\"_blank\" title=\"Detalles\"><i class=\"fas fa-link\"><\/i> DETALLES<\/a><a class=\"btn btn-primary btn-lg px-lg-4 d-block d-md-none\" href=\"https:\/\/comunidad.comprasdominicana.gob.do\/\/Public\/Tendering\/OpportunityDetail\/Index?noticeUID=DO1.NTC.1565937\" target=\"_blank\" title=\"Detalles\"><i class=\"fas fa-2x fa-link\"><\/i><\/a><\/div><\/div><\/div><\/div><\/div><\/div>\n        <div class=\"card\">\n            <div class=\"card-header parents\" id=\"heading_compras-por-debajo-del-umbral-69eeee772d89c-2025-69eeee772d89c-mayo-69eeee772d89c\">\n                <p class=\"title text-blue mb-0\">\n                    <a class=\"btn-block hover text-left collapsed\" data-toggle=\"collapse\" data-target=\"#collap_compras-por-debajo-del-umbral-69eeee772d89c-2025-69eeee772d89c-mayo-69eeee772d89c\" aria-expanded=\"false\" aria-controls=\"collap_compras-por-debajo-del-umbral-69eeee772d89c-2025-69eeee772d89c-mayo-69eeee772d89c\">Mayo<\/a>\n                <\/p>\n            <\/div>\n            <div id=\"collap_compras-por-debajo-del-umbral-69eeee772d89c-2025-69eeee772d89c-mayo-69eeee772d89c\" class=\"collapse\" aria-labelledby=\"heading_compras-por-debajo-del-umbral-69eeee772d89c-2025-69eeee772d89c-mayo-69eeee772d89c\" data-parent=\"#collap_compras-por-debajo-del-umbral-69eeee772d89c-2025-69eeee772d89c\">\n                <div class=\"card-body\"><div class=\"jumbotron archivos\"><div class=\"row align-items-center\"><div class=\"col\"><h6><a class=\"text-dark\" href=\"https:\/\/comunidad.comprasdominicana.gob.do\/\/Public\/Tendering\/OpportunityDetail\/Index?noticeUID=DO1.NTC.1557139\" title=\"Ver\" target=\"_blank\">APORDOM-DAF-CD-2025-0019<\/a><\/h6><p class=\"mb-0 bold\">Contrataci\u00f3n de Servicio de Fumigaci\u00f3n para Sede Central y Per\u00edmetros.<\/p><p class=\"mb-0\" style=\"font-size: .85rem\"><strong title=\"Estado del Proceso\"><i class=\"fas fa-spinner\"><\/i><\/strong> Proceso adjudicado y celebrado<\/p><p class=\"mb-0\" style=\"font-size: .85rem\"><strong title=\"Fecha de Publicaci\u00f3n\"><i class=\"fas fa-calendar-alt\"><\/i><\/strong> Publicado el viernes, 23 de mayo de 2025<\/p><\/div><div class=\"col-auto mt-md-0 mt-2\"><a class=\"btn btn-primary btn-lg px-lg-4 d-none d-md-block\" href=\"https:\/\/comunidad.comprasdominicana.gob.do\/\/Public\/Tendering\/OpportunityDetail\/Index?noticeUID=DO1.NTC.1557139\" target=\"_blank\" title=\"Detalles\"><i class=\"fas fa-link\"><\/i> DETALLES<\/a><a class=\"btn btn-primary btn-lg px-lg-4 d-block d-md-none\" href=\"https:\/\/comunidad.comprasdominicana.gob.do\/\/Public\/Tendering\/OpportunityDetail\/Index?noticeUID=DO1.NTC.1557139\" target=\"_blank\" title=\"Detalles\"><i class=\"fas fa-2x fa-link\"><\/i><\/a><\/div><\/div><\/div><div class=\"jumbotron archivos\"><div class=\"row align-items-center\"><div class=\"col\"><h6><a class=\"text-dark\" href=\"https:\/\/comunidad.comprasdominicana.gob.do\/\/Public\/Tendering\/OpportunityDetail\/Index?noticeUID=DO1.NTC.1556455\" title=\"Ver\" target=\"_blank\">APORDOM-DAF-CD-2025-0018<\/a><\/h6><p class=\"mb-0 bold\">Adquisici\u00f3n de utensilios de cocina, dirigido a Mipymes Mujer<\/p><p class=\"mb-0\" style=\"font-size: .85rem\"><strong title=\"Estado del Proceso\"><i class=\"fas fa-spinner\"><\/i><\/strong> Proceso adjudicado y celebrado<\/p><p class=\"mb-0\" style=\"font-size: .85rem\"><strong title=\"Fecha de Publicaci\u00f3n\"><i class=\"fas fa-calendar-alt\"><\/i><\/strong> Publicado el mi\u00e9rcoles, 21 de mayo de 2025<\/p><\/div><div class=\"col-auto mt-md-0 mt-2\"><a class=\"btn btn-primary btn-lg px-lg-4 d-none d-md-block\" href=\"https:\/\/comunidad.comprasdominicana.gob.do\/\/Public\/Tendering\/OpportunityDetail\/Index?noticeUID=DO1.NTC.1556455\" target=\"_blank\" title=\"Detalles\"><i class=\"fas fa-link\"><\/i> DETALLES<\/a><a class=\"btn btn-primary btn-lg px-lg-4 d-block d-md-none\" href=\"https:\/\/comunidad.comprasdominicana.gob.do\/\/Public\/Tendering\/OpportunityDetail\/Index?noticeUID=DO1.NTC.1556455\" target=\"_blank\" title=\"Detalles\"><i class=\"fas fa-2x fa-link\"><\/i><\/a><\/div><\/div><\/div><div class=\"jumbotron archivos\"><div class=\"row align-items-center\"><div class=\"col\"><h6><a class=\"text-dark\" href=\"https:\/\/comunidad.comprasdominicana.gob.do\/\/Public\/Tendering\/OpportunityDetail\/Index?noticeUID=DO1.NTC.1553741\" title=\"Ver\" target=\"_blank\">APORDOM-DAF-CD-2025-0016<\/a><\/h6><p class=\"mb-0 bold\">Contrataci\u00f3n de Servicios de Mantenimiento, de Equipos Odontol\u00f3gicos<\/p><p class=\"mb-0\" style=\"font-size: .85rem\"><strong title=\"Estado del Proceso\"><i class=\"fas fa-spinner\"><\/i><\/strong> Proceso adjudicado y celebrado<\/p><p class=\"mb-0\" style=\"font-size: .85rem\"><strong title=\"Fecha de Publicaci\u00f3n\"><i class=\"fas fa-calendar-alt\"><\/i><\/strong> Publicado el jueves, 15 de mayo de 2025<\/p><\/div><div class=\"col-auto mt-md-0 mt-2\"><a class=\"btn btn-primary btn-lg px-lg-4 d-none d-md-block\" href=\"https:\/\/comunidad.comprasdominicana.gob.do\/\/Public\/Tendering\/OpportunityDetail\/Index?noticeUID=DO1.NTC.1553741\" target=\"_blank\" title=\"Detalles\"><i class=\"fas fa-link\"><\/i> DETALLES<\/a><a class=\"btn btn-primary btn-lg px-lg-4 d-block d-md-none\" href=\"https:\/\/comunidad.comprasdominicana.gob.do\/\/Public\/Tendering\/OpportunityDetail\/Index?noticeUID=DO1.NTC.1553741\" target=\"_blank\" title=\"Detalles\"><i class=\"fas fa-2x fa-link\"><\/i><\/a><\/div><\/div><\/div><div class=\"jumbotron archivos\"><div class=\"row align-items-center\"><div class=\"col\"><h6><a class=\"text-dark\" href=\"https:\/\/comunidad.comprasdominicana.gob.do\/\/Public\/Tendering\/OpportunityDetail\/Index?noticeUID=DO1.NTC.1547933\" title=\"Ver\" target=\"_blank\">APORDOM-DAF-CD-2025-0015<\/a><\/h6><p class=\"mb-0 bold\">Adquisici\u00f3n de insumos comestibles para el uso de los diferentes departamentos y puertos de APORDOM, dirigido a mipymes<\/p><p class=\"mb-0\" style=\"font-size: .85rem\"><strong title=\"Estado del Proceso\"><i class=\"fas fa-spinner\"><\/i><\/strong> Proceso adjudicado y celebrado<\/p><p class=\"mb-0\" style=\"font-size: .85rem\"><strong title=\"Fecha de Publicaci\u00f3n\"><i class=\"fas fa-calendar-alt\"><\/i><\/strong> Publicado el jueves, 1 de mayo de 2025<\/p><\/div><div class=\"col-auto mt-md-0 mt-2\"><a class=\"btn btn-primary btn-lg px-lg-4 d-none d-md-block\" href=\"https:\/\/comunidad.comprasdominicana.gob.do\/\/Public\/Tendering\/OpportunityDetail\/Index?noticeUID=DO1.NTC.1547933\" target=\"_blank\" title=\"Detalles\"><i class=\"fas fa-link\"><\/i> DETALLES<\/a><a class=\"btn btn-primary btn-lg px-lg-4 d-block d-md-none\" href=\"https:\/\/comunidad.comprasdominicana.gob.do\/\/Public\/Tendering\/OpportunityDetail\/Index?noticeUID=DO1.NTC.1547933\" target=\"_blank\" title=\"Detalles\"><i class=\"fas fa-2x fa-link\"><\/i><\/a><\/div><\/div><\/div><div class=\"jumbotron archivos\"><div class=\"row align-items-center\"><div class=\"col\"><h6><a class=\"text-dark\" href=\"https:\/\/comunidad.comprasdominicana.gob.do\/\/Public\/Tendering\/OpportunityDetail\/Index?noticeUID=DO1.NTC.1553454\" title=\"Ver\" target=\"_blank\">APORDOM-DAF-CD-2025-0017<\/a><\/h6><p class=\"mb-0 bold\">Adquisici\u00f3n de Vasos T\u00e9rmicos, dirigido a Mipymes Mujer<\/p><p class=\"mb-0\" style=\"font-size: .85rem\"><strong title=\"Estado del Proceso\"><i class=\"fas fa-spinner\"><\/i><\/strong> Proceso desierto<\/p><p class=\"mb-0\" style=\"font-size: .85rem\"><strong title=\"Fecha de Publicaci\u00f3n\"><i class=\"fas fa-calendar-alt\"><\/i><\/strong> Publicado el jueves, 15 de mayo de 2025<\/p><\/div><div class=\"col-auto mt-md-0 mt-2\"><a class=\"btn btn-primary btn-lg px-lg-4 d-none d-md-block\" href=\"https:\/\/comunidad.comprasdominicana.gob.do\/\/Public\/Tendering\/OpportunityDetail\/Index?noticeUID=DO1.NTC.1553454\" target=\"_blank\" title=\"Detalles\"><i class=\"fas fa-link\"><\/i> DETALLES<\/a><a class=\"btn btn-primary btn-lg px-lg-4 d-block d-md-none\" href=\"https:\/\/comunidad.comprasdominicana.gob.do\/\/Public\/Tendering\/OpportunityDetail\/Index?noticeUID=DO1.NTC.1553454\" target=\"_blank\" title=\"Detalles\"><i class=\"fas fa-2x fa-link\"><\/i><\/a><\/div><\/div><\/div><\/div><\/div><\/div>\n        <div class=\"card\">\n            <div class=\"card-header parents\" id=\"heading_compras-por-debajo-del-umbral-69eeee772d89c-2025-69eeee772d89c-abril-69eeee772d89c\">\n                <p class=\"title text-blue mb-0\">\n                    <a class=\"btn-block hover text-left collapsed\" data-toggle=\"collapse\" data-target=\"#collap_compras-por-debajo-del-umbral-69eeee772d89c-2025-69eeee772d89c-abril-69eeee772d89c\" aria-expanded=\"false\" aria-controls=\"collap_compras-por-debajo-del-umbral-69eeee772d89c-2025-69eeee772d89c-abril-69eeee772d89c\">Abril<\/a>\n                <\/p>\n            <\/div>\n            <div id=\"collap_compras-por-debajo-del-umbral-69eeee772d89c-2025-69eeee772d89c-abril-69eeee772d89c\" class=\"collapse\" aria-labelledby=\"heading_compras-por-debajo-del-umbral-69eeee772d89c-2025-69eeee772d89c-abril-69eeee772d89c\" data-parent=\"#collap_compras-por-debajo-del-umbral-69eeee772d89c-2025-69eeee772d89c\">\n                <div class=\"card-body\"><div class=\"jumbotron archivos\"><div class=\"row align-items-center\"><div class=\"col\"><h6><a class=\"text-dark\" href=\"https:\/\/comunidad.comprasdominicana.gob.do\/\/Public\/Tendering\/OpportunityDetail\/Index?noticeUID=DO1.NTC.1543432\" title=\"Ver\" target=\"_blank\">APORDOM-DAF-CD-2025-0014<\/a><\/h6><p class=\"mb-0 bold\">Adquisici\u00f3n de placas para los premios a la mejora de los procesos y la calidad 2025 y de Bol\u00edgrafos en empaque decorativos<\/p><p class=\"mb-0\" style=\"font-size: .85rem\"><strong title=\"Estado del Proceso\"><i class=\"fas fa-spinner\"><\/i><\/strong> Proceso adjudicado y celebrado<\/p><p class=\"mb-0\" style=\"font-size: .85rem\"><strong title=\"Fecha de Publicaci\u00f3n\"><i class=\"fas fa-calendar-alt\"><\/i><\/strong> Publicado el martes, 22 de abril de 2025<\/p><\/div><div class=\"col-auto mt-md-0 mt-2\"><a class=\"btn btn-primary btn-lg px-lg-4 d-none d-md-block\" href=\"https:\/\/comunidad.comprasdominicana.gob.do\/\/Public\/Tendering\/OpportunityDetail\/Index?noticeUID=DO1.NTC.1543432\" target=\"_blank\" title=\"Detalles\"><i class=\"fas fa-link\"><\/i> DETALLES<\/a><a class=\"btn btn-primary btn-lg px-lg-4 d-block d-md-none\" href=\"https:\/\/comunidad.comprasdominicana.gob.do\/\/Public\/Tendering\/OpportunityDetail\/Index?noticeUID=DO1.NTC.1543432\" target=\"_blank\" title=\"Detalles\"><i class=\"fas fa-2x fa-link\"><\/i><\/a><\/div><\/div><\/div><div class=\"jumbotron archivos\"><div class=\"row align-items-center\"><div class=\"col\"><h6><a class=\"text-dark\" href=\"https:\/\/comunidad.comprasdominicana.gob.do\/\/Public\/Tendering\/OpportunityDetail\/Index?noticeUID=DO1.NTC.1540834\" title=\"Ver\" target=\"_blank\">APORDOM-DAF-CD-2025-0012<\/a><\/h6><p class=\"mb-0 bold\">Adquisici\u00f3n de Cajas de Leche 27\/1 para Personal del Peaje de APORDOM, dirigido a Mipyme<\/p><p class=\"mb-0\" style=\"font-size: .85rem\"><strong title=\"Estado del Proceso\"><i class=\"fas fa-spinner\"><\/i><\/strong> Proceso adjudicado y celebrado<\/p><p class=\"mb-0\" style=\"font-size: .85rem\"><strong title=\"Fecha de Publicaci\u00f3n\"><i class=\"fas fa-calendar-alt\"><\/i><\/strong> Publicado el lunes, 14 de abril de 2025<\/p><\/div><div class=\"col-auto mt-md-0 mt-2\"><a class=\"btn btn-primary btn-lg px-lg-4 d-none d-md-block\" href=\"https:\/\/comunidad.comprasdominicana.gob.do\/\/Public\/Tendering\/OpportunityDetail\/Index?noticeUID=DO1.NTC.1540834\" target=\"_blank\" title=\"Detalles\"><i class=\"fas fa-link\"><\/i> DETALLES<\/a><a class=\"btn btn-primary btn-lg px-lg-4 d-block d-md-none\" href=\"https:\/\/comunidad.comprasdominicana.gob.do\/\/Public\/Tendering\/OpportunityDetail\/Index?noticeUID=DO1.NTC.1540834\" target=\"_blank\" title=\"Detalles\"><i class=\"fas fa-2x fa-link\"><\/i><\/a><\/div><\/div><\/div><div class=\"jumbotron archivos\"><div class=\"row align-items-center\"><div class=\"col\"><h6><a class=\"text-dark\" href=\"https:\/\/comunidad.comprasdominicana.gob.do\/\/Public\/Tendering\/OpportunityDetail\/Index?noticeUID=DO1.NTC.1539845\" title=\"Ver\" target=\"_blank\">APORDOM-DAF-CD-2025-0011<\/a><\/h6><p class=\"mb-0 bold\">Servicio de Rellenado de Botellones de Agua Potable para diferentes Departamentos y Puertos de esta APORDOM<\/p><p class=\"mb-0\" style=\"font-size: .85rem\"><strong title=\"Estado del Proceso\"><i class=\"fas fa-spinner\"><\/i><\/strong> Proceso adjudicado y celebrado<\/p><p class=\"mb-0\" style=\"font-size: .85rem\"><strong title=\"Fecha de Publicaci\u00f3n\"><i class=\"fas fa-calendar-alt\"><\/i><\/strong> Publicado el viernes, 11 de abril de 2025<\/p><\/div><div class=\"col-auto mt-md-0 mt-2\"><a class=\"btn btn-primary btn-lg px-lg-4 d-none d-md-block\" href=\"https:\/\/comunidad.comprasdominicana.gob.do\/\/Public\/Tendering\/OpportunityDetail\/Index?noticeUID=DO1.NTC.1539845\" target=\"_blank\" title=\"Detalles\"><i class=\"fas fa-link\"><\/i> DETALLES<\/a><a class=\"btn btn-primary btn-lg px-lg-4 d-block d-md-none\" href=\"https:\/\/comunidad.comprasdominicana.gob.do\/\/Public\/Tendering\/OpportunityDetail\/Index?noticeUID=DO1.NTC.1539845\" target=\"_blank\" title=\"Detalles\"><i class=\"fas fa-2x fa-link\"><\/i><\/a><\/div><\/div><\/div><div class=\"jumbotron archivos\"><div class=\"row align-items-center\"><div class=\"col\"><h6><a class=\"text-dark\" href=\"https:\/\/comunidad.comprasdominicana.gob.do\/\/Public\/Tendering\/OpportunityDetail\/Index?noticeUID=DO1.NTC.1535332\" title=\"Ver\" target=\"_blank\">APORDOM-DAF-CD-2025-0013<\/a><\/h6><p class=\"mb-0 bold\">Adquisici\u00f3n de Materiales Ferreteros para uso de esta APORDOM, Dirigido a Mipymes.<\/p><p class=\"mb-0\" style=\"font-size: .85rem\"><strong title=\"Estado del Proceso\"><i class=\"fas fa-spinner\"><\/i><\/strong> Proceso adjudicado y celebrado<\/p><p class=\"mb-0\" style=\"font-size: .85rem\"><strong title=\"Fecha de Publicaci\u00f3n\"><i class=\"fas fa-calendar-alt\"><\/i><\/strong> Publicado el martes, 1 de abril de 2025<\/p><\/div><div class=\"col-auto mt-md-0 mt-2\"><a class=\"btn btn-primary btn-lg px-lg-4 d-none d-md-block\" href=\"https:\/\/comunidad.comprasdominicana.gob.do\/\/Public\/Tendering\/OpportunityDetail\/Index?noticeUID=DO1.NTC.1535332\" target=\"_blank\" title=\"Detalles\"><i class=\"fas fa-link\"><\/i> DETALLES<\/a><a class=\"btn btn-primary btn-lg px-lg-4 d-block d-md-none\" href=\"https:\/\/comunidad.comprasdominicana.gob.do\/\/Public\/Tendering\/OpportunityDetail\/Index?noticeUID=DO1.NTC.1535332\" target=\"_blank\" title=\"Detalles\"><i class=\"fas fa-2x fa-link\"><\/i><\/a><\/div><\/div><\/div><\/div><\/div><\/div>\n        <div class=\"card\">\n            <div class=\"card-header parents\" id=\"heading_compras-por-debajo-del-umbral-69eeee772d89c-2025-69eeee772d89c-marzo-69eeee772d89c\">\n                <p class=\"title text-blue mb-0\">\n                    <a class=\"btn-block hover text-left collapsed\" data-toggle=\"collapse\" data-target=\"#collap_compras-por-debajo-del-umbral-69eeee772d89c-2025-69eeee772d89c-marzo-69eeee772d89c\" aria-expanded=\"false\" aria-controls=\"collap_compras-por-debajo-del-umbral-69eeee772d89c-2025-69eeee772d89c-marzo-69eeee772d89c\">Marzo<\/a>\n                <\/p>\n            <\/div>\n            <div id=\"collap_compras-por-debajo-del-umbral-69eeee772d89c-2025-69eeee772d89c-marzo-69eeee772d89c\" class=\"collapse\" aria-labelledby=\"heading_compras-por-debajo-del-umbral-69eeee772d89c-2025-69eeee772d89c-marzo-69eeee772d89c\" data-parent=\"#collap_compras-por-debajo-del-umbral-69eeee772d89c-2025-69eeee772d89c\">\n                <div class=\"card-body\"><div class=\"jumbotron archivos\"><div class=\"row align-items-center\"><div class=\"col\"><h6><a class=\"text-dark\" href=\"https:\/\/comunidad.comprasdominicana.gob.do\/\/Public\/Tendering\/OpportunityDetail\/Index?noticeUID=DO1.NTC.1531425\" title=\"Ver\" target=\"_blank\">APORDOM-DAF-CD-2025-0009<\/a><\/h6><p class=\"mb-0 bold\">Servicio de Ebanister\u00eda para uso de esta APORDOM<\/p><p class=\"mb-0\" style=\"font-size: .85rem\"><strong title=\"Estado del Proceso\"><i class=\"fas fa-spinner\"><\/i><\/strong> Proceso adjudicado y celebrado<\/p><p class=\"mb-0\" style=\"font-size: .85rem\"><strong title=\"Fecha de Publicaci\u00f3n\"><i class=\"fas fa-calendar-alt\"><\/i><\/strong> Publicado el martes, 25 de marzo de 2025<\/p><\/div><div class=\"col-auto mt-md-0 mt-2\"><a class=\"btn btn-primary btn-lg px-lg-4 d-none d-md-block\" href=\"https:\/\/comunidad.comprasdominicana.gob.do\/\/Public\/Tendering\/OpportunityDetail\/Index?noticeUID=DO1.NTC.1531425\" target=\"_blank\" title=\"Detalles\"><i class=\"fas fa-link\"><\/i> DETALLES<\/a><a class=\"btn btn-primary btn-lg px-lg-4 d-block d-md-none\" href=\"https:\/\/comunidad.comprasdominicana.gob.do\/\/Public\/Tendering\/OpportunityDetail\/Index?noticeUID=DO1.NTC.1531425\" target=\"_blank\" title=\"Detalles\"><i class=\"fas fa-2x fa-link\"><\/i><\/a><\/div><\/div><\/div><div class=\"jumbotron archivos\"><div class=\"row align-items-center\"><div class=\"col\"><h6><a class=\"text-dark\" href=\"https:\/\/comunidad.comprasdominicana.gob.do\/\/Public\/Tendering\/OpportunityDetail\/Index?noticeUID=DO1.NTC.1528147\" title=\"Ver\" target=\"_blank\">APORDOM-DAF-CD-2025-0008<\/a><\/h6><p class=\"mb-0 bold\">SERVICIO DE ALQUILER DE VEH\u00cdCULO PARA TRASLADOS EN EL MARCO DE LA FERIA SEATRADE 2025<\/p><p class=\"mb-0\" style=\"font-size: .85rem\"><strong title=\"Estado del Proceso\"><i class=\"fas fa-spinner\"><\/i><\/strong> Proceso adjudicado y celebrado<\/p><p class=\"mb-0\" style=\"font-size: .85rem\"><strong title=\"Fecha de Publicaci\u00f3n\"><i class=\"fas fa-calendar-alt\"><\/i><\/strong> Publicado el lunes, 17 de marzo de 2025<\/p><\/div><div class=\"col-auto mt-md-0 mt-2\"><a class=\"btn btn-primary btn-lg px-lg-4 d-none d-md-block\" href=\"https:\/\/comunidad.comprasdominicana.gob.do\/\/Public\/Tendering\/OpportunityDetail\/Index?noticeUID=DO1.NTC.1528147\" target=\"_blank\" title=\"Detalles\"><i class=\"fas fa-link\"><\/i> DETALLES<\/a><a class=\"btn btn-primary btn-lg px-lg-4 d-block d-md-none\" href=\"https:\/\/comunidad.comprasdominicana.gob.do\/\/Public\/Tendering\/OpportunityDetail\/Index?noticeUID=DO1.NTC.1528147\" target=\"_blank\" title=\"Detalles\"><i class=\"fas fa-2x fa-link\"><\/i><\/a><\/div><\/div><\/div><\/div><\/div><\/div>\n        <div class=\"card\">\n            <div class=\"card-header parents\" id=\"heading_compras-por-debajo-del-umbral-69eeee772d89c-2025-69eeee772d89c-febrero-69eeee772d89c\">\n                <p class=\"title text-blue mb-0\">\n                    <a class=\"btn-block hover text-left collapsed\" data-toggle=\"collapse\" data-target=\"#collap_compras-por-debajo-del-umbral-69eeee772d89c-2025-69eeee772d89c-febrero-69eeee772d89c\" aria-expanded=\"false\" aria-controls=\"collap_compras-por-debajo-del-umbral-69eeee772d89c-2025-69eeee772d89c-febrero-69eeee772d89c\">Febrero<\/a>\n                <\/p>\n            <\/div>\n            <div id=\"collap_compras-por-debajo-del-umbral-69eeee772d89c-2025-69eeee772d89c-febrero-69eeee772d89c\" class=\"collapse\" aria-labelledby=\"heading_compras-por-debajo-del-umbral-69eeee772d89c-2025-69eeee772d89c-febrero-69eeee772d89c\" data-parent=\"#collap_compras-por-debajo-del-umbral-69eeee772d89c-2025-69eeee772d89c\">\n                <div class=\"card-body\"><div class=\"jumbotron archivos\"><div class=\"row align-items-center\"><div class=\"col\"><h6><a class=\"text-dark\" href=\"https:\/\/comunidad.comprasdominicana.gob.do\/\/Public\/Tendering\/OpportunityDetail\/Index?noticeUID=DO1.NTC.1520602\" title=\"Ver\" target=\"_blank\">APORDOM-DAF-CD-2025-0006<\/a><\/h6><p class=\"mb-0 bold\">Adquisici\u00f3n De Alambre Triplex para el Muelle de Luper\u00f3n.<\/p><p class=\"mb-0\" style=\"font-size: .85rem\"><strong title=\"Estado del Proceso\"><i class=\"fas fa-spinner\"><\/i><\/strong> Proceso adjudicado y celebrado<\/p><p class=\"mb-0\" style=\"font-size: .85rem\"><strong title=\"Fecha de Publicaci\u00f3n\"><i class=\"fas fa-calendar-alt\"><\/i><\/strong> Publicado el viernes, 28 de febrero de 2025<\/p><\/div><div class=\"col-auto mt-md-0 mt-2\"><a class=\"btn btn-primary btn-lg px-lg-4 d-none d-md-block\" href=\"https:\/\/comunidad.comprasdominicana.gob.do\/\/Public\/Tendering\/OpportunityDetail\/Index?noticeUID=DO1.NTC.1520602\" target=\"_blank\" title=\"Detalles\"><i class=\"fas fa-link\"><\/i> DETALLES<\/a><a class=\"btn btn-primary btn-lg px-lg-4 d-block d-md-none\" href=\"https:\/\/comunidad.comprasdominicana.gob.do\/\/Public\/Tendering\/OpportunityDetail\/Index?noticeUID=DO1.NTC.1520602\" target=\"_blank\" title=\"Detalles\"><i class=\"fas fa-2x fa-link\"><\/i><\/a><\/div><\/div><\/div><div class=\"jumbotron archivos\"><div class=\"row align-items-center\"><div class=\"col\"><h6><a class=\"text-dark\" href=\"https:\/\/comunidad.comprasdominicana.gob.do\/\/Public\/Tendering\/OpportunityDetail\/Index?noticeUID=DO1.NTC.1520436\" title=\"Ver\" target=\"_blank\">APORDOM-DAF-CD-2025-0005<\/a><\/h6><p class=\"mb-0 bold\">Adquisici\u00f3n De Materiales De Soporte De Anclaje Para El Puerto De Luperon, Dirigido A Mipymes<\/p><p class=\"mb-0\" style=\"font-size: .85rem\"><strong title=\"Estado del Proceso\"><i class=\"fas fa-spinner\"><\/i><\/strong> Proceso adjudicado y celebrado<\/p><p class=\"mb-0\" style=\"font-size: .85rem\"><strong title=\"Fecha de Publicaci\u00f3n\"><i class=\"fas fa-calendar-alt\"><\/i><\/strong> Publicado el mi\u00e9rcoles, 26 de febrero de 2025<\/p><\/div><div class=\"col-auto mt-md-0 mt-2\"><a class=\"btn btn-primary btn-lg px-lg-4 d-none d-md-block\" href=\"https:\/\/comunidad.comprasdominicana.gob.do\/\/Public\/Tendering\/OpportunityDetail\/Index?noticeUID=DO1.NTC.1520436\" target=\"_blank\" title=\"Detalles\"><i class=\"fas fa-link\"><\/i> DETALLES<\/a><a class=\"btn btn-primary btn-lg px-lg-4 d-block d-md-none\" href=\"https:\/\/comunidad.comprasdominicana.gob.do\/\/Public\/Tendering\/OpportunityDetail\/Index?noticeUID=DO1.NTC.1520436\" target=\"_blank\" title=\"Detalles\"><i class=\"fas fa-2x fa-link\"><\/i><\/a><\/div><\/div><\/div><div class=\"jumbotron archivos\"><div class=\"row align-items-center\"><div class=\"col\"><h6><a class=\"text-dark\" href=\"https:\/\/comunidad.comprasdominicana.gob.do\/\/Public\/Tendering\/OpportunityDetail\/Index?noticeUID=DO1.NTC.1518222\" title=\"Ver\" target=\"_blank\">APORDOM-DAF-CD-2025-0004<\/a><\/h6><p class=\"mb-0 bold\">Adquisici\u00f3n de Caf\u00e9 Para Uso de APORDOM, Dirigido a Mipymes Mujer<\/p><p class=\"mb-0\" style=\"font-size: .85rem\"><strong title=\"Estado del Proceso\"><i class=\"fas fa-spinner\"><\/i><\/strong> Proceso adjudicado y celebrado<\/p><p class=\"mb-0\" style=\"font-size: .85rem\"><strong title=\"Fecha de Publicaci\u00f3n\"><i class=\"fas fa-calendar-alt\"><\/i><\/strong> Publicado el viernes, 21 de febrero de 2025<\/p><\/div><div class=\"col-auto mt-md-0 mt-2\"><a class=\"btn btn-primary btn-lg px-lg-4 d-none d-md-block\" href=\"https:\/\/comunidad.comprasdominicana.gob.do\/\/Public\/Tendering\/OpportunityDetail\/Index?noticeUID=DO1.NTC.1518222\" target=\"_blank\" title=\"Detalles\"><i class=\"fas fa-link\"><\/i> DETALLES<\/a><a class=\"btn btn-primary btn-lg px-lg-4 d-block d-md-none\" href=\"https:\/\/comunidad.comprasdominicana.gob.do\/\/Public\/Tendering\/OpportunityDetail\/Index?noticeUID=DO1.NTC.1518222\" target=\"_blank\" title=\"Detalles\"><i class=\"fas fa-2x fa-link\"><\/i><\/a><\/div><\/div><\/div><div class=\"jumbotron archivos\"><div class=\"row align-items-center\"><div class=\"col\"><h6><a class=\"text-dark\" href=\"https:\/\/comunidad.comprasdominicana.gob.do\/\/Public\/Tendering\/OpportunityDetail\/Index?noticeUID=DO1.NTC.1516414\" title=\"Ver\" target=\"_blank\">APORDOM-DAF-CD-2025-0001<\/a><\/h6><p class=\"mb-0 bold\">Adquisici\u00f3n de Licencia Architecture, Engineering y Construction, para Uso de la Direcci\u00f3n de Tecnolog\u00eda de esta APORDOM.<\/p><p class=\"mb-0\" style=\"font-size: .85rem\"><strong title=\"Estado del Proceso\"><i class=\"fas fa-spinner\"><\/i><\/strong> Proceso adjudicado y celebrado<\/p><p class=\"mb-0\" style=\"font-size: .85rem\"><strong title=\"Fecha de Publicaci\u00f3n\"><i class=\"fas fa-calendar-alt\"><\/i><\/strong> Publicado el martes, 18 de febrero de 2025<\/p><\/div><div class=\"col-auto mt-md-0 mt-2\"><a class=\"btn btn-primary btn-lg px-lg-4 d-none d-md-block\" href=\"https:\/\/comunidad.comprasdominicana.gob.do\/\/Public\/Tendering\/OpportunityDetail\/Index?noticeUID=DO1.NTC.1516414\" target=\"_blank\" title=\"Detalles\"><i class=\"fas fa-link\"><\/i> DETALLES<\/a><a class=\"btn btn-primary btn-lg px-lg-4 d-block d-md-none\" href=\"https:\/\/comunidad.comprasdominicana.gob.do\/\/Public\/Tendering\/OpportunityDetail\/Index?noticeUID=DO1.NTC.1516414\" target=\"_blank\" title=\"Detalles\"><i class=\"fas fa-2x fa-link\"><\/i><\/a><\/div><\/div><\/div><div class=\"jumbotron archivos\"><div class=\"row align-items-center\"><div class=\"col\"><h6><a class=\"text-dark\" href=\"https:\/\/comunidad.comprasdominicana.gob.do\/\/Public\/Tendering\/OpportunityDetail\/Index?noticeUID=DO1.NTC.1515835\" title=\"Ver\" target=\"_blank\">APORDOM-DAF-CD-2025-0003<\/a><\/h6><p class=\"mb-0 bold\">Contrataci\u00f3n de taller Educativo para esta APORDOM<\/p><p class=\"mb-0\" style=\"font-size: .85rem\"><strong title=\"Estado del Proceso\"><i class=\"fas fa-spinner\"><\/i><\/strong> Proceso adjudicado y celebrado<\/p><p class=\"mb-0\" style=\"font-size: .85rem\"><strong title=\"Fecha de Publicaci\u00f3n\"><i class=\"fas fa-calendar-alt\"><\/i><\/strong> Publicado el lunes, 17 de febrero de 2025<\/p><\/div><div class=\"col-auto mt-md-0 mt-2\"><a class=\"btn btn-primary btn-lg px-lg-4 d-none d-md-block\" href=\"https:\/\/comunidad.comprasdominicana.gob.do\/\/Public\/Tendering\/OpportunityDetail\/Index?noticeUID=DO1.NTC.1515835\" target=\"_blank\" title=\"Detalles\"><i class=\"fas fa-link\"><\/i> DETALLES<\/a><a class=\"btn btn-primary btn-lg px-lg-4 d-block d-md-none\" href=\"https:\/\/comunidad.comprasdominicana.gob.do\/\/Public\/Tendering\/OpportunityDetail\/Index?noticeUID=DO1.NTC.1515835\" target=\"_blank\" title=\"Detalles\"><i class=\"fas fa-2x fa-link\"><\/i><\/a><\/div><\/div><\/div><\/div><\/div><\/div><\/div><\/div><\/div>\n        <div class=\"card\">\n            <div class=\"card-header parents\" id=\"heading_compras-por-debajo-del-umbral-69eeee772d89c-2024-69eeee772d89c\">\n                <p class=\"title text-blue mb-0\">\n                    <a class=\"btn-block hover text-left collapsed\" data-toggle=\"collapse\" data-target=\"#collap_compras-por-debajo-del-umbral-69eeee772d89c-2024-69eeee772d89c\" aria-expanded=\"false\" aria-controls=\"collap_compras-por-debajo-del-umbral-69eeee772d89c-2024-69eeee772d89c\">2024<\/a>\n                <\/p>\n            <\/div>\n            <div id=\"collap_compras-por-debajo-del-umbral-69eeee772d89c-2024-69eeee772d89c\" class=\"collapse\" aria-labelledby=\"heading_compras-por-debajo-del-umbral-69eeee772d89c-2024-69eeee772d89c\" data-parent=\"#collap_compras-por-debajo-del-umbral-69eeee772d89c\">\n                <div class=\"card-body\">\n        <div class=\"card\">\n            <div class=\"card-header parents\" id=\"heading_compras-por-debajo-del-umbral-69eeee772d89c-2024-69eeee772d89c-diciembre-69eeee772d89c\">\n                <p class=\"title text-blue mb-0\">\n                    <a class=\"btn-block hover text-left collapsed\" data-toggle=\"collapse\" data-target=\"#collap_compras-por-debajo-del-umbral-69eeee772d89c-2024-69eeee772d89c-diciembre-69eeee772d89c\" aria-expanded=\"false\" aria-controls=\"collap_compras-por-debajo-del-umbral-69eeee772d89c-2024-69eeee772d89c-diciembre-69eeee772d89c\">Diciembre<\/a>\n                <\/p>\n            <\/div>\n            <div id=\"collap_compras-por-debajo-del-umbral-69eeee772d89c-2024-69eeee772d89c-diciembre-69eeee772d89c\" class=\"collapse\" aria-labelledby=\"heading_compras-por-debajo-del-umbral-69eeee772d89c-2024-69eeee772d89c-diciembre-69eeee772d89c\" data-parent=\"#collap_compras-por-debajo-del-umbral-69eeee772d89c-2024-69eeee772d89c\">\n                <div class=\"card-body\"><div class=\"jumbotron archivos\"><div class=\"row align-items-center\"><div class=\"col\"><h6><a class=\"text-dark\" href=\"https:\/\/comunidad.comprasdominicana.gob.do\/\/Public\/Tendering\/OpportunityDetail\/Index?noticeUID=DO1.NTC.1494003\" title=\"Ver\" target=\"_blank\">APORDOM-DAF-CD-2024-0050<\/a><\/h6><p class=\"mb-0 bold\">Contrataci\u00f3n de Servicio de Impresi\u00f3n para esta Apordom, Dirigido a Mypimes.<\/p><p class=\"mb-0\" style=\"font-size: .85rem\"><strong title=\"Estado del Proceso\"><i class=\"fas fa-spinner\"><\/i><\/strong> Proceso adjudicado y celebrado<\/p><p class=\"mb-0\" style=\"font-size: .85rem\"><strong title=\"Fecha de Publicaci\u00f3n\"><i class=\"fas fa-calendar-alt\"><\/i><\/strong> Publicado el lunes, 30 de diciembre de 2024<\/p><\/div><div class=\"col-auto mt-md-0 mt-2\"><a class=\"btn btn-primary btn-lg px-lg-4 d-none d-md-block\" href=\"https:\/\/comunidad.comprasdominicana.gob.do\/\/Public\/Tendering\/OpportunityDetail\/Index?noticeUID=DO1.NTC.1494003\" target=\"_blank\" title=\"Detalles\"><i class=\"fas fa-link\"><\/i> DETALLES<\/a><a class=\"btn btn-primary btn-lg px-lg-4 d-block d-md-none\" href=\"https:\/\/comunidad.comprasdominicana.gob.do\/\/Public\/Tendering\/OpportunityDetail\/Index?noticeUID=DO1.NTC.1494003\" target=\"_blank\" title=\"Detalles\"><i class=\"fas fa-2x fa-link\"><\/i><\/a><\/div><\/div><\/div><div class=\"jumbotron archivos\"><div class=\"row align-items-center\"><div class=\"col\"><h6><a class=\"text-dark\" href=\"https:\/\/comunidad.comprasdominicana.gob.do\/\/Public\/Tendering\/OpportunityDetail\/Index?noticeUID=DO1.NTC.1491409\" title=\"Ver\" target=\"_blank\">APORDOM-DAF-CD-2024-0051<\/a><\/h6><p class=\"mb-0 bold\">Adquisici\u00f3n de Rollos de Cinta Transparente para la Secci\u00f3n de Almac\u00e9n y Suministro de esta APORDOM, Dirigido a MiPymes Mujer <\/p><p class=\"mb-0\" style=\"font-size: .85rem\"><strong title=\"Estado del Proceso\"><i class=\"fas fa-spinner\"><\/i><\/strong> Proceso adjudicado y celebrado<\/p><p class=\"mb-0\" style=\"font-size: .85rem\"><strong title=\"Fecha de Publicaci\u00f3n\"><i class=\"fas fa-calendar-alt\"><\/i><\/strong> Publicado el lunes, 23 de diciembre de 2024<\/p><\/div><div class=\"col-auto mt-md-0 mt-2\"><a class=\"btn btn-primary btn-lg px-lg-4 d-none d-md-block\" href=\"https:\/\/comunidad.comprasdominicana.gob.do\/\/Public\/Tendering\/OpportunityDetail\/Index?noticeUID=DO1.NTC.1491409\" target=\"_blank\" title=\"Detalles\"><i class=\"fas fa-link\"><\/i> DETALLES<\/a><a class=\"btn btn-primary btn-lg px-lg-4 d-block d-md-none\" href=\"https:\/\/comunidad.comprasdominicana.gob.do\/\/Public\/Tendering\/OpportunityDetail\/Index?noticeUID=DO1.NTC.1491409\" target=\"_blank\" title=\"Detalles\"><i class=\"fas fa-2x fa-link\"><\/i><\/a><\/div><\/div><\/div><div class=\"jumbotron archivos\"><div class=\"row align-items-center\"><div class=\"col\"><h6><a class=\"text-dark\" href=\"https:\/\/comunidad.comprasdominicana.gob.do\/\/Public\/Tendering\/OpportunityDetail\/Index?noticeUID=DO1.NTC.1481666\" title=\"Ver\" target=\"_blank\">APORDOM-DAF-CD-2024-0048<\/a><\/h6><p class=\"mb-0 bold\">Adquisici\u00f3n de Placas de Reconocimiento para Colaboradores de APORDOM, dirigido a Mipymes.<\/p><p class=\"mb-0\" style=\"font-size: .85rem\"><strong title=\"Estado del Proceso\"><i class=\"fas fa-spinner\"><\/i><\/strong> Proceso adjudicado y celebrado<\/p><p class=\"mb-0\" style=\"font-size: .85rem\"><strong title=\"Fecha de Publicaci\u00f3n\"><i class=\"fas fa-calendar-alt\"><\/i><\/strong> Publicado el martes, 3 de diciembre de 2024<\/p><\/div><div class=\"col-auto mt-md-0 mt-2\"><a class=\"btn btn-primary btn-lg px-lg-4 d-none d-md-block\" href=\"https:\/\/comunidad.comprasdominicana.gob.do\/\/Public\/Tendering\/OpportunityDetail\/Index?noticeUID=DO1.NTC.1481666\" target=\"_blank\" title=\"Detalles\"><i class=\"fas fa-link\"><\/i> DETALLES<\/a><a class=\"btn btn-primary btn-lg px-lg-4 d-block d-md-none\" href=\"https:\/\/comunidad.comprasdominicana.gob.do\/\/Public\/Tendering\/OpportunityDetail\/Index?noticeUID=DO1.NTC.1481666\" target=\"_blank\" title=\"Detalles\"><i class=\"fas fa-2x fa-link\"><\/i><\/a><\/div><\/div><\/div><div class=\"jumbotron archivos\"><div class=\"row align-items-center\"><div class=\"col\"><h6><a class=\"text-dark\" href=\"https:\/\/comunidad.comprasdominicana.gob.do\/\/Public\/Tendering\/OpportunityDetail\/Index?noticeUID=DO1.NTC.1481108\" title=\"Ver\" target=\"_blank\">APORDOM-DAF-CD-2024-0042<\/a><\/h6><p class=\"mb-0 bold\">Adquisici\u00f3n de Insumos L\u00edquidos y Comestibles para uso de APORDOM, dirigido a Mipymes Mujer<\/p><p class=\"mb-0\" style=\"font-size: .85rem\"><strong title=\"Estado del Proceso\"><i class=\"fas fa-spinner\"><\/i><\/strong> Proceso adjudicado y celebrado<\/p><p class=\"mb-0\" style=\"font-size: .85rem\"><strong title=\"Fecha de Publicaci\u00f3n\"><i class=\"fas fa-calendar-alt\"><\/i><\/strong> Publicado el lunes, 2 de diciembre de 2024<\/p><\/div><div class=\"col-auto mt-md-0 mt-2\"><a class=\"btn btn-primary btn-lg px-lg-4 d-none d-md-block\" href=\"https:\/\/comunidad.comprasdominicana.gob.do\/\/Public\/Tendering\/OpportunityDetail\/Index?noticeUID=DO1.NTC.1481108\" target=\"_blank\" title=\"Detalles\"><i class=\"fas fa-link\"><\/i> DETALLES<\/a><a class=\"btn btn-primary btn-lg px-lg-4 d-block d-md-none\" href=\"https:\/\/comunidad.comprasdominicana.gob.do\/\/Public\/Tendering\/OpportunityDetail\/Index?noticeUID=DO1.NTC.1481108\" target=\"_blank\" title=\"Detalles\"><i class=\"fas fa-2x fa-link\"><\/i><\/a><\/div><\/div><\/div><div class=\"jumbotron archivos\"><div class=\"row align-items-center\"><div class=\"col\"><h6><a class=\"text-dark\" href=\"https:\/\/comunidad.comprasdominicana.gob.do\/\/Public\/Tendering\/OpportunityDetail\/Index?noticeUID=DO1.NTC.1490807\" title=\"Ver\" target=\"_blank\">APORDOM-DAF-CD-2024-0049<\/a><\/h6><p class=\"mb-0 bold\">Adquisici\u00f3n de Caf\u00e9 Para Uso de APORDOM, Dirigido a Mipyme Mujer<\/p><p class=\"mb-0\" style=\"font-size: .85rem\"><strong title=\"Estado del Proceso\"><i class=\"fas fa-spinner\"><\/i><\/strong> Proceso desierto<\/p><p class=\"mb-0\" style=\"font-size: .85rem\"><strong title=\"Fecha de Publicaci\u00f3n\"><i class=\"fas fa-calendar-alt\"><\/i><\/strong> Publicado el viernes, 20 de diciembre de 2024<\/p><\/div><div class=\"col-auto mt-md-0 mt-2\"><a class=\"btn btn-primary btn-lg px-lg-4 d-none d-md-block\" href=\"https:\/\/comunidad.comprasdominicana.gob.do\/\/Public\/Tendering\/OpportunityDetail\/Index?noticeUID=DO1.NTC.1490807\" target=\"_blank\" title=\"Detalles\"><i class=\"fas fa-link\"><\/i> DETALLES<\/a><a class=\"btn btn-primary btn-lg px-lg-4 d-block d-md-none\" href=\"https:\/\/comunidad.comprasdominicana.gob.do\/\/Public\/Tendering\/OpportunityDetail\/Index?noticeUID=DO1.NTC.1490807\" target=\"_blank\" title=\"Detalles\"><i class=\"fas fa-2x fa-link\"><\/i><\/a><\/div><\/div><\/div><div class=\"jumbotron archivos\"><div class=\"row align-items-center\"><div class=\"col\"><h6><a class=\"text-dark\" href=\"https:\/\/comunidad.comprasdominicana.gob.do\/\/Public\/Tendering\/OpportunityDetail\/Index?noticeUID=DO1.NTC.1488643\" title=\"Ver\" target=\"_blank\">APORDOM-DAF-CD-2024-0047<\/a><\/h6><p class=\"mb-0 bold\">Adquisici\u00f3n de Casas de Campa\u00f1a para Muelle Pesquero de Cabo Rojo, Pedernales.<\/p><p class=\"mb-0\" style=\"font-size: .85rem\"><strong title=\"Estado del Proceso\"><i class=\"fas fa-spinner\"><\/i><\/strong> Proceso desierto<\/p><p class=\"mb-0\" style=\"font-size: .85rem\"><strong title=\"Fecha de Publicaci\u00f3n\"><i class=\"fas fa-calendar-alt\"><\/i><\/strong> Publicado el lunes, 16 de diciembre de 2024<\/p><\/div><div class=\"col-auto mt-md-0 mt-2\"><a class=\"btn btn-primary btn-lg px-lg-4 d-none d-md-block\" href=\"https:\/\/comunidad.comprasdominicana.gob.do\/\/Public\/Tendering\/OpportunityDetail\/Index?noticeUID=DO1.NTC.1488643\" target=\"_blank\" title=\"Detalles\"><i class=\"fas fa-link\"><\/i> DETALLES<\/a><a class=\"btn btn-primary btn-lg px-lg-4 d-block d-md-none\" href=\"https:\/\/comunidad.comprasdominicana.gob.do\/\/Public\/Tendering\/OpportunityDetail\/Index?noticeUID=DO1.NTC.1488643\" target=\"_blank\" title=\"Detalles\"><i class=\"fas fa-2x fa-link\"><\/i><\/a><\/div><\/div><\/div><\/div><\/div><\/div>\n        <div class=\"card\">\n            <div class=\"card-header parents\" id=\"heading_compras-por-debajo-del-umbral-69eeee772d89c-2024-69eeee772d89c-noviembre-69eeee772d89c\">\n                <p class=\"title text-blue mb-0\">\n                    <a class=\"btn-block hover text-left collapsed\" data-toggle=\"collapse\" data-target=\"#collap_compras-por-debajo-del-umbral-69eeee772d89c-2024-69eeee772d89c-noviembre-69eeee772d89c\" aria-expanded=\"false\" aria-controls=\"collap_compras-por-debajo-del-umbral-69eeee772d89c-2024-69eeee772d89c-noviembre-69eeee772d89c\">Noviembre<\/a>\n                <\/p>\n            <\/div>\n            <div id=\"collap_compras-por-debajo-del-umbral-69eeee772d89c-2024-69eeee772d89c-noviembre-69eeee772d89c\" class=\"collapse\" aria-labelledby=\"heading_compras-por-debajo-del-umbral-69eeee772d89c-2024-69eeee772d89c-noviembre-69eeee772d89c\" data-parent=\"#collap_compras-por-debajo-del-umbral-69eeee772d89c-2024-69eeee772d89c\">\n                <div class=\"card-body\"><div class=\"jumbotron archivos\"><div class=\"row align-items-center\"><div class=\"col\"><h6><a class=\"text-dark\" href=\"https:\/\/comunidad.comprasdominicana.gob.do\/\/Public\/Tendering\/OpportunityDetail\/Index?noticeUID=DO1.NTC.1472955\" title=\"Ver\" target=\"_blank\">APORDOM-DAF-CD-2024-0046<\/a><\/h6><p class=\"mb-0 bold\">Contrataci\u00f3n de Coro Eucar\u00edstico para Uso de APORDOM.<\/p><p class=\"mb-0\" style=\"font-size: .85rem\"><strong title=\"Estado del Proceso\"><i class=\"fas fa-spinner\"><\/i><\/strong> Proceso adjudicado y celebrado<\/p><p class=\"mb-0\" style=\"font-size: .85rem\"><strong title=\"Fecha de Publicaci\u00f3n\"><i class=\"fas fa-calendar-alt\"><\/i><\/strong> Publicado el mi\u00e9rcoles, 13 de noviembre de 2024<\/p><\/div><div class=\"col-auto mt-md-0 mt-2\"><a class=\"btn btn-primary btn-lg px-lg-4 d-none d-md-block\" href=\"https:\/\/comunidad.comprasdominicana.gob.do\/\/Public\/Tendering\/OpportunityDetail\/Index?noticeUID=DO1.NTC.1472955\" target=\"_blank\" title=\"Detalles\"><i class=\"fas fa-link\"><\/i> DETALLES<\/a><a class=\"btn btn-primary btn-lg px-lg-4 d-block d-md-none\" href=\"https:\/\/comunidad.comprasdominicana.gob.do\/\/Public\/Tendering\/OpportunityDetail\/Index?noticeUID=DO1.NTC.1472955\" target=\"_blank\" title=\"Detalles\"><i class=\"fas fa-2x fa-link\"><\/i><\/a><\/div><\/div><\/div><div class=\"jumbotron archivos\"><div class=\"row align-items-center\"><div class=\"col\"><h6><a class=\"text-dark\" href=\"https:\/\/comunidad.comprasdominicana.gob.do\/\/Public\/Tendering\/OpportunityDetail\/Index?noticeUID=DO1.NTC.1472124\" title=\"Ver\" target=\"_blank\">APORDOM-DAF-CD-2024-0043<\/a><\/h6><p class=\"mb-0 bold\">Adquisici\u00f3n de Art\u00edculos Comestibles y Gastables, Para Uso de Esta APORDOM, Dirigido a Mipymes Mujer.<\/p><p class=\"mb-0\" style=\"font-size: .85rem\"><strong title=\"Estado del Proceso\"><i class=\"fas fa-spinner\"><\/i><\/strong> Proceso adjudicado y celebrado<\/p><p class=\"mb-0\" style=\"font-size: .85rem\"><strong title=\"Fecha de Publicaci\u00f3n\"><i class=\"fas fa-calendar-alt\"><\/i><\/strong> Publicado el martes, 12 de noviembre de 2024<\/p><\/div><div class=\"col-auto mt-md-0 mt-2\"><a class=\"btn btn-primary btn-lg px-lg-4 d-none d-md-block\" href=\"https:\/\/comunidad.comprasdominicana.gob.do\/\/Public\/Tendering\/OpportunityDetail\/Index?noticeUID=DO1.NTC.1472124\" target=\"_blank\" title=\"Detalles\"><i class=\"fas fa-link\"><\/i> DETALLES<\/a><a class=\"btn btn-primary btn-lg px-lg-4 d-block d-md-none\" href=\"https:\/\/comunidad.comprasdominicana.gob.do\/\/Public\/Tendering\/OpportunityDetail\/Index?noticeUID=DO1.NTC.1472124\" target=\"_blank\" title=\"Detalles\"><i class=\"fas fa-2x fa-link\"><\/i><\/a><\/div><\/div><\/div><div class=\"jumbotron archivos\"><div class=\"row align-items-center\"><div class=\"col\"><h6><a class=\"text-dark\" href=\"https:\/\/comunidad.comprasdominicana.gob.do\/\/Public\/Tendering\/OpportunityDetail\/Index?noticeUID=DO1.NTC.1471423\" title=\"Ver\" target=\"_blank\">APORDOM-DAF-CD-2024-0044<\/a><\/h6><p class=\"mb-0 bold\">Servicio De Coffee Break Para Uso De APORDOM, Dirigido A Mipymes Mujer<\/p><p class=\"mb-0\" style=\"font-size: .85rem\"><strong title=\"Estado del Proceso\"><i class=\"fas fa-spinner\"><\/i><\/strong> Proceso adjudicado y celebrado<\/p><p class=\"mb-0\" style=\"font-size: .85rem\"><strong title=\"Fecha de Publicaci\u00f3n\"><i class=\"fas fa-calendar-alt\"><\/i><\/strong> Publicado el lunes, 11 de noviembre de 2024<\/p><\/div><div class=\"col-auto mt-md-0 mt-2\"><a class=\"btn btn-primary btn-lg px-lg-4 d-none d-md-block\" href=\"https:\/\/comunidad.comprasdominicana.gob.do\/\/Public\/Tendering\/OpportunityDetail\/Index?noticeUID=DO1.NTC.1471423\" target=\"_blank\" title=\"Detalles\"><i class=\"fas fa-link\"><\/i> DETALLES<\/a><a class=\"btn btn-primary btn-lg px-lg-4 d-block d-md-none\" href=\"https:\/\/comunidad.comprasdominicana.gob.do\/\/Public\/Tendering\/OpportunityDetail\/Index?noticeUID=DO1.NTC.1471423\" target=\"_blank\" title=\"Detalles\"><i class=\"fas fa-2x fa-link\"><\/i><\/a><\/div><\/div><\/div><div class=\"jumbotron archivos\"><div class=\"row align-items-center\"><div class=\"col\"><h6><a class=\"text-dark\" href=\"https:\/\/comunidad.comprasdominicana.gob.do\/\/Public\/Tendering\/OpportunityDetail\/Index?noticeUID=DO1.NTC.1471027\" title=\"Ver\" target=\"_blank\">APORDOM-DAF-CD-2024-0045<\/a><\/h6><p class=\"mb-0 bold\">Adquisici\u00f3n de Coronas y Arreglos Florales a Requerimiento para Uso de APORDOM, Dirigido a Mipymes Mujer.<\/p><p class=\"mb-0\" style=\"font-size: .85rem\"><strong title=\"Estado del Proceso\"><i class=\"fas fa-spinner\"><\/i><\/strong> Proceso adjudicado y celebrado<\/p><p class=\"mb-0\" style=\"font-size: .85rem\"><strong title=\"Fecha de Publicaci\u00f3n\"><i class=\"fas fa-calendar-alt\"><\/i><\/strong> Publicado el viernes, 8 de noviembre de 2024<\/p><\/div><div class=\"col-auto mt-md-0 mt-2\"><a class=\"btn btn-primary btn-lg px-lg-4 d-none d-md-block\" href=\"https:\/\/comunidad.comprasdominicana.gob.do\/\/Public\/Tendering\/OpportunityDetail\/Index?noticeUID=DO1.NTC.1471027\" target=\"_blank\" title=\"Detalles\"><i class=\"fas fa-link\"><\/i> DETALLES<\/a><a class=\"btn btn-primary btn-lg px-lg-4 d-block d-md-none\" href=\"https:\/\/comunidad.comprasdominicana.gob.do\/\/Public\/Tendering\/OpportunityDetail\/Index?noticeUID=DO1.NTC.1471027\" target=\"_blank\" title=\"Detalles\"><i class=\"fas fa-2x fa-link\"><\/i><\/a><\/div><\/div><\/div><div class=\"jumbotron archivos\"><div class=\"row align-items-center\"><div class=\"col\"><h6><a class=\"text-dark\" href=\"https:\/\/comunidad.comprasdominicana.gob.do\/\/Public\/Tendering\/OpportunityDetail\/Index?noticeUID=DO1.NTC.1468710\" title=\"Ver\" target=\"_blank\">APORDOM-DAF-CD-2024-0039<\/a><\/h6><p class=\"mb-0 bold\">Servicio de Charla &quot;Prevenci\u00f3n C\u00e1ncer de Mama&quot; para colaboradores de esta APORDOM<\/p><p class=\"mb-0\" style=\"font-size: .85rem\"><strong title=\"Estado del Proceso\"><i class=\"fas fa-spinner\"><\/i><\/strong> Proceso adjudicado y celebrado<\/p><p class=\"mb-0\" style=\"font-size: .85rem\"><strong title=\"Fecha de Publicaci\u00f3n\"><i class=\"fas fa-calendar-alt\"><\/i><\/strong> Publicado el viernes, 1 de noviembre de 2024<\/p><\/div><div class=\"col-auto mt-md-0 mt-2\"><a class=\"btn btn-primary btn-lg px-lg-4 d-none d-md-block\" href=\"https:\/\/comunidad.comprasdominicana.gob.do\/\/Public\/Tendering\/OpportunityDetail\/Index?noticeUID=DO1.NTC.1468710\" target=\"_blank\" title=\"Detalles\"><i class=\"fas fa-link\"><\/i> DETALLES<\/a><a class=\"btn btn-primary btn-lg px-lg-4 d-block d-md-none\" href=\"https:\/\/comunidad.comprasdominicana.gob.do\/\/Public\/Tendering\/OpportunityDetail\/Index?noticeUID=DO1.NTC.1468710\" target=\"_blank\" title=\"Detalles\"><i class=\"fas fa-2x fa-link\"><\/i><\/a><\/div><\/div><\/div><div class=\"jumbotron archivos\"><div class=\"row align-items-center\"><div class=\"col\"><h6><a class=\"text-dark\" href=\"https:\/\/comunidad.comprasdominicana.gob.do\/\/Public\/Tendering\/OpportunityDetail\/Index?noticeUID=DO1.NTC.1468208\" title=\"Ver\" target=\"_blank\">APORDOM-DAF-CD-2024-0041<\/a><\/h6><p class=\"mb-0 bold\">Adquisici\u00f3n de ocho (8) plantas Ornamentales para Uso de APORDOM<\/p><p class=\"mb-0\" style=\"font-size: .85rem\"><strong title=\"Estado del Proceso\"><i class=\"fas fa-spinner\"><\/i><\/strong> Proceso adjudicado y celebrado<\/p><p class=\"mb-0\" style=\"font-size: .85rem\"><strong title=\"Fecha de Publicaci\u00f3n\"><i class=\"fas fa-calendar-alt\"><\/i><\/strong> Publicado el viernes, 1 de noviembre de 2024<\/p><\/div><div class=\"col-auto mt-md-0 mt-2\"><a class=\"btn btn-primary btn-lg px-lg-4 d-none d-md-block\" href=\"https:\/\/comunidad.comprasdominicana.gob.do\/\/Public\/Tendering\/OpportunityDetail\/Index?noticeUID=DO1.NTC.1468208\" target=\"_blank\" title=\"Detalles\"><i class=\"fas fa-link\"><\/i> DETALLES<\/a><a class=\"btn btn-primary btn-lg px-lg-4 d-block d-md-none\" href=\"https:\/\/comunidad.comprasdominicana.gob.do\/\/Public\/Tendering\/OpportunityDetail\/Index?noticeUID=DO1.NTC.1468208\" target=\"_blank\" title=\"Detalles\"><i class=\"fas fa-2x fa-link\"><\/i><\/a><\/div><\/div><\/div><\/div><\/div><\/div>\n        <div class=\"card\">\n            <div class=\"card-header parents\" id=\"heading_compras-por-debajo-del-umbral-69eeee772d89c-2024-69eeee772d89c-septiembre-69eeee772d89c\">\n                <p class=\"title text-blue mb-0\">\n                    <a class=\"btn-block hover text-left collapsed\" data-toggle=\"collapse\" data-target=\"#collap_compras-por-debajo-del-umbral-69eeee772d89c-2024-69eeee772d89c-septiembre-69eeee772d89c\" aria-expanded=\"false\" aria-controls=\"collap_compras-por-debajo-del-umbral-69eeee772d89c-2024-69eeee772d89c-septiembre-69eeee772d89c\">Septiembre<\/a>\n                <\/p>\n            <\/div>\n            <div id=\"collap_compras-por-debajo-del-umbral-69eeee772d89c-2024-69eeee772d89c-septiembre-69eeee772d89c\" class=\"collapse\" aria-labelledby=\"heading_compras-por-debajo-del-umbral-69eeee772d89c-2024-69eeee772d89c-septiembre-69eeee772d89c\" data-parent=\"#collap_compras-por-debajo-del-umbral-69eeee772d89c-2024-69eeee772d89c\">\n                <div class=\"card-body\"><div class=\"jumbotron archivos\"><div class=\"row align-items-center\"><div class=\"col\"><h6><a class=\"text-dark\" href=\"https:\/\/comunidad.comprasdominicana.gob.do\/\/Public\/Tendering\/OpportunityDetail\/Index?noticeUID=DO1.NTC.1452407\" title=\"Ver\" target=\"_blank\">APORDOM-DAF-CD-2024-0037<\/a><\/h6><p class=\"mb-0 bold\">Adquisici\u00f3n de Caf\u00e9 Para Uso de APORDOM, Dirigido a Mipymes.<\/p><p class=\"mb-0\" style=\"font-size: .85rem\"><strong title=\"Estado del Proceso\"><i class=\"fas fa-spinner\"><\/i><\/strong> Proceso adjudicado y celebrado<\/p><p class=\"mb-0\" style=\"font-size: .85rem\"><strong title=\"Fecha de Publicaci\u00f3n\"><i class=\"fas fa-calendar-alt\"><\/i><\/strong> Publicado el jueves, 26 de septiembre de 2024<\/p><\/div><div class=\"col-auto mt-md-0 mt-2\"><a class=\"btn btn-primary btn-lg px-lg-4 d-none d-md-block\" href=\"https:\/\/comunidad.comprasdominicana.gob.do\/\/Public\/Tendering\/OpportunityDetail\/Index?noticeUID=DO1.NTC.1452407\" target=\"_blank\" title=\"Detalles\"><i class=\"fas fa-link\"><\/i> DETALLES<\/a><a class=\"btn btn-primary btn-lg px-lg-4 d-block d-md-none\" href=\"https:\/\/comunidad.comprasdominicana.gob.do\/\/Public\/Tendering\/OpportunityDetail\/Index?noticeUID=DO1.NTC.1452407\" target=\"_blank\" title=\"Detalles\"><i class=\"fas fa-2x fa-link\"><\/i><\/a><\/div><\/div><\/div><div class=\"jumbotron archivos\"><div class=\"row align-items-center\"><div class=\"col\"><h6><a class=\"text-dark\" href=\"https:\/\/comunidad.comprasdominicana.gob.do\/\/Public\/Tendering\/OpportunityDetail\/Index?noticeUID=DO1.NTC.1441433\" title=\"Ver\" target=\"_blank\">APORDOM-DAF-CD-2024-0036<\/a><\/h6><p class=\"mb-0 bold\">Adquisici\u00f3n De Productos Diversos Para Esta APORDOM, Dirigido a MIPYME MUJER.<\/p><p class=\"mb-0\" style=\"font-size: .85rem\"><strong title=\"Estado del Proceso\"><i class=\"fas fa-spinner\"><\/i><\/strong> Proceso adjudicado y celebrado<\/p><p class=\"mb-0\" style=\"font-size: .85rem\"><strong title=\"Fecha de Publicaci\u00f3n\"><i class=\"fas fa-calendar-alt\"><\/i><\/strong> Publicado el mi\u00e9rcoles, 4 de septiembre de 2024<\/p><\/div><div class=\"col-auto mt-md-0 mt-2\"><a class=\"btn btn-primary btn-lg px-lg-4 d-none d-md-block\" href=\"https:\/\/comunidad.comprasdominicana.gob.do\/\/Public\/Tendering\/OpportunityDetail\/Index?noticeUID=DO1.NTC.1441433\" target=\"_blank\" title=\"Detalles\"><i class=\"fas fa-link\"><\/i> DETALLES<\/a><a class=\"btn btn-primary btn-lg px-lg-4 d-block d-md-none\" href=\"https:\/\/comunidad.comprasdominicana.gob.do\/\/Public\/Tendering\/OpportunityDetail\/Index?noticeUID=DO1.NTC.1441433\" target=\"_blank\" title=\"Detalles\"><i class=\"fas fa-2x fa-link\"><\/i><\/a><\/div><\/div><\/div><div class=\"jumbotron archivos\"><div class=\"row align-items-center\"><div class=\"col\"><h6><a class=\"text-dark\" href=\"https:\/\/comunidad.comprasdominicana.gob.do\/\/Public\/Tendering\/OpportunityDetail\/Index?noticeUID=DO1.NTC.1440527\" title=\"Ver\" target=\"_blank\">APORDOM-DAF-CD-2024-0035<\/a><\/h6><p class=\"mb-0 bold\">Adquisici\u00f3n de Cajas de Almacenamiento Profesional Para Uso de Esta APORDOM<\/p><p class=\"mb-0\" style=\"font-size: .85rem\"><strong title=\"Estado del Proceso\"><i class=\"fas fa-spinner\"><\/i><\/strong> Proceso adjudicado y celebrado<\/p><p class=\"mb-0\" style=\"font-size: .85rem\"><strong title=\"Fecha de Publicaci\u00f3n\"><i class=\"fas fa-calendar-alt\"><\/i><\/strong> Publicado el lunes, 2 de septiembre de 2024<\/p><\/div><div class=\"col-auto mt-md-0 mt-2\"><a class=\"btn btn-primary btn-lg px-lg-4 d-none d-md-block\" href=\"https:\/\/comunidad.comprasdominicana.gob.do\/\/Public\/Tendering\/OpportunityDetail\/Index?noticeUID=DO1.NTC.1440527\" target=\"_blank\" title=\"Detalles\"><i class=\"fas fa-link\"><\/i> DETALLES<\/a><a class=\"btn btn-primary btn-lg px-lg-4 d-block d-md-none\" href=\"https:\/\/comunidad.comprasdominicana.gob.do\/\/Public\/Tendering\/OpportunityDetail\/Index?noticeUID=DO1.NTC.1440527\" target=\"_blank\" title=\"Detalles\"><i class=\"fas fa-2x fa-link\"><\/i><\/a><\/div><\/div><\/div><\/div><\/div><\/div>\n        <div class=\"card\">\n            <div class=\"card-header parents\" id=\"heading_compras-por-debajo-del-umbral-69eeee772d89c-2024-69eeee772d89c-agosto-69eeee772d89c\">\n                <p class=\"title text-blue mb-0\">\n                    <a class=\"btn-block hover text-left collapsed\" data-toggle=\"collapse\" data-target=\"#collap_compras-por-debajo-del-umbral-69eeee772d89c-2024-69eeee772d89c-agosto-69eeee772d89c\" aria-expanded=\"false\" aria-controls=\"collap_compras-por-debajo-del-umbral-69eeee772d89c-2024-69eeee772d89c-agosto-69eeee772d89c\">Agosto<\/a>\n                <\/p>\n            <\/div>\n            <div id=\"collap_compras-por-debajo-del-umbral-69eeee772d89c-2024-69eeee772d89c-agosto-69eeee772d89c\" class=\"collapse\" aria-labelledby=\"heading_compras-por-debajo-del-umbral-69eeee772d89c-2024-69eeee772d89c-agosto-69eeee772d89c\" data-parent=\"#collap_compras-por-debajo-del-umbral-69eeee772d89c-2024-69eeee772d89c\">\n                <div class=\"card-body\"><div class=\"jumbotron archivos\"><div class=\"row align-items-center\"><div class=\"col\"><h6><a class=\"text-dark\" href=\"https:\/\/comunidad.comprasdominicana.gob.do\/\/Public\/Tendering\/OpportunityDetail\/Index?noticeUID=DO1.NTC.1438420\" title=\"Ver\" target=\"_blank\">APORDOM-DAF-CD-2024-0034<\/a><\/h6><p class=\"mb-0 bold\">ADQUISICI\u00d3N DE MATERIAL GASTABLE PARA EL ARCHIVO DE APORDOM, DIRIGIDO A MIPYME MUJER<\/p><p class=\"mb-0\" style=\"font-size: .85rem\"><strong title=\"Estado del Proceso\"><i class=\"fas fa-spinner\"><\/i><\/strong> Proceso adjudicado y celebrado<\/p><p class=\"mb-0\" style=\"font-size: .85rem\"><strong title=\"Fecha de Publicaci\u00f3n\"><i class=\"fas fa-calendar-alt\"><\/i><\/strong> Publicado el martes, 27 de agosto de 2024<\/p><\/div><div class=\"col-auto mt-md-0 mt-2\"><a class=\"btn btn-primary btn-lg px-lg-4 d-none d-md-block\" href=\"https:\/\/comunidad.comprasdominicana.gob.do\/\/Public\/Tendering\/OpportunityDetail\/Index?noticeUID=DO1.NTC.1438420\" target=\"_blank\" title=\"Detalles\"><i class=\"fas fa-link\"><\/i> DETALLES<\/a><a class=\"btn btn-primary btn-lg px-lg-4 d-block d-md-none\" href=\"https:\/\/comunidad.comprasdominicana.gob.do\/\/Public\/Tendering\/OpportunityDetail\/Index?noticeUID=DO1.NTC.1438420\" target=\"_blank\" title=\"Detalles\"><i class=\"fas fa-2x fa-link\"><\/i><\/a><\/div><\/div><\/div><div class=\"jumbotron archivos\"><div class=\"row align-items-center\"><div class=\"col\"><h6><a class=\"text-dark\" href=\"https:\/\/comunidad.comprasdominicana.gob.do\/\/Public\/Tendering\/OpportunityDetail\/Index?noticeUID=DO1.NTC.1434141\" title=\"Ver\" target=\"_blank\">APORDOM-DAF-CD-2024-0033<\/a><\/h6><p class=\"mb-0 bold\">Adquisici\u00f3n de Grama Verde, Coralillos Rojos y Topes de Granito Para Uso de esta APORDOM.<\/p><p class=\"mb-0\" style=\"font-size: .85rem\"><strong title=\"Estado del Proceso\"><i class=\"fas fa-spinner\"><\/i><\/strong> Proceso adjudicado y celebrado<\/p><p class=\"mb-0\" style=\"font-size: .85rem\"><strong title=\"Fecha de Publicaci\u00f3n\"><i class=\"fas fa-calendar-alt\"><\/i><\/strong> Publicado el mi\u00e9rcoles, 14 de agosto de 2024<\/p><\/div><div class=\"col-auto mt-md-0 mt-2\"><a class=\"btn btn-primary btn-lg px-lg-4 d-none d-md-block\" href=\"https:\/\/comunidad.comprasdominicana.gob.do\/\/Public\/Tendering\/OpportunityDetail\/Index?noticeUID=DO1.NTC.1434141\" target=\"_blank\" title=\"Detalles\"><i class=\"fas fa-link\"><\/i> DETALLES<\/a><a class=\"btn btn-primary btn-lg px-lg-4 d-block d-md-none\" href=\"https:\/\/comunidad.comprasdominicana.gob.do\/\/Public\/Tendering\/OpportunityDetail\/Index?noticeUID=DO1.NTC.1434141\" target=\"_blank\" title=\"Detalles\"><i class=\"fas fa-2x fa-link\"><\/i><\/a><\/div><\/div><\/div><div class=\"jumbotron archivos\"><div class=\"row align-items-center\"><div class=\"col\"><h6><a class=\"text-dark\" href=\"https:\/\/comunidad.comprasdominicana.gob.do\/\/Public\/Tendering\/OpportunityDetail\/Index?noticeUID=DO1.NTC.1432627\" title=\"Ver\" target=\"_blank\">APORDOM-DAF-CD-2024-0032<\/a><\/h6><p class=\"mb-0 bold\">Adquisici\u00f3n de Materiales El\u00e9ctricos para Furgones del Puerto de San Pedro Macor\u00eds, dirigido a Mipymes.<\/p><p class=\"mb-0\" style=\"font-size: .85rem\"><strong title=\"Estado del Proceso\"><i class=\"fas fa-spinner\"><\/i><\/strong> Sobres abiertos o aperturados<\/p><p class=\"mb-0\" style=\"font-size: .85rem\"><strong title=\"Fecha de Publicaci\u00f3n\"><i class=\"fas fa-calendar-alt\"><\/i><\/strong> Publicado el viernes, 9 de agosto de 2024<\/p><\/div><div class=\"col-auto mt-md-0 mt-2\"><a class=\"btn btn-primary btn-lg px-lg-4 d-none d-md-block\" href=\"https:\/\/comunidad.comprasdominicana.gob.do\/\/Public\/Tendering\/OpportunityDetail\/Index?noticeUID=DO1.NTC.1432627\" target=\"_blank\" title=\"Detalles\"><i class=\"fas fa-link\"><\/i> DETALLES<\/a><a class=\"btn btn-primary btn-lg px-lg-4 d-block d-md-none\" href=\"https:\/\/comunidad.comprasdominicana.gob.do\/\/Public\/Tendering\/OpportunityDetail\/Index?noticeUID=DO1.NTC.1432627\" target=\"_blank\" title=\"Detalles\"><i class=\"fas fa-2x fa-link\"><\/i><\/a><\/div><\/div><\/div><\/div><\/div><\/div>\n        <div class=\"card\">\n            <div class=\"card-header parents\" id=\"heading_compras-por-debajo-del-umbral-69eeee772d89c-2024-69eeee772d89c-julio-69eeee772d89c\">\n                <p class=\"title text-blue mb-0\">\n                    <a class=\"btn-block hover text-left collapsed\" data-toggle=\"collapse\" data-target=\"#collap_compras-por-debajo-del-umbral-69eeee772d89c-2024-69eeee772d89c-julio-69eeee772d89c\" aria-expanded=\"false\" aria-controls=\"collap_compras-por-debajo-del-umbral-69eeee772d89c-2024-69eeee772d89c-julio-69eeee772d89c\">Julio<\/a>\n                <\/p>\n            <\/div>\n            <div id=\"collap_compras-por-debajo-del-umbral-69eeee772d89c-2024-69eeee772d89c-julio-69eeee772d89c\" class=\"collapse\" aria-labelledby=\"heading_compras-por-debajo-del-umbral-69eeee772d89c-2024-69eeee772d89c-julio-69eeee772d89c\" data-parent=\"#collap_compras-por-debajo-del-umbral-69eeee772d89c-2024-69eeee772d89c\">\n                <div class=\"card-body\"><div class=\"jumbotron archivos\"><div class=\"row align-items-center\"><div class=\"col\"><h6><a class=\"text-dark\" href=\"https:\/\/comunidad.comprasdominicana.gob.do\/\/Public\/Tendering\/OpportunityDetail\/Index?noticeUID=DO1.NTC.1428825\" title=\"Ver\" target=\"_blank\">APORDOM-DAF-CD-2024-0031<\/a><\/h6><p class=\"mb-0 bold\">Adquisici\u00f3n e Instalaci\u00f3n de motor del switch para cambio del transfer al generador, Sede Principal\n<\/p><p class=\"mb-0\" style=\"font-size: .85rem\"><strong title=\"Estado del Proceso\"><i class=\"fas fa-spinner\"><\/i><\/strong> Proceso adjudicado y celebrado<\/p><p class=\"mb-0\" style=\"font-size: .85rem\"><strong title=\"Fecha de Publicaci\u00f3n\"><i class=\"fas fa-calendar-alt\"><\/i><\/strong> Publicado el martes, 30 de julio de 2024<\/p><\/div><div class=\"col-auto mt-md-0 mt-2\"><a class=\"btn btn-primary btn-lg px-lg-4 d-none d-md-block\" href=\"https:\/\/comunidad.comprasdominicana.gob.do\/\/Public\/Tendering\/OpportunityDetail\/Index?noticeUID=DO1.NTC.1428825\" target=\"_blank\" title=\"Detalles\"><i class=\"fas fa-link\"><\/i> DETALLES<\/a><a class=\"btn btn-primary btn-lg px-lg-4 d-block d-md-none\" href=\"https:\/\/comunidad.comprasdominicana.gob.do\/\/Public\/Tendering\/OpportunityDetail\/Index?noticeUID=DO1.NTC.1428825\" target=\"_blank\" title=\"Detalles\"><i class=\"fas fa-2x fa-link\"><\/i><\/a><\/div><\/div><\/div><div class=\"jumbotron archivos\"><div class=\"row align-items-center\"><div class=\"col\"><h6><a class=\"text-dark\" href=\"https:\/\/comunidad.comprasdominicana.gob.do\/\/Public\/Tendering\/OpportunityDetail\/Index?noticeUID=DO1.NTC.1426913\" title=\"Ver\" target=\"_blank\">APORDOM-DAF-CD-2024-0028<\/a><\/h6><p class=\"mb-0 bold\">Servicio de Rellenado de Botellones de Agua Potable para diferentes Departamentos y Puertos de esta APORDOM<\/p><p class=\"mb-0\" style=\"font-size: .85rem\"><strong title=\"Estado del Proceso\"><i class=\"fas fa-spinner\"><\/i><\/strong> Proceso adjudicado y celebrado<\/p><p class=\"mb-0\" style=\"font-size: .85rem\"><strong title=\"Fecha de Publicaci\u00f3n\"><i class=\"fas fa-calendar-alt\"><\/i><\/strong> Publicado el mi\u00e9rcoles, 24 de julio de 2024<\/p><\/div><div class=\"col-auto mt-md-0 mt-2\"><a class=\"btn btn-primary btn-lg px-lg-4 d-none d-md-block\" href=\"https:\/\/comunidad.comprasdominicana.gob.do\/\/Public\/Tendering\/OpportunityDetail\/Index?noticeUID=DO1.NTC.1426913\" target=\"_blank\" title=\"Detalles\"><i class=\"fas fa-link\"><\/i> DETALLES<\/a><a class=\"btn btn-primary btn-lg px-lg-4 d-block d-md-none\" href=\"https:\/\/comunidad.comprasdominicana.gob.do\/\/Public\/Tendering\/OpportunityDetail\/Index?noticeUID=DO1.NTC.1426913\" target=\"_blank\" title=\"Detalles\"><i class=\"fas fa-2x fa-link\"><\/i><\/a><\/div><\/div><\/div><div class=\"jumbotron archivos\"><div class=\"row align-items-center\"><div class=\"col\"><h6><a class=\"text-dark\" href=\"https:\/\/comunidad.comprasdominicana.gob.do\/\/Public\/Tendering\/OpportunityDetail\/Index?noticeUID=DO1.NTC.1426042\" title=\"Ver\" target=\"_blank\">APORDOM-DAF-CD-2024-0029<\/a><\/h6><p class=\"mb-0 bold\">Adquisici\u00f3n de Detectores de Billetes Falsos para Uso de la Sede Principal y Puertos de esta APORDOM.<\/p><p class=\"mb-0\" style=\"font-size: .85rem\"><strong title=\"Estado del Proceso\"><i class=\"fas fa-spinner\"><\/i><\/strong> Proceso adjudicado y celebrado<\/p><p class=\"mb-0\" style=\"font-size: .85rem\"><strong title=\"Fecha de Publicaci\u00f3n\"><i class=\"fas fa-calendar-alt\"><\/i><\/strong> Publicado el lunes, 22 de julio de 2024<\/p><\/div><div class=\"col-auto mt-md-0 mt-2\"><a class=\"btn btn-primary btn-lg px-lg-4 d-none d-md-block\" href=\"https:\/\/comunidad.comprasdominicana.gob.do\/\/Public\/Tendering\/OpportunityDetail\/Index?noticeUID=DO1.NTC.1426042\" target=\"_blank\" title=\"Detalles\"><i class=\"fas fa-link\"><\/i> DETALLES<\/a><a class=\"btn btn-primary btn-lg px-lg-4 d-block d-md-none\" href=\"https:\/\/comunidad.comprasdominicana.gob.do\/\/Public\/Tendering\/OpportunityDetail\/Index?noticeUID=DO1.NTC.1426042\" target=\"_blank\" title=\"Detalles\"><i class=\"fas fa-2x fa-link\"><\/i><\/a><\/div><\/div><\/div><\/div><\/div><\/div>\n        <div class=\"card\">\n            <div class=\"card-header parents\" id=\"heading_compras-por-debajo-del-umbral-69eeee772d89c-2024-69eeee772d89c-junio-69eeee772d89c\">\n                <p class=\"title text-blue mb-0\">\n                    <a class=\"btn-block hover text-left collapsed\" data-toggle=\"collapse\" data-target=\"#collap_compras-por-debajo-del-umbral-69eeee772d89c-2024-69eeee772d89c-junio-69eeee772d89c\" aria-expanded=\"false\" aria-controls=\"collap_compras-por-debajo-del-umbral-69eeee772d89c-2024-69eeee772d89c-junio-69eeee772d89c\">Junio<\/a>\n                <\/p>\n            <\/div>\n            <div id=\"collap_compras-por-debajo-del-umbral-69eeee772d89c-2024-69eeee772d89c-junio-69eeee772d89c\" class=\"collapse\" aria-labelledby=\"heading_compras-por-debajo-del-umbral-69eeee772d89c-2024-69eeee772d89c-junio-69eeee772d89c\" data-parent=\"#collap_compras-por-debajo-del-umbral-69eeee772d89c-2024-69eeee772d89c\">\n                <div class=\"card-body\"><div class=\"jumbotron archivos\"><div class=\"row align-items-center\"><div class=\"col\"><h6><a class=\"text-dark\" href=\"https:\/\/comunidad.comprasdominicana.gob.do\/\/Public\/Tendering\/OpportunityDetail\/Index?noticeUID=DO1.NTC.1417743\" title=\"Ver\" target=\"_blank\">APORDOM-DAF-CD-2024-0027<\/a><\/h6><p class=\"mb-0 bold\">Adquisici\u00f3n e Instalaci\u00f3n de Controles de Acceso para diferentes \u00e1reas de esta APORDOM.<\/p><p class=\"mb-0\" style=\"font-size: .85rem\"><strong title=\"Estado del Proceso\"><i class=\"fas fa-spinner\"><\/i><\/strong> Proceso adjudicado y celebrado<\/p><p class=\"mb-0\" style=\"font-size: .85rem\"><strong title=\"Fecha de Publicaci\u00f3n\"><i class=\"fas fa-calendar-alt\"><\/i><\/strong> Publicado el viernes, 28 de junio de 2024<\/p><\/div><div class=\"col-auto mt-md-0 mt-2\"><a class=\"btn btn-primary btn-lg px-lg-4 d-none d-md-block\" href=\"https:\/\/comunidad.comprasdominicana.gob.do\/\/Public\/Tendering\/OpportunityDetail\/Index?noticeUID=DO1.NTC.1417743\" target=\"_blank\" title=\"Detalles\"><i class=\"fas fa-link\"><\/i> DETALLES<\/a><a class=\"btn btn-primary btn-lg px-lg-4 d-block d-md-none\" href=\"https:\/\/comunidad.comprasdominicana.gob.do\/\/Public\/Tendering\/OpportunityDetail\/Index?noticeUID=DO1.NTC.1417743\" target=\"_blank\" title=\"Detalles\"><i class=\"fas fa-2x fa-link\"><\/i><\/a><\/div><\/div><\/div><div class=\"jumbotron archivos\"><div class=\"row align-items-center\"><div class=\"col\"><h6><a class=\"text-dark\" href=\"https:\/\/comunidad.comprasdominicana.gob.do\/\/Public\/Tendering\/OpportunityDetail\/Index?noticeUID=DO1.NTC.1417141\" title=\"Ver\" target=\"_blank\">APORDOM-DAF-CD-2024-0024<\/a><\/h6><p class=\"mb-0 bold\">ADQUISICI\u00d3N DE 80 PARAGUAS PARA USO DE APORDOM, DIRIGIDO A MIPYMES<\/p><p class=\"mb-0\" style=\"font-size: .85rem\"><strong title=\"Estado del Proceso\"><i class=\"fas fa-spinner\"><\/i><\/strong> Proceso adjudicado y celebrado<\/p><p class=\"mb-0\" style=\"font-size: .85rem\"><strong title=\"Fecha de Publicaci\u00f3n\"><i class=\"fas fa-calendar-alt\"><\/i><\/strong> Publicado el jueves, 27 de junio de 2024<\/p><\/div><div class=\"col-auto mt-md-0 mt-2\"><a class=\"btn btn-primary btn-lg px-lg-4 d-none d-md-block\" href=\"https:\/\/comunidad.comprasdominicana.gob.do\/\/Public\/Tendering\/OpportunityDetail\/Index?noticeUID=DO1.NTC.1417141\" target=\"_blank\" title=\"Detalles\"><i class=\"fas fa-link\"><\/i> DETALLES<\/a><a class=\"btn btn-primary btn-lg px-lg-4 d-block d-md-none\" href=\"https:\/\/comunidad.comprasdominicana.gob.do\/\/Public\/Tendering\/OpportunityDetail\/Index?noticeUID=DO1.NTC.1417141\" target=\"_blank\" title=\"Detalles\"><i class=\"fas fa-2x fa-link\"><\/i><\/a><\/div><\/div><\/div><div class=\"jumbotron archivos\"><div class=\"row align-items-center\"><div class=\"col\"><h6><a class=\"text-dark\" href=\"https:\/\/comunidad.comprasdominicana.gob.do\/\/Public\/Tendering\/OpportunityDetail\/Index?noticeUID=DO1.NTC.1417008\" title=\"Ver\" target=\"_blank\">APORDOM-DAF-CD-2024-0026<\/a><\/h6><p class=\"mb-0 bold\">Renovaci\u00f3n Suscripci\u00f3n Anual Del Peri\u00f3dico El Caribe<\/p><p class=\"mb-0\" style=\"font-size: .85rem\"><strong title=\"Estado del Proceso\"><i class=\"fas fa-spinner\"><\/i><\/strong> Proceso adjudicado y celebrado<\/p><p class=\"mb-0\" style=\"font-size: .85rem\"><strong title=\"Fecha de Publicaci\u00f3n\"><i class=\"fas fa-calendar-alt\"><\/i><\/strong> Publicado el mi\u00e9rcoles, 26 de junio de 2024<\/p><\/div><div class=\"col-auto mt-md-0 mt-2\"><a class=\"btn btn-primary btn-lg px-lg-4 d-none d-md-block\" href=\"https:\/\/comunidad.comprasdominicana.gob.do\/\/Public\/Tendering\/OpportunityDetail\/Index?noticeUID=DO1.NTC.1417008\" target=\"_blank\" title=\"Detalles\"><i class=\"fas fa-link\"><\/i> DETALLES<\/a><a class=\"btn btn-primary btn-lg px-lg-4 d-block d-md-none\" href=\"https:\/\/comunidad.comprasdominicana.gob.do\/\/Public\/Tendering\/OpportunityDetail\/Index?noticeUID=DO1.NTC.1417008\" target=\"_blank\" title=\"Detalles\"><i class=\"fas fa-2x fa-link\"><\/i><\/a><\/div><\/div><\/div><div class=\"jumbotron archivos\"><div class=\"row align-items-center\"><div class=\"col\"><h6><a class=\"text-dark\" href=\"https:\/\/comunidad.comprasdominicana.gob.do\/\/Public\/Tendering\/OpportunityDetail\/Index?noticeUID=DO1.NTC.1411915\" title=\"Ver\" target=\"_blank\">APORDOM-DAF-CD-2024-0023<\/a><\/h6><p class=\"mb-0 bold\">ADQUISICI\u00d3N DE TALONARIOS PARA USO DE LA SEDE PRINCIPAL Y PUERTOS DE APORDOM, DIRIGIDO A MIPYMES<\/p><p class=\"mb-0\" style=\"font-size: .85rem\"><strong title=\"Estado del Proceso\"><i class=\"fas fa-spinner\"><\/i><\/strong> Proceso adjudicado y celebrado<\/p><p class=\"mb-0\" style=\"font-size: .85rem\"><strong title=\"Fecha de Publicaci\u00f3n\"><i class=\"fas fa-calendar-alt\"><\/i><\/strong> Publicado el jueves, 13 de junio de 2024<\/p><\/div><div class=\"col-auto mt-md-0 mt-2\"><a class=\"btn btn-primary btn-lg px-lg-4 d-none d-md-block\" href=\"https:\/\/comunidad.comprasdominicana.gob.do\/\/Public\/Tendering\/OpportunityDetail\/Index?noticeUID=DO1.NTC.1411915\" target=\"_blank\" title=\"Detalles\"><i class=\"fas fa-link\"><\/i> DETALLES<\/a><a class=\"btn btn-primary btn-lg px-lg-4 d-block d-md-none\" href=\"https:\/\/comunidad.comprasdominicana.gob.do\/\/Public\/Tendering\/OpportunityDetail\/Index?noticeUID=DO1.NTC.1411915\" target=\"_blank\" title=\"Detalles\"><i class=\"fas fa-2x fa-link\"><\/i><\/a><\/div><\/div><\/div><div class=\"jumbotron archivos\"><div class=\"row align-items-center\"><div class=\"col\"><h6><a class=\"text-dark\" href=\"https:\/\/comunidad.comprasdominicana.gob.do\/\/Public\/Tendering\/OpportunityDetail\/Index?noticeUID=DO1.NTC.1411811\" title=\"Ver\" target=\"_blank\">APORDOM-DAF-CD-2024-0025<\/a><\/h6><p class=\"mb-0 bold\">Servicio de Deducible por Reparaci\u00f3n de Veh\u00edculos de esta Autoridad Portuaria.<\/p><p class=\"mb-0\" style=\"font-size: .85rem\"><strong title=\"Estado del Proceso\"><i class=\"fas fa-spinner\"><\/i><\/strong> Proceso adjudicado y celebrado<\/p><p class=\"mb-0\" style=\"font-size: .85rem\"><strong title=\"Fecha de Publicaci\u00f3n\"><i class=\"fas fa-calendar-alt\"><\/i><\/strong> Publicado el mi\u00e9rcoles, 12 de junio de 2024<\/p><\/div><div class=\"col-auto mt-md-0 mt-2\"><a class=\"btn btn-primary btn-lg px-lg-4 d-none d-md-block\" href=\"https:\/\/comunidad.comprasdominicana.gob.do\/\/Public\/Tendering\/OpportunityDetail\/Index?noticeUID=DO1.NTC.1411811\" target=\"_blank\" title=\"Detalles\"><i class=\"fas fa-link\"><\/i> DETALLES<\/a><a class=\"btn btn-primary btn-lg px-lg-4 d-block d-md-none\" href=\"https:\/\/comunidad.comprasdominicana.gob.do\/\/Public\/Tendering\/OpportunityDetail\/Index?noticeUID=DO1.NTC.1411811\" target=\"_blank\" title=\"Detalles\"><i class=\"fas fa-2x fa-link\"><\/i><\/a><\/div><\/div><\/div><div class=\"jumbotron archivos\"><div class=\"row align-items-center\"><div class=\"col\"><h6><a class=\"text-dark\" href=\"https:\/\/comunidad.comprasdominicana.gob.do\/\/Public\/Tendering\/OpportunityDetail\/Index?noticeUID=DO1.NTC.1410340\" title=\"Ver\" target=\"_blank\">APORDOM-DAF-CD-2024-0021<\/a><\/h6><p class=\"mb-0 bold\">Adquisicion de Placas Para Reconocimiento al Premio a La Mejora de los Procesos Portuarios y La Calidad 2024.<\/p><p class=\"mb-0\" style=\"font-size: .85rem\"><strong title=\"Estado del Proceso\"><i class=\"fas fa-spinner\"><\/i><\/strong> Proceso adjudicado y celebrado<\/p><p class=\"mb-0\" style=\"font-size: .85rem\"><strong title=\"Fecha de Publicaci\u00f3n\"><i class=\"fas fa-calendar-alt\"><\/i><\/strong> Publicado el lunes, 10 de junio de 2024<\/p><\/div><div class=\"col-auto mt-md-0 mt-2\"><a class=\"btn btn-primary btn-lg px-lg-4 d-none d-md-block\" href=\"https:\/\/comunidad.comprasdominicana.gob.do\/\/Public\/Tendering\/OpportunityDetail\/Index?noticeUID=DO1.NTC.1410340\" target=\"_blank\" title=\"Detalles\"><i class=\"fas fa-link\"><\/i> DETALLES<\/a><a class=\"btn btn-primary btn-lg px-lg-4 d-block d-md-none\" href=\"https:\/\/comunidad.comprasdominicana.gob.do\/\/Public\/Tendering\/OpportunityDetail\/Index?noticeUID=DO1.NTC.1410340\" target=\"_blank\" title=\"Detalles\"><i class=\"fas fa-2x fa-link\"><\/i><\/a><\/div><\/div><\/div><div class=\"jumbotron archivos\"><div class=\"row align-items-center\"><div class=\"col\"><h6><a class=\"text-dark\" href=\"https:\/\/comunidad.comprasdominicana.gob.do\/\/Public\/Tendering\/OpportunityDetail\/Index?noticeUID=DO1.NTC.1409338\" title=\"Ver\" target=\"_blank\">APORDOM-DAF-CD-2024-0020<\/a><\/h6><p class=\"mb-0 bold\">Adquisici\u00f3n de Caf\u00e9 para uso de APORDOM, dirigido a Mipymes Mujer.<\/p><p class=\"mb-0\" style=\"font-size: .85rem\"><strong title=\"Estado del Proceso\"><i class=\"fas fa-spinner\"><\/i><\/strong> Proceso adjudicado y celebrado<\/p><p class=\"mb-0\" style=\"font-size: .85rem\"><strong title=\"Fecha de Publicaci\u00f3n\"><i class=\"fas fa-calendar-alt\"><\/i><\/strong> Publicado el jueves, 6 de junio de 2024<\/p><\/div><div class=\"col-auto mt-md-0 mt-2\"><a class=\"btn btn-primary btn-lg px-lg-4 d-none d-md-block\" href=\"https:\/\/comunidad.comprasdominicana.gob.do\/\/Public\/Tendering\/OpportunityDetail\/Index?noticeUID=DO1.NTC.1409338\" target=\"_blank\" title=\"Detalles\"><i class=\"fas fa-link\"><\/i> DETALLES<\/a><a class=\"btn btn-primary btn-lg px-lg-4 d-block d-md-none\" href=\"https:\/\/comunidad.comprasdominicana.gob.do\/\/Public\/Tendering\/OpportunityDetail\/Index?noticeUID=DO1.NTC.1409338\" target=\"_blank\" title=\"Detalles\"><i class=\"fas fa-2x fa-link\"><\/i><\/a><\/div><\/div><\/div><\/div><\/div><\/div>\n        <div class=\"card\">\n            <div class=\"card-header parents\" id=\"heading_compras-por-debajo-del-umbral-69eeee772d89c-2024-69eeee772d89c-mayo-69eeee772d89c\">\n                <p class=\"title text-blue mb-0\">\n                    <a class=\"btn-block hover text-left collapsed\" data-toggle=\"collapse\" data-target=\"#collap_compras-por-debajo-del-umbral-69eeee772d89c-2024-69eeee772d89c-mayo-69eeee772d89c\" aria-expanded=\"false\" aria-controls=\"collap_compras-por-debajo-del-umbral-69eeee772d89c-2024-69eeee772d89c-mayo-69eeee772d89c\">Mayo<\/a>\n                <\/p>\n            <\/div>\n            <div id=\"collap_compras-por-debajo-del-umbral-69eeee772d89c-2024-69eeee772d89c-mayo-69eeee772d89c\" class=\"collapse\" aria-labelledby=\"heading_compras-por-debajo-del-umbral-69eeee772d89c-2024-69eeee772d89c-mayo-69eeee772d89c\" data-parent=\"#collap_compras-por-debajo-del-umbral-69eeee772d89c-2024-69eeee772d89c\">\n                <div class=\"card-body\"><div class=\"jumbotron archivos\"><div class=\"row align-items-center\"><div class=\"col\"><h6><a class=\"text-dark\" href=\"https:\/\/comunidad.comprasdominicana.gob.do\/\/Public\/Tendering\/OpportunityDetail\/Index?noticeUID=DO1.NTC.1406042\" title=\"Ver\" target=\"_blank\">APORDOM-DAF-CD-2024-0019<\/a><\/h6><p class=\"mb-0 bold\">Servicio de Almuerzos Preempacados para Comisi\u00f3n de apoyo al Cambio del Sistema Tecnol\u00f3gico de esta APORDOM por dos (2) meses, dirigido a Mipymes.<\/p><p class=\"mb-0\" style=\"font-size: .85rem\"><strong title=\"Estado del Proceso\"><i class=\"fas fa-spinner\"><\/i><\/strong> Proceso adjudicado y celebrado<\/p><p class=\"mb-0\" style=\"font-size: .85rem\"><strong title=\"Fecha de Publicaci\u00f3n\"><i class=\"fas fa-calendar-alt\"><\/i><\/strong> Publicado el martes, 28 de mayo de 2024<\/p><\/div><div class=\"col-auto mt-md-0 mt-2\"><a class=\"btn btn-primary btn-lg px-lg-4 d-none d-md-block\" href=\"https:\/\/comunidad.comprasdominicana.gob.do\/\/Public\/Tendering\/OpportunityDetail\/Index?noticeUID=DO1.NTC.1406042\" target=\"_blank\" title=\"Detalles\"><i class=\"fas fa-link\"><\/i> DETALLES<\/a><a class=\"btn btn-primary btn-lg px-lg-4 d-block d-md-none\" href=\"https:\/\/comunidad.comprasdominicana.gob.do\/\/Public\/Tendering\/OpportunityDetail\/Index?noticeUID=DO1.NTC.1406042\" target=\"_blank\" title=\"Detalles\"><i class=\"fas fa-2x fa-link\"><\/i><\/a><\/div><\/div><\/div><div class=\"jumbotron archivos\"><div class=\"row align-items-center\"><div class=\"col\"><h6><a class=\"text-dark\" href=\"https:\/\/comunidad.comprasdominicana.gob.do\/\/Public\/Tendering\/OpportunityDetail\/Index?noticeUID=DO1.NTC.1398817\" title=\"Ver\" target=\"_blank\">APORDOM-DAF-CD-2024-0017<\/a><\/h6><p class=\"mb-0 bold\">CONTRATACI\u00d3N DE SERVICIO DE MANTENIMIENTOS DE EQUIPOS ODONTOL\u00d3GICOS DE ESTA APORDOM POR 12 MESES<\/p><p class=\"mb-0\" style=\"font-size: .85rem\"><strong title=\"Estado del Proceso\"><i class=\"fas fa-spinner\"><\/i><\/strong> Proceso adjudicado y celebrado<\/p><p class=\"mb-0\" style=\"font-size: .85rem\"><strong title=\"Fecha de Publicaci\u00f3n\"><i class=\"fas fa-calendar-alt\"><\/i><\/strong> Publicado el viernes, 10 de mayo de 2024<\/p><\/div><div class=\"col-auto mt-md-0 mt-2\"><a class=\"btn btn-primary btn-lg px-lg-4 d-none d-md-block\" href=\"https:\/\/comunidad.comprasdominicana.gob.do\/\/Public\/Tendering\/OpportunityDetail\/Index?noticeUID=DO1.NTC.1398817\" target=\"_blank\" title=\"Detalles\"><i class=\"fas fa-link\"><\/i> DETALLES<\/a><a class=\"btn btn-primary btn-lg px-lg-4 d-block d-md-none\" href=\"https:\/\/comunidad.comprasdominicana.gob.do\/\/Public\/Tendering\/OpportunityDetail\/Index?noticeUID=DO1.NTC.1398817\" target=\"_blank\" title=\"Detalles\"><i class=\"fas fa-2x fa-link\"><\/i><\/a><\/div><\/div><\/div><\/div><\/div><\/div>\n        <div class=\"card\">\n            <div class=\"card-header parents\" id=\"heading_compras-por-debajo-del-umbral-69eeee772d89c-2024-69eeee772d89c-abril-69eeee772d89c\">\n                <p class=\"title text-blue mb-0\">\n                    <a class=\"btn-block hover text-left collapsed\" data-toggle=\"collapse\" data-target=\"#collap_compras-por-debajo-del-umbral-69eeee772d89c-2024-69eeee772d89c-abril-69eeee772d89c\" aria-expanded=\"false\" aria-controls=\"collap_compras-por-debajo-del-umbral-69eeee772d89c-2024-69eeee772d89c-abril-69eeee772d89c\">Abril<\/a>\n                <\/p>\n            <\/div>\n            <div id=\"collap_compras-por-debajo-del-umbral-69eeee772d89c-2024-69eeee772d89c-abril-69eeee772d89c\" class=\"collapse\" aria-labelledby=\"heading_compras-por-debajo-del-umbral-69eeee772d89c-2024-69eeee772d89c-abril-69eeee772d89c\" data-parent=\"#collap_compras-por-debajo-del-umbral-69eeee772d89c-2024-69eeee772d89c\">\n                <div class=\"card-body\"><div class=\"jumbotron archivos\"><div class=\"row align-items-center\"><div class=\"col\"><h6><a class=\"text-dark\" href=\"https:\/\/comunidad.comprasdominicana.gob.do\/\/Public\/Tendering\/OpportunityDetail\/Index?noticeUID=DO1.NTC.1393835\" title=\"Ver\" target=\"_blank\">APORDOM-DAF-CD-2024-0010<\/a><\/h6><p class=\"mb-0 bold\">ADQUISICI\u00d3N DE MACETEROS PARA ESTA APORDOM<\/p><p class=\"mb-0\" style=\"font-size: .85rem\"><strong title=\"Estado del Proceso\"><i class=\"fas fa-spinner\"><\/i><\/strong> Proceso adjudicado y celebrado<\/p><p class=\"mb-0\" style=\"font-size: .85rem\"><strong title=\"Fecha de Publicaci\u00f3n\"><i class=\"fas fa-calendar-alt\"><\/i><\/strong> Publicado el martes, 30 de abril de 2024<\/p><\/div><div class=\"col-auto mt-md-0 mt-2\"><a class=\"btn btn-primary btn-lg px-lg-4 d-none d-md-block\" href=\"https:\/\/comunidad.comprasdominicana.gob.do\/\/Public\/Tendering\/OpportunityDetail\/Index?noticeUID=DO1.NTC.1393835\" target=\"_blank\" title=\"Detalles\"><i class=\"fas fa-link\"><\/i> DETALLES<\/a><a class=\"btn btn-primary btn-lg px-lg-4 d-block d-md-none\" href=\"https:\/\/comunidad.comprasdominicana.gob.do\/\/Public\/Tendering\/OpportunityDetail\/Index?noticeUID=DO1.NTC.1393835\" target=\"_blank\" title=\"Detalles\"><i class=\"fas fa-2x fa-link\"><\/i><\/a><\/div><\/div><\/div><div class=\"jumbotron archivos\"><div class=\"row align-items-center\"><div class=\"col\"><h6><a class=\"text-dark\" href=\"https:\/\/comunidad.comprasdominicana.gob.do\/\/Public\/Tendering\/OpportunityDetail\/Index?noticeUID=DO1.NTC.1392931\" title=\"Ver\" target=\"_blank\">APORDOM-DAF-CD-2024-0016<\/a><\/h6><p class=\"mb-0 bold\">Contrataci\u00f3n de Servicios Audiovisuales para uso de APORDOM, dirigido a Mipymes Mujer.<\/p><p class=\"mb-0\" style=\"font-size: .85rem\"><strong title=\"Estado del Proceso\"><i class=\"fas fa-spinner\"><\/i><\/strong> Proceso adjudicado y celebrado<\/p><p class=\"mb-0\" style=\"font-size: .85rem\"><strong title=\"Fecha de Publicaci\u00f3n\"><i class=\"fas fa-calendar-alt\"><\/i><\/strong> Publicado el viernes, 26 de abril de 2024<\/p><\/div><div class=\"col-auto mt-md-0 mt-2\"><a class=\"btn btn-primary btn-lg px-lg-4 d-none d-md-block\" href=\"https:\/\/comunidad.comprasdominicana.gob.do\/\/Public\/Tendering\/OpportunityDetail\/Index?noticeUID=DO1.NTC.1392931\" target=\"_blank\" title=\"Detalles\"><i class=\"fas fa-link\"><\/i> DETALLES<\/a><a class=\"btn btn-primary btn-lg px-lg-4 d-block d-md-none\" href=\"https:\/\/comunidad.comprasdominicana.gob.do\/\/Public\/Tendering\/OpportunityDetail\/Index?noticeUID=DO1.NTC.1392931\" target=\"_blank\" title=\"Detalles\"><i class=\"fas fa-2x fa-link\"><\/i><\/a><\/div><\/div><\/div><div class=\"jumbotron archivos\"><div class=\"row align-items-center\"><div class=\"col\"><h6><a class=\"text-dark\" href=\"https:\/\/comunidad.comprasdominicana.gob.do\/\/Public\/Tendering\/OpportunityDetail\/Index?noticeUID=DO1.NTC.1393428\" title=\"Ver\" target=\"_blank\">APORDOM-DAF-CD-2024-0018<\/a><\/h6><p class=\"mb-0 bold\">CONTRATACI\u00d3N DE EMPRESA PARA IMPARTIR TALLER EDUCATIVO PARA COLABORADORES DE APORDOM.<\/p><p class=\"mb-0\" style=\"font-size: .85rem\"><strong title=\"Estado del Proceso\"><i class=\"fas fa-spinner\"><\/i><\/strong> Proceso adjudicado y celebrado<\/p><p class=\"mb-0\" style=\"font-size: .85rem\"><strong title=\"Fecha de Publicaci\u00f3n\"><i class=\"fas fa-calendar-alt\"><\/i><\/strong> Publicado el viernes, 26 de abril de 2024<\/p><\/div><div class=\"col-auto mt-md-0 mt-2\"><a class=\"btn btn-primary btn-lg px-lg-4 d-none d-md-block\" href=\"https:\/\/comunidad.comprasdominicana.gob.do\/\/Public\/Tendering\/OpportunityDetail\/Index?noticeUID=DO1.NTC.1393428\" target=\"_blank\" title=\"Detalles\"><i class=\"fas fa-link\"><\/i> DETALLES<\/a><a class=\"btn btn-primary btn-lg px-lg-4 d-block d-md-none\" href=\"https:\/\/comunidad.comprasdominicana.gob.do\/\/Public\/Tendering\/OpportunityDetail\/Index?noticeUID=DO1.NTC.1393428\" target=\"_blank\" title=\"Detalles\"><i class=\"fas fa-2x fa-link\"><\/i><\/a><\/div><\/div><\/div><div class=\"jumbotron archivos\"><div class=\"row align-items-center\"><div class=\"col\"><h6><a class=\"text-dark\" href=\"https:\/\/comunidad.comprasdominicana.gob.do\/\/Public\/Tendering\/OpportunityDetail\/Index?noticeUID=DO1.NTC.1391120\" title=\"Ver\" target=\"_blank\">APORDOM-DAF-CD-2024-0015<\/a><\/h6><p class=\"mb-0 bold\">Servicio de Transporte Ejecutivo para Proyecto de Desarrollo Integral Puerto de Haina y Cami\u00f3n de 26 pies para transporte de mobiliarios de esta APORDOM.<\/p><p class=\"mb-0\" style=\"font-size: .85rem\"><strong title=\"Estado del Proceso\"><i class=\"fas fa-spinner\"><\/i><\/strong> Proceso adjudicado y celebrado<\/p><p class=\"mb-0\" style=\"font-size: .85rem\"><strong title=\"Fecha de Publicaci\u00f3n\"><i class=\"fas fa-calendar-alt\"><\/i><\/strong> Publicado el martes, 23 de abril de 2024<\/p><\/div><div class=\"col-auto mt-md-0 mt-2\"><a class=\"btn btn-primary btn-lg px-lg-4 d-none d-md-block\" href=\"https:\/\/comunidad.comprasdominicana.gob.do\/\/Public\/Tendering\/OpportunityDetail\/Index?noticeUID=DO1.NTC.1391120\" target=\"_blank\" title=\"Detalles\"><i class=\"fas fa-link\"><\/i> DETALLES<\/a><a class=\"btn btn-primary btn-lg px-lg-4 d-block d-md-none\" href=\"https:\/\/comunidad.comprasdominicana.gob.do\/\/Public\/Tendering\/OpportunityDetail\/Index?noticeUID=DO1.NTC.1391120\" target=\"_blank\" title=\"Detalles\"><i class=\"fas fa-2x fa-link\"><\/i><\/a><\/div><\/div><\/div><div class=\"jumbotron archivos\"><div class=\"row align-items-center\"><div class=\"col\"><h6><a class=\"text-dark\" href=\"https:\/\/comunidad.comprasdominicana.gob.do\/\/Public\/Tendering\/OpportunityDetail\/Index?noticeUID=DO1.NTC.1386418\" title=\"Ver\" target=\"_blank\">APORDOM-DAF-CD-2024-0014<\/a><\/h6><p class=\"mb-0 bold\">ADQUISICI\u00d3N DE MATERIALES EL\u00c9CTRICOS DECLARADO DESIERTO DEL PROCESO PARA Adquisici\u00f3n de Materiales para Adecuaci\u00f3n de Furgones en Puerto de San Pedro de Macor\u00eds, dirigido a Mipymes<\/p><p class=\"mb-0\" style=\"font-size: .85rem\"><strong title=\"Estado del Proceso\"><i class=\"fas fa-spinner\"><\/i><\/strong> Proceso adjudicado y celebrado<\/p><p class=\"mb-0\" style=\"font-size: .85rem\"><strong title=\"Fecha de Publicaci\u00f3n\"><i class=\"fas fa-calendar-alt\"><\/i><\/strong> Publicado el jueves, 11 de abril de 2024<\/p><\/div><div class=\"col-auto mt-md-0 mt-2\"><a class=\"btn btn-primary btn-lg px-lg-4 d-none d-md-block\" href=\"https:\/\/comunidad.comprasdominicana.gob.do\/\/Public\/Tendering\/OpportunityDetail\/Index?noticeUID=DO1.NTC.1386418\" target=\"_blank\" title=\"Detalles\"><i class=\"fas fa-link\"><\/i> DETALLES<\/a><a class=\"btn btn-primary btn-lg px-lg-4 d-block d-md-none\" href=\"https:\/\/comunidad.comprasdominicana.gob.do\/\/Public\/Tendering\/OpportunityDetail\/Index?noticeUID=DO1.NTC.1386418\" target=\"_blank\" title=\"Detalles\"><i class=\"fas fa-2x fa-link\"><\/i><\/a><\/div><\/div><\/div><div class=\"jumbotron archivos\"><div class=\"row align-items-center\"><div class=\"col\"><h6><a class=\"text-dark\" href=\"https:\/\/comunidad.comprasdominicana.gob.do\/\/Public\/Tendering\/OpportunityDetail\/Index?noticeUID=DO1.NTC.1385906\" title=\"Ver\" target=\"_blank\">APORDOM-DAF-CD-2024-0013<\/a><\/h6><p class=\"mb-0 bold\">ADQUISICI\u00d3N DE ELECTRODOM\u00c9STICO PARA USO DE APORDOM<\/p><p class=\"mb-0\" style=\"font-size: .85rem\"><strong title=\"Estado del Proceso\"><i class=\"fas fa-spinner\"><\/i><\/strong> Proceso adjudicado y celebrado<\/p><p class=\"mb-0\" style=\"font-size: .85rem\"><strong title=\"Fecha de Publicaci\u00f3n\"><i class=\"fas fa-calendar-alt\"><\/i><\/strong> Publicado el mi\u00e9rcoles, 10 de abril de 2024<\/p><\/div><div class=\"col-auto mt-md-0 mt-2\"><a class=\"btn btn-primary btn-lg px-lg-4 d-none d-md-block\" href=\"https:\/\/comunidad.comprasdominicana.gob.do\/\/Public\/Tendering\/OpportunityDetail\/Index?noticeUID=DO1.NTC.1385906\" target=\"_blank\" title=\"Detalles\"><i class=\"fas fa-link\"><\/i> DETALLES<\/a><a class=\"btn btn-primary btn-lg px-lg-4 d-block d-md-none\" href=\"https:\/\/comunidad.comprasdominicana.gob.do\/\/Public\/Tendering\/OpportunityDetail\/Index?noticeUID=DO1.NTC.1385906\" target=\"_blank\" title=\"Detalles\"><i class=\"fas fa-2x fa-link\"><\/i><\/a><\/div><\/div><\/div><div class=\"jumbotron archivos\"><div class=\"row align-items-center\"><div class=\"col\"><h6><a class=\"text-dark\" href=\"https:\/\/comunidad.comprasdominicana.gob.do\/\/Public\/Tendering\/OpportunityDetail\/Index?noticeUID=DO1.NTC.1383234\" title=\"Ver\" target=\"_blank\">APORDOM-DAF-CD-2024-0005<\/a><\/h6><p class=\"mb-0 bold\">SERVICIO DE ALQUILER DE VEH\u00cdCULOS PARA TRASLADOS EN EL MARCO DE LA FERIA SEATRADE  2024<\/p><p class=\"mb-0\" style=\"font-size: .85rem\"><strong title=\"Estado del Proceso\"><i class=\"fas fa-spinner\"><\/i><\/strong> Proceso adjudicado y celebrado<\/p><p class=\"mb-0\" style=\"font-size: .85rem\"><strong title=\"Fecha de Publicaci\u00f3n\"><i class=\"fas fa-calendar-alt\"><\/i><\/strong> Publicado el mi\u00e9rcoles, 3 de abril de 2024<\/p><\/div><div class=\"col-auto mt-md-0 mt-2\"><a class=\"btn btn-primary btn-lg px-lg-4 d-none d-md-block\" href=\"https:\/\/comunidad.comprasdominicana.gob.do\/\/Public\/Tendering\/OpportunityDetail\/Index?noticeUID=DO1.NTC.1383234\" target=\"_blank\" title=\"Detalles\"><i class=\"fas fa-link\"><\/i> DETALLES<\/a><a class=\"btn btn-primary btn-lg px-lg-4 d-block d-md-none\" href=\"https:\/\/comunidad.comprasdominicana.gob.do\/\/Public\/Tendering\/OpportunityDetail\/Index?noticeUID=DO1.NTC.1383234\" target=\"_blank\" title=\"Detalles\"><i class=\"fas fa-2x fa-link\"><\/i><\/a><\/div><\/div><\/div><\/div><\/div><\/div>\n        <div class=\"card\">\n            <div class=\"card-header parents\" id=\"heading_compras-por-debajo-del-umbral-69eeee772d89c-2024-69eeee772d89c-marzo-69eeee772d89c\">\n                <p class=\"title text-blue mb-0\">\n                    <a class=\"btn-block hover text-left collapsed\" data-toggle=\"collapse\" data-target=\"#collap_compras-por-debajo-del-umbral-69eeee772d89c-2024-69eeee772d89c-marzo-69eeee772d89c\" aria-expanded=\"false\" aria-controls=\"collap_compras-por-debajo-del-umbral-69eeee772d89c-2024-69eeee772d89c-marzo-69eeee772d89c\">Marzo<\/a>\n                <\/p>\n            <\/div>\n            <div id=\"collap_compras-por-debajo-del-umbral-69eeee772d89c-2024-69eeee772d89c-marzo-69eeee772d89c\" class=\"collapse\" aria-labelledby=\"heading_compras-por-debajo-del-umbral-69eeee772d89c-2024-69eeee772d89c-marzo-69eeee772d89c\" data-parent=\"#collap_compras-por-debajo-del-umbral-69eeee772d89c-2024-69eeee772d89c\">\n                <div class=\"card-body\"><div class=\"jumbotron archivos\"><div class=\"row align-items-center\"><div class=\"col\"><h6><a class=\"text-dark\" href=\"https:\/\/comunidad.comprasdominicana.gob.do\/\/Public\/Tendering\/OpportunityDetail\/Index?noticeUID=DO1.NTC.1380047\" title=\"Ver\" target=\"_blank\">APORDOM-DAF-CD-2024-0012<\/a><\/h6><p class=\"mb-0 bold\">Adquisici\u00f3n de Materiales El\u00e9ctricos de Alta Tensi\u00f3n para esta APORDOM, dirigido a Mipymes.<\/p><p class=\"mb-0\" style=\"font-size: .85rem\"><strong title=\"Estado del Proceso\"><i class=\"fas fa-spinner\"><\/i><\/strong> Proceso adjudicado y celebrado<\/p><p class=\"mb-0\" style=\"font-size: .85rem\"><strong title=\"Fecha de Publicaci\u00f3n\"><i class=\"fas fa-calendar-alt\"><\/i><\/strong> Publicado el martes, 26 de marzo de 2024<\/p><\/div><div class=\"col-auto mt-md-0 mt-2\"><a class=\"btn btn-primary btn-lg px-lg-4 d-none d-md-block\" href=\"https:\/\/comunidad.comprasdominicana.gob.do\/\/Public\/Tendering\/OpportunityDetail\/Index?noticeUID=DO1.NTC.1380047\" target=\"_blank\" title=\"Detalles\"><i class=\"fas fa-link\"><\/i> DETALLES<\/a><a class=\"btn btn-primary btn-lg px-lg-4 d-block d-md-none\" href=\"https:\/\/comunidad.comprasdominicana.gob.do\/\/Public\/Tendering\/OpportunityDetail\/Index?noticeUID=DO1.NTC.1380047\" target=\"_blank\" title=\"Detalles\"><i class=\"fas fa-2x fa-link\"><\/i><\/a><\/div><\/div><\/div><div class=\"jumbotron archivos\"><div class=\"row align-items-center\"><div class=\"col\"><h6><a class=\"text-dark\" href=\"https:\/\/comunidad.comprasdominicana.gob.do\/\/Public\/Tendering\/OpportunityDetail\/Index?noticeUID=DO1.NTC.1379720\" title=\"Ver\" target=\"_blank\">APORDOM-DAF-CD-2024-0011<\/a><\/h6><p class=\"mb-0 bold\">Adquisici\u00f3n de Neum\u00e1ticos para Camioneta Chevrolet Silverado de esta APORDOM, dirigido a Mipymes.<\/p><p class=\"mb-0\" style=\"font-size: .85rem\"><strong title=\"Estado del Proceso\"><i class=\"fas fa-spinner\"><\/i><\/strong> Proceso adjudicado y celebrado<\/p><p class=\"mb-0\" style=\"font-size: .85rem\"><strong title=\"Fecha de Publicaci\u00f3n\"><i class=\"fas fa-calendar-alt\"><\/i><\/strong> Publicado el martes, 26 de marzo de 2024<\/p><\/div><div class=\"col-auto mt-md-0 mt-2\"><a class=\"btn btn-primary btn-lg px-lg-4 d-none d-md-block\" href=\"https:\/\/comunidad.comprasdominicana.gob.do\/\/Public\/Tendering\/OpportunityDetail\/Index?noticeUID=DO1.NTC.1379720\" target=\"_blank\" title=\"Detalles\"><i class=\"fas fa-link\"><\/i> DETALLES<\/a><a class=\"btn btn-primary btn-lg px-lg-4 d-block d-md-none\" href=\"https:\/\/comunidad.comprasdominicana.gob.do\/\/Public\/Tendering\/OpportunityDetail\/Index?noticeUID=DO1.NTC.1379720\" target=\"_blank\" title=\"Detalles\"><i class=\"fas fa-2x fa-link\"><\/i><\/a><\/div><\/div><\/div><div class=\"jumbotron archivos\"><div class=\"row align-items-center\"><div class=\"col\"><h6><a class=\"text-dark\" href=\"https:\/\/comunidad.comprasdominicana.gob.do\/\/Public\/Tendering\/OpportunityDetail\/Index?noticeUID=DO1.NTC.1378348\" title=\"Ver\" target=\"_blank\">APORDOM-DAF-CD-2024-0006<\/a><\/h6><p class=\"mb-0 bold\">Servicios de Mantenimiento Correctivo, Preventivo y General para Veh\u00edculo de esta APORDOM.<\/p><p class=\"mb-0\" style=\"font-size: .85rem\"><strong title=\"Estado del Proceso\"><i class=\"fas fa-spinner\"><\/i><\/strong> Proceso adjudicado y celebrado<\/p><p class=\"mb-0\" style=\"font-size: .85rem\"><strong title=\"Fecha de Publicaci\u00f3n\"><i class=\"fas fa-calendar-alt\"><\/i><\/strong> Publicado el jueves, 21 de marzo de 2024<\/p><\/div><div class=\"col-auto mt-md-0 mt-2\"><a class=\"btn btn-primary btn-lg px-lg-4 d-none d-md-block\" href=\"https:\/\/comunidad.comprasdominicana.gob.do\/\/Public\/Tendering\/OpportunityDetail\/Index?noticeUID=DO1.NTC.1378348\" target=\"_blank\" title=\"Detalles\"><i class=\"fas fa-link\"><\/i> DETALLES<\/a><a class=\"btn btn-primary btn-lg px-lg-4 d-block d-md-none\" href=\"https:\/\/comunidad.comprasdominicana.gob.do\/\/Public\/Tendering\/OpportunityDetail\/Index?noticeUID=DO1.NTC.1378348\" target=\"_blank\" title=\"Detalles\"><i class=\"fas fa-2x fa-link\"><\/i><\/a><\/div><\/div><\/div><div class=\"jumbotron archivos\"><div class=\"row align-items-center\"><div class=\"col\"><h6><a class=\"text-dark\" href=\"https:\/\/comunidad.comprasdominicana.gob.do\/\/Public\/Tendering\/OpportunityDetail\/Index?noticeUID=DO1.NTC.1377439\" title=\"Ver\" target=\"_blank\">APORDOM-DAF-CD-2024-0008<\/a><\/h6><p class=\"mb-0 bold\">Servicio de Almuerzos Preempacados para esta APORDOM, dirigido a Mipymes.<\/p><p class=\"mb-0\" style=\"font-size: .85rem\"><strong title=\"Estado del Proceso\"><i class=\"fas fa-spinner\"><\/i><\/strong> Proceso adjudicado y celebrado<\/p><p class=\"mb-0\" style=\"font-size: .85rem\"><strong title=\"Fecha de Publicaci\u00f3n\"><i class=\"fas fa-calendar-alt\"><\/i><\/strong> Publicado el mi\u00e9rcoles, 20 de marzo de 2024<\/p><\/div><div class=\"col-auto mt-md-0 mt-2\"><a class=\"btn btn-primary btn-lg px-lg-4 d-none d-md-block\" href=\"https:\/\/comunidad.comprasdominicana.gob.do\/\/Public\/Tendering\/OpportunityDetail\/Index?noticeUID=DO1.NTC.1377439\" target=\"_blank\" title=\"Detalles\"><i class=\"fas fa-link\"><\/i> DETALLES<\/a><a class=\"btn btn-primary btn-lg px-lg-4 d-block d-md-none\" href=\"https:\/\/comunidad.comprasdominicana.gob.do\/\/Public\/Tendering\/OpportunityDetail\/Index?noticeUID=DO1.NTC.1377439\" target=\"_blank\" title=\"Detalles\"><i class=\"fas fa-2x fa-link\"><\/i><\/a><\/div><\/div><\/div><div class=\"jumbotron archivos\"><div class=\"row align-items-center\"><div class=\"col\"><h6><a class=\"text-dark\" href=\"https:\/\/comunidad.comprasdominicana.gob.do\/\/Public\/Tendering\/OpportunityDetail\/Index?noticeUID=DO1.NTC.1377216\" title=\"Ver\" target=\"_blank\">APORDOM-DAF-CD-2024-0007<\/a><\/h6><p class=\"mb-0 bold\">CONTRATACI\u00d3N DE SERVICIOS DE CORONAS PARA OFRENDAS FLORALES Y ARREGLOS DE FLORES PARA USO DE APORDOM, POR 12 MESES, DIRIGIDO A MIPYMES MUJER.<\/p><p class=\"mb-0\" style=\"font-size: .85rem\"><strong title=\"Estado del Proceso\"><i class=\"fas fa-spinner\"><\/i><\/strong> Proceso adjudicado y celebrado<\/p><p class=\"mb-0\" style=\"font-size: .85rem\"><strong title=\"Fecha de Publicaci\u00f3n\"><i class=\"fas fa-calendar-alt\"><\/i><\/strong> Publicado el martes, 19 de marzo de 2024<\/p><\/div><div class=\"col-auto mt-md-0 mt-2\"><a class=\"btn btn-primary btn-lg px-lg-4 d-none d-md-block\" href=\"https:\/\/comunidad.comprasdominicana.gob.do\/\/Public\/Tendering\/OpportunityDetail\/Index?noticeUID=DO1.NTC.1377216\" target=\"_blank\" title=\"Detalles\"><i class=\"fas fa-link\"><\/i> DETALLES<\/a><a class=\"btn btn-primary btn-lg px-lg-4 d-block d-md-none\" href=\"https:\/\/comunidad.comprasdominicana.gob.do\/\/Public\/Tendering\/OpportunityDetail\/Index?noticeUID=DO1.NTC.1377216\" target=\"_blank\" title=\"Detalles\"><i class=\"fas fa-2x fa-link\"><\/i><\/a><\/div><\/div><\/div><div class=\"jumbotron archivos\"><div class=\"row align-items-center\"><div class=\"col\"><h6><a class=\"text-dark\" href=\"https:\/\/comunidad.comprasdominicana.gob.do\/\/Public\/Tendering\/OpportunityDetail\/Index?noticeUID=DO1.NTC.1376521\" title=\"Ver\" target=\"_blank\">APORDOM-DAF-CD-2024-0009<\/a><\/h6><p class=\"mb-0 bold\">Adquisici\u00f3n de Materiales para Adecuaci\u00f3n de Furgones en Puerto de San Pedro de Macor\u00eds, dirigido a Mipymes.<\/p><p class=\"mb-0\" style=\"font-size: .85rem\"><strong title=\"Estado del Proceso\"><i class=\"fas fa-spinner\"><\/i><\/strong> Proceso adjudicado y celebrado<\/p><p class=\"mb-0\" style=\"font-size: .85rem\"><strong title=\"Fecha de Publicaci\u00f3n\"><i class=\"fas fa-calendar-alt\"><\/i><\/strong> Publicado el lunes, 18 de marzo de 2024<\/p><\/div><div class=\"col-auto mt-md-0 mt-2\"><a class=\"btn btn-primary btn-lg px-lg-4 d-none d-md-block\" href=\"https:\/\/comunidad.comprasdominicana.gob.do\/\/Public\/Tendering\/OpportunityDetail\/Index?noticeUID=DO1.NTC.1376521\" target=\"_blank\" title=\"Detalles\"><i class=\"fas fa-link\"><\/i> DETALLES<\/a><a class=\"btn btn-primary btn-lg px-lg-4 d-block d-md-none\" href=\"https:\/\/comunidad.comprasdominicana.gob.do\/\/Public\/Tendering\/OpportunityDetail\/Index?noticeUID=DO1.NTC.1376521\" target=\"_blank\" title=\"Detalles\"><i class=\"fas fa-2x fa-link\"><\/i><\/a><\/div><\/div><\/div><div class=\"jumbotron archivos\"><div class=\"row align-items-center\"><div class=\"col\"><h6><a class=\"text-dark\" href=\"https:\/\/comunidad.comprasdominicana.gob.do\/\/Public\/Tendering\/OpportunityDetail\/Index?noticeUID=DO1.NTC.1372119\" title=\"Ver\" target=\"_blank\">APORDOM-UC-CD-2024-0003<\/a><\/h6><p class=\"mb-0 bold\">Adquisici\u00f3n de Utensilios de Cocina para esta APORDOM, dirigido a Mipymes Mujer.<\/p><p class=\"mb-0\" style=\"font-size: .85rem\"><strong title=\"Estado del Proceso\"><i class=\"fas fa-spinner\"><\/i><\/strong> Proceso adjudicado y celebrado<\/p><p class=\"mb-0\" style=\"font-size: .85rem\"><strong title=\"Fecha de Publicaci\u00f3n\"><i class=\"fas fa-calendar-alt\"><\/i><\/strong> Publicado el jueves, 7 de marzo de 2024<\/p><\/div><div class=\"col-auto mt-md-0 mt-2\"><a class=\"btn btn-primary btn-lg px-lg-4 d-none d-md-block\" href=\"https:\/\/comunidad.comprasdominicana.gob.do\/\/Public\/Tendering\/OpportunityDetail\/Index?noticeUID=DO1.NTC.1372119\" target=\"_blank\" title=\"Detalles\"><i class=\"fas fa-link\"><\/i> DETALLES<\/a><a class=\"btn btn-primary btn-lg px-lg-4 d-block d-md-none\" href=\"https:\/\/comunidad.comprasdominicana.gob.do\/\/Public\/Tendering\/OpportunityDetail\/Index?noticeUID=DO1.NTC.1372119\" target=\"_blank\" title=\"Detalles\"><i class=\"fas fa-2x fa-link\"><\/i><\/a><\/div><\/div><\/div><\/div><\/div><\/div>\n        <div class=\"card\">\n            <div class=\"card-header parents\" id=\"heading_compras-por-debajo-del-umbral-69eeee772d89c-2024-69eeee772d89c-febrero-69eeee772d89c\">\n                <p class=\"title text-blue mb-0\">\n                    <a class=\"btn-block hover text-left collapsed\" data-toggle=\"collapse\" data-target=\"#collap_compras-por-debajo-del-umbral-69eeee772d89c-2024-69eeee772d89c-febrero-69eeee772d89c\" aria-expanded=\"false\" aria-controls=\"collap_compras-por-debajo-del-umbral-69eeee772d89c-2024-69eeee772d89c-febrero-69eeee772d89c\">Febrero<\/a>\n                <\/p>\n            <\/div>\n            <div id=\"collap_compras-por-debajo-del-umbral-69eeee772d89c-2024-69eeee772d89c-febrero-69eeee772d89c\" class=\"collapse\" aria-labelledby=\"heading_compras-por-debajo-del-umbral-69eeee772d89c-2024-69eeee772d89c-febrero-69eeee772d89c\" data-parent=\"#collap_compras-por-debajo-del-umbral-69eeee772d89c-2024-69eeee772d89c\">\n                <div class=\"card-body\"><div class=\"jumbotron archivos\"><div class=\"row align-items-center\"><div class=\"col\"><h6><a class=\"text-dark\" href=\"https:\/\/comunidad.comprasdominicana.gob.do\/\/Public\/Tendering\/OpportunityDetail\/Index?noticeUID=DO1.NTC.1367924\" title=\"Ver\" target=\"_blank\">APORDOM-DAF-CD-2024-0003<\/a><\/h6><p class=\"mb-0 bold\">Servicio de encuadernaci\u00f3n, impresi\u00f3n, banners y formularios de esta APORDOM<\/p><p class=\"mb-0\" style=\"font-size: .85rem\"><strong title=\"Estado del Proceso\"><i class=\"fas fa-spinner\"><\/i><\/strong> Proceso adjudicado y celebrado<\/p><p class=\"mb-0\" style=\"font-size: .85rem\"><strong title=\"Fecha de Publicaci\u00f3n\"><i class=\"fas fa-calendar-alt\"><\/i><\/strong> Publicado el lunes, 26 de febrero de 2024<\/p><\/div><div class=\"col-auto mt-md-0 mt-2\"><a class=\"btn btn-primary btn-lg px-lg-4 d-none d-md-block\" href=\"https:\/\/comunidad.comprasdominicana.gob.do\/\/Public\/Tendering\/OpportunityDetail\/Index?noticeUID=DO1.NTC.1367924\" target=\"_blank\" title=\"Detalles\"><i class=\"fas fa-link\"><\/i> DETALLES<\/a><a class=\"btn btn-primary btn-lg px-lg-4 d-block d-md-none\" href=\"https:\/\/comunidad.comprasdominicana.gob.do\/\/Public\/Tendering\/OpportunityDetail\/Index?noticeUID=DO1.NTC.1367924\" target=\"_blank\" title=\"Detalles\"><i class=\"fas fa-2x fa-link\"><\/i><\/a><\/div><\/div><\/div><div class=\"jumbotron archivos\"><div class=\"row align-items-center\"><div class=\"col\"><h6><a class=\"text-dark\" href=\"https:\/\/comunidad.comprasdominicana.gob.do\/\/Public\/Tendering\/OpportunityDetail\/Index?noticeUID=DO1.NTC.1367345\" title=\"Ver\" target=\"_blank\">APORDOM-DAF-CD-2024-0004<\/a><\/h6><p class=\"mb-0 bold\">Servicio de Filmaci\u00f3n y Edici\u00f3n de Audiovisuales de esta APORDOM.<\/p><p class=\"mb-0\" style=\"font-size: .85rem\"><strong title=\"Estado del Proceso\"><i class=\"fas fa-spinner\"><\/i><\/strong> Proceso adjudicado y celebrado<\/p><p class=\"mb-0\" style=\"font-size: .85rem\"><strong title=\"Fecha de Publicaci\u00f3n\"><i class=\"fas fa-calendar-alt\"><\/i><\/strong> Publicado el viernes, 23 de febrero de 2024<\/p><\/div><div class=\"col-auto mt-md-0 mt-2\"><a class=\"btn btn-primary btn-lg px-lg-4 d-none d-md-block\" href=\"https:\/\/comunidad.comprasdominicana.gob.do\/\/Public\/Tendering\/OpportunityDetail\/Index?noticeUID=DO1.NTC.1367345\" target=\"_blank\" title=\"Detalles\"><i class=\"fas fa-link\"><\/i> DETALLES<\/a><a class=\"btn btn-primary btn-lg px-lg-4 d-block d-md-none\" href=\"https:\/\/comunidad.comprasdominicana.gob.do\/\/Public\/Tendering\/OpportunityDetail\/Index?noticeUID=DO1.NTC.1367345\" target=\"_blank\" title=\"Detalles\"><i class=\"fas fa-2x fa-link\"><\/i><\/a><\/div><\/div><\/div><div class=\"jumbotron archivos\"><div class=\"row align-items-center\"><div class=\"col\"><h6><a class=\"text-dark\" href=\"https:\/\/comunidad.comprasdominicana.gob.do\/\/Public\/Tendering\/OpportunityDetail\/Index?noticeUID=DO1.NTC.1366204\" title=\"Ver\" target=\"_blank\">APORDOM-UC-CD-2024-0002<\/a><\/h6><p class=\"mb-0 bold\">Adquisici\u00f3n de Municiones y Art\u00edculos de Limpieza para Armas de Fuego.<\/p><p class=\"mb-0\" style=\"font-size: .85rem\"><strong title=\"Estado del Proceso\"><i class=\"fas fa-spinner\"><\/i><\/strong> Proceso adjudicado y celebrado<\/p><p class=\"mb-0\" style=\"font-size: .85rem\"><strong title=\"Fecha de Publicaci\u00f3n\"><i class=\"fas fa-calendar-alt\"><\/i><\/strong> Publicado el mi\u00e9rcoles, 21 de febrero de 2024<\/p><\/div><div class=\"col-auto mt-md-0 mt-2\"><a class=\"btn btn-primary btn-lg px-lg-4 d-none d-md-block\" href=\"https:\/\/comunidad.comprasdominicana.gob.do\/\/Public\/Tendering\/OpportunityDetail\/Index?noticeUID=DO1.NTC.1366204\" target=\"_blank\" title=\"Detalles\"><i class=\"fas fa-link\"><\/i> DETALLES<\/a><a class=\"btn btn-primary btn-lg px-lg-4 d-block d-md-none\" href=\"https:\/\/comunidad.comprasdominicana.gob.do\/\/Public\/Tendering\/OpportunityDetail\/Index?noticeUID=DO1.NTC.1366204\" target=\"_blank\" title=\"Detalles\"><i class=\"fas fa-2x fa-link\"><\/i><\/a><\/div><\/div><\/div><div class=\"jumbotron archivos\"><div class=\"row align-items-center\"><div class=\"col\"><h6><a class=\"text-dark\" href=\"https:\/\/comunidad.comprasdominicana.gob.do\/\/Public\/Tendering\/OpportunityDetail\/Index?noticeUID=DO1.NTC.1365032\" title=\"Ver\" target=\"_blank\">APORDOM-DAF-CD-2024-0002<\/a><\/h6><p class=\"mb-0 bold\">Adquisici\u00f3n de Mesa de Conferencia y Credenza, para Sal\u00f3n del Consejo de esta APORDOM, dirigido a Mipymes.<\/p><p class=\"mb-0\" style=\"font-size: .85rem\"><strong title=\"Estado del Proceso\"><i class=\"fas fa-spinner\"><\/i><\/strong> Proceso adjudicado y celebrado<\/p><p class=\"mb-0\" style=\"font-size: .85rem\"><strong title=\"Fecha de Publicaci\u00f3n\"><i class=\"fas fa-calendar-alt\"><\/i><\/strong> Publicado el lunes, 19 de febrero de 2024<\/p><\/div><div class=\"col-auto mt-md-0 mt-2\"><a class=\"btn btn-primary btn-lg px-lg-4 d-none d-md-block\" href=\"https:\/\/comunidad.comprasdominicana.gob.do\/\/Public\/Tendering\/OpportunityDetail\/Index?noticeUID=DO1.NTC.1365032\" target=\"_blank\" title=\"Detalles\"><i class=\"fas fa-link\"><\/i> DETALLES<\/a><a class=\"btn btn-primary btn-lg px-lg-4 d-block d-md-none\" href=\"https:\/\/comunidad.comprasdominicana.gob.do\/\/Public\/Tendering\/OpportunityDetail\/Index?noticeUID=DO1.NTC.1365032\" target=\"_blank\" title=\"Detalles\"><i class=\"fas fa-2x fa-link\"><\/i><\/a><\/div><\/div><\/div><div class=\"jumbotron archivos\"><div class=\"row align-items-center\"><div class=\"col\"><h6><a class=\"text-dark\" href=\"https:\/\/comunidad.comprasdominicana.gob.do\/\/Public\/Tendering\/OpportunityDetail\/Index?noticeUID=DO1.NTC.1364826\" title=\"Ver\" target=\"_blank\">APORDOM-DAF-CD-2024-0001<\/a><\/h6><p class=\"mb-0 bold\">Adquisici\u00f3n de Puertas de Polimetal para esta APORDOM, dirigido a Mipymes.<\/p><p class=\"mb-0\" style=\"font-size: .85rem\"><strong title=\"Estado del Proceso\"><i class=\"fas fa-spinner\"><\/i><\/strong> Proceso adjudicado y celebrado<\/p><p class=\"mb-0\" style=\"font-size: .85rem\"><strong title=\"Fecha de Publicaci\u00f3n\"><i class=\"fas fa-calendar-alt\"><\/i><\/strong> Publicado el lunes, 19 de febrero de 2024<\/p><\/div><div class=\"col-auto mt-md-0 mt-2\"><a class=\"btn btn-primary btn-lg px-lg-4 d-none d-md-block\" href=\"https:\/\/comunidad.comprasdominicana.gob.do\/\/Public\/Tendering\/OpportunityDetail\/Index?noticeUID=DO1.NTC.1364826\" target=\"_blank\" title=\"Detalles\"><i class=\"fas fa-link\"><\/i> DETALLES<\/a><a class=\"btn btn-primary btn-lg px-lg-4 d-block d-md-none\" href=\"https:\/\/comunidad.comprasdominicana.gob.do\/\/Public\/Tendering\/OpportunityDetail\/Index?noticeUID=DO1.NTC.1364826\" target=\"_blank\" title=\"Detalles\"><i class=\"fas fa-2x fa-link\"><\/i><\/a><\/div><\/div><\/div><div class=\"jumbotron archivos\"><div class=\"row align-items-center\"><div class=\"col\"><h6><a class=\"text-dark\" href=\"https:\/\/comunidad.comprasdominicana.gob.do\/\/Public\/Tendering\/OpportunityDetail\/Index?noticeUID=DO1.NTC.1359128\" title=\"Ver\" target=\"_blank\">APORDOM-UC-CD-2024-0005<\/a><\/h6><p class=\"mb-0 bold\">CAJAS DE ALMACENAMIENTO PARA DIFERENTES DEPARTAMENTOS DE ESTA APORDOM DIRIGIDO A MIPYME MUJER<\/p><p class=\"mb-0\" style=\"font-size: .85rem\"><strong title=\"Estado del Proceso\"><i class=\"fas fa-spinner\"><\/i><\/strong> Proceso adjudicado y celebrado<\/p><p class=\"mb-0\" style=\"font-size: .85rem\"><strong title=\"Fecha de Publicaci\u00f3n\"><i class=\"fas fa-calendar-alt\"><\/i><\/strong> Publicado el mi\u00e9rcoles, 7 de febrero de 2024<\/p><\/div><div class=\"col-auto mt-md-0 mt-2\"><a class=\"btn btn-primary btn-lg px-lg-4 d-none d-md-block\" href=\"https:\/\/comunidad.comprasdominicana.gob.do\/\/Public\/Tendering\/OpportunityDetail\/Index?noticeUID=DO1.NTC.1359128\" target=\"_blank\" title=\"Detalles\"><i class=\"fas fa-link\"><\/i> DETALLES<\/a><a class=\"btn btn-primary btn-lg px-lg-4 d-block d-md-none\" href=\"https:\/\/comunidad.comprasdominicana.gob.do\/\/Public\/Tendering\/OpportunityDetail\/Index?noticeUID=DO1.NTC.1359128\" target=\"_blank\" title=\"Detalles\"><i class=\"fas fa-2x fa-link\"><\/i><\/a><\/div><\/div><\/div><div class=\"jumbotron archivos\"><div class=\"row align-items-center\"><div class=\"col\"><h6><a class=\"text-dark\" href=\"https:\/\/comunidad.comprasdominicana.gob.do\/\/Public\/Tendering\/OpportunityDetail\/Index?noticeUID=DO1.NTC.1358958\" title=\"Ver\" target=\"_blank\">APORDOM-UC-CD-2024-0004<\/a><\/h6><p class=\"mb-0 bold\">ADQUISICI\u00d3N DE ANAQUELES PARA DIFERENTES DEPARTAMENTOS DE ESTA APORDOM, DIRIGIDO A MIPYME MUJER<\/p><p class=\"mb-0\" style=\"font-size: .85rem\"><strong title=\"Estado del Proceso\"><i class=\"fas fa-spinner\"><\/i><\/strong> Proceso adjudicado y celebrado<\/p><p class=\"mb-0\" style=\"font-size: .85rem\"><strong title=\"Fecha de Publicaci\u00f3n\"><i class=\"fas fa-calendar-alt\"><\/i><\/strong> Publicado el martes, 6 de febrero de 2024<\/p><\/div><div class=\"col-auto mt-md-0 mt-2\"><a class=\"btn btn-primary btn-lg px-lg-4 d-none d-md-block\" href=\"https:\/\/comunidad.comprasdominicana.gob.do\/\/Public\/Tendering\/OpportunityDetail\/Index?noticeUID=DO1.NTC.1358958\" target=\"_blank\" title=\"Detalles\"><i class=\"fas fa-link\"><\/i> DETALLES<\/a><a class=\"btn btn-primary btn-lg px-lg-4 d-block d-md-none\" href=\"https:\/\/comunidad.comprasdominicana.gob.do\/\/Public\/Tendering\/OpportunityDetail\/Index?noticeUID=DO1.NTC.1358958\" target=\"_blank\" title=\"Detalles\"><i class=\"fas fa-2x fa-link\"><\/i><\/a><\/div><\/div><\/div><\/div><\/div><\/div>\n        <div class=\"card\">\n            <div class=\"card-header parents\" id=\"heading_compras-por-debajo-del-umbral-69eeee772d89c-2024-69eeee772d89c-enero-69eeee772d89c\">\n                <p class=\"title text-blue mb-0\">\n                    <a class=\"btn-block hover text-left collapsed\" data-toggle=\"collapse\" data-target=\"#collap_compras-por-debajo-del-umbral-69eeee772d89c-2024-69eeee772d89c-enero-69eeee772d89c\" aria-expanded=\"false\" aria-controls=\"collap_compras-por-debajo-del-umbral-69eeee772d89c-2024-69eeee772d89c-enero-69eeee772d89c\">Enero<\/a>\n                <\/p>\n            <\/div>\n            <div id=\"collap_compras-por-debajo-del-umbral-69eeee772d89c-2024-69eeee772d89c-enero-69eeee772d89c\" class=\"collapse\" aria-labelledby=\"heading_compras-por-debajo-del-umbral-69eeee772d89c-2024-69eeee772d89c-enero-69eeee772d89c\" data-parent=\"#collap_compras-por-debajo-del-umbral-69eeee772d89c-2024-69eeee772d89c\">\n                <div class=\"card-body\"><div class=\"jumbotron archivos\"><div class=\"row align-items-center\"><div class=\"col\"><h6><a class=\"text-dark\" href=\"https:\/\/comunidad.comprasdominicana.gob.do\/\/Public\/Tendering\/OpportunityDetail\/Index?noticeUID=DO1.NTC.1356419\" title=\"Ver\" target=\"_blank\">APORDOM-UC-CD-2024-0001<\/a><\/h6><p class=\"mb-0 bold\">ADQUISICION DE CAF\u00c9 PARA USO DE APORDOM, DIRIGIDO A MIPYMES MUJER<\/p><p class=\"mb-0\" style=\"font-size: .85rem\"><strong title=\"Estado del Proceso\"><i class=\"fas fa-spinner\"><\/i><\/strong> Proceso adjudicado y celebrado<\/p><p class=\"mb-0\" style=\"font-size: .85rem\"><strong title=\"Fecha de Publicaci\u00f3n\"><i class=\"fas fa-calendar-alt\"><\/i><\/strong> Publicado el mi\u00e9rcoles, 31 de enero de 2024<\/p><\/div><div class=\"col-auto mt-md-0 mt-2\"><a class=\"btn btn-primary btn-lg px-lg-4 d-none d-md-block\" href=\"https:\/\/comunidad.comprasdominicana.gob.do\/\/Public\/Tendering\/OpportunityDetail\/Index?noticeUID=DO1.NTC.1356419\" target=\"_blank\" title=\"Detalles\"><i class=\"fas fa-link\"><\/i> DETALLES<\/a><a class=\"btn btn-primary btn-lg px-lg-4 d-block d-md-none\" href=\"https:\/\/comunidad.comprasdominicana.gob.do\/\/Public\/Tendering\/OpportunityDetail\/Index?noticeUID=DO1.NTC.1356419\" target=\"_blank\" title=\"Detalles\"><i class=\"fas fa-2x fa-link\"><\/i><\/a><\/div><\/div><\/div><\/div><\/div><\/div><\/div><\/div><\/div>\n        <div class=\"card\">\n            <div class=\"card-header parents\" id=\"heading_compras-por-debajo-del-umbral-69eeee772d89c-2023-69eeee772d89c\">\n                <p class=\"title text-blue mb-0\">\n                    <a class=\"btn-block hover text-left collapsed\" data-toggle=\"collapse\" data-target=\"#collap_compras-por-debajo-del-umbral-69eeee772d89c-2023-69eeee772d89c\" aria-expanded=\"false\" aria-controls=\"collap_compras-por-debajo-del-umbral-69eeee772d89c-2023-69eeee772d89c\">2023<\/a>\n                <\/p>\n            <\/div>\n            <div id=\"collap_compras-por-debajo-del-umbral-69eeee772d89c-2023-69eeee772d89c\" class=\"collapse\" aria-labelledby=\"heading_compras-por-debajo-del-umbral-69eeee772d89c-2023-69eeee772d89c\" data-parent=\"#collap_compras-por-debajo-del-umbral-69eeee772d89c\">\n                <div class=\"card-body\">\n        <div class=\"card\">\n            <div class=\"card-header parents\" id=\"heading_compras-por-debajo-del-umbral-69eeee772d89c-2023-69eeee772d89c-diciembre-69eeee772d89c\">\n                <p class=\"title text-blue mb-0\">\n                    <a class=\"btn-block hover text-left collapsed\" data-toggle=\"collapse\" data-target=\"#collap_compras-por-debajo-del-umbral-69eeee772d89c-2023-69eeee772d89c-diciembre-69eeee772d89c\" aria-expanded=\"false\" aria-controls=\"collap_compras-por-debajo-del-umbral-69eeee772d89c-2023-69eeee772d89c-diciembre-69eeee772d89c\">Diciembre<\/a>\n                <\/p>\n            <\/div>\n            <div id=\"collap_compras-por-debajo-del-umbral-69eeee772d89c-2023-69eeee772d89c-diciembre-69eeee772d89c\" class=\"collapse\" aria-labelledby=\"heading_compras-por-debajo-del-umbral-69eeee772d89c-2023-69eeee772d89c-diciembre-69eeee772d89c\" data-parent=\"#collap_compras-por-debajo-del-umbral-69eeee772d89c-2023-69eeee772d89c\">\n                <div class=\"card-body\"><div class=\"jumbotron archivos\"><div class=\"row align-items-center\"><div class=\"col\"><h6><a class=\"text-dark\" href=\"https:\/\/comunidad.comprasdominicana.gob.do\/\/Public\/Tendering\/OpportunityDetail\/Index?noticeUID=DO1.NTC.1340012\" title=\"Ver\" target=\"_blank\">APORDOM-UC-CD-2023-0066<\/a><\/h6><p class=\"mb-0 bold\">ADQUISICI\u00d3N DE MACETEROS Y  PALOS DE BRASIL PARA USO DE ESTA APORDOM, DIRIGIDO A MIPYMES<\/p><p class=\"mb-0\" style=\"font-size: .85rem\"><strong title=\"Estado del Proceso\"><i class=\"fas fa-spinner\"><\/i><\/strong> Proceso adjudicado y celebrado<\/p><p class=\"mb-0\" style=\"font-size: .85rem\"><strong title=\"Fecha de Publicaci\u00f3n\"><i class=\"fas fa-calendar-alt\"><\/i><\/strong> Publicado el mi\u00e9rcoles, 27 de diciembre de 2023<\/p><\/div><div class=\"col-auto mt-md-0 mt-2\"><a class=\"btn btn-primary btn-lg px-lg-4 d-none d-md-block\" href=\"https:\/\/comunidad.comprasdominicana.gob.do\/\/Public\/Tendering\/OpportunityDetail\/Index?noticeUID=DO1.NTC.1340012\" target=\"_blank\" title=\"Detalles\"><i class=\"fas fa-link\"><\/i> DETALLES<\/a><a class=\"btn btn-primary btn-lg px-lg-4 d-block d-md-none\" href=\"https:\/\/comunidad.comprasdominicana.gob.do\/\/Public\/Tendering\/OpportunityDetail\/Index?noticeUID=DO1.NTC.1340012\" target=\"_blank\" title=\"Detalles\"><i class=\"fas fa-2x fa-link\"><\/i><\/a><\/div><\/div><\/div><div class=\"jumbotron archivos\"><div class=\"row align-items-center\"><div class=\"col\"><h6><a class=\"text-dark\" href=\"https:\/\/comunidad.comprasdominicana.gob.do\/\/Public\/Tendering\/OpportunityDetail\/Index?noticeUID=DO1.NTC.1339404\" title=\"Ver\" target=\"_blank\">APORDOM-UC-CD-2023-0067<\/a><\/h6><p class=\"mb-0 bold\">ADQUISICION DE ARTICULOS DESECHABLES PARA USO DE APORDOM<\/p><p class=\"mb-0\" style=\"font-size: .85rem\"><strong title=\"Estado del Proceso\"><i class=\"fas fa-spinner\"><\/i><\/strong> Proceso adjudicado y celebrado<\/p><p class=\"mb-0\" style=\"font-size: .85rem\"><strong title=\"Fecha de Publicaci\u00f3n\"><i class=\"fas fa-calendar-alt\"><\/i><\/strong> Publicado el martes, 26 de diciembre de 2023<\/p><\/div><div class=\"col-auto mt-md-0 mt-2\"><a class=\"btn btn-primary btn-lg px-lg-4 d-none d-md-block\" href=\"https:\/\/comunidad.comprasdominicana.gob.do\/\/Public\/Tendering\/OpportunityDetail\/Index?noticeUID=DO1.NTC.1339404\" target=\"_blank\" title=\"Detalles\"><i class=\"fas fa-link\"><\/i> DETALLES<\/a><a class=\"btn btn-primary btn-lg px-lg-4 d-block d-md-none\" href=\"https:\/\/comunidad.comprasdominicana.gob.do\/\/Public\/Tendering\/OpportunityDetail\/Index?noticeUID=DO1.NTC.1339404\" target=\"_blank\" title=\"Detalles\"><i class=\"fas fa-2x fa-link\"><\/i><\/a><\/div><\/div><\/div><div class=\"jumbotron archivos\"><div class=\"row align-items-center\"><div class=\"col\"><h6><a class=\"text-dark\" href=\"https:\/\/comunidad.comprasdominicana.gob.do\/\/Public\/Tendering\/OpportunityDetail\/Index?noticeUID=DO1.NTC.1334453\" title=\"Ver\" target=\"_blank\">APORDOM-UC-CD-2023-0065<\/a><\/h6><p class=\"mb-0 bold\">ADQUISICION DE ARTICULOS PARA AUTOBUSES DE ESTA APORDOM<\/p><p class=\"mb-0\" style=\"font-size: .85rem\"><strong title=\"Estado del Proceso\"><i class=\"fas fa-spinner\"><\/i><\/strong> Proceso adjudicado y celebrado<\/p><p class=\"mb-0\" style=\"font-size: .85rem\"><strong title=\"Fecha de Publicaci\u00f3n\"><i class=\"fas fa-calendar-alt\"><\/i><\/strong> Publicado el mi\u00e9rcoles, 13 de diciembre de 2023<\/p><\/div><div class=\"col-auto mt-md-0 mt-2\"><a class=\"btn btn-primary btn-lg px-lg-4 d-none d-md-block\" href=\"https:\/\/comunidad.comprasdominicana.gob.do\/\/Public\/Tendering\/OpportunityDetail\/Index?noticeUID=DO1.NTC.1334453\" target=\"_blank\" title=\"Detalles\"><i class=\"fas fa-link\"><\/i> DETALLES<\/a><a class=\"btn btn-primary btn-lg px-lg-4 d-block d-md-none\" href=\"https:\/\/comunidad.comprasdominicana.gob.do\/\/Public\/Tendering\/OpportunityDetail\/Index?noticeUID=DO1.NTC.1334453\" target=\"_blank\" title=\"Detalles\"><i class=\"fas fa-2x fa-link\"><\/i><\/a><\/div><\/div><\/div><div class=\"jumbotron archivos\"><div class=\"row align-items-center\"><div class=\"col\"><h6><a class=\"text-dark\" href=\"https:\/\/comunidad.comprasdominicana.gob.do\/\/Public\/Tendering\/OpportunityDetail\/Index?noticeUID=DO1.NTC.1331141\" title=\"Ver\" target=\"_blank\">APORDOM-UC-CD-2023-0059<\/a><\/h6><p class=\"mb-0 bold\">Servicio de Maestr\u00eda de Ceremonias para Eventos, Inauguraciones y Proyectos de esta APORDOM.<\/p><p class=\"mb-0\" style=\"font-size: .85rem\"><strong title=\"Estado del Proceso\"><i class=\"fas fa-spinner\"><\/i><\/strong> Proceso adjudicado y celebrado<\/p><p class=\"mb-0\" style=\"font-size: .85rem\"><strong title=\"Fecha de Publicaci\u00f3n\"><i class=\"fas fa-calendar-alt\"><\/i><\/strong> Publicado el martes, 5 de diciembre de 2023<\/p><\/div><div class=\"col-auto mt-md-0 mt-2\"><a class=\"btn btn-primary btn-lg px-lg-4 d-none d-md-block\" href=\"https:\/\/comunidad.comprasdominicana.gob.do\/\/Public\/Tendering\/OpportunityDetail\/Index?noticeUID=DO1.NTC.1331141\" target=\"_blank\" title=\"Detalles\"><i class=\"fas fa-link\"><\/i> DETALLES<\/a><a class=\"btn btn-primary btn-lg px-lg-4 d-block d-md-none\" href=\"https:\/\/comunidad.comprasdominicana.gob.do\/\/Public\/Tendering\/OpportunityDetail\/Index?noticeUID=DO1.NTC.1331141\" target=\"_blank\" title=\"Detalles\"><i class=\"fas fa-2x fa-link\"><\/i><\/a><\/div><\/div><\/div><div class=\"jumbotron archivos\"><div class=\"row align-items-center\"><div class=\"col\"><h6><a class=\"text-dark\" href=\"https:\/\/comunidad.comprasdominicana.gob.do\/\/Public\/Tendering\/OpportunityDetail\/Index?noticeUID=DO1.NTC.1332231\" title=\"Ver\" target=\"_blank\">APORDOM-UC-CD-2023-0063<\/a><\/h6><p class=\"mb-0 bold\">Servicio de Instalaci\u00f3n de Tuber\u00eda de Gas para esta APORDOM<\/p><p class=\"mb-0\" style=\"font-size: .85rem\"><strong title=\"Estado del Proceso\"><i class=\"fas fa-spinner\"><\/i><\/strong> Proceso desierto<\/p><p class=\"mb-0\" style=\"font-size: .85rem\"><strong title=\"Fecha de Publicaci\u00f3n\"><i class=\"fas fa-calendar-alt\"><\/i><\/strong> Publicado el jueves, 7 de diciembre de 2023<\/p><\/div><div class=\"col-auto mt-md-0 mt-2\"><a class=\"btn btn-primary btn-lg px-lg-4 d-none d-md-block\" href=\"https:\/\/comunidad.comprasdominicana.gob.do\/\/Public\/Tendering\/OpportunityDetail\/Index?noticeUID=DO1.NTC.1332231\" target=\"_blank\" title=\"Detalles\"><i class=\"fas fa-link\"><\/i> DETALLES<\/a><a class=\"btn btn-primary btn-lg px-lg-4 d-block d-md-none\" href=\"https:\/\/comunidad.comprasdominicana.gob.do\/\/Public\/Tendering\/OpportunityDetail\/Index?noticeUID=DO1.NTC.1332231\" target=\"_blank\" title=\"Detalles\"><i class=\"fas fa-2x fa-link\"><\/i><\/a><\/div><\/div><\/div><\/div><\/div><\/div>\n        <div class=\"card\">\n            <div class=\"card-header parents\" id=\"heading_compras-por-debajo-del-umbral-69eeee772d89c-2023-69eeee772d89c-noviembre-69eeee772d89c\">\n                <p class=\"title text-blue mb-0\">\n                    <a class=\"btn-block hover text-left collapsed\" data-toggle=\"collapse\" data-target=\"#collap_compras-por-debajo-del-umbral-69eeee772d89c-2023-69eeee772d89c-noviembre-69eeee772d89c\" aria-expanded=\"false\" aria-controls=\"collap_compras-por-debajo-del-umbral-69eeee772d89c-2023-69eeee772d89c-noviembre-69eeee772d89c\">Noviembre<\/a>\n                <\/p>\n            <\/div>\n            <div id=\"collap_compras-por-debajo-del-umbral-69eeee772d89c-2023-69eeee772d89c-noviembre-69eeee772d89c\" class=\"collapse\" aria-labelledby=\"heading_compras-por-debajo-del-umbral-69eeee772d89c-2023-69eeee772d89c-noviembre-69eeee772d89c\" data-parent=\"#collap_compras-por-debajo-del-umbral-69eeee772d89c-2023-69eeee772d89c\">\n                <div class=\"card-body\"><div class=\"jumbotron archivos\"><div class=\"row align-items-center\"><div class=\"col\"><h6><a class=\"text-dark\" href=\"https:\/\/comunidad.comprasdominicana.gob.do\/\/Public\/Tendering\/OpportunityDetail\/Index?noticeUID=DO1.NTC.1328660\" title=\"Ver\" target=\"_blank\">APORDOM-UC-CD-2023-0064<\/a><\/h6><p class=\"mb-0 bold\">ADQUISICION DE ADORNOS NAVIDE\u00d1OS PARA APORDOM<\/p><p class=\"mb-0\" style=\"font-size: .85rem\"><strong title=\"Estado del Proceso\"><i class=\"fas fa-spinner\"><\/i><\/strong> Proceso adjudicado y celebrado<\/p><p class=\"mb-0\" style=\"font-size: .85rem\"><strong title=\"Fecha de Publicaci\u00f3n\"><i class=\"fas fa-calendar-alt\"><\/i><\/strong> Publicado el mi\u00e9rcoles, 29 de noviembre de 2023<\/p><\/div><div class=\"col-auto mt-md-0 mt-2\"><a class=\"btn btn-primary btn-lg px-lg-4 d-none d-md-block\" href=\"https:\/\/comunidad.comprasdominicana.gob.do\/\/Public\/Tendering\/OpportunityDetail\/Index?noticeUID=DO1.NTC.1328660\" target=\"_blank\" title=\"Detalles\"><i class=\"fas fa-link\"><\/i> DETALLES<\/a><a class=\"btn btn-primary btn-lg px-lg-4 d-block d-md-none\" href=\"https:\/\/comunidad.comprasdominicana.gob.do\/\/Public\/Tendering\/OpportunityDetail\/Index?noticeUID=DO1.NTC.1328660\" target=\"_blank\" title=\"Detalles\"><i class=\"fas fa-2x fa-link\"><\/i><\/a><\/div><\/div><\/div><div class=\"jumbotron archivos\"><div class=\"row align-items-center\"><div class=\"col\"><h6><a class=\"text-dark\" href=\"https:\/\/comunidad.comprasdominicana.gob.do\/\/Public\/Tendering\/OpportunityDetail\/Index?noticeUID=DO1.NTC.1327160\" title=\"Ver\" target=\"_blank\">APORDOM-UC-CD-2023-0062<\/a><\/h6><p class=\"mb-0 bold\">Adquisici\u00f3n de Placas de Reconocimiento para Colaboradores de APORDOM, dirigido a Mipymes.<\/p><p class=\"mb-0\" style=\"font-size: .85rem\"><strong title=\"Estado del Proceso\"><i class=\"fas fa-spinner\"><\/i><\/strong> Proceso adjudicado y celebrado<\/p><p class=\"mb-0\" style=\"font-size: .85rem\"><strong title=\"Fecha de Publicaci\u00f3n\"><i class=\"fas fa-calendar-alt\"><\/i><\/strong> Publicado el lunes, 27 de noviembre de 2023<\/p><\/div><div class=\"col-auto mt-md-0 mt-2\"><a class=\"btn btn-primary btn-lg px-lg-4 d-none d-md-block\" href=\"https:\/\/comunidad.comprasdominicana.gob.do\/\/Public\/Tendering\/OpportunityDetail\/Index?noticeUID=DO1.NTC.1327160\" target=\"_blank\" title=\"Detalles\"><i class=\"fas fa-link\"><\/i> DETALLES<\/a><a class=\"btn btn-primary btn-lg px-lg-4 d-block d-md-none\" href=\"https:\/\/comunidad.comprasdominicana.gob.do\/\/Public\/Tendering\/OpportunityDetail\/Index?noticeUID=DO1.NTC.1327160\" target=\"_blank\" title=\"Detalles\"><i class=\"fas fa-2x fa-link\"><\/i><\/a><\/div><\/div><\/div><div class=\"jumbotron archivos\"><div class=\"row align-items-center\"><div class=\"col\"><h6><a class=\"text-dark\" href=\"https:\/\/comunidad.comprasdominicana.gob.do\/\/Public\/Tendering\/OpportunityDetail\/Index?noticeUID=DO1.NTC.1327235\" title=\"Ver\" target=\"_blank\">APORDOM-UC-CD-2023-0061<\/a><\/h6><p class=\"mb-0 bold\">Servicio de Alquiler de Trompo mezclador de Hormig\u00f3n, para pavimentar el Centro de Acopio de esta APORDOM.<\/p><p class=\"mb-0\" style=\"font-size: .85rem\"><strong title=\"Estado del Proceso\"><i class=\"fas fa-spinner\"><\/i><\/strong> Proceso adjudicado y celebrado<\/p><p class=\"mb-0\" style=\"font-size: .85rem\"><strong title=\"Fecha de Publicaci\u00f3n\"><i class=\"fas fa-calendar-alt\"><\/i><\/strong> Publicado el lunes, 27 de noviembre de 2023<\/p><\/div><div class=\"col-auto mt-md-0 mt-2\"><a class=\"btn btn-primary btn-lg px-lg-4 d-none d-md-block\" href=\"https:\/\/comunidad.comprasdominicana.gob.do\/\/Public\/Tendering\/OpportunityDetail\/Index?noticeUID=DO1.NTC.1327235\" target=\"_blank\" title=\"Detalles\"><i class=\"fas fa-link\"><\/i> DETALLES<\/a><a class=\"btn btn-primary btn-lg px-lg-4 d-block d-md-none\" href=\"https:\/\/comunidad.comprasdominicana.gob.do\/\/Public\/Tendering\/OpportunityDetail\/Index?noticeUID=DO1.NTC.1327235\" target=\"_blank\" title=\"Detalles\"><i class=\"fas fa-2x fa-link\"><\/i><\/a><\/div><\/div><\/div><div class=\"jumbotron archivos\"><div class=\"row align-items-center\"><div class=\"col\"><h6><a class=\"text-dark\" href=\"https:\/\/comunidad.comprasdominicana.gob.do\/\/Public\/Tendering\/OpportunityDetail\/Index?noticeUID=DO1.NTC.1325835\" title=\"Ver\" target=\"_blank\">APORDOM-UC-CD-2023-0060<\/a><\/h6><p class=\"mb-0 bold\">ADQUISICION DE FARDOS DE FUNDAS PARA BASURA PARA USO DE APORDOM, DIRIGIDO A MIPYMES MUJER<\/p><p class=\"mb-0\" style=\"font-size: .85rem\"><strong title=\"Estado del Proceso\"><i class=\"fas fa-spinner\"><\/i><\/strong> Proceso adjudicado y celebrado<\/p><p class=\"mb-0\" style=\"font-size: .85rem\"><strong title=\"Fecha de Publicaci\u00f3n\"><i class=\"fas fa-calendar-alt\"><\/i><\/strong> Publicado el jueves, 23 de noviembre de 2023<\/p><\/div><div class=\"col-auto mt-md-0 mt-2\"><a class=\"btn btn-primary btn-lg px-lg-4 d-none d-md-block\" href=\"https:\/\/comunidad.comprasdominicana.gob.do\/\/Public\/Tendering\/OpportunityDetail\/Index?noticeUID=DO1.NTC.1325835\" target=\"_blank\" title=\"Detalles\"><i class=\"fas fa-link\"><\/i> DETALLES<\/a><a class=\"btn btn-primary btn-lg px-lg-4 d-block d-md-none\" href=\"https:\/\/comunidad.comprasdominicana.gob.do\/\/Public\/Tendering\/OpportunityDetail\/Index?noticeUID=DO1.NTC.1325835\" target=\"_blank\" title=\"Detalles\"><i class=\"fas fa-2x fa-link\"><\/i><\/a><\/div><\/div><\/div><div class=\"jumbotron archivos\"><div class=\"row align-items-center\"><div class=\"col\"><h6><a class=\"text-dark\" href=\"https:\/\/comunidad.comprasdominicana.gob.do\/\/Public\/Tendering\/OpportunityDetail\/Index?noticeUID=DO1.NTC.1321344\" title=\"Ver\" target=\"_blank\">APORDOM-UC-CD-2023-0054<\/a><\/h6><p class=\"mb-0 bold\">CONTRATACI\u00d3N DE CORO EUCAR\u00cdSTICO Y VILLANCICOS PARA USO DE APORDOM<\/p><p class=\"mb-0\" style=\"font-size: .85rem\"><strong title=\"Estado del Proceso\"><i class=\"fas fa-spinner\"><\/i><\/strong> Proceso adjudicado y celebrado<\/p><p class=\"mb-0\" style=\"font-size: .85rem\"><strong title=\"Fecha de Publicaci\u00f3n\"><i class=\"fas fa-calendar-alt\"><\/i><\/strong> Publicado el mi\u00e9rcoles, 15 de noviembre de 2023<\/p><\/div><div class=\"col-auto mt-md-0 mt-2\"><a class=\"btn btn-primary btn-lg px-lg-4 d-none d-md-block\" href=\"https:\/\/comunidad.comprasdominicana.gob.do\/\/Public\/Tendering\/OpportunityDetail\/Index?noticeUID=DO1.NTC.1321344\" target=\"_blank\" title=\"Detalles\"><i class=\"fas fa-link\"><\/i> DETALLES<\/a><a class=\"btn btn-primary btn-lg px-lg-4 d-block d-md-none\" href=\"https:\/\/comunidad.comprasdominicana.gob.do\/\/Public\/Tendering\/OpportunityDetail\/Index?noticeUID=DO1.NTC.1321344\" target=\"_blank\" title=\"Detalles\"><i class=\"fas fa-2x fa-link\"><\/i><\/a><\/div><\/div><\/div><div class=\"jumbotron archivos\"><div class=\"row align-items-center\"><div class=\"col\"><h6><a class=\"text-dark\" href=\"https:\/\/comunidad.comprasdominicana.gob.do\/\/Public\/Tendering\/OpportunityDetail\/Index?noticeUID=DO1.NTC.1317434\" title=\"Ver\" target=\"_blank\">APORDOM-UC-CD-2023-0058<\/a><\/h6><p class=\"mb-0 bold\">Adquisici\u00f3n de Cajas de Leche 27\/1 para Personal del Peaje de APORDOM, dirigido a Mipyme Mujer.<\/p><p class=\"mb-0\" style=\"font-size: .85rem\"><strong title=\"Estado del Proceso\"><i class=\"fas fa-spinner\"><\/i><\/strong> Proceso adjudicado y celebrado<\/p><p class=\"mb-0\" style=\"font-size: .85rem\"><strong title=\"Fecha de Publicaci\u00f3n\"><i class=\"fas fa-calendar-alt\"><\/i><\/strong> Publicado el martes, 7 de noviembre de 2023<\/p><\/div><div class=\"col-auto mt-md-0 mt-2\"><a class=\"btn btn-primary btn-lg px-lg-4 d-none d-md-block\" href=\"https:\/\/comunidad.comprasdominicana.gob.do\/\/Public\/Tendering\/OpportunityDetail\/Index?noticeUID=DO1.NTC.1317434\" target=\"_blank\" title=\"Detalles\"><i class=\"fas fa-link\"><\/i> DETALLES<\/a><a class=\"btn btn-primary btn-lg px-lg-4 d-block d-md-none\" href=\"https:\/\/comunidad.comprasdominicana.gob.do\/\/Public\/Tendering\/OpportunityDetail\/Index?noticeUID=DO1.NTC.1317434\" target=\"_blank\" title=\"Detalles\"><i class=\"fas fa-2x fa-link\"><\/i><\/a><\/div><\/div><\/div><div class=\"jumbotron archivos\"><div class=\"row align-items-center\"><div class=\"col\"><h6><a class=\"text-dark\" href=\"https:\/\/comunidad.comprasdominicana.gob.do\/\/Public\/Tendering\/OpportunityDetail\/Index?noticeUID=DO1.NTC.1315632\" title=\"Ver\" target=\"_blank\">APORDOM-UC-CD-2023-0050<\/a><\/h6><p class=\"mb-0 bold\">ADQUISICION DE CORONAS Y ARREGLOS FLORALES A REQUERIMIENTO PARA USO DE APORDOM, DIRIGIDO A MIPYMES MUJER<\/p><p class=\"mb-0\" style=\"font-size: .85rem\"><strong title=\"Estado del Proceso\"><i class=\"fas fa-spinner\"><\/i><\/strong> Proceso adjudicado y celebrado<\/p><p class=\"mb-0\" style=\"font-size: .85rem\"><strong title=\"Fecha de Publicaci\u00f3n\"><i class=\"fas fa-calendar-alt\"><\/i><\/strong> Publicado el mi\u00e9rcoles, 1 de noviembre de 2023<\/p><\/div><div class=\"col-auto mt-md-0 mt-2\"><a class=\"btn btn-primary btn-lg px-lg-4 d-none d-md-block\" href=\"https:\/\/comunidad.comprasdominicana.gob.do\/\/Public\/Tendering\/OpportunityDetail\/Index?noticeUID=DO1.NTC.1315632\" target=\"_blank\" title=\"Detalles\"><i class=\"fas fa-link\"><\/i> DETALLES<\/a><a class=\"btn btn-primary btn-lg px-lg-4 d-block d-md-none\" href=\"https:\/\/comunidad.comprasdominicana.gob.do\/\/Public\/Tendering\/OpportunityDetail\/Index?noticeUID=DO1.NTC.1315632\" target=\"_blank\" title=\"Detalles\"><i class=\"fas fa-2x fa-link\"><\/i><\/a><\/div><\/div><\/div><\/div><\/div><\/div>\n        <div class=\"card\">\n            <div class=\"card-header parents\" id=\"heading_compras-por-debajo-del-umbral-69eeee772d89c-2023-69eeee772d89c-octubre-69eeee772d89c\">\n                <p class=\"title text-blue mb-0\">\n                    <a class=\"btn-block hover text-left collapsed\" data-toggle=\"collapse\" data-target=\"#collap_compras-por-debajo-del-umbral-69eeee772d89c-2023-69eeee772d89c-octubre-69eeee772d89c\" aria-expanded=\"false\" aria-controls=\"collap_compras-por-debajo-del-umbral-69eeee772d89c-2023-69eeee772d89c-octubre-69eeee772d89c\">Octubre<\/a>\n                <\/p>\n            <\/div>\n            <div id=\"collap_compras-por-debajo-del-umbral-69eeee772d89c-2023-69eeee772d89c-octubre-69eeee772d89c\" class=\"collapse\" aria-labelledby=\"heading_compras-por-debajo-del-umbral-69eeee772d89c-2023-69eeee772d89c-octubre-69eeee772d89c\" data-parent=\"#collap_compras-por-debajo-del-umbral-69eeee772d89c-2023-69eeee772d89c\">\n                <div class=\"card-body\"><div class=\"jumbotron archivos\"><div class=\"row align-items-center\"><div class=\"col\"><h6><a class=\"text-dark\" href=\"https:\/\/comunidad.comprasdominicana.gob.do\/\/Public\/Tendering\/OpportunityDetail\/Index?noticeUID=DO1.NTC.1314543\" title=\"Ver\" target=\"_blank\">APORDOM-UC-CD-2023-0057<\/a><\/h6><p class=\"mb-0 bold\">Servicio de Rellenado de Botellones de Agua Potable para diferentes Departamentos y Puertos de esta APORDOM.<\/p><p class=\"mb-0\" style=\"font-size: .85rem\"><strong title=\"Estado del Proceso\"><i class=\"fas fa-spinner\"><\/i><\/strong> Proceso adjudicado y celebrado<\/p><p class=\"mb-0\" style=\"font-size: .85rem\"><strong title=\"Fecha de Publicaci\u00f3n\"><i class=\"fas fa-calendar-alt\"><\/i><\/strong> Publicado el lunes, 30 de octubre de 2023<\/p><\/div><div class=\"col-auto mt-md-0 mt-2\"><a class=\"btn btn-primary btn-lg px-lg-4 d-none d-md-block\" href=\"https:\/\/comunidad.comprasdominicana.gob.do\/\/Public\/Tendering\/OpportunityDetail\/Index?noticeUID=DO1.NTC.1314543\" target=\"_blank\" title=\"Detalles\"><i class=\"fas fa-link\"><\/i> DETALLES<\/a><a class=\"btn btn-primary btn-lg px-lg-4 d-block d-md-none\" href=\"https:\/\/comunidad.comprasdominicana.gob.do\/\/Public\/Tendering\/OpportunityDetail\/Index?noticeUID=DO1.NTC.1314543\" target=\"_blank\" title=\"Detalles\"><i class=\"fas fa-2x fa-link\"><\/i><\/a><\/div><\/div><\/div><div class=\"jumbotron archivos\"><div class=\"row align-items-center\"><div class=\"col\"><h6><a class=\"text-dark\" href=\"https:\/\/comunidad.comprasdominicana.gob.do\/\/Public\/Tendering\/OpportunityDetail\/Index?noticeUID=DO1.NTC.1314727\" title=\"Ver\" target=\"_blank\">APORDOM-UC-CD-2023-0056<\/a><\/h6><p class=\"mb-0 bold\">Adquisici\u00f3n Resma de Papel Bond para Diferentes Departamentos y Puertos de esta APORDOM, dirigido a Mipymes.<\/p><p class=\"mb-0\" style=\"font-size: .85rem\"><strong title=\"Estado del Proceso\"><i class=\"fas fa-spinner\"><\/i><\/strong> Proceso adjudicado y celebrado<\/p><p class=\"mb-0\" style=\"font-size: .85rem\"><strong title=\"Fecha de Publicaci\u00f3n\"><i class=\"fas fa-calendar-alt\"><\/i><\/strong> Publicado el lunes, 30 de octubre de 2023<\/p><\/div><div class=\"col-auto mt-md-0 mt-2\"><a class=\"btn btn-primary btn-lg px-lg-4 d-none d-md-block\" href=\"https:\/\/comunidad.comprasdominicana.gob.do\/\/Public\/Tendering\/OpportunityDetail\/Index?noticeUID=DO1.NTC.1314727\" target=\"_blank\" title=\"Detalles\"><i class=\"fas fa-link\"><\/i> DETALLES<\/a><a class=\"btn btn-primary btn-lg px-lg-4 d-block d-md-none\" href=\"https:\/\/comunidad.comprasdominicana.gob.do\/\/Public\/Tendering\/OpportunityDetail\/Index?noticeUID=DO1.NTC.1314727\" target=\"_blank\" title=\"Detalles\"><i class=\"fas fa-2x fa-link\"><\/i><\/a><\/div><\/div><\/div><div class=\"jumbotron archivos\"><div class=\"row align-items-center\"><div class=\"col\"><h6><a class=\"text-dark\" href=\"https:\/\/comunidad.comprasdominicana.gob.do\/\/Public\/Tendering\/OpportunityDetail\/Index?noticeUID=DO1.NTC.1313720\" title=\"Ver\" target=\"_blank\">APORDOM-UC-CD-2023-0052<\/a><\/h6><p class=\"mb-0 bold\">Servicio de Mantenimiento Correctivo, Preventivo y General para Veh\u00edculos de esta APORDOM.<\/p><p class=\"mb-0\" style=\"font-size: .85rem\"><strong title=\"Estado del Proceso\"><i class=\"fas fa-spinner\"><\/i><\/strong> Proceso adjudicado y celebrado<\/p><p class=\"mb-0\" style=\"font-size: .85rem\"><strong title=\"Fecha de Publicaci\u00f3n\"><i class=\"fas fa-calendar-alt\"><\/i><\/strong> Publicado el jueves, 26 de octubre de 2023<\/p><\/div><div class=\"col-auto mt-md-0 mt-2\"><a class=\"btn btn-primary btn-lg px-lg-4 d-none d-md-block\" href=\"https:\/\/comunidad.comprasdominicana.gob.do\/\/Public\/Tendering\/OpportunityDetail\/Index?noticeUID=DO1.NTC.1313720\" target=\"_blank\" title=\"Detalles\"><i class=\"fas fa-link\"><\/i> DETALLES<\/a><a class=\"btn btn-primary btn-lg px-lg-4 d-block d-md-none\" href=\"https:\/\/comunidad.comprasdominicana.gob.do\/\/Public\/Tendering\/OpportunityDetail\/Index?noticeUID=DO1.NTC.1313720\" target=\"_blank\" title=\"Detalles\"><i class=\"fas fa-2x fa-link\"><\/i><\/a><\/div><\/div><\/div><div class=\"jumbotron archivos\"><div class=\"row align-items-center\"><div class=\"col\"><h6><a class=\"text-dark\" href=\"https:\/\/comunidad.comprasdominicana.gob.do\/\/Public\/Tendering\/OpportunityDetail\/Index?noticeUID=DO1.NTC.1310048\" title=\"Ver\" target=\"_blank\">APORDOM-UC-CD-2023-0053<\/a><\/h6><p class=\"mb-0 bold\">Servicio de Charla &quot;Prevenci\u00f3n C\u00e1ncer de Mama&quot; para colaboradores de esta APORDOM.<\/p><p class=\"mb-0\" style=\"font-size: .85rem\"><strong title=\"Estado del Proceso\"><i class=\"fas fa-spinner\"><\/i><\/strong> Proceso adjudicado y celebrado<\/p><p class=\"mb-0\" style=\"font-size: .85rem\"><strong title=\"Fecha de Publicaci\u00f3n\"><i class=\"fas fa-calendar-alt\"><\/i><\/strong> Publicado el jueves, 19 de octubre de 2023<\/p><\/div><div class=\"col-auto mt-md-0 mt-2\"><a class=\"btn btn-primary btn-lg px-lg-4 d-none d-md-block\" href=\"https:\/\/comunidad.comprasdominicana.gob.do\/\/Public\/Tendering\/OpportunityDetail\/Index?noticeUID=DO1.NTC.1310048\" target=\"_blank\" title=\"Detalles\"><i class=\"fas fa-link\"><\/i> DETALLES<\/a><a class=\"btn btn-primary btn-lg px-lg-4 d-block d-md-none\" href=\"https:\/\/comunidad.comprasdominicana.gob.do\/\/Public\/Tendering\/OpportunityDetail\/Index?noticeUID=DO1.NTC.1310048\" target=\"_blank\" title=\"Detalles\"><i class=\"fas fa-2x fa-link\"><\/i><\/a><\/div><\/div><\/div><\/div><\/div><\/div>\n        <div class=\"card\">\n            <div class=\"card-header parents\" id=\"heading_compras-por-debajo-del-umbral-69eeee772d89c-2023-69eeee772d89c-septiembre-69eeee772d89c\">\n                <p class=\"title text-blue mb-0\">\n                    <a class=\"btn-block hover text-left collapsed\" data-toggle=\"collapse\" data-target=\"#collap_compras-por-debajo-del-umbral-69eeee772d89c-2023-69eeee772d89c-septiembre-69eeee772d89c\" aria-expanded=\"false\" aria-controls=\"collap_compras-por-debajo-del-umbral-69eeee772d89c-2023-69eeee772d89c-septiembre-69eeee772d89c\">Septiembre<\/a>\n                <\/p>\n            <\/div>\n            <div id=\"collap_compras-por-debajo-del-umbral-69eeee772d89c-2023-69eeee772d89c-septiembre-69eeee772d89c\" class=\"collapse\" aria-labelledby=\"heading_compras-por-debajo-del-umbral-69eeee772d89c-2023-69eeee772d89c-septiembre-69eeee772d89c\" data-parent=\"#collap_compras-por-debajo-del-umbral-69eeee772d89c-2023-69eeee772d89c\">\n                <div class=\"card-body\"><div class=\"jumbotron archivos\"><div class=\"row align-items-center\"><div class=\"col\"><h6><a class=\"text-dark\" href=\"https:\/\/comunidad.comprasdominicana.gob.do\/\/Public\/Tendering\/OpportunityDetail\/Index?noticeUID=DO1.NTC.1290127\" title=\"Ver\" target=\"_blank\">APORDOM-UC-CD-2023-0051<\/a><\/h6><p class=\"mb-0 bold\">Servicio de Transporte Ejecutivo para Actividad Port Cabo Rojo.<\/p><p class=\"mb-0\" style=\"font-size: .85rem\"><strong title=\"Estado del Proceso\"><i class=\"fas fa-spinner\"><\/i><\/strong> Proceso adjudicado y celebrado<\/p><p class=\"mb-0\" style=\"font-size: .85rem\"><strong title=\"Fecha de Publicaci\u00f3n\"><i class=\"fas fa-calendar-alt\"><\/i><\/strong> Publicado el lunes, 4 de septiembre de 2023<\/p><\/div><div class=\"col-auto mt-md-0 mt-2\"><a class=\"btn btn-primary btn-lg px-lg-4 d-none d-md-block\" href=\"https:\/\/comunidad.comprasdominicana.gob.do\/\/Public\/Tendering\/OpportunityDetail\/Index?noticeUID=DO1.NTC.1290127\" target=\"_blank\" title=\"Detalles\"><i class=\"fas fa-link\"><\/i> DETALLES<\/a><a class=\"btn btn-primary btn-lg px-lg-4 d-block d-md-none\" href=\"https:\/\/comunidad.comprasdominicana.gob.do\/\/Public\/Tendering\/OpportunityDetail\/Index?noticeUID=DO1.NTC.1290127\" target=\"_blank\" title=\"Detalles\"><i class=\"fas fa-2x fa-link\"><\/i><\/a><\/div><\/div><\/div><\/div><\/div><\/div>\n        <div class=\"card\">\n            <div class=\"card-header parents\" id=\"heading_compras-por-debajo-del-umbral-69eeee772d89c-2023-69eeee772d89c-agosto-69eeee772d89c\">\n                <p class=\"title text-blue mb-0\">\n                    <a class=\"btn-block hover text-left collapsed\" data-toggle=\"collapse\" data-target=\"#collap_compras-por-debajo-del-umbral-69eeee772d89c-2023-69eeee772d89c-agosto-69eeee772d89c\" aria-expanded=\"false\" aria-controls=\"collap_compras-por-debajo-del-umbral-69eeee772d89c-2023-69eeee772d89c-agosto-69eeee772d89c\">Agosto<\/a>\n                <\/p>\n            <\/div>\n            <div id=\"collap_compras-por-debajo-del-umbral-69eeee772d89c-2023-69eeee772d89c-agosto-69eeee772d89c\" class=\"collapse\" aria-labelledby=\"heading_compras-por-debajo-del-umbral-69eeee772d89c-2023-69eeee772d89c-agosto-69eeee772d89c\" data-parent=\"#collap_compras-por-debajo-del-umbral-69eeee772d89c-2023-69eeee772d89c\">\n                <div class=\"card-body\"><div class=\"jumbotron archivos\"><div class=\"row align-items-center\"><div class=\"col\"><h6><a class=\"text-dark\" href=\"https:\/\/comunidad.comprasdominicana.gob.do\/\/Public\/Tendering\/OpportunityDetail\/Index?noticeUID=DO1.NTC.1277132\" title=\"Ver\" target=\"_blank\">APORDOM-UC-CD-2023-0047<\/a><\/h6><p class=\"mb-0 bold\">ADQUISICION DE MANTELERIA Y UNIFORMES PARA APORDOM DIRIGIDO A MIPYMES MUJER<\/p><p class=\"mb-0\" style=\"font-size: .85rem\"><strong title=\"Estado del Proceso\"><i class=\"fas fa-spinner\"><\/i><\/strong> Proceso adjudicado y celebrado<\/p><p class=\"mb-0\" style=\"font-size: .85rem\"><strong title=\"Fecha de Publicaci\u00f3n\"><i class=\"fas fa-calendar-alt\"><\/i><\/strong> Publicado el jueves, 3 de agosto de 2023<\/p><\/div><div class=\"col-auto mt-md-0 mt-2\"><a class=\"btn btn-primary btn-lg px-lg-4 d-none d-md-block\" href=\"https:\/\/comunidad.comprasdominicana.gob.do\/\/Public\/Tendering\/OpportunityDetail\/Index?noticeUID=DO1.NTC.1277132\" target=\"_blank\" title=\"Detalles\"><i class=\"fas fa-link\"><\/i> DETALLES<\/a><a class=\"btn btn-primary btn-lg px-lg-4 d-block d-md-none\" href=\"https:\/\/comunidad.comprasdominicana.gob.do\/\/Public\/Tendering\/OpportunityDetail\/Index?noticeUID=DO1.NTC.1277132\" target=\"_blank\" title=\"Detalles\"><i class=\"fas fa-2x fa-link\"><\/i><\/a><\/div><\/div><\/div><\/div><\/div><\/div>\n        <div class=\"card\">\n            <div class=\"card-header parents\" id=\"heading_compras-por-debajo-del-umbral-69eeee772d89c-2023-69eeee772d89c-julio-69eeee772d89c\">\n                <p class=\"title text-blue mb-0\">\n                    <a class=\"btn-block hover text-left collapsed\" data-toggle=\"collapse\" data-target=\"#collap_compras-por-debajo-del-umbral-69eeee772d89c-2023-69eeee772d89c-julio-69eeee772d89c\" aria-expanded=\"false\" aria-controls=\"collap_compras-por-debajo-del-umbral-69eeee772d89c-2023-69eeee772d89c-julio-69eeee772d89c\">Julio<\/a>\n                <\/p>\n            <\/div>\n            <div id=\"collap_compras-por-debajo-del-umbral-69eeee772d89c-2023-69eeee772d89c-julio-69eeee772d89c\" class=\"collapse\" aria-labelledby=\"heading_compras-por-debajo-del-umbral-69eeee772d89c-2023-69eeee772d89c-julio-69eeee772d89c\" data-parent=\"#collap_compras-por-debajo-del-umbral-69eeee772d89c-2023-69eeee772d89c\">\n                <div class=\"card-body\"><div class=\"jumbotron archivos\"><div class=\"row align-items-center\"><div class=\"col\"><h6><a class=\"text-dark\" href=\"https:\/\/comunidad.comprasdominicana.gob.do\/\/Public\/Tendering\/OpportunityDetail\/Index?noticeUID=DO1.NTC.1274639\" title=\"Ver\" target=\"_blank\">APORDOM-UC-CD-2023-0048<\/a><\/h6><p class=\"mb-0 bold\">SERVICIO DE ALMUERZOS PRE-EMPACADOS, DIRIGIDO A MIPYMES.<\/p><p class=\"mb-0\" style=\"font-size: .85rem\"><strong title=\"Estado del Proceso\"><i class=\"fas fa-spinner\"><\/i><\/strong> Proceso adjudicado y celebrado<\/p><p class=\"mb-0\" style=\"font-size: .85rem\"><strong title=\"Fecha de Publicaci\u00f3n\"><i class=\"fas fa-calendar-alt\"><\/i><\/strong> Publicado el viernes, 28 de julio de 2023<\/p><\/div><div class=\"col-auto mt-md-0 mt-2\"><a class=\"btn btn-primary btn-lg px-lg-4 d-none d-md-block\" href=\"https:\/\/comunidad.comprasdominicana.gob.do\/\/Public\/Tendering\/OpportunityDetail\/Index?noticeUID=DO1.NTC.1274639\" target=\"_blank\" title=\"Detalles\"><i class=\"fas fa-link\"><\/i> DETALLES<\/a><a class=\"btn btn-primary btn-lg px-lg-4 d-block d-md-none\" href=\"https:\/\/comunidad.comprasdominicana.gob.do\/\/Public\/Tendering\/OpportunityDetail\/Index?noticeUID=DO1.NTC.1274639\" target=\"_blank\" title=\"Detalles\"><i class=\"fas fa-2x fa-link\"><\/i><\/a><\/div><\/div><\/div><div class=\"jumbotron archivos\"><div class=\"row align-items-center\"><div class=\"col\"><h6><a class=\"text-dark\" href=\"https:\/\/comunidad.comprasdominicana.gob.do\/\/Public\/Tendering\/OpportunityDetail\/Index?noticeUID=DO1.NTC.1274702\" title=\"Ver\" target=\"_blank\">APORDOM-UC-CD-2023-0046<\/a><\/h6><p class=\"mb-0 bold\">SERVICIO DE TRADUCCION LEGAL DE DOCUMENTOS<\/p><p class=\"mb-0\" style=\"font-size: .85rem\"><strong title=\"Estado del Proceso\"><i class=\"fas fa-spinner\"><\/i><\/strong> Proceso adjudicado y celebrado<\/p><p class=\"mb-0\" style=\"font-size: .85rem\"><strong title=\"Fecha de Publicaci\u00f3n\"><i class=\"fas fa-calendar-alt\"><\/i><\/strong> Publicado el viernes, 28 de julio de 2023<\/p><\/div><div class=\"col-auto mt-md-0 mt-2\"><a class=\"btn btn-primary btn-lg px-lg-4 d-none d-md-block\" href=\"https:\/\/comunidad.comprasdominicana.gob.do\/\/Public\/Tendering\/OpportunityDetail\/Index?noticeUID=DO1.NTC.1274702\" target=\"_blank\" title=\"Detalles\"><i class=\"fas fa-link\"><\/i> DETALLES<\/a><a class=\"btn btn-primary btn-lg px-lg-4 d-block d-md-none\" href=\"https:\/\/comunidad.comprasdominicana.gob.do\/\/Public\/Tendering\/OpportunityDetail\/Index?noticeUID=DO1.NTC.1274702\" target=\"_blank\" title=\"Detalles\"><i class=\"fas fa-2x fa-link\"><\/i><\/a><\/div><\/div><\/div><div class=\"jumbotron archivos\"><div class=\"row align-items-center\"><div class=\"col\"><h6><a class=\"text-dark\" href=\"https:\/\/comunidad.comprasdominicana.gob.do\/\/Public\/Tendering\/OpportunityDetail\/Index?noticeUID=DO1.NTC.1274108\" title=\"Ver\" target=\"_blank\">APORDOM-UC-CD-2023-0045<\/a><\/h6><p class=\"mb-0 bold\">ADQUISICI\u00d3N DE ART\u00cdCULOS POP INSTITUCIONALES Y PLACAS DE RECONOCIMIENTOS PARA APORDOM<\/p><p class=\"mb-0\" style=\"font-size: .85rem\"><strong title=\"Estado del Proceso\"><i class=\"fas fa-spinner\"><\/i><\/strong> Proceso adjudicado y celebrado<\/p><p class=\"mb-0\" style=\"font-size: .85rem\"><strong title=\"Fecha de Publicaci\u00f3n\"><i class=\"fas fa-calendar-alt\"><\/i><\/strong> Publicado el jueves, 27 de julio de 2023<\/p><\/div><div class=\"col-auto mt-md-0 mt-2\"><a class=\"btn btn-primary btn-lg px-lg-4 d-none d-md-block\" href=\"https:\/\/comunidad.comprasdominicana.gob.do\/\/Public\/Tendering\/OpportunityDetail\/Index?noticeUID=DO1.NTC.1274108\" target=\"_blank\" title=\"Detalles\"><i class=\"fas fa-link\"><\/i> DETALLES<\/a><a class=\"btn btn-primary btn-lg px-lg-4 d-block d-md-none\" href=\"https:\/\/comunidad.comprasdominicana.gob.do\/\/Public\/Tendering\/OpportunityDetail\/Index?noticeUID=DO1.NTC.1274108\" target=\"_blank\" title=\"Detalles\"><i class=\"fas fa-2x fa-link\"><\/i><\/a><\/div><\/div><\/div><div class=\"jumbotron archivos\"><div class=\"row align-items-center\"><div class=\"col\"><h6><a class=\"text-dark\" href=\"https:\/\/comunidad.comprasdominicana.gob.do\/\/Public\/Tendering\/OpportunityDetail\/Index?noticeUID=DO1.NTC.1271233\" title=\"Ver\" target=\"_blank\">APORDOM-UC-CD-2023-0044<\/a><\/h6><p class=\"mb-0 bold\">ADQUISICION DE CAFE PARA USO DE APORDOM DIRIGIDO A MIPYMES MUJER<\/p><p class=\"mb-0\" style=\"font-size: .85rem\"><strong title=\"Estado del Proceso\"><i class=\"fas fa-spinner\"><\/i><\/strong> Proceso adjudicado y celebrado<\/p><p class=\"mb-0\" style=\"font-size: .85rem\"><strong title=\"Fecha de Publicaci\u00f3n\"><i class=\"fas fa-calendar-alt\"><\/i><\/strong> Publicado el jueves, 20 de julio de 2023<\/p><\/div><div class=\"col-auto mt-md-0 mt-2\"><a class=\"btn btn-primary btn-lg px-lg-4 d-none d-md-block\" href=\"https:\/\/comunidad.comprasdominicana.gob.do\/\/Public\/Tendering\/OpportunityDetail\/Index?noticeUID=DO1.NTC.1271233\" target=\"_blank\" title=\"Detalles\"><i class=\"fas fa-link\"><\/i> DETALLES<\/a><a class=\"btn btn-primary btn-lg px-lg-4 d-block d-md-none\" href=\"https:\/\/comunidad.comprasdominicana.gob.do\/\/Public\/Tendering\/OpportunityDetail\/Index?noticeUID=DO1.NTC.1271233\" target=\"_blank\" title=\"Detalles\"><i class=\"fas fa-2x fa-link\"><\/i><\/a><\/div><\/div><\/div><\/div><\/div><\/div>\n        <div class=\"card\">\n            <div class=\"card-header parents\" id=\"heading_compras-por-debajo-del-umbral-69eeee772d89c-2023-69eeee772d89c-junio-69eeee772d89c\">\n                <p class=\"title text-blue mb-0\">\n                    <a class=\"btn-block hover text-left collapsed\" data-toggle=\"collapse\" data-target=\"#collap_compras-por-debajo-del-umbral-69eeee772d89c-2023-69eeee772d89c-junio-69eeee772d89c\" aria-expanded=\"false\" aria-controls=\"collap_compras-por-debajo-del-umbral-69eeee772d89c-2023-69eeee772d89c-junio-69eeee772d89c\">Junio<\/a>\n                <\/p>\n            <\/div>\n            <div id=\"collap_compras-por-debajo-del-umbral-69eeee772d89c-2023-69eeee772d89c-junio-69eeee772d89c\" class=\"collapse\" aria-labelledby=\"heading_compras-por-debajo-del-umbral-69eeee772d89c-2023-69eeee772d89c-junio-69eeee772d89c\" data-parent=\"#collap_compras-por-debajo-del-umbral-69eeee772d89c-2023-69eeee772d89c\">\n                <div class=\"card-body\"><div class=\"jumbotron archivos\"><div class=\"row align-items-center\"><div class=\"col\"><h6><a class=\"text-dark\" href=\"https:\/\/comunidad.comprasdominicana.gob.do\/\/Public\/Tendering\/OpportunityDetail\/Index?noticeUID=DO1.NTC.1257601\" title=\"Ver\" target=\"_blank\">APORDOM-UC-CD-2023-0037<\/a><\/h6><p class=\"mb-0 bold\">ADQUISICI\u00d3N DE ASTAS ENSAMBLABLES PARA USO DE APORDOM DIRIGIDO A MIPYMES<\/p><p class=\"mb-0\" style=\"font-size: .85rem\"><strong title=\"Estado del Proceso\"><i class=\"fas fa-spinner\"><\/i><\/strong> Proceso adjudicado y celebrado<\/p><p class=\"mb-0\" style=\"font-size: .85rem\"><strong title=\"Fecha de Publicaci\u00f3n\"><i class=\"fas fa-calendar-alt\"><\/i><\/strong> Publicado el mi\u00e9rcoles, 21 de junio de 2023<\/p><\/div><div class=\"col-auto mt-md-0 mt-2\"><a class=\"btn btn-primary btn-lg px-lg-4 d-none d-md-block\" href=\"https:\/\/comunidad.comprasdominicana.gob.do\/\/Public\/Tendering\/OpportunityDetail\/Index?noticeUID=DO1.NTC.1257601\" target=\"_blank\" title=\"Detalles\"><i class=\"fas fa-link\"><\/i> DETALLES<\/a><a class=\"btn btn-primary btn-lg px-lg-4 d-block d-md-none\" href=\"https:\/\/comunidad.comprasdominicana.gob.do\/\/Public\/Tendering\/OpportunityDetail\/Index?noticeUID=DO1.NTC.1257601\" target=\"_blank\" title=\"Detalles\"><i class=\"fas fa-2x fa-link\"><\/i><\/a><\/div><\/div><\/div><div class=\"jumbotron archivos\"><div class=\"row align-items-center\"><div class=\"col\"><h6><a class=\"text-dark\" href=\"https:\/\/comunidad.comprasdominicana.gob.do\/\/Public\/Tendering\/OpportunityDetail\/Index?noticeUID=DO1.NTC.1254624\" title=\"Ver\" target=\"_blank\">APORDOM-UC-CD-2023-0043<\/a><\/h6><p class=\"mb-0 bold\">Servicio de Deducible por Reparaci\u00f3n de Veh\u00edculos de esta Autoridad Portuaria.<\/p><p class=\"mb-0\" style=\"font-size: .85rem\"><strong title=\"Estado del Proceso\"><i class=\"fas fa-spinner\"><\/i><\/strong> Proceso adjudicado y celebrado<\/p><p class=\"mb-0\" style=\"font-size: .85rem\"><strong title=\"Fecha de Publicaci\u00f3n\"><i class=\"fas fa-calendar-alt\"><\/i><\/strong> Publicado el mi\u00e9rcoles, 14 de junio de 2023<\/p><\/div><div class=\"col-auto mt-md-0 mt-2\"><a class=\"btn btn-primary btn-lg px-lg-4 d-none d-md-block\" href=\"https:\/\/comunidad.comprasdominicana.gob.do\/\/Public\/Tendering\/OpportunityDetail\/Index?noticeUID=DO1.NTC.1254624\" target=\"_blank\" title=\"Detalles\"><i class=\"fas fa-link\"><\/i> DETALLES<\/a><a class=\"btn btn-primary btn-lg px-lg-4 d-block d-md-none\" href=\"https:\/\/comunidad.comprasdominicana.gob.do\/\/Public\/Tendering\/OpportunityDetail\/Index?noticeUID=DO1.NTC.1254624\" target=\"_blank\" title=\"Detalles\"><i class=\"fas fa-2x fa-link\"><\/i><\/a><\/div><\/div><\/div><div class=\"jumbotron archivos\"><div class=\"row align-items-center\"><div class=\"col\"><h6><a class=\"text-dark\" href=\"https:\/\/comunidad.comprasdominicana.gob.do\/\/Public\/Tendering\/OpportunityDetail\/Index?noticeUID=DO1.NTC.1253815\" title=\"Ver\" target=\"_blank\">APORDOM-UC-CD-2023-0036<\/a><\/h6><p class=\"mb-0 bold\">SERVICIO DE DIAGNOSTICO Y REVISION DE ERROR DEL AS-400<\/p><p class=\"mb-0\" style=\"font-size: .85rem\"><strong title=\"Estado del Proceso\"><i class=\"fas fa-spinner\"><\/i><\/strong> Proceso adjudicado y celebrado<\/p><p class=\"mb-0\" style=\"font-size: .85rem\"><strong title=\"Fecha de Publicaci\u00f3n\"><i class=\"fas fa-calendar-alt\"><\/i><\/strong> Publicado el martes, 13 de junio de 2023<\/p><\/div><div class=\"col-auto mt-md-0 mt-2\"><a class=\"btn btn-primary btn-lg px-lg-4 d-none d-md-block\" href=\"https:\/\/comunidad.comprasdominicana.gob.do\/\/Public\/Tendering\/OpportunityDetail\/Index?noticeUID=DO1.NTC.1253815\" target=\"_blank\" title=\"Detalles\"><i class=\"fas fa-link\"><\/i> DETALLES<\/a><a class=\"btn btn-primary btn-lg px-lg-4 d-block d-md-none\" href=\"https:\/\/comunidad.comprasdominicana.gob.do\/\/Public\/Tendering\/OpportunityDetail\/Index?noticeUID=DO1.NTC.1253815\" target=\"_blank\" title=\"Detalles\"><i class=\"fas fa-2x fa-link\"><\/i><\/a><\/div><\/div><\/div><\/div><\/div><\/div>\n        <div class=\"card\">\n            <div class=\"card-header parents\" id=\"heading_compras-por-debajo-del-umbral-69eeee772d89c-2023-69eeee772d89c-mayo-69eeee772d89c\">\n                <p class=\"title text-blue mb-0\">\n                    <a class=\"btn-block hover text-left collapsed\" data-toggle=\"collapse\" data-target=\"#collap_compras-por-debajo-del-umbral-69eeee772d89c-2023-69eeee772d89c-mayo-69eeee772d89c\" aria-expanded=\"false\" aria-controls=\"collap_compras-por-debajo-del-umbral-69eeee772d89c-2023-69eeee772d89c-mayo-69eeee772d89c\">Mayo<\/a>\n                <\/p>\n            <\/div>\n            <div id=\"collap_compras-por-debajo-del-umbral-69eeee772d89c-2023-69eeee772d89c-mayo-69eeee772d89c\" class=\"collapse\" aria-labelledby=\"heading_compras-por-debajo-del-umbral-69eeee772d89c-2023-69eeee772d89c-mayo-69eeee772d89c\" data-parent=\"#collap_compras-por-debajo-del-umbral-69eeee772d89c-2023-69eeee772d89c\">\n                <div class=\"card-body\"><div class=\"jumbotron archivos\"><div class=\"row align-items-center\"><div class=\"col\"><h6><a class=\"text-dark\" href=\"https:\/\/comunidad.comprasdominicana.gob.do\/\/Public\/Tendering\/OpportunityDetail\/Index?noticeUID=DO1.NTC.1243521\" title=\"Ver\" target=\"_blank\">APORDOM-UC-CD-2023-0040<\/a><\/h6><p class=\"mb-0 bold\">Deducible por Reparaci\u00f3n de Veh\u00edculos de Autoridad Portuaria. <\/p><p class=\"mb-0\" style=\"font-size: .85rem\"><strong title=\"Estado del Proceso\"><i class=\"fas fa-spinner\"><\/i><\/strong> Proceso adjudicado y celebrado<\/p><p class=\"mb-0\" style=\"font-size: .85rem\"><strong title=\"Fecha de Publicaci\u00f3n\"><i class=\"fas fa-calendar-alt\"><\/i><\/strong> Publicado el martes, 23 de mayo de 2023<\/p><\/div><div class=\"col-auto mt-md-0 mt-2\"><a class=\"btn btn-primary btn-lg px-lg-4 d-none d-md-block\" href=\"https:\/\/comunidad.comprasdominicana.gob.do\/\/Public\/Tendering\/OpportunityDetail\/Index?noticeUID=DO1.NTC.1243521\" target=\"_blank\" title=\"Detalles\"><i class=\"fas fa-link\"><\/i> DETALLES<\/a><a class=\"btn btn-primary btn-lg px-lg-4 d-block d-md-none\" href=\"https:\/\/comunidad.comprasdominicana.gob.do\/\/Public\/Tendering\/OpportunityDetail\/Index?noticeUID=DO1.NTC.1243521\" target=\"_blank\" title=\"Detalles\"><i class=\"fas fa-2x fa-link\"><\/i><\/a><\/div><\/div><\/div><div class=\"jumbotron archivos\"><div class=\"row align-items-center\"><div class=\"col\"><h6><a class=\"text-dark\" href=\"https:\/\/comunidad.comprasdominicana.gob.do\/\/Public\/Tendering\/OpportunityDetail\/Index?noticeUID=DO1.NTC.1242623\" title=\"Ver\" target=\"_blank\">APORDOM-UC-CD-2023-0042<\/a><\/h6><p class=\"mb-0 bold\">Adquisici\u00f3n de Tazas Personalizadas para Colaboradoras de APORDOM.<\/p><p class=\"mb-0\" style=\"font-size: .85rem\"><strong title=\"Estado del Proceso\"><i class=\"fas fa-spinner\"><\/i><\/strong> Proceso adjudicado y celebrado<\/p><p class=\"mb-0\" style=\"font-size: .85rem\"><strong title=\"Fecha de Publicaci\u00f3n\"><i class=\"fas fa-calendar-alt\"><\/i><\/strong> Publicado el lunes, 22 de mayo de 2023<\/p><\/div><div class=\"col-auto mt-md-0 mt-2\"><a class=\"btn btn-primary btn-lg px-lg-4 d-none d-md-block\" href=\"https:\/\/comunidad.comprasdominicana.gob.do\/\/Public\/Tendering\/OpportunityDetail\/Index?noticeUID=DO1.NTC.1242623\" target=\"_blank\" title=\"Detalles\"><i class=\"fas fa-link\"><\/i> DETALLES<\/a><a class=\"btn btn-primary btn-lg px-lg-4 d-block d-md-none\" href=\"https:\/\/comunidad.comprasdominicana.gob.do\/\/Public\/Tendering\/OpportunityDetail\/Index?noticeUID=DO1.NTC.1242623\" target=\"_blank\" title=\"Detalles\"><i class=\"fas fa-2x fa-link\"><\/i><\/a><\/div><\/div><\/div><div class=\"jumbotron archivos\"><div class=\"row align-items-center\"><div class=\"col\"><h6><a class=\"text-dark\" href=\"https:\/\/comunidad.comprasdominicana.gob.do\/\/Public\/Tendering\/OpportunityDetail\/Index?noticeUID=DO1.NTC.1237947\" title=\"Ver\" target=\"_blank\">APORDOM-UC-CD-2023-0039<\/a><\/h6><p class=\"mb-0 bold\">ADQUISICI\u00d3N DE LICENCIA FORTIGATE PARA USO DE LA DIRECCI\u00d3N DE TECNOLOG\u00cdA DE ESTA APORDOM<\/p><p class=\"mb-0\" style=\"font-size: .85rem\"><strong title=\"Estado del Proceso\"><i class=\"fas fa-spinner\"><\/i><\/strong> Proceso adjudicado y celebrado<\/p><p class=\"mb-0\" style=\"font-size: .85rem\"><strong title=\"Fecha de Publicaci\u00f3n\"><i class=\"fas fa-calendar-alt\"><\/i><\/strong> Publicado el mi\u00e9rcoles, 10 de mayo de 2023<\/p><\/div><div class=\"col-auto mt-md-0 mt-2\"><a class=\"btn btn-primary btn-lg px-lg-4 d-none d-md-block\" href=\"https:\/\/comunidad.comprasdominicana.gob.do\/\/Public\/Tendering\/OpportunityDetail\/Index?noticeUID=DO1.NTC.1237947\" target=\"_blank\" title=\"Detalles\"><i class=\"fas fa-link\"><\/i> DETALLES<\/a><a class=\"btn btn-primary btn-lg px-lg-4 d-block d-md-none\" href=\"https:\/\/comunidad.comprasdominicana.gob.do\/\/Public\/Tendering\/OpportunityDetail\/Index?noticeUID=DO1.NTC.1237947\" target=\"_blank\" title=\"Detalles\"><i class=\"fas fa-2x fa-link\"><\/i><\/a><\/div><\/div><\/div><div class=\"jumbotron archivos\"><div class=\"row align-items-center\"><div class=\"col\"><h6><a class=\"text-dark\" href=\"https:\/\/comunidad.comprasdominicana.gob.do\/\/Public\/Tendering\/OpportunityDetail\/Index?noticeUID=DO1.NTC.1237207\" title=\"Ver\" target=\"_blank\">APORDOM-UC-CD-2023-0034<\/a><\/h6><p class=\"mb-0 bold\">CONTRATACI\u00d3N DE SERVICIO DE LAMINADO PARA OFICINAS DE LA SEDE CENTRAL DE APORDOM, DIRIGIDO A MIPYMES<\/p><p class=\"mb-0\" style=\"font-size: .85rem\"><strong title=\"Estado del Proceso\"><i class=\"fas fa-spinner\"><\/i><\/strong> Proceso adjudicado y celebrado<\/p><p class=\"mb-0\" style=\"font-size: .85rem\"><strong title=\"Fecha de Publicaci\u00f3n\"><i class=\"fas fa-calendar-alt\"><\/i><\/strong> Publicado el martes, 9 de mayo de 2023<\/p><\/div><div class=\"col-auto mt-md-0 mt-2\"><a class=\"btn btn-primary btn-lg px-lg-4 d-none d-md-block\" href=\"https:\/\/comunidad.comprasdominicana.gob.do\/\/Public\/Tendering\/OpportunityDetail\/Index?noticeUID=DO1.NTC.1237207\" target=\"_blank\" title=\"Detalles\"><i class=\"fas fa-link\"><\/i> DETALLES<\/a><a class=\"btn btn-primary btn-lg px-lg-4 d-block d-md-none\" href=\"https:\/\/comunidad.comprasdominicana.gob.do\/\/Public\/Tendering\/OpportunityDetail\/Index?noticeUID=DO1.NTC.1237207\" target=\"_blank\" title=\"Detalles\"><i class=\"fas fa-2x fa-link\"><\/i><\/a><\/div><\/div><\/div><div class=\"jumbotron archivos\"><div class=\"row align-items-center\"><div class=\"col\"><h6><a class=\"text-dark\" href=\"https:\/\/comunidad.comprasdominicana.gob.do\/\/Public\/Tendering\/OpportunityDetail\/Index?noticeUID=DO1.NTC.1236631\" title=\"Ver\" target=\"_blank\">APORDOM-UC-CD-2023-0038<\/a><\/h6><p class=\"mb-0 bold\">ADQUISICI\u00d3N DE MATERIALES DE PLOMER\u00cdA PARA USO DE APORDOM, DIRIGIDO A MIPYME, DECLARADO DESIERTO DEL PROCESO REF.APORDOM-DAF-CM-2023-0015<\/p><p class=\"mb-0\" style=\"font-size: .85rem\"><strong title=\"Estado del Proceso\"><i class=\"fas fa-spinner\"><\/i><\/strong> Proceso adjudicado y celebrado<\/p><p class=\"mb-0\" style=\"font-size: .85rem\"><strong title=\"Fecha de Publicaci\u00f3n\"><i class=\"fas fa-calendar-alt\"><\/i><\/strong> Publicado el lunes, 8 de mayo de 2023<\/p><\/div><div class=\"col-auto mt-md-0 mt-2\"><a class=\"btn btn-primary btn-lg px-lg-4 d-none d-md-block\" href=\"https:\/\/comunidad.comprasdominicana.gob.do\/\/Public\/Tendering\/OpportunityDetail\/Index?noticeUID=DO1.NTC.1236631\" target=\"_blank\" title=\"Detalles\"><i class=\"fas fa-link\"><\/i> DETALLES<\/a><a class=\"btn btn-primary btn-lg px-lg-4 d-block d-md-none\" href=\"https:\/\/comunidad.comprasdominicana.gob.do\/\/Public\/Tendering\/OpportunityDetail\/Index?noticeUID=DO1.NTC.1236631\" target=\"_blank\" title=\"Detalles\"><i class=\"fas fa-2x fa-link\"><\/i><\/a><\/div><\/div><\/div><div class=\"jumbotron archivos\"><div class=\"row align-items-center\"><div class=\"col\"><h6><a class=\"text-dark\" href=\"https:\/\/comunidad.comprasdominicana.gob.do\/\/Public\/Tendering\/OpportunityDetail\/Index?noticeUID=DO1.NTC.1236229\" title=\"Ver\" target=\"_blank\">APORDOM-UC-CD-2023-0035<\/a><\/h6><p class=\"mb-0 bold\">Servicio de Rellenado de Botellones de Agua Potable para esta APORDOM.<\/p><p class=\"mb-0\" style=\"font-size: .85rem\"><strong title=\"Estado del Proceso\"><i class=\"fas fa-spinner\"><\/i><\/strong> Proceso adjudicado y celebrado<\/p><p class=\"mb-0\" style=\"font-size: .85rem\"><strong title=\"Fecha de Publicaci\u00f3n\"><i class=\"fas fa-calendar-alt\"><\/i><\/strong> Publicado el viernes, 5 de mayo de 2023<\/p><\/div><div class=\"col-auto mt-md-0 mt-2\"><a class=\"btn btn-primary btn-lg px-lg-4 d-none d-md-block\" href=\"https:\/\/comunidad.comprasdominicana.gob.do\/\/Public\/Tendering\/OpportunityDetail\/Index?noticeUID=DO1.NTC.1236229\" target=\"_blank\" title=\"Detalles\"><i class=\"fas fa-link\"><\/i> DETALLES<\/a><a class=\"btn btn-primary btn-lg px-lg-4 d-block d-md-none\" href=\"https:\/\/comunidad.comprasdominicana.gob.do\/\/Public\/Tendering\/OpportunityDetail\/Index?noticeUID=DO1.NTC.1236229\" target=\"_blank\" title=\"Detalles\"><i class=\"fas fa-2x fa-link\"><\/i><\/a><\/div><\/div><\/div><div class=\"jumbotron archivos\"><div class=\"row align-items-center\"><div class=\"col\"><h6><a class=\"text-dark\" href=\"https:\/\/comunidad.comprasdominicana.gob.do\/\/Public\/Tendering\/OpportunityDetail\/Index?noticeUID=DO1.NTC.1249035\" title=\"Ver\" target=\"_blank\">APORDOM-UC-CD-2023-0041<\/a><\/h6><p class=\"mb-0 bold\">ADQUISICION  E INSTALACION DE COCINA MODULAR PARA OFICINA DE APORDOM<\/p><p class=\"mb-0\" style=\"font-size: .85rem\"><strong title=\"Estado del Proceso\"><i class=\"fas fa-spinner\"><\/i><\/strong> Proceso desierto<\/p><p class=\"mb-0\" style=\"font-size: .85rem\"><strong title=\"Fecha de Publicaci\u00f3n\"><i class=\"fas fa-calendar-alt\"><\/i><\/strong> Publicado el mi\u00e9rcoles, 31 de mayo de 2023<\/p><\/div><div class=\"col-auto mt-md-0 mt-2\"><a class=\"btn btn-primary btn-lg px-lg-4 d-none d-md-block\" href=\"https:\/\/comunidad.comprasdominicana.gob.do\/\/Public\/Tendering\/OpportunityDetail\/Index?noticeUID=DO1.NTC.1249035\" target=\"_blank\" title=\"Detalles\"><i class=\"fas fa-link\"><\/i> DETALLES<\/a><a class=\"btn btn-primary btn-lg px-lg-4 d-block d-md-none\" href=\"https:\/\/comunidad.comprasdominicana.gob.do\/\/Public\/Tendering\/OpportunityDetail\/Index?noticeUID=DO1.NTC.1249035\" target=\"_blank\" title=\"Detalles\"><i class=\"fas fa-2x fa-link\"><\/i><\/a><\/div><\/div><\/div><\/div><\/div><\/div>\n        <div class=\"card\">\n            <div class=\"card-header parents\" id=\"heading_compras-por-debajo-del-umbral-69eeee772d89c-2023-69eeee772d89c-marzo-69eeee772d89c\">\n                <p class=\"title text-blue mb-0\">\n                    <a class=\"btn-block hover text-left collapsed\" data-toggle=\"collapse\" data-target=\"#collap_compras-por-debajo-del-umbral-69eeee772d89c-2023-69eeee772d89c-marzo-69eeee772d89c\" aria-expanded=\"false\" aria-controls=\"collap_compras-por-debajo-del-umbral-69eeee772d89c-2023-69eeee772d89c-marzo-69eeee772d89c\">Marzo<\/a>\n                <\/p>\n            <\/div>\n            <div id=\"collap_compras-por-debajo-del-umbral-69eeee772d89c-2023-69eeee772d89c-marzo-69eeee772d89c\" class=\"collapse\" aria-labelledby=\"heading_compras-por-debajo-del-umbral-69eeee772d89c-2023-69eeee772d89c-marzo-69eeee772d89c\" data-parent=\"#collap_compras-por-debajo-del-umbral-69eeee772d89c-2023-69eeee772d89c\">\n                <div class=\"card-body\"><div class=\"jumbotron archivos\"><div class=\"row align-items-center\"><div class=\"col\"><h6><a class=\"text-dark\" href=\"https:\/\/comunidad.comprasdominicana.gob.do\/\/Public\/Tendering\/OpportunityDetail\/Index?noticeUID=DO1.NTC.1221904\" title=\"Ver\" target=\"_blank\">APORDOM-UC-CD-2023-0031<\/a><\/h6><p class=\"mb-0 bold\">ADQUISICI\u00d3N DE DIEZ (10) ESTANTES PARA USO DE APORDOM, DIRIGIDO A MIPYME MUJER<\/p><p class=\"mb-0\" style=\"font-size: .85rem\"><strong title=\"Estado del Proceso\"><i class=\"fas fa-spinner\"><\/i><\/strong> Proceso adjudicado y celebrado<\/p><p class=\"mb-0\" style=\"font-size: .85rem\"><strong title=\"Fecha de Publicaci\u00f3n\"><i class=\"fas fa-calendar-alt\"><\/i><\/strong> Publicado el viernes, 31 de marzo de 2023<\/p><\/div><div class=\"col-auto mt-md-0 mt-2\"><a class=\"btn btn-primary btn-lg px-lg-4 d-none d-md-block\" href=\"https:\/\/comunidad.comprasdominicana.gob.do\/\/Public\/Tendering\/OpportunityDetail\/Index?noticeUID=DO1.NTC.1221904\" target=\"_blank\" title=\"Detalles\"><i class=\"fas fa-link\"><\/i> DETALLES<\/a><a class=\"btn btn-primary btn-lg px-lg-4 d-block d-md-none\" href=\"https:\/\/comunidad.comprasdominicana.gob.do\/\/Public\/Tendering\/OpportunityDetail\/Index?noticeUID=DO1.NTC.1221904\" target=\"_blank\" title=\"Detalles\"><i class=\"fas fa-2x fa-link\"><\/i><\/a><\/div><\/div><\/div><div class=\"jumbotron archivos\"><div class=\"row align-items-center\"><div class=\"col\"><h6><a class=\"text-dark\" href=\"https:\/\/comunidad.comprasdominicana.gob.do\/\/Public\/Tendering\/OpportunityDetail\/Index?noticeUID=DO1.NTC.1221137\" title=\"Ver\" target=\"_blank\">APORDOM-UC-CD-2023-0033<\/a><\/h6><p class=\"mb-0 bold\">Adquisici\u00f3n de Caf\u00e9 para Consumo de los diferentes Departamentos y Puertos de APORDOM, dirigido a MIPYMES Mujer.<\/p><p class=\"mb-0\" style=\"font-size: .85rem\"><strong title=\"Estado del Proceso\"><i class=\"fas fa-spinner\"><\/i><\/strong> Proceso adjudicado y celebrado<\/p><p class=\"mb-0\" style=\"font-size: .85rem\"><strong title=\"Fecha de Publicaci\u00f3n\"><i class=\"fas fa-calendar-alt\"><\/i><\/strong> Publicado el jueves, 30 de marzo de 2023<\/p><\/div><div class=\"col-auto mt-md-0 mt-2\"><a class=\"btn btn-primary btn-lg px-lg-4 d-none d-md-block\" href=\"https:\/\/comunidad.comprasdominicana.gob.do\/\/Public\/Tendering\/OpportunityDetail\/Index?noticeUID=DO1.NTC.1221137\" target=\"_blank\" title=\"Detalles\"><i class=\"fas fa-link\"><\/i> DETALLES<\/a><a class=\"btn btn-primary btn-lg px-lg-4 d-block d-md-none\" href=\"https:\/\/comunidad.comprasdominicana.gob.do\/\/Public\/Tendering\/OpportunityDetail\/Index?noticeUID=DO1.NTC.1221137\" target=\"_blank\" title=\"Detalles\"><i class=\"fas fa-2x fa-link\"><\/i><\/a><\/div><\/div><\/div><div class=\"jumbotron archivos\"><div class=\"row align-items-center\"><div class=\"col\"><h6><a class=\"text-dark\" href=\"https:\/\/comunidad.comprasdominicana.gob.do\/\/Public\/Tendering\/OpportunityDetail\/Index?noticeUID=DO1.NTC.1216711\" title=\"Ver\" target=\"_blank\">APORDOM-UC-CD-2023-0026<\/a><\/h6><p class=\"mb-0 bold\">CONTRATACI\u00d3N DE SERVICIO DE TRANSMISI\u00d3N EN VIVO PARA ACTIVIDAD DE APORDOM<\/p><p class=\"mb-0\" style=\"font-size: .85rem\"><strong title=\"Estado del Proceso\"><i class=\"fas fa-spinner\"><\/i><\/strong> Proceso adjudicado y celebrado<\/p><p class=\"mb-0\" style=\"font-size: .85rem\"><strong title=\"Fecha de Publicaci\u00f3n\"><i class=\"fas fa-calendar-alt\"><\/i><\/strong> Publicado el viernes, 24 de marzo de 2023<\/p><\/div><div class=\"col-auto mt-md-0 mt-2\"><a class=\"btn btn-primary btn-lg px-lg-4 d-none d-md-block\" href=\"https:\/\/comunidad.comprasdominicana.gob.do\/\/Public\/Tendering\/OpportunityDetail\/Index?noticeUID=DO1.NTC.1216711\" target=\"_blank\" title=\"Detalles\"><i class=\"fas fa-link\"><\/i> DETALLES<\/a><a class=\"btn btn-primary btn-lg px-lg-4 d-block d-md-none\" href=\"https:\/\/comunidad.comprasdominicana.gob.do\/\/Public\/Tendering\/OpportunityDetail\/Index?noticeUID=DO1.NTC.1216711\" target=\"_blank\" title=\"Detalles\"><i class=\"fas fa-2x fa-link\"><\/i><\/a><\/div><\/div><\/div><div class=\"jumbotron archivos\"><div class=\"row align-items-center\"><div class=\"col\"><h6><a class=\"text-dark\" href=\"https:\/\/comunidad.comprasdominicana.gob.do\/\/Public\/Tendering\/OpportunityDetail\/Index?noticeUID=DO1.NTC.1214921\" title=\"Ver\" target=\"_blank\">APORDOM-UC-CD-2023-0030<\/a><\/h6><p class=\"mb-0 bold\">Servicio de Acondicionamiento para Letrero de la Entrada de APORDOM, dirigido a Mipymes.<\/p><p class=\"mb-0\" style=\"font-size: .85rem\"><strong title=\"Estado del Proceso\"><i class=\"fas fa-spinner\"><\/i><\/strong> Proceso adjudicado y celebrado<\/p><p class=\"mb-0\" style=\"font-size: .85rem\"><strong title=\"Fecha de Publicaci\u00f3n\"><i class=\"fas fa-calendar-alt\"><\/i><\/strong> Publicado el martes, 21 de marzo de 2023<\/p><\/div><div class=\"col-auto mt-md-0 mt-2\"><a class=\"btn btn-primary btn-lg px-lg-4 d-none d-md-block\" href=\"https:\/\/comunidad.comprasdominicana.gob.do\/\/Public\/Tendering\/OpportunityDetail\/Index?noticeUID=DO1.NTC.1214921\" target=\"_blank\" title=\"Detalles\"><i class=\"fas fa-link\"><\/i> DETALLES<\/a><a class=\"btn btn-primary btn-lg px-lg-4 d-block d-md-none\" href=\"https:\/\/comunidad.comprasdominicana.gob.do\/\/Public\/Tendering\/OpportunityDetail\/Index?noticeUID=DO1.NTC.1214921\" target=\"_blank\" title=\"Detalles\"><i class=\"fas fa-2x fa-link\"><\/i><\/a><\/div><\/div><\/div><div class=\"jumbotron archivos\"><div class=\"row align-items-center\"><div class=\"col\"><h6><a class=\"text-dark\" href=\"https:\/\/comunidad.comprasdominicana.gob.do\/\/Public\/Tendering\/OpportunityDetail\/Index?noticeUID=DO1.NTC.1213145\" title=\"Ver\" target=\"_blank\">APORDOM-UC-CD-2023-0028<\/a><\/h6><p class=\"mb-0 bold\">Adquisici\u00f3n de sellos Institucionales para Autoridad Portuaria Dominicana, dirigido a Mipymes Mujer.<\/p><p class=\"mb-0\" style=\"font-size: .85rem\"><strong title=\"Estado del Proceso\"><i class=\"fas fa-spinner\"><\/i><\/strong> Proceso adjudicado y celebrado<\/p><p class=\"mb-0\" style=\"font-size: .85rem\"><strong title=\"Fecha de Publicaci\u00f3n\"><i class=\"fas fa-calendar-alt\"><\/i><\/strong> Publicado el jueves, 16 de marzo de 2023<\/p><\/div><div class=\"col-auto mt-md-0 mt-2\"><a class=\"btn btn-primary btn-lg px-lg-4 d-none d-md-block\" href=\"https:\/\/comunidad.comprasdominicana.gob.do\/\/Public\/Tendering\/OpportunityDetail\/Index?noticeUID=DO1.NTC.1213145\" target=\"_blank\" title=\"Detalles\"><i class=\"fas fa-link\"><\/i> DETALLES<\/a><a class=\"btn btn-primary btn-lg px-lg-4 d-block d-md-none\" href=\"https:\/\/comunidad.comprasdominicana.gob.do\/\/Public\/Tendering\/OpportunityDetail\/Index?noticeUID=DO1.NTC.1213145\" target=\"_blank\" title=\"Detalles\"><i class=\"fas fa-2x fa-link\"><\/i><\/a><\/div><\/div><\/div><div class=\"jumbotron archivos\"><div class=\"row align-items-center\"><div class=\"col\"><h6><a class=\"text-dark\" href=\"https:\/\/comunidad.comprasdominicana.gob.do\/\/Public\/Tendering\/OpportunityDetail\/Index?noticeUID=DO1.NTC.1213219\" title=\"Ver\" target=\"_blank\">APORDOM-UC-CD-2023-0025<\/a><\/h6><p class=\"mb-0 bold\">ADQUISICION DE 19 LETREROS PARA LOS PUERTOS Y AREAS DE LA SEDE PRINCIPAL DE APORDOM<\/p><p class=\"mb-0\" style=\"font-size: .85rem\"><strong title=\"Estado del Proceso\"><i class=\"fas fa-spinner\"><\/i><\/strong> Proceso adjudicado y celebrado<\/p><p class=\"mb-0\" style=\"font-size: .85rem\"><strong title=\"Fecha de Publicaci\u00f3n\"><i class=\"fas fa-calendar-alt\"><\/i><\/strong> Publicado el jueves, 16 de marzo de 2023<\/p><\/div><div class=\"col-auto mt-md-0 mt-2\"><a class=\"btn btn-primary btn-lg px-lg-4 d-none d-md-block\" href=\"https:\/\/comunidad.comprasdominicana.gob.do\/\/Public\/Tendering\/OpportunityDetail\/Index?noticeUID=DO1.NTC.1213219\" target=\"_blank\" title=\"Detalles\"><i class=\"fas fa-link\"><\/i> DETALLES<\/a><a class=\"btn btn-primary btn-lg px-lg-4 d-block d-md-none\" href=\"https:\/\/comunidad.comprasdominicana.gob.do\/\/Public\/Tendering\/OpportunityDetail\/Index?noticeUID=DO1.NTC.1213219\" target=\"_blank\" title=\"Detalles\"><i class=\"fas fa-2x fa-link\"><\/i><\/a><\/div><\/div><\/div><div class=\"jumbotron archivos\"><div class=\"row align-items-center\"><div class=\"col\"><h6><a class=\"text-dark\" href=\"https:\/\/comunidad.comprasdominicana.gob.do\/\/Public\/Tendering\/OpportunityDetail\/Index?noticeUID=DO1.NTC.1212629\" title=\"Ver\" target=\"_blank\">APORDOM-UC-CD-2023-0027<\/a><\/h6><p class=\"mb-0 bold\">CONTRATACI\u00d3N DE SERVICIOS DE LOCUCION PARA SPOT PUBLICITARIO DIRIGIDO A MIPYMES<\/p><p class=\"mb-0\" style=\"font-size: .85rem\"><strong title=\"Estado del Proceso\"><i class=\"fas fa-spinner\"><\/i><\/strong> Proceso adjudicado y celebrado<\/p><p class=\"mb-0\" style=\"font-size: .85rem\"><strong title=\"Fecha de Publicaci\u00f3n\"><i class=\"fas fa-calendar-alt\"><\/i><\/strong> Publicado el mi\u00e9rcoles, 15 de marzo de 2023<\/p><\/div><div class=\"col-auto mt-md-0 mt-2\"><a class=\"btn btn-primary btn-lg px-lg-4 d-none d-md-block\" href=\"https:\/\/comunidad.comprasdominicana.gob.do\/\/Public\/Tendering\/OpportunityDetail\/Index?noticeUID=DO1.NTC.1212629\" target=\"_blank\" title=\"Detalles\"><i class=\"fas fa-link\"><\/i> DETALLES<\/a><a class=\"btn btn-primary btn-lg px-lg-4 d-block d-md-none\" href=\"https:\/\/comunidad.comprasdominicana.gob.do\/\/Public\/Tendering\/OpportunityDetail\/Index?noticeUID=DO1.NTC.1212629\" target=\"_blank\" title=\"Detalles\"><i class=\"fas fa-2x fa-link\"><\/i><\/a><\/div><\/div><\/div><div class=\"jumbotron archivos\"><div class=\"row align-items-center\"><div class=\"col\"><h6><a class=\"text-dark\" href=\"https:\/\/comunidad.comprasdominicana.gob.do\/\/Public\/Tendering\/OpportunityDetail\/Index?noticeUID=DO1.NTC.1211841\" title=\"Ver\" target=\"_blank\">APORDOM-UC-CD-2023-0024<\/a><\/h6><p class=\"mb-0 bold\">ADQUISICION DE 65 PARAGUAS PARA USO DE APORDOM<\/p><p class=\"mb-0\" style=\"font-size: .85rem\"><strong title=\"Estado del Proceso\"><i class=\"fas fa-spinner\"><\/i><\/strong> Proceso adjudicado y celebrado<\/p><p class=\"mb-0\" style=\"font-size: .85rem\"><strong title=\"Fecha de Publicaci\u00f3n\"><i class=\"fas fa-calendar-alt\"><\/i><\/strong> Publicado el martes, 14 de marzo de 2023<\/p><\/div><div class=\"col-auto mt-md-0 mt-2\"><a class=\"btn btn-primary btn-lg px-lg-4 d-none d-md-block\" href=\"https:\/\/comunidad.comprasdominicana.gob.do\/\/Public\/Tendering\/OpportunityDetail\/Index?noticeUID=DO1.NTC.1211841\" target=\"_blank\" title=\"Detalles\"><i class=\"fas fa-link\"><\/i> DETALLES<\/a><a class=\"btn btn-primary btn-lg px-lg-4 d-block d-md-none\" href=\"https:\/\/comunidad.comprasdominicana.gob.do\/\/Public\/Tendering\/OpportunityDetail\/Index?noticeUID=DO1.NTC.1211841\" target=\"_blank\" title=\"Detalles\"><i class=\"fas fa-2x fa-link\"><\/i><\/a><\/div><\/div><\/div><div class=\"jumbotron archivos\"><div class=\"row align-items-center\"><div class=\"col\"><h6><a class=\"text-dark\" href=\"https:\/\/comunidad.comprasdominicana.gob.do\/\/Public\/Tendering\/OpportunityDetail\/Index?noticeUID=DO1.NTC.1210828\" title=\"Ver\" target=\"_blank\">APORDOM-UC-CD-2023-0020<\/a><\/h6><p class=\"mb-0 bold\">ADQUISICION DE PUERTA ENROLLABLE METALICA PARA  EL ALMACEN DE EBANISTERIA DE LA SEDE PRINCIPAL DE  APORDOM<\/p><p class=\"mb-0\" style=\"font-size: .85rem\"><strong title=\"Estado del Proceso\"><i class=\"fas fa-spinner\"><\/i><\/strong> Proceso adjudicado y celebrado<\/p><p class=\"mb-0\" style=\"font-size: .85rem\"><strong title=\"Fecha de Publicaci\u00f3n\"><i class=\"fas fa-calendar-alt\"><\/i><\/strong> Publicado el viernes, 10 de marzo de 2023<\/p><\/div><div class=\"col-auto mt-md-0 mt-2\"><a class=\"btn btn-primary btn-lg px-lg-4 d-none d-md-block\" href=\"https:\/\/comunidad.comprasdominicana.gob.do\/\/Public\/Tendering\/OpportunityDetail\/Index?noticeUID=DO1.NTC.1210828\" target=\"_blank\" title=\"Detalles\"><i class=\"fas fa-link\"><\/i> DETALLES<\/a><a class=\"btn btn-primary btn-lg px-lg-4 d-block d-md-none\" href=\"https:\/\/comunidad.comprasdominicana.gob.do\/\/Public\/Tendering\/OpportunityDetail\/Index?noticeUID=DO1.NTC.1210828\" target=\"_blank\" title=\"Detalles\"><i class=\"fas fa-2x fa-link\"><\/i><\/a><\/div><\/div><\/div><div class=\"jumbotron archivos\"><div class=\"row align-items-center\"><div class=\"col\"><h6><a class=\"text-dark\" href=\"https:\/\/comunidad.comprasdominicana.gob.do\/\/Public\/Tendering\/OpportunityDetail\/Index?noticeUID=DO1.NTC.1209311\" title=\"Ver\" target=\"_blank\">APORDOM-UC-CD-2023-0023<\/a><\/h6><p class=\"mb-0 bold\">ADQUISICI\u00d3N DE 54 CAJAS DE  LECHE EN CART\u00d3N PARA USO DE APORDOM, DIRIGIDO A MIPYME MUJER.<\/p><p class=\"mb-0\" style=\"font-size: .85rem\"><strong title=\"Estado del Proceso\"><i class=\"fas fa-spinner\"><\/i><\/strong> Proceso adjudicado y celebrado<\/p><p class=\"mb-0\" style=\"font-size: .85rem\"><strong title=\"Fecha de Publicaci\u00f3n\"><i class=\"fas fa-calendar-alt\"><\/i><\/strong> Publicado el martes, 7 de marzo de 2023<\/p><\/div><div class=\"col-auto mt-md-0 mt-2\"><a class=\"btn btn-primary btn-lg px-lg-4 d-none d-md-block\" href=\"https:\/\/comunidad.comprasdominicana.gob.do\/\/Public\/Tendering\/OpportunityDetail\/Index?noticeUID=DO1.NTC.1209311\" target=\"_blank\" title=\"Detalles\"><i class=\"fas fa-link\"><\/i> DETALLES<\/a><a class=\"btn btn-primary btn-lg px-lg-4 d-block d-md-none\" href=\"https:\/\/comunidad.comprasdominicana.gob.do\/\/Public\/Tendering\/OpportunityDetail\/Index?noticeUID=DO1.NTC.1209311\" target=\"_blank\" title=\"Detalles\"><i class=\"fas fa-2x fa-link\"><\/i><\/a><\/div><\/div><\/div><div class=\"jumbotron archivos\"><div class=\"row align-items-center\"><div class=\"col\"><h6><a class=\"text-dark\" href=\"https:\/\/comunidad.comprasdominicana.gob.do\/\/Public\/Tendering\/OpportunityDetail\/Index?noticeUID=DO1.NTC.1206620\" title=\"Ver\" target=\"_blank\">APORDOM-UC-CD-2023-0021<\/a><\/h6><p class=\"mb-0 bold\">ADQUISICION DE PLACAS DE RECONOCIMIENTO Y PODIUM PARA APORDOM<\/p><p class=\"mb-0\" style=\"font-size: .85rem\"><strong title=\"Estado del Proceso\"><i class=\"fas fa-spinner\"><\/i><\/strong> Proceso adjudicado y celebrado<\/p><p class=\"mb-0\" style=\"font-size: .85rem\"><strong title=\"Fecha de Publicaci\u00f3n\"><i class=\"fas fa-calendar-alt\"><\/i><\/strong> Publicado el mi\u00e9rcoles, 1 de marzo de 2023<\/p><\/div><div class=\"col-auto mt-md-0 mt-2\"><a class=\"btn btn-primary btn-lg px-lg-4 d-none d-md-block\" href=\"https:\/\/comunidad.comprasdominicana.gob.do\/\/Public\/Tendering\/OpportunityDetail\/Index?noticeUID=DO1.NTC.1206620\" target=\"_blank\" title=\"Detalles\"><i class=\"fas fa-link\"><\/i> DETALLES<\/a><a class=\"btn btn-primary btn-lg px-lg-4 d-block d-md-none\" href=\"https:\/\/comunidad.comprasdominicana.gob.do\/\/Public\/Tendering\/OpportunityDetail\/Index?noticeUID=DO1.NTC.1206620\" target=\"_blank\" title=\"Detalles\"><i class=\"fas fa-2x fa-link\"><\/i><\/a><\/div><\/div><\/div><\/div><\/div><\/div>\n        <div class=\"card\">\n            <div class=\"card-header parents\" id=\"heading_compras-por-debajo-del-umbral-69eeee772d89c-2023-69eeee772d89c-febrero-69eeee772d89c\">\n                <p class=\"title text-blue mb-0\">\n                    <a class=\"btn-block hover text-left collapsed\" data-toggle=\"collapse\" data-target=\"#collap_compras-por-debajo-del-umbral-69eeee772d89c-2023-69eeee772d89c-febrero-69eeee772d89c\" aria-expanded=\"false\" aria-controls=\"collap_compras-por-debajo-del-umbral-69eeee772d89c-2023-69eeee772d89c-febrero-69eeee772d89c\">Febrero<\/a>\n                <\/p>\n            <\/div>\n            <div id=\"collap_compras-por-debajo-del-umbral-69eeee772d89c-2023-69eeee772d89c-febrero-69eeee772d89c\" class=\"collapse\" aria-labelledby=\"heading_compras-por-debajo-del-umbral-69eeee772d89c-2023-69eeee772d89c-febrero-69eeee772d89c\" data-parent=\"#collap_compras-por-debajo-del-umbral-69eeee772d89c-2023-69eeee772d89c\">\n                <div class=\"card-body\"><div class=\"jumbotron archivos\"><div class=\"row align-items-center\"><div class=\"col\"><h6><a class=\"text-dark\" href=\"https:\/\/comunidad.comprasdominicana.gob.do\/\/Public\/Tendering\/OpportunityDetail\/Index?noticeUID=DO1.NTC.1204253\" title=\"Ver\" target=\"_blank\">APORDOM-UC-CD-2023-0022<\/a><\/h6><p class=\"mb-0 bold\">CONTRATACION DE PUBLICIDAD EN PERIODICOS DE LA CONVOCATORIA DEL PROCESO APORDOM-CCC-LPN-2023-0001<\/p><p class=\"mb-0\" style=\"font-size: .85rem\"><strong title=\"Estado del Proceso\"><i class=\"fas fa-spinner\"><\/i><\/strong> Proceso adjudicado y celebrado<\/p><p class=\"mb-0\" style=\"font-size: .85rem\"><strong title=\"Fecha de Publicaci\u00f3n\"><i class=\"fas fa-calendar-alt\"><\/i><\/strong> Publicado el mi\u00e9rcoles, 22 de febrero de 2023<\/p><\/div><div class=\"col-auto mt-md-0 mt-2\"><a class=\"btn btn-primary btn-lg px-lg-4 d-none d-md-block\" href=\"https:\/\/comunidad.comprasdominicana.gob.do\/\/Public\/Tendering\/OpportunityDetail\/Index?noticeUID=DO1.NTC.1204253\" target=\"_blank\" title=\"Detalles\"><i class=\"fas fa-link\"><\/i> DETALLES<\/a><a class=\"btn btn-primary btn-lg px-lg-4 d-block d-md-none\" href=\"https:\/\/comunidad.comprasdominicana.gob.do\/\/Public\/Tendering\/OpportunityDetail\/Index?noticeUID=DO1.NTC.1204253\" target=\"_blank\" title=\"Detalles\"><i class=\"fas fa-2x fa-link\"><\/i><\/a><\/div><\/div><\/div><div class=\"jumbotron archivos\"><div class=\"row align-items-center\"><div class=\"col\"><h6><a class=\"text-dark\" href=\"https:\/\/comunidad.comprasdominicana.gob.do\/\/Public\/Tendering\/OpportunityDetail\/Index?noticeUID=DO1.NTC.1203226\" title=\"Ver\" target=\"_blank\">APORDOM-UC-CD-2023-0008<\/a><\/h6><p class=\"mb-0 bold\">CONTRATACION DE SERVICIO DE IMPRESION, DIAGRAMACION Y EMPASTADO DE DOCUMENTOS<\/p><p class=\"mb-0\" style=\"font-size: .85rem\"><strong title=\"Estado del Proceso\"><i class=\"fas fa-spinner\"><\/i><\/strong> Proceso adjudicado y celebrado<\/p><p class=\"mb-0\" style=\"font-size: .85rem\"><strong title=\"Fecha de Publicaci\u00f3n\"><i class=\"fas fa-calendar-alt\"><\/i><\/strong> Publicado el lunes, 20 de febrero de 2023<\/p><\/div><div class=\"col-auto mt-md-0 mt-2\"><a class=\"btn btn-primary btn-lg px-lg-4 d-none d-md-block\" href=\"https:\/\/comunidad.comprasdominicana.gob.do\/\/Public\/Tendering\/OpportunityDetail\/Index?noticeUID=DO1.NTC.1203226\" target=\"_blank\" title=\"Detalles\"><i class=\"fas fa-link\"><\/i> DETALLES<\/a><a class=\"btn btn-primary btn-lg px-lg-4 d-block d-md-none\" href=\"https:\/\/comunidad.comprasdominicana.gob.do\/\/Public\/Tendering\/OpportunityDetail\/Index?noticeUID=DO1.NTC.1203226\" target=\"_blank\" title=\"Detalles\"><i class=\"fas fa-2x fa-link\"><\/i><\/a><\/div><\/div><\/div><div class=\"jumbotron archivos\"><div class=\"row align-items-center\"><div class=\"col\"><h6><a class=\"text-dark\" href=\"https:\/\/comunidad.comprasdominicana.gob.do\/\/Public\/Tendering\/OpportunityDetail\/Index?noticeUID=DO1.NTC.1203329\" title=\"Ver\" target=\"_blank\">APORDOM-UC-CD-2023-0016<\/a><\/h6><p class=\"mb-0 bold\">CONTRATACI\u00d3N DE SERVICIO DE MAESTRIA DE CEREMONIA<\/p><p class=\"mb-0\" style=\"font-size: .85rem\"><strong title=\"Estado del Proceso\"><i class=\"fas fa-spinner\"><\/i><\/strong> Proceso adjudicado y celebrado<\/p><p class=\"mb-0\" style=\"font-size: .85rem\"><strong title=\"Fecha de Publicaci\u00f3n\"><i class=\"fas fa-calendar-alt\"><\/i><\/strong> Publicado el lunes, 20 de febrero de 2023<\/p><\/div><div class=\"col-auto mt-md-0 mt-2\"><a class=\"btn btn-primary btn-lg px-lg-4 d-none d-md-block\" href=\"https:\/\/comunidad.comprasdominicana.gob.do\/\/Public\/Tendering\/OpportunityDetail\/Index?noticeUID=DO1.NTC.1203329\" target=\"_blank\" title=\"Detalles\"><i class=\"fas fa-link\"><\/i> DETALLES<\/a><a class=\"btn btn-primary btn-lg px-lg-4 d-block d-md-none\" href=\"https:\/\/comunidad.comprasdominicana.gob.do\/\/Public\/Tendering\/OpportunityDetail\/Index?noticeUID=DO1.NTC.1203329\" target=\"_blank\" title=\"Detalles\"><i class=\"fas fa-2x fa-link\"><\/i><\/a><\/div><\/div><\/div><div class=\"jumbotron archivos\"><div class=\"row align-items-center\"><div class=\"col\"><h6><a class=\"text-dark\" href=\"https:\/\/comunidad.comprasdominicana.gob.do\/\/Public\/Tendering\/OpportunityDetail\/Index?noticeUID=DO1.NTC.1201735\" title=\"Ver\" target=\"_blank\">APORDOM-UC-CD-2023-0017<\/a><\/h6><p class=\"mb-0 bold\">ADQUISICI\u00d3N DE TARJETAS DE CARNET Y CINTAS DE IMPRESI\u00d3N PARA USO DE APORDOM, DIRIGIDO A MIPYME.<\/p><p class=\"mb-0\" style=\"font-size: .85rem\"><strong title=\"Estado del Proceso\"><i class=\"fas fa-spinner\"><\/i><\/strong> Proceso adjudicado y celebrado<\/p><p class=\"mb-0\" style=\"font-size: .85rem\"><strong title=\"Fecha de Publicaci\u00f3n\"><i class=\"fas fa-calendar-alt\"><\/i><\/strong> Publicado el jueves, 16 de febrero de 2023<\/p><\/div><div class=\"col-auto mt-md-0 mt-2\"><a class=\"btn btn-primary btn-lg px-lg-4 d-none d-md-block\" href=\"https:\/\/comunidad.comprasdominicana.gob.do\/\/Public\/Tendering\/OpportunityDetail\/Index?noticeUID=DO1.NTC.1201735\" target=\"_blank\" title=\"Detalles\"><i class=\"fas fa-link\"><\/i> DETALLES<\/a><a class=\"btn btn-primary btn-lg px-lg-4 d-block d-md-none\" href=\"https:\/\/comunidad.comprasdominicana.gob.do\/\/Public\/Tendering\/OpportunityDetail\/Index?noticeUID=DO1.NTC.1201735\" target=\"_blank\" title=\"Detalles\"><i class=\"fas fa-2x fa-link\"><\/i><\/a><\/div><\/div><\/div><div class=\"jumbotron archivos\"><div class=\"row align-items-center\"><div class=\"col\"><h6><a class=\"text-dark\" href=\"https:\/\/comunidad.comprasdominicana.gob.do\/\/Public\/Tendering\/OpportunityDetail\/Index?noticeUID=DO1.NTC.1201355\" title=\"Ver\" target=\"_blank\">APORDOM-UC-CD-2023-0009<\/a><\/h6><p class=\"mb-0 bold\">CONTRATACION DE SERVICIO DE MANTENIMIENTO PREVENTIVO Y CORRECTIVO  DEL ELEVADOR DE APORDOM POR UN PERIODO DE  12 MESES<\/p><p class=\"mb-0\" style=\"font-size: .85rem\"><strong title=\"Estado del Proceso\"><i class=\"fas fa-spinner\"><\/i><\/strong> Proceso adjudicado y celebrado<\/p><p class=\"mb-0\" style=\"font-size: .85rem\"><strong title=\"Fecha de Publicaci\u00f3n\"><i class=\"fas fa-calendar-alt\"><\/i><\/strong> Publicado el mi\u00e9rcoles, 15 de febrero de 2023<\/p><\/div><div class=\"col-auto mt-md-0 mt-2\"><a class=\"btn btn-primary btn-lg px-lg-4 d-none d-md-block\" href=\"https:\/\/comunidad.comprasdominicana.gob.do\/\/Public\/Tendering\/OpportunityDetail\/Index?noticeUID=DO1.NTC.1201355\" target=\"_blank\" title=\"Detalles\"><i class=\"fas fa-link\"><\/i> DETALLES<\/a><a class=\"btn btn-primary btn-lg px-lg-4 d-block d-md-none\" href=\"https:\/\/comunidad.comprasdominicana.gob.do\/\/Public\/Tendering\/OpportunityDetail\/Index?noticeUID=DO1.NTC.1201355\" target=\"_blank\" title=\"Detalles\"><i class=\"fas fa-2x fa-link\"><\/i><\/a><\/div><\/div><\/div><div class=\"jumbotron archivos\"><div class=\"row align-items-center\"><div class=\"col\"><h6><a class=\"text-dark\" href=\"https:\/\/comunidad.comprasdominicana.gob.do\/\/Public\/Tendering\/OpportunityDetail\/Index?noticeUID=DO1.NTC.1201242\" title=\"Ver\" target=\"_blank\">APORDOM-UC-CD-2023-0015<\/a><\/h6><p class=\"mb-0 bold\">Renovaci\u00f3n Suscripci\u00f3n Anual del Peri\u00f3dico El Caribe<\/p><p class=\"mb-0\" style=\"font-size: .85rem\"><strong title=\"Estado del Proceso\"><i class=\"fas fa-spinner\"><\/i><\/strong> Proceso adjudicado y celebrado<\/p><p class=\"mb-0\" style=\"font-size: .85rem\"><strong title=\"Fecha de Publicaci\u00f3n\"><i class=\"fas fa-calendar-alt\"><\/i><\/strong> Publicado el mi\u00e9rcoles, 15 de febrero de 2023<\/p><\/div><div class=\"col-auto mt-md-0 mt-2\"><a class=\"btn btn-primary btn-lg px-lg-4 d-none d-md-block\" href=\"https:\/\/comunidad.comprasdominicana.gob.do\/\/Public\/Tendering\/OpportunityDetail\/Index?noticeUID=DO1.NTC.1201242\" target=\"_blank\" title=\"Detalles\"><i class=\"fas fa-link\"><\/i> DETALLES<\/a><a class=\"btn btn-primary btn-lg px-lg-4 d-block d-md-none\" href=\"https:\/\/comunidad.comprasdominicana.gob.do\/\/Public\/Tendering\/OpportunityDetail\/Index?noticeUID=DO1.NTC.1201242\" target=\"_blank\" title=\"Detalles\"><i class=\"fas fa-2x fa-link\"><\/i><\/a><\/div><\/div><\/div><div class=\"jumbotron archivos\"><div class=\"row align-items-center\"><div class=\"col\"><h6><a class=\"text-dark\" href=\"https:\/\/comunidad.comprasdominicana.gob.do\/\/Public\/Tendering\/OpportunityDetail\/Index?noticeUID=DO1.NTC.1198827\" title=\"Ver\" target=\"_blank\">APORDOM-UC-CD-2023-0012<\/a><\/h6><p class=\"mb-0 bold\"> SERVICIO DE ALQUILER DE VEH\u00cdCULO PARA TRASLADOS EN EL MARCO DE LA FERIA  SEATRADE 2023<\/p><p class=\"mb-0\" style=\"font-size: .85rem\"><strong title=\"Estado del Proceso\"><i class=\"fas fa-spinner\"><\/i><\/strong> Proceso adjudicado y celebrado<\/p><p class=\"mb-0\" style=\"font-size: .85rem\"><strong title=\"Fecha de Publicaci\u00f3n\"><i class=\"fas fa-calendar-alt\"><\/i><\/strong> Publicado el lunes, 13 de febrero de 2023<\/p><\/div><div class=\"col-auto mt-md-0 mt-2\"><a class=\"btn btn-primary btn-lg px-lg-4 d-none d-md-block\" href=\"https:\/\/comunidad.comprasdominicana.gob.do\/\/Public\/Tendering\/OpportunityDetail\/Index?noticeUID=DO1.NTC.1198827\" target=\"_blank\" title=\"Detalles\"><i class=\"fas fa-link\"><\/i> DETALLES<\/a><a class=\"btn btn-primary btn-lg px-lg-4 d-block d-md-none\" href=\"https:\/\/comunidad.comprasdominicana.gob.do\/\/Public\/Tendering\/OpportunityDetail\/Index?noticeUID=DO1.NTC.1198827\" target=\"_blank\" title=\"Detalles\"><i class=\"fas fa-2x fa-link\"><\/i><\/a><\/div><\/div><\/div><div class=\"jumbotron archivos\"><div class=\"row align-items-center\"><div class=\"col\"><h6><a class=\"text-dark\" href=\"https:\/\/comunidad.comprasdominicana.gob.do\/\/Public\/Tendering\/OpportunityDetail\/Index?noticeUID=DO1.NTC.1197053\" title=\"Ver\" target=\"_blank\">APORDOM-UC-CD-2023-0014<\/a><\/h6><p class=\"mb-0 bold\">SERVICIO DE ALOJAMIENTO WEB MICROSOFT AZURE- PORTAL WEB DE APORDOM POR UN PER\u00cdODO DE 12 MESES.<\/p><p class=\"mb-0\" style=\"font-size: .85rem\"><strong title=\"Estado del Proceso\"><i class=\"fas fa-spinner\"><\/i><\/strong> Proceso adjudicado y celebrado<\/p><p class=\"mb-0\" style=\"font-size: .85rem\"><strong title=\"Fecha de Publicaci\u00f3n\"><i class=\"fas fa-calendar-alt\"><\/i><\/strong> Publicado el viernes, 10 de febrero de 2023<\/p><\/div><div class=\"col-auto mt-md-0 mt-2\"><a class=\"btn btn-primary btn-lg px-lg-4 d-none d-md-block\" href=\"https:\/\/comunidad.comprasdominicana.gob.do\/\/Public\/Tendering\/OpportunityDetail\/Index?noticeUID=DO1.NTC.1197053\" target=\"_blank\" title=\"Detalles\"><i class=\"fas fa-link\"><\/i> DETALLES<\/a><a class=\"btn btn-primary btn-lg px-lg-4 d-block d-md-none\" href=\"https:\/\/comunidad.comprasdominicana.gob.do\/\/Public\/Tendering\/OpportunityDetail\/Index?noticeUID=DO1.NTC.1197053\" target=\"_blank\" title=\"Detalles\"><i class=\"fas fa-2x fa-link\"><\/i><\/a><\/div><\/div><\/div><div class=\"jumbotron archivos\"><div class=\"row align-items-center\"><div class=\"col\"><h6><a class=\"text-dark\" href=\"https:\/\/comunidad.comprasdominicana.gob.do\/\/Public\/Tendering\/OpportunityDetail\/Index?noticeUID=DO1.NTC.1197552\" title=\"Ver\" target=\"_blank\">APORDOM-UC-CD-2023-0010<\/a><\/h6><p class=\"mb-0 bold\">CONTRATACI\u00d3N DE SERVICIOS DE ALMUERZOS EJECUTIVOS Y REFRIGERIOS PARA REUNIONES DE APORDOM, POR UN PERIODO DE 6 MESES, DIRIGIDO A MIPYMES.<\/p><p class=\"mb-0\" style=\"font-size: .85rem\"><strong title=\"Estado del Proceso\"><i class=\"fas fa-spinner\"><\/i><\/strong> Proceso adjudicado y celebrado<\/p><p class=\"mb-0\" style=\"font-size: .85rem\"><strong title=\"Fecha de Publicaci\u00f3n\"><i class=\"fas fa-calendar-alt\"><\/i><\/strong> Publicado el viernes, 10 de febrero de 2023<\/p><\/div><div class=\"col-auto mt-md-0 mt-2\"><a class=\"btn btn-primary btn-lg px-lg-4 d-none d-md-block\" href=\"https:\/\/comunidad.comprasdominicana.gob.do\/\/Public\/Tendering\/OpportunityDetail\/Index?noticeUID=DO1.NTC.1197552\" target=\"_blank\" title=\"Detalles\"><i class=\"fas fa-link\"><\/i> DETALLES<\/a><a class=\"btn btn-primary btn-lg px-lg-4 d-block d-md-none\" href=\"https:\/\/comunidad.comprasdominicana.gob.do\/\/Public\/Tendering\/OpportunityDetail\/Index?noticeUID=DO1.NTC.1197552\" target=\"_blank\" title=\"Detalles\"><i class=\"fas fa-2x fa-link\"><\/i><\/a><\/div><\/div><\/div><div class=\"jumbotron archivos\"><div class=\"row align-items-center\"><div class=\"col\"><h6><a class=\"text-dark\" href=\"https:\/\/comunidad.comprasdominicana.gob.do\/\/Public\/Tendering\/OpportunityDetail\/Index?noticeUID=DO1.NTC.1197049\" title=\"Ver\" target=\"_blank\">APORDOM-UC-CD-2023-0013<\/a><\/h6><p class=\"mb-0 bold\">ADQUISICI\u00d3N DE 03 TANQUES DE ACEITE 15 W40 PARA MANTENIMIENTO FLOTILLA VEHICULAR DE APORDOM, DIRIGIDO A MIPYME.<\/p><p class=\"mb-0\" style=\"font-size: .85rem\"><strong title=\"Estado del Proceso\"><i class=\"fas fa-spinner\"><\/i><\/strong> Proceso adjudicado y celebrado<\/p><p class=\"mb-0\" style=\"font-size: .85rem\"><strong title=\"Fecha de Publicaci\u00f3n\"><i class=\"fas fa-calendar-alt\"><\/i><\/strong> Publicado el viernes, 10 de febrero de 2023<\/p><\/div><div class=\"col-auto mt-md-0 mt-2\"><a class=\"btn btn-primary btn-lg px-lg-4 d-none d-md-block\" href=\"https:\/\/comunidad.comprasdominicana.gob.do\/\/Public\/Tendering\/OpportunityDetail\/Index?noticeUID=DO1.NTC.1197049\" target=\"_blank\" title=\"Detalles\"><i class=\"fas fa-link\"><\/i> DETALLES<\/a><a class=\"btn btn-primary btn-lg px-lg-4 d-block d-md-none\" href=\"https:\/\/comunidad.comprasdominicana.gob.do\/\/Public\/Tendering\/OpportunityDetail\/Index?noticeUID=DO1.NTC.1197049\" target=\"_blank\" title=\"Detalles\"><i class=\"fas fa-2x fa-link\"><\/i><\/a><\/div><\/div><\/div><div class=\"jumbotron archivos\"><div class=\"row align-items-center\"><div class=\"col\"><h6><a class=\"text-dark\" href=\"https:\/\/comunidad.comprasdominicana.gob.do\/\/Public\/Tendering\/OpportunityDetail\/Index?noticeUID=DO1.NTC.1196102\" title=\"Ver\" target=\"_blank\">APORDOM-UC-CD-2023-0011<\/a><\/h6><p class=\"mb-0 bold\">CONTRATACI\u00d3N DE SERVICIOS DE ALMUERZOS Y REFRIGERIOS PARA CAPACITACIONES Y REUNIONES DE LA DIRECCI\u00d3N DE GESTI\u00d3N HUMANA POR UN PERIODO DE 6 MESES, DIRIGIDO A MIPYMES<\/p><p class=\"mb-0\" style=\"font-size: .85rem\"><strong title=\"Estado del Proceso\"><i class=\"fas fa-spinner\"><\/i><\/strong> Proceso adjudicado y celebrado<\/p><p class=\"mb-0\" style=\"font-size: .85rem\"><strong title=\"Fecha de Publicaci\u00f3n\"><i class=\"fas fa-calendar-alt\"><\/i><\/strong> Publicado el mi\u00e9rcoles, 8 de febrero de 2023<\/p><\/div><div class=\"col-auto mt-md-0 mt-2\"><a class=\"btn btn-primary btn-lg px-lg-4 d-none d-md-block\" href=\"https:\/\/comunidad.comprasdominicana.gob.do\/\/Public\/Tendering\/OpportunityDetail\/Index?noticeUID=DO1.NTC.1196102\" target=\"_blank\" title=\"Detalles\"><i class=\"fas fa-link\"><\/i> DETALLES<\/a><a class=\"btn btn-primary btn-lg px-lg-4 d-block d-md-none\" href=\"https:\/\/comunidad.comprasdominicana.gob.do\/\/Public\/Tendering\/OpportunityDetail\/Index?noticeUID=DO1.NTC.1196102\" target=\"_blank\" title=\"Detalles\"><i class=\"fas fa-2x fa-link\"><\/i><\/a><\/div><\/div><\/div><div class=\"jumbotron archivos\"><div class=\"row align-items-center\"><div class=\"col\"><h6><a class=\"text-dark\" href=\"https:\/\/comunidad.comprasdominicana.gob.do\/\/Public\/Tendering\/OpportunityDetail\/Index?noticeUID=DO1.NTC.1193723\" title=\"Ver\" target=\"_blank\">APORDOM-UC-CD-2023-0007<\/a><\/h6><p class=\"mb-0 bold\">CONTRATACI\u00d3N DE SERVICIOS DE MAESTRIAS DE CEREMONIA <\/p><p class=\"mb-0\" style=\"font-size: .85rem\"><strong title=\"Estado del Proceso\"><i class=\"fas fa-spinner\"><\/i><\/strong> Proceso adjudicado y celebrado<\/p><p class=\"mb-0\" style=\"font-size: .85rem\"><strong title=\"Fecha de Publicaci\u00f3n\"><i class=\"fas fa-calendar-alt\"><\/i><\/strong> Publicado el jueves, 2 de febrero de 2023<\/p><\/div><div class=\"col-auto mt-md-0 mt-2\"><a class=\"btn btn-primary btn-lg px-lg-4 d-none d-md-block\" href=\"https:\/\/comunidad.comprasdominicana.gob.do\/\/Public\/Tendering\/OpportunityDetail\/Index?noticeUID=DO1.NTC.1193723\" target=\"_blank\" title=\"Detalles\"><i class=\"fas fa-link\"><\/i> DETALLES<\/a><a class=\"btn btn-primary btn-lg px-lg-4 d-block d-md-none\" href=\"https:\/\/comunidad.comprasdominicana.gob.do\/\/Public\/Tendering\/OpportunityDetail\/Index?noticeUID=DO1.NTC.1193723\" target=\"_blank\" title=\"Detalles\"><i class=\"fas fa-2x fa-link\"><\/i><\/a><\/div><\/div><\/div><\/div><\/div><\/div>\n        <div class=\"card\">\n            <div class=\"card-header parents\" id=\"heading_compras-por-debajo-del-umbral-69eeee772d89c-2023-69eeee772d89c-enero-69eeee772d89c\">\n                <p class=\"title text-blue mb-0\">\n                    <a class=\"btn-block hover text-left collapsed\" data-toggle=\"collapse\" data-target=\"#collap_compras-por-debajo-del-umbral-69eeee772d89c-2023-69eeee772d89c-enero-69eeee772d89c\" aria-expanded=\"false\" aria-controls=\"collap_compras-por-debajo-del-umbral-69eeee772d89c-2023-69eeee772d89c-enero-69eeee772d89c\">Enero<\/a>\n                <\/p>\n            <\/div>\n            <div id=\"collap_compras-por-debajo-del-umbral-69eeee772d89c-2023-69eeee772d89c-enero-69eeee772d89c\" class=\"collapse\" aria-labelledby=\"heading_compras-por-debajo-del-umbral-69eeee772d89c-2023-69eeee772d89c-enero-69eeee772d89c\" data-parent=\"#collap_compras-por-debajo-del-umbral-69eeee772d89c-2023-69eeee772d89c\">\n                <div class=\"card-body\"><div class=\"jumbotron archivos\"><div class=\"row align-items-center\"><div class=\"col\"><h6><a class=\"text-dark\" href=\"https:\/\/comunidad.comprasdominicana.gob.do\/\/Public\/Tendering\/OpportunityDetail\/Index?noticeUID=DO1.NTC.1192119\" title=\"Ver\" target=\"_blank\">APORDOM-UC-CD-2023-0006<\/a><\/h6><p class=\"mb-0 bold\">CONTRATACI\u00d3N DE SERVICIO DE CORONA PARA OFRENDA FLORAL Y ARREGLOS DE FLORES PARA USO DE APORDOM<\/p><p class=\"mb-0\" style=\"font-size: .85rem\"><strong title=\"Estado del Proceso\"><i class=\"fas fa-spinner\"><\/i><\/strong> Proceso adjudicado y celebrado<\/p><p class=\"mb-0\" style=\"font-size: .85rem\"><strong title=\"Fecha de Publicaci\u00f3n\"><i class=\"fas fa-calendar-alt\"><\/i><\/strong> Publicado el viernes, 27 de enero de 2023<\/p><\/div><div class=\"col-auto mt-md-0 mt-2\"><a class=\"btn btn-primary btn-lg px-lg-4 d-none d-md-block\" href=\"https:\/\/comunidad.comprasdominicana.gob.do\/\/Public\/Tendering\/OpportunityDetail\/Index?noticeUID=DO1.NTC.1192119\" target=\"_blank\" title=\"Detalles\"><i class=\"fas fa-link\"><\/i> DETALLES<\/a><a class=\"btn btn-primary btn-lg px-lg-4 d-block d-md-none\" href=\"https:\/\/comunidad.comprasdominicana.gob.do\/\/Public\/Tendering\/OpportunityDetail\/Index?noticeUID=DO1.NTC.1192119\" target=\"_blank\" title=\"Detalles\"><i class=\"fas fa-2x fa-link\"><\/i><\/a><\/div><\/div><\/div><div class=\"jumbotron archivos\"><div class=\"row align-items-center\"><div class=\"col\"><h6><a class=\"text-dark\" href=\"https:\/\/comunidad.comprasdominicana.gob.do\/\/Public\/Tendering\/OpportunityDetail\/Index?noticeUID=DO1.NTC.1191541\" title=\"Ver\" target=\"_blank\">APORDOM-UC-CD-2023-0005<\/a><\/h6><p class=\"mb-0 bold\">ADQUISICI\u00d3N DE INSUMOS PARA DISTINTAS ACTIVIDADES DE APORDOM DIRIGIDO A MIPYMES MUJER<\/p><p class=\"mb-0\" style=\"font-size: .85rem\"><strong title=\"Estado del Proceso\"><i class=\"fas fa-spinner\"><\/i><\/strong> Proceso adjudicado y celebrado<\/p><p class=\"mb-0\" style=\"font-size: .85rem\"><strong title=\"Fecha de Publicaci\u00f3n\"><i class=\"fas fa-calendar-alt\"><\/i><\/strong> Publicado el jueves, 26 de enero de 2023<\/p><\/div><div class=\"col-auto mt-md-0 mt-2\"><a class=\"btn btn-primary btn-lg px-lg-4 d-none d-md-block\" href=\"https:\/\/comunidad.comprasdominicana.gob.do\/\/Public\/Tendering\/OpportunityDetail\/Index?noticeUID=DO1.NTC.1191541\" target=\"_blank\" title=\"Detalles\"><i class=\"fas fa-link\"><\/i> DETALLES<\/a><a class=\"btn btn-primary btn-lg px-lg-4 d-block d-md-none\" href=\"https:\/\/comunidad.comprasdominicana.gob.do\/\/Public\/Tendering\/OpportunityDetail\/Index?noticeUID=DO1.NTC.1191541\" target=\"_blank\" title=\"Detalles\"><i class=\"fas fa-2x fa-link\"><\/i><\/a><\/div><\/div><\/div><div class=\"jumbotron archivos\"><div class=\"row align-items-center\"><div class=\"col\"><h6><a class=\"text-dark\" href=\"https:\/\/comunidad.comprasdominicana.gob.do\/\/Public\/Tendering\/OpportunityDetail\/Index?noticeUID=DO1.NTC.1191312\" title=\"Ver\" target=\"_blank\">APORDOM-UC-CD-2023-0003<\/a><\/h6><p class=\"mb-0 bold\">ADQUISICION DE CAFE PARA  APORDOM<\/p><p class=\"mb-0\" style=\"font-size: .85rem\"><strong title=\"Estado del Proceso\"><i class=\"fas fa-spinner\"><\/i><\/strong> Proceso adjudicado y celebrado<\/p><p class=\"mb-0\" style=\"font-size: .85rem\"><strong title=\"Fecha de Publicaci\u00f3n\"><i class=\"fas fa-calendar-alt\"><\/i><\/strong> Publicado el jueves, 26 de enero de 2023<\/p><\/div><div class=\"col-auto mt-md-0 mt-2\"><a class=\"btn btn-primary btn-lg px-lg-4 d-none d-md-block\" href=\"https:\/\/comunidad.comprasdominicana.gob.do\/\/Public\/Tendering\/OpportunityDetail\/Index?noticeUID=DO1.NTC.1191312\" target=\"_blank\" title=\"Detalles\"><i class=\"fas fa-link\"><\/i> DETALLES<\/a><a class=\"btn btn-primary btn-lg px-lg-4 d-block d-md-none\" href=\"https:\/\/comunidad.comprasdominicana.gob.do\/\/Public\/Tendering\/OpportunityDetail\/Index?noticeUID=DO1.NTC.1191312\" target=\"_blank\" title=\"Detalles\"><i class=\"fas fa-2x fa-link\"><\/i><\/a><\/div><\/div><\/div><div class=\"jumbotron archivos\"><div class=\"row align-items-center\"><div class=\"col\"><h6><a class=\"text-dark\" href=\"https:\/\/comunidad.comprasdominicana.gob.do\/\/Public\/Tendering\/OpportunityDetail\/Index?noticeUID=DO1.NTC.1188037\" title=\"Ver\" target=\"_blank\">APORDOM-UC-CD-2023-0004<\/a><\/h6><p class=\"mb-0 bold\">CONTRATACI\u00d3N DE TALLER PARA SERVICIO DE MANTENIMIENTO CORRECTIVO Y PREVENTIVO EN GENERAL DE VEH\u00cdCULOS DE APORDOM<\/p><p class=\"mb-0\" style=\"font-size: .85rem\"><strong title=\"Estado del Proceso\"><i class=\"fas fa-spinner\"><\/i><\/strong> Proceso adjudicado y celebrado<\/p><p class=\"mb-0\" style=\"font-size: .85rem\"><strong title=\"Fecha de Publicaci\u00f3n\"><i class=\"fas fa-calendar-alt\"><\/i><\/strong> Publicado el lunes, 23 de enero de 2023<\/p><\/div><div class=\"col-auto mt-md-0 mt-2\"><a class=\"btn btn-primary btn-lg px-lg-4 d-none d-md-block\" href=\"https:\/\/comunidad.comprasdominicana.gob.do\/\/Public\/Tendering\/OpportunityDetail\/Index?noticeUID=DO1.NTC.1188037\" target=\"_blank\" title=\"Detalles\"><i class=\"fas fa-link\"><\/i> DETALLES<\/a><a class=\"btn btn-primary btn-lg px-lg-4 d-block d-md-none\" href=\"https:\/\/comunidad.comprasdominicana.gob.do\/\/Public\/Tendering\/OpportunityDetail\/Index?noticeUID=DO1.NTC.1188037\" target=\"_blank\" title=\"Detalles\"><i class=\"fas fa-2x fa-link\"><\/i><\/a><\/div><\/div><\/div><div class=\"jumbotron archivos\"><div class=\"row align-items-center\"><div class=\"col\"><h6><a class=\"text-dark\" href=\"https:\/\/comunidad.comprasdominicana.gob.do\/\/Public\/Tendering\/OpportunityDetail\/Index?noticeUID=DO1.NTC.1187924\" title=\"Ver\" target=\"_blank\">APORDOM-UC-CD-2023-0002<\/a><\/h6><p class=\"mb-0 bold\">ADQUISICI\u00d3N DE MATERIALES FERRETEROS PARA USO DE LA DIRECCI\u00d3N DE TECNOLOG\u00cdA DE APORDOM, DIRIGIDO A MIPYME<\/p><p class=\"mb-0\" style=\"font-size: .85rem\"><strong title=\"Estado del Proceso\"><i class=\"fas fa-spinner\"><\/i><\/strong> Proceso adjudicado y celebrado<\/p><p class=\"mb-0\" style=\"font-size: .85rem\"><strong title=\"Fecha de Publicaci\u00f3n\"><i class=\"fas fa-calendar-alt\"><\/i><\/strong> Publicado el viernes, 20 de enero de 2023<\/p><\/div><div class=\"col-auto mt-md-0 mt-2\"><a class=\"btn btn-primary btn-lg px-lg-4 d-none d-md-block\" href=\"https:\/\/comunidad.comprasdominicana.gob.do\/\/Public\/Tendering\/OpportunityDetail\/Index?noticeUID=DO1.NTC.1187924\" target=\"_blank\" title=\"Detalles\"><i class=\"fas fa-link\"><\/i> DETALLES<\/a><a class=\"btn btn-primary btn-lg px-lg-4 d-block d-md-none\" href=\"https:\/\/comunidad.comprasdominicana.gob.do\/\/Public\/Tendering\/OpportunityDetail\/Index?noticeUID=DO1.NTC.1187924\" target=\"_blank\" title=\"Detalles\"><i class=\"fas fa-2x fa-link\"><\/i><\/a><\/div><\/div><\/div><div class=\"jumbotron archivos\"><div class=\"row align-items-center\"><div class=\"col\"><h6><a class=\"text-dark\" href=\"https:\/\/comunidad.comprasdominicana.gob.do\/\/Public\/Tendering\/OpportunityDetail\/Index?noticeUID=DO1.NTC.1182408\" title=\"Ver\" target=\"_blank\">APORDOM-UC-CD-2023-0001<\/a><\/h6><p class=\"mb-0 bold\">SERVICIO PAGO DEDUCIBLE REPARACION VEHICULOS DE APORDOM<\/p><p class=\"mb-0\" style=\"font-size: .85rem\"><strong title=\"Estado del Proceso\"><i class=\"fas fa-spinner\"><\/i><\/strong> Proceso adjudicado y celebrado<\/p><p class=\"mb-0\" style=\"font-size: .85rem\"><strong title=\"Fecha de Publicaci\u00f3n\"><i class=\"fas fa-calendar-alt\"><\/i><\/strong> Publicado el viernes, 6 de enero de 2023<\/p><\/div><div class=\"col-auto mt-md-0 mt-2\"><a class=\"btn btn-primary btn-lg px-lg-4 d-none d-md-block\" href=\"https:\/\/comunidad.comprasdominicana.gob.do\/\/Public\/Tendering\/OpportunityDetail\/Index?noticeUID=DO1.NTC.1182408\" target=\"_blank\" title=\"Detalles\"><i class=\"fas fa-link\"><\/i> DETALLES<\/a><a class=\"btn btn-primary btn-lg px-lg-4 d-block d-md-none\" href=\"https:\/\/comunidad.comprasdominicana.gob.do\/\/Public\/Tendering\/OpportunityDetail\/Index?noticeUID=DO1.NTC.1182408\" target=\"_blank\" title=\"Detalles\"><i class=\"fas fa-2x fa-link\"><\/i><\/a><\/div><\/div><\/div><\/div><\/div><\/div><\/div><\/div><\/div>\n        <div class=\"card\">\n            <div class=\"card-header parents\" id=\"heading_compras-por-debajo-del-umbral-69eeee772d89c-2022-69eeee772d89c\">\n                <p class=\"title text-blue mb-0\">\n                    <a class=\"btn-block hover text-left collapsed\" data-toggle=\"collapse\" data-target=\"#collap_compras-por-debajo-del-umbral-69eeee772d89c-2022-69eeee772d89c\" aria-expanded=\"false\" aria-controls=\"collap_compras-por-debajo-del-umbral-69eeee772d89c-2022-69eeee772d89c\">2022<\/a>\n                <\/p>\n            <\/div>\n            <div id=\"collap_compras-por-debajo-del-umbral-69eeee772d89c-2022-69eeee772d89c\" class=\"collapse\" aria-labelledby=\"heading_compras-por-debajo-del-umbral-69eeee772d89c-2022-69eeee772d89c\" data-parent=\"#collap_compras-por-debajo-del-umbral-69eeee772d89c\">\n                <div class=\"card-body\">\n        <div class=\"card\">\n            <div class=\"card-header parents\" id=\"heading_compras-por-debajo-del-umbral-69eeee772d89c-2022-69eeee772d89c-diciembre-69eeee772d89c\">\n                <p class=\"title text-blue mb-0\">\n                    <a class=\"btn-block hover text-left collapsed\" data-toggle=\"collapse\" data-target=\"#collap_compras-por-debajo-del-umbral-69eeee772d89c-2022-69eeee772d89c-diciembre-69eeee772d89c\" aria-expanded=\"false\" aria-controls=\"collap_compras-por-debajo-del-umbral-69eeee772d89c-2022-69eeee772d89c-diciembre-69eeee772d89c\">Diciembre<\/a>\n                <\/p>\n            <\/div>\n            <div id=\"collap_compras-por-debajo-del-umbral-69eeee772d89c-2022-69eeee772d89c-diciembre-69eeee772d89c\" class=\"collapse\" aria-labelledby=\"heading_compras-por-debajo-del-umbral-69eeee772d89c-2022-69eeee772d89c-diciembre-69eeee772d89c\" data-parent=\"#collap_compras-por-debajo-del-umbral-69eeee772d89c-2022-69eeee772d89c\">\n                <div class=\"card-body\"><div class=\"jumbotron archivos\"><div class=\"row align-items-center\"><div class=\"col\"><h6><a class=\"text-dark\" href=\"https:\/\/comunidad.comprasdominicana.gob.do\/\/Public\/Tendering\/OpportunityDetail\/Index?noticeUID=DO1.NTC.1175817\" title=\"Ver\" target=\"_blank\">APORDOM-UC-CD-2022-0121<\/a><\/h6><p class=\"mb-0 bold\">CONTRATACION DE SERVICIO DE IMPRESI\u00d3N, DIRIGIDO A MIPYMES<\/p><p class=\"mb-0\" style=\"font-size: .85rem\"><strong title=\"Estado del Proceso\"><i class=\"fas fa-spinner\"><\/i><\/strong> Proceso adjudicado y celebrado<\/p><p class=\"mb-0\" style=\"font-size: .85rem\"><strong title=\"Fecha de Publicaci\u00f3n\"><i class=\"fas fa-calendar-alt\"><\/i><\/strong> Publicado el mi\u00e9rcoles, 21 de diciembre de 2022<\/p><\/div><div class=\"col-auto mt-md-0 mt-2\"><a class=\"btn btn-primary btn-lg px-lg-4 d-none d-md-block\" href=\"https:\/\/comunidad.comprasdominicana.gob.do\/\/Public\/Tendering\/OpportunityDetail\/Index?noticeUID=DO1.NTC.1175817\" target=\"_blank\" title=\"Detalles\"><i class=\"fas fa-link\"><\/i> DETALLES<\/a><a class=\"btn btn-primary btn-lg px-lg-4 d-block d-md-none\" href=\"https:\/\/comunidad.comprasdominicana.gob.do\/\/Public\/Tendering\/OpportunityDetail\/Index?noticeUID=DO1.NTC.1175817\" target=\"_blank\" title=\"Detalles\"><i class=\"fas fa-2x fa-link\"><\/i><\/a><\/div><\/div><\/div><div class=\"jumbotron archivos\"><div class=\"row align-items-center\"><div class=\"col\"><h6><a class=\"text-dark\" href=\"https:\/\/comunidad.comprasdominicana.gob.do\/\/Public\/Tendering\/OpportunityDetail\/Index?noticeUID=DO1.NTC.1173245\" title=\"Ver\" target=\"_blank\">APORDOM-UC-CD-2022-0114<\/a><\/h6><p class=\"mb-0 bold\">ADQUISICION DE SHUTTER AUTOMATIZADO PARA MARQUESINA DE APORDOM<\/p><p class=\"mb-0\" style=\"font-size: .85rem\"><strong title=\"Estado del Proceso\"><i class=\"fas fa-spinner\"><\/i><\/strong> Proceso adjudicado y celebrado<\/p><p class=\"mb-0\" style=\"font-size: .85rem\"><strong title=\"Fecha de Publicaci\u00f3n\"><i class=\"fas fa-calendar-alt\"><\/i><\/strong> Publicado el jueves, 15 de diciembre de 2022<\/p><\/div><div class=\"col-auto mt-md-0 mt-2\"><a class=\"btn btn-primary btn-lg px-lg-4 d-none d-md-block\" href=\"https:\/\/comunidad.comprasdominicana.gob.do\/\/Public\/Tendering\/OpportunityDetail\/Index?noticeUID=DO1.NTC.1173245\" target=\"_blank\" title=\"Detalles\"><i class=\"fas fa-link\"><\/i> DETALLES<\/a><a class=\"btn btn-primary btn-lg px-lg-4 d-block d-md-none\" href=\"https:\/\/comunidad.comprasdominicana.gob.do\/\/Public\/Tendering\/OpportunityDetail\/Index?noticeUID=DO1.NTC.1173245\" target=\"_blank\" title=\"Detalles\"><i class=\"fas fa-2x fa-link\"><\/i><\/a><\/div><\/div><\/div><div class=\"jumbotron archivos\"><div class=\"row align-items-center\"><div class=\"col\"><h6><a class=\"text-dark\" href=\"https:\/\/comunidad.comprasdominicana.gob.do\/\/Public\/Tendering\/OpportunityDetail\/Index?noticeUID=DO1.NTC.1171712\" title=\"Ver\" target=\"_blank\">APORDOM-UC-CD-2022-0104<\/a><\/h6><p class=\"mb-0 bold\">Adquisici\u00f3n de Equipos de Oficina para las diferentes \u00e1reas de APORDOM, dirigido a MiPymes, Desierto del Proceso  Ref.: Apordom UC-CD-2022-0069. <\/p><p class=\"mb-0\" style=\"font-size: .85rem\"><strong title=\"Estado del Proceso\"><i class=\"fas fa-spinner\"><\/i><\/strong> Proceso adjudicado y celebrado<\/p><p class=\"mb-0\" style=\"font-size: .85rem\"><strong title=\"Fecha de Publicaci\u00f3n\"><i class=\"fas fa-calendar-alt\"><\/i><\/strong> Publicado el martes, 13 de diciembre de 2022<\/p><\/div><div class=\"col-auto mt-md-0 mt-2\"><a class=\"btn btn-primary btn-lg px-lg-4 d-none d-md-block\" href=\"https:\/\/comunidad.comprasdominicana.gob.do\/\/Public\/Tendering\/OpportunityDetail\/Index?noticeUID=DO1.NTC.1171712\" target=\"_blank\" title=\"Detalles\"><i class=\"fas fa-link\"><\/i> DETALLES<\/a><a class=\"btn btn-primary btn-lg px-lg-4 d-block d-md-none\" href=\"https:\/\/comunidad.comprasdominicana.gob.do\/\/Public\/Tendering\/OpportunityDetail\/Index?noticeUID=DO1.NTC.1171712\" target=\"_blank\" title=\"Detalles\"><i class=\"fas fa-2x fa-link\"><\/i><\/a><\/div><\/div><\/div><div class=\"jumbotron archivos\"><div class=\"row align-items-center\"><div class=\"col\"><h6><a class=\"text-dark\" href=\"https:\/\/comunidad.comprasdominicana.gob.do\/\/Public\/Tendering\/OpportunityDetail\/Index?noticeUID=DO1.NTC.1170642\" title=\"Ver\" target=\"_blank\">APORDOM-UC-CD-2022-0120<\/a><\/h6><p class=\"mb-0 bold\">CONTRATACI\u00d3N DE SERVICIOS DE PERITAJE<\/p><p class=\"mb-0\" style=\"font-size: .85rem\"><strong title=\"Estado del Proceso\"><i class=\"fas fa-spinner\"><\/i><\/strong> Proceso adjudicado y celebrado<\/p><p class=\"mb-0\" style=\"font-size: .85rem\"><strong title=\"Fecha de Publicaci\u00f3n\"><i class=\"fas fa-calendar-alt\"><\/i><\/strong> Publicado el lunes, 12 de diciembre de 2022<\/p><\/div><div class=\"col-auto mt-md-0 mt-2\"><a class=\"btn btn-primary btn-lg px-lg-4 d-none d-md-block\" href=\"https:\/\/comunidad.comprasdominicana.gob.do\/\/Public\/Tendering\/OpportunityDetail\/Index?noticeUID=DO1.NTC.1170642\" target=\"_blank\" title=\"Detalles\"><i class=\"fas fa-link\"><\/i> DETALLES<\/a><a class=\"btn btn-primary btn-lg px-lg-4 d-block d-md-none\" href=\"https:\/\/comunidad.comprasdominicana.gob.do\/\/Public\/Tendering\/OpportunityDetail\/Index?noticeUID=DO1.NTC.1170642\" target=\"_blank\" title=\"Detalles\"><i class=\"fas fa-2x fa-link\"><\/i><\/a><\/div><\/div><\/div><div class=\"jumbotron archivos\"><div class=\"row align-items-center\"><div class=\"col\"><h6><a class=\"text-dark\" href=\"https:\/\/comunidad.comprasdominicana.gob.do\/\/Public\/Tendering\/OpportunityDetail\/Index?noticeUID=DO1.NTC.1169632\" title=\"Ver\" target=\"_blank\">APORDOM-UC-CD-2022-0118<\/a><\/h6><p class=\"mb-0 bold\">CONTRATACION DE VILLANCICO PARA EUCARISTIA ANIVERSARIO APORDOM<\/p><p class=\"mb-0\" style=\"font-size: .85rem\"><strong title=\"Estado del Proceso\"><i class=\"fas fa-spinner\"><\/i><\/strong> Proceso adjudicado y celebrado<\/p><p class=\"mb-0\" style=\"font-size: .85rem\"><strong title=\"Fecha de Publicaci\u00f3n\"><i class=\"fas fa-calendar-alt\"><\/i><\/strong> Publicado el jueves, 8 de diciembre de 2022<\/p><\/div><div class=\"col-auto mt-md-0 mt-2\"><a class=\"btn btn-primary btn-lg px-lg-4 d-none d-md-block\" href=\"https:\/\/comunidad.comprasdominicana.gob.do\/\/Public\/Tendering\/OpportunityDetail\/Index?noticeUID=DO1.NTC.1169632\" target=\"_blank\" title=\"Detalles\"><i class=\"fas fa-link\"><\/i> DETALLES<\/a><a class=\"btn btn-primary btn-lg px-lg-4 d-block d-md-none\" href=\"https:\/\/comunidad.comprasdominicana.gob.do\/\/Public\/Tendering\/OpportunityDetail\/Index?noticeUID=DO1.NTC.1169632\" target=\"_blank\" title=\"Detalles\"><i class=\"fas fa-2x fa-link\"><\/i><\/a><\/div><\/div><\/div><div class=\"jumbotron archivos\"><div class=\"row align-items-center\"><div class=\"col\"><h6><a class=\"text-dark\" href=\"https:\/\/comunidad.comprasdominicana.gob.do\/\/Public\/Tendering\/OpportunityDetail\/Index?noticeUID=DO1.NTC.1169349\" title=\"Ver\" target=\"_blank\">APORDOM-UC-CD-2022-0119<\/a><\/h6><p class=\"mb-0 bold\">PARTICIPACI\u00d3N EN EL DIPLOMADO DE DERECHO LABORAL Y SEGURIDAD SOCIAL<\/p><p class=\"mb-0\" style=\"font-size: .85rem\"><strong title=\"Estado del Proceso\"><i class=\"fas fa-spinner\"><\/i><\/strong> Proceso adjudicado y celebrado<\/p><p class=\"mb-0\" style=\"font-size: .85rem\"><strong title=\"Fecha de Publicaci\u00f3n\"><i class=\"fas fa-calendar-alt\"><\/i><\/strong> Publicado el jueves, 8 de diciembre de 2022<\/p><\/div><div class=\"col-auto mt-md-0 mt-2\"><a class=\"btn btn-primary btn-lg px-lg-4 d-none d-md-block\" href=\"https:\/\/comunidad.comprasdominicana.gob.do\/\/Public\/Tendering\/OpportunityDetail\/Index?noticeUID=DO1.NTC.1169349\" target=\"_blank\" title=\"Detalles\"><i class=\"fas fa-link\"><\/i> DETALLES<\/a><a class=\"btn btn-primary btn-lg px-lg-4 d-block d-md-none\" href=\"https:\/\/comunidad.comprasdominicana.gob.do\/\/Public\/Tendering\/OpportunityDetail\/Index?noticeUID=DO1.NTC.1169349\" target=\"_blank\" title=\"Detalles\"><i class=\"fas fa-2x fa-link\"><\/i><\/a><\/div><\/div><\/div><div class=\"jumbotron archivos\"><div class=\"row align-items-center\"><div class=\"col\"><h6><a class=\"text-dark\" href=\"https:\/\/comunidad.comprasdominicana.gob.do\/\/Public\/Tendering\/OpportunityDetail\/Index?noticeUID=DO1.NTC.1167730\" title=\"Ver\" target=\"_blank\">APORDOM-UC-CD-2022-0087<\/a><\/h6><p class=\"mb-0 bold\">CONTRATACI\u00d3N DE SERVICIOS LEGALES ESPECIALIZADOS PARA USO DE APORDOM <\/p><p class=\"mb-0\" style=\"font-size: .85rem\"><strong title=\"Estado del Proceso\"><i class=\"fas fa-spinner\"><\/i><\/strong> Proceso adjudicado y celebrado<\/p><p class=\"mb-0\" style=\"font-size: .85rem\"><strong title=\"Fecha de Publicaci\u00f3n\"><i class=\"fas fa-calendar-alt\"><\/i><\/strong> Publicado el lunes, 5 de diciembre de 2022<\/p><\/div><div class=\"col-auto mt-md-0 mt-2\"><a class=\"btn btn-primary btn-lg px-lg-4 d-none d-md-block\" href=\"https:\/\/comunidad.comprasdominicana.gob.do\/\/Public\/Tendering\/OpportunityDetail\/Index?noticeUID=DO1.NTC.1167730\" target=\"_blank\" title=\"Detalles\"><i class=\"fas fa-link\"><\/i> DETALLES<\/a><a class=\"btn btn-primary btn-lg px-lg-4 d-block d-md-none\" href=\"https:\/\/comunidad.comprasdominicana.gob.do\/\/Public\/Tendering\/OpportunityDetail\/Index?noticeUID=DO1.NTC.1167730\" target=\"_blank\" title=\"Detalles\"><i class=\"fas fa-2x fa-link\"><\/i><\/a><\/div><\/div><\/div><div class=\"jumbotron archivos\"><div class=\"row align-items-center\"><div class=\"col\"><h6><a class=\"text-dark\" href=\"https:\/\/comunidad.comprasdominicana.gob.do\/\/Public\/Tendering\/OpportunityDetail\/Index?noticeUID=DO1.NTC.1166444\" title=\"Ver\" target=\"_blank\">APORDOM-UC-CD-2022-0116<\/a><\/h6><p class=\"mb-0 bold\">CONTRATACI\u00d3N DE SERVICIO PARA EL RETIRO DE TORRE ARRIOSTRADA DE LA SEDE PRINCIPAL DE APORDOM.<\/p><p class=\"mb-0\" style=\"font-size: .85rem\"><strong title=\"Estado del Proceso\"><i class=\"fas fa-spinner\"><\/i><\/strong> Proceso adjudicado y celebrado<\/p><p class=\"mb-0\" style=\"font-size: .85rem\"><strong title=\"Fecha de Publicaci\u00f3n\"><i class=\"fas fa-calendar-alt\"><\/i><\/strong> Publicado el jueves, 1 de diciembre de 2022<\/p><\/div><div class=\"col-auto mt-md-0 mt-2\"><a class=\"btn btn-primary btn-lg px-lg-4 d-none d-md-block\" href=\"https:\/\/comunidad.comprasdominicana.gob.do\/\/Public\/Tendering\/OpportunityDetail\/Index?noticeUID=DO1.NTC.1166444\" target=\"_blank\" title=\"Detalles\"><i class=\"fas fa-link\"><\/i> DETALLES<\/a><a class=\"btn btn-primary btn-lg px-lg-4 d-block d-md-none\" href=\"https:\/\/comunidad.comprasdominicana.gob.do\/\/Public\/Tendering\/OpportunityDetail\/Index?noticeUID=DO1.NTC.1166444\" target=\"_blank\" title=\"Detalles\"><i class=\"fas fa-2x fa-link\"><\/i><\/a><\/div><\/div><\/div><div class=\"jumbotron archivos\"><div class=\"row align-items-center\"><div class=\"col\"><h6><a class=\"text-dark\" href=\"https:\/\/comunidad.comprasdominicana.gob.do\/\/Public\/Tendering\/OpportunityDetail\/Index?noticeUID=DO1.NTC.1168444\" title=\"Ver\" target=\"_blank\">APORDOM-UC-CD-2022-0117<\/a><\/h6><p class=\"mb-0 bold\">CONTRATACI\u00d3N DE SERVICIO DE VACIADO DE HORMIG\u00d3N PARA USO DE APORDOM<\/p><p class=\"mb-0\" style=\"font-size: .85rem\"><strong title=\"Estado del Proceso\"><i class=\"fas fa-spinner\"><\/i><\/strong> Proceso desierto<\/p><p class=\"mb-0\" style=\"font-size: .85rem\"><strong title=\"Fecha de Publicaci\u00f3n\"><i class=\"fas fa-calendar-alt\"><\/i><\/strong> Publicado el martes, 6 de diciembre de 2022<\/p><\/div><div class=\"col-auto mt-md-0 mt-2\"><a class=\"btn btn-primary btn-lg px-lg-4 d-none d-md-block\" href=\"https:\/\/comunidad.comprasdominicana.gob.do\/\/Public\/Tendering\/OpportunityDetail\/Index?noticeUID=DO1.NTC.1168444\" target=\"_blank\" title=\"Detalles\"><i class=\"fas fa-link\"><\/i> DETALLES<\/a><a class=\"btn btn-primary btn-lg px-lg-4 d-block d-md-none\" href=\"https:\/\/comunidad.comprasdominicana.gob.do\/\/Public\/Tendering\/OpportunityDetail\/Index?noticeUID=DO1.NTC.1168444\" target=\"_blank\" title=\"Detalles\"><i class=\"fas fa-2x fa-link\"><\/i><\/a><\/div><\/div><\/div><\/div><\/div><\/div>\n        <div class=\"card\">\n            <div class=\"card-header parents\" id=\"heading_compras-por-debajo-del-umbral-69eeee772d89c-2022-69eeee772d89c-noviembre-69eeee772d89c\">\n                <p class=\"title text-blue mb-0\">\n                    <a class=\"btn-block hover text-left collapsed\" data-toggle=\"collapse\" data-target=\"#collap_compras-por-debajo-del-umbral-69eeee772d89c-2022-69eeee772d89c-noviembre-69eeee772d89c\" aria-expanded=\"false\" aria-controls=\"collap_compras-por-debajo-del-umbral-69eeee772d89c-2022-69eeee772d89c-noviembre-69eeee772d89c\">Noviembre<\/a>\n                <\/p>\n            <\/div>\n            <div id=\"collap_compras-por-debajo-del-umbral-69eeee772d89c-2022-69eeee772d89c-noviembre-69eeee772d89c\" class=\"collapse\" aria-labelledby=\"heading_compras-por-debajo-del-umbral-69eeee772d89c-2022-69eeee772d89c-noviembre-69eeee772d89c\" data-parent=\"#collap_compras-por-debajo-del-umbral-69eeee772d89c-2022-69eeee772d89c\">\n                <div class=\"card-body\"><div class=\"jumbotron archivos\"><div class=\"row align-items-center\"><div class=\"col\"><h6><a class=\"text-dark\" href=\"https:\/\/comunidad.comprasdominicana.gob.do\/\/Public\/Tendering\/OpportunityDetail\/Index?noticeUID=DO1.NTC.1163557\" title=\"Ver\" target=\"_blank\">APORDOM-UC-CD-2022-0106<\/a><\/h6><p class=\"mb-0 bold\">CONTRATACION DE VILLANCICO PARA EUCARISTIA ANIVERSARIO APORDOM<\/p><p class=\"mb-0\" style=\"font-size: .85rem\"><strong title=\"Estado del Proceso\"><i class=\"fas fa-spinner\"><\/i><\/strong> Cancelado<\/p><p class=\"mb-0\" style=\"font-size: .85rem\"><strong title=\"Fecha de Publicaci\u00f3n\"><i class=\"fas fa-calendar-alt\"><\/i><\/strong> Publicado el lunes, 28 de noviembre de 2022<\/p><\/div><div class=\"col-auto mt-md-0 mt-2\"><a class=\"btn btn-primary btn-lg px-lg-4 d-none d-md-block\" href=\"https:\/\/comunidad.comprasdominicana.gob.do\/\/Public\/Tendering\/OpportunityDetail\/Index?noticeUID=DO1.NTC.1163557\" target=\"_blank\" title=\"Detalles\"><i class=\"fas fa-link\"><\/i> DETALLES<\/a><a class=\"btn btn-primary btn-lg px-lg-4 d-block d-md-none\" href=\"https:\/\/comunidad.comprasdominicana.gob.do\/\/Public\/Tendering\/OpportunityDetail\/Index?noticeUID=DO1.NTC.1163557\" target=\"_blank\" title=\"Detalles\"><i class=\"fas fa-2x fa-link\"><\/i><\/a><\/div><\/div><\/div><div class=\"jumbotron archivos\"><div class=\"row align-items-center\"><div class=\"col\"><h6><a class=\"text-dark\" href=\"https:\/\/comunidad.comprasdominicana.gob.do\/\/Public\/Tendering\/OpportunityDetail\/Index?noticeUID=DO1.NTC.1165282\" title=\"Ver\" target=\"_blank\">APORDOM-UC-CD-2022-0107<\/a><\/h6><p class=\"mb-0 bold\">CONTRATACION DE ANALISIS FISICOS Y QUIMICOS PARA EL AGUA DE LOS PUERTOS ESTATALES  DE APORDOM<\/p><p class=\"mb-0\" style=\"font-size: .85rem\"><strong title=\"Estado del Proceso\"><i class=\"fas fa-spinner\"><\/i><\/strong> Proceso adjudicado y celebrado<\/p><p class=\"mb-0\" style=\"font-size: .85rem\"><strong title=\"Fecha de Publicaci\u00f3n\"><i class=\"fas fa-calendar-alt\"><\/i><\/strong> Publicado el martes, 29 de noviembre de 2022<\/p><\/div><div class=\"col-auto mt-md-0 mt-2\"><a class=\"btn btn-primary btn-lg px-lg-4 d-none d-md-block\" href=\"https:\/\/comunidad.comprasdominicana.gob.do\/\/Public\/Tendering\/OpportunityDetail\/Index?noticeUID=DO1.NTC.1165282\" target=\"_blank\" title=\"Detalles\"><i class=\"fas fa-link\"><\/i> DETALLES<\/a><a class=\"btn btn-primary btn-lg px-lg-4 d-block d-md-none\" href=\"https:\/\/comunidad.comprasdominicana.gob.do\/\/Public\/Tendering\/OpportunityDetail\/Index?noticeUID=DO1.NTC.1165282\" target=\"_blank\" title=\"Detalles\"><i class=\"fas fa-2x fa-link\"><\/i><\/a><\/div><\/div><\/div><div class=\"jumbotron archivos\"><div class=\"row align-items-center\"><div class=\"col\"><h6><a class=\"text-dark\" href=\"https:\/\/comunidad.comprasdominicana.gob.do\/\/Public\/Tendering\/OpportunityDetail\/Index?noticeUID=DO1.NTC.1165117\" title=\"Ver\" target=\"_blank\">APORDOM-UC-CD-2022-0112<\/a><\/h6><p class=\"mb-0 bold\">SERVICIO DE MANTENIMIENTO Y REPARACI\u00d3N DEL VEH\u00cdCULO CHEVROLET COLORADO, 2019, COLOR BLANCO, CHASIS MMM148FK5KH613463<\/p><p class=\"mb-0\" style=\"font-size: .85rem\"><strong title=\"Estado del Proceso\"><i class=\"fas fa-spinner\"><\/i><\/strong> Proceso adjudicado y celebrado<\/p><p class=\"mb-0\" style=\"font-size: .85rem\"><strong title=\"Fecha de Publicaci\u00f3n\"><i class=\"fas fa-calendar-alt\"><\/i><\/strong> Publicado el martes, 29 de noviembre de 2022<\/p><\/div><div class=\"col-auto mt-md-0 mt-2\"><a class=\"btn btn-primary btn-lg px-lg-4 d-none d-md-block\" href=\"https:\/\/comunidad.comprasdominicana.gob.do\/\/Public\/Tendering\/OpportunityDetail\/Index?noticeUID=DO1.NTC.1165117\" target=\"_blank\" title=\"Detalles\"><i class=\"fas fa-link\"><\/i> DETALLES<\/a><a class=\"btn btn-primary btn-lg px-lg-4 d-block d-md-none\" href=\"https:\/\/comunidad.comprasdominicana.gob.do\/\/Public\/Tendering\/OpportunityDetail\/Index?noticeUID=DO1.NTC.1165117\" target=\"_blank\" title=\"Detalles\"><i class=\"fas fa-2x fa-link\"><\/i><\/a><\/div><\/div><\/div><div class=\"jumbotron archivos\"><div class=\"row align-items-center\"><div class=\"col\"><h6><a class=\"text-dark\" href=\"https:\/\/comunidad.comprasdominicana.gob.do\/\/Public\/Tendering\/OpportunityDetail\/Index?noticeUID=DO1.NTC.1164909\" title=\"Ver\" target=\"_blank\">APORDOM-UC-CD-2022-0111<\/a><\/h6><p class=\"mb-0 bold\">ADQUISICI\u00d3N DE 500 PORCIONES DE BIZCOCHO<\/p><p class=\"mb-0\" style=\"font-size: .85rem\"><strong title=\"Estado del Proceso\"><i class=\"fas fa-spinner\"><\/i><\/strong> Proceso adjudicado y celebrado<\/p><p class=\"mb-0\" style=\"font-size: .85rem\"><strong title=\"Fecha de Publicaci\u00f3n\"><i class=\"fas fa-calendar-alt\"><\/i><\/strong> Publicado el martes, 29 de noviembre de 2022<\/p><\/div><div class=\"col-auto mt-md-0 mt-2\"><a class=\"btn btn-primary btn-lg px-lg-4 d-none d-md-block\" href=\"https:\/\/comunidad.comprasdominicana.gob.do\/\/Public\/Tendering\/OpportunityDetail\/Index?noticeUID=DO1.NTC.1164909\" target=\"_blank\" title=\"Detalles\"><i class=\"fas fa-link\"><\/i> DETALLES<\/a><a class=\"btn btn-primary btn-lg px-lg-4 d-block d-md-none\" href=\"https:\/\/comunidad.comprasdominicana.gob.do\/\/Public\/Tendering\/OpportunityDetail\/Index?noticeUID=DO1.NTC.1164909\" target=\"_blank\" title=\"Detalles\"><i class=\"fas fa-2x fa-link\"><\/i><\/a><\/div><\/div><\/div><div class=\"jumbotron archivos\"><div class=\"row align-items-center\"><div class=\"col\"><h6><a class=\"text-dark\" href=\"https:\/\/comunidad.comprasdominicana.gob.do\/\/Public\/Tendering\/OpportunityDetail\/Index?noticeUID=DO1.NTC.1163039\" title=\"Ver\" target=\"_blank\">APORDOM-UC-CD-2022-0115<\/a><\/h6><p class=\"mb-0 bold\">ADQUISICI\u00d3N DE IMPRESOS PARA USO DE APORDOM, DIRIGIDO A MIPYME<\/p><p class=\"mb-0\" style=\"font-size: .85rem\"><strong title=\"Estado del Proceso\"><i class=\"fas fa-spinner\"><\/i><\/strong> Proceso adjudicado y celebrado<\/p><p class=\"mb-0\" style=\"font-size: .85rem\"><strong title=\"Fecha de Publicaci\u00f3n\"><i class=\"fas fa-calendar-alt\"><\/i><\/strong> Publicado el viernes, 25 de noviembre de 2022<\/p><\/div><div class=\"col-auto mt-md-0 mt-2\"><a class=\"btn btn-primary btn-lg px-lg-4 d-none d-md-block\" href=\"https:\/\/comunidad.comprasdominicana.gob.do\/\/Public\/Tendering\/OpportunityDetail\/Index?noticeUID=DO1.NTC.1163039\" target=\"_blank\" title=\"Detalles\"><i class=\"fas fa-link\"><\/i> DETALLES<\/a><a class=\"btn btn-primary btn-lg px-lg-4 d-block d-md-none\" href=\"https:\/\/comunidad.comprasdominicana.gob.do\/\/Public\/Tendering\/OpportunityDetail\/Index?noticeUID=DO1.NTC.1163039\" target=\"_blank\" title=\"Detalles\"><i class=\"fas fa-2x fa-link\"><\/i><\/a><\/div><\/div><\/div><div class=\"jumbotron archivos\"><div class=\"row align-items-center\"><div class=\"col\"><h6><a class=\"text-dark\" href=\"https:\/\/comunidad.comprasdominicana.gob.do\/\/Public\/Tendering\/OpportunityDetail\/Index?noticeUID=DO1.NTC.1163315\" title=\"Ver\" target=\"_blank\">APORDOM-UC-CD-2022-0113<\/a><\/h6><p class=\"mb-0 bold\">ADQUISICI\u00d3N DE PLACAS DE RECONOCIMIENTO PARA COLABORADORES DE APORDOM<\/p><p class=\"mb-0\" style=\"font-size: .85rem\"><strong title=\"Estado del Proceso\"><i class=\"fas fa-spinner\"><\/i><\/strong> Proceso adjudicado y celebrado<\/p><p class=\"mb-0\" style=\"font-size: .85rem\"><strong title=\"Fecha de Publicaci\u00f3n\"><i class=\"fas fa-calendar-alt\"><\/i><\/strong> Publicado el viernes, 25 de noviembre de 2022<\/p><\/div><div class=\"col-auto mt-md-0 mt-2\"><a class=\"btn btn-primary btn-lg px-lg-4 d-none d-md-block\" href=\"https:\/\/comunidad.comprasdominicana.gob.do\/\/Public\/Tendering\/OpportunityDetail\/Index?noticeUID=DO1.NTC.1163315\" target=\"_blank\" title=\"Detalles\"><i class=\"fas fa-link\"><\/i> DETALLES<\/a><a class=\"btn btn-primary btn-lg px-lg-4 d-block d-md-none\" href=\"https:\/\/comunidad.comprasdominicana.gob.do\/\/Public\/Tendering\/OpportunityDetail\/Index?noticeUID=DO1.NTC.1163315\" target=\"_blank\" title=\"Detalles\"><i class=\"fas fa-2x fa-link\"><\/i><\/a><\/div><\/div><\/div><div class=\"jumbotron archivos\"><div class=\"row align-items-center\"><div class=\"col\"><h6><a class=\"text-dark\" href=\"https:\/\/comunidad.comprasdominicana.gob.do\/\/Public\/Tendering\/OpportunityDetail\/Index?noticeUID=DO1.NTC.1163403\" title=\"Ver\" target=\"_blank\">APORDOM-UC-CD-2022-0095<\/a><\/h6><p class=\"mb-0 bold\">ADQUISICI\u00d3N DE MATERIALES IMPRESOS PARA USO DE APORDOM<\/p><p class=\"mb-0\" style=\"font-size: .85rem\"><strong title=\"Estado del Proceso\"><i class=\"fas fa-spinner\"><\/i><\/strong> Proceso adjudicado y celebrado<\/p><p class=\"mb-0\" style=\"font-size: .85rem\"><strong title=\"Fecha de Publicaci\u00f3n\"><i class=\"fas fa-calendar-alt\"><\/i><\/strong> Publicado el viernes, 25 de noviembre de 2022<\/p><\/div><div class=\"col-auto mt-md-0 mt-2\"><a class=\"btn btn-primary btn-lg px-lg-4 d-none d-md-block\" href=\"https:\/\/comunidad.comprasdominicana.gob.do\/\/Public\/Tendering\/OpportunityDetail\/Index?noticeUID=DO1.NTC.1163403\" target=\"_blank\" title=\"Detalles\"><i class=\"fas fa-link\"><\/i> DETALLES<\/a><a class=\"btn btn-primary btn-lg px-lg-4 d-block d-md-none\" href=\"https:\/\/comunidad.comprasdominicana.gob.do\/\/Public\/Tendering\/OpportunityDetail\/Index?noticeUID=DO1.NTC.1163403\" target=\"_blank\" title=\"Detalles\"><i class=\"fas fa-2x fa-link\"><\/i><\/a><\/div><\/div><\/div><div class=\"jumbotron archivos\"><div class=\"row align-items-center\"><div class=\"col\"><h6><a class=\"text-dark\" href=\"https:\/\/comunidad.comprasdominicana.gob.do\/\/Public\/Tendering\/OpportunityDetail\/Index?noticeUID=DO1.NTC.1160846\" title=\"Ver\" target=\"_blank\">APORDOM-UC-CD-2022-0110<\/a><\/h6><p class=\"mb-0 bold\">CONTRATACI\u00d3N DE SAL\u00d3N PARA REUNIONES EJECUTIVAS DE  APORDOM<\/p><p class=\"mb-0\" style=\"font-size: .85rem\"><strong title=\"Estado del Proceso\"><i class=\"fas fa-spinner\"><\/i><\/strong> Proceso adjudicado y celebrado<\/p><p class=\"mb-0\" style=\"font-size: .85rem\"><strong title=\"Fecha de Publicaci\u00f3n\"><i class=\"fas fa-calendar-alt\"><\/i><\/strong> Publicado el martes, 22 de noviembre de 2022<\/p><\/div><div class=\"col-auto mt-md-0 mt-2\"><a class=\"btn btn-primary btn-lg px-lg-4 d-none d-md-block\" href=\"https:\/\/comunidad.comprasdominicana.gob.do\/\/Public\/Tendering\/OpportunityDetail\/Index?noticeUID=DO1.NTC.1160846\" target=\"_blank\" title=\"Detalles\"><i class=\"fas fa-link\"><\/i> DETALLES<\/a><a class=\"btn btn-primary btn-lg px-lg-4 d-block d-md-none\" href=\"https:\/\/comunidad.comprasdominicana.gob.do\/\/Public\/Tendering\/OpportunityDetail\/Index?noticeUID=DO1.NTC.1160846\" target=\"_blank\" title=\"Detalles\"><i class=\"fas fa-2x fa-link\"><\/i><\/a><\/div><\/div><\/div><div class=\"jumbotron archivos\"><div class=\"row align-items-center\"><div class=\"col\"><h6><a class=\"text-dark\" href=\"https:\/\/comunidad.comprasdominicana.gob.do\/\/Public\/Tendering\/OpportunityDetail\/Index?noticeUID=DO1.NTC.1159312\" title=\"Ver\" target=\"_blank\">APORDOM-UC-CD-2022-0109<\/a><\/h6><p class=\"mb-0 bold\">CONTRATACI\u00d3N DE SERVICIO DE MANTENIMIENTO PREVENTIVO Y CORRECTIVO DE IMPRESORA ZEBRA ZC300 PARA USO DE APORDOM<\/p><p class=\"mb-0\" style=\"font-size: .85rem\"><strong title=\"Estado del Proceso\"><i class=\"fas fa-spinner\"><\/i><\/strong> Proceso adjudicado y celebrado<\/p><p class=\"mb-0\" style=\"font-size: .85rem\"><strong title=\"Fecha de Publicaci\u00f3n\"><i class=\"fas fa-calendar-alt\"><\/i><\/strong> Publicado el viernes, 18 de noviembre de 2022<\/p><\/div><div class=\"col-auto mt-md-0 mt-2\"><a class=\"btn btn-primary btn-lg px-lg-4 d-none d-md-block\" href=\"https:\/\/comunidad.comprasdominicana.gob.do\/\/Public\/Tendering\/OpportunityDetail\/Index?noticeUID=DO1.NTC.1159312\" target=\"_blank\" title=\"Detalles\"><i class=\"fas fa-link\"><\/i> DETALLES<\/a><a class=\"btn btn-primary btn-lg px-lg-4 d-block d-md-none\" href=\"https:\/\/comunidad.comprasdominicana.gob.do\/\/Public\/Tendering\/OpportunityDetail\/Index?noticeUID=DO1.NTC.1159312\" target=\"_blank\" title=\"Detalles\"><i class=\"fas fa-2x fa-link\"><\/i><\/a><\/div><\/div><\/div><div class=\"jumbotron archivos\"><div class=\"row align-items-center\"><div class=\"col\"><h6><a class=\"text-dark\" href=\"https:\/\/comunidad.comprasdominicana.gob.do\/\/Public\/Tendering\/OpportunityDetail\/Index?noticeUID=DO1.NTC.1158655\" title=\"Ver\" target=\"_blank\">APORDOM-UC-CD-2022-0108<\/a><\/h6><p class=\"mb-0 bold\">CONTRATACI\u00d3N DE SERVICIO DE DECORACI\u00d3N, ARREGLOS FLORALES, Y ALQUILERES PARA ANIVERSARIO PORTUARIA Y REUNION OMI DIRIGIDO A MIPYMES MUJER<\/p><p class=\"mb-0\" style=\"font-size: .85rem\"><strong title=\"Estado del Proceso\"><i class=\"fas fa-spinner\"><\/i><\/strong> Proceso adjudicado y celebrado<\/p><p class=\"mb-0\" style=\"font-size: .85rem\"><strong title=\"Fecha de Publicaci\u00f3n\"><i class=\"fas fa-calendar-alt\"><\/i><\/strong> Publicado el mi\u00e9rcoles, 16 de noviembre de 2022<\/p><\/div><div class=\"col-auto mt-md-0 mt-2\"><a class=\"btn btn-primary btn-lg px-lg-4 d-none d-md-block\" href=\"https:\/\/comunidad.comprasdominicana.gob.do\/\/Public\/Tendering\/OpportunityDetail\/Index?noticeUID=DO1.NTC.1158655\" target=\"_blank\" title=\"Detalles\"><i class=\"fas fa-link\"><\/i> DETALLES<\/a><a class=\"btn btn-primary btn-lg px-lg-4 d-block d-md-none\" href=\"https:\/\/comunidad.comprasdominicana.gob.do\/\/Public\/Tendering\/OpportunityDetail\/Index?noticeUID=DO1.NTC.1158655\" target=\"_blank\" title=\"Detalles\"><i class=\"fas fa-2x fa-link\"><\/i><\/a><\/div><\/div><\/div><div class=\"jumbotron archivos\"><div class=\"row align-items-center\"><div class=\"col\"><h6><a class=\"text-dark\" href=\"https:\/\/comunidad.comprasdominicana.gob.do\/\/Public\/Tendering\/OpportunityDetail\/Index?noticeUID=DO1.NTC.1158317\" title=\"Ver\" target=\"_blank\">APORDOM-UC-CD-2022-0105<\/a><\/h6><p class=\"mb-0 bold\">CONTRATACION DE SERVICIO DE BRINDIS PARA COLABORADORES DE APORDOM<\/p><p class=\"mb-0\" style=\"font-size: .85rem\"><strong title=\"Estado del Proceso\"><i class=\"fas fa-spinner\"><\/i><\/strong> Proceso adjudicado y celebrado<\/p><p class=\"mb-0\" style=\"font-size: .85rem\"><strong title=\"Fecha de Publicaci\u00f3n\"><i class=\"fas fa-calendar-alt\"><\/i><\/strong> Publicado el mi\u00e9rcoles, 16 de noviembre de 2022<\/p><\/div><div class=\"col-auto mt-md-0 mt-2\"><a class=\"btn btn-primary btn-lg px-lg-4 d-none d-md-block\" href=\"https:\/\/comunidad.comprasdominicana.gob.do\/\/Public\/Tendering\/OpportunityDetail\/Index?noticeUID=DO1.NTC.1158317\" target=\"_blank\" title=\"Detalles\"><i class=\"fas fa-link\"><\/i> DETALLES<\/a><a class=\"btn btn-primary btn-lg px-lg-4 d-block d-md-none\" href=\"https:\/\/comunidad.comprasdominicana.gob.do\/\/Public\/Tendering\/OpportunityDetail\/Index?noticeUID=DO1.NTC.1158317\" target=\"_blank\" title=\"Detalles\"><i class=\"fas fa-2x fa-link\"><\/i><\/a><\/div><\/div><\/div><div class=\"jumbotron archivos\"><div class=\"row align-items-center\"><div class=\"col\"><h6><a class=\"text-dark\" href=\"https:\/\/comunidad.comprasdominicana.gob.do\/\/Public\/Tendering\/OpportunityDetail\/Index?noticeUID=DO1.NTC.1153502\" title=\"Ver\" target=\"_blank\">APORDOM-UC-CD-2022-0102<\/a><\/h6><p class=\"mb-0 bold\">ADQUISICION DE ADORNOS NAVIDE\u00d1OS PARA APORDOM<\/p><p class=\"mb-0\" style=\"font-size: .85rem\"><strong title=\"Estado del Proceso\"><i class=\"fas fa-spinner\"><\/i><\/strong> Proceso adjudicado y celebrado<\/p><p class=\"mb-0\" style=\"font-size: .85rem\"><strong title=\"Fecha de Publicaci\u00f3n\"><i class=\"fas fa-calendar-alt\"><\/i><\/strong> Publicado el martes, 8 de noviembre de 2022<\/p><\/div><div class=\"col-auto mt-md-0 mt-2\"><a class=\"btn btn-primary btn-lg px-lg-4 d-none d-md-block\" href=\"https:\/\/comunidad.comprasdominicana.gob.do\/\/Public\/Tendering\/OpportunityDetail\/Index?noticeUID=DO1.NTC.1153502\" target=\"_blank\" title=\"Detalles\"><i class=\"fas fa-link\"><\/i> DETALLES<\/a><a class=\"btn btn-primary btn-lg px-lg-4 d-block d-md-none\" href=\"https:\/\/comunidad.comprasdominicana.gob.do\/\/Public\/Tendering\/OpportunityDetail\/Index?noticeUID=DO1.NTC.1153502\" target=\"_blank\" title=\"Detalles\"><i class=\"fas fa-2x fa-link\"><\/i><\/a><\/div><\/div><\/div><div class=\"jumbotron archivos\"><div class=\"row align-items-center\"><div class=\"col\"><h6><a class=\"text-dark\" href=\"https:\/\/comunidad.comprasdominicana.gob.do\/\/Public\/Tendering\/OpportunityDetail\/Index?noticeUID=DO1.NTC.1153358\" title=\"Ver\" target=\"_blank\">APORDOM-UC-CD-2022-0103<\/a><\/h6><p class=\"mb-0 bold\">ADQUISICION DE CORONAS FLORALES PARA CONDOLENCIAS, DIRIGIDO A MIPYMES MUJER<\/p><p class=\"mb-0\" style=\"font-size: .85rem\"><strong title=\"Estado del Proceso\"><i class=\"fas fa-spinner\"><\/i><\/strong> Proceso adjudicado y celebrado<\/p><p class=\"mb-0\" style=\"font-size: .85rem\"><strong title=\"Fecha de Publicaci\u00f3n\"><i class=\"fas fa-calendar-alt\"><\/i><\/strong> Publicado el lunes, 7 de noviembre de 2022<\/p><\/div><div class=\"col-auto mt-md-0 mt-2\"><a class=\"btn btn-primary btn-lg px-lg-4 d-none d-md-block\" href=\"https:\/\/comunidad.comprasdominicana.gob.do\/\/Public\/Tendering\/OpportunityDetail\/Index?noticeUID=DO1.NTC.1153358\" target=\"_blank\" title=\"Detalles\"><i class=\"fas fa-link\"><\/i> DETALLES<\/a><a class=\"btn btn-primary btn-lg px-lg-4 d-block d-md-none\" href=\"https:\/\/comunidad.comprasdominicana.gob.do\/\/Public\/Tendering\/OpportunityDetail\/Index?noticeUID=DO1.NTC.1153358\" target=\"_blank\" title=\"Detalles\"><i class=\"fas fa-2x fa-link\"><\/i><\/a><\/div><\/div><\/div><div class=\"jumbotron archivos\"><div class=\"row align-items-center\"><div class=\"col\"><h6><a class=\"text-dark\" href=\"https:\/\/comunidad.comprasdominicana.gob.do\/\/Public\/Tendering\/OpportunityDetail\/Index?noticeUID=DO1.NTC.1152226\" title=\"Ver\" target=\"_blank\">APORDOM-UC-CD-2022-0100<\/a><\/h6><p class=\"mb-0 bold\">ADQUISICI\u00d3N DE T\u00c9, AZ\u00daCAR, CREMA Y VASOS PARA CAF\u00c9 PARA EL CONSUMO DE APORDOM DIRIGIDO A MIPYMES.<\/p><p class=\"mb-0\" style=\"font-size: .85rem\"><strong title=\"Estado del Proceso\"><i class=\"fas fa-spinner\"><\/i><\/strong> Proceso adjudicado y celebrado<\/p><p class=\"mb-0\" style=\"font-size: .85rem\"><strong title=\"Fecha de Publicaci\u00f3n\"><i class=\"fas fa-calendar-alt\"><\/i><\/strong> Publicado el viernes, 4 de noviembre de 2022<\/p><\/div><div class=\"col-auto mt-md-0 mt-2\"><a class=\"btn btn-primary btn-lg px-lg-4 d-none d-md-block\" href=\"https:\/\/comunidad.comprasdominicana.gob.do\/\/Public\/Tendering\/OpportunityDetail\/Index?noticeUID=DO1.NTC.1152226\" target=\"_blank\" title=\"Detalles\"><i class=\"fas fa-link\"><\/i> DETALLES<\/a><a class=\"btn btn-primary btn-lg px-lg-4 d-block d-md-none\" href=\"https:\/\/comunidad.comprasdominicana.gob.do\/\/Public\/Tendering\/OpportunityDetail\/Index?noticeUID=DO1.NTC.1152226\" target=\"_blank\" title=\"Detalles\"><i class=\"fas fa-2x fa-link\"><\/i><\/a><\/div><\/div><\/div><div class=\"jumbotron archivos\"><div class=\"row align-items-center\"><div class=\"col\"><h6><a class=\"text-dark\" href=\"https:\/\/comunidad.comprasdominicana.gob.do\/\/Public\/Tendering\/OpportunityDetail\/Index?noticeUID=DO1.NTC.1151331\" title=\"Ver\" target=\"_blank\">APORDOM-UC-CD-2022-0098<\/a><\/h6><p class=\"mb-0 bold\">ADQUISICI\u00d3N DE TARJETA DE ASCENSOR Y ELEVADOR BOARD PARA EL ASCENSOR DE LA SEDE PRINCIPAL DE APORDOM<\/p><p class=\"mb-0\" style=\"font-size: .85rem\"><strong title=\"Estado del Proceso\"><i class=\"fas fa-spinner\"><\/i><\/strong> Proceso adjudicado y celebrado<\/p><p class=\"mb-0\" style=\"font-size: .85rem\"><strong title=\"Fecha de Publicaci\u00f3n\"><i class=\"fas fa-calendar-alt\"><\/i><\/strong> Publicado el mi\u00e9rcoles, 2 de noviembre de 2022<\/p><\/div><div class=\"col-auto mt-md-0 mt-2\"><a class=\"btn btn-primary btn-lg px-lg-4 d-none d-md-block\" href=\"https:\/\/comunidad.comprasdominicana.gob.do\/\/Public\/Tendering\/OpportunityDetail\/Index?noticeUID=DO1.NTC.1151331\" target=\"_blank\" title=\"Detalles\"><i class=\"fas fa-link\"><\/i> DETALLES<\/a><a class=\"btn btn-primary btn-lg px-lg-4 d-block d-md-none\" href=\"https:\/\/comunidad.comprasdominicana.gob.do\/\/Public\/Tendering\/OpportunityDetail\/Index?noticeUID=DO1.NTC.1151331\" target=\"_blank\" title=\"Detalles\"><i class=\"fas fa-2x fa-link\"><\/i><\/a><\/div><\/div><\/div><\/div><\/div><\/div>\n        <div class=\"card\">\n            <div class=\"card-header parents\" id=\"heading_compras-por-debajo-del-umbral-69eeee772d89c-2022-69eeee772d89c-octubre-69eeee772d89c\">\n                <p class=\"title text-blue mb-0\">\n                    <a class=\"btn-block hover text-left collapsed\" data-toggle=\"collapse\" data-target=\"#collap_compras-por-debajo-del-umbral-69eeee772d89c-2022-69eeee772d89c-octubre-69eeee772d89c\" aria-expanded=\"false\" aria-controls=\"collap_compras-por-debajo-del-umbral-69eeee772d89c-2022-69eeee772d89c-octubre-69eeee772d89c\">Octubre<\/a>\n                <\/p>\n            <\/div>\n            <div id=\"collap_compras-por-debajo-del-umbral-69eeee772d89c-2022-69eeee772d89c-octubre-69eeee772d89c\" class=\"collapse\" aria-labelledby=\"heading_compras-por-debajo-del-umbral-69eeee772d89c-2022-69eeee772d89c-octubre-69eeee772d89c\" data-parent=\"#collap_compras-por-debajo-del-umbral-69eeee772d89c-2022-69eeee772d89c\">\n                <div class=\"card-body\"><div class=\"jumbotron archivos\"><div class=\"row align-items-center\"><div class=\"col\"><h6><a class=\"text-dark\" href=\"https:\/\/comunidad.comprasdominicana.gob.do\/\/Public\/Tendering\/OpportunityDetail\/Index?noticeUID=DO1.NTC.1150019\" title=\"Ver\" target=\"_blank\">APORDOM-UC-CD-2022-0099<\/a><\/h6><p class=\"mb-0 bold\">ADQUISICION DE CAFE PARA CONSUMO DE LA SEDE PRINCIPAL DE APORDOM DIRIGIDO A MIPYMES<\/p><p class=\"mb-0\" style=\"font-size: .85rem\"><strong title=\"Estado del Proceso\"><i class=\"fas fa-spinner\"><\/i><\/strong> Proceso adjudicado y celebrado<\/p><p class=\"mb-0\" style=\"font-size: .85rem\"><strong title=\"Fecha de Publicaci\u00f3n\"><i class=\"fas fa-calendar-alt\"><\/i><\/strong> Publicado el lunes, 31 de octubre de 2022<\/p><\/div><div class=\"col-auto mt-md-0 mt-2\"><a class=\"btn btn-primary btn-lg px-lg-4 d-none d-md-block\" href=\"https:\/\/comunidad.comprasdominicana.gob.do\/\/Public\/Tendering\/OpportunityDetail\/Index?noticeUID=DO1.NTC.1150019\" target=\"_blank\" title=\"Detalles\"><i class=\"fas fa-link\"><\/i> DETALLES<\/a><a class=\"btn btn-primary btn-lg px-lg-4 d-block d-md-none\" href=\"https:\/\/comunidad.comprasdominicana.gob.do\/\/Public\/Tendering\/OpportunityDetail\/Index?noticeUID=DO1.NTC.1150019\" target=\"_blank\" title=\"Detalles\"><i class=\"fas fa-2x fa-link\"><\/i><\/a><\/div><\/div><\/div><div class=\"jumbotron archivos\"><div class=\"row align-items-center\"><div class=\"col\"><h6><a class=\"text-dark\" href=\"https:\/\/comunidad.comprasdominicana.gob.do\/\/Public\/Tendering\/OpportunityDetail\/Index?noticeUID=DO1.NTC.1147466\" title=\"Ver\" target=\"_blank\">APORDOM-UC-CD-2022-0101<\/a><\/h6><p class=\"mb-0 bold\">CONTRATACI\u00d3N DE COLOCACION DE PUBLICIDAD EN PLATAFORMAS DIGITALES<\/p><p class=\"mb-0\" style=\"font-size: .85rem\"><strong title=\"Estado del Proceso\"><i class=\"fas fa-spinner\"><\/i><\/strong> Proceso adjudicado y celebrado<\/p><p class=\"mb-0\" style=\"font-size: .85rem\"><strong title=\"Fecha de Publicaci\u00f3n\"><i class=\"fas fa-calendar-alt\"><\/i><\/strong> Publicado el martes, 25 de octubre de 2022<\/p><\/div><div class=\"col-auto mt-md-0 mt-2\"><a class=\"btn btn-primary btn-lg px-lg-4 d-none d-md-block\" href=\"https:\/\/comunidad.comprasdominicana.gob.do\/\/Public\/Tendering\/OpportunityDetail\/Index?noticeUID=DO1.NTC.1147466\" target=\"_blank\" title=\"Detalles\"><i class=\"fas fa-link\"><\/i> DETALLES<\/a><a class=\"btn btn-primary btn-lg px-lg-4 d-block d-md-none\" href=\"https:\/\/comunidad.comprasdominicana.gob.do\/\/Public\/Tendering\/OpportunityDetail\/Index?noticeUID=DO1.NTC.1147466\" target=\"_blank\" title=\"Detalles\"><i class=\"fas fa-2x fa-link\"><\/i><\/a><\/div><\/div><\/div><div class=\"jumbotron archivos\"><div class=\"row align-items-center\"><div class=\"col\"><h6><a class=\"text-dark\" href=\"https:\/\/comunidad.comprasdominicana.gob.do\/\/Public\/Tendering\/OpportunityDetail\/Index?noticeUID=DO1.NTC.1147334\" title=\"Ver\" target=\"_blank\">APORDOM-UC-CD-2022-0093<\/a><\/h6><p class=\"mb-0 bold\">ADQUISICION DE CORTINAS HOSPITALARIAS PARA ODONTOLOGIA DE APORDOM<\/p><p class=\"mb-0\" style=\"font-size: .85rem\"><strong title=\"Estado del Proceso\"><i class=\"fas fa-spinner\"><\/i><\/strong> Proceso adjudicado y celebrado<\/p><p class=\"mb-0\" style=\"font-size: .85rem\"><strong title=\"Fecha de Publicaci\u00f3n\"><i class=\"fas fa-calendar-alt\"><\/i><\/strong> Publicado el lunes, 24 de octubre de 2022<\/p><\/div><div class=\"col-auto mt-md-0 mt-2\"><a class=\"btn btn-primary btn-lg px-lg-4 d-none d-md-block\" href=\"https:\/\/comunidad.comprasdominicana.gob.do\/\/Public\/Tendering\/OpportunityDetail\/Index?noticeUID=DO1.NTC.1147334\" target=\"_blank\" title=\"Detalles\"><i class=\"fas fa-link\"><\/i> DETALLES<\/a><a class=\"btn btn-primary btn-lg px-lg-4 d-block d-md-none\" href=\"https:\/\/comunidad.comprasdominicana.gob.do\/\/Public\/Tendering\/OpportunityDetail\/Index?noticeUID=DO1.NTC.1147334\" target=\"_blank\" title=\"Detalles\"><i class=\"fas fa-2x fa-link\"><\/i><\/a><\/div><\/div><\/div><div class=\"jumbotron archivos\"><div class=\"row align-items-center\"><div class=\"col\"><h6><a class=\"text-dark\" href=\"https:\/\/comunidad.comprasdominicana.gob.do\/\/Public\/Tendering\/OpportunityDetail\/Index?noticeUID=DO1.NTC.1147332\" title=\"Ver\" target=\"_blank\">APORDOM-UC-CD-2022-0096<\/a><\/h6><p class=\"mb-0 bold\">ADQUISICI\u00d3N DE TARJETAS PVC, SELLOS PRE TINTADOS Y CINTAS DE IMPRESI\u00d3N PARA USO DE APORDOM DIRIGIDO A MIPYMES.<\/p><p class=\"mb-0\" style=\"font-size: .85rem\"><strong title=\"Estado del Proceso\"><i class=\"fas fa-spinner\"><\/i><\/strong> Proceso adjudicado y celebrado<\/p><p class=\"mb-0\" style=\"font-size: .85rem\"><strong title=\"Fecha de Publicaci\u00f3n\"><i class=\"fas fa-calendar-alt\"><\/i><\/strong> Publicado el lunes, 24 de octubre de 2022<\/p><\/div><div class=\"col-auto mt-md-0 mt-2\"><a class=\"btn btn-primary btn-lg px-lg-4 d-none d-md-block\" href=\"https:\/\/comunidad.comprasdominicana.gob.do\/\/Public\/Tendering\/OpportunityDetail\/Index?noticeUID=DO1.NTC.1147332\" target=\"_blank\" title=\"Detalles\"><i class=\"fas fa-link\"><\/i> DETALLES<\/a><a class=\"btn btn-primary btn-lg px-lg-4 d-block d-md-none\" href=\"https:\/\/comunidad.comprasdominicana.gob.do\/\/Public\/Tendering\/OpportunityDetail\/Index?noticeUID=DO1.NTC.1147332\" target=\"_blank\" title=\"Detalles\"><i class=\"fas fa-2x fa-link\"><\/i><\/a><\/div><\/div><\/div><div class=\"jumbotron archivos\"><div class=\"row align-items-center\"><div class=\"col\"><h6><a class=\"text-dark\" href=\"https:\/\/comunidad.comprasdominicana.gob.do\/\/Public\/Tendering\/OpportunityDetail\/Index?noticeUID=DO1.NTC.1146508\" title=\"Ver\" target=\"_blank\">APORDOM-UC-CD-2022-0097<\/a><\/h6><p class=\"mb-0 bold\">CONTRATACION DE PUBLICIDAD EN PERIODICOS<\/p><p class=\"mb-0\" style=\"font-size: .85rem\"><strong title=\"Estado del Proceso\"><i class=\"fas fa-spinner\"><\/i><\/strong> Proceso adjudicado y celebrado<\/p><p class=\"mb-0\" style=\"font-size: .85rem\"><strong title=\"Fecha de Publicaci\u00f3n\"><i class=\"fas fa-calendar-alt\"><\/i><\/strong> Publicado el viernes, 21 de octubre de 2022<\/p><\/div><div class=\"col-auto mt-md-0 mt-2\"><a class=\"btn btn-primary btn-lg px-lg-4 d-none d-md-block\" href=\"https:\/\/comunidad.comprasdominicana.gob.do\/\/Public\/Tendering\/OpportunityDetail\/Index?noticeUID=DO1.NTC.1146508\" target=\"_blank\" title=\"Detalles\"><i class=\"fas fa-link\"><\/i> DETALLES<\/a><a class=\"btn btn-primary btn-lg px-lg-4 d-block d-md-none\" href=\"https:\/\/comunidad.comprasdominicana.gob.do\/\/Public\/Tendering\/OpportunityDetail\/Index?noticeUID=DO1.NTC.1146508\" target=\"_blank\" title=\"Detalles\"><i class=\"fas fa-2x fa-link\"><\/i><\/a><\/div><\/div><\/div><div class=\"jumbotron archivos\"><div class=\"row align-items-center\"><div class=\"col\"><h6><a class=\"text-dark\" href=\"https:\/\/comunidad.comprasdominicana.gob.do\/\/Public\/Tendering\/OpportunityDetail\/Index?noticeUID=DO1.NTC.1144530\" title=\"Ver\" target=\"_blank\">APORDOM-UC-CD-2022-0051<\/a><\/h6><p class=\"mb-0 bold\">ADQUISICION  DE AGUA POTABLE EN BOTELLONES PARA USO DE  AUTORIDAD PORTUARIA DOMINICANA\n\n<\/p><p class=\"mb-0\" style=\"font-size: .85rem\"><strong title=\"Estado del Proceso\"><i class=\"fas fa-spinner\"><\/i><\/strong> Proceso adjudicado y celebrado<\/p><p class=\"mb-0\" style=\"font-size: .85rem\"><strong title=\"Fecha de Publicaci\u00f3n\"><i class=\"fas fa-calendar-alt\"><\/i><\/strong> Publicado el martes, 18 de octubre de 2022<\/p><\/div><div class=\"col-auto mt-md-0 mt-2\"><a class=\"btn btn-primary btn-lg px-lg-4 d-none d-md-block\" href=\"https:\/\/comunidad.comprasdominicana.gob.do\/\/Public\/Tendering\/OpportunityDetail\/Index?noticeUID=DO1.NTC.1144530\" target=\"_blank\" title=\"Detalles\"><i class=\"fas fa-link\"><\/i> DETALLES<\/a><a class=\"btn btn-primary btn-lg px-lg-4 d-block d-md-none\" href=\"https:\/\/comunidad.comprasdominicana.gob.do\/\/Public\/Tendering\/OpportunityDetail\/Index?noticeUID=DO1.NTC.1144530\" target=\"_blank\" title=\"Detalles\"><i class=\"fas fa-2x fa-link\"><\/i><\/a><\/div><\/div><\/div><div class=\"jumbotron archivos\"><div class=\"row align-items-center\"><div class=\"col\"><h6><a class=\"text-dark\" href=\"https:\/\/comunidad.comprasdominicana.gob.do\/\/Public\/Tendering\/OpportunityDetail\/Index?noticeUID=DO1.NTC.1143740\" title=\"Ver\" target=\"_blank\">APORDOM-UC-CD-2022-0091<\/a><\/h6><p class=\"mb-0 bold\">CONTRATACION DE SERVICIO DE CARPA Y EQUIPOS DE SONIDO POR LA  SEMANA PORTUARIA SANA<\/p><p class=\"mb-0\" style=\"font-size: .85rem\"><strong title=\"Estado del Proceso\"><i class=\"fas fa-spinner\"><\/i><\/strong> Proceso adjudicado y celebrado<\/p><p class=\"mb-0\" style=\"font-size: .85rem\"><strong title=\"Fecha de Publicaci\u00f3n\"><i class=\"fas fa-calendar-alt\"><\/i><\/strong> Publicado el viernes, 14 de octubre de 2022<\/p><\/div><div class=\"col-auto mt-md-0 mt-2\"><a class=\"btn btn-primary btn-lg px-lg-4 d-none d-md-block\" href=\"https:\/\/comunidad.comprasdominicana.gob.do\/\/Public\/Tendering\/OpportunityDetail\/Index?noticeUID=DO1.NTC.1143740\" target=\"_blank\" title=\"Detalles\"><i class=\"fas fa-link\"><\/i> DETALLES<\/a><a class=\"btn btn-primary btn-lg px-lg-4 d-block d-md-none\" href=\"https:\/\/comunidad.comprasdominicana.gob.do\/\/Public\/Tendering\/OpportunityDetail\/Index?noticeUID=DO1.NTC.1143740\" target=\"_blank\" title=\"Detalles\"><i class=\"fas fa-2x fa-link\"><\/i><\/a><\/div><\/div><\/div><div class=\"jumbotron archivos\"><div class=\"row align-items-center\"><div class=\"col\"><h6><a class=\"text-dark\" href=\"https:\/\/comunidad.comprasdominicana.gob.do\/\/Public\/Tendering\/OpportunityDetail\/Index?noticeUID=DO1.NTC.1142232\" title=\"Ver\" target=\"_blank\">APORDOM-UC-CD-2022-0092<\/a><\/h6><p class=\"mb-0 bold\">ADQUISICI\u00d3N DE UNIFORMES PARA MIEMBROS DE LA CIGCN DE APORDOM<\/p><p class=\"mb-0\" style=\"font-size: .85rem\"><strong title=\"Estado del Proceso\"><i class=\"fas fa-spinner\"><\/i><\/strong> Proceso adjudicado y celebrado<\/p><p class=\"mb-0\" style=\"font-size: .85rem\"><strong title=\"Fecha de Publicaci\u00f3n\"><i class=\"fas fa-calendar-alt\"><\/i><\/strong> Publicado el mi\u00e9rcoles, 12 de octubre de 2022<\/p><\/div><div class=\"col-auto mt-md-0 mt-2\"><a class=\"btn btn-primary btn-lg px-lg-4 d-none d-md-block\" href=\"https:\/\/comunidad.comprasdominicana.gob.do\/\/Public\/Tendering\/OpportunityDetail\/Index?noticeUID=DO1.NTC.1142232\" target=\"_blank\" title=\"Detalles\"><i class=\"fas fa-link\"><\/i> DETALLES<\/a><a class=\"btn btn-primary btn-lg px-lg-4 d-block d-md-none\" href=\"https:\/\/comunidad.comprasdominicana.gob.do\/\/Public\/Tendering\/OpportunityDetail\/Index?noticeUID=DO1.NTC.1142232\" target=\"_blank\" title=\"Detalles\"><i class=\"fas fa-2x fa-link\"><\/i><\/a><\/div><\/div><\/div><div class=\"jumbotron archivos\"><div class=\"row align-items-center\"><div class=\"col\"><h6><a class=\"text-dark\" href=\"https:\/\/comunidad.comprasdominicana.gob.do\/\/Public\/Tendering\/OpportunityDetail\/Index?noticeUID=DO1.NTC.1140041\" title=\"Ver\" target=\"_blank\">APORDOM-UC-CD-2022-0089<\/a><\/h6><p class=\"mb-0 bold\">CONTRATACI\u00d3N DE ARTISTA PARA ANIMACI\u00d3N DE EVENTO ACTIVIDAD DE FCCA 2022<\/p><p class=\"mb-0\" style=\"font-size: .85rem\"><strong title=\"Estado del Proceso\"><i class=\"fas fa-spinner\"><\/i><\/strong> Proceso adjudicado y celebrado<\/p><p class=\"mb-0\" style=\"font-size: .85rem\"><strong title=\"Fecha de Publicaci\u00f3n\"><i class=\"fas fa-calendar-alt\"><\/i><\/strong> Publicado el jueves, 6 de octubre de 2022<\/p><\/div><div class=\"col-auto mt-md-0 mt-2\"><a class=\"btn btn-primary btn-lg px-lg-4 d-none d-md-block\" href=\"https:\/\/comunidad.comprasdominicana.gob.do\/\/Public\/Tendering\/OpportunityDetail\/Index?noticeUID=DO1.NTC.1140041\" target=\"_blank\" title=\"Detalles\"><i class=\"fas fa-link\"><\/i> DETALLES<\/a><a class=\"btn btn-primary btn-lg px-lg-4 d-block d-md-none\" href=\"https:\/\/comunidad.comprasdominicana.gob.do\/\/Public\/Tendering\/OpportunityDetail\/Index?noticeUID=DO1.NTC.1140041\" target=\"_blank\" title=\"Detalles\"><i class=\"fas fa-2x fa-link\"><\/i><\/a><\/div><\/div><\/div><div class=\"jumbotron archivos\"><div class=\"row align-items-center\"><div class=\"col\"><h6><a class=\"text-dark\" href=\"https:\/\/comunidad.comprasdominicana.gob.do\/\/Public\/Tendering\/OpportunityDetail\/Index?noticeUID=DO1.NTC.1138934\" title=\"Ver\" target=\"_blank\">APORDOM-UC-CD-2022-0090<\/a><\/h6><p class=\"mb-0 bold\">ADQUISICI\u00d3N DE INSUMOS PARA DISTINTAS ACTIVIDADES DE APORDOM DIRIGIDO A MIPYMES MUJER\n <\/p><p class=\"mb-0\" style=\"font-size: .85rem\"><strong title=\"Estado del Proceso\"><i class=\"fas fa-spinner\"><\/i><\/strong> Proceso adjudicado y celebrado<\/p><p class=\"mb-0\" style=\"font-size: .85rem\"><strong title=\"Fecha de Publicaci\u00f3n\"><i class=\"fas fa-calendar-alt\"><\/i><\/strong> Publicado el martes, 4 de octubre de 2022<\/p><\/div><div class=\"col-auto mt-md-0 mt-2\"><a class=\"btn btn-primary btn-lg px-lg-4 d-none d-md-block\" href=\"https:\/\/comunidad.comprasdominicana.gob.do\/\/Public\/Tendering\/OpportunityDetail\/Index?noticeUID=DO1.NTC.1138934\" target=\"_blank\" title=\"Detalles\"><i class=\"fas fa-link\"><\/i> DETALLES<\/a><a class=\"btn btn-primary btn-lg px-lg-4 d-block d-md-none\" href=\"https:\/\/comunidad.comprasdominicana.gob.do\/\/Public\/Tendering\/OpportunityDetail\/Index?noticeUID=DO1.NTC.1138934\" target=\"_blank\" title=\"Detalles\"><i class=\"fas fa-2x fa-link\"><\/i><\/a><\/div><\/div><\/div><\/div><\/div><\/div>\n        <div class=\"card\">\n            <div class=\"card-header parents\" id=\"heading_compras-por-debajo-del-umbral-69eeee772d89c-2022-69eeee772d89c-septiembre-69eeee772d89c\">\n                <p class=\"title text-blue mb-0\">\n                    <a class=\"btn-block hover text-left collapsed\" data-toggle=\"collapse\" data-target=\"#collap_compras-por-debajo-del-umbral-69eeee772d89c-2022-69eeee772d89c-septiembre-69eeee772d89c\" aria-expanded=\"false\" aria-controls=\"collap_compras-por-debajo-del-umbral-69eeee772d89c-2022-69eeee772d89c-septiembre-69eeee772d89c\">Septiembre<\/a>\n                <\/p>\n            <\/div>\n            <div id=\"collap_compras-por-debajo-del-umbral-69eeee772d89c-2022-69eeee772d89c-septiembre-69eeee772d89c\" class=\"collapse\" aria-labelledby=\"heading_compras-por-debajo-del-umbral-69eeee772d89c-2022-69eeee772d89c-septiembre-69eeee772d89c\" data-parent=\"#collap_compras-por-debajo-del-umbral-69eeee772d89c-2022-69eeee772d89c\">\n                <div class=\"card-body\"><div class=\"jumbotron archivos\"><div class=\"row align-items-center\"><div class=\"col\"><h6><a class=\"text-dark\" href=\"https:\/\/comunidad.comprasdominicana.gob.do\/\/Public\/Tendering\/OpportunityDetail\/Index?noticeUID=DO1.NTC.1134412\" title=\"Ver\" target=\"_blank\">APORDOM-UC-CD-2022-0085<\/a><\/h6><p class=\"mb-0 bold\">CONTRATACI\u00d3N DE ORQUESTAS PARA ACTIVIDAD DE FCCA<\/p><p class=\"mb-0\" style=\"font-size: .85rem\"><strong title=\"Estado del Proceso\"><i class=\"fas fa-spinner\"><\/i><\/strong> Cancelado<\/p><p class=\"mb-0\" style=\"font-size: .85rem\"><strong title=\"Fecha de Publicaci\u00f3n\"><i class=\"fas fa-calendar-alt\"><\/i><\/strong> Publicado el viernes, 23 de septiembre de 2022<\/p><\/div><div class=\"col-auto mt-md-0 mt-2\"><a class=\"btn btn-primary btn-lg px-lg-4 d-none d-md-block\" href=\"https:\/\/comunidad.comprasdominicana.gob.do\/\/Public\/Tendering\/OpportunityDetail\/Index?noticeUID=DO1.NTC.1134412\" target=\"_blank\" title=\"Detalles\"><i class=\"fas fa-link\"><\/i> DETALLES<\/a><a class=\"btn btn-primary btn-lg px-lg-4 d-block d-md-none\" href=\"https:\/\/comunidad.comprasdominicana.gob.do\/\/Public\/Tendering\/OpportunityDetail\/Index?noticeUID=DO1.NTC.1134412\" target=\"_blank\" title=\"Detalles\"><i class=\"fas fa-2x fa-link\"><\/i><\/a><\/div><\/div><\/div><div class=\"jumbotron archivos\"><div class=\"row align-items-center\"><div class=\"col\"><h6><a class=\"text-dark\" href=\"https:\/\/comunidad.comprasdominicana.gob.do\/\/Public\/Tendering\/OpportunityDetail\/Index?noticeUID=DO1.NTC.1132441\" title=\"Ver\" target=\"_blank\">APORDOM-UC-CD-2022-0081<\/a><\/h6><p class=\"mb-0 bold\">CONTRATACI\u00d3N DE COORDINADOR Y PLANIFICADOR DE EVENTOS PARA ACTIVIDAD DE APORDOM.<\/p><p class=\"mb-0\" style=\"font-size: .85rem\"><strong title=\"Estado del Proceso\"><i class=\"fas fa-spinner\"><\/i><\/strong> Cancelado<\/p><p class=\"mb-0\" style=\"font-size: .85rem\"><strong title=\"Fecha de Publicaci\u00f3n\"><i class=\"fas fa-calendar-alt\"><\/i><\/strong> Publicado el martes, 20 de septiembre de 2022<\/p><\/div><div class=\"col-auto mt-md-0 mt-2\"><a class=\"btn btn-primary btn-lg px-lg-4 d-none d-md-block\" href=\"https:\/\/comunidad.comprasdominicana.gob.do\/\/Public\/Tendering\/OpportunityDetail\/Index?noticeUID=DO1.NTC.1132441\" target=\"_blank\" title=\"Detalles\"><i class=\"fas fa-link\"><\/i> DETALLES<\/a><a class=\"btn btn-primary btn-lg px-lg-4 d-block d-md-none\" href=\"https:\/\/comunidad.comprasdominicana.gob.do\/\/Public\/Tendering\/OpportunityDetail\/Index?noticeUID=DO1.NTC.1132441\" target=\"_blank\" title=\"Detalles\"><i class=\"fas fa-2x fa-link\"><\/i><\/a><\/div><\/div><\/div><div class=\"jumbotron archivos\"><div class=\"row align-items-center\"><div class=\"col\"><h6><a class=\"text-dark\" href=\"https:\/\/comunidad.comprasdominicana.gob.do\/\/Public\/Tendering\/OpportunityDetail\/Index?noticeUID=DO1.NTC.1137441\" title=\"Ver\" target=\"_blank\">APORDOM-UC-CD-2022-0086<\/a><\/h6><p class=\"mb-0 bold\">CONTRATACI\u00d3N DE SERVICIO DE MAESTR\u00cdA DE CEREMONIA PARA ENTREGA DE RECONOCIMIENTO DE APORDOM<\/p><p class=\"mb-0\" style=\"font-size: .85rem\"><strong title=\"Estado del Proceso\"><i class=\"fas fa-spinner\"><\/i><\/strong> Proceso adjudicado y celebrado<\/p><p class=\"mb-0\" style=\"font-size: .85rem\"><strong title=\"Fecha de Publicaci\u00f3n\"><i class=\"fas fa-calendar-alt\"><\/i><\/strong> Publicado el viernes, 30 de septiembre de 2022<\/p><\/div><div class=\"col-auto mt-md-0 mt-2\"><a class=\"btn btn-primary btn-lg px-lg-4 d-none d-md-block\" href=\"https:\/\/comunidad.comprasdominicana.gob.do\/\/Public\/Tendering\/OpportunityDetail\/Index?noticeUID=DO1.NTC.1137441\" target=\"_blank\" title=\"Detalles\"><i class=\"fas fa-link\"><\/i> DETALLES<\/a><a class=\"btn btn-primary btn-lg px-lg-4 d-block d-md-none\" href=\"https:\/\/comunidad.comprasdominicana.gob.do\/\/Public\/Tendering\/OpportunityDetail\/Index?noticeUID=DO1.NTC.1137441\" target=\"_blank\" title=\"Detalles\"><i class=\"fas fa-2x fa-link\"><\/i><\/a><\/div><\/div><\/div><div class=\"jumbotron archivos\"><div class=\"row align-items-center\"><div class=\"col\"><h6><a class=\"text-dark\" href=\"https:\/\/comunidad.comprasdominicana.gob.do\/\/Public\/Tendering\/OpportunityDetail\/Index?noticeUID=DO1.NTC.1136241\" title=\"Ver\" target=\"_blank\">APORDOM-UC-CD-2022-0088<\/a><\/h6><p class=\"mb-0 bold\">ADQUISICI\u00d3N DE LECHE EN CART\u00d3N PARA USO DE APORDOM, DIRIGIDO A MIPYME MUJER<\/p><p class=\"mb-0\" style=\"font-size: .85rem\"><strong title=\"Estado del Proceso\"><i class=\"fas fa-spinner\"><\/i><\/strong> Proceso adjudicado y celebrado<\/p><p class=\"mb-0\" style=\"font-size: .85rem\"><strong title=\"Fecha de Publicaci\u00f3n\"><i class=\"fas fa-calendar-alt\"><\/i><\/strong> Publicado el mi\u00e9rcoles, 28 de septiembre de 2022<\/p><\/div><div class=\"col-auto mt-md-0 mt-2\"><a class=\"btn btn-primary btn-lg px-lg-4 d-none d-md-block\" href=\"https:\/\/comunidad.comprasdominicana.gob.do\/\/Public\/Tendering\/OpportunityDetail\/Index?noticeUID=DO1.NTC.1136241\" target=\"_blank\" title=\"Detalles\"><i class=\"fas fa-link\"><\/i> DETALLES<\/a><a class=\"btn btn-primary btn-lg px-lg-4 d-block d-md-none\" href=\"https:\/\/comunidad.comprasdominicana.gob.do\/\/Public\/Tendering\/OpportunityDetail\/Index?noticeUID=DO1.NTC.1136241\" target=\"_blank\" title=\"Detalles\"><i class=\"fas fa-2x fa-link\"><\/i><\/a><\/div><\/div><\/div><div class=\"jumbotron archivos\"><div class=\"row align-items-center\"><div class=\"col\"><h6><a class=\"text-dark\" href=\"https:\/\/comunidad.comprasdominicana.gob.do\/\/Public\/Tendering\/OpportunityDetail\/Index?noticeUID=DO1.NTC.1136029\" title=\"Ver\" target=\"_blank\">APORDOM-UC-CD-2022-0069<\/a><\/h6><p class=\"mb-0 bold\">ADQUISICION DE EQUIPOS ELECTRONICOS PARA LAS  DIFERENTES AREAS DE APORDOM -Dirigido a MIPYMES<\/p><p class=\"mb-0\" style=\"font-size: .85rem\"><strong title=\"Estado del Proceso\"><i class=\"fas fa-spinner\"><\/i><\/strong> Proceso adjudicado y celebrado<\/p><p class=\"mb-0\" style=\"font-size: .85rem\"><strong title=\"Fecha de Publicaci\u00f3n\"><i class=\"fas fa-calendar-alt\"><\/i><\/strong> Publicado el mi\u00e9rcoles, 28 de septiembre de 2022<\/p><\/div><div class=\"col-auto mt-md-0 mt-2\"><a class=\"btn btn-primary btn-lg px-lg-4 d-none d-md-block\" href=\"https:\/\/comunidad.comprasdominicana.gob.do\/\/Public\/Tendering\/OpportunityDetail\/Index?noticeUID=DO1.NTC.1136029\" target=\"_blank\" title=\"Detalles\"><i class=\"fas fa-link\"><\/i> DETALLES<\/a><a class=\"btn btn-primary btn-lg px-lg-4 d-block d-md-none\" href=\"https:\/\/comunidad.comprasdominicana.gob.do\/\/Public\/Tendering\/OpportunityDetail\/Index?noticeUID=DO1.NTC.1136029\" target=\"_blank\" title=\"Detalles\"><i class=\"fas fa-2x fa-link\"><\/i><\/a><\/div><\/div><\/div><div class=\"jumbotron archivos\"><div class=\"row align-items-center\"><div class=\"col\"><h6><a class=\"text-dark\" href=\"https:\/\/comunidad.comprasdominicana.gob.do\/\/Public\/Tendering\/OpportunityDetail\/Index?noticeUID=DO1.NTC.1134843\" title=\"Ver\" target=\"_blank\">APORDOM-UC-CD-2022-0080<\/a><\/h6><p class=\"mb-0 bold\">CONTRATACI\u00d3N DE SERVICIO DE ALQUILER DE SAL\u00d3N PARA ENTREGA DE RECONOCIMIENTO DE APORDOM<\/p><p class=\"mb-0\" style=\"font-size: .85rem\"><strong title=\"Estado del Proceso\"><i class=\"fas fa-spinner\"><\/i><\/strong> Proceso adjudicado y celebrado<\/p><p class=\"mb-0\" style=\"font-size: .85rem\"><strong title=\"Fecha de Publicaci\u00f3n\"><i class=\"fas fa-calendar-alt\"><\/i><\/strong> Publicado el lunes, 26 de septiembre de 2022<\/p><\/div><div class=\"col-auto mt-md-0 mt-2\"><a class=\"btn btn-primary btn-lg px-lg-4 d-none d-md-block\" href=\"https:\/\/comunidad.comprasdominicana.gob.do\/\/Public\/Tendering\/OpportunityDetail\/Index?noticeUID=DO1.NTC.1134843\" target=\"_blank\" title=\"Detalles\"><i class=\"fas fa-link\"><\/i> DETALLES<\/a><a class=\"btn btn-primary btn-lg px-lg-4 d-block d-md-none\" href=\"https:\/\/comunidad.comprasdominicana.gob.do\/\/Public\/Tendering\/OpportunityDetail\/Index?noticeUID=DO1.NTC.1134843\" target=\"_blank\" title=\"Detalles\"><i class=\"fas fa-2x fa-link\"><\/i><\/a><\/div><\/div><\/div><div class=\"jumbotron archivos\"><div class=\"row align-items-center\"><div class=\"col\"><h6><a class=\"text-dark\" href=\"https:\/\/comunidad.comprasdominicana.gob.do\/\/Public\/Tendering\/OpportunityDetail\/Index?noticeUID=DO1.NTC.1135017\" title=\"Ver\" target=\"_blank\">APORDOM-UC-CD-2022-0066<\/a><\/h6><p class=\"mb-0 bold\">ADQUISICION DE ARTICULOS DE COCINA, MANTELES Y MESA PLEGABLE PARA USO DE APORDOM, DIRIGIDO A MIPYMES<\/p><p class=\"mb-0\" style=\"font-size: .85rem\"><strong title=\"Estado del Proceso\"><i class=\"fas fa-spinner\"><\/i><\/strong> Proceso adjudicado y celebrado<\/p><p class=\"mb-0\" style=\"font-size: .85rem\"><strong title=\"Fecha de Publicaci\u00f3n\"><i class=\"fas fa-calendar-alt\"><\/i><\/strong> Publicado el lunes, 26 de septiembre de 2022<\/p><\/div><div class=\"col-auto mt-md-0 mt-2\"><a class=\"btn btn-primary btn-lg px-lg-4 d-none d-md-block\" href=\"https:\/\/comunidad.comprasdominicana.gob.do\/\/Public\/Tendering\/OpportunityDetail\/Index?noticeUID=DO1.NTC.1135017\" target=\"_blank\" title=\"Detalles\"><i class=\"fas fa-link\"><\/i> DETALLES<\/a><a class=\"btn btn-primary btn-lg px-lg-4 d-block d-md-none\" href=\"https:\/\/comunidad.comprasdominicana.gob.do\/\/Public\/Tendering\/OpportunityDetail\/Index?noticeUID=DO1.NTC.1135017\" target=\"_blank\" title=\"Detalles\"><i class=\"fas fa-2x fa-link\"><\/i><\/a><\/div><\/div><\/div><div class=\"jumbotron archivos\"><div class=\"row align-items-center\"><div class=\"col\"><h6><a class=\"text-dark\" href=\"https:\/\/comunidad.comprasdominicana.gob.do\/\/Public\/Tendering\/OpportunityDetail\/Index?noticeUID=DO1.NTC.1133727\" title=\"Ver\" target=\"_blank\">APORDOM-UC-CD-2022-0082<\/a><\/h6><p class=\"mb-0 bold\">CONTRATACI\u00d3N DE SERVICIO PARA LA ELABORACI\u00d3N DE MODULO PARA LA UNIDAD DE ODONTOLOG\u00cdA DE APORDOM.<\/p><p class=\"mb-0\" style=\"font-size: .85rem\"><strong title=\"Estado del Proceso\"><i class=\"fas fa-spinner\"><\/i><\/strong> Proceso adjudicado y celebrado<\/p><p class=\"mb-0\" style=\"font-size: .85rem\"><strong title=\"Fecha de Publicaci\u00f3n\"><i class=\"fas fa-calendar-alt\"><\/i><\/strong> Publicado el jueves, 22 de septiembre de 2022<\/p><\/div><div class=\"col-auto mt-md-0 mt-2\"><a class=\"btn btn-primary btn-lg px-lg-4 d-none d-md-block\" href=\"https:\/\/comunidad.comprasdominicana.gob.do\/\/Public\/Tendering\/OpportunityDetail\/Index?noticeUID=DO1.NTC.1133727\" target=\"_blank\" title=\"Detalles\"><i class=\"fas fa-link\"><\/i> DETALLES<\/a><a class=\"btn btn-primary btn-lg px-lg-4 d-block d-md-none\" href=\"https:\/\/comunidad.comprasdominicana.gob.do\/\/Public\/Tendering\/OpportunityDetail\/Index?noticeUID=DO1.NTC.1133727\" target=\"_blank\" title=\"Detalles\"><i class=\"fas fa-2x fa-link\"><\/i><\/a><\/div><\/div><\/div><div class=\"jumbotron archivos\"><div class=\"row align-items-center\"><div class=\"col\"><h6><a class=\"text-dark\" href=\"https:\/\/comunidad.comprasdominicana.gob.do\/\/Public\/Tendering\/OpportunityDetail\/Index?noticeUID=DO1.NTC.1134007\" title=\"Ver\" target=\"_blank\">APORDOM-UC-CD-2022-0084<\/a><\/h6><p class=\"mb-0 bold\">CONTRATACI\u00d3N DE SERVICIO DE MAESTRIA DE CEREMONIA PARA EVENTO FCCA 2022<\/p><p class=\"mb-0\" style=\"font-size: .85rem\"><strong title=\"Estado del Proceso\"><i class=\"fas fa-spinner\"><\/i><\/strong> Proceso adjudicado y celebrado<\/p><p class=\"mb-0\" style=\"font-size: .85rem\"><strong title=\"Fecha de Publicaci\u00f3n\"><i class=\"fas fa-calendar-alt\"><\/i><\/strong> Publicado el jueves, 22 de septiembre de 2022<\/p><\/div><div class=\"col-auto mt-md-0 mt-2\"><a class=\"btn btn-primary btn-lg px-lg-4 d-none d-md-block\" href=\"https:\/\/comunidad.comprasdominicana.gob.do\/\/Public\/Tendering\/OpportunityDetail\/Index?noticeUID=DO1.NTC.1134007\" target=\"_blank\" title=\"Detalles\"><i class=\"fas fa-link\"><\/i> DETALLES<\/a><a class=\"btn btn-primary btn-lg px-lg-4 d-block d-md-none\" href=\"https:\/\/comunidad.comprasdominicana.gob.do\/\/Public\/Tendering\/OpportunityDetail\/Index?noticeUID=DO1.NTC.1134007\" target=\"_blank\" title=\"Detalles\"><i class=\"fas fa-2x fa-link\"><\/i><\/a><\/div><\/div><\/div><div class=\"jumbotron archivos\"><div class=\"row align-items-center\"><div class=\"col\"><h6><a class=\"text-dark\" href=\"https:\/\/comunidad.comprasdominicana.gob.do\/\/Public\/Tendering\/OpportunityDetail\/Index?noticeUID=DO1.NTC.1133520\" title=\"Ver\" target=\"_blank\">APORDOM-UC-CD-2022-0083<\/a><\/h6><p class=\"mb-0 bold\">CONTRATACION DE SERVICIO DE TRANSPORTE PARA EVENTO FCCA 2022<\/p><p class=\"mb-0\" style=\"font-size: .85rem\"><strong title=\"Estado del Proceso\"><i class=\"fas fa-spinner\"><\/i><\/strong> Proceso adjudicado y celebrado<\/p><p class=\"mb-0\" style=\"font-size: .85rem\"><strong title=\"Fecha de Publicaci\u00f3n\"><i class=\"fas fa-calendar-alt\"><\/i><\/strong> Publicado el mi\u00e9rcoles, 21 de septiembre de 2022<\/p><\/div><div class=\"col-auto mt-md-0 mt-2\"><a class=\"btn btn-primary btn-lg px-lg-4 d-none d-md-block\" href=\"https:\/\/comunidad.comprasdominicana.gob.do\/\/Public\/Tendering\/OpportunityDetail\/Index?noticeUID=DO1.NTC.1133520\" target=\"_blank\" title=\"Detalles\"><i class=\"fas fa-link\"><\/i> DETALLES<\/a><a class=\"btn btn-primary btn-lg px-lg-4 d-block d-md-none\" href=\"https:\/\/comunidad.comprasdominicana.gob.do\/\/Public\/Tendering\/OpportunityDetail\/Index?noticeUID=DO1.NTC.1133520\" target=\"_blank\" title=\"Detalles\"><i class=\"fas fa-2x fa-link\"><\/i><\/a><\/div><\/div><\/div><div class=\"jumbotron archivos\"><div class=\"row align-items-center\"><div class=\"col\"><h6><a class=\"text-dark\" href=\"https:\/\/comunidad.comprasdominicana.gob.do\/\/Public\/Tendering\/OpportunityDetail\/Index?noticeUID=DO1.NTC.1131515\" title=\"Ver\" target=\"_blank\">APORDOM-UC-CD-2022-0079<\/a><\/h6><p class=\"mb-0 bold\">CONTRATACI\u00d3N DE SERVICIO DE GR\u00daA PARA USO DE APORDOM<\/p><p class=\"mb-0\" style=\"font-size: .85rem\"><strong title=\"Estado del Proceso\"><i class=\"fas fa-spinner\"><\/i><\/strong> Proceso adjudicado y celebrado<\/p><p class=\"mb-0\" style=\"font-size: .85rem\"><strong title=\"Fecha de Publicaci\u00f3n\"><i class=\"fas fa-calendar-alt\"><\/i><\/strong> Publicado el viernes, 16 de septiembre de 2022<\/p><\/div><div class=\"col-auto mt-md-0 mt-2\"><a class=\"btn btn-primary btn-lg px-lg-4 d-none d-md-block\" href=\"https:\/\/comunidad.comprasdominicana.gob.do\/\/Public\/Tendering\/OpportunityDetail\/Index?noticeUID=DO1.NTC.1131515\" target=\"_blank\" title=\"Detalles\"><i class=\"fas fa-link\"><\/i> DETALLES<\/a><a class=\"btn btn-primary btn-lg px-lg-4 d-block d-md-none\" href=\"https:\/\/comunidad.comprasdominicana.gob.do\/\/Public\/Tendering\/OpportunityDetail\/Index?noticeUID=DO1.NTC.1131515\" target=\"_blank\" title=\"Detalles\"><i class=\"fas fa-2x fa-link\"><\/i><\/a><\/div><\/div><\/div><div class=\"jumbotron archivos\"><div class=\"row align-items-center\"><div class=\"col\"><h6><a class=\"text-dark\" href=\"https:\/\/comunidad.comprasdominicana.gob.do\/\/Public\/Tendering\/OpportunityDetail\/Index?noticeUID=DO1.NTC.1131021\" title=\"Ver\" target=\"_blank\">APORDOM-UC-CD-2022-0077<\/a><\/h6><p class=\"mb-0 bold\">CONTRATACI\u00d3N DE SERVICIO DE ALQUILER DE VEH\u00cdCULO<\/p><p class=\"mb-0\" style=\"font-size: .85rem\"><strong title=\"Estado del Proceso\"><i class=\"fas fa-spinner\"><\/i><\/strong> Proceso adjudicado y celebrado<\/p><p class=\"mb-0\" style=\"font-size: .85rem\"><strong title=\"Fecha de Publicaci\u00f3n\"><i class=\"fas fa-calendar-alt\"><\/i><\/strong> Publicado el jueves, 15 de septiembre de 2022<\/p><\/div><div class=\"col-auto mt-md-0 mt-2\"><a class=\"btn btn-primary btn-lg px-lg-4 d-none d-md-block\" href=\"https:\/\/comunidad.comprasdominicana.gob.do\/\/Public\/Tendering\/OpportunityDetail\/Index?noticeUID=DO1.NTC.1131021\" target=\"_blank\" title=\"Detalles\"><i class=\"fas fa-link\"><\/i> DETALLES<\/a><a class=\"btn btn-primary btn-lg px-lg-4 d-block d-md-none\" href=\"https:\/\/comunidad.comprasdominicana.gob.do\/\/Public\/Tendering\/OpportunityDetail\/Index?noticeUID=DO1.NTC.1131021\" target=\"_blank\" title=\"Detalles\"><i class=\"fas fa-2x fa-link\"><\/i><\/a><\/div><\/div><\/div><div class=\"jumbotron archivos\"><div class=\"row align-items-center\"><div class=\"col\"><h6><a class=\"text-dark\" href=\"https:\/\/comunidad.comprasdominicana.gob.do\/\/Public\/Tendering\/OpportunityDetail\/Index?noticeUID=DO1.NTC.1130608\" title=\"Ver\" target=\"_blank\">APORDOM-UC-CD-2022-0073<\/a><\/h6><p class=\"mb-0 bold\">CONTRATACI\u00d3N DE SERVICIOS DE ALMUERZOS EJECUTIVOS Y REFRIGERIOS PARA REUNIONES DE APORDOM, DIRIGIDO A MIPYMES<\/p><p class=\"mb-0\" style=\"font-size: .85rem\"><strong title=\"Estado del Proceso\"><i class=\"fas fa-spinner\"><\/i><\/strong> Proceso adjudicado y celebrado<\/p><p class=\"mb-0\" style=\"font-size: .85rem\"><strong title=\"Fecha de Publicaci\u00f3n\"><i class=\"fas fa-calendar-alt\"><\/i><\/strong> Publicado el jueves, 15 de septiembre de 2022<\/p><\/div><div class=\"col-auto mt-md-0 mt-2\"><a class=\"btn btn-primary btn-lg px-lg-4 d-none d-md-block\" href=\"https:\/\/comunidad.comprasdominicana.gob.do\/\/Public\/Tendering\/OpportunityDetail\/Index?noticeUID=DO1.NTC.1130608\" target=\"_blank\" title=\"Detalles\"><i class=\"fas fa-link\"><\/i> DETALLES<\/a><a class=\"btn btn-primary btn-lg px-lg-4 d-block d-md-none\" href=\"https:\/\/comunidad.comprasdominicana.gob.do\/\/Public\/Tendering\/OpportunityDetail\/Index?noticeUID=DO1.NTC.1130608\" target=\"_blank\" title=\"Detalles\"><i class=\"fas fa-2x fa-link\"><\/i><\/a><\/div><\/div><\/div><div class=\"jumbotron archivos\"><div class=\"row align-items-center\"><div class=\"col\"><h6><a class=\"text-dark\" href=\"https:\/\/comunidad.comprasdominicana.gob.do\/\/Public\/Tendering\/OpportunityDetail\/Index?noticeUID=DO1.NTC.1129229\" title=\"Ver\" target=\"_blank\">APORDOM-UC-CD-2022-0078<\/a><\/h6><p class=\"mb-0 bold\">ADQUISICION DE FILOSOF\u00cdA INSTITUCIONAL Y GAFETES PARA USO DE APORDOM, DIRIGIDO A MIPYMES<\/p><p class=\"mb-0\" style=\"font-size: .85rem\"><strong title=\"Estado del Proceso\"><i class=\"fas fa-spinner\"><\/i><\/strong> Proceso adjudicado y celebrado<\/p><p class=\"mb-0\" style=\"font-size: .85rem\"><strong title=\"Fecha de Publicaci\u00f3n\"><i class=\"fas fa-calendar-alt\"><\/i><\/strong> Publicado el lunes, 12 de septiembre de 2022<\/p><\/div><div class=\"col-auto mt-md-0 mt-2\"><a class=\"btn btn-primary btn-lg px-lg-4 d-none d-md-block\" href=\"https:\/\/comunidad.comprasdominicana.gob.do\/\/Public\/Tendering\/OpportunityDetail\/Index?noticeUID=DO1.NTC.1129229\" target=\"_blank\" title=\"Detalles\"><i class=\"fas fa-link\"><\/i> DETALLES<\/a><a class=\"btn btn-primary btn-lg px-lg-4 d-block d-md-none\" href=\"https:\/\/comunidad.comprasdominicana.gob.do\/\/Public\/Tendering\/OpportunityDetail\/Index?noticeUID=DO1.NTC.1129229\" target=\"_blank\" title=\"Detalles\"><i class=\"fas fa-2x fa-link\"><\/i><\/a><\/div><\/div><\/div><div class=\"jumbotron archivos\"><div class=\"row align-items-center\"><div class=\"col\"><h6><a class=\"text-dark\" href=\"https:\/\/comunidad.comprasdominicana.gob.do\/\/Public\/Tendering\/OpportunityDetail\/Index?noticeUID=DO1.NTC.1128520\" title=\"Ver\" target=\"_blank\">APORDOM-UC-CD-2022-0071<\/a><\/h6><p class=\"mb-0 bold\">ADQUISICI\u00d3N DE MATERIALES DE EBANISTER\u00cdA PARA USO DE APORDOM, DIRIGIDO A MIPYMES<\/p><p class=\"mb-0\" style=\"font-size: .85rem\"><strong title=\"Estado del Proceso\"><i class=\"fas fa-spinner\"><\/i><\/strong> Proceso adjudicado y celebrado<\/p><p class=\"mb-0\" style=\"font-size: .85rem\"><strong title=\"Fecha de Publicaci\u00f3n\"><i class=\"fas fa-calendar-alt\"><\/i><\/strong> Publicado el viernes, 9 de septiembre de 2022<\/p><\/div><div class=\"col-auto mt-md-0 mt-2\"><a class=\"btn btn-primary btn-lg px-lg-4 d-none d-md-block\" href=\"https:\/\/comunidad.comprasdominicana.gob.do\/\/Public\/Tendering\/OpportunityDetail\/Index?noticeUID=DO1.NTC.1128520\" target=\"_blank\" title=\"Detalles\"><i class=\"fas fa-link\"><\/i> DETALLES<\/a><a class=\"btn btn-primary btn-lg px-lg-4 d-block d-md-none\" href=\"https:\/\/comunidad.comprasdominicana.gob.do\/\/Public\/Tendering\/OpportunityDetail\/Index?noticeUID=DO1.NTC.1128520\" target=\"_blank\" title=\"Detalles\"><i class=\"fas fa-2x fa-link\"><\/i><\/a><\/div><\/div><\/div><div class=\"jumbotron archivos\"><div class=\"row align-items-center\"><div class=\"col\"><h6><a class=\"text-dark\" href=\"https:\/\/comunidad.comprasdominicana.gob.do\/\/Public\/Tendering\/OpportunityDetail\/Index?noticeUID=DO1.NTC.1127057\" title=\"Ver\" target=\"_blank\">APORDOM-UC-CD-2022-0076<\/a><\/h6><p class=\"mb-0 bold\">DQUISICION DE BOLETOS PARA PARTICIPACION EN EVENTO ALIANZA PARA EL DESARROLLO DE LA DEMOCRACIA: REFORMAS NECESARIAS E IMPOSTERGABLES<\/p><p class=\"mb-0\" style=\"font-size: .85rem\"><strong title=\"Estado del Proceso\"><i class=\"fas fa-spinner\"><\/i><\/strong> Proceso adjudicado y celebrado<\/p><p class=\"mb-0\" style=\"font-size: .85rem\"><strong title=\"Fecha de Publicaci\u00f3n\"><i class=\"fas fa-calendar-alt\"><\/i><\/strong> Publicado el mi\u00e9rcoles, 7 de septiembre de 2022<\/p><\/div><div class=\"col-auto mt-md-0 mt-2\"><a class=\"btn btn-primary btn-lg px-lg-4 d-none d-md-block\" href=\"https:\/\/comunidad.comprasdominicana.gob.do\/\/Public\/Tendering\/OpportunityDetail\/Index?noticeUID=DO1.NTC.1127057\" target=\"_blank\" title=\"Detalles\"><i class=\"fas fa-link\"><\/i> DETALLES<\/a><a class=\"btn btn-primary btn-lg px-lg-4 d-block d-md-none\" href=\"https:\/\/comunidad.comprasdominicana.gob.do\/\/Public\/Tendering\/OpportunityDetail\/Index?noticeUID=DO1.NTC.1127057\" target=\"_blank\" title=\"Detalles\"><i class=\"fas fa-2x fa-link\"><\/i><\/a><\/div><\/div><\/div><div class=\"jumbotron archivos\"><div class=\"row align-items-center\"><div class=\"col\"><h6><a class=\"text-dark\" href=\"https:\/\/comunidad.comprasdominicana.gob.do\/\/Public\/Tendering\/OpportunityDetail\/Index?noticeUID=DO1.NTC.1126909\" title=\"Ver\" target=\"_blank\">APORDOM-UC-CD-2022-0072<\/a><\/h6><p class=\"mb-0 bold\">ADQUISICION DE ZAFACONES Y CAMILLA DE EMERGENCIA PARA USO DE APORDOM DIRIGIDO A MIPYMES<\/p><p class=\"mb-0\" style=\"font-size: .85rem\"><strong title=\"Estado del Proceso\"><i class=\"fas fa-spinner\"><\/i><\/strong> Proceso adjudicado y celebrado<\/p><p class=\"mb-0\" style=\"font-size: .85rem\"><strong title=\"Fecha de Publicaci\u00f3n\"><i class=\"fas fa-calendar-alt\"><\/i><\/strong> Publicado el martes, 6 de septiembre de 2022<\/p><\/div><div class=\"col-auto mt-md-0 mt-2\"><a class=\"btn btn-primary btn-lg px-lg-4 d-none d-md-block\" href=\"https:\/\/comunidad.comprasdominicana.gob.do\/\/Public\/Tendering\/OpportunityDetail\/Index?noticeUID=DO1.NTC.1126909\" target=\"_blank\" title=\"Detalles\"><i class=\"fas fa-link\"><\/i> DETALLES<\/a><a class=\"btn btn-primary btn-lg px-lg-4 d-block d-md-none\" href=\"https:\/\/comunidad.comprasdominicana.gob.do\/\/Public\/Tendering\/OpportunityDetail\/Index?noticeUID=DO1.NTC.1126909\" target=\"_blank\" title=\"Detalles\"><i class=\"fas fa-2x fa-link\"><\/i><\/a><\/div><\/div><\/div><div class=\"jumbotron archivos\"><div class=\"row align-items-center\"><div class=\"col\"><h6><a class=\"text-dark\" href=\"https:\/\/comunidad.comprasdominicana.gob.do\/\/Public\/Tendering\/OpportunityDetail\/Index?noticeUID=DO1.NTC.1126026\" title=\"Ver\" target=\"_blank\">APORDOM-UC-CD-2022-0074<\/a><\/h6><p class=\"mb-0 bold\">ADQUISICION DE CORONAS FLORALES PARA CONDOLENCIAS DE APORDOM, DIRIGIDO A MIPYMES MUJER<\/p><p class=\"mb-0\" style=\"font-size: .85rem\"><strong title=\"Estado del Proceso\"><i class=\"fas fa-spinner\"><\/i><\/strong> Proceso adjudicado y celebrado<\/p><p class=\"mb-0\" style=\"font-size: .85rem\"><strong title=\"Fecha de Publicaci\u00f3n\"><i class=\"fas fa-calendar-alt\"><\/i><\/strong> Publicado el lunes, 5 de septiembre de 2022<\/p><\/div><div class=\"col-auto mt-md-0 mt-2\"><a class=\"btn btn-primary btn-lg px-lg-4 d-none d-md-block\" href=\"https:\/\/comunidad.comprasdominicana.gob.do\/\/Public\/Tendering\/OpportunityDetail\/Index?noticeUID=DO1.NTC.1126026\" target=\"_blank\" title=\"Detalles\"><i class=\"fas fa-link\"><\/i> DETALLES<\/a><a class=\"btn btn-primary btn-lg px-lg-4 d-block d-md-none\" href=\"https:\/\/comunidad.comprasdominicana.gob.do\/\/Public\/Tendering\/OpportunityDetail\/Index?noticeUID=DO1.NTC.1126026\" target=\"_blank\" title=\"Detalles\"><i class=\"fas fa-2x fa-link\"><\/i><\/a><\/div><\/div><\/div><div class=\"jumbotron archivos\"><div class=\"row align-items-center\"><div class=\"col\"><h6><a class=\"text-dark\" href=\"https:\/\/comunidad.comprasdominicana.gob.do\/\/Public\/Tendering\/OpportunityDetail\/Index?noticeUID=DO1.NTC.1126023\" title=\"Ver\" target=\"_blank\">APORDOM-UC-CD-2022-0075<\/a><\/h6><p class=\"mb-0 bold\">CONTRATACION DE SERVICIOS FUNERARIOS<\/p><p class=\"mb-0\" style=\"font-size: .85rem\"><strong title=\"Estado del Proceso\"><i class=\"fas fa-spinner\"><\/i><\/strong> Proceso adjudicado y celebrado<\/p><p class=\"mb-0\" style=\"font-size: .85rem\"><strong title=\"Fecha de Publicaci\u00f3n\"><i class=\"fas fa-calendar-alt\"><\/i><\/strong> Publicado el lunes, 5 de septiembre de 2022<\/p><\/div><div class=\"col-auto mt-md-0 mt-2\"><a class=\"btn btn-primary btn-lg px-lg-4 d-none d-md-block\" href=\"https:\/\/comunidad.comprasdominicana.gob.do\/\/Public\/Tendering\/OpportunityDetail\/Index?noticeUID=DO1.NTC.1126023\" target=\"_blank\" title=\"Detalles\"><i class=\"fas fa-link\"><\/i> DETALLES<\/a><a class=\"btn btn-primary btn-lg px-lg-4 d-block d-md-none\" href=\"https:\/\/comunidad.comprasdominicana.gob.do\/\/Public\/Tendering\/OpportunityDetail\/Index?noticeUID=DO1.NTC.1126023\" target=\"_blank\" title=\"Detalles\"><i class=\"fas fa-2x fa-link\"><\/i><\/a><\/div><\/div><\/div><\/div><\/div><\/div>\n        <div class=\"card\">\n            <div class=\"card-header parents\" id=\"heading_compras-por-debajo-del-umbral-69eeee772d89c-2022-69eeee772d89c-agosto-69eeee772d89c\">\n                <p class=\"title text-blue mb-0\">\n                    <a class=\"btn-block hover text-left collapsed\" data-toggle=\"collapse\" data-target=\"#collap_compras-por-debajo-del-umbral-69eeee772d89c-2022-69eeee772d89c-agosto-69eeee772d89c\" aria-expanded=\"false\" aria-controls=\"collap_compras-por-debajo-del-umbral-69eeee772d89c-2022-69eeee772d89c-agosto-69eeee772d89c\">Agosto<\/a>\n                <\/p>\n            <\/div>\n            <div id=\"collap_compras-por-debajo-del-umbral-69eeee772d89c-2022-69eeee772d89c-agosto-69eeee772d89c\" class=\"collapse\" aria-labelledby=\"heading_compras-por-debajo-del-umbral-69eeee772d89c-2022-69eeee772d89c-agosto-69eeee772d89c\" data-parent=\"#collap_compras-por-debajo-del-umbral-69eeee772d89c-2022-69eeee772d89c\">\n                <div class=\"card-body\"><div class=\"jumbotron archivos\"><div class=\"row align-items-center\"><div class=\"col\"><h6><a class=\"text-dark\" href=\"https:\/\/comunidad.comprasdominicana.gob.do\/\/Public\/Tendering\/OpportunityDetail\/Index?noticeUID=DO1.NTC.1124218\" title=\"Ver\" target=\"_blank\">APORDOM-UC-CD-2022-0070<\/a><\/h6><p class=\"mb-0 bold\">SERVICIO DE MANTENIMIENTO PREVENTIVO Y CORRECTIVO PARA VEHICULO DE USO DE APORDOM<\/p><p class=\"mb-0\" style=\"font-size: .85rem\"><strong title=\"Estado del Proceso\"><i class=\"fas fa-spinner\"><\/i><\/strong> Proceso adjudicado y celebrado<\/p><p class=\"mb-0\" style=\"font-size: .85rem\"><strong title=\"Fecha de Publicaci\u00f3n\"><i class=\"fas fa-calendar-alt\"><\/i><\/strong> Publicado el mi\u00e9rcoles, 31 de agosto de 2022<\/p><\/div><div class=\"col-auto mt-md-0 mt-2\"><a class=\"btn btn-primary btn-lg px-lg-4 d-none d-md-block\" href=\"https:\/\/comunidad.comprasdominicana.gob.do\/\/Public\/Tendering\/OpportunityDetail\/Index?noticeUID=DO1.NTC.1124218\" target=\"_blank\" title=\"Detalles\"><i class=\"fas fa-link\"><\/i> DETALLES<\/a><a class=\"btn btn-primary btn-lg px-lg-4 d-block d-md-none\" href=\"https:\/\/comunidad.comprasdominicana.gob.do\/\/Public\/Tendering\/OpportunityDetail\/Index?noticeUID=DO1.NTC.1124218\" target=\"_blank\" title=\"Detalles\"><i class=\"fas fa-2x fa-link\"><\/i><\/a><\/div><\/div><\/div><div class=\"jumbotron archivos\"><div class=\"row align-items-center\"><div class=\"col\"><h6><a class=\"text-dark\" href=\"https:\/\/comunidad.comprasdominicana.gob.do\/\/Public\/Tendering\/OpportunityDetail\/Index?noticeUID=DO1.NTC.1122838\" title=\"Ver\" target=\"_blank\">APORDOM-UC-CD-2022-0065<\/a><\/h6><p class=\"mb-0 bold\">ADQUISICION DE CONTROL DE ACCESO PARA LA SEDE PRINCIPAL DE APORDOM<\/p><p class=\"mb-0\" style=\"font-size: .85rem\"><strong title=\"Estado del Proceso\"><i class=\"fas fa-spinner\"><\/i><\/strong> Proceso adjudicado y celebrado<\/p><p class=\"mb-0\" style=\"font-size: .85rem\"><strong title=\"Fecha de Publicaci\u00f3n\"><i class=\"fas fa-calendar-alt\"><\/i><\/strong> Publicado el lunes, 29 de agosto de 2022<\/p><\/div><div class=\"col-auto mt-md-0 mt-2\"><a class=\"btn btn-primary btn-lg px-lg-4 d-none d-md-block\" href=\"https:\/\/comunidad.comprasdominicana.gob.do\/\/Public\/Tendering\/OpportunityDetail\/Index?noticeUID=DO1.NTC.1122838\" target=\"_blank\" title=\"Detalles\"><i class=\"fas fa-link\"><\/i> DETALLES<\/a><a class=\"btn btn-primary btn-lg px-lg-4 d-block d-md-none\" href=\"https:\/\/comunidad.comprasdominicana.gob.do\/\/Public\/Tendering\/OpportunityDetail\/Index?noticeUID=DO1.NTC.1122838\" target=\"_blank\" title=\"Detalles\"><i class=\"fas fa-2x fa-link\"><\/i><\/a><\/div><\/div><\/div><div class=\"jumbotron archivos\"><div class=\"row align-items-center\"><div class=\"col\"><h6><a class=\"text-dark\" href=\"https:\/\/comunidad.comprasdominicana.gob.do\/\/Public\/Tendering\/OpportunityDetail\/Index?noticeUID=DO1.NTC.1122605\" title=\"Ver\" target=\"_blank\">APORDOM-UC-CD-2022-0068<\/a><\/h6><p class=\"mb-0 bold\">ADQUISICION DE EXTINTORES TIPO ABC PARA USO DE APORDOM<\/p><p class=\"mb-0\" style=\"font-size: .85rem\"><strong title=\"Estado del Proceso\"><i class=\"fas fa-spinner\"><\/i><\/strong> Proceso adjudicado y celebrado<\/p><p class=\"mb-0\" style=\"font-size: .85rem\"><strong title=\"Fecha de Publicaci\u00f3n\"><i class=\"fas fa-calendar-alt\"><\/i><\/strong> Publicado el viernes, 26 de agosto de 2022<\/p><\/div><div class=\"col-auto mt-md-0 mt-2\"><a class=\"btn btn-primary btn-lg px-lg-4 d-none d-md-block\" href=\"https:\/\/comunidad.comprasdominicana.gob.do\/\/Public\/Tendering\/OpportunityDetail\/Index?noticeUID=DO1.NTC.1122605\" target=\"_blank\" title=\"Detalles\"><i class=\"fas fa-link\"><\/i> DETALLES<\/a><a class=\"btn btn-primary btn-lg px-lg-4 d-block d-md-none\" href=\"https:\/\/comunidad.comprasdominicana.gob.do\/\/Public\/Tendering\/OpportunityDetail\/Index?noticeUID=DO1.NTC.1122605\" target=\"_blank\" title=\"Detalles\"><i class=\"fas fa-2x fa-link\"><\/i><\/a><\/div><\/div><\/div><div class=\"jumbotron archivos\"><div class=\"row align-items-center\"><div class=\"col\"><h6><a class=\"text-dark\" href=\"https:\/\/comunidad.comprasdominicana.gob.do\/\/Public\/Tendering\/OpportunityDetail\/Index?noticeUID=DO1.NTC.1118923\" title=\"Ver\" target=\"_blank\">APORDOM-UC-CD-2022-0058<\/a><\/h6><p class=\"mb-0 bold\">ADQUISICION Y CONTRATACION DE SERVICIO DE MANTENIMIENTO Y LIMPIEZA DE POZO SEPTICO DE APORDOM<\/p><p class=\"mb-0\" style=\"font-size: .85rem\"><strong title=\"Estado del Proceso\"><i class=\"fas fa-spinner\"><\/i><\/strong> Proceso adjudicado y celebrado<\/p><p class=\"mb-0\" style=\"font-size: .85rem\"><strong title=\"Fecha de Publicaci\u00f3n\"><i class=\"fas fa-calendar-alt\"><\/i><\/strong> Publicado el jueves, 18 de agosto de 2022<\/p><\/div><div class=\"col-auto mt-md-0 mt-2\"><a class=\"btn btn-primary btn-lg px-lg-4 d-none d-md-block\" href=\"https:\/\/comunidad.comprasdominicana.gob.do\/\/Public\/Tendering\/OpportunityDetail\/Index?noticeUID=DO1.NTC.1118923\" target=\"_blank\" title=\"Detalles\"><i class=\"fas fa-link\"><\/i> DETALLES<\/a><a class=\"btn btn-primary btn-lg px-lg-4 d-block d-md-none\" href=\"https:\/\/comunidad.comprasdominicana.gob.do\/\/Public\/Tendering\/OpportunityDetail\/Index?noticeUID=DO1.NTC.1118923\" target=\"_blank\" title=\"Detalles\"><i class=\"fas fa-2x fa-link\"><\/i><\/a><\/div><\/div><\/div><div class=\"jumbotron archivos\"><div class=\"row align-items-center\"><div class=\"col\"><h6><a class=\"text-dark\" href=\"https:\/\/comunidad.comprasdominicana.gob.do\/\/Public\/Tendering\/OpportunityDetail\/Index?noticeUID=DO1.NTC.1117653\" title=\"Ver\" target=\"_blank\">APORDOM-UC-CD-2022-0067<\/a><\/h6><p class=\"mb-0 bold\">ALQUILER DE SERVICIOS DE TELEPROMPTER <\/p><p class=\"mb-0\" style=\"font-size: .85rem\"><strong title=\"Estado del Proceso\"><i class=\"fas fa-spinner\"><\/i><\/strong> Proceso adjudicado y celebrado<\/p><p class=\"mb-0\" style=\"font-size: .85rem\"><strong title=\"Fecha de Publicaci\u00f3n\"><i class=\"fas fa-calendar-alt\"><\/i><\/strong> Publicado el lunes, 15 de agosto de 2022<\/p><\/div><div class=\"col-auto mt-md-0 mt-2\"><a class=\"btn btn-primary btn-lg px-lg-4 d-none d-md-block\" href=\"https:\/\/comunidad.comprasdominicana.gob.do\/\/Public\/Tendering\/OpportunityDetail\/Index?noticeUID=DO1.NTC.1117653\" target=\"_blank\" title=\"Detalles\"><i class=\"fas fa-link\"><\/i> DETALLES<\/a><a class=\"btn btn-primary btn-lg px-lg-4 d-block d-md-none\" href=\"https:\/\/comunidad.comprasdominicana.gob.do\/\/Public\/Tendering\/OpportunityDetail\/Index?noticeUID=DO1.NTC.1117653\" target=\"_blank\" title=\"Detalles\"><i class=\"fas fa-2x fa-link\"><\/i><\/a><\/div><\/div><\/div><div class=\"jumbotron archivos\"><div class=\"row align-items-center\"><div class=\"col\"><h6><a class=\"text-dark\" href=\"https:\/\/comunidad.comprasdominicana.gob.do\/\/Public\/Tendering\/OpportunityDetail\/Index?noticeUID=DO1.NTC.1116521\" title=\"Ver\" target=\"_blank\">APORDOM-UC-CD-2022-0063<\/a><\/h6><p class=\"mb-0 bold\">CONTRATACI\u00d3N DE SERVICIOS DE LOCUCI\u00d3N PARA SPOT PUBLICITARIO<\/p><p class=\"mb-0\" style=\"font-size: .85rem\"><strong title=\"Estado del Proceso\"><i class=\"fas fa-spinner\"><\/i><\/strong> Proceso adjudicado y celebrado<\/p><p class=\"mb-0\" style=\"font-size: .85rem\"><strong title=\"Fecha de Publicaci\u00f3n\"><i class=\"fas fa-calendar-alt\"><\/i><\/strong> Publicado el jueves, 11 de agosto de 2022<\/p><\/div><div class=\"col-auto mt-md-0 mt-2\"><a class=\"btn btn-primary btn-lg px-lg-4 d-none d-md-block\" href=\"https:\/\/comunidad.comprasdominicana.gob.do\/\/Public\/Tendering\/OpportunityDetail\/Index?noticeUID=DO1.NTC.1116521\" target=\"_blank\" title=\"Detalles\"><i class=\"fas fa-link\"><\/i> DETALLES<\/a><a class=\"btn btn-primary btn-lg px-lg-4 d-block d-md-none\" href=\"https:\/\/comunidad.comprasdominicana.gob.do\/\/Public\/Tendering\/OpportunityDetail\/Index?noticeUID=DO1.NTC.1116521\" target=\"_blank\" title=\"Detalles\"><i class=\"fas fa-2x fa-link\"><\/i><\/a><\/div><\/div><\/div><div class=\"jumbotron archivos\"><div class=\"row align-items-center\"><div class=\"col\"><h6><a class=\"text-dark\" href=\"https:\/\/comunidad.comprasdominicana.gob.do\/\/Public\/Tendering\/OpportunityDetail\/Index?noticeUID=DO1.NTC.1115750\" title=\"Ver\" target=\"_blank\">APORDOM-UC-CD-2022-0064<\/a><\/h6><p class=\"mb-0 bold\">CONTRATACION DE MONTAJE Y REFRIGERIO PARA REUNION EN PUERTO DE MANZANILLO, DIRIGIDO A MIPYMES<\/p><p class=\"mb-0\" style=\"font-size: .85rem\"><strong title=\"Estado del Proceso\"><i class=\"fas fa-spinner\"><\/i><\/strong> Proceso adjudicado y celebrado<\/p><p class=\"mb-0\" style=\"font-size: .85rem\"><strong title=\"Fecha de Publicaci\u00f3n\"><i class=\"fas fa-calendar-alt\"><\/i><\/strong> Publicado el mi\u00e9rcoles, 10 de agosto de 2022<\/p><\/div><div class=\"col-auto mt-md-0 mt-2\"><a class=\"btn btn-primary btn-lg px-lg-4 d-none d-md-block\" href=\"https:\/\/comunidad.comprasdominicana.gob.do\/\/Public\/Tendering\/OpportunityDetail\/Index?noticeUID=DO1.NTC.1115750\" target=\"_blank\" title=\"Detalles\"><i class=\"fas fa-link\"><\/i> DETALLES<\/a><a class=\"btn btn-primary btn-lg px-lg-4 d-block d-md-none\" href=\"https:\/\/comunidad.comprasdominicana.gob.do\/\/Public\/Tendering\/OpportunityDetail\/Index?noticeUID=DO1.NTC.1115750\" target=\"_blank\" title=\"Detalles\"><i class=\"fas fa-2x fa-link\"><\/i><\/a><\/div><\/div><\/div><div class=\"jumbotron archivos\"><div class=\"row align-items-center\"><div class=\"col\"><h6><a class=\"text-dark\" href=\"https:\/\/comunidad.comprasdominicana.gob.do\/\/Public\/Tendering\/OpportunityDetail\/Index?noticeUID=DO1.NTC.1113019\" title=\"Ver\" target=\"_blank\">APORDOM-UC-CD-2022-0062<\/a><\/h6><p class=\"mb-0 bold\">ADQUISICI\u00d3N DE CAF\u00c9 PARA CONSUMO DE LA SEDE PRINCIPAL DE APORDOM DIRIGIDO A MIPYMES.<\/p><p class=\"mb-0\" style=\"font-size: .85rem\"><strong title=\"Estado del Proceso\"><i class=\"fas fa-spinner\"><\/i><\/strong> Proceso adjudicado y celebrado<\/p><p class=\"mb-0\" style=\"font-size: .85rem\"><strong title=\"Fecha de Publicaci\u00f3n\"><i class=\"fas fa-calendar-alt\"><\/i><\/strong> Publicado el mi\u00e9rcoles, 3 de agosto de 2022<\/p><\/div><div class=\"col-auto mt-md-0 mt-2\"><a class=\"btn btn-primary btn-lg px-lg-4 d-none d-md-block\" href=\"https:\/\/comunidad.comprasdominicana.gob.do\/\/Public\/Tendering\/OpportunityDetail\/Index?noticeUID=DO1.NTC.1113019\" target=\"_blank\" title=\"Detalles\"><i class=\"fas fa-link\"><\/i> DETALLES<\/a><a class=\"btn btn-primary btn-lg px-lg-4 d-block d-md-none\" href=\"https:\/\/comunidad.comprasdominicana.gob.do\/\/Public\/Tendering\/OpportunityDetail\/Index?noticeUID=DO1.NTC.1113019\" target=\"_blank\" title=\"Detalles\"><i class=\"fas fa-2x fa-link\"><\/i><\/a><\/div><\/div><\/div><div class=\"jumbotron archivos\"><div class=\"row align-items-center\"><div class=\"col\"><h6><a class=\"text-dark\" href=\"https:\/\/comunidad.comprasdominicana.gob.do\/\/Public\/Tendering\/OpportunityDetail\/Index?noticeUID=DO1.NTC.1112148\" title=\"Ver\" target=\"_blank\">APORDOM-UC-CD-2022-0061<\/a><\/h6><p class=\"mb-0 bold\">CONTRATACI\u00d3N DE SERVICIOS DE SUSCRIPCI\u00d3N SUITE COMPLETA EMPRESARIAL ADOBE<\/p><p class=\"mb-0\" style=\"font-size: .85rem\"><strong title=\"Estado del Proceso\"><i class=\"fas fa-spinner\"><\/i><\/strong> Proceso adjudicado y celebrado<\/p><p class=\"mb-0\" style=\"font-size: .85rem\"><strong title=\"Fecha de Publicaci\u00f3n\"><i class=\"fas fa-calendar-alt\"><\/i><\/strong> Publicado el martes, 2 de agosto de 2022<\/p><\/div><div class=\"col-auto mt-md-0 mt-2\"><a class=\"btn btn-primary btn-lg px-lg-4 d-none d-md-block\" href=\"https:\/\/comunidad.comprasdominicana.gob.do\/\/Public\/Tendering\/OpportunityDetail\/Index?noticeUID=DO1.NTC.1112148\" target=\"_blank\" title=\"Detalles\"><i class=\"fas fa-link\"><\/i> DETALLES<\/a><a class=\"btn btn-primary btn-lg px-lg-4 d-block d-md-none\" href=\"https:\/\/comunidad.comprasdominicana.gob.do\/\/Public\/Tendering\/OpportunityDetail\/Index?noticeUID=DO1.NTC.1112148\" target=\"_blank\" title=\"Detalles\"><i class=\"fas fa-2x fa-link\"><\/i><\/a><\/div><\/div><\/div><div class=\"jumbotron archivos\"><div class=\"row align-items-center\"><div class=\"col\"><h6><a class=\"text-dark\" href=\"https:\/\/comunidad.comprasdominicana.gob.do\/\/Public\/Tendering\/OpportunityDetail\/Index?noticeUID=DO1.NTC.1112016\" title=\"Ver\" target=\"_blank\">APORDOM-UC-CD-2022-0060<\/a><\/h6><p class=\"mb-0 bold\">ADQUISICI\u00d3N DE NEUM\u00c1TICOS PARA VEH\u00cdCULOS DE APORDOM<\/p><p class=\"mb-0\" style=\"font-size: .85rem\"><strong title=\"Estado del Proceso\"><i class=\"fas fa-spinner\"><\/i><\/strong> Proceso adjudicado y celebrado<\/p><p class=\"mb-0\" style=\"font-size: .85rem\"><strong title=\"Fecha de Publicaci\u00f3n\"><i class=\"fas fa-calendar-alt\"><\/i><\/strong> Publicado el martes, 2 de agosto de 2022<\/p><\/div><div class=\"col-auto mt-md-0 mt-2\"><a class=\"btn btn-primary btn-lg px-lg-4 d-none d-md-block\" href=\"https:\/\/comunidad.comprasdominicana.gob.do\/\/Public\/Tendering\/OpportunityDetail\/Index?noticeUID=DO1.NTC.1112016\" target=\"_blank\" title=\"Detalles\"><i class=\"fas fa-link\"><\/i> DETALLES<\/a><a class=\"btn btn-primary btn-lg px-lg-4 d-block d-md-none\" href=\"https:\/\/comunidad.comprasdominicana.gob.do\/\/Public\/Tendering\/OpportunityDetail\/Index?noticeUID=DO1.NTC.1112016\" target=\"_blank\" title=\"Detalles\"><i class=\"fas fa-2x fa-link\"><\/i><\/a><\/div><\/div><\/div><\/div><\/div><\/div>\n        <div class=\"card\">\n            <div class=\"card-header parents\" id=\"heading_compras-por-debajo-del-umbral-69eeee772d89c-2022-69eeee772d89c-julio-69eeee772d89c\">\n                <p class=\"title text-blue mb-0\">\n                    <a class=\"btn-block hover text-left collapsed\" data-toggle=\"collapse\" data-target=\"#collap_compras-por-debajo-del-umbral-69eeee772d89c-2022-69eeee772d89c-julio-69eeee772d89c\" aria-expanded=\"false\" aria-controls=\"collap_compras-por-debajo-del-umbral-69eeee772d89c-2022-69eeee772d89c-julio-69eeee772d89c\">Julio<\/a>\n                <\/p>\n            <\/div>\n            <div id=\"collap_compras-por-debajo-del-umbral-69eeee772d89c-2022-69eeee772d89c-julio-69eeee772d89c\" class=\"collapse\" aria-labelledby=\"heading_compras-por-debajo-del-umbral-69eeee772d89c-2022-69eeee772d89c-julio-69eeee772d89c\" data-parent=\"#collap_compras-por-debajo-del-umbral-69eeee772d89c-2022-69eeee772d89c\">\n                <div class=\"card-body\"><div class=\"jumbotron archivos\"><div class=\"row align-items-center\"><div class=\"col\"><h6><a class=\"text-dark\" href=\"https:\/\/comunidad.comprasdominicana.gob.do\/\/Public\/Tendering\/OpportunityDetail\/Index?noticeUID=DO1.NTC.1111027\" title=\"Ver\" target=\"_blank\">APORDOM-UC-CD-2022-0056<\/a><\/h6><p class=\"mb-0 bold\">ADQUISICION DE AUTOCLAVE (ESTERILIZADOR) PARA LA DIVISION  DE ODONTOLOGIA DE LA SEDE PRINCIPAL DE  AUTORIDAD PORTUARIA DOMINICANA<\/p><p class=\"mb-0\" style=\"font-size: .85rem\"><strong title=\"Estado del Proceso\"><i class=\"fas fa-spinner\"><\/i><\/strong> Proceso adjudicado y celebrado<\/p><p class=\"mb-0\" style=\"font-size: .85rem\"><strong title=\"Fecha de Publicaci\u00f3n\"><i class=\"fas fa-calendar-alt\"><\/i><\/strong> Publicado el viernes, 29 de julio de 2022<\/p><\/div><div class=\"col-auto mt-md-0 mt-2\"><a class=\"btn btn-primary btn-lg px-lg-4 d-none d-md-block\" href=\"https:\/\/comunidad.comprasdominicana.gob.do\/\/Public\/Tendering\/OpportunityDetail\/Index?noticeUID=DO1.NTC.1111027\" target=\"_blank\" title=\"Detalles\"><i class=\"fas fa-link\"><\/i> DETALLES<\/a><a class=\"btn btn-primary btn-lg px-lg-4 d-block d-md-none\" href=\"https:\/\/comunidad.comprasdominicana.gob.do\/\/Public\/Tendering\/OpportunityDetail\/Index?noticeUID=DO1.NTC.1111027\" target=\"_blank\" title=\"Detalles\"><i class=\"fas fa-2x fa-link\"><\/i><\/a><\/div><\/div><\/div><div class=\"jumbotron archivos\"><div class=\"row align-items-center\"><div class=\"col\"><h6><a class=\"text-dark\" href=\"https:\/\/comunidad.comprasdominicana.gob.do\/\/Public\/Tendering\/OpportunityDetail\/Index?noticeUID=DO1.NTC.1110820\" title=\"Ver\" target=\"_blank\">APORDOM-UC-CD-2022-0059<\/a><\/h6><p class=\"mb-0 bold\">ADQUISICI\u00d3N DE T\u00c9, AZ\u00daCAR, CREMA Y VASOS PARA CAF\u00c9 PARA EL CONSUMO DE APORDOM DIRIGIDO A MIPYMES.<\/p><p class=\"mb-0\" style=\"font-size: .85rem\"><strong title=\"Estado del Proceso\"><i class=\"fas fa-spinner\"><\/i><\/strong> Proceso adjudicado y celebrado<\/p><p class=\"mb-0\" style=\"font-size: .85rem\"><strong title=\"Fecha de Publicaci\u00f3n\"><i class=\"fas fa-calendar-alt\"><\/i><\/strong> Publicado el viernes, 29 de julio de 2022<\/p><\/div><div class=\"col-auto mt-md-0 mt-2\"><a class=\"btn btn-primary btn-lg px-lg-4 d-none d-md-block\" href=\"https:\/\/comunidad.comprasdominicana.gob.do\/\/Public\/Tendering\/OpportunityDetail\/Index?noticeUID=DO1.NTC.1110820\" target=\"_blank\" title=\"Detalles\"><i class=\"fas fa-link\"><\/i> DETALLES<\/a><a class=\"btn btn-primary btn-lg px-lg-4 d-block d-md-none\" href=\"https:\/\/comunidad.comprasdominicana.gob.do\/\/Public\/Tendering\/OpportunityDetail\/Index?noticeUID=DO1.NTC.1110820\" target=\"_blank\" title=\"Detalles\"><i class=\"fas fa-2x fa-link\"><\/i><\/a><\/div><\/div><\/div><div class=\"jumbotron archivos\"><div class=\"row align-items-center\"><div class=\"col\"><h6><a class=\"text-dark\" href=\"https:\/\/comunidad.comprasdominicana.gob.do\/\/Public\/Tendering\/OpportunityDetail\/Index?noticeUID=DO1.NTC.1109002\" title=\"Ver\" target=\"_blank\">APORDOM-UC-CD-2022-0054<\/a><\/h6><p class=\"mb-0 bold\">CONTRATACION DE SERVICIO DE PAGINA WEB PARA PROYECTO DEL INSTITUTO NACIONAL  DE CAPACITACION PORTUARIA Y LOGISTICA  (INPLOG)<\/p><p class=\"mb-0\" style=\"font-size: .85rem\"><strong title=\"Estado del Proceso\"><i class=\"fas fa-spinner\"><\/i><\/strong> Proceso adjudicado y celebrado<\/p><p class=\"mb-0\" style=\"font-size: .85rem\"><strong title=\"Fecha de Publicaci\u00f3n\"><i class=\"fas fa-calendar-alt\"><\/i><\/strong> Publicado el mi\u00e9rcoles, 27 de julio de 2022<\/p><\/div><div class=\"col-auto mt-md-0 mt-2\"><a class=\"btn btn-primary btn-lg px-lg-4 d-none d-md-block\" href=\"https:\/\/comunidad.comprasdominicana.gob.do\/\/Public\/Tendering\/OpportunityDetail\/Index?noticeUID=DO1.NTC.1109002\" target=\"_blank\" title=\"Detalles\"><i class=\"fas fa-link\"><\/i> DETALLES<\/a><a class=\"btn btn-primary btn-lg px-lg-4 d-block d-md-none\" href=\"https:\/\/comunidad.comprasdominicana.gob.do\/\/Public\/Tendering\/OpportunityDetail\/Index?noticeUID=DO1.NTC.1109002\" target=\"_blank\" title=\"Detalles\"><i class=\"fas fa-2x fa-link\"><\/i><\/a><\/div><\/div><\/div><div class=\"jumbotron archivos\"><div class=\"row align-items-center\"><div class=\"col\"><h6><a class=\"text-dark\" href=\"https:\/\/comunidad.comprasdominicana.gob.do\/\/Public\/Tendering\/OpportunityDetail\/Index?noticeUID=DO1.NTC.1108026\" title=\"Ver\" target=\"_blank\">APORDOM-UC-CD-2022-0055<\/a><\/h6><p class=\"mb-0 bold\">ADQUISICI\u00d3N DE MATERIALES PARA CARNETIZACION DE COLABORADORES DE APORDOM DIRIGIDO A MIPYMES. <\/p><p class=\"mb-0\" style=\"font-size: .85rem\"><strong title=\"Estado del Proceso\"><i class=\"fas fa-spinner\"><\/i><\/strong> Proceso adjudicado y celebrado<\/p><p class=\"mb-0\" style=\"font-size: .85rem\"><strong title=\"Fecha de Publicaci\u00f3n\"><i class=\"fas fa-calendar-alt\"><\/i><\/strong> Publicado el martes, 26 de julio de 2022<\/p><\/div><div class=\"col-auto mt-md-0 mt-2\"><a class=\"btn btn-primary btn-lg px-lg-4 d-none d-md-block\" href=\"https:\/\/comunidad.comprasdominicana.gob.do\/\/Public\/Tendering\/OpportunityDetail\/Index?noticeUID=DO1.NTC.1108026\" target=\"_blank\" title=\"Detalles\"><i class=\"fas fa-link\"><\/i> DETALLES<\/a><a class=\"btn btn-primary btn-lg px-lg-4 d-block d-md-none\" href=\"https:\/\/comunidad.comprasdominicana.gob.do\/\/Public\/Tendering\/OpportunityDetail\/Index?noticeUID=DO1.NTC.1108026\" target=\"_blank\" title=\"Detalles\"><i class=\"fas fa-2x fa-link\"><\/i><\/a><\/div><\/div><\/div><div class=\"jumbotron archivos\"><div class=\"row align-items-center\"><div class=\"col\"><h6><a class=\"text-dark\" href=\"https:\/\/comunidad.comprasdominicana.gob.do\/\/Public\/Tendering\/OpportunityDetail\/Index?noticeUID=DO1.NTC.1106831\" title=\"Ver\" target=\"_blank\">APORDOM-UC-CD-2022-0057<\/a><\/h6><p class=\"mb-0 bold\">ADQUISICI\u00d3N DE MOBILIARIOS DE OFICINA PARA LA SEDE PRINCIPAL DE APORDOM<\/p><p class=\"mb-0\" style=\"font-size: .85rem\"><strong title=\"Estado del Proceso\"><i class=\"fas fa-spinner\"><\/i><\/strong> Proceso adjudicado y celebrado<\/p><p class=\"mb-0\" style=\"font-size: .85rem\"><strong title=\"Fecha de Publicaci\u00f3n\"><i class=\"fas fa-calendar-alt\"><\/i><\/strong> Publicado el viernes, 22 de julio de 2022<\/p><\/div><div class=\"col-auto mt-md-0 mt-2\"><a class=\"btn btn-primary btn-lg px-lg-4 d-none d-md-block\" href=\"https:\/\/comunidad.comprasdominicana.gob.do\/\/Public\/Tendering\/OpportunityDetail\/Index?noticeUID=DO1.NTC.1106831\" target=\"_blank\" title=\"Detalles\"><i class=\"fas fa-link\"><\/i> DETALLES<\/a><a class=\"btn btn-primary btn-lg px-lg-4 d-block d-md-none\" href=\"https:\/\/comunidad.comprasdominicana.gob.do\/\/Public\/Tendering\/OpportunityDetail\/Index?noticeUID=DO1.NTC.1106831\" target=\"_blank\" title=\"Detalles\"><i class=\"fas fa-2x fa-link\"><\/i><\/a><\/div><\/div><\/div><div class=\"jumbotron archivos\"><div class=\"row align-items-center\"><div class=\"col\"><h6><a class=\"text-dark\" href=\"https:\/\/comunidad.comprasdominicana.gob.do\/\/Public\/Tendering\/OpportunityDetail\/Index?noticeUID=DO1.NTC.1104416\" title=\"Ver\" target=\"_blank\">APORDOM-UC-CD-2022-0046<\/a><\/h6><p class=\"mb-0 bold\">CONTRATACI\u00d3N DE SERVICIO DE ALMUERZOS Y REFRIGERIOS PARA CAPACITACION PROTECCION A BUQUES E INSTALACIONES PORTUARIA, DIRIGIDO A MIPYMES<\/p><p class=\"mb-0\" style=\"font-size: .85rem\"><strong title=\"Estado del Proceso\"><i class=\"fas fa-spinner\"><\/i><\/strong> Proceso adjudicado y celebrado<\/p><p class=\"mb-0\" style=\"font-size: .85rem\"><strong title=\"Fecha de Publicaci\u00f3n\"><i class=\"fas fa-calendar-alt\"><\/i><\/strong> Publicado el lunes, 18 de julio de 2022<\/p><\/div><div class=\"col-auto mt-md-0 mt-2\"><a class=\"btn btn-primary btn-lg px-lg-4 d-none d-md-block\" href=\"https:\/\/comunidad.comprasdominicana.gob.do\/\/Public\/Tendering\/OpportunityDetail\/Index?noticeUID=DO1.NTC.1104416\" target=\"_blank\" title=\"Detalles\"><i class=\"fas fa-link\"><\/i> DETALLES<\/a><a class=\"btn btn-primary btn-lg px-lg-4 d-block d-md-none\" href=\"https:\/\/comunidad.comprasdominicana.gob.do\/\/Public\/Tendering\/OpportunityDetail\/Index?noticeUID=DO1.NTC.1104416\" target=\"_blank\" title=\"Detalles\"><i class=\"fas fa-2x fa-link\"><\/i><\/a><\/div><\/div><\/div><div class=\"jumbotron archivos\"><div class=\"row align-items-center\"><div class=\"col\"><h6><a class=\"text-dark\" href=\"https:\/\/comunidad.comprasdominicana.gob.do\/\/Public\/Tendering\/OpportunityDetail\/Index?noticeUID=DO1.NTC.1104023\" title=\"Ver\" target=\"_blank\">APORDOM-UC-CD-2022-0050<\/a><\/h6><p class=\"mb-0 bold\">ADQUISICION DE TRANSFORMADOR PARA EL DPTO. DE DATA CENTER DE LA SEDE PRINCIPAL DE AUTORIDAD PORTUARIA<\/p><p class=\"mb-0\" style=\"font-size: .85rem\"><strong title=\"Estado del Proceso\"><i class=\"fas fa-spinner\"><\/i><\/strong> Proceso adjudicado y celebrado<\/p><p class=\"mb-0\" style=\"font-size: .85rem\"><strong title=\"Fecha de Publicaci\u00f3n\"><i class=\"fas fa-calendar-alt\"><\/i><\/strong> Publicado el viernes, 15 de julio de 2022<\/p><\/div><div class=\"col-auto mt-md-0 mt-2\"><a class=\"btn btn-primary btn-lg px-lg-4 d-none d-md-block\" href=\"https:\/\/comunidad.comprasdominicana.gob.do\/\/Public\/Tendering\/OpportunityDetail\/Index?noticeUID=DO1.NTC.1104023\" target=\"_blank\" title=\"Detalles\"><i class=\"fas fa-link\"><\/i> DETALLES<\/a><a class=\"btn btn-primary btn-lg px-lg-4 d-block d-md-none\" href=\"https:\/\/comunidad.comprasdominicana.gob.do\/\/Public\/Tendering\/OpportunityDetail\/Index?noticeUID=DO1.NTC.1104023\" target=\"_blank\" title=\"Detalles\"><i class=\"fas fa-2x fa-link\"><\/i><\/a><\/div><\/div><\/div><div class=\"jumbotron archivos\"><div class=\"row align-items-center\"><div class=\"col\"><h6><a class=\"text-dark\" href=\"https:\/\/comunidad.comprasdominicana.gob.do\/\/Public\/Tendering\/OpportunityDetail\/Index?noticeUID=DO1.NTC.1102236\" title=\"Ver\" target=\"_blank\">APORDOM-UC-CD-2022-0053<\/a><\/h6><p class=\"mb-0 bold\">ADQUISICION E INSTALACION  DE ACCESORIOS Y TINTADO PARA VEHICULO DE APORDOM<\/p><p class=\"mb-0\" style=\"font-size: .85rem\"><strong title=\"Estado del Proceso\"><i class=\"fas fa-spinner\"><\/i><\/strong> Proceso adjudicado y celebrado<\/p><p class=\"mb-0\" style=\"font-size: .85rem\"><strong title=\"Fecha de Publicaci\u00f3n\"><i class=\"fas fa-calendar-alt\"><\/i><\/strong> Publicado el martes, 12 de julio de 2022<\/p><\/div><div class=\"col-auto mt-md-0 mt-2\"><a class=\"btn btn-primary btn-lg px-lg-4 d-none d-md-block\" href=\"https:\/\/comunidad.comprasdominicana.gob.do\/\/Public\/Tendering\/OpportunityDetail\/Index?noticeUID=DO1.NTC.1102236\" target=\"_blank\" title=\"Detalles\"><i class=\"fas fa-link\"><\/i> DETALLES<\/a><a class=\"btn btn-primary btn-lg px-lg-4 d-block d-md-none\" href=\"https:\/\/comunidad.comprasdominicana.gob.do\/\/Public\/Tendering\/OpportunityDetail\/Index?noticeUID=DO1.NTC.1102236\" target=\"_blank\" title=\"Detalles\"><i class=\"fas fa-2x fa-link\"><\/i><\/a><\/div><\/div><\/div><div class=\"jumbotron archivos\"><div class=\"row align-items-center\"><div class=\"col\"><h6><a class=\"text-dark\" href=\"https:\/\/comunidad.comprasdominicana.gob.do\/\/Public\/Tendering\/OpportunityDetail\/Index?noticeUID=DO1.NTC.1100944\" title=\"Ver\" target=\"_blank\">APORDOM-UC-CD-2022-0052<\/a><\/h6><p class=\"mb-0 bold\">CONTRATACION DE SERVICIO DE POLIZA DE SEGURO PARA VEHICULO PROPIEDAD DE LA INSTITUCION<\/p><p class=\"mb-0\" style=\"font-size: .85rem\"><strong title=\"Estado del Proceso\"><i class=\"fas fa-spinner\"><\/i><\/strong> Proceso adjudicado y celebrado<\/p><p class=\"mb-0\" style=\"font-size: .85rem\"><strong title=\"Fecha de Publicaci\u00f3n\"><i class=\"fas fa-calendar-alt\"><\/i><\/strong> Publicado el viernes, 8 de julio de 2022<\/p><\/div><div class=\"col-auto mt-md-0 mt-2\"><a class=\"btn btn-primary btn-lg px-lg-4 d-none d-md-block\" href=\"https:\/\/comunidad.comprasdominicana.gob.do\/\/Public\/Tendering\/OpportunityDetail\/Index?noticeUID=DO1.NTC.1100944\" target=\"_blank\" title=\"Detalles\"><i class=\"fas fa-link\"><\/i> DETALLES<\/a><a class=\"btn btn-primary btn-lg px-lg-4 d-block d-md-none\" href=\"https:\/\/comunidad.comprasdominicana.gob.do\/\/Public\/Tendering\/OpportunityDetail\/Index?noticeUID=DO1.NTC.1100944\" target=\"_blank\" title=\"Detalles\"><i class=\"fas fa-2x fa-link\"><\/i><\/a><\/div><\/div><\/div><\/div><\/div><\/div>\n        <div class=\"card\">\n            <div class=\"card-header parents\" id=\"heading_compras-por-debajo-del-umbral-69eeee772d89c-2022-69eeee772d89c-junio-69eeee772d89c\">\n                <p class=\"title text-blue mb-0\">\n                    <a class=\"btn-block hover text-left collapsed\" data-toggle=\"collapse\" data-target=\"#collap_compras-por-debajo-del-umbral-69eeee772d89c-2022-69eeee772d89c-junio-69eeee772d89c\" aria-expanded=\"false\" aria-controls=\"collap_compras-por-debajo-del-umbral-69eeee772d89c-2022-69eeee772d89c-junio-69eeee772d89c\">Junio<\/a>\n                <\/p>\n            <\/div>\n            <div id=\"collap_compras-por-debajo-del-umbral-69eeee772d89c-2022-69eeee772d89c-junio-69eeee772d89c\" class=\"collapse\" aria-labelledby=\"heading_compras-por-debajo-del-umbral-69eeee772d89c-2022-69eeee772d89c-junio-69eeee772d89c\" data-parent=\"#collap_compras-por-debajo-del-umbral-69eeee772d89c-2022-69eeee772d89c\">\n                <div class=\"card-body\"><div class=\"jumbotron archivos\"><div class=\"row align-items-center\"><div class=\"col\"><h6><a class=\"text-dark\" href=\"https:\/\/comunidad.comprasdominicana.gob.do\/\/Public\/Tendering\/OpportunityDetail\/Index?noticeUID=DO1.NTC.1096716\" title=\"Ver\" target=\"_blank\">APORDOM-UC-CD-2022-0049<\/a><\/h6><p class=\"mb-0 bold\">ADQUISICI\u00d3N DE ELECTRODOM\u00c9STICOS PARA USO DE LA SEDE PRINCIPAL DE APORDOM, DIRIGIDO A MIPYME<\/p><p class=\"mb-0\" style=\"font-size: .85rem\"><strong title=\"Estado del Proceso\"><i class=\"fas fa-spinner\"><\/i><\/strong> Proceso adjudicado y celebrado<\/p><p class=\"mb-0\" style=\"font-size: .85rem\"><strong title=\"Fecha de Publicaci\u00f3n\"><i class=\"fas fa-calendar-alt\"><\/i><\/strong> Publicado el mi\u00e9rcoles, 29 de junio de 2022<\/p><\/div><div class=\"col-auto mt-md-0 mt-2\"><a class=\"btn btn-primary btn-lg px-lg-4 d-none d-md-block\" href=\"https:\/\/comunidad.comprasdominicana.gob.do\/\/Public\/Tendering\/OpportunityDetail\/Index?noticeUID=DO1.NTC.1096716\" target=\"_blank\" title=\"Detalles\"><i class=\"fas fa-link\"><\/i> DETALLES<\/a><a class=\"btn btn-primary btn-lg px-lg-4 d-block d-md-none\" href=\"https:\/\/comunidad.comprasdominicana.gob.do\/\/Public\/Tendering\/OpportunityDetail\/Index?noticeUID=DO1.NTC.1096716\" target=\"_blank\" title=\"Detalles\"><i class=\"fas fa-2x fa-link\"><\/i><\/a><\/div><\/div><\/div><div class=\"jumbotron archivos\"><div class=\"row align-items-center\"><div class=\"col\"><h6><a class=\"text-dark\" href=\"https:\/\/comunidad.comprasdominicana.gob.do\/\/Public\/Tendering\/OpportunityDetail\/Index?noticeUID=DO1.NTC.1095119\" title=\"Ver\" target=\"_blank\">APORDOM-UC-CD-2022-0047<\/a><\/h6><p class=\"mb-0 bold\">UTENSILIOS E INSUMOS PARA JORNADA DE LIMPIEZA DE PLAYAS APORDOM, DIRIGIDO A MIPYMES<\/p><p class=\"mb-0\" style=\"font-size: .85rem\"><strong title=\"Estado del Proceso\"><i class=\"fas fa-spinner\"><\/i><\/strong> Proceso adjudicado y celebrado<\/p><p class=\"mb-0\" style=\"font-size: .85rem\"><strong title=\"Fecha de Publicaci\u00f3n\"><i class=\"fas fa-calendar-alt\"><\/i><\/strong> Publicado el viernes, 24 de junio de 2022<\/p><\/div><div class=\"col-auto mt-md-0 mt-2\"><a class=\"btn btn-primary btn-lg px-lg-4 d-none d-md-block\" href=\"https:\/\/comunidad.comprasdominicana.gob.do\/\/Public\/Tendering\/OpportunityDetail\/Index?noticeUID=DO1.NTC.1095119\" target=\"_blank\" title=\"Detalles\"><i class=\"fas fa-link\"><\/i> DETALLES<\/a><a class=\"btn btn-primary btn-lg px-lg-4 d-block d-md-none\" href=\"https:\/\/comunidad.comprasdominicana.gob.do\/\/Public\/Tendering\/OpportunityDetail\/Index?noticeUID=DO1.NTC.1095119\" target=\"_blank\" title=\"Detalles\"><i class=\"fas fa-2x fa-link\"><\/i><\/a><\/div><\/div><\/div><div class=\"jumbotron archivos\"><div class=\"row align-items-center\"><div class=\"col\"><h6><a class=\"text-dark\" href=\"https:\/\/comunidad.comprasdominicana.gob.do\/\/Public\/Tendering\/OpportunityDetail\/Index?noticeUID=DO1.NTC.1086463\" title=\"Ver\" target=\"_blank\">APORDOM-UC-CD-2022-0042<\/a><\/h6><p class=\"mb-0 bold\">CONTRATACION DE SERVICIO DE ALMUERZOS Y REFRIGERIOS PARA APORDOM<\/p><p class=\"mb-0\" style=\"font-size: .85rem\"><strong title=\"Estado del Proceso\"><i class=\"fas fa-spinner\"><\/i><\/strong> Proceso adjudicado y celebrado<\/p><p class=\"mb-0\" style=\"font-size: .85rem\"><strong title=\"Fecha de Publicaci\u00f3n\"><i class=\"fas fa-calendar-alt\"><\/i><\/strong> Publicado el viernes, 3 de junio de 2022<\/p><\/div><div class=\"col-auto mt-md-0 mt-2\"><a class=\"btn btn-primary btn-lg px-lg-4 d-none d-md-block\" href=\"https:\/\/comunidad.comprasdominicana.gob.do\/\/Public\/Tendering\/OpportunityDetail\/Index?noticeUID=DO1.NTC.1086463\" target=\"_blank\" title=\"Detalles\"><i class=\"fas fa-link\"><\/i> DETALLES<\/a><a class=\"btn btn-primary btn-lg px-lg-4 d-block d-md-none\" href=\"https:\/\/comunidad.comprasdominicana.gob.do\/\/Public\/Tendering\/OpportunityDetail\/Index?noticeUID=DO1.NTC.1086463\" target=\"_blank\" title=\"Detalles\"><i class=\"fas fa-2x fa-link\"><\/i><\/a><\/div><\/div><\/div><div class=\"jumbotron archivos\"><div class=\"row align-items-center\"><div class=\"col\"><h6><a class=\"text-dark\" href=\"https:\/\/comunidad.comprasdominicana.gob.do\/\/Public\/Tendering\/OpportunityDetail\/Index?noticeUID=DO1.NTC.1086458\" title=\"Ver\" target=\"_blank\">APORDOM-UC-CD-2022-0045<\/a><\/h6><p class=\"mb-0 bold\">ADQUISICI\u00d3N DE MATERIALES Y ART\u00cdCULOS EL\u00c9CTRICOS PARA USO DE LAS OFICINAS DE APORDOM, DIRIGIDO A MIPYME.<\/p><p class=\"mb-0\" style=\"font-size: .85rem\"><strong title=\"Estado del Proceso\"><i class=\"fas fa-spinner\"><\/i><\/strong> Proceso adjudicado y celebrado<\/p><p class=\"mb-0\" style=\"font-size: .85rem\"><strong title=\"Fecha de Publicaci\u00f3n\"><i class=\"fas fa-calendar-alt\"><\/i><\/strong> Publicado el viernes, 3 de junio de 2022<\/p><\/div><div class=\"col-auto mt-md-0 mt-2\"><a class=\"btn btn-primary btn-lg px-lg-4 d-none d-md-block\" href=\"https:\/\/comunidad.comprasdominicana.gob.do\/\/Public\/Tendering\/OpportunityDetail\/Index?noticeUID=DO1.NTC.1086458\" target=\"_blank\" title=\"Detalles\"><i class=\"fas fa-link\"><\/i> DETALLES<\/a><a class=\"btn btn-primary btn-lg px-lg-4 d-block d-md-none\" href=\"https:\/\/comunidad.comprasdominicana.gob.do\/\/Public\/Tendering\/OpportunityDetail\/Index?noticeUID=DO1.NTC.1086458\" target=\"_blank\" title=\"Detalles\"><i class=\"fas fa-2x fa-link\"><\/i><\/a><\/div><\/div><\/div><div class=\"jumbotron archivos\"><div class=\"row align-items-center\"><div class=\"col\"><h6><a class=\"text-dark\" href=\"https:\/\/comunidad.comprasdominicana.gob.do\/\/Public\/Tendering\/OpportunityDetail\/Index?noticeUID=DO1.NTC.1085254\" title=\"Ver\" target=\"_blank\">APORDOM-UC-CD-2022-0043<\/a><\/h6><p class=\"mb-0 bold\">Adquisici\u00f3n de componentes  y suministros de veh\u00edculos para uso de APORDOM<\/p><p class=\"mb-0\" style=\"font-size: .85rem\"><strong title=\"Estado del Proceso\"><i class=\"fas fa-spinner\"><\/i><\/strong> Proceso adjudicado y celebrado<\/p><p class=\"mb-0\" style=\"font-size: .85rem\"><strong title=\"Fecha de Publicaci\u00f3n\"><i class=\"fas fa-calendar-alt\"><\/i><\/strong> Publicado el mi\u00e9rcoles, 1 de junio de 2022<\/p><\/div><div class=\"col-auto mt-md-0 mt-2\"><a class=\"btn btn-primary btn-lg px-lg-4 d-none d-md-block\" href=\"https:\/\/comunidad.comprasdominicana.gob.do\/\/Public\/Tendering\/OpportunityDetail\/Index?noticeUID=DO1.NTC.1085254\" target=\"_blank\" title=\"Detalles\"><i class=\"fas fa-link\"><\/i> DETALLES<\/a><a class=\"btn btn-primary btn-lg px-lg-4 d-block d-md-none\" href=\"https:\/\/comunidad.comprasdominicana.gob.do\/\/Public\/Tendering\/OpportunityDetail\/Index?noticeUID=DO1.NTC.1085254\" target=\"_blank\" title=\"Detalles\"><i class=\"fas fa-2x fa-link\"><\/i><\/a><\/div><\/div><\/div><div class=\"jumbotron archivos\"><div class=\"row align-items-center\"><div class=\"col\"><h6><a class=\"text-dark\" href=\"https:\/\/comunidad.comprasdominicana.gob.do\/\/Public\/Tendering\/OpportunityDetail\/Index?noticeUID=DO1.NTC.1095438\" title=\"Ver\" target=\"_blank\">APORDOM-UC-CD-2022-0048<\/a><\/h6><p class=\"mb-0 bold\">ADQUISICI\u00d3N DE SENSOR ICP PARA AUTOB\u00daS INTERNACIONAL 118 A\u00d1O 2005 CHASIS 4DRUAAN26B293230 DE APORDOM, DESIERTO DEL PROCESO, REF: APORDOM-UC-CD-2022-0043.<\/p><p class=\"mb-0\" style=\"font-size: .85rem\"><strong title=\"Estado del Proceso\"><i class=\"fas fa-spinner\"><\/i><\/strong> Proceso desierto<\/p><p class=\"mb-0\" style=\"font-size: .85rem\"><strong title=\"Fecha de Publicaci\u00f3n\"><i class=\"fas fa-calendar-alt\"><\/i><\/strong> Publicado el lunes, 27 de junio de 2022<\/p><\/div><div class=\"col-auto mt-md-0 mt-2\"><a class=\"btn btn-primary btn-lg px-lg-4 d-none d-md-block\" href=\"https:\/\/comunidad.comprasdominicana.gob.do\/\/Public\/Tendering\/OpportunityDetail\/Index?noticeUID=DO1.NTC.1095438\" target=\"_blank\" title=\"Detalles\"><i class=\"fas fa-link\"><\/i> DETALLES<\/a><a class=\"btn btn-primary btn-lg px-lg-4 d-block d-md-none\" href=\"https:\/\/comunidad.comprasdominicana.gob.do\/\/Public\/Tendering\/OpportunityDetail\/Index?noticeUID=DO1.NTC.1095438\" target=\"_blank\" title=\"Detalles\"><i class=\"fas fa-2x fa-link\"><\/i><\/a><\/div><\/div><\/div><\/div><\/div><\/div>\n        <div class=\"card\">\n            <div class=\"card-header parents\" id=\"heading_compras-por-debajo-del-umbral-69eeee772d89c-2022-69eeee772d89c-mayo-69eeee772d89c\">\n                <p class=\"title text-blue mb-0\">\n                    <a class=\"btn-block hover text-left collapsed\" data-toggle=\"collapse\" data-target=\"#collap_compras-por-debajo-del-umbral-69eeee772d89c-2022-69eeee772d89c-mayo-69eeee772d89c\" aria-expanded=\"false\" aria-controls=\"collap_compras-por-debajo-del-umbral-69eeee772d89c-2022-69eeee772d89c-mayo-69eeee772d89c\">Mayo<\/a>\n                <\/p>\n            <\/div>\n            <div id=\"collap_compras-por-debajo-del-umbral-69eeee772d89c-2022-69eeee772d89c-mayo-69eeee772d89c\" class=\"collapse\" aria-labelledby=\"heading_compras-por-debajo-del-umbral-69eeee772d89c-2022-69eeee772d89c-mayo-69eeee772d89c\" data-parent=\"#collap_compras-por-debajo-del-umbral-69eeee772d89c-2022-69eeee772d89c\">\n                <div class=\"card-body\"><div class=\"jumbotron archivos\"><div class=\"row align-items-center\"><div class=\"col\"><h6><a class=\"text-dark\" href=\"https:\/\/comunidad.comprasdominicana.gob.do\/\/Public\/Tendering\/OpportunityDetail\/Index?noticeUID=DO1.NTC.1084814\" title=\"Ver\" target=\"_blank\">APORDOM-UC-CD-2022-0044<\/a><\/h6><p class=\"mb-0 bold\">ADQUISICI\u00d3N DE MATERIALES FERRETEROS PARA USO DE APORDOM<\/p><p class=\"mb-0\" style=\"font-size: .85rem\"><strong title=\"Estado del Proceso\"><i class=\"fas fa-spinner\"><\/i><\/strong> Proceso adjudicado y celebrado<\/p><p class=\"mb-0\" style=\"font-size: .85rem\"><strong title=\"Fecha de Publicaci\u00f3n\"><i class=\"fas fa-calendar-alt\"><\/i><\/strong> Publicado el martes, 31 de mayo de 2022<\/p><\/div><div class=\"col-auto mt-md-0 mt-2\"><a class=\"btn btn-primary btn-lg px-lg-4 d-none d-md-block\" href=\"https:\/\/comunidad.comprasdominicana.gob.do\/\/Public\/Tendering\/OpportunityDetail\/Index?noticeUID=DO1.NTC.1084814\" target=\"_blank\" title=\"Detalles\"><i class=\"fas fa-link\"><\/i> DETALLES<\/a><a class=\"btn btn-primary btn-lg px-lg-4 d-block d-md-none\" href=\"https:\/\/comunidad.comprasdominicana.gob.do\/\/Public\/Tendering\/OpportunityDetail\/Index?noticeUID=DO1.NTC.1084814\" target=\"_blank\" title=\"Detalles\"><i class=\"fas fa-2x fa-link\"><\/i><\/a><\/div><\/div><\/div><div class=\"jumbotron archivos\"><div class=\"row align-items-center\"><div class=\"col\"><h6><a class=\"text-dark\" href=\"https:\/\/comunidad.comprasdominicana.gob.do\/\/Public\/Tendering\/OpportunityDetail\/Index?noticeUID=DO1.NTC.1082240\" title=\"Ver\" target=\"_blank\">APORDOM-UC-CD-2022-0041<\/a><\/h6><p class=\"mb-0 bold\">CONTRATACI\u00d3N DE PUBLICIDAD EN PLATAFORMAS DIGITALES PARA APORDOM.<\/p><p class=\"mb-0\" style=\"font-size: .85rem\"><strong title=\"Estado del Proceso\"><i class=\"fas fa-spinner\"><\/i><\/strong> Proceso adjudicado y celebrado<\/p><p class=\"mb-0\" style=\"font-size: .85rem\"><strong title=\"Fecha de Publicaci\u00f3n\"><i class=\"fas fa-calendar-alt\"><\/i><\/strong> Publicado el mi\u00e9rcoles, 25 de mayo de 2022<\/p><\/div><div class=\"col-auto mt-md-0 mt-2\"><a class=\"btn btn-primary btn-lg px-lg-4 d-none d-md-block\" href=\"https:\/\/comunidad.comprasdominicana.gob.do\/\/Public\/Tendering\/OpportunityDetail\/Index?noticeUID=DO1.NTC.1082240\" target=\"_blank\" title=\"Detalles\"><i class=\"fas fa-link\"><\/i> DETALLES<\/a><a class=\"btn btn-primary btn-lg px-lg-4 d-block d-md-none\" href=\"https:\/\/comunidad.comprasdominicana.gob.do\/\/Public\/Tendering\/OpportunityDetail\/Index?noticeUID=DO1.NTC.1082240\" target=\"_blank\" title=\"Detalles\"><i class=\"fas fa-2x fa-link\"><\/i><\/a><\/div><\/div><\/div><div class=\"jumbotron archivos\"><div class=\"row align-items-center\"><div class=\"col\"><h6><a class=\"text-dark\" href=\"https:\/\/comunidad.comprasdominicana.gob.do\/\/Public\/Tendering\/OpportunityDetail\/Index?noticeUID=DO1.NTC.1080837\" title=\"Ver\" target=\"_blank\">APORDOM-UC-CD-2022-0036<\/a><\/h6><p class=\"mb-0 bold\">ADQUISICI\u00d3N DE LLAVEROS PERSONALIZADOS<\/p><p class=\"mb-0\" style=\"font-size: .85rem\"><strong title=\"Estado del Proceso\"><i class=\"fas fa-spinner\"><\/i><\/strong> Proceso adjudicado y celebrado<\/p><p class=\"mb-0\" style=\"font-size: .85rem\"><strong title=\"Fecha de Publicaci\u00f3n\"><i class=\"fas fa-calendar-alt\"><\/i><\/strong> Publicado el lunes, 23 de mayo de 2022<\/p><\/div><div class=\"col-auto mt-md-0 mt-2\"><a class=\"btn btn-primary btn-lg px-lg-4 d-none d-md-block\" href=\"https:\/\/comunidad.comprasdominicana.gob.do\/\/Public\/Tendering\/OpportunityDetail\/Index?noticeUID=DO1.NTC.1080837\" target=\"_blank\" title=\"Detalles\"><i class=\"fas fa-link\"><\/i> DETALLES<\/a><a class=\"btn btn-primary btn-lg px-lg-4 d-block d-md-none\" href=\"https:\/\/comunidad.comprasdominicana.gob.do\/\/Public\/Tendering\/OpportunityDetail\/Index?noticeUID=DO1.NTC.1080837\" target=\"_blank\" title=\"Detalles\"><i class=\"fas fa-2x fa-link\"><\/i><\/a><\/div><\/div><\/div><div class=\"jumbotron archivos\"><div class=\"row align-items-center\"><div class=\"col\"><h6><a class=\"text-dark\" href=\"https:\/\/comunidad.comprasdominicana.gob.do\/\/Public\/Tendering\/OpportunityDetail\/Index?noticeUID=DO1.NTC.1080632\" title=\"Ver\" target=\"_blank\">APORDOM-UC-CD-2022-0040<\/a><\/h6><p class=\"mb-0 bold\">ADQUISICI\u00d3N DE INSUMOS Y EQUIPOS MEDICOS Y ODONTOLOGICOS PARA USO DE APORDOM<\/p><p class=\"mb-0\" style=\"font-size: .85rem\"><strong title=\"Estado del Proceso\"><i class=\"fas fa-spinner\"><\/i><\/strong> Proceso adjudicado y celebrado<\/p><p class=\"mb-0\" style=\"font-size: .85rem\"><strong title=\"Fecha de Publicaci\u00f3n\"><i class=\"fas fa-calendar-alt\"><\/i><\/strong> Publicado el viernes, 20 de mayo de 2022<\/p><\/div><div class=\"col-auto mt-md-0 mt-2\"><a class=\"btn btn-primary btn-lg px-lg-4 d-none d-md-block\" href=\"https:\/\/comunidad.comprasdominicana.gob.do\/\/Public\/Tendering\/OpportunityDetail\/Index?noticeUID=DO1.NTC.1080632\" target=\"_blank\" title=\"Detalles\"><i class=\"fas fa-link\"><\/i> DETALLES<\/a><a class=\"btn btn-primary btn-lg px-lg-4 d-block d-md-none\" href=\"https:\/\/comunidad.comprasdominicana.gob.do\/\/Public\/Tendering\/OpportunityDetail\/Index?noticeUID=DO1.NTC.1080632\" target=\"_blank\" title=\"Detalles\"><i class=\"fas fa-2x fa-link\"><\/i><\/a><\/div><\/div><\/div><div class=\"jumbotron archivos\"><div class=\"row align-items-center\"><div class=\"col\"><h6><a class=\"text-dark\" href=\"https:\/\/comunidad.comprasdominicana.gob.do\/\/Public\/Tendering\/OpportunityDetail\/Index?noticeUID=DO1.NTC.1078730\" title=\"Ver\" target=\"_blank\">APORDOM-UC-CD-2022-0039<\/a><\/h6><p class=\"mb-0 bold\">Adquisici\u00f3n de Neum\u00e1ticos<\/p><p class=\"mb-0\" style=\"font-size: .85rem\"><strong title=\"Estado del Proceso\"><i class=\"fas fa-spinner\"><\/i><\/strong> Proceso adjudicado y celebrado<\/p><p class=\"mb-0\" style=\"font-size: .85rem\"><strong title=\"Fecha de Publicaci\u00f3n\"><i class=\"fas fa-calendar-alt\"><\/i><\/strong> Publicado el martes, 17 de mayo de 2022<\/p><\/div><div class=\"col-auto mt-md-0 mt-2\"><a class=\"btn btn-primary btn-lg px-lg-4 d-none d-md-block\" href=\"https:\/\/comunidad.comprasdominicana.gob.do\/\/Public\/Tendering\/OpportunityDetail\/Index?noticeUID=DO1.NTC.1078730\" target=\"_blank\" title=\"Detalles\"><i class=\"fas fa-link\"><\/i> DETALLES<\/a><a class=\"btn btn-primary btn-lg px-lg-4 d-block d-md-none\" href=\"https:\/\/comunidad.comprasdominicana.gob.do\/\/Public\/Tendering\/OpportunityDetail\/Index?noticeUID=DO1.NTC.1078730\" target=\"_blank\" title=\"Detalles\"><i class=\"fas fa-2x fa-link\"><\/i><\/a><\/div><\/div><\/div><div class=\"jumbotron archivos\"><div class=\"row align-items-center\"><div class=\"col\"><h6><a class=\"text-dark\" href=\"https:\/\/comunidad.comprasdominicana.gob.do\/\/Public\/Tendering\/OpportunityDetail\/Index?noticeUID=DO1.NTC.1075230\" title=\"Ver\" target=\"_blank\">APORDOM-UC-CD-2022-0038<\/a><\/h6><p class=\"mb-0 bold\">ADQUISICI\u00d3N DE RELOJ RECEPTOR DE DOCUMENTOS PARA USO DE LA DIRECCION ADMINISTRATIVA DE LA SEDE PRINCIPAL DE APORDOM.<\/p><p class=\"mb-0\" style=\"font-size: .85rem\"><strong title=\"Estado del Proceso\"><i class=\"fas fa-spinner\"><\/i><\/strong> Proceso adjudicado y celebrado<\/p><p class=\"mb-0\" style=\"font-size: .85rem\"><strong title=\"Fecha de Publicaci\u00f3n\"><i class=\"fas fa-calendar-alt\"><\/i><\/strong> Publicado el lunes, 9 de mayo de 2022<\/p><\/div><div class=\"col-auto mt-md-0 mt-2\"><a class=\"btn btn-primary btn-lg px-lg-4 d-none d-md-block\" href=\"https:\/\/comunidad.comprasdominicana.gob.do\/\/Public\/Tendering\/OpportunityDetail\/Index?noticeUID=DO1.NTC.1075230\" target=\"_blank\" title=\"Detalles\"><i class=\"fas fa-link\"><\/i> DETALLES<\/a><a class=\"btn btn-primary btn-lg px-lg-4 d-block d-md-none\" href=\"https:\/\/comunidad.comprasdominicana.gob.do\/\/Public\/Tendering\/OpportunityDetail\/Index?noticeUID=DO1.NTC.1075230\" target=\"_blank\" title=\"Detalles\"><i class=\"fas fa-2x fa-link\"><\/i><\/a><\/div><\/div><\/div><div class=\"jumbotron archivos\"><div class=\"row align-items-center\"><div class=\"col\"><h6><a class=\"text-dark\" href=\"https:\/\/comunidad.comprasdominicana.gob.do\/\/Public\/Tendering\/OpportunityDetail\/Index?noticeUID=DO1.NTC.1072733\" title=\"Ver\" target=\"_blank\">APORDOM-UC-CD-2022-0037<\/a><\/h6><p class=\"mb-0 bold\">Contrataci\u00f3n de Servicio de Almuerzo Ejecutivo para Reuni\u00f3n de APORDOM.<\/p><p class=\"mb-0\" style=\"font-size: .85rem\"><strong title=\"Estado del Proceso\"><i class=\"fas fa-spinner\"><\/i><\/strong> Proceso adjudicado y celebrado<\/p><p class=\"mb-0\" style=\"font-size: .85rem\"><strong title=\"Fecha de Publicaci\u00f3n\"><i class=\"fas fa-calendar-alt\"><\/i><\/strong> Publicado el martes, 3 de mayo de 2022<\/p><\/div><div class=\"col-auto mt-md-0 mt-2\"><a class=\"btn btn-primary btn-lg px-lg-4 d-none d-md-block\" href=\"https:\/\/comunidad.comprasdominicana.gob.do\/\/Public\/Tendering\/OpportunityDetail\/Index?noticeUID=DO1.NTC.1072733\" target=\"_blank\" title=\"Detalles\"><i class=\"fas fa-link\"><\/i> DETALLES<\/a><a class=\"btn btn-primary btn-lg px-lg-4 d-block d-md-none\" href=\"https:\/\/comunidad.comprasdominicana.gob.do\/\/Public\/Tendering\/OpportunityDetail\/Index?noticeUID=DO1.NTC.1072733\" target=\"_blank\" title=\"Detalles\"><i class=\"fas fa-2x fa-link\"><\/i><\/a><\/div><\/div><\/div><\/div><\/div><\/div>\n        <div class=\"card\">\n            <div class=\"card-header parents\" id=\"heading_compras-por-debajo-del-umbral-69eeee772d89c-2022-69eeee772d89c-abril-69eeee772d89c\">\n                <p class=\"title text-blue mb-0\">\n                    <a class=\"btn-block hover text-left collapsed\" data-toggle=\"collapse\" data-target=\"#collap_compras-por-debajo-del-umbral-69eeee772d89c-2022-69eeee772d89c-abril-69eeee772d89c\" aria-expanded=\"false\" aria-controls=\"collap_compras-por-debajo-del-umbral-69eeee772d89c-2022-69eeee772d89c-abril-69eeee772d89c\">Abril<\/a>\n                <\/p>\n            <\/div>\n            <div id=\"collap_compras-por-debajo-del-umbral-69eeee772d89c-2022-69eeee772d89c-abril-69eeee772d89c\" class=\"collapse\" aria-labelledby=\"heading_compras-por-debajo-del-umbral-69eeee772d89c-2022-69eeee772d89c-abril-69eeee772d89c\" data-parent=\"#collap_compras-por-debajo-del-umbral-69eeee772d89c-2022-69eeee772d89c\">\n                <div class=\"card-body\"><div class=\"jumbotron archivos\"><div class=\"row align-items-center\"><div class=\"col\"><h6><a class=\"text-dark\" href=\"https:\/\/comunidad.comprasdominicana.gob.do\/\/Public\/Tendering\/OpportunityDetail\/Index?noticeUID=DO1.NTC.1070825\" title=\"Ver\" target=\"_blank\">APORDOM-UC-CD-2022-0033<\/a><\/h6><p class=\"mb-0 bold\">ADQUISICI\u00d3N DE MATERIALES ELECTRCIOS Y FERRETEROS PARA USO DE LAS OFICINAS DE APORDOM DIRIGIDO A MIPYMES.<\/p><p class=\"mb-0\" style=\"font-size: .85rem\"><strong title=\"Estado del Proceso\"><i class=\"fas fa-spinner\"><\/i><\/strong> Proceso adjudicado y celebrado<\/p><p class=\"mb-0\" style=\"font-size: .85rem\"><strong title=\"Fecha de Publicaci\u00f3n\"><i class=\"fas fa-calendar-alt\"><\/i><\/strong> Publicado el mi\u00e9rcoles, 27 de abril de 2022<\/p><\/div><div class=\"col-auto mt-md-0 mt-2\"><a class=\"btn btn-primary btn-lg px-lg-4 d-none d-md-block\" href=\"https:\/\/comunidad.comprasdominicana.gob.do\/\/Public\/Tendering\/OpportunityDetail\/Index?noticeUID=DO1.NTC.1070825\" target=\"_blank\" title=\"Detalles\"><i class=\"fas fa-link\"><\/i> DETALLES<\/a><a class=\"btn btn-primary btn-lg px-lg-4 d-block d-md-none\" href=\"https:\/\/comunidad.comprasdominicana.gob.do\/\/Public\/Tendering\/OpportunityDetail\/Index?noticeUID=DO1.NTC.1070825\" target=\"_blank\" title=\"Detalles\"><i class=\"fas fa-2x fa-link\"><\/i><\/a><\/div><\/div><\/div><div class=\"jumbotron archivos\"><div class=\"row align-items-center\"><div class=\"col\"><h6><a class=\"text-dark\" href=\"https:\/\/comunidad.comprasdominicana.gob.do\/\/Public\/Tendering\/OpportunityDetail\/Index?noticeUID=DO1.NTC.1069837\" title=\"Ver\" target=\"_blank\">APORDOM-UC-CD-2022-0025<\/a><\/h6><p class=\"mb-0 bold\">CONTRATACION DE SERVICIO DE LAMINADO PARA OFICINAS DE APORDOM<\/p><p class=\"mb-0\" style=\"font-size: .85rem\"><strong title=\"Estado del Proceso\"><i class=\"fas fa-spinner\"><\/i><\/strong> Proceso adjudicado y celebrado<\/p><p class=\"mb-0\" style=\"font-size: .85rem\"><strong title=\"Fecha de Publicaci\u00f3n\"><i class=\"fas fa-calendar-alt\"><\/i><\/strong> Publicado el martes, 26 de abril de 2022<\/p><\/div><div class=\"col-auto mt-md-0 mt-2\"><a class=\"btn btn-primary btn-lg px-lg-4 d-none d-md-block\" href=\"https:\/\/comunidad.comprasdominicana.gob.do\/\/Public\/Tendering\/OpportunityDetail\/Index?noticeUID=DO1.NTC.1069837\" target=\"_blank\" title=\"Detalles\"><i class=\"fas fa-link\"><\/i> DETALLES<\/a><a class=\"btn btn-primary btn-lg px-lg-4 d-block d-md-none\" href=\"https:\/\/comunidad.comprasdominicana.gob.do\/\/Public\/Tendering\/OpportunityDetail\/Index?noticeUID=DO1.NTC.1069837\" target=\"_blank\" title=\"Detalles\"><i class=\"fas fa-2x fa-link\"><\/i><\/a><\/div><\/div><\/div><div class=\"jumbotron archivos\"><div class=\"row align-items-center\"><div class=\"col\"><h6><a class=\"text-dark\" href=\"https:\/\/comunidad.comprasdominicana.gob.do\/\/Public\/Tendering\/OpportunityDetail\/Index?noticeUID=DO1.NTC.1069413\" title=\"Ver\" target=\"_blank\">APORDOM-UC-CD-2022-0028<\/a><\/h6><p class=\"mb-0 bold\">ADQUISICI\u00d3N DE CAF\u00c9 PARA USO DE LA SEDE PRINCIPAL DE APORDOM DIRIGIDO A MIPYMES<\/p><p class=\"mb-0\" style=\"font-size: .85rem\"><strong title=\"Estado del Proceso\"><i class=\"fas fa-spinner\"><\/i><\/strong> Proceso adjudicado y celebrado<\/p><p class=\"mb-0\" style=\"font-size: .85rem\"><strong title=\"Fecha de Publicaci\u00f3n\"><i class=\"fas fa-calendar-alt\"><\/i><\/strong> Publicado el lunes, 25 de abril de 2022<\/p><\/div><div class=\"col-auto mt-md-0 mt-2\"><a class=\"btn btn-primary btn-lg px-lg-4 d-none d-md-block\" href=\"https:\/\/comunidad.comprasdominicana.gob.do\/\/Public\/Tendering\/OpportunityDetail\/Index?noticeUID=DO1.NTC.1069413\" target=\"_blank\" title=\"Detalles\"><i class=\"fas fa-link\"><\/i> DETALLES<\/a><a class=\"btn btn-primary btn-lg px-lg-4 d-block d-md-none\" href=\"https:\/\/comunidad.comprasdominicana.gob.do\/\/Public\/Tendering\/OpportunityDetail\/Index?noticeUID=DO1.NTC.1069413\" target=\"_blank\" title=\"Detalles\"><i class=\"fas fa-2x fa-link\"><\/i><\/a><\/div><\/div><\/div><div class=\"jumbotron archivos\"><div class=\"row align-items-center\"><div class=\"col\"><h6><a class=\"text-dark\" href=\"https:\/\/comunidad.comprasdominicana.gob.do\/\/Public\/Tendering\/OpportunityDetail\/Index?noticeUID=DO1.NTC.1068753\" title=\"Ver\" target=\"_blank\">APORDOM-UC-CD-2022-0034<\/a><\/h6><p class=\"mb-0 bold\">ADQUISICI\u00d3N DE MOBILIARIOS DE OFICINA PARA LA SEDE PRINCIPAL DE APORDOM<\/p><p class=\"mb-0\" style=\"font-size: .85rem\"><strong title=\"Estado del Proceso\"><i class=\"fas fa-spinner\"><\/i><\/strong> Proceso adjudicado y celebrado<\/p><p class=\"mb-0\" style=\"font-size: .85rem\"><strong title=\"Fecha de Publicaci\u00f3n\"><i class=\"fas fa-calendar-alt\"><\/i><\/strong> Publicado el viernes, 22 de abril de 2022<\/p><\/div><div class=\"col-auto mt-md-0 mt-2\"><a class=\"btn btn-primary btn-lg px-lg-4 d-none d-md-block\" href=\"https:\/\/comunidad.comprasdominicana.gob.do\/\/Public\/Tendering\/OpportunityDetail\/Index?noticeUID=DO1.NTC.1068753\" target=\"_blank\" title=\"Detalles\"><i class=\"fas fa-link\"><\/i> DETALLES<\/a><a class=\"btn btn-primary btn-lg px-lg-4 d-block d-md-none\" href=\"https:\/\/comunidad.comprasdominicana.gob.do\/\/Public\/Tendering\/OpportunityDetail\/Index?noticeUID=DO1.NTC.1068753\" target=\"_blank\" title=\"Detalles\"><i class=\"fas fa-2x fa-link\"><\/i><\/a><\/div><\/div><\/div><div class=\"jumbotron archivos\"><div class=\"row align-items-center\"><div class=\"col\"><h6><a class=\"text-dark\" href=\"https:\/\/comunidad.comprasdominicana.gob.do\/\/Public\/Tendering\/OpportunityDetail\/Index?noticeUID=DO1.NTC.1068820\" title=\"Ver\" target=\"_blank\">APORDOM-UC-CD-2022-0029<\/a><\/h6><p class=\"mb-0 bold\">ADQUISICI\u00d3N DE T\u00c9, AZ\u00daCAR, CREMA Y VASOS PARA CAF\u00c9 PARA EL CONSUMO DE APORDOM DIRIGIDO A MIPYMES.<\/p><p class=\"mb-0\" style=\"font-size: .85rem\"><strong title=\"Estado del Proceso\"><i class=\"fas fa-spinner\"><\/i><\/strong> Proceso adjudicado y celebrado<\/p><p class=\"mb-0\" style=\"font-size: .85rem\"><strong title=\"Fecha de Publicaci\u00f3n\"><i class=\"fas fa-calendar-alt\"><\/i><\/strong> Publicado el viernes, 22 de abril de 2022<\/p><\/div><div class=\"col-auto mt-md-0 mt-2\"><a class=\"btn btn-primary btn-lg px-lg-4 d-none d-md-block\" href=\"https:\/\/comunidad.comprasdominicana.gob.do\/\/Public\/Tendering\/OpportunityDetail\/Index?noticeUID=DO1.NTC.1068820\" target=\"_blank\" title=\"Detalles\"><i class=\"fas fa-link\"><\/i> DETALLES<\/a><a class=\"btn btn-primary btn-lg px-lg-4 d-block d-md-none\" href=\"https:\/\/comunidad.comprasdominicana.gob.do\/\/Public\/Tendering\/OpportunityDetail\/Index?noticeUID=DO1.NTC.1068820\" target=\"_blank\" title=\"Detalles\"><i class=\"fas fa-2x fa-link\"><\/i><\/a><\/div><\/div><\/div><div class=\"jumbotron archivos\"><div class=\"row align-items-center\"><div class=\"col\"><h6><a class=\"text-dark\" href=\"https:\/\/comunidad.comprasdominicana.gob.do\/\/Public\/Tendering\/OpportunityDetail\/Index?noticeUID=DO1.NTC.1067920\" title=\"Ver\" target=\"_blank\">APORDOM-UC-CD-2022-0027<\/a><\/h6><p class=\"mb-0 bold\">Adquisici\u00f3n De Materiales Ferreteros Para Oficinas de APORDOM, declarados desiertos del proceso APORDOM-DAF-CM-2022-0009.<\/p><p class=\"mb-0\" style=\"font-size: .85rem\"><strong title=\"Estado del Proceso\"><i class=\"fas fa-spinner\"><\/i><\/strong> Proceso adjudicado y celebrado<\/p><p class=\"mb-0\" style=\"font-size: .85rem\"><strong title=\"Fecha de Publicaci\u00f3n\"><i class=\"fas fa-calendar-alt\"><\/i><\/strong> Publicado el mi\u00e9rcoles, 20 de abril de 2022<\/p><\/div><div class=\"col-auto mt-md-0 mt-2\"><a class=\"btn btn-primary btn-lg px-lg-4 d-none d-md-block\" href=\"https:\/\/comunidad.comprasdominicana.gob.do\/\/Public\/Tendering\/OpportunityDetail\/Index?noticeUID=DO1.NTC.1067920\" target=\"_blank\" title=\"Detalles\"><i class=\"fas fa-link\"><\/i> DETALLES<\/a><a class=\"btn btn-primary btn-lg px-lg-4 d-block d-md-none\" href=\"https:\/\/comunidad.comprasdominicana.gob.do\/\/Public\/Tendering\/OpportunityDetail\/Index?noticeUID=DO1.NTC.1067920\" target=\"_blank\" title=\"Detalles\"><i class=\"fas fa-2x fa-link\"><\/i><\/a><\/div><\/div><\/div><div class=\"jumbotron archivos\"><div class=\"row align-items-center\"><div class=\"col\"><h6><a class=\"text-dark\" href=\"https:\/\/comunidad.comprasdominicana.gob.do\/\/Public\/Tendering\/OpportunityDetail\/Index?noticeUID=DO1.NTC.1067238\" title=\"Ver\" target=\"_blank\">APORDOM-UC-CD-2022-0035<\/a><\/h6><p class=\"mb-0 bold\">Servicio de Alquiler de Sal\u00f3n para Reuni\u00f3n Ejecutiva <\/p><p class=\"mb-0\" style=\"font-size: .85rem\"><strong title=\"Estado del Proceso\"><i class=\"fas fa-spinner\"><\/i><\/strong> Proceso adjudicado y celebrado<\/p><p class=\"mb-0\" style=\"font-size: .85rem\"><strong title=\"Fecha de Publicaci\u00f3n\"><i class=\"fas fa-calendar-alt\"><\/i><\/strong> Publicado el martes, 19 de abril de 2022<\/p><\/div><div class=\"col-auto mt-md-0 mt-2\"><a class=\"btn btn-primary btn-lg px-lg-4 d-none d-md-block\" href=\"https:\/\/comunidad.comprasdominicana.gob.do\/\/Public\/Tendering\/OpportunityDetail\/Index?noticeUID=DO1.NTC.1067238\" target=\"_blank\" title=\"Detalles\"><i class=\"fas fa-link\"><\/i> DETALLES<\/a><a class=\"btn btn-primary btn-lg px-lg-4 d-block d-md-none\" href=\"https:\/\/comunidad.comprasdominicana.gob.do\/\/Public\/Tendering\/OpportunityDetail\/Index?noticeUID=DO1.NTC.1067238\" target=\"_blank\" title=\"Detalles\"><i class=\"fas fa-2x fa-link\"><\/i><\/a><\/div><\/div><\/div><div class=\"jumbotron archivos\"><div class=\"row align-items-center\"><div class=\"col\"><h6><a class=\"text-dark\" href=\"https:\/\/comunidad.comprasdominicana.gob.do\/\/Public\/Tendering\/OpportunityDetail\/Index?noticeUID=DO1.NTC.1066237\" title=\"Ver\" target=\"_blank\">APORDOM-UC-CD-2022-0031<\/a><\/h6><p class=\"mb-0 bold\">ADQUISICI\u00d3N DE LANYARD O PORTA CARNET PARA USO DE LOS EMPLEADOS DE APORDOM<\/p><p class=\"mb-0\" style=\"font-size: .85rem\"><strong title=\"Estado del Proceso\"><i class=\"fas fa-spinner\"><\/i><\/strong> Proceso adjudicado y celebrado<\/p><p class=\"mb-0\" style=\"font-size: .85rem\"><strong title=\"Fecha de Publicaci\u00f3n\"><i class=\"fas fa-calendar-alt\"><\/i><\/strong> Publicado el lunes, 18 de abril de 2022<\/p><\/div><div class=\"col-auto mt-md-0 mt-2\"><a class=\"btn btn-primary btn-lg px-lg-4 d-none d-md-block\" href=\"https:\/\/comunidad.comprasdominicana.gob.do\/\/Public\/Tendering\/OpportunityDetail\/Index?noticeUID=DO1.NTC.1066237\" target=\"_blank\" title=\"Detalles\"><i class=\"fas fa-link\"><\/i> DETALLES<\/a><a class=\"btn btn-primary btn-lg px-lg-4 d-block d-md-none\" href=\"https:\/\/comunidad.comprasdominicana.gob.do\/\/Public\/Tendering\/OpportunityDetail\/Index?noticeUID=DO1.NTC.1066237\" target=\"_blank\" title=\"Detalles\"><i class=\"fas fa-2x fa-link\"><\/i><\/a><\/div><\/div><\/div><div class=\"jumbotron archivos\"><div class=\"row align-items-center\"><div class=\"col\"><h6><a class=\"text-dark\" href=\"https:\/\/comunidad.comprasdominicana.gob.do\/\/Public\/Tendering\/OpportunityDetail\/Index?noticeUID=DO1.NTC.1066633\" title=\"Ver\" target=\"_blank\">APORDOM-UC-CD-2022-0030<\/a><\/h6><p class=\"mb-0 bold\">CONTRATACION DE MONTAJE Y REFRIGERIO PARA JORNADA DE DONACION VOLUNTARIA DE SANGRE, DIRIGIDO A MIPYMES<\/p><p class=\"mb-0\" style=\"font-size: .85rem\"><strong title=\"Estado del Proceso\"><i class=\"fas fa-spinner\"><\/i><\/strong> Proceso adjudicado y celebrado<\/p><p class=\"mb-0\" style=\"font-size: .85rem\"><strong title=\"Fecha de Publicaci\u00f3n\"><i class=\"fas fa-calendar-alt\"><\/i><\/strong> Publicado el lunes, 18 de abril de 2022<\/p><\/div><div class=\"col-auto mt-md-0 mt-2\"><a class=\"btn btn-primary btn-lg px-lg-4 d-none d-md-block\" href=\"https:\/\/comunidad.comprasdominicana.gob.do\/\/Public\/Tendering\/OpportunityDetail\/Index?noticeUID=DO1.NTC.1066633\" target=\"_blank\" title=\"Detalles\"><i class=\"fas fa-link\"><\/i> DETALLES<\/a><a class=\"btn btn-primary btn-lg px-lg-4 d-block d-md-none\" href=\"https:\/\/comunidad.comprasdominicana.gob.do\/\/Public\/Tendering\/OpportunityDetail\/Index?noticeUID=DO1.NTC.1066633\" target=\"_blank\" title=\"Detalles\"><i class=\"fas fa-2x fa-link\"><\/i><\/a><\/div><\/div><\/div><div class=\"jumbotron archivos\"><div class=\"row align-items-center\"><div class=\"col\"><h6><a class=\"text-dark\" href=\"https:\/\/comunidad.comprasdominicana.gob.do\/\/Public\/Tendering\/OpportunityDetail\/Index?noticeUID=DO1.NTC.1066431\" title=\"Ver\" target=\"_blank\">APORDOM-UC-CD-2022-0032<\/a><\/h6><p class=\"mb-0 bold\">CONTRATACION DE SERVICIOS DE TALLER PARA MANTENIMENTO DE VEHICULO  DE APORDOM<\/p><p class=\"mb-0\" style=\"font-size: .85rem\"><strong title=\"Estado del Proceso\"><i class=\"fas fa-spinner\"><\/i><\/strong> Proceso adjudicado y celebrado<\/p><p class=\"mb-0\" style=\"font-size: .85rem\"><strong title=\"Fecha de Publicaci\u00f3n\"><i class=\"fas fa-calendar-alt\"><\/i><\/strong> Publicado el lunes, 18 de abril de 2022<\/p><\/div><div class=\"col-auto mt-md-0 mt-2\"><a class=\"btn btn-primary btn-lg px-lg-4 d-none d-md-block\" href=\"https:\/\/comunidad.comprasdominicana.gob.do\/\/Public\/Tendering\/OpportunityDetail\/Index?noticeUID=DO1.NTC.1066431\" target=\"_blank\" title=\"Detalles\"><i class=\"fas fa-link\"><\/i> DETALLES<\/a><a class=\"btn btn-primary btn-lg px-lg-4 d-block d-md-none\" href=\"https:\/\/comunidad.comprasdominicana.gob.do\/\/Public\/Tendering\/OpportunityDetail\/Index?noticeUID=DO1.NTC.1066431\" target=\"_blank\" title=\"Detalles\"><i class=\"fas fa-2x fa-link\"><\/i><\/a><\/div><\/div><\/div><\/div><\/div><\/div>\n        <div class=\"card\">\n            <div class=\"card-header parents\" id=\"heading_compras-por-debajo-del-umbral-69eeee772d89c-2022-69eeee772d89c-marzo-69eeee772d89c\">\n                <p class=\"title text-blue mb-0\">\n                    <a class=\"btn-block hover text-left collapsed\" data-toggle=\"collapse\" data-target=\"#collap_compras-por-debajo-del-umbral-69eeee772d89c-2022-69eeee772d89c-marzo-69eeee772d89c\" aria-expanded=\"false\" aria-controls=\"collap_compras-por-debajo-del-umbral-69eeee772d89c-2022-69eeee772d89c-marzo-69eeee772d89c\">Marzo<\/a>\n                <\/p>\n            <\/div>\n            <div id=\"collap_compras-por-debajo-del-umbral-69eeee772d89c-2022-69eeee772d89c-marzo-69eeee772d89c\" class=\"collapse\" aria-labelledby=\"heading_compras-por-debajo-del-umbral-69eeee772d89c-2022-69eeee772d89c-marzo-69eeee772d89c\" data-parent=\"#collap_compras-por-debajo-del-umbral-69eeee772d89c-2022-69eeee772d89c\">\n                <div class=\"card-body\"><div class=\"jumbotron archivos\"><div class=\"row align-items-center\"><div class=\"col\"><h6><a class=\"text-dark\" href=\"https:\/\/comunidad.comprasdominicana.gob.do\/\/Public\/Tendering\/OpportunityDetail\/Index?noticeUID=DO1.NTC.1055546\" title=\"Ver\" target=\"_blank\">APORDOM-UC-CD-2022-0021<\/a><\/h6><p class=\"mb-0 bold\">SERVICIO DE VACIADO DE HORMIGON, FROTADO DE PISO Y ALQUILER DE COMPRESOR.\n\n<\/p><p class=\"mb-0\" style=\"font-size: .85rem\"><strong title=\"Estado del Proceso\"><i class=\"fas fa-spinner\"><\/i><\/strong> Proceso adjudicado y celebrado<\/p><p class=\"mb-0\" style=\"font-size: .85rem\"><strong title=\"Fecha de Publicaci\u00f3n\"><i class=\"fas fa-calendar-alt\"><\/i><\/strong> Publicado el martes, 22 de marzo de 2022<\/p><\/div><div class=\"col-auto mt-md-0 mt-2\"><a class=\"btn btn-primary btn-lg px-lg-4 d-none d-md-block\" href=\"https:\/\/comunidad.comprasdominicana.gob.do\/\/Public\/Tendering\/OpportunityDetail\/Index?noticeUID=DO1.NTC.1055546\" target=\"_blank\" title=\"Detalles\"><i class=\"fas fa-link\"><\/i> DETALLES<\/a><a class=\"btn btn-primary btn-lg px-lg-4 d-block d-md-none\" href=\"https:\/\/comunidad.comprasdominicana.gob.do\/\/Public\/Tendering\/OpportunityDetail\/Index?noticeUID=DO1.NTC.1055546\" target=\"_blank\" title=\"Detalles\"><i class=\"fas fa-2x fa-link\"><\/i><\/a><\/div><\/div><\/div><div class=\"jumbotron archivos\"><div class=\"row align-items-center\"><div class=\"col\"><h6><a class=\"text-dark\" href=\"https:\/\/comunidad.comprasdominicana.gob.do\/\/Public\/Tendering\/OpportunityDetail\/Index?noticeUID=DO1.NTC.1056035\" title=\"Ver\" target=\"_blank\">APORDOM-UC-CD-2022-0026<\/a><\/h6><p class=\"mb-0 bold\">ADQUISICION DE CORONAS FLORALES PARA CONDOLENCIAS DE APORDOM<\/p><p class=\"mb-0\" style=\"font-size: .85rem\"><strong title=\"Estado del Proceso\"><i class=\"fas fa-spinner\"><\/i><\/strong> Proceso adjudicado y celebrado<\/p><p class=\"mb-0\" style=\"font-size: .85rem\"><strong title=\"Fecha de Publicaci\u00f3n\"><i class=\"fas fa-calendar-alt\"><\/i><\/strong> Publicado el martes, 22 de marzo de 2022<\/p><\/div><div class=\"col-auto mt-md-0 mt-2\"><a class=\"btn btn-primary btn-lg px-lg-4 d-none d-md-block\" href=\"https:\/\/comunidad.comprasdominicana.gob.do\/\/Public\/Tendering\/OpportunityDetail\/Index?noticeUID=DO1.NTC.1056035\" target=\"_blank\" title=\"Detalles\"><i class=\"fas fa-link\"><\/i> DETALLES<\/a><a class=\"btn btn-primary btn-lg px-lg-4 d-block d-md-none\" href=\"https:\/\/comunidad.comprasdominicana.gob.do\/\/Public\/Tendering\/OpportunityDetail\/Index?noticeUID=DO1.NTC.1056035\" target=\"_blank\" title=\"Detalles\"><i class=\"fas fa-2x fa-link\"><\/i><\/a><\/div><\/div><\/div><div class=\"jumbotron archivos\"><div class=\"row align-items-center\"><div class=\"col\"><h6><a class=\"text-dark\" href=\"https:\/\/comunidad.comprasdominicana.gob.do\/\/Public\/Tendering\/OpportunityDetail\/Index?noticeUID=DO1.NTC.1054728\" title=\"Ver\" target=\"_blank\">APORDOM-UC-CD-2022-0023<\/a><\/h6><p class=\"mb-0 bold\">Contrataci\u00f3n de Servicio de Almuerzo para Reuni\u00f3n en Puerto de Manzanillo, Dirigido a Mipymes<\/p><p class=\"mb-0\" style=\"font-size: .85rem\"><strong title=\"Estado del Proceso\"><i class=\"fas fa-spinner\"><\/i><\/strong> Proceso adjudicado y celebrado<\/p><p class=\"mb-0\" style=\"font-size: .85rem\"><strong title=\"Fecha de Publicaci\u00f3n\"><i class=\"fas fa-calendar-alt\"><\/i><\/strong> Publicado el viernes, 18 de marzo de 2022<\/p><\/div><div class=\"col-auto mt-md-0 mt-2\"><a class=\"btn btn-primary btn-lg px-lg-4 d-none d-md-block\" href=\"https:\/\/comunidad.comprasdominicana.gob.do\/\/Public\/Tendering\/OpportunityDetail\/Index?noticeUID=DO1.NTC.1054728\" target=\"_blank\" title=\"Detalles\"><i class=\"fas fa-link\"><\/i> DETALLES<\/a><a class=\"btn btn-primary btn-lg px-lg-4 d-block d-md-none\" href=\"https:\/\/comunidad.comprasdominicana.gob.do\/\/Public\/Tendering\/OpportunityDetail\/Index?noticeUID=DO1.NTC.1054728\" target=\"_blank\" title=\"Detalles\"><i class=\"fas fa-2x fa-link\"><\/i><\/a><\/div><\/div><\/div><div class=\"jumbotron archivos\"><div class=\"row align-items-center\"><div class=\"col\"><h6><a class=\"text-dark\" href=\"https:\/\/comunidad.comprasdominicana.gob.do\/\/Public\/Tendering\/OpportunityDetail\/Index?noticeUID=DO1.NTC.1054157\" title=\"Ver\" target=\"_blank\">APORDOM-UC-CD-2022-0024<\/a><\/h6><p class=\"mb-0 bold\">CONTRATACION DE PUBLICIDAD EN PERIODICOS<\/p><p class=\"mb-0\" style=\"font-size: .85rem\"><strong title=\"Estado del Proceso\"><i class=\"fas fa-spinner\"><\/i><\/strong> Proceso adjudicado y celebrado<\/p><p class=\"mb-0\" style=\"font-size: .85rem\"><strong title=\"Fecha de Publicaci\u00f3n\"><i class=\"fas fa-calendar-alt\"><\/i><\/strong> Publicado el jueves, 17 de marzo de 2022<\/p><\/div><div class=\"col-auto mt-md-0 mt-2\"><a class=\"btn btn-primary btn-lg px-lg-4 d-none d-md-block\" href=\"https:\/\/comunidad.comprasdominicana.gob.do\/\/Public\/Tendering\/OpportunityDetail\/Index?noticeUID=DO1.NTC.1054157\" target=\"_blank\" title=\"Detalles\"><i class=\"fas fa-link\"><\/i> DETALLES<\/a><a class=\"btn btn-primary btn-lg px-lg-4 d-block d-md-none\" href=\"https:\/\/comunidad.comprasdominicana.gob.do\/\/Public\/Tendering\/OpportunityDetail\/Index?noticeUID=DO1.NTC.1054157\" target=\"_blank\" title=\"Detalles\"><i class=\"fas fa-2x fa-link\"><\/i><\/a><\/div><\/div><\/div><div class=\"jumbotron archivos\"><div class=\"row align-items-center\"><div class=\"col\"><h6><a class=\"text-dark\" href=\"https:\/\/comunidad.comprasdominicana.gob.do\/\/Public\/Tendering\/OpportunityDetail\/Index?noticeUID=DO1.NTC.1054109\" title=\"Ver\" target=\"_blank\">APORDOM-UC-CD-2022-0022<\/a><\/h6><p class=\"mb-0 bold\">ADQUISICIONDE CARPA PARA USO DEL PEAJE DE LA SEDE PRINCIPAL DE APORDOM<\/p><p class=\"mb-0\" style=\"font-size: .85rem\"><strong title=\"Estado del Proceso\"><i class=\"fas fa-spinner\"><\/i><\/strong> Proceso adjudicado y celebrado<\/p><p class=\"mb-0\" style=\"font-size: .85rem\"><strong title=\"Fecha de Publicaci\u00f3n\"><i class=\"fas fa-calendar-alt\"><\/i><\/strong> Publicado el jueves, 17 de marzo de 2022<\/p><\/div><div class=\"col-auto mt-md-0 mt-2\"><a class=\"btn btn-primary btn-lg px-lg-4 d-none d-md-block\" href=\"https:\/\/comunidad.comprasdominicana.gob.do\/\/Public\/Tendering\/OpportunityDetail\/Index?noticeUID=DO1.NTC.1054109\" target=\"_blank\" title=\"Detalles\"><i class=\"fas fa-link\"><\/i> DETALLES<\/a><a class=\"btn btn-primary btn-lg px-lg-4 d-block d-md-none\" href=\"https:\/\/comunidad.comprasdominicana.gob.do\/\/Public\/Tendering\/OpportunityDetail\/Index?noticeUID=DO1.NTC.1054109\" target=\"_blank\" title=\"Detalles\"><i class=\"fas fa-2x fa-link\"><\/i><\/a><\/div><\/div><\/div><div class=\"jumbotron archivos\"><div class=\"row align-items-center\"><div class=\"col\"><h6><a class=\"text-dark\" href=\"https:\/\/comunidad.comprasdominicana.gob.do\/\/Public\/Tendering\/OpportunityDetail\/Index?noticeUID=DO1.NTC.1050139\" title=\"Ver\" target=\"_blank\">APORDOM-UC-CD-2022-0019<\/a><\/h6><p class=\"mb-0 bold\">Contrataci\u00f3n de Servicio de Alquiler de Veh\u00edculo<\/p><p class=\"mb-0\" style=\"font-size: .85rem\"><strong title=\"Estado del Proceso\"><i class=\"fas fa-spinner\"><\/i><\/strong> Proceso adjudicado y celebrado<\/p><p class=\"mb-0\" style=\"font-size: .85rem\"><strong title=\"Fecha de Publicaci\u00f3n\"><i class=\"fas fa-calendar-alt\"><\/i><\/strong> Publicado el mi\u00e9rcoles, 9 de marzo de 2022<\/p><\/div><div class=\"col-auto mt-md-0 mt-2\"><a class=\"btn btn-primary btn-lg px-lg-4 d-none d-md-block\" href=\"https:\/\/comunidad.comprasdominicana.gob.do\/\/Public\/Tendering\/OpportunityDetail\/Index?noticeUID=DO1.NTC.1050139\" target=\"_blank\" title=\"Detalles\"><i class=\"fas fa-link\"><\/i> DETALLES<\/a><a class=\"btn btn-primary btn-lg px-lg-4 d-block d-md-none\" href=\"https:\/\/comunidad.comprasdominicana.gob.do\/\/Public\/Tendering\/OpportunityDetail\/Index?noticeUID=DO1.NTC.1050139\" target=\"_blank\" title=\"Detalles\"><i class=\"fas fa-2x fa-link\"><\/i><\/a><\/div><\/div><\/div><div class=\"jumbotron archivos\"><div class=\"row align-items-center\"><div class=\"col\"><h6><a class=\"text-dark\" href=\"https:\/\/comunidad.comprasdominicana.gob.do\/\/Public\/Tendering\/OpportunityDetail\/Index?noticeUID=DO1.NTC.1050044\" title=\"Ver\" target=\"_blank\">APORDOM-UC-CD-2022-0020<\/a><\/h6><p class=\"mb-0 bold\">ADQUISICI\u00d3N DE HERRAMIENTAS PARA USO DE SERVICIOS GENERALES DE APORDOM.<\/p><p class=\"mb-0\" style=\"font-size: .85rem\"><strong title=\"Estado del Proceso\"><i class=\"fas fa-spinner\"><\/i><\/strong> Proceso adjudicado y celebrado<\/p><p class=\"mb-0\" style=\"font-size: .85rem\"><strong title=\"Fecha de Publicaci\u00f3n\"><i class=\"fas fa-calendar-alt\"><\/i><\/strong> Publicado el martes, 8 de marzo de 2022<\/p><\/div><div class=\"col-auto mt-md-0 mt-2\"><a class=\"btn btn-primary btn-lg px-lg-4 d-none d-md-block\" href=\"https:\/\/comunidad.comprasdominicana.gob.do\/\/Public\/Tendering\/OpportunityDetail\/Index?noticeUID=DO1.NTC.1050044\" target=\"_blank\" title=\"Detalles\"><i class=\"fas fa-link\"><\/i> DETALLES<\/a><a class=\"btn btn-primary btn-lg px-lg-4 d-block d-md-none\" href=\"https:\/\/comunidad.comprasdominicana.gob.do\/\/Public\/Tendering\/OpportunityDetail\/Index?noticeUID=DO1.NTC.1050044\" target=\"_blank\" title=\"Detalles\"><i class=\"fas fa-2x fa-link\"><\/i><\/a><\/div><\/div><\/div><div class=\"jumbotron archivos\"><div class=\"row align-items-center\"><div class=\"col\"><h6><a class=\"text-dark\" href=\"https:\/\/comunidad.comprasdominicana.gob.do\/\/Public\/Tendering\/OpportunityDetail\/Index?noticeUID=DO1.NTC.1048023\" title=\"Ver\" target=\"_blank\">APORDOM-UC-CD-2022-0011<\/a><\/h6><p class=\"mb-0 bold\">Adquisici\u00f3n de Art\u00edculos de Cocina para la Sede Principal de APORDOM<\/p><p class=\"mb-0\" style=\"font-size: .85rem\"><strong title=\"Estado del Proceso\"><i class=\"fas fa-spinner\"><\/i><\/strong> Proceso adjudicado y celebrado<\/p><p class=\"mb-0\" style=\"font-size: .85rem\"><strong title=\"Fecha de Publicaci\u00f3n\"><i class=\"fas fa-calendar-alt\"><\/i><\/strong> Publicado el jueves, 3 de marzo de 2022<\/p><\/div><div class=\"col-auto mt-md-0 mt-2\"><a class=\"btn btn-primary btn-lg px-lg-4 d-none d-md-block\" href=\"https:\/\/comunidad.comprasdominicana.gob.do\/\/Public\/Tendering\/OpportunityDetail\/Index?noticeUID=DO1.NTC.1048023\" target=\"_blank\" title=\"Detalles\"><i class=\"fas fa-link\"><\/i> DETALLES<\/a><a class=\"btn btn-primary btn-lg px-lg-4 d-block d-md-none\" href=\"https:\/\/comunidad.comprasdominicana.gob.do\/\/Public\/Tendering\/OpportunityDetail\/Index?noticeUID=DO1.NTC.1048023\" target=\"_blank\" title=\"Detalles\"><i class=\"fas fa-2x fa-link\"><\/i><\/a><\/div><\/div><\/div><div class=\"jumbotron archivos\"><div class=\"row align-items-center\"><div class=\"col\"><h6><a class=\"text-dark\" href=\"https:\/\/comunidad.comprasdominicana.gob.do\/\/Public\/Tendering\/OpportunityDetail\/Index?noticeUID=DO1.NTC.1048111\" title=\"Ver\" target=\"_blank\">APORDOM-UC-CD-2022-0017<\/a><\/h6><p class=\"mb-0 bold\">Adquisici\u00f3n de equipos fotogr\u00e1ficos<\/p><p class=\"mb-0\" style=\"font-size: .85rem\"><strong title=\"Estado del Proceso\"><i class=\"fas fa-spinner\"><\/i><\/strong> Proceso adjudicado y celebrado<\/p><p class=\"mb-0\" style=\"font-size: .85rem\"><strong title=\"Fecha de Publicaci\u00f3n\"><i class=\"fas fa-calendar-alt\"><\/i><\/strong> Publicado el jueves, 3 de marzo de 2022<\/p><\/div><div class=\"col-auto mt-md-0 mt-2\"><a class=\"btn btn-primary btn-lg px-lg-4 d-none d-md-block\" href=\"https:\/\/comunidad.comprasdominicana.gob.do\/\/Public\/Tendering\/OpportunityDetail\/Index?noticeUID=DO1.NTC.1048111\" target=\"_blank\" title=\"Detalles\"><i class=\"fas fa-link\"><\/i> DETALLES<\/a><a class=\"btn btn-primary btn-lg px-lg-4 d-block d-md-none\" href=\"https:\/\/comunidad.comprasdominicana.gob.do\/\/Public\/Tendering\/OpportunityDetail\/Index?noticeUID=DO1.NTC.1048111\" target=\"_blank\" title=\"Detalles\"><i class=\"fas fa-2x fa-link\"><\/i><\/a><\/div><\/div><\/div><div class=\"jumbotron archivos\"><div class=\"row align-items-center\"><div class=\"col\"><h6><a class=\"text-dark\" href=\"https:\/\/comunidad.comprasdominicana.gob.do\/\/Public\/Tendering\/OpportunityDetail\/Index?noticeUID=DO1.NTC.1048201\" title=\"Ver\" target=\"_blank\">APORDOM-UC-CD-2022-0013<\/a><\/h6><p class=\"mb-0 bold\">Adquisici\u00f3n de material gastable de oficina, Desierto del proceso UC-CD-0010.<\/p><p class=\"mb-0\" style=\"font-size: .85rem\"><strong title=\"Estado del Proceso\"><i class=\"fas fa-spinner\"><\/i><\/strong> Proceso adjudicado y celebrado<\/p><p class=\"mb-0\" style=\"font-size: .85rem\"><strong title=\"Fecha de Publicaci\u00f3n\"><i class=\"fas fa-calendar-alt\"><\/i><\/strong> Publicado el jueves, 3 de marzo de 2022<\/p><\/div><div class=\"col-auto mt-md-0 mt-2\"><a class=\"btn btn-primary btn-lg px-lg-4 d-none d-md-block\" href=\"https:\/\/comunidad.comprasdominicana.gob.do\/\/Public\/Tendering\/OpportunityDetail\/Index?noticeUID=DO1.NTC.1048201\" target=\"_blank\" title=\"Detalles\"><i class=\"fas fa-link\"><\/i> DETALLES<\/a><a class=\"btn btn-primary btn-lg px-lg-4 d-block d-md-none\" href=\"https:\/\/comunidad.comprasdominicana.gob.do\/\/Public\/Tendering\/OpportunityDetail\/Index?noticeUID=DO1.NTC.1048201\" target=\"_blank\" title=\"Detalles\"><i class=\"fas fa-2x fa-link\"><\/i><\/a><\/div><\/div><\/div><div class=\"jumbotron archivos\"><div class=\"row align-items-center\"><div class=\"col\"><h6><a class=\"text-dark\" href=\"https:\/\/comunidad.comprasdominicana.gob.do\/\/Public\/Tendering\/OpportunityDetail\/Index?noticeUID=DO1.NTC.1047805\" title=\"Ver\" target=\"_blank\">APORDOM-UC-CD-2022-0016<\/a><\/h6><p class=\"mb-0 bold\">Adquisici\u00f3n de Formularios para despachos de los Puertos de APORDOM.<\/p><p class=\"mb-0\" style=\"font-size: .85rem\"><strong title=\"Estado del Proceso\"><i class=\"fas fa-spinner\"><\/i><\/strong> Proceso adjudicado y celebrado<\/p><p class=\"mb-0\" style=\"font-size: .85rem\"><strong title=\"Fecha de Publicaci\u00f3n\"><i class=\"fas fa-calendar-alt\"><\/i><\/strong> Publicado el jueves, 3 de marzo de 2022<\/p><\/div><div class=\"col-auto mt-md-0 mt-2\"><a class=\"btn btn-primary btn-lg px-lg-4 d-none d-md-block\" href=\"https:\/\/comunidad.comprasdominicana.gob.do\/\/Public\/Tendering\/OpportunityDetail\/Index?noticeUID=DO1.NTC.1047805\" target=\"_blank\" title=\"Detalles\"><i class=\"fas fa-link\"><\/i> DETALLES<\/a><a class=\"btn btn-primary btn-lg px-lg-4 d-block d-md-none\" href=\"https:\/\/comunidad.comprasdominicana.gob.do\/\/Public\/Tendering\/OpportunityDetail\/Index?noticeUID=DO1.NTC.1047805\" target=\"_blank\" title=\"Detalles\"><i class=\"fas fa-2x fa-link\"><\/i><\/a><\/div><\/div><\/div><div class=\"jumbotron archivos\"><div class=\"row align-items-center\"><div class=\"col\"><h6><a class=\"text-dark\" href=\"https:\/\/comunidad.comprasdominicana.gob.do\/\/Public\/Tendering\/OpportunityDetail\/Index?noticeUID=DO1.NTC.1047034\" title=\"Ver\" target=\"_blank\">APORDOM-UC-CD-2022-0018<\/a><\/h6><p class=\"mb-0 bold\">Adquisici\u00f3n de Cornamusas o bita de amarre<\/p><p class=\"mb-0\" style=\"font-size: .85rem\"><strong title=\"Estado del Proceso\"><i class=\"fas fa-spinner\"><\/i><\/strong> Proceso adjudicado y celebrado<\/p><p class=\"mb-0\" style=\"font-size: .85rem\"><strong title=\"Fecha de Publicaci\u00f3n\"><i class=\"fas fa-calendar-alt\"><\/i><\/strong> Publicado el martes, 1 de marzo de 2022<\/p><\/div><div class=\"col-auto mt-md-0 mt-2\"><a class=\"btn btn-primary btn-lg px-lg-4 d-none d-md-block\" href=\"https:\/\/comunidad.comprasdominicana.gob.do\/\/Public\/Tendering\/OpportunityDetail\/Index?noticeUID=DO1.NTC.1047034\" target=\"_blank\" title=\"Detalles\"><i class=\"fas fa-link\"><\/i> DETALLES<\/a><a class=\"btn btn-primary btn-lg px-lg-4 d-block d-md-none\" href=\"https:\/\/comunidad.comprasdominicana.gob.do\/\/Public\/Tendering\/OpportunityDetail\/Index?noticeUID=DO1.NTC.1047034\" target=\"_blank\" title=\"Detalles\"><i class=\"fas fa-2x fa-link\"><\/i><\/a><\/div><\/div><\/div><div class=\"jumbotron archivos\"><div class=\"row align-items-center\"><div class=\"col\"><h6><a class=\"text-dark\" href=\"https:\/\/comunidad.comprasdominicana.gob.do\/\/Public\/Tendering\/OpportunityDetail\/Index?noticeUID=DO1.NTC.1046704\" title=\"Ver\" target=\"_blank\">APORDOM-UC-CD-2022-0014<\/a><\/h6><p class=\"mb-0 bold\">Adquisici\u00f3n de Plantas y Arreglos Florales para la sede principal de APORDOM<\/p><p class=\"mb-0\" style=\"font-size: .85rem\"><strong title=\"Estado del Proceso\"><i class=\"fas fa-spinner\"><\/i><\/strong> Proceso adjudicado y celebrado<\/p><p class=\"mb-0\" style=\"font-size: .85rem\"><strong title=\"Fecha de Publicaci\u00f3n\"><i class=\"fas fa-calendar-alt\"><\/i><\/strong> Publicado el martes, 1 de marzo de 2022<\/p><\/div><div class=\"col-auto mt-md-0 mt-2\"><a class=\"btn btn-primary btn-lg px-lg-4 d-none d-md-block\" href=\"https:\/\/comunidad.comprasdominicana.gob.do\/\/Public\/Tendering\/OpportunityDetail\/Index?noticeUID=DO1.NTC.1046704\" target=\"_blank\" title=\"Detalles\"><i class=\"fas fa-link\"><\/i> DETALLES<\/a><a class=\"btn btn-primary btn-lg px-lg-4 d-block d-md-none\" href=\"https:\/\/comunidad.comprasdominicana.gob.do\/\/Public\/Tendering\/OpportunityDetail\/Index?noticeUID=DO1.NTC.1046704\" target=\"_blank\" title=\"Detalles\"><i class=\"fas fa-2x fa-link\"><\/i><\/a><\/div><\/div><\/div><\/div><\/div><\/div>\n        <div class=\"card\">\n            <div class=\"card-header parents\" id=\"heading_compras-por-debajo-del-umbral-69eeee772d89c-2022-69eeee772d89c-febrero-69eeee772d89c\">\n                <p class=\"title text-blue mb-0\">\n                    <a class=\"btn-block hover text-left collapsed\" data-toggle=\"collapse\" data-target=\"#collap_compras-por-debajo-del-umbral-69eeee772d89c-2022-69eeee772d89c-febrero-69eeee772d89c\" aria-expanded=\"false\" aria-controls=\"collap_compras-por-debajo-del-umbral-69eeee772d89c-2022-69eeee772d89c-febrero-69eeee772d89c\">Febrero<\/a>\n                <\/p>\n            <\/div>\n            <div id=\"collap_compras-por-debajo-del-umbral-69eeee772d89c-2022-69eeee772d89c-febrero-69eeee772d89c\" class=\"collapse\" aria-labelledby=\"heading_compras-por-debajo-del-umbral-69eeee772d89c-2022-69eeee772d89c-febrero-69eeee772d89c\" data-parent=\"#collap_compras-por-debajo-del-umbral-69eeee772d89c-2022-69eeee772d89c\">\n                <div class=\"card-body\"><div class=\"jumbotron archivos\"><div class=\"row align-items-center\"><div class=\"col\"><h6><a class=\"text-dark\" href=\"https:\/\/comunidad.comprasdominicana.gob.do\/\/Public\/Tendering\/OpportunityDetail\/Index?noticeUID=DO1.NTC.1046347\" title=\"Ver\" target=\"_blank\">APORDOM-UC-CD-2022-0015<\/a><\/h6><p class=\"mb-0 bold\">Contrataci\u00f3n de Servicios de Mantenimiento del Elevador de APORDOM, por un periodo de 12 meses.<\/p><p class=\"mb-0\" style=\"font-size: .85rem\"><strong title=\"Estado del Proceso\"><i class=\"fas fa-spinner\"><\/i><\/strong> Proceso adjudicado y celebrado<\/p><p class=\"mb-0\" style=\"font-size: .85rem\"><strong title=\"Fecha de Publicaci\u00f3n\"><i class=\"fas fa-calendar-alt\"><\/i><\/strong> Publicado el lunes, 28 de febrero de 2022<\/p><\/div><div class=\"col-auto mt-md-0 mt-2\"><a class=\"btn btn-primary btn-lg px-lg-4 d-none d-md-block\" href=\"https:\/\/comunidad.comprasdominicana.gob.do\/\/Public\/Tendering\/OpportunityDetail\/Index?noticeUID=DO1.NTC.1046347\" target=\"_blank\" title=\"Detalles\"><i class=\"fas fa-link\"><\/i> DETALLES<\/a><a class=\"btn btn-primary btn-lg px-lg-4 d-block d-md-none\" href=\"https:\/\/comunidad.comprasdominicana.gob.do\/\/Public\/Tendering\/OpportunityDetail\/Index?noticeUID=DO1.NTC.1046347\" target=\"_blank\" title=\"Detalles\"><i class=\"fas fa-2x fa-link\"><\/i><\/a><\/div><\/div><\/div><div class=\"jumbotron archivos\"><div class=\"row align-items-center\"><div class=\"col\"><h6><a class=\"text-dark\" href=\"https:\/\/comunidad.comprasdominicana.gob.do\/\/Public\/Tendering\/OpportunityDetail\/Index?noticeUID=DO1.NTC.1043609\" title=\"Ver\" target=\"_blank\">APORDOM-UC-CD-2022-0012<\/a><\/h6><p class=\"mb-0 bold\">Renovaci\u00f3n Suscripci\u00f3n del Peri\u00f3dico El Caribe<\/p><p class=\"mb-0\" style=\"font-size: .85rem\"><strong title=\"Estado del Proceso\"><i class=\"fas fa-spinner\"><\/i><\/strong> Proceso adjudicado y celebrado<\/p><p class=\"mb-0\" style=\"font-size: .85rem\"><strong title=\"Fecha de Publicaci\u00f3n\"><i class=\"fas fa-calendar-alt\"><\/i><\/strong> Publicado el martes, 22 de febrero de 2022<\/p><\/div><div class=\"col-auto mt-md-0 mt-2\"><a class=\"btn btn-primary btn-lg px-lg-4 d-none d-md-block\" href=\"https:\/\/comunidad.comprasdominicana.gob.do\/\/Public\/Tendering\/OpportunityDetail\/Index?noticeUID=DO1.NTC.1043609\" target=\"_blank\" title=\"Detalles\"><i class=\"fas fa-link\"><\/i> DETALLES<\/a><a class=\"btn btn-primary btn-lg px-lg-4 d-block d-md-none\" href=\"https:\/\/comunidad.comprasdominicana.gob.do\/\/Public\/Tendering\/OpportunityDetail\/Index?noticeUID=DO1.NTC.1043609\" target=\"_blank\" title=\"Detalles\"><i class=\"fas fa-2x fa-link\"><\/i><\/a><\/div><\/div><\/div><div class=\"jumbotron archivos\"><div class=\"row align-items-center\"><div class=\"col\"><h6><a class=\"text-dark\" href=\"https:\/\/comunidad.comprasdominicana.gob.do\/\/Public\/Tendering\/OpportunityDetail\/Index?noticeUID=DO1.NTC.1042109\" title=\"Ver\" target=\"_blank\">APORDOM-UC-CD-2022-0009<\/a><\/h6><p class=\"mb-0 bold\">Adquisici\u00f3n de Contenedor de basura para uso de APORDOM<\/p><p class=\"mb-0\" style=\"font-size: .85rem\"><strong title=\"Estado del Proceso\"><i class=\"fas fa-spinner\"><\/i><\/strong> Proceso adjudicado y celebrado<\/p><p class=\"mb-0\" style=\"font-size: .85rem\"><strong title=\"Fecha de Publicaci\u00f3n\"><i class=\"fas fa-calendar-alt\"><\/i><\/strong> Publicado el jueves, 17 de febrero de 2022<\/p><\/div><div class=\"col-auto mt-md-0 mt-2\"><a class=\"btn btn-primary btn-lg px-lg-4 d-none d-md-block\" href=\"https:\/\/comunidad.comprasdominicana.gob.do\/\/Public\/Tendering\/OpportunityDetail\/Index?noticeUID=DO1.NTC.1042109\" target=\"_blank\" title=\"Detalles\"><i class=\"fas fa-link\"><\/i> DETALLES<\/a><a class=\"btn btn-primary btn-lg px-lg-4 d-block d-md-none\" href=\"https:\/\/comunidad.comprasdominicana.gob.do\/\/Public\/Tendering\/OpportunityDetail\/Index?noticeUID=DO1.NTC.1042109\" target=\"_blank\" title=\"Detalles\"><i class=\"fas fa-2x fa-link\"><\/i><\/a><\/div><\/div><\/div><div class=\"jumbotron archivos\"><div class=\"row align-items-center\"><div class=\"col\"><h6><a class=\"text-dark\" href=\"https:\/\/comunidad.comprasdominicana.gob.do\/\/Public\/Tendering\/OpportunityDetail\/Index?noticeUID=DO1.NTC.1042005\" title=\"Ver\" target=\"_blank\">APORDOM-UC-CD-2022-0010<\/a><\/h6><p class=\"mb-0 bold\">Adquisici\u00f3n de Material Gastable de Oficina.<\/p><p class=\"mb-0\" style=\"font-size: .85rem\"><strong title=\"Estado del Proceso\"><i class=\"fas fa-spinner\"><\/i><\/strong> Proceso adjudicado y celebrado<\/p><p class=\"mb-0\" style=\"font-size: .85rem\"><strong title=\"Fecha de Publicaci\u00f3n\"><i class=\"fas fa-calendar-alt\"><\/i><\/strong> Publicado el jueves, 17 de febrero de 2022<\/p><\/div><div class=\"col-auto mt-md-0 mt-2\"><a class=\"btn btn-primary btn-lg px-lg-4 d-none d-md-block\" href=\"https:\/\/comunidad.comprasdominicana.gob.do\/\/Public\/Tendering\/OpportunityDetail\/Index?noticeUID=DO1.NTC.1042005\" target=\"_blank\" title=\"Detalles\"><i class=\"fas fa-link\"><\/i> DETALLES<\/a><a class=\"btn btn-primary btn-lg px-lg-4 d-block d-md-none\" href=\"https:\/\/comunidad.comprasdominicana.gob.do\/\/Public\/Tendering\/OpportunityDetail\/Index?noticeUID=DO1.NTC.1042005\" target=\"_blank\" title=\"Detalles\"><i class=\"fas fa-2x fa-link\"><\/i><\/a><\/div><\/div><\/div><div class=\"jumbotron archivos\"><div class=\"row align-items-center\"><div class=\"col\"><h6><a class=\"text-dark\" href=\"https:\/\/comunidad.comprasdominicana.gob.do\/\/Public\/Tendering\/OpportunityDetail\/Index?noticeUID=DO1.NTC.1041603\" title=\"Ver\" target=\"_blank\">APORDOM-UC-CD-2022-0008<\/a><\/h6><p class=\"mb-0 bold\">Adquisici\u00f3n de estructura de red para las oficinas de APORDOM, Desierto de proceso APORDOM-DAF-CM-2022-0003.<\/p><p class=\"mb-0\" style=\"font-size: .85rem\"><strong title=\"Estado del Proceso\"><i class=\"fas fa-spinner\"><\/i><\/strong> Proceso adjudicado y celebrado<\/p><p class=\"mb-0\" style=\"font-size: .85rem\"><strong title=\"Fecha de Publicaci\u00f3n\"><i class=\"fas fa-calendar-alt\"><\/i><\/strong> Publicado el mi\u00e9rcoles, 16 de febrero de 2022<\/p><\/div><div class=\"col-auto mt-md-0 mt-2\"><a class=\"btn btn-primary btn-lg px-lg-4 d-none d-md-block\" href=\"https:\/\/comunidad.comprasdominicana.gob.do\/\/Public\/Tendering\/OpportunityDetail\/Index?noticeUID=DO1.NTC.1041603\" target=\"_blank\" title=\"Detalles\"><i class=\"fas fa-link\"><\/i> DETALLES<\/a><a class=\"btn btn-primary btn-lg px-lg-4 d-block d-md-none\" href=\"https:\/\/comunidad.comprasdominicana.gob.do\/\/Public\/Tendering\/OpportunityDetail\/Index?noticeUID=DO1.NTC.1041603\" target=\"_blank\" title=\"Detalles\"><i class=\"fas fa-2x fa-link\"><\/i><\/a><\/div><\/div><\/div><div class=\"jumbotron archivos\"><div class=\"row align-items-center\"><div class=\"col\"><h6><a class=\"text-dark\" href=\"https:\/\/comunidad.comprasdominicana.gob.do\/\/Public\/Tendering\/OpportunityDetail\/Index?noticeUID=DO1.NTC.1038729\" title=\"Ver\" target=\"_blank\">APORDOM-UC-CD-2022-0007<\/a><\/h6><p class=\"mb-0 bold\">Adquisici\u00f3n de Art\u00edculos tecnol\u00f3gicos para las Oficinas de APORDOM.<\/p><p class=\"mb-0\" style=\"font-size: .85rem\"><strong title=\"Estado del Proceso\"><i class=\"fas fa-spinner\"><\/i><\/strong> Proceso adjudicado y celebrado<\/p><p class=\"mb-0\" style=\"font-size: .85rem\"><strong title=\"Fecha de Publicaci\u00f3n\"><i class=\"fas fa-calendar-alt\"><\/i><\/strong> Publicado el jueves, 10 de febrero de 2022<\/p><\/div><div class=\"col-auto mt-md-0 mt-2\"><a class=\"btn btn-primary btn-lg px-lg-4 d-none d-md-block\" href=\"https:\/\/comunidad.comprasdominicana.gob.do\/\/Public\/Tendering\/OpportunityDetail\/Index?noticeUID=DO1.NTC.1038729\" target=\"_blank\" title=\"Detalles\"><i class=\"fas fa-link\"><\/i> DETALLES<\/a><a class=\"btn btn-primary btn-lg px-lg-4 d-block d-md-none\" href=\"https:\/\/comunidad.comprasdominicana.gob.do\/\/Public\/Tendering\/OpportunityDetail\/Index?noticeUID=DO1.NTC.1038729\" target=\"_blank\" title=\"Detalles\"><i class=\"fas fa-2x fa-link\"><\/i><\/a><\/div><\/div><\/div><div class=\"jumbotron archivos\"><div class=\"row align-items-center\"><div class=\"col\"><h6><a class=\"text-dark\" href=\"https:\/\/comunidad.comprasdominicana.gob.do\/\/Public\/Tendering\/OpportunityDetail\/Index?noticeUID=DO1.NTC.1036404\" title=\"Ver\" target=\"_blank\">APORDOM-UC-CD-2022-0004<\/a><\/h6><p class=\"mb-0 bold\">Adquisici\u00f3n de Alfombras con logo Institucional, para uso de APORDOM.<\/p><p class=\"mb-0\" style=\"font-size: .85rem\"><strong title=\"Estado del Proceso\"><i class=\"fas fa-spinner\"><\/i><\/strong> Proceso adjudicado y celebrado<\/p><p class=\"mb-0\" style=\"font-size: .85rem\"><strong title=\"Fecha de Publicaci\u00f3n\"><i class=\"fas fa-calendar-alt\"><\/i><\/strong> Publicado el viernes, 4 de febrero de 2022<\/p><\/div><div class=\"col-auto mt-md-0 mt-2\"><a class=\"btn btn-primary btn-lg px-lg-4 d-none d-md-block\" href=\"https:\/\/comunidad.comprasdominicana.gob.do\/\/Public\/Tendering\/OpportunityDetail\/Index?noticeUID=DO1.NTC.1036404\" target=\"_blank\" title=\"Detalles\"><i class=\"fas fa-link\"><\/i> DETALLES<\/a><a class=\"btn btn-primary btn-lg px-lg-4 d-block d-md-none\" href=\"https:\/\/comunidad.comprasdominicana.gob.do\/\/Public\/Tendering\/OpportunityDetail\/Index?noticeUID=DO1.NTC.1036404\" target=\"_blank\" title=\"Detalles\"><i class=\"fas fa-2x fa-link\"><\/i><\/a><\/div><\/div><\/div><div class=\"jumbotron archivos\"><div class=\"row align-items-center\"><div class=\"col\"><h6><a class=\"text-dark\" href=\"https:\/\/comunidad.comprasdominicana.gob.do\/\/Public\/Tendering\/OpportunityDetail\/Index?noticeUID=DO1.NTC.1035725\" title=\"Ver\" target=\"_blank\">APORDOM-UC-CD-2022-0006<\/a><\/h6><p class=\"mb-0 bold\">Adquisici\u00f3n de Auriculares Para uso del personal de seguridad de APORDOM<\/p><p class=\"mb-0\" style=\"font-size: .85rem\"><strong title=\"Estado del Proceso\"><i class=\"fas fa-spinner\"><\/i><\/strong> Proceso adjudicado y celebrado<\/p><p class=\"mb-0\" style=\"font-size: .85rem\"><strong title=\"Fecha de Publicaci\u00f3n\"><i class=\"fas fa-calendar-alt\"><\/i><\/strong> Publicado el jueves, 3 de febrero de 2022<\/p><\/div><div class=\"col-auto mt-md-0 mt-2\"><a class=\"btn btn-primary btn-lg px-lg-4 d-none d-md-block\" href=\"https:\/\/comunidad.comprasdominicana.gob.do\/\/Public\/Tendering\/OpportunityDetail\/Index?noticeUID=DO1.NTC.1035725\" target=\"_blank\" title=\"Detalles\"><i class=\"fas fa-link\"><\/i> DETALLES<\/a><a class=\"btn btn-primary btn-lg px-lg-4 d-block d-md-none\" href=\"https:\/\/comunidad.comprasdominicana.gob.do\/\/Public\/Tendering\/OpportunityDetail\/Index?noticeUID=DO1.NTC.1035725\" target=\"_blank\" title=\"Detalles\"><i class=\"fas fa-2x fa-link\"><\/i><\/a><\/div><\/div><\/div><div class=\"jumbotron archivos\"><div class=\"row align-items-center\"><div class=\"col\"><h6><a class=\"text-dark\" href=\"https:\/\/comunidad.comprasdominicana.gob.do\/\/Public\/Tendering\/OpportunityDetail\/Index?noticeUID=DO1.NTC.1035106\" title=\"Ver\" target=\"_blank\">APORDOM-UC-CD-2022-0003<\/a><\/h6><p class=\"mb-0 bold\">Contrataci\u00f3n de Servicios de Almuerzos y Refrigerios para Reuniones de APORDOM, Dirigido a Mipymes Mujer<\/p><p class=\"mb-0\" style=\"font-size: .85rem\"><strong title=\"Estado del Proceso\"><i class=\"fas fa-spinner\"><\/i><\/strong> Proceso adjudicado y celebrado<\/p><p class=\"mb-0\" style=\"font-size: .85rem\"><strong title=\"Fecha de Publicaci\u00f3n\"><i class=\"fas fa-calendar-alt\"><\/i><\/strong> Publicado el mi\u00e9rcoles, 2 de febrero de 2022<\/p><\/div><div class=\"col-auto mt-md-0 mt-2\"><a class=\"btn btn-primary btn-lg px-lg-4 d-none d-md-block\" href=\"https:\/\/comunidad.comprasdominicana.gob.do\/\/Public\/Tendering\/OpportunityDetail\/Index?noticeUID=DO1.NTC.1035106\" target=\"_blank\" title=\"Detalles\"><i class=\"fas fa-link\"><\/i> DETALLES<\/a><a class=\"btn btn-primary btn-lg px-lg-4 d-block d-md-none\" href=\"https:\/\/comunidad.comprasdominicana.gob.do\/\/Public\/Tendering\/OpportunityDetail\/Index?noticeUID=DO1.NTC.1035106\" target=\"_blank\" title=\"Detalles\"><i class=\"fas fa-2x fa-link\"><\/i><\/a><\/div><\/div><\/div><\/div><\/div><\/div>\n        <div class=\"card\">\n            <div class=\"card-header parents\" id=\"heading_compras-por-debajo-del-umbral-69eeee772d89c-2022-69eeee772d89c-enero-69eeee772d89c\">\n                <p class=\"title text-blue mb-0\">\n                    <a class=\"btn-block hover text-left collapsed\" data-toggle=\"collapse\" data-target=\"#collap_compras-por-debajo-del-umbral-69eeee772d89c-2022-69eeee772d89c-enero-69eeee772d89c\" aria-expanded=\"false\" aria-controls=\"collap_compras-por-debajo-del-umbral-69eeee772d89c-2022-69eeee772d89c-enero-69eeee772d89c\">Enero<\/a>\n                <\/p>\n            <\/div>\n            <div id=\"collap_compras-por-debajo-del-umbral-69eeee772d89c-2022-69eeee772d89c-enero-69eeee772d89c\" class=\"collapse\" aria-labelledby=\"heading_compras-por-debajo-del-umbral-69eeee772d89c-2022-69eeee772d89c-enero-69eeee772d89c\" data-parent=\"#collap_compras-por-debajo-del-umbral-69eeee772d89c-2022-69eeee772d89c\">\n                <div class=\"card-body\"><div class=\"jumbotron archivos\"><div class=\"row align-items-center\"><div class=\"col\"><h6><a class=\"text-dark\" href=\"https:\/\/comunidad.comprasdominicana.gob.do\/\/Public\/Tendering\/OpportunityDetail\/Index?noticeUID=DO1.NTC.1034231\" title=\"Ver\" target=\"_blank\">APORDOM-UC-CD-2022-0005<\/a><\/h6><p class=\"mb-0 bold\">Contrataci\u00f3n de Servicio de Alquiler de Sal\u00f3n para Reuni\u00f3n Ejecutiva de APORDOM<\/p><p class=\"mb-0\" style=\"font-size: .85rem\"><strong title=\"Estado del Proceso\"><i class=\"fas fa-spinner\"><\/i><\/strong> Proceso adjudicado y celebrado<\/p><p class=\"mb-0\" style=\"font-size: .85rem\"><strong title=\"Fecha de Publicaci\u00f3n\"><i class=\"fas fa-calendar-alt\"><\/i><\/strong> Publicado el lunes, 31 de enero de 2022<\/p><\/div><div class=\"col-auto mt-md-0 mt-2\"><a class=\"btn btn-primary btn-lg px-lg-4 d-none d-md-block\" href=\"https:\/\/comunidad.comprasdominicana.gob.do\/\/Public\/Tendering\/OpportunityDetail\/Index?noticeUID=DO1.NTC.1034231\" target=\"_blank\" title=\"Detalles\"><i class=\"fas fa-link\"><\/i> DETALLES<\/a><a class=\"btn btn-primary btn-lg px-lg-4 d-block d-md-none\" href=\"https:\/\/comunidad.comprasdominicana.gob.do\/\/Public\/Tendering\/OpportunityDetail\/Index?noticeUID=DO1.NTC.1034231\" target=\"_blank\" title=\"Detalles\"><i class=\"fas fa-2x fa-link\"><\/i><\/a><\/div><\/div><\/div><div class=\"jumbotron archivos\"><div class=\"row align-items-center\"><div class=\"col\"><h6><a class=\"text-dark\" href=\"https:\/\/comunidad.comprasdominicana.gob.do\/\/Public\/Tendering\/OpportunityDetail\/Index?noticeUID=DO1.NTC.1031724\" title=\"Ver\" target=\"_blank\">APORDOM-UC-CD-2022-0002<\/a><\/h6><p class=\"mb-0 bold\">Adquisici\u00f3n de Art\u00edculos Deportivos Dirigido a MiPymes<\/p><p class=\"mb-0\" style=\"font-size: .85rem\"><strong title=\"Estado del Proceso\"><i class=\"fas fa-spinner\"><\/i><\/strong> Proceso adjudicado y celebrado<\/p><p class=\"mb-0\" style=\"font-size: .85rem\"><strong title=\"Fecha de Publicaci\u00f3n\"><i class=\"fas fa-calendar-alt\"><\/i><\/strong> Publicado el martes, 25 de enero de 2022<\/p><\/div><div class=\"col-auto mt-md-0 mt-2\"><a class=\"btn btn-primary btn-lg px-lg-4 d-none d-md-block\" href=\"https:\/\/comunidad.comprasdominicana.gob.do\/\/Public\/Tendering\/OpportunityDetail\/Index?noticeUID=DO1.NTC.1031724\" target=\"_blank\" title=\"Detalles\"><i class=\"fas fa-link\"><\/i> DETALLES<\/a><a class=\"btn btn-primary btn-lg px-lg-4 d-block d-md-none\" href=\"https:\/\/comunidad.comprasdominicana.gob.do\/\/Public\/Tendering\/OpportunityDetail\/Index?noticeUID=DO1.NTC.1031724\" target=\"_blank\" title=\"Detalles\"><i class=\"fas fa-2x fa-link\"><\/i><\/a><\/div><\/div><\/div><div class=\"jumbotron archivos\"><div class=\"row align-items-center\"><div class=\"col\"><h6><a class=\"text-dark\" href=\"https:\/\/comunidad.comprasdominicana.gob.do\/\/Public\/Tendering\/OpportunityDetail\/Index?noticeUID=DO1.NTC.1030715\" title=\"Ver\" target=\"_blank\">APORDOM-UC-CD-2022-0001<\/a><\/h6><p class=\"mb-0 bold\">Contrataci\u00f3n de Servicio de Almuerzo Ejecutivo para Reuni\u00f3n de APORDOM<\/p><p class=\"mb-0\" style=\"font-size: .85rem\"><strong title=\"Estado del Proceso\"><i class=\"fas fa-spinner\"><\/i><\/strong> Proceso adjudicado y celebrado<\/p><p class=\"mb-0\" style=\"font-size: .85rem\"><strong title=\"Fecha de Publicaci\u00f3n\"><i class=\"fas fa-calendar-alt\"><\/i><\/strong> Publicado el mi\u00e9rcoles, 19 de enero de 2022<\/p><\/div><div class=\"col-auto mt-md-0 mt-2\"><a class=\"btn btn-primary btn-lg px-lg-4 d-none d-md-block\" href=\"https:\/\/comunidad.comprasdominicana.gob.do\/\/Public\/Tendering\/OpportunityDetail\/Index?noticeUID=DO1.NTC.1030715\" target=\"_blank\" title=\"Detalles\"><i class=\"fas fa-link\"><\/i> DETALLES<\/a><a class=\"btn btn-primary btn-lg px-lg-4 d-block d-md-none\" href=\"https:\/\/comunidad.comprasdominicana.gob.do\/\/Public\/Tendering\/OpportunityDetail\/Index?noticeUID=DO1.NTC.1030715\" target=\"_blank\" title=\"Detalles\"><i class=\"fas fa-2x fa-link\"><\/i><\/a><\/div><\/div><\/div><\/div><\/div><\/div><\/div><\/div><\/div>\n        <div class=\"card\">\n            <div class=\"card-header parents\" id=\"heading_compras-por-debajo-del-umbral-69eeee772d89c-2021-69eeee772d89c\">\n                <p class=\"title text-blue mb-0\">\n                    <a class=\"btn-block hover text-left collapsed\" data-toggle=\"collapse\" data-target=\"#collap_compras-por-debajo-del-umbral-69eeee772d89c-2021-69eeee772d89c\" aria-expanded=\"false\" aria-controls=\"collap_compras-por-debajo-del-umbral-69eeee772d89c-2021-69eeee772d89c\">2021<\/a>\n                <\/p>\n            <\/div>\n            <div id=\"collap_compras-por-debajo-del-umbral-69eeee772d89c-2021-69eeee772d89c\" class=\"collapse\" aria-labelledby=\"heading_compras-por-debajo-del-umbral-69eeee772d89c-2021-69eeee772d89c\" data-parent=\"#collap_compras-por-debajo-del-umbral-69eeee772d89c\">\n                <div class=\"card-body\">\n        <div class=\"card\">\n            <div class=\"card-header parents\" id=\"heading_compras-por-debajo-del-umbral-69eeee772d89c-2021-69eeee772d89c-diciembre-69eeee772d89c\">\n                <p class=\"title text-blue mb-0\">\n                    <a class=\"btn-block hover text-left collapsed\" data-toggle=\"collapse\" data-target=\"#collap_compras-por-debajo-del-umbral-69eeee772d89c-2021-69eeee772d89c-diciembre-69eeee772d89c\" aria-expanded=\"false\" aria-controls=\"collap_compras-por-debajo-del-umbral-69eeee772d89c-2021-69eeee772d89c-diciembre-69eeee772d89c\">Diciembre<\/a>\n                <\/p>\n            <\/div>\n            <div id=\"collap_compras-por-debajo-del-umbral-69eeee772d89c-2021-69eeee772d89c-diciembre-69eeee772d89c\" class=\"collapse\" aria-labelledby=\"heading_compras-por-debajo-del-umbral-69eeee772d89c-2021-69eeee772d89c-diciembre-69eeee772d89c\" data-parent=\"#collap_compras-por-debajo-del-umbral-69eeee772d89c-2021-69eeee772d89c\">\n                <div class=\"card-body\"><div class=\"jumbotron archivos\"><div class=\"row align-items-center\"><div class=\"col\"><h6><a class=\"text-dark\" href=\"https:\/\/comunidad.comprasdominicana.gob.do\/\/Public\/Tendering\/OpportunityDetail\/Index?noticeUID=DO1.NTC.1009957\" title=\"Ver\" target=\"_blank\">APORDOM-UC-CD-2021-0074<\/a><\/h6><p class=\"mb-0 bold\">Contrataci\u00f3n de Servicio de Impresi\u00f3n Digital, dirigido a Mipyme<\/p><p class=\"mb-0\" style=\"font-size: .85rem\"><strong title=\"Estado del Proceso\"><i class=\"fas fa-spinner\"><\/i><\/strong> Proceso adjudicado y celebrado<\/p><p class=\"mb-0\" style=\"font-size: .85rem\"><strong title=\"Fecha de Publicaci\u00f3n\"><i class=\"fas fa-calendar-alt\"><\/i><\/strong> Publicado el martes, 7 de diciembre de 2021<\/p><\/div><div class=\"col-auto mt-md-0 mt-2\"><a class=\"btn btn-primary btn-lg px-lg-4 d-none d-md-block\" href=\"https:\/\/comunidad.comprasdominicana.gob.do\/\/Public\/Tendering\/OpportunityDetail\/Index?noticeUID=DO1.NTC.1009957\" target=\"_blank\" title=\"Detalles\"><i class=\"fas fa-link\"><\/i> DETALLES<\/a><a class=\"btn btn-primary btn-lg px-lg-4 d-block d-md-none\" href=\"https:\/\/comunidad.comprasdominicana.gob.do\/\/Public\/Tendering\/OpportunityDetail\/Index?noticeUID=DO1.NTC.1009957\" target=\"_blank\" title=\"Detalles\"><i class=\"fas fa-2x fa-link\"><\/i><\/a><\/div><\/div><\/div><\/div><\/div><\/div>\n        <div class=\"card\">\n            <div class=\"card-header parents\" id=\"heading_compras-por-debajo-del-umbral-69eeee772d89c-2021-69eeee772d89c-noviembre-69eeee772d89c\">\n                <p class=\"title text-blue mb-0\">\n                    <a class=\"btn-block hover text-left collapsed\" data-toggle=\"collapse\" data-target=\"#collap_compras-por-debajo-del-umbral-69eeee772d89c-2021-69eeee772d89c-noviembre-69eeee772d89c\" aria-expanded=\"false\" aria-controls=\"collap_compras-por-debajo-del-umbral-69eeee772d89c-2021-69eeee772d89c-noviembre-69eeee772d89c\">Noviembre<\/a>\n                <\/p>\n            <\/div>\n            <div id=\"collap_compras-por-debajo-del-umbral-69eeee772d89c-2021-69eeee772d89c-noviembre-69eeee772d89c\" class=\"collapse\" aria-labelledby=\"heading_compras-por-debajo-del-umbral-69eeee772d89c-2021-69eeee772d89c-noviembre-69eeee772d89c\" data-parent=\"#collap_compras-por-debajo-del-umbral-69eeee772d89c-2021-69eeee772d89c\">\n                <div class=\"card-body\"><div class=\"jumbotron archivos\"><div class=\"row align-items-center\"><div class=\"col\"><h6><a class=\"text-dark\" href=\"https:\/\/comunidad.comprasdominicana.gob.do\/\/Public\/Tendering\/OpportunityDetail\/Index?noticeUID=DO1.NTC.1004339\" title=\"Ver\" target=\"_blank\">APORDOM-UC-CD-2021-0073<\/a><\/h6><p class=\"mb-0 bold\">Adquisici\u00f3n de p\u00f3liza de seguros para Equipos Inform\u00e1ticos<\/p><p class=\"mb-0\" style=\"font-size: .85rem\"><strong title=\"Estado del Proceso\"><i class=\"fas fa-spinner\"><\/i><\/strong> Proceso adjudicado y celebrado<\/p><p class=\"mb-0\" style=\"font-size: .85rem\"><strong title=\"Fecha de Publicaci\u00f3n\"><i class=\"fas fa-calendar-alt\"><\/i><\/strong> Publicado el mi\u00e9rcoles, 24 de noviembre de 2021<\/p><\/div><div class=\"col-auto mt-md-0 mt-2\"><a class=\"btn btn-primary btn-lg px-lg-4 d-none d-md-block\" href=\"https:\/\/comunidad.comprasdominicana.gob.do\/\/Public\/Tendering\/OpportunityDetail\/Index?noticeUID=DO1.NTC.1004339\" target=\"_blank\" title=\"Detalles\"><i class=\"fas fa-link\"><\/i> DETALLES<\/a><a class=\"btn btn-primary btn-lg px-lg-4 d-block d-md-none\" href=\"https:\/\/comunidad.comprasdominicana.gob.do\/\/Public\/Tendering\/OpportunityDetail\/Index?noticeUID=DO1.NTC.1004339\" target=\"_blank\" title=\"Detalles\"><i class=\"fas fa-2x fa-link\"><\/i><\/a><\/div><\/div><\/div><div class=\"jumbotron archivos\"><div class=\"row align-items-center\"><div class=\"col\"><h6><a class=\"text-dark\" href=\"https:\/\/comunidad.comprasdominicana.gob.do\/\/Public\/Tendering\/OpportunityDetail\/Index?noticeUID=DO1.NTC.1004636\" title=\"Ver\" target=\"_blank\">APORDOM-UC-CD-2021-0072<\/a><\/h6><p class=\"mb-0 bold\">Contrataci\u00f3n de Servicio de Animaci\u00f3n Eucarist\u00eda 51 Aniversario APORDOM<\/p><p class=\"mb-0\" style=\"font-size: .85rem\"><strong title=\"Estado del Proceso\"><i class=\"fas fa-spinner\"><\/i><\/strong> Proceso adjudicado y celebrado<\/p><p class=\"mb-0\" style=\"font-size: .85rem\"><strong title=\"Fecha de Publicaci\u00f3n\"><i class=\"fas fa-calendar-alt\"><\/i><\/strong> Publicado el mi\u00e9rcoles, 24 de noviembre de 2021<\/p><\/div><div class=\"col-auto mt-md-0 mt-2\"><a class=\"btn btn-primary btn-lg px-lg-4 d-none d-md-block\" href=\"https:\/\/comunidad.comprasdominicana.gob.do\/\/Public\/Tendering\/OpportunityDetail\/Index?noticeUID=DO1.NTC.1004636\" target=\"_blank\" title=\"Detalles\"><i class=\"fas fa-link\"><\/i> DETALLES<\/a><a class=\"btn btn-primary btn-lg px-lg-4 d-block d-md-none\" href=\"https:\/\/comunidad.comprasdominicana.gob.do\/\/Public\/Tendering\/OpportunityDetail\/Index?noticeUID=DO1.NTC.1004636\" target=\"_blank\" title=\"Detalles\"><i class=\"fas fa-2x fa-link\"><\/i><\/a><\/div><\/div><\/div><div class=\"jumbotron archivos\"><div class=\"row align-items-center\"><div class=\"col\"><h6><a class=\"text-dark\" href=\"https:\/\/comunidad.comprasdominicana.gob.do\/\/Public\/Tendering\/OpportunityDetail\/Index?noticeUID=DO1.NTC.1002730\" title=\"Ver\" target=\"_blank\">APORDOM-UC-CD-2021-0070<\/a><\/h6><p class=\"mb-0 bold\">Adquisici\u00f3n de T\u00f3ner y Rollos de Tinta Zebra, dirigido a MiPymes<\/p><p class=\"mb-0\" style=\"font-size: .85rem\"><strong title=\"Estado del Proceso\"><i class=\"fas fa-spinner\"><\/i><\/strong> Proceso adjudicado y celebrado<\/p><p class=\"mb-0\" style=\"font-size: .85rem\"><strong title=\"Fecha de Publicaci\u00f3n\"><i class=\"fas fa-calendar-alt\"><\/i><\/strong> Publicado el viernes, 19 de noviembre de 2021<\/p><\/div><div class=\"col-auto mt-md-0 mt-2\"><a class=\"btn btn-primary btn-lg px-lg-4 d-none d-md-block\" href=\"https:\/\/comunidad.comprasdominicana.gob.do\/\/Public\/Tendering\/OpportunityDetail\/Index?noticeUID=DO1.NTC.1002730\" target=\"_blank\" title=\"Detalles\"><i class=\"fas fa-link\"><\/i> DETALLES<\/a><a class=\"btn btn-primary btn-lg px-lg-4 d-block d-md-none\" href=\"https:\/\/comunidad.comprasdominicana.gob.do\/\/Public\/Tendering\/OpportunityDetail\/Index?noticeUID=DO1.NTC.1002730\" target=\"_blank\" title=\"Detalles\"><i class=\"fas fa-2x fa-link\"><\/i><\/a><\/div><\/div><\/div><div class=\"jumbotron archivos\"><div class=\"row align-items-center\"><div class=\"col\"><h6><a class=\"text-dark\" href=\"https:\/\/comunidad.comprasdominicana.gob.do\/\/Public\/Tendering\/OpportunityDetail\/Index?noticeUID=DO1.NTC.998231\" title=\"Ver\" target=\"_blank\">APORDOM-UC-CD-2021-0069<\/a><\/h6><p class=\"mb-0 bold\">Contrataci\u00f3n de Servicio de Brindis para Encendido del \u00c1rbol de Navidad de APORDOM, dirigido a MiPymes.<\/p><p class=\"mb-0\" style=\"font-size: .85rem\"><strong title=\"Estado del Proceso\"><i class=\"fas fa-spinner\"><\/i><\/strong> Proceso adjudicado y celebrado<\/p><p class=\"mb-0\" style=\"font-size: .85rem\"><strong title=\"Fecha de Publicaci\u00f3n\"><i class=\"fas fa-calendar-alt\"><\/i><\/strong> Publicado el jueves, 11 de noviembre de 2021<\/p><\/div><div class=\"col-auto mt-md-0 mt-2\"><a class=\"btn btn-primary btn-lg px-lg-4 d-none d-md-block\" href=\"https:\/\/comunidad.comprasdominicana.gob.do\/\/Public\/Tendering\/OpportunityDetail\/Index?noticeUID=DO1.NTC.998231\" target=\"_blank\" title=\"Detalles\"><i class=\"fas fa-link\"><\/i> DETALLES<\/a><a class=\"btn btn-primary btn-lg px-lg-4 d-block d-md-none\" href=\"https:\/\/comunidad.comprasdominicana.gob.do\/\/Public\/Tendering\/OpportunityDetail\/Index?noticeUID=DO1.NTC.998231\" target=\"_blank\" title=\"Detalles\"><i class=\"fas fa-2x fa-link\"><\/i><\/a><\/div><\/div><\/div><div class=\"jumbotron archivos\"><div class=\"row align-items-center\"><div class=\"col\"><h6><a class=\"text-dark\" href=\"https:\/\/comunidad.comprasdominicana.gob.do\/\/Public\/Tendering\/OpportunityDetail\/Index?noticeUID=DO1.NTC.996332\" title=\"Ver\" target=\"_blank\">APORDOM-UC-CD-2021-0067<\/a><\/h6><p class=\"mb-0 bold\">Adquisici\u00f3n de Equipos de Aseo y Limpieza<\/p><p class=\"mb-0\" style=\"font-size: .85rem\"><strong title=\"Estado del Proceso\"><i class=\"fas fa-spinner\"><\/i><\/strong> Proceso adjudicado y celebrado<\/p><p class=\"mb-0\" style=\"font-size: .85rem\"><strong title=\"Fecha de Publicaci\u00f3n\"><i class=\"fas fa-calendar-alt\"><\/i><\/strong> Publicado el lunes, 8 de noviembre de 2021<\/p><\/div><div class=\"col-auto mt-md-0 mt-2\"><a class=\"btn btn-primary btn-lg px-lg-4 d-none d-md-block\" href=\"https:\/\/comunidad.comprasdominicana.gob.do\/\/Public\/Tendering\/OpportunityDetail\/Index?noticeUID=DO1.NTC.996332\" target=\"_blank\" title=\"Detalles\"><i class=\"fas fa-link\"><\/i> DETALLES<\/a><a class=\"btn btn-primary btn-lg px-lg-4 d-block d-md-none\" href=\"https:\/\/comunidad.comprasdominicana.gob.do\/\/Public\/Tendering\/OpportunityDetail\/Index?noticeUID=DO1.NTC.996332\" target=\"_blank\" title=\"Detalles\"><i class=\"fas fa-2x fa-link\"><\/i><\/a><\/div><\/div><\/div><div class=\"jumbotron archivos\"><div class=\"row align-items-center\"><div class=\"col\"><h6><a class=\"text-dark\" href=\"https:\/\/comunidad.comprasdominicana.gob.do\/\/Public\/Tendering\/OpportunityDetail\/Index?noticeUID=DO1.NTC.996035\" title=\"Ver\" target=\"_blank\">APORDOM-UC-CD-2021-0068<\/a><\/h6><p class=\"mb-0 bold\">Contrataci\u00f3n de Sal\u00f3n para Reuni\u00f3n de la \u00b4\u00b4Comisi\u00f3n de Transformaci\u00f3n de APORDOM\u00b4\u00b4.<\/p><p class=\"mb-0\" style=\"font-size: .85rem\"><strong title=\"Estado del Proceso\"><i class=\"fas fa-spinner\"><\/i><\/strong> Proceso adjudicado y celebrado<\/p><p class=\"mb-0\" style=\"font-size: .85rem\"><strong title=\"Fecha de Publicaci\u00f3n\"><i class=\"fas fa-calendar-alt\"><\/i><\/strong> Publicado el lunes, 8 de noviembre de 2021<\/p><\/div><div class=\"col-auto mt-md-0 mt-2\"><a class=\"btn btn-primary btn-lg px-lg-4 d-none d-md-block\" href=\"https:\/\/comunidad.comprasdominicana.gob.do\/\/Public\/Tendering\/OpportunityDetail\/Index?noticeUID=DO1.NTC.996035\" target=\"_blank\" title=\"Detalles\"><i class=\"fas fa-link\"><\/i> DETALLES<\/a><a class=\"btn btn-primary btn-lg px-lg-4 d-block d-md-none\" href=\"https:\/\/comunidad.comprasdominicana.gob.do\/\/Public\/Tendering\/OpportunityDetail\/Index?noticeUID=DO1.NTC.996035\" target=\"_blank\" title=\"Detalles\"><i class=\"fas fa-2x fa-link\"><\/i><\/a><\/div><\/div><\/div><\/div><\/div><\/div>\n        <div class=\"card\">\n            <div class=\"card-header parents\" id=\"heading_compras-por-debajo-del-umbral-69eeee772d89c-2021-69eeee772d89c-octubre-69eeee772d89c\">\n                <p class=\"title text-blue mb-0\">\n                    <a class=\"btn-block hover text-left collapsed\" data-toggle=\"collapse\" data-target=\"#collap_compras-por-debajo-del-umbral-69eeee772d89c-2021-69eeee772d89c-octubre-69eeee772d89c\" aria-expanded=\"false\" aria-controls=\"collap_compras-por-debajo-del-umbral-69eeee772d89c-2021-69eeee772d89c-octubre-69eeee772d89c\">Octubre<\/a>\n                <\/p>\n            <\/div>\n            <div id=\"collap_compras-por-debajo-del-umbral-69eeee772d89c-2021-69eeee772d89c-octubre-69eeee772d89c\" class=\"collapse\" aria-labelledby=\"heading_compras-por-debajo-del-umbral-69eeee772d89c-2021-69eeee772d89c-octubre-69eeee772d89c\" data-parent=\"#collap_compras-por-debajo-del-umbral-69eeee772d89c-2021-69eeee772d89c\">\n                <div class=\"card-body\"><div class=\"jumbotron archivos\"><div class=\"row align-items-center\"><div class=\"col\"><h6><a class=\"text-dark\" href=\"https:\/\/comunidad.comprasdominicana.gob.do\/\/Public\/Tendering\/OpportunityDetail\/Index?noticeUID=DO1.NTC.986915\" title=\"Ver\" target=\"_blank\">APORDOM-UC-CD-2021-0065<\/a><\/h6><p class=\"mb-0 bold\">Contrataci\u00f3n de servicio de elaboraci\u00f3n de mural &quot;Filosof\u00eda Institucional&quot;<\/p><p class=\"mb-0\" style=\"font-size: .85rem\"><strong title=\"Estado del Proceso\"><i class=\"fas fa-spinner\"><\/i><\/strong> Proceso adjudicado y celebrado<\/p><p class=\"mb-0\" style=\"font-size: .85rem\"><strong title=\"Fecha de Publicaci\u00f3n\"><i class=\"fas fa-calendar-alt\"><\/i><\/strong> Publicado el mi\u00e9rcoles, 20 de octubre de 2021<\/p><\/div><div class=\"col-auto mt-md-0 mt-2\"><a class=\"btn btn-primary btn-lg px-lg-4 d-none d-md-block\" href=\"https:\/\/comunidad.comprasdominicana.gob.do\/\/Public\/Tendering\/OpportunityDetail\/Index?noticeUID=DO1.NTC.986915\" target=\"_blank\" title=\"Detalles\"><i class=\"fas fa-link\"><\/i> DETALLES<\/a><a class=\"btn btn-primary btn-lg px-lg-4 d-block d-md-none\" href=\"https:\/\/comunidad.comprasdominicana.gob.do\/\/Public\/Tendering\/OpportunityDetail\/Index?noticeUID=DO1.NTC.986915\" target=\"_blank\" title=\"Detalles\"><i class=\"fas fa-2x fa-link\"><\/i><\/a><\/div><\/div><\/div><div class=\"jumbotron archivos\"><div class=\"row align-items-center\"><div class=\"col\"><h6><a class=\"text-dark\" href=\"https:\/\/comunidad.comprasdominicana.gob.do\/\/Public\/Tendering\/OpportunityDetail\/Index?noticeUID=DO1.NTC.986343\" title=\"Ver\" target=\"_blank\">APORDOM-UC-CD-2021-0064<\/a><\/h6><p class=\"mb-0 bold\">Adquisici\u00f3n de art\u00edculos de topograf\u00eda<\/p><p class=\"mb-0\" style=\"font-size: .85rem\"><strong title=\"Estado del Proceso\"><i class=\"fas fa-spinner\"><\/i><\/strong> Proceso adjudicado y celebrado<\/p><p class=\"mb-0\" style=\"font-size: .85rem\"><strong title=\"Fecha de Publicaci\u00f3n\"><i class=\"fas fa-calendar-alt\"><\/i><\/strong> Publicado el martes, 19 de octubre de 2021<\/p><\/div><div class=\"col-auto mt-md-0 mt-2\"><a class=\"btn btn-primary btn-lg px-lg-4 d-none d-md-block\" href=\"https:\/\/comunidad.comprasdominicana.gob.do\/\/Public\/Tendering\/OpportunityDetail\/Index?noticeUID=DO1.NTC.986343\" target=\"_blank\" title=\"Detalles\"><i class=\"fas fa-link\"><\/i> DETALLES<\/a><a class=\"btn btn-primary btn-lg px-lg-4 d-block d-md-none\" href=\"https:\/\/comunidad.comprasdominicana.gob.do\/\/Public\/Tendering\/OpportunityDetail\/Index?noticeUID=DO1.NTC.986343\" target=\"_blank\" title=\"Detalles\"><i class=\"fas fa-2x fa-link\"><\/i><\/a><\/div><\/div><\/div><div class=\"jumbotron archivos\"><div class=\"row align-items-center\"><div class=\"col\"><h6><a class=\"text-dark\" href=\"https:\/\/comunidad.comprasdominicana.gob.do\/\/Public\/Tendering\/OpportunityDetail\/Index?noticeUID=DO1.NTC.986752\" title=\"Ver\" target=\"_blank\">APORDOM-UC-CD-2021-0063<\/a><\/h6><p class=\"mb-0 bold\">Adquisici\u00f3n e Instalaci\u00f3n de C\u00e1maras de Vigilancia para la Sede Principal de APORDOM<\/p><p class=\"mb-0\" style=\"font-size: .85rem\"><strong title=\"Estado del Proceso\"><i class=\"fas fa-spinner\"><\/i><\/strong> Proceso adjudicado y celebrado<\/p><p class=\"mb-0\" style=\"font-size: .85rem\"><strong title=\"Fecha de Publicaci\u00f3n\"><i class=\"fas fa-calendar-alt\"><\/i><\/strong> Publicado el martes, 19 de octubre de 2021<\/p><\/div><div class=\"col-auto mt-md-0 mt-2\"><a class=\"btn btn-primary btn-lg px-lg-4 d-none d-md-block\" href=\"https:\/\/comunidad.comprasdominicana.gob.do\/\/Public\/Tendering\/OpportunityDetail\/Index?noticeUID=DO1.NTC.986752\" target=\"_blank\" title=\"Detalles\"><i class=\"fas fa-link\"><\/i> DETALLES<\/a><a class=\"btn btn-primary btn-lg px-lg-4 d-block d-md-none\" href=\"https:\/\/comunidad.comprasdominicana.gob.do\/\/Public\/Tendering\/OpportunityDetail\/Index?noticeUID=DO1.NTC.986752\" target=\"_blank\" title=\"Detalles\"><i class=\"fas fa-2x fa-link\"><\/i><\/a><\/div><\/div><\/div><div class=\"jumbotron archivos\"><div class=\"row align-items-center\"><div class=\"col\"><h6><a class=\"text-dark\" href=\"https:\/\/comunidad.comprasdominicana.gob.do\/\/Public\/Tendering\/OpportunityDetail\/Index?noticeUID=DO1.NTC.985438\" title=\"Ver\" target=\"_blank\">APORDOM-UC-CD-2021-0066<\/a><\/h6><p class=\"mb-0 bold\">Contrataci\u00f3n de Montaje para Charla \u00b4\u00b4Portuaria Te Cuida\u00b4\u00b4, dirigido a MiPymes<\/p><p class=\"mb-0\" style=\"font-size: .85rem\"><strong title=\"Estado del Proceso\"><i class=\"fas fa-spinner\"><\/i><\/strong> Proceso adjudicado y celebrado<\/p><p class=\"mb-0\" style=\"font-size: .85rem\"><strong title=\"Fecha de Publicaci\u00f3n\"><i class=\"fas fa-calendar-alt\"><\/i><\/strong> Publicado el viernes, 15 de octubre de 2021<\/p><\/div><div class=\"col-auto mt-md-0 mt-2\"><a class=\"btn btn-primary btn-lg px-lg-4 d-none d-md-block\" href=\"https:\/\/comunidad.comprasdominicana.gob.do\/\/Public\/Tendering\/OpportunityDetail\/Index?noticeUID=DO1.NTC.985438\" target=\"_blank\" title=\"Detalles\"><i class=\"fas fa-link\"><\/i> DETALLES<\/a><a class=\"btn btn-primary btn-lg px-lg-4 d-block d-md-none\" href=\"https:\/\/comunidad.comprasdominicana.gob.do\/\/Public\/Tendering\/OpportunityDetail\/Index?noticeUID=DO1.NTC.985438\" target=\"_blank\" title=\"Detalles\"><i class=\"fas fa-2x fa-link\"><\/i><\/a><\/div><\/div><\/div><div class=\"jumbotron archivos\"><div class=\"row align-items-center\"><div class=\"col\"><h6><a class=\"text-dark\" href=\"https:\/\/comunidad.comprasdominicana.gob.do\/\/Public\/Tendering\/OpportunityDetail\/Index?noticeUID=DO1.NTC.983314\" title=\"Ver\" target=\"_blank\">APORDOM-UC-CD-2021-0062<\/a><\/h6><p class=\"mb-0 bold\">Adquisici\u00f3n De Materiales de jardiner\u00eda Para la Plaza Gregorio Gilbert En El Puerto de San Pedro De Macor\u00eds y la Sede de APORDOM. <\/p><p class=\"mb-0\" style=\"font-size: .85rem\"><strong title=\"Estado del Proceso\"><i class=\"fas fa-spinner\"><\/i><\/strong> Proceso adjudicado y celebrado<\/p><p class=\"mb-0\" style=\"font-size: .85rem\"><strong title=\"Fecha de Publicaci\u00f3n\"><i class=\"fas fa-calendar-alt\"><\/i><\/strong> Publicado el martes, 12 de octubre de 2021<\/p><\/div><div class=\"col-auto mt-md-0 mt-2\"><a class=\"btn btn-primary btn-lg px-lg-4 d-none d-md-block\" href=\"https:\/\/comunidad.comprasdominicana.gob.do\/\/Public\/Tendering\/OpportunityDetail\/Index?noticeUID=DO1.NTC.983314\" target=\"_blank\" title=\"Detalles\"><i class=\"fas fa-link\"><\/i> DETALLES<\/a><a class=\"btn btn-primary btn-lg px-lg-4 d-block d-md-none\" href=\"https:\/\/comunidad.comprasdominicana.gob.do\/\/Public\/Tendering\/OpportunityDetail\/Index?noticeUID=DO1.NTC.983314\" target=\"_blank\" title=\"Detalles\"><i class=\"fas fa-2x fa-link\"><\/i><\/a><\/div><\/div><\/div><div class=\"jumbotron archivos\"><div class=\"row align-items-center\"><div class=\"col\"><h6><a class=\"text-dark\" href=\"https:\/\/comunidad.comprasdominicana.gob.do\/\/Public\/Tendering\/OpportunityDetail\/Index?noticeUID=DO1.NTC.982945\" title=\"Ver\" target=\"_blank\">APORDOM-UC-CD-2021-0061<\/a><\/h6><p class=\"mb-0 bold\">Contrataci\u00f3n de servicio de reparaci\u00f3n de diferentes veh\u00edculos.<\/p><p class=\"mb-0\" style=\"font-size: .85rem\"><strong title=\"Estado del Proceso\"><i class=\"fas fa-spinner\"><\/i><\/strong> Proceso adjudicado y celebrado<\/p><p class=\"mb-0\" style=\"font-size: .85rem\"><strong title=\"Fecha de Publicaci\u00f3n\"><i class=\"fas fa-calendar-alt\"><\/i><\/strong> Publicado el lunes, 11 de octubre de 2021<\/p><\/div><div class=\"col-auto mt-md-0 mt-2\"><a class=\"btn btn-primary btn-lg px-lg-4 d-none d-md-block\" href=\"https:\/\/comunidad.comprasdominicana.gob.do\/\/Public\/Tendering\/OpportunityDetail\/Index?noticeUID=DO1.NTC.982945\" target=\"_blank\" title=\"Detalles\"><i class=\"fas fa-link\"><\/i> DETALLES<\/a><a class=\"btn btn-primary btn-lg px-lg-4 d-block d-md-none\" href=\"https:\/\/comunidad.comprasdominicana.gob.do\/\/Public\/Tendering\/OpportunityDetail\/Index?noticeUID=DO1.NTC.982945\" target=\"_blank\" title=\"Detalles\"><i class=\"fas fa-2x fa-link\"><\/i><\/a><\/div><\/div><\/div><div class=\"jumbotron archivos\"><div class=\"row align-items-center\"><div class=\"col\"><h6><a class=\"text-dark\" href=\"https:\/\/comunidad.comprasdominicana.gob.do\/\/Public\/Tendering\/OpportunityDetail\/Index?noticeUID=DO1.NTC.981418\" title=\"Ver\" target=\"_blank\">APORDOM-UC-CD-2021-0056<\/a><\/h6><p class=\"mb-0 bold\">Adquisici\u00f3n de Vajilla y Cuberter\u00eda para la Sede Principal de APORDOM<\/p><p class=\"mb-0\" style=\"font-size: .85rem\"><strong title=\"Estado del Proceso\"><i class=\"fas fa-spinner\"><\/i><\/strong> Proceso adjudicado y celebrado<\/p><p class=\"mb-0\" style=\"font-size: .85rem\"><strong title=\"Fecha de Publicaci\u00f3n\"><i class=\"fas fa-calendar-alt\"><\/i><\/strong> Publicado el jueves, 7 de octubre de 2021<\/p><\/div><div class=\"col-auto mt-md-0 mt-2\"><a class=\"btn btn-primary btn-lg px-lg-4 d-none d-md-block\" href=\"https:\/\/comunidad.comprasdominicana.gob.do\/\/Public\/Tendering\/OpportunityDetail\/Index?noticeUID=DO1.NTC.981418\" target=\"_blank\" title=\"Detalles\"><i class=\"fas fa-link\"><\/i> DETALLES<\/a><a class=\"btn btn-primary btn-lg px-lg-4 d-block d-md-none\" href=\"https:\/\/comunidad.comprasdominicana.gob.do\/\/Public\/Tendering\/OpportunityDetail\/Index?noticeUID=DO1.NTC.981418\" target=\"_blank\" title=\"Detalles\"><i class=\"fas fa-2x fa-link\"><\/i><\/a><\/div><\/div><\/div><div class=\"jumbotron archivos\"><div class=\"row align-items-center\"><div class=\"col\"><h6><a class=\"text-dark\" href=\"https:\/\/comunidad.comprasdominicana.gob.do\/\/Public\/Tendering\/OpportunityDetail\/Index?noticeUID=DO1.NTC.978717\" title=\"Ver\" target=\"_blank\">APORDOM-UC-CD-2021-0060<\/a><\/h6><p class=\"mb-0 bold\"> Adquisici\u00f3n de Paraguas para uso de APORDOM<\/p><p class=\"mb-0\" style=\"font-size: .85rem\"><strong title=\"Estado del Proceso\"><i class=\"fas fa-spinner\"><\/i><\/strong> Proceso adjudicado y celebrado<\/p><p class=\"mb-0\" style=\"font-size: .85rem\"><strong title=\"Fecha de Publicaci\u00f3n\"><i class=\"fas fa-calendar-alt\"><\/i><\/strong> Publicado el viernes, 1 de octubre de 2021<\/p><\/div><div class=\"col-auto mt-md-0 mt-2\"><a class=\"btn btn-primary btn-lg px-lg-4 d-none d-md-block\" href=\"https:\/\/comunidad.comprasdominicana.gob.do\/\/Public\/Tendering\/OpportunityDetail\/Index?noticeUID=DO1.NTC.978717\" target=\"_blank\" title=\"Detalles\"><i class=\"fas fa-link\"><\/i> DETALLES<\/a><a class=\"btn btn-primary btn-lg px-lg-4 d-block d-md-none\" href=\"https:\/\/comunidad.comprasdominicana.gob.do\/\/Public\/Tendering\/OpportunityDetail\/Index?noticeUID=DO1.NTC.978717\" target=\"_blank\" title=\"Detalles\"><i class=\"fas fa-2x fa-link\"><\/i><\/a><\/div><\/div><\/div><\/div><\/div><\/div>\n        <div class=\"card\">\n            <div class=\"card-header parents\" id=\"heading_compras-por-debajo-del-umbral-69eeee772d89c-2021-69eeee772d89c-septiembre-69eeee772d89c\">\n                <p class=\"title text-blue mb-0\">\n                    <a class=\"btn-block hover text-left collapsed\" data-toggle=\"collapse\" data-target=\"#collap_compras-por-debajo-del-umbral-69eeee772d89c-2021-69eeee772d89c-septiembre-69eeee772d89c\" aria-expanded=\"false\" aria-controls=\"collap_compras-por-debajo-del-umbral-69eeee772d89c-2021-69eeee772d89c-septiembre-69eeee772d89c\">Septiembre<\/a>\n                <\/p>\n            <\/div>\n            <div id=\"collap_compras-por-debajo-del-umbral-69eeee772d89c-2021-69eeee772d89c-septiembre-69eeee772d89c\" class=\"collapse\" aria-labelledby=\"heading_compras-por-debajo-del-umbral-69eeee772d89c-2021-69eeee772d89c-septiembre-69eeee772d89c\" data-parent=\"#collap_compras-por-debajo-del-umbral-69eeee772d89c-2021-69eeee772d89c\">\n                <div class=\"card-body\"><div class=\"jumbotron archivos\"><div class=\"row align-items-center\"><div class=\"col\"><h6><a class=\"text-dark\" href=\"https:\/\/comunidad.comprasdominicana.gob.do\/\/Public\/Tendering\/OpportunityDetail\/Index?noticeUID=DO1.NTC.975833\" title=\"Ver\" target=\"_blank\">APORDOM-UC-CD-2021-0059<\/a><\/h6><p class=\"mb-0 bold\">Participaci\u00f3n de Cuatro (4) Colaboradores de Apordom en Seminario de Transparencia y Gesti\u00f3n P\u00fablica<\/p><p class=\"mb-0\" style=\"font-size: .85rem\"><strong title=\"Estado del Proceso\"><i class=\"fas fa-spinner\"><\/i><\/strong> Proceso adjudicado y celebrado<\/p><p class=\"mb-0\" style=\"font-size: .85rem\"><strong title=\"Fecha de Publicaci\u00f3n\"><i class=\"fas fa-calendar-alt\"><\/i><\/strong> Publicado el jueves, 23 de septiembre de 2021<\/p><\/div><div class=\"col-auto mt-md-0 mt-2\"><a class=\"btn btn-primary btn-lg px-lg-4 d-none d-md-block\" href=\"https:\/\/comunidad.comprasdominicana.gob.do\/\/Public\/Tendering\/OpportunityDetail\/Index?noticeUID=DO1.NTC.975833\" target=\"_blank\" title=\"Detalles\"><i class=\"fas fa-link\"><\/i> DETALLES<\/a><a class=\"btn btn-primary btn-lg px-lg-4 d-block d-md-none\" href=\"https:\/\/comunidad.comprasdominicana.gob.do\/\/Public\/Tendering\/OpportunityDetail\/Index?noticeUID=DO1.NTC.975833\" target=\"_blank\" title=\"Detalles\"><i class=\"fas fa-2x fa-link\"><\/i><\/a><\/div><\/div><\/div><div class=\"jumbotron archivos\"><div class=\"row align-items-center\"><div class=\"col\"><h6><a class=\"text-dark\" href=\"https:\/\/comunidad.comprasdominicana.gob.do\/\/Public\/Tendering\/OpportunityDetail\/Index?noticeUID=DO1.NTC.971913\" title=\"Ver\" target=\"_blank\">APORDOM-UC-CD-2021-0057<\/a><\/h6><p class=\"mb-0 bold\">Adquisici\u00f3n de Material Gastable de Oficina, dirigido a Mipyme<\/p><p class=\"mb-0\" style=\"font-size: .85rem\"><strong title=\"Estado del Proceso\"><i class=\"fas fa-spinner\"><\/i><\/strong> Proceso adjudicado y celebrado<\/p><p class=\"mb-0\" style=\"font-size: .85rem\"><strong title=\"Fecha de Publicaci\u00f3n\"><i class=\"fas fa-calendar-alt\"><\/i><\/strong> Publicado el viernes, 17 de septiembre de 2021<\/p><\/div><div class=\"col-auto mt-md-0 mt-2\"><a class=\"btn btn-primary btn-lg px-lg-4 d-none d-md-block\" href=\"https:\/\/comunidad.comprasdominicana.gob.do\/\/Public\/Tendering\/OpportunityDetail\/Index?noticeUID=DO1.NTC.971913\" target=\"_blank\" title=\"Detalles\"><i class=\"fas fa-link\"><\/i> DETALLES<\/a><a class=\"btn btn-primary btn-lg px-lg-4 d-block d-md-none\" href=\"https:\/\/comunidad.comprasdominicana.gob.do\/\/Public\/Tendering\/OpportunityDetail\/Index?noticeUID=DO1.NTC.971913\" target=\"_blank\" title=\"Detalles\"><i class=\"fas fa-2x fa-link\"><\/i><\/a><\/div><\/div><\/div><div class=\"jumbotron archivos\"><div class=\"row align-items-center\"><div class=\"col\"><h6><a class=\"text-dark\" href=\"https:\/\/comunidad.comprasdominicana.gob.do\/\/Public\/Tendering\/OpportunityDetail\/Index?noticeUID=DO1.NTC.971523\" title=\"Ver\" target=\"_blank\">APORDOM-UC-CD-2021-0058<\/a><\/h6><p class=\"mb-0 bold\">Log\u00edstica para Reuni\u00f3n en Muelle Pesquero de Boca Chica, Dirigido a Mipymes.<\/p><p class=\"mb-0\" style=\"font-size: .85rem\"><strong title=\"Estado del Proceso\"><i class=\"fas fa-spinner\"><\/i><\/strong> Proceso adjudicado y celebrado<\/p><p class=\"mb-0\" style=\"font-size: .85rem\"><strong title=\"Fecha de Publicaci\u00f3n\"><i class=\"fas fa-calendar-alt\"><\/i><\/strong> Publicado el jueves, 16 de septiembre de 2021<\/p><\/div><div class=\"col-auto mt-md-0 mt-2\"><a class=\"btn btn-primary btn-lg px-lg-4 d-none d-md-block\" href=\"https:\/\/comunidad.comprasdominicana.gob.do\/\/Public\/Tendering\/OpportunityDetail\/Index?noticeUID=DO1.NTC.971523\" target=\"_blank\" title=\"Detalles\"><i class=\"fas fa-link\"><\/i> DETALLES<\/a><a class=\"btn btn-primary btn-lg px-lg-4 d-block d-md-none\" href=\"https:\/\/comunidad.comprasdominicana.gob.do\/\/Public\/Tendering\/OpportunityDetail\/Index?noticeUID=DO1.NTC.971523\" target=\"_blank\" title=\"Detalles\"><i class=\"fas fa-2x fa-link\"><\/i><\/a><\/div><\/div><\/div><div class=\"jumbotron archivos\"><div class=\"row align-items-center\"><div class=\"col\"><h6><a class=\"text-dark\" href=\"https:\/\/comunidad.comprasdominicana.gob.do\/\/Public\/Tendering\/OpportunityDetail\/Index?noticeUID=DO1.NTC.970629\" title=\"Ver\" target=\"_blank\">APORDOM-UC-CD-2021-0055<\/a><\/h6><p class=\"mb-0 bold\">Contrataci\u00f3n de Servicios de Mano de Obra para Construcci\u00f3n e Instalaci\u00f3n de Busto y Muro de Hormig\u00f3n<\/p><p class=\"mb-0\" style=\"font-size: .85rem\"><strong title=\"Estado del Proceso\"><i class=\"fas fa-spinner\"><\/i><\/strong> Proceso adjudicado y celebrado<\/p><p class=\"mb-0\" style=\"font-size: .85rem\"><strong title=\"Fecha de Publicaci\u00f3n\"><i class=\"fas fa-calendar-alt\"><\/i><\/strong> Publicado el mi\u00e9rcoles, 15 de septiembre de 2021<\/p><\/div><div class=\"col-auto mt-md-0 mt-2\"><a class=\"btn btn-primary btn-lg px-lg-4 d-none d-md-block\" href=\"https:\/\/comunidad.comprasdominicana.gob.do\/\/Public\/Tendering\/OpportunityDetail\/Index?noticeUID=DO1.NTC.970629\" target=\"_blank\" title=\"Detalles\"><i class=\"fas fa-link\"><\/i> DETALLES<\/a><a class=\"btn btn-primary btn-lg px-lg-4 d-block d-md-none\" href=\"https:\/\/comunidad.comprasdominicana.gob.do\/\/Public\/Tendering\/OpportunityDetail\/Index?noticeUID=DO1.NTC.970629\" target=\"_blank\" title=\"Detalles\"><i class=\"fas fa-2x fa-link\"><\/i><\/a><\/div><\/div><\/div><div class=\"jumbotron archivos\"><div class=\"row align-items-center\"><div class=\"col\"><h6><a class=\"text-dark\" href=\"https:\/\/comunidad.comprasdominicana.gob.do\/\/Public\/Tendering\/OpportunityDetail\/Index?noticeUID=DO1.NTC.967531\" title=\"Ver\" target=\"_blank\">APORDOM-UC-CD-2021-0054<\/a><\/h6><p class=\"mb-0 bold\">Contrataci\u00f3n de Servicios de Maestr\u00eda de Ceremonia<\/p><p class=\"mb-0\" style=\"font-size: .85rem\"><strong title=\"Estado del Proceso\"><i class=\"fas fa-spinner\"><\/i><\/strong> Proceso adjudicado y celebrado<\/p><p class=\"mb-0\" style=\"font-size: .85rem\"><strong title=\"Fecha de Publicaci\u00f3n\"><i class=\"fas fa-calendar-alt\"><\/i><\/strong> Publicado el martes, 7 de septiembre de 2021<\/p><\/div><div class=\"col-auto mt-md-0 mt-2\"><a class=\"btn btn-primary btn-lg px-lg-4 d-none d-md-block\" href=\"https:\/\/comunidad.comprasdominicana.gob.do\/\/Public\/Tendering\/OpportunityDetail\/Index?noticeUID=DO1.NTC.967531\" target=\"_blank\" title=\"Detalles\"><i class=\"fas fa-link\"><\/i> DETALLES<\/a><a class=\"btn btn-primary btn-lg px-lg-4 d-block d-md-none\" href=\"https:\/\/comunidad.comprasdominicana.gob.do\/\/Public\/Tendering\/OpportunityDetail\/Index?noticeUID=DO1.NTC.967531\" target=\"_blank\" title=\"Detalles\"><i class=\"fas fa-2x fa-link\"><\/i><\/a><\/div><\/div><\/div><div class=\"jumbotron archivos\"><div class=\"row align-items-center\"><div class=\"col\"><h6><a class=\"text-dark\" href=\"https:\/\/comunidad.comprasdominicana.gob.do\/\/Public\/Tendering\/OpportunityDetail\/Index?noticeUID=DO1.NTC.966235\" title=\"Ver\" target=\"_blank\">APORDOM-UC-CD-2021-0053<\/a><\/h6><p class=\"mb-0 bold\">Adquisici\u00f3n de Materiales de Ferreter\u00eda para Reparaci\u00f3n de Techo en Aluzinc Puerto de Boca Chica, dirigido a Mipyme<\/p><p class=\"mb-0\" style=\"font-size: .85rem\"><strong title=\"Estado del Proceso\"><i class=\"fas fa-spinner\"><\/i><\/strong> Proceso adjudicado y celebrado<\/p><p class=\"mb-0\" style=\"font-size: .85rem\"><strong title=\"Fecha de Publicaci\u00f3n\"><i class=\"fas fa-calendar-alt\"><\/i><\/strong> Publicado el viernes, 3 de septiembre de 2021<\/p><\/div><div class=\"col-auto mt-md-0 mt-2\"><a class=\"btn btn-primary btn-lg px-lg-4 d-none d-md-block\" href=\"https:\/\/comunidad.comprasdominicana.gob.do\/\/Public\/Tendering\/OpportunityDetail\/Index?noticeUID=DO1.NTC.966235\" target=\"_blank\" title=\"Detalles\"><i class=\"fas fa-link\"><\/i> DETALLES<\/a><a class=\"btn btn-primary btn-lg px-lg-4 d-block d-md-none\" href=\"https:\/\/comunidad.comprasdominicana.gob.do\/\/Public\/Tendering\/OpportunityDetail\/Index?noticeUID=DO1.NTC.966235\" target=\"_blank\" title=\"Detalles\"><i class=\"fas fa-2x fa-link\"><\/i><\/a><\/div><\/div><\/div><div class=\"jumbotron archivos\"><div class=\"row align-items-center\"><div class=\"col\"><h6><a class=\"text-dark\" href=\"https:\/\/comunidad.comprasdominicana.gob.do\/\/Public\/Tendering\/OpportunityDetail\/Index?noticeUID=DO1.NTC.966024\" title=\"Ver\" target=\"_blank\">APORDOM-UC-CD-2021-0052<\/a><\/h6><p class=\"mb-0 bold\">Adquisici\u00f3n de Equipos y Materiales para lavado de Autos, para uso de APORDOM.<\/p><p class=\"mb-0\" style=\"font-size: .85rem\"><strong title=\"Estado del Proceso\"><i class=\"fas fa-spinner\"><\/i><\/strong> Proceso adjudicado y celebrado<\/p><p class=\"mb-0\" style=\"font-size: .85rem\"><strong title=\"Fecha de Publicaci\u00f3n\"><i class=\"fas fa-calendar-alt\"><\/i><\/strong> Publicado el viernes, 3 de septiembre de 2021<\/p><\/div><div class=\"col-auto mt-md-0 mt-2\"><a class=\"btn btn-primary btn-lg px-lg-4 d-none d-md-block\" href=\"https:\/\/comunidad.comprasdominicana.gob.do\/\/Public\/Tendering\/OpportunityDetail\/Index?noticeUID=DO1.NTC.966024\" target=\"_blank\" title=\"Detalles\"><i class=\"fas fa-link\"><\/i> DETALLES<\/a><a class=\"btn btn-primary btn-lg px-lg-4 d-block d-md-none\" href=\"https:\/\/comunidad.comprasdominicana.gob.do\/\/Public\/Tendering\/OpportunityDetail\/Index?noticeUID=DO1.NTC.966024\" target=\"_blank\" title=\"Detalles\"><i class=\"fas fa-2x fa-link\"><\/i><\/a><\/div><\/div><\/div><div class=\"jumbotron archivos\"><div class=\"row align-items-center\"><div class=\"col\"><h6><a class=\"text-dark\" href=\"https:\/\/comunidad.comprasdominicana.gob.do\/\/Public\/Tendering\/OpportunityDetail\/Index?noticeUID=DO1.NTC.966123\" title=\"Ver\" target=\"_blank\">APORDOM-UC-CD-2021-0051<\/a><\/h6><p class=\"mb-0 bold\">Adquisici\u00f3n de Aires Acondicionados, Dirigido a Mipymes.<\/p><p class=\"mb-0\" style=\"font-size: .85rem\"><strong title=\"Estado del Proceso\"><i class=\"fas fa-spinner\"><\/i><\/strong> Proceso adjudicado y celebrado<\/p><p class=\"mb-0\" style=\"font-size: .85rem\"><strong title=\"Fecha de Publicaci\u00f3n\"><i class=\"fas fa-calendar-alt\"><\/i><\/strong> Publicado el viernes, 3 de septiembre de 2021<\/p><\/div><div class=\"col-auto mt-md-0 mt-2\"><a class=\"btn btn-primary btn-lg px-lg-4 d-none d-md-block\" href=\"https:\/\/comunidad.comprasdominicana.gob.do\/\/Public\/Tendering\/OpportunityDetail\/Index?noticeUID=DO1.NTC.966123\" target=\"_blank\" title=\"Detalles\"><i class=\"fas fa-link\"><\/i> DETALLES<\/a><a class=\"btn btn-primary btn-lg px-lg-4 d-block d-md-none\" href=\"https:\/\/comunidad.comprasdominicana.gob.do\/\/Public\/Tendering\/OpportunityDetail\/Index?noticeUID=DO1.NTC.966123\" target=\"_blank\" title=\"Detalles\"><i class=\"fas fa-2x fa-link\"><\/i><\/a><\/div><\/div><\/div><\/div><\/div><\/div>\n        <div class=\"card\">\n            <div class=\"card-header parents\" id=\"heading_compras-por-debajo-del-umbral-69eeee772d89c-2021-69eeee772d89c-agosto-69eeee772d89c\">\n                <p class=\"title text-blue mb-0\">\n                    <a class=\"btn-block hover text-left collapsed\" data-toggle=\"collapse\" data-target=\"#collap_compras-por-debajo-del-umbral-69eeee772d89c-2021-69eeee772d89c-agosto-69eeee772d89c\" aria-expanded=\"false\" aria-controls=\"collap_compras-por-debajo-del-umbral-69eeee772d89c-2021-69eeee772d89c-agosto-69eeee772d89c\">Agosto<\/a>\n                <\/p>\n            <\/div>\n            <div id=\"collap_compras-por-debajo-del-umbral-69eeee772d89c-2021-69eeee772d89c-agosto-69eeee772d89c\" class=\"collapse\" aria-labelledby=\"heading_compras-por-debajo-del-umbral-69eeee772d89c-2021-69eeee772d89c-agosto-69eeee772d89c\" data-parent=\"#collap_compras-por-debajo-del-umbral-69eeee772d89c-2021-69eeee772d89c\">\n                <div class=\"card-body\"><div class=\"jumbotron archivos\"><div class=\"row align-items-center\"><div class=\"col\"><h6><a class=\"text-dark\" href=\"https:\/\/comunidad.comprasdominicana.gob.do\/\/Public\/Tendering\/OpportunityDetail\/Index?noticeUID=DO1.NTC.963629\" title=\"Ver\" target=\"_blank\">APORDOM-UC-CD-2021-0050<\/a><\/h6><p class=\"mb-0 bold\">Contrataci\u00f3n de Servicios de C\u00e1terin<\/p><p class=\"mb-0\" style=\"font-size: .85rem\"><strong title=\"Estado del Proceso\"><i class=\"fas fa-spinner\"><\/i><\/strong> Proceso adjudicado y celebrado<\/p><p class=\"mb-0\" style=\"font-size: .85rem\"><strong title=\"Fecha de Publicaci\u00f3n\"><i class=\"fas fa-calendar-alt\"><\/i><\/strong> Publicado el lunes, 30 de agosto de 2021<\/p><\/div><div class=\"col-auto mt-md-0 mt-2\"><a class=\"btn btn-primary btn-lg px-lg-4 d-none d-md-block\" href=\"https:\/\/comunidad.comprasdominicana.gob.do\/\/Public\/Tendering\/OpportunityDetail\/Index?noticeUID=DO1.NTC.963629\" target=\"_blank\" title=\"Detalles\"><i class=\"fas fa-link\"><\/i> DETALLES<\/a><a class=\"btn btn-primary btn-lg px-lg-4 d-block d-md-none\" href=\"https:\/\/comunidad.comprasdominicana.gob.do\/\/Public\/Tendering\/OpportunityDetail\/Index?noticeUID=DO1.NTC.963629\" target=\"_blank\" title=\"Detalles\"><i class=\"fas fa-2x fa-link\"><\/i><\/a><\/div><\/div><\/div><div class=\"jumbotron archivos\"><div class=\"row align-items-center\"><div class=\"col\"><h6><a class=\"text-dark\" href=\"https:\/\/comunidad.comprasdominicana.gob.do\/\/Public\/Tendering\/OpportunityDetail\/Index?noticeUID=DO1.NTC.962947\" title=\"Ver\" target=\"_blank\">APORDOM-UC-CD-2021-0049<\/a><\/h6><p class=\"mb-0 bold\">Log\u00edstica para Reuni\u00f3n de trabajo en Puerto de Barahona.<\/p><p class=\"mb-0\" style=\"font-size: .85rem\"><strong title=\"Estado del Proceso\"><i class=\"fas fa-spinner\"><\/i><\/strong> Proceso adjudicado y celebrado<\/p><p class=\"mb-0\" style=\"font-size: .85rem\"><strong title=\"Fecha de Publicaci\u00f3n\"><i class=\"fas fa-calendar-alt\"><\/i><\/strong> Publicado el viernes, 27 de agosto de 2021<\/p><\/div><div class=\"col-auto mt-md-0 mt-2\"><a class=\"btn btn-primary btn-lg px-lg-4 d-none d-md-block\" href=\"https:\/\/comunidad.comprasdominicana.gob.do\/\/Public\/Tendering\/OpportunityDetail\/Index?noticeUID=DO1.NTC.962947\" target=\"_blank\" title=\"Detalles\"><i class=\"fas fa-link\"><\/i> DETALLES<\/a><a class=\"btn btn-primary btn-lg px-lg-4 d-block d-md-none\" href=\"https:\/\/comunidad.comprasdominicana.gob.do\/\/Public\/Tendering\/OpportunityDetail\/Index?noticeUID=DO1.NTC.962947\" target=\"_blank\" title=\"Detalles\"><i class=\"fas fa-2x fa-link\"><\/i><\/a><\/div><\/div><\/div><div class=\"jumbotron archivos\"><div class=\"row align-items-center\"><div class=\"col\"><h6><a class=\"text-dark\" href=\"https:\/\/comunidad.comprasdominicana.gob.do\/\/Public\/Tendering\/OpportunityDetail\/Index?noticeUID=DO1.NTC.961131\" title=\"Ver\" target=\"_blank\">APORDOM-UC-CD-2021-0047<\/a><\/h6><p class=\"mb-0 bold\">Contrataci\u00f3n para servicio de laminado.<\/p><p class=\"mb-0\" style=\"font-size: .85rem\"><strong title=\"Estado del Proceso\"><i class=\"fas fa-spinner\"><\/i><\/strong> Proceso adjudicado y celebrado<\/p><p class=\"mb-0\" style=\"font-size: .85rem\"><strong title=\"Fecha de Publicaci\u00f3n\"><i class=\"fas fa-calendar-alt\"><\/i><\/strong> Publicado el martes, 24 de agosto de 2021<\/p><\/div><div class=\"col-auto mt-md-0 mt-2\"><a class=\"btn btn-primary btn-lg px-lg-4 d-none d-md-block\" href=\"https:\/\/comunidad.comprasdominicana.gob.do\/\/Public\/Tendering\/OpportunityDetail\/Index?noticeUID=DO1.NTC.961131\" target=\"_blank\" title=\"Detalles\"><i class=\"fas fa-link\"><\/i> DETALLES<\/a><a class=\"btn btn-primary btn-lg px-lg-4 d-block d-md-none\" href=\"https:\/\/comunidad.comprasdominicana.gob.do\/\/Public\/Tendering\/OpportunityDetail\/Index?noticeUID=DO1.NTC.961131\" target=\"_blank\" title=\"Detalles\"><i class=\"fas fa-2x fa-link\"><\/i><\/a><\/div><\/div><\/div><div class=\"jumbotron archivos\"><div class=\"row align-items-center\"><div class=\"col\"><h6><a class=\"text-dark\" href=\"https:\/\/comunidad.comprasdominicana.gob.do\/\/Public\/Tendering\/OpportunityDetail\/Index?noticeUID=DO1.NTC.961333\" title=\"Ver\" target=\"_blank\">APORDOM-UC-CD-2021-0048<\/a><\/h6><p class=\"mb-0 bold\">Adquisici\u00f3n de Invitaciones para Presentaci\u00f3n de la Transformaci\u00f3n del Sistema Portuario Dominicano<\/p><p class=\"mb-0\" style=\"font-size: .85rem\"><strong title=\"Estado del Proceso\"><i class=\"fas fa-spinner\"><\/i><\/strong> Proceso adjudicado y celebrado<\/p><p class=\"mb-0\" style=\"font-size: .85rem\"><strong title=\"Fecha de Publicaci\u00f3n\"><i class=\"fas fa-calendar-alt\"><\/i><\/strong> Publicado el martes, 24 de agosto de 2021<\/p><\/div><div class=\"col-auto mt-md-0 mt-2\"><a class=\"btn btn-primary btn-lg px-lg-4 d-none d-md-block\" href=\"https:\/\/comunidad.comprasdominicana.gob.do\/\/Public\/Tendering\/OpportunityDetail\/Index?noticeUID=DO1.NTC.961333\" target=\"_blank\" title=\"Detalles\"><i class=\"fas fa-link\"><\/i> DETALLES<\/a><a class=\"btn btn-primary btn-lg px-lg-4 d-block d-md-none\" href=\"https:\/\/comunidad.comprasdominicana.gob.do\/\/Public\/Tendering\/OpportunityDetail\/Index?noticeUID=DO1.NTC.961333\" target=\"_blank\" title=\"Detalles\"><i class=\"fas fa-2x fa-link\"><\/i><\/a><\/div><\/div><\/div><div class=\"jumbotron archivos\"><div class=\"row align-items-center\"><div class=\"col\"><h6><a class=\"text-dark\" href=\"https:\/\/comunidad.comprasdominicana.gob.do\/\/Public\/Tendering\/OpportunityDetail\/Index?noticeUID=DO1.NTC.960107\" title=\"Ver\" target=\"_blank\">APORDOM-UC-CD-2021-0042<\/a><\/h6><p class=\"mb-0 bold\">Contrataci\u00f3n de Servicio de Alquiler de Veh\u00edculo.<\/p><p class=\"mb-0\" style=\"font-size: .85rem\"><strong title=\"Estado del Proceso\"><i class=\"fas fa-spinner\"><\/i><\/strong> Proceso adjudicado y celebrado<\/p><p class=\"mb-0\" style=\"font-size: .85rem\"><strong title=\"Fecha de Publicaci\u00f3n\"><i class=\"fas fa-calendar-alt\"><\/i><\/strong> Publicado el viernes, 20 de agosto de 2021<\/p><\/div><div class=\"col-auto mt-md-0 mt-2\"><a class=\"btn btn-primary btn-lg px-lg-4 d-none d-md-block\" href=\"https:\/\/comunidad.comprasdominicana.gob.do\/\/Public\/Tendering\/OpportunityDetail\/Index?noticeUID=DO1.NTC.960107\" target=\"_blank\" title=\"Detalles\"><i class=\"fas fa-link\"><\/i> DETALLES<\/a><a class=\"btn btn-primary btn-lg px-lg-4 d-block d-md-none\" href=\"https:\/\/comunidad.comprasdominicana.gob.do\/\/Public\/Tendering\/OpportunityDetail\/Index?noticeUID=DO1.NTC.960107\" target=\"_blank\" title=\"Detalles\"><i class=\"fas fa-2x fa-link\"><\/i><\/a><\/div><\/div><\/div><div class=\"jumbotron archivos\"><div class=\"row align-items-center\"><div class=\"col\"><h6><a class=\"text-dark\" href=\"https:\/\/comunidad.comprasdominicana.gob.do\/\/Public\/Tendering\/OpportunityDetail\/Index?noticeUID=DO1.NTC.959507\" title=\"Ver\" target=\"_blank\">APORDOM-UC-CD-2021-0043<\/a><\/h6><p class=\"mb-0 bold\">Contrataci\u00f3n de Servicio de traducci\u00f3n de Documento al idioma ingles.<\/p><p class=\"mb-0\" style=\"font-size: .85rem\"><strong title=\"Estado del Proceso\"><i class=\"fas fa-spinner\"><\/i><\/strong> Proceso adjudicado y celebrado<\/p><p class=\"mb-0\" style=\"font-size: .85rem\"><strong title=\"Fecha de Publicaci\u00f3n\"><i class=\"fas fa-calendar-alt\"><\/i><\/strong> Publicado el jueves, 19 de agosto de 2021<\/p><\/div><div class=\"col-auto mt-md-0 mt-2\"><a class=\"btn btn-primary btn-lg px-lg-4 d-none d-md-block\" href=\"https:\/\/comunidad.comprasdominicana.gob.do\/\/Public\/Tendering\/OpportunityDetail\/Index?noticeUID=DO1.NTC.959507\" target=\"_blank\" title=\"Detalles\"><i class=\"fas fa-link\"><\/i> DETALLES<\/a><a class=\"btn btn-primary btn-lg px-lg-4 d-block d-md-none\" href=\"https:\/\/comunidad.comprasdominicana.gob.do\/\/Public\/Tendering\/OpportunityDetail\/Index?noticeUID=DO1.NTC.959507\" target=\"_blank\" title=\"Detalles\"><i class=\"fas fa-2x fa-link\"><\/i><\/a><\/div><\/div><\/div><div class=\"jumbotron archivos\"><div class=\"row align-items-center\"><div class=\"col\"><h6><a class=\"text-dark\" href=\"https:\/\/comunidad.comprasdominicana.gob.do\/\/Public\/Tendering\/OpportunityDetail\/Index?noticeUID=DO1.NTC.959704\" title=\"Ver\" target=\"_blank\">APORDOM-UC-CD-2021-0044<\/a><\/h6><p class=\"mb-0 bold\">Adquisici\u00f3n de Banderas y Astas para la Sede Principal de APORDOM<\/p><p class=\"mb-0\" style=\"font-size: .85rem\"><strong title=\"Estado del Proceso\"><i class=\"fas fa-spinner\"><\/i><\/strong> Proceso adjudicado y celebrado<\/p><p class=\"mb-0\" style=\"font-size: .85rem\"><strong title=\"Fecha de Publicaci\u00f3n\"><i class=\"fas fa-calendar-alt\"><\/i><\/strong> Publicado el jueves, 19 de agosto de 2021<\/p><\/div><div class=\"col-auto mt-md-0 mt-2\"><a class=\"btn btn-primary btn-lg px-lg-4 d-none d-md-block\" href=\"https:\/\/comunidad.comprasdominicana.gob.do\/\/Public\/Tendering\/OpportunityDetail\/Index?noticeUID=DO1.NTC.959704\" target=\"_blank\" title=\"Detalles\"><i class=\"fas fa-link\"><\/i> DETALLES<\/a><a class=\"btn btn-primary btn-lg px-lg-4 d-block d-md-none\" href=\"https:\/\/comunidad.comprasdominicana.gob.do\/\/Public\/Tendering\/OpportunityDetail\/Index?noticeUID=DO1.NTC.959704\" target=\"_blank\" title=\"Detalles\"><i class=\"fas fa-2x fa-link\"><\/i><\/a><\/div><\/div><\/div><div class=\"jumbotron archivos\"><div class=\"row align-items-center\"><div class=\"col\"><h6><a class=\"text-dark\" href=\"https:\/\/comunidad.comprasdominicana.gob.do\/\/Public\/Tendering\/OpportunityDetail\/Index?noticeUID=DO1.NTC.959021\" title=\"Ver\" target=\"_blank\">APORDOM-UC-CD-2021-0046<\/a><\/h6><p class=\"mb-0 bold\">Adquisici\u00f3n de Breaker Industrial para la Sede Principal de APORDOM<\/p><p class=\"mb-0\" style=\"font-size: .85rem\"><strong title=\"Estado del Proceso\"><i class=\"fas fa-spinner\"><\/i><\/strong> Proceso adjudicado y celebrado<\/p><p class=\"mb-0\" style=\"font-size: .85rem\"><strong title=\"Fecha de Publicaci\u00f3n\"><i class=\"fas fa-calendar-alt\"><\/i><\/strong> Publicado el mi\u00e9rcoles, 18 de agosto de 2021<\/p><\/div><div class=\"col-auto mt-md-0 mt-2\"><a class=\"btn btn-primary btn-lg px-lg-4 d-none d-md-block\" href=\"https:\/\/comunidad.comprasdominicana.gob.do\/\/Public\/Tendering\/OpportunityDetail\/Index?noticeUID=DO1.NTC.959021\" target=\"_blank\" title=\"Detalles\"><i class=\"fas fa-link\"><\/i> DETALLES<\/a><a class=\"btn btn-primary btn-lg px-lg-4 d-block d-md-none\" href=\"https:\/\/comunidad.comprasdominicana.gob.do\/\/Public\/Tendering\/OpportunityDetail\/Index?noticeUID=DO1.NTC.959021\" target=\"_blank\" title=\"Detalles\"><i class=\"fas fa-2x fa-link\"><\/i><\/a><\/div><\/div><\/div><\/div><\/div><\/div>\n        <div class=\"card\">\n            <div class=\"card-header parents\" id=\"heading_compras-por-debajo-del-umbral-69eeee772d89c-2021-69eeee772d89c-julio-69eeee772d89c\">\n                <p class=\"title text-blue mb-0\">\n                    <a class=\"btn-block hover text-left collapsed\" data-toggle=\"collapse\" data-target=\"#collap_compras-por-debajo-del-umbral-69eeee772d89c-2021-69eeee772d89c-julio-69eeee772d89c\" aria-expanded=\"false\" aria-controls=\"collap_compras-por-debajo-del-umbral-69eeee772d89c-2021-69eeee772d89c-julio-69eeee772d89c\">Julio<\/a>\n                <\/p>\n            <\/div>\n            <div id=\"collap_compras-por-debajo-del-umbral-69eeee772d89c-2021-69eeee772d89c-julio-69eeee772d89c\" class=\"collapse\" aria-labelledby=\"heading_compras-por-debajo-del-umbral-69eeee772d89c-2021-69eeee772d89c-julio-69eeee772d89c\" data-parent=\"#collap_compras-por-debajo-del-umbral-69eeee772d89c-2021-69eeee772d89c\">\n                <div class=\"card-body\"><div class=\"jumbotron archivos\"><div class=\"row align-items-center\"><div class=\"col\"><h6><a class=\"text-dark\" href=\"https:\/\/comunidad.comprasdominicana.gob.do\/\/Public\/Tendering\/OpportunityDetail\/Index?noticeUID=DO1.NTC.951430\" title=\"Ver\" target=\"_blank\">APORDOM-UC-CD-2021-0041<\/a><\/h6><p class=\"mb-0 bold\">Adquisici\u00f3n de M\u00e1quinas Sumadoras para la Sede Principal de APORDOM, dirigido a Mipymes Mujer<\/p><p class=\"mb-0\" style=\"font-size: .85rem\"><strong title=\"Estado del Proceso\"><i class=\"fas fa-spinner\"><\/i><\/strong> Proceso adjudicado y celebrado<\/p><p class=\"mb-0\" style=\"font-size: .85rem\"><strong title=\"Fecha de Publicaci\u00f3n\"><i class=\"fas fa-calendar-alt\"><\/i><\/strong> Publicado el viernes, 30 de julio de 2021<\/p><\/div><div class=\"col-auto mt-md-0 mt-2\"><a class=\"btn btn-primary btn-lg px-lg-4 d-none d-md-block\" href=\"https:\/\/comunidad.comprasdominicana.gob.do\/\/Public\/Tendering\/OpportunityDetail\/Index?noticeUID=DO1.NTC.951430\" target=\"_blank\" title=\"Detalles\"><i class=\"fas fa-link\"><\/i> DETALLES<\/a><a class=\"btn btn-primary btn-lg px-lg-4 d-block d-md-none\" href=\"https:\/\/comunidad.comprasdominicana.gob.do\/\/Public\/Tendering\/OpportunityDetail\/Index?noticeUID=DO1.NTC.951430\" target=\"_blank\" title=\"Detalles\"><i class=\"fas fa-2x fa-link\"><\/i><\/a><\/div><\/div><\/div><div class=\"jumbotron archivos\"><div class=\"row align-items-center\"><div class=\"col\"><h6><a class=\"text-dark\" href=\"https:\/\/comunidad.comprasdominicana.gob.do\/\/Public\/Tendering\/OpportunityDetail\/Index?noticeUID=DO1.NTC.951821\" title=\"Ver\" target=\"_blank\">APORDOM-UC-CD-2021-0040<\/a><\/h6><p class=\"mb-0 bold\">Adquisici\u00f3n de Mascarillas Quir\u00fargicas.<\/p><p class=\"mb-0\" style=\"font-size: .85rem\"><strong title=\"Estado del Proceso\"><i class=\"fas fa-spinner\"><\/i><\/strong> Proceso adjudicado y celebrado<\/p><p class=\"mb-0\" style=\"font-size: .85rem\"><strong title=\"Fecha de Publicaci\u00f3n\"><i class=\"fas fa-calendar-alt\"><\/i><\/strong> Publicado el viernes, 30 de julio de 2021<\/p><\/div><div class=\"col-auto mt-md-0 mt-2\"><a class=\"btn btn-primary btn-lg px-lg-4 d-none d-md-block\" href=\"https:\/\/comunidad.comprasdominicana.gob.do\/\/Public\/Tendering\/OpportunityDetail\/Index?noticeUID=DO1.NTC.951821\" target=\"_blank\" title=\"Detalles\"><i class=\"fas fa-link\"><\/i> DETALLES<\/a><a class=\"btn btn-primary btn-lg px-lg-4 d-block d-md-none\" href=\"https:\/\/comunidad.comprasdominicana.gob.do\/\/Public\/Tendering\/OpportunityDetail\/Index?noticeUID=DO1.NTC.951821\" target=\"_blank\" title=\"Detalles\"><i class=\"fas fa-2x fa-link\"><\/i><\/a><\/div><\/div><\/div><div class=\"jumbotron archivos\"><div class=\"row align-items-center\"><div class=\"col\"><h6><a class=\"text-dark\" href=\"https:\/\/comunidad.comprasdominicana.gob.do\/\/Public\/Tendering\/OpportunityDetail\/Index?noticeUID=DO1.NTC.951708\" title=\"Ver\" target=\"_blank\">APORDOM-UC-CD-2021-0038<\/a><\/h6><p class=\"mb-0 bold\">Adquisici\u00f3n de Letrero para uso de la Cooperativa de APORDOM, Dirigido a MiPymes.<\/p><p class=\"mb-0\" style=\"font-size: .85rem\"><strong title=\"Estado del Proceso\"><i class=\"fas fa-spinner\"><\/i><\/strong> Proceso adjudicado y celebrado<\/p><p class=\"mb-0\" style=\"font-size: .85rem\"><strong title=\"Fecha de Publicaci\u00f3n\"><i class=\"fas fa-calendar-alt\"><\/i><\/strong> Publicado el viernes, 30 de julio de 2021<\/p><\/div><div class=\"col-auto mt-md-0 mt-2\"><a class=\"btn btn-primary btn-lg px-lg-4 d-none d-md-block\" href=\"https:\/\/comunidad.comprasdominicana.gob.do\/\/Public\/Tendering\/OpportunityDetail\/Index?noticeUID=DO1.NTC.951708\" target=\"_blank\" title=\"Detalles\"><i class=\"fas fa-link\"><\/i> DETALLES<\/a><a class=\"btn btn-primary btn-lg px-lg-4 d-block d-md-none\" href=\"https:\/\/comunidad.comprasdominicana.gob.do\/\/Public\/Tendering\/OpportunityDetail\/Index?noticeUID=DO1.NTC.951708\" target=\"_blank\" title=\"Detalles\"><i class=\"fas fa-2x fa-link\"><\/i><\/a><\/div><\/div><\/div><div class=\"jumbotron archivos\"><div class=\"row align-items-center\"><div class=\"col\"><h6><a class=\"text-dark\" href=\"https:\/\/comunidad.comprasdominicana.gob.do\/\/Public\/Tendering\/OpportunityDetail\/Index?noticeUID=DO1.NTC.947635\" title=\"Ver\" target=\"_blank\">APORDOM-UC-CD-2021-0039<\/a><\/h6><p class=\"mb-0 bold\">Contrataci\u00f3n de Servicios de Influencer para Jornada de Vacunaci\u00f3n<\/p><p class=\"mb-0\" style=\"font-size: .85rem\"><strong title=\"Estado del Proceso\"><i class=\"fas fa-spinner\"><\/i><\/strong> Proceso adjudicado y celebrado<\/p><p class=\"mb-0\" style=\"font-size: .85rem\"><strong title=\"Fecha de Publicaci\u00f3n\"><i class=\"fas fa-calendar-alt\"><\/i><\/strong> Publicado el mi\u00e9rcoles, 21 de julio de 2021<\/p><\/div><div class=\"col-auto mt-md-0 mt-2\"><a class=\"btn btn-primary btn-lg px-lg-4 d-none d-md-block\" href=\"https:\/\/comunidad.comprasdominicana.gob.do\/\/Public\/Tendering\/OpportunityDetail\/Index?noticeUID=DO1.NTC.947635\" target=\"_blank\" title=\"Detalles\"><i class=\"fas fa-link\"><\/i> DETALLES<\/a><a class=\"btn btn-primary btn-lg px-lg-4 d-block d-md-none\" href=\"https:\/\/comunidad.comprasdominicana.gob.do\/\/Public\/Tendering\/OpportunityDetail\/Index?noticeUID=DO1.NTC.947635\" target=\"_blank\" title=\"Detalles\"><i class=\"fas fa-2x fa-link\"><\/i><\/a><\/div><\/div><\/div><div class=\"jumbotron archivos\"><div class=\"row align-items-center\"><div class=\"col\"><h6><a class=\"text-dark\" href=\"https:\/\/comunidad.comprasdominicana.gob.do\/\/Public\/Tendering\/OpportunityDetail\/Index?noticeUID=DO1.NTC.943128\" title=\"Ver\" target=\"_blank\">APORDOM-UC-CD-2021-0033<\/a><\/h6><p class=\"mb-0 bold\">Adquisici\u00f3n de Electrodom\u00e9sticos para la Sede Principal de APORDOM, dirigido a Mipymes<\/p><p class=\"mb-0\" style=\"font-size: .85rem\"><strong title=\"Estado del Proceso\"><i class=\"fas fa-spinner\"><\/i><\/strong> Proceso adjudicado y celebrado<\/p><p class=\"mb-0\" style=\"font-size: .85rem\"><strong title=\"Fecha de Publicaci\u00f3n\"><i class=\"fas fa-calendar-alt\"><\/i><\/strong> Publicado el lunes, 12 de julio de 2021<\/p><\/div><div class=\"col-auto mt-md-0 mt-2\"><a class=\"btn btn-primary btn-lg px-lg-4 d-none d-md-block\" href=\"https:\/\/comunidad.comprasdominicana.gob.do\/\/Public\/Tendering\/OpportunityDetail\/Index?noticeUID=DO1.NTC.943128\" target=\"_blank\" title=\"Detalles\"><i class=\"fas fa-link\"><\/i> DETALLES<\/a><a class=\"btn btn-primary btn-lg px-lg-4 d-block d-md-none\" href=\"https:\/\/comunidad.comprasdominicana.gob.do\/\/Public\/Tendering\/OpportunityDetail\/Index?noticeUID=DO1.NTC.943128\" target=\"_blank\" title=\"Detalles\"><i class=\"fas fa-2x fa-link\"><\/i><\/a><\/div><\/div><\/div><div class=\"jumbotron archivos\"><div class=\"row align-items-center\"><div class=\"col\"><h6><a class=\"text-dark\" href=\"https:\/\/comunidad.comprasdominicana.gob.do\/\/Public\/Tendering\/OpportunityDetail\/Index?noticeUID=DO1.NTC.943224\" title=\"Ver\" target=\"_blank\">APORDOM-UC-CD-2021-0037<\/a><\/h6><p class=\"mb-0 bold\">Log\u00edstica para Reuni\u00f3n de trabajo en Puerto de Manzanillo, Con el Ministerio de la Presidencia y una Comisi\u00f3n de la Direcci\u00f3n General de Bienes Nacionales, dirigido a MiPymes.<\/p><p class=\"mb-0\" style=\"font-size: .85rem\"><strong title=\"Estado del Proceso\"><i class=\"fas fa-spinner\"><\/i><\/strong> Proceso adjudicado y celebrado<\/p><p class=\"mb-0\" style=\"font-size: .85rem\"><strong title=\"Fecha de Publicaci\u00f3n\"><i class=\"fas fa-calendar-alt\"><\/i><\/strong> Publicado el lunes, 12 de julio de 2021<\/p><\/div><div class=\"col-auto mt-md-0 mt-2\"><a class=\"btn btn-primary btn-lg px-lg-4 d-none d-md-block\" href=\"https:\/\/comunidad.comprasdominicana.gob.do\/\/Public\/Tendering\/OpportunityDetail\/Index?noticeUID=DO1.NTC.943224\" target=\"_blank\" title=\"Detalles\"><i class=\"fas fa-link\"><\/i> DETALLES<\/a><a class=\"btn btn-primary btn-lg px-lg-4 d-block d-md-none\" href=\"https:\/\/comunidad.comprasdominicana.gob.do\/\/Public\/Tendering\/OpportunityDetail\/Index?noticeUID=DO1.NTC.943224\" target=\"_blank\" title=\"Detalles\"><i class=\"fas fa-2x fa-link\"><\/i><\/a><\/div><\/div><\/div><div class=\"jumbotron archivos\"><div class=\"row align-items-center\"><div class=\"col\"><h6><a class=\"text-dark\" href=\"https:\/\/comunidad.comprasdominicana.gob.do\/\/Public\/Tendering\/OpportunityDetail\/Index?noticeUID=DO1.NTC.943407\" title=\"Ver\" target=\"_blank\">APORDOM-UC-CD-2021-0036<\/a><\/h6><p class=\"mb-0 bold\">Adquisici\u00f3n de Libro &quot;Constituci\u00f3n Pol\u00edtica, Pol\u00edtica Constitucional&quot;.<\/p><p class=\"mb-0\" style=\"font-size: .85rem\"><strong title=\"Estado del Proceso\"><i class=\"fas fa-spinner\"><\/i><\/strong> Proceso adjudicado y celebrado<\/p><p class=\"mb-0\" style=\"font-size: .85rem\"><strong title=\"Fecha de Publicaci\u00f3n\"><i class=\"fas fa-calendar-alt\"><\/i><\/strong> Publicado el lunes, 12 de julio de 2021<\/p><\/div><div class=\"col-auto mt-md-0 mt-2\"><a class=\"btn btn-primary btn-lg px-lg-4 d-none d-md-block\" href=\"https:\/\/comunidad.comprasdominicana.gob.do\/\/Public\/Tendering\/OpportunityDetail\/Index?noticeUID=DO1.NTC.943407\" target=\"_blank\" title=\"Detalles\"><i class=\"fas fa-link\"><\/i> DETALLES<\/a><a class=\"btn btn-primary btn-lg px-lg-4 d-block d-md-none\" href=\"https:\/\/comunidad.comprasdominicana.gob.do\/\/Public\/Tendering\/OpportunityDetail\/Index?noticeUID=DO1.NTC.943407\" target=\"_blank\" title=\"Detalles\"><i class=\"fas fa-2x fa-link\"><\/i><\/a><\/div><\/div><\/div><div class=\"jumbotron archivos\"><div class=\"row align-items-center\"><div class=\"col\"><h6><a class=\"text-dark\" href=\"https:\/\/comunidad.comprasdominicana.gob.do\/\/Public\/Tendering\/OpportunityDetail\/Index?noticeUID=DO1.NTC.941241\" title=\"Ver\" target=\"_blank\">APORDOM-UC-CD-2021-0035<\/a><\/h6><p class=\"mb-0 bold\">Adquisici\u00f3n de Cajas de Papel Forma Continua para la Sede Principal de Autoridad Portuaria Dominicana, Dirigido a Mipyme.<\/p><p class=\"mb-0\" style=\"font-size: .85rem\"><strong title=\"Estado del Proceso\"><i class=\"fas fa-spinner\"><\/i><\/strong> Proceso adjudicado y celebrado<\/p><p class=\"mb-0\" style=\"font-size: .85rem\"><strong title=\"Fecha de Publicaci\u00f3n\"><i class=\"fas fa-calendar-alt\"><\/i><\/strong> Publicado el mi\u00e9rcoles, 7 de julio de 2021<\/p><\/div><div class=\"col-auto mt-md-0 mt-2\"><a class=\"btn btn-primary btn-lg px-lg-4 d-none d-md-block\" href=\"https:\/\/comunidad.comprasdominicana.gob.do\/\/Public\/Tendering\/OpportunityDetail\/Index?noticeUID=DO1.NTC.941241\" target=\"_blank\" title=\"Detalles\"><i class=\"fas fa-link\"><\/i> DETALLES<\/a><a class=\"btn btn-primary btn-lg px-lg-4 d-block d-md-none\" href=\"https:\/\/comunidad.comprasdominicana.gob.do\/\/Public\/Tendering\/OpportunityDetail\/Index?noticeUID=DO1.NTC.941241\" target=\"_blank\" title=\"Detalles\"><i class=\"fas fa-2x fa-link\"><\/i><\/a><\/div><\/div><\/div><\/div><\/div><\/div>\n        <div class=\"card\">\n            <div class=\"card-header parents\" id=\"heading_compras-por-debajo-del-umbral-69eeee772d89c-2021-69eeee772d89c-junio-69eeee772d89c\">\n                <p class=\"title text-blue mb-0\">\n                    <a class=\"btn-block hover text-left collapsed\" data-toggle=\"collapse\" data-target=\"#collap_compras-por-debajo-del-umbral-69eeee772d89c-2021-69eeee772d89c-junio-69eeee772d89c\" aria-expanded=\"false\" aria-controls=\"collap_compras-por-debajo-del-umbral-69eeee772d89c-2021-69eeee772d89c-junio-69eeee772d89c\">Junio<\/a>\n                <\/p>\n            <\/div>\n            <div id=\"collap_compras-por-debajo-del-umbral-69eeee772d89c-2021-69eeee772d89c-junio-69eeee772d89c\" class=\"collapse\" aria-labelledby=\"heading_compras-por-debajo-del-umbral-69eeee772d89c-2021-69eeee772d89c-junio-69eeee772d89c\" data-parent=\"#collap_compras-por-debajo-del-umbral-69eeee772d89c-2021-69eeee772d89c\">\n                <div class=\"card-body\"><div class=\"jumbotron archivos\"><div class=\"row align-items-center\"><div class=\"col\"><h6><a class=\"text-dark\" href=\"https:\/\/comunidad.comprasdominicana.gob.do\/\/Public\/Tendering\/OpportunityDetail\/Index?noticeUID=DO1.NTC.937904\" title=\"Ver\" target=\"_blank\">APORDOM-UC-CD-2021-0034<\/a><\/h6><p class=\"mb-0 bold\">Log\u00edstica para Reuni\u00f3n de trabajo en Puerto de Manzanillo, con los Ministerios de Obras Publicas y Energ\u00eda  y Minas en conjunto con la Embajada de los Estados Unidos de Norte Am\u00e9rica.<\/p><p class=\"mb-0\" style=\"font-size: .85rem\"><strong title=\"Estado del Proceso\"><i class=\"fas fa-spinner\"><\/i><\/strong> Proceso adjudicado y celebrado<\/p><p class=\"mb-0\" style=\"font-size: .85rem\"><strong title=\"Fecha de Publicaci\u00f3n\"><i class=\"fas fa-calendar-alt\"><\/i><\/strong> Publicado el martes, 29 de junio de 2021<\/p><\/div><div class=\"col-auto mt-md-0 mt-2\"><a class=\"btn btn-primary btn-lg px-lg-4 d-none d-md-block\" href=\"https:\/\/comunidad.comprasdominicana.gob.do\/\/Public\/Tendering\/OpportunityDetail\/Index?noticeUID=DO1.NTC.937904\" target=\"_blank\" title=\"Detalles\"><i class=\"fas fa-link\"><\/i> DETALLES<\/a><a class=\"btn btn-primary btn-lg px-lg-4 d-block d-md-none\" href=\"https:\/\/comunidad.comprasdominicana.gob.do\/\/Public\/Tendering\/OpportunityDetail\/Index?noticeUID=DO1.NTC.937904\" target=\"_blank\" title=\"Detalles\"><i class=\"fas fa-2x fa-link\"><\/i><\/a><\/div><\/div><\/div><div class=\"jumbotron archivos\"><div class=\"row align-items-center\"><div class=\"col\"><h6><a class=\"text-dark\" href=\"https:\/\/comunidad.comprasdominicana.gob.do\/\/Public\/Tendering\/OpportunityDetail\/Index?noticeUID=DO1.NTC.932315\" title=\"Ver\" target=\"_blank\">APORDOM-UC-CD-2021-0032<\/a><\/h6><p class=\"mb-0 bold\">Adquisici\u00f3n de Lanyard o porta carnet para uso de los empleados de  APORDOM.<\/p><p class=\"mb-0\" style=\"font-size: .85rem\"><strong title=\"Estado del Proceso\"><i class=\"fas fa-spinner\"><\/i><\/strong> Proceso adjudicado y celebrado<\/p><p class=\"mb-0\" style=\"font-size: .85rem\"><strong title=\"Fecha de Publicaci\u00f3n\"><i class=\"fas fa-calendar-alt\"><\/i><\/strong> Publicado el viernes, 18 de junio de 2021<\/p><\/div><div class=\"col-auto mt-md-0 mt-2\"><a class=\"btn btn-primary btn-lg px-lg-4 d-none d-md-block\" href=\"https:\/\/comunidad.comprasdominicana.gob.do\/\/Public\/Tendering\/OpportunityDetail\/Index?noticeUID=DO1.NTC.932315\" target=\"_blank\" title=\"Detalles\"><i class=\"fas fa-link\"><\/i> DETALLES<\/a><a class=\"btn btn-primary btn-lg px-lg-4 d-block d-md-none\" href=\"https:\/\/comunidad.comprasdominicana.gob.do\/\/Public\/Tendering\/OpportunityDetail\/Index?noticeUID=DO1.NTC.932315\" target=\"_blank\" title=\"Detalles\"><i class=\"fas fa-2x fa-link\"><\/i><\/a><\/div><\/div><\/div><div class=\"jumbotron archivos\"><div class=\"row align-items-center\"><div class=\"col\"><h6><a class=\"text-dark\" href=\"https:\/\/comunidad.comprasdominicana.gob.do\/\/Public\/Tendering\/OpportunityDetail\/Index?noticeUID=DO1.NTC.930341\" title=\"Ver\" target=\"_blank\">APORDOM-UC-CD-2021-0031<\/a><\/h6><p class=\"mb-0 bold\">Adquisici\u00f3n de Control de Acceso para uso de APORDOM<\/p><p class=\"mb-0\" style=\"font-size: .85rem\"><strong title=\"Estado del Proceso\"><i class=\"fas fa-spinner\"><\/i><\/strong> Proceso adjudicado y celebrado<\/p><p class=\"mb-0\" style=\"font-size: .85rem\"><strong title=\"Fecha de Publicaci\u00f3n\"><i class=\"fas fa-calendar-alt\"><\/i><\/strong> Publicado el lunes, 14 de junio de 2021<\/p><\/div><div class=\"col-auto mt-md-0 mt-2\"><a class=\"btn btn-primary btn-lg px-lg-4 d-none d-md-block\" href=\"https:\/\/comunidad.comprasdominicana.gob.do\/\/Public\/Tendering\/OpportunityDetail\/Index?noticeUID=DO1.NTC.930341\" target=\"_blank\" title=\"Detalles\"><i class=\"fas fa-link\"><\/i> DETALLES<\/a><a class=\"btn btn-primary btn-lg px-lg-4 d-block d-md-none\" href=\"https:\/\/comunidad.comprasdominicana.gob.do\/\/Public\/Tendering\/OpportunityDetail\/Index?noticeUID=DO1.NTC.930341\" target=\"_blank\" title=\"Detalles\"><i class=\"fas fa-2x fa-link\"><\/i><\/a><\/div><\/div><\/div><div class=\"jumbotron archivos\"><div class=\"row align-items-center\"><div class=\"col\"><h6><a class=\"text-dark\" href=\"https:\/\/comunidad.comprasdominicana.gob.do\/\/Public\/Tendering\/OpportunityDetail\/Index?noticeUID=DO1.NTC.929827\" title=\"Ver\" target=\"_blank\">APORDOM-UC-CD-2021-0030<\/a><\/h6><p class=\"mb-0 bold\">Adquisici\u00f3n de Resmas de Papel Bond para la Sede Principal de Autoridad Portuaria Dominicana, Dirigido a Mipymes<\/p><p class=\"mb-0\" style=\"font-size: .85rem\"><strong title=\"Estado del Proceso\"><i class=\"fas fa-spinner\"><\/i><\/strong> Proceso adjudicado y celebrado<\/p><p class=\"mb-0\" style=\"font-size: .85rem\"><strong title=\"Fecha de Publicaci\u00f3n\"><i class=\"fas fa-calendar-alt\"><\/i><\/strong> Publicado el lunes, 14 de junio de 2021<\/p><\/div><div class=\"col-auto mt-md-0 mt-2\"><a class=\"btn btn-primary btn-lg px-lg-4 d-none d-md-block\" href=\"https:\/\/comunidad.comprasdominicana.gob.do\/\/Public\/Tendering\/OpportunityDetail\/Index?noticeUID=DO1.NTC.929827\" target=\"_blank\" title=\"Detalles\"><i class=\"fas fa-link\"><\/i> DETALLES<\/a><a class=\"btn btn-primary btn-lg px-lg-4 d-block d-md-none\" href=\"https:\/\/comunidad.comprasdominicana.gob.do\/\/Public\/Tendering\/OpportunityDetail\/Index?noticeUID=DO1.NTC.929827\" target=\"_blank\" title=\"Detalles\"><i class=\"fas fa-2x fa-link\"><\/i><\/a><\/div><\/div><\/div><div class=\"jumbotron archivos\"><div class=\"row align-items-center\"><div class=\"col\"><h6><a class=\"text-dark\" href=\"https:\/\/comunidad.comprasdominicana.gob.do\/\/Public\/Tendering\/OpportunityDetail\/Index?noticeUID=DO1.NTC.929028\" title=\"Ver\" target=\"_blank\">APORDOM-UC-CD-2021-0029<\/a><\/h6><p class=\"mb-0 bold\">ADQUISICI\u00d3N DE TABLETA PARA USO DE LA DIRECCION COMERCIAL DE ESTA AUTORIDAD PORTUARIA.  <\/p><p class=\"mb-0\" style=\"font-size: .85rem\"><strong title=\"Estado del Proceso\"><i class=\"fas fa-spinner\"><\/i><\/strong> Proceso adjudicado y celebrado<\/p><p class=\"mb-0\" style=\"font-size: .85rem\"><strong title=\"Fecha de Publicaci\u00f3n\"><i class=\"fas fa-calendar-alt\"><\/i><\/strong> Publicado el jueves, 10 de junio de 2021<\/p><\/div><div class=\"col-auto mt-md-0 mt-2\"><a class=\"btn btn-primary btn-lg px-lg-4 d-none d-md-block\" href=\"https:\/\/comunidad.comprasdominicana.gob.do\/\/Public\/Tendering\/OpportunityDetail\/Index?noticeUID=DO1.NTC.929028\" target=\"_blank\" title=\"Detalles\"><i class=\"fas fa-link\"><\/i> DETALLES<\/a><a class=\"btn btn-primary btn-lg px-lg-4 d-block d-md-none\" href=\"https:\/\/comunidad.comprasdominicana.gob.do\/\/Public\/Tendering\/OpportunityDetail\/Index?noticeUID=DO1.NTC.929028\" target=\"_blank\" title=\"Detalles\"><i class=\"fas fa-2x fa-link\"><\/i><\/a><\/div><\/div><\/div><\/div><\/div><\/div>\n        <div class=\"card\">\n            <div class=\"card-header parents\" id=\"heading_compras-por-debajo-del-umbral-69eeee772d89c-2021-69eeee772d89c-mayo-69eeee772d89c\">\n                <p class=\"title text-blue mb-0\">\n                    <a class=\"btn-block hover text-left collapsed\" data-toggle=\"collapse\" data-target=\"#collap_compras-por-debajo-del-umbral-69eeee772d89c-2021-69eeee772d89c-mayo-69eeee772d89c\" aria-expanded=\"false\" aria-controls=\"collap_compras-por-debajo-del-umbral-69eeee772d89c-2021-69eeee772d89c-mayo-69eeee772d89c\">Mayo<\/a>\n                <\/p>\n            <\/div>\n            <div id=\"collap_compras-por-debajo-del-umbral-69eeee772d89c-2021-69eeee772d89c-mayo-69eeee772d89c\" class=\"collapse\" aria-labelledby=\"heading_compras-por-debajo-del-umbral-69eeee772d89c-2021-69eeee772d89c-mayo-69eeee772d89c\" data-parent=\"#collap_compras-por-debajo-del-umbral-69eeee772d89c-2021-69eeee772d89c\">\n                <div class=\"card-body\"><div class=\"jumbotron archivos\"><div class=\"row align-items-center\"><div class=\"col\"><h6><a class=\"text-dark\" href=\"https:\/\/comunidad.comprasdominicana.gob.do\/\/Public\/Tendering\/OpportunityDetail\/Index?noticeUID=DO1.NTC.921411\" title=\"Ver\" target=\"_blank\">APORDOM-UC-CD-2021-0019<\/a><\/h6><p class=\"mb-0 bold\">Adquisici\u00f3n de Rodenticidas para uso de la Autoridad Portuaria Dominicana.<\/p><p class=\"mb-0\" style=\"font-size: .85rem\"><strong title=\"Estado del Proceso\"><i class=\"fas fa-spinner\"><\/i><\/strong> Proceso adjudicado y celebrado<\/p><p class=\"mb-0\" style=\"font-size: .85rem\"><strong title=\"Fecha de Publicaci\u00f3n\"><i class=\"fas fa-calendar-alt\"><\/i><\/strong> Publicado el lunes, 24 de mayo de 2021<\/p><\/div><div class=\"col-auto mt-md-0 mt-2\"><a class=\"btn btn-primary btn-lg px-lg-4 d-none d-md-block\" href=\"https:\/\/comunidad.comprasdominicana.gob.do\/\/Public\/Tendering\/OpportunityDetail\/Index?noticeUID=DO1.NTC.921411\" target=\"_blank\" title=\"Detalles\"><i class=\"fas fa-link\"><\/i> DETALLES<\/a><a class=\"btn btn-primary btn-lg px-lg-4 d-block d-md-none\" href=\"https:\/\/comunidad.comprasdominicana.gob.do\/\/Public\/Tendering\/OpportunityDetail\/Index?noticeUID=DO1.NTC.921411\" target=\"_blank\" title=\"Detalles\"><i class=\"fas fa-2x fa-link\"><\/i><\/a><\/div><\/div><\/div><div class=\"jumbotron archivos\"><div class=\"row align-items-center\"><div class=\"col\"><h6><a class=\"text-dark\" href=\"https:\/\/comunidad.comprasdominicana.gob.do\/\/Public\/Tendering\/OpportunityDetail\/Index?noticeUID=DO1.NTC.920904\" title=\"Ver\" target=\"_blank\">APORDOM-UC-CD-2021-0028<\/a><\/h6><p class=\"mb-0 bold\">Adquisici\u00f3n de Extintores para uso del Puerto de Barahona.<\/p><p class=\"mb-0\" style=\"font-size: .85rem\"><strong title=\"Estado del Proceso\"><i class=\"fas fa-spinner\"><\/i><\/strong> Proceso adjudicado y celebrado<\/p><p class=\"mb-0\" style=\"font-size: .85rem\"><strong title=\"Fecha de Publicaci\u00f3n\"><i class=\"fas fa-calendar-alt\"><\/i><\/strong> Publicado el viernes, 21 de mayo de 2021<\/p><\/div><div class=\"col-auto mt-md-0 mt-2\"><a class=\"btn btn-primary btn-lg px-lg-4 d-none d-md-block\" href=\"https:\/\/comunidad.comprasdominicana.gob.do\/\/Public\/Tendering\/OpportunityDetail\/Index?noticeUID=DO1.NTC.920904\" target=\"_blank\" title=\"Detalles\"><i class=\"fas fa-link\"><\/i> DETALLES<\/a><a class=\"btn btn-primary btn-lg px-lg-4 d-block d-md-none\" href=\"https:\/\/comunidad.comprasdominicana.gob.do\/\/Public\/Tendering\/OpportunityDetail\/Index?noticeUID=DO1.NTC.920904\" target=\"_blank\" title=\"Detalles\"><i class=\"fas fa-2x fa-link\"><\/i><\/a><\/div><\/div><\/div><div class=\"jumbotron archivos\"><div class=\"row align-items-center\"><div class=\"col\"><h6><a class=\"text-dark\" href=\"https:\/\/comunidad.comprasdominicana.gob.do\/\/Public\/Tendering\/OpportunityDetail\/Index?noticeUID=DO1.NTC.919911\" title=\"Ver\" target=\"_blank\">APORDOM-UC-CD-2021-0027<\/a><\/h6><p class=\"mb-0 bold\">Adquisici\u00f3n De Materiales Para Construcci\u00f3n De Plaza Gregorio Gilbert En El Puerto San Pedro De Macor\u00eds y APORDOM.<\/p><p class=\"mb-0\" style=\"font-size: .85rem\"><strong title=\"Estado del Proceso\"><i class=\"fas fa-spinner\"><\/i><\/strong> Proceso adjudicado y celebrado<\/p><p class=\"mb-0\" style=\"font-size: .85rem\"><strong title=\"Fecha de Publicaci\u00f3n\"><i class=\"fas fa-calendar-alt\"><\/i><\/strong> Publicado el mi\u00e9rcoles, 19 de mayo de 2021<\/p><\/div><div class=\"col-auto mt-md-0 mt-2\"><a class=\"btn btn-primary btn-lg px-lg-4 d-none d-md-block\" href=\"https:\/\/comunidad.comprasdominicana.gob.do\/\/Public\/Tendering\/OpportunityDetail\/Index?noticeUID=DO1.NTC.919911\" target=\"_blank\" title=\"Detalles\"><i class=\"fas fa-link\"><\/i> DETALLES<\/a><a class=\"btn btn-primary btn-lg px-lg-4 d-block d-md-none\" href=\"https:\/\/comunidad.comprasdominicana.gob.do\/\/Public\/Tendering\/OpportunityDetail\/Index?noticeUID=DO1.NTC.919911\" target=\"_blank\" title=\"Detalles\"><i class=\"fas fa-2x fa-link\"><\/i><\/a><\/div><\/div><\/div><div class=\"jumbotron archivos\"><div class=\"row align-items-center\"><div class=\"col\"><h6><a class=\"text-dark\" href=\"https:\/\/comunidad.comprasdominicana.gob.do\/\/Public\/Tendering\/OpportunityDetail\/Index?noticeUID=DO1.NTC.916929\" title=\"Ver\" target=\"_blank\">APORDOM-UC-CD-2021-0023<\/a><\/h6><p class=\"mb-0 bold\">Adquisici\u00f3n de Computadoras  Laptops y Trituradora - Dirigido a MYPIMES <\/p><p class=\"mb-0\" style=\"font-size: .85rem\"><strong title=\"Estado del Proceso\"><i class=\"fas fa-spinner\"><\/i><\/strong> Proceso adjudicado y celebrado<\/p><p class=\"mb-0\" style=\"font-size: .85rem\"><strong title=\"Fecha de Publicaci\u00f3n\"><i class=\"fas fa-calendar-alt\"><\/i><\/strong> Publicado el mi\u00e9rcoles, 12 de mayo de 2021<\/p><\/div><div class=\"col-auto mt-md-0 mt-2\"><a class=\"btn btn-primary btn-lg px-lg-4 d-none d-md-block\" href=\"https:\/\/comunidad.comprasdominicana.gob.do\/\/Public\/Tendering\/OpportunityDetail\/Index?noticeUID=DO1.NTC.916929\" target=\"_blank\" title=\"Detalles\"><i class=\"fas fa-link\"><\/i> DETALLES<\/a><a class=\"btn btn-primary btn-lg px-lg-4 d-block d-md-none\" href=\"https:\/\/comunidad.comprasdominicana.gob.do\/\/Public\/Tendering\/OpportunityDetail\/Index?noticeUID=DO1.NTC.916929\" target=\"_blank\" title=\"Detalles\"><i class=\"fas fa-2x fa-link\"><\/i><\/a><\/div><\/div><\/div><div class=\"jumbotron archivos\"><div class=\"row align-items-center\"><div class=\"col\"><h6><a class=\"text-dark\" href=\"https:\/\/comunidad.comprasdominicana.gob.do\/\/Public\/Tendering\/OpportunityDetail\/Index?noticeUID=DO1.NTC.913419\" title=\"Ver\" target=\"_blank\">APORDOM-UC-CD-2021-0025<\/a><\/h6><p class=\"mb-0 bold\">Impresi\u00f3n  de Brochures-Dirigido a MYPIMES en el marco de la presentaci\u00f3n de Carta Compromiso de APORDOM. <\/p><p class=\"mb-0\" style=\"font-size: .85rem\"><strong title=\"Estado del Proceso\"><i class=\"fas fa-spinner\"><\/i><\/strong> Proceso adjudicado y celebrado<\/p><p class=\"mb-0\" style=\"font-size: .85rem\"><strong title=\"Fecha de Publicaci\u00f3n\"><i class=\"fas fa-calendar-alt\"><\/i><\/strong> Publicado el viernes, 7 de mayo de 2021<\/p><\/div><div class=\"col-auto mt-md-0 mt-2\"><a class=\"btn btn-primary btn-lg px-lg-4 d-none d-md-block\" href=\"https:\/\/comunidad.comprasdominicana.gob.do\/\/Public\/Tendering\/OpportunityDetail\/Index?noticeUID=DO1.NTC.913419\" target=\"_blank\" title=\"Detalles\"><i class=\"fas fa-link\"><\/i> DETALLES<\/a><a class=\"btn btn-primary btn-lg px-lg-4 d-block d-md-none\" href=\"https:\/\/comunidad.comprasdominicana.gob.do\/\/Public\/Tendering\/OpportunityDetail\/Index?noticeUID=DO1.NTC.913419\" target=\"_blank\" title=\"Detalles\"><i class=\"fas fa-2x fa-link\"><\/i><\/a><\/div><\/div><\/div><div class=\"jumbotron archivos\"><div class=\"row align-items-center\"><div class=\"col\"><h6><a class=\"text-dark\" href=\"https:\/\/comunidad.comprasdominicana.gob.do\/\/Public\/Tendering\/OpportunityDetail\/Index?noticeUID=DO1.NTC.913824\" title=\"Ver\" target=\"_blank\">APORDOM-UC-CD-2021-0024<\/a><\/h6><p class=\"mb-0 bold\">Servicio de sal\u00f3n de eventos para reuni\u00f3n inicio Norwegian Cruise Line<\/p><p class=\"mb-0\" style=\"font-size: .85rem\"><strong title=\"Estado del Proceso\"><i class=\"fas fa-spinner\"><\/i><\/strong> Proceso adjudicado y celebrado<\/p><p class=\"mb-0\" style=\"font-size: .85rem\"><strong title=\"Fecha de Publicaci\u00f3n\"><i class=\"fas fa-calendar-alt\"><\/i><\/strong> Publicado el viernes, 7 de mayo de 2021<\/p><\/div><div class=\"col-auto mt-md-0 mt-2\"><a class=\"btn btn-primary btn-lg px-lg-4 d-none d-md-block\" href=\"https:\/\/comunidad.comprasdominicana.gob.do\/\/Public\/Tendering\/OpportunityDetail\/Index?noticeUID=DO1.NTC.913824\" target=\"_blank\" title=\"Detalles\"><i class=\"fas fa-link\"><\/i> DETALLES<\/a><a class=\"btn btn-primary btn-lg px-lg-4 d-block d-md-none\" href=\"https:\/\/comunidad.comprasdominicana.gob.do\/\/Public\/Tendering\/OpportunityDetail\/Index?noticeUID=DO1.NTC.913824\" target=\"_blank\" title=\"Detalles\"><i class=\"fas fa-2x fa-link\"><\/i><\/a><\/div><\/div><\/div><div class=\"jumbotron archivos\"><div class=\"row align-items-center\"><div class=\"col\"><h6><a class=\"text-dark\" href=\"https:\/\/comunidad.comprasdominicana.gob.do\/\/Public\/Tendering\/OpportunityDetail\/Index?noticeUID=DO1.NTC.913502\" title=\"Ver\" target=\"_blank\">APORDOM-UC-CD-2021-0022<\/a><\/h6><p class=\"mb-0 bold\">Adquisici\u00f3n De Cemento Para La Construcci\u00f3n De La Caseta Del Tanque De Combustible De APORDOM , Dirigido A Mipyme\n<\/p><p class=\"mb-0\" style=\"font-size: .85rem\"><strong title=\"Estado del Proceso\"><i class=\"fas fa-spinner\"><\/i><\/strong> Proceso adjudicado y celebrado<\/p><p class=\"mb-0\" style=\"font-size: .85rem\"><strong title=\"Fecha de Publicaci\u00f3n\"><i class=\"fas fa-calendar-alt\"><\/i><\/strong> Publicado el viernes, 7 de mayo de 2021<\/p><\/div><div class=\"col-auto mt-md-0 mt-2\"><a class=\"btn btn-primary btn-lg px-lg-4 d-none d-md-block\" href=\"https:\/\/comunidad.comprasdominicana.gob.do\/\/Public\/Tendering\/OpportunityDetail\/Index?noticeUID=DO1.NTC.913502\" target=\"_blank\" title=\"Detalles\"><i class=\"fas fa-link\"><\/i> DETALLES<\/a><a class=\"btn btn-primary btn-lg px-lg-4 d-block d-md-none\" href=\"https:\/\/comunidad.comprasdominicana.gob.do\/\/Public\/Tendering\/OpportunityDetail\/Index?noticeUID=DO1.NTC.913502\" target=\"_blank\" title=\"Detalles\"><i class=\"fas fa-2x fa-link\"><\/i><\/a><\/div><\/div><\/div><div class=\"jumbotron archivos\"><div class=\"row align-items-center\"><div class=\"col\"><h6><a class=\"text-dark\" href=\"https:\/\/comunidad.comprasdominicana.gob.do\/\/Public\/Tendering\/OpportunityDetail\/Index?noticeUID=DO1.NTC.912426\" title=\"Ver\" target=\"_blank\">APORDOM-UC-CD-2021-0020<\/a><\/h6><p class=\"mb-0 bold\">Contrataci\u00f3n de Servicio de Carpas  y Sonido para Actividad en APORDOM , Dirigido a Mipyme.<\/p><p class=\"mb-0\" style=\"font-size: .85rem\"><strong title=\"Estado del Proceso\"><i class=\"fas fa-spinner\"><\/i><\/strong> Proceso adjudicado y celebrado<\/p><p class=\"mb-0\" style=\"font-size: .85rem\"><strong title=\"Fecha de Publicaci\u00f3n\"><i class=\"fas fa-calendar-alt\"><\/i><\/strong> Publicado el mi\u00e9rcoles, 5 de mayo de 2021<\/p><\/div><div class=\"col-auto mt-md-0 mt-2\"><a class=\"btn btn-primary btn-lg px-lg-4 d-none d-md-block\" href=\"https:\/\/comunidad.comprasdominicana.gob.do\/\/Public\/Tendering\/OpportunityDetail\/Index?noticeUID=DO1.NTC.912426\" target=\"_blank\" title=\"Detalles\"><i class=\"fas fa-link\"><\/i> DETALLES<\/a><a class=\"btn btn-primary btn-lg px-lg-4 d-block d-md-none\" href=\"https:\/\/comunidad.comprasdominicana.gob.do\/\/Public\/Tendering\/OpportunityDetail\/Index?noticeUID=DO1.NTC.912426\" target=\"_blank\" title=\"Detalles\"><i class=\"fas fa-2x fa-link\"><\/i><\/a><\/div><\/div><\/div><div class=\"jumbotron archivos\"><div class=\"row align-items-center\"><div class=\"col\"><h6><a class=\"text-dark\" href=\"https:\/\/comunidad.comprasdominicana.gob.do\/\/Public\/Tendering\/OpportunityDetail\/Index?noticeUID=DO1.NTC.911729\" title=\"Ver\" target=\"_blank\">APORDOM-UC-CD-2021-0021<\/a><\/h6><p class=\"mb-0 bold\">Contrataci\u00f3n de Servicio Sluge de Buque ST Jude Surto en el Puerto de San Pedro de Macor\u00eds<\/p><p class=\"mb-0\" style=\"font-size: .85rem\"><strong title=\"Estado del Proceso\"><i class=\"fas fa-spinner\"><\/i><\/strong> Proceso adjudicado y celebrado<\/p><p class=\"mb-0\" style=\"font-size: .85rem\"><strong title=\"Fecha de Publicaci\u00f3n\"><i class=\"fas fa-calendar-alt\"><\/i><\/strong> Publicado el martes, 4 de mayo de 2021<\/p><\/div><div class=\"col-auto mt-md-0 mt-2\"><a class=\"btn btn-primary btn-lg px-lg-4 d-none d-md-block\" href=\"https:\/\/comunidad.comprasdominicana.gob.do\/\/Public\/Tendering\/OpportunityDetail\/Index?noticeUID=DO1.NTC.911729\" target=\"_blank\" title=\"Detalles\"><i class=\"fas fa-link\"><\/i> DETALLES<\/a><a class=\"btn btn-primary btn-lg px-lg-4 d-block d-md-none\" href=\"https:\/\/comunidad.comprasdominicana.gob.do\/\/Public\/Tendering\/OpportunityDetail\/Index?noticeUID=DO1.NTC.911729\" target=\"_blank\" title=\"Detalles\"><i class=\"fas fa-2x fa-link\"><\/i><\/a><\/div><\/div><\/div><div class=\"jumbotron archivos\"><div class=\"row align-items-center\"><div class=\"col\"><h6><a class=\"text-dark\" href=\"https:\/\/comunidad.comprasdominicana.gob.do\/\/Public\/Tendering\/OpportunityDetail\/Index?noticeUID=DO1.NTC.920039\" title=\"Ver\" target=\"_blank\">APORDOM-UC-CD-2021-0026<\/a><\/h6><p class=\"mb-0 bold\">Adquisici\u00f3n de  Materiales de Construcci\u00f3n para Plaza del Puerto de San Pedro de Macor\u00eds y Reconstrucci\u00f3n de Malla Cicl\u00f3nica en Puerto de Boca Chica Dirigido a Mipyme.<\/p><p class=\"mb-0\" style=\"font-size: .85rem\"><strong title=\"Estado del Proceso\"><i class=\"fas fa-spinner\"><\/i><\/strong> Proceso desierto<\/p><p class=\"mb-0\" style=\"font-size: .85rem\"><strong title=\"Fecha de Publicaci\u00f3n\"><i class=\"fas fa-calendar-alt\"><\/i><\/strong> Publicado el mi\u00e9rcoles, 19 de mayo de 2021<\/p><\/div><div class=\"col-auto mt-md-0 mt-2\"><a class=\"btn btn-primary btn-lg px-lg-4 d-none d-md-block\" href=\"https:\/\/comunidad.comprasdominicana.gob.do\/\/Public\/Tendering\/OpportunityDetail\/Index?noticeUID=DO1.NTC.920039\" target=\"_blank\" title=\"Detalles\"><i class=\"fas fa-link\"><\/i> DETALLES<\/a><a class=\"btn btn-primary btn-lg px-lg-4 d-block d-md-none\" href=\"https:\/\/comunidad.comprasdominicana.gob.do\/\/Public\/Tendering\/OpportunityDetail\/Index?noticeUID=DO1.NTC.920039\" target=\"_blank\" title=\"Detalles\"><i class=\"fas fa-2x fa-link\"><\/i><\/a><\/div><\/div><\/div><\/div><\/div><\/div>\n        <div class=\"card\">\n            <div class=\"card-header parents\" id=\"heading_compras-por-debajo-del-umbral-69eeee772d89c-2021-69eeee772d89c-abril-69eeee772d89c\">\n                <p class=\"title text-blue mb-0\">\n                    <a class=\"btn-block hover text-left collapsed\" data-toggle=\"collapse\" data-target=\"#collap_compras-por-debajo-del-umbral-69eeee772d89c-2021-69eeee772d89c-abril-69eeee772d89c\" aria-expanded=\"false\" aria-controls=\"collap_compras-por-debajo-del-umbral-69eeee772d89c-2021-69eeee772d89c-abril-69eeee772d89c\">Abril<\/a>\n                <\/p>\n            <\/div>\n            <div id=\"collap_compras-por-debajo-del-umbral-69eeee772d89c-2021-69eeee772d89c-abril-69eeee772d89c\" class=\"collapse\" aria-labelledby=\"heading_compras-por-debajo-del-umbral-69eeee772d89c-2021-69eeee772d89c-abril-69eeee772d89c\" data-parent=\"#collap_compras-por-debajo-del-umbral-69eeee772d89c-2021-69eeee772d89c\">\n                <div class=\"card-body\"><div class=\"jumbotron archivos\"><div class=\"row align-items-center\"><div class=\"col\"><h6><a class=\"text-dark\" href=\"https:\/\/comunidad.comprasdominicana.gob.do\/\/Public\/Tendering\/OpportunityDetail\/Index?noticeUID=DO1.NTC.902954\" title=\"Ver\" target=\"_blank\">APORDOM-UC-CD-2021-0018<\/a><\/h6><p class=\"mb-0 bold\">Contrataci\u00f3n de Servicios de Reparaci\u00f3n de Drone de la Sede Principal de Autoridad Portuaria Dominicana<\/p><p class=\"mb-0\" style=\"font-size: .85rem\"><strong title=\"Estado del Proceso\"><i class=\"fas fa-spinner\"><\/i><\/strong> Proceso adjudicado y celebrado<\/p><p class=\"mb-0\" style=\"font-size: .85rem\"><strong title=\"Fecha de Publicaci\u00f3n\"><i class=\"fas fa-calendar-alt\"><\/i><\/strong> Publicado el lunes, 19 de abril de 2021<\/p><\/div><div class=\"col-auto mt-md-0 mt-2\"><a class=\"btn btn-primary btn-lg px-lg-4 d-none d-md-block\" href=\"https:\/\/comunidad.comprasdominicana.gob.do\/\/Public\/Tendering\/OpportunityDetail\/Index?noticeUID=DO1.NTC.902954\" target=\"_blank\" title=\"Detalles\"><i class=\"fas fa-link\"><\/i> DETALLES<\/a><a class=\"btn btn-primary btn-lg px-lg-4 d-block d-md-none\" href=\"https:\/\/comunidad.comprasdominicana.gob.do\/\/Public\/Tendering\/OpportunityDetail\/Index?noticeUID=DO1.NTC.902954\" target=\"_blank\" title=\"Detalles\"><i class=\"fas fa-2x fa-link\"><\/i><\/a><\/div><\/div><\/div><\/div><\/div><\/div>\n        <div class=\"card\">\n            <div class=\"card-header parents\" id=\"heading_compras-por-debajo-del-umbral-69eeee772d89c-2021-69eeee772d89c-marzo-69eeee772d89c\">\n                <p class=\"title text-blue mb-0\">\n                    <a class=\"btn-block hover text-left collapsed\" data-toggle=\"collapse\" data-target=\"#collap_compras-por-debajo-del-umbral-69eeee772d89c-2021-69eeee772d89c-marzo-69eeee772d89c\" aria-expanded=\"false\" aria-controls=\"collap_compras-por-debajo-del-umbral-69eeee772d89c-2021-69eeee772d89c-marzo-69eeee772d89c\">Marzo<\/a>\n                <\/p>\n            <\/div>\n            <div id=\"collap_compras-por-debajo-del-umbral-69eeee772d89c-2021-69eeee772d89c-marzo-69eeee772d89c\" class=\"collapse\" aria-labelledby=\"heading_compras-por-debajo-del-umbral-69eeee772d89c-2021-69eeee772d89c-marzo-69eeee772d89c\" data-parent=\"#collap_compras-por-debajo-del-umbral-69eeee772d89c-2021-69eeee772d89c\">\n                <div class=\"card-body\"><div class=\"jumbotron archivos\"><div class=\"row align-items-center\"><div class=\"col\"><h6><a class=\"text-dark\" href=\"https:\/\/comunidad.comprasdominicana.gob.do\/\/Public\/Tendering\/OpportunityDetail\/Index?noticeUID=DO1.NTC.892433\" title=\"Ver\" target=\"_blank\">APORDOM-UC-CD-2021-0016<\/a><\/h6><p class=\"mb-0 bold\">Adquisici\u00f3n de art\u00edculos tecnol\u00f3gicos para la Sede Principal de Autoridad Portuaria.<\/p><p class=\"mb-0\" style=\"font-size: .85rem\"><strong title=\"Estado del Proceso\"><i class=\"fas fa-spinner\"><\/i><\/strong> Proceso adjudicado y celebrado<\/p><p class=\"mb-0\" style=\"font-size: .85rem\"><strong title=\"Fecha de Publicaci\u00f3n\"><i class=\"fas fa-calendar-alt\"><\/i><\/strong> Publicado el jueves, 25 de marzo de 2021<\/p><\/div><div class=\"col-auto mt-md-0 mt-2\"><a class=\"btn btn-primary btn-lg px-lg-4 d-none d-md-block\" href=\"https:\/\/comunidad.comprasdominicana.gob.do\/\/Public\/Tendering\/OpportunityDetail\/Index?noticeUID=DO1.NTC.892433\" target=\"_blank\" title=\"Detalles\"><i class=\"fas fa-link\"><\/i> DETALLES<\/a><a class=\"btn btn-primary btn-lg px-lg-4 d-block d-md-none\" href=\"https:\/\/comunidad.comprasdominicana.gob.do\/\/Public\/Tendering\/OpportunityDetail\/Index?noticeUID=DO1.NTC.892433\" target=\"_blank\" title=\"Detalles\"><i class=\"fas fa-2x fa-link\"><\/i><\/a><\/div><\/div><\/div><div class=\"jumbotron archivos\"><div class=\"row align-items-center\"><div class=\"col\"><h6><a class=\"text-dark\" href=\"https:\/\/comunidad.comprasdominicana.gob.do\/\/Public\/Tendering\/OpportunityDetail\/Index?noticeUID=DO1.NTC.890637\" title=\"Ver\" target=\"_blank\">APORDOM-UC-CD-2021-0017<\/a><\/h6><p class=\"mb-0 bold\">Adquisici\u00f3n de Obsequios para el d\u00eda del Periodista.<\/p><p class=\"mb-0\" style=\"font-size: .85rem\"><strong title=\"Estado del Proceso\"><i class=\"fas fa-spinner\"><\/i><\/strong> Proceso adjudicado y celebrado<\/p><p class=\"mb-0\" style=\"font-size: .85rem\"><strong title=\"Fecha de Publicaci\u00f3n\"><i class=\"fas fa-calendar-alt\"><\/i><\/strong> Publicado el lunes, 22 de marzo de 2021<\/p><\/div><div class=\"col-auto mt-md-0 mt-2\"><a class=\"btn btn-primary btn-lg px-lg-4 d-none d-md-block\" href=\"https:\/\/comunidad.comprasdominicana.gob.do\/\/Public\/Tendering\/OpportunityDetail\/Index?noticeUID=DO1.NTC.890637\" target=\"_blank\" title=\"Detalles\"><i class=\"fas fa-link\"><\/i> DETALLES<\/a><a class=\"btn btn-primary btn-lg px-lg-4 d-block d-md-none\" href=\"https:\/\/comunidad.comprasdominicana.gob.do\/\/Public\/Tendering\/OpportunityDetail\/Index?noticeUID=DO1.NTC.890637\" target=\"_blank\" title=\"Detalles\"><i class=\"fas fa-2x fa-link\"><\/i><\/a><\/div><\/div><\/div><div class=\"jumbotron archivos\"><div class=\"row align-items-center\"><div class=\"col\"><h6><a class=\"text-dark\" href=\"https:\/\/comunidad.comprasdominicana.gob.do\/\/Public\/Tendering\/OpportunityDetail\/Index?noticeUID=DO1.NTC.887639\" title=\"Ver\" target=\"_blank\">APORDOM-UC-CD-2021-0015<\/a><\/h6><p class=\"mb-0 bold\">Contrataci\u00f3n de Servicios de suscripci\u00f3n Anual de Peri\u00f3dico <\/p><p class=\"mb-0\" style=\"font-size: .85rem\"><strong title=\"Estado del Proceso\"><i class=\"fas fa-spinner\"><\/i><\/strong> Proceso adjudicado y celebrado<\/p><p class=\"mb-0\" style=\"font-size: .85rem\"><strong title=\"Fecha de Publicaci\u00f3n\"><i class=\"fas fa-calendar-alt\"><\/i><\/strong> Publicado el lunes, 15 de marzo de 2021<\/p><\/div><div class=\"col-auto mt-md-0 mt-2\"><a class=\"btn btn-primary btn-lg px-lg-4 d-none d-md-block\" href=\"https:\/\/comunidad.comprasdominicana.gob.do\/\/Public\/Tendering\/OpportunityDetail\/Index?noticeUID=DO1.NTC.887639\" target=\"_blank\" title=\"Detalles\"><i class=\"fas fa-link\"><\/i> DETALLES<\/a><a class=\"btn btn-primary btn-lg px-lg-4 d-block d-md-none\" href=\"https:\/\/comunidad.comprasdominicana.gob.do\/\/Public\/Tendering\/OpportunityDetail\/Index?noticeUID=DO1.NTC.887639\" target=\"_blank\" title=\"Detalles\"><i class=\"fas fa-2x fa-link\"><\/i><\/a><\/div><\/div><\/div><div class=\"jumbotron archivos\"><div class=\"row align-items-center\"><div class=\"col\"><h6><a class=\"text-dark\" href=\"https:\/\/comunidad.comprasdominicana.gob.do\/\/Public\/Tendering\/OpportunityDetail\/Index?noticeUID=DO1.NTC.885611\" title=\"Ver\" target=\"_blank\">APORDOM-UC-CD-2021-0014<\/a><\/h6><p class=\"mb-0 bold\">Adquisici\u00f3n de Cables de Red para Instalaci\u00f3n de Impresoras de la Sede Principal de Autoridad Portuaria Dominicana , dirigido a Mipymes.<\/p><p class=\"mb-0\" style=\"font-size: .85rem\"><strong title=\"Estado del Proceso\"><i class=\"fas fa-spinner\"><\/i><\/strong> Proceso adjudicado y celebrado<\/p><p class=\"mb-0\" style=\"font-size: .85rem\"><strong title=\"Fecha de Publicaci\u00f3n\"><i class=\"fas fa-calendar-alt\"><\/i><\/strong> Publicado el mi\u00e9rcoles, 10 de marzo de 2021<\/p><\/div><div class=\"col-auto mt-md-0 mt-2\"><a class=\"btn btn-primary btn-lg px-lg-4 d-none d-md-block\" href=\"https:\/\/comunidad.comprasdominicana.gob.do\/\/Public\/Tendering\/OpportunityDetail\/Index?noticeUID=DO1.NTC.885611\" target=\"_blank\" title=\"Detalles\"><i class=\"fas fa-link\"><\/i> DETALLES<\/a><a class=\"btn btn-primary btn-lg px-lg-4 d-block d-md-none\" href=\"https:\/\/comunidad.comprasdominicana.gob.do\/\/Public\/Tendering\/OpportunityDetail\/Index?noticeUID=DO1.NTC.885611\" target=\"_blank\" title=\"Detalles\"><i class=\"fas fa-2x fa-link\"><\/i><\/a><\/div><\/div><\/div><div class=\"jumbotron archivos\"><div class=\"row align-items-center\"><div class=\"col\"><h6><a class=\"text-dark\" href=\"https:\/\/comunidad.comprasdominicana.gob.do\/\/Public\/Tendering\/OpportunityDetail\/Index?noticeUID=DO1.NTC.881332\" title=\"Ver\" target=\"_blank\">APORDOM-UC-CD-2021-0013<\/a><\/h6><p class=\"mb-0 bold\">Servicio de Transporte en Autob\u00fas al Puerto de Manzanillo.<\/p><p class=\"mb-0\" style=\"font-size: .85rem\"><strong title=\"Estado del Proceso\"><i class=\"fas fa-spinner\"><\/i><\/strong> Proceso adjudicado y celebrado<\/p><p class=\"mb-0\" style=\"font-size: .85rem\"><strong title=\"Fecha de Publicaci\u00f3n\"><i class=\"fas fa-calendar-alt\"><\/i><\/strong> Publicado el martes, 2 de marzo de 2021<\/p><\/div><div class=\"col-auto mt-md-0 mt-2\"><a class=\"btn btn-primary btn-lg px-lg-4 d-none d-md-block\" href=\"https:\/\/comunidad.comprasdominicana.gob.do\/\/Public\/Tendering\/OpportunityDetail\/Index?noticeUID=DO1.NTC.881332\" target=\"_blank\" title=\"Detalles\"><i class=\"fas fa-link\"><\/i> DETALLES<\/a><a class=\"btn btn-primary btn-lg px-lg-4 d-block d-md-none\" href=\"https:\/\/comunidad.comprasdominicana.gob.do\/\/Public\/Tendering\/OpportunityDetail\/Index?noticeUID=DO1.NTC.881332\" target=\"_blank\" title=\"Detalles\"><i class=\"fas fa-2x fa-link\"><\/i><\/a><\/div><\/div><\/div><div class=\"jumbotron archivos\"><div class=\"row align-items-center\"><div class=\"col\"><h6><a class=\"text-dark\" href=\"https:\/\/comunidad.comprasdominicana.gob.do\/\/Public\/Tendering\/OpportunityDetail\/Index?noticeUID=DO1.NTC.880929\" title=\"Ver\" target=\"_blank\">APORDOM-UC-CD-2021-0012<\/a><\/h6><p class=\"mb-0 bold\">Contrataci\u00f3n De Servicio De Desayuno Para La Presentaci\u00f3n De Proyecto En El Puerto De Manzanillo, Dirigido a Mipymes.<\/p><p class=\"mb-0\" style=\"font-size: .85rem\"><strong title=\"Estado del Proceso\"><i class=\"fas fa-spinner\"><\/i><\/strong> Proceso adjudicado y celebrado<\/p><p class=\"mb-0\" style=\"font-size: .85rem\"><strong title=\"Fecha de Publicaci\u00f3n\"><i class=\"fas fa-calendar-alt\"><\/i><\/strong> Publicado el martes, 2 de marzo de 2021<\/p><\/div><div class=\"col-auto mt-md-0 mt-2\"><a class=\"btn btn-primary btn-lg px-lg-4 d-none d-md-block\" href=\"https:\/\/comunidad.comprasdominicana.gob.do\/\/Public\/Tendering\/OpportunityDetail\/Index?noticeUID=DO1.NTC.880929\" target=\"_blank\" title=\"Detalles\"><i class=\"fas fa-link\"><\/i> DETALLES<\/a><a class=\"btn btn-primary btn-lg px-lg-4 d-block d-md-none\" href=\"https:\/\/comunidad.comprasdominicana.gob.do\/\/Public\/Tendering\/OpportunityDetail\/Index?noticeUID=DO1.NTC.880929\" target=\"_blank\" title=\"Detalles\"><i class=\"fas fa-2x fa-link\"><\/i><\/a><\/div><\/div><\/div><div class=\"jumbotron archivos\"><div class=\"row align-items-center\"><div class=\"col\"><h6><a class=\"text-dark\" href=\"https:\/\/comunidad.comprasdominicana.gob.do\/\/Public\/Tendering\/OpportunityDetail\/Index?noticeUID=DO1.NTC.880729\" title=\"Ver\" target=\"_blank\">APORDOM-UC-CD-2021-0011<\/a><\/h6><p class=\"mb-0 bold\">Contrataci\u00f3n de Servicio de Montaje de Techo Truss y Refrigerio para la presentaci\u00f3n de proyecto en el puerto de Manzanillo, Dirigido a Mipymes.<\/p><p class=\"mb-0\" style=\"font-size: .85rem\"><strong title=\"Estado del Proceso\"><i class=\"fas fa-spinner\"><\/i><\/strong> Proceso adjudicado y celebrado<\/p><p class=\"mb-0\" style=\"font-size: .85rem\"><strong title=\"Fecha de Publicaci\u00f3n\"><i class=\"fas fa-calendar-alt\"><\/i><\/strong> Publicado el lunes, 1 de marzo de 2021<\/p><\/div><div class=\"col-auto mt-md-0 mt-2\"><a class=\"btn btn-primary btn-lg px-lg-4 d-none d-md-block\" href=\"https:\/\/comunidad.comprasdominicana.gob.do\/\/Public\/Tendering\/OpportunityDetail\/Index?noticeUID=DO1.NTC.880729\" target=\"_blank\" title=\"Detalles\"><i class=\"fas fa-link\"><\/i> DETALLES<\/a><a class=\"btn btn-primary btn-lg px-lg-4 d-block d-md-none\" href=\"https:\/\/comunidad.comprasdominicana.gob.do\/\/Public\/Tendering\/OpportunityDetail\/Index?noticeUID=DO1.NTC.880729\" target=\"_blank\" title=\"Detalles\"><i class=\"fas fa-2x fa-link\"><\/i><\/a><\/div><\/div><\/div><div class=\"jumbotron archivos\"><div class=\"row align-items-center\"><div class=\"col\"><h6><a class=\"text-dark\" href=\"https:\/\/comunidad.comprasdominicana.gob.do\/\/Public\/Tendering\/OpportunityDetail\/Index?noticeUID=DO1.NTC.880650\" title=\"Ver\" target=\"_blank\">APORDOM-UC-CD-2021-0010<\/a><\/h6><p class=\"mb-0 bold\">Adquisici\u00f3n De Pinturas Para Acondicionamiento de la Entrada Principal de APORDOM, dirigido a Mipymes.<\/p><p class=\"mb-0\" style=\"font-size: .85rem\"><strong title=\"Estado del Proceso\"><i class=\"fas fa-spinner\"><\/i><\/strong> Proceso adjudicado y celebrado<\/p><p class=\"mb-0\" style=\"font-size: .85rem\"><strong title=\"Fecha de Publicaci\u00f3n\"><i class=\"fas fa-calendar-alt\"><\/i><\/strong> Publicado el lunes, 1 de marzo de 2021<\/p><\/div><div class=\"col-auto mt-md-0 mt-2\"><a class=\"btn btn-primary btn-lg px-lg-4 d-none d-md-block\" href=\"https:\/\/comunidad.comprasdominicana.gob.do\/\/Public\/Tendering\/OpportunityDetail\/Index?noticeUID=DO1.NTC.880650\" target=\"_blank\" title=\"Detalles\"><i class=\"fas fa-link\"><\/i> DETALLES<\/a><a class=\"btn btn-primary btn-lg px-lg-4 d-block d-md-none\" href=\"https:\/\/comunidad.comprasdominicana.gob.do\/\/Public\/Tendering\/OpportunityDetail\/Index?noticeUID=DO1.NTC.880650\" target=\"_blank\" title=\"Detalles\"><i class=\"fas fa-2x fa-link\"><\/i><\/a><\/div><\/div><\/div><\/div><\/div><\/div>\n        <div class=\"card\">\n            <div class=\"card-header parents\" id=\"heading_compras-por-debajo-del-umbral-69eeee772d89c-2021-69eeee772d89c-febrero-69eeee772d89c\">\n                <p class=\"title text-blue mb-0\">\n                    <a class=\"btn-block hover text-left collapsed\" data-toggle=\"collapse\" data-target=\"#collap_compras-por-debajo-del-umbral-69eeee772d89c-2021-69eeee772d89c-febrero-69eeee772d89c\" aria-expanded=\"false\" aria-controls=\"collap_compras-por-debajo-del-umbral-69eeee772d89c-2021-69eeee772d89c-febrero-69eeee772d89c\">Febrero<\/a>\n                <\/p>\n            <\/div>\n            <div id=\"collap_compras-por-debajo-del-umbral-69eeee772d89c-2021-69eeee772d89c-febrero-69eeee772d89c\" class=\"collapse\" aria-labelledby=\"heading_compras-por-debajo-del-umbral-69eeee772d89c-2021-69eeee772d89c-febrero-69eeee772d89c\" data-parent=\"#collap_compras-por-debajo-del-umbral-69eeee772d89c-2021-69eeee772d89c\">\n                <div class=\"card-body\"><div class=\"jumbotron archivos\"><div class=\"row align-items-center\"><div class=\"col\"><h6><a class=\"text-dark\" href=\"https:\/\/comunidad.comprasdominicana.gob.do\/\/Public\/Tendering\/OpportunityDetail\/Index?noticeUID=DO1.NTC.878126\" title=\"Ver\" target=\"_blank\">APORDOM-UC-CD-2021-0009<\/a><\/h6><p class=\"mb-0 bold\">Adquisici\u00f3n de B\u00e1scula Digital, Nevera Ejecutiva y Abanicos de Pared para la Sede Principal de Autoridad Portuaria Dominicana, Dirigido a Mipymes.<\/p><p class=\"mb-0\" style=\"font-size: .85rem\"><strong title=\"Estado del Proceso\"><i class=\"fas fa-spinner\"><\/i><\/strong> Proceso adjudicado y celebrado<\/p><p class=\"mb-0\" style=\"font-size: .85rem\"><strong title=\"Fecha de Publicaci\u00f3n\"><i class=\"fas fa-calendar-alt\"><\/i><\/strong> Publicado el martes, 23 de febrero de 2021<\/p><\/div><div class=\"col-auto mt-md-0 mt-2\"><a class=\"btn btn-primary btn-lg px-lg-4 d-none d-md-block\" href=\"https:\/\/comunidad.comprasdominicana.gob.do\/\/Public\/Tendering\/OpportunityDetail\/Index?noticeUID=DO1.NTC.878126\" target=\"_blank\" title=\"Detalles\"><i class=\"fas fa-link\"><\/i> DETALLES<\/a><a class=\"btn btn-primary btn-lg px-lg-4 d-block d-md-none\" href=\"https:\/\/comunidad.comprasdominicana.gob.do\/\/Public\/Tendering\/OpportunityDetail\/Index?noticeUID=DO1.NTC.878126\" target=\"_blank\" title=\"Detalles\"><i class=\"fas fa-2x fa-link\"><\/i><\/a><\/div><\/div><\/div><div class=\"jumbotron archivos\"><div class=\"row align-items-center\"><div class=\"col\"><h6><a class=\"text-dark\" href=\"https:\/\/comunidad.comprasdominicana.gob.do\/\/Public\/Tendering\/OpportunityDetail\/Index?noticeUID=DO1.NTC.877232\" title=\"Ver\" target=\"_blank\">APORDOM-UC-CD-2021-0007<\/a><\/h6><p class=\"mb-0 bold\">Adquisici\u00f3n De Motor E Instalaci\u00f3n Para El Port\u00f3n El\u00e9ctrico  De La Sede Principal De Autoridad Portuaria Dominica.<\/p><p class=\"mb-0\" style=\"font-size: .85rem\"><strong title=\"Estado del Proceso\"><i class=\"fas fa-spinner\"><\/i><\/strong> Proceso adjudicado y celebrado<\/p><p class=\"mb-0\" style=\"font-size: .85rem\"><strong title=\"Fecha de Publicaci\u00f3n\"><i class=\"fas fa-calendar-alt\"><\/i><\/strong> Publicado el lunes, 22 de febrero de 2021<\/p><\/div><div class=\"col-auto mt-md-0 mt-2\"><a class=\"btn btn-primary btn-lg px-lg-4 d-none d-md-block\" href=\"https:\/\/comunidad.comprasdominicana.gob.do\/\/Public\/Tendering\/OpportunityDetail\/Index?noticeUID=DO1.NTC.877232\" target=\"_blank\" title=\"Detalles\"><i class=\"fas fa-link\"><\/i> DETALLES<\/a><a class=\"btn btn-primary btn-lg px-lg-4 d-block d-md-none\" href=\"https:\/\/comunidad.comprasdominicana.gob.do\/\/Public\/Tendering\/OpportunityDetail\/Index?noticeUID=DO1.NTC.877232\" target=\"_blank\" title=\"Detalles\"><i class=\"fas fa-2x fa-link\"><\/i><\/a><\/div><\/div><\/div><div class=\"jumbotron archivos\"><div class=\"row align-items-center\"><div class=\"col\"><h6><a class=\"text-dark\" href=\"https:\/\/comunidad.comprasdominicana.gob.do\/\/Public\/Tendering\/OpportunityDetail\/Index?noticeUID=DO1.NTC.875433\" title=\"Ver\" target=\"_blank\">APORDOM-UC-CD-2021-0008<\/a><\/h6><p class=\"mb-0 bold\">Adquisici\u00f3n de una Unidad de Aire Acondicionado para la Cooperativa de APORDOM Dirigido a MIPYMES.\n<\/p><p class=\"mb-0\" style=\"font-size: .85rem\"><strong title=\"Estado del Proceso\"><i class=\"fas fa-spinner\"><\/i><\/strong> Proceso adjudicado y celebrado<\/p><p class=\"mb-0\" style=\"font-size: .85rem\"><strong title=\"Fecha de Publicaci\u00f3n\"><i class=\"fas fa-calendar-alt\"><\/i><\/strong> Publicado el mi\u00e9rcoles, 17 de febrero de 2021<\/p><\/div><div class=\"col-auto mt-md-0 mt-2\"><a class=\"btn btn-primary btn-lg px-lg-4 d-none d-md-block\" href=\"https:\/\/comunidad.comprasdominicana.gob.do\/\/Public\/Tendering\/OpportunityDetail\/Index?noticeUID=DO1.NTC.875433\" target=\"_blank\" title=\"Detalles\"><i class=\"fas fa-link\"><\/i> DETALLES<\/a><a class=\"btn btn-primary btn-lg px-lg-4 d-block d-md-none\" href=\"https:\/\/comunidad.comprasdominicana.gob.do\/\/Public\/Tendering\/OpportunityDetail\/Index?noticeUID=DO1.NTC.875433\" target=\"_blank\" title=\"Detalles\"><i class=\"fas fa-2x fa-link\"><\/i><\/a><\/div><\/div><\/div><div class=\"jumbotron archivos\"><div class=\"row align-items-center\"><div class=\"col\"><h6><a class=\"text-dark\" href=\"https:\/\/comunidad.comprasdominicana.gob.do\/\/Public\/Tendering\/OpportunityDetail\/Index?noticeUID=DO1.NTC.875621\" title=\"Ver\" target=\"_blank\">APORDOM-UC-CD-2021-0005<\/a><\/h6><p class=\"mb-0 bold\">Adquisici\u00f3n de Laminados y Mamparas Protectoras para la Sede Principal de APORDOM<\/p><p class=\"mb-0\" style=\"font-size: .85rem\"><strong title=\"Estado del Proceso\"><i class=\"fas fa-spinner\"><\/i><\/strong> Proceso adjudicado y celebrado<\/p><p class=\"mb-0\" style=\"font-size: .85rem\"><strong title=\"Fecha de Publicaci\u00f3n\"><i class=\"fas fa-calendar-alt\"><\/i><\/strong> Publicado el mi\u00e9rcoles, 17 de febrero de 2021<\/p><\/div><div class=\"col-auto mt-md-0 mt-2\"><a class=\"btn btn-primary btn-lg px-lg-4 d-none d-md-block\" href=\"https:\/\/comunidad.comprasdominicana.gob.do\/\/Public\/Tendering\/OpportunityDetail\/Index?noticeUID=DO1.NTC.875621\" target=\"_blank\" title=\"Detalles\"><i class=\"fas fa-link\"><\/i> DETALLES<\/a><a class=\"btn btn-primary btn-lg px-lg-4 d-block d-md-none\" href=\"https:\/\/comunidad.comprasdominicana.gob.do\/\/Public\/Tendering\/OpportunityDetail\/Index?noticeUID=DO1.NTC.875621\" target=\"_blank\" title=\"Detalles\"><i class=\"fas fa-2x fa-link\"><\/i><\/a><\/div><\/div><\/div><div class=\"jumbotron archivos\"><div class=\"row align-items-center\"><div class=\"col\"><h6><a class=\"text-dark\" href=\"https:\/\/comunidad.comprasdominicana.gob.do\/\/Public\/Tendering\/OpportunityDetail\/Index?noticeUID=DO1.NTC.874730\" title=\"Ver\" target=\"_blank\">APORDOM-UC-CD-2021-0003<\/a><\/h6><p class=\"mb-0 bold\">Contrataci\u00f3n de Servicio para el Mantenimiento del Elevador de APORDOM, por un periodo de un a\u00f1o.<\/p><p class=\"mb-0\" style=\"font-size: .85rem\"><strong title=\"Estado del Proceso\"><i class=\"fas fa-spinner\"><\/i><\/strong> Proceso adjudicado y celebrado<\/p><p class=\"mb-0\" style=\"font-size: .85rem\"><strong title=\"Fecha de Publicaci\u00f3n\"><i class=\"fas fa-calendar-alt\"><\/i><\/strong> Publicado el lunes, 15 de febrero de 2021<\/p><\/div><div class=\"col-auto mt-md-0 mt-2\"><a class=\"btn btn-primary btn-lg px-lg-4 d-none d-md-block\" href=\"https:\/\/comunidad.comprasdominicana.gob.do\/\/Public\/Tendering\/OpportunityDetail\/Index?noticeUID=DO1.NTC.874730\" target=\"_blank\" title=\"Detalles\"><i class=\"fas fa-link\"><\/i> DETALLES<\/a><a class=\"btn btn-primary btn-lg px-lg-4 d-block d-md-none\" href=\"https:\/\/comunidad.comprasdominicana.gob.do\/\/Public\/Tendering\/OpportunityDetail\/Index?noticeUID=DO1.NTC.874730\" target=\"_blank\" title=\"Detalles\"><i class=\"fas fa-2x fa-link\"><\/i><\/a><\/div><\/div><\/div><div class=\"jumbotron archivos\"><div class=\"row align-items-center\"><div class=\"col\"><h6><a class=\"text-dark\" href=\"https:\/\/comunidad.comprasdominicana.gob.do\/\/Public\/Tendering\/OpportunityDetail\/Index?noticeUID=DO1.NTC.874618\" title=\"Ver\" target=\"_blank\">APORDOM-UC-CD-2021-0006<\/a><\/h6><p class=\"mb-0 bold\">Adquisici\u00f3n De M\u00e1quinas Sumadoras Para APORDOM , Dirigido a Mipyme Mujer.<\/p><p class=\"mb-0\" style=\"font-size: .85rem\"><strong title=\"Estado del Proceso\"><i class=\"fas fa-spinner\"><\/i><\/strong> Proceso adjudicado y celebrado<\/p><p class=\"mb-0\" style=\"font-size: .85rem\"><strong title=\"Fecha de Publicaci\u00f3n\"><i class=\"fas fa-calendar-alt\"><\/i><\/strong> Publicado el lunes, 15 de febrero de 2021<\/p><\/div><div class=\"col-auto mt-md-0 mt-2\"><a class=\"btn btn-primary btn-lg px-lg-4 d-none d-md-block\" href=\"https:\/\/comunidad.comprasdominicana.gob.do\/\/Public\/Tendering\/OpportunityDetail\/Index?noticeUID=DO1.NTC.874618\" target=\"_blank\" title=\"Detalles\"><i class=\"fas fa-link\"><\/i> DETALLES<\/a><a class=\"btn btn-primary btn-lg px-lg-4 d-block d-md-none\" href=\"https:\/\/comunidad.comprasdominicana.gob.do\/\/Public\/Tendering\/OpportunityDetail\/Index?noticeUID=DO1.NTC.874618\" target=\"_blank\" title=\"Detalles\"><i class=\"fas fa-2x fa-link\"><\/i><\/a><\/div><\/div><\/div><div class=\"jumbotron archivos\"><div class=\"row align-items-center\"><div class=\"col\"><h6><a class=\"text-dark\" href=\"https:\/\/comunidad.comprasdominicana.gob.do\/\/Public\/Tendering\/OpportunityDetail\/Index?noticeUID=DO1.NTC.872713\" title=\"Ver\" target=\"_blank\">APORDOM-UC-CD-2021-0004<\/a><\/h6><p class=\"mb-0 bold\">Adquisici\u00f3n de Sellos Institucionales Pre-Tintados para la Sede Central de APORDOM.<\/p><p class=\"mb-0\" style=\"font-size: .85rem\"><strong title=\"Estado del Proceso\"><i class=\"fas fa-spinner\"><\/i><\/strong> Proceso adjudicado y celebrado<\/p><p class=\"mb-0\" style=\"font-size: .85rem\"><strong title=\"Fecha de Publicaci\u00f3n\"><i class=\"fas fa-calendar-alt\"><\/i><\/strong> Publicado el mi\u00e9rcoles, 10 de febrero de 2021<\/p><\/div><div class=\"col-auto mt-md-0 mt-2\"><a class=\"btn btn-primary btn-lg px-lg-4 d-none d-md-block\" href=\"https:\/\/comunidad.comprasdominicana.gob.do\/\/Public\/Tendering\/OpportunityDetail\/Index?noticeUID=DO1.NTC.872713\" target=\"_blank\" title=\"Detalles\"><i class=\"fas fa-link\"><\/i> DETALLES<\/a><a class=\"btn btn-primary btn-lg px-lg-4 d-block d-md-none\" href=\"https:\/\/comunidad.comprasdominicana.gob.do\/\/Public\/Tendering\/OpportunityDetail\/Index?noticeUID=DO1.NTC.872713\" target=\"_blank\" title=\"Detalles\"><i class=\"fas fa-2x fa-link\"><\/i><\/a><\/div><\/div><\/div><\/div><\/div><\/div>\n        <div class=\"card\">\n            <div class=\"card-header parents\" id=\"heading_compras-por-debajo-del-umbral-69eeee772d89c-2021-69eeee772d89c-enero-69eeee772d89c\">\n                <p class=\"title text-blue mb-0\">\n                    <a class=\"btn-block hover text-left collapsed\" data-toggle=\"collapse\" data-target=\"#collap_compras-por-debajo-del-umbral-69eeee772d89c-2021-69eeee772d89c-enero-69eeee772d89c\" aria-expanded=\"false\" aria-controls=\"collap_compras-por-debajo-del-umbral-69eeee772d89c-2021-69eeee772d89c-enero-69eeee772d89c\">Enero<\/a>\n                <\/p>\n            <\/div>\n            <div id=\"collap_compras-por-debajo-del-umbral-69eeee772d89c-2021-69eeee772d89c-enero-69eeee772d89c\" class=\"collapse\" aria-labelledby=\"heading_compras-por-debajo-del-umbral-69eeee772d89c-2021-69eeee772d89c-enero-69eeee772d89c\" data-parent=\"#collap_compras-por-debajo-del-umbral-69eeee772d89c-2021-69eeee772d89c\">\n                <div class=\"card-body\"><div class=\"jumbotron archivos\"><div class=\"row align-items-center\"><div class=\"col\"><h6><a class=\"text-dark\" href=\"https:\/\/comunidad.comprasdominicana.gob.do\/\/Public\/Tendering\/OpportunityDetail\/Index?noticeUID=DO1.NTC.866118\" title=\"Ver\" target=\"_blank\">APORDOM-UC-CD-2021-0002<\/a><\/h6><p class=\"mb-0 bold\">Adquisici\u00f3n de (T\u00e9, Caf\u00e9, Az\u00facar, Crema para Caf\u00e9 y Vasos para Caf\u00e9) para el consumo de Autoridad Portuaria por 3 meses, Dirigido a MIPYMES.<\/p><p class=\"mb-0\" style=\"font-size: .85rem\"><strong title=\"Estado del Proceso\"><i class=\"fas fa-spinner\"><\/i><\/strong> Proceso adjudicado y celebrado<\/p><p class=\"mb-0\" style=\"font-size: .85rem\"><strong title=\"Fecha de Publicaci\u00f3n\"><i class=\"fas fa-calendar-alt\"><\/i><\/strong> Publicado el martes, 26 de enero de 2021<\/p><\/div><div class=\"col-auto mt-md-0 mt-2\"><a class=\"btn btn-primary btn-lg px-lg-4 d-none d-md-block\" href=\"https:\/\/comunidad.comprasdominicana.gob.do\/\/Public\/Tendering\/OpportunityDetail\/Index?noticeUID=DO1.NTC.866118\" target=\"_blank\" title=\"Detalles\"><i class=\"fas fa-link\"><\/i> DETALLES<\/a><a class=\"btn btn-primary btn-lg px-lg-4 d-block d-md-none\" href=\"https:\/\/comunidad.comprasdominicana.gob.do\/\/Public\/Tendering\/OpportunityDetail\/Index?noticeUID=DO1.NTC.866118\" target=\"_blank\" title=\"Detalles\"><i class=\"fas fa-2x fa-link\"><\/i><\/a><\/div><\/div><\/div><div class=\"jumbotron archivos\"><div class=\"row align-items-center\"><div class=\"col\"><h6><a class=\"text-dark\" href=\"https:\/\/comunidad.comprasdominicana.gob.do\/\/Public\/Tendering\/OpportunityDetail\/Index?noticeUID=DO1.NTC.864301\" title=\"Ver\" target=\"_blank\">APORDOM-UC-CD-2021-0001<\/a><\/h6><p class=\"mb-0 bold\">Adquisici\u00f3n De Sill\u00f3n De Oficina Para La Direcci\u00f3n Ejecutiva De APORDOM.<\/p><p class=\"mb-0\" style=\"font-size: .85rem\"><strong title=\"Estado del Proceso\"><i class=\"fas fa-spinner\"><\/i><\/strong> Proceso adjudicado y celebrado<\/p><p class=\"mb-0\" style=\"font-size: .85rem\"><strong title=\"Fecha de Publicaci\u00f3n\"><i class=\"fas fa-calendar-alt\"><\/i><\/strong> Publicado el martes, 19 de enero de 2021<\/p><\/div><div class=\"col-auto mt-md-0 mt-2\"><a class=\"btn btn-primary btn-lg px-lg-4 d-none d-md-block\" href=\"https:\/\/comunidad.comprasdominicana.gob.do\/\/Public\/Tendering\/OpportunityDetail\/Index?noticeUID=DO1.NTC.864301\" target=\"_blank\" title=\"Detalles\"><i class=\"fas fa-link\"><\/i> DETALLES<\/a><a class=\"btn btn-primary btn-lg px-lg-4 d-block d-md-none\" href=\"https:\/\/comunidad.comprasdominicana.gob.do\/\/Public\/Tendering\/OpportunityDetail\/Index?noticeUID=DO1.NTC.864301\" target=\"_blank\" title=\"Detalles\"><i class=\"fas fa-2x fa-link\"><\/i><\/a><\/div><\/div><\/div><\/div><\/div><\/div><\/div><\/div><\/div>\n        <div class=\"card\">\n            <div class=\"card-header parents\" id=\"heading_compras-por-debajo-del-umbral-69eeee772d89c-2020-69eeee772d89c\">\n                <p class=\"title text-blue mb-0\">\n                    <a class=\"btn-block hover text-left collapsed\" data-toggle=\"collapse\" data-target=\"#collap_compras-por-debajo-del-umbral-69eeee772d89c-2020-69eeee772d89c\" aria-expanded=\"false\" aria-controls=\"collap_compras-por-debajo-del-umbral-69eeee772d89c-2020-69eeee772d89c\">2020<\/a>\n                <\/p>\n            <\/div>\n            <div id=\"collap_compras-por-debajo-del-umbral-69eeee772d89c-2020-69eeee772d89c\" class=\"collapse\" aria-labelledby=\"heading_compras-por-debajo-del-umbral-69eeee772d89c-2020-69eeee772d89c\" data-parent=\"#collap_compras-por-debajo-del-umbral-69eeee772d89c\">\n                <div class=\"card-body\">\n        <div class=\"card\">\n            <div class=\"card-header parents\" id=\"heading_compras-por-debajo-del-umbral-69eeee772d89c-2020-69eeee772d89c-diciembre-69eeee772d89c\">\n                <p class=\"title text-blue mb-0\">\n                    <a class=\"btn-block hover text-left collapsed\" data-toggle=\"collapse\" data-target=\"#collap_compras-por-debajo-del-umbral-69eeee772d89c-2020-69eeee772d89c-diciembre-69eeee772d89c\" aria-expanded=\"false\" aria-controls=\"collap_compras-por-debajo-del-umbral-69eeee772d89c-2020-69eeee772d89c-diciembre-69eeee772d89c\">Diciembre<\/a>\n                <\/p>\n            <\/div>\n            <div id=\"collap_compras-por-debajo-del-umbral-69eeee772d89c-2020-69eeee772d89c-diciembre-69eeee772d89c\" class=\"collapse\" aria-labelledby=\"heading_compras-por-debajo-del-umbral-69eeee772d89c-2020-69eeee772d89c-diciembre-69eeee772d89c\" data-parent=\"#collap_compras-por-debajo-del-umbral-69eeee772d89c-2020-69eeee772d89c\">\n                <div class=\"card-body\"><div class=\"jumbotron archivos\"><div class=\"row align-items-center\"><div class=\"col\"><h6><a class=\"text-dark\" href=\"https:\/\/comunidad.comprasdominicana.gob.do\/\/Public\/Tendering\/OpportunityDetail\/Index?noticeUID=DO1.NTC.856641\" title=\"Ver\" target=\"_blank\">APORDOM-UC-CD-2020-0035<\/a><\/h6><p class=\"mb-0 bold\">Contrataci\u00f3n\u00a0de Servicios para la Reparaci\u00f3n\u00a0de la C\u00e1mara\u00a0del Drone\u00a0de APORDOM<\/p><p class=\"mb-0\" style=\"font-size: .85rem\"><strong title=\"Estado del Proceso\"><i class=\"fas fa-spinner\"><\/i><\/strong> Proceso adjudicado y celebrado<\/p><p class=\"mb-0\" style=\"font-size: .85rem\"><strong title=\"Fecha de Publicaci\u00f3n\"><i class=\"fas fa-calendar-alt\"><\/i><\/strong> Publicado el lunes, 28 de diciembre de 2020<\/p><\/div><div class=\"col-auto mt-md-0 mt-2\"><a class=\"btn btn-primary btn-lg px-lg-4 d-none d-md-block\" href=\"https:\/\/comunidad.comprasdominicana.gob.do\/\/Public\/Tendering\/OpportunityDetail\/Index?noticeUID=DO1.NTC.856641\" target=\"_blank\" title=\"Detalles\"><i class=\"fas fa-link\"><\/i> DETALLES<\/a><a class=\"btn btn-primary btn-lg px-lg-4 d-block d-md-none\" href=\"https:\/\/comunidad.comprasdominicana.gob.do\/\/Public\/Tendering\/OpportunityDetail\/Index?noticeUID=DO1.NTC.856641\" target=\"_blank\" title=\"Detalles\"><i class=\"fas fa-2x fa-link\"><\/i><\/a><\/div><\/div><\/div><div class=\"jumbotron archivos\"><div class=\"row align-items-center\"><div class=\"col\"><h6><a class=\"text-dark\" href=\"https:\/\/comunidad.comprasdominicana.gob.do\/\/Public\/Tendering\/OpportunityDetail\/Index?noticeUID=DO1.NTC.852942\" title=\"Ver\" target=\"_blank\">APORDOM-UC-CD-2020-0034<\/a><\/h6><p class=\"mb-0 bold\">Servicio de Refrigerio para Eucarist\u00eda, dirigido a Mipyme, del \u00edtem Desierto No.1 del proceso Ref.: APORDOM-DAF-CM-2020-0029  <\/p><p class=\"mb-0\" style=\"font-size: .85rem\"><strong title=\"Estado del Proceso\"><i class=\"fas fa-spinner\"><\/i><\/strong> Proceso adjudicado y celebrado<\/p><p class=\"mb-0\" style=\"font-size: .85rem\"><strong title=\"Fecha de Publicaci\u00f3n\"><i class=\"fas fa-calendar-alt\"><\/i><\/strong> Publicado el jueves, 17 de diciembre de 2020<\/p><\/div><div class=\"col-auto mt-md-0 mt-2\"><a class=\"btn btn-primary btn-lg px-lg-4 d-none d-md-block\" href=\"https:\/\/comunidad.comprasdominicana.gob.do\/\/Public\/Tendering\/OpportunityDetail\/Index?noticeUID=DO1.NTC.852942\" target=\"_blank\" title=\"Detalles\"><i class=\"fas fa-link\"><\/i> DETALLES<\/a><a class=\"btn btn-primary btn-lg px-lg-4 d-block d-md-none\" href=\"https:\/\/comunidad.comprasdominicana.gob.do\/\/Public\/Tendering\/OpportunityDetail\/Index?noticeUID=DO1.NTC.852942\" target=\"_blank\" title=\"Detalles\"><i class=\"fas fa-2x fa-link\"><\/i><\/a><\/div><\/div><\/div><div class=\"jumbotron archivos\"><div class=\"row align-items-center\"><div class=\"col\"><h6><a class=\"text-dark\" href=\"https:\/\/comunidad.comprasdominicana.gob.do\/\/Public\/Tendering\/OpportunityDetail\/Index?noticeUID=DO1.NTC.851936\" title=\"Ver\" target=\"_blank\">APORDOM-UC-CD-2020-0033<\/a><\/h6><p class=\"mb-0 bold\">Adquisici\u00f3n de Placas de Reconocimiento para Empleados de APORDOM.<\/p><p class=\"mb-0\" style=\"font-size: .85rem\"><strong title=\"Estado del Proceso\"><i class=\"fas fa-spinner\"><\/i><\/strong> Proceso adjudicado y celebrado<\/p><p class=\"mb-0\" style=\"font-size: .85rem\"><strong title=\"Fecha de Publicaci\u00f3n\"><i class=\"fas fa-calendar-alt\"><\/i><\/strong> Publicado el martes, 15 de diciembre de 2020<\/p><\/div><div class=\"col-auto mt-md-0 mt-2\"><a class=\"btn btn-primary btn-lg px-lg-4 d-none d-md-block\" href=\"https:\/\/comunidad.comprasdominicana.gob.do\/\/Public\/Tendering\/OpportunityDetail\/Index?noticeUID=DO1.NTC.851936\" target=\"_blank\" title=\"Detalles\"><i class=\"fas fa-link\"><\/i> DETALLES<\/a><a class=\"btn btn-primary btn-lg px-lg-4 d-block d-md-none\" href=\"https:\/\/comunidad.comprasdominicana.gob.do\/\/Public\/Tendering\/OpportunityDetail\/Index?noticeUID=DO1.NTC.851936\" target=\"_blank\" title=\"Detalles\"><i class=\"fas fa-2x fa-link\"><\/i><\/a><\/div><\/div><\/div><div class=\"jumbotron archivos\"><div class=\"row align-items-center\"><div class=\"col\"><h6><a class=\"text-dark\" href=\"https:\/\/comunidad.comprasdominicana.gob.do\/\/Public\/Tendering\/OpportunityDetail\/Index?noticeUID=DO1.NTC.851454\" title=\"Ver\" target=\"_blank\">APORDOM-UC-CD-2020-0031<\/a><\/h6><p class=\"mb-0 bold\">Contrataci\u00f3n de Servicio de Alquiler de Carpas para la Celebraci\u00f3n del 50 Aniversario de APORDOM<\/p><p class=\"mb-0\" style=\"font-size: .85rem\"><strong title=\"Estado del Proceso\"><i class=\"fas fa-spinner\"><\/i><\/strong> Proceso adjudicado y celebrado<\/p><p class=\"mb-0\" style=\"font-size: .85rem\"><strong title=\"Fecha de Publicaci\u00f3n\"><i class=\"fas fa-calendar-alt\"><\/i><\/strong> Publicado el lunes, 14 de diciembre de 2020<\/p><\/div><div class=\"col-auto mt-md-0 mt-2\"><a class=\"btn btn-primary btn-lg px-lg-4 d-none d-md-block\" href=\"https:\/\/comunidad.comprasdominicana.gob.do\/\/Public\/Tendering\/OpportunityDetail\/Index?noticeUID=DO1.NTC.851454\" target=\"_blank\" title=\"Detalles\"><i class=\"fas fa-link\"><\/i> DETALLES<\/a><a class=\"btn btn-primary btn-lg px-lg-4 d-block d-md-none\" href=\"https:\/\/comunidad.comprasdominicana.gob.do\/\/Public\/Tendering\/OpportunityDetail\/Index?noticeUID=DO1.NTC.851454\" target=\"_blank\" title=\"Detalles\"><i class=\"fas fa-2x fa-link\"><\/i><\/a><\/div><\/div><\/div><div class=\"jumbotron archivos\"><div class=\"row align-items-center\"><div class=\"col\"><h6><a class=\"text-dark\" href=\"https:\/\/comunidad.comprasdominicana.gob.do\/\/Public\/Tendering\/OpportunityDetail\/Index?noticeUID=DO1.NTC.851254\" title=\"Ver\" target=\"_blank\">APORDOM-UC-CD-2020-0030<\/a><\/h6><p class=\"mb-0 bold\">Adquisici\u00f3n de Souvenir de Autoridad Portuaria Dominicana para la feria de FCCA en Puerto Rico<\/p><p class=\"mb-0\" style=\"font-size: .85rem\"><strong title=\"Estado del Proceso\"><i class=\"fas fa-spinner\"><\/i><\/strong> Proceso adjudicado y celebrado<\/p><p class=\"mb-0\" style=\"font-size: .85rem\"><strong title=\"Fecha de Publicaci\u00f3n\"><i class=\"fas fa-calendar-alt\"><\/i><\/strong> Publicado el lunes, 14 de diciembre de 2020<\/p><\/div><div class=\"col-auto mt-md-0 mt-2\"><a class=\"btn btn-primary btn-lg px-lg-4 d-none d-md-block\" href=\"https:\/\/comunidad.comprasdominicana.gob.do\/\/Public\/Tendering\/OpportunityDetail\/Index?noticeUID=DO1.NTC.851254\" target=\"_blank\" title=\"Detalles\"><i class=\"fas fa-link\"><\/i> DETALLES<\/a><a class=\"btn btn-primary btn-lg px-lg-4 d-block d-md-none\" href=\"https:\/\/comunidad.comprasdominicana.gob.do\/\/Public\/Tendering\/OpportunityDetail\/Index?noticeUID=DO1.NTC.851254\" target=\"_blank\" title=\"Detalles\"><i class=\"fas fa-2x fa-link\"><\/i><\/a><\/div><\/div><\/div><div class=\"jumbotron archivos\"><div class=\"row align-items-center\"><div class=\"col\"><h6><a class=\"text-dark\" href=\"https:\/\/comunidad.comprasdominicana.gob.do\/\/Public\/Tendering\/OpportunityDetail\/Index?noticeUID=DO1.NTC.851055\" title=\"Ver\" target=\"_blank\">APORDOM-UC-CD-2020-0032<\/a><\/h6><p class=\"mb-0 bold\">Adquisici\u00f3n De Porciones De Bizcocho Para El Personal Por Motivo Del 50 Aniversario De APORDOM.<\/p><p class=\"mb-0\" style=\"font-size: .85rem\"><strong title=\"Estado del Proceso\"><i class=\"fas fa-spinner\"><\/i><\/strong> Proceso adjudicado y celebrado<\/p><p class=\"mb-0\" style=\"font-size: .85rem\"><strong title=\"Fecha de Publicaci\u00f3n\"><i class=\"fas fa-calendar-alt\"><\/i><\/strong> Publicado el lunes, 14 de diciembre de 2020<\/p><\/div><div class=\"col-auto mt-md-0 mt-2\"><a class=\"btn btn-primary btn-lg px-lg-4 d-none d-md-block\" href=\"https:\/\/comunidad.comprasdominicana.gob.do\/\/Public\/Tendering\/OpportunityDetail\/Index?noticeUID=DO1.NTC.851055\" target=\"_blank\" title=\"Detalles\"><i class=\"fas fa-link\"><\/i> DETALLES<\/a><a class=\"btn btn-primary btn-lg px-lg-4 d-block d-md-none\" href=\"https:\/\/comunidad.comprasdominicana.gob.do\/\/Public\/Tendering\/OpportunityDetail\/Index?noticeUID=DO1.NTC.851055\" target=\"_blank\" title=\"Detalles\"><i class=\"fas fa-2x fa-link\"><\/i><\/a><\/div><\/div><\/div><div class=\"jumbotron archivos\"><div class=\"row align-items-center\"><div class=\"col\"><h6><a class=\"text-dark\" href=\"https:\/\/comunidad.comprasdominicana.gob.do\/\/Public\/Tendering\/OpportunityDetail\/Index?noticeUID=DO1.NTC.849534\" title=\"Ver\" target=\"_blank\">APORDOM-UC-CD-2020-0027<\/a><\/h6><p class=\"mb-0 bold\">Contrataci\u00f3n de servicios de animaci\u00f3n para la Celebraci\u00f3n del 50 Aniversario de Autoridad Portuaria Dominicana.<\/p><p class=\"mb-0\" style=\"font-size: .85rem\"><strong title=\"Estado del Proceso\"><i class=\"fas fa-spinner\"><\/i><\/strong> Proceso adjudicado y celebrado<\/p><p class=\"mb-0\" style=\"font-size: .85rem\"><strong title=\"Fecha de Publicaci\u00f3n\"><i class=\"fas fa-calendar-alt\"><\/i><\/strong> Publicado el mi\u00e9rcoles, 9 de diciembre de 2020<\/p><\/div><div class=\"col-auto mt-md-0 mt-2\"><a class=\"btn btn-primary btn-lg px-lg-4 d-none d-md-block\" href=\"https:\/\/comunidad.comprasdominicana.gob.do\/\/Public\/Tendering\/OpportunityDetail\/Index?noticeUID=DO1.NTC.849534\" target=\"_blank\" title=\"Detalles\"><i class=\"fas fa-link\"><\/i> DETALLES<\/a><a class=\"btn btn-primary btn-lg px-lg-4 d-block d-md-none\" href=\"https:\/\/comunidad.comprasdominicana.gob.do\/\/Public\/Tendering\/OpportunityDetail\/Index?noticeUID=DO1.NTC.849534\" target=\"_blank\" title=\"Detalles\"><i class=\"fas fa-2x fa-link\"><\/i><\/a><\/div><\/div><\/div><div class=\"jumbotron archivos\"><div class=\"row align-items-center\"><div class=\"col\"><h6><a class=\"text-dark\" href=\"https:\/\/comunidad.comprasdominicana.gob.do\/\/Public\/Tendering\/OpportunityDetail\/Index?noticeUID=DO1.NTC.845835\" title=\"Ver\" target=\"_blank\">APORDOM-UC-CD-2020-0029<\/a><\/h6><p class=\"mb-0 bold\">Contrataci\u00f3n del servicio de organizaci\u00f3n correspondiente a la actividad con Medios de Comunicaci\u00f3n en el Puerto San Pedro de Macor\u00eds , dirigido a Mipymes<\/p><p class=\"mb-0\" style=\"font-size: .85rem\"><strong title=\"Estado del Proceso\"><i class=\"fas fa-spinner\"><\/i><\/strong> Proceso adjudicado y celebrado<\/p><p class=\"mb-0\" style=\"font-size: .85rem\"><strong title=\"Fecha de Publicaci\u00f3n\"><i class=\"fas fa-calendar-alt\"><\/i><\/strong> Publicado el martes, 1 de diciembre de 2020<\/p><\/div><div class=\"col-auto mt-md-0 mt-2\"><a class=\"btn btn-primary btn-lg px-lg-4 d-none d-md-block\" href=\"https:\/\/comunidad.comprasdominicana.gob.do\/\/Public\/Tendering\/OpportunityDetail\/Index?noticeUID=DO1.NTC.845835\" target=\"_blank\" title=\"Detalles\"><i class=\"fas fa-link\"><\/i> DETALLES<\/a><a class=\"btn btn-primary btn-lg px-lg-4 d-block d-md-none\" href=\"https:\/\/comunidad.comprasdominicana.gob.do\/\/Public\/Tendering\/OpportunityDetail\/Index?noticeUID=DO1.NTC.845835\" target=\"_blank\" title=\"Detalles\"><i class=\"fas fa-2x fa-link\"><\/i><\/a><\/div><\/div><\/div><\/div><\/div><\/div>\n        <div class=\"card\">\n            <div class=\"card-header parents\" id=\"heading_compras-por-debajo-del-umbral-69eeee772d89c-2020-69eeee772d89c-noviembre-69eeee772d89c\">\n                <p class=\"title text-blue mb-0\">\n                    <a class=\"btn-block hover text-left collapsed\" data-toggle=\"collapse\" data-target=\"#collap_compras-por-debajo-del-umbral-69eeee772d89c-2020-69eeee772d89c-noviembre-69eeee772d89c\" aria-expanded=\"false\" aria-controls=\"collap_compras-por-debajo-del-umbral-69eeee772d89c-2020-69eeee772d89c-noviembre-69eeee772d89c\">Noviembre<\/a>\n                <\/p>\n            <\/div>\n            <div id=\"collap_compras-por-debajo-del-umbral-69eeee772d89c-2020-69eeee772d89c-noviembre-69eeee772d89c\" class=\"collapse\" aria-labelledby=\"heading_compras-por-debajo-del-umbral-69eeee772d89c-2020-69eeee772d89c-noviembre-69eeee772d89c\" data-parent=\"#collap_compras-por-debajo-del-umbral-69eeee772d89c-2020-69eeee772d89c\">\n                <div class=\"card-body\"><div class=\"jumbotron archivos\"><div class=\"row align-items-center\"><div class=\"col\"><h6><a class=\"text-dark\" href=\"https:\/\/comunidad.comprasdominicana.gob.do\/\/Public\/Tendering\/OpportunityDetail\/Index?noticeUID=DO1.NTC.840631\" title=\"Ver\" target=\"_blank\">APORDOM-UC-CD-2020-0026<\/a><\/h6><p class=\"mb-0 bold\">Contrataci\u00f3n de Servicio De Alquiler De Carpas, Ventiladores y Pantalla por Motivo de Actividad del D\u00eda Internacional de La Eliminaci\u00f3n De La Violencia Contra La Mujer.<\/p><p class=\"mb-0\" style=\"font-size: .85rem\"><strong title=\"Estado del Proceso\"><i class=\"fas fa-spinner\"><\/i><\/strong> Cancelado<\/p><p class=\"mb-0\" style=\"font-size: .85rem\"><strong title=\"Fecha de Publicaci\u00f3n\"><i class=\"fas fa-calendar-alt\"><\/i><\/strong> Publicado el mi\u00e9rcoles, 18 de noviembre de 2020<\/p><\/div><div class=\"col-auto mt-md-0 mt-2\"><a class=\"btn btn-primary btn-lg px-lg-4 d-none d-md-block\" href=\"https:\/\/comunidad.comprasdominicana.gob.do\/\/Public\/Tendering\/OpportunityDetail\/Index?noticeUID=DO1.NTC.840631\" target=\"_blank\" title=\"Detalles\"><i class=\"fas fa-link\"><\/i> DETALLES<\/a><a class=\"btn btn-primary btn-lg px-lg-4 d-block d-md-none\" href=\"https:\/\/comunidad.comprasdominicana.gob.do\/\/Public\/Tendering\/OpportunityDetail\/Index?noticeUID=DO1.NTC.840631\" target=\"_blank\" title=\"Detalles\"><i class=\"fas fa-2x fa-link\"><\/i><\/a><\/div><\/div><\/div><div class=\"jumbotron archivos\"><div class=\"row align-items-center\"><div class=\"col\"><h6><a class=\"text-dark\" href=\"https:\/\/comunidad.comprasdominicana.gob.do\/\/Public\/Tendering\/OpportunityDetail\/Index?noticeUID=DO1.NTC.843940\" title=\"Ver\" target=\"_blank\">APORDOM-UC-CD-2020-0028<\/a><\/h6><p class=\"mb-0 bold\">Adquisici\u00f3n de bocina port\u00e1til para uso en reuniones virtuales.<\/p><p class=\"mb-0\" style=\"font-size: .85rem\"><strong title=\"Estado del Proceso\"><i class=\"fas fa-spinner\"><\/i><\/strong> Proceso adjudicado y celebrado<\/p><p class=\"mb-0\" style=\"font-size: .85rem\"><strong title=\"Fecha de Publicaci\u00f3n\"><i class=\"fas fa-calendar-alt\"><\/i><\/strong> Publicado el jueves, 26 de noviembre de 2020<\/p><\/div><div class=\"col-auto mt-md-0 mt-2\"><a class=\"btn btn-primary btn-lg px-lg-4 d-none d-md-block\" href=\"https:\/\/comunidad.comprasdominicana.gob.do\/\/Public\/Tendering\/OpportunityDetail\/Index?noticeUID=DO1.NTC.843940\" target=\"_blank\" title=\"Detalles\"><i class=\"fas fa-link\"><\/i> DETALLES<\/a><a class=\"btn btn-primary btn-lg px-lg-4 d-block d-md-none\" href=\"https:\/\/comunidad.comprasdominicana.gob.do\/\/Public\/Tendering\/OpportunityDetail\/Index?noticeUID=DO1.NTC.843940\" target=\"_blank\" title=\"Detalles\"><i class=\"fas fa-2x fa-link\"><\/i><\/a><\/div><\/div><\/div><div class=\"jumbotron archivos\"><div class=\"row align-items-center\"><div class=\"col\"><h6><a class=\"text-dark\" href=\"https:\/\/comunidad.comprasdominicana.gob.do\/\/Public\/Tendering\/OpportunityDetail\/Index?noticeUID=DO1.NTC.835620\" title=\"Ver\" target=\"_blank\">APORDOM-UC-CD-2020-0025<\/a><\/h6><p class=\"mb-0 bold\">Contrataci\u00f3n De Servicio Para La Realizaci\u00f3n De Documental Audiovisual En El Marco De Los Trabajos De La Comisi\u00f3n Para El Desarrollo Del Puerto San Pedro De Macor\u00eds.<\/p><p class=\"mb-0\" style=\"font-size: .85rem\"><strong title=\"Estado del Proceso\"><i class=\"fas fa-spinner\"><\/i><\/strong> Proceso adjudicado y celebrado<\/p><p class=\"mb-0\" style=\"font-size: .85rem\"><strong title=\"Fecha de Publicaci\u00f3n\"><i class=\"fas fa-calendar-alt\"><\/i><\/strong> Publicado el jueves, 5 de noviembre de 2020<\/p><\/div><div class=\"col-auto mt-md-0 mt-2\"><a class=\"btn btn-primary btn-lg px-lg-4 d-none d-md-block\" href=\"https:\/\/comunidad.comprasdominicana.gob.do\/\/Public\/Tendering\/OpportunityDetail\/Index?noticeUID=DO1.NTC.835620\" target=\"_blank\" title=\"Detalles\"><i class=\"fas fa-link\"><\/i> DETALLES<\/a><a class=\"btn btn-primary btn-lg px-lg-4 d-block d-md-none\" href=\"https:\/\/comunidad.comprasdominicana.gob.do\/\/Public\/Tendering\/OpportunityDetail\/Index?noticeUID=DO1.NTC.835620\" target=\"_blank\" title=\"Detalles\"><i class=\"fas fa-2x fa-link\"><\/i><\/a><\/div><\/div><\/div><\/div><\/div><\/div>\n        <div class=\"card\">\n            <div class=\"card-header parents\" id=\"heading_compras-por-debajo-del-umbral-69eeee772d89c-2020-69eeee772d89c-octubre-69eeee772d89c\">\n                <p class=\"title text-blue mb-0\">\n                    <a class=\"btn-block hover text-left collapsed\" data-toggle=\"collapse\" data-target=\"#collap_compras-por-debajo-del-umbral-69eeee772d89c-2020-69eeee772d89c-octubre-69eeee772d89c\" aria-expanded=\"false\" aria-controls=\"collap_compras-por-debajo-del-umbral-69eeee772d89c-2020-69eeee772d89c-octubre-69eeee772d89c\">Octubre<\/a>\n                <\/p>\n            <\/div>\n            <div id=\"collap_compras-por-debajo-del-umbral-69eeee772d89c-2020-69eeee772d89c-octubre-69eeee772d89c\" class=\"collapse\" aria-labelledby=\"heading_compras-por-debajo-del-umbral-69eeee772d89c-2020-69eeee772d89c-octubre-69eeee772d89c\" data-parent=\"#collap_compras-por-debajo-del-umbral-69eeee772d89c-2020-69eeee772d89c\">\n                <div class=\"card-body\"><div class=\"jumbotron archivos\"><div class=\"row align-items-center\"><div class=\"col\"><h6><a class=\"text-dark\" href=\"https:\/\/comunidad.comprasdominicana.gob.do\/\/Public\/Tendering\/OpportunityDetail\/Index?noticeUID=DO1.NTC.830113\" title=\"Ver\" target=\"_blank\">APORDOM-UC-CD-2020-0024<\/a><\/h6><p class=\"mb-0 bold\">Adquisici\u00f3n de los servicios de alojamiento Web Microsoft Azure para el Portal Web de Autoridad Portuaria Dominicana<\/p><p class=\"mb-0\" style=\"font-size: .85rem\"><strong title=\"Estado del Proceso\"><i class=\"fas fa-spinner\"><\/i><\/strong> Proceso adjudicado y celebrado<\/p><p class=\"mb-0\" style=\"font-size: .85rem\"><strong title=\"Fecha de Publicaci\u00f3n\"><i class=\"fas fa-calendar-alt\"><\/i><\/strong> Publicado el lunes, 26 de octubre de 2020<\/p><\/div><div class=\"col-auto mt-md-0 mt-2\"><a class=\"btn btn-primary btn-lg px-lg-4 d-none d-md-block\" href=\"https:\/\/comunidad.comprasdominicana.gob.do\/\/Public\/Tendering\/OpportunityDetail\/Index?noticeUID=DO1.NTC.830113\" target=\"_blank\" title=\"Detalles\"><i class=\"fas fa-link\"><\/i> DETALLES<\/a><a class=\"btn btn-primary btn-lg px-lg-4 d-block d-md-none\" href=\"https:\/\/comunidad.comprasdominicana.gob.do\/\/Public\/Tendering\/OpportunityDetail\/Index?noticeUID=DO1.NTC.830113\" target=\"_blank\" title=\"Detalles\"><i class=\"fas fa-2x fa-link\"><\/i><\/a><\/div><\/div><\/div><div class=\"jumbotron archivos\"><div class=\"row align-items-center\"><div class=\"col\"><h6><a class=\"text-dark\" href=\"https:\/\/comunidad.comprasdominicana.gob.do\/\/Public\/Tendering\/OpportunityDetail\/Index?noticeUID=DO1.NTC.830218\" title=\"Ver\" target=\"_blank\">APORDOM-UC-CD-2020-0023<\/a><\/h6><p class=\"mb-0 bold\">Adquisici\u00f3n de (T\u00e9 , Caf\u00e9 , Az\u00facar y Crema para Caf\u00e9) para el consumo de Autoridad Portuaria por 3 meses , Dirigido a MIPYMES.<\/p><p class=\"mb-0\" style=\"font-size: .85rem\"><strong title=\"Estado del Proceso\"><i class=\"fas fa-spinner\"><\/i><\/strong> Proceso adjudicado y celebrado<\/p><p class=\"mb-0\" style=\"font-size: .85rem\"><strong title=\"Fecha de Publicaci\u00f3n\"><i class=\"fas fa-calendar-alt\"><\/i><\/strong> Publicado el lunes, 26 de octubre de 2020<\/p><\/div><div class=\"col-auto mt-md-0 mt-2\"><a class=\"btn btn-primary btn-lg px-lg-4 d-none d-md-block\" href=\"https:\/\/comunidad.comprasdominicana.gob.do\/\/Public\/Tendering\/OpportunityDetail\/Index?noticeUID=DO1.NTC.830218\" target=\"_blank\" title=\"Detalles\"><i class=\"fas fa-link\"><\/i> DETALLES<\/a><a class=\"btn btn-primary btn-lg px-lg-4 d-block d-md-none\" href=\"https:\/\/comunidad.comprasdominicana.gob.do\/\/Public\/Tendering\/OpportunityDetail\/Index?noticeUID=DO1.NTC.830218\" target=\"_blank\" title=\"Detalles\"><i class=\"fas fa-2x fa-link\"><\/i><\/a><\/div><\/div><\/div><div class=\"jumbotron archivos\"><div class=\"row align-items-center\"><div class=\"col\"><h6><a class=\"text-dark\" href=\"https:\/\/comunidad.comprasdominicana.gob.do\/\/Public\/Tendering\/OpportunityDetail\/Index?noticeUID=DO1.NTC.827540\" title=\"Ver\" target=\"_blank\">APORDOM-UC-CD-2020-0022<\/a><\/h6><p class=\"mb-0 bold\">Contrataci\u00f3n para Servicio de conversi\u00f3n de extintores ABC a Halotron y Recargas de Extintores ABC de la Sede Principal de Portuaria Dominicana.<\/p><p class=\"mb-0\" style=\"font-size: .85rem\"><strong title=\"Estado del Proceso\"><i class=\"fas fa-spinner\"><\/i><\/strong> Proceso adjudicado y celebrado<\/p><p class=\"mb-0\" style=\"font-size: .85rem\"><strong title=\"Fecha de Publicaci\u00f3n\"><i class=\"fas fa-calendar-alt\"><\/i><\/strong> Publicado el lunes, 19 de octubre de 2020<\/p><\/div><div class=\"col-auto mt-md-0 mt-2\"><a class=\"btn btn-primary btn-lg px-lg-4 d-none d-md-block\" href=\"https:\/\/comunidad.comprasdominicana.gob.do\/\/Public\/Tendering\/OpportunityDetail\/Index?noticeUID=DO1.NTC.827540\" target=\"_blank\" title=\"Detalles\"><i class=\"fas fa-link\"><\/i> DETALLES<\/a><a class=\"btn btn-primary btn-lg px-lg-4 d-block d-md-none\" href=\"https:\/\/comunidad.comprasdominicana.gob.do\/\/Public\/Tendering\/OpportunityDetail\/Index?noticeUID=DO1.NTC.827540\" target=\"_blank\" title=\"Detalles\"><i class=\"fas fa-2x fa-link\"><\/i><\/a><\/div><\/div><\/div><div class=\"jumbotron archivos\"><div class=\"row align-items-center\"><div class=\"col\"><h6><a class=\"text-dark\" href=\"https:\/\/comunidad.comprasdominicana.gob.do\/\/Public\/Tendering\/OpportunityDetail\/Index?noticeUID=DO1.NTC.827932\" title=\"Ver\" target=\"_blank\">APORDOM-UC-CD-2020-0021<\/a><\/h6><p class=\"mb-0 bold\">Adquisici\u00f3n de Chalecos Reflectores y Cascos De Seguridad para el personal de Seguridad F\u00edsica de la Sede Principal de Portuaria Dominicana.<\/p><p class=\"mb-0\" style=\"font-size: .85rem\"><strong title=\"Estado del Proceso\"><i class=\"fas fa-spinner\"><\/i><\/strong> Proceso adjudicado y celebrado<\/p><p class=\"mb-0\" style=\"font-size: .85rem\"><strong title=\"Fecha de Publicaci\u00f3n\"><i class=\"fas fa-calendar-alt\"><\/i><\/strong> Publicado el lunes, 19 de octubre de 2020<\/p><\/div><div class=\"col-auto mt-md-0 mt-2\"><a class=\"btn btn-primary btn-lg px-lg-4 d-none d-md-block\" href=\"https:\/\/comunidad.comprasdominicana.gob.do\/\/Public\/Tendering\/OpportunityDetail\/Index?noticeUID=DO1.NTC.827932\" target=\"_blank\" title=\"Detalles\"><i class=\"fas fa-link\"><\/i> DETALLES<\/a><a class=\"btn btn-primary btn-lg px-lg-4 d-block d-md-none\" href=\"https:\/\/comunidad.comprasdominicana.gob.do\/\/Public\/Tendering\/OpportunityDetail\/Index?noticeUID=DO1.NTC.827932\" target=\"_blank\" title=\"Detalles\"><i class=\"fas fa-2x fa-link\"><\/i><\/a><\/div><\/div><\/div><div class=\"jumbotron archivos\"><div class=\"row align-items-center\"><div class=\"col\"><h6><a class=\"text-dark\" href=\"https:\/\/comunidad.comprasdominicana.gob.do\/\/Public\/Tendering\/OpportunityDetail\/Index?noticeUID=DO1.NTC.827030\" title=\"Ver\" target=\"_blank\">APORDOM-UC-CD-2020-0019<\/a><\/h6><p class=\"mb-0 bold\">Adquisici\u00f3n de p\u00f3dium en acr\u00edlico y un panel acr\u00edlico para el \u00e1rea de recepci\u00f3n para cumplir con la seguridad de los empleados ante la presencia del COVID-19<\/p><p class=\"mb-0\" style=\"font-size: .85rem\"><strong title=\"Estado del Proceso\"><i class=\"fas fa-spinner\"><\/i><\/strong> Proceso adjudicado y celebrado<\/p><p class=\"mb-0\" style=\"font-size: .85rem\"><strong title=\"Fecha de Publicaci\u00f3n\"><i class=\"fas fa-calendar-alt\"><\/i><\/strong> Publicado el viernes, 16 de octubre de 2020<\/p><\/div><div class=\"col-auto mt-md-0 mt-2\"><a class=\"btn btn-primary btn-lg px-lg-4 d-none d-md-block\" href=\"https:\/\/comunidad.comprasdominicana.gob.do\/\/Public\/Tendering\/OpportunityDetail\/Index?noticeUID=DO1.NTC.827030\" target=\"_blank\" title=\"Detalles\"><i class=\"fas fa-link\"><\/i> DETALLES<\/a><a class=\"btn btn-primary btn-lg px-lg-4 d-block d-md-none\" href=\"https:\/\/comunidad.comprasdominicana.gob.do\/\/Public\/Tendering\/OpportunityDetail\/Index?noticeUID=DO1.NTC.827030\" target=\"_blank\" title=\"Detalles\"><i class=\"fas fa-2x fa-link\"><\/i><\/a><\/div><\/div><\/div><div class=\"jumbotron archivos\"><div class=\"row align-items-center\"><div class=\"col\"><h6><a class=\"text-dark\" href=\"https:\/\/comunidad.comprasdominicana.gob.do\/\/Public\/Tendering\/OpportunityDetail\/Index?noticeUID=DO1.NTC.827013\" title=\"Ver\" target=\"_blank\">APORDOM-UC-CD-2020-0020<\/a><\/h6><p class=\"mb-0 bold\">Adquisici\u00f3n de Esc\u00e1ner para Digitalizaci\u00f3n de Documentos y Disco Duro Sata para la Sede Central de Autoridad Portuaria Dominicana<\/p><p class=\"mb-0\" style=\"font-size: .85rem\"><strong title=\"Estado del Proceso\"><i class=\"fas fa-spinner\"><\/i><\/strong> Proceso adjudicado y celebrado<\/p><p class=\"mb-0\" style=\"font-size: .85rem\"><strong title=\"Fecha de Publicaci\u00f3n\"><i class=\"fas fa-calendar-alt\"><\/i><\/strong> Publicado el viernes, 16 de octubre de 2020<\/p><\/div><div class=\"col-auto mt-md-0 mt-2\"><a class=\"btn btn-primary btn-lg px-lg-4 d-none d-md-block\" href=\"https:\/\/comunidad.comprasdominicana.gob.do\/\/Public\/Tendering\/OpportunityDetail\/Index?noticeUID=DO1.NTC.827013\" target=\"_blank\" title=\"Detalles\"><i class=\"fas fa-link\"><\/i> DETALLES<\/a><a class=\"btn btn-primary btn-lg px-lg-4 d-block d-md-none\" href=\"https:\/\/comunidad.comprasdominicana.gob.do\/\/Public\/Tendering\/OpportunityDetail\/Index?noticeUID=DO1.NTC.827013\" target=\"_blank\" title=\"Detalles\"><i class=\"fas fa-2x fa-link\"><\/i><\/a><\/div><\/div><\/div><div class=\"jumbotron archivos\"><div class=\"row align-items-center\"><div class=\"col\"><h6><a class=\"text-dark\" href=\"https:\/\/comunidad.comprasdominicana.gob.do\/\/Public\/Tendering\/OpportunityDetail\/Index?noticeUID=DO1.NTC.826315\" title=\"Ver\" target=\"_blank\">APORDOM-UC-CD-2020-0018<\/a><\/h6><p class=\"mb-0 bold\">Contrataci\u00f3n de transporte para el personal de Autoridad Portuaria para la participaci\u00f3n en la jornada de Reforestaci\u00f3n del plan Quisqueya Verde, en la provincia de San Pedro de Macor\u00eds.<\/p><p class=\"mb-0\" style=\"font-size: .85rem\"><strong title=\"Estado del Proceso\"><i class=\"fas fa-spinner\"><\/i><\/strong> Proceso adjudicado y celebrado<\/p><p class=\"mb-0\" style=\"font-size: .85rem\"><strong title=\"Fecha de Publicaci\u00f3n\"><i class=\"fas fa-calendar-alt\"><\/i><\/strong> Publicado el jueves, 15 de octubre de 2020<\/p><\/div><div class=\"col-auto mt-md-0 mt-2\"><a class=\"btn btn-primary btn-lg px-lg-4 d-none d-md-block\" href=\"https:\/\/comunidad.comprasdominicana.gob.do\/\/Public\/Tendering\/OpportunityDetail\/Index?noticeUID=DO1.NTC.826315\" target=\"_blank\" title=\"Detalles\"><i class=\"fas fa-link\"><\/i> DETALLES<\/a><a class=\"btn btn-primary btn-lg px-lg-4 d-block d-md-none\" href=\"https:\/\/comunidad.comprasdominicana.gob.do\/\/Public\/Tendering\/OpportunityDetail\/Index?noticeUID=DO1.NTC.826315\" target=\"_blank\" title=\"Detalles\"><i class=\"fas fa-2x fa-link\"><\/i><\/a><\/div><\/div><\/div><div class=\"jumbotron archivos\"><div class=\"row align-items-center\"><div class=\"col\"><h6><a class=\"text-dark\" href=\"https:\/\/comunidad.comprasdominicana.gob.do\/\/Public\/Tendering\/OpportunityDetail\/Index?noticeUID=DO1.NTC.823520\" title=\"Ver\" target=\"_blank\">APORDOM-UC-CD-2020-0017<\/a><\/h6><p class=\"mb-0 bold\">Adquisici\u00f3n de botones promocionales impresos para el d\u00eda internacional de la lucha contra el c\u00e1ncer de mama. Dirigido a Mipyme.<\/p><p class=\"mb-0\" style=\"font-size: .85rem\"><strong title=\"Estado del Proceso\"><i class=\"fas fa-spinner\"><\/i><\/strong> Proceso adjudicado y celebrado<\/p><p class=\"mb-0\" style=\"font-size: .85rem\"><strong title=\"Fecha de Publicaci\u00f3n\"><i class=\"fas fa-calendar-alt\"><\/i><\/strong> Publicado el viernes, 9 de octubre de 2020<\/p><\/div><div class=\"col-auto mt-md-0 mt-2\"><a class=\"btn btn-primary btn-lg px-lg-4 d-none d-md-block\" href=\"https:\/\/comunidad.comprasdominicana.gob.do\/\/Public\/Tendering\/OpportunityDetail\/Index?noticeUID=DO1.NTC.823520\" target=\"_blank\" title=\"Detalles\"><i class=\"fas fa-link\"><\/i> DETALLES<\/a><a class=\"btn btn-primary btn-lg px-lg-4 d-block d-md-none\" href=\"https:\/\/comunidad.comprasdominicana.gob.do\/\/Public\/Tendering\/OpportunityDetail\/Index?noticeUID=DO1.NTC.823520\" target=\"_blank\" title=\"Detalles\"><i class=\"fas fa-2x fa-link\"><\/i><\/a><\/div><\/div><\/div><div class=\"jumbotron archivos\"><div class=\"row align-items-center\"><div class=\"col\"><h6><a class=\"text-dark\" href=\"https:\/\/comunidad.comprasdominicana.gob.do\/\/Public\/Tendering\/OpportunityDetail\/Index?noticeUID=DO1.NTC.821510\" title=\"Ver\" target=\"_blank\">APORDOM-UC-CD-2020-0016<\/a><\/h6><p class=\"mb-0 bold\">Adquisici\u00f3n de T\u00f3ner y Cartuchos para la Sede Central de Autoridad Portuaria Dominicana, Dirigido a MIPYMES.<\/p><p class=\"mb-0\" style=\"font-size: .85rem\"><strong title=\"Estado del Proceso\"><i class=\"fas fa-spinner\"><\/i><\/strong> Proceso adjudicado y celebrado<\/p><p class=\"mb-0\" style=\"font-size: .85rem\"><strong title=\"Fecha de Publicaci\u00f3n\"><i class=\"fas fa-calendar-alt\"><\/i><\/strong> Publicado el martes, 6 de octubre de 2020<\/p><\/div><div class=\"col-auto mt-md-0 mt-2\"><a class=\"btn btn-primary btn-lg px-lg-4 d-none d-md-block\" href=\"https:\/\/comunidad.comprasdominicana.gob.do\/\/Public\/Tendering\/OpportunityDetail\/Index?noticeUID=DO1.NTC.821510\" target=\"_blank\" title=\"Detalles\"><i class=\"fas fa-link\"><\/i> DETALLES<\/a><a class=\"btn btn-primary btn-lg px-lg-4 d-block d-md-none\" href=\"https:\/\/comunidad.comprasdominicana.gob.do\/\/Public\/Tendering\/OpportunityDetail\/Index?noticeUID=DO1.NTC.821510\" target=\"_blank\" title=\"Detalles\"><i class=\"fas fa-2x fa-link\"><\/i><\/a><\/div><\/div><\/div><\/div><\/div><\/div>\n        <div class=\"card\">\n            <div class=\"card-header parents\" id=\"heading_compras-por-debajo-del-umbral-69eeee772d89c-2020-69eeee772d89c-septiembre-69eeee772d89c\">\n                <p class=\"title text-blue mb-0\">\n                    <a class=\"btn-block hover text-left collapsed\" data-toggle=\"collapse\" data-target=\"#collap_compras-por-debajo-del-umbral-69eeee772d89c-2020-69eeee772d89c-septiembre-69eeee772d89c\" aria-expanded=\"false\" aria-controls=\"collap_compras-por-debajo-del-umbral-69eeee772d89c-2020-69eeee772d89c-septiembre-69eeee772d89c\">Septiembre<\/a>\n                <\/p>\n            <\/div>\n            <div id=\"collap_compras-por-debajo-del-umbral-69eeee772d89c-2020-69eeee772d89c-septiembre-69eeee772d89c\" class=\"collapse\" aria-labelledby=\"heading_compras-por-debajo-del-umbral-69eeee772d89c-2020-69eeee772d89c-septiembre-69eeee772d89c\" data-parent=\"#collap_compras-por-debajo-del-umbral-69eeee772d89c-2020-69eeee772d89c\">\n                <div class=\"card-body\"><div class=\"jumbotron archivos\"><div class=\"row align-items-center\"><div class=\"col\"><h6><a class=\"text-dark\" href=\"https:\/\/comunidad.comprasdominicana.gob.do\/\/Public\/Tendering\/OpportunityDetail\/Index?noticeUID=DO1.NTC.817738\" title=\"Ver\" target=\"_blank\">APORDOM-UC-CD-2020-0015<\/a><\/h6><p class=\"mb-0 bold\">SERVICIO DE TRANSPORTE DE CARGA PARA TRASLADAR MOBILIARIOS A LA SEDE CENTRAL DE AUTORIDAD PORTUARIA DOMINICANA.<\/p><p class=\"mb-0\" style=\"font-size: .85rem\"><strong title=\"Estado del Proceso\"><i class=\"fas fa-spinner\"><\/i><\/strong> Proceso adjudicado y celebrado<\/p><p class=\"mb-0\" style=\"font-size: .85rem\"><strong title=\"Fecha de Publicaci\u00f3n\"><i class=\"fas fa-calendar-alt\"><\/i><\/strong> Publicado el lunes, 28 de septiembre de 2020<\/p><\/div><div class=\"col-auto mt-md-0 mt-2\"><a class=\"btn btn-primary btn-lg px-lg-4 d-none d-md-block\" href=\"https:\/\/comunidad.comprasdominicana.gob.do\/\/Public\/Tendering\/OpportunityDetail\/Index?noticeUID=DO1.NTC.817738\" target=\"_blank\" title=\"Detalles\"><i class=\"fas fa-link\"><\/i> DETALLES<\/a><a class=\"btn btn-primary btn-lg px-lg-4 d-block d-md-none\" href=\"https:\/\/comunidad.comprasdominicana.gob.do\/\/Public\/Tendering\/OpportunityDetail\/Index?noticeUID=DO1.NTC.817738\" target=\"_blank\" title=\"Detalles\"><i class=\"fas fa-2x fa-link\"><\/i><\/a><\/div><\/div><\/div><div class=\"jumbotron archivos\"><div class=\"row align-items-center\"><div class=\"col\"><h6><a class=\"text-dark\" href=\"https:\/\/comunidad.comprasdominicana.gob.do\/\/Public\/Tendering\/OpportunityDetail\/Index?noticeUID=DO1.NTC.817315\" title=\"Ver\" target=\"_blank\">APORDOM-UC-CD-2020-0014<\/a><\/h6><p class=\"mb-0 bold\">Servicio de Reparaci\u00f3n de Motocicleta del personal de mensajer\u00eda de la Direcci\u00f3n Ejecutiva de esta instituci\u00f3n.<\/p><p class=\"mb-0\" style=\"font-size: .85rem\"><strong title=\"Estado del Proceso\"><i class=\"fas fa-spinner\"><\/i><\/strong> Proceso adjudicado y celebrado<\/p><p class=\"mb-0\" style=\"font-size: .85rem\"><strong title=\"Fecha de Publicaci\u00f3n\"><i class=\"fas fa-calendar-alt\"><\/i><\/strong> Publicado el viernes, 25 de septiembre de 2020<\/p><\/div><div class=\"col-auto mt-md-0 mt-2\"><a class=\"btn btn-primary btn-lg px-lg-4 d-none d-md-block\" href=\"https:\/\/comunidad.comprasdominicana.gob.do\/\/Public\/Tendering\/OpportunityDetail\/Index?noticeUID=DO1.NTC.817315\" target=\"_blank\" title=\"Detalles\"><i class=\"fas fa-link\"><\/i> DETALLES<\/a><a class=\"btn btn-primary btn-lg px-lg-4 d-block d-md-none\" href=\"https:\/\/comunidad.comprasdominicana.gob.do\/\/Public\/Tendering\/OpportunityDetail\/Index?noticeUID=DO1.NTC.817315\" target=\"_blank\" title=\"Detalles\"><i class=\"fas fa-2x fa-link\"><\/i><\/a><\/div><\/div><\/div><div class=\"jumbotron archivos\"><div class=\"row align-items-center\"><div class=\"col\"><h6><a class=\"text-dark\" href=\"https:\/\/comunidad.comprasdominicana.gob.do\/\/Public\/Tendering\/OpportunityDetail\/Index?noticeUID=DO1.NTC.814434\" title=\"Ver\" target=\"_blank\">APORDOM-UC-CD-2020-0010<\/a><\/h6><p class=\"mb-0 bold\">ADQUISCION E INSTALACION DE PURIFICADOR DE AIRE PARA DESPACHO DIRECCION EJECUTIVA <\/p><p class=\"mb-0\" style=\"font-size: .85rem\"><strong title=\"Estado del Proceso\"><i class=\"fas fa-spinner\"><\/i><\/strong> Proceso adjudicado y celebrado<\/p><p class=\"mb-0\" style=\"font-size: .85rem\"><strong title=\"Fecha de Publicaci\u00f3n\"><i class=\"fas fa-calendar-alt\"><\/i><\/strong> Publicado el jueves, 17 de septiembre de 2020<\/p><\/div><div class=\"col-auto mt-md-0 mt-2\"><a class=\"btn btn-primary btn-lg px-lg-4 d-none d-md-block\" href=\"https:\/\/comunidad.comprasdominicana.gob.do\/\/Public\/Tendering\/OpportunityDetail\/Index?noticeUID=DO1.NTC.814434\" target=\"_blank\" title=\"Detalles\"><i class=\"fas fa-link\"><\/i> DETALLES<\/a><a class=\"btn btn-primary btn-lg px-lg-4 d-block d-md-none\" href=\"https:\/\/comunidad.comprasdominicana.gob.do\/\/Public\/Tendering\/OpportunityDetail\/Index?noticeUID=DO1.NTC.814434\" target=\"_blank\" title=\"Detalles\"><i class=\"fas fa-2x fa-link\"><\/i><\/a><\/div><\/div><\/div><div class=\"jumbotron archivos\"><div class=\"row align-items-center\"><div class=\"col\"><h6><a class=\"text-dark\" href=\"https:\/\/comunidad.comprasdominicana.gob.do\/\/Public\/Tendering\/OpportunityDetail\/Index?noticeUID=DO1.NTC.813722\" title=\"Ver\" target=\"_blank\">APORDOM-UC-CD-2020-0013<\/a><\/h6><p class=\"mb-0 bold\">MATERIALES ELECTRICOS PARA PARA  REPARACION DE AVERIA ELECTRICA EN PUERTO HAINA OCCIDENTAL <\/p><p class=\"mb-0\" style=\"font-size: .85rem\"><strong title=\"Estado del Proceso\"><i class=\"fas fa-spinner\"><\/i><\/strong> Proceso adjudicado y celebrado<\/p><p class=\"mb-0\" style=\"font-size: .85rem\"><strong title=\"Fecha de Publicaci\u00f3n\"><i class=\"fas fa-calendar-alt\"><\/i><\/strong> Publicado el mi\u00e9rcoles, 16 de septiembre de 2020<\/p><\/div><div class=\"col-auto mt-md-0 mt-2\"><a class=\"btn btn-primary btn-lg px-lg-4 d-none d-md-block\" href=\"https:\/\/comunidad.comprasdominicana.gob.do\/\/Public\/Tendering\/OpportunityDetail\/Index?noticeUID=DO1.NTC.813722\" target=\"_blank\" title=\"Detalles\"><i class=\"fas fa-link\"><\/i> DETALLES<\/a><a class=\"btn btn-primary btn-lg px-lg-4 d-block d-md-none\" href=\"https:\/\/comunidad.comprasdominicana.gob.do\/\/Public\/Tendering\/OpportunityDetail\/Index?noticeUID=DO1.NTC.813722\" target=\"_blank\" title=\"Detalles\"><i class=\"fas fa-2x fa-link\"><\/i><\/a><\/div><\/div><\/div><div class=\"jumbotron archivos\"><div class=\"row align-items-center\"><div class=\"col\"><h6><a class=\"text-dark\" href=\"https:\/\/comunidad.comprasdominicana.gob.do\/\/Public\/Tendering\/OpportunityDetail\/Index?noticeUID=DO1.NTC.810922\" title=\"Ver\" target=\"_blank\">APORDOM-UC-CD-2020-0009<\/a><\/h6><p class=\"mb-0 bold\">Servicio de Reparaci\u00f3n,  Autob\u00fas Internacional a\u00f1o 1990, propiedad de esta instituci\u00f3n.<\/p><p class=\"mb-0\" style=\"font-size: .85rem\"><strong title=\"Estado del Proceso\"><i class=\"fas fa-spinner\"><\/i><\/strong> Proceso adjudicado y celebrado<\/p><p class=\"mb-0\" style=\"font-size: .85rem\"><strong title=\"Fecha de Publicaci\u00f3n\"><i class=\"fas fa-calendar-alt\"><\/i><\/strong> Publicado el mi\u00e9rcoles, 9 de septiembre de 2020<\/p><\/div><div class=\"col-auto mt-md-0 mt-2\"><a class=\"btn btn-primary btn-lg px-lg-4 d-none d-md-block\" href=\"https:\/\/comunidad.comprasdominicana.gob.do\/\/Public\/Tendering\/OpportunityDetail\/Index?noticeUID=DO1.NTC.810922\" target=\"_blank\" title=\"Detalles\"><i class=\"fas fa-link\"><\/i> DETALLES<\/a><a class=\"btn btn-primary btn-lg px-lg-4 d-block d-md-none\" href=\"https:\/\/comunidad.comprasdominicana.gob.do\/\/Public\/Tendering\/OpportunityDetail\/Index?noticeUID=DO1.NTC.810922\" target=\"_blank\" title=\"Detalles\"><i class=\"fas fa-2x fa-link\"><\/i><\/a><\/div><\/div><\/div><div class=\"jumbotron archivos\"><div class=\"row align-items-center\"><div class=\"col\"><h6><a class=\"text-dark\" href=\"https:\/\/comunidad.comprasdominicana.gob.do\/\/Public\/Tendering\/OpportunityDetail\/Index?noticeUID=DO1.NTC.810107\" title=\"Ver\" target=\"_blank\">APORDOM-UC-CD-2020-0007<\/a><\/h6><p class=\"mb-0 bold\">Adquisici\u00f3n  de Municiones y Art\u00edculos de Limpieza  para armas de fuego, requerido por  el Departamento de Inspector\u00eda General de esta Instituci\u00f3n.<\/p><p class=\"mb-0\" style=\"font-size: .85rem\"><strong title=\"Estado del Proceso\"><i class=\"fas fa-spinner\"><\/i><\/strong> Proceso adjudicado y celebrado<\/p><p class=\"mb-0\" style=\"font-size: .85rem\"><strong title=\"Fecha de Publicaci\u00f3n\"><i class=\"fas fa-calendar-alt\"><\/i><\/strong> Publicado el martes, 8 de septiembre de 2020<\/p><\/div><div class=\"col-auto mt-md-0 mt-2\"><a class=\"btn btn-primary btn-lg px-lg-4 d-none d-md-block\" href=\"https:\/\/comunidad.comprasdominicana.gob.do\/\/Public\/Tendering\/OpportunityDetail\/Index?noticeUID=DO1.NTC.810107\" target=\"_blank\" title=\"Detalles\"><i class=\"fas fa-link\"><\/i> DETALLES<\/a><a class=\"btn btn-primary btn-lg px-lg-4 d-block d-md-none\" href=\"https:\/\/comunidad.comprasdominicana.gob.do\/\/Public\/Tendering\/OpportunityDetail\/Index?noticeUID=DO1.NTC.810107\" target=\"_blank\" title=\"Detalles\"><i class=\"fas fa-2x fa-link\"><\/i><\/a><\/div><\/div><\/div><div class=\"jumbotron archivos\"><div class=\"row align-items-center\"><div class=\"col\"><h6><a class=\"text-dark\" href=\"https:\/\/comunidad.comprasdominicana.gob.do\/\/Public\/Tendering\/OpportunityDetail\/Index?noticeUID=DO1.NTC.807616\" title=\"Ver\" target=\"_blank\">APORDOM-UC-CD-2020-0006<\/a><\/h6><p class=\"mb-0 bold\">Servicio de instalaci\u00f3n Power Supply 220\/24VDC, para elevador Fuji.<\/p><p class=\"mb-0\" style=\"font-size: .85rem\"><strong title=\"Estado del Proceso\"><i class=\"fas fa-spinner\"><\/i><\/strong> Proceso adjudicado y celebrado<\/p><p class=\"mb-0\" style=\"font-size: .85rem\"><strong title=\"Fecha de Publicaci\u00f3n\"><i class=\"fas fa-calendar-alt\"><\/i><\/strong> Publicado el mi\u00e9rcoles, 2 de septiembre de 2020<\/p><\/div><div class=\"col-auto mt-md-0 mt-2\"><a class=\"btn btn-primary btn-lg px-lg-4 d-none d-md-block\" href=\"https:\/\/comunidad.comprasdominicana.gob.do\/\/Public\/Tendering\/OpportunityDetail\/Index?noticeUID=DO1.NTC.807616\" target=\"_blank\" title=\"Detalles\"><i class=\"fas fa-link\"><\/i> DETALLES<\/a><a class=\"btn btn-primary btn-lg px-lg-4 d-block d-md-none\" href=\"https:\/\/comunidad.comprasdominicana.gob.do\/\/Public\/Tendering\/OpportunityDetail\/Index?noticeUID=DO1.NTC.807616\" target=\"_blank\" title=\"Detalles\"><i class=\"fas fa-2x fa-link\"><\/i><\/a><\/div><\/div><\/div><\/div><\/div><\/div>\n        <div class=\"card\">\n            <div class=\"card-header parents\" id=\"heading_compras-por-debajo-del-umbral-69eeee772d89c-2020-69eeee772d89c-agosto-69eeee772d89c\">\n                <p class=\"title text-blue mb-0\">\n                    <a class=\"btn-block hover text-left collapsed\" data-toggle=\"collapse\" data-target=\"#collap_compras-por-debajo-del-umbral-69eeee772d89c-2020-69eeee772d89c-agosto-69eeee772d89c\" aria-expanded=\"false\" aria-controls=\"collap_compras-por-debajo-del-umbral-69eeee772d89c-2020-69eeee772d89c-agosto-69eeee772d89c\">Agosto<\/a>\n                <\/p>\n            <\/div>\n            <div id=\"collap_compras-por-debajo-del-umbral-69eeee772d89c-2020-69eeee772d89c-agosto-69eeee772d89c\" class=\"collapse\" aria-labelledby=\"heading_compras-por-debajo-del-umbral-69eeee772d89c-2020-69eeee772d89c-agosto-69eeee772d89c\" data-parent=\"#collap_compras-por-debajo-del-umbral-69eeee772d89c-2020-69eeee772d89c\">\n                <div class=\"card-body\"><div class=\"jumbotron archivos\"><div class=\"row align-items-center\"><div class=\"col\"><h6><a class=\"text-dark\" href=\"https:\/\/comunidad.comprasdominicana.gob.do\/\/Public\/Tendering\/OpportunityDetail\/Index?noticeUID=DO1.NTC.806406\" title=\"Ver\" target=\"_blank\">APORDOM-UC-CD-2020-0005<\/a><\/h6><p class=\"mb-0 bold\">ADQUISICI\u00d3N DE ART\u00cdCULOS IMPRESOS, para ser usado en la Direcci\u00f3n Ejecutiva de esta instituci\u00f3n.<\/p><p class=\"mb-0\" style=\"font-size: .85rem\"><strong title=\"Estado del Proceso\"><i class=\"fas fa-spinner\"><\/i><\/strong> Proceso adjudicado y celebrado<\/p><p class=\"mb-0\" style=\"font-size: .85rem\"><strong title=\"Fecha de Publicaci\u00f3n\"><i class=\"fas fa-calendar-alt\"><\/i><\/strong> Publicado el lunes, 31 de agosto de 2020<\/p><\/div><div class=\"col-auto mt-md-0 mt-2\"><a class=\"btn btn-primary btn-lg px-lg-4 d-none d-md-block\" href=\"https:\/\/comunidad.comprasdominicana.gob.do\/\/Public\/Tendering\/OpportunityDetail\/Index?noticeUID=DO1.NTC.806406\" target=\"_blank\" title=\"Detalles\"><i class=\"fas fa-link\"><\/i> DETALLES<\/a><a class=\"btn btn-primary btn-lg px-lg-4 d-block d-md-none\" href=\"https:\/\/comunidad.comprasdominicana.gob.do\/\/Public\/Tendering\/OpportunityDetail\/Index?noticeUID=DO1.NTC.806406\" target=\"_blank\" title=\"Detalles\"><i class=\"fas fa-2x fa-link\"><\/i><\/a><\/div><\/div><\/div><\/div><\/div><\/div>\n        <div class=\"card\">\n            <div class=\"card-header parents\" id=\"heading_compras-por-debajo-del-umbral-69eeee772d89c-2020-69eeee772d89c-junio-69eeee772d89c\">\n                <p class=\"title text-blue mb-0\">\n                    <a class=\"btn-block hover text-left collapsed\" data-toggle=\"collapse\" data-target=\"#collap_compras-por-debajo-del-umbral-69eeee772d89c-2020-69eeee772d89c-junio-69eeee772d89c\" aria-expanded=\"false\" aria-controls=\"collap_compras-por-debajo-del-umbral-69eeee772d89c-2020-69eeee772d89c-junio-69eeee772d89c\">Junio<\/a>\n                <\/p>\n            <\/div>\n            <div id=\"collap_compras-por-debajo-del-umbral-69eeee772d89c-2020-69eeee772d89c-junio-69eeee772d89c\" class=\"collapse\" aria-labelledby=\"heading_compras-por-debajo-del-umbral-69eeee772d89c-2020-69eeee772d89c-junio-69eeee772d89c\" data-parent=\"#collap_compras-por-debajo-del-umbral-69eeee772d89c-2020-69eeee772d89c\">\n                <div class=\"card-body\"><div class=\"jumbotron archivos\"><div class=\"row align-items-center\"><div class=\"col\"><h6><a class=\"text-dark\" href=\"https:\/\/comunidad.comprasdominicana.gob.do\/\/Public\/Tendering\/OpportunityDetail\/Index?noticeUID=DO1.NTC.770330\" title=\"Ver\" target=\"_blank\">APORDOM-UC-CD-2020-0004<\/a><\/h6><p class=\"mb-0 bold\">Papel Forma Continua 9 1\/2 x 11 de 5 partes.<\/p><p class=\"mb-0\" style=\"font-size: .85rem\"><strong title=\"Estado del Proceso\"><i class=\"fas fa-spinner\"><\/i><\/strong> Proceso adjudicado y celebrado<\/p><p class=\"mb-0\" style=\"font-size: .85rem\"><strong title=\"Fecha de Publicaci\u00f3n\"><i class=\"fas fa-calendar-alt\"><\/i><\/strong> Publicado el lunes, 15 de junio de 2020<\/p><\/div><div class=\"col-auto mt-md-0 mt-2\"><a class=\"btn btn-primary btn-lg px-lg-4 d-none d-md-block\" href=\"https:\/\/comunidad.comprasdominicana.gob.do\/\/Public\/Tendering\/OpportunityDetail\/Index?noticeUID=DO1.NTC.770330\" target=\"_blank\" title=\"Detalles\"><i class=\"fas fa-link\"><\/i> DETALLES<\/a><a class=\"btn btn-primary btn-lg px-lg-4 d-block d-md-none\" href=\"https:\/\/comunidad.comprasdominicana.gob.do\/\/Public\/Tendering\/OpportunityDetail\/Index?noticeUID=DO1.NTC.770330\" target=\"_blank\" title=\"Detalles\"><i class=\"fas fa-2x fa-link\"><\/i><\/a><\/div><\/div><\/div><\/div><\/div><\/div>\n        <div class=\"card\">\n            <div class=\"card-header parents\" id=\"heading_compras-por-debajo-del-umbral-69eeee772d89c-2020-69eeee772d89c-mayo-69eeee772d89c\">\n                <p class=\"title text-blue mb-0\">\n                    <a class=\"btn-block hover text-left collapsed\" data-toggle=\"collapse\" data-target=\"#collap_compras-por-debajo-del-umbral-69eeee772d89c-2020-69eeee772d89c-mayo-69eeee772d89c\" aria-expanded=\"false\" aria-controls=\"collap_compras-por-debajo-del-umbral-69eeee772d89c-2020-69eeee772d89c-mayo-69eeee772d89c\">Mayo<\/a>\n                <\/p>\n            <\/div>\n            <div id=\"collap_compras-por-debajo-del-umbral-69eeee772d89c-2020-69eeee772d89c-mayo-69eeee772d89c\" class=\"collapse\" aria-labelledby=\"heading_compras-por-debajo-del-umbral-69eeee772d89c-2020-69eeee772d89c-mayo-69eeee772d89c\" data-parent=\"#collap_compras-por-debajo-del-umbral-69eeee772d89c-2020-69eeee772d89c\">\n                <div class=\"card-body\"><div class=\"jumbotron archivos\"><div class=\"row align-items-center\"><div class=\"col\"><h6><a class=\"text-dark\" href=\"https:\/\/comunidad.comprasdominicana.gob.do\/\/Public\/Tendering\/OpportunityDetail\/Index?noticeUID=DO1.NTC.755102\" title=\"Ver\" target=\"_blank\">APORDOM-UC-CD-2020-0003<\/a><\/h6><p class=\"mb-0 bold\">ADQUISICI\u00d3N SELLOS SEGURIDAD PARA FURGONES<\/p><p class=\"mb-0\" style=\"font-size: .85rem\"><strong title=\"Estado del Proceso\"><i class=\"fas fa-spinner\"><\/i><\/strong> Proceso adjudicado y celebrado<\/p><p class=\"mb-0\" style=\"font-size: .85rem\"><strong title=\"Fecha de Publicaci\u00f3n\"><i class=\"fas fa-calendar-alt\"><\/i><\/strong> Publicado el viernes, 8 de mayo de 2020<\/p><\/div><div class=\"col-auto mt-md-0 mt-2\"><a class=\"btn btn-primary btn-lg px-lg-4 d-none d-md-block\" href=\"https:\/\/comunidad.comprasdominicana.gob.do\/\/Public\/Tendering\/OpportunityDetail\/Index?noticeUID=DO1.NTC.755102\" target=\"_blank\" title=\"Detalles\"><i class=\"fas fa-link\"><\/i> DETALLES<\/a><a class=\"btn btn-primary btn-lg px-lg-4 d-block d-md-none\" href=\"https:\/\/comunidad.comprasdominicana.gob.do\/\/Public\/Tendering\/OpportunityDetail\/Index?noticeUID=DO1.NTC.755102\" target=\"_blank\" title=\"Detalles\"><i class=\"fas fa-2x fa-link\"><\/i><\/a><\/div><\/div><\/div><\/div><\/div><\/div>\n        <div class=\"card\">\n            <div class=\"card-header parents\" id=\"heading_compras-por-debajo-del-umbral-69eeee772d89c-2020-69eeee772d89c-abril-69eeee772d89c\">\n                <p class=\"title text-blue mb-0\">\n                    <a class=\"btn-block hover text-left collapsed\" data-toggle=\"collapse\" data-target=\"#collap_compras-por-debajo-del-umbral-69eeee772d89c-2020-69eeee772d89c-abril-69eeee772d89c\" aria-expanded=\"false\" aria-controls=\"collap_compras-por-debajo-del-umbral-69eeee772d89c-2020-69eeee772d89c-abril-69eeee772d89c\">Abril<\/a>\n                <\/p>\n            <\/div>\n            <div id=\"collap_compras-por-debajo-del-umbral-69eeee772d89c-2020-69eeee772d89c-abril-69eeee772d89c\" class=\"collapse\" aria-labelledby=\"heading_compras-por-debajo-del-umbral-69eeee772d89c-2020-69eeee772d89c-abril-69eeee772d89c\" data-parent=\"#collap_compras-por-debajo-del-umbral-69eeee772d89c-2020-69eeee772d89c\">\n                <div class=\"card-body\"><div class=\"jumbotron archivos\"><div class=\"row align-items-center\"><div class=\"col\"><h6><a class=\"text-dark\" href=\"https:\/\/comunidad.comprasdominicana.gob.do\/\/Public\/Tendering\/OpportunityDetail\/Index?noticeUID=DO1.NTC.748114\" title=\"Ver\" target=\"_blank\">APORDOM-UC-CD-2020-0002<\/a><\/h6><p class=\"mb-0 bold\">Adquisicion de Impresos.<\/p><p class=\"mb-0\" style=\"font-size: .85rem\"><strong title=\"Estado del Proceso\"><i class=\"fas fa-spinner\"><\/i><\/strong> Proceso adjudicado y celebrado<\/p><p class=\"mb-0\" style=\"font-size: .85rem\"><strong title=\"Fecha de Publicaci\u00f3n\"><i class=\"fas fa-calendar-alt\"><\/i><\/strong> Publicado el mi\u00e9rcoles, 22 de abril de 2020<\/p><\/div><div class=\"col-auto mt-md-0 mt-2\"><a class=\"btn btn-primary btn-lg px-lg-4 d-none d-md-block\" href=\"https:\/\/comunidad.comprasdominicana.gob.do\/\/Public\/Tendering\/OpportunityDetail\/Index?noticeUID=DO1.NTC.748114\" target=\"_blank\" title=\"Detalles\"><i class=\"fas fa-link\"><\/i> DETALLES<\/a><a class=\"btn btn-primary btn-lg px-lg-4 d-block d-md-none\" href=\"https:\/\/comunidad.comprasdominicana.gob.do\/\/Public\/Tendering\/OpportunityDetail\/Index?noticeUID=DO1.NTC.748114\" target=\"_blank\" title=\"Detalles\"><i class=\"fas fa-2x fa-link\"><\/i><\/a><\/div><\/div><\/div><\/div><\/div><\/div>\n        <div class=\"card\">\n            <div class=\"card-header parents\" id=\"heading_compras-por-debajo-del-umbral-69eeee772d89c-2020-69eeee772d89c-febrero-69eeee772d89c\">\n                <p class=\"title text-blue mb-0\">\n                    <a class=\"btn-block hover text-left collapsed\" data-toggle=\"collapse\" data-target=\"#collap_compras-por-debajo-del-umbral-69eeee772d89c-2020-69eeee772d89c-febrero-69eeee772d89c\" aria-expanded=\"false\" aria-controls=\"collap_compras-por-debajo-del-umbral-69eeee772d89c-2020-69eeee772d89c-febrero-69eeee772d89c\">Febrero<\/a>\n                <\/p>\n            <\/div>\n            <div id=\"collap_compras-por-debajo-del-umbral-69eeee772d89c-2020-69eeee772d89c-febrero-69eeee772d89c\" class=\"collapse\" aria-labelledby=\"heading_compras-por-debajo-del-umbral-69eeee772d89c-2020-69eeee772d89c-febrero-69eeee772d89c\" data-parent=\"#collap_compras-por-debajo-del-umbral-69eeee772d89c-2020-69eeee772d89c\">\n                <div class=\"card-body\"><div class=\"jumbotron archivos\"><div class=\"row align-items-center\"><div class=\"col\"><h6><a class=\"text-dark\" href=\"https:\/\/comunidad.comprasdominicana.gob.do\/\/Public\/Tendering\/OpportunityDetail\/Index?noticeUID=DO1.NTC.716112\" title=\"Ver\" target=\"_blank\">APORDOM-UC-CD-2020-0001<\/a><\/h6><p class=\"mb-0 bold\">ADQUISICI\u00d3N DE LUBRICANTES.<\/p><p class=\"mb-0\" style=\"font-size: .85rem\"><strong title=\"Estado del Proceso\"><i class=\"fas fa-spinner\"><\/i><\/strong> Proceso adjudicado y celebrado<\/p><p class=\"mb-0\" style=\"font-size: .85rem\"><strong title=\"Fecha de Publicaci\u00f3n\"><i class=\"fas fa-calendar-alt\"><\/i><\/strong> Publicado el mi\u00e9rcoles, 12 de febrero de 2020<\/p><\/div><div class=\"col-auto mt-md-0 mt-2\"><a class=\"btn btn-primary btn-lg px-lg-4 d-none d-md-block\" href=\"https:\/\/comunidad.comprasdominicana.gob.do\/\/Public\/Tendering\/OpportunityDetail\/Index?noticeUID=DO1.NTC.716112\" target=\"_blank\" title=\"Detalles\"><i class=\"fas fa-link\"><\/i> DETALLES<\/a><a class=\"btn btn-primary btn-lg px-lg-4 d-block d-md-none\" href=\"https:\/\/comunidad.comprasdominicana.gob.do\/\/Public\/Tendering\/OpportunityDetail\/Index?noticeUID=DO1.NTC.716112\" target=\"_blank\" title=\"Detalles\"><i class=\"fas fa-2x fa-link\"><\/i><\/a><\/div><\/div><\/div><\/div><\/div><\/div><\/div><\/div><\/div>\n        <div class=\"card\">\n            <div class=\"card-header parents\" id=\"heading_compras-por-debajo-del-umbral-69eeee772d89c-2019-69eeee772d89c\">\n                <p class=\"title text-blue mb-0\">\n                    <a class=\"btn-block hover text-left collapsed\" data-toggle=\"collapse\" data-target=\"#collap_compras-por-debajo-del-umbral-69eeee772d89c-2019-69eeee772d89c\" aria-expanded=\"false\" aria-controls=\"collap_compras-por-debajo-del-umbral-69eeee772d89c-2019-69eeee772d89c\">2019<\/a>\n                <\/p>\n            <\/div>\n            <div id=\"collap_compras-por-debajo-del-umbral-69eeee772d89c-2019-69eeee772d89c\" class=\"collapse\" aria-labelledby=\"heading_compras-por-debajo-del-umbral-69eeee772d89c-2019-69eeee772d89c\" data-parent=\"#collap_compras-por-debajo-del-umbral-69eeee772d89c\">\n                <div class=\"card-body\">\n        <div class=\"card\">\n            <div class=\"card-header parents\" id=\"heading_compras-por-debajo-del-umbral-69eeee772d89c-2019-69eeee772d89c-noviembre-69eeee772d89c\">\n                <p class=\"title text-blue mb-0\">\n                    <a class=\"btn-block hover text-left collapsed\" data-toggle=\"collapse\" data-target=\"#collap_compras-por-debajo-del-umbral-69eeee772d89c-2019-69eeee772d89c-noviembre-69eeee772d89c\" aria-expanded=\"false\" aria-controls=\"collap_compras-por-debajo-del-umbral-69eeee772d89c-2019-69eeee772d89c-noviembre-69eeee772d89c\">Noviembre<\/a>\n                <\/p>\n            <\/div>\n            <div id=\"collap_compras-por-debajo-del-umbral-69eeee772d89c-2019-69eeee772d89c-noviembre-69eeee772d89c\" class=\"collapse\" aria-labelledby=\"heading_compras-por-debajo-del-umbral-69eeee772d89c-2019-69eeee772d89c-noviembre-69eeee772d89c\" data-parent=\"#collap_compras-por-debajo-del-umbral-69eeee772d89c-2019-69eeee772d89c\">\n                <div class=\"card-body\"><div class=\"jumbotron archivos\"><div class=\"row align-items-center\"><div class=\"col\"><h6><a class=\"text-dark\" href=\"https:\/\/comunidad.comprasdominicana.gob.do\/\/Public\/Tendering\/OpportunityDetail\/Index?noticeUID=DO1.NTC.674216\" title=\"Ver\" target=\"_blank\">APORDOM-UC-CD-2019-0017<\/a><\/h6><p class=\"mb-0 bold\">ADQUISICI\u00d3N DE PAPEL FORMA CONTINUA.<\/p><p class=\"mb-0\" style=\"font-size: .85rem\"><strong title=\"Estado del Proceso\"><i class=\"fas fa-spinner\"><\/i><\/strong> Proceso adjudicado y celebrado<\/p><p class=\"mb-0\" style=\"font-size: .85rem\"><strong title=\"Fecha de Publicaci\u00f3n\"><i class=\"fas fa-calendar-alt\"><\/i><\/strong> Publicado el jueves, 14 de noviembre de 2019<\/p><\/div><div class=\"col-auto mt-md-0 mt-2\"><a class=\"btn btn-primary btn-lg px-lg-4 d-none d-md-block\" href=\"https:\/\/comunidad.comprasdominicana.gob.do\/\/Public\/Tendering\/OpportunityDetail\/Index?noticeUID=DO1.NTC.674216\" target=\"_blank\" title=\"Detalles\"><i class=\"fas fa-link\"><\/i> DETALLES<\/a><a class=\"btn btn-primary btn-lg px-lg-4 d-block d-md-none\" href=\"https:\/\/comunidad.comprasdominicana.gob.do\/\/Public\/Tendering\/OpportunityDetail\/Index?noticeUID=DO1.NTC.674216\" target=\"_blank\" title=\"Detalles\"><i class=\"fas fa-2x fa-link\"><\/i><\/a><\/div><\/div><\/div><div class=\"jumbotron archivos\"><div class=\"row align-items-center\"><div class=\"col\"><h6><a class=\"text-dark\" href=\"https:\/\/comunidad.comprasdominicana.gob.do\/\/Public\/Tendering\/OpportunityDetail\/Index?noticeUID=DO1.NTC.671115\" title=\"Ver\" target=\"_blank\">APORDOM-UC-CD-2019-0014<\/a><\/h6><p class=\"mb-0 bold\">Kit artesanal navide\u00f1o.<\/p><p class=\"mb-0\" style=\"font-size: .85rem\"><strong title=\"Estado del Proceso\"><i class=\"fas fa-spinner\"><\/i><\/strong> Proceso adjudicado y celebrado<\/p><p class=\"mb-0\" style=\"font-size: .85rem\"><strong title=\"Fecha de Publicaci\u00f3n\"><i class=\"fas fa-calendar-alt\"><\/i><\/strong> Publicado el jueves, 7 de noviembre de 2019<\/p><\/div><div class=\"col-auto mt-md-0 mt-2\"><a class=\"btn btn-primary btn-lg px-lg-4 d-none d-md-block\" href=\"https:\/\/comunidad.comprasdominicana.gob.do\/\/Public\/Tendering\/OpportunityDetail\/Index?noticeUID=DO1.NTC.671115\" target=\"_blank\" title=\"Detalles\"><i class=\"fas fa-link\"><\/i> DETALLES<\/a><a class=\"btn btn-primary btn-lg px-lg-4 d-block d-md-none\" href=\"https:\/\/comunidad.comprasdominicana.gob.do\/\/Public\/Tendering\/OpportunityDetail\/Index?noticeUID=DO1.NTC.671115\" target=\"_blank\" title=\"Detalles\"><i class=\"fas fa-2x fa-link\"><\/i><\/a><\/div><\/div><\/div><div class=\"jumbotron archivos\"><div class=\"row align-items-center\"><div class=\"col\"><h6><a class=\"text-dark\" href=\"https:\/\/comunidad.comprasdominicana.gob.do\/\/Public\/Tendering\/OpportunityDetail\/Index?noticeUID=DO1.NTC.670342\" title=\"Ver\" target=\"_blank\">APORDOM-UC-CD-2019-0013<\/a><\/h6><p class=\"mb-0 bold\">Muebles de Oficina y Electrodom\u00e9sticos.<\/p><p class=\"mb-0\" style=\"font-size: .85rem\"><strong title=\"Estado del Proceso\"><i class=\"fas fa-spinner\"><\/i><\/strong> Proceso adjudicado y celebrado<\/p><p class=\"mb-0\" style=\"font-size: .85rem\"><strong title=\"Fecha de Publicaci\u00f3n\"><i class=\"fas fa-calendar-alt\"><\/i><\/strong> Publicado el mi\u00e9rcoles, 6 de noviembre de 2019<\/p><\/div><div class=\"col-auto mt-md-0 mt-2\"><a class=\"btn btn-primary btn-lg px-lg-4 d-none d-md-block\" href=\"https:\/\/comunidad.comprasdominicana.gob.do\/\/Public\/Tendering\/OpportunityDetail\/Index?noticeUID=DO1.NTC.670342\" target=\"_blank\" title=\"Detalles\"><i class=\"fas fa-link\"><\/i> DETALLES<\/a><a class=\"btn btn-primary btn-lg px-lg-4 d-block d-md-none\" href=\"https:\/\/comunidad.comprasdominicana.gob.do\/\/Public\/Tendering\/OpportunityDetail\/Index?noticeUID=DO1.NTC.670342\" target=\"_blank\" title=\"Detalles\"><i class=\"fas fa-2x fa-link\"><\/i><\/a><\/div><\/div><\/div><\/div><\/div><\/div>\n        <div class=\"card\">\n            <div class=\"card-header parents\" id=\"heading_compras-por-debajo-del-umbral-69eeee772d89c-2019-69eeee772d89c-octubre-69eeee772d89c\">\n                <p class=\"title text-blue mb-0\">\n                    <a class=\"btn-block hover text-left collapsed\" data-toggle=\"collapse\" data-target=\"#collap_compras-por-debajo-del-umbral-69eeee772d89c-2019-69eeee772d89c-octubre-69eeee772d89c\" aria-expanded=\"false\" aria-controls=\"collap_compras-por-debajo-del-umbral-69eeee772d89c-2019-69eeee772d89c-octubre-69eeee772d89c\">Octubre<\/a>\n                <\/p>\n            <\/div>\n            <div id=\"collap_compras-por-debajo-del-umbral-69eeee772d89c-2019-69eeee772d89c-octubre-69eeee772d89c\" class=\"collapse\" aria-labelledby=\"heading_compras-por-debajo-del-umbral-69eeee772d89c-2019-69eeee772d89c-octubre-69eeee772d89c\" data-parent=\"#collap_compras-por-debajo-del-umbral-69eeee772d89c-2019-69eeee772d89c\">\n                <div class=\"card-body\"><div class=\"jumbotron archivos\"><div class=\"row align-items-center\"><div class=\"col\"><h6><a class=\"text-dark\" href=\"https:\/\/comunidad.comprasdominicana.gob.do\/\/Public\/Tendering\/OpportunityDetail\/Index?noticeUID=DO1.NTC.664532\" title=\"Ver\" target=\"_blank\">APORDOM-UC-CD-2019-0012<\/a><\/h6><p class=\"mb-0 bold\">Adquisici\u00f3n de Neum\u00e1ticos.<\/p><p class=\"mb-0\" style=\"font-size: .85rem\"><strong title=\"Estado del Proceso\"><i class=\"fas fa-spinner\"><\/i><\/strong> Proceso adjudicado y celebrado<\/p><p class=\"mb-0\" style=\"font-size: .85rem\"><strong title=\"Fecha de Publicaci\u00f3n\"><i class=\"fas fa-calendar-alt\"><\/i><\/strong> Publicado el viernes, 25 de octubre de 2019<\/p><\/div><div class=\"col-auto mt-md-0 mt-2\"><a class=\"btn btn-primary btn-lg px-lg-4 d-none d-md-block\" href=\"https:\/\/comunidad.comprasdominicana.gob.do\/\/Public\/Tendering\/OpportunityDetail\/Index?noticeUID=DO1.NTC.664532\" target=\"_blank\" title=\"Detalles\"><i class=\"fas fa-link\"><\/i> DETALLES<\/a><a class=\"btn btn-primary btn-lg px-lg-4 d-block d-md-none\" href=\"https:\/\/comunidad.comprasdominicana.gob.do\/\/Public\/Tendering\/OpportunityDetail\/Index?noticeUID=DO1.NTC.664532\" target=\"_blank\" title=\"Detalles\"><i class=\"fas fa-2x fa-link\"><\/i><\/a><\/div><\/div><\/div><div class=\"jumbotron archivos\"><div class=\"row align-items-center\"><div class=\"col\"><h6><a class=\"text-dark\" href=\"https:\/\/comunidad.comprasdominicana.gob.do\/\/Public\/Tendering\/OpportunityDetail\/Index?noticeUID=DO1.NTC.651921\" title=\"Ver\" target=\"_blank\">APORDOM-UC-CD-2019-0011<\/a><\/h6><p class=\"mb-0 bold\">Adquisici\u00f3n de Bater\u00edas para los Autobuses Mercedes Benz. <\/p><p class=\"mb-0\" style=\"font-size: .85rem\"><strong title=\"Estado del Proceso\"><i class=\"fas fa-spinner\"><\/i><\/strong> Proceso adjudicado y celebrado<\/p><p class=\"mb-0\" style=\"font-size: .85rem\"><strong title=\"Fecha de Publicaci\u00f3n\"><i class=\"fas fa-calendar-alt\"><\/i><\/strong> Publicado el mi\u00e9rcoles, 2 de octubre de 2019<\/p><\/div><div class=\"col-auto mt-md-0 mt-2\"><a class=\"btn btn-primary btn-lg px-lg-4 d-none d-md-block\" href=\"https:\/\/comunidad.comprasdominicana.gob.do\/\/Public\/Tendering\/OpportunityDetail\/Index?noticeUID=DO1.NTC.651921\" target=\"_blank\" title=\"Detalles\"><i class=\"fas fa-link\"><\/i> DETALLES<\/a><a class=\"btn btn-primary btn-lg px-lg-4 d-block d-md-none\" href=\"https:\/\/comunidad.comprasdominicana.gob.do\/\/Public\/Tendering\/OpportunityDetail\/Index?noticeUID=DO1.NTC.651921\" target=\"_blank\" title=\"Detalles\"><i class=\"fas fa-2x fa-link\"><\/i><\/a><\/div><\/div><\/div><\/div><\/div><\/div>\n        <div class=\"card\">\n            <div class=\"card-header parents\" id=\"heading_compras-por-debajo-del-umbral-69eeee772d89c-2019-69eeee772d89c-septiembre-69eeee772d89c\">\n                <p class=\"title text-blue mb-0\">\n                    <a class=\"btn-block hover text-left collapsed\" data-toggle=\"collapse\" data-target=\"#collap_compras-por-debajo-del-umbral-69eeee772d89c-2019-69eeee772d89c-septiembre-69eeee772d89c\" aria-expanded=\"false\" aria-controls=\"collap_compras-por-debajo-del-umbral-69eeee772d89c-2019-69eeee772d89c-septiembre-69eeee772d89c\">Septiembre<\/a>\n                <\/p>\n            <\/div>\n            <div id=\"collap_compras-por-debajo-del-umbral-69eeee772d89c-2019-69eeee772d89c-septiembre-69eeee772d89c\" class=\"collapse\" aria-labelledby=\"heading_compras-por-debajo-del-umbral-69eeee772d89c-2019-69eeee772d89c-septiembre-69eeee772d89c\" data-parent=\"#collap_compras-por-debajo-del-umbral-69eeee772d89c-2019-69eeee772d89c\">\n                <div class=\"card-body\"><div class=\"jumbotron archivos\"><div class=\"row align-items-center\"><div class=\"col\"><h6><a class=\"text-dark\" href=\"https:\/\/comunidad.comprasdominicana.gob.do\/\/Public\/Tendering\/OpportunityDetail\/Index?noticeUID=DO1.NTC.641111\" title=\"Ver\" target=\"_blank\">APORDOM-UC-CD-2019-0010<\/a><\/h6><p class=\"mb-0 bold\">Adquisicion de Articulos de Limpieza e Higiene<\/p><p class=\"mb-0\" style=\"font-size: .85rem\"><strong title=\"Estado del Proceso\"><i class=\"fas fa-spinner\"><\/i><\/strong> Proceso adjudicado y celebrado<\/p><p class=\"mb-0\" style=\"font-size: .85rem\"><strong title=\"Fecha de Publicaci\u00f3n\"><i class=\"fas fa-calendar-alt\"><\/i><\/strong> Publicado el martes, 10 de septiembre de 2019<\/p><\/div><div class=\"col-auto mt-md-0 mt-2\"><a class=\"btn btn-primary btn-lg px-lg-4 d-none d-md-block\" href=\"https:\/\/comunidad.comprasdominicana.gob.do\/\/Public\/Tendering\/OpportunityDetail\/Index?noticeUID=DO1.NTC.641111\" target=\"_blank\" title=\"Detalles\"><i class=\"fas fa-link\"><\/i> DETALLES<\/a><a class=\"btn btn-primary btn-lg px-lg-4 d-block d-md-none\" href=\"https:\/\/comunidad.comprasdominicana.gob.do\/\/Public\/Tendering\/OpportunityDetail\/Index?noticeUID=DO1.NTC.641111\" target=\"_blank\" title=\"Detalles\"><i class=\"fas fa-2x fa-link\"><\/i><\/a><\/div><\/div><\/div><\/div><\/div><\/div>\n        <div class=\"card\">\n            <div class=\"card-header parents\" id=\"heading_compras-por-debajo-del-umbral-69eeee772d89c-2019-69eeee772d89c-agosto-69eeee772d89c\">\n                <p class=\"title text-blue mb-0\">\n                    <a class=\"btn-block hover text-left collapsed\" data-toggle=\"collapse\" data-target=\"#collap_compras-por-debajo-del-umbral-69eeee772d89c-2019-69eeee772d89c-agosto-69eeee772d89c\" aria-expanded=\"false\" aria-controls=\"collap_compras-por-debajo-del-umbral-69eeee772d89c-2019-69eeee772d89c-agosto-69eeee772d89c\">Agosto<\/a>\n                <\/p>\n            <\/div>\n            <div id=\"collap_compras-por-debajo-del-umbral-69eeee772d89c-2019-69eeee772d89c-agosto-69eeee772d89c\" class=\"collapse\" aria-labelledby=\"heading_compras-por-debajo-del-umbral-69eeee772d89c-2019-69eeee772d89c-agosto-69eeee772d89c\" data-parent=\"#collap_compras-por-debajo-del-umbral-69eeee772d89c-2019-69eeee772d89c\">\n                <div class=\"card-body\"><div class=\"jumbotron archivos\"><div class=\"row align-items-center\"><div class=\"col\"><h6><a class=\"text-dark\" href=\"https:\/\/comunidad.comprasdominicana.gob.do\/\/Public\/Tendering\/OpportunityDetail\/Index?noticeUID=DO1.NTC.634018\" title=\"Ver\" target=\"_blank\">APORDOM-UC-CD-2019-0009<\/a><\/h6><p class=\"mb-0 bold\">Adquisicion de Articulos de Limpieza e Higiene<\/p><p class=\"mb-0\" style=\"font-size: .85rem\"><strong title=\"Estado del Proceso\"><i class=\"fas fa-spinner\"><\/i><\/strong> Cancelado<\/p><p class=\"mb-0\" style=\"font-size: .85rem\"><strong title=\"Fecha de Publicaci\u00f3n\"><i class=\"fas fa-calendar-alt\"><\/i><\/strong> Publicado el lunes, 26 de agosto de 2019<\/p><\/div><div class=\"col-auto mt-md-0 mt-2\"><a class=\"btn btn-primary btn-lg px-lg-4 d-none d-md-block\" href=\"https:\/\/comunidad.comprasdominicana.gob.do\/\/Public\/Tendering\/OpportunityDetail\/Index?noticeUID=DO1.NTC.634018\" target=\"_blank\" title=\"Detalles\"><i class=\"fas fa-link\"><\/i> DETALLES<\/a><a class=\"btn btn-primary btn-lg px-lg-4 d-block d-md-none\" href=\"https:\/\/comunidad.comprasdominicana.gob.do\/\/Public\/Tendering\/OpportunityDetail\/Index?noticeUID=DO1.NTC.634018\" target=\"_blank\" title=\"Detalles\"><i class=\"fas fa-2x fa-link\"><\/i><\/a><\/div><\/div><\/div><div class=\"jumbotron archivos\"><div class=\"row align-items-center\"><div class=\"col\"><h6><a class=\"text-dark\" href=\"https:\/\/comunidad.comprasdominicana.gob.do\/\/Public\/Tendering\/OpportunityDetail\/Index?noticeUID=DO1.NTC.629921\" title=\"Ver\" target=\"_blank\">APORDOM-UC-CD-2019-0008<\/a><\/h6><p class=\"mb-0 bold\">ADQUISICI\u00d3N DE UPS<\/p><p class=\"mb-0\" style=\"font-size: .85rem\"><strong title=\"Estado del Proceso\"><i class=\"fas fa-spinner\"><\/i><\/strong> Proceso adjudicado y celebrado<\/p><p class=\"mb-0\" style=\"font-size: .85rem\"><strong title=\"Fecha de Publicaci\u00f3n\"><i class=\"fas fa-calendar-alt\"><\/i><\/strong> Publicado el jueves, 15 de agosto de 2019<\/p><\/div><div class=\"col-auto mt-md-0 mt-2\"><a class=\"btn btn-primary btn-lg px-lg-4 d-none d-md-block\" href=\"https:\/\/comunidad.comprasdominicana.gob.do\/\/Public\/Tendering\/OpportunityDetail\/Index?noticeUID=DO1.NTC.629921\" target=\"_blank\" title=\"Detalles\"><i class=\"fas fa-link\"><\/i> DETALLES<\/a><a class=\"btn btn-primary btn-lg px-lg-4 d-block d-md-none\" href=\"https:\/\/comunidad.comprasdominicana.gob.do\/\/Public\/Tendering\/OpportunityDetail\/Index?noticeUID=DO1.NTC.629921\" target=\"_blank\" title=\"Detalles\"><i class=\"fas fa-2x fa-link\"><\/i><\/a><\/div><\/div><\/div><\/div><\/div><\/div>\n        <div class=\"card\">\n            <div class=\"card-header parents\" id=\"heading_compras-por-debajo-del-umbral-69eeee772d89c-2019-69eeee772d89c-julio-69eeee772d89c\">\n                <p class=\"title text-blue mb-0\">\n                    <a class=\"btn-block hover text-left collapsed\" data-toggle=\"collapse\" data-target=\"#collap_compras-por-debajo-del-umbral-69eeee772d89c-2019-69eeee772d89c-julio-69eeee772d89c\" aria-expanded=\"false\" aria-controls=\"collap_compras-por-debajo-del-umbral-69eeee772d89c-2019-69eeee772d89c-julio-69eeee772d89c\">Julio<\/a>\n                <\/p>\n            <\/div>\n            <div id=\"collap_compras-por-debajo-del-umbral-69eeee772d89c-2019-69eeee772d89c-julio-69eeee772d89c\" class=\"collapse\" aria-labelledby=\"heading_compras-por-debajo-del-umbral-69eeee772d89c-2019-69eeee772d89c-julio-69eeee772d89c\" data-parent=\"#collap_compras-por-debajo-del-umbral-69eeee772d89c-2019-69eeee772d89c\">\n                <div class=\"card-body\"><div class=\"jumbotron archivos\"><div class=\"row align-items-center\"><div class=\"col\"><h6><a class=\"text-dark\" href=\"https:\/\/comunidad.comprasdominicana.gob.do\/\/Public\/Tendering\/OpportunityDetail\/Index?noticeUID=DO1.NTC.621635\" title=\"Ver\" target=\"_blank\">APORDOM-UC-CD-2019-0007<\/a><\/h6><p class=\"mb-0 bold\">Adquisicion de Articulos de Limpieza e Higiene<\/p><p class=\"mb-0\" style=\"font-size: .85rem\"><strong title=\"Estado del Proceso\"><i class=\"fas fa-spinner\"><\/i><\/strong> Proceso adjudicado y celebrado<\/p><p class=\"mb-0\" style=\"font-size: .85rem\"><strong title=\"Fecha de Publicaci\u00f3n\"><i class=\"fas fa-calendar-alt\"><\/i><\/strong> Publicado el mi\u00e9rcoles, 31 de julio de 2019<\/p><\/div><div class=\"col-auto mt-md-0 mt-2\"><a class=\"btn btn-primary btn-lg px-lg-4 d-none d-md-block\" href=\"https:\/\/comunidad.comprasdominicana.gob.do\/\/Public\/Tendering\/OpportunityDetail\/Index?noticeUID=DO1.NTC.621635\" target=\"_blank\" title=\"Detalles\"><i class=\"fas fa-link\"><\/i> DETALLES<\/a><a class=\"btn btn-primary btn-lg px-lg-4 d-block d-md-none\" href=\"https:\/\/comunidad.comprasdominicana.gob.do\/\/Public\/Tendering\/OpportunityDetail\/Index?noticeUID=DO1.NTC.621635\" target=\"_blank\" title=\"Detalles\"><i class=\"fas fa-2x fa-link\"><\/i><\/a><\/div><\/div><\/div><div class=\"jumbotron archivos\"><div class=\"row align-items-center\"><div class=\"col\"><h6><a class=\"text-dark\" href=\"https:\/\/comunidad.comprasdominicana.gob.do\/\/Public\/Tendering\/OpportunityDetail\/Index?noticeUID=DO1.NTC.619023\" title=\"Ver\" target=\"_blank\">APORDOM-UC-CD-2019-0006<\/a><\/h6><p class=\"mb-0 bold\">ASERORIA LEGAL PARA LA VERIFICACI\u00d3N DE LA DOCUMENTACI\u00d3N Y  EVALUACION DEL CONTRATO DE CONCESI\u00d3N DEL PROCESO DE LICITACI\u00d3N PUBLICA NACIONAL\nAPORDOM-CCC-LPN-001-2018.<\/p><p class=\"mb-0\" style=\"font-size: .85rem\"><strong title=\"Estado del Proceso\"><i class=\"fas fa-spinner\"><\/i><\/strong> Proceso adjudicado y celebrado<\/p><p class=\"mb-0\" style=\"font-size: .85rem\"><strong title=\"Fecha de Publicaci\u00f3n\"><i class=\"fas fa-calendar-alt\"><\/i><\/strong> Publicado el viernes, 26 de julio de 2019<\/p><\/div><div class=\"col-auto mt-md-0 mt-2\"><a class=\"btn btn-primary btn-lg px-lg-4 d-none d-md-block\" href=\"https:\/\/comunidad.comprasdominicana.gob.do\/\/Public\/Tendering\/OpportunityDetail\/Index?noticeUID=DO1.NTC.619023\" target=\"_blank\" title=\"Detalles\"><i class=\"fas fa-link\"><\/i> DETALLES<\/a><a class=\"btn btn-primary btn-lg px-lg-4 d-block d-md-none\" href=\"https:\/\/comunidad.comprasdominicana.gob.do\/\/Public\/Tendering\/OpportunityDetail\/Index?noticeUID=DO1.NTC.619023\" target=\"_blank\" title=\"Detalles\"><i class=\"fas fa-2x fa-link\"><\/i><\/a><\/div><\/div><\/div><\/div><\/div><\/div>\n        <div class=\"card\">\n            <div class=\"card-header parents\" id=\"heading_compras-por-debajo-del-umbral-69eeee772d89c-2019-69eeee772d89c-junio-69eeee772d89c\">\n                <p class=\"title text-blue mb-0\">\n                    <a class=\"btn-block hover text-left collapsed\" data-toggle=\"collapse\" data-target=\"#collap_compras-por-debajo-del-umbral-69eeee772d89c-2019-69eeee772d89c-junio-69eeee772d89c\" aria-expanded=\"false\" aria-controls=\"collap_compras-por-debajo-del-umbral-69eeee772d89c-2019-69eeee772d89c-junio-69eeee772d89c\">Junio<\/a>\n                <\/p>\n            <\/div>\n            <div id=\"collap_compras-por-debajo-del-umbral-69eeee772d89c-2019-69eeee772d89c-junio-69eeee772d89c\" class=\"collapse\" aria-labelledby=\"heading_compras-por-debajo-del-umbral-69eeee772d89c-2019-69eeee772d89c-junio-69eeee772d89c\" data-parent=\"#collap_compras-por-debajo-del-umbral-69eeee772d89c-2019-69eeee772d89c\">\n                <div class=\"card-body\"><div class=\"jumbotron archivos\"><div class=\"row align-items-center\"><div class=\"col\"><h6><a class=\"text-dark\" href=\"https:\/\/comunidad.comprasdominicana.gob.do\/\/Public\/Tendering\/OpportunityDetail\/Index?noticeUID=DO1.NTC.602324\" title=\"Ver\" target=\"_blank\">APORDOM-UC-CD-2019-0005<\/a><\/h6><p class=\"mb-0 bold\">Adquisici\u00f3n de Art\u00edculos de Limpieza<\/p><p class=\"mb-0\" style=\"font-size: .85rem\"><strong title=\"Estado del Proceso\"><i class=\"fas fa-spinner\"><\/i><\/strong> Proceso adjudicado y celebrado<\/p><p class=\"mb-0\" style=\"font-size: .85rem\"><strong title=\"Fecha de Publicaci\u00f3n\"><i class=\"fas fa-calendar-alt\"><\/i><\/strong> Publicado el lunes, 17 de junio de 2019<\/p><\/div><div class=\"col-auto mt-md-0 mt-2\"><a class=\"btn btn-primary btn-lg px-lg-4 d-none d-md-block\" href=\"https:\/\/comunidad.comprasdominicana.gob.do\/\/Public\/Tendering\/OpportunityDetail\/Index?noticeUID=DO1.NTC.602324\" target=\"_blank\" title=\"Detalles\"><i class=\"fas fa-link\"><\/i> DETALLES<\/a><a class=\"btn btn-primary btn-lg px-lg-4 d-block d-md-none\" href=\"https:\/\/comunidad.comprasdominicana.gob.do\/\/Public\/Tendering\/OpportunityDetail\/Index?noticeUID=DO1.NTC.602324\" target=\"_blank\" title=\"Detalles\"><i class=\"fas fa-2x fa-link\"><\/i><\/a><\/div><\/div><\/div><\/div><\/div><\/div>\n        <div class=\"card\">\n            <div class=\"card-header parents\" id=\"heading_compras-por-debajo-del-umbral-69eeee772d89c-2019-69eeee772d89c-mayo-69eeee772d89c\">\n                <p class=\"title text-blue mb-0\">\n                    <a class=\"btn-block hover text-left collapsed\" data-toggle=\"collapse\" data-target=\"#collap_compras-por-debajo-del-umbral-69eeee772d89c-2019-69eeee772d89c-mayo-69eeee772d89c\" aria-expanded=\"false\" aria-controls=\"collap_compras-por-debajo-del-umbral-69eeee772d89c-2019-69eeee772d89c-mayo-69eeee772d89c\">Mayo<\/a>\n                <\/p>\n            <\/div>\n            <div id=\"collap_compras-por-debajo-del-umbral-69eeee772d89c-2019-69eeee772d89c-mayo-69eeee772d89c\" class=\"collapse\" aria-labelledby=\"heading_compras-por-debajo-del-umbral-69eeee772d89c-2019-69eeee772d89c-mayo-69eeee772d89c\" data-parent=\"#collap_compras-por-debajo-del-umbral-69eeee772d89c-2019-69eeee772d89c\">\n                <div class=\"card-body\"><div class=\"jumbotron archivos\"><div class=\"row align-items-center\"><div class=\"col\"><h6><a class=\"text-dark\" href=\"https:\/\/comunidad.comprasdominicana.gob.do\/\/Public\/Tendering\/OpportunityDetail\/Index?noticeUID=DO1.NTC.587515\" title=\"Ver\" target=\"_blank\">APORDOM-UC-CD-2019-0004<\/a><\/h6><p class=\"mb-0 bold\">Adquisicion de Articulos de Limpieza e Higiene<\/p><p class=\"mb-0\" style=\"font-size: .85rem\"><strong title=\"Estado del Proceso\"><i class=\"fas fa-spinner\"><\/i><\/strong> Proceso adjudicado y celebrado<\/p><p class=\"mb-0\" style=\"font-size: .85rem\"><strong title=\"Fecha de Publicaci\u00f3n\"><i class=\"fas fa-calendar-alt\"><\/i><\/strong> Publicado el martes, 14 de mayo de 2019<\/p><\/div><div class=\"col-auto mt-md-0 mt-2\"><a class=\"btn btn-primary btn-lg px-lg-4 d-none d-md-block\" href=\"https:\/\/comunidad.comprasdominicana.gob.do\/\/Public\/Tendering\/OpportunityDetail\/Index?noticeUID=DO1.NTC.587515\" target=\"_blank\" title=\"Detalles\"><i class=\"fas fa-link\"><\/i> DETALLES<\/a><a class=\"btn btn-primary btn-lg px-lg-4 d-block d-md-none\" href=\"https:\/\/comunidad.comprasdominicana.gob.do\/\/Public\/Tendering\/OpportunityDetail\/Index?noticeUID=DO1.NTC.587515\" target=\"_blank\" title=\"Detalles\"><i class=\"fas fa-2x fa-link\"><\/i><\/a><\/div><\/div><\/div><\/div><\/div><\/div>\n        <div class=\"card\">\n            <div class=\"card-header parents\" id=\"heading_compras-por-debajo-del-umbral-69eeee772d89c-2019-69eeee772d89c-abril-69eeee772d89c\">\n                <p class=\"title text-blue mb-0\">\n                    <a class=\"btn-block hover text-left collapsed\" data-toggle=\"collapse\" data-target=\"#collap_compras-por-debajo-del-umbral-69eeee772d89c-2019-69eeee772d89c-abril-69eeee772d89c\" aria-expanded=\"false\" aria-controls=\"collap_compras-por-debajo-del-umbral-69eeee772d89c-2019-69eeee772d89c-abril-69eeee772d89c\">Abril<\/a>\n                <\/p>\n            <\/div>\n            <div id=\"collap_compras-por-debajo-del-umbral-69eeee772d89c-2019-69eeee772d89c-abril-69eeee772d89c\" class=\"collapse\" aria-labelledby=\"heading_compras-por-debajo-del-umbral-69eeee772d89c-2019-69eeee772d89c-abril-69eeee772d89c\" data-parent=\"#collap_compras-por-debajo-del-umbral-69eeee772d89c-2019-69eeee772d89c\">\n                <div class=\"card-body\"><div class=\"jumbotron archivos\"><div class=\"row align-items-center\"><div class=\"col\"><h6><a class=\"text-dark\" href=\"https:\/\/comunidad.comprasdominicana.gob.do\/\/Public\/Tendering\/OpportunityDetail\/Index?noticeUID=DO1.NTC.567714\" title=\"Ver\" target=\"_blank\">APORDOM-UC-CD-2019-0003<\/a><\/h6><p class=\"mb-0 bold\">Adquisicion de Articulos de Limpieza e Higiene<\/p><p class=\"mb-0\" style=\"font-size: .85rem\"><strong title=\"Estado del Proceso\"><i class=\"fas fa-spinner\"><\/i><\/strong> Proceso adjudicado y celebrado<\/p><p class=\"mb-0\" style=\"font-size: .85rem\"><strong title=\"Fecha de Publicaci\u00f3n\"><i class=\"fas fa-calendar-alt\"><\/i><\/strong> Publicado el lunes, 8 de abril de 2019<\/p><\/div><div class=\"col-auto mt-md-0 mt-2\"><a class=\"btn btn-primary btn-lg px-lg-4 d-none d-md-block\" href=\"https:\/\/comunidad.comprasdominicana.gob.do\/\/Public\/Tendering\/OpportunityDetail\/Index?noticeUID=DO1.NTC.567714\" target=\"_blank\" title=\"Detalles\"><i class=\"fas fa-link\"><\/i> DETALLES<\/a><a class=\"btn btn-primary btn-lg px-lg-4 d-block d-md-none\" href=\"https:\/\/comunidad.comprasdominicana.gob.do\/\/Public\/Tendering\/OpportunityDetail\/Index?noticeUID=DO1.NTC.567714\" target=\"_blank\" title=\"Detalles\"><i class=\"fas fa-2x fa-link\"><\/i><\/a><\/div><\/div><\/div><\/div><\/div><\/div><\/div><\/div><\/div><\/div><\/div><\/div>\n        <div class=\"card\">\n            <div class=\"card-header parents\" id=\"heading_licitaci-n-p-blica-nacional-e-internacional-69eeee772d89c\">\n                <p class=\"title text-blue mb-0\">\n                    <a class=\"btn-block hover text-left collapsed\" data-toggle=\"collapse\" data-target=\"#collap_licitaci-n-p-blica-nacional-e-internacional-69eeee772d89c\" aria-expanded=\"false\" aria-controls=\"collap_licitaci-n-p-blica-nacional-e-internacional-69eeee772d89c\">Licitaci\u00f3n P\u00fablica Nacional e Internacional<\/a>\n                <\/p>\n            <\/div>\n            <div id=\"collap_licitaci-n-p-blica-nacional-e-internacional-69eeee772d89c\" class=\"collapse\" aria-labelledby=\"heading_licitaci-n-p-blica-nacional-e-internacional-69eeee772d89c\" data-parent=\"#acc_69eeee772d89c\">\n                <div class=\"card-body\">\n        <div class=\"card\">\n            <div class=\"card-header parents\" id=\"heading_licitaci-n-p-blica-nacional-e-internacional-69eeee772d89c-2026-69eeee772d89c\">\n                <p class=\"title text-blue mb-0\">\n                    <a class=\"btn-block hover text-left collapsed\" data-toggle=\"collapse\" data-target=\"#collap_licitaci-n-p-blica-nacional-e-internacional-69eeee772d89c-2026-69eeee772d89c\" aria-expanded=\"false\" aria-controls=\"collap_licitaci-n-p-blica-nacional-e-internacional-69eeee772d89c-2026-69eeee772d89c\">2026<\/a>\n                <\/p>\n            <\/div>\n            <div id=\"collap_licitaci-n-p-blica-nacional-e-internacional-69eeee772d89c-2026-69eeee772d89c\" class=\"collapse\" aria-labelledby=\"heading_licitaci-n-p-blica-nacional-e-internacional-69eeee772d89c-2026-69eeee772d89c\" data-parent=\"#collap_licitaci-n-p-blica-nacional-e-internacional-69eeee772d89c\">\n                <div class=\"card-body\">\n        <div class=\"card\">\n            <div class=\"card-header parents\" id=\"heading_licitaci-n-p-blica-nacional-e-internacional-69eeee772d89c-2026-69eeee772d89c-marzo-69eeee772d89c\">\n                <p class=\"title text-blue mb-0\">\n                    <a class=\"btn-block hover text-left collapsed\" data-toggle=\"collapse\" data-target=\"#collap_licitaci-n-p-blica-nacional-e-internacional-69eeee772d89c-2026-69eeee772d89c-marzo-69eeee772d89c\" aria-expanded=\"false\" aria-controls=\"collap_licitaci-n-p-blica-nacional-e-internacional-69eeee772d89c-2026-69eeee772d89c-marzo-69eeee772d89c\">Marzo<\/a>\n                <\/p>\n            <\/div>\n            <div id=\"collap_licitaci-n-p-blica-nacional-e-internacional-69eeee772d89c-2026-69eeee772d89c-marzo-69eeee772d89c\" class=\"collapse\" aria-labelledby=\"heading_licitaci-n-p-blica-nacional-e-internacional-69eeee772d89c-2026-69eeee772d89c-marzo-69eeee772d89c\" data-parent=\"#collap_licitaci-n-p-blica-nacional-e-internacional-69eeee772d89c-2026-69eeee772d89c\">\n                <div class=\"card-body\"><div class=\"jumbotron archivos\"><div class=\"row align-items-center\"><div class=\"col\"><h6><a class=\"text-dark\" href=\"https:\/\/comunidad.comprasdominicana.gob.do\/\/Public\/Tendering\/OpportunityDetail\/Index?noticeUID=DO1.NTC.1694544\" title=\"Ver\" target=\"_blank\">APORDOM-CCC-LPN-2026-0001<\/a><\/h6><p class=\"mb-0 bold\">Construcci\u00f3n y reconstrucci\u00f3n de muelles pesqueros<\/p><p class=\"mb-0\" style=\"font-size: .85rem\"><strong title=\"Estado del Proceso\"><i class=\"fas fa-spinner\"><\/i><\/strong> Proceso publicado<\/p><p class=\"mb-0\" style=\"font-size: .85rem\"><strong title=\"Fecha de Publicaci\u00f3n\"><i class=\"fas fa-calendar-alt\"><\/i><\/strong> Publicado el martes, 31 de marzo de 2026<\/p><\/div><div class=\"col-auto mt-md-0 mt-2\"><a class=\"btn btn-primary btn-lg px-lg-4 d-none d-md-block\" href=\"https:\/\/comunidad.comprasdominicana.gob.do\/\/Public\/Tendering\/OpportunityDetail\/Index?noticeUID=DO1.NTC.1694544\" target=\"_blank\" title=\"Detalles\"><i class=\"fas fa-link\"><\/i> DETALLES<\/a><a class=\"btn btn-primary btn-lg px-lg-4 d-block d-md-none\" href=\"https:\/\/comunidad.comprasdominicana.gob.do\/\/Public\/Tendering\/OpportunityDetail\/Index?noticeUID=DO1.NTC.1694544\" target=\"_blank\" title=\"Detalles\"><i class=\"fas fa-2x fa-link\"><\/i><\/a><\/div><\/div><\/div><\/div><\/div><\/div><\/div><\/div><\/div>\n        <div class=\"card\">\n            <div class=\"card-header parents\" id=\"heading_licitaci-n-p-blica-nacional-e-internacional-69eeee772d89c-2025-69eeee772d89c\">\n                <p class=\"title text-blue mb-0\">\n                    <a class=\"btn-block hover text-left collapsed\" data-toggle=\"collapse\" data-target=\"#collap_licitaci-n-p-blica-nacional-e-internacional-69eeee772d89c-2025-69eeee772d89c\" aria-expanded=\"false\" aria-controls=\"collap_licitaci-n-p-blica-nacional-e-internacional-69eeee772d89c-2025-69eeee772d89c\">2025<\/a>\n                <\/p>\n            <\/div>\n            <div id=\"collap_licitaci-n-p-blica-nacional-e-internacional-69eeee772d89c-2025-69eeee772d89c\" class=\"collapse\" aria-labelledby=\"heading_licitaci-n-p-blica-nacional-e-internacional-69eeee772d89c-2025-69eeee772d89c\" data-parent=\"#collap_licitaci-n-p-blica-nacional-e-internacional-69eeee772d89c\">\n                <div class=\"card-body\">\n        <div class=\"card\">\n            <div class=\"card-header parents\" id=\"heading_licitaci-n-p-blica-nacional-e-internacional-69eeee772d89c-2025-69eeee772d89c-diciembre-69eeee772d89c\">\n                <p class=\"title text-blue mb-0\">\n                    <a class=\"btn-block hover text-left collapsed\" data-toggle=\"collapse\" data-target=\"#collap_licitaci-n-p-blica-nacional-e-internacional-69eeee772d89c-2025-69eeee772d89c-diciembre-69eeee772d89c\" aria-expanded=\"false\" aria-controls=\"collap_licitaci-n-p-blica-nacional-e-internacional-69eeee772d89c-2025-69eeee772d89c-diciembre-69eeee772d89c\">Diciembre<\/a>\n                <\/p>\n            <\/div>\n            <div id=\"collap_licitaci-n-p-blica-nacional-e-internacional-69eeee772d89c-2025-69eeee772d89c-diciembre-69eeee772d89c\" class=\"collapse\" aria-labelledby=\"heading_licitaci-n-p-blica-nacional-e-internacional-69eeee772d89c-2025-69eeee772d89c-diciembre-69eeee772d89c\" data-parent=\"#collap_licitaci-n-p-blica-nacional-e-internacional-69eeee772d89c-2025-69eeee772d89c\">\n                <div class=\"card-body\"><div class=\"jumbotron archivos\"><div class=\"row align-items-center\"><div class=\"col\"><h6><a class=\"text-dark\" href=\"https:\/\/comunidad.comprasdominicana.gob.do\/\/Public\/Tendering\/OpportunityDetail\/Index?noticeUID=DO1.NTC.1649215\" title=\"Ver\" target=\"_blank\">APORDOM-CCC-LPN-2025-0010<\/a><\/h6><p class=\"mb-0 bold\">Contrataci\u00f3n De Servicios De Agencia Publicitaria Para La Administraci\u00f3n De Contenido En Medios Externos<\/p><p class=\"mb-0\" style=\"font-size: .85rem\"><strong title=\"Estado del Proceso\"><i class=\"fas fa-spinner\"><\/i><\/strong> Proceso adjudicado y celebrado<\/p><p class=\"mb-0\" style=\"font-size: .85rem\"><strong title=\"Fecha de Publicaci\u00f3n\"><i class=\"fas fa-calendar-alt\"><\/i><\/strong> Publicado el lunes, 15 de diciembre de 2025<\/p><\/div><div class=\"col-auto mt-md-0 mt-2\"><a class=\"btn btn-primary btn-lg px-lg-4 d-none d-md-block\" href=\"https:\/\/comunidad.comprasdominicana.gob.do\/\/Public\/Tendering\/OpportunityDetail\/Index?noticeUID=DO1.NTC.1649215\" target=\"_blank\" title=\"Detalles\"><i class=\"fas fa-link\"><\/i> DETALLES<\/a><a class=\"btn btn-primary btn-lg px-lg-4 d-block d-md-none\" href=\"https:\/\/comunidad.comprasdominicana.gob.do\/\/Public\/Tendering\/OpportunityDetail\/Index?noticeUID=DO1.NTC.1649215\" target=\"_blank\" title=\"Detalles\"><i class=\"fas fa-2x fa-link\"><\/i><\/a><\/div><\/div><\/div><\/div><\/div><\/div>\n        <div class=\"card\">\n            <div class=\"card-header parents\" id=\"heading_licitaci-n-p-blica-nacional-e-internacional-69eeee772d89c-2025-69eeee772d89c-septiembre-69eeee772d89c\">\n                <p class=\"title text-blue mb-0\">\n                    <a class=\"btn-block hover text-left collapsed\" data-toggle=\"collapse\" data-target=\"#collap_licitaci-n-p-blica-nacional-e-internacional-69eeee772d89c-2025-69eeee772d89c-septiembre-69eeee772d89c\" aria-expanded=\"false\" aria-controls=\"collap_licitaci-n-p-blica-nacional-e-internacional-69eeee772d89c-2025-69eeee772d89c-septiembre-69eeee772d89c\">Septiembre<\/a>\n                <\/p>\n            <\/div>\n            <div id=\"collap_licitaci-n-p-blica-nacional-e-internacional-69eeee772d89c-2025-69eeee772d89c-septiembre-69eeee772d89c\" class=\"collapse\" aria-labelledby=\"heading_licitaci-n-p-blica-nacional-e-internacional-69eeee772d89c-2025-69eeee772d89c-septiembre-69eeee772d89c\" data-parent=\"#collap_licitaci-n-p-blica-nacional-e-internacional-69eeee772d89c-2025-69eeee772d89c\">\n                <div class=\"card-body\"><div class=\"jumbotron archivos\"><div class=\"row align-items-center\"><div class=\"col\"><h6><a class=\"text-dark\" href=\"https:\/\/comunidad.comprasdominicana.gob.do\/\/Public\/Tendering\/OpportunityDetail\/Index?noticeUID=DO1.NTC.1602538\" title=\"Ver\" target=\"_blank\">APORDOM-CCC-LPN-2025-0009<\/a><\/h6><p class=\"mb-0 bold\">Adquisici\u00f3n y renovaci\u00f3n de licencias tecnol\u00f3gicas II<\/p><p class=\"mb-0\" style=\"font-size: .85rem\"><strong title=\"Estado del Proceso\"><i class=\"fas fa-spinner\"><\/i><\/strong> Proceso adjudicado y celebrado<\/p><p class=\"mb-0\" style=\"font-size: .85rem\"><strong title=\"Fecha de Publicaci\u00f3n\"><i class=\"fas fa-calendar-alt\"><\/i><\/strong> Publicado el jueves, 4 de septiembre de 2025<\/p><\/div><div class=\"col-auto mt-md-0 mt-2\"><a class=\"btn btn-primary btn-lg px-lg-4 d-none d-md-block\" href=\"https:\/\/comunidad.comprasdominicana.gob.do\/\/Public\/Tendering\/OpportunityDetail\/Index?noticeUID=DO1.NTC.1602538\" target=\"_blank\" title=\"Detalles\"><i class=\"fas fa-link\"><\/i> DETALLES<\/a><a class=\"btn btn-primary btn-lg px-lg-4 d-block d-md-none\" href=\"https:\/\/comunidad.comprasdominicana.gob.do\/\/Public\/Tendering\/OpportunityDetail\/Index?noticeUID=DO1.NTC.1602538\" target=\"_blank\" title=\"Detalles\"><i class=\"fas fa-2x fa-link\"><\/i><\/a><\/div><\/div><\/div><\/div><\/div><\/div>\n        <div class=\"card\">\n            <div class=\"card-header parents\" id=\"heading_licitaci-n-p-blica-nacional-e-internacional-69eeee772d89c-2025-69eeee772d89c-agosto-69eeee772d89c\">\n                <p class=\"title text-blue mb-0\">\n                    <a class=\"btn-block hover text-left collapsed\" data-toggle=\"collapse\" data-target=\"#collap_licitaci-n-p-blica-nacional-e-internacional-69eeee772d89c-2025-69eeee772d89c-agosto-69eeee772d89c\" aria-expanded=\"false\" aria-controls=\"collap_licitaci-n-p-blica-nacional-e-internacional-69eeee772d89c-2025-69eeee772d89c-agosto-69eeee772d89c\">Agosto<\/a>\n                <\/p>\n            <\/div>\n            <div id=\"collap_licitaci-n-p-blica-nacional-e-internacional-69eeee772d89c-2025-69eeee772d89c-agosto-69eeee772d89c\" class=\"collapse\" aria-labelledby=\"heading_licitaci-n-p-blica-nacional-e-internacional-69eeee772d89c-2025-69eeee772d89c-agosto-69eeee772d89c\" data-parent=\"#collap_licitaci-n-p-blica-nacional-e-internacional-69eeee772d89c-2025-69eeee772d89c\">\n                <div class=\"card-body\"><div class=\"jumbotron archivos\"><div class=\"row align-items-center\"><div class=\"col\"><h6><a class=\"text-dark\" href=\"https:\/\/comunidad.comprasdominicana.gob.do\/\/Public\/Tendering\/OpportunityDetail\/Index?noticeUID=DO1.NTC.1591540\" title=\"Ver\" target=\"_blank\">APORDOM-CCC-LPN-2025-0008<\/a><\/h6><p class=\"mb-0 bold\">Adquisici\u00f3n de Hardware para garantizar la continuidad y eficiencia de los servicios tecnol\u00f3gicos<\/p><p class=\"mb-0\" style=\"font-size: .85rem\"><strong title=\"Estado del Proceso\"><i class=\"fas fa-spinner\"><\/i><\/strong> Proceso adjudicado y celebrado<\/p><p class=\"mb-0\" style=\"font-size: .85rem\"><strong title=\"Fecha de Publicaci\u00f3n\"><i class=\"fas fa-calendar-alt\"><\/i><\/strong> Publicado el lunes, 11 de agosto de 2025<\/p><\/div><div class=\"col-auto mt-md-0 mt-2\"><a class=\"btn btn-primary btn-lg px-lg-4 d-none d-md-block\" href=\"https:\/\/comunidad.comprasdominicana.gob.do\/\/Public\/Tendering\/OpportunityDetail\/Index?noticeUID=DO1.NTC.1591540\" target=\"_blank\" title=\"Detalles\"><i class=\"fas fa-link\"><\/i> DETALLES<\/a><a class=\"btn btn-primary btn-lg px-lg-4 d-block d-md-none\" href=\"https:\/\/comunidad.comprasdominicana.gob.do\/\/Public\/Tendering\/OpportunityDetail\/Index?noticeUID=DO1.NTC.1591540\" target=\"_blank\" title=\"Detalles\"><i class=\"fas fa-2x fa-link\"><\/i><\/a><\/div><\/div><\/div><div class=\"jumbotron archivos\"><div class=\"row align-items-center\"><div class=\"col\"><h6><a class=\"text-dark\" href=\"https:\/\/comunidad.comprasdominicana.gob.do\/\/Public\/Tendering\/OpportunityDetail\/Index?noticeUID=DO1.NTC.1590050\" title=\"Ver\" target=\"_blank\">APORDOM-CCC-LPN-2025-0007<\/a><\/h6><p class=\"mb-0 bold\">Adquisici\u00f3n y renovaci\u00f3n de licencias tecnol\u00f3gicas<\/p><p class=\"mb-0\" style=\"font-size: .85rem\"><strong title=\"Estado del Proceso\"><i class=\"fas fa-spinner\"><\/i><\/strong> Proceso adjudicado y celebrado<\/p><p class=\"mb-0\" style=\"font-size: .85rem\"><strong title=\"Fecha de Publicaci\u00f3n\"><i class=\"fas fa-calendar-alt\"><\/i><\/strong> Publicado el jueves, 7 de agosto de 2025<\/p><\/div><div class=\"col-auto mt-md-0 mt-2\"><a class=\"btn btn-primary btn-lg px-lg-4 d-none d-md-block\" href=\"https:\/\/comunidad.comprasdominicana.gob.do\/\/Public\/Tendering\/OpportunityDetail\/Index?noticeUID=DO1.NTC.1590050\" target=\"_blank\" title=\"Detalles\"><i class=\"fas fa-link\"><\/i> DETALLES<\/a><a class=\"btn btn-primary btn-lg px-lg-4 d-block d-md-none\" href=\"https:\/\/comunidad.comprasdominicana.gob.do\/\/Public\/Tendering\/OpportunityDetail\/Index?noticeUID=DO1.NTC.1590050\" target=\"_blank\" title=\"Detalles\"><i class=\"fas fa-2x fa-link\"><\/i><\/a><\/div><\/div><\/div><div class=\"jumbotron archivos\"><div class=\"row align-items-center\"><div class=\"col\"><h6><a class=\"text-dark\" href=\"https:\/\/comunidad.comprasdominicana.gob.do\/\/Public\/Tendering\/OpportunityDetail\/Index?noticeUID=DO1.NTC.1589943\" title=\"Ver\" target=\"_blank\">APORDOM-CCC-LPN-2025-0006<\/a><\/h6><p class=\"mb-0 bold\">Contrataci\u00f3n de Empresa para Brindar los Servicios de Mantenimiento Preventivo y Correctivos de los Muelles Pesqueros de esta APORDOM (Segunda Convocatoria)<\/p><p class=\"mb-0\" style=\"font-size: .85rem\"><strong title=\"Estado del Proceso\"><i class=\"fas fa-spinner\"><\/i><\/strong> Proceso adjudicado y celebrado<\/p><p class=\"mb-0\" style=\"font-size: .85rem\"><strong title=\"Fecha de Publicaci\u00f3n\"><i class=\"fas fa-calendar-alt\"><\/i><\/strong> Publicado el jueves, 7 de agosto de 2025<\/p><\/div><div class=\"col-auto mt-md-0 mt-2\"><a class=\"btn btn-primary btn-lg px-lg-4 d-none d-md-block\" href=\"https:\/\/comunidad.comprasdominicana.gob.do\/\/Public\/Tendering\/OpportunityDetail\/Index?noticeUID=DO1.NTC.1589943\" target=\"_blank\" title=\"Detalles\"><i class=\"fas fa-link\"><\/i> DETALLES<\/a><a class=\"btn btn-primary btn-lg px-lg-4 d-block d-md-none\" href=\"https:\/\/comunidad.comprasdominicana.gob.do\/\/Public\/Tendering\/OpportunityDetail\/Index?noticeUID=DO1.NTC.1589943\" target=\"_blank\" title=\"Detalles\"><i class=\"fas fa-2x fa-link\"><\/i><\/a><\/div><\/div><\/div><div class=\"jumbotron archivos\"><div class=\"row align-items-center\"><div class=\"col\"><h6><a class=\"text-dark\" href=\"https:\/\/comunidad.comprasdominicana.gob.do\/\/Public\/Tendering\/OpportunityDetail\/Index?noticeUID=DO1.NTC.1590049\" title=\"Ver\" target=\"_blank\">APORDOM-CCC-LPN-2025-0005<\/a><\/h6><p class=\"mb-0 bold\">Adquisici\u00f3n de equipos tecnol\u00f3gicos<\/p><p class=\"mb-0\" style=\"font-size: .85rem\"><strong title=\"Estado del Proceso\"><i class=\"fas fa-spinner\"><\/i><\/strong> Proceso adjudicado y celebrado<\/p><p class=\"mb-0\" style=\"font-size: .85rem\"><strong title=\"Fecha de Publicaci\u00f3n\"><i class=\"fas fa-calendar-alt\"><\/i><\/strong> Publicado el jueves, 7 de agosto de 2025<\/p><\/div><div class=\"col-auto mt-md-0 mt-2\"><a class=\"btn btn-primary btn-lg px-lg-4 d-none d-md-block\" href=\"https:\/\/comunidad.comprasdominicana.gob.do\/\/Public\/Tendering\/OpportunityDetail\/Index?noticeUID=DO1.NTC.1590049\" target=\"_blank\" title=\"Detalles\"><i class=\"fas fa-link\"><\/i> DETALLES<\/a><a class=\"btn btn-primary btn-lg px-lg-4 d-block d-md-none\" href=\"https:\/\/comunidad.comprasdominicana.gob.do\/\/Public\/Tendering\/OpportunityDetail\/Index?noticeUID=DO1.NTC.1590049\" target=\"_blank\" title=\"Detalles\"><i class=\"fas fa-2x fa-link\"><\/i><\/a><\/div><\/div><\/div><\/div><\/div><\/div>\n        <div class=\"card\">\n            <div class=\"card-header parents\" id=\"heading_licitaci-n-p-blica-nacional-e-internacional-69eeee772d89c-2025-69eeee772d89c-marzo-69eeee772d89c\">\n                <p class=\"title text-blue mb-0\">\n                    <a class=\"btn-block hover text-left collapsed\" data-toggle=\"collapse\" data-target=\"#collap_licitaci-n-p-blica-nacional-e-internacional-69eeee772d89c-2025-69eeee772d89c-marzo-69eeee772d89c\" aria-expanded=\"false\" aria-controls=\"collap_licitaci-n-p-blica-nacional-e-internacional-69eeee772d89c-2025-69eeee772d89c-marzo-69eeee772d89c\">Marzo<\/a>\n                <\/p>\n            <\/div>\n            <div id=\"collap_licitaci-n-p-blica-nacional-e-internacional-69eeee772d89c-2025-69eeee772d89c-marzo-69eeee772d89c\" class=\"collapse\" aria-labelledby=\"heading_licitaci-n-p-blica-nacional-e-internacional-69eeee772d89c-2025-69eeee772d89c-marzo-69eeee772d89c\" data-parent=\"#collap_licitaci-n-p-blica-nacional-e-internacional-69eeee772d89c-2025-69eeee772d89c\">\n                <div class=\"card-body\"><div class=\"jumbotron archivos\"><div class=\"row align-items-center\"><div class=\"col\"><h6><a class=\"text-dark\" href=\"https:\/\/comunidad.comprasdominicana.gob.do\/\/Public\/Tendering\/OpportunityDetail\/Index?noticeUID=DO1.NTC.1534519\" title=\"Ver\" target=\"_blank\">APORDOM-CCC-LPN-2025-0004<\/a><\/h6><p class=\"mb-0 bold\">Contrataci\u00f3n De Servicios De Agencia Publicitaria Para La Administraci\u00f3n De Contenido En Medios Externos.<\/p><p class=\"mb-0\" style=\"font-size: .85rem\"><strong title=\"Estado del Proceso\"><i class=\"fas fa-spinner\"><\/i><\/strong> Proceso adjudicado y celebrado<\/p><p class=\"mb-0\" style=\"font-size: .85rem\"><strong title=\"Fecha de Publicaci\u00f3n\"><i class=\"fas fa-calendar-alt\"><\/i><\/strong> Publicado el lunes, 31 de marzo de 2025<\/p><\/div><div class=\"col-auto mt-md-0 mt-2\"><a class=\"btn btn-primary btn-lg px-lg-4 d-none d-md-block\" href=\"https:\/\/comunidad.comprasdominicana.gob.do\/\/Public\/Tendering\/OpportunityDetail\/Index?noticeUID=DO1.NTC.1534519\" target=\"_blank\" title=\"Detalles\"><i class=\"fas fa-link\"><\/i> DETALLES<\/a><a class=\"btn btn-primary btn-lg px-lg-4 d-block d-md-none\" href=\"https:\/\/comunidad.comprasdominicana.gob.do\/\/Public\/Tendering\/OpportunityDetail\/Index?noticeUID=DO1.NTC.1534519\" target=\"_blank\" title=\"Detalles\"><i class=\"fas fa-2x fa-link\"><\/i><\/a><\/div><\/div><\/div><div class=\"jumbotron archivos\"><div class=\"row align-items-center\"><div class=\"col\"><h6><a class=\"text-dark\" href=\"https:\/\/comunidad.comprasdominicana.gob.do\/\/Public\/Tendering\/OpportunityDetail\/Index?noticeUID=DO1.NTC.1531007\" title=\"Ver\" target=\"_blank\">APORDOM-CCC-LPN-2025-0002<\/a><\/h6><p class=\"mb-0 bold\">Adquisicion de Combustible a Granel y Tickets de Combustible para Uso de APORDOM<\/p><p class=\"mb-0\" style=\"font-size: .85rem\"><strong title=\"Estado del Proceso\"><i class=\"fas fa-spinner\"><\/i><\/strong> Proceso adjudicado y celebrado<\/p><p class=\"mb-0\" style=\"font-size: .85rem\"><strong title=\"Fecha de Publicaci\u00f3n\"><i class=\"fas fa-calendar-alt\"><\/i><\/strong> Publicado el lunes, 24 de marzo de 2025<\/p><\/div><div class=\"col-auto mt-md-0 mt-2\"><a class=\"btn btn-primary btn-lg px-lg-4 d-none d-md-block\" href=\"https:\/\/comunidad.comprasdominicana.gob.do\/\/Public\/Tendering\/OpportunityDetail\/Index?noticeUID=DO1.NTC.1531007\" target=\"_blank\" title=\"Detalles\"><i class=\"fas fa-link\"><\/i> DETALLES<\/a><a class=\"btn btn-primary btn-lg px-lg-4 d-block d-md-none\" href=\"https:\/\/comunidad.comprasdominicana.gob.do\/\/Public\/Tendering\/OpportunityDetail\/Index?noticeUID=DO1.NTC.1531007\" target=\"_blank\" title=\"Detalles\"><i class=\"fas fa-2x fa-link\"><\/i><\/a><\/div><\/div><\/div><div class=\"jumbotron archivos\"><div class=\"row align-items-center\"><div class=\"col\"><h6><a class=\"text-dark\" href=\"https:\/\/comunidad.comprasdominicana.gob.do\/\/Public\/Tendering\/OpportunityDetail\/Index?noticeUID=DO1.NTC.1534508\" title=\"Ver\" target=\"_blank\">APORDOM-CCC-LPN-2025-0001<\/a><\/h6><p class=\"mb-0 bold\">Contrataci\u00f3n de Empresa para Brindar los Servicios de Mantenimiento Preventivo y Correctivos de los Muelles Pesqueros de esta APORDOM<\/p><p class=\"mb-0\" style=\"font-size: .85rem\"><strong title=\"Estado del Proceso\"><i class=\"fas fa-spinner\"><\/i><\/strong> Proceso desierto<\/p><p class=\"mb-0\" style=\"font-size: .85rem\"><strong title=\"Fecha de Publicaci\u00f3n\"><i class=\"fas fa-calendar-alt\"><\/i><\/strong> Publicado el lunes, 31 de marzo de 2025<\/p><\/div><div class=\"col-auto mt-md-0 mt-2\"><a class=\"btn btn-primary btn-lg px-lg-4 d-none d-md-block\" href=\"https:\/\/comunidad.comprasdominicana.gob.do\/\/Public\/Tendering\/OpportunityDetail\/Index?noticeUID=DO1.NTC.1534508\" target=\"_blank\" title=\"Detalles\"><i class=\"fas fa-link\"><\/i> DETALLES<\/a><a class=\"btn btn-primary btn-lg px-lg-4 d-block d-md-none\" href=\"https:\/\/comunidad.comprasdominicana.gob.do\/\/Public\/Tendering\/OpportunityDetail\/Index?noticeUID=DO1.NTC.1534508\" target=\"_blank\" title=\"Detalles\"><i class=\"fas fa-2x fa-link\"><\/i><\/a><\/div><\/div><\/div><\/div><\/div><\/div><\/div><\/div><\/div>\n        <div class=\"card\">\n            <div class=\"card-header parents\" id=\"heading_licitaci-n-p-blica-nacional-e-internacional-69eeee772d89c-2024-69eeee772d89c\">\n                <p class=\"title text-blue mb-0\">\n                    <a class=\"btn-block hover text-left collapsed\" data-toggle=\"collapse\" data-target=\"#collap_licitaci-n-p-blica-nacional-e-internacional-69eeee772d89c-2024-69eeee772d89c\" aria-expanded=\"false\" aria-controls=\"collap_licitaci-n-p-blica-nacional-e-internacional-69eeee772d89c-2024-69eeee772d89c\">2024<\/a>\n                <\/p>\n            <\/div>\n            <div id=\"collap_licitaci-n-p-blica-nacional-e-internacional-69eeee772d89c-2024-69eeee772d89c\" class=\"collapse\" aria-labelledby=\"heading_licitaci-n-p-blica-nacional-e-internacional-69eeee772d89c-2024-69eeee772d89c\" data-parent=\"#collap_licitaci-n-p-blica-nacional-e-internacional-69eeee772d89c\">\n                <div class=\"card-body\">\n        <div class=\"card\">\n            <div class=\"card-header parents\" id=\"heading_licitaci-n-p-blica-nacional-e-internacional-69eeee772d89c-2024-69eeee772d89c-septiembre-69eeee772d89c\">\n                <p class=\"title text-blue mb-0\">\n                    <a class=\"btn-block hover text-left collapsed\" data-toggle=\"collapse\" data-target=\"#collap_licitaci-n-p-blica-nacional-e-internacional-69eeee772d89c-2024-69eeee772d89c-septiembre-69eeee772d89c\" aria-expanded=\"false\" aria-controls=\"collap_licitaci-n-p-blica-nacional-e-internacional-69eeee772d89c-2024-69eeee772d89c-septiembre-69eeee772d89c\">Septiembre<\/a>\n                <\/p>\n            <\/div>\n            <div id=\"collap_licitaci-n-p-blica-nacional-e-internacional-69eeee772d89c-2024-69eeee772d89c-septiembre-69eeee772d89c\" class=\"collapse\" aria-labelledby=\"heading_licitaci-n-p-blica-nacional-e-internacional-69eeee772d89c-2024-69eeee772d89c-septiembre-69eeee772d89c\" data-parent=\"#collap_licitaci-n-p-blica-nacional-e-internacional-69eeee772d89c-2024-69eeee772d89c\">\n                <div class=\"card-body\"><div class=\"jumbotron archivos\"><div class=\"row align-items-center\"><div class=\"col\"><h6><a class=\"text-dark\" href=\"https:\/\/comunidad.comprasdominicana.gob.do\/\/Public\/Tendering\/OpportunityDetail\/Index?noticeUID=DO1.NTC.1452319\" title=\"Ver\" target=\"_blank\">APORDOM-CCC-LPN-2024-0002<\/a><\/h6><p class=\"mb-0 bold\">Adquisici\u00f3n e Instalaci\u00f3n de Defensas (Guardabarros) para diversos Muelles de esta APORDOM.<\/p><p class=\"mb-0\" style=\"font-size: .85rem\"><strong title=\"Estado del Proceso\"><i class=\"fas fa-spinner\"><\/i><\/strong> Proceso adjudicado y celebrado<\/p><p class=\"mb-0\" style=\"font-size: .85rem\"><strong title=\"Fecha de Publicaci\u00f3n\"><i class=\"fas fa-calendar-alt\"><\/i><\/strong> Publicado el jueves, 26 de septiembre de 2024<\/p><\/div><div class=\"col-auto mt-md-0 mt-2\"><a class=\"btn btn-primary btn-lg px-lg-4 d-none d-md-block\" href=\"https:\/\/comunidad.comprasdominicana.gob.do\/\/Public\/Tendering\/OpportunityDetail\/Index?noticeUID=DO1.NTC.1452319\" target=\"_blank\" title=\"Detalles\"><i class=\"fas fa-link\"><\/i> DETALLES<\/a><a class=\"btn btn-primary btn-lg px-lg-4 d-block d-md-none\" href=\"https:\/\/comunidad.comprasdominicana.gob.do\/\/Public\/Tendering\/OpportunityDetail\/Index?noticeUID=DO1.NTC.1452319\" target=\"_blank\" title=\"Detalles\"><i class=\"fas fa-2x fa-link\"><\/i><\/a><\/div><\/div><\/div><\/div><\/div><\/div>\n        <div class=\"card\">\n            <div class=\"card-header parents\" id=\"heading_licitaci-n-p-blica-nacional-e-internacional-69eeee772d89c-2024-69eeee772d89c-julio-69eeee772d89c\">\n                <p class=\"title text-blue mb-0\">\n                    <a class=\"btn-block hover text-left collapsed\" data-toggle=\"collapse\" data-target=\"#collap_licitaci-n-p-blica-nacional-e-internacional-69eeee772d89c-2024-69eeee772d89c-julio-69eeee772d89c\" aria-expanded=\"false\" aria-controls=\"collap_licitaci-n-p-blica-nacional-e-internacional-69eeee772d89c-2024-69eeee772d89c-julio-69eeee772d89c\">Julio<\/a>\n                <\/p>\n            <\/div>\n            <div id=\"collap_licitaci-n-p-blica-nacional-e-internacional-69eeee772d89c-2024-69eeee772d89c-julio-69eeee772d89c\" class=\"collapse\" aria-labelledby=\"heading_licitaci-n-p-blica-nacional-e-internacional-69eeee772d89c-2024-69eeee772d89c-julio-69eeee772d89c\" data-parent=\"#collap_licitaci-n-p-blica-nacional-e-internacional-69eeee772d89c-2024-69eeee772d89c\">\n                <div class=\"card-body\"><div class=\"jumbotron archivos\"><div class=\"row align-items-center\"><div class=\"col\"><h6><a class=\"text-dark\" href=\"https:\/\/comunidad.comprasdominicana.gob.do\/\/Public\/Tendering\/OpportunityDetail\/Index?noticeUID=DO1.NTC.1421730\" title=\"Ver\" target=\"_blank\">APORDOM-CCC-LPN-2024-0004<\/a><\/h6><p class=\"mb-0 bold\">Contrataci\u00f3n de Empresa para Gesti\u00f3n de Eventos Presidenciales para Inauguraciones y Actividades de APORDOM, dirigido a Mipymes.<\/p><p class=\"mb-0\" style=\"font-size: .85rem\"><strong title=\"Estado del Proceso\"><i class=\"fas fa-spinner\"><\/i><\/strong> Proceso adjudicado y celebrado<\/p><p class=\"mb-0\" style=\"font-size: .85rem\"><strong title=\"Fecha de Publicaci\u00f3n\"><i class=\"fas fa-calendar-alt\"><\/i><\/strong> Publicado el mi\u00e9rcoles, 10 de julio de 2024<\/p><\/div><div class=\"col-auto mt-md-0 mt-2\"><a class=\"btn btn-primary btn-lg px-lg-4 d-none d-md-block\" href=\"https:\/\/comunidad.comprasdominicana.gob.do\/\/Public\/Tendering\/OpportunityDetail\/Index?noticeUID=DO1.NTC.1421730\" target=\"_blank\" title=\"Detalles\"><i class=\"fas fa-link\"><\/i> DETALLES<\/a><a class=\"btn btn-primary btn-lg px-lg-4 d-block d-md-none\" href=\"https:\/\/comunidad.comprasdominicana.gob.do\/\/Public\/Tendering\/OpportunityDetail\/Index?noticeUID=DO1.NTC.1421730\" target=\"_blank\" title=\"Detalles\"><i class=\"fas fa-2x fa-link\"><\/i><\/a><\/div><\/div><\/div><\/div><\/div><\/div><\/div><\/div><\/div>\n        <div class=\"card\">\n            <div class=\"card-header parents\" id=\"heading_licitaci-n-p-blica-nacional-e-internacional-69eeee772d89c-2023-69eeee772d89c\">\n                <p class=\"title text-blue mb-0\">\n                    <a class=\"btn-block hover text-left collapsed\" data-toggle=\"collapse\" data-target=\"#collap_licitaci-n-p-blica-nacional-e-internacional-69eeee772d89c-2023-69eeee772d89c\" aria-expanded=\"false\" aria-controls=\"collap_licitaci-n-p-blica-nacional-e-internacional-69eeee772d89c-2023-69eeee772d89c\">2023<\/a>\n                <\/p>\n            <\/div>\n            <div id=\"collap_licitaci-n-p-blica-nacional-e-internacional-69eeee772d89c-2023-69eeee772d89c\" class=\"collapse\" aria-labelledby=\"heading_licitaci-n-p-blica-nacional-e-internacional-69eeee772d89c-2023-69eeee772d89c\" data-parent=\"#collap_licitaci-n-p-blica-nacional-e-internacional-69eeee772d89c\">\n                <div class=\"card-body\">\n        <div class=\"card\">\n            <div class=\"card-header parents\" id=\"heading_licitaci-n-p-blica-nacional-e-internacional-69eeee772d89c-2023-69eeee772d89c-septiembre-69eeee772d89c\">\n                <p class=\"title text-blue mb-0\">\n                    <a class=\"btn-block hover text-left collapsed\" data-toggle=\"collapse\" data-target=\"#collap_licitaci-n-p-blica-nacional-e-internacional-69eeee772d89c-2023-69eeee772d89c-septiembre-69eeee772d89c\" aria-expanded=\"false\" aria-controls=\"collap_licitaci-n-p-blica-nacional-e-internacional-69eeee772d89c-2023-69eeee772d89c-septiembre-69eeee772d89c\">Septiembre<\/a>\n                <\/p>\n            <\/div>\n            <div id=\"collap_licitaci-n-p-blica-nacional-e-internacional-69eeee772d89c-2023-69eeee772d89c-septiembre-69eeee772d89c\" class=\"collapse\" aria-labelledby=\"heading_licitaci-n-p-blica-nacional-e-internacional-69eeee772d89c-2023-69eeee772d89c-septiembre-69eeee772d89c\" data-parent=\"#collap_licitaci-n-p-blica-nacional-e-internacional-69eeee772d89c-2023-69eeee772d89c\">\n                <div class=\"card-body\"><div class=\"jumbotron archivos\"><div class=\"row align-items-center\"><div class=\"col\"><h6><a class=\"text-dark\" href=\"https:\/\/comunidad.comprasdominicana.gob.do\/\/Public\/Tendering\/OpportunityDetail\/Index?noticeUID=DO1.NTC.1300534\" title=\"Ver\" target=\"_blank\">APORDOM-CCC-LPN-2023-0004<\/a><\/h6><p class=\"mb-0 bold\">ADQUISICI\u00d3N DE COMPUTADORAS, UPS Y SERVIDORES PARA DIFERENTES DEPARTAMENTOS DE ESTA APORDOM<\/p><p class=\"mb-0\" style=\"font-size: .85rem\"><strong title=\"Estado del Proceso\"><i class=\"fas fa-spinner\"><\/i><\/strong> Proceso adjudicado y celebrado<\/p><p class=\"mb-0\" style=\"font-size: .85rem\"><strong title=\"Fecha de Publicaci\u00f3n\"><i class=\"fas fa-calendar-alt\"><\/i><\/strong> Publicado el jueves, 28 de septiembre de 2023<\/p><\/div><div class=\"col-auto mt-md-0 mt-2\"><a class=\"btn btn-primary btn-lg px-lg-4 d-none d-md-block\" href=\"https:\/\/comunidad.comprasdominicana.gob.do\/\/Public\/Tendering\/OpportunityDetail\/Index?noticeUID=DO1.NTC.1300534\" target=\"_blank\" title=\"Detalles\"><i class=\"fas fa-link\"><\/i> DETALLES<\/a><a class=\"btn btn-primary btn-lg px-lg-4 d-block d-md-none\" href=\"https:\/\/comunidad.comprasdominicana.gob.do\/\/Public\/Tendering\/OpportunityDetail\/Index?noticeUID=DO1.NTC.1300534\" target=\"_blank\" title=\"Detalles\"><i class=\"fas fa-2x fa-link\"><\/i><\/a><\/div><\/div><\/div><div class=\"jumbotron archivos\"><div class=\"row align-items-center\"><div class=\"col\"><h6><a class=\"text-dark\" href=\"https:\/\/comunidad.comprasdominicana.gob.do\/\/Public\/Tendering\/OpportunityDetail\/Index?noticeUID=DO1.NTC.1300407\" title=\"Ver\" target=\"_blank\">APORDOM-CCC-LPN-2023-0003<\/a><\/h6><p class=\"mb-0 bold\">Servicio Contrataci\u00f3n de empresa para Gesti\u00f3n de Eventos para Inauguraciones y Actividades de APORDOM, dirigido a Mipymes.<\/p><p class=\"mb-0\" style=\"font-size: .85rem\"><strong title=\"Estado del Proceso\"><i class=\"fas fa-spinner\"><\/i><\/strong> Proceso adjudicado y celebrado<\/p><p class=\"mb-0\" style=\"font-size: .85rem\"><strong title=\"Fecha de Publicaci\u00f3n\"><i class=\"fas fa-calendar-alt\"><\/i><\/strong> Publicado el mi\u00e9rcoles, 27 de septiembre de 2023<\/p><\/div><div class=\"col-auto mt-md-0 mt-2\"><a class=\"btn btn-primary btn-lg px-lg-4 d-none d-md-block\" href=\"https:\/\/comunidad.comprasdominicana.gob.do\/\/Public\/Tendering\/OpportunityDetail\/Index?noticeUID=DO1.NTC.1300407\" target=\"_blank\" title=\"Detalles\"><i class=\"fas fa-link\"><\/i> DETALLES<\/a><a class=\"btn btn-primary btn-lg px-lg-4 d-block d-md-none\" href=\"https:\/\/comunidad.comprasdominicana.gob.do\/\/Public\/Tendering\/OpportunityDetail\/Index?noticeUID=DO1.NTC.1300407\" target=\"_blank\" title=\"Detalles\"><i class=\"fas fa-2x fa-link\"><\/i><\/a><\/div><\/div><\/div><div class=\"jumbotron archivos\"><div class=\"row align-items-center\"><div class=\"col\"><h6><a class=\"text-dark\" href=\"https:\/\/comunidad.comprasdominicana.gob.do\/\/Public\/Tendering\/OpportunityDetail\/Index?noticeUID=DO1.NTC.1298704\" title=\"Ver\" target=\"_blank\">APORDOM-CCC-LPN-2023-0005<\/a><\/h6><p class=\"mb-0 bold\">Construcci\u00f3n y Remozamiento  de Muelles Mar\u00edtimos Segunda Etapa.<\/p><p class=\"mb-0\" style=\"font-size: .85rem\"><strong title=\"Estado del Proceso\"><i class=\"fas fa-spinner\"><\/i><\/strong> Proceso adjudicado y celebrado<\/p><p class=\"mb-0\" style=\"font-size: .85rem\"><strong title=\"Fecha de Publicaci\u00f3n\"><i class=\"fas fa-calendar-alt\"><\/i><\/strong> Publicado el lunes, 25 de septiembre de 2023<\/p><\/div><div class=\"col-auto mt-md-0 mt-2\"><a class=\"btn btn-primary btn-lg px-lg-4 d-none d-md-block\" href=\"https:\/\/comunidad.comprasdominicana.gob.do\/\/Public\/Tendering\/OpportunityDetail\/Index?noticeUID=DO1.NTC.1298704\" target=\"_blank\" title=\"Detalles\"><i class=\"fas fa-link\"><\/i> DETALLES<\/a><a class=\"btn btn-primary btn-lg px-lg-4 d-block d-md-none\" href=\"https:\/\/comunidad.comprasdominicana.gob.do\/\/Public\/Tendering\/OpportunityDetail\/Index?noticeUID=DO1.NTC.1298704\" target=\"_blank\" title=\"Detalles\"><i class=\"fas fa-2x fa-link\"><\/i><\/a><\/div><\/div><\/div><\/div><\/div><\/div>\n        <div class=\"card\">\n            <div class=\"card-header parents\" id=\"heading_licitaci-n-p-blica-nacional-e-internacional-69eeee772d89c-2023-69eeee772d89c-junio-69eeee772d89c\">\n                <p class=\"title text-blue mb-0\">\n                    <a class=\"btn-block hover text-left collapsed\" data-toggle=\"collapse\" data-target=\"#collap_licitaci-n-p-blica-nacional-e-internacional-69eeee772d89c-2023-69eeee772d89c-junio-69eeee772d89c\" aria-expanded=\"false\" aria-controls=\"collap_licitaci-n-p-blica-nacional-e-internacional-69eeee772d89c-2023-69eeee772d89c-junio-69eeee772d89c\">Junio<\/a>\n                <\/p>\n            <\/div>\n            <div id=\"collap_licitaci-n-p-blica-nacional-e-internacional-69eeee772d89c-2023-69eeee772d89c-junio-69eeee772d89c\" class=\"collapse\" aria-labelledby=\"heading_licitaci-n-p-blica-nacional-e-internacional-69eeee772d89c-2023-69eeee772d89c-junio-69eeee772d89c\" data-parent=\"#collap_licitaci-n-p-blica-nacional-e-internacional-69eeee772d89c-2023-69eeee772d89c\">\n                <div class=\"card-body\"><div class=\"jumbotron archivos\"><div class=\"row align-items-center\"><div class=\"col\"><h6><a class=\"text-dark\" href=\"https:\/\/comunidad.comprasdominicana.gob.do\/\/Public\/Tendering\/OpportunityDetail\/Index?noticeUID=DO1.NTC.1259320\" title=\"Ver\" target=\"_blank\">APORDOM-CCC-LPN-2023-0002<\/a><\/h6><p class=\"mb-0 bold\">ADQUISICI\u00d3N DE EQUIPOS TECNOL\u00d3GICOS PARA USO DE APORDOM.<\/p><p class=\"mb-0\" style=\"font-size: .85rem\"><strong title=\"Estado del Proceso\"><i class=\"fas fa-spinner\"><\/i><\/strong> Proceso adjudicado y celebrado<\/p><p class=\"mb-0\" style=\"font-size: .85rem\"><strong title=\"Fecha de Publicaci\u00f3n\"><i class=\"fas fa-calendar-alt\"><\/i><\/strong> Publicado el lunes, 26 de junio de 2023<\/p><\/div><div class=\"col-auto mt-md-0 mt-2\"><a class=\"btn btn-primary btn-lg px-lg-4 d-none d-md-block\" href=\"https:\/\/comunidad.comprasdominicana.gob.do\/\/Public\/Tendering\/OpportunityDetail\/Index?noticeUID=DO1.NTC.1259320\" target=\"_blank\" title=\"Detalles\"><i class=\"fas fa-link\"><\/i> DETALLES<\/a><a class=\"btn btn-primary btn-lg px-lg-4 d-block d-md-none\" href=\"https:\/\/comunidad.comprasdominicana.gob.do\/\/Public\/Tendering\/OpportunityDetail\/Index?noticeUID=DO1.NTC.1259320\" target=\"_blank\" title=\"Detalles\"><i class=\"fas fa-2x fa-link\"><\/i><\/a><\/div><\/div><\/div><\/div><\/div><\/div>\n        <div class=\"card\">\n            <div class=\"card-header parents\" id=\"heading_licitaci-n-p-blica-nacional-e-internacional-69eeee772d89c-2023-69eeee772d89c-febrero-69eeee772d89c\">\n                <p class=\"title text-blue mb-0\">\n                    <a class=\"btn-block hover text-left collapsed\" data-toggle=\"collapse\" data-target=\"#collap_licitaci-n-p-blica-nacional-e-internacional-69eeee772d89c-2023-69eeee772d89c-febrero-69eeee772d89c\" aria-expanded=\"false\" aria-controls=\"collap_licitaci-n-p-blica-nacional-e-internacional-69eeee772d89c-2023-69eeee772d89c-febrero-69eeee772d89c\">Febrero<\/a>\n                <\/p>\n            <\/div>\n            <div id=\"collap_licitaci-n-p-blica-nacional-e-internacional-69eeee772d89c-2023-69eeee772d89c-febrero-69eeee772d89c\" class=\"collapse\" aria-labelledby=\"heading_licitaci-n-p-blica-nacional-e-internacional-69eeee772d89c-2023-69eeee772d89c-febrero-69eeee772d89c\" data-parent=\"#collap_licitaci-n-p-blica-nacional-e-internacional-69eeee772d89c-2023-69eeee772d89c\">\n                <div class=\"card-body\"><div class=\"jumbotron archivos\"><div class=\"row align-items-center\"><div class=\"col\"><h6><a class=\"text-dark\" href=\"https:\/\/comunidad.comprasdominicana.gob.do\/\/Public\/Tendering\/OpportunityDetail\/Index?noticeUID=DO1.NTC.1204619\" title=\"Ver\" target=\"_blank\">APORDOM-CCC-LPN-2023-0001<\/a><\/h6><p class=\"mb-0 bold\">REMOZAMIENTO Y EXTENSION DE LOS MUELLES NOS. 1 Y 2 Y REMOZAMIENTO DEL MUELLE NO.6 DEL PUERTO DE BARAHONA.<\/p><p class=\"mb-0\" style=\"font-size: .85rem\"><strong title=\"Estado del Proceso\"><i class=\"fas fa-spinner\"><\/i><\/strong> Proceso adjudicado y celebrado<\/p><p class=\"mb-0\" style=\"font-size: .85rem\"><strong title=\"Fecha de Publicaci\u00f3n\"><i class=\"fas fa-calendar-alt\"><\/i><\/strong> Publicado el jueves, 23 de febrero de 2023<\/p><\/div><div class=\"col-auto mt-md-0 mt-2\"><a class=\"btn btn-primary btn-lg px-lg-4 d-none d-md-block\" href=\"https:\/\/comunidad.comprasdominicana.gob.do\/\/Public\/Tendering\/OpportunityDetail\/Index?noticeUID=DO1.NTC.1204619\" target=\"_blank\" title=\"Detalles\"><i class=\"fas fa-link\"><\/i> DETALLES<\/a><a class=\"btn btn-primary btn-lg px-lg-4 d-block d-md-none\" href=\"https:\/\/comunidad.comprasdominicana.gob.do\/\/Public\/Tendering\/OpportunityDetail\/Index?noticeUID=DO1.NTC.1204619\" target=\"_blank\" title=\"Detalles\"><i class=\"fas fa-2x fa-link\"><\/i><\/a><\/div><\/div><\/div><\/div><\/div><\/div><\/div><\/div><\/div>\n        <div class=\"card\">\n            <div class=\"card-header parents\" id=\"heading_licitaci-n-p-blica-nacional-e-internacional-69eeee772d89c-2022-69eeee772d89c\">\n                <p class=\"title text-blue mb-0\">\n                    <a class=\"btn-block hover text-left collapsed\" data-toggle=\"collapse\" data-target=\"#collap_licitaci-n-p-blica-nacional-e-internacional-69eeee772d89c-2022-69eeee772d89c\" aria-expanded=\"false\" aria-controls=\"collap_licitaci-n-p-blica-nacional-e-internacional-69eeee772d89c-2022-69eeee772d89c\">2022<\/a>\n                <\/p>\n            <\/div>\n            <div id=\"collap_licitaci-n-p-blica-nacional-e-internacional-69eeee772d89c-2022-69eeee772d89c\" class=\"collapse\" aria-labelledby=\"heading_licitaci-n-p-blica-nacional-e-internacional-69eeee772d89c-2022-69eeee772d89c\" data-parent=\"#collap_licitaci-n-p-blica-nacional-e-internacional-69eeee772d89c\">\n                <div class=\"card-body\">\n        <div class=\"card\">\n            <div class=\"card-header parents\" id=\"heading_licitaci-n-p-blica-nacional-e-internacional-69eeee772d89c-2022-69eeee772d89c-octubre-69eeee772d89c\">\n                <p class=\"title text-blue mb-0\">\n                    <a class=\"btn-block hover text-left collapsed\" data-toggle=\"collapse\" data-target=\"#collap_licitaci-n-p-blica-nacional-e-internacional-69eeee772d89c-2022-69eeee772d89c-octubre-69eeee772d89c\" aria-expanded=\"false\" aria-controls=\"collap_licitaci-n-p-blica-nacional-e-internacional-69eeee772d89c-2022-69eeee772d89c-octubre-69eeee772d89c\">Octubre<\/a>\n                <\/p>\n            <\/div>\n            <div id=\"collap_licitaci-n-p-blica-nacional-e-internacional-69eeee772d89c-2022-69eeee772d89c-octubre-69eeee772d89c\" class=\"collapse\" aria-labelledby=\"heading_licitaci-n-p-blica-nacional-e-internacional-69eeee772d89c-2022-69eeee772d89c-octubre-69eeee772d89c\" data-parent=\"#collap_licitaci-n-p-blica-nacional-e-internacional-69eeee772d89c-2022-69eeee772d89c\">\n                <div class=\"card-body\"><div class=\"jumbotron archivos\"><div class=\"row align-items-center\"><div class=\"col\"><h6><a class=\"text-dark\" href=\"https:\/\/comunidad.comprasdominicana.gob.do\/\/Public\/Tendering\/OpportunityDetail\/Index?noticeUID=DO1.NTC.1147801\" title=\"Ver\" target=\"_blank\">APORDOM-CCC-LPN-2022-0002<\/a><\/h6><p class=\"mb-0 bold\">ADQUISICI\u00d3N DE COMBUSTIBLE Y TICKETS DE COMBUSTIBLE PARA APORDOM<\/p><p class=\"mb-0\" style=\"font-size: .85rem\"><strong title=\"Estado del Proceso\"><i class=\"fas fa-spinner\"><\/i><\/strong> Proceso adjudicado y celebrado<\/p><p class=\"mb-0\" style=\"font-size: .85rem\"><strong title=\"Fecha de Publicaci\u00f3n\"><i class=\"fas fa-calendar-alt\"><\/i><\/strong> Publicado el martes, 25 de octubre de 2022<\/p><\/div><div class=\"col-auto mt-md-0 mt-2\"><a class=\"btn btn-primary btn-lg px-lg-4 d-none d-md-block\" href=\"https:\/\/comunidad.comprasdominicana.gob.do\/\/Public\/Tendering\/OpportunityDetail\/Index?noticeUID=DO1.NTC.1147801\" target=\"_blank\" title=\"Detalles\"><i class=\"fas fa-link\"><\/i> DETALLES<\/a><a class=\"btn btn-primary btn-lg px-lg-4 d-block d-md-none\" href=\"https:\/\/comunidad.comprasdominicana.gob.do\/\/Public\/Tendering\/OpportunityDetail\/Index?noticeUID=DO1.NTC.1147801\" target=\"_blank\" title=\"Detalles\"><i class=\"fas fa-2x fa-link\"><\/i><\/a><\/div><\/div><\/div><\/div><\/div><\/div>\n        <div class=\"card\">\n            <div class=\"card-header parents\" id=\"heading_licitaci-n-p-blica-nacional-e-internacional-69eeee772d89c-2022-69eeee772d89c-marzo-69eeee772d89c\">\n                <p class=\"title text-blue mb-0\">\n                    <a class=\"btn-block hover text-left collapsed\" data-toggle=\"collapse\" data-target=\"#collap_licitaci-n-p-blica-nacional-e-internacional-69eeee772d89c-2022-69eeee772d89c-marzo-69eeee772d89c\" aria-expanded=\"false\" aria-controls=\"collap_licitaci-n-p-blica-nacional-e-internacional-69eeee772d89c-2022-69eeee772d89c-marzo-69eeee772d89c\">Marzo<\/a>\n                <\/p>\n            <\/div>\n            <div id=\"collap_licitaci-n-p-blica-nacional-e-internacional-69eeee772d89c-2022-69eeee772d89c-marzo-69eeee772d89c\" class=\"collapse\" aria-labelledby=\"heading_licitaci-n-p-blica-nacional-e-internacional-69eeee772d89c-2022-69eeee772d89c-marzo-69eeee772d89c\" data-parent=\"#collap_licitaci-n-p-blica-nacional-e-internacional-69eeee772d89c-2022-69eeee772d89c\">\n                <div class=\"card-body\"><div class=\"jumbotron archivos\"><div class=\"row align-items-center\"><div class=\"col\"><h6><a class=\"text-dark\" href=\"https:\/\/comunidad.comprasdominicana.gob.do\/\/Public\/Tendering\/OpportunityDetail\/Index?noticeUID=DO1.NTC.1058402\" title=\"Ver\" target=\"_blank\">APORDOM-CCC-LPN-2022-0001<\/a><\/h6><p class=\"mb-0 bold\">CONSTRUCCION Y REMOZAMIENTO DE MUELLES PESQUEROS Y MUELLES TURISTICOS A NIVEL NACIONAL<\/p><p class=\"mb-0\" style=\"font-size: .85rem\"><strong title=\"Estado del Proceso\"><i class=\"fas fa-spinner\"><\/i><\/strong> Proceso adjudicado y celebrado<\/p><p class=\"mb-0\" style=\"font-size: .85rem\"><strong title=\"Fecha de Publicaci\u00f3n\"><i class=\"fas fa-calendar-alt\"><\/i><\/strong> Publicado el lunes, 28 de marzo de 2022<\/p><\/div><div class=\"col-auto mt-md-0 mt-2\"><a class=\"btn btn-primary btn-lg px-lg-4 d-none d-md-block\" href=\"https:\/\/comunidad.comprasdominicana.gob.do\/\/Public\/Tendering\/OpportunityDetail\/Index?noticeUID=DO1.NTC.1058402\" target=\"_blank\" title=\"Detalles\"><i class=\"fas fa-link\"><\/i> DETALLES<\/a><a class=\"btn btn-primary btn-lg px-lg-4 d-block d-md-none\" href=\"https:\/\/comunidad.comprasdominicana.gob.do\/\/Public\/Tendering\/OpportunityDetail\/Index?noticeUID=DO1.NTC.1058402\" target=\"_blank\" title=\"Detalles\"><i class=\"fas fa-2x fa-link\"><\/i><\/a><\/div><\/div><\/div><\/div><\/div><\/div><\/div><\/div><\/div>\n        <div class=\"card\">\n            <div class=\"card-header parents\" id=\"heading_licitaci-n-p-blica-nacional-e-internacional-69eeee772d89c-2019-69eeee772d89c\">\n                <p class=\"title text-blue mb-0\">\n                    <a class=\"btn-block hover text-left collapsed\" data-toggle=\"collapse\" data-target=\"#collap_licitaci-n-p-blica-nacional-e-internacional-69eeee772d89c-2019-69eeee772d89c\" aria-expanded=\"false\" aria-controls=\"collap_licitaci-n-p-blica-nacional-e-internacional-69eeee772d89c-2019-69eeee772d89c\">2019<\/a>\n                <\/p>\n            <\/div>\n            <div id=\"collap_licitaci-n-p-blica-nacional-e-internacional-69eeee772d89c-2019-69eeee772d89c\" class=\"collapse\" aria-labelledby=\"heading_licitaci-n-p-blica-nacional-e-internacional-69eeee772d89c-2019-69eeee772d89c\" data-parent=\"#collap_licitaci-n-p-blica-nacional-e-internacional-69eeee772d89c\">\n                <div class=\"card-body\">\n        <div class=\"card\">\n            <div class=\"card-header parents\" id=\"heading_licitaci-n-p-blica-nacional-e-internacional-69eeee772d89c-2019-69eeee772d89c-marzo-69eeee772d89c\">\n                <p class=\"title text-blue mb-0\">\n                    <a class=\"btn-block hover text-left collapsed\" data-toggle=\"collapse\" data-target=\"#collap_licitaci-n-p-blica-nacional-e-internacional-69eeee772d89c-2019-69eeee772d89c-marzo-69eeee772d89c\" aria-expanded=\"false\" aria-controls=\"collap_licitaci-n-p-blica-nacional-e-internacional-69eeee772d89c-2019-69eeee772d89c-marzo-69eeee772d89c\">Marzo<\/a>\n                <\/p>\n            <\/div>\n            <div id=\"collap_licitaci-n-p-blica-nacional-e-internacional-69eeee772d89c-2019-69eeee772d89c-marzo-69eeee772d89c\" class=\"collapse\" aria-labelledby=\"heading_licitaci-n-p-blica-nacional-e-internacional-69eeee772d89c-2019-69eeee772d89c-marzo-69eeee772d89c\" data-parent=\"#collap_licitaci-n-p-blica-nacional-e-internacional-69eeee772d89c-2019-69eeee772d89c\">\n                <div class=\"card-body\"><div class=\"jumbotron archivos\"><div class=\"row align-items-center\"><div class=\"col\"><h6><a class=\"text-dark\" href=\"https:\/\/comunidad.comprasdominicana.gob.do\/\/Public\/Tendering\/OpportunityDetail\/Index?noticeUID=DO1.NTC.550845\" title=\"Ver\" target=\"_blank\">APORDOM-CCC-LPN-2019-0002<\/a><\/h6><p class=\"mb-0 bold\">SUPERVICI\u00d3N DE LOS TRABAJOS DE CONSTRUCCI\u00d3N, \nRECONSTRUCCI\u00d3N Y DESARROLLO DE UNA TERMINAL DE CRUCEROS Y PASAJEROS EN EL PUERTO DE PUERTO PLATA\n<\/p><p class=\"mb-0\" style=\"font-size: .85rem\"><strong title=\"Estado del Proceso\"><i class=\"fas fa-spinner\"><\/i><\/strong> Proceso con etapa cerrada<\/p><p class=\"mb-0\" style=\"font-size: .85rem\"><strong title=\"Fecha de Publicaci\u00f3n\"><i class=\"fas fa-calendar-alt\"><\/i><\/strong> Publicado el mi\u00e9rcoles, 6 de marzo de 2019<\/p><\/div><div class=\"col-auto mt-md-0 mt-2\"><a class=\"btn btn-primary btn-lg px-lg-4 d-none d-md-block\" href=\"https:\/\/comunidad.comprasdominicana.gob.do\/\/Public\/Tendering\/OpportunityDetail\/Index?noticeUID=DO1.NTC.550845\" target=\"_blank\" title=\"Detalles\"><i class=\"fas fa-link\"><\/i> DETALLES<\/a><a class=\"btn btn-primary btn-lg px-lg-4 d-block d-md-none\" href=\"https:\/\/comunidad.comprasdominicana.gob.do\/\/Public\/Tendering\/OpportunityDetail\/Index?noticeUID=DO1.NTC.550845\" target=\"_blank\" title=\"Detalles\"><i class=\"fas fa-2x fa-link\"><\/i><\/a><\/div><\/div><\/div><div class=\"jumbotron archivos\"><div class=\"row align-items-center\"><div class=\"col\"><h6><a class=\"text-dark\" href=\"https:\/\/comunidad.comprasdominicana.gob.do\/\/Public\/Tendering\/OpportunityDetail\/Index?noticeUID=DO1.NTC.550552\" title=\"Ver\" target=\"_blank\">APORDOM-CCC-LPN-2019-0001<\/a><\/h6><p class=\"mb-0 bold\">Servicio de Administraci\u00f3n del Comedor Portuario<\/p><p class=\"mb-0\" style=\"font-size: .85rem\"><strong title=\"Estado del Proceso\"><i class=\"fas fa-spinner\"><\/i><\/strong> Proceso con etapa cerrada<\/p><p class=\"mb-0\" style=\"font-size: .85rem\"><strong title=\"Fecha de Publicaci\u00f3n\"><i class=\"fas fa-calendar-alt\"><\/i><\/strong> Publicado el mi\u00e9rcoles, 6 de marzo de 2019<\/p><\/div><div class=\"col-auto mt-md-0 mt-2\"><a class=\"btn btn-primary btn-lg px-lg-4 d-none d-md-block\" href=\"https:\/\/comunidad.comprasdominicana.gob.do\/\/Public\/Tendering\/OpportunityDetail\/Index?noticeUID=DO1.NTC.550552\" target=\"_blank\" title=\"Detalles\"><i class=\"fas fa-link\"><\/i> DETALLES<\/a><a class=\"btn btn-primary btn-lg px-lg-4 d-block d-md-none\" href=\"https:\/\/comunidad.comprasdominicana.gob.do\/\/Public\/Tendering\/OpportunityDetail\/Index?noticeUID=DO1.NTC.550552\" target=\"_blank\" title=\"Detalles\"><i class=\"fas fa-2x fa-link\"><\/i><\/a><\/div><\/div><\/div><\/div><\/div><\/div><\/div><\/div><\/div><\/div><\/div><\/div>\n        <div class=\"card\">\n            <div class=\"card-header parents\" id=\"heading_procedimientos-de-contrataci-n-dirigidos-a-las-micro-peque-as-y-medianas-empresas-mipymes--69eeee772d89c\">\n                <p class=\"title text-blue mb-0\">\n                    <a class=\"btn-block hover text-left collapsed\" data-toggle=\"collapse\" data-target=\"#collap_procedimientos-de-contrataci-n-dirigidos-a-las-micro-peque-as-y-medianas-empresas-mipymes--69eeee772d89c\" aria-expanded=\"false\" aria-controls=\"collap_procedimientos-de-contrataci-n-dirigidos-a-las-micro-peque-as-y-medianas-empresas-mipymes--69eeee772d89c\">Procedimientos de contrataci\u00f3n dirigidos a las Micro, Peque\u00f1as y Medianas empresas (Mipymes)<\/a>\n                <\/p>\n            <\/div>\n            <div id=\"collap_procedimientos-de-contrataci-n-dirigidos-a-las-micro-peque-as-y-medianas-empresas-mipymes--69eeee772d89c\" class=\"collapse\" aria-labelledby=\"heading_procedimientos-de-contrataci-n-dirigidos-a-las-micro-peque-as-y-medianas-empresas-mipymes--69eeee772d89c\" data-parent=\"#acc_69eeee772d89c\">\n                <div class=\"card-body\">\n        <div class=\"card\">\n            <div class=\"card-header parents\" id=\"heading_procedimientos-de-contrataci-n-dirigidos-a-las-micro-peque-as-y-medianas-empresas-mipymes--69eeee772d89c-2026-69eeee772d89c\">\n                <p class=\"title text-blue mb-0\">\n                    <a class=\"btn-block hover text-left collapsed\" data-toggle=\"collapse\" data-target=\"#collap_procedimientos-de-contrataci-n-dirigidos-a-las-micro-peque-as-y-medianas-empresas-mipymes--69eeee772d89c-2026-69eeee772d89c\" aria-expanded=\"false\" aria-controls=\"collap_procedimientos-de-contrataci-n-dirigidos-a-las-micro-peque-as-y-medianas-empresas-mipymes--69eeee772d89c-2026-69eeee772d89c\">2026<\/a>\n                <\/p>\n            <\/div>\n            <div id=\"collap_procedimientos-de-contrataci-n-dirigidos-a-las-micro-peque-as-y-medianas-empresas-mipymes--69eeee772d89c-2026-69eeee772d89c\" class=\"collapse\" aria-labelledby=\"heading_procedimientos-de-contrataci-n-dirigidos-a-las-micro-peque-as-y-medianas-empresas-mipymes--69eeee772d89c-2026-69eeee772d89c\" data-parent=\"#collap_procedimientos-de-contrataci-n-dirigidos-a-las-micro-peque-as-y-medianas-empresas-mipymes--69eeee772d89c\">\n                <div class=\"card-body\">\n        <div class=\"card\">\n            <div class=\"card-header parents\" id=\"heading_procedimientos-de-contrataci-n-dirigidos-a-las-micro-peque-as-y-medianas-empresas-mipymes--69eeee772d89c-2026-69eeee772d89c-abril-69eeee772d89c\">\n                <p class=\"title text-blue mb-0\">\n                    <a class=\"btn-block hover text-left collapsed\" data-toggle=\"collapse\" data-target=\"#collap_procedimientos-de-contrataci-n-dirigidos-a-las-micro-peque-as-y-medianas-empresas-mipymes--69eeee772d89c-2026-69eeee772d89c-abril-69eeee772d89c\" aria-expanded=\"false\" aria-controls=\"collap_procedimientos-de-contrataci-n-dirigidos-a-las-micro-peque-as-y-medianas-empresas-mipymes--69eeee772d89c-2026-69eeee772d89c-abril-69eeee772d89c\">Abril<\/a>\n                <\/p>\n            <\/div>\n            <div id=\"collap_procedimientos-de-contrataci-n-dirigidos-a-las-micro-peque-as-y-medianas-empresas-mipymes--69eeee772d89c-2026-69eeee772d89c-abril-69eeee772d89c\" class=\"collapse\" aria-labelledby=\"heading_procedimientos-de-contrataci-n-dirigidos-a-las-micro-peque-as-y-medianas-empresas-mipymes--69eeee772d89c-2026-69eeee772d89c-abril-69eeee772d89c\" data-parent=\"#collap_procedimientos-de-contrataci-n-dirigidos-a-las-micro-peque-as-y-medianas-empresas-mipymes--69eeee772d89c-2026-69eeee772d89c\">\n                <div class=\"card-body\"><div class=\"jumbotron archivos\"><div class=\"row align-items-center\"><div class=\"col\"><h6><a class=\"text-dark\" href=\"https:\/\/comunidad.comprasdominicana.gob.do\/\/Public\/Tendering\/OpportunityDetail\/Index?noticeUID=DO1.NTC.1703407\" title=\"Ver\" target=\"_blank\">APORDOM-DAF-CD-2026-0005<\/a><\/h6><p class=\"mb-0 bold\">Adquisici\u00f3n de uniformes, dirigido a MIPYMES <\/p><p class=\"mb-0\" style=\"font-size: .85rem\"><strong title=\"Estado del Proceso\"><i class=\"fas fa-spinner\"><\/i><\/strong> Proceso con etapa cerrada<\/p><p class=\"mb-0\" style=\"font-size: .85rem\"><strong title=\"Fecha de Publicaci\u00f3n\"><i class=\"fas fa-calendar-alt\"><\/i><\/strong> Publicado el lunes, 20 de abril de 2026<\/p><\/div><div class=\"col-auto mt-md-0 mt-2\"><a class=\"btn btn-primary btn-lg px-lg-4 d-none d-md-block\" href=\"https:\/\/comunidad.comprasdominicana.gob.do\/\/Public\/Tendering\/OpportunityDetail\/Index?noticeUID=DO1.NTC.1703407\" target=\"_blank\" title=\"Detalles\"><i class=\"fas fa-link\"><\/i> DETALLES<\/a><a class=\"btn btn-primary btn-lg px-lg-4 d-block d-md-none\" href=\"https:\/\/comunidad.comprasdominicana.gob.do\/\/Public\/Tendering\/OpportunityDetail\/Index?noticeUID=DO1.NTC.1703407\" target=\"_blank\" title=\"Detalles\"><i class=\"fas fa-2x fa-link\"><\/i><\/a><\/div><\/div><\/div><\/div><\/div><\/div>\n        <div class=\"card\">\n            <div class=\"card-header parents\" id=\"heading_procedimientos-de-contrataci-n-dirigidos-a-las-micro-peque-as-y-medianas-empresas-mipymes--69eeee772d89c-2026-69eeee772d89c-marzo-69eeee772d89c\">\n                <p class=\"title text-blue mb-0\">\n                    <a class=\"btn-block hover text-left collapsed\" data-toggle=\"collapse\" data-target=\"#collap_procedimientos-de-contrataci-n-dirigidos-a-las-micro-peque-as-y-medianas-empresas-mipymes--69eeee772d89c-2026-69eeee772d89c-marzo-69eeee772d89c\" aria-expanded=\"false\" aria-controls=\"collap_procedimientos-de-contrataci-n-dirigidos-a-las-micro-peque-as-y-medianas-empresas-mipymes--69eeee772d89c-2026-69eeee772d89c-marzo-69eeee772d89c\">Marzo<\/a>\n                <\/p>\n            <\/div>\n            <div id=\"collap_procedimientos-de-contrataci-n-dirigidos-a-las-micro-peque-as-y-medianas-empresas-mipymes--69eeee772d89c-2026-69eeee772d89c-marzo-69eeee772d89c\" class=\"collapse\" aria-labelledby=\"heading_procedimientos-de-contrataci-n-dirigidos-a-las-micro-peque-as-y-medianas-empresas-mipymes--69eeee772d89c-2026-69eeee772d89c-marzo-69eeee772d89c\" data-parent=\"#collap_procedimientos-de-contrataci-n-dirigidos-a-las-micro-peque-as-y-medianas-empresas-mipymes--69eeee772d89c-2026-69eeee772d89c\">\n                <div class=\"card-body\"><div class=\"jumbotron archivos\"><div class=\"row align-items-center\"><div class=\"col\"><h6><a class=\"text-dark\" href=\"https:\/\/comunidad.comprasdominicana.gob.do\/\/Public\/Tendering\/OpportunityDetail\/Index?noticeUID=DO1.NTC.1688707\" title=\"Ver\" target=\"_blank\">APORDOM-DAF-CM-2026-0003<\/a><\/h6><p class=\"mb-0 bold\">Contrataci\u00f3n de servicios de fumigaci\u00f3n, dirigido a mipymes<\/p><p class=\"mb-0\" style=\"font-size: .85rem\"><strong title=\"Estado del Proceso\"><i class=\"fas fa-spinner\"><\/i><\/strong> Proceso adjudicado y celebrado<\/p><p class=\"mb-0\" style=\"font-size: .85rem\"><strong title=\"Fecha de Publicaci\u00f3n\"><i class=\"fas fa-calendar-alt\"><\/i><\/strong> Publicado el jueves, 19 de marzo de 2026<\/p><\/div><div class=\"col-auto mt-md-0 mt-2\"><a class=\"btn btn-primary btn-lg px-lg-4 d-none d-md-block\" href=\"https:\/\/comunidad.comprasdominicana.gob.do\/\/Public\/Tendering\/OpportunityDetail\/Index?noticeUID=DO1.NTC.1688707\" target=\"_blank\" title=\"Detalles\"><i class=\"fas fa-link\"><\/i> DETALLES<\/a><a class=\"btn btn-primary btn-lg px-lg-4 d-block d-md-none\" href=\"https:\/\/comunidad.comprasdominicana.gob.do\/\/Public\/Tendering\/OpportunityDetail\/Index?noticeUID=DO1.NTC.1688707\" target=\"_blank\" title=\"Detalles\"><i class=\"fas fa-2x fa-link\"><\/i><\/a><\/div><\/div><\/div><div class=\"jumbotron archivos\"><div class=\"row align-items-center\"><div class=\"col\"><h6><a class=\"text-dark\" href=\"https:\/\/comunidad.comprasdominicana.gob.do\/\/Public\/Tendering\/OpportunityDetail\/Index?noticeUID=DO1.NTC.1688367\" title=\"Ver\" target=\"_blank\">APORDOM-DAF-CM-2026-0004<\/a><\/h6><p class=\"mb-0 bold\">Contrataci\u00f3n de servicios de mantenimiento de aires acondicionados, dirigido a mipymes<\/p><p class=\"mb-0\" style=\"font-size: .85rem\"><strong title=\"Estado del Proceso\"><i class=\"fas fa-spinner\"><\/i><\/strong> Proceso adjudicado y celebrado<\/p><p class=\"mb-0\" style=\"font-size: .85rem\"><strong title=\"Fecha de Publicaci\u00f3n\"><i class=\"fas fa-calendar-alt\"><\/i><\/strong> Publicado el mi\u00e9rcoles, 18 de marzo de 2026<\/p><\/div><div class=\"col-auto mt-md-0 mt-2\"><a class=\"btn btn-primary btn-lg px-lg-4 d-none d-md-block\" href=\"https:\/\/comunidad.comprasdominicana.gob.do\/\/Public\/Tendering\/OpportunityDetail\/Index?noticeUID=DO1.NTC.1688367\" target=\"_blank\" title=\"Detalles\"><i class=\"fas fa-link\"><\/i> DETALLES<\/a><a class=\"btn btn-primary btn-lg px-lg-4 d-block d-md-none\" href=\"https:\/\/comunidad.comprasdominicana.gob.do\/\/Public\/Tendering\/OpportunityDetail\/Index?noticeUID=DO1.NTC.1688367\" target=\"_blank\" title=\"Detalles\"><i class=\"fas fa-2x fa-link\"><\/i><\/a><\/div><\/div><\/div><\/div><\/div><\/div><\/div><\/div><\/div>\n        <div class=\"card\">\n            <div class=\"card-header parents\" id=\"heading_procedimientos-de-contrataci-n-dirigidos-a-las-micro-peque-as-y-medianas-empresas-mipymes--69eeee772d89c-2025-69eeee772d89c\">\n                <p class=\"title text-blue mb-0\">\n                    <a class=\"btn-block hover text-left collapsed\" data-toggle=\"collapse\" data-target=\"#collap_procedimientos-de-contrataci-n-dirigidos-a-las-micro-peque-as-y-medianas-empresas-mipymes--69eeee772d89c-2025-69eeee772d89c\" aria-expanded=\"false\" aria-controls=\"collap_procedimientos-de-contrataci-n-dirigidos-a-las-micro-peque-as-y-medianas-empresas-mipymes--69eeee772d89c-2025-69eeee772d89c\">2025<\/a>\n                <\/p>\n            <\/div>\n            <div id=\"collap_procedimientos-de-contrataci-n-dirigidos-a-las-micro-peque-as-y-medianas-empresas-mipymes--69eeee772d89c-2025-69eeee772d89c\" class=\"collapse\" aria-labelledby=\"heading_procedimientos-de-contrataci-n-dirigidos-a-las-micro-peque-as-y-medianas-empresas-mipymes--69eeee772d89c-2025-69eeee772d89c\" data-parent=\"#collap_procedimientos-de-contrataci-n-dirigidos-a-las-micro-peque-as-y-medianas-empresas-mipymes--69eeee772d89c\">\n                <div class=\"card-body\">\n        <div class=\"card\">\n            <div class=\"card-header parents\" id=\"heading_procedimientos-de-contrataci-n-dirigidos-a-las-micro-peque-as-y-medianas-empresas-mipymes--69eeee772d89c-2025-69eeee772d89c-noviembre-69eeee772d89c\">\n                <p class=\"title text-blue mb-0\">\n                    <a class=\"btn-block hover text-left collapsed\" data-toggle=\"collapse\" data-target=\"#collap_procedimientos-de-contrataci-n-dirigidos-a-las-micro-peque-as-y-medianas-empresas-mipymes--69eeee772d89c-2025-69eeee772d89c-noviembre-69eeee772d89c\" aria-expanded=\"false\" aria-controls=\"collap_procedimientos-de-contrataci-n-dirigidos-a-las-micro-peque-as-y-medianas-empresas-mipymes--69eeee772d89c-2025-69eeee772d89c-noviembre-69eeee772d89c\">Noviembre<\/a>\n                <\/p>\n            <\/div>\n            <div id=\"collap_procedimientos-de-contrataci-n-dirigidos-a-las-micro-peque-as-y-medianas-empresas-mipymes--69eeee772d89c-2025-69eeee772d89c-noviembre-69eeee772d89c\" class=\"collapse\" aria-labelledby=\"heading_procedimientos-de-contrataci-n-dirigidos-a-las-micro-peque-as-y-medianas-empresas-mipymes--69eeee772d89c-2025-69eeee772d89c-noviembre-69eeee772d89c\" data-parent=\"#collap_procedimientos-de-contrataci-n-dirigidos-a-las-micro-peque-as-y-medianas-empresas-mipymes--69eeee772d89c-2025-69eeee772d89c\">\n                <div class=\"card-body\"><div class=\"jumbotron archivos\"><div class=\"row align-items-center\"><div class=\"col\"><h6><a class=\"text-dark\" href=\"https:\/\/comunidad.comprasdominicana.gob.do\/\/Public\/Tendering\/OpportunityDetail\/Index?noticeUID=DO1.NTC.1632758\" title=\"Ver\" target=\"_blank\">APORDOM-DAF-CM-2025-0035<\/a><\/h6><p class=\"mb-0 bold\">Adquisici\u00f3n de insumos de comestibles, dirigido a mipymes<\/p><p class=\"mb-0\" style=\"font-size: .85rem\"><strong title=\"Estado del Proceso\"><i class=\"fas fa-spinner\"><\/i><\/strong> Proceso adjudicado y celebrado<\/p><p class=\"mb-0\" style=\"font-size: .85rem\"><strong title=\"Fecha de Publicaci\u00f3n\"><i class=\"fas fa-calendar-alt\"><\/i><\/strong> Publicado el mi\u00e9rcoles, 12 de noviembre de 2025<\/p><\/div><div class=\"col-auto mt-md-0 mt-2\"><a class=\"btn btn-primary btn-lg px-lg-4 d-none d-md-block\" href=\"https:\/\/comunidad.comprasdominicana.gob.do\/\/Public\/Tendering\/OpportunityDetail\/Index?noticeUID=DO1.NTC.1632758\" target=\"_blank\" title=\"Detalles\"><i class=\"fas fa-link\"><\/i> DETALLES<\/a><a class=\"btn btn-primary btn-lg px-lg-4 d-block d-md-none\" href=\"https:\/\/comunidad.comprasdominicana.gob.do\/\/Public\/Tendering\/OpportunityDetail\/Index?noticeUID=DO1.NTC.1632758\" target=\"_blank\" title=\"Detalles\"><i class=\"fas fa-2x fa-link\"><\/i><\/a><\/div><\/div><\/div><\/div><\/div><\/div>\n        <div class=\"card\">\n            <div class=\"card-header parents\" id=\"heading_procedimientos-de-contrataci-n-dirigidos-a-las-micro-peque-as-y-medianas-empresas-mipymes--69eeee772d89c-2025-69eeee772d89c-agosto-69eeee772d89c\">\n                <p class=\"title text-blue mb-0\">\n                    <a class=\"btn-block hover text-left collapsed\" data-toggle=\"collapse\" data-target=\"#collap_procedimientos-de-contrataci-n-dirigidos-a-las-micro-peque-as-y-medianas-empresas-mipymes--69eeee772d89c-2025-69eeee772d89c-agosto-69eeee772d89c\" aria-expanded=\"false\" aria-controls=\"collap_procedimientos-de-contrataci-n-dirigidos-a-las-micro-peque-as-y-medianas-empresas-mipymes--69eeee772d89c-2025-69eeee772d89c-agosto-69eeee772d89c\">Agosto<\/a>\n                <\/p>\n            <\/div>\n            <div id=\"collap_procedimientos-de-contrataci-n-dirigidos-a-las-micro-peque-as-y-medianas-empresas-mipymes--69eeee772d89c-2025-69eeee772d89c-agosto-69eeee772d89c\" class=\"collapse\" aria-labelledby=\"heading_procedimientos-de-contrataci-n-dirigidos-a-las-micro-peque-as-y-medianas-empresas-mipymes--69eeee772d89c-2025-69eeee772d89c-agosto-69eeee772d89c\" data-parent=\"#collap_procedimientos-de-contrataci-n-dirigidos-a-las-micro-peque-as-y-medianas-empresas-mipymes--69eeee772d89c-2025-69eeee772d89c\">\n                <div class=\"card-body\"><div class=\"jumbotron archivos\"><div class=\"row align-items-center\"><div class=\"col\"><h6><a class=\"text-dark\" href=\"https:\/\/comunidad.comprasdominicana.gob.do\/\/Public\/Tendering\/OpportunityDetail\/Index?noticeUID=DO1.NTC.1589114\" title=\"Ver\" target=\"_blank\">APORDOM-DAF-CD-2025-0022<\/a><\/h6><p class=\"mb-0 bold\">Adquisici\u00f3n de Vasos T\u00e9rmicos, dirigido a Mipymes <\/p><p class=\"mb-0\" style=\"font-size: .85rem\"><strong title=\"Estado del Proceso\"><i class=\"fas fa-spinner\"><\/i><\/strong> Proceso adjudicado y celebrado<\/p><p class=\"mb-0\" style=\"font-size: .85rem\"><strong title=\"Fecha de Publicaci\u00f3n\"><i class=\"fas fa-calendar-alt\"><\/i><\/strong> Publicado el mi\u00e9rcoles, 6 de agosto de 2025<\/p><\/div><div class=\"col-auto mt-md-0 mt-2\"><a class=\"btn btn-primary btn-lg px-lg-4 d-none d-md-block\" href=\"https:\/\/comunidad.comprasdominicana.gob.do\/\/Public\/Tendering\/OpportunityDetail\/Index?noticeUID=DO1.NTC.1589114\" target=\"_blank\" title=\"Detalles\"><i class=\"fas fa-link\"><\/i> DETALLES<\/a><a class=\"btn btn-primary btn-lg px-lg-4 d-block d-md-none\" href=\"https:\/\/comunidad.comprasdominicana.gob.do\/\/Public\/Tendering\/OpportunityDetail\/Index?noticeUID=DO1.NTC.1589114\" target=\"_blank\" title=\"Detalles\"><i class=\"fas fa-2x fa-link\"><\/i><\/a><\/div><\/div><\/div><\/div><\/div><\/div>\n        <div class=\"card\">\n            <div class=\"card-header parents\" id=\"heading_procedimientos-de-contrataci-n-dirigidos-a-las-micro-peque-as-y-medianas-empresas-mipymes--69eeee772d89c-2025-69eeee772d89c-mayo-69eeee772d89c\">\n                <p class=\"title text-blue mb-0\">\n                    <a class=\"btn-block hover text-left collapsed\" data-toggle=\"collapse\" data-target=\"#collap_procedimientos-de-contrataci-n-dirigidos-a-las-micro-peque-as-y-medianas-empresas-mipymes--69eeee772d89c-2025-69eeee772d89c-mayo-69eeee772d89c\" aria-expanded=\"false\" aria-controls=\"collap_procedimientos-de-contrataci-n-dirigidos-a-las-micro-peque-as-y-medianas-empresas-mipymes--69eeee772d89c-2025-69eeee772d89c-mayo-69eeee772d89c\">Mayo<\/a>\n                <\/p>\n            <\/div>\n            <div id=\"collap_procedimientos-de-contrataci-n-dirigidos-a-las-micro-peque-as-y-medianas-empresas-mipymes--69eeee772d89c-2025-69eeee772d89c-mayo-69eeee772d89c\" class=\"collapse\" aria-labelledby=\"heading_procedimientos-de-contrataci-n-dirigidos-a-las-micro-peque-as-y-medianas-empresas-mipymes--69eeee772d89c-2025-69eeee772d89c-mayo-69eeee772d89c\" data-parent=\"#collap_procedimientos-de-contrataci-n-dirigidos-a-las-micro-peque-as-y-medianas-empresas-mipymes--69eeee772d89c-2025-69eeee772d89c\">\n                <div class=\"card-body\"><div class=\"jumbotron archivos\"><div class=\"row align-items-center\"><div class=\"col\"><h6><a class=\"text-dark\" href=\"https:\/\/comunidad.comprasdominicana.gob.do\/\/Public\/Tendering\/OpportunityDetail\/Index?noticeUID=DO1.NTC.1560433\" title=\"Ver\" target=\"_blank\">APORDOM-DAF-CM-2025-0015<\/a><\/h6><p class=\"mb-0 bold\">Adquisici\u00f3n de insumos y materiales de pinturas para diferentes puertos y muelles de esta APORDOM, Dirigido a MiPyME<\/p><p class=\"mb-0\" style=\"font-size: .85rem\"><strong title=\"Estado del Proceso\"><i class=\"fas fa-spinner\"><\/i><\/strong> Proceso adjudicado y celebrado<\/p><p class=\"mb-0\" style=\"font-size: .85rem\"><strong title=\"Fecha de Publicaci\u00f3n\"><i class=\"fas fa-calendar-alt\"><\/i><\/strong> Publicado el viernes, 30 de mayo de 2025<\/p><\/div><div class=\"col-auto mt-md-0 mt-2\"><a class=\"btn btn-primary btn-lg px-lg-4 d-none d-md-block\" href=\"https:\/\/comunidad.comprasdominicana.gob.do\/\/Public\/Tendering\/OpportunityDetail\/Index?noticeUID=DO1.NTC.1560433\" target=\"_blank\" title=\"Detalles\"><i class=\"fas fa-link\"><\/i> DETALLES<\/a><a class=\"btn btn-primary btn-lg px-lg-4 d-block d-md-none\" href=\"https:\/\/comunidad.comprasdominicana.gob.do\/\/Public\/Tendering\/OpportunityDetail\/Index?noticeUID=DO1.NTC.1560433\" target=\"_blank\" title=\"Detalles\"><i class=\"fas fa-2x fa-link\"><\/i><\/a><\/div><\/div><\/div><div class=\"jumbotron archivos\"><div class=\"row align-items-center\"><div class=\"col\"><h6><a class=\"text-dark\" href=\"https:\/\/comunidad.comprasdominicana.gob.do\/\/Public\/Tendering\/OpportunityDetail\/Index?noticeUID=DO1.NTC.1557645\" title=\"Ver\" target=\"_blank\">APORDOM-DAF-CM-2025-0014<\/a><\/h6><p class=\"mb-0 bold\">Adquisici\u00f3n de souvenirs para personal de la direcci\u00f3n de recursos humanos de APORDOM, dirigido a Mipymes <\/p><p class=\"mb-0\" style=\"font-size: .85rem\"><strong title=\"Estado del Proceso\"><i class=\"fas fa-spinner\"><\/i><\/strong> Proceso adjudicado y celebrado<\/p><p class=\"mb-0\" style=\"font-size: .85rem\"><strong title=\"Fecha de Publicaci\u00f3n\"><i class=\"fas fa-calendar-alt\"><\/i><\/strong> Publicado el viernes, 23 de mayo de 2025<\/p><\/div><div class=\"col-auto mt-md-0 mt-2\"><a class=\"btn btn-primary btn-lg px-lg-4 d-none d-md-block\" href=\"https:\/\/comunidad.comprasdominicana.gob.do\/\/Public\/Tendering\/OpportunityDetail\/Index?noticeUID=DO1.NTC.1557645\" target=\"_blank\" title=\"Detalles\"><i class=\"fas fa-link\"><\/i> DETALLES<\/a><a class=\"btn btn-primary btn-lg px-lg-4 d-block d-md-none\" href=\"https:\/\/comunidad.comprasdominicana.gob.do\/\/Public\/Tendering\/OpportunityDetail\/Index?noticeUID=DO1.NTC.1557645\" target=\"_blank\" title=\"Detalles\"><i class=\"fas fa-2x fa-link\"><\/i><\/a><\/div><\/div><\/div><div class=\"jumbotron archivos\"><div class=\"row align-items-center\"><div class=\"col\"><h6><a class=\"text-dark\" href=\"https:\/\/comunidad.comprasdominicana.gob.do\/\/Public\/Tendering\/OpportunityDetail\/Index?noticeUID=DO1.NTC.1556455\" title=\"Ver\" target=\"_blank\">APORDOM-DAF-CD-2025-0018<\/a><\/h6><p class=\"mb-0 bold\">Adquisici\u00f3n de utensilios de cocina, dirigido a Mipymes Mujer<\/p><p class=\"mb-0\" style=\"font-size: .85rem\"><strong title=\"Estado del Proceso\"><i class=\"fas fa-spinner\"><\/i><\/strong> Proceso adjudicado y celebrado<\/p><p class=\"mb-0\" style=\"font-size: .85rem\"><strong title=\"Fecha de Publicaci\u00f3n\"><i class=\"fas fa-calendar-alt\"><\/i><\/strong> Publicado el mi\u00e9rcoles, 21 de mayo de 2025<\/p><\/div><div class=\"col-auto mt-md-0 mt-2\"><a class=\"btn btn-primary btn-lg px-lg-4 d-none d-md-block\" href=\"https:\/\/comunidad.comprasdominicana.gob.do\/\/Public\/Tendering\/OpportunityDetail\/Index?noticeUID=DO1.NTC.1556455\" target=\"_blank\" title=\"Detalles\"><i class=\"fas fa-link\"><\/i> DETALLES<\/a><a class=\"btn btn-primary btn-lg px-lg-4 d-block d-md-none\" href=\"https:\/\/comunidad.comprasdominicana.gob.do\/\/Public\/Tendering\/OpportunityDetail\/Index?noticeUID=DO1.NTC.1556455\" target=\"_blank\" title=\"Detalles\"><i class=\"fas fa-2x fa-link\"><\/i><\/a><\/div><\/div><\/div><div class=\"jumbotron archivos\"><div class=\"row align-items-center\"><div class=\"col\"><h6><a class=\"text-dark\" href=\"https:\/\/comunidad.comprasdominicana.gob.do\/\/Public\/Tendering\/OpportunityDetail\/Index?noticeUID=DO1.NTC.1550449\" title=\"Ver\" target=\"_blank\">APORDOM-DAF-CM-2025-0012<\/a><\/h6><p class=\"mb-0 bold\">Adquisici\u00f3n De Talonarios Para Uso De La Sede Principal Y Puertos De Apordom, Dirigido A Mipymes.<\/p><p class=\"mb-0\" style=\"font-size: .85rem\"><strong title=\"Estado del Proceso\"><i class=\"fas fa-spinner\"><\/i><\/strong> Proceso adjudicado y celebrado<\/p><p class=\"mb-0\" style=\"font-size: .85rem\"><strong title=\"Fecha de Publicaci\u00f3n\"><i class=\"fas fa-calendar-alt\"><\/i><\/strong> Publicado el jueves, 8 de mayo de 2025<\/p><\/div><div class=\"col-auto mt-md-0 mt-2\"><a class=\"btn btn-primary btn-lg px-lg-4 d-none d-md-block\" href=\"https:\/\/comunidad.comprasdominicana.gob.do\/\/Public\/Tendering\/OpportunityDetail\/Index?noticeUID=DO1.NTC.1550449\" target=\"_blank\" title=\"Detalles\"><i class=\"fas fa-link\"><\/i> DETALLES<\/a><a class=\"btn btn-primary btn-lg px-lg-4 d-block d-md-none\" href=\"https:\/\/comunidad.comprasdominicana.gob.do\/\/Public\/Tendering\/OpportunityDetail\/Index?noticeUID=DO1.NTC.1550449\" target=\"_blank\" title=\"Detalles\"><i class=\"fas fa-2x fa-link\"><\/i><\/a><\/div><\/div><\/div><div class=\"jumbotron archivos\"><div class=\"row align-items-center\"><div class=\"col\"><h6><a class=\"text-dark\" href=\"https:\/\/comunidad.comprasdominicana.gob.do\/\/Public\/Tendering\/OpportunityDetail\/Index?noticeUID=DO1.NTC.1550263\" title=\"Ver\" target=\"_blank\">APORDOM-DAF-CM-2025-0009<\/a><\/h6><p class=\"mb-0 bold\">Adquisici\u00f3n de productos de limpieza e higiene para diferentes departamentos y puertos de esta APORDOM, dirigido a mipymes mujer<\/p><p class=\"mb-0\" style=\"font-size: .85rem\"><strong title=\"Estado del Proceso\"><i class=\"fas fa-spinner\"><\/i><\/strong> Proceso adjudicado y celebrado<\/p><p class=\"mb-0\" style=\"font-size: .85rem\"><strong title=\"Fecha de Publicaci\u00f3n\"><i class=\"fas fa-calendar-alt\"><\/i><\/strong> Publicado el mi\u00e9rcoles, 7 de mayo de 2025<\/p><\/div><div class=\"col-auto mt-md-0 mt-2\"><a class=\"btn btn-primary btn-lg px-lg-4 d-none d-md-block\" href=\"https:\/\/comunidad.comprasdominicana.gob.do\/\/Public\/Tendering\/OpportunityDetail\/Index?noticeUID=DO1.NTC.1550263\" target=\"_blank\" title=\"Detalles\"><i class=\"fas fa-link\"><\/i> DETALLES<\/a><a class=\"btn btn-primary btn-lg px-lg-4 d-block d-md-none\" href=\"https:\/\/comunidad.comprasdominicana.gob.do\/\/Public\/Tendering\/OpportunityDetail\/Index?noticeUID=DO1.NTC.1550263\" target=\"_blank\" title=\"Detalles\"><i class=\"fas fa-2x fa-link\"><\/i><\/a><\/div><\/div><\/div><div class=\"jumbotron archivos\"><div class=\"row align-items-center\"><div class=\"col\"><h6><a class=\"text-dark\" href=\"https:\/\/comunidad.comprasdominicana.gob.do\/\/Public\/Tendering\/OpportunityDetail\/Index?noticeUID=DO1.NTC.1547933\" title=\"Ver\" target=\"_blank\">APORDOM-DAF-CD-2025-0015<\/a><\/h6><p class=\"mb-0 bold\">Adquisici\u00f3n de insumos comestibles para el uso de los diferentes departamentos y puertos de APORDOM, dirigido a mipymes<\/p><p class=\"mb-0\" style=\"font-size: .85rem\"><strong title=\"Estado del Proceso\"><i class=\"fas fa-spinner\"><\/i><\/strong> Proceso adjudicado y celebrado<\/p><p class=\"mb-0\" style=\"font-size: .85rem\"><strong title=\"Fecha de Publicaci\u00f3n\"><i class=\"fas fa-calendar-alt\"><\/i><\/strong> Publicado el jueves, 1 de mayo de 2025<\/p><\/div><div class=\"col-auto mt-md-0 mt-2\"><a class=\"btn btn-primary btn-lg px-lg-4 d-none d-md-block\" href=\"https:\/\/comunidad.comprasdominicana.gob.do\/\/Public\/Tendering\/OpportunityDetail\/Index?noticeUID=DO1.NTC.1547933\" target=\"_blank\" title=\"Detalles\"><i class=\"fas fa-link\"><\/i> DETALLES<\/a><a class=\"btn btn-primary btn-lg px-lg-4 d-block d-md-none\" href=\"https:\/\/comunidad.comprasdominicana.gob.do\/\/Public\/Tendering\/OpportunityDetail\/Index?noticeUID=DO1.NTC.1547933\" target=\"_blank\" title=\"Detalles\"><i class=\"fas fa-2x fa-link\"><\/i><\/a><\/div><\/div><\/div><div class=\"jumbotron archivos\"><div class=\"row align-items-center\"><div class=\"col\"><h6><a class=\"text-dark\" href=\"https:\/\/comunidad.comprasdominicana.gob.do\/\/Public\/Tendering\/OpportunityDetail\/Index?noticeUID=DO1.NTC.1553454\" title=\"Ver\" target=\"_blank\">APORDOM-DAF-CD-2025-0017<\/a><\/h6><p class=\"mb-0 bold\">Adquisici\u00f3n de Vasos T\u00e9rmicos, dirigido a Mipymes Mujer<\/p><p class=\"mb-0\" style=\"font-size: .85rem\"><strong title=\"Estado del Proceso\"><i class=\"fas fa-spinner\"><\/i><\/strong> Proceso desierto<\/p><p class=\"mb-0\" style=\"font-size: .85rem\"><strong title=\"Fecha de Publicaci\u00f3n\"><i class=\"fas fa-calendar-alt\"><\/i><\/strong> Publicado el jueves, 15 de mayo de 2025<\/p><\/div><div class=\"col-auto mt-md-0 mt-2\"><a class=\"btn btn-primary btn-lg px-lg-4 d-none d-md-block\" href=\"https:\/\/comunidad.comprasdominicana.gob.do\/\/Public\/Tendering\/OpportunityDetail\/Index?noticeUID=DO1.NTC.1553454\" target=\"_blank\" title=\"Detalles\"><i class=\"fas fa-link\"><\/i> DETALLES<\/a><a class=\"btn btn-primary btn-lg px-lg-4 d-block d-md-none\" href=\"https:\/\/comunidad.comprasdominicana.gob.do\/\/Public\/Tendering\/OpportunityDetail\/Index?noticeUID=DO1.NTC.1553454\" target=\"_blank\" title=\"Detalles\"><i class=\"fas fa-2x fa-link\"><\/i><\/a><\/div><\/div><\/div><div class=\"jumbotron archivos\"><div class=\"row align-items-center\"><div class=\"col\"><h6><a class=\"text-dark\" href=\"https:\/\/comunidad.comprasdominicana.gob.do\/\/Public\/Tendering\/OpportunityDetail\/Index?noticeUID=DO1.NTC.1548936\" title=\"Ver\" target=\"_blank\">APORDOM-DAF-CM-2025-0010<\/a><\/h6><p class=\"mb-0 bold\">Adquisici\u00f3n de souvenirs para personal de la direcci\u00f3n de recursos humanos de APORDOM, dirigido a Mipymes<\/p><p class=\"mb-0\" style=\"font-size: .85rem\"><strong title=\"Estado del Proceso\"><i class=\"fas fa-spinner\"><\/i><\/strong> Proceso desierto<\/p><p class=\"mb-0\" style=\"font-size: .85rem\"><strong title=\"Fecha de Publicaci\u00f3n\"><i class=\"fas fa-calendar-alt\"><\/i><\/strong> Publicado el viernes, 2 de mayo de 2025<\/p><\/div><div class=\"col-auto mt-md-0 mt-2\"><a class=\"btn btn-primary btn-lg px-lg-4 d-none d-md-block\" href=\"https:\/\/comunidad.comprasdominicana.gob.do\/\/Public\/Tendering\/OpportunityDetail\/Index?noticeUID=DO1.NTC.1548936\" target=\"_blank\" title=\"Detalles\"><i class=\"fas fa-link\"><\/i> DETALLES<\/a><a class=\"btn btn-primary btn-lg px-lg-4 d-block d-md-none\" href=\"https:\/\/comunidad.comprasdominicana.gob.do\/\/Public\/Tendering\/OpportunityDetail\/Index?noticeUID=DO1.NTC.1548936\" target=\"_blank\" title=\"Detalles\"><i class=\"fas fa-2x fa-link\"><\/i><\/a><\/div><\/div><\/div><\/div><\/div><\/div>\n        <div class=\"card\">\n            <div class=\"card-header parents\" id=\"heading_procedimientos-de-contrataci-n-dirigidos-a-las-micro-peque-as-y-medianas-empresas-mipymes--69eeee772d89c-2025-69eeee772d89c-marzo-69eeee772d89c\">\n                <p class=\"title text-blue mb-0\">\n                    <a class=\"btn-block hover text-left collapsed\" data-toggle=\"collapse\" data-target=\"#collap_procedimientos-de-contrataci-n-dirigidos-a-las-micro-peque-as-y-medianas-empresas-mipymes--69eeee772d89c-2025-69eeee772d89c-marzo-69eeee772d89c\" aria-expanded=\"false\" aria-controls=\"collap_procedimientos-de-contrataci-n-dirigidos-a-las-micro-peque-as-y-medianas-empresas-mipymes--69eeee772d89c-2025-69eeee772d89c-marzo-69eeee772d89c\">Marzo<\/a>\n                <\/p>\n            <\/div>\n            <div id=\"collap_procedimientos-de-contrataci-n-dirigidos-a-las-micro-peque-as-y-medianas-empresas-mipymes--69eeee772d89c-2025-69eeee772d89c-marzo-69eeee772d89c\" class=\"collapse\" aria-labelledby=\"heading_procedimientos-de-contrataci-n-dirigidos-a-las-micro-peque-as-y-medianas-empresas-mipymes--69eeee772d89c-2025-69eeee772d89c-marzo-69eeee772d89c\" data-parent=\"#collap_procedimientos-de-contrataci-n-dirigidos-a-las-micro-peque-as-y-medianas-empresas-mipymes--69eeee772d89c-2025-69eeee772d89c\">\n                <div class=\"card-body\"><div class=\"jumbotron archivos\"><div class=\"row align-items-center\"><div class=\"col\"><h6><a class=\"text-dark\" href=\"https:\/\/comunidad.comprasdominicana.gob.do\/\/Public\/Tendering\/OpportunityDetail\/Index?noticeUID=DO1.NTC.1533936\" title=\"Ver\" target=\"_blank\">APORDOM-DAF-CM-2025-0005<\/a><\/h6><p class=\"mb-0 bold\">Adquisici\u00f3n de Insumos de Oficinas y Materiales Gastable para diferentes Departamentos de esta APORDOM, dirigido a Mipymes\n<\/p><p class=\"mb-0\" style=\"font-size: .85rem\"><strong title=\"Estado del Proceso\"><i class=\"fas fa-spinner\"><\/i><\/strong> Proceso adjudicado y celebrado<\/p><p class=\"mb-0\" style=\"font-size: .85rem\"><strong title=\"Fecha de Publicaci\u00f3n\"><i class=\"fas fa-calendar-alt\"><\/i><\/strong> Publicado el viernes, 28 de marzo de 2025<\/p><\/div><div class=\"col-auto mt-md-0 mt-2\"><a class=\"btn btn-primary btn-lg px-lg-4 d-none d-md-block\" href=\"https:\/\/comunidad.comprasdominicana.gob.do\/\/Public\/Tendering\/OpportunityDetail\/Index?noticeUID=DO1.NTC.1533936\" target=\"_blank\" title=\"Detalles\"><i class=\"fas fa-link\"><\/i> DETALLES<\/a><a class=\"btn btn-primary btn-lg px-lg-4 d-block d-md-none\" href=\"https:\/\/comunidad.comprasdominicana.gob.do\/\/Public\/Tendering\/OpportunityDetail\/Index?noticeUID=DO1.NTC.1533936\" target=\"_blank\" title=\"Detalles\"><i class=\"fas fa-2x fa-link\"><\/i><\/a><\/div><\/div><\/div><\/div><\/div><\/div>\n        <div class=\"card\">\n            <div class=\"card-header parents\" id=\"heading_procedimientos-de-contrataci-n-dirigidos-a-las-micro-peque-as-y-medianas-empresas-mipymes--69eeee772d89c-2025-69eeee772d89c-febrero-69eeee772d89c\">\n                <p class=\"title text-blue mb-0\">\n                    <a class=\"btn-block hover text-left collapsed\" data-toggle=\"collapse\" data-target=\"#collap_procedimientos-de-contrataci-n-dirigidos-a-las-micro-peque-as-y-medianas-empresas-mipymes--69eeee772d89c-2025-69eeee772d89c-febrero-69eeee772d89c\" aria-expanded=\"false\" aria-controls=\"collap_procedimientos-de-contrataci-n-dirigidos-a-las-micro-peque-as-y-medianas-empresas-mipymes--69eeee772d89c-2025-69eeee772d89c-febrero-69eeee772d89c\">Febrero<\/a>\n                <\/p>\n            <\/div>\n            <div id=\"collap_procedimientos-de-contrataci-n-dirigidos-a-las-micro-peque-as-y-medianas-empresas-mipymes--69eeee772d89c-2025-69eeee772d89c-febrero-69eeee772d89c\" class=\"collapse\" aria-labelledby=\"heading_procedimientos-de-contrataci-n-dirigidos-a-las-micro-peque-as-y-medianas-empresas-mipymes--69eeee772d89c-2025-69eeee772d89c-febrero-69eeee772d89c\" data-parent=\"#collap_procedimientos-de-contrataci-n-dirigidos-a-las-micro-peque-as-y-medianas-empresas-mipymes--69eeee772d89c-2025-69eeee772d89c\">\n                <div class=\"card-body\"><div class=\"jumbotron archivos\"><div class=\"row align-items-center\"><div class=\"col\"><h6><a class=\"text-dark\" href=\"https:\/\/comunidad.comprasdominicana.gob.do\/\/Public\/Tendering\/OpportunityDetail\/Index?noticeUID=DO1.NTC.1520436\" title=\"Ver\" target=\"_blank\">APORDOM-DAF-CD-2025-0005<\/a><\/h6><p class=\"mb-0 bold\">Adquisici\u00f3n De Materiales De Soporte De Anclaje Para El Puerto De Luperon, Dirigido A Mipymes<\/p><p class=\"mb-0\" style=\"font-size: .85rem\"><strong title=\"Estado del Proceso\"><i class=\"fas fa-spinner\"><\/i><\/strong> Proceso adjudicado y celebrado<\/p><p class=\"mb-0\" style=\"font-size: .85rem\"><strong title=\"Fecha de Publicaci\u00f3n\"><i class=\"fas fa-calendar-alt\"><\/i><\/strong> Publicado el mi\u00e9rcoles, 26 de febrero de 2025<\/p><\/div><div class=\"col-auto mt-md-0 mt-2\"><a class=\"btn btn-primary btn-lg px-lg-4 d-none d-md-block\" href=\"https:\/\/comunidad.comprasdominicana.gob.do\/\/Public\/Tendering\/OpportunityDetail\/Index?noticeUID=DO1.NTC.1520436\" target=\"_blank\" title=\"Detalles\"><i class=\"fas fa-link\"><\/i> DETALLES<\/a><a class=\"btn btn-primary btn-lg px-lg-4 d-block d-md-none\" href=\"https:\/\/comunidad.comprasdominicana.gob.do\/\/Public\/Tendering\/OpportunityDetail\/Index?noticeUID=DO1.NTC.1520436\" target=\"_blank\" title=\"Detalles\"><i class=\"fas fa-2x fa-link\"><\/i><\/a><\/div><\/div><\/div><div class=\"jumbotron archivos\"><div class=\"row align-items-center\"><div class=\"col\"><h6><a class=\"text-dark\" href=\"https:\/\/comunidad.comprasdominicana.gob.do\/\/Public\/Tendering\/OpportunityDetail\/Index?noticeUID=DO1.NTC.1518222\" title=\"Ver\" target=\"_blank\">APORDOM-DAF-CD-2025-0004<\/a><\/h6><p class=\"mb-0 bold\">Adquisici\u00f3n de Caf\u00e9 Para Uso de APORDOM, Dirigido a Mipymes Mujer<\/p><p class=\"mb-0\" style=\"font-size: .85rem\"><strong title=\"Estado del Proceso\"><i class=\"fas fa-spinner\"><\/i><\/strong> Proceso adjudicado y celebrado<\/p><p class=\"mb-0\" style=\"font-size: .85rem\"><strong title=\"Fecha de Publicaci\u00f3n\"><i class=\"fas fa-calendar-alt\"><\/i><\/strong> Publicado el viernes, 21 de febrero de 2025<\/p><\/div><div class=\"col-auto mt-md-0 mt-2\"><a class=\"btn btn-primary btn-lg px-lg-4 d-none d-md-block\" href=\"https:\/\/comunidad.comprasdominicana.gob.do\/\/Public\/Tendering\/OpportunityDetail\/Index?noticeUID=DO1.NTC.1518222\" target=\"_blank\" title=\"Detalles\"><i class=\"fas fa-link\"><\/i> DETALLES<\/a><a class=\"btn btn-primary btn-lg px-lg-4 d-block d-md-none\" href=\"https:\/\/comunidad.comprasdominicana.gob.do\/\/Public\/Tendering\/OpportunityDetail\/Index?noticeUID=DO1.NTC.1518222\" target=\"_blank\" title=\"Detalles\"><i class=\"fas fa-2x fa-link\"><\/i><\/a><\/div><\/div><\/div><\/div><\/div><\/div><\/div><\/div><\/div>\n        <div class=\"card\">\n            <div class=\"card-header parents\" id=\"heading_procedimientos-de-contrataci-n-dirigidos-a-las-micro-peque-as-y-medianas-empresas-mipymes--69eeee772d89c-2024-69eeee772d89c\">\n                <p class=\"title text-blue mb-0\">\n                    <a class=\"btn-block hover text-left collapsed\" data-toggle=\"collapse\" data-target=\"#collap_procedimientos-de-contrataci-n-dirigidos-a-las-micro-peque-as-y-medianas-empresas-mipymes--69eeee772d89c-2024-69eeee772d89c\" aria-expanded=\"false\" aria-controls=\"collap_procedimientos-de-contrataci-n-dirigidos-a-las-micro-peque-as-y-medianas-empresas-mipymes--69eeee772d89c-2024-69eeee772d89c\">2024<\/a>\n                <\/p>\n            <\/div>\n            <div id=\"collap_procedimientos-de-contrataci-n-dirigidos-a-las-micro-peque-as-y-medianas-empresas-mipymes--69eeee772d89c-2024-69eeee772d89c\" class=\"collapse\" aria-labelledby=\"heading_procedimientos-de-contrataci-n-dirigidos-a-las-micro-peque-as-y-medianas-empresas-mipymes--69eeee772d89c-2024-69eeee772d89c\" data-parent=\"#collap_procedimientos-de-contrataci-n-dirigidos-a-las-micro-peque-as-y-medianas-empresas-mipymes--69eeee772d89c\">\n                <div class=\"card-body\">\n        <div class=\"card\">\n            <div class=\"card-header parents\" id=\"heading_procedimientos-de-contrataci-n-dirigidos-a-las-micro-peque-as-y-medianas-empresas-mipymes--69eeee772d89c-2024-69eeee772d89c-diciembre-69eeee772d89c\">\n                <p class=\"title text-blue mb-0\">\n                    <a class=\"btn-block hover text-left collapsed\" data-toggle=\"collapse\" data-target=\"#collap_procedimientos-de-contrataci-n-dirigidos-a-las-micro-peque-as-y-medianas-empresas-mipymes--69eeee772d89c-2024-69eeee772d89c-diciembre-69eeee772d89c\" aria-expanded=\"false\" aria-controls=\"collap_procedimientos-de-contrataci-n-dirigidos-a-las-micro-peque-as-y-medianas-empresas-mipymes--69eeee772d89c-2024-69eeee772d89c-diciembre-69eeee772d89c\">Diciembre<\/a>\n                <\/p>\n            <\/div>\n            <div id=\"collap_procedimientos-de-contrataci-n-dirigidos-a-las-micro-peque-as-y-medianas-empresas-mipymes--69eeee772d89c-2024-69eeee772d89c-diciembre-69eeee772d89c\" class=\"collapse\" aria-labelledby=\"heading_procedimientos-de-contrataci-n-dirigidos-a-las-micro-peque-as-y-medianas-empresas-mipymes--69eeee772d89c-2024-69eeee772d89c-diciembre-69eeee772d89c\" data-parent=\"#collap_procedimientos-de-contrataci-n-dirigidos-a-las-micro-peque-as-y-medianas-empresas-mipymes--69eeee772d89c-2024-69eeee772d89c\">\n                <div class=\"card-body\"><div class=\"jumbotron archivos\"><div class=\"row align-items-center\"><div class=\"col\"><h6><a class=\"text-dark\" href=\"https:\/\/comunidad.comprasdominicana.gob.do\/\/Public\/Tendering\/OpportunityDetail\/Index?noticeUID=DO1.NTC.1494003\" title=\"Ver\" target=\"_blank\">APORDOM-DAF-CD-2024-0050<\/a><\/h6><p class=\"mb-0 bold\">Contrataci\u00f3n de Servicio de Impresi\u00f3n para esta Apordom, Dirigido a Mypimes.<\/p><p class=\"mb-0\" style=\"font-size: .85rem\"><strong title=\"Estado del Proceso\"><i class=\"fas fa-spinner\"><\/i><\/strong> Proceso adjudicado y celebrado<\/p><p class=\"mb-0\" style=\"font-size: .85rem\"><strong title=\"Fecha de Publicaci\u00f3n\"><i class=\"fas fa-calendar-alt\"><\/i><\/strong> Publicado el lunes, 30 de diciembre de 2024<\/p><\/div><div class=\"col-auto mt-md-0 mt-2\"><a class=\"btn btn-primary btn-lg px-lg-4 d-none d-md-block\" href=\"https:\/\/comunidad.comprasdominicana.gob.do\/\/Public\/Tendering\/OpportunityDetail\/Index?noticeUID=DO1.NTC.1494003\" target=\"_blank\" title=\"Detalles\"><i class=\"fas fa-link\"><\/i> DETALLES<\/a><a class=\"btn btn-primary btn-lg px-lg-4 d-block d-md-none\" href=\"https:\/\/comunidad.comprasdominicana.gob.do\/\/Public\/Tendering\/OpportunityDetail\/Index?noticeUID=DO1.NTC.1494003\" target=\"_blank\" title=\"Detalles\"><i class=\"fas fa-2x fa-link\"><\/i><\/a><\/div><\/div><\/div><div class=\"jumbotron archivos\"><div class=\"row align-items-center\"><div class=\"col\"><h6><a class=\"text-dark\" href=\"https:\/\/comunidad.comprasdominicana.gob.do\/\/Public\/Tendering\/OpportunityDetail\/Index?noticeUID=DO1.NTC.1491409\" title=\"Ver\" target=\"_blank\">APORDOM-DAF-CD-2024-0051<\/a><\/h6><p class=\"mb-0 bold\">Adquisici\u00f3n de Rollos de Cinta Transparente para la Secci\u00f3n de Almac\u00e9n y Suministro de esta APORDOM, Dirigido a MiPymes Mujer <\/p><p class=\"mb-0\" style=\"font-size: .85rem\"><strong title=\"Estado del Proceso\"><i class=\"fas fa-spinner\"><\/i><\/strong> Proceso adjudicado y celebrado<\/p><p class=\"mb-0\" style=\"font-size: .85rem\"><strong title=\"Fecha de Publicaci\u00f3n\"><i class=\"fas fa-calendar-alt\"><\/i><\/strong> Publicado el lunes, 23 de diciembre de 2024<\/p><\/div><div class=\"col-auto mt-md-0 mt-2\"><a class=\"btn btn-primary btn-lg px-lg-4 d-none d-md-block\" href=\"https:\/\/comunidad.comprasdominicana.gob.do\/\/Public\/Tendering\/OpportunityDetail\/Index?noticeUID=DO1.NTC.1491409\" target=\"_blank\" title=\"Detalles\"><i class=\"fas fa-link\"><\/i> DETALLES<\/a><a class=\"btn btn-primary btn-lg px-lg-4 d-block d-md-none\" href=\"https:\/\/comunidad.comprasdominicana.gob.do\/\/Public\/Tendering\/OpportunityDetail\/Index?noticeUID=DO1.NTC.1491409\" target=\"_blank\" title=\"Detalles\"><i class=\"fas fa-2x fa-link\"><\/i><\/a><\/div><\/div><\/div><div class=\"jumbotron archivos\"><div class=\"row align-items-center\"><div class=\"col\"><h6><a class=\"text-dark\" href=\"https:\/\/comunidad.comprasdominicana.gob.do\/\/Public\/Tendering\/OpportunityDetail\/Index?noticeUID=DO1.NTC.1490707\" title=\"Ver\" target=\"_blank\">APORDOM-DAF-CM-2024-0059<\/a><\/h6><p class=\"mb-0 bold\">Adquisici\u00f3n de Mobiliarios para diferentes Departamentos y Puertos de esta APORDOM, dirigido a Mipymes<\/p><p class=\"mb-0\" style=\"font-size: .85rem\"><strong title=\"Estado del Proceso\"><i class=\"fas fa-spinner\"><\/i><\/strong> Proceso adjudicado y celebrado<\/p><p class=\"mb-0\" style=\"font-size: .85rem\"><strong title=\"Fecha de Publicaci\u00f3n\"><i class=\"fas fa-calendar-alt\"><\/i><\/strong> Publicado el viernes, 20 de diciembre de 2024<\/p><\/div><div class=\"col-auto mt-md-0 mt-2\"><a class=\"btn btn-primary btn-lg px-lg-4 d-none d-md-block\" href=\"https:\/\/comunidad.comprasdominicana.gob.do\/\/Public\/Tendering\/OpportunityDetail\/Index?noticeUID=DO1.NTC.1490707\" target=\"_blank\" title=\"Detalles\"><i class=\"fas fa-link\"><\/i> DETALLES<\/a><a class=\"btn btn-primary btn-lg px-lg-4 d-block d-md-none\" href=\"https:\/\/comunidad.comprasdominicana.gob.do\/\/Public\/Tendering\/OpportunityDetail\/Index?noticeUID=DO1.NTC.1490707\" target=\"_blank\" title=\"Detalles\"><i class=\"fas fa-2x fa-link\"><\/i><\/a><\/div><\/div><\/div><div class=\"jumbotron archivos\"><div class=\"row align-items-center\"><div class=\"col\"><h6><a class=\"text-dark\" href=\"https:\/\/comunidad.comprasdominicana.gob.do\/\/Public\/Tendering\/OpportunityDetail\/Index?noticeUID=DO1.NTC.1487729\" title=\"Ver\" target=\"_blank\">APORDOM-DAF-CM-2024-0060<\/a><\/h6><p class=\"mb-0 bold\">Adquisici\u00f3n de Productos de Limpieza e Higiene para diferentes Departamentos y Puertos de esta APORDOM, dirigido a Mipymes Mujer<\/p><p class=\"mb-0\" style=\"font-size: .85rem\"><strong title=\"Estado del Proceso\"><i class=\"fas fa-spinner\"><\/i><\/strong> Proceso adjudicado y celebrado<\/p><p class=\"mb-0\" style=\"font-size: .85rem\"><strong title=\"Fecha de Publicaci\u00f3n\"><i class=\"fas fa-calendar-alt\"><\/i><\/strong> Publicado el viernes, 13 de diciembre de 2024<\/p><\/div><div class=\"col-auto mt-md-0 mt-2\"><a class=\"btn btn-primary btn-lg px-lg-4 d-none d-md-block\" href=\"https:\/\/comunidad.comprasdominicana.gob.do\/\/Public\/Tendering\/OpportunityDetail\/Index?noticeUID=DO1.NTC.1487729\" target=\"_blank\" title=\"Detalles\"><i class=\"fas fa-link\"><\/i> DETALLES<\/a><a class=\"btn btn-primary btn-lg px-lg-4 d-block d-md-none\" href=\"https:\/\/comunidad.comprasdominicana.gob.do\/\/Public\/Tendering\/OpportunityDetail\/Index?noticeUID=DO1.NTC.1487729\" target=\"_blank\" title=\"Detalles\"><i class=\"fas fa-2x fa-link\"><\/i><\/a><\/div><\/div><\/div><div class=\"jumbotron archivos\"><div class=\"row align-items-center\"><div class=\"col\"><h6><a class=\"text-dark\" href=\"https:\/\/comunidad.comprasdominicana.gob.do\/\/Public\/Tendering\/OpportunityDetail\/Index?noticeUID=DO1.NTC.1481666\" title=\"Ver\" target=\"_blank\">APORDOM-DAF-CD-2024-0048<\/a><\/h6><p class=\"mb-0 bold\">Adquisici\u00f3n de Placas de Reconocimiento para Colaboradores de APORDOM, dirigido a Mipymes.<\/p><p class=\"mb-0\" style=\"font-size: .85rem\"><strong title=\"Estado del Proceso\"><i class=\"fas fa-spinner\"><\/i><\/strong> Proceso adjudicado y celebrado<\/p><p class=\"mb-0\" style=\"font-size: .85rem\"><strong title=\"Fecha de Publicaci\u00f3n\"><i class=\"fas fa-calendar-alt\"><\/i><\/strong> Publicado el martes, 3 de diciembre de 2024<\/p><\/div><div class=\"col-auto mt-md-0 mt-2\"><a class=\"btn btn-primary btn-lg px-lg-4 d-none d-md-block\" href=\"https:\/\/comunidad.comprasdominicana.gob.do\/\/Public\/Tendering\/OpportunityDetail\/Index?noticeUID=DO1.NTC.1481666\" target=\"_blank\" title=\"Detalles\"><i class=\"fas fa-link\"><\/i> DETALLES<\/a><a class=\"btn btn-primary btn-lg px-lg-4 d-block d-md-none\" href=\"https:\/\/comunidad.comprasdominicana.gob.do\/\/Public\/Tendering\/OpportunityDetail\/Index?noticeUID=DO1.NTC.1481666\" target=\"_blank\" title=\"Detalles\"><i class=\"fas fa-2x fa-link\"><\/i><\/a><\/div><\/div><\/div><div class=\"jumbotron archivos\"><div class=\"row align-items-center\"><div class=\"col\"><h6><a class=\"text-dark\" href=\"https:\/\/comunidad.comprasdominicana.gob.do\/\/Public\/Tendering\/OpportunityDetail\/Index?noticeUID=DO1.NTC.1481108\" title=\"Ver\" target=\"_blank\">APORDOM-DAF-CD-2024-0042<\/a><\/h6><p class=\"mb-0 bold\">Adquisici\u00f3n de Insumos L\u00edquidos y Comestibles para uso de APORDOM, dirigido a Mipymes Mujer<\/p><p class=\"mb-0\" style=\"font-size: .85rem\"><strong title=\"Estado del Proceso\"><i class=\"fas fa-spinner\"><\/i><\/strong> Proceso adjudicado y celebrado<\/p><p class=\"mb-0\" style=\"font-size: .85rem\"><strong title=\"Fecha de Publicaci\u00f3n\"><i class=\"fas fa-calendar-alt\"><\/i><\/strong> Publicado el lunes, 2 de diciembre de 2024<\/p><\/div><div class=\"col-auto mt-md-0 mt-2\"><a class=\"btn btn-primary btn-lg px-lg-4 d-none d-md-block\" href=\"https:\/\/comunidad.comprasdominicana.gob.do\/\/Public\/Tendering\/OpportunityDetail\/Index?noticeUID=DO1.NTC.1481108\" target=\"_blank\" title=\"Detalles\"><i class=\"fas fa-link\"><\/i> DETALLES<\/a><a class=\"btn btn-primary btn-lg px-lg-4 d-block d-md-none\" href=\"https:\/\/comunidad.comprasdominicana.gob.do\/\/Public\/Tendering\/OpportunityDetail\/Index?noticeUID=DO1.NTC.1481108\" target=\"_blank\" title=\"Detalles\"><i class=\"fas fa-2x fa-link\"><\/i><\/a><\/div><\/div><\/div><div class=\"jumbotron archivos\"><div class=\"row align-items-center\"><div class=\"col\"><h6><a class=\"text-dark\" href=\"https:\/\/comunidad.comprasdominicana.gob.do\/\/Public\/Tendering\/OpportunityDetail\/Index?noticeUID=DO1.NTC.1490807\" title=\"Ver\" target=\"_blank\">APORDOM-DAF-CD-2024-0049<\/a><\/h6><p class=\"mb-0 bold\">Adquisici\u00f3n de Caf\u00e9 Para Uso de APORDOM, Dirigido a Mipyme Mujer<\/p><p class=\"mb-0\" style=\"font-size: .85rem\"><strong title=\"Estado del Proceso\"><i class=\"fas fa-spinner\"><\/i><\/strong> Proceso desierto<\/p><p class=\"mb-0\" style=\"font-size: .85rem\"><strong title=\"Fecha de Publicaci\u00f3n\"><i class=\"fas fa-calendar-alt\"><\/i><\/strong> Publicado el viernes, 20 de diciembre de 2024<\/p><\/div><div class=\"col-auto mt-md-0 mt-2\"><a class=\"btn btn-primary btn-lg px-lg-4 d-none d-md-block\" href=\"https:\/\/comunidad.comprasdominicana.gob.do\/\/Public\/Tendering\/OpportunityDetail\/Index?noticeUID=DO1.NTC.1490807\" target=\"_blank\" title=\"Detalles\"><i class=\"fas fa-link\"><\/i> DETALLES<\/a><a class=\"btn btn-primary btn-lg px-lg-4 d-block d-md-none\" href=\"https:\/\/comunidad.comprasdominicana.gob.do\/\/Public\/Tendering\/OpportunityDetail\/Index?noticeUID=DO1.NTC.1490807\" target=\"_blank\" title=\"Detalles\"><i class=\"fas fa-2x fa-link\"><\/i><\/a><\/div><\/div><\/div><\/div><\/div><\/div>\n        <div class=\"card\">\n            <div class=\"card-header parents\" id=\"heading_procedimientos-de-contrataci-n-dirigidos-a-las-micro-peque-as-y-medianas-empresas-mipymes--69eeee772d89c-2024-69eeee772d89c-noviembre-69eeee772d89c\">\n                <p class=\"title text-blue mb-0\">\n                    <a class=\"btn-block hover text-left collapsed\" data-toggle=\"collapse\" data-target=\"#collap_procedimientos-de-contrataci-n-dirigidos-a-las-micro-peque-as-y-medianas-empresas-mipymes--69eeee772d89c-2024-69eeee772d89c-noviembre-69eeee772d89c\" aria-expanded=\"false\" aria-controls=\"collap_procedimientos-de-contrataci-n-dirigidos-a-las-micro-peque-as-y-medianas-empresas-mipymes--69eeee772d89c-2024-69eeee772d89c-noviembre-69eeee772d89c\">Noviembre<\/a>\n                <\/p>\n            <\/div>\n            <div id=\"collap_procedimientos-de-contrataci-n-dirigidos-a-las-micro-peque-as-y-medianas-empresas-mipymes--69eeee772d89c-2024-69eeee772d89c-noviembre-69eeee772d89c\" class=\"collapse\" aria-labelledby=\"heading_procedimientos-de-contrataci-n-dirigidos-a-las-micro-peque-as-y-medianas-empresas-mipymes--69eeee772d89c-2024-69eeee772d89c-noviembre-69eeee772d89c\" data-parent=\"#collap_procedimientos-de-contrataci-n-dirigidos-a-las-micro-peque-as-y-medianas-empresas-mipymes--69eeee772d89c-2024-69eeee772d89c\">\n                <div class=\"card-body\"><div class=\"jumbotron archivos\"><div class=\"row align-items-center\"><div class=\"col\"><h6><a class=\"text-dark\" href=\"https:\/\/comunidad.comprasdominicana.gob.do\/\/Public\/Tendering\/OpportunityDetail\/Index?noticeUID=DO1.NTC.1473129\" title=\"Ver\" target=\"_blank\">APORDOM-DAF-CM-2024-0052<\/a><\/h6><p class=\"mb-0 bold\">Adquisici\u00f3n De Talonarios Para Uso De La Sede Principal Y Puertos De APORDOM, Dirigido A Mipymes<\/p><p class=\"mb-0\" style=\"font-size: .85rem\"><strong title=\"Estado del Proceso\"><i class=\"fas fa-spinner\"><\/i><\/strong> Proceso adjudicado y celebrado<\/p><p class=\"mb-0\" style=\"font-size: .85rem\"><strong title=\"Fecha de Publicaci\u00f3n\"><i class=\"fas fa-calendar-alt\"><\/i><\/strong> Publicado el jueves, 14 de noviembre de 2024<\/p><\/div><div class=\"col-auto mt-md-0 mt-2\"><a class=\"btn btn-primary btn-lg px-lg-4 d-none d-md-block\" href=\"https:\/\/comunidad.comprasdominicana.gob.do\/\/Public\/Tendering\/OpportunityDetail\/Index?noticeUID=DO1.NTC.1473129\" target=\"_blank\" title=\"Detalles\"><i class=\"fas fa-link\"><\/i> DETALLES<\/a><a class=\"btn btn-primary btn-lg px-lg-4 d-block d-md-none\" href=\"https:\/\/comunidad.comprasdominicana.gob.do\/\/Public\/Tendering\/OpportunityDetail\/Index?noticeUID=DO1.NTC.1473129\" target=\"_blank\" title=\"Detalles\"><i class=\"fas fa-2x fa-link\"><\/i><\/a><\/div><\/div><\/div><div class=\"jumbotron archivos\"><div class=\"row align-items-center\"><div class=\"col\"><h6><a class=\"text-dark\" href=\"https:\/\/comunidad.comprasdominicana.gob.do\/\/Public\/Tendering\/OpportunityDetail\/Index?noticeUID=DO1.NTC.1472124\" title=\"Ver\" target=\"_blank\">APORDOM-DAF-CD-2024-0043<\/a><\/h6><p class=\"mb-0 bold\">Adquisici\u00f3n de Art\u00edculos Comestibles y Gastables, Para Uso de Esta APORDOM, Dirigido a Mipymes Mujer.<\/p><p class=\"mb-0\" style=\"font-size: .85rem\"><strong title=\"Estado del Proceso\"><i class=\"fas fa-spinner\"><\/i><\/strong> Proceso adjudicado y celebrado<\/p><p class=\"mb-0\" style=\"font-size: .85rem\"><strong title=\"Fecha de Publicaci\u00f3n\"><i class=\"fas fa-calendar-alt\"><\/i><\/strong> Publicado el martes, 12 de noviembre de 2024<\/p><\/div><div class=\"col-auto mt-md-0 mt-2\"><a class=\"btn btn-primary btn-lg px-lg-4 d-none d-md-block\" href=\"https:\/\/comunidad.comprasdominicana.gob.do\/\/Public\/Tendering\/OpportunityDetail\/Index?noticeUID=DO1.NTC.1472124\" target=\"_blank\" title=\"Detalles\"><i class=\"fas fa-link\"><\/i> DETALLES<\/a><a class=\"btn btn-primary btn-lg px-lg-4 d-block d-md-none\" href=\"https:\/\/comunidad.comprasdominicana.gob.do\/\/Public\/Tendering\/OpportunityDetail\/Index?noticeUID=DO1.NTC.1472124\" target=\"_blank\" title=\"Detalles\"><i class=\"fas fa-2x fa-link\"><\/i><\/a><\/div><\/div><\/div><div class=\"jumbotron archivos\"><div class=\"row align-items-center\"><div class=\"col\"><h6><a class=\"text-dark\" href=\"https:\/\/comunidad.comprasdominicana.gob.do\/\/Public\/Tendering\/OpportunityDetail\/Index?noticeUID=DO1.NTC.1471423\" title=\"Ver\" target=\"_blank\">APORDOM-DAF-CD-2024-0044<\/a><\/h6><p class=\"mb-0 bold\">Servicio De Coffee Break Para Uso De APORDOM, Dirigido A Mipymes Mujer<\/p><p class=\"mb-0\" style=\"font-size: .85rem\"><strong title=\"Estado del Proceso\"><i class=\"fas fa-spinner\"><\/i><\/strong> Proceso adjudicado y celebrado<\/p><p class=\"mb-0\" style=\"font-size: .85rem\"><strong title=\"Fecha de Publicaci\u00f3n\"><i class=\"fas fa-calendar-alt\"><\/i><\/strong> Publicado el lunes, 11 de noviembre de 2024<\/p><\/div><div class=\"col-auto mt-md-0 mt-2\"><a class=\"btn btn-primary btn-lg px-lg-4 d-none d-md-block\" href=\"https:\/\/comunidad.comprasdominicana.gob.do\/\/Public\/Tendering\/OpportunityDetail\/Index?noticeUID=DO1.NTC.1471423\" target=\"_blank\" title=\"Detalles\"><i class=\"fas fa-link\"><\/i> DETALLES<\/a><a class=\"btn btn-primary btn-lg px-lg-4 d-block d-md-none\" href=\"https:\/\/comunidad.comprasdominicana.gob.do\/\/Public\/Tendering\/OpportunityDetail\/Index?noticeUID=DO1.NTC.1471423\" target=\"_blank\" title=\"Detalles\"><i class=\"fas fa-2x fa-link\"><\/i><\/a><\/div><\/div><\/div><div class=\"jumbotron archivos\"><div class=\"row align-items-center\"><div class=\"col\"><h6><a class=\"text-dark\" href=\"https:\/\/comunidad.comprasdominicana.gob.do\/\/Public\/Tendering\/OpportunityDetail\/Index?noticeUID=DO1.NTC.1470638\" title=\"Ver\" target=\"_blank\">APORDOM-DAF-CM-2024-0051<\/a><\/h6><p class=\"mb-0 bold\">Adquisici\u00f3n De Componentes Para Flotilla Vehicular De APORDOM, Dirigido A Mipyme<\/p><p class=\"mb-0\" style=\"font-size: .85rem\"><strong title=\"Estado del Proceso\"><i class=\"fas fa-spinner\"><\/i><\/strong> Proceso adjudicado y celebrado<\/p><p class=\"mb-0\" style=\"font-size: .85rem\"><strong title=\"Fecha de Publicaci\u00f3n\"><i class=\"fas fa-calendar-alt\"><\/i><\/strong> Publicado el jueves, 7 de noviembre de 2024<\/p><\/div><div class=\"col-auto mt-md-0 mt-2\"><a class=\"btn btn-primary btn-lg px-lg-4 d-none d-md-block\" href=\"https:\/\/comunidad.comprasdominicana.gob.do\/\/Public\/Tendering\/OpportunityDetail\/Index?noticeUID=DO1.NTC.1470638\" target=\"_blank\" title=\"Detalles\"><i class=\"fas fa-link\"><\/i> DETALLES<\/a><a class=\"btn btn-primary btn-lg px-lg-4 d-block d-md-none\" href=\"https:\/\/comunidad.comprasdominicana.gob.do\/\/Public\/Tendering\/OpportunityDetail\/Index?noticeUID=DO1.NTC.1470638\" target=\"_blank\" title=\"Detalles\"><i class=\"fas fa-2x fa-link\"><\/i><\/a><\/div><\/div><\/div><div class=\"jumbotron archivos\"><div class=\"row align-items-center\"><div class=\"col\"><h6><a class=\"text-dark\" href=\"https:\/\/comunidad.comprasdominicana.gob.do\/\/Public\/Tendering\/OpportunityDetail\/Index?noticeUID=DO1.NTC.1470428\" title=\"Ver\" target=\"_blank\">APORDOM-DAF-CM-2024-0054<\/a><\/h6><p class=\"mb-0 bold\">Adquisici\u00f3n De UPS Para Uso De La Direcci\u00f3n De Tecnolog\u00eda De APORDOM Dirigido a Mipymes<\/p><p class=\"mb-0\" style=\"font-size: .85rem\"><strong title=\"Estado del Proceso\"><i class=\"fas fa-spinner\"><\/i><\/strong> Proceso adjudicado y celebrado<\/p><p class=\"mb-0\" style=\"font-size: .85rem\"><strong title=\"Fecha de Publicaci\u00f3n\"><i class=\"fas fa-calendar-alt\"><\/i><\/strong> Publicado el jueves, 7 de noviembre de 2024<\/p><\/div><div class=\"col-auto mt-md-0 mt-2\"><a class=\"btn btn-primary btn-lg px-lg-4 d-none d-md-block\" href=\"https:\/\/comunidad.comprasdominicana.gob.do\/\/Public\/Tendering\/OpportunityDetail\/Index?noticeUID=DO1.NTC.1470428\" target=\"_blank\" title=\"Detalles\"><i class=\"fas fa-link\"><\/i> DETALLES<\/a><a class=\"btn btn-primary btn-lg px-lg-4 d-block d-md-none\" href=\"https:\/\/comunidad.comprasdominicana.gob.do\/\/Public\/Tendering\/OpportunityDetail\/Index?noticeUID=DO1.NTC.1470428\" target=\"_blank\" title=\"Detalles\"><i class=\"fas fa-2x fa-link\"><\/i><\/a><\/div><\/div><\/div><\/div><\/div><\/div>\n        <div class=\"card\">\n            <div class=\"card-header parents\" id=\"heading_procedimientos-de-contrataci-n-dirigidos-a-las-micro-peque-as-y-medianas-empresas-mipymes--69eeee772d89c-2024-69eeee772d89c-septiembre-69eeee772d89c\">\n                <p class=\"title text-blue mb-0\">\n                    <a class=\"btn-block hover text-left collapsed\" data-toggle=\"collapse\" data-target=\"#collap_procedimientos-de-contrataci-n-dirigidos-a-las-micro-peque-as-y-medianas-empresas-mipymes--69eeee772d89c-2024-69eeee772d89c-septiembre-69eeee772d89c\" aria-expanded=\"false\" aria-controls=\"collap_procedimientos-de-contrataci-n-dirigidos-a-las-micro-peque-as-y-medianas-empresas-mipymes--69eeee772d89c-2024-69eeee772d89c-septiembre-69eeee772d89c\">Septiembre<\/a>\n                <\/p>\n            <\/div>\n            <div id=\"collap_procedimientos-de-contrataci-n-dirigidos-a-las-micro-peque-as-y-medianas-empresas-mipymes--69eeee772d89c-2024-69eeee772d89c-septiembre-69eeee772d89c\" class=\"collapse\" aria-labelledby=\"heading_procedimientos-de-contrataci-n-dirigidos-a-las-micro-peque-as-y-medianas-empresas-mipymes--69eeee772d89c-2024-69eeee772d89c-septiembre-69eeee772d89c\" data-parent=\"#collap_procedimientos-de-contrataci-n-dirigidos-a-las-micro-peque-as-y-medianas-empresas-mipymes--69eeee772d89c-2024-69eeee772d89c\">\n                <div class=\"card-body\"><div class=\"jumbotron archivos\"><div class=\"row align-items-center\"><div class=\"col\"><h6><a class=\"text-dark\" href=\"https:\/\/comunidad.comprasdominicana.gob.do\/\/Public\/Tendering\/OpportunityDetail\/Index?noticeUID=DO1.NTC.1452407\" title=\"Ver\" target=\"_blank\">APORDOM-DAF-CD-2024-0037<\/a><\/h6><p class=\"mb-0 bold\">Adquisici\u00f3n de Caf\u00e9 Para Uso de APORDOM, Dirigido a Mipymes.<\/p><p class=\"mb-0\" style=\"font-size: .85rem\"><strong title=\"Estado del Proceso\"><i class=\"fas fa-spinner\"><\/i><\/strong> Proceso adjudicado y celebrado<\/p><p class=\"mb-0\" style=\"font-size: .85rem\"><strong title=\"Fecha de Publicaci\u00f3n\"><i class=\"fas fa-calendar-alt\"><\/i><\/strong> Publicado el jueves, 26 de septiembre de 2024<\/p><\/div><div class=\"col-auto mt-md-0 mt-2\"><a class=\"btn btn-primary btn-lg px-lg-4 d-none d-md-block\" href=\"https:\/\/comunidad.comprasdominicana.gob.do\/\/Public\/Tendering\/OpportunityDetail\/Index?noticeUID=DO1.NTC.1452407\" target=\"_blank\" title=\"Detalles\"><i class=\"fas fa-link\"><\/i> DETALLES<\/a><a class=\"btn btn-primary btn-lg px-lg-4 d-block d-md-none\" href=\"https:\/\/comunidad.comprasdominicana.gob.do\/\/Public\/Tendering\/OpportunityDetail\/Index?noticeUID=DO1.NTC.1452407\" target=\"_blank\" title=\"Detalles\"><i class=\"fas fa-2x fa-link\"><\/i><\/a><\/div><\/div><\/div><div class=\"jumbotron archivos\"><div class=\"row align-items-center\"><div class=\"col\"><h6><a class=\"text-dark\" href=\"https:\/\/comunidad.comprasdominicana.gob.do\/\/Public\/Tendering\/OpportunityDetail\/Index?noticeUID=DO1.NTC.1446134\" title=\"Ver\" target=\"_blank\">APORDOM-DAF-CM-2024-0045<\/a><\/h6><p class=\"mb-0 bold\">ADQUISICI\u00d3N  DE LIBRETAS PARA USO DE APORDOM, DIRIGIDO A MIPYMES MUJER<\/p><p class=\"mb-0\" style=\"font-size: .85rem\"><strong title=\"Estado del Proceso\"><i class=\"fas fa-spinner\"><\/i><\/strong> Proceso adjudicado y celebrado<\/p><p class=\"mb-0\" style=\"font-size: .85rem\"><strong title=\"Fecha de Publicaci\u00f3n\"><i class=\"fas fa-calendar-alt\"><\/i><\/strong> Publicado el jueves, 12 de septiembre de 2024<\/p><\/div><div class=\"col-auto mt-md-0 mt-2\"><a class=\"btn btn-primary btn-lg px-lg-4 d-none d-md-block\" href=\"https:\/\/comunidad.comprasdominicana.gob.do\/\/Public\/Tendering\/OpportunityDetail\/Index?noticeUID=DO1.NTC.1446134\" target=\"_blank\" title=\"Detalles\"><i class=\"fas fa-link\"><\/i> DETALLES<\/a><a class=\"btn btn-primary btn-lg px-lg-4 d-block d-md-none\" href=\"https:\/\/comunidad.comprasdominicana.gob.do\/\/Public\/Tendering\/OpportunityDetail\/Index?noticeUID=DO1.NTC.1446134\" target=\"_blank\" title=\"Detalles\"><i class=\"fas fa-2x fa-link\"><\/i><\/a><\/div><\/div><\/div><div class=\"jumbotron archivos\"><div class=\"row align-items-center\"><div class=\"col\"><h6><a class=\"text-dark\" href=\"https:\/\/comunidad.comprasdominicana.gob.do\/\/Public\/Tendering\/OpportunityDetail\/Index?noticeUID=DO1.NTC.1444505\" title=\"Ver\" target=\"_blank\">APORDOM-DAF-CM-2024-0043<\/a><\/h6><p class=\"mb-0 bold\">Contrataci\u00f3n de Taller para mantenimiento preventivo y correctivo de las unidades Vehiculares de esta APORDOM, dirigido a Mipymes.<\/p><p class=\"mb-0\" style=\"font-size: .85rem\"><strong title=\"Estado del Proceso\"><i class=\"fas fa-spinner\"><\/i><\/strong> Proceso adjudicado y celebrado<\/p><p class=\"mb-0\" style=\"font-size: .85rem\"><strong title=\"Fecha de Publicaci\u00f3n\"><i class=\"fas fa-calendar-alt\"><\/i><\/strong> Publicado el lunes, 9 de septiembre de 2024<\/p><\/div><div class=\"col-auto mt-md-0 mt-2\"><a class=\"btn btn-primary btn-lg px-lg-4 d-none d-md-block\" href=\"https:\/\/comunidad.comprasdominicana.gob.do\/\/Public\/Tendering\/OpportunityDetail\/Index?noticeUID=DO1.NTC.1444505\" target=\"_blank\" title=\"Detalles\"><i class=\"fas fa-link\"><\/i> DETALLES<\/a><a class=\"btn btn-primary btn-lg px-lg-4 d-block d-md-none\" href=\"https:\/\/comunidad.comprasdominicana.gob.do\/\/Public\/Tendering\/OpportunityDetail\/Index?noticeUID=DO1.NTC.1444505\" target=\"_blank\" title=\"Detalles\"><i class=\"fas fa-2x fa-link\"><\/i><\/a><\/div><\/div><\/div><div class=\"jumbotron archivos\"><div class=\"row align-items-center\"><div class=\"col\"><h6><a class=\"text-dark\" href=\"https:\/\/comunidad.comprasdominicana.gob.do\/\/Public\/Tendering\/OpportunityDetail\/Index?noticeUID=DO1.NTC.1443932\" title=\"Ver\" target=\"_blank\">APORDOM-DAF-CM-2024-0047<\/a><\/h6><p class=\"mb-0 bold\">Adquisici\u00f3n de Uniformes para el Personal de esta APORDOM, dirigido a Mipymes Mujer<\/p><p class=\"mb-0\" style=\"font-size: .85rem\"><strong title=\"Estado del Proceso\"><i class=\"fas fa-spinner\"><\/i><\/strong> Proceso adjudicado y celebrado<\/p><p class=\"mb-0\" style=\"font-size: .85rem\"><strong title=\"Fecha de Publicaci\u00f3n\"><i class=\"fas fa-calendar-alt\"><\/i><\/strong> Publicado el viernes, 6 de septiembre de 2024<\/p><\/div><div class=\"col-auto mt-md-0 mt-2\"><a class=\"btn btn-primary btn-lg px-lg-4 d-none d-md-block\" href=\"https:\/\/comunidad.comprasdominicana.gob.do\/\/Public\/Tendering\/OpportunityDetail\/Index?noticeUID=DO1.NTC.1443932\" target=\"_blank\" title=\"Detalles\"><i class=\"fas fa-link\"><\/i> DETALLES<\/a><a class=\"btn btn-primary btn-lg px-lg-4 d-block d-md-none\" href=\"https:\/\/comunidad.comprasdominicana.gob.do\/\/Public\/Tendering\/OpportunityDetail\/Index?noticeUID=DO1.NTC.1443932\" target=\"_blank\" title=\"Detalles\"><i class=\"fas fa-2x fa-link\"><\/i><\/a><\/div><\/div><\/div><div class=\"jumbotron archivos\"><div class=\"row align-items-center\"><div class=\"col\"><h6><a class=\"text-dark\" href=\"https:\/\/comunidad.comprasdominicana.gob.do\/\/Public\/Tendering\/OpportunityDetail\/Index?noticeUID=DO1.NTC.1441433\" title=\"Ver\" target=\"_blank\">APORDOM-DAF-CD-2024-0036<\/a><\/h6><p class=\"mb-0 bold\">Adquisici\u00f3n De Productos Diversos Para Esta APORDOM, Dirigido a MIPYME MUJER.<\/p><p class=\"mb-0\" style=\"font-size: .85rem\"><strong title=\"Estado del Proceso\"><i class=\"fas fa-spinner\"><\/i><\/strong> Proceso adjudicado y celebrado<\/p><p class=\"mb-0\" style=\"font-size: .85rem\"><strong title=\"Fecha de Publicaci\u00f3n\"><i class=\"fas fa-calendar-alt\"><\/i><\/strong> Publicado el mi\u00e9rcoles, 4 de septiembre de 2024<\/p><\/div><div class=\"col-auto mt-md-0 mt-2\"><a class=\"btn btn-primary btn-lg px-lg-4 d-none d-md-block\" href=\"https:\/\/comunidad.comprasdominicana.gob.do\/\/Public\/Tendering\/OpportunityDetail\/Index?noticeUID=DO1.NTC.1441433\" target=\"_blank\" title=\"Detalles\"><i class=\"fas fa-link\"><\/i> DETALLES<\/a><a class=\"btn btn-primary btn-lg px-lg-4 d-block d-md-none\" href=\"https:\/\/comunidad.comprasdominicana.gob.do\/\/Public\/Tendering\/OpportunityDetail\/Index?noticeUID=DO1.NTC.1441433\" target=\"_blank\" title=\"Detalles\"><i class=\"fas fa-2x fa-link\"><\/i><\/a><\/div><\/div><\/div><div class=\"jumbotron archivos\"><div class=\"row align-items-center\"><div class=\"col\"><h6><a class=\"text-dark\" href=\"https:\/\/comunidad.comprasdominicana.gob.do\/\/Public\/Tendering\/OpportunityDetail\/Index?noticeUID=DO1.NTC.1440527\" title=\"Ver\" target=\"_blank\">APORDOM-DAF-CD-2024-0035<\/a><\/h6><p class=\"mb-0 bold\">Adquisici\u00f3n de Cajas de Almacenamiento Profesional Para Uso de Esta APORDOM<\/p><p class=\"mb-0\" style=\"font-size: .85rem\"><strong title=\"Estado del Proceso\"><i class=\"fas fa-spinner\"><\/i><\/strong> Proceso adjudicado y celebrado<\/p><p class=\"mb-0\" style=\"font-size: .85rem\"><strong title=\"Fecha de Publicaci\u00f3n\"><i class=\"fas fa-calendar-alt\"><\/i><\/strong> Publicado el lunes, 2 de septiembre de 2024<\/p><\/div><div class=\"col-auto mt-md-0 mt-2\"><a class=\"btn btn-primary btn-lg px-lg-4 d-none d-md-block\" href=\"https:\/\/comunidad.comprasdominicana.gob.do\/\/Public\/Tendering\/OpportunityDetail\/Index?noticeUID=DO1.NTC.1440527\" target=\"_blank\" title=\"Detalles\"><i class=\"fas fa-link\"><\/i> DETALLES<\/a><a class=\"btn btn-primary btn-lg px-lg-4 d-block d-md-none\" href=\"https:\/\/comunidad.comprasdominicana.gob.do\/\/Public\/Tendering\/OpportunityDetail\/Index?noticeUID=DO1.NTC.1440527\" target=\"_blank\" title=\"Detalles\"><i class=\"fas fa-2x fa-link\"><\/i><\/a><\/div><\/div><\/div><\/div><\/div><\/div>\n        <div class=\"card\">\n            <div class=\"card-header parents\" id=\"heading_procedimientos-de-contrataci-n-dirigidos-a-las-micro-peque-as-y-medianas-empresas-mipymes--69eeee772d89c-2024-69eeee772d89c-agosto-69eeee772d89c\">\n                <p class=\"title text-blue mb-0\">\n                    <a class=\"btn-block hover text-left collapsed\" data-toggle=\"collapse\" data-target=\"#collap_procedimientos-de-contrataci-n-dirigidos-a-las-micro-peque-as-y-medianas-empresas-mipymes--69eeee772d89c-2024-69eeee772d89c-agosto-69eeee772d89c\" aria-expanded=\"false\" aria-controls=\"collap_procedimientos-de-contrataci-n-dirigidos-a-las-micro-peque-as-y-medianas-empresas-mipymes--69eeee772d89c-2024-69eeee772d89c-agosto-69eeee772d89c\">Agosto<\/a>\n                <\/p>\n            <\/div>\n            <div id=\"collap_procedimientos-de-contrataci-n-dirigidos-a-las-micro-peque-as-y-medianas-empresas-mipymes--69eeee772d89c-2024-69eeee772d89c-agosto-69eeee772d89c\" class=\"collapse\" aria-labelledby=\"heading_procedimientos-de-contrataci-n-dirigidos-a-las-micro-peque-as-y-medianas-empresas-mipymes--69eeee772d89c-2024-69eeee772d89c-agosto-69eeee772d89c\" data-parent=\"#collap_procedimientos-de-contrataci-n-dirigidos-a-las-micro-peque-as-y-medianas-empresas-mipymes--69eeee772d89c-2024-69eeee772d89c\">\n                <div class=\"card-body\"><div class=\"jumbotron archivos\"><div class=\"row align-items-center\"><div class=\"col\"><h6><a class=\"text-dark\" href=\"https:\/\/comunidad.comprasdominicana.gob.do\/\/Public\/Tendering\/OpportunityDetail\/Index?noticeUID=DO1.NTC.1438611\" title=\"Ver\" target=\"_blank\">APORDOM-DAF-CM-2024-0041<\/a><\/h6><p class=\"mb-0 bold\">Adquisici\u00f3n de Productos de Limpieza e Higiene para diferentes Departamentos y Puertos de esta APORDOM, dirigido a Mipymes<\/p><p class=\"mb-0\" style=\"font-size: .85rem\"><strong title=\"Estado del Proceso\"><i class=\"fas fa-spinner\"><\/i><\/strong> Proceso adjudicado y celebrado<\/p><p class=\"mb-0\" style=\"font-size: .85rem\"><strong title=\"Fecha de Publicaci\u00f3n\"><i class=\"fas fa-calendar-alt\"><\/i><\/strong> Publicado el mi\u00e9rcoles, 28 de agosto de 2024<\/p><\/div><div class=\"col-auto mt-md-0 mt-2\"><a class=\"btn btn-primary btn-lg px-lg-4 d-none d-md-block\" href=\"https:\/\/comunidad.comprasdominicana.gob.do\/\/Public\/Tendering\/OpportunityDetail\/Index?noticeUID=DO1.NTC.1438611\" target=\"_blank\" title=\"Detalles\"><i class=\"fas fa-link\"><\/i> DETALLES<\/a><a class=\"btn btn-primary btn-lg px-lg-4 d-block d-md-none\" href=\"https:\/\/comunidad.comprasdominicana.gob.do\/\/Public\/Tendering\/OpportunityDetail\/Index?noticeUID=DO1.NTC.1438611\" target=\"_blank\" title=\"Detalles\"><i class=\"fas fa-2x fa-link\"><\/i><\/a><\/div><\/div><\/div><div class=\"jumbotron archivos\"><div class=\"row align-items-center\"><div class=\"col\"><h6><a class=\"text-dark\" href=\"https:\/\/comunidad.comprasdominicana.gob.do\/\/Public\/Tendering\/OpportunityDetail\/Index?noticeUID=DO1.NTC.1438420\" title=\"Ver\" target=\"_blank\">APORDOM-DAF-CD-2024-0034<\/a><\/h6><p class=\"mb-0 bold\">ADQUISICI\u00d3N DE MATERIAL GASTABLE PARA EL ARCHIVO DE APORDOM, DIRIGIDO A MIPYME MUJER<\/p><p class=\"mb-0\" style=\"font-size: .85rem\"><strong title=\"Estado del Proceso\"><i class=\"fas fa-spinner\"><\/i><\/strong> Proceso adjudicado y celebrado<\/p><p class=\"mb-0\" style=\"font-size: .85rem\"><strong title=\"Fecha de Publicaci\u00f3n\"><i class=\"fas fa-calendar-alt\"><\/i><\/strong> Publicado el martes, 27 de agosto de 2024<\/p><\/div><div class=\"col-auto mt-md-0 mt-2\"><a class=\"btn btn-primary btn-lg px-lg-4 d-none d-md-block\" href=\"https:\/\/comunidad.comprasdominicana.gob.do\/\/Public\/Tendering\/OpportunityDetail\/Index?noticeUID=DO1.NTC.1438420\" target=\"_blank\" title=\"Detalles\"><i class=\"fas fa-link\"><\/i> DETALLES<\/a><a class=\"btn btn-primary btn-lg px-lg-4 d-block d-md-none\" href=\"https:\/\/comunidad.comprasdominicana.gob.do\/\/Public\/Tendering\/OpportunityDetail\/Index?noticeUID=DO1.NTC.1438420\" target=\"_blank\" title=\"Detalles\"><i class=\"fas fa-2x fa-link\"><\/i><\/a><\/div><\/div><\/div><div class=\"jumbotron archivos\"><div class=\"row align-items-center\"><div class=\"col\"><h6><a class=\"text-dark\" href=\"https:\/\/comunidad.comprasdominicana.gob.do\/\/Public\/Tendering\/OpportunityDetail\/Index?noticeUID=DO1.NTC.1433433\" title=\"Ver\" target=\"_blank\">APORDOM-DAF-CM-2024-0037<\/a><\/h6><p class=\"mb-0 bold\">Adquisici\u00f3n de Banderas de Interior y Manteler\u00eda, para esta APORDOM, dirigido a Mipymes<\/p><p class=\"mb-0\" style=\"font-size: .85rem\"><strong title=\"Estado del Proceso\"><i class=\"fas fa-spinner\"><\/i><\/strong> Proceso adjudicado y celebrado<\/p><p class=\"mb-0\" style=\"font-size: .85rem\"><strong title=\"Fecha de Publicaci\u00f3n\"><i class=\"fas fa-calendar-alt\"><\/i><\/strong> Publicado el lunes, 12 de agosto de 2024<\/p><\/div><div class=\"col-auto mt-md-0 mt-2\"><a class=\"btn btn-primary btn-lg px-lg-4 d-none d-md-block\" href=\"https:\/\/comunidad.comprasdominicana.gob.do\/\/Public\/Tendering\/OpportunityDetail\/Index?noticeUID=DO1.NTC.1433433\" target=\"_blank\" title=\"Detalles\"><i class=\"fas fa-link\"><\/i> DETALLES<\/a><a class=\"btn btn-primary btn-lg px-lg-4 d-block d-md-none\" href=\"https:\/\/comunidad.comprasdominicana.gob.do\/\/Public\/Tendering\/OpportunityDetail\/Index?noticeUID=DO1.NTC.1433433\" target=\"_blank\" title=\"Detalles\"><i class=\"fas fa-2x fa-link\"><\/i><\/a><\/div><\/div><\/div><div class=\"jumbotron archivos\"><div class=\"row align-items-center\"><div class=\"col\"><h6><a class=\"text-dark\" href=\"https:\/\/comunidad.comprasdominicana.gob.do\/\/Public\/Tendering\/OpportunityDetail\/Index?noticeUID=DO1.NTC.1431122\" title=\"Ver\" target=\"_blank\">APORDOM-DAF-CM-2024-0038<\/a><\/h6><p class=\"mb-0 bold\">Adquisici\u00f3n de Sellos de Seguridad para Contenedores de esta APORDOM, dirigido a Mipymes. <\/p><p class=\"mb-0\" style=\"font-size: .85rem\"><strong title=\"Estado del Proceso\"><i class=\"fas fa-spinner\"><\/i><\/strong> Proceso adjudicado y celebrado<\/p><p class=\"mb-0\" style=\"font-size: .85rem\"><strong title=\"Fecha de Publicaci\u00f3n\"><i class=\"fas fa-calendar-alt\"><\/i><\/strong> Publicado el martes, 6 de agosto de 2024<\/p><\/div><div class=\"col-auto mt-md-0 mt-2\"><a class=\"btn btn-primary btn-lg px-lg-4 d-none d-md-block\" href=\"https:\/\/comunidad.comprasdominicana.gob.do\/\/Public\/Tendering\/OpportunityDetail\/Index?noticeUID=DO1.NTC.1431122\" target=\"_blank\" title=\"Detalles\"><i class=\"fas fa-link\"><\/i> DETALLES<\/a><a class=\"btn btn-primary btn-lg px-lg-4 d-block d-md-none\" href=\"https:\/\/comunidad.comprasdominicana.gob.do\/\/Public\/Tendering\/OpportunityDetail\/Index?noticeUID=DO1.NTC.1431122\" target=\"_blank\" title=\"Detalles\"><i class=\"fas fa-2x fa-link\"><\/i><\/a><\/div><\/div><\/div><div class=\"jumbotron archivos\"><div class=\"row align-items-center\"><div class=\"col\"><h6><a class=\"text-dark\" href=\"https:\/\/comunidad.comprasdominicana.gob.do\/\/Public\/Tendering\/OpportunityDetail\/Index?noticeUID=DO1.NTC.1432627\" title=\"Ver\" target=\"_blank\">APORDOM-DAF-CD-2024-0032<\/a><\/h6><p class=\"mb-0 bold\">Adquisici\u00f3n de Materiales El\u00e9ctricos para Furgones del Puerto de San Pedro Macor\u00eds, dirigido a Mipymes.<\/p><p class=\"mb-0\" style=\"font-size: .85rem\"><strong title=\"Estado del Proceso\"><i class=\"fas fa-spinner\"><\/i><\/strong> Sobres abiertos o aperturados<\/p><p class=\"mb-0\" style=\"font-size: .85rem\"><strong title=\"Fecha de Publicaci\u00f3n\"><i class=\"fas fa-calendar-alt\"><\/i><\/strong> Publicado el viernes, 9 de agosto de 2024<\/p><\/div><div class=\"col-auto mt-md-0 mt-2\"><a class=\"btn btn-primary btn-lg px-lg-4 d-none d-md-block\" href=\"https:\/\/comunidad.comprasdominicana.gob.do\/\/Public\/Tendering\/OpportunityDetail\/Index?noticeUID=DO1.NTC.1432627\" target=\"_blank\" title=\"Detalles\"><i class=\"fas fa-link\"><\/i> DETALLES<\/a><a class=\"btn btn-primary btn-lg px-lg-4 d-block d-md-none\" href=\"https:\/\/comunidad.comprasdominicana.gob.do\/\/Public\/Tendering\/OpportunityDetail\/Index?noticeUID=DO1.NTC.1432627\" target=\"_blank\" title=\"Detalles\"><i class=\"fas fa-2x fa-link\"><\/i><\/a><\/div><\/div><\/div><\/div><\/div><\/div>\n        <div class=\"card\">\n            <div class=\"card-header parents\" id=\"heading_procedimientos-de-contrataci-n-dirigidos-a-las-micro-peque-as-y-medianas-empresas-mipymes--69eeee772d89c-2024-69eeee772d89c-julio-69eeee772d89c\">\n                <p class=\"title text-blue mb-0\">\n                    <a class=\"btn-block hover text-left collapsed\" data-toggle=\"collapse\" data-target=\"#collap_procedimientos-de-contrataci-n-dirigidos-a-las-micro-peque-as-y-medianas-empresas-mipymes--69eeee772d89c-2024-69eeee772d89c-julio-69eeee772d89c\" aria-expanded=\"false\" aria-controls=\"collap_procedimientos-de-contrataci-n-dirigidos-a-las-micro-peque-as-y-medianas-empresas-mipymes--69eeee772d89c-2024-69eeee772d89c-julio-69eeee772d89c\">Julio<\/a>\n                <\/p>\n            <\/div>\n            <div id=\"collap_procedimientos-de-contrataci-n-dirigidos-a-las-micro-peque-as-y-medianas-empresas-mipymes--69eeee772d89c-2024-69eeee772d89c-julio-69eeee772d89c\" class=\"collapse\" aria-labelledby=\"heading_procedimientos-de-contrataci-n-dirigidos-a-las-micro-peque-as-y-medianas-empresas-mipymes--69eeee772d89c-2024-69eeee772d89c-julio-69eeee772d89c\" data-parent=\"#collap_procedimientos-de-contrataci-n-dirigidos-a-las-micro-peque-as-y-medianas-empresas-mipymes--69eeee772d89c-2024-69eeee772d89c\">\n                <div class=\"card-body\"><div class=\"jumbotron archivos\"><div class=\"row align-items-center\"><div class=\"col\"><h6><a class=\"text-dark\" href=\"https:\/\/comunidad.comprasdominicana.gob.do\/\/Public\/Tendering\/OpportunityDetail\/Index?noticeUID=DO1.NTC.1427942\" title=\"Ver\" target=\"_blank\">APORDOM-DAF-CM-2024-0018<\/a><\/h6><p class=\"mb-0 bold\">Adquisici\u00f3n de Medicamentos y Material Gastable para Dispensario M\u00e9dico y Divisi\u00f3n de Odontolog\u00eda de APORDOM<\/p><p class=\"mb-0\" style=\"font-size: .85rem\"><strong title=\"Estado del Proceso\"><i class=\"fas fa-spinner\"><\/i><\/strong> Proceso adjudicado y celebrado<\/p><p class=\"mb-0\" style=\"font-size: .85rem\"><strong title=\"Fecha de Publicaci\u00f3n\"><i class=\"fas fa-calendar-alt\"><\/i><\/strong> Publicado el viernes, 26 de julio de 2024<\/p><\/div><div class=\"col-auto mt-md-0 mt-2\"><a class=\"btn btn-primary btn-lg px-lg-4 d-none d-md-block\" href=\"https:\/\/comunidad.comprasdominicana.gob.do\/\/Public\/Tendering\/OpportunityDetail\/Index?noticeUID=DO1.NTC.1427942\" target=\"_blank\" title=\"Detalles\"><i class=\"fas fa-link\"><\/i> DETALLES<\/a><a class=\"btn btn-primary btn-lg px-lg-4 d-block d-md-none\" href=\"https:\/\/comunidad.comprasdominicana.gob.do\/\/Public\/Tendering\/OpportunityDetail\/Index?noticeUID=DO1.NTC.1427942\" target=\"_blank\" title=\"Detalles\"><i class=\"fas fa-2x fa-link\"><\/i><\/a><\/div><\/div><\/div><div class=\"jumbotron archivos\"><div class=\"row align-items-center\"><div class=\"col\"><h6><a class=\"text-dark\" href=\"https:\/\/comunidad.comprasdominicana.gob.do\/\/Public\/Tendering\/OpportunityDetail\/Index?noticeUID=DO1.NTC.1421730\" title=\"Ver\" target=\"_blank\">APORDOM-CCC-LPN-2024-0004<\/a><\/h6><p class=\"mb-0 bold\">Contrataci\u00f3n de Empresa para Gesti\u00f3n de Eventos Presidenciales para Inauguraciones y Actividades de APORDOM, dirigido a Mipymes.<\/p><p class=\"mb-0\" style=\"font-size: .85rem\"><strong title=\"Estado del Proceso\"><i class=\"fas fa-spinner\"><\/i><\/strong> Proceso adjudicado y celebrado<\/p><p class=\"mb-0\" style=\"font-size: .85rem\"><strong title=\"Fecha de Publicaci\u00f3n\"><i class=\"fas fa-calendar-alt\"><\/i><\/strong> Publicado el mi\u00e9rcoles, 10 de julio de 2024<\/p><\/div><div class=\"col-auto mt-md-0 mt-2\"><a class=\"btn btn-primary btn-lg px-lg-4 d-none d-md-block\" href=\"https:\/\/comunidad.comprasdominicana.gob.do\/\/Public\/Tendering\/OpportunityDetail\/Index?noticeUID=DO1.NTC.1421730\" target=\"_blank\" title=\"Detalles\"><i class=\"fas fa-link\"><\/i> DETALLES<\/a><a class=\"btn btn-primary btn-lg px-lg-4 d-block d-md-none\" href=\"https:\/\/comunidad.comprasdominicana.gob.do\/\/Public\/Tendering\/OpportunityDetail\/Index?noticeUID=DO1.NTC.1421730\" target=\"_blank\" title=\"Detalles\"><i class=\"fas fa-2x fa-link\"><\/i><\/a><\/div><\/div><\/div><\/div><\/div><\/div>\n        <div class=\"card\">\n            <div class=\"card-header parents\" id=\"heading_procedimientos-de-contrataci-n-dirigidos-a-las-micro-peque-as-y-medianas-empresas-mipymes--69eeee772d89c-2024-69eeee772d89c-junio-69eeee772d89c\">\n                <p class=\"title text-blue mb-0\">\n                    <a class=\"btn-block hover text-left collapsed\" data-toggle=\"collapse\" data-target=\"#collap_procedimientos-de-contrataci-n-dirigidos-a-las-micro-peque-as-y-medianas-empresas-mipymes--69eeee772d89c-2024-69eeee772d89c-junio-69eeee772d89c\" aria-expanded=\"false\" aria-controls=\"collap_procedimientos-de-contrataci-n-dirigidos-a-las-micro-peque-as-y-medianas-empresas-mipymes--69eeee772d89c-2024-69eeee772d89c-junio-69eeee772d89c\">Junio<\/a>\n                <\/p>\n            <\/div>\n            <div id=\"collap_procedimientos-de-contrataci-n-dirigidos-a-las-micro-peque-as-y-medianas-empresas-mipymes--69eeee772d89c-2024-69eeee772d89c-junio-69eeee772d89c\" class=\"collapse\" aria-labelledby=\"heading_procedimientos-de-contrataci-n-dirigidos-a-las-micro-peque-as-y-medianas-empresas-mipymes--69eeee772d89c-2024-69eeee772d89c-junio-69eeee772d89c\" data-parent=\"#collap_procedimientos-de-contrataci-n-dirigidos-a-las-micro-peque-as-y-medianas-empresas-mipymes--69eeee772d89c-2024-69eeee772d89c\">\n                <div class=\"card-body\"><div class=\"jumbotron archivos\"><div class=\"row align-items-center\"><div class=\"col\"><h6><a class=\"text-dark\" href=\"https:\/\/comunidad.comprasdominicana.gob.do\/\/Public\/Tendering\/OpportunityDetail\/Index?noticeUID=DO1.NTC.1417141\" title=\"Ver\" target=\"_blank\">APORDOM-DAF-CD-2024-0024<\/a><\/h6><p class=\"mb-0 bold\">ADQUISICI\u00d3N DE 80 PARAGUAS PARA USO DE APORDOM, DIRIGIDO A MIPYMES<\/p><p class=\"mb-0\" style=\"font-size: .85rem\"><strong title=\"Estado del Proceso\"><i class=\"fas fa-spinner\"><\/i><\/strong> Proceso adjudicado y celebrado<\/p><p class=\"mb-0\" style=\"font-size: .85rem\"><strong title=\"Fecha de Publicaci\u00f3n\"><i class=\"fas fa-calendar-alt\"><\/i><\/strong> Publicado el jueves, 27 de junio de 2024<\/p><\/div><div class=\"col-auto mt-md-0 mt-2\"><a class=\"btn btn-primary btn-lg px-lg-4 d-none d-md-block\" href=\"https:\/\/comunidad.comprasdominicana.gob.do\/\/Public\/Tendering\/OpportunityDetail\/Index?noticeUID=DO1.NTC.1417141\" target=\"_blank\" title=\"Detalles\"><i class=\"fas fa-link\"><\/i> DETALLES<\/a><a class=\"btn btn-primary btn-lg px-lg-4 d-block d-md-none\" href=\"https:\/\/comunidad.comprasdominicana.gob.do\/\/Public\/Tendering\/OpportunityDetail\/Index?noticeUID=DO1.NTC.1417141\" target=\"_blank\" title=\"Detalles\"><i class=\"fas fa-2x fa-link\"><\/i><\/a><\/div><\/div><\/div><div class=\"jumbotron archivos\"><div class=\"row align-items-center\"><div class=\"col\"><h6><a class=\"text-dark\" href=\"https:\/\/comunidad.comprasdominicana.gob.do\/\/Public\/Tendering\/OpportunityDetail\/Index?noticeUID=DO1.NTC.1411915\" title=\"Ver\" target=\"_blank\">APORDOM-DAF-CD-2024-0023<\/a><\/h6><p class=\"mb-0 bold\">ADQUISICI\u00d3N DE TALONARIOS PARA USO DE LA SEDE PRINCIPAL Y PUERTOS DE APORDOM, DIRIGIDO A MIPYMES<\/p><p class=\"mb-0\" style=\"font-size: .85rem\"><strong title=\"Estado del Proceso\"><i class=\"fas fa-spinner\"><\/i><\/strong> Proceso adjudicado y celebrado<\/p><p class=\"mb-0\" style=\"font-size: .85rem\"><strong title=\"Fecha de Publicaci\u00f3n\"><i class=\"fas fa-calendar-alt\"><\/i><\/strong> Publicado el jueves, 13 de junio de 2024<\/p><\/div><div class=\"col-auto mt-md-0 mt-2\"><a class=\"btn btn-primary btn-lg px-lg-4 d-none d-md-block\" href=\"https:\/\/comunidad.comprasdominicana.gob.do\/\/Public\/Tendering\/OpportunityDetail\/Index?noticeUID=DO1.NTC.1411915\" target=\"_blank\" title=\"Detalles\"><i class=\"fas fa-link\"><\/i> DETALLES<\/a><a class=\"btn btn-primary btn-lg px-lg-4 d-block d-md-none\" href=\"https:\/\/comunidad.comprasdominicana.gob.do\/\/Public\/Tendering\/OpportunityDetail\/Index?noticeUID=DO1.NTC.1411915\" target=\"_blank\" title=\"Detalles\"><i class=\"fas fa-2x fa-link\"><\/i><\/a><\/div><\/div><\/div><div class=\"jumbotron archivos\"><div class=\"row align-items-center\"><div class=\"col\"><h6><a class=\"text-dark\" href=\"https:\/\/comunidad.comprasdominicana.gob.do\/\/Public\/Tendering\/OpportunityDetail\/Index?noticeUID=DO1.NTC.1409338\" title=\"Ver\" target=\"_blank\">APORDOM-DAF-CD-2024-0020<\/a><\/h6><p class=\"mb-0 bold\">Adquisici\u00f3n de Caf\u00e9 para uso de APORDOM, dirigido a Mipymes Mujer.<\/p><p class=\"mb-0\" style=\"font-size: .85rem\"><strong title=\"Estado del Proceso\"><i class=\"fas fa-spinner\"><\/i><\/strong> Proceso adjudicado y celebrado<\/p><p class=\"mb-0\" style=\"font-size: .85rem\"><strong title=\"Fecha de Publicaci\u00f3n\"><i class=\"fas fa-calendar-alt\"><\/i><\/strong> Publicado el jueves, 6 de junio de 2024<\/p><\/div><div class=\"col-auto mt-md-0 mt-2\"><a class=\"btn btn-primary btn-lg px-lg-4 d-none d-md-block\" href=\"https:\/\/comunidad.comprasdominicana.gob.do\/\/Public\/Tendering\/OpportunityDetail\/Index?noticeUID=DO1.NTC.1409338\" target=\"_blank\" title=\"Detalles\"><i class=\"fas fa-link\"><\/i> DETALLES<\/a><a class=\"btn btn-primary btn-lg px-lg-4 d-block d-md-none\" href=\"https:\/\/comunidad.comprasdominicana.gob.do\/\/Public\/Tendering\/OpportunityDetail\/Index?noticeUID=DO1.NTC.1409338\" target=\"_blank\" title=\"Detalles\"><i class=\"fas fa-2x fa-link\"><\/i><\/a><\/div><\/div><\/div><\/div><\/div><\/div>\n        <div class=\"card\">\n            <div class=\"card-header parents\" id=\"heading_procedimientos-de-contrataci-n-dirigidos-a-las-micro-peque-as-y-medianas-empresas-mipymes--69eeee772d89c-2024-69eeee772d89c-mayo-69eeee772d89c\">\n                <p class=\"title text-blue mb-0\">\n                    <a class=\"btn-block hover text-left collapsed\" data-toggle=\"collapse\" data-target=\"#collap_procedimientos-de-contrataci-n-dirigidos-a-las-micro-peque-as-y-medianas-empresas-mipymes--69eeee772d89c-2024-69eeee772d89c-mayo-69eeee772d89c\" aria-expanded=\"false\" aria-controls=\"collap_procedimientos-de-contrataci-n-dirigidos-a-las-micro-peque-as-y-medianas-empresas-mipymes--69eeee772d89c-2024-69eeee772d89c-mayo-69eeee772d89c\">Mayo<\/a>\n                <\/p>\n            <\/div>\n            <div id=\"collap_procedimientos-de-contrataci-n-dirigidos-a-las-micro-peque-as-y-medianas-empresas-mipymes--69eeee772d89c-2024-69eeee772d89c-mayo-69eeee772d89c\" class=\"collapse\" aria-labelledby=\"heading_procedimientos-de-contrataci-n-dirigidos-a-las-micro-peque-as-y-medianas-empresas-mipymes--69eeee772d89c-2024-69eeee772d89c-mayo-69eeee772d89c\" data-parent=\"#collap_procedimientos-de-contrataci-n-dirigidos-a-las-micro-peque-as-y-medianas-empresas-mipymes--69eeee772d89c-2024-69eeee772d89c\">\n                <div class=\"card-body\"><div class=\"jumbotron archivos\"><div class=\"row align-items-center\"><div class=\"col\"><h6><a class=\"text-dark\" href=\"https:\/\/comunidad.comprasdominicana.gob.do\/\/Public\/Tendering\/OpportunityDetail\/Index?noticeUID=DO1.NTC.1406042\" title=\"Ver\" target=\"_blank\">APORDOM-DAF-CD-2024-0019<\/a><\/h6><p class=\"mb-0 bold\">Servicio de Almuerzos Preempacados para Comisi\u00f3n de apoyo al Cambio del Sistema Tecnol\u00f3gico de esta APORDOM por dos (2) meses, dirigido a Mipymes.<\/p><p class=\"mb-0\" style=\"font-size: .85rem\"><strong title=\"Estado del Proceso\"><i class=\"fas fa-spinner\"><\/i><\/strong> Proceso adjudicado y celebrado<\/p><p class=\"mb-0\" style=\"font-size: .85rem\"><strong title=\"Fecha de Publicaci\u00f3n\"><i class=\"fas fa-calendar-alt\"><\/i><\/strong> Publicado el martes, 28 de mayo de 2024<\/p><\/div><div class=\"col-auto mt-md-0 mt-2\"><a class=\"btn btn-primary btn-lg px-lg-4 d-none d-md-block\" href=\"https:\/\/comunidad.comprasdominicana.gob.do\/\/Public\/Tendering\/OpportunityDetail\/Index?noticeUID=DO1.NTC.1406042\" target=\"_blank\" title=\"Detalles\"><i class=\"fas fa-link\"><\/i> DETALLES<\/a><a class=\"btn btn-primary btn-lg px-lg-4 d-block d-md-none\" href=\"https:\/\/comunidad.comprasdominicana.gob.do\/\/Public\/Tendering\/OpportunityDetail\/Index?noticeUID=DO1.NTC.1406042\" target=\"_blank\" title=\"Detalles\"><i class=\"fas fa-2x fa-link\"><\/i><\/a><\/div><\/div><\/div><div class=\"jumbotron archivos\"><div class=\"row align-items-center\"><div class=\"col\"><h6><a class=\"text-dark\" href=\"https:\/\/comunidad.comprasdominicana.gob.do\/\/Public\/Tendering\/OpportunityDetail\/Index?noticeUID=DO1.NTC.1398817\" title=\"Ver\" target=\"_blank\">APORDOM-DAF-CD-2024-0017<\/a><\/h6><p class=\"mb-0 bold\">CONTRATACI\u00d3N DE SERVICIO DE MANTENIMIENTOS DE EQUIPOS ODONTOL\u00d3GICOS DE ESTA APORDOM POR 12 MESES<\/p><p class=\"mb-0\" style=\"font-size: .85rem\"><strong title=\"Estado del Proceso\"><i class=\"fas fa-spinner\"><\/i><\/strong> Proceso adjudicado y celebrado<\/p><p class=\"mb-0\" style=\"font-size: .85rem\"><strong title=\"Fecha de Publicaci\u00f3n\"><i class=\"fas fa-calendar-alt\"><\/i><\/strong> Publicado el viernes, 10 de mayo de 2024<\/p><\/div><div class=\"col-auto mt-md-0 mt-2\"><a class=\"btn btn-primary btn-lg px-lg-4 d-none d-md-block\" href=\"https:\/\/comunidad.comprasdominicana.gob.do\/\/Public\/Tendering\/OpportunityDetail\/Index?noticeUID=DO1.NTC.1398817\" target=\"_blank\" title=\"Detalles\"><i class=\"fas fa-link\"><\/i> DETALLES<\/a><a class=\"btn btn-primary btn-lg px-lg-4 d-block d-md-none\" href=\"https:\/\/comunidad.comprasdominicana.gob.do\/\/Public\/Tendering\/OpportunityDetail\/Index?noticeUID=DO1.NTC.1398817\" target=\"_blank\" title=\"Detalles\"><i class=\"fas fa-2x fa-link\"><\/i><\/a><\/div><\/div><\/div><\/div><\/div><\/div>\n        <div class=\"card\">\n            <div class=\"card-header parents\" id=\"heading_procedimientos-de-contrataci-n-dirigidos-a-las-micro-peque-as-y-medianas-empresas-mipymes--69eeee772d89c-2024-69eeee772d89c-abril-69eeee772d89c\">\n                <p class=\"title text-blue mb-0\">\n                    <a class=\"btn-block hover text-left collapsed\" data-toggle=\"collapse\" data-target=\"#collap_procedimientos-de-contrataci-n-dirigidos-a-las-micro-peque-as-y-medianas-empresas-mipymes--69eeee772d89c-2024-69eeee772d89c-abril-69eeee772d89c\" aria-expanded=\"false\" aria-controls=\"collap_procedimientos-de-contrataci-n-dirigidos-a-las-micro-peque-as-y-medianas-empresas-mipymes--69eeee772d89c-2024-69eeee772d89c-abril-69eeee772d89c\">Abril<\/a>\n                <\/p>\n            <\/div>\n            <div id=\"collap_procedimientos-de-contrataci-n-dirigidos-a-las-micro-peque-as-y-medianas-empresas-mipymes--69eeee772d89c-2024-69eeee772d89c-abril-69eeee772d89c\" class=\"collapse\" aria-labelledby=\"heading_procedimientos-de-contrataci-n-dirigidos-a-las-micro-peque-as-y-medianas-empresas-mipymes--69eeee772d89c-2024-69eeee772d89c-abril-69eeee772d89c\" data-parent=\"#collap_procedimientos-de-contrataci-n-dirigidos-a-las-micro-peque-as-y-medianas-empresas-mipymes--69eeee772d89c-2024-69eeee772d89c\">\n                <div class=\"card-body\"><div class=\"jumbotron archivos\"><div class=\"row align-items-center\"><div class=\"col\"><h6><a class=\"text-dark\" href=\"https:\/\/comunidad.comprasdominicana.gob.do\/\/Public\/Tendering\/OpportunityDetail\/Index?noticeUID=DO1.NTC.1392931\" title=\"Ver\" target=\"_blank\">APORDOM-DAF-CD-2024-0016<\/a><\/h6><p class=\"mb-0 bold\">Contrataci\u00f3n de Servicios Audiovisuales para uso de APORDOM, dirigido a Mipymes Mujer.<\/p><p class=\"mb-0\" style=\"font-size: .85rem\"><strong title=\"Estado del Proceso\"><i class=\"fas fa-spinner\"><\/i><\/strong> Proceso adjudicado y celebrado<\/p><p class=\"mb-0\" style=\"font-size: .85rem\"><strong title=\"Fecha de Publicaci\u00f3n\"><i class=\"fas fa-calendar-alt\"><\/i><\/strong> Publicado el viernes, 26 de abril de 2024<\/p><\/div><div class=\"col-auto mt-md-0 mt-2\"><a class=\"btn btn-primary btn-lg px-lg-4 d-none d-md-block\" href=\"https:\/\/comunidad.comprasdominicana.gob.do\/\/Public\/Tendering\/OpportunityDetail\/Index?noticeUID=DO1.NTC.1392931\" target=\"_blank\" title=\"Detalles\"><i class=\"fas fa-link\"><\/i> DETALLES<\/a><a class=\"btn btn-primary btn-lg px-lg-4 d-block d-md-none\" href=\"https:\/\/comunidad.comprasdominicana.gob.do\/\/Public\/Tendering\/OpportunityDetail\/Index?noticeUID=DO1.NTC.1392931\" target=\"_blank\" title=\"Detalles\"><i class=\"fas fa-2x fa-link\"><\/i><\/a><\/div><\/div><\/div><div class=\"jumbotron archivos\"><div class=\"row align-items-center\"><div class=\"col\"><h6><a class=\"text-dark\" href=\"https:\/\/comunidad.comprasdominicana.gob.do\/\/Public\/Tendering\/OpportunityDetail\/Index?noticeUID=DO1.NTC.1386418\" title=\"Ver\" target=\"_blank\">APORDOM-DAF-CD-2024-0014<\/a><\/h6><p class=\"mb-0 bold\">ADQUISICI\u00d3N DE MATERIALES EL\u00c9CTRICOS DECLARADO DESIERTO DEL PROCESO PARA Adquisici\u00f3n de Materiales para Adecuaci\u00f3n de Furgones en Puerto de San Pedro de Macor\u00eds, dirigido a Mipymes<\/p><p class=\"mb-0\" style=\"font-size: .85rem\"><strong title=\"Estado del Proceso\"><i class=\"fas fa-spinner\"><\/i><\/strong> Proceso adjudicado y celebrado<\/p><p class=\"mb-0\" style=\"font-size: .85rem\"><strong title=\"Fecha de Publicaci\u00f3n\"><i class=\"fas fa-calendar-alt\"><\/i><\/strong> Publicado el jueves, 11 de abril de 2024<\/p><\/div><div class=\"col-auto mt-md-0 mt-2\"><a class=\"btn btn-primary btn-lg px-lg-4 d-none d-md-block\" href=\"https:\/\/comunidad.comprasdominicana.gob.do\/\/Public\/Tendering\/OpportunityDetail\/Index?noticeUID=DO1.NTC.1386418\" target=\"_blank\" title=\"Detalles\"><i class=\"fas fa-link\"><\/i> DETALLES<\/a><a class=\"btn btn-primary btn-lg px-lg-4 d-block d-md-none\" href=\"https:\/\/comunidad.comprasdominicana.gob.do\/\/Public\/Tendering\/OpportunityDetail\/Index?noticeUID=DO1.NTC.1386418\" target=\"_blank\" title=\"Detalles\"><i class=\"fas fa-2x fa-link\"><\/i><\/a><\/div><\/div><\/div><div class=\"jumbotron archivos\"><div class=\"row align-items-center\"><div class=\"col\"><h6><a class=\"text-dark\" href=\"https:\/\/comunidad.comprasdominicana.gob.do\/\/Public\/Tendering\/OpportunityDetail\/Index?noticeUID=DO1.NTC.1383234\" title=\"Ver\" target=\"_blank\">APORDOM-DAF-CD-2024-0005<\/a><\/h6><p class=\"mb-0 bold\">SERVICIO DE ALQUILER DE VEH\u00cdCULOS PARA TRASLADOS EN EL MARCO DE LA FERIA SEATRADE  2024<\/p><p class=\"mb-0\" style=\"font-size: .85rem\"><strong title=\"Estado del Proceso\"><i class=\"fas fa-spinner\"><\/i><\/strong> Proceso adjudicado y celebrado<\/p><p class=\"mb-0\" style=\"font-size: .85rem\"><strong title=\"Fecha de Publicaci\u00f3n\"><i class=\"fas fa-calendar-alt\"><\/i><\/strong> Publicado el mi\u00e9rcoles, 3 de abril de 2024<\/p><\/div><div class=\"col-auto mt-md-0 mt-2\"><a class=\"btn btn-primary btn-lg px-lg-4 d-none d-md-block\" href=\"https:\/\/comunidad.comprasdominicana.gob.do\/\/Public\/Tendering\/OpportunityDetail\/Index?noticeUID=DO1.NTC.1383234\" target=\"_blank\" title=\"Detalles\"><i class=\"fas fa-link\"><\/i> DETALLES<\/a><a class=\"btn btn-primary btn-lg px-lg-4 d-block d-md-none\" href=\"https:\/\/comunidad.comprasdominicana.gob.do\/\/Public\/Tendering\/OpportunityDetail\/Index?noticeUID=DO1.NTC.1383234\" target=\"_blank\" title=\"Detalles\"><i class=\"fas fa-2x fa-link\"><\/i><\/a><\/div><\/div><\/div><\/div><\/div><\/div>\n        <div class=\"card\">\n            <div class=\"card-header parents\" id=\"heading_procedimientos-de-contrataci-n-dirigidos-a-las-micro-peque-as-y-medianas-empresas-mipymes--69eeee772d89c-2024-69eeee772d89c-marzo-69eeee772d89c\">\n                <p class=\"title text-blue mb-0\">\n                    <a class=\"btn-block hover text-left collapsed\" data-toggle=\"collapse\" data-target=\"#collap_procedimientos-de-contrataci-n-dirigidos-a-las-micro-peque-as-y-medianas-empresas-mipymes--69eeee772d89c-2024-69eeee772d89c-marzo-69eeee772d89c\" aria-expanded=\"false\" aria-controls=\"collap_procedimientos-de-contrataci-n-dirigidos-a-las-micro-peque-as-y-medianas-empresas-mipymes--69eeee772d89c-2024-69eeee772d89c-marzo-69eeee772d89c\">Marzo<\/a>\n                <\/p>\n            <\/div>\n            <div id=\"collap_procedimientos-de-contrataci-n-dirigidos-a-las-micro-peque-as-y-medianas-empresas-mipymes--69eeee772d89c-2024-69eeee772d89c-marzo-69eeee772d89c\" class=\"collapse\" aria-labelledby=\"heading_procedimientos-de-contrataci-n-dirigidos-a-las-micro-peque-as-y-medianas-empresas-mipymes--69eeee772d89c-2024-69eeee772d89c-marzo-69eeee772d89c\" data-parent=\"#collap_procedimientos-de-contrataci-n-dirigidos-a-las-micro-peque-as-y-medianas-empresas-mipymes--69eeee772d89c-2024-69eeee772d89c\">\n                <div class=\"card-body\"><div class=\"jumbotron archivos\"><div class=\"row align-items-center\"><div class=\"col\"><h6><a class=\"text-dark\" href=\"https:\/\/comunidad.comprasdominicana.gob.do\/\/Public\/Tendering\/OpportunityDetail\/Index?noticeUID=DO1.NTC.1380422\" title=\"Ver\" target=\"_blank\">APORDOM-DAF-CM-2024-0011<\/a><\/h6><p class=\"mb-0 bold\">Adquisici\u00f3n de Materiales e Insumos de Pinturas para dependencias de esta APORDOM, dirigido a Mipymes.<\/p><p class=\"mb-0\" style=\"font-size: .85rem\"><strong title=\"Estado del Proceso\"><i class=\"fas fa-spinner\"><\/i><\/strong> Proceso adjudicado y celebrado<\/p><p class=\"mb-0\" style=\"font-size: .85rem\"><strong title=\"Fecha de Publicaci\u00f3n\"><i class=\"fas fa-calendar-alt\"><\/i><\/strong> Publicado el mi\u00e9rcoles, 27 de marzo de 2024<\/p><\/div><div class=\"col-auto mt-md-0 mt-2\"><a class=\"btn btn-primary btn-lg px-lg-4 d-none d-md-block\" href=\"https:\/\/comunidad.comprasdominicana.gob.do\/\/Public\/Tendering\/OpportunityDetail\/Index?noticeUID=DO1.NTC.1380422\" target=\"_blank\" title=\"Detalles\"><i class=\"fas fa-link\"><\/i> DETALLES<\/a><a class=\"btn btn-primary btn-lg px-lg-4 d-block d-md-none\" href=\"https:\/\/comunidad.comprasdominicana.gob.do\/\/Public\/Tendering\/OpportunityDetail\/Index?noticeUID=DO1.NTC.1380422\" target=\"_blank\" title=\"Detalles\"><i class=\"fas fa-2x fa-link\"><\/i><\/a><\/div><\/div><\/div><div class=\"jumbotron archivos\"><div class=\"row align-items-center\"><div class=\"col\"><h6><a class=\"text-dark\" href=\"https:\/\/comunidad.comprasdominicana.gob.do\/\/Public\/Tendering\/OpportunityDetail\/Index?noticeUID=DO1.NTC.1380824\" title=\"Ver\" target=\"_blank\">APORDOM-DAF-CM-2024-0016<\/a><\/h6><p class=\"mb-0 bold\">Adquisici\u00f3n de Uniformes y Gorras para Personal de esta APORDOM, dirigido a Mipymes.<\/p><p class=\"mb-0\" style=\"font-size: .85rem\"><strong title=\"Estado del Proceso\"><i class=\"fas fa-spinner\"><\/i><\/strong> Proceso adjudicado y celebrado<\/p><p class=\"mb-0\" style=\"font-size: .85rem\"><strong title=\"Fecha de Publicaci\u00f3n\"><i class=\"fas fa-calendar-alt\"><\/i><\/strong> Publicado el mi\u00e9rcoles, 27 de marzo de 2024<\/p><\/div><div class=\"col-auto mt-md-0 mt-2\"><a class=\"btn btn-primary btn-lg px-lg-4 d-none d-md-block\" href=\"https:\/\/comunidad.comprasdominicana.gob.do\/\/Public\/Tendering\/OpportunityDetail\/Index?noticeUID=DO1.NTC.1380824\" target=\"_blank\" title=\"Detalles\"><i class=\"fas fa-link\"><\/i> DETALLES<\/a><a class=\"btn btn-primary btn-lg px-lg-4 d-block d-md-none\" href=\"https:\/\/comunidad.comprasdominicana.gob.do\/\/Public\/Tendering\/OpportunityDetail\/Index?noticeUID=DO1.NTC.1380824\" target=\"_blank\" title=\"Detalles\"><i class=\"fas fa-2x fa-link\"><\/i><\/a><\/div><\/div><\/div><div class=\"jumbotron archivos\"><div class=\"row align-items-center\"><div class=\"col\"><h6><a class=\"text-dark\" href=\"https:\/\/comunidad.comprasdominicana.gob.do\/\/Public\/Tendering\/OpportunityDetail\/Index?noticeUID=DO1.NTC.1380047\" title=\"Ver\" target=\"_blank\">APORDOM-DAF-CD-2024-0012<\/a><\/h6><p class=\"mb-0 bold\">Adquisici\u00f3n de Materiales El\u00e9ctricos de Alta Tensi\u00f3n para esta APORDOM, dirigido a Mipymes.<\/p><p class=\"mb-0\" style=\"font-size: .85rem\"><strong title=\"Estado del Proceso\"><i class=\"fas fa-spinner\"><\/i><\/strong> Proceso adjudicado y celebrado<\/p><p class=\"mb-0\" style=\"font-size: .85rem\"><strong title=\"Fecha de Publicaci\u00f3n\"><i class=\"fas fa-calendar-alt\"><\/i><\/strong> Publicado el martes, 26 de marzo de 2024<\/p><\/div><div class=\"col-auto mt-md-0 mt-2\"><a class=\"btn btn-primary btn-lg px-lg-4 d-none d-md-block\" href=\"https:\/\/comunidad.comprasdominicana.gob.do\/\/Public\/Tendering\/OpportunityDetail\/Index?noticeUID=DO1.NTC.1380047\" target=\"_blank\" title=\"Detalles\"><i class=\"fas fa-link\"><\/i> DETALLES<\/a><a class=\"btn btn-primary btn-lg px-lg-4 d-block d-md-none\" href=\"https:\/\/comunidad.comprasdominicana.gob.do\/\/Public\/Tendering\/OpportunityDetail\/Index?noticeUID=DO1.NTC.1380047\" target=\"_blank\" title=\"Detalles\"><i class=\"fas fa-2x fa-link\"><\/i><\/a><\/div><\/div><\/div><div class=\"jumbotron archivos\"><div class=\"row align-items-center\"><div class=\"col\"><h6><a class=\"text-dark\" href=\"https:\/\/comunidad.comprasdominicana.gob.do\/\/Public\/Tendering\/OpportunityDetail\/Index?noticeUID=DO1.NTC.1379720\" title=\"Ver\" target=\"_blank\">APORDOM-DAF-CD-2024-0011<\/a><\/h6><p class=\"mb-0 bold\">Adquisici\u00f3n de Neum\u00e1ticos para Camioneta Chevrolet Silverado de esta APORDOM, dirigido a Mipymes.<\/p><p class=\"mb-0\" style=\"font-size: .85rem\"><strong title=\"Estado del Proceso\"><i class=\"fas fa-spinner\"><\/i><\/strong> Proceso adjudicado y celebrado<\/p><p class=\"mb-0\" style=\"font-size: .85rem\"><strong title=\"Fecha de Publicaci\u00f3n\"><i class=\"fas fa-calendar-alt\"><\/i><\/strong> Publicado el martes, 26 de marzo de 2024<\/p><\/div><div class=\"col-auto mt-md-0 mt-2\"><a class=\"btn btn-primary btn-lg px-lg-4 d-none d-md-block\" href=\"https:\/\/comunidad.comprasdominicana.gob.do\/\/Public\/Tendering\/OpportunityDetail\/Index?noticeUID=DO1.NTC.1379720\" target=\"_blank\" title=\"Detalles\"><i class=\"fas fa-link\"><\/i> DETALLES<\/a><a class=\"btn btn-primary btn-lg px-lg-4 d-block d-md-none\" href=\"https:\/\/comunidad.comprasdominicana.gob.do\/\/Public\/Tendering\/OpportunityDetail\/Index?noticeUID=DO1.NTC.1379720\" target=\"_blank\" title=\"Detalles\"><i class=\"fas fa-2x fa-link\"><\/i><\/a><\/div><\/div><\/div><div class=\"jumbotron archivos\"><div class=\"row align-items-center\"><div class=\"col\"><h6><a class=\"text-dark\" href=\"https:\/\/comunidad.comprasdominicana.gob.do\/\/Public\/Tendering\/OpportunityDetail\/Index?noticeUID=DO1.NTC.1377439\" title=\"Ver\" target=\"_blank\">APORDOM-DAF-CD-2024-0008<\/a><\/h6><p class=\"mb-0 bold\">Servicio de Almuerzos Preempacados para esta APORDOM, dirigido a Mipymes.<\/p><p class=\"mb-0\" style=\"font-size: .85rem\"><strong title=\"Estado del Proceso\"><i class=\"fas fa-spinner\"><\/i><\/strong> Proceso adjudicado y celebrado<\/p><p class=\"mb-0\" style=\"font-size: .85rem\"><strong title=\"Fecha de Publicaci\u00f3n\"><i class=\"fas fa-calendar-alt\"><\/i><\/strong> Publicado el mi\u00e9rcoles, 20 de marzo de 2024<\/p><\/div><div class=\"col-auto mt-md-0 mt-2\"><a class=\"btn btn-primary btn-lg px-lg-4 d-none d-md-block\" href=\"https:\/\/comunidad.comprasdominicana.gob.do\/\/Public\/Tendering\/OpportunityDetail\/Index?noticeUID=DO1.NTC.1377439\" target=\"_blank\" title=\"Detalles\"><i class=\"fas fa-link\"><\/i> DETALLES<\/a><a class=\"btn btn-primary btn-lg px-lg-4 d-block d-md-none\" href=\"https:\/\/comunidad.comprasdominicana.gob.do\/\/Public\/Tendering\/OpportunityDetail\/Index?noticeUID=DO1.NTC.1377439\" target=\"_blank\" title=\"Detalles\"><i class=\"fas fa-2x fa-link\"><\/i><\/a><\/div><\/div><\/div><div class=\"jumbotron archivos\"><div class=\"row align-items-center\"><div class=\"col\"><h6><a class=\"text-dark\" href=\"https:\/\/comunidad.comprasdominicana.gob.do\/\/Public\/Tendering\/OpportunityDetail\/Index?noticeUID=DO1.NTC.1377216\" title=\"Ver\" target=\"_blank\">APORDOM-DAF-CD-2024-0007<\/a><\/h6><p class=\"mb-0 bold\">CONTRATACI\u00d3N DE SERVICIOS DE CORONAS PARA OFRENDAS FLORALES Y ARREGLOS DE FLORES PARA USO DE APORDOM, POR 12 MESES, DIRIGIDO A MIPYMES MUJER.<\/p><p class=\"mb-0\" style=\"font-size: .85rem\"><strong title=\"Estado del Proceso\"><i class=\"fas fa-spinner\"><\/i><\/strong> Proceso adjudicado y celebrado<\/p><p class=\"mb-0\" style=\"font-size: .85rem\"><strong title=\"Fecha de Publicaci\u00f3n\"><i class=\"fas fa-calendar-alt\"><\/i><\/strong> Publicado el martes, 19 de marzo de 2024<\/p><\/div><div class=\"col-auto mt-md-0 mt-2\"><a class=\"btn btn-primary btn-lg px-lg-4 d-none d-md-block\" href=\"https:\/\/comunidad.comprasdominicana.gob.do\/\/Public\/Tendering\/OpportunityDetail\/Index?noticeUID=DO1.NTC.1377216\" target=\"_blank\" title=\"Detalles\"><i class=\"fas fa-link\"><\/i> DETALLES<\/a><a class=\"btn btn-primary btn-lg px-lg-4 d-block d-md-none\" href=\"https:\/\/comunidad.comprasdominicana.gob.do\/\/Public\/Tendering\/OpportunityDetail\/Index?noticeUID=DO1.NTC.1377216\" target=\"_blank\" title=\"Detalles\"><i class=\"fas fa-2x fa-link\"><\/i><\/a><\/div><\/div><\/div><div class=\"jumbotron archivos\"><div class=\"row align-items-center\"><div class=\"col\"><h6><a class=\"text-dark\" href=\"https:\/\/comunidad.comprasdominicana.gob.do\/\/Public\/Tendering\/OpportunityDetail\/Index?noticeUID=DO1.NTC.1376434\" title=\"Ver\" target=\"_blank\">APORDOM-DAF-CM-2024-0020<\/a><\/h6><p class=\"mb-0 bold\">Adquisici\u00f3n e Instalaci\u00f3n de Cortinas tipo Zebra y Enrollables para esta APORDOM, dirigido a Mipymes.<\/p><p class=\"mb-0\" style=\"font-size: .85rem\"><strong title=\"Estado del Proceso\"><i class=\"fas fa-spinner\"><\/i><\/strong> Proceso adjudicado y celebrado<\/p><p class=\"mb-0\" style=\"font-size: .85rem\"><strong title=\"Fecha de Publicaci\u00f3n\"><i class=\"fas fa-calendar-alt\"><\/i><\/strong> Publicado el lunes, 18 de marzo de 2024<\/p><\/div><div class=\"col-auto mt-md-0 mt-2\"><a class=\"btn btn-primary btn-lg px-lg-4 d-none d-md-block\" href=\"https:\/\/comunidad.comprasdominicana.gob.do\/\/Public\/Tendering\/OpportunityDetail\/Index?noticeUID=DO1.NTC.1376434\" target=\"_blank\" title=\"Detalles\"><i class=\"fas fa-link\"><\/i> DETALLES<\/a><a class=\"btn btn-primary btn-lg px-lg-4 d-block d-md-none\" href=\"https:\/\/comunidad.comprasdominicana.gob.do\/\/Public\/Tendering\/OpportunityDetail\/Index?noticeUID=DO1.NTC.1376434\" target=\"_blank\" title=\"Detalles\"><i class=\"fas fa-2x fa-link\"><\/i><\/a><\/div><\/div><\/div><div class=\"jumbotron archivos\"><div class=\"row align-items-center\"><div class=\"col\"><h6><a class=\"text-dark\" href=\"https:\/\/comunidad.comprasdominicana.gob.do\/\/Public\/Tendering\/OpportunityDetail\/Index?noticeUID=DO1.NTC.1376521\" title=\"Ver\" target=\"_blank\">APORDOM-DAF-CD-2024-0009<\/a><\/h6><p class=\"mb-0 bold\">Adquisici\u00f3n de Materiales para Adecuaci\u00f3n de Furgones en Puerto de San Pedro de Macor\u00eds, dirigido a Mipymes.<\/p><p class=\"mb-0\" style=\"font-size: .85rem\"><strong title=\"Estado del Proceso\"><i class=\"fas fa-spinner\"><\/i><\/strong> Proceso adjudicado y celebrado<\/p><p class=\"mb-0\" style=\"font-size: .85rem\"><strong title=\"Fecha de Publicaci\u00f3n\"><i class=\"fas fa-calendar-alt\"><\/i><\/strong> Publicado el lunes, 18 de marzo de 2024<\/p><\/div><div class=\"col-auto mt-md-0 mt-2\"><a class=\"btn btn-primary btn-lg px-lg-4 d-none d-md-block\" href=\"https:\/\/comunidad.comprasdominicana.gob.do\/\/Public\/Tendering\/OpportunityDetail\/Index?noticeUID=DO1.NTC.1376521\" target=\"_blank\" title=\"Detalles\"><i class=\"fas fa-link\"><\/i> DETALLES<\/a><a class=\"btn btn-primary btn-lg px-lg-4 d-block d-md-none\" href=\"https:\/\/comunidad.comprasdominicana.gob.do\/\/Public\/Tendering\/OpportunityDetail\/Index?noticeUID=DO1.NTC.1376521\" target=\"_blank\" title=\"Detalles\"><i class=\"fas fa-2x fa-link\"><\/i><\/a><\/div><\/div><\/div><div class=\"jumbotron archivos\"><div class=\"row align-items-center\"><div class=\"col\"><h6><a class=\"text-dark\" href=\"https:\/\/comunidad.comprasdominicana.gob.do\/\/Public\/Tendering\/OpportunityDetail\/Index?noticeUID=DO1.NTC.1374804\" title=\"Ver\" target=\"_blank\">APORDOM-DAF-CM-2024-0005<\/a><\/h6><p class=\"mb-0 bold\">Adquisici\u00f3n de Materiales Electricos, dirigido a Mipymes\n<\/p><p class=\"mb-0\" style=\"font-size: .85rem\"><strong title=\"Estado del Proceso\"><i class=\"fas fa-spinner\"><\/i><\/strong> Proceso adjudicado y celebrado<\/p><p class=\"mb-0\" style=\"font-size: .85rem\"><strong title=\"Fecha de Publicaci\u00f3n\"><i class=\"fas fa-calendar-alt\"><\/i><\/strong> Publicado el mi\u00e9rcoles, 13 de marzo de 2024<\/p><\/div><div class=\"col-auto mt-md-0 mt-2\"><a class=\"btn btn-primary btn-lg px-lg-4 d-none d-md-block\" href=\"https:\/\/comunidad.comprasdominicana.gob.do\/\/Public\/Tendering\/OpportunityDetail\/Index?noticeUID=DO1.NTC.1374804\" target=\"_blank\" title=\"Detalles\"><i class=\"fas fa-link\"><\/i> DETALLES<\/a><a class=\"btn btn-primary btn-lg px-lg-4 d-block d-md-none\" href=\"https:\/\/comunidad.comprasdominicana.gob.do\/\/Public\/Tendering\/OpportunityDetail\/Index?noticeUID=DO1.NTC.1374804\" target=\"_blank\" title=\"Detalles\"><i class=\"fas fa-2x fa-link\"><\/i><\/a><\/div><\/div><\/div><div class=\"jumbotron archivos\"><div class=\"row align-items-center\"><div class=\"col\"><h6><a class=\"text-dark\" href=\"https:\/\/comunidad.comprasdominicana.gob.do\/\/Public\/Tendering\/OpportunityDetail\/Index?noticeUID=DO1.NTC.1373944\" title=\"Ver\" target=\"_blank\">APORDOM-DAF-CM-2024-0009<\/a><\/h6><p class=\"mb-0 bold\"> ADQUISICI\u00d3N DE MATERIALES FERRETEROS, DIRIGIDO A MIPYMES<\/p><p class=\"mb-0\" style=\"font-size: .85rem\"><strong title=\"Estado del Proceso\"><i class=\"fas fa-spinner\"><\/i><\/strong> Proceso adjudicado y celebrado<\/p><p class=\"mb-0\" style=\"font-size: .85rem\"><strong title=\"Fecha de Publicaci\u00f3n\"><i class=\"fas fa-calendar-alt\"><\/i><\/strong> Publicado el martes, 12 de marzo de 2024<\/p><\/div><div class=\"col-auto mt-md-0 mt-2\"><a class=\"btn btn-primary btn-lg px-lg-4 d-none d-md-block\" href=\"https:\/\/comunidad.comprasdominicana.gob.do\/\/Public\/Tendering\/OpportunityDetail\/Index?noticeUID=DO1.NTC.1373944\" target=\"_blank\" title=\"Detalles\"><i class=\"fas fa-link\"><\/i> DETALLES<\/a><a class=\"btn btn-primary btn-lg px-lg-4 d-block d-md-none\" href=\"https:\/\/comunidad.comprasdominicana.gob.do\/\/Public\/Tendering\/OpportunityDetail\/Index?noticeUID=DO1.NTC.1373944\" target=\"_blank\" title=\"Detalles\"><i class=\"fas fa-2x fa-link\"><\/i><\/a><\/div><\/div><\/div><div class=\"jumbotron archivos\"><div class=\"row align-items-center\"><div class=\"col\"><h6><a class=\"text-dark\" href=\"https:\/\/comunidad.comprasdominicana.gob.do\/\/Public\/Tendering\/OpportunityDetail\/Index?noticeUID=DO1.NTC.1374007\" title=\"Ver\" target=\"_blank\">APORDOM-DAF-CM-2024-0012<\/a><\/h6><p class=\"mb-0 bold\">SERVICIO DE COFFEE BREAK PARA USO DE APORDOM, DIRIGIDO A MIPYMES MUJER<\/p><p class=\"mb-0\" style=\"font-size: .85rem\"><strong title=\"Estado del Proceso\"><i class=\"fas fa-spinner\"><\/i><\/strong> Proceso adjudicado y celebrado<\/p><p class=\"mb-0\" style=\"font-size: .85rem\"><strong title=\"Fecha de Publicaci\u00f3n\"><i class=\"fas fa-calendar-alt\"><\/i><\/strong> Publicado el martes, 12 de marzo de 2024<\/p><\/div><div class=\"col-auto mt-md-0 mt-2\"><a class=\"btn btn-primary btn-lg px-lg-4 d-none d-md-block\" href=\"https:\/\/comunidad.comprasdominicana.gob.do\/\/Public\/Tendering\/OpportunityDetail\/Index?noticeUID=DO1.NTC.1374007\" target=\"_blank\" title=\"Detalles\"><i class=\"fas fa-link\"><\/i> DETALLES<\/a><a class=\"btn btn-primary btn-lg px-lg-4 d-block d-md-none\" href=\"https:\/\/comunidad.comprasdominicana.gob.do\/\/Public\/Tendering\/OpportunityDetail\/Index?noticeUID=DO1.NTC.1374007\" target=\"_blank\" title=\"Detalles\"><i class=\"fas fa-2x fa-link\"><\/i><\/a><\/div><\/div><\/div><div class=\"jumbotron archivos\"><div class=\"row align-items-center\"><div class=\"col\"><h6><a class=\"text-dark\" href=\"https:\/\/comunidad.comprasdominicana.gob.do\/\/Public\/Tendering\/OpportunityDetail\/Index?noticeUID=DO1.NTC.1373032\" title=\"Ver\" target=\"_blank\">APORDOM-DAF-CM-2024-0014<\/a><\/h6><p class=\"mb-0 bold\">Adquisici\u00f3n de Productos de Limpieza e Higiene para diferentes Departamentos y Puertos de esta APORDOM, dirigido a Mipymes<\/p><p class=\"mb-0\" style=\"font-size: .85rem\"><strong title=\"Estado del Proceso\"><i class=\"fas fa-spinner\"><\/i><\/strong> Proceso adjudicado y celebrado<\/p><p class=\"mb-0\" style=\"font-size: .85rem\"><strong title=\"Fecha de Publicaci\u00f3n\"><i class=\"fas fa-calendar-alt\"><\/i><\/strong> Publicado el viernes, 8 de marzo de 2024<\/p><\/div><div class=\"col-auto mt-md-0 mt-2\"><a class=\"btn btn-primary btn-lg px-lg-4 d-none d-md-block\" href=\"https:\/\/comunidad.comprasdominicana.gob.do\/\/Public\/Tendering\/OpportunityDetail\/Index?noticeUID=DO1.NTC.1373032\" target=\"_blank\" title=\"Detalles\"><i class=\"fas fa-link\"><\/i> DETALLES<\/a><a class=\"btn btn-primary btn-lg px-lg-4 d-block d-md-none\" href=\"https:\/\/comunidad.comprasdominicana.gob.do\/\/Public\/Tendering\/OpportunityDetail\/Index?noticeUID=DO1.NTC.1373032\" target=\"_blank\" title=\"Detalles\"><i class=\"fas fa-2x fa-link\"><\/i><\/a><\/div><\/div><\/div><div class=\"jumbotron archivos\"><div class=\"row align-items-center\"><div class=\"col\"><h6><a class=\"text-dark\" href=\"https:\/\/comunidad.comprasdominicana.gob.do\/\/Public\/Tendering\/OpportunityDetail\/Index?noticeUID=DO1.NTC.1373020\" title=\"Ver\" target=\"_blank\">APORDOM-DAF-CM-2024-0007<\/a><\/h6><p class=\"mb-0 bold\">Adquisici\u00f3n e Instalaci\u00f3n de Aires Acondicionados de 5 toneladas para oficinas de esta APORDOM, dirigido a Mipymes.<\/p><p class=\"mb-0\" style=\"font-size: .85rem\"><strong title=\"Estado del Proceso\"><i class=\"fas fa-spinner\"><\/i><\/strong> Proceso adjudicado y celebrado<\/p><p class=\"mb-0\" style=\"font-size: .85rem\"><strong title=\"Fecha de Publicaci\u00f3n\"><i class=\"fas fa-calendar-alt\"><\/i><\/strong> Publicado el viernes, 8 de marzo de 2024<\/p><\/div><div class=\"col-auto mt-md-0 mt-2\"><a class=\"btn btn-primary btn-lg px-lg-4 d-none d-md-block\" href=\"https:\/\/comunidad.comprasdominicana.gob.do\/\/Public\/Tendering\/OpportunityDetail\/Index?noticeUID=DO1.NTC.1373020\" target=\"_blank\" title=\"Detalles\"><i class=\"fas fa-link\"><\/i> DETALLES<\/a><a class=\"btn btn-primary btn-lg px-lg-4 d-block d-md-none\" href=\"https:\/\/comunidad.comprasdominicana.gob.do\/\/Public\/Tendering\/OpportunityDetail\/Index?noticeUID=DO1.NTC.1373020\" target=\"_blank\" title=\"Detalles\"><i class=\"fas fa-2x fa-link\"><\/i><\/a><\/div><\/div><\/div><div class=\"jumbotron archivos\"><div class=\"row align-items-center\"><div class=\"col\"><h6><a class=\"text-dark\" href=\"https:\/\/comunidad.comprasdominicana.gob.do\/\/Public\/Tendering\/OpportunityDetail\/Index?noticeUID=DO1.NTC.1372520\" title=\"Ver\" target=\"_blank\">APORDOM-DAF-CM-2024-0015<\/a><\/h6><p class=\"mb-0 bold\">Adquisici\u00f3n de Insumos de Oficinas y Materiales Gastable para diferentes Departamentos de esta APORDOM, dirigido a Mipymes.<\/p><p class=\"mb-0\" style=\"font-size: .85rem\"><strong title=\"Estado del Proceso\"><i class=\"fas fa-spinner\"><\/i><\/strong> Proceso adjudicado y celebrado<\/p><p class=\"mb-0\" style=\"font-size: .85rem\"><strong title=\"Fecha de Publicaci\u00f3n\"><i class=\"fas fa-calendar-alt\"><\/i><\/strong> Publicado el viernes, 8 de marzo de 2024<\/p><\/div><div class=\"col-auto mt-md-0 mt-2\"><a class=\"btn btn-primary btn-lg px-lg-4 d-none d-md-block\" href=\"https:\/\/comunidad.comprasdominicana.gob.do\/\/Public\/Tendering\/OpportunityDetail\/Index?noticeUID=DO1.NTC.1372520\" target=\"_blank\" title=\"Detalles\"><i class=\"fas fa-link\"><\/i> DETALLES<\/a><a class=\"btn btn-primary btn-lg px-lg-4 d-block d-md-none\" href=\"https:\/\/comunidad.comprasdominicana.gob.do\/\/Public\/Tendering\/OpportunityDetail\/Index?noticeUID=DO1.NTC.1372520\" target=\"_blank\" title=\"Detalles\"><i class=\"fas fa-2x fa-link\"><\/i><\/a><\/div><\/div><\/div><div class=\"jumbotron archivos\"><div class=\"row align-items-center\"><div class=\"col\"><h6><a class=\"text-dark\" href=\"https:\/\/comunidad.comprasdominicana.gob.do\/\/Public\/Tendering\/OpportunityDetail\/Index?noticeUID=DO1.NTC.1372119\" title=\"Ver\" target=\"_blank\">APORDOM-UC-CD-2024-0003<\/a><\/h6><p class=\"mb-0 bold\">Adquisici\u00f3n de Utensilios de Cocina para esta APORDOM, dirigido a Mipymes Mujer.<\/p><p class=\"mb-0\" style=\"font-size: .85rem\"><strong title=\"Estado del Proceso\"><i class=\"fas fa-spinner\"><\/i><\/strong> Proceso adjudicado y celebrado<\/p><p class=\"mb-0\" style=\"font-size: .85rem\"><strong title=\"Fecha de Publicaci\u00f3n\"><i class=\"fas fa-calendar-alt\"><\/i><\/strong> Publicado el jueves, 7 de marzo de 2024<\/p><\/div><div class=\"col-auto mt-md-0 mt-2\"><a class=\"btn btn-primary btn-lg px-lg-4 d-none d-md-block\" href=\"https:\/\/comunidad.comprasdominicana.gob.do\/\/Public\/Tendering\/OpportunityDetail\/Index?noticeUID=DO1.NTC.1372119\" target=\"_blank\" title=\"Detalles\"><i class=\"fas fa-link\"><\/i> DETALLES<\/a><a class=\"btn btn-primary btn-lg px-lg-4 d-block d-md-none\" href=\"https:\/\/comunidad.comprasdominicana.gob.do\/\/Public\/Tendering\/OpportunityDetail\/Index?noticeUID=DO1.NTC.1372119\" target=\"_blank\" title=\"Detalles\"><i class=\"fas fa-2x fa-link\"><\/i><\/a><\/div><\/div><\/div><div class=\"jumbotron archivos\"><div class=\"row align-items-center\"><div class=\"col\"><h6><a class=\"text-dark\" href=\"https:\/\/comunidad.comprasdominicana.gob.do\/\/Public\/Tendering\/OpportunityDetail\/Index?noticeUID=DO1.NTC.1371720\" title=\"Ver\" target=\"_blank\">APORDOM-DAF-CM-2024-0021<\/a><\/h6><p class=\"mb-0 bold\">Adquisici\u00f3n de Mobiliarios para diferentes Departamentos y Puertos de esta APORDOM, dirigido a Mipymes.<\/p><p class=\"mb-0\" style=\"font-size: .85rem\"><strong title=\"Estado del Proceso\"><i class=\"fas fa-spinner\"><\/i><\/strong> Proceso adjudicado y celebrado<\/p><p class=\"mb-0\" style=\"font-size: .85rem\"><strong title=\"Fecha de Publicaci\u00f3n\"><i class=\"fas fa-calendar-alt\"><\/i><\/strong> Publicado el mi\u00e9rcoles, 6 de marzo de 2024<\/p><\/div><div class=\"col-auto mt-md-0 mt-2\"><a class=\"btn btn-primary btn-lg px-lg-4 d-none d-md-block\" href=\"https:\/\/comunidad.comprasdominicana.gob.do\/\/Public\/Tendering\/OpportunityDetail\/Index?noticeUID=DO1.NTC.1371720\" target=\"_blank\" title=\"Detalles\"><i class=\"fas fa-link\"><\/i> DETALLES<\/a><a class=\"btn btn-primary btn-lg px-lg-4 d-block d-md-none\" href=\"https:\/\/comunidad.comprasdominicana.gob.do\/\/Public\/Tendering\/OpportunityDetail\/Index?noticeUID=DO1.NTC.1371720\" target=\"_blank\" title=\"Detalles\"><i class=\"fas fa-2x fa-link\"><\/i><\/a><\/div><\/div><\/div><\/div><\/div><\/div>\n        <div class=\"card\">\n            <div class=\"card-header parents\" id=\"heading_procedimientos-de-contrataci-n-dirigidos-a-las-micro-peque-as-y-medianas-empresas-mipymes--69eeee772d89c-2024-69eeee772d89c-febrero-69eeee772d89c\">\n                <p class=\"title text-blue mb-0\">\n                    <a class=\"btn-block hover text-left collapsed\" data-toggle=\"collapse\" data-target=\"#collap_procedimientos-de-contrataci-n-dirigidos-a-las-micro-peque-as-y-medianas-empresas-mipymes--69eeee772d89c-2024-69eeee772d89c-febrero-69eeee772d89c\" aria-expanded=\"false\" aria-controls=\"collap_procedimientos-de-contrataci-n-dirigidos-a-las-micro-peque-as-y-medianas-empresas-mipymes--69eeee772d89c-2024-69eeee772d89c-febrero-69eeee772d89c\">Febrero<\/a>\n                <\/p>\n            <\/div>\n            <div id=\"collap_procedimientos-de-contrataci-n-dirigidos-a-las-micro-peque-as-y-medianas-empresas-mipymes--69eeee772d89c-2024-69eeee772d89c-febrero-69eeee772d89c\" class=\"collapse\" aria-labelledby=\"heading_procedimientos-de-contrataci-n-dirigidos-a-las-micro-peque-as-y-medianas-empresas-mipymes--69eeee772d89c-2024-69eeee772d89c-febrero-69eeee772d89c\" data-parent=\"#collap_procedimientos-de-contrataci-n-dirigidos-a-las-micro-peque-as-y-medianas-empresas-mipymes--69eeee772d89c-2024-69eeee772d89c\">\n                <div class=\"card-body\"><div class=\"jumbotron archivos\"><div class=\"row align-items-center\"><div class=\"col\"><h6><a class=\"text-dark\" href=\"https:\/\/comunidad.comprasdominicana.gob.do\/\/Public\/Tendering\/OpportunityDetail\/Index?noticeUID=DO1.NTC.1366920\" title=\"Ver\" target=\"_blank\">APORDOM-DAF-CM-2024-0002<\/a><\/h6><p class=\"mb-0 bold\">ADQUISICI\u00d3N DE TALONARIOS PARA USO DE LA SEDE PRINCIPAL Y PUERTOS DE APORDOM, DIRIGIDO A MIPYMES\n<\/p><p class=\"mb-0\" style=\"font-size: .85rem\"><strong title=\"Estado del Proceso\"><i class=\"fas fa-spinner\"><\/i><\/strong> Proceso adjudicado y celebrado<\/p><p class=\"mb-0\" style=\"font-size: .85rem\"><strong title=\"Fecha de Publicaci\u00f3n\"><i class=\"fas fa-calendar-alt\"><\/i><\/strong> Publicado el jueves, 22 de febrero de 2024<\/p><\/div><div class=\"col-auto mt-md-0 mt-2\"><a class=\"btn btn-primary btn-lg px-lg-4 d-none d-md-block\" href=\"https:\/\/comunidad.comprasdominicana.gob.do\/\/Public\/Tendering\/OpportunityDetail\/Index?noticeUID=DO1.NTC.1366920\" target=\"_blank\" title=\"Detalles\"><i class=\"fas fa-link\"><\/i> DETALLES<\/a><a class=\"btn btn-primary btn-lg px-lg-4 d-block d-md-none\" href=\"https:\/\/comunidad.comprasdominicana.gob.do\/\/Public\/Tendering\/OpportunityDetail\/Index?noticeUID=DO1.NTC.1366920\" target=\"_blank\" title=\"Detalles\"><i class=\"fas fa-2x fa-link\"><\/i><\/a><\/div><\/div><\/div><div class=\"jumbotron archivos\"><div class=\"row align-items-center\"><div class=\"col\"><h6><a class=\"text-dark\" href=\"https:\/\/comunidad.comprasdominicana.gob.do\/\/Public\/Tendering\/OpportunityDetail\/Index?noticeUID=DO1.NTC.1365032\" title=\"Ver\" target=\"_blank\">APORDOM-DAF-CD-2024-0002<\/a><\/h6><p class=\"mb-0 bold\">Adquisici\u00f3n de Mesa de Conferencia y Credenza, para Sal\u00f3n del Consejo de esta APORDOM, dirigido a Mipymes.<\/p><p class=\"mb-0\" style=\"font-size: .85rem\"><strong title=\"Estado del Proceso\"><i class=\"fas fa-spinner\"><\/i><\/strong> Proceso adjudicado y celebrado<\/p><p class=\"mb-0\" style=\"font-size: .85rem\"><strong title=\"Fecha de Publicaci\u00f3n\"><i class=\"fas fa-calendar-alt\"><\/i><\/strong> Publicado el lunes, 19 de febrero de 2024<\/p><\/div><div class=\"col-auto mt-md-0 mt-2\"><a class=\"btn btn-primary btn-lg px-lg-4 d-none d-md-block\" href=\"https:\/\/comunidad.comprasdominicana.gob.do\/\/Public\/Tendering\/OpportunityDetail\/Index?noticeUID=DO1.NTC.1365032\" target=\"_blank\" title=\"Detalles\"><i class=\"fas fa-link\"><\/i> DETALLES<\/a><a class=\"btn btn-primary btn-lg px-lg-4 d-block d-md-none\" href=\"https:\/\/comunidad.comprasdominicana.gob.do\/\/Public\/Tendering\/OpportunityDetail\/Index?noticeUID=DO1.NTC.1365032\" target=\"_blank\" title=\"Detalles\"><i class=\"fas fa-2x fa-link\"><\/i><\/a><\/div><\/div><\/div><div class=\"jumbotron archivos\"><div class=\"row align-items-center\"><div class=\"col\"><h6><a class=\"text-dark\" href=\"https:\/\/comunidad.comprasdominicana.gob.do\/\/Public\/Tendering\/OpportunityDetail\/Index?noticeUID=DO1.NTC.1364826\" title=\"Ver\" target=\"_blank\">APORDOM-DAF-CD-2024-0001<\/a><\/h6><p class=\"mb-0 bold\">Adquisici\u00f3n de Puertas de Polimetal para esta APORDOM, dirigido a Mipymes.<\/p><p class=\"mb-0\" style=\"font-size: .85rem\"><strong title=\"Estado del Proceso\"><i class=\"fas fa-spinner\"><\/i><\/strong> Proceso adjudicado y celebrado<\/p><p class=\"mb-0\" style=\"font-size: .85rem\"><strong title=\"Fecha de Publicaci\u00f3n\"><i class=\"fas fa-calendar-alt\"><\/i><\/strong> Publicado el lunes, 19 de febrero de 2024<\/p><\/div><div class=\"col-auto mt-md-0 mt-2\"><a class=\"btn btn-primary btn-lg px-lg-4 d-none d-md-block\" href=\"https:\/\/comunidad.comprasdominicana.gob.do\/\/Public\/Tendering\/OpportunityDetail\/Index?noticeUID=DO1.NTC.1364826\" target=\"_blank\" title=\"Detalles\"><i class=\"fas fa-link\"><\/i> DETALLES<\/a><a class=\"btn btn-primary btn-lg px-lg-4 d-block d-md-none\" href=\"https:\/\/comunidad.comprasdominicana.gob.do\/\/Public\/Tendering\/OpportunityDetail\/Index?noticeUID=DO1.NTC.1364826\" target=\"_blank\" title=\"Detalles\"><i class=\"fas fa-2x fa-link\"><\/i><\/a><\/div><\/div><\/div><div class=\"jumbotron archivos\"><div class=\"row align-items-center\"><div class=\"col\"><h6><a class=\"text-dark\" href=\"https:\/\/comunidad.comprasdominicana.gob.do\/\/Public\/Tendering\/OpportunityDetail\/Index?noticeUID=DO1.NTC.1359821\" title=\"Ver\" target=\"_blank\">APORDOM-DAF-CM-2024-0001<\/a><\/h6><p class=\"mb-0 bold\">ADQUISICI\u00d3N DE ART\u00cdCULOS COMESTIBLES Y GASTABLES -DIRIGIDO A MIPYMES, 1ER Y 2DO TRIMESTRE<\/p><p class=\"mb-0\" style=\"font-size: .85rem\"><strong title=\"Estado del Proceso\"><i class=\"fas fa-spinner\"><\/i><\/strong> Proceso adjudicado y celebrado<\/p><p class=\"mb-0\" style=\"font-size: .85rem\"><strong title=\"Fecha de Publicaci\u00f3n\"><i class=\"fas fa-calendar-alt\"><\/i><\/strong> Publicado el jueves, 8 de febrero de 2024<\/p><\/div><div class=\"col-auto mt-md-0 mt-2\"><a class=\"btn btn-primary btn-lg px-lg-4 d-none d-md-block\" href=\"https:\/\/comunidad.comprasdominicana.gob.do\/\/Public\/Tendering\/OpportunityDetail\/Index?noticeUID=DO1.NTC.1359821\" target=\"_blank\" title=\"Detalles\"><i class=\"fas fa-link\"><\/i> DETALLES<\/a><a class=\"btn btn-primary btn-lg px-lg-4 d-block d-md-none\" href=\"https:\/\/comunidad.comprasdominicana.gob.do\/\/Public\/Tendering\/OpportunityDetail\/Index?noticeUID=DO1.NTC.1359821\" target=\"_blank\" title=\"Detalles\"><i class=\"fas fa-2x fa-link\"><\/i><\/a><\/div><\/div><\/div><div class=\"jumbotron archivos\"><div class=\"row align-items-center\"><div class=\"col\"><h6><a class=\"text-dark\" href=\"https:\/\/comunidad.comprasdominicana.gob.do\/\/Public\/Tendering\/OpportunityDetail\/Index?noticeUID=DO1.NTC.1359923\" title=\"Ver\" target=\"_blank\">APORDOM-DAF-CM-2024-0008<\/a><\/h6><p class=\"mb-0 bold\">Adquisici\u00f3n de Insumos L\u00edquidos y Comestibles para uso de APORDOM, dirigido a Mipymes.<\/p><p class=\"mb-0\" style=\"font-size: .85rem\"><strong title=\"Estado del Proceso\"><i class=\"fas fa-spinner\"><\/i><\/strong> Proceso adjudicado y celebrado<\/p><p class=\"mb-0\" style=\"font-size: .85rem\"><strong title=\"Fecha de Publicaci\u00f3n\"><i class=\"fas fa-calendar-alt\"><\/i><\/strong> Publicado el jueves, 8 de febrero de 2024<\/p><\/div><div class=\"col-auto mt-md-0 mt-2\"><a class=\"btn btn-primary btn-lg px-lg-4 d-none d-md-block\" href=\"https:\/\/comunidad.comprasdominicana.gob.do\/\/Public\/Tendering\/OpportunityDetail\/Index?noticeUID=DO1.NTC.1359923\" target=\"_blank\" title=\"Detalles\"><i class=\"fas fa-link\"><\/i> DETALLES<\/a><a class=\"btn btn-primary btn-lg px-lg-4 d-block d-md-none\" href=\"https:\/\/comunidad.comprasdominicana.gob.do\/\/Public\/Tendering\/OpportunityDetail\/Index?noticeUID=DO1.NTC.1359923\" target=\"_blank\" title=\"Detalles\"><i class=\"fas fa-2x fa-link\"><\/i><\/a><\/div><\/div><\/div><div class=\"jumbotron archivos\"><div class=\"row align-items-center\"><div class=\"col\"><h6><a class=\"text-dark\" href=\"https:\/\/comunidad.comprasdominicana.gob.do\/\/Public\/Tendering\/OpportunityDetail\/Index?noticeUID=DO1.NTC.1359128\" title=\"Ver\" target=\"_blank\">APORDOM-UC-CD-2024-0005<\/a><\/h6><p class=\"mb-0 bold\">CAJAS DE ALMACENAMIENTO PARA DIFERENTES DEPARTAMENTOS DE ESTA APORDOM DIRIGIDO A MIPYME MUJER<\/p><p class=\"mb-0\" style=\"font-size: .85rem\"><strong title=\"Estado del Proceso\"><i class=\"fas fa-spinner\"><\/i><\/strong> Proceso adjudicado y celebrado<\/p><p class=\"mb-0\" style=\"font-size: .85rem\"><strong title=\"Fecha de Publicaci\u00f3n\"><i class=\"fas fa-calendar-alt\"><\/i><\/strong> Publicado el mi\u00e9rcoles, 7 de febrero de 2024<\/p><\/div><div class=\"col-auto mt-md-0 mt-2\"><a class=\"btn btn-primary btn-lg px-lg-4 d-none d-md-block\" href=\"https:\/\/comunidad.comprasdominicana.gob.do\/\/Public\/Tendering\/OpportunityDetail\/Index?noticeUID=DO1.NTC.1359128\" target=\"_blank\" title=\"Detalles\"><i class=\"fas fa-link\"><\/i> DETALLES<\/a><a class=\"btn btn-primary btn-lg px-lg-4 d-block d-md-none\" href=\"https:\/\/comunidad.comprasdominicana.gob.do\/\/Public\/Tendering\/OpportunityDetail\/Index?noticeUID=DO1.NTC.1359128\" target=\"_blank\" title=\"Detalles\"><i class=\"fas fa-2x fa-link\"><\/i><\/a><\/div><\/div><\/div><div class=\"jumbotron archivos\"><div class=\"row align-items-center\"><div class=\"col\"><h6><a class=\"text-dark\" href=\"https:\/\/comunidad.comprasdominicana.gob.do\/\/Public\/Tendering\/OpportunityDetail\/Index?noticeUID=DO1.NTC.1358958\" title=\"Ver\" target=\"_blank\">APORDOM-UC-CD-2024-0004<\/a><\/h6><p class=\"mb-0 bold\">ADQUISICI\u00d3N DE ANAQUELES PARA DIFERENTES DEPARTAMENTOS DE ESTA APORDOM, DIRIGIDO A MIPYME MUJER<\/p><p class=\"mb-0\" style=\"font-size: .85rem\"><strong title=\"Estado del Proceso\"><i class=\"fas fa-spinner\"><\/i><\/strong> Proceso adjudicado y celebrado<\/p><p class=\"mb-0\" style=\"font-size: .85rem\"><strong title=\"Fecha de Publicaci\u00f3n\"><i class=\"fas fa-calendar-alt\"><\/i><\/strong> Publicado el martes, 6 de febrero de 2024<\/p><\/div><div class=\"col-auto mt-md-0 mt-2\"><a class=\"btn btn-primary btn-lg px-lg-4 d-none d-md-block\" href=\"https:\/\/comunidad.comprasdominicana.gob.do\/\/Public\/Tendering\/OpportunityDetail\/Index?noticeUID=DO1.NTC.1358958\" target=\"_blank\" title=\"Detalles\"><i class=\"fas fa-link\"><\/i> DETALLES<\/a><a class=\"btn btn-primary btn-lg px-lg-4 d-block d-md-none\" href=\"https:\/\/comunidad.comprasdominicana.gob.do\/\/Public\/Tendering\/OpportunityDetail\/Index?noticeUID=DO1.NTC.1358958\" target=\"_blank\" title=\"Detalles\"><i class=\"fas fa-2x fa-link\"><\/i><\/a><\/div><\/div><\/div><\/div><\/div><\/div>\n        <div class=\"card\">\n            <div class=\"card-header parents\" id=\"heading_procedimientos-de-contrataci-n-dirigidos-a-las-micro-peque-as-y-medianas-empresas-mipymes--69eeee772d89c-2024-69eeee772d89c-enero-69eeee772d89c\">\n                <p class=\"title text-blue mb-0\">\n                    <a class=\"btn-block hover text-left collapsed\" data-toggle=\"collapse\" data-target=\"#collap_procedimientos-de-contrataci-n-dirigidos-a-las-micro-peque-as-y-medianas-empresas-mipymes--69eeee772d89c-2024-69eeee772d89c-enero-69eeee772d89c\" aria-expanded=\"false\" aria-controls=\"collap_procedimientos-de-contrataci-n-dirigidos-a-las-micro-peque-as-y-medianas-empresas-mipymes--69eeee772d89c-2024-69eeee772d89c-enero-69eeee772d89c\">Enero<\/a>\n                <\/p>\n            <\/div>\n            <div id=\"collap_procedimientos-de-contrataci-n-dirigidos-a-las-micro-peque-as-y-medianas-empresas-mipymes--69eeee772d89c-2024-69eeee772d89c-enero-69eeee772d89c\" class=\"collapse\" aria-labelledby=\"heading_procedimientos-de-contrataci-n-dirigidos-a-las-micro-peque-as-y-medianas-empresas-mipymes--69eeee772d89c-2024-69eeee772d89c-enero-69eeee772d89c\" data-parent=\"#collap_procedimientos-de-contrataci-n-dirigidos-a-las-micro-peque-as-y-medianas-empresas-mipymes--69eeee772d89c-2024-69eeee772d89c\">\n                <div class=\"card-body\"><div class=\"jumbotron archivos\"><div class=\"row align-items-center\"><div class=\"col\"><h6><a class=\"text-dark\" href=\"https:\/\/comunidad.comprasdominicana.gob.do\/\/Public\/Tendering\/OpportunityDetail\/Index?noticeUID=DO1.NTC.1356419\" title=\"Ver\" target=\"_blank\">APORDOM-UC-CD-2024-0001<\/a><\/h6><p class=\"mb-0 bold\">ADQUISICION DE CAF\u00c9 PARA USO DE APORDOM, DIRIGIDO A MIPYMES MUJER<\/p><p class=\"mb-0\" style=\"font-size: .85rem\"><strong title=\"Estado del Proceso\"><i class=\"fas fa-spinner\"><\/i><\/strong> Proceso adjudicado y celebrado<\/p><p class=\"mb-0\" style=\"font-size: .85rem\"><strong title=\"Fecha de Publicaci\u00f3n\"><i class=\"fas fa-calendar-alt\"><\/i><\/strong> Publicado el mi\u00e9rcoles, 31 de enero de 2024<\/p><\/div><div class=\"col-auto mt-md-0 mt-2\"><a class=\"btn btn-primary btn-lg px-lg-4 d-none d-md-block\" href=\"https:\/\/comunidad.comprasdominicana.gob.do\/\/Public\/Tendering\/OpportunityDetail\/Index?noticeUID=DO1.NTC.1356419\" target=\"_blank\" title=\"Detalles\"><i class=\"fas fa-link\"><\/i> DETALLES<\/a><a class=\"btn btn-primary btn-lg px-lg-4 d-block d-md-none\" href=\"https:\/\/comunidad.comprasdominicana.gob.do\/\/Public\/Tendering\/OpportunityDetail\/Index?noticeUID=DO1.NTC.1356419\" target=\"_blank\" title=\"Detalles\"><i class=\"fas fa-2x fa-link\"><\/i><\/a><\/div><\/div><\/div><\/div><\/div><\/div><\/div><\/div><\/div>\n        <div class=\"card\">\n            <div class=\"card-header parents\" id=\"heading_procedimientos-de-contrataci-n-dirigidos-a-las-micro-peque-as-y-medianas-empresas-mipymes--69eeee772d89c-2023-69eeee772d89c\">\n                <p class=\"title text-blue mb-0\">\n                    <a class=\"btn-block hover text-left collapsed\" data-toggle=\"collapse\" data-target=\"#collap_procedimientos-de-contrataci-n-dirigidos-a-las-micro-peque-as-y-medianas-empresas-mipymes--69eeee772d89c-2023-69eeee772d89c\" aria-expanded=\"false\" aria-controls=\"collap_procedimientos-de-contrataci-n-dirigidos-a-las-micro-peque-as-y-medianas-empresas-mipymes--69eeee772d89c-2023-69eeee772d89c\">2023<\/a>\n                <\/p>\n            <\/div>\n            <div id=\"collap_procedimientos-de-contrataci-n-dirigidos-a-las-micro-peque-as-y-medianas-empresas-mipymes--69eeee772d89c-2023-69eeee772d89c\" class=\"collapse\" aria-labelledby=\"heading_procedimientos-de-contrataci-n-dirigidos-a-las-micro-peque-as-y-medianas-empresas-mipymes--69eeee772d89c-2023-69eeee772d89c\" data-parent=\"#collap_procedimientos-de-contrataci-n-dirigidos-a-las-micro-peque-as-y-medianas-empresas-mipymes--69eeee772d89c\">\n                <div class=\"card-body\">\n        <div class=\"card\">\n            <div class=\"card-header parents\" id=\"heading_procedimientos-de-contrataci-n-dirigidos-a-las-micro-peque-as-y-medianas-empresas-mipymes--69eeee772d89c-2023-69eeee772d89c-diciembre-69eeee772d89c\">\n                <p class=\"title text-blue mb-0\">\n                    <a class=\"btn-block hover text-left collapsed\" data-toggle=\"collapse\" data-target=\"#collap_procedimientos-de-contrataci-n-dirigidos-a-las-micro-peque-as-y-medianas-empresas-mipymes--69eeee772d89c-2023-69eeee772d89c-diciembre-69eeee772d89c\" aria-expanded=\"false\" aria-controls=\"collap_procedimientos-de-contrataci-n-dirigidos-a-las-micro-peque-as-y-medianas-empresas-mipymes--69eeee772d89c-2023-69eeee772d89c-diciembre-69eeee772d89c\">Diciembre<\/a>\n                <\/p>\n            <\/div>\n            <div id=\"collap_procedimientos-de-contrataci-n-dirigidos-a-las-micro-peque-as-y-medianas-empresas-mipymes--69eeee772d89c-2023-69eeee772d89c-diciembre-69eeee772d89c\" class=\"collapse\" aria-labelledby=\"heading_procedimientos-de-contrataci-n-dirigidos-a-las-micro-peque-as-y-medianas-empresas-mipymes--69eeee772d89c-2023-69eeee772d89c-diciembre-69eeee772d89c\" data-parent=\"#collap_procedimientos-de-contrataci-n-dirigidos-a-las-micro-peque-as-y-medianas-empresas-mipymes--69eeee772d89c-2023-69eeee772d89c\">\n                <div class=\"card-body\"><div class=\"jumbotron archivos\"><div class=\"row align-items-center\"><div class=\"col\"><h6><a class=\"text-dark\" href=\"https:\/\/comunidad.comprasdominicana.gob.do\/\/Public\/Tendering\/OpportunityDetail\/Index?noticeUID=DO1.NTC.1339404\" title=\"Ver\" target=\"_blank\">APORDOM-UC-CD-2023-0067<\/a><\/h6><p class=\"mb-0 bold\">ADQUISICION DE ARTICULOS DESECHABLES PARA USO DE APORDOM<\/p><p class=\"mb-0\" style=\"font-size: .85rem\"><strong title=\"Estado del Proceso\"><i class=\"fas fa-spinner\"><\/i><\/strong> Proceso adjudicado y celebrado<\/p><p class=\"mb-0\" style=\"font-size: .85rem\"><strong title=\"Fecha de Publicaci\u00f3n\"><i class=\"fas fa-calendar-alt\"><\/i><\/strong> Publicado el martes, 26 de diciembre de 2023<\/p><\/div><div class=\"col-auto mt-md-0 mt-2\"><a class=\"btn btn-primary btn-lg px-lg-4 d-none d-md-block\" href=\"https:\/\/comunidad.comprasdominicana.gob.do\/\/Public\/Tendering\/OpportunityDetail\/Index?noticeUID=DO1.NTC.1339404\" target=\"_blank\" title=\"Detalles\"><i class=\"fas fa-link\"><\/i> DETALLES<\/a><a class=\"btn btn-primary btn-lg px-lg-4 d-block d-md-none\" href=\"https:\/\/comunidad.comprasdominicana.gob.do\/\/Public\/Tendering\/OpportunityDetail\/Index?noticeUID=DO1.NTC.1339404\" target=\"_blank\" title=\"Detalles\"><i class=\"fas fa-2x fa-link\"><\/i><\/a><\/div><\/div><\/div><div class=\"jumbotron archivos\"><div class=\"row align-items-center\"><div class=\"col\"><h6><a class=\"text-dark\" href=\"https:\/\/comunidad.comprasdominicana.gob.do\/\/Public\/Tendering\/OpportunityDetail\/Index?noticeUID=DO1.NTC.1330062\" title=\"Ver\" target=\"_blank\">APORDOM-DAF-CM-2023-0056<\/a><\/h6><p class=\"mb-0 bold\">Adquisici\u00f3n de Insumos Personalizados con el Logo Institucional de esta APORDOM, dirigido a Mipymes.\n<\/p><p class=\"mb-0\" style=\"font-size: .85rem\"><strong title=\"Estado del Proceso\"><i class=\"fas fa-spinner\"><\/i><\/strong> Proceso adjudicado y celebrado<\/p><p class=\"mb-0\" style=\"font-size: .85rem\"><strong title=\"Fecha de Publicaci\u00f3n\"><i class=\"fas fa-calendar-alt\"><\/i><\/strong> Publicado el lunes, 4 de diciembre de 2023<\/p><\/div><div class=\"col-auto mt-md-0 mt-2\"><a class=\"btn btn-primary btn-lg px-lg-4 d-none d-md-block\" href=\"https:\/\/comunidad.comprasdominicana.gob.do\/\/Public\/Tendering\/OpportunityDetail\/Index?noticeUID=DO1.NTC.1330062\" target=\"_blank\" title=\"Detalles\"><i class=\"fas fa-link\"><\/i> DETALLES<\/a><a class=\"btn btn-primary btn-lg px-lg-4 d-block d-md-none\" href=\"https:\/\/comunidad.comprasdominicana.gob.do\/\/Public\/Tendering\/OpportunityDetail\/Index?noticeUID=DO1.NTC.1330062\" target=\"_blank\" title=\"Detalles\"><i class=\"fas fa-2x fa-link\"><\/i><\/a><\/div><\/div><\/div><\/div><\/div><\/div>\n        <div class=\"card\">\n            <div class=\"card-header parents\" id=\"heading_procedimientos-de-contrataci-n-dirigidos-a-las-micro-peque-as-y-medianas-empresas-mipymes--69eeee772d89c-2023-69eeee772d89c-noviembre-69eeee772d89c\">\n                <p class=\"title text-blue mb-0\">\n                    <a class=\"btn-block hover text-left collapsed\" data-toggle=\"collapse\" data-target=\"#collap_procedimientos-de-contrataci-n-dirigidos-a-las-micro-peque-as-y-medianas-empresas-mipymes--69eeee772d89c-2023-69eeee772d89c-noviembre-69eeee772d89c\" aria-expanded=\"false\" aria-controls=\"collap_procedimientos-de-contrataci-n-dirigidos-a-las-micro-peque-as-y-medianas-empresas-mipymes--69eeee772d89c-2023-69eeee772d89c-noviembre-69eeee772d89c\">Noviembre<\/a>\n                <\/p>\n            <\/div>\n            <div id=\"collap_procedimientos-de-contrataci-n-dirigidos-a-las-micro-peque-as-y-medianas-empresas-mipymes--69eeee772d89c-2023-69eeee772d89c-noviembre-69eeee772d89c\" class=\"collapse\" aria-labelledby=\"heading_procedimientos-de-contrataci-n-dirigidos-a-las-micro-peque-as-y-medianas-empresas-mipymes--69eeee772d89c-2023-69eeee772d89c-noviembre-69eeee772d89c\" data-parent=\"#collap_procedimientos-de-contrataci-n-dirigidos-a-las-micro-peque-as-y-medianas-empresas-mipymes--69eeee772d89c-2023-69eeee772d89c\">\n                <div class=\"card-body\"><div class=\"jumbotron archivos\"><div class=\"row align-items-center\"><div class=\"col\"><h6><a class=\"text-dark\" href=\"https:\/\/comunidad.comprasdominicana.gob.do\/\/Public\/Tendering\/OpportunityDetail\/Index?noticeUID=DO1.NTC.1327160\" title=\"Ver\" target=\"_blank\">APORDOM-UC-CD-2023-0062<\/a><\/h6><p class=\"mb-0 bold\">Adquisici\u00f3n de Placas de Reconocimiento para Colaboradores de APORDOM, dirigido a Mipymes.<\/p><p class=\"mb-0\" style=\"font-size: .85rem\"><strong title=\"Estado del Proceso\"><i class=\"fas fa-spinner\"><\/i><\/strong> Proceso adjudicado y celebrado<\/p><p class=\"mb-0\" style=\"font-size: .85rem\"><strong title=\"Fecha de Publicaci\u00f3n\"><i class=\"fas fa-calendar-alt\"><\/i><\/strong> Publicado el lunes, 27 de noviembre de 2023<\/p><\/div><div class=\"col-auto mt-md-0 mt-2\"><a class=\"btn btn-primary btn-lg px-lg-4 d-none d-md-block\" href=\"https:\/\/comunidad.comprasdominicana.gob.do\/\/Public\/Tendering\/OpportunityDetail\/Index?noticeUID=DO1.NTC.1327160\" target=\"_blank\" title=\"Detalles\"><i class=\"fas fa-link\"><\/i> DETALLES<\/a><a class=\"btn btn-primary btn-lg px-lg-4 d-block d-md-none\" href=\"https:\/\/comunidad.comprasdominicana.gob.do\/\/Public\/Tendering\/OpportunityDetail\/Index?noticeUID=DO1.NTC.1327160\" target=\"_blank\" title=\"Detalles\"><i class=\"fas fa-2x fa-link\"><\/i><\/a><\/div><\/div><\/div><div class=\"jumbotron archivos\"><div class=\"row align-items-center\"><div class=\"col\"><h6><a class=\"text-dark\" href=\"https:\/\/comunidad.comprasdominicana.gob.do\/\/Public\/Tendering\/OpportunityDetail\/Index?noticeUID=DO1.NTC.1325835\" title=\"Ver\" target=\"_blank\">APORDOM-UC-CD-2023-0060<\/a><\/h6><p class=\"mb-0 bold\">ADQUISICION DE FARDOS DE FUNDAS PARA BASURA PARA USO DE APORDOM, DIRIGIDO A MIPYMES MUJER<\/p><p class=\"mb-0\" style=\"font-size: .85rem\"><strong title=\"Estado del Proceso\"><i class=\"fas fa-spinner\"><\/i><\/strong> Proceso adjudicado y celebrado<\/p><p class=\"mb-0\" style=\"font-size: .85rem\"><strong title=\"Fecha de Publicaci\u00f3n\"><i class=\"fas fa-calendar-alt\"><\/i><\/strong> Publicado el jueves, 23 de noviembre de 2023<\/p><\/div><div class=\"col-auto mt-md-0 mt-2\"><a class=\"btn btn-primary btn-lg px-lg-4 d-none d-md-block\" href=\"https:\/\/comunidad.comprasdominicana.gob.do\/\/Public\/Tendering\/OpportunityDetail\/Index?noticeUID=DO1.NTC.1325835\" target=\"_blank\" title=\"Detalles\"><i class=\"fas fa-link\"><\/i> DETALLES<\/a><a class=\"btn btn-primary btn-lg px-lg-4 d-block d-md-none\" href=\"https:\/\/comunidad.comprasdominicana.gob.do\/\/Public\/Tendering\/OpportunityDetail\/Index?noticeUID=DO1.NTC.1325835\" target=\"_blank\" title=\"Detalles\"><i class=\"fas fa-2x fa-link\"><\/i><\/a><\/div><\/div><\/div><div class=\"jumbotron archivos\"><div class=\"row align-items-center\"><div class=\"col\"><h6><a class=\"text-dark\" href=\"https:\/\/comunidad.comprasdominicana.gob.do\/\/Public\/Tendering\/OpportunityDetail\/Index?noticeUID=DO1.NTC.1325018\" title=\"Ver\" target=\"_blank\">APORDOM-DAF-CM-2023-0063<\/a><\/h6><p class=\"mb-0 bold\">Contrataci\u00f3n de Servicios de Sonido y Audiovisuales para Inauguraci\u00f3n Muelle Pesquero Palenque, dirigido a Mipymes.<\/p><p class=\"mb-0\" style=\"font-size: .85rem\"><strong title=\"Estado del Proceso\"><i class=\"fas fa-spinner\"><\/i><\/strong> Proceso adjudicado y celebrado<\/p><p class=\"mb-0\" style=\"font-size: .85rem\"><strong title=\"Fecha de Publicaci\u00f3n\"><i class=\"fas fa-calendar-alt\"><\/i><\/strong> Publicado el martes, 21 de noviembre de 2023<\/p><\/div><div class=\"col-auto mt-md-0 mt-2\"><a class=\"btn btn-primary btn-lg px-lg-4 d-none d-md-block\" href=\"https:\/\/comunidad.comprasdominicana.gob.do\/\/Public\/Tendering\/OpportunityDetail\/Index?noticeUID=DO1.NTC.1325018\" target=\"_blank\" title=\"Detalles\"><i class=\"fas fa-link\"><\/i> DETALLES<\/a><a class=\"btn btn-primary btn-lg px-lg-4 d-block d-md-none\" href=\"https:\/\/comunidad.comprasdominicana.gob.do\/\/Public\/Tendering\/OpportunityDetail\/Index?noticeUID=DO1.NTC.1325018\" target=\"_blank\" title=\"Detalles\"><i class=\"fas fa-2x fa-link\"><\/i><\/a><\/div><\/div><\/div><div class=\"jumbotron archivos\"><div class=\"row align-items-center\"><div class=\"col\"><h6><a class=\"text-dark\" href=\"https:\/\/comunidad.comprasdominicana.gob.do\/\/Public\/Tendering\/OpportunityDetail\/Index?noticeUID=DO1.NTC.1320852\" title=\"Ver\" target=\"_blank\">APORDOM-DAF-CM-2023-0060<\/a><\/h6><p class=\"mb-0 bold\">Adquisici\u00f3n de Mobiliario para diferentes Departamentos y Puertos de esta APORDOM, dirigido a Mipymes.<\/p><p class=\"mb-0\" style=\"font-size: .85rem\"><strong title=\"Estado del Proceso\"><i class=\"fas fa-spinner\"><\/i><\/strong> Proceso adjudicado y celebrado<\/p><p class=\"mb-0\" style=\"font-size: .85rem\"><strong title=\"Fecha de Publicaci\u00f3n\"><i class=\"fas fa-calendar-alt\"><\/i><\/strong> Publicado el martes, 14 de noviembre de 2023<\/p><\/div><div class=\"col-auto mt-md-0 mt-2\"><a class=\"btn btn-primary btn-lg px-lg-4 d-none d-md-block\" href=\"https:\/\/comunidad.comprasdominicana.gob.do\/\/Public\/Tendering\/OpportunityDetail\/Index?noticeUID=DO1.NTC.1320852\" target=\"_blank\" title=\"Detalles\"><i class=\"fas fa-link\"><\/i> DETALLES<\/a><a class=\"btn btn-primary btn-lg px-lg-4 d-block d-md-none\" href=\"https:\/\/comunidad.comprasdominicana.gob.do\/\/Public\/Tendering\/OpportunityDetail\/Index?noticeUID=DO1.NTC.1320852\" target=\"_blank\" title=\"Detalles\"><i class=\"fas fa-2x fa-link\"><\/i><\/a><\/div><\/div><\/div><div class=\"jumbotron archivos\"><div class=\"row align-items-center\"><div class=\"col\"><h6><a class=\"text-dark\" href=\"https:\/\/comunidad.comprasdominicana.gob.do\/\/Public\/Tendering\/OpportunityDetail\/Index?noticeUID=DO1.NTC.1320549\" title=\"Ver\" target=\"_blank\">APORDOM-DAF-CM-2023-0049<\/a><\/h6><p class=\"mb-0 bold\">Servicio de Coffee Break para uso de APORDOM, dirigido a Mipymes Mujer.<\/p><p class=\"mb-0\" style=\"font-size: .85rem\"><strong title=\"Estado del Proceso\"><i class=\"fas fa-spinner\"><\/i><\/strong> Proceso adjudicado y celebrado<\/p><p class=\"mb-0\" style=\"font-size: .85rem\"><strong title=\"Fecha de Publicaci\u00f3n\"><i class=\"fas fa-calendar-alt\"><\/i><\/strong> Publicado el martes, 14 de noviembre de 2023<\/p><\/div><div class=\"col-auto mt-md-0 mt-2\"><a class=\"btn btn-primary btn-lg px-lg-4 d-none d-md-block\" href=\"https:\/\/comunidad.comprasdominicana.gob.do\/\/Public\/Tendering\/OpportunityDetail\/Index?noticeUID=DO1.NTC.1320549\" target=\"_blank\" title=\"Detalles\"><i class=\"fas fa-link\"><\/i> DETALLES<\/a><a class=\"btn btn-primary btn-lg px-lg-4 d-block d-md-none\" href=\"https:\/\/comunidad.comprasdominicana.gob.do\/\/Public\/Tendering\/OpportunityDetail\/Index?noticeUID=DO1.NTC.1320549\" target=\"_blank\" title=\"Detalles\"><i class=\"fas fa-2x fa-link\"><\/i><\/a><\/div><\/div><\/div><div class=\"jumbotron archivos\"><div class=\"row align-items-center\"><div class=\"col\"><h6><a class=\"text-dark\" href=\"https:\/\/comunidad.comprasdominicana.gob.do\/\/Public\/Tendering\/OpportunityDetail\/Index?noticeUID=DO1.NTC.1318336\" title=\"Ver\" target=\"_blank\">APORDOM-DAF-CM-2023-0052<\/a><\/h6><p class=\"mb-0 bold\">Adquisici\u00f3n de Insumos de Oficinas y Materiales Gastable para diferentes Departamentos de esta APORDOM, dirigido a Mipymes.\n<\/p><p class=\"mb-0\" style=\"font-size: .85rem\"><strong title=\"Estado del Proceso\"><i class=\"fas fa-spinner\"><\/i><\/strong> Proceso adjudicado y celebrado<\/p><p class=\"mb-0\" style=\"font-size: .85rem\"><strong title=\"Fecha de Publicaci\u00f3n\"><i class=\"fas fa-calendar-alt\"><\/i><\/strong> Publicado el mi\u00e9rcoles, 8 de noviembre de 2023<\/p><\/div><div class=\"col-auto mt-md-0 mt-2\"><a class=\"btn btn-primary btn-lg px-lg-4 d-none d-md-block\" href=\"https:\/\/comunidad.comprasdominicana.gob.do\/\/Public\/Tendering\/OpportunityDetail\/Index?noticeUID=DO1.NTC.1318336\" target=\"_blank\" title=\"Detalles\"><i class=\"fas fa-link\"><\/i> DETALLES<\/a><a class=\"btn btn-primary btn-lg px-lg-4 d-block d-md-none\" href=\"https:\/\/comunidad.comprasdominicana.gob.do\/\/Public\/Tendering\/OpportunityDetail\/Index?noticeUID=DO1.NTC.1318336\" target=\"_blank\" title=\"Detalles\"><i class=\"fas fa-2x fa-link\"><\/i><\/a><\/div><\/div><\/div><div class=\"jumbotron archivos\"><div class=\"row align-items-center\"><div class=\"col\"><h6><a class=\"text-dark\" href=\"https:\/\/comunidad.comprasdominicana.gob.do\/\/Public\/Tendering\/OpportunityDetail\/Index?noticeUID=DO1.NTC.1317434\" title=\"Ver\" target=\"_blank\">APORDOM-UC-CD-2023-0058<\/a><\/h6><p class=\"mb-0 bold\">Adquisici\u00f3n de Cajas de Leche 27\/1 para Personal del Peaje de APORDOM, dirigido a Mipyme Mujer.<\/p><p class=\"mb-0\" style=\"font-size: .85rem\"><strong title=\"Estado del Proceso\"><i class=\"fas fa-spinner\"><\/i><\/strong> Proceso adjudicado y celebrado<\/p><p class=\"mb-0\" style=\"font-size: .85rem\"><strong title=\"Fecha de Publicaci\u00f3n\"><i class=\"fas fa-calendar-alt\"><\/i><\/strong> Publicado el martes, 7 de noviembre de 2023<\/p><\/div><div class=\"col-auto mt-md-0 mt-2\"><a class=\"btn btn-primary btn-lg px-lg-4 d-none d-md-block\" href=\"https:\/\/comunidad.comprasdominicana.gob.do\/\/Public\/Tendering\/OpportunityDetail\/Index?noticeUID=DO1.NTC.1317434\" target=\"_blank\" title=\"Detalles\"><i class=\"fas fa-link\"><\/i> DETALLES<\/a><a class=\"btn btn-primary btn-lg px-lg-4 d-block d-md-none\" href=\"https:\/\/comunidad.comprasdominicana.gob.do\/\/Public\/Tendering\/OpportunityDetail\/Index?noticeUID=DO1.NTC.1317434\" target=\"_blank\" title=\"Detalles\"><i class=\"fas fa-2x fa-link\"><\/i><\/a><\/div><\/div><\/div><div class=\"jumbotron archivos\"><div class=\"row align-items-center\"><div class=\"col\"><h6><a class=\"text-dark\" href=\"https:\/\/comunidad.comprasdominicana.gob.do\/\/Public\/Tendering\/OpportunityDetail\/Index?noticeUID=DO1.NTC.1317921\" title=\"Ver\" target=\"_blank\">APORDOM-DAF-CM-2023-0048<\/a><\/h6><p class=\"mb-0 bold\">Adquisici\u00f3n de Uniformes y Gorras para Diferentes Departamentos de esta APORDOM.<\/p><p class=\"mb-0\" style=\"font-size: .85rem\"><strong title=\"Estado del Proceso\"><i class=\"fas fa-spinner\"><\/i><\/strong> Proceso adjudicado y celebrado<\/p><p class=\"mb-0\" style=\"font-size: .85rem\"><strong title=\"Fecha de Publicaci\u00f3n\"><i class=\"fas fa-calendar-alt\"><\/i><\/strong> Publicado el martes, 7 de noviembre de 2023<\/p><\/div><div class=\"col-auto mt-md-0 mt-2\"><a class=\"btn btn-primary btn-lg px-lg-4 d-none d-md-block\" href=\"https:\/\/comunidad.comprasdominicana.gob.do\/\/Public\/Tendering\/OpportunityDetail\/Index?noticeUID=DO1.NTC.1317921\" target=\"_blank\" title=\"Detalles\"><i class=\"fas fa-link\"><\/i> DETALLES<\/a><a class=\"btn btn-primary btn-lg px-lg-4 d-block d-md-none\" href=\"https:\/\/comunidad.comprasdominicana.gob.do\/\/Public\/Tendering\/OpportunityDetail\/Index?noticeUID=DO1.NTC.1317921\" target=\"_blank\" title=\"Detalles\"><i class=\"fas fa-2x fa-link\"><\/i><\/a><\/div><\/div><\/div><div class=\"jumbotron archivos\"><div class=\"row align-items-center\"><div class=\"col\"><h6><a class=\"text-dark\" href=\"https:\/\/comunidad.comprasdominicana.gob.do\/\/Public\/Tendering\/OpportunityDetail\/Index?noticeUID=DO1.NTC.1317352\" title=\"Ver\" target=\"_blank\">APORDOM-DAF-CM-2023-0058<\/a><\/h6><p class=\"mb-0 bold\">Contrataci\u00f3n de empresa para Gesti\u00f3n de Eventos para Inauguraci\u00f3n Muelle Pesquero de Palenque, dirigido a Mipymes.<\/p><p class=\"mb-0\" style=\"font-size: .85rem\"><strong title=\"Estado del Proceso\"><i class=\"fas fa-spinner\"><\/i><\/strong> Proceso adjudicado y celebrado<\/p><p class=\"mb-0\" style=\"font-size: .85rem\"><strong title=\"Fecha de Publicaci\u00f3n\"><i class=\"fas fa-calendar-alt\"><\/i><\/strong> Publicado el viernes, 3 de noviembre de 2023<\/p><\/div><div class=\"col-auto mt-md-0 mt-2\"><a class=\"btn btn-primary btn-lg px-lg-4 d-none d-md-block\" href=\"https:\/\/comunidad.comprasdominicana.gob.do\/\/Public\/Tendering\/OpportunityDetail\/Index?noticeUID=DO1.NTC.1317352\" target=\"_blank\" title=\"Detalles\"><i class=\"fas fa-link\"><\/i> DETALLES<\/a><a class=\"btn btn-primary btn-lg px-lg-4 d-block d-md-none\" href=\"https:\/\/comunidad.comprasdominicana.gob.do\/\/Public\/Tendering\/OpportunityDetail\/Index?noticeUID=DO1.NTC.1317352\" target=\"_blank\" title=\"Detalles\"><i class=\"fas fa-2x fa-link\"><\/i><\/a><\/div><\/div><\/div><div class=\"jumbotron archivos\"><div class=\"row align-items-center\"><div class=\"col\"><h6><a class=\"text-dark\" href=\"https:\/\/comunidad.comprasdominicana.gob.do\/\/Public\/Tendering\/OpportunityDetail\/Index?noticeUID=DO1.NTC.1315632\" title=\"Ver\" target=\"_blank\">APORDOM-UC-CD-2023-0050<\/a><\/h6><p class=\"mb-0 bold\">ADQUISICION DE CORONAS Y ARREGLOS FLORALES A REQUERIMIENTO PARA USO DE APORDOM, DIRIGIDO A MIPYMES MUJER<\/p><p class=\"mb-0\" style=\"font-size: .85rem\"><strong title=\"Estado del Proceso\"><i class=\"fas fa-spinner\"><\/i><\/strong> Proceso adjudicado y celebrado<\/p><p class=\"mb-0\" style=\"font-size: .85rem\"><strong title=\"Fecha de Publicaci\u00f3n\"><i class=\"fas fa-calendar-alt\"><\/i><\/strong> Publicado el mi\u00e9rcoles, 1 de noviembre de 2023<\/p><\/div><div class=\"col-auto mt-md-0 mt-2\"><a class=\"btn btn-primary btn-lg px-lg-4 d-none d-md-block\" href=\"https:\/\/comunidad.comprasdominicana.gob.do\/\/Public\/Tendering\/OpportunityDetail\/Index?noticeUID=DO1.NTC.1315632\" target=\"_blank\" title=\"Detalles\"><i class=\"fas fa-link\"><\/i> DETALLES<\/a><a class=\"btn btn-primary btn-lg px-lg-4 d-block d-md-none\" href=\"https:\/\/comunidad.comprasdominicana.gob.do\/\/Public\/Tendering\/OpportunityDetail\/Index?noticeUID=DO1.NTC.1315632\" target=\"_blank\" title=\"Detalles\"><i class=\"fas fa-2x fa-link\"><\/i><\/a><\/div><\/div><\/div><\/div><\/div><\/div>\n        <div class=\"card\">\n            <div class=\"card-header parents\" id=\"heading_procedimientos-de-contrataci-n-dirigidos-a-las-micro-peque-as-y-medianas-empresas-mipymes--69eeee772d89c-2023-69eeee772d89c-octubre-69eeee772d89c\">\n                <p class=\"title text-blue mb-0\">\n                    <a class=\"btn-block hover text-left collapsed\" data-toggle=\"collapse\" data-target=\"#collap_procedimientos-de-contrataci-n-dirigidos-a-las-micro-peque-as-y-medianas-empresas-mipymes--69eeee772d89c-2023-69eeee772d89c-octubre-69eeee772d89c\" aria-expanded=\"false\" aria-controls=\"collap_procedimientos-de-contrataci-n-dirigidos-a-las-micro-peque-as-y-medianas-empresas-mipymes--69eeee772d89c-2023-69eeee772d89c-octubre-69eeee772d89c\">Octubre<\/a>\n                <\/p>\n            <\/div>\n            <div id=\"collap_procedimientos-de-contrataci-n-dirigidos-a-las-micro-peque-as-y-medianas-empresas-mipymes--69eeee772d89c-2023-69eeee772d89c-octubre-69eeee772d89c\" class=\"collapse\" aria-labelledby=\"heading_procedimientos-de-contrataci-n-dirigidos-a-las-micro-peque-as-y-medianas-empresas-mipymes--69eeee772d89c-2023-69eeee772d89c-octubre-69eeee772d89c\" data-parent=\"#collap_procedimientos-de-contrataci-n-dirigidos-a-las-micro-peque-as-y-medianas-empresas-mipymes--69eeee772d89c-2023-69eeee772d89c\">\n                <div class=\"card-body\"><div class=\"jumbotron archivos\"><div class=\"row align-items-center\"><div class=\"col\"><h6><a class=\"text-dark\" href=\"https:\/\/comunidad.comprasdominicana.gob.do\/\/Public\/Tendering\/OpportunityDetail\/Index?noticeUID=DO1.NTC.1315041\" title=\"Ver\" target=\"_blank\">APORDOM-DAF-CM-2023-0055<\/a><\/h6><p class=\"mb-0 bold\">Adquisici\u00f3n de Materiales e Insumos de Pintura para diferentes dependencias de esta APORDOM, dirigido a Mipymes.<\/p><p class=\"mb-0\" style=\"font-size: .85rem\"><strong title=\"Estado del Proceso\"><i class=\"fas fa-spinner\"><\/i><\/strong> Proceso adjudicado y celebrado<\/p><p class=\"mb-0\" style=\"font-size: .85rem\"><strong title=\"Fecha de Publicaci\u00f3n\"><i class=\"fas fa-calendar-alt\"><\/i><\/strong> Publicado el martes, 31 de octubre de 2023<\/p><\/div><div class=\"col-auto mt-md-0 mt-2\"><a class=\"btn btn-primary btn-lg px-lg-4 d-none d-md-block\" href=\"https:\/\/comunidad.comprasdominicana.gob.do\/\/Public\/Tendering\/OpportunityDetail\/Index?noticeUID=DO1.NTC.1315041\" target=\"_blank\" title=\"Detalles\"><i class=\"fas fa-link\"><\/i> DETALLES<\/a><a class=\"btn btn-primary btn-lg px-lg-4 d-block d-md-none\" href=\"https:\/\/comunidad.comprasdominicana.gob.do\/\/Public\/Tendering\/OpportunityDetail\/Index?noticeUID=DO1.NTC.1315041\" target=\"_blank\" title=\"Detalles\"><i class=\"fas fa-2x fa-link\"><\/i><\/a><\/div><\/div><\/div><div class=\"jumbotron archivos\"><div class=\"row align-items-center\"><div class=\"col\"><h6><a class=\"text-dark\" href=\"https:\/\/comunidad.comprasdominicana.gob.do\/\/Public\/Tendering\/OpportunityDetail\/Index?noticeUID=DO1.NTC.1315241\" title=\"Ver\" target=\"_blank\">APORDOM-DAF-CM-2023-0053<\/a><\/h6><p class=\"mb-0 bold\">Adquisici\u00f3n De Materiales El\u00e9ctricos Para Diferentes \u00c1reas De Apordom, Dirigido A Mipymes<\/p><p class=\"mb-0\" style=\"font-size: .85rem\"><strong title=\"Estado del Proceso\"><i class=\"fas fa-spinner\"><\/i><\/strong> Proceso adjudicado y celebrado<\/p><p class=\"mb-0\" style=\"font-size: .85rem\"><strong title=\"Fecha de Publicaci\u00f3n\"><i class=\"fas fa-calendar-alt\"><\/i><\/strong> Publicado el martes, 31 de octubre de 2023<\/p><\/div><div class=\"col-auto mt-md-0 mt-2\"><a class=\"btn btn-primary btn-lg px-lg-4 d-none d-md-block\" href=\"https:\/\/comunidad.comprasdominicana.gob.do\/\/Public\/Tendering\/OpportunityDetail\/Index?noticeUID=DO1.NTC.1315241\" target=\"_blank\" title=\"Detalles\"><i class=\"fas fa-link\"><\/i> DETALLES<\/a><a class=\"btn btn-primary btn-lg px-lg-4 d-block d-md-none\" href=\"https:\/\/comunidad.comprasdominicana.gob.do\/\/Public\/Tendering\/OpportunityDetail\/Index?noticeUID=DO1.NTC.1315241\" target=\"_blank\" title=\"Detalles\"><i class=\"fas fa-2x fa-link\"><\/i><\/a><\/div><\/div><\/div><div class=\"jumbotron archivos\"><div class=\"row align-items-center\"><div class=\"col\"><h6><a class=\"text-dark\" href=\"https:\/\/comunidad.comprasdominicana.gob.do\/\/Public\/Tendering\/OpportunityDetail\/Index?noticeUID=DO1.NTC.1314839\" title=\"Ver\" target=\"_blank\">APORDOM-DAF-CM-2023-0054<\/a><\/h6><p class=\"mb-0 bold\">Adquisici\u00f3n de Productos de Limpieza e Higiene para diferentes Departamentos y Puertos de esta APORDOM, dirigido a Mipymes.<\/p><p class=\"mb-0\" style=\"font-size: .85rem\"><strong title=\"Estado del Proceso\"><i class=\"fas fa-spinner\"><\/i><\/strong> Proceso adjudicado y celebrado<\/p><p class=\"mb-0\" style=\"font-size: .85rem\"><strong title=\"Fecha de Publicaci\u00f3n\"><i class=\"fas fa-calendar-alt\"><\/i><\/strong> Publicado el lunes, 30 de octubre de 2023<\/p><\/div><div class=\"col-auto mt-md-0 mt-2\"><a class=\"btn btn-primary btn-lg px-lg-4 d-none d-md-block\" href=\"https:\/\/comunidad.comprasdominicana.gob.do\/\/Public\/Tendering\/OpportunityDetail\/Index?noticeUID=DO1.NTC.1314839\" target=\"_blank\" title=\"Detalles\"><i class=\"fas fa-link\"><\/i> DETALLES<\/a><a class=\"btn btn-primary btn-lg px-lg-4 d-block d-md-none\" href=\"https:\/\/comunidad.comprasdominicana.gob.do\/\/Public\/Tendering\/OpportunityDetail\/Index?noticeUID=DO1.NTC.1314839\" target=\"_blank\" title=\"Detalles\"><i class=\"fas fa-2x fa-link\"><\/i><\/a><\/div><\/div><\/div><div class=\"jumbotron archivos\"><div class=\"row align-items-center\"><div class=\"col\"><h6><a class=\"text-dark\" href=\"https:\/\/comunidad.comprasdominicana.gob.do\/\/Public\/Tendering\/OpportunityDetail\/Index?noticeUID=DO1.NTC.1314727\" title=\"Ver\" target=\"_blank\">APORDOM-UC-CD-2023-0056<\/a><\/h6><p class=\"mb-0 bold\">Adquisici\u00f3n Resma de Papel Bond para Diferentes Departamentos y Puertos de esta APORDOM, dirigido a Mipymes.<\/p><p class=\"mb-0\" style=\"font-size: .85rem\"><strong title=\"Estado del Proceso\"><i class=\"fas fa-spinner\"><\/i><\/strong> Proceso adjudicado y celebrado<\/p><p class=\"mb-0\" style=\"font-size: .85rem\"><strong title=\"Fecha de Publicaci\u00f3n\"><i class=\"fas fa-calendar-alt\"><\/i><\/strong> Publicado el lunes, 30 de octubre de 2023<\/p><\/div><div class=\"col-auto mt-md-0 mt-2\"><a class=\"btn btn-primary btn-lg px-lg-4 d-none d-md-block\" href=\"https:\/\/comunidad.comprasdominicana.gob.do\/\/Public\/Tendering\/OpportunityDetail\/Index?noticeUID=DO1.NTC.1314727\" target=\"_blank\" title=\"Detalles\"><i class=\"fas fa-link\"><\/i> DETALLES<\/a><a class=\"btn btn-primary btn-lg px-lg-4 d-block d-md-none\" href=\"https:\/\/comunidad.comprasdominicana.gob.do\/\/Public\/Tendering\/OpportunityDetail\/Index?noticeUID=DO1.NTC.1314727\" target=\"_blank\" title=\"Detalles\"><i class=\"fas fa-2x fa-link\"><\/i><\/a><\/div><\/div><\/div><\/div><\/div><\/div>\n        <div class=\"card\">\n            <div class=\"card-header parents\" id=\"heading_procedimientos-de-contrataci-n-dirigidos-a-las-micro-peque-as-y-medianas-empresas-mipymes--69eeee772d89c-2023-69eeee772d89c-septiembre-69eeee772d89c\">\n                <p class=\"title text-blue mb-0\">\n                    <a class=\"btn-block hover text-left collapsed\" data-toggle=\"collapse\" data-target=\"#collap_procedimientos-de-contrataci-n-dirigidos-a-las-micro-peque-as-y-medianas-empresas-mipymes--69eeee772d89c-2023-69eeee772d89c-septiembre-69eeee772d89c\" aria-expanded=\"false\" aria-controls=\"collap_procedimientos-de-contrataci-n-dirigidos-a-las-micro-peque-as-y-medianas-empresas-mipymes--69eeee772d89c-2023-69eeee772d89c-septiembre-69eeee772d89c\">Septiembre<\/a>\n                <\/p>\n            <\/div>\n            <div id=\"collap_procedimientos-de-contrataci-n-dirigidos-a-las-micro-peque-as-y-medianas-empresas-mipymes--69eeee772d89c-2023-69eeee772d89c-septiembre-69eeee772d89c\" class=\"collapse\" aria-labelledby=\"heading_procedimientos-de-contrataci-n-dirigidos-a-las-micro-peque-as-y-medianas-empresas-mipymes--69eeee772d89c-2023-69eeee772d89c-septiembre-69eeee772d89c\" data-parent=\"#collap_procedimientos-de-contrataci-n-dirigidos-a-las-micro-peque-as-y-medianas-empresas-mipymes--69eeee772d89c-2023-69eeee772d89c\">\n                <div class=\"card-body\"><div class=\"jumbotron archivos\"><div class=\"row align-items-center\"><div class=\"col\"><h6><a class=\"text-dark\" href=\"https:\/\/comunidad.comprasdominicana.gob.do\/\/Public\/Tendering\/OpportunityDetail\/Index?noticeUID=DO1.NTC.1301538\" title=\"Ver\" target=\"_blank\">APORDOM-CCC-CP-2023-0009<\/a><\/h6><p class=\"mb-0 bold\">Servicio de Contrataci\u00f3n de Montaje de Eventos, dirigido a Mipymes.<\/p><p class=\"mb-0\" style=\"font-size: .85rem\"><strong title=\"Estado del Proceso\"><i class=\"fas fa-spinner\"><\/i><\/strong> Proceso adjudicado y celebrado<\/p><p class=\"mb-0\" style=\"font-size: .85rem\"><strong title=\"Fecha de Publicaci\u00f3n\"><i class=\"fas fa-calendar-alt\"><\/i><\/strong> Publicado el viernes, 29 de septiembre de 2023<\/p><\/div><div class=\"col-auto mt-md-0 mt-2\"><a class=\"btn btn-primary btn-lg px-lg-4 d-none d-md-block\" href=\"https:\/\/comunidad.comprasdominicana.gob.do\/\/Public\/Tendering\/OpportunityDetail\/Index?noticeUID=DO1.NTC.1301538\" target=\"_blank\" title=\"Detalles\"><i class=\"fas fa-link\"><\/i> DETALLES<\/a><a class=\"btn btn-primary btn-lg px-lg-4 d-block d-md-none\" href=\"https:\/\/comunidad.comprasdominicana.gob.do\/\/Public\/Tendering\/OpportunityDetail\/Index?noticeUID=DO1.NTC.1301538\" target=\"_blank\" title=\"Detalles\"><i class=\"fas fa-2x fa-link\"><\/i><\/a><\/div><\/div><\/div><div class=\"jumbotron archivos\"><div class=\"row align-items-center\"><div class=\"col\"><h6><a class=\"text-dark\" href=\"https:\/\/comunidad.comprasdominicana.gob.do\/\/Public\/Tendering\/OpportunityDetail\/Index?noticeUID=DO1.NTC.1300407\" title=\"Ver\" target=\"_blank\">APORDOM-CCC-LPN-2023-0003<\/a><\/h6><p class=\"mb-0 bold\">Servicio Contrataci\u00f3n de empresa para Gesti\u00f3n de Eventos para Inauguraciones y Actividades de APORDOM, dirigido a Mipymes.<\/p><p class=\"mb-0\" style=\"font-size: .85rem\"><strong title=\"Estado del Proceso\"><i class=\"fas fa-spinner\"><\/i><\/strong> Proceso adjudicado y celebrado<\/p><p class=\"mb-0\" style=\"font-size: .85rem\"><strong title=\"Fecha de Publicaci\u00f3n\"><i class=\"fas fa-calendar-alt\"><\/i><\/strong> Publicado el mi\u00e9rcoles, 27 de septiembre de 2023<\/p><\/div><div class=\"col-auto mt-md-0 mt-2\"><a class=\"btn btn-primary btn-lg px-lg-4 d-none d-md-block\" href=\"https:\/\/comunidad.comprasdominicana.gob.do\/\/Public\/Tendering\/OpportunityDetail\/Index?noticeUID=DO1.NTC.1300407\" target=\"_blank\" title=\"Detalles\"><i class=\"fas fa-link\"><\/i> DETALLES<\/a><a class=\"btn btn-primary btn-lg px-lg-4 d-block d-md-none\" href=\"https:\/\/comunidad.comprasdominicana.gob.do\/\/Public\/Tendering\/OpportunityDetail\/Index?noticeUID=DO1.NTC.1300407\" target=\"_blank\" title=\"Detalles\"><i class=\"fas fa-2x fa-link\"><\/i><\/a><\/div><\/div><\/div><div class=\"jumbotron archivos\"><div class=\"row align-items-center\"><div class=\"col\"><h6><a class=\"text-dark\" href=\"https:\/\/comunidad.comprasdominicana.gob.do\/\/Public\/Tendering\/OpportunityDetail\/Index?noticeUID=DO1.NTC.1291534\" title=\"Ver\" target=\"_blank\">APORDOM-DAF-CM-2023-0044<\/a><\/h6><p class=\"mb-0 bold\">ADQUISICI\u00d3N DE SCANNER Y ACCESORIOS TECNOL\u00d3GICOS PARA USO DE APORDOM DIRIGIDO A MIPYMES<\/p><p class=\"mb-0\" style=\"font-size: .85rem\"><strong title=\"Estado del Proceso\"><i class=\"fas fa-spinner\"><\/i><\/strong> Proceso adjudicado y celebrado<\/p><p class=\"mb-0\" style=\"font-size: .85rem\"><strong title=\"Fecha de Publicaci\u00f3n\"><i class=\"fas fa-calendar-alt\"><\/i><\/strong> Publicado el jueves, 7 de septiembre de 2023<\/p><\/div><div class=\"col-auto mt-md-0 mt-2\"><a class=\"btn btn-primary btn-lg px-lg-4 d-none d-md-block\" href=\"https:\/\/comunidad.comprasdominicana.gob.do\/\/Public\/Tendering\/OpportunityDetail\/Index?noticeUID=DO1.NTC.1291534\" target=\"_blank\" title=\"Detalles\"><i class=\"fas fa-link\"><\/i> DETALLES<\/a><a class=\"btn btn-primary btn-lg px-lg-4 d-block d-md-none\" href=\"https:\/\/comunidad.comprasdominicana.gob.do\/\/Public\/Tendering\/OpportunityDetail\/Index?noticeUID=DO1.NTC.1291534\" target=\"_blank\" title=\"Detalles\"><i class=\"fas fa-2x fa-link\"><\/i><\/a><\/div><\/div><\/div><\/div><\/div><\/div>\n        <div class=\"card\">\n            <div class=\"card-header parents\" id=\"heading_procedimientos-de-contrataci-n-dirigidos-a-las-micro-peque-as-y-medianas-empresas-mipymes--69eeee772d89c-2023-69eeee772d89c-agosto-69eeee772d89c\">\n                <p class=\"title text-blue mb-0\">\n                    <a class=\"btn-block hover text-left collapsed\" data-toggle=\"collapse\" data-target=\"#collap_procedimientos-de-contrataci-n-dirigidos-a-las-micro-peque-as-y-medianas-empresas-mipymes--69eeee772d89c-2023-69eeee772d89c-agosto-69eeee772d89c\" aria-expanded=\"false\" aria-controls=\"collap_procedimientos-de-contrataci-n-dirigidos-a-las-micro-peque-as-y-medianas-empresas-mipymes--69eeee772d89c-2023-69eeee772d89c-agosto-69eeee772d89c\">Agosto<\/a>\n                <\/p>\n            <\/div>\n            <div id=\"collap_procedimientos-de-contrataci-n-dirigidos-a-las-micro-peque-as-y-medianas-empresas-mipymes--69eeee772d89c-2023-69eeee772d89c-agosto-69eeee772d89c\" class=\"collapse\" aria-labelledby=\"heading_procedimientos-de-contrataci-n-dirigidos-a-las-micro-peque-as-y-medianas-empresas-mipymes--69eeee772d89c-2023-69eeee772d89c-agosto-69eeee772d89c\" data-parent=\"#collap_procedimientos-de-contrataci-n-dirigidos-a-las-micro-peque-as-y-medianas-empresas-mipymes--69eeee772d89c-2023-69eeee772d89c\">\n                <div class=\"card-body\"><div class=\"jumbotron archivos\"><div class=\"row align-items-center\"><div class=\"col\"><h6><a class=\"text-dark\" href=\"https:\/\/comunidad.comprasdominicana.gob.do\/\/Public\/Tendering\/OpportunityDetail\/Index?noticeUID=DO1.NTC.1278606\" title=\"Ver\" target=\"_blank\">APORDOM-DAF-CM-2023-0040<\/a><\/h6><p class=\"mb-0 bold\">Servicio de Catering para Reuniones y Actividades Institucionales-Dirigido a Mipymes Mujer <\/p><p class=\"mb-0\" style=\"font-size: .85rem\"><strong title=\"Estado del Proceso\"><i class=\"fas fa-spinner\"><\/i><\/strong> Proceso adjudicado y celebrado<\/p><p class=\"mb-0\" style=\"font-size: .85rem\"><strong title=\"Fecha de Publicaci\u00f3n\"><i class=\"fas fa-calendar-alt\"><\/i><\/strong> Publicado el lunes, 7 de agosto de 2023<\/p><\/div><div class=\"col-auto mt-md-0 mt-2\"><a class=\"btn btn-primary btn-lg px-lg-4 d-none d-md-block\" href=\"https:\/\/comunidad.comprasdominicana.gob.do\/\/Public\/Tendering\/OpportunityDetail\/Index?noticeUID=DO1.NTC.1278606\" target=\"_blank\" title=\"Detalles\"><i class=\"fas fa-link\"><\/i> DETALLES<\/a><a class=\"btn btn-primary btn-lg px-lg-4 d-block d-md-none\" href=\"https:\/\/comunidad.comprasdominicana.gob.do\/\/Public\/Tendering\/OpportunityDetail\/Index?noticeUID=DO1.NTC.1278606\" target=\"_blank\" title=\"Detalles\"><i class=\"fas fa-2x fa-link\"><\/i><\/a><\/div><\/div><\/div><div class=\"jumbotron archivos\"><div class=\"row align-items-center\"><div class=\"col\"><h6><a class=\"text-dark\" href=\"https:\/\/comunidad.comprasdominicana.gob.do\/\/Public\/Tendering\/OpportunityDetail\/Index?noticeUID=DO1.NTC.1278505\" title=\"Ver\" target=\"_blank\">APORDOM-DAF-CM-2023-0037<\/a><\/h6><p class=\"mb-0 bold\">ADQUISICION DE ARTICULOS DE COCINA Y ELECTRODOMESTICOS PARA  OFICINAS DE APORDOM -DIRIGIDO A MIPYMES.<\/p><p class=\"mb-0\" style=\"font-size: .85rem\"><strong title=\"Estado del Proceso\"><i class=\"fas fa-spinner\"><\/i><\/strong> Proceso adjudicado y celebrado<\/p><p class=\"mb-0\" style=\"font-size: .85rem\"><strong title=\"Fecha de Publicaci\u00f3n\"><i class=\"fas fa-calendar-alt\"><\/i><\/strong> Publicado el lunes, 7 de agosto de 2023<\/p><\/div><div class=\"col-auto mt-md-0 mt-2\"><a class=\"btn btn-primary btn-lg px-lg-4 d-none d-md-block\" href=\"https:\/\/comunidad.comprasdominicana.gob.do\/\/Public\/Tendering\/OpportunityDetail\/Index?noticeUID=DO1.NTC.1278505\" target=\"_blank\" title=\"Detalles\"><i class=\"fas fa-link\"><\/i> DETALLES<\/a><a class=\"btn btn-primary btn-lg px-lg-4 d-block d-md-none\" href=\"https:\/\/comunidad.comprasdominicana.gob.do\/\/Public\/Tendering\/OpportunityDetail\/Index?noticeUID=DO1.NTC.1278505\" target=\"_blank\" title=\"Detalles\"><i class=\"fas fa-2x fa-link\"><\/i><\/a><\/div><\/div><\/div><div class=\"jumbotron archivos\"><div class=\"row align-items-center\"><div class=\"col\"><h6><a class=\"text-dark\" href=\"https:\/\/comunidad.comprasdominicana.gob.do\/\/Public\/Tendering\/OpportunityDetail\/Index?noticeUID=DO1.NTC.1277901\" title=\"Ver\" target=\"_blank\">APORDOM-DAF-CM-2023-0039<\/a><\/h6><p class=\"mb-0 bold\">Adquisici\u00f3n de Art\u00edculos Comestibles y Gastables - DIRIGIDO A MIPYMES<\/p><p class=\"mb-0\" style=\"font-size: .85rem\"><strong title=\"Estado del Proceso\"><i class=\"fas fa-spinner\"><\/i><\/strong> Proceso adjudicado y celebrado<\/p><p class=\"mb-0\" style=\"font-size: .85rem\"><strong title=\"Fecha de Publicaci\u00f3n\"><i class=\"fas fa-calendar-alt\"><\/i><\/strong> Publicado el viernes, 4 de agosto de 2023<\/p><\/div><div class=\"col-auto mt-md-0 mt-2\"><a class=\"btn btn-primary btn-lg px-lg-4 d-none d-md-block\" href=\"https:\/\/comunidad.comprasdominicana.gob.do\/\/Public\/Tendering\/OpportunityDetail\/Index?noticeUID=DO1.NTC.1277901\" target=\"_blank\" title=\"Detalles\"><i class=\"fas fa-link\"><\/i> DETALLES<\/a><a class=\"btn btn-primary btn-lg px-lg-4 d-block d-md-none\" href=\"https:\/\/comunidad.comprasdominicana.gob.do\/\/Public\/Tendering\/OpportunityDetail\/Index?noticeUID=DO1.NTC.1277901\" target=\"_blank\" title=\"Detalles\"><i class=\"fas fa-2x fa-link\"><\/i><\/a><\/div><\/div><\/div><div class=\"jumbotron archivos\"><div class=\"row align-items-center\"><div class=\"col\"><h6><a class=\"text-dark\" href=\"https:\/\/comunidad.comprasdominicana.gob.do\/\/Public\/Tendering\/OpportunityDetail\/Index?noticeUID=DO1.NTC.1276531\" title=\"Ver\" target=\"_blank\">APORDOM-DAF-CM-2023-0038<\/a><\/h6><p class=\"mb-0 bold\">ADQUISICI\u00d3N DE MATERIAL GASTABLE Y DE OFICINA PARA USO DE APORDOM, DIRIGIDO A MIPYMES.<\/p><p class=\"mb-0\" style=\"font-size: .85rem\"><strong title=\"Estado del Proceso\"><i class=\"fas fa-spinner\"><\/i><\/strong> Proceso adjudicado y celebrado<\/p><p class=\"mb-0\" style=\"font-size: .85rem\"><strong title=\"Fecha de Publicaci\u00f3n\"><i class=\"fas fa-calendar-alt\"><\/i><\/strong> Publicado el mi\u00e9rcoles, 2 de agosto de 2023<\/p><\/div><div class=\"col-auto mt-md-0 mt-2\"><a class=\"btn btn-primary btn-lg px-lg-4 d-none d-md-block\" href=\"https:\/\/comunidad.comprasdominicana.gob.do\/\/Public\/Tendering\/OpportunityDetail\/Index?noticeUID=DO1.NTC.1276531\" target=\"_blank\" title=\"Detalles\"><i class=\"fas fa-link\"><\/i> DETALLES<\/a><a class=\"btn btn-primary btn-lg px-lg-4 d-block d-md-none\" href=\"https:\/\/comunidad.comprasdominicana.gob.do\/\/Public\/Tendering\/OpportunityDetail\/Index?noticeUID=DO1.NTC.1276531\" target=\"_blank\" title=\"Detalles\"><i class=\"fas fa-2x fa-link\"><\/i><\/a><\/div><\/div><\/div><\/div><\/div><\/div>\n        <div class=\"card\">\n            <div class=\"card-header parents\" id=\"heading_procedimientos-de-contrataci-n-dirigidos-a-las-micro-peque-as-y-medianas-empresas-mipymes--69eeee772d89c-2023-69eeee772d89c-julio-69eeee772d89c\">\n                <p class=\"title text-blue mb-0\">\n                    <a class=\"btn-block hover text-left collapsed\" data-toggle=\"collapse\" data-target=\"#collap_procedimientos-de-contrataci-n-dirigidos-a-las-micro-peque-as-y-medianas-empresas-mipymes--69eeee772d89c-2023-69eeee772d89c-julio-69eeee772d89c\" aria-expanded=\"false\" aria-controls=\"collap_procedimientos-de-contrataci-n-dirigidos-a-las-micro-peque-as-y-medianas-empresas-mipymes--69eeee772d89c-2023-69eeee772d89c-julio-69eeee772d89c\">Julio<\/a>\n                <\/p>\n            <\/div>\n            <div id=\"collap_procedimientos-de-contrataci-n-dirigidos-a-las-micro-peque-as-y-medianas-empresas-mipymes--69eeee772d89c-2023-69eeee772d89c-julio-69eeee772d89c\" class=\"collapse\" aria-labelledby=\"heading_procedimientos-de-contrataci-n-dirigidos-a-las-micro-peque-as-y-medianas-empresas-mipymes--69eeee772d89c-2023-69eeee772d89c-julio-69eeee772d89c\" data-parent=\"#collap_procedimientos-de-contrataci-n-dirigidos-a-las-micro-peque-as-y-medianas-empresas-mipymes--69eeee772d89c-2023-69eeee772d89c\">\n                <div class=\"card-body\"><div class=\"jumbotron archivos\"><div class=\"row align-items-center\"><div class=\"col\"><h6><a class=\"text-dark\" href=\"https:\/\/comunidad.comprasdominicana.gob.do\/\/Public\/Tendering\/OpportunityDetail\/Index?noticeUID=DO1.NTC.1274639\" title=\"Ver\" target=\"_blank\">APORDOM-UC-CD-2023-0048<\/a><\/h6><p class=\"mb-0 bold\">SERVICIO DE ALMUERZOS PRE-EMPACADOS, DIRIGIDO A MIPYMES.<\/p><p class=\"mb-0\" style=\"font-size: .85rem\"><strong title=\"Estado del Proceso\"><i class=\"fas fa-spinner\"><\/i><\/strong> Proceso adjudicado y celebrado<\/p><p class=\"mb-0\" style=\"font-size: .85rem\"><strong title=\"Fecha de Publicaci\u00f3n\"><i class=\"fas fa-calendar-alt\"><\/i><\/strong> Publicado el viernes, 28 de julio de 2023<\/p><\/div><div class=\"col-auto mt-md-0 mt-2\"><a class=\"btn btn-primary btn-lg px-lg-4 d-none d-md-block\" href=\"https:\/\/comunidad.comprasdominicana.gob.do\/\/Public\/Tendering\/OpportunityDetail\/Index?noticeUID=DO1.NTC.1274639\" target=\"_blank\" title=\"Detalles\"><i class=\"fas fa-link\"><\/i> DETALLES<\/a><a class=\"btn btn-primary btn-lg px-lg-4 d-block d-md-none\" href=\"https:\/\/comunidad.comprasdominicana.gob.do\/\/Public\/Tendering\/OpportunityDetail\/Index?noticeUID=DO1.NTC.1274639\" target=\"_blank\" title=\"Detalles\"><i class=\"fas fa-2x fa-link\"><\/i><\/a><\/div><\/div><\/div><div class=\"jumbotron archivos\"><div class=\"row align-items-center\"><div class=\"col\"><h6><a class=\"text-dark\" href=\"https:\/\/comunidad.comprasdominicana.gob.do\/\/Public\/Tendering\/OpportunityDetail\/Index?noticeUID=DO1.NTC.1271233\" title=\"Ver\" target=\"_blank\">APORDOM-UC-CD-2023-0044<\/a><\/h6><p class=\"mb-0 bold\">ADQUISICION DE CAFE PARA USO DE APORDOM DIRIGIDO A MIPYMES MUJER<\/p><p class=\"mb-0\" style=\"font-size: .85rem\"><strong title=\"Estado del Proceso\"><i class=\"fas fa-spinner\"><\/i><\/strong> Proceso adjudicado y celebrado<\/p><p class=\"mb-0\" style=\"font-size: .85rem\"><strong title=\"Fecha de Publicaci\u00f3n\"><i class=\"fas fa-calendar-alt\"><\/i><\/strong> Publicado el jueves, 20 de julio de 2023<\/p><\/div><div class=\"col-auto mt-md-0 mt-2\"><a class=\"btn btn-primary btn-lg px-lg-4 d-none d-md-block\" href=\"https:\/\/comunidad.comprasdominicana.gob.do\/\/Public\/Tendering\/OpportunityDetail\/Index?noticeUID=DO1.NTC.1271233\" target=\"_blank\" title=\"Detalles\"><i class=\"fas fa-link\"><\/i> DETALLES<\/a><a class=\"btn btn-primary btn-lg px-lg-4 d-block d-md-none\" href=\"https:\/\/comunidad.comprasdominicana.gob.do\/\/Public\/Tendering\/OpportunityDetail\/Index?noticeUID=DO1.NTC.1271233\" target=\"_blank\" title=\"Detalles\"><i class=\"fas fa-2x fa-link\"><\/i><\/a><\/div><\/div><\/div><div class=\"jumbotron archivos\"><div class=\"row align-items-center\"><div class=\"col\"><h6><a class=\"text-dark\" href=\"https:\/\/comunidad.comprasdominicana.gob.do\/\/Public\/Tendering\/OpportunityDetail\/Index?noticeUID=DO1.NTC.1271224\" title=\"Ver\" target=\"_blank\">APORDOM-DAF-CM-2023-0036<\/a><\/h6><p class=\"mb-0 bold\">ADQUISICI\u00d3N Y SERVICIO DE ART\u00cdCULOS IMPRESOS PARA USO DE APORDOM, DIRIGIDO A MIPYME<\/p><p class=\"mb-0\" style=\"font-size: .85rem\"><strong title=\"Estado del Proceso\"><i class=\"fas fa-spinner\"><\/i><\/strong> Proceso adjudicado y celebrado<\/p><p class=\"mb-0\" style=\"font-size: .85rem\"><strong title=\"Fecha de Publicaci\u00f3n\"><i class=\"fas fa-calendar-alt\"><\/i><\/strong> Publicado el jueves, 20 de julio de 2023<\/p><\/div><div class=\"col-auto mt-md-0 mt-2\"><a class=\"btn btn-primary btn-lg px-lg-4 d-none d-md-block\" href=\"https:\/\/comunidad.comprasdominicana.gob.do\/\/Public\/Tendering\/OpportunityDetail\/Index?noticeUID=DO1.NTC.1271224\" target=\"_blank\" title=\"Detalles\"><i class=\"fas fa-link\"><\/i> DETALLES<\/a><a class=\"btn btn-primary btn-lg px-lg-4 d-block d-md-none\" href=\"https:\/\/comunidad.comprasdominicana.gob.do\/\/Public\/Tendering\/OpportunityDetail\/Index?noticeUID=DO1.NTC.1271224\" target=\"_blank\" title=\"Detalles\"><i class=\"fas fa-2x fa-link\"><\/i><\/a><\/div><\/div><\/div><div class=\"jumbotron archivos\"><div class=\"row align-items-center\"><div class=\"col\"><h6><a class=\"text-dark\" href=\"https:\/\/comunidad.comprasdominicana.gob.do\/\/Public\/Tendering\/OpportunityDetail\/Index?noticeUID=DO1.NTC.1269143\" title=\"Ver\" target=\"_blank\">APORDOM-DAF-CM-2023-0035<\/a><\/h6><p class=\"mb-0 bold\">Adquisici\u00f3n de Insumos L\u00edquidos y Comestibles para uso de APORDOM, dirigido a Mipymes Mujer.<\/p><p class=\"mb-0\" style=\"font-size: .85rem\"><strong title=\"Estado del Proceso\"><i class=\"fas fa-spinner\"><\/i><\/strong> Proceso adjudicado y celebrado<\/p><p class=\"mb-0\" style=\"font-size: .85rem\"><strong title=\"Fecha de Publicaci\u00f3n\"><i class=\"fas fa-calendar-alt\"><\/i><\/strong> Publicado el lunes, 17 de julio de 2023<\/p><\/div><div class=\"col-auto mt-md-0 mt-2\"><a class=\"btn btn-primary btn-lg px-lg-4 d-none d-md-block\" href=\"https:\/\/comunidad.comprasdominicana.gob.do\/\/Public\/Tendering\/OpportunityDetail\/Index?noticeUID=DO1.NTC.1269143\" target=\"_blank\" title=\"Detalles\"><i class=\"fas fa-link\"><\/i> DETALLES<\/a><a class=\"btn btn-primary btn-lg px-lg-4 d-block d-md-none\" href=\"https:\/\/comunidad.comprasdominicana.gob.do\/\/Public\/Tendering\/OpportunityDetail\/Index?noticeUID=DO1.NTC.1269143\" target=\"_blank\" title=\"Detalles\"><i class=\"fas fa-2x fa-link\"><\/i><\/a><\/div><\/div><\/div><div class=\"jumbotron archivos\"><div class=\"row align-items-center\"><div class=\"col\"><h6><a class=\"text-dark\" href=\"https:\/\/comunidad.comprasdominicana.gob.do\/\/Public\/Tendering\/OpportunityDetail\/Index?noticeUID=DO1.NTC.1269324\" title=\"Ver\" target=\"_blank\">APORDOM-DAF-CM-2023-0034<\/a><\/h6><p class=\"mb-0 bold\">Adquisici\u00f3n de Tazas y Kit de notas para Empleados de APORDOM-Dirigido a Mipymes <\/p><p class=\"mb-0\" style=\"font-size: .85rem\"><strong title=\"Estado del Proceso\"><i class=\"fas fa-spinner\"><\/i><\/strong> Proceso adjudicado y celebrado<\/p><p class=\"mb-0\" style=\"font-size: .85rem\"><strong title=\"Fecha de Publicaci\u00f3n\"><i class=\"fas fa-calendar-alt\"><\/i><\/strong> Publicado el lunes, 17 de julio de 2023<\/p><\/div><div class=\"col-auto mt-md-0 mt-2\"><a class=\"btn btn-primary btn-lg px-lg-4 d-none d-md-block\" href=\"https:\/\/comunidad.comprasdominicana.gob.do\/\/Public\/Tendering\/OpportunityDetail\/Index?noticeUID=DO1.NTC.1269324\" target=\"_blank\" title=\"Detalles\"><i class=\"fas fa-link\"><\/i> DETALLES<\/a><a class=\"btn btn-primary btn-lg px-lg-4 d-block d-md-none\" href=\"https:\/\/comunidad.comprasdominicana.gob.do\/\/Public\/Tendering\/OpportunityDetail\/Index?noticeUID=DO1.NTC.1269324\" target=\"_blank\" title=\"Detalles\"><i class=\"fas fa-2x fa-link\"><\/i><\/a><\/div><\/div><\/div><\/div><\/div><\/div>\n        <div class=\"card\">\n            <div class=\"card-header parents\" id=\"heading_procedimientos-de-contrataci-n-dirigidos-a-las-micro-peque-as-y-medianas-empresas-mipymes--69eeee772d89c-2023-69eeee772d89c-junio-69eeee772d89c\">\n                <p class=\"title text-blue mb-0\">\n                    <a class=\"btn-block hover text-left collapsed\" data-toggle=\"collapse\" data-target=\"#collap_procedimientos-de-contrataci-n-dirigidos-a-las-micro-peque-as-y-medianas-empresas-mipymes--69eeee772d89c-2023-69eeee772d89c-junio-69eeee772d89c\" aria-expanded=\"false\" aria-controls=\"collap_procedimientos-de-contrataci-n-dirigidos-a-las-micro-peque-as-y-medianas-empresas-mipymes--69eeee772d89c-2023-69eeee772d89c-junio-69eeee772d89c\">Junio<\/a>\n                <\/p>\n            <\/div>\n            <div id=\"collap_procedimientos-de-contrataci-n-dirigidos-a-las-micro-peque-as-y-medianas-empresas-mipymes--69eeee772d89c-2023-69eeee772d89c-junio-69eeee772d89c\" class=\"collapse\" aria-labelledby=\"heading_procedimientos-de-contrataci-n-dirigidos-a-las-micro-peque-as-y-medianas-empresas-mipymes--69eeee772d89c-2023-69eeee772d89c-junio-69eeee772d89c\" data-parent=\"#collap_procedimientos-de-contrataci-n-dirigidos-a-las-micro-peque-as-y-medianas-empresas-mipymes--69eeee772d89c-2023-69eeee772d89c\">\n                <div class=\"card-body\"><div class=\"jumbotron archivos\"><div class=\"row align-items-center\"><div class=\"col\"><h6><a class=\"text-dark\" href=\"https:\/\/comunidad.comprasdominicana.gob.do\/\/Public\/Tendering\/OpportunityDetail\/Index?noticeUID=DO1.NTC.1257601\" title=\"Ver\" target=\"_blank\">APORDOM-UC-CD-2023-0037<\/a><\/h6><p class=\"mb-0 bold\">ADQUISICI\u00d3N DE ASTAS ENSAMBLABLES PARA USO DE APORDOM DIRIGIDO A MIPYMES<\/p><p class=\"mb-0\" style=\"font-size: .85rem\"><strong title=\"Estado del Proceso\"><i class=\"fas fa-spinner\"><\/i><\/strong> Proceso adjudicado y celebrado<\/p><p class=\"mb-0\" style=\"font-size: .85rem\"><strong title=\"Fecha de Publicaci\u00f3n\"><i class=\"fas fa-calendar-alt\"><\/i><\/strong> Publicado el mi\u00e9rcoles, 21 de junio de 2023<\/p><\/div><div class=\"col-auto mt-md-0 mt-2\"><a class=\"btn btn-primary btn-lg px-lg-4 d-none d-md-block\" href=\"https:\/\/comunidad.comprasdominicana.gob.do\/\/Public\/Tendering\/OpportunityDetail\/Index?noticeUID=DO1.NTC.1257601\" target=\"_blank\" title=\"Detalles\"><i class=\"fas fa-link\"><\/i> DETALLES<\/a><a class=\"btn btn-primary btn-lg px-lg-4 d-block d-md-none\" href=\"https:\/\/comunidad.comprasdominicana.gob.do\/\/Public\/Tendering\/OpportunityDetail\/Index?noticeUID=DO1.NTC.1257601\" target=\"_blank\" title=\"Detalles\"><i class=\"fas fa-2x fa-link\"><\/i><\/a><\/div><\/div><\/div><\/div><\/div><\/div>\n        <div class=\"card\">\n            <div class=\"card-header parents\" id=\"heading_procedimientos-de-contrataci-n-dirigidos-a-las-micro-peque-as-y-medianas-empresas-mipymes--69eeee772d89c-2023-69eeee772d89c-mayo-69eeee772d89c\">\n                <p class=\"title text-blue mb-0\">\n                    <a class=\"btn-block hover text-left collapsed\" data-toggle=\"collapse\" data-target=\"#collap_procedimientos-de-contrataci-n-dirigidos-a-las-micro-peque-as-y-medianas-empresas-mipymes--69eeee772d89c-2023-69eeee772d89c-mayo-69eeee772d89c\" aria-expanded=\"false\" aria-controls=\"collap_procedimientos-de-contrataci-n-dirigidos-a-las-micro-peque-as-y-medianas-empresas-mipymes--69eeee772d89c-2023-69eeee772d89c-mayo-69eeee772d89c\">Mayo<\/a>\n                <\/p>\n            <\/div>\n            <div id=\"collap_procedimientos-de-contrataci-n-dirigidos-a-las-micro-peque-as-y-medianas-empresas-mipymes--69eeee772d89c-2023-69eeee772d89c-mayo-69eeee772d89c\" class=\"collapse\" aria-labelledby=\"heading_procedimientos-de-contrataci-n-dirigidos-a-las-micro-peque-as-y-medianas-empresas-mipymes--69eeee772d89c-2023-69eeee772d89c-mayo-69eeee772d89c\" data-parent=\"#collap_procedimientos-de-contrataci-n-dirigidos-a-las-micro-peque-as-y-medianas-empresas-mipymes--69eeee772d89c-2023-69eeee772d89c\">\n                <div class=\"card-body\"><div class=\"jumbotron archivos\"><div class=\"row align-items-center\"><div class=\"col\"><h6><a class=\"text-dark\" href=\"https:\/\/comunidad.comprasdominicana.gob.do\/\/Public\/Tendering\/OpportunityDetail\/Index?noticeUID=DO1.NTC.1240046\" title=\"Ver\" target=\"_blank\">APORDOM-DAF-CM-2023-0029<\/a><\/h6><p class=\"mb-0 bold\">ADQUISICI\u00d3N DE HERRAMIENTAS DE MANTENIMIENTO PARA USO DE APORDOM, DIRIGIDO A MIPYME<\/p><p class=\"mb-0\" style=\"font-size: .85rem\"><strong title=\"Estado del Proceso\"><i class=\"fas fa-spinner\"><\/i><\/strong> Proceso adjudicado y celebrado<\/p><p class=\"mb-0\" style=\"font-size: .85rem\"><strong title=\"Fecha de Publicaci\u00f3n\"><i class=\"fas fa-calendar-alt\"><\/i><\/strong> Publicado el lunes, 15 de mayo de 2023<\/p><\/div><div class=\"col-auto mt-md-0 mt-2\"><a class=\"btn btn-primary btn-lg px-lg-4 d-none d-md-block\" href=\"https:\/\/comunidad.comprasdominicana.gob.do\/\/Public\/Tendering\/OpportunityDetail\/Index?noticeUID=DO1.NTC.1240046\" target=\"_blank\" title=\"Detalles\"><i class=\"fas fa-link\"><\/i> DETALLES<\/a><a class=\"btn btn-primary btn-lg px-lg-4 d-block d-md-none\" href=\"https:\/\/comunidad.comprasdominicana.gob.do\/\/Public\/Tendering\/OpportunityDetail\/Index?noticeUID=DO1.NTC.1240046\" target=\"_blank\" title=\"Detalles\"><i class=\"fas fa-2x fa-link\"><\/i><\/a><\/div><\/div><\/div><div class=\"jumbotron archivos\"><div class=\"row align-items-center\"><div class=\"col\"><h6><a class=\"text-dark\" href=\"https:\/\/comunidad.comprasdominicana.gob.do\/\/Public\/Tendering\/OpportunityDetail\/Index?noticeUID=DO1.NTC.1237207\" title=\"Ver\" target=\"_blank\">APORDOM-UC-CD-2023-0034<\/a><\/h6><p class=\"mb-0 bold\">CONTRATACI\u00d3N DE SERVICIO DE LAMINADO PARA OFICINAS DE LA SEDE CENTRAL DE APORDOM, DIRIGIDO A MIPYMES<\/p><p class=\"mb-0\" style=\"font-size: .85rem\"><strong title=\"Estado del Proceso\"><i class=\"fas fa-spinner\"><\/i><\/strong> Proceso adjudicado y celebrado<\/p><p class=\"mb-0\" style=\"font-size: .85rem\"><strong title=\"Fecha de Publicaci\u00f3n\"><i class=\"fas fa-calendar-alt\"><\/i><\/strong> Publicado el martes, 9 de mayo de 2023<\/p><\/div><div class=\"col-auto mt-md-0 mt-2\"><a class=\"btn btn-primary btn-lg px-lg-4 d-none d-md-block\" href=\"https:\/\/comunidad.comprasdominicana.gob.do\/\/Public\/Tendering\/OpportunityDetail\/Index?noticeUID=DO1.NTC.1237207\" target=\"_blank\" title=\"Detalles\"><i class=\"fas fa-link\"><\/i> DETALLES<\/a><a class=\"btn btn-primary btn-lg px-lg-4 d-block d-md-none\" href=\"https:\/\/comunidad.comprasdominicana.gob.do\/\/Public\/Tendering\/OpportunityDetail\/Index?noticeUID=DO1.NTC.1237207\" target=\"_blank\" title=\"Detalles\"><i class=\"fas fa-2x fa-link\"><\/i><\/a><\/div><\/div><\/div><div class=\"jumbotron archivos\"><div class=\"row align-items-center\"><div class=\"col\"><h6><a class=\"text-dark\" href=\"https:\/\/comunidad.comprasdominicana.gob.do\/\/Public\/Tendering\/OpportunityDetail\/Index?noticeUID=DO1.NTC.1236631\" title=\"Ver\" target=\"_blank\">APORDOM-UC-CD-2023-0038<\/a><\/h6><p class=\"mb-0 bold\">ADQUISICI\u00d3N DE MATERIALES DE PLOMER\u00cdA PARA USO DE APORDOM, DIRIGIDO A MIPYME, DECLARADO DESIERTO DEL PROCESO REF.APORDOM-DAF-CM-2023-0015<\/p><p class=\"mb-0\" style=\"font-size: .85rem\"><strong title=\"Estado del Proceso\"><i class=\"fas fa-spinner\"><\/i><\/strong> Proceso adjudicado y celebrado<\/p><p class=\"mb-0\" style=\"font-size: .85rem\"><strong title=\"Fecha de Publicaci\u00f3n\"><i class=\"fas fa-calendar-alt\"><\/i><\/strong> Publicado el lunes, 8 de mayo de 2023<\/p><\/div><div class=\"col-auto mt-md-0 mt-2\"><a class=\"btn btn-primary btn-lg px-lg-4 d-none d-md-block\" href=\"https:\/\/comunidad.comprasdominicana.gob.do\/\/Public\/Tendering\/OpportunityDetail\/Index?noticeUID=DO1.NTC.1236631\" target=\"_blank\" title=\"Detalles\"><i class=\"fas fa-link\"><\/i> DETALLES<\/a><a class=\"btn btn-primary btn-lg px-lg-4 d-block d-md-none\" href=\"https:\/\/comunidad.comprasdominicana.gob.do\/\/Public\/Tendering\/OpportunityDetail\/Index?noticeUID=DO1.NTC.1236631\" target=\"_blank\" title=\"Detalles\"><i class=\"fas fa-2x fa-link\"><\/i><\/a><\/div><\/div><\/div><\/div><\/div><\/div>\n        <div class=\"card\">\n            <div class=\"card-header parents\" id=\"heading_procedimientos-de-contrataci-n-dirigidos-a-las-micro-peque-as-y-medianas-empresas-mipymes--69eeee772d89c-2023-69eeee772d89c-abril-69eeee772d89c\">\n                <p class=\"title text-blue mb-0\">\n                    <a class=\"btn-block hover text-left collapsed\" data-toggle=\"collapse\" data-target=\"#collap_procedimientos-de-contrataci-n-dirigidos-a-las-micro-peque-as-y-medianas-empresas-mipymes--69eeee772d89c-2023-69eeee772d89c-abril-69eeee772d89c\" aria-expanded=\"false\" aria-controls=\"collap_procedimientos-de-contrataci-n-dirigidos-a-las-micro-peque-as-y-medianas-empresas-mipymes--69eeee772d89c-2023-69eeee772d89c-abril-69eeee772d89c\">Abril<\/a>\n                <\/p>\n            <\/div>\n            <div id=\"collap_procedimientos-de-contrataci-n-dirigidos-a-las-micro-peque-as-y-medianas-empresas-mipymes--69eeee772d89c-2023-69eeee772d89c-abril-69eeee772d89c\" class=\"collapse\" aria-labelledby=\"heading_procedimientos-de-contrataci-n-dirigidos-a-las-micro-peque-as-y-medianas-empresas-mipymes--69eeee772d89c-2023-69eeee772d89c-abril-69eeee772d89c\" data-parent=\"#collap_procedimientos-de-contrataci-n-dirigidos-a-las-micro-peque-as-y-medianas-empresas-mipymes--69eeee772d89c-2023-69eeee772d89c\">\n                <div class=\"card-body\"><div class=\"jumbotron archivos\"><div class=\"row align-items-center\"><div class=\"col\"><h6><a class=\"text-dark\" href=\"https:\/\/comunidad.comprasdominicana.gob.do\/\/Public\/Tendering\/OpportunityDetail\/Index?noticeUID=DO1.NTC.1233551\" title=\"Ver\" target=\"_blank\">APORDOM-DAF-CM-2023-0019<\/a><\/h6><p class=\"mb-0 bold\">ADQUISICION DE UNIFORMES PARA COLABORADORES DE LA SEDE PRINCIPAL DE APORDOM, DIRIGIDO A MIPYMES<\/p><p class=\"mb-0\" style=\"font-size: .85rem\"><strong title=\"Estado del Proceso\"><i class=\"fas fa-spinner\"><\/i><\/strong> Proceso adjudicado y celebrado<\/p><p class=\"mb-0\" style=\"font-size: .85rem\"><strong title=\"Fecha de Publicaci\u00f3n\"><i class=\"fas fa-calendar-alt\"><\/i><\/strong> Publicado el viernes, 28 de abril de 2023<\/p><\/div><div class=\"col-auto mt-md-0 mt-2\"><a class=\"btn btn-primary btn-lg px-lg-4 d-none d-md-block\" href=\"https:\/\/comunidad.comprasdominicana.gob.do\/\/Public\/Tendering\/OpportunityDetail\/Index?noticeUID=DO1.NTC.1233551\" target=\"_blank\" title=\"Detalles\"><i class=\"fas fa-link\"><\/i> DETALLES<\/a><a class=\"btn btn-primary btn-lg px-lg-4 d-block d-md-none\" href=\"https:\/\/comunidad.comprasdominicana.gob.do\/\/Public\/Tendering\/OpportunityDetail\/Index?noticeUID=DO1.NTC.1233551\" target=\"_blank\" title=\"Detalles\"><i class=\"fas fa-2x fa-link\"><\/i><\/a><\/div><\/div><\/div><div class=\"jumbotron archivos\"><div class=\"row align-items-center\"><div class=\"col\"><h6><a class=\"text-dark\" href=\"https:\/\/comunidad.comprasdominicana.gob.do\/\/Public\/Tendering\/OpportunityDetail\/Index?noticeUID=DO1.NTC.1233436\" title=\"Ver\" target=\"_blank\">APORDOM-DAF-CM-2023-0025<\/a><\/h6><p class=\"mb-0 bold\">Adquisici\u00f3n de Mesas para Entrenamientos para el Instituto Mar\u00edtimo Portuario IMPLOG, dirigido a Mipyme.<\/p><p class=\"mb-0\" style=\"font-size: .85rem\"><strong title=\"Estado del Proceso\"><i class=\"fas fa-spinner\"><\/i><\/strong> Proceso adjudicado y celebrado<\/p><p class=\"mb-0\" style=\"font-size: .85rem\"><strong title=\"Fecha de Publicaci\u00f3n\"><i class=\"fas fa-calendar-alt\"><\/i><\/strong> Publicado el jueves, 27 de abril de 2023<\/p><\/div><div class=\"col-auto mt-md-0 mt-2\"><a class=\"btn btn-primary btn-lg px-lg-4 d-none d-md-block\" href=\"https:\/\/comunidad.comprasdominicana.gob.do\/\/Public\/Tendering\/OpportunityDetail\/Index?noticeUID=DO1.NTC.1233436\" target=\"_blank\" title=\"Detalles\"><i class=\"fas fa-link\"><\/i> DETALLES<\/a><a class=\"btn btn-primary btn-lg px-lg-4 d-block d-md-none\" href=\"https:\/\/comunidad.comprasdominicana.gob.do\/\/Public\/Tendering\/OpportunityDetail\/Index?noticeUID=DO1.NTC.1233436\" target=\"_blank\" title=\"Detalles\"><i class=\"fas fa-2x fa-link\"><\/i><\/a><\/div><\/div><\/div><div class=\"jumbotron archivos\"><div class=\"row align-items-center\"><div class=\"col\"><h6><a class=\"text-dark\" href=\"https:\/\/comunidad.comprasdominicana.gob.do\/\/Public\/Tendering\/OpportunityDetail\/Index?noticeUID=DO1.NTC.1230038\" title=\"Ver\" target=\"_blank\">APORDOM-DAF-CM-2023-0021<\/a><\/h6><p class=\"mb-0 bold\">Adquisici\u00f3n de Insumos Consumibles y Gastables para el uso de Distintos Departamentos y Puertos de esta Instituci\u00f3n, dirigido a Mipymes Mujer.<\/p><p class=\"mb-0\" style=\"font-size: .85rem\"><strong title=\"Estado del Proceso\"><i class=\"fas fa-spinner\"><\/i><\/strong> Proceso adjudicado y celebrado<\/p><p class=\"mb-0\" style=\"font-size: .85rem\"><strong title=\"Fecha de Publicaci\u00f3n\"><i class=\"fas fa-calendar-alt\"><\/i><\/strong> Publicado el jueves, 20 de abril de 2023<\/p><\/div><div class=\"col-auto mt-md-0 mt-2\"><a class=\"btn btn-primary btn-lg px-lg-4 d-none d-md-block\" href=\"https:\/\/comunidad.comprasdominicana.gob.do\/\/Public\/Tendering\/OpportunityDetail\/Index?noticeUID=DO1.NTC.1230038\" target=\"_blank\" title=\"Detalles\"><i class=\"fas fa-link\"><\/i> DETALLES<\/a><a class=\"btn btn-primary btn-lg px-lg-4 d-block d-md-none\" href=\"https:\/\/comunidad.comprasdominicana.gob.do\/\/Public\/Tendering\/OpportunityDetail\/Index?noticeUID=DO1.NTC.1230038\" target=\"_blank\" title=\"Detalles\"><i class=\"fas fa-2x fa-link\"><\/i><\/a><\/div><\/div><\/div><\/div><\/div><\/div>\n        <div class=\"card\">\n            <div class=\"card-header parents\" id=\"heading_procedimientos-de-contrataci-n-dirigidos-a-las-micro-peque-as-y-medianas-empresas-mipymes--69eeee772d89c-2023-69eeee772d89c-marzo-69eeee772d89c\">\n                <p class=\"title text-blue mb-0\">\n                    <a class=\"btn-block hover text-left collapsed\" data-toggle=\"collapse\" data-target=\"#collap_procedimientos-de-contrataci-n-dirigidos-a-las-micro-peque-as-y-medianas-empresas-mipymes--69eeee772d89c-2023-69eeee772d89c-marzo-69eeee772d89c\" aria-expanded=\"false\" aria-controls=\"collap_procedimientos-de-contrataci-n-dirigidos-a-las-micro-peque-as-y-medianas-empresas-mipymes--69eeee772d89c-2023-69eeee772d89c-marzo-69eeee772d89c\">Marzo<\/a>\n                <\/p>\n            <\/div>\n            <div id=\"collap_procedimientos-de-contrataci-n-dirigidos-a-las-micro-peque-as-y-medianas-empresas-mipymes--69eeee772d89c-2023-69eeee772d89c-marzo-69eeee772d89c\" class=\"collapse\" aria-labelledby=\"heading_procedimientos-de-contrataci-n-dirigidos-a-las-micro-peque-as-y-medianas-empresas-mipymes--69eeee772d89c-2023-69eeee772d89c-marzo-69eeee772d89c\" data-parent=\"#collap_procedimientos-de-contrataci-n-dirigidos-a-las-micro-peque-as-y-medianas-empresas-mipymes--69eeee772d89c-2023-69eeee772d89c\">\n                <div class=\"card-body\"><div class=\"jumbotron archivos\"><div class=\"row align-items-center\"><div class=\"col\"><h6><a class=\"text-dark\" href=\"https:\/\/comunidad.comprasdominicana.gob.do\/\/Public\/Tendering\/OpportunityDetail\/Index?noticeUID=DO1.NTC.1221904\" title=\"Ver\" target=\"_blank\">APORDOM-UC-CD-2023-0031<\/a><\/h6><p class=\"mb-0 bold\">ADQUISICI\u00d3N DE DIEZ (10) ESTANTES PARA USO DE APORDOM, DIRIGIDO A MIPYME MUJER<\/p><p class=\"mb-0\" style=\"font-size: .85rem\"><strong title=\"Estado del Proceso\"><i class=\"fas fa-spinner\"><\/i><\/strong> Proceso adjudicado y celebrado<\/p><p class=\"mb-0\" style=\"font-size: .85rem\"><strong title=\"Fecha de Publicaci\u00f3n\"><i class=\"fas fa-calendar-alt\"><\/i><\/strong> Publicado el viernes, 31 de marzo de 2023<\/p><\/div><div class=\"col-auto mt-md-0 mt-2\"><a class=\"btn btn-primary btn-lg px-lg-4 d-none d-md-block\" href=\"https:\/\/comunidad.comprasdominicana.gob.do\/\/Public\/Tendering\/OpportunityDetail\/Index?noticeUID=DO1.NTC.1221904\" target=\"_blank\" title=\"Detalles\"><i class=\"fas fa-link\"><\/i> DETALLES<\/a><a class=\"btn btn-primary btn-lg px-lg-4 d-block d-md-none\" href=\"https:\/\/comunidad.comprasdominicana.gob.do\/\/Public\/Tendering\/OpportunityDetail\/Index?noticeUID=DO1.NTC.1221904\" target=\"_blank\" title=\"Detalles\"><i class=\"fas fa-2x fa-link\"><\/i><\/a><\/div><\/div><\/div><div class=\"jumbotron archivos\"><div class=\"row align-items-center\"><div class=\"col\"><h6><a class=\"text-dark\" href=\"https:\/\/comunidad.comprasdominicana.gob.do\/\/Public\/Tendering\/OpportunityDetail\/Index?noticeUID=DO1.NTC.1221137\" title=\"Ver\" target=\"_blank\">APORDOM-UC-CD-2023-0033<\/a><\/h6><p class=\"mb-0 bold\">Adquisici\u00f3n de Caf\u00e9 para Consumo de los diferentes Departamentos y Puertos de APORDOM, dirigido a MIPYMES Mujer.<\/p><p class=\"mb-0\" style=\"font-size: .85rem\"><strong title=\"Estado del Proceso\"><i class=\"fas fa-spinner\"><\/i><\/strong> Proceso adjudicado y celebrado<\/p><p class=\"mb-0\" style=\"font-size: .85rem\"><strong title=\"Fecha de Publicaci\u00f3n\"><i class=\"fas fa-calendar-alt\"><\/i><\/strong> Publicado el jueves, 30 de marzo de 2023<\/p><\/div><div class=\"col-auto mt-md-0 mt-2\"><a class=\"btn btn-primary btn-lg px-lg-4 d-none d-md-block\" href=\"https:\/\/comunidad.comprasdominicana.gob.do\/\/Public\/Tendering\/OpportunityDetail\/Index?noticeUID=DO1.NTC.1221137\" target=\"_blank\" title=\"Detalles\"><i class=\"fas fa-link\"><\/i> DETALLES<\/a><a class=\"btn btn-primary btn-lg px-lg-4 d-block d-md-none\" href=\"https:\/\/comunidad.comprasdominicana.gob.do\/\/Public\/Tendering\/OpportunityDetail\/Index?noticeUID=DO1.NTC.1221137\" target=\"_blank\" title=\"Detalles\"><i class=\"fas fa-2x fa-link\"><\/i><\/a><\/div><\/div><\/div><div class=\"jumbotron archivos\"><div class=\"row align-items-center\"><div class=\"col\"><h6><a class=\"text-dark\" href=\"https:\/\/comunidad.comprasdominicana.gob.do\/\/Public\/Tendering\/OpportunityDetail\/Index?noticeUID=DO1.NTC.1221101\" title=\"Ver\" target=\"_blank\">APORDOM-DAF-CM-2023-0018<\/a><\/h6><p class=\"mb-0 bold\">ADQUISICI\u00d3N DE MATERIALES FERRETEROS PARA USO DE APORDOM, DIRIGIDO A MIPYMES<\/p><p class=\"mb-0\" style=\"font-size: .85rem\"><strong title=\"Estado del Proceso\"><i class=\"fas fa-spinner\"><\/i><\/strong> Proceso adjudicado y celebrado<\/p><p class=\"mb-0\" style=\"font-size: .85rem\"><strong title=\"Fecha de Publicaci\u00f3n\"><i class=\"fas fa-calendar-alt\"><\/i><\/strong> Publicado el jueves, 30 de marzo de 2023<\/p><\/div><div class=\"col-auto mt-md-0 mt-2\"><a class=\"btn btn-primary btn-lg px-lg-4 d-none d-md-block\" href=\"https:\/\/comunidad.comprasdominicana.gob.do\/\/Public\/Tendering\/OpportunityDetail\/Index?noticeUID=DO1.NTC.1221101\" target=\"_blank\" title=\"Detalles\"><i class=\"fas fa-link\"><\/i> DETALLES<\/a><a class=\"btn btn-primary btn-lg px-lg-4 d-block d-md-none\" href=\"https:\/\/comunidad.comprasdominicana.gob.do\/\/Public\/Tendering\/OpportunityDetail\/Index?noticeUID=DO1.NTC.1221101\" target=\"_blank\" title=\"Detalles\"><i class=\"fas fa-2x fa-link\"><\/i><\/a><\/div><\/div><\/div><div class=\"jumbotron archivos\"><div class=\"row align-items-center\"><div class=\"col\"><h6><a class=\"text-dark\" href=\"https:\/\/comunidad.comprasdominicana.gob.do\/\/Public\/Tendering\/OpportunityDetail\/Index?noticeUID=DO1.NTC.1214921\" title=\"Ver\" target=\"_blank\">APORDOM-UC-CD-2023-0030<\/a><\/h6><p class=\"mb-0 bold\">Servicio de Acondicionamiento para Letrero de la Entrada de APORDOM, dirigido a Mipymes.<\/p><p class=\"mb-0\" style=\"font-size: .85rem\"><strong title=\"Estado del Proceso\"><i class=\"fas fa-spinner\"><\/i><\/strong> Proceso adjudicado y celebrado<\/p><p class=\"mb-0\" style=\"font-size: .85rem\"><strong title=\"Fecha de Publicaci\u00f3n\"><i class=\"fas fa-calendar-alt\"><\/i><\/strong> Publicado el martes, 21 de marzo de 2023<\/p><\/div><div class=\"col-auto mt-md-0 mt-2\"><a class=\"btn btn-primary btn-lg px-lg-4 d-none d-md-block\" href=\"https:\/\/comunidad.comprasdominicana.gob.do\/\/Public\/Tendering\/OpportunityDetail\/Index?noticeUID=DO1.NTC.1214921\" target=\"_blank\" title=\"Detalles\"><i class=\"fas fa-link\"><\/i> DETALLES<\/a><a class=\"btn btn-primary btn-lg px-lg-4 d-block d-md-none\" href=\"https:\/\/comunidad.comprasdominicana.gob.do\/\/Public\/Tendering\/OpportunityDetail\/Index?noticeUID=DO1.NTC.1214921\" target=\"_blank\" title=\"Detalles\"><i class=\"fas fa-2x fa-link\"><\/i><\/a><\/div><\/div><\/div><div class=\"jumbotron archivos\"><div class=\"row align-items-center\"><div class=\"col\"><h6><a class=\"text-dark\" href=\"https:\/\/comunidad.comprasdominicana.gob.do\/\/Public\/Tendering\/OpportunityDetail\/Index?noticeUID=DO1.NTC.1215121\" title=\"Ver\" target=\"_blank\">APORDOM-DAF-CM-2023-0017<\/a><\/h6><p class=\"mb-0 bold\">ADQUISICI\u00d3N DE TRES MIL (3,000.00) LANYARDS PARA EL PERSONAL DE APORDOM, DIRIGIDO A MIPYME<\/p><p class=\"mb-0\" style=\"font-size: .85rem\"><strong title=\"Estado del Proceso\"><i class=\"fas fa-spinner\"><\/i><\/strong> Proceso adjudicado y celebrado<\/p><p class=\"mb-0\" style=\"font-size: .85rem\"><strong title=\"Fecha de Publicaci\u00f3n\"><i class=\"fas fa-calendar-alt\"><\/i><\/strong> Publicado el martes, 21 de marzo de 2023<\/p><\/div><div class=\"col-auto mt-md-0 mt-2\"><a class=\"btn btn-primary btn-lg px-lg-4 d-none d-md-block\" href=\"https:\/\/comunidad.comprasdominicana.gob.do\/\/Public\/Tendering\/OpportunityDetail\/Index?noticeUID=DO1.NTC.1215121\" target=\"_blank\" title=\"Detalles\"><i class=\"fas fa-link\"><\/i> DETALLES<\/a><a class=\"btn btn-primary btn-lg px-lg-4 d-block d-md-none\" href=\"https:\/\/comunidad.comprasdominicana.gob.do\/\/Public\/Tendering\/OpportunityDetail\/Index?noticeUID=DO1.NTC.1215121\" target=\"_blank\" title=\"Detalles\"><i class=\"fas fa-2x fa-link\"><\/i><\/a><\/div><\/div><\/div><div class=\"jumbotron archivos\"><div class=\"row align-items-center\"><div class=\"col\"><h6><a class=\"text-dark\" href=\"https:\/\/comunidad.comprasdominicana.gob.do\/\/Public\/Tendering\/OpportunityDetail\/Index?noticeUID=DO1.NTC.1213145\" title=\"Ver\" target=\"_blank\">APORDOM-UC-CD-2023-0028<\/a><\/h6><p class=\"mb-0 bold\">Adquisici\u00f3n de sellos Institucionales para Autoridad Portuaria Dominicana, dirigido a Mipymes Mujer.<\/p><p class=\"mb-0\" style=\"font-size: .85rem\"><strong title=\"Estado del Proceso\"><i class=\"fas fa-spinner\"><\/i><\/strong> Proceso adjudicado y celebrado<\/p><p class=\"mb-0\" style=\"font-size: .85rem\"><strong title=\"Fecha de Publicaci\u00f3n\"><i class=\"fas fa-calendar-alt\"><\/i><\/strong> Publicado el jueves, 16 de marzo de 2023<\/p><\/div><div class=\"col-auto mt-md-0 mt-2\"><a class=\"btn btn-primary btn-lg px-lg-4 d-none d-md-block\" href=\"https:\/\/comunidad.comprasdominicana.gob.do\/\/Public\/Tendering\/OpportunityDetail\/Index?noticeUID=DO1.NTC.1213145\" target=\"_blank\" title=\"Detalles\"><i class=\"fas fa-link\"><\/i> DETALLES<\/a><a class=\"btn btn-primary btn-lg px-lg-4 d-block d-md-none\" href=\"https:\/\/comunidad.comprasdominicana.gob.do\/\/Public\/Tendering\/OpportunityDetail\/Index?noticeUID=DO1.NTC.1213145\" target=\"_blank\" title=\"Detalles\"><i class=\"fas fa-2x fa-link\"><\/i><\/a><\/div><\/div><\/div><div class=\"jumbotron archivos\"><div class=\"row align-items-center\"><div class=\"col\"><h6><a class=\"text-dark\" href=\"https:\/\/comunidad.comprasdominicana.gob.do\/\/Public\/Tendering\/OpportunityDetail\/Index?noticeUID=DO1.NTC.1212924\" title=\"Ver\" target=\"_blank\">APORDOM-DAF-CM-2023-0013<\/a><\/h6><p class=\"mb-0 bold\">Adquisici\u00f3n e Instalaci\u00f3n de Inversores  con sus bater\u00edas para diferentes Puertos de APORDOM, dirigido a Mipymes.<\/p><p class=\"mb-0\" style=\"font-size: .85rem\"><strong title=\"Estado del Proceso\"><i class=\"fas fa-spinner\"><\/i><\/strong> Proceso adjudicado y celebrado<\/p><p class=\"mb-0\" style=\"font-size: .85rem\"><strong title=\"Fecha de Publicaci\u00f3n\"><i class=\"fas fa-calendar-alt\"><\/i><\/strong> Publicado el mi\u00e9rcoles, 15 de marzo de 2023<\/p><\/div><div class=\"col-auto mt-md-0 mt-2\"><a class=\"btn btn-primary btn-lg px-lg-4 d-none d-md-block\" href=\"https:\/\/comunidad.comprasdominicana.gob.do\/\/Public\/Tendering\/OpportunityDetail\/Index?noticeUID=DO1.NTC.1212924\" target=\"_blank\" title=\"Detalles\"><i class=\"fas fa-link\"><\/i> DETALLES<\/a><a class=\"btn btn-primary btn-lg px-lg-4 d-block d-md-none\" href=\"https:\/\/comunidad.comprasdominicana.gob.do\/\/Public\/Tendering\/OpportunityDetail\/Index?noticeUID=DO1.NTC.1212924\" target=\"_blank\" title=\"Detalles\"><i class=\"fas fa-2x fa-link\"><\/i><\/a><\/div><\/div><\/div><div class=\"jumbotron archivos\"><div class=\"row align-items-center\"><div class=\"col\"><h6><a class=\"text-dark\" href=\"https:\/\/comunidad.comprasdominicana.gob.do\/\/Public\/Tendering\/OpportunityDetail\/Index?noticeUID=DO1.NTC.1212629\" title=\"Ver\" target=\"_blank\">APORDOM-UC-CD-2023-0027<\/a><\/h6><p class=\"mb-0 bold\">CONTRATACI\u00d3N DE SERVICIOS DE LOCUCION PARA SPOT PUBLICITARIO DIRIGIDO A MIPYMES<\/p><p class=\"mb-0\" style=\"font-size: .85rem\"><strong title=\"Estado del Proceso\"><i class=\"fas fa-spinner\"><\/i><\/strong> Proceso adjudicado y celebrado<\/p><p class=\"mb-0\" style=\"font-size: .85rem\"><strong title=\"Fecha de Publicaci\u00f3n\"><i class=\"fas fa-calendar-alt\"><\/i><\/strong> Publicado el mi\u00e9rcoles, 15 de marzo de 2023<\/p><\/div><div class=\"col-auto mt-md-0 mt-2\"><a class=\"btn btn-primary btn-lg px-lg-4 d-none d-md-block\" href=\"https:\/\/comunidad.comprasdominicana.gob.do\/\/Public\/Tendering\/OpportunityDetail\/Index?noticeUID=DO1.NTC.1212629\" target=\"_blank\" title=\"Detalles\"><i class=\"fas fa-link\"><\/i> DETALLES<\/a><a class=\"btn btn-primary btn-lg px-lg-4 d-block d-md-none\" href=\"https:\/\/comunidad.comprasdominicana.gob.do\/\/Public\/Tendering\/OpportunityDetail\/Index?noticeUID=DO1.NTC.1212629\" target=\"_blank\" title=\"Detalles\"><i class=\"fas fa-2x fa-link\"><\/i><\/a><\/div><\/div><\/div><div class=\"jumbotron archivos\"><div class=\"row align-items-center\"><div class=\"col\"><h6><a class=\"text-dark\" href=\"https:\/\/comunidad.comprasdominicana.gob.do\/\/Public\/Tendering\/OpportunityDetail\/Index?noticeUID=DO1.NTC.1209311\" title=\"Ver\" target=\"_blank\">APORDOM-UC-CD-2023-0023<\/a><\/h6><p class=\"mb-0 bold\">ADQUISICI\u00d3N DE 54 CAJAS DE  LECHE EN CART\u00d3N PARA USO DE APORDOM, DIRIGIDO A MIPYME MUJER.<\/p><p class=\"mb-0\" style=\"font-size: .85rem\"><strong title=\"Estado del Proceso\"><i class=\"fas fa-spinner\"><\/i><\/strong> Proceso adjudicado y celebrado<\/p><p class=\"mb-0\" style=\"font-size: .85rem\"><strong title=\"Fecha de Publicaci\u00f3n\"><i class=\"fas fa-calendar-alt\"><\/i><\/strong> Publicado el martes, 7 de marzo de 2023<\/p><\/div><div class=\"col-auto mt-md-0 mt-2\"><a class=\"btn btn-primary btn-lg px-lg-4 d-none d-md-block\" href=\"https:\/\/comunidad.comprasdominicana.gob.do\/\/Public\/Tendering\/OpportunityDetail\/Index?noticeUID=DO1.NTC.1209311\" target=\"_blank\" title=\"Detalles\"><i class=\"fas fa-link\"><\/i> DETALLES<\/a><a class=\"btn btn-primary btn-lg px-lg-4 d-block d-md-none\" href=\"https:\/\/comunidad.comprasdominicana.gob.do\/\/Public\/Tendering\/OpportunityDetail\/Index?noticeUID=DO1.NTC.1209311\" target=\"_blank\" title=\"Detalles\"><i class=\"fas fa-2x fa-link\"><\/i><\/a><\/div><\/div><\/div><div class=\"jumbotron archivos\"><div class=\"row align-items-center\"><div class=\"col\"><h6><a class=\"text-dark\" href=\"https:\/\/comunidad.comprasdominicana.gob.do\/\/Public\/Tendering\/OpportunityDetail\/Index?noticeUID=DO1.NTC.1206620\" title=\"Ver\" target=\"_blank\">APORDOM-UC-CD-2023-0021<\/a><\/h6><p class=\"mb-0 bold\">ADQUISICION DE PLACAS DE RECONOCIMIENTO Y PODIUM PARA APORDOM<\/p><p class=\"mb-0\" style=\"font-size: .85rem\"><strong title=\"Estado del Proceso\"><i class=\"fas fa-spinner\"><\/i><\/strong> Proceso adjudicado y celebrado<\/p><p class=\"mb-0\" style=\"font-size: .85rem\"><strong title=\"Fecha de Publicaci\u00f3n\"><i class=\"fas fa-calendar-alt\"><\/i><\/strong> Publicado el mi\u00e9rcoles, 1 de marzo de 2023<\/p><\/div><div class=\"col-auto mt-md-0 mt-2\"><a class=\"btn btn-primary btn-lg px-lg-4 d-none d-md-block\" href=\"https:\/\/comunidad.comprasdominicana.gob.do\/\/Public\/Tendering\/OpportunityDetail\/Index?noticeUID=DO1.NTC.1206620\" target=\"_blank\" title=\"Detalles\"><i class=\"fas fa-link\"><\/i> DETALLES<\/a><a class=\"btn btn-primary btn-lg px-lg-4 d-block d-md-none\" href=\"https:\/\/comunidad.comprasdominicana.gob.do\/\/Public\/Tendering\/OpportunityDetail\/Index?noticeUID=DO1.NTC.1206620\" target=\"_blank\" title=\"Detalles\"><i class=\"fas fa-2x fa-link\"><\/i><\/a><\/div><\/div><\/div><\/div><\/div><\/div>\n        <div class=\"card\">\n            <div class=\"card-header parents\" id=\"heading_procedimientos-de-contrataci-n-dirigidos-a-las-micro-peque-as-y-medianas-empresas-mipymes--69eeee772d89c-2023-69eeee772d89c-febrero-69eeee772d89c\">\n                <p class=\"title text-blue mb-0\">\n                    <a class=\"btn-block hover text-left collapsed\" data-toggle=\"collapse\" data-target=\"#collap_procedimientos-de-contrataci-n-dirigidos-a-las-micro-peque-as-y-medianas-empresas-mipymes--69eeee772d89c-2023-69eeee772d89c-febrero-69eeee772d89c\" aria-expanded=\"false\" aria-controls=\"collap_procedimientos-de-contrataci-n-dirigidos-a-las-micro-peque-as-y-medianas-empresas-mipymes--69eeee772d89c-2023-69eeee772d89c-febrero-69eeee772d89c\">Febrero<\/a>\n                <\/p>\n            <\/div>\n            <div id=\"collap_procedimientos-de-contrataci-n-dirigidos-a-las-micro-peque-as-y-medianas-empresas-mipymes--69eeee772d89c-2023-69eeee772d89c-febrero-69eeee772d89c\" class=\"collapse\" aria-labelledby=\"heading_procedimientos-de-contrataci-n-dirigidos-a-las-micro-peque-as-y-medianas-empresas-mipymes--69eeee772d89c-2023-69eeee772d89c-febrero-69eeee772d89c\" data-parent=\"#collap_procedimientos-de-contrataci-n-dirigidos-a-las-micro-peque-as-y-medianas-empresas-mipymes--69eeee772d89c-2023-69eeee772d89c\">\n                <div class=\"card-body\"><div class=\"jumbotron archivos\"><div class=\"row align-items-center\"><div class=\"col\"><h6><a class=\"text-dark\" href=\"https:\/\/comunidad.comprasdominicana.gob.do\/\/Public\/Tendering\/OpportunityDetail\/Index?noticeUID=DO1.NTC.1202644\" title=\"Ver\" target=\"_blank\">APORDOM-DAF-CM-2023-0005<\/a><\/h6><p class=\"mb-0 bold\">ADQUISICI\u00d3N DE TALONARIOS E IMPRESOS PARA USO DE LA SEDE Y PUERTOS DE APORDOM, DIRIGIDO A MI MIPYMES.<\/p><p class=\"mb-0\" style=\"font-size: .85rem\"><strong title=\"Estado del Proceso\"><i class=\"fas fa-spinner\"><\/i><\/strong> Proceso adjudicado y celebrado<\/p><p class=\"mb-0\" style=\"font-size: .85rem\"><strong title=\"Fecha de Publicaci\u00f3n\"><i class=\"fas fa-calendar-alt\"><\/i><\/strong> Publicado el viernes, 17 de febrero de 2023<\/p><\/div><div class=\"col-auto mt-md-0 mt-2\"><a class=\"btn btn-primary btn-lg px-lg-4 d-none d-md-block\" href=\"https:\/\/comunidad.comprasdominicana.gob.do\/\/Public\/Tendering\/OpportunityDetail\/Index?noticeUID=DO1.NTC.1202644\" target=\"_blank\" title=\"Detalles\"><i class=\"fas fa-link\"><\/i> DETALLES<\/a><a class=\"btn btn-primary btn-lg px-lg-4 d-block d-md-none\" href=\"https:\/\/comunidad.comprasdominicana.gob.do\/\/Public\/Tendering\/OpportunityDetail\/Index?noticeUID=DO1.NTC.1202644\" target=\"_blank\" title=\"Detalles\"><i class=\"fas fa-2x fa-link\"><\/i><\/a><\/div><\/div><\/div><div class=\"jumbotron archivos\"><div class=\"row align-items-center\"><div class=\"col\"><h6><a class=\"text-dark\" href=\"https:\/\/comunidad.comprasdominicana.gob.do\/\/Public\/Tendering\/OpportunityDetail\/Index?noticeUID=DO1.NTC.1201932\" title=\"Ver\" target=\"_blank\">APORDOM-DAF-CM-2023-0006<\/a><\/h6><p class=\"mb-0 bold\">ADQUISICI\u00d3N DE IMPRESORAS MATRICIALES Y DE PLOTTER PARA USO DE OFICINAS DE APORDOM, DIRIGIDO A MIPYMES<\/p><p class=\"mb-0\" style=\"font-size: .85rem\"><strong title=\"Estado del Proceso\"><i class=\"fas fa-spinner\"><\/i><\/strong> Proceso adjudicado y celebrado<\/p><p class=\"mb-0\" style=\"font-size: .85rem\"><strong title=\"Fecha de Publicaci\u00f3n\"><i class=\"fas fa-calendar-alt\"><\/i><\/strong> Publicado el jueves, 16 de febrero de 2023<\/p><\/div><div class=\"col-auto mt-md-0 mt-2\"><a class=\"btn btn-primary btn-lg px-lg-4 d-none d-md-block\" href=\"https:\/\/comunidad.comprasdominicana.gob.do\/\/Public\/Tendering\/OpportunityDetail\/Index?noticeUID=DO1.NTC.1201932\" target=\"_blank\" title=\"Detalles\"><i class=\"fas fa-link\"><\/i> DETALLES<\/a><a class=\"btn btn-primary btn-lg px-lg-4 d-block d-md-none\" href=\"https:\/\/comunidad.comprasdominicana.gob.do\/\/Public\/Tendering\/OpportunityDetail\/Index?noticeUID=DO1.NTC.1201932\" target=\"_blank\" title=\"Detalles\"><i class=\"fas fa-2x fa-link\"><\/i><\/a><\/div><\/div><\/div><div class=\"jumbotron archivos\"><div class=\"row align-items-center\"><div class=\"col\"><h6><a class=\"text-dark\" href=\"https:\/\/comunidad.comprasdominicana.gob.do\/\/Public\/Tendering\/OpportunityDetail\/Index?noticeUID=DO1.NTC.1201931\" title=\"Ver\" target=\"_blank\">APORDOM-DAF-CM-2023-0010<\/a><\/h6><p class=\"mb-0 bold\">ADQUISICI\u00d3N DE ELECTRODOM\u00c9STICOS PARA APORDOM, DIRIGIDO A MIPYMES<\/p><p class=\"mb-0\" style=\"font-size: .85rem\"><strong title=\"Estado del Proceso\"><i class=\"fas fa-spinner\"><\/i><\/strong> Proceso adjudicado y celebrado<\/p><p class=\"mb-0\" style=\"font-size: .85rem\"><strong title=\"Fecha de Publicaci\u00f3n\"><i class=\"fas fa-calendar-alt\"><\/i><\/strong> Publicado el jueves, 16 de febrero de 2023<\/p><\/div><div class=\"col-auto mt-md-0 mt-2\"><a class=\"btn btn-primary btn-lg px-lg-4 d-none d-md-block\" href=\"https:\/\/comunidad.comprasdominicana.gob.do\/\/Public\/Tendering\/OpportunityDetail\/Index?noticeUID=DO1.NTC.1201931\" target=\"_blank\" title=\"Detalles\"><i class=\"fas fa-link\"><\/i> DETALLES<\/a><a class=\"btn btn-primary btn-lg px-lg-4 d-block d-md-none\" href=\"https:\/\/comunidad.comprasdominicana.gob.do\/\/Public\/Tendering\/OpportunityDetail\/Index?noticeUID=DO1.NTC.1201931\" target=\"_blank\" title=\"Detalles\"><i class=\"fas fa-2x fa-link\"><\/i><\/a><\/div><\/div><\/div><div class=\"jumbotron archivos\"><div class=\"row align-items-center\"><div class=\"col\"><h6><a class=\"text-dark\" href=\"https:\/\/comunidad.comprasdominicana.gob.do\/\/Public\/Tendering\/OpportunityDetail\/Index?noticeUID=DO1.NTC.1201735\" title=\"Ver\" target=\"_blank\">APORDOM-UC-CD-2023-0017<\/a><\/h6><p class=\"mb-0 bold\">ADQUISICI\u00d3N DE TARJETAS DE CARNET Y CINTAS DE IMPRESI\u00d3N PARA USO DE APORDOM, DIRIGIDO A MIPYME.<\/p><p class=\"mb-0\" style=\"font-size: .85rem\"><strong title=\"Estado del Proceso\"><i class=\"fas fa-spinner\"><\/i><\/strong> Proceso adjudicado y celebrado<\/p><p class=\"mb-0\" style=\"font-size: .85rem\"><strong title=\"Fecha de Publicaci\u00f3n\"><i class=\"fas fa-calendar-alt\"><\/i><\/strong> Publicado el jueves, 16 de febrero de 2023<\/p><\/div><div class=\"col-auto mt-md-0 mt-2\"><a class=\"btn btn-primary btn-lg px-lg-4 d-none d-md-block\" href=\"https:\/\/comunidad.comprasdominicana.gob.do\/\/Public\/Tendering\/OpportunityDetail\/Index?noticeUID=DO1.NTC.1201735\" target=\"_blank\" title=\"Detalles\"><i class=\"fas fa-link\"><\/i> DETALLES<\/a><a class=\"btn btn-primary btn-lg px-lg-4 d-block d-md-none\" href=\"https:\/\/comunidad.comprasdominicana.gob.do\/\/Public\/Tendering\/OpportunityDetail\/Index?noticeUID=DO1.NTC.1201735\" target=\"_blank\" title=\"Detalles\"><i class=\"fas fa-2x fa-link\"><\/i><\/a><\/div><\/div><\/div><div class=\"jumbotron archivos\"><div class=\"row align-items-center\"><div class=\"col\"><h6><a class=\"text-dark\" href=\"https:\/\/comunidad.comprasdominicana.gob.do\/\/Public\/Tendering\/OpportunityDetail\/Index?noticeUID=DO1.NTC.1201061\" title=\"Ver\" target=\"_blank\">APORDOM-DAF-CM-2023-0008<\/a><\/h6><p class=\"mb-0 bold\">ADQUISICI\u00d3N DE 04 PROYECTORES PARA EL INPLOG, DIRIGIDO A MIPYMES, DECLARADO DESIERTO DEL PROCESO REF. APORDOM-DAF-CM-2023-0002<\/p><p class=\"mb-0\" style=\"font-size: .85rem\"><strong title=\"Estado del Proceso\"><i class=\"fas fa-spinner\"><\/i><\/strong> Proceso adjudicado y celebrado<\/p><p class=\"mb-0\" style=\"font-size: .85rem\"><strong title=\"Fecha de Publicaci\u00f3n\"><i class=\"fas fa-calendar-alt\"><\/i><\/strong> Publicado el mi\u00e9rcoles, 15 de febrero de 2023<\/p><\/div><div class=\"col-auto mt-md-0 mt-2\"><a class=\"btn btn-primary btn-lg px-lg-4 d-none d-md-block\" href=\"https:\/\/comunidad.comprasdominicana.gob.do\/\/Public\/Tendering\/OpportunityDetail\/Index?noticeUID=DO1.NTC.1201061\" target=\"_blank\" title=\"Detalles\"><i class=\"fas fa-link\"><\/i> DETALLES<\/a><a class=\"btn btn-primary btn-lg px-lg-4 d-block d-md-none\" href=\"https:\/\/comunidad.comprasdominicana.gob.do\/\/Public\/Tendering\/OpportunityDetail\/Index?noticeUID=DO1.NTC.1201061\" target=\"_blank\" title=\"Detalles\"><i class=\"fas fa-2x fa-link\"><\/i><\/a><\/div><\/div><\/div><div class=\"jumbotron archivos\"><div class=\"row align-items-center\"><div class=\"col\"><h6><a class=\"text-dark\" href=\"https:\/\/comunidad.comprasdominicana.gob.do\/\/Public\/Tendering\/OpportunityDetail\/Index?noticeUID=DO1.NTC.1197552\" title=\"Ver\" target=\"_blank\">APORDOM-UC-CD-2023-0010<\/a><\/h6><p class=\"mb-0 bold\">CONTRATACI\u00d3N DE SERVICIOS DE ALMUERZOS EJECUTIVOS Y REFRIGERIOS PARA REUNIONES DE APORDOM, POR UN PERIODO DE 6 MESES, DIRIGIDO A MIPYMES.<\/p><p class=\"mb-0\" style=\"font-size: .85rem\"><strong title=\"Estado del Proceso\"><i class=\"fas fa-spinner\"><\/i><\/strong> Proceso adjudicado y celebrado<\/p><p class=\"mb-0\" style=\"font-size: .85rem\"><strong title=\"Fecha de Publicaci\u00f3n\"><i class=\"fas fa-calendar-alt\"><\/i><\/strong> Publicado el viernes, 10 de febrero de 2023<\/p><\/div><div class=\"col-auto mt-md-0 mt-2\"><a class=\"btn btn-primary btn-lg px-lg-4 d-none d-md-block\" href=\"https:\/\/comunidad.comprasdominicana.gob.do\/\/Public\/Tendering\/OpportunityDetail\/Index?noticeUID=DO1.NTC.1197552\" target=\"_blank\" title=\"Detalles\"><i class=\"fas fa-link\"><\/i> DETALLES<\/a><a class=\"btn btn-primary btn-lg px-lg-4 d-block d-md-none\" href=\"https:\/\/comunidad.comprasdominicana.gob.do\/\/Public\/Tendering\/OpportunityDetail\/Index?noticeUID=DO1.NTC.1197552\" target=\"_blank\" title=\"Detalles\"><i class=\"fas fa-2x fa-link\"><\/i><\/a><\/div><\/div><\/div><div class=\"jumbotron archivos\"><div class=\"row align-items-center\"><div class=\"col\"><h6><a class=\"text-dark\" href=\"https:\/\/comunidad.comprasdominicana.gob.do\/\/Public\/Tendering\/OpportunityDetail\/Index?noticeUID=DO1.NTC.1197049\" title=\"Ver\" target=\"_blank\">APORDOM-UC-CD-2023-0013<\/a><\/h6><p class=\"mb-0 bold\">ADQUISICI\u00d3N DE 03 TANQUES DE ACEITE 15 W40 PARA MANTENIMIENTO FLOTILLA VEHICULAR DE APORDOM, DIRIGIDO A MIPYME.<\/p><p class=\"mb-0\" style=\"font-size: .85rem\"><strong title=\"Estado del Proceso\"><i class=\"fas fa-spinner\"><\/i><\/strong> Proceso adjudicado y celebrado<\/p><p class=\"mb-0\" style=\"font-size: .85rem\"><strong title=\"Fecha de Publicaci\u00f3n\"><i class=\"fas fa-calendar-alt\"><\/i><\/strong> Publicado el viernes, 10 de febrero de 2023<\/p><\/div><div class=\"col-auto mt-md-0 mt-2\"><a class=\"btn btn-primary btn-lg px-lg-4 d-none d-md-block\" href=\"https:\/\/comunidad.comprasdominicana.gob.do\/\/Public\/Tendering\/OpportunityDetail\/Index?noticeUID=DO1.NTC.1197049\" target=\"_blank\" title=\"Detalles\"><i class=\"fas fa-link\"><\/i> DETALLES<\/a><a class=\"btn btn-primary btn-lg px-lg-4 d-block d-md-none\" href=\"https:\/\/comunidad.comprasdominicana.gob.do\/\/Public\/Tendering\/OpportunityDetail\/Index?noticeUID=DO1.NTC.1197049\" target=\"_blank\" title=\"Detalles\"><i class=\"fas fa-2x fa-link\"><\/i><\/a><\/div><\/div><\/div><div class=\"jumbotron archivos\"><div class=\"row align-items-center\"><div class=\"col\"><h6><a class=\"text-dark\" href=\"https:\/\/comunidad.comprasdominicana.gob.do\/\/Public\/Tendering\/OpportunityDetail\/Index?noticeUID=DO1.NTC.1196102\" title=\"Ver\" target=\"_blank\">APORDOM-UC-CD-2023-0011<\/a><\/h6><p class=\"mb-0 bold\">CONTRATACI\u00d3N DE SERVICIOS DE ALMUERZOS Y REFRIGERIOS PARA CAPACITACIONES Y REUNIONES DE LA DIRECCI\u00d3N DE GESTI\u00d3N HUMANA POR UN PERIODO DE 6 MESES, DIRIGIDO A MIPYMES<\/p><p class=\"mb-0\" style=\"font-size: .85rem\"><strong title=\"Estado del Proceso\"><i class=\"fas fa-spinner\"><\/i><\/strong> Proceso adjudicado y celebrado<\/p><p class=\"mb-0\" style=\"font-size: .85rem\"><strong title=\"Fecha de Publicaci\u00f3n\"><i class=\"fas fa-calendar-alt\"><\/i><\/strong> Publicado el mi\u00e9rcoles, 8 de febrero de 2023<\/p><\/div><div class=\"col-auto mt-md-0 mt-2\"><a class=\"btn btn-primary btn-lg px-lg-4 d-none d-md-block\" href=\"https:\/\/comunidad.comprasdominicana.gob.do\/\/Public\/Tendering\/OpportunityDetail\/Index?noticeUID=DO1.NTC.1196102\" target=\"_blank\" title=\"Detalles\"><i class=\"fas fa-link\"><\/i> DETALLES<\/a><a class=\"btn btn-primary btn-lg px-lg-4 d-block d-md-none\" href=\"https:\/\/comunidad.comprasdominicana.gob.do\/\/Public\/Tendering\/OpportunityDetail\/Index?noticeUID=DO1.NTC.1196102\" target=\"_blank\" title=\"Detalles\"><i class=\"fas fa-2x fa-link\"><\/i><\/a><\/div><\/div><\/div><\/div><\/div><\/div>\n        <div class=\"card\">\n            <div class=\"card-header parents\" id=\"heading_procedimientos-de-contrataci-n-dirigidos-a-las-micro-peque-as-y-medianas-empresas-mipymes--69eeee772d89c-2023-69eeee772d89c-enero-69eeee772d89c\">\n                <p class=\"title text-blue mb-0\">\n                    <a class=\"btn-block hover text-left collapsed\" data-toggle=\"collapse\" data-target=\"#collap_procedimientos-de-contrataci-n-dirigidos-a-las-micro-peque-as-y-medianas-empresas-mipymes--69eeee772d89c-2023-69eeee772d89c-enero-69eeee772d89c\" aria-expanded=\"false\" aria-controls=\"collap_procedimientos-de-contrataci-n-dirigidos-a-las-micro-peque-as-y-medianas-empresas-mipymes--69eeee772d89c-2023-69eeee772d89c-enero-69eeee772d89c\">Enero<\/a>\n                <\/p>\n            <\/div>\n            <div id=\"collap_procedimientos-de-contrataci-n-dirigidos-a-las-micro-peque-as-y-medianas-empresas-mipymes--69eeee772d89c-2023-69eeee772d89c-enero-69eeee772d89c\" class=\"collapse\" aria-labelledby=\"heading_procedimientos-de-contrataci-n-dirigidos-a-las-micro-peque-as-y-medianas-empresas-mipymes--69eeee772d89c-2023-69eeee772d89c-enero-69eeee772d89c\" data-parent=\"#collap_procedimientos-de-contrataci-n-dirigidos-a-las-micro-peque-as-y-medianas-empresas-mipymes--69eeee772d89c-2023-69eeee772d89c\">\n                <div class=\"card-body\"><div class=\"jumbotron archivos\"><div class=\"row align-items-center\"><div class=\"col\"><h6><a class=\"text-dark\" href=\"https:\/\/comunidad.comprasdominicana.gob.do\/\/Public\/Tendering\/OpportunityDetail\/Index?noticeUID=DO1.NTC.1192119\" title=\"Ver\" target=\"_blank\">APORDOM-UC-CD-2023-0006<\/a><\/h6><p class=\"mb-0 bold\">CONTRATACI\u00d3N DE SERVICIO DE CORONA PARA OFRENDA FLORAL Y ARREGLOS DE FLORES PARA USO DE APORDOM<\/p><p class=\"mb-0\" style=\"font-size: .85rem\"><strong title=\"Estado del Proceso\"><i class=\"fas fa-spinner\"><\/i><\/strong> Proceso adjudicado y celebrado<\/p><p class=\"mb-0\" style=\"font-size: .85rem\"><strong title=\"Fecha de Publicaci\u00f3n\"><i class=\"fas fa-calendar-alt\"><\/i><\/strong> Publicado el viernes, 27 de enero de 2023<\/p><\/div><div class=\"col-auto mt-md-0 mt-2\"><a class=\"btn btn-primary btn-lg px-lg-4 d-none d-md-block\" href=\"https:\/\/comunidad.comprasdominicana.gob.do\/\/Public\/Tendering\/OpportunityDetail\/Index?noticeUID=DO1.NTC.1192119\" target=\"_blank\" title=\"Detalles\"><i class=\"fas fa-link\"><\/i> DETALLES<\/a><a class=\"btn btn-primary btn-lg px-lg-4 d-block d-md-none\" href=\"https:\/\/comunidad.comprasdominicana.gob.do\/\/Public\/Tendering\/OpportunityDetail\/Index?noticeUID=DO1.NTC.1192119\" target=\"_blank\" title=\"Detalles\"><i class=\"fas fa-2x fa-link\"><\/i><\/a><\/div><\/div><\/div><div class=\"jumbotron archivos\"><div class=\"row align-items-center\"><div class=\"col\"><h6><a class=\"text-dark\" href=\"https:\/\/comunidad.comprasdominicana.gob.do\/\/Public\/Tendering\/OpportunityDetail\/Index?noticeUID=DO1.NTC.1191541\" title=\"Ver\" target=\"_blank\">APORDOM-UC-CD-2023-0005<\/a><\/h6><p class=\"mb-0 bold\">ADQUISICI\u00d3N DE INSUMOS PARA DISTINTAS ACTIVIDADES DE APORDOM DIRIGIDO A MIPYMES MUJER<\/p><p class=\"mb-0\" style=\"font-size: .85rem\"><strong title=\"Estado del Proceso\"><i class=\"fas fa-spinner\"><\/i><\/strong> Proceso adjudicado y celebrado<\/p><p class=\"mb-0\" style=\"font-size: .85rem\"><strong title=\"Fecha de Publicaci\u00f3n\"><i class=\"fas fa-calendar-alt\"><\/i><\/strong> Publicado el jueves, 26 de enero de 2023<\/p><\/div><div class=\"col-auto mt-md-0 mt-2\"><a class=\"btn btn-primary btn-lg px-lg-4 d-none d-md-block\" href=\"https:\/\/comunidad.comprasdominicana.gob.do\/\/Public\/Tendering\/OpportunityDetail\/Index?noticeUID=DO1.NTC.1191541\" target=\"_blank\" title=\"Detalles\"><i class=\"fas fa-link\"><\/i> DETALLES<\/a><a class=\"btn btn-primary btn-lg px-lg-4 d-block d-md-none\" href=\"https:\/\/comunidad.comprasdominicana.gob.do\/\/Public\/Tendering\/OpportunityDetail\/Index?noticeUID=DO1.NTC.1191541\" target=\"_blank\" title=\"Detalles\"><i class=\"fas fa-2x fa-link\"><\/i><\/a><\/div><\/div><\/div><div class=\"jumbotron archivos\"><div class=\"row align-items-center\"><div class=\"col\"><h6><a class=\"text-dark\" href=\"https:\/\/comunidad.comprasdominicana.gob.do\/\/Public\/Tendering\/OpportunityDetail\/Index?noticeUID=DO1.NTC.1191312\" title=\"Ver\" target=\"_blank\">APORDOM-UC-CD-2023-0003<\/a><\/h6><p class=\"mb-0 bold\">ADQUISICION DE CAFE PARA  APORDOM<\/p><p class=\"mb-0\" style=\"font-size: .85rem\"><strong title=\"Estado del Proceso\"><i class=\"fas fa-spinner\"><\/i><\/strong> Proceso adjudicado y celebrado<\/p><p class=\"mb-0\" style=\"font-size: .85rem\"><strong title=\"Fecha de Publicaci\u00f3n\"><i class=\"fas fa-calendar-alt\"><\/i><\/strong> Publicado el jueves, 26 de enero de 2023<\/p><\/div><div class=\"col-auto mt-md-0 mt-2\"><a class=\"btn btn-primary btn-lg px-lg-4 d-none d-md-block\" href=\"https:\/\/comunidad.comprasdominicana.gob.do\/\/Public\/Tendering\/OpportunityDetail\/Index?noticeUID=DO1.NTC.1191312\" target=\"_blank\" title=\"Detalles\"><i class=\"fas fa-link\"><\/i> DETALLES<\/a><a class=\"btn btn-primary btn-lg px-lg-4 d-block d-md-none\" href=\"https:\/\/comunidad.comprasdominicana.gob.do\/\/Public\/Tendering\/OpportunityDetail\/Index?noticeUID=DO1.NTC.1191312\" target=\"_blank\" title=\"Detalles\"><i class=\"fas fa-2x fa-link\"><\/i><\/a><\/div><\/div><\/div><div class=\"jumbotron archivos\"><div class=\"row align-items-center\"><div class=\"col\"><h6><a class=\"text-dark\" href=\"https:\/\/comunidad.comprasdominicana.gob.do\/\/Public\/Tendering\/OpportunityDetail\/Index?noticeUID=DO1.NTC.1190108\" title=\"Ver\" target=\"_blank\">APORDOM-DAF-CM-2023-0002<\/a><\/h6><p class=\"mb-0 bold\">ADQUISICI\u00d3N DE EQUIPOS TECNOL\u00d3GICOS PARA EL INPLOG, DIRIGIDO A MIPYMES<\/p><p class=\"mb-0\" style=\"font-size: .85rem\"><strong title=\"Estado del Proceso\"><i class=\"fas fa-spinner\"><\/i><\/strong> Proceso adjudicado y celebrado<\/p><p class=\"mb-0\" style=\"font-size: .85rem\"><strong title=\"Fecha de Publicaci\u00f3n\"><i class=\"fas fa-calendar-alt\"><\/i><\/strong> Publicado el martes, 24 de enero de 2023<\/p><\/div><div class=\"col-auto mt-md-0 mt-2\"><a class=\"btn btn-primary btn-lg px-lg-4 d-none d-md-block\" href=\"https:\/\/comunidad.comprasdominicana.gob.do\/\/Public\/Tendering\/OpportunityDetail\/Index?noticeUID=DO1.NTC.1190108\" target=\"_blank\" title=\"Detalles\"><i class=\"fas fa-link\"><\/i> DETALLES<\/a><a class=\"btn btn-primary btn-lg px-lg-4 d-block d-md-none\" href=\"https:\/\/comunidad.comprasdominicana.gob.do\/\/Public\/Tendering\/OpportunityDetail\/Index?noticeUID=DO1.NTC.1190108\" target=\"_blank\" title=\"Detalles\"><i class=\"fas fa-2x fa-link\"><\/i><\/a><\/div><\/div><\/div><div class=\"jumbotron archivos\"><div class=\"row align-items-center\"><div class=\"col\"><h6><a class=\"text-dark\" href=\"https:\/\/comunidad.comprasdominicana.gob.do\/\/Public\/Tendering\/OpportunityDetail\/Index?noticeUID=DO1.NTC.1187924\" title=\"Ver\" target=\"_blank\">APORDOM-UC-CD-2023-0002<\/a><\/h6><p class=\"mb-0 bold\">ADQUISICI\u00d3N DE MATERIALES FERRETEROS PARA USO DE LA DIRECCI\u00d3N DE TECNOLOG\u00cdA DE APORDOM, DIRIGIDO A MIPYME<\/p><p class=\"mb-0\" style=\"font-size: .85rem\"><strong title=\"Estado del Proceso\"><i class=\"fas fa-spinner\"><\/i><\/strong> Proceso adjudicado y celebrado<\/p><p class=\"mb-0\" style=\"font-size: .85rem\"><strong title=\"Fecha de Publicaci\u00f3n\"><i class=\"fas fa-calendar-alt\"><\/i><\/strong> Publicado el viernes, 20 de enero de 2023<\/p><\/div><div class=\"col-auto mt-md-0 mt-2\"><a class=\"btn btn-primary btn-lg px-lg-4 d-none d-md-block\" href=\"https:\/\/comunidad.comprasdominicana.gob.do\/\/Public\/Tendering\/OpportunityDetail\/Index?noticeUID=DO1.NTC.1187924\" target=\"_blank\" title=\"Detalles\"><i class=\"fas fa-link\"><\/i> DETALLES<\/a><a class=\"btn btn-primary btn-lg px-lg-4 d-block d-md-none\" href=\"https:\/\/comunidad.comprasdominicana.gob.do\/\/Public\/Tendering\/OpportunityDetail\/Index?noticeUID=DO1.NTC.1187924\" target=\"_blank\" title=\"Detalles\"><i class=\"fas fa-2x fa-link\"><\/i><\/a><\/div><\/div><\/div><\/div><\/div><\/div><\/div><\/div><\/div>\n        <div class=\"card\">\n            <div class=\"card-header parents\" id=\"heading_procedimientos-de-contrataci-n-dirigidos-a-las-micro-peque-as-y-medianas-empresas-mipymes--69eeee772d89c-2022-69eeee772d89c\">\n                <p class=\"title text-blue mb-0\">\n                    <a class=\"btn-block hover text-left collapsed\" data-toggle=\"collapse\" data-target=\"#collap_procedimientos-de-contrataci-n-dirigidos-a-las-micro-peque-as-y-medianas-empresas-mipymes--69eeee772d89c-2022-69eeee772d89c\" aria-expanded=\"false\" aria-controls=\"collap_procedimientos-de-contrataci-n-dirigidos-a-las-micro-peque-as-y-medianas-empresas-mipymes--69eeee772d89c-2022-69eeee772d89c\">2022<\/a>\n                <\/p>\n            <\/div>\n            <div id=\"collap_procedimientos-de-contrataci-n-dirigidos-a-las-micro-peque-as-y-medianas-empresas-mipymes--69eeee772d89c-2022-69eeee772d89c\" class=\"collapse\" aria-labelledby=\"heading_procedimientos-de-contrataci-n-dirigidos-a-las-micro-peque-as-y-medianas-empresas-mipymes--69eeee772d89c-2022-69eeee772d89c\" data-parent=\"#collap_procedimientos-de-contrataci-n-dirigidos-a-las-micro-peque-as-y-medianas-empresas-mipymes--69eeee772d89c\">\n                <div class=\"card-body\">\n        <div class=\"card\">\n            <div class=\"card-header parents\" id=\"heading_procedimientos-de-contrataci-n-dirigidos-a-las-micro-peque-as-y-medianas-empresas-mipymes--69eeee772d89c-2022-69eeee772d89c-diciembre-69eeee772d89c\">\n                <p class=\"title text-blue mb-0\">\n                    <a class=\"btn-block hover text-left collapsed\" data-toggle=\"collapse\" data-target=\"#collap_procedimientos-de-contrataci-n-dirigidos-a-las-micro-peque-as-y-medianas-empresas-mipymes--69eeee772d89c-2022-69eeee772d89c-diciembre-69eeee772d89c\" aria-expanded=\"false\" aria-controls=\"collap_procedimientos-de-contrataci-n-dirigidos-a-las-micro-peque-as-y-medianas-empresas-mipymes--69eeee772d89c-2022-69eeee772d89c-diciembre-69eeee772d89c\">Diciembre<\/a>\n                <\/p>\n            <\/div>\n            <div id=\"collap_procedimientos-de-contrataci-n-dirigidos-a-las-micro-peque-as-y-medianas-empresas-mipymes--69eeee772d89c-2022-69eeee772d89c-diciembre-69eeee772d89c\" class=\"collapse\" aria-labelledby=\"heading_procedimientos-de-contrataci-n-dirigidos-a-las-micro-peque-as-y-medianas-empresas-mipymes--69eeee772d89c-2022-69eeee772d89c-diciembre-69eeee772d89c\" data-parent=\"#collap_procedimientos-de-contrataci-n-dirigidos-a-las-micro-peque-as-y-medianas-empresas-mipymes--69eeee772d89c-2022-69eeee772d89c\">\n                <div class=\"card-body\"><div class=\"jumbotron archivos\"><div class=\"row align-items-center\"><div class=\"col\"><h6><a class=\"text-dark\" href=\"https:\/\/comunidad.comprasdominicana.gob.do\/\/Public\/Tendering\/OpportunityDetail\/Index?noticeUID=DO1.NTC.1175817\" title=\"Ver\" target=\"_blank\">APORDOM-UC-CD-2022-0121<\/a><\/h6><p class=\"mb-0 bold\">CONTRATACION DE SERVICIO DE IMPRESI\u00d3N, DIRIGIDO A MIPYMES<\/p><p class=\"mb-0\" style=\"font-size: .85rem\"><strong title=\"Estado del Proceso\"><i class=\"fas fa-spinner\"><\/i><\/strong> Proceso adjudicado y celebrado<\/p><p class=\"mb-0\" style=\"font-size: .85rem\"><strong title=\"Fecha de Publicaci\u00f3n\"><i class=\"fas fa-calendar-alt\"><\/i><\/strong> Publicado el mi\u00e9rcoles, 21 de diciembre de 2022<\/p><\/div><div class=\"col-auto mt-md-0 mt-2\"><a class=\"btn btn-primary btn-lg px-lg-4 d-none d-md-block\" href=\"https:\/\/comunidad.comprasdominicana.gob.do\/\/Public\/Tendering\/OpportunityDetail\/Index?noticeUID=DO1.NTC.1175817\" target=\"_blank\" title=\"Detalles\"><i class=\"fas fa-link\"><\/i> DETALLES<\/a><a class=\"btn btn-primary btn-lg px-lg-4 d-block d-md-none\" href=\"https:\/\/comunidad.comprasdominicana.gob.do\/\/Public\/Tendering\/OpportunityDetail\/Index?noticeUID=DO1.NTC.1175817\" target=\"_blank\" title=\"Detalles\"><i class=\"fas fa-2x fa-link\"><\/i><\/a><\/div><\/div><\/div><div class=\"jumbotron archivos\"><div class=\"row align-items-center\"><div class=\"col\"><h6><a class=\"text-dark\" href=\"https:\/\/comunidad.comprasdominicana.gob.do\/\/Public\/Tendering\/OpportunityDetail\/Index?noticeUID=DO1.NTC.1171712\" title=\"Ver\" target=\"_blank\">APORDOM-UC-CD-2022-0104<\/a><\/h6><p class=\"mb-0 bold\">Adquisici\u00f3n de Equipos de Oficina para las diferentes \u00e1reas de APORDOM, dirigido a MiPymes, Desierto del Proceso  Ref.: Apordom UC-CD-2022-0069. <\/p><p class=\"mb-0\" style=\"font-size: .85rem\"><strong title=\"Estado del Proceso\"><i class=\"fas fa-spinner\"><\/i><\/strong> Proceso adjudicado y celebrado<\/p><p class=\"mb-0\" style=\"font-size: .85rem\"><strong title=\"Fecha de Publicaci\u00f3n\"><i class=\"fas fa-calendar-alt\"><\/i><\/strong> Publicado el martes, 13 de diciembre de 2022<\/p><\/div><div class=\"col-auto mt-md-0 mt-2\"><a class=\"btn btn-primary btn-lg px-lg-4 d-none d-md-block\" href=\"https:\/\/comunidad.comprasdominicana.gob.do\/\/Public\/Tendering\/OpportunityDetail\/Index?noticeUID=DO1.NTC.1171712\" target=\"_blank\" title=\"Detalles\"><i class=\"fas fa-link\"><\/i> DETALLES<\/a><a class=\"btn btn-primary btn-lg px-lg-4 d-block d-md-none\" href=\"https:\/\/comunidad.comprasdominicana.gob.do\/\/Public\/Tendering\/OpportunityDetail\/Index?noticeUID=DO1.NTC.1171712\" target=\"_blank\" title=\"Detalles\"><i class=\"fas fa-2x fa-link\"><\/i><\/a><\/div><\/div><\/div><div class=\"jumbotron archivos\"><div class=\"row align-items-center\"><div class=\"col\"><h6><a class=\"text-dark\" href=\"https:\/\/comunidad.comprasdominicana.gob.do\/\/Public\/Tendering\/OpportunityDetail\/Index?noticeUID=DO1.NTC.1166650\" title=\"Ver\" target=\"_blank\">APORDOM-DAF-CM-2022-0066<\/a><\/h6><p class=\"mb-0 bold\">ADQUISICI\u00d3N DE MATERIALES EL\u00c9CTRICOS Y REFRIGERANTES PARA USO DE APORDOM, DIRIGIDO A MIPYMES<\/p><p class=\"mb-0\" style=\"font-size: .85rem\"><strong title=\"Estado del Proceso\"><i class=\"fas fa-spinner\"><\/i><\/strong> Proceso adjudicado y celebrado<\/p><p class=\"mb-0\" style=\"font-size: .85rem\"><strong title=\"Fecha de Publicaci\u00f3n\"><i class=\"fas fa-calendar-alt\"><\/i><\/strong> Publicado el jueves, 1 de diciembre de 2022<\/p><\/div><div class=\"col-auto mt-md-0 mt-2\"><a class=\"btn btn-primary btn-lg px-lg-4 d-none d-md-block\" href=\"https:\/\/comunidad.comprasdominicana.gob.do\/\/Public\/Tendering\/OpportunityDetail\/Index?noticeUID=DO1.NTC.1166650\" target=\"_blank\" title=\"Detalles\"><i class=\"fas fa-link\"><\/i> DETALLES<\/a><a class=\"btn btn-primary btn-lg px-lg-4 d-block d-md-none\" href=\"https:\/\/comunidad.comprasdominicana.gob.do\/\/Public\/Tendering\/OpportunityDetail\/Index?noticeUID=DO1.NTC.1166650\" target=\"_blank\" title=\"Detalles\"><i class=\"fas fa-2x fa-link\"><\/i><\/a><\/div><\/div><\/div><\/div><\/div><\/div>\n        <div class=\"card\">\n            <div class=\"card-header parents\" id=\"heading_procedimientos-de-contrataci-n-dirigidos-a-las-micro-peque-as-y-medianas-empresas-mipymes--69eeee772d89c-2022-69eeee772d89c-noviembre-69eeee772d89c\">\n                <p class=\"title text-blue mb-0\">\n                    <a class=\"btn-block hover text-left collapsed\" data-toggle=\"collapse\" data-target=\"#collap_procedimientos-de-contrataci-n-dirigidos-a-las-micro-peque-as-y-medianas-empresas-mipymes--69eeee772d89c-2022-69eeee772d89c-noviembre-69eeee772d89c\" aria-expanded=\"false\" aria-controls=\"collap_procedimientos-de-contrataci-n-dirigidos-a-las-micro-peque-as-y-medianas-empresas-mipymes--69eeee772d89c-2022-69eeee772d89c-noviembre-69eeee772d89c\">Noviembre<\/a>\n                <\/p>\n            <\/div>\n            <div id=\"collap_procedimientos-de-contrataci-n-dirigidos-a-las-micro-peque-as-y-medianas-empresas-mipymes--69eeee772d89c-2022-69eeee772d89c-noviembre-69eeee772d89c\" class=\"collapse\" aria-labelledby=\"heading_procedimientos-de-contrataci-n-dirigidos-a-las-micro-peque-as-y-medianas-empresas-mipymes--69eeee772d89c-2022-69eeee772d89c-noviembre-69eeee772d89c\" data-parent=\"#collap_procedimientos-de-contrataci-n-dirigidos-a-las-micro-peque-as-y-medianas-empresas-mipymes--69eeee772d89c-2022-69eeee772d89c\">\n                <div class=\"card-body\"><div class=\"jumbotron archivos\"><div class=\"row align-items-center\"><div class=\"col\"><h6><a class=\"text-dark\" href=\"https:\/\/comunidad.comprasdominicana.gob.do\/\/Public\/Tendering\/OpportunityDetail\/Index?noticeUID=DO1.NTC.1163082\" title=\"Ver\" target=\"_blank\">APORDOM-DAF-CM-2022-0067<\/a><\/h6><p class=\"mb-0 bold\">ADQUISICI\u00d3N DE ELECTRODOM\u00c9STICOS PARA USO DE APORDOM, DIRIGIDO A MIPYMES<\/p><p class=\"mb-0\" style=\"font-size: .85rem\"><strong title=\"Estado del Proceso\"><i class=\"fas fa-spinner\"><\/i><\/strong> Proceso adjudicado y celebrado<\/p><p class=\"mb-0\" style=\"font-size: .85rem\"><strong title=\"Fecha de Publicaci\u00f3n\"><i class=\"fas fa-calendar-alt\"><\/i><\/strong> Publicado el viernes, 25 de noviembre de 2022<\/p><\/div><div class=\"col-auto mt-md-0 mt-2\"><a class=\"btn btn-primary btn-lg px-lg-4 d-none d-md-block\" href=\"https:\/\/comunidad.comprasdominicana.gob.do\/\/Public\/Tendering\/OpportunityDetail\/Index?noticeUID=DO1.NTC.1163082\" target=\"_blank\" title=\"Detalles\"><i class=\"fas fa-link\"><\/i> DETALLES<\/a><a class=\"btn btn-primary btn-lg px-lg-4 d-block d-md-none\" href=\"https:\/\/comunidad.comprasdominicana.gob.do\/\/Public\/Tendering\/OpportunityDetail\/Index?noticeUID=DO1.NTC.1163082\" target=\"_blank\" title=\"Detalles\"><i class=\"fas fa-2x fa-link\"><\/i><\/a><\/div><\/div><\/div><div class=\"jumbotron archivos\"><div class=\"row align-items-center\"><div class=\"col\"><h6><a class=\"text-dark\" href=\"https:\/\/comunidad.comprasdominicana.gob.do\/\/Public\/Tendering\/OpportunityDetail\/Index?noticeUID=DO1.NTC.1163141\" title=\"Ver\" target=\"_blank\">APORDOM-DAF-CM-2022-0065<\/a><\/h6><p class=\"mb-0 bold\">CONTRATACI\u00d3N DE REFRIGERIOS PARA ANIVERSARIO PORTUARIA Y REUNIONES DE APORDOM, DIRIGIDO A MIPYMES<\/p><p class=\"mb-0\" style=\"font-size: .85rem\"><strong title=\"Estado del Proceso\"><i class=\"fas fa-spinner\"><\/i><\/strong> Proceso adjudicado y celebrado<\/p><p class=\"mb-0\" style=\"font-size: .85rem\"><strong title=\"Fecha de Publicaci\u00f3n\"><i class=\"fas fa-calendar-alt\"><\/i><\/strong> Publicado el viernes, 25 de noviembre de 2022<\/p><\/div><div class=\"col-auto mt-md-0 mt-2\"><a class=\"btn btn-primary btn-lg px-lg-4 d-none d-md-block\" href=\"https:\/\/comunidad.comprasdominicana.gob.do\/\/Public\/Tendering\/OpportunityDetail\/Index?noticeUID=DO1.NTC.1163141\" target=\"_blank\" title=\"Detalles\"><i class=\"fas fa-link\"><\/i> DETALLES<\/a><a class=\"btn btn-primary btn-lg px-lg-4 d-block d-md-none\" href=\"https:\/\/comunidad.comprasdominicana.gob.do\/\/Public\/Tendering\/OpportunityDetail\/Index?noticeUID=DO1.NTC.1163141\" target=\"_blank\" title=\"Detalles\"><i class=\"fas fa-2x fa-link\"><\/i><\/a><\/div><\/div><\/div><div class=\"jumbotron archivos\"><div class=\"row align-items-center\"><div class=\"col\"><h6><a class=\"text-dark\" href=\"https:\/\/comunidad.comprasdominicana.gob.do\/\/Public\/Tendering\/OpportunityDetail\/Index?noticeUID=DO1.NTC.1163039\" title=\"Ver\" target=\"_blank\">APORDOM-UC-CD-2022-0115<\/a><\/h6><p class=\"mb-0 bold\">ADQUISICI\u00d3N DE IMPRESOS PARA USO DE APORDOM, DIRIGIDO A MIPYME<\/p><p class=\"mb-0\" style=\"font-size: .85rem\"><strong title=\"Estado del Proceso\"><i class=\"fas fa-spinner\"><\/i><\/strong> Proceso adjudicado y celebrado<\/p><p class=\"mb-0\" style=\"font-size: .85rem\"><strong title=\"Fecha de Publicaci\u00f3n\"><i class=\"fas fa-calendar-alt\"><\/i><\/strong> Publicado el viernes, 25 de noviembre de 2022<\/p><\/div><div class=\"col-auto mt-md-0 mt-2\"><a class=\"btn btn-primary btn-lg px-lg-4 d-none d-md-block\" href=\"https:\/\/comunidad.comprasdominicana.gob.do\/\/Public\/Tendering\/OpportunityDetail\/Index?noticeUID=DO1.NTC.1163039\" target=\"_blank\" title=\"Detalles\"><i class=\"fas fa-link\"><\/i> DETALLES<\/a><a class=\"btn btn-primary btn-lg px-lg-4 d-block d-md-none\" href=\"https:\/\/comunidad.comprasdominicana.gob.do\/\/Public\/Tendering\/OpportunityDetail\/Index?noticeUID=DO1.NTC.1163039\" target=\"_blank\" title=\"Detalles\"><i class=\"fas fa-2x fa-link\"><\/i><\/a><\/div><\/div><\/div><div class=\"jumbotron archivos\"><div class=\"row align-items-center\"><div class=\"col\"><h6><a class=\"text-dark\" href=\"https:\/\/comunidad.comprasdominicana.gob.do\/\/Public\/Tendering\/OpportunityDetail\/Index?noticeUID=DO1.NTC.1163133\" title=\"Ver\" target=\"_blank\">APORDOM-DAF-CM-2022-0068<\/a><\/h6><p class=\"mb-0 bold\">CONTRATACION DE LOGISTICA PARA INAUGURACIONES DE PROYECTOS DE AUTORIDAD PORTUARIA , DIRIGIDO A MIPYMES<\/p><p class=\"mb-0\" style=\"font-size: .85rem\"><strong title=\"Estado del Proceso\"><i class=\"fas fa-spinner\"><\/i><\/strong> Proceso adjudicado y celebrado<\/p><p class=\"mb-0\" style=\"font-size: .85rem\"><strong title=\"Fecha de Publicaci\u00f3n\"><i class=\"fas fa-calendar-alt\"><\/i><\/strong> Publicado el viernes, 25 de noviembre de 2022<\/p><\/div><div class=\"col-auto mt-md-0 mt-2\"><a class=\"btn btn-primary btn-lg px-lg-4 d-none d-md-block\" href=\"https:\/\/comunidad.comprasdominicana.gob.do\/\/Public\/Tendering\/OpportunityDetail\/Index?noticeUID=DO1.NTC.1163133\" target=\"_blank\" title=\"Detalles\"><i class=\"fas fa-link\"><\/i> DETALLES<\/a><a class=\"btn btn-primary btn-lg px-lg-4 d-block d-md-none\" href=\"https:\/\/comunidad.comprasdominicana.gob.do\/\/Public\/Tendering\/OpportunityDetail\/Index?noticeUID=DO1.NTC.1163133\" target=\"_blank\" title=\"Detalles\"><i class=\"fas fa-2x fa-link\"><\/i><\/a><\/div><\/div><\/div><div class=\"jumbotron archivos\"><div class=\"row align-items-center\"><div class=\"col\"><h6><a class=\"text-dark\" href=\"https:\/\/comunidad.comprasdominicana.gob.do\/\/Public\/Tendering\/OpportunityDetail\/Index?noticeUID=DO1.NTC.1158655\" title=\"Ver\" target=\"_blank\">APORDOM-UC-CD-2022-0108<\/a><\/h6><p class=\"mb-0 bold\">CONTRATACI\u00d3N DE SERVICIO DE DECORACI\u00d3N, ARREGLOS FLORALES, Y ALQUILERES PARA ANIVERSARIO PORTUARIA Y REUNION OMI DIRIGIDO A MIPYMES MUJER<\/p><p class=\"mb-0\" style=\"font-size: .85rem\"><strong title=\"Estado del Proceso\"><i class=\"fas fa-spinner\"><\/i><\/strong> Proceso adjudicado y celebrado<\/p><p class=\"mb-0\" style=\"font-size: .85rem\"><strong title=\"Fecha de Publicaci\u00f3n\"><i class=\"fas fa-calendar-alt\"><\/i><\/strong> Publicado el mi\u00e9rcoles, 16 de noviembre de 2022<\/p><\/div><div class=\"col-auto mt-md-0 mt-2\"><a class=\"btn btn-primary btn-lg px-lg-4 d-none d-md-block\" href=\"https:\/\/comunidad.comprasdominicana.gob.do\/\/Public\/Tendering\/OpportunityDetail\/Index?noticeUID=DO1.NTC.1158655\" target=\"_blank\" title=\"Detalles\"><i class=\"fas fa-link\"><\/i> DETALLES<\/a><a class=\"btn btn-primary btn-lg px-lg-4 d-block d-md-none\" href=\"https:\/\/comunidad.comprasdominicana.gob.do\/\/Public\/Tendering\/OpportunityDetail\/Index?noticeUID=DO1.NTC.1158655\" target=\"_blank\" title=\"Detalles\"><i class=\"fas fa-2x fa-link\"><\/i><\/a><\/div><\/div><\/div><div class=\"jumbotron archivos\"><div class=\"row align-items-center\"><div class=\"col\"><h6><a class=\"text-dark\" href=\"https:\/\/comunidad.comprasdominicana.gob.do\/\/Public\/Tendering\/OpportunityDetail\/Index?noticeUID=DO1.NTC.1158317\" title=\"Ver\" target=\"_blank\">APORDOM-UC-CD-2022-0105<\/a><\/h6><p class=\"mb-0 bold\">CONTRATACION DE SERVICIO DE BRINDIS PARA COLABORADORES DE APORDOM<\/p><p class=\"mb-0\" style=\"font-size: .85rem\"><strong title=\"Estado del Proceso\"><i class=\"fas fa-spinner\"><\/i><\/strong> Proceso adjudicado y celebrado<\/p><p class=\"mb-0\" style=\"font-size: .85rem\"><strong title=\"Fecha de Publicaci\u00f3n\"><i class=\"fas fa-calendar-alt\"><\/i><\/strong> Publicado el mi\u00e9rcoles, 16 de noviembre de 2022<\/p><\/div><div class=\"col-auto mt-md-0 mt-2\"><a class=\"btn btn-primary btn-lg px-lg-4 d-none d-md-block\" href=\"https:\/\/comunidad.comprasdominicana.gob.do\/\/Public\/Tendering\/OpportunityDetail\/Index?noticeUID=DO1.NTC.1158317\" target=\"_blank\" title=\"Detalles\"><i class=\"fas fa-link\"><\/i> DETALLES<\/a><a class=\"btn btn-primary btn-lg px-lg-4 d-block d-md-none\" href=\"https:\/\/comunidad.comprasdominicana.gob.do\/\/Public\/Tendering\/OpportunityDetail\/Index?noticeUID=DO1.NTC.1158317\" target=\"_blank\" title=\"Detalles\"><i class=\"fas fa-2x fa-link\"><\/i><\/a><\/div><\/div><\/div><div class=\"jumbotron archivos\"><div class=\"row align-items-center\"><div class=\"col\"><h6><a class=\"text-dark\" href=\"https:\/\/comunidad.comprasdominicana.gob.do\/\/Public\/Tendering\/OpportunityDetail\/Index?noticeUID=DO1.NTC.1155733\" title=\"Ver\" target=\"_blank\">APORDOM-DAF-CM-2022-0050<\/a><\/h6><p class=\"mb-0 bold\">ADQUISICI\u00d3N DE CORTINAS ROLLER CHADE Y VENECIANAS PARA LAS DIFERENTES AREAS DE SEDE PRINCIPAL DE APORDOM. DIRIGIDO A MIPYMES<\/p><p class=\"mb-0\" style=\"font-size: .85rem\"><strong title=\"Estado del Proceso\"><i class=\"fas fa-spinner\"><\/i><\/strong> Proceso adjudicado y celebrado<\/p><p class=\"mb-0\" style=\"font-size: .85rem\"><strong title=\"Fecha de Publicaci\u00f3n\"><i class=\"fas fa-calendar-alt\"><\/i><\/strong> Publicado el jueves, 10 de noviembre de 2022<\/p><\/div><div class=\"col-auto mt-md-0 mt-2\"><a class=\"btn btn-primary btn-lg px-lg-4 d-none d-md-block\" href=\"https:\/\/comunidad.comprasdominicana.gob.do\/\/Public\/Tendering\/OpportunityDetail\/Index?noticeUID=DO1.NTC.1155733\" target=\"_blank\" title=\"Detalles\"><i class=\"fas fa-link\"><\/i> DETALLES<\/a><a class=\"btn btn-primary btn-lg px-lg-4 d-block d-md-none\" href=\"https:\/\/comunidad.comprasdominicana.gob.do\/\/Public\/Tendering\/OpportunityDetail\/Index?noticeUID=DO1.NTC.1155733\" target=\"_blank\" title=\"Detalles\"><i class=\"fas fa-2x fa-link\"><\/i><\/a><\/div><\/div><\/div><div class=\"jumbotron archivos\"><div class=\"row align-items-center\"><div class=\"col\"><h6><a class=\"text-dark\" href=\"https:\/\/comunidad.comprasdominicana.gob.do\/\/Public\/Tendering\/OpportunityDetail\/Index?noticeUID=DO1.NTC.1153358\" title=\"Ver\" target=\"_blank\">APORDOM-UC-CD-2022-0103<\/a><\/h6><p class=\"mb-0 bold\">ADQUISICION DE CORONAS FLORALES PARA CONDOLENCIAS, DIRIGIDO A MIPYMES MUJER<\/p><p class=\"mb-0\" style=\"font-size: .85rem\"><strong title=\"Estado del Proceso\"><i class=\"fas fa-spinner\"><\/i><\/strong> Proceso adjudicado y celebrado<\/p><p class=\"mb-0\" style=\"font-size: .85rem\"><strong title=\"Fecha de Publicaci\u00f3n\"><i class=\"fas fa-calendar-alt\"><\/i><\/strong> Publicado el lunes, 7 de noviembre de 2022<\/p><\/div><div class=\"col-auto mt-md-0 mt-2\"><a class=\"btn btn-primary btn-lg px-lg-4 d-none d-md-block\" href=\"https:\/\/comunidad.comprasdominicana.gob.do\/\/Public\/Tendering\/OpportunityDetail\/Index?noticeUID=DO1.NTC.1153358\" target=\"_blank\" title=\"Detalles\"><i class=\"fas fa-link\"><\/i> DETALLES<\/a><a class=\"btn btn-primary btn-lg px-lg-4 d-block d-md-none\" href=\"https:\/\/comunidad.comprasdominicana.gob.do\/\/Public\/Tendering\/OpportunityDetail\/Index?noticeUID=DO1.NTC.1153358\" target=\"_blank\" title=\"Detalles\"><i class=\"fas fa-2x fa-link\"><\/i><\/a><\/div><\/div><\/div><div class=\"jumbotron archivos\"><div class=\"row align-items-center\"><div class=\"col\"><h6><a class=\"text-dark\" href=\"https:\/\/comunidad.comprasdominicana.gob.do\/\/Public\/Tendering\/OpportunityDetail\/Index?noticeUID=DO1.NTC.1152226\" title=\"Ver\" target=\"_blank\">APORDOM-UC-CD-2022-0100<\/a><\/h6><p class=\"mb-0 bold\">ADQUISICI\u00d3N DE T\u00c9, AZ\u00daCAR, CREMA Y VASOS PARA CAF\u00c9 PARA EL CONSUMO DE APORDOM DIRIGIDO A MIPYMES.<\/p><p class=\"mb-0\" style=\"font-size: .85rem\"><strong title=\"Estado del Proceso\"><i class=\"fas fa-spinner\"><\/i><\/strong> Proceso adjudicado y celebrado<\/p><p class=\"mb-0\" style=\"font-size: .85rem\"><strong title=\"Fecha de Publicaci\u00f3n\"><i class=\"fas fa-calendar-alt\"><\/i><\/strong> Publicado el viernes, 4 de noviembre de 2022<\/p><\/div><div class=\"col-auto mt-md-0 mt-2\"><a class=\"btn btn-primary btn-lg px-lg-4 d-none d-md-block\" href=\"https:\/\/comunidad.comprasdominicana.gob.do\/\/Public\/Tendering\/OpportunityDetail\/Index?noticeUID=DO1.NTC.1152226\" target=\"_blank\" title=\"Detalles\"><i class=\"fas fa-link\"><\/i> DETALLES<\/a><a class=\"btn btn-primary btn-lg px-lg-4 d-block d-md-none\" href=\"https:\/\/comunidad.comprasdominicana.gob.do\/\/Public\/Tendering\/OpportunityDetail\/Index?noticeUID=DO1.NTC.1152226\" target=\"_blank\" title=\"Detalles\"><i class=\"fas fa-2x fa-link\"><\/i><\/a><\/div><\/div><\/div><div class=\"jumbotron archivos\"><div class=\"row align-items-center\"><div class=\"col\"><h6><a class=\"text-dark\" href=\"https:\/\/comunidad.comprasdominicana.gob.do\/\/Public\/Tendering\/OpportunityDetail\/Index?noticeUID=DO1.NTC.1152714\" title=\"Ver\" target=\"_blank\">APORDOM-DAF-CM-2022-0057<\/a><\/h6><p class=\"mb-0 bold\">ADQUISICI\u00d3N DE MATERIALES FERRETEROS PARA USO DE APORDOM, DIRIGIDO A MIPYMES<\/p><p class=\"mb-0\" style=\"font-size: .85rem\"><strong title=\"Estado del Proceso\"><i class=\"fas fa-spinner\"><\/i><\/strong> Proceso adjudicado y celebrado<\/p><p class=\"mb-0\" style=\"font-size: .85rem\"><strong title=\"Fecha de Publicaci\u00f3n\"><i class=\"fas fa-calendar-alt\"><\/i><\/strong> Publicado el viernes, 4 de noviembre de 2022<\/p><\/div><div class=\"col-auto mt-md-0 mt-2\"><a class=\"btn btn-primary btn-lg px-lg-4 d-none d-md-block\" href=\"https:\/\/comunidad.comprasdominicana.gob.do\/\/Public\/Tendering\/OpportunityDetail\/Index?noticeUID=DO1.NTC.1152714\" target=\"_blank\" title=\"Detalles\"><i class=\"fas fa-link\"><\/i> DETALLES<\/a><a class=\"btn btn-primary btn-lg px-lg-4 d-block d-md-none\" href=\"https:\/\/comunidad.comprasdominicana.gob.do\/\/Public\/Tendering\/OpportunityDetail\/Index?noticeUID=DO1.NTC.1152714\" target=\"_blank\" title=\"Detalles\"><i class=\"fas fa-2x fa-link\"><\/i><\/a><\/div><\/div><\/div><\/div><\/div><\/div>\n        <div class=\"card\">\n            <div class=\"card-header parents\" id=\"heading_procedimientos-de-contrataci-n-dirigidos-a-las-micro-peque-as-y-medianas-empresas-mipymes--69eeee772d89c-2022-69eeee772d89c-octubre-69eeee772d89c\">\n                <p class=\"title text-blue mb-0\">\n                    <a class=\"btn-block hover text-left collapsed\" data-toggle=\"collapse\" data-target=\"#collap_procedimientos-de-contrataci-n-dirigidos-a-las-micro-peque-as-y-medianas-empresas-mipymes--69eeee772d89c-2022-69eeee772d89c-octubre-69eeee772d89c\" aria-expanded=\"false\" aria-controls=\"collap_procedimientos-de-contrataci-n-dirigidos-a-las-micro-peque-as-y-medianas-empresas-mipymes--69eeee772d89c-2022-69eeee772d89c-octubre-69eeee772d89c\">Octubre<\/a>\n                <\/p>\n            <\/div>\n            <div id=\"collap_procedimientos-de-contrataci-n-dirigidos-a-las-micro-peque-as-y-medianas-empresas-mipymes--69eeee772d89c-2022-69eeee772d89c-octubre-69eeee772d89c\" class=\"collapse\" aria-labelledby=\"heading_procedimientos-de-contrataci-n-dirigidos-a-las-micro-peque-as-y-medianas-empresas-mipymes--69eeee772d89c-2022-69eeee772d89c-octubre-69eeee772d89c\" data-parent=\"#collap_procedimientos-de-contrataci-n-dirigidos-a-las-micro-peque-as-y-medianas-empresas-mipymes--69eeee772d89c-2022-69eeee772d89c\">\n                <div class=\"card-body\"><div class=\"jumbotron archivos\"><div class=\"row align-items-center\"><div class=\"col\"><h6><a class=\"text-dark\" href=\"https:\/\/comunidad.comprasdominicana.gob.do\/\/Public\/Tendering\/OpportunityDetail\/Index?noticeUID=DO1.NTC.1149944\" title=\"Ver\" target=\"_blank\">APORDOM-DAF-CM-2022-0056<\/a><\/h6><p class=\"mb-0 bold\">ADQUISICION DE MATERIALES FERRETEROS PARA TELA PROTECTORA EN EL PUERTO DE PUERTO PLATA<\/p><p class=\"mb-0\" style=\"font-size: .85rem\"><strong title=\"Estado del Proceso\"><i class=\"fas fa-spinner\"><\/i><\/strong> Proceso adjudicado y celebrado<\/p><p class=\"mb-0\" style=\"font-size: .85rem\"><strong title=\"Fecha de Publicaci\u00f3n\"><i class=\"fas fa-calendar-alt\"><\/i><\/strong> Publicado el lunes, 31 de octubre de 2022<\/p><\/div><div class=\"col-auto mt-md-0 mt-2\"><a class=\"btn btn-primary btn-lg px-lg-4 d-none d-md-block\" href=\"https:\/\/comunidad.comprasdominicana.gob.do\/\/Public\/Tendering\/OpportunityDetail\/Index?noticeUID=DO1.NTC.1149944\" target=\"_blank\" title=\"Detalles\"><i class=\"fas fa-link\"><\/i> DETALLES<\/a><a class=\"btn btn-primary btn-lg px-lg-4 d-block d-md-none\" href=\"https:\/\/comunidad.comprasdominicana.gob.do\/\/Public\/Tendering\/OpportunityDetail\/Index?noticeUID=DO1.NTC.1149944\" target=\"_blank\" title=\"Detalles\"><i class=\"fas fa-2x fa-link\"><\/i><\/a><\/div><\/div><\/div><div class=\"jumbotron archivos\"><div class=\"row align-items-center\"><div class=\"col\"><h6><a class=\"text-dark\" href=\"https:\/\/comunidad.comprasdominicana.gob.do\/\/Public\/Tendering\/OpportunityDetail\/Index?noticeUID=DO1.NTC.1150019\" title=\"Ver\" target=\"_blank\">APORDOM-UC-CD-2022-0099<\/a><\/h6><p class=\"mb-0 bold\">ADQUISICION DE CAFE PARA CONSUMO DE LA SEDE PRINCIPAL DE APORDOM DIRIGIDO A MIPYMES<\/p><p class=\"mb-0\" style=\"font-size: .85rem\"><strong title=\"Estado del Proceso\"><i class=\"fas fa-spinner\"><\/i><\/strong> Proceso adjudicado y celebrado<\/p><p class=\"mb-0\" style=\"font-size: .85rem\"><strong title=\"Fecha de Publicaci\u00f3n\"><i class=\"fas fa-calendar-alt\"><\/i><\/strong> Publicado el lunes, 31 de octubre de 2022<\/p><\/div><div class=\"col-auto mt-md-0 mt-2\"><a class=\"btn btn-primary btn-lg px-lg-4 d-none d-md-block\" href=\"https:\/\/comunidad.comprasdominicana.gob.do\/\/Public\/Tendering\/OpportunityDetail\/Index?noticeUID=DO1.NTC.1150019\" target=\"_blank\" title=\"Detalles\"><i class=\"fas fa-link\"><\/i> DETALLES<\/a><a class=\"btn btn-primary btn-lg px-lg-4 d-block d-md-none\" href=\"https:\/\/comunidad.comprasdominicana.gob.do\/\/Public\/Tendering\/OpportunityDetail\/Index?noticeUID=DO1.NTC.1150019\" target=\"_blank\" title=\"Detalles\"><i class=\"fas fa-2x fa-link\"><\/i><\/a><\/div><\/div><\/div><div class=\"jumbotron archivos\"><div class=\"row align-items-center\"><div class=\"col\"><h6><a class=\"text-dark\" href=\"https:\/\/comunidad.comprasdominicana.gob.do\/\/Public\/Tendering\/OpportunityDetail\/Index?noticeUID=DO1.NTC.1149550\" title=\"Ver\" target=\"_blank\">APORDOM-DAF-CM-2022-0054<\/a><\/h6><p class=\"mb-0 bold\">ADQUISICI\u00d3N DE MOBILIARIOS DE OFICINA PARA USO DE LA SEDE PRINCIPAL DE APORDOM, DIRIGIDO A MIPYMES<\/p><p class=\"mb-0\" style=\"font-size: .85rem\"><strong title=\"Estado del Proceso\"><i class=\"fas fa-spinner\"><\/i><\/strong> Proceso adjudicado y celebrado<\/p><p class=\"mb-0\" style=\"font-size: .85rem\"><strong title=\"Fecha de Publicaci\u00f3n\"><i class=\"fas fa-calendar-alt\"><\/i><\/strong> Publicado el viernes, 28 de octubre de 2022<\/p><\/div><div class=\"col-auto mt-md-0 mt-2\"><a class=\"btn btn-primary btn-lg px-lg-4 d-none d-md-block\" href=\"https:\/\/comunidad.comprasdominicana.gob.do\/\/Public\/Tendering\/OpportunityDetail\/Index?noticeUID=DO1.NTC.1149550\" target=\"_blank\" title=\"Detalles\"><i class=\"fas fa-link\"><\/i> DETALLES<\/a><a class=\"btn btn-primary btn-lg px-lg-4 d-block d-md-none\" href=\"https:\/\/comunidad.comprasdominicana.gob.do\/\/Public\/Tendering\/OpportunityDetail\/Index?noticeUID=DO1.NTC.1149550\" target=\"_blank\" title=\"Detalles\"><i class=\"fas fa-2x fa-link\"><\/i><\/a><\/div><\/div><\/div><div class=\"jumbotron archivos\"><div class=\"row align-items-center\"><div class=\"col\"><h6><a class=\"text-dark\" href=\"https:\/\/comunidad.comprasdominicana.gob.do\/\/Public\/Tendering\/OpportunityDetail\/Index?noticeUID=DO1.NTC.1147334\" title=\"Ver\" target=\"_blank\">APORDOM-UC-CD-2022-0093<\/a><\/h6><p class=\"mb-0 bold\">ADQUISICION DE CORTINAS HOSPITALARIAS PARA ODONTOLOGIA DE APORDOM<\/p><p class=\"mb-0\" style=\"font-size: .85rem\"><strong title=\"Estado del Proceso\"><i class=\"fas fa-spinner\"><\/i><\/strong> Proceso adjudicado y celebrado<\/p><p class=\"mb-0\" style=\"font-size: .85rem\"><strong title=\"Fecha de Publicaci\u00f3n\"><i class=\"fas fa-calendar-alt\"><\/i><\/strong> Publicado el lunes, 24 de octubre de 2022<\/p><\/div><div class=\"col-auto mt-md-0 mt-2\"><a class=\"btn btn-primary btn-lg px-lg-4 d-none d-md-block\" href=\"https:\/\/comunidad.comprasdominicana.gob.do\/\/Public\/Tendering\/OpportunityDetail\/Index?noticeUID=DO1.NTC.1147334\" target=\"_blank\" title=\"Detalles\"><i class=\"fas fa-link\"><\/i> DETALLES<\/a><a class=\"btn btn-primary btn-lg px-lg-4 d-block d-md-none\" href=\"https:\/\/comunidad.comprasdominicana.gob.do\/\/Public\/Tendering\/OpportunityDetail\/Index?noticeUID=DO1.NTC.1147334\" target=\"_blank\" title=\"Detalles\"><i class=\"fas fa-2x fa-link\"><\/i><\/a><\/div><\/div><\/div><div class=\"jumbotron archivos\"><div class=\"row align-items-center\"><div class=\"col\"><h6><a class=\"text-dark\" href=\"https:\/\/comunidad.comprasdominicana.gob.do\/\/Public\/Tendering\/OpportunityDetail\/Index?noticeUID=DO1.NTC.1147332\" title=\"Ver\" target=\"_blank\">APORDOM-UC-CD-2022-0096<\/a><\/h6><p class=\"mb-0 bold\">ADQUISICI\u00d3N DE TARJETAS PVC, SELLOS PRE TINTADOS Y CINTAS DE IMPRESI\u00d3N PARA USO DE APORDOM DIRIGIDO A MIPYMES.<\/p><p class=\"mb-0\" style=\"font-size: .85rem\"><strong title=\"Estado del Proceso\"><i class=\"fas fa-spinner\"><\/i><\/strong> Proceso adjudicado y celebrado<\/p><p class=\"mb-0\" style=\"font-size: .85rem\"><strong title=\"Fecha de Publicaci\u00f3n\"><i class=\"fas fa-calendar-alt\"><\/i><\/strong> Publicado el lunes, 24 de octubre de 2022<\/p><\/div><div class=\"col-auto mt-md-0 mt-2\"><a class=\"btn btn-primary btn-lg px-lg-4 d-none d-md-block\" href=\"https:\/\/comunidad.comprasdominicana.gob.do\/\/Public\/Tendering\/OpportunityDetail\/Index?noticeUID=DO1.NTC.1147332\" target=\"_blank\" title=\"Detalles\"><i class=\"fas fa-link\"><\/i> DETALLES<\/a><a class=\"btn btn-primary btn-lg px-lg-4 d-block d-md-none\" href=\"https:\/\/comunidad.comprasdominicana.gob.do\/\/Public\/Tendering\/OpportunityDetail\/Index?noticeUID=DO1.NTC.1147332\" target=\"_blank\" title=\"Detalles\"><i class=\"fas fa-2x fa-link\"><\/i><\/a><\/div><\/div><\/div><div class=\"jumbotron archivos\"><div class=\"row align-items-center\"><div class=\"col\"><h6><a class=\"text-dark\" href=\"https:\/\/comunidad.comprasdominicana.gob.do\/\/Public\/Tendering\/OpportunityDetail\/Index?noticeUID=DO1.NTC.1145628\" title=\"Ver\" target=\"_blank\">APORDOM-DAF-CM-2022-0053<\/a><\/h6><p class=\"mb-0 bold\">ADQUISICION DE MATERIALES Y PRODUCTOS DE LIMPIEZA PARA LA SEDE PRINCIPAL DE APORDOM DIRIGIDO A MIPYMES MUJER<\/p><p class=\"mb-0\" style=\"font-size: .85rem\"><strong title=\"Estado del Proceso\"><i class=\"fas fa-spinner\"><\/i><\/strong> Proceso adjudicado y celebrado<\/p><p class=\"mb-0\" style=\"font-size: .85rem\"><strong title=\"Fecha de Publicaci\u00f3n\"><i class=\"fas fa-calendar-alt\"><\/i><\/strong> Publicado el jueves, 20 de octubre de 2022<\/p><\/div><div class=\"col-auto mt-md-0 mt-2\"><a class=\"btn btn-primary btn-lg px-lg-4 d-none d-md-block\" href=\"https:\/\/comunidad.comprasdominicana.gob.do\/\/Public\/Tendering\/OpportunityDetail\/Index?noticeUID=DO1.NTC.1145628\" target=\"_blank\" title=\"Detalles\"><i class=\"fas fa-link\"><\/i> DETALLES<\/a><a class=\"btn btn-primary btn-lg px-lg-4 d-block d-md-none\" href=\"https:\/\/comunidad.comprasdominicana.gob.do\/\/Public\/Tendering\/OpportunityDetail\/Index?noticeUID=DO1.NTC.1145628\" target=\"_blank\" title=\"Detalles\"><i class=\"fas fa-2x fa-link\"><\/i><\/a><\/div><\/div><\/div><div class=\"jumbotron archivos\"><div class=\"row align-items-center\"><div class=\"col\"><h6><a class=\"text-dark\" href=\"https:\/\/comunidad.comprasdominicana.gob.do\/\/Public\/Tendering\/OpportunityDetail\/Index?noticeUID=DO1.NTC.1144013\" title=\"Ver\" target=\"_blank\">APORDOM-DAF-CM-2022-0051<\/a><\/h6><p class=\"mb-0 bold\">ADQUISICI\u00d3N DE MATERIAL GASTABLE PARA EL ARCHIVO DE APORDOM, DIRIGIDO A MIPYME MUJER<\/p><p class=\"mb-0\" style=\"font-size: .85rem\"><strong title=\"Estado del Proceso\"><i class=\"fas fa-spinner\"><\/i><\/strong> Proceso adjudicado y celebrado<\/p><p class=\"mb-0\" style=\"font-size: .85rem\"><strong title=\"Fecha de Publicaci\u00f3n\"><i class=\"fas fa-calendar-alt\"><\/i><\/strong> Publicado el lunes, 17 de octubre de 2022<\/p><\/div><div class=\"col-auto mt-md-0 mt-2\"><a class=\"btn btn-primary btn-lg px-lg-4 d-none d-md-block\" href=\"https:\/\/comunidad.comprasdominicana.gob.do\/\/Public\/Tendering\/OpportunityDetail\/Index?noticeUID=DO1.NTC.1144013\" target=\"_blank\" title=\"Detalles\"><i class=\"fas fa-link\"><\/i> DETALLES<\/a><a class=\"btn btn-primary btn-lg px-lg-4 d-block d-md-none\" href=\"https:\/\/comunidad.comprasdominicana.gob.do\/\/Public\/Tendering\/OpportunityDetail\/Index?noticeUID=DO1.NTC.1144013\" target=\"_blank\" title=\"Detalles\"><i class=\"fas fa-2x fa-link\"><\/i><\/a><\/div><\/div><\/div><div class=\"jumbotron archivos\"><div class=\"row align-items-center\"><div class=\"col\"><h6><a class=\"text-dark\" href=\"https:\/\/comunidad.comprasdominicana.gob.do\/\/Public\/Tendering\/OpportunityDetail\/Index?noticeUID=DO1.NTC.1143740\" title=\"Ver\" target=\"_blank\">APORDOM-UC-CD-2022-0091<\/a><\/h6><p class=\"mb-0 bold\">CONTRATACION DE SERVICIO DE CARPA Y EQUIPOS DE SONIDO POR LA  SEMANA PORTUARIA SANA<\/p><p class=\"mb-0\" style=\"font-size: .85rem\"><strong title=\"Estado del Proceso\"><i class=\"fas fa-spinner\"><\/i><\/strong> Proceso adjudicado y celebrado<\/p><p class=\"mb-0\" style=\"font-size: .85rem\"><strong title=\"Fecha de Publicaci\u00f3n\"><i class=\"fas fa-calendar-alt\"><\/i><\/strong> Publicado el viernes, 14 de octubre de 2022<\/p><\/div><div class=\"col-auto mt-md-0 mt-2\"><a class=\"btn btn-primary btn-lg px-lg-4 d-none d-md-block\" href=\"https:\/\/comunidad.comprasdominicana.gob.do\/\/Public\/Tendering\/OpportunityDetail\/Index?noticeUID=DO1.NTC.1143740\" target=\"_blank\" title=\"Detalles\"><i class=\"fas fa-link\"><\/i> DETALLES<\/a><a class=\"btn btn-primary btn-lg px-lg-4 d-block d-md-none\" href=\"https:\/\/comunidad.comprasdominicana.gob.do\/\/Public\/Tendering\/OpportunityDetail\/Index?noticeUID=DO1.NTC.1143740\" target=\"_blank\" title=\"Detalles\"><i class=\"fas fa-2x fa-link\"><\/i><\/a><\/div><\/div><\/div><div class=\"jumbotron archivos\"><div class=\"row align-items-center\"><div class=\"col\"><h6><a class=\"text-dark\" href=\"https:\/\/comunidad.comprasdominicana.gob.do\/\/Public\/Tendering\/OpportunityDetail\/Index?noticeUID=DO1.NTC.1142232\" title=\"Ver\" target=\"_blank\">APORDOM-UC-CD-2022-0092<\/a><\/h6><p class=\"mb-0 bold\">ADQUISICI\u00d3N DE UNIFORMES PARA MIEMBROS DE LA CIGCN DE APORDOM<\/p><p class=\"mb-0\" style=\"font-size: .85rem\"><strong title=\"Estado del Proceso\"><i class=\"fas fa-spinner\"><\/i><\/strong> Proceso adjudicado y celebrado<\/p><p class=\"mb-0\" style=\"font-size: .85rem\"><strong title=\"Fecha de Publicaci\u00f3n\"><i class=\"fas fa-calendar-alt\"><\/i><\/strong> Publicado el mi\u00e9rcoles, 12 de octubre de 2022<\/p><\/div><div class=\"col-auto mt-md-0 mt-2\"><a class=\"btn btn-primary btn-lg px-lg-4 d-none d-md-block\" href=\"https:\/\/comunidad.comprasdominicana.gob.do\/\/Public\/Tendering\/OpportunityDetail\/Index?noticeUID=DO1.NTC.1142232\" target=\"_blank\" title=\"Detalles\"><i class=\"fas fa-link\"><\/i> DETALLES<\/a><a class=\"btn btn-primary btn-lg px-lg-4 d-block d-md-none\" href=\"https:\/\/comunidad.comprasdominicana.gob.do\/\/Public\/Tendering\/OpportunityDetail\/Index?noticeUID=DO1.NTC.1142232\" target=\"_blank\" title=\"Detalles\"><i class=\"fas fa-2x fa-link\"><\/i><\/a><\/div><\/div><\/div><div class=\"jumbotron archivos\"><div class=\"row align-items-center\"><div class=\"col\"><h6><a class=\"text-dark\" href=\"https:\/\/comunidad.comprasdominicana.gob.do\/\/Public\/Tendering\/OpportunityDetail\/Index?noticeUID=DO1.NTC.1141042\" title=\"Ver\" target=\"_blank\">APORDOM-DAF-CM-2022-0049<\/a><\/h6><p class=\"mb-0 bold\">ADQUISICION DE CARPA PARA APORDOM<\/p><p class=\"mb-0\" style=\"font-size: .85rem\"><strong title=\"Estado del Proceso\"><i class=\"fas fa-spinner\"><\/i><\/strong> Proceso adjudicado y celebrado<\/p><p class=\"mb-0\" style=\"font-size: .85rem\"><strong title=\"Fecha de Publicaci\u00f3n\"><i class=\"fas fa-calendar-alt\"><\/i><\/strong> Publicado el lunes, 10 de octubre de 2022<\/p><\/div><div class=\"col-auto mt-md-0 mt-2\"><a class=\"btn btn-primary btn-lg px-lg-4 d-none d-md-block\" href=\"https:\/\/comunidad.comprasdominicana.gob.do\/\/Public\/Tendering\/OpportunityDetail\/Index?noticeUID=DO1.NTC.1141042\" target=\"_blank\" title=\"Detalles\"><i class=\"fas fa-link\"><\/i> DETALLES<\/a><a class=\"btn btn-primary btn-lg px-lg-4 d-block d-md-none\" href=\"https:\/\/comunidad.comprasdominicana.gob.do\/\/Public\/Tendering\/OpportunityDetail\/Index?noticeUID=DO1.NTC.1141042\" target=\"_blank\" title=\"Detalles\"><i class=\"fas fa-2x fa-link\"><\/i><\/a><\/div><\/div><\/div><div class=\"jumbotron archivos\"><div class=\"row align-items-center\"><div class=\"col\"><h6><a class=\"text-dark\" href=\"https:\/\/comunidad.comprasdominicana.gob.do\/\/Public\/Tendering\/OpportunityDetail\/Index?noticeUID=DO1.NTC.1138934\" title=\"Ver\" target=\"_blank\">APORDOM-UC-CD-2022-0090<\/a><\/h6><p class=\"mb-0 bold\">ADQUISICI\u00d3N DE INSUMOS PARA DISTINTAS ACTIVIDADES DE APORDOM DIRIGIDO A MIPYMES MUJER\n <\/p><p class=\"mb-0\" style=\"font-size: .85rem\"><strong title=\"Estado del Proceso\"><i class=\"fas fa-spinner\"><\/i><\/strong> Proceso adjudicado y celebrado<\/p><p class=\"mb-0\" style=\"font-size: .85rem\"><strong title=\"Fecha de Publicaci\u00f3n\"><i class=\"fas fa-calendar-alt\"><\/i><\/strong> Publicado el martes, 4 de octubre de 2022<\/p><\/div><div class=\"col-auto mt-md-0 mt-2\"><a class=\"btn btn-primary btn-lg px-lg-4 d-none d-md-block\" href=\"https:\/\/comunidad.comprasdominicana.gob.do\/\/Public\/Tendering\/OpportunityDetail\/Index?noticeUID=DO1.NTC.1138934\" target=\"_blank\" title=\"Detalles\"><i class=\"fas fa-link\"><\/i> DETALLES<\/a><a class=\"btn btn-primary btn-lg px-lg-4 d-block d-md-none\" href=\"https:\/\/comunidad.comprasdominicana.gob.do\/\/Public\/Tendering\/OpportunityDetail\/Index?noticeUID=DO1.NTC.1138934\" target=\"_blank\" title=\"Detalles\"><i class=\"fas fa-2x fa-link\"><\/i><\/a><\/div><\/div><\/div><\/div><\/div><\/div>\n        <div class=\"card\">\n            <div class=\"card-header parents\" id=\"heading_procedimientos-de-contrataci-n-dirigidos-a-las-micro-peque-as-y-medianas-empresas-mipymes--69eeee772d89c-2022-69eeee772d89c-septiembre-69eeee772d89c\">\n                <p class=\"title text-blue mb-0\">\n                    <a class=\"btn-block hover text-left collapsed\" data-toggle=\"collapse\" data-target=\"#collap_procedimientos-de-contrataci-n-dirigidos-a-las-micro-peque-as-y-medianas-empresas-mipymes--69eeee772d89c-2022-69eeee772d89c-septiembre-69eeee772d89c\" aria-expanded=\"false\" aria-controls=\"collap_procedimientos-de-contrataci-n-dirigidos-a-las-micro-peque-as-y-medianas-empresas-mipymes--69eeee772d89c-2022-69eeee772d89c-septiembre-69eeee772d89c\">Septiembre<\/a>\n                <\/p>\n            <\/div>\n            <div id=\"collap_procedimientos-de-contrataci-n-dirigidos-a-las-micro-peque-as-y-medianas-empresas-mipymes--69eeee772d89c-2022-69eeee772d89c-septiembre-69eeee772d89c\" class=\"collapse\" aria-labelledby=\"heading_procedimientos-de-contrataci-n-dirigidos-a-las-micro-peque-as-y-medianas-empresas-mipymes--69eeee772d89c-2022-69eeee772d89c-septiembre-69eeee772d89c\" data-parent=\"#collap_procedimientos-de-contrataci-n-dirigidos-a-las-micro-peque-as-y-medianas-empresas-mipymes--69eeee772d89c-2022-69eeee772d89c\">\n                <div class=\"card-body\"><div class=\"jumbotron archivos\"><div class=\"row align-items-center\"><div class=\"col\"><h6><a class=\"text-dark\" href=\"https:\/\/comunidad.comprasdominicana.gob.do\/\/Public\/Tendering\/OpportunityDetail\/Index?noticeUID=DO1.NTC.1136241\" title=\"Ver\" target=\"_blank\">APORDOM-UC-CD-2022-0088<\/a><\/h6><p class=\"mb-0 bold\">ADQUISICI\u00d3N DE LECHE EN CART\u00d3N PARA USO DE APORDOM, DIRIGIDO A MIPYME MUJER<\/p><p class=\"mb-0\" style=\"font-size: .85rem\"><strong title=\"Estado del Proceso\"><i class=\"fas fa-spinner\"><\/i><\/strong> Proceso adjudicado y celebrado<\/p><p class=\"mb-0\" style=\"font-size: .85rem\"><strong title=\"Fecha de Publicaci\u00f3n\"><i class=\"fas fa-calendar-alt\"><\/i><\/strong> Publicado el mi\u00e9rcoles, 28 de septiembre de 2022<\/p><\/div><div class=\"col-auto mt-md-0 mt-2\"><a class=\"btn btn-primary btn-lg px-lg-4 d-none d-md-block\" href=\"https:\/\/comunidad.comprasdominicana.gob.do\/\/Public\/Tendering\/OpportunityDetail\/Index?noticeUID=DO1.NTC.1136241\" target=\"_blank\" title=\"Detalles\"><i class=\"fas fa-link\"><\/i> DETALLES<\/a><a class=\"btn btn-primary btn-lg px-lg-4 d-block d-md-none\" href=\"https:\/\/comunidad.comprasdominicana.gob.do\/\/Public\/Tendering\/OpportunityDetail\/Index?noticeUID=DO1.NTC.1136241\" target=\"_blank\" title=\"Detalles\"><i class=\"fas fa-2x fa-link\"><\/i><\/a><\/div><\/div><\/div><div class=\"jumbotron archivos\"><div class=\"row align-items-center\"><div class=\"col\"><h6><a class=\"text-dark\" href=\"https:\/\/comunidad.comprasdominicana.gob.do\/\/Public\/Tendering\/OpportunityDetail\/Index?noticeUID=DO1.NTC.1136029\" title=\"Ver\" target=\"_blank\">APORDOM-UC-CD-2022-0069<\/a><\/h6><p class=\"mb-0 bold\">ADQUISICION DE EQUIPOS ELECTRONICOS PARA LAS  DIFERENTES AREAS DE APORDOM -Dirigido a MIPYMES<\/p><p class=\"mb-0\" style=\"font-size: .85rem\"><strong title=\"Estado del Proceso\"><i class=\"fas fa-spinner\"><\/i><\/strong> Proceso adjudicado y celebrado<\/p><p class=\"mb-0\" style=\"font-size: .85rem\"><strong title=\"Fecha de Publicaci\u00f3n\"><i class=\"fas fa-calendar-alt\"><\/i><\/strong> Publicado el mi\u00e9rcoles, 28 de septiembre de 2022<\/p><\/div><div class=\"col-auto mt-md-0 mt-2\"><a class=\"btn btn-primary btn-lg px-lg-4 d-none d-md-block\" href=\"https:\/\/comunidad.comprasdominicana.gob.do\/\/Public\/Tendering\/OpportunityDetail\/Index?noticeUID=DO1.NTC.1136029\" target=\"_blank\" title=\"Detalles\"><i class=\"fas fa-link\"><\/i> DETALLES<\/a><a class=\"btn btn-primary btn-lg px-lg-4 d-block d-md-none\" href=\"https:\/\/comunidad.comprasdominicana.gob.do\/\/Public\/Tendering\/OpportunityDetail\/Index?noticeUID=DO1.NTC.1136029\" target=\"_blank\" title=\"Detalles\"><i class=\"fas fa-2x fa-link\"><\/i><\/a><\/div><\/div><\/div><div class=\"jumbotron archivos\"><div class=\"row align-items-center\"><div class=\"col\"><h6><a class=\"text-dark\" href=\"https:\/\/comunidad.comprasdominicana.gob.do\/\/Public\/Tendering\/OpportunityDetail\/Index?noticeUID=DO1.NTC.1135017\" title=\"Ver\" target=\"_blank\">APORDOM-UC-CD-2022-0066<\/a><\/h6><p class=\"mb-0 bold\">ADQUISICION DE ARTICULOS DE COCINA, MANTELES Y MESA PLEGABLE PARA USO DE APORDOM, DIRIGIDO A MIPYMES<\/p><p class=\"mb-0\" style=\"font-size: .85rem\"><strong title=\"Estado del Proceso\"><i class=\"fas fa-spinner\"><\/i><\/strong> Proceso adjudicado y celebrado<\/p><p class=\"mb-0\" style=\"font-size: .85rem\"><strong title=\"Fecha de Publicaci\u00f3n\"><i class=\"fas fa-calendar-alt\"><\/i><\/strong> Publicado el lunes, 26 de septiembre de 2022<\/p><\/div><div class=\"col-auto mt-md-0 mt-2\"><a class=\"btn btn-primary btn-lg px-lg-4 d-none d-md-block\" href=\"https:\/\/comunidad.comprasdominicana.gob.do\/\/Public\/Tendering\/OpportunityDetail\/Index?noticeUID=DO1.NTC.1135017\" target=\"_blank\" title=\"Detalles\"><i class=\"fas fa-link\"><\/i> DETALLES<\/a><a class=\"btn btn-primary btn-lg px-lg-4 d-block d-md-none\" href=\"https:\/\/comunidad.comprasdominicana.gob.do\/\/Public\/Tendering\/OpportunityDetail\/Index?noticeUID=DO1.NTC.1135017\" target=\"_blank\" title=\"Detalles\"><i class=\"fas fa-2x fa-link\"><\/i><\/a><\/div><\/div><\/div><div class=\"jumbotron archivos\"><div class=\"row align-items-center\"><div class=\"col\"><h6><a class=\"text-dark\" href=\"https:\/\/comunidad.comprasdominicana.gob.do\/\/Public\/Tendering\/OpportunityDetail\/Index?noticeUID=DO1.NTC.1130608\" title=\"Ver\" target=\"_blank\">APORDOM-UC-CD-2022-0073<\/a><\/h6><p class=\"mb-0 bold\">CONTRATACI\u00d3N DE SERVICIOS DE ALMUERZOS EJECUTIVOS Y REFRIGERIOS PARA REUNIONES DE APORDOM, DIRIGIDO A MIPYMES<\/p><p class=\"mb-0\" style=\"font-size: .85rem\"><strong title=\"Estado del Proceso\"><i class=\"fas fa-spinner\"><\/i><\/strong> Proceso adjudicado y celebrado<\/p><p class=\"mb-0\" style=\"font-size: .85rem\"><strong title=\"Fecha de Publicaci\u00f3n\"><i class=\"fas fa-calendar-alt\"><\/i><\/strong> Publicado el jueves, 15 de septiembre de 2022<\/p><\/div><div class=\"col-auto mt-md-0 mt-2\"><a class=\"btn btn-primary btn-lg px-lg-4 d-none d-md-block\" href=\"https:\/\/comunidad.comprasdominicana.gob.do\/\/Public\/Tendering\/OpportunityDetail\/Index?noticeUID=DO1.NTC.1130608\" target=\"_blank\" title=\"Detalles\"><i class=\"fas fa-link\"><\/i> DETALLES<\/a><a class=\"btn btn-primary btn-lg px-lg-4 d-block d-md-none\" href=\"https:\/\/comunidad.comprasdominicana.gob.do\/\/Public\/Tendering\/OpportunityDetail\/Index?noticeUID=DO1.NTC.1130608\" target=\"_blank\" title=\"Detalles\"><i class=\"fas fa-2x fa-link\"><\/i><\/a><\/div><\/div><\/div><div class=\"jumbotron archivos\"><div class=\"row align-items-center\"><div class=\"col\"><h6><a class=\"text-dark\" href=\"https:\/\/comunidad.comprasdominicana.gob.do\/\/Public\/Tendering\/OpportunityDetail\/Index?noticeUID=DO1.NTC.1129229\" title=\"Ver\" target=\"_blank\">APORDOM-UC-CD-2022-0078<\/a><\/h6><p class=\"mb-0 bold\">ADQUISICION DE FILOSOF\u00cdA INSTITUCIONAL Y GAFETES PARA USO DE APORDOM, DIRIGIDO A MIPYMES<\/p><p class=\"mb-0\" style=\"font-size: .85rem\"><strong title=\"Estado del Proceso\"><i class=\"fas fa-spinner\"><\/i><\/strong> Proceso adjudicado y celebrado<\/p><p class=\"mb-0\" style=\"font-size: .85rem\"><strong title=\"Fecha de Publicaci\u00f3n\"><i class=\"fas fa-calendar-alt\"><\/i><\/strong> Publicado el lunes, 12 de septiembre de 2022<\/p><\/div><div class=\"col-auto mt-md-0 mt-2\"><a class=\"btn btn-primary btn-lg px-lg-4 d-none d-md-block\" href=\"https:\/\/comunidad.comprasdominicana.gob.do\/\/Public\/Tendering\/OpportunityDetail\/Index?noticeUID=DO1.NTC.1129229\" target=\"_blank\" title=\"Detalles\"><i class=\"fas fa-link\"><\/i> DETALLES<\/a><a class=\"btn btn-primary btn-lg px-lg-4 d-block d-md-none\" href=\"https:\/\/comunidad.comprasdominicana.gob.do\/\/Public\/Tendering\/OpportunityDetail\/Index?noticeUID=DO1.NTC.1129229\" target=\"_blank\" title=\"Detalles\"><i class=\"fas fa-2x fa-link\"><\/i><\/a><\/div><\/div><\/div><div class=\"jumbotron archivos\"><div class=\"row align-items-center\"><div class=\"col\"><h6><a class=\"text-dark\" href=\"https:\/\/comunidad.comprasdominicana.gob.do\/\/Public\/Tendering\/OpportunityDetail\/Index?noticeUID=DO1.NTC.1128520\" title=\"Ver\" target=\"_blank\">APORDOM-UC-CD-2022-0071<\/a><\/h6><p class=\"mb-0 bold\">ADQUISICI\u00d3N DE MATERIALES DE EBANISTER\u00cdA PARA USO DE APORDOM, DIRIGIDO A MIPYMES<\/p><p class=\"mb-0\" style=\"font-size: .85rem\"><strong title=\"Estado del Proceso\"><i class=\"fas fa-spinner\"><\/i><\/strong> Proceso adjudicado y celebrado<\/p><p class=\"mb-0\" style=\"font-size: .85rem\"><strong title=\"Fecha de Publicaci\u00f3n\"><i class=\"fas fa-calendar-alt\"><\/i><\/strong> Publicado el viernes, 9 de septiembre de 2022<\/p><\/div><div class=\"col-auto mt-md-0 mt-2\"><a class=\"btn btn-primary btn-lg px-lg-4 d-none d-md-block\" href=\"https:\/\/comunidad.comprasdominicana.gob.do\/\/Public\/Tendering\/OpportunityDetail\/Index?noticeUID=DO1.NTC.1128520\" target=\"_blank\" title=\"Detalles\"><i class=\"fas fa-link\"><\/i> DETALLES<\/a><a class=\"btn btn-primary btn-lg px-lg-4 d-block d-md-none\" href=\"https:\/\/comunidad.comprasdominicana.gob.do\/\/Public\/Tendering\/OpportunityDetail\/Index?noticeUID=DO1.NTC.1128520\" target=\"_blank\" title=\"Detalles\"><i class=\"fas fa-2x fa-link\"><\/i><\/a><\/div><\/div><\/div><div class=\"jumbotron archivos\"><div class=\"row align-items-center\"><div class=\"col\"><h6><a class=\"text-dark\" href=\"https:\/\/comunidad.comprasdominicana.gob.do\/\/Public\/Tendering\/OpportunityDetail\/Index?noticeUID=DO1.NTC.1126909\" title=\"Ver\" target=\"_blank\">APORDOM-UC-CD-2022-0072<\/a><\/h6><p class=\"mb-0 bold\">ADQUISICION DE ZAFACONES Y CAMILLA DE EMERGENCIA PARA USO DE APORDOM DIRIGIDO A MIPYMES<\/p><p class=\"mb-0\" style=\"font-size: .85rem\"><strong title=\"Estado del Proceso\"><i class=\"fas fa-spinner\"><\/i><\/strong> Proceso adjudicado y celebrado<\/p><p class=\"mb-0\" style=\"font-size: .85rem\"><strong title=\"Fecha de Publicaci\u00f3n\"><i class=\"fas fa-calendar-alt\"><\/i><\/strong> Publicado el martes, 6 de septiembre de 2022<\/p><\/div><div class=\"col-auto mt-md-0 mt-2\"><a class=\"btn btn-primary btn-lg px-lg-4 d-none d-md-block\" href=\"https:\/\/comunidad.comprasdominicana.gob.do\/\/Public\/Tendering\/OpportunityDetail\/Index?noticeUID=DO1.NTC.1126909\" target=\"_blank\" title=\"Detalles\"><i class=\"fas fa-link\"><\/i> DETALLES<\/a><a class=\"btn btn-primary btn-lg px-lg-4 d-block d-md-none\" href=\"https:\/\/comunidad.comprasdominicana.gob.do\/\/Public\/Tendering\/OpportunityDetail\/Index?noticeUID=DO1.NTC.1126909\" target=\"_blank\" title=\"Detalles\"><i class=\"fas fa-2x fa-link\"><\/i><\/a><\/div><\/div><\/div><div class=\"jumbotron archivos\"><div class=\"row align-items-center\"><div class=\"col\"><h6><a class=\"text-dark\" href=\"https:\/\/comunidad.comprasdominicana.gob.do\/\/Public\/Tendering\/OpportunityDetail\/Index?noticeUID=DO1.NTC.1126026\" title=\"Ver\" target=\"_blank\">APORDOM-UC-CD-2022-0074<\/a><\/h6><p class=\"mb-0 bold\">ADQUISICION DE CORONAS FLORALES PARA CONDOLENCIAS DE APORDOM, DIRIGIDO A MIPYMES MUJER<\/p><p class=\"mb-0\" style=\"font-size: .85rem\"><strong title=\"Estado del Proceso\"><i class=\"fas fa-spinner\"><\/i><\/strong> Proceso adjudicado y celebrado<\/p><p class=\"mb-0\" style=\"font-size: .85rem\"><strong title=\"Fecha de Publicaci\u00f3n\"><i class=\"fas fa-calendar-alt\"><\/i><\/strong> Publicado el lunes, 5 de septiembre de 2022<\/p><\/div><div class=\"col-auto mt-md-0 mt-2\"><a class=\"btn btn-primary btn-lg px-lg-4 d-none d-md-block\" href=\"https:\/\/comunidad.comprasdominicana.gob.do\/\/Public\/Tendering\/OpportunityDetail\/Index?noticeUID=DO1.NTC.1126026\" target=\"_blank\" title=\"Detalles\"><i class=\"fas fa-link\"><\/i> DETALLES<\/a><a class=\"btn btn-primary btn-lg px-lg-4 d-block d-md-none\" href=\"https:\/\/comunidad.comprasdominicana.gob.do\/\/Public\/Tendering\/OpportunityDetail\/Index?noticeUID=DO1.NTC.1126026\" target=\"_blank\" title=\"Detalles\"><i class=\"fas fa-2x fa-link\"><\/i><\/a><\/div><\/div><\/div><div class=\"jumbotron archivos\"><div class=\"row align-items-center\"><div class=\"col\"><h6><a class=\"text-dark\" href=\"https:\/\/comunidad.comprasdominicana.gob.do\/\/Public\/Tendering\/OpportunityDetail\/Index?noticeUID=DO1.NTC.1124936\" title=\"Ver\" target=\"_blank\">APORDOM-DAF-CM-2022-0044<\/a><\/h6><p class=\"mb-0 bold\">ADQUISICION DE EQUIPOS DE CLIMATIZACION PARA USO DE APORDOM, DIRIGIDO A MIPYMES<\/p><p class=\"mb-0\" style=\"font-size: .85rem\"><strong title=\"Estado del Proceso\"><i class=\"fas fa-spinner\"><\/i><\/strong> Proceso adjudicado y celebrado<\/p><p class=\"mb-0\" style=\"font-size: .85rem\"><strong title=\"Fecha de Publicaci\u00f3n\"><i class=\"fas fa-calendar-alt\"><\/i><\/strong> Publicado el jueves, 1 de septiembre de 2022<\/p><\/div><div class=\"col-auto mt-md-0 mt-2\"><a class=\"btn btn-primary btn-lg px-lg-4 d-none d-md-block\" href=\"https:\/\/comunidad.comprasdominicana.gob.do\/\/Public\/Tendering\/OpportunityDetail\/Index?noticeUID=DO1.NTC.1124936\" target=\"_blank\" title=\"Detalles\"><i class=\"fas fa-link\"><\/i> DETALLES<\/a><a class=\"btn btn-primary btn-lg px-lg-4 d-block d-md-none\" href=\"https:\/\/comunidad.comprasdominicana.gob.do\/\/Public\/Tendering\/OpportunityDetail\/Index?noticeUID=DO1.NTC.1124936\" target=\"_blank\" title=\"Detalles\"><i class=\"fas fa-2x fa-link\"><\/i><\/a><\/div><\/div><\/div><\/div><\/div><\/div>\n        <div class=\"card\">\n            <div class=\"card-header parents\" id=\"heading_procedimientos-de-contrataci-n-dirigidos-a-las-micro-peque-as-y-medianas-empresas-mipymes--69eeee772d89c-2022-69eeee772d89c-agosto-69eeee772d89c\">\n                <p class=\"title text-blue mb-0\">\n                    <a class=\"btn-block hover text-left collapsed\" data-toggle=\"collapse\" data-target=\"#collap_procedimientos-de-contrataci-n-dirigidos-a-las-micro-peque-as-y-medianas-empresas-mipymes--69eeee772d89c-2022-69eeee772d89c-agosto-69eeee772d89c\" aria-expanded=\"false\" aria-controls=\"collap_procedimientos-de-contrataci-n-dirigidos-a-las-micro-peque-as-y-medianas-empresas-mipymes--69eeee772d89c-2022-69eeee772d89c-agosto-69eeee772d89c\">Agosto<\/a>\n                <\/p>\n            <\/div>\n            <div id=\"collap_procedimientos-de-contrataci-n-dirigidos-a-las-micro-peque-as-y-medianas-empresas-mipymes--69eeee772d89c-2022-69eeee772d89c-agosto-69eeee772d89c\" class=\"collapse\" aria-labelledby=\"heading_procedimientos-de-contrataci-n-dirigidos-a-las-micro-peque-as-y-medianas-empresas-mipymes--69eeee772d89c-2022-69eeee772d89c-agosto-69eeee772d89c\" data-parent=\"#collap_procedimientos-de-contrataci-n-dirigidos-a-las-micro-peque-as-y-medianas-empresas-mipymes--69eeee772d89c-2022-69eeee772d89c\">\n                <div class=\"card-body\"><div class=\"jumbotron archivos\"><div class=\"row align-items-center\"><div class=\"col\"><h6><a class=\"text-dark\" href=\"https:\/\/comunidad.comprasdominicana.gob.do\/\/Public\/Tendering\/OpportunityDetail\/Index?noticeUID=DO1.NTC.1122838\" title=\"Ver\" target=\"_blank\">APORDOM-UC-CD-2022-0065<\/a><\/h6><p class=\"mb-0 bold\">ADQUISICION DE CONTROL DE ACCESO PARA LA SEDE PRINCIPAL DE APORDOM<\/p><p class=\"mb-0\" style=\"font-size: .85rem\"><strong title=\"Estado del Proceso\"><i class=\"fas fa-spinner\"><\/i><\/strong> Proceso adjudicado y celebrado<\/p><p class=\"mb-0\" style=\"font-size: .85rem\"><strong title=\"Fecha de Publicaci\u00f3n\"><i class=\"fas fa-calendar-alt\"><\/i><\/strong> Publicado el lunes, 29 de agosto de 2022<\/p><\/div><div class=\"col-auto mt-md-0 mt-2\"><a class=\"btn btn-primary btn-lg px-lg-4 d-none d-md-block\" href=\"https:\/\/comunidad.comprasdominicana.gob.do\/\/Public\/Tendering\/OpportunityDetail\/Index?noticeUID=DO1.NTC.1122838\" target=\"_blank\" title=\"Detalles\"><i class=\"fas fa-link\"><\/i> DETALLES<\/a><a class=\"btn btn-primary btn-lg px-lg-4 d-block d-md-none\" href=\"https:\/\/comunidad.comprasdominicana.gob.do\/\/Public\/Tendering\/OpportunityDetail\/Index?noticeUID=DO1.NTC.1122838\" target=\"_blank\" title=\"Detalles\"><i class=\"fas fa-2x fa-link\"><\/i><\/a><\/div><\/div><\/div><div class=\"jumbotron archivos\"><div class=\"row align-items-center\"><div class=\"col\"><h6><a class=\"text-dark\" href=\"https:\/\/comunidad.comprasdominicana.gob.do\/\/Public\/Tendering\/OpportunityDetail\/Index?noticeUID=DO1.NTC.1122019\" title=\"Ver\" target=\"_blank\">APORDOM-DAF-CM-2022-0042<\/a><\/h6><p class=\"mb-0 bold\">CONTRATACION DE LOGISTICA PARA PRIMER PALAZO MUELLE PESQUERO BARAHONA, DIRIGIDO A MIPYMES<\/p><p class=\"mb-0\" style=\"font-size: .85rem\"><strong title=\"Estado del Proceso\"><i class=\"fas fa-spinner\"><\/i><\/strong> Proceso adjudicado y celebrado<\/p><p class=\"mb-0\" style=\"font-size: .85rem\"><strong title=\"Fecha de Publicaci\u00f3n\"><i class=\"fas fa-calendar-alt\"><\/i><\/strong> Publicado el jueves, 25 de agosto de 2022<\/p><\/div><div class=\"col-auto mt-md-0 mt-2\"><a class=\"btn btn-primary btn-lg px-lg-4 d-none d-md-block\" href=\"https:\/\/comunidad.comprasdominicana.gob.do\/\/Public\/Tendering\/OpportunityDetail\/Index?noticeUID=DO1.NTC.1122019\" target=\"_blank\" title=\"Detalles\"><i class=\"fas fa-link\"><\/i> DETALLES<\/a><a class=\"btn btn-primary btn-lg px-lg-4 d-block d-md-none\" href=\"https:\/\/comunidad.comprasdominicana.gob.do\/\/Public\/Tendering\/OpportunityDetail\/Index?noticeUID=DO1.NTC.1122019\" target=\"_blank\" title=\"Detalles\"><i class=\"fas fa-2x fa-link\"><\/i><\/a><\/div><\/div><\/div><div class=\"jumbotron archivos\"><div class=\"row align-items-center\"><div class=\"col\"><h6><a class=\"text-dark\" href=\"https:\/\/comunidad.comprasdominicana.gob.do\/\/Public\/Tendering\/OpportunityDetail\/Index?noticeUID=DO1.NTC.1119103\" title=\"Ver\" target=\"_blank\">APORDOM-DAF-CM-2022-0039<\/a><\/h6><p class=\"mb-0 bold\">ADQUISICION DE UNIFORMES PARA LA SEDE PRINCIPAL DE APORDOM DIRIGIDO A MIPYME<\/p><p class=\"mb-0\" style=\"font-size: .85rem\"><strong title=\"Estado del Proceso\"><i class=\"fas fa-spinner\"><\/i><\/strong> Proceso adjudicado y celebrado<\/p><p class=\"mb-0\" style=\"font-size: .85rem\"><strong title=\"Fecha de Publicaci\u00f3n\"><i class=\"fas fa-calendar-alt\"><\/i><\/strong> Publicado el jueves, 18 de agosto de 2022<\/p><\/div><div class=\"col-auto mt-md-0 mt-2\"><a class=\"btn btn-primary btn-lg px-lg-4 d-none d-md-block\" href=\"https:\/\/comunidad.comprasdominicana.gob.do\/\/Public\/Tendering\/OpportunityDetail\/Index?noticeUID=DO1.NTC.1119103\" target=\"_blank\" title=\"Detalles\"><i class=\"fas fa-link\"><\/i> DETALLES<\/a><a class=\"btn btn-primary btn-lg px-lg-4 d-block d-md-none\" href=\"https:\/\/comunidad.comprasdominicana.gob.do\/\/Public\/Tendering\/OpportunityDetail\/Index?noticeUID=DO1.NTC.1119103\" target=\"_blank\" title=\"Detalles\"><i class=\"fas fa-2x fa-link\"><\/i><\/a><\/div><\/div><\/div><div class=\"jumbotron archivos\"><div class=\"row align-items-center\"><div class=\"col\"><h6><a class=\"text-dark\" href=\"https:\/\/comunidad.comprasdominicana.gob.do\/\/Public\/Tendering\/OpportunityDetail\/Index?noticeUID=DO1.NTC.1117814\" title=\"Ver\" target=\"_blank\">APORDOM-DAF-CM-2022-0040<\/a><\/h6><p class=\"mb-0 bold\">CONTRATACION DE LOGISTICA PARA PRIMER PALAZO MUELLE PESQUERO PALENQUE, DIRIGIDO A MIPYMES<\/p><p class=\"mb-0\" style=\"font-size: .85rem\"><strong title=\"Estado del Proceso\"><i class=\"fas fa-spinner\"><\/i><\/strong> Proceso adjudicado y celebrado<\/p><p class=\"mb-0\" style=\"font-size: .85rem\"><strong title=\"Fecha de Publicaci\u00f3n\"><i class=\"fas fa-calendar-alt\"><\/i><\/strong> Publicado el lunes, 15 de agosto de 2022<\/p><\/div><div class=\"col-auto mt-md-0 mt-2\"><a class=\"btn btn-primary btn-lg px-lg-4 d-none d-md-block\" href=\"https:\/\/comunidad.comprasdominicana.gob.do\/\/Public\/Tendering\/OpportunityDetail\/Index?noticeUID=DO1.NTC.1117814\" target=\"_blank\" title=\"Detalles\"><i class=\"fas fa-link\"><\/i> DETALLES<\/a><a class=\"btn btn-primary btn-lg px-lg-4 d-block d-md-none\" href=\"https:\/\/comunidad.comprasdominicana.gob.do\/\/Public\/Tendering\/OpportunityDetail\/Index?noticeUID=DO1.NTC.1117814\" target=\"_blank\" title=\"Detalles\"><i class=\"fas fa-2x fa-link\"><\/i><\/a><\/div><\/div><\/div><div class=\"jumbotron archivos\"><div class=\"row align-items-center\"><div class=\"col\"><h6><a class=\"text-dark\" href=\"https:\/\/comunidad.comprasdominicana.gob.do\/\/Public\/Tendering\/OpportunityDetail\/Index?noticeUID=DO1.NTC.1116419\" title=\"Ver\" target=\"_blank\">APORDOM-DAF-CM-2022-0038<\/a><\/h6><p class=\"mb-0 bold\">ADQUISICI\u00d3N DE MATERIALES FERRETEROS PARA USO DE LA SEDE PRINCIPAL DE APORDOM, DIRIGIDO A MIPYMES.<\/p><p class=\"mb-0\" style=\"font-size: .85rem\"><strong title=\"Estado del Proceso\"><i class=\"fas fa-spinner\"><\/i><\/strong> Proceso adjudicado y celebrado<\/p><p class=\"mb-0\" style=\"font-size: .85rem\"><strong title=\"Fecha de Publicaci\u00f3n\"><i class=\"fas fa-calendar-alt\"><\/i><\/strong> Publicado el jueves, 11 de agosto de 2022<\/p><\/div><div class=\"col-auto mt-md-0 mt-2\"><a class=\"btn btn-primary btn-lg px-lg-4 d-none d-md-block\" href=\"https:\/\/comunidad.comprasdominicana.gob.do\/\/Public\/Tendering\/OpportunityDetail\/Index?noticeUID=DO1.NTC.1116419\" target=\"_blank\" title=\"Detalles\"><i class=\"fas fa-link\"><\/i> DETALLES<\/a><a class=\"btn btn-primary btn-lg px-lg-4 d-block d-md-none\" href=\"https:\/\/comunidad.comprasdominicana.gob.do\/\/Public\/Tendering\/OpportunityDetail\/Index?noticeUID=DO1.NTC.1116419\" target=\"_blank\" title=\"Detalles\"><i class=\"fas fa-2x fa-link\"><\/i><\/a><\/div><\/div><\/div><div class=\"jumbotron archivos\"><div class=\"row align-items-center\"><div class=\"col\"><h6><a class=\"text-dark\" href=\"https:\/\/comunidad.comprasdominicana.gob.do\/\/Public\/Tendering\/OpportunityDetail\/Index?noticeUID=DO1.NTC.1115750\" title=\"Ver\" target=\"_blank\">APORDOM-UC-CD-2022-0064<\/a><\/h6><p class=\"mb-0 bold\">CONTRATACION DE MONTAJE Y REFRIGERIO PARA REUNION EN PUERTO DE MANZANILLO, DIRIGIDO A MIPYMES<\/p><p class=\"mb-0\" style=\"font-size: .85rem\"><strong title=\"Estado del Proceso\"><i class=\"fas fa-spinner\"><\/i><\/strong> Proceso adjudicado y celebrado<\/p><p class=\"mb-0\" style=\"font-size: .85rem\"><strong title=\"Fecha de Publicaci\u00f3n\"><i class=\"fas fa-calendar-alt\"><\/i><\/strong> Publicado el mi\u00e9rcoles, 10 de agosto de 2022<\/p><\/div><div class=\"col-auto mt-md-0 mt-2\"><a class=\"btn btn-primary btn-lg px-lg-4 d-none d-md-block\" href=\"https:\/\/comunidad.comprasdominicana.gob.do\/\/Public\/Tendering\/OpportunityDetail\/Index?noticeUID=DO1.NTC.1115750\" target=\"_blank\" title=\"Detalles\"><i class=\"fas fa-link\"><\/i> DETALLES<\/a><a class=\"btn btn-primary btn-lg px-lg-4 d-block d-md-none\" href=\"https:\/\/comunidad.comprasdominicana.gob.do\/\/Public\/Tendering\/OpportunityDetail\/Index?noticeUID=DO1.NTC.1115750\" target=\"_blank\" title=\"Detalles\"><i class=\"fas fa-2x fa-link\"><\/i><\/a><\/div><\/div><\/div><div class=\"jumbotron archivos\"><div class=\"row align-items-center\"><div class=\"col\"><h6><a class=\"text-dark\" href=\"https:\/\/comunidad.comprasdominicana.gob.do\/\/Public\/Tendering\/OpportunityDetail\/Index?noticeUID=DO1.NTC.1115233\" title=\"Ver\" target=\"_blank\">APORDOM-DAF-CM-2022-0036<\/a><\/h6><p class=\"mb-0 bold\">COMPRA DE ESCANERES AUTOMOTRIZ PARA USO DE APORDOM<\/p><p class=\"mb-0\" style=\"font-size: .85rem\"><strong title=\"Estado del Proceso\"><i class=\"fas fa-spinner\"><\/i><\/strong> Proceso adjudicado y celebrado<\/p><p class=\"mb-0\" style=\"font-size: .85rem\"><strong title=\"Fecha de Publicaci\u00f3n\"><i class=\"fas fa-calendar-alt\"><\/i><\/strong> Publicado el martes, 9 de agosto de 2022<\/p><\/div><div class=\"col-auto mt-md-0 mt-2\"><a class=\"btn btn-primary btn-lg px-lg-4 d-none d-md-block\" href=\"https:\/\/comunidad.comprasdominicana.gob.do\/\/Public\/Tendering\/OpportunityDetail\/Index?noticeUID=DO1.NTC.1115233\" target=\"_blank\" title=\"Detalles\"><i class=\"fas fa-link\"><\/i> DETALLES<\/a><a class=\"btn btn-primary btn-lg px-lg-4 d-block d-md-none\" href=\"https:\/\/comunidad.comprasdominicana.gob.do\/\/Public\/Tendering\/OpportunityDetail\/Index?noticeUID=DO1.NTC.1115233\" target=\"_blank\" title=\"Detalles\"><i class=\"fas fa-2x fa-link\"><\/i><\/a><\/div><\/div><\/div><div class=\"jumbotron archivos\"><div class=\"row align-items-center\"><div class=\"col\"><h6><a class=\"text-dark\" href=\"https:\/\/comunidad.comprasdominicana.gob.do\/\/Public\/Tendering\/OpportunityDetail\/Index?noticeUID=DO1.NTC.1113019\" title=\"Ver\" target=\"_blank\">APORDOM-UC-CD-2022-0062<\/a><\/h6><p class=\"mb-0 bold\">ADQUISICI\u00d3N DE CAF\u00c9 PARA CONSUMO DE LA SEDE PRINCIPAL DE APORDOM DIRIGIDO A MIPYMES.<\/p><p class=\"mb-0\" style=\"font-size: .85rem\"><strong title=\"Estado del Proceso\"><i class=\"fas fa-spinner\"><\/i><\/strong> Proceso adjudicado y celebrado<\/p><p class=\"mb-0\" style=\"font-size: .85rem\"><strong title=\"Fecha de Publicaci\u00f3n\"><i class=\"fas fa-calendar-alt\"><\/i><\/strong> Publicado el mi\u00e9rcoles, 3 de agosto de 2022<\/p><\/div><div class=\"col-auto mt-md-0 mt-2\"><a class=\"btn btn-primary btn-lg px-lg-4 d-none d-md-block\" href=\"https:\/\/comunidad.comprasdominicana.gob.do\/\/Public\/Tendering\/OpportunityDetail\/Index?noticeUID=DO1.NTC.1113019\" target=\"_blank\" title=\"Detalles\"><i class=\"fas fa-link\"><\/i> DETALLES<\/a><a class=\"btn btn-primary btn-lg px-lg-4 d-block d-md-none\" href=\"https:\/\/comunidad.comprasdominicana.gob.do\/\/Public\/Tendering\/OpportunityDetail\/Index?noticeUID=DO1.NTC.1113019\" target=\"_blank\" title=\"Detalles\"><i class=\"fas fa-2x fa-link\"><\/i><\/a><\/div><\/div><\/div><\/div><\/div><\/div>\n        <div class=\"card\">\n            <div class=\"card-header parents\" id=\"heading_procedimientos-de-contrataci-n-dirigidos-a-las-micro-peque-as-y-medianas-empresas-mipymes--69eeee772d89c-2022-69eeee772d89c-julio-69eeee772d89c\">\n                <p class=\"title text-blue mb-0\">\n                    <a class=\"btn-block hover text-left collapsed\" data-toggle=\"collapse\" data-target=\"#collap_procedimientos-de-contrataci-n-dirigidos-a-las-micro-peque-as-y-medianas-empresas-mipymes--69eeee772d89c-2022-69eeee772d89c-julio-69eeee772d89c\" aria-expanded=\"false\" aria-controls=\"collap_procedimientos-de-contrataci-n-dirigidos-a-las-micro-peque-as-y-medianas-empresas-mipymes--69eeee772d89c-2022-69eeee772d89c-julio-69eeee772d89c\">Julio<\/a>\n                <\/p>\n            <\/div>\n            <div id=\"collap_procedimientos-de-contrataci-n-dirigidos-a-las-micro-peque-as-y-medianas-empresas-mipymes--69eeee772d89c-2022-69eeee772d89c-julio-69eeee772d89c\" class=\"collapse\" aria-labelledby=\"heading_procedimientos-de-contrataci-n-dirigidos-a-las-micro-peque-as-y-medianas-empresas-mipymes--69eeee772d89c-2022-69eeee772d89c-julio-69eeee772d89c\" data-parent=\"#collap_procedimientos-de-contrataci-n-dirigidos-a-las-micro-peque-as-y-medianas-empresas-mipymes--69eeee772d89c-2022-69eeee772d89c\">\n                <div class=\"card-body\"><div class=\"jumbotron archivos\"><div class=\"row align-items-center\"><div class=\"col\"><h6><a class=\"text-dark\" href=\"https:\/\/comunidad.comprasdominicana.gob.do\/\/Public\/Tendering\/OpportunityDetail\/Index?noticeUID=DO1.NTC.1110820\" title=\"Ver\" target=\"_blank\">APORDOM-UC-CD-2022-0059<\/a><\/h6><p class=\"mb-0 bold\">ADQUISICI\u00d3N DE T\u00c9, AZ\u00daCAR, CREMA Y VASOS PARA CAF\u00c9 PARA EL CONSUMO DE APORDOM DIRIGIDO A MIPYMES.<\/p><p class=\"mb-0\" style=\"font-size: .85rem\"><strong title=\"Estado del Proceso\"><i class=\"fas fa-spinner\"><\/i><\/strong> Proceso adjudicado y celebrado<\/p><p class=\"mb-0\" style=\"font-size: .85rem\"><strong title=\"Fecha de Publicaci\u00f3n\"><i class=\"fas fa-calendar-alt\"><\/i><\/strong> Publicado el viernes, 29 de julio de 2022<\/p><\/div><div class=\"col-auto mt-md-0 mt-2\"><a class=\"btn btn-primary btn-lg px-lg-4 d-none d-md-block\" href=\"https:\/\/comunidad.comprasdominicana.gob.do\/\/Public\/Tendering\/OpportunityDetail\/Index?noticeUID=DO1.NTC.1110820\" target=\"_blank\" title=\"Detalles\"><i class=\"fas fa-link\"><\/i> DETALLES<\/a><a class=\"btn btn-primary btn-lg px-lg-4 d-block d-md-none\" href=\"https:\/\/comunidad.comprasdominicana.gob.do\/\/Public\/Tendering\/OpportunityDetail\/Index?noticeUID=DO1.NTC.1110820\" target=\"_blank\" title=\"Detalles\"><i class=\"fas fa-2x fa-link\"><\/i><\/a><\/div><\/div><\/div><div class=\"jumbotron archivos\"><div class=\"row align-items-center\"><div class=\"col\"><h6><a class=\"text-dark\" href=\"https:\/\/comunidad.comprasdominicana.gob.do\/\/Public\/Tendering\/OpportunityDetail\/Index?noticeUID=DO1.NTC.1110505\" title=\"Ver\" target=\"_blank\">APORDOM-DAF-CM-2022-0032<\/a><\/h6><p class=\"mb-0 bold\">ADQUISICI\u00d3N DE MATERIALES FERRETEROS Y ELECTRICOS PARA USO DE LA SEDE PRINCIPAL DE APORDOM, DIRIGIDO A MIPYMES.<\/p><p class=\"mb-0\" style=\"font-size: .85rem\"><strong title=\"Estado del Proceso\"><i class=\"fas fa-spinner\"><\/i><\/strong> Proceso adjudicado y celebrado<\/p><p class=\"mb-0\" style=\"font-size: .85rem\"><strong title=\"Fecha de Publicaci\u00f3n\"><i class=\"fas fa-calendar-alt\"><\/i><\/strong> Publicado el jueves, 28 de julio de 2022<\/p><\/div><div class=\"col-auto mt-md-0 mt-2\"><a class=\"btn btn-primary btn-lg px-lg-4 d-none d-md-block\" href=\"https:\/\/comunidad.comprasdominicana.gob.do\/\/Public\/Tendering\/OpportunityDetail\/Index?noticeUID=DO1.NTC.1110505\" target=\"_blank\" title=\"Detalles\"><i class=\"fas fa-link\"><\/i> DETALLES<\/a><a class=\"btn btn-primary btn-lg px-lg-4 d-block d-md-none\" href=\"https:\/\/comunidad.comprasdominicana.gob.do\/\/Public\/Tendering\/OpportunityDetail\/Index?noticeUID=DO1.NTC.1110505\" target=\"_blank\" title=\"Detalles\"><i class=\"fas fa-2x fa-link\"><\/i><\/a><\/div><\/div><\/div><div class=\"jumbotron archivos\"><div class=\"row align-items-center\"><div class=\"col\"><h6><a class=\"text-dark\" href=\"https:\/\/comunidad.comprasdominicana.gob.do\/\/Public\/Tendering\/OpportunityDetail\/Index?noticeUID=DO1.NTC.1108026\" title=\"Ver\" target=\"_blank\">APORDOM-UC-CD-2022-0055<\/a><\/h6><p class=\"mb-0 bold\">ADQUISICI\u00d3N DE MATERIALES PARA CARNETIZACION DE COLABORADORES DE APORDOM DIRIGIDO A MIPYMES. <\/p><p class=\"mb-0\" style=\"font-size: .85rem\"><strong title=\"Estado del Proceso\"><i class=\"fas fa-spinner\"><\/i><\/strong> Proceso adjudicado y celebrado<\/p><p class=\"mb-0\" style=\"font-size: .85rem\"><strong title=\"Fecha de Publicaci\u00f3n\"><i class=\"fas fa-calendar-alt\"><\/i><\/strong> Publicado el martes, 26 de julio de 2022<\/p><\/div><div class=\"col-auto mt-md-0 mt-2\"><a class=\"btn btn-primary btn-lg px-lg-4 d-none d-md-block\" href=\"https:\/\/comunidad.comprasdominicana.gob.do\/\/Public\/Tendering\/OpportunityDetail\/Index?noticeUID=DO1.NTC.1108026\" target=\"_blank\" title=\"Detalles\"><i class=\"fas fa-link\"><\/i> DETALLES<\/a><a class=\"btn btn-primary btn-lg px-lg-4 d-block d-md-none\" href=\"https:\/\/comunidad.comprasdominicana.gob.do\/\/Public\/Tendering\/OpportunityDetail\/Index?noticeUID=DO1.NTC.1108026\" target=\"_blank\" title=\"Detalles\"><i class=\"fas fa-2x fa-link\"><\/i><\/a><\/div><\/div><\/div><div class=\"jumbotron archivos\"><div class=\"row align-items-center\"><div class=\"col\"><h6><a class=\"text-dark\" href=\"https:\/\/comunidad.comprasdominicana.gob.do\/\/Public\/Tendering\/OpportunityDetail\/Index?noticeUID=DO1.NTC.1104416\" title=\"Ver\" target=\"_blank\">APORDOM-UC-CD-2022-0046<\/a><\/h6><p class=\"mb-0 bold\">CONTRATACI\u00d3N DE SERVICIO DE ALMUERZOS Y REFRIGERIOS PARA CAPACITACION PROTECCION A BUQUES E INSTALACIONES PORTUARIA, DIRIGIDO A MIPYMES<\/p><p class=\"mb-0\" style=\"font-size: .85rem\"><strong title=\"Estado del Proceso\"><i class=\"fas fa-spinner\"><\/i><\/strong> Proceso adjudicado y celebrado<\/p><p class=\"mb-0\" style=\"font-size: .85rem\"><strong title=\"Fecha de Publicaci\u00f3n\"><i class=\"fas fa-calendar-alt\"><\/i><\/strong> Publicado el lunes, 18 de julio de 2022<\/p><\/div><div class=\"col-auto mt-md-0 mt-2\"><a class=\"btn btn-primary btn-lg px-lg-4 d-none d-md-block\" href=\"https:\/\/comunidad.comprasdominicana.gob.do\/\/Public\/Tendering\/OpportunityDetail\/Index?noticeUID=DO1.NTC.1104416\" target=\"_blank\" title=\"Detalles\"><i class=\"fas fa-link\"><\/i> DETALLES<\/a><a class=\"btn btn-primary btn-lg px-lg-4 d-block d-md-none\" href=\"https:\/\/comunidad.comprasdominicana.gob.do\/\/Public\/Tendering\/OpportunityDetail\/Index?noticeUID=DO1.NTC.1104416\" target=\"_blank\" title=\"Detalles\"><i class=\"fas fa-2x fa-link\"><\/i><\/a><\/div><\/div><\/div><\/div><\/div><\/div>\n        <div class=\"card\">\n            <div class=\"card-header parents\" id=\"heading_procedimientos-de-contrataci-n-dirigidos-a-las-micro-peque-as-y-medianas-empresas-mipymes--69eeee772d89c-2022-69eeee772d89c-junio-69eeee772d89c\">\n                <p class=\"title text-blue mb-0\">\n                    <a class=\"btn-block hover text-left collapsed\" data-toggle=\"collapse\" data-target=\"#collap_procedimientos-de-contrataci-n-dirigidos-a-las-micro-peque-as-y-medianas-empresas-mipymes--69eeee772d89c-2022-69eeee772d89c-junio-69eeee772d89c\" aria-expanded=\"false\" aria-controls=\"collap_procedimientos-de-contrataci-n-dirigidos-a-las-micro-peque-as-y-medianas-empresas-mipymes--69eeee772d89c-2022-69eeee772d89c-junio-69eeee772d89c\">Junio<\/a>\n                <\/p>\n            <\/div>\n            <div id=\"collap_procedimientos-de-contrataci-n-dirigidos-a-las-micro-peque-as-y-medianas-empresas-mipymes--69eeee772d89c-2022-69eeee772d89c-junio-69eeee772d89c\" class=\"collapse\" aria-labelledby=\"heading_procedimientos-de-contrataci-n-dirigidos-a-las-micro-peque-as-y-medianas-empresas-mipymes--69eeee772d89c-2022-69eeee772d89c-junio-69eeee772d89c\" data-parent=\"#collap_procedimientos-de-contrataci-n-dirigidos-a-las-micro-peque-as-y-medianas-empresas-mipymes--69eeee772d89c-2022-69eeee772d89c\">\n                <div class=\"card-body\"><div class=\"jumbotron archivos\"><div class=\"row align-items-center\"><div class=\"col\"><h6><a class=\"text-dark\" href=\"https:\/\/comunidad.comprasdominicana.gob.do\/\/Public\/Tendering\/OpportunityDetail\/Index?noticeUID=DO1.NTC.1096716\" title=\"Ver\" target=\"_blank\">APORDOM-UC-CD-2022-0049<\/a><\/h6><p class=\"mb-0 bold\">ADQUISICI\u00d3N DE ELECTRODOM\u00c9STICOS PARA USO DE LA SEDE PRINCIPAL DE APORDOM, DIRIGIDO A MIPYME<\/p><p class=\"mb-0\" style=\"font-size: .85rem\"><strong title=\"Estado del Proceso\"><i class=\"fas fa-spinner\"><\/i><\/strong> Proceso adjudicado y celebrado<\/p><p class=\"mb-0\" style=\"font-size: .85rem\"><strong title=\"Fecha de Publicaci\u00f3n\"><i class=\"fas fa-calendar-alt\"><\/i><\/strong> Publicado el mi\u00e9rcoles, 29 de junio de 2022<\/p><\/div><div class=\"col-auto mt-md-0 mt-2\"><a class=\"btn btn-primary btn-lg px-lg-4 d-none d-md-block\" href=\"https:\/\/comunidad.comprasdominicana.gob.do\/\/Public\/Tendering\/OpportunityDetail\/Index?noticeUID=DO1.NTC.1096716\" target=\"_blank\" title=\"Detalles\"><i class=\"fas fa-link\"><\/i> DETALLES<\/a><a class=\"btn btn-primary btn-lg px-lg-4 d-block d-md-none\" href=\"https:\/\/comunidad.comprasdominicana.gob.do\/\/Public\/Tendering\/OpportunityDetail\/Index?noticeUID=DO1.NTC.1096716\" target=\"_blank\" title=\"Detalles\"><i class=\"fas fa-2x fa-link\"><\/i><\/a><\/div><\/div><\/div><div class=\"jumbotron archivos\"><div class=\"row align-items-center\"><div class=\"col\"><h6><a class=\"text-dark\" href=\"https:\/\/comunidad.comprasdominicana.gob.do\/\/Public\/Tendering\/OpportunityDetail\/Index?noticeUID=DO1.NTC.1095119\" title=\"Ver\" target=\"_blank\">APORDOM-UC-CD-2022-0047<\/a><\/h6><p class=\"mb-0 bold\">UTENSILIOS E INSUMOS PARA JORNADA DE LIMPIEZA DE PLAYAS APORDOM, DIRIGIDO A MIPYMES<\/p><p class=\"mb-0\" style=\"font-size: .85rem\"><strong title=\"Estado del Proceso\"><i class=\"fas fa-spinner\"><\/i><\/strong> Proceso adjudicado y celebrado<\/p><p class=\"mb-0\" style=\"font-size: .85rem\"><strong title=\"Fecha de Publicaci\u00f3n\"><i class=\"fas fa-calendar-alt\"><\/i><\/strong> Publicado el viernes, 24 de junio de 2022<\/p><\/div><div class=\"col-auto mt-md-0 mt-2\"><a class=\"btn btn-primary btn-lg px-lg-4 d-none d-md-block\" href=\"https:\/\/comunidad.comprasdominicana.gob.do\/\/Public\/Tendering\/OpportunityDetail\/Index?noticeUID=DO1.NTC.1095119\" target=\"_blank\" title=\"Detalles\"><i class=\"fas fa-link\"><\/i> DETALLES<\/a><a class=\"btn btn-primary btn-lg px-lg-4 d-block d-md-none\" href=\"https:\/\/comunidad.comprasdominicana.gob.do\/\/Public\/Tendering\/OpportunityDetail\/Index?noticeUID=DO1.NTC.1095119\" target=\"_blank\" title=\"Detalles\"><i class=\"fas fa-2x fa-link\"><\/i><\/a><\/div><\/div><\/div><div class=\"jumbotron archivos\"><div class=\"row align-items-center\"><div class=\"col\"><h6><a class=\"text-dark\" href=\"https:\/\/comunidad.comprasdominicana.gob.do\/\/Public\/Tendering\/OpportunityDetail\/Index?noticeUID=DO1.NTC.1091912\" title=\"Ver\" target=\"_blank\">APORDOM-DAF-CM-2022-0025<\/a><\/h6><p class=\"mb-0 bold\">ADQUISICION DE MATERIAL IMPRESO PARA LAS OFICINAS Y PUERTOS DE APORDOM, DIRIGIDO A MIPYMES<\/p><p class=\"mb-0\" style=\"font-size: .85rem\"><strong title=\"Estado del Proceso\"><i class=\"fas fa-spinner\"><\/i><\/strong> Proceso adjudicado y celebrado<\/p><p class=\"mb-0\" style=\"font-size: .85rem\"><strong title=\"Fecha de Publicaci\u00f3n\"><i class=\"fas fa-calendar-alt\"><\/i><\/strong> Publicado el viernes, 17 de junio de 2022<\/p><\/div><div class=\"col-auto mt-md-0 mt-2\"><a class=\"btn btn-primary btn-lg px-lg-4 d-none d-md-block\" href=\"https:\/\/comunidad.comprasdominicana.gob.do\/\/Public\/Tendering\/OpportunityDetail\/Index?noticeUID=DO1.NTC.1091912\" target=\"_blank\" title=\"Detalles\"><i class=\"fas fa-link\"><\/i> DETALLES<\/a><a class=\"btn btn-primary btn-lg px-lg-4 d-block d-md-none\" href=\"https:\/\/comunidad.comprasdominicana.gob.do\/\/Public\/Tendering\/OpportunityDetail\/Index?noticeUID=DO1.NTC.1091912\" target=\"_blank\" title=\"Detalles\"><i class=\"fas fa-2x fa-link\"><\/i><\/a><\/div><\/div><\/div><div class=\"jumbotron archivos\"><div class=\"row align-items-center\"><div class=\"col\"><h6><a class=\"text-dark\" href=\"https:\/\/comunidad.comprasdominicana.gob.do\/\/Public\/Tendering\/OpportunityDetail\/Index?noticeUID=DO1.NTC.1089417\" title=\"Ver\" target=\"_blank\">APORDOM-DAF-CM-2022-0028<\/a><\/h6><p class=\"mb-0 bold\">Adquisici\u00f3n de Materiales Gastables (desechables y productos de limpieza) y Dispensadores para la Sede principal de APORDOM, dirigido a Mipymes<\/p><p class=\"mb-0\" style=\"font-size: .85rem\"><strong title=\"Estado del Proceso\"><i class=\"fas fa-spinner\"><\/i><\/strong> Proceso adjudicado y celebrado<\/p><p class=\"mb-0\" style=\"font-size: .85rem\"><strong title=\"Fecha de Publicaci\u00f3n\"><i class=\"fas fa-calendar-alt\"><\/i><\/strong> Publicado el viernes, 10 de junio de 2022<\/p><\/div><div class=\"col-auto mt-md-0 mt-2\"><a class=\"btn btn-primary btn-lg px-lg-4 d-none d-md-block\" href=\"https:\/\/comunidad.comprasdominicana.gob.do\/\/Public\/Tendering\/OpportunityDetail\/Index?noticeUID=DO1.NTC.1089417\" target=\"_blank\" title=\"Detalles\"><i class=\"fas fa-link\"><\/i> DETALLES<\/a><a class=\"btn btn-primary btn-lg px-lg-4 d-block d-md-none\" href=\"https:\/\/comunidad.comprasdominicana.gob.do\/\/Public\/Tendering\/OpportunityDetail\/Index?noticeUID=DO1.NTC.1089417\" target=\"_blank\" title=\"Detalles\"><i class=\"fas fa-2x fa-link\"><\/i><\/a><\/div><\/div><\/div><div class=\"jumbotron archivos\"><div class=\"row align-items-center\"><div class=\"col\"><h6><a class=\"text-dark\" href=\"https:\/\/comunidad.comprasdominicana.gob.do\/\/Public\/Tendering\/OpportunityDetail\/Index?noticeUID=DO1.NTC.1086463\" title=\"Ver\" target=\"_blank\">APORDOM-UC-CD-2022-0042<\/a><\/h6><p class=\"mb-0 bold\">CONTRATACION DE SERVICIO DE ALMUERZOS Y REFRIGERIOS PARA APORDOM<\/p><p class=\"mb-0\" style=\"font-size: .85rem\"><strong title=\"Estado del Proceso\"><i class=\"fas fa-spinner\"><\/i><\/strong> Proceso adjudicado y celebrado<\/p><p class=\"mb-0\" style=\"font-size: .85rem\"><strong title=\"Fecha de Publicaci\u00f3n\"><i class=\"fas fa-calendar-alt\"><\/i><\/strong> Publicado el viernes, 3 de junio de 2022<\/p><\/div><div class=\"col-auto mt-md-0 mt-2\"><a class=\"btn btn-primary btn-lg px-lg-4 d-none d-md-block\" href=\"https:\/\/comunidad.comprasdominicana.gob.do\/\/Public\/Tendering\/OpportunityDetail\/Index?noticeUID=DO1.NTC.1086463\" target=\"_blank\" title=\"Detalles\"><i class=\"fas fa-link\"><\/i> DETALLES<\/a><a class=\"btn btn-primary btn-lg px-lg-4 d-block d-md-none\" href=\"https:\/\/comunidad.comprasdominicana.gob.do\/\/Public\/Tendering\/OpportunityDetail\/Index?noticeUID=DO1.NTC.1086463\" target=\"_blank\" title=\"Detalles\"><i class=\"fas fa-2x fa-link\"><\/i><\/a><\/div><\/div><\/div><div class=\"jumbotron archivos\"><div class=\"row align-items-center\"><div class=\"col\"><h6><a class=\"text-dark\" href=\"https:\/\/comunidad.comprasdominicana.gob.do\/\/Public\/Tendering\/OpportunityDetail\/Index?noticeUID=DO1.NTC.1086458\" title=\"Ver\" target=\"_blank\">APORDOM-UC-CD-2022-0045<\/a><\/h6><p class=\"mb-0 bold\">ADQUISICI\u00d3N DE MATERIALES Y ART\u00cdCULOS EL\u00c9CTRICOS PARA USO DE LAS OFICINAS DE APORDOM, DIRIGIDO A MIPYME.<\/p><p class=\"mb-0\" style=\"font-size: .85rem\"><strong title=\"Estado del Proceso\"><i class=\"fas fa-spinner\"><\/i><\/strong> Proceso adjudicado y celebrado<\/p><p class=\"mb-0\" style=\"font-size: .85rem\"><strong title=\"Fecha de Publicaci\u00f3n\"><i class=\"fas fa-calendar-alt\"><\/i><\/strong> Publicado el viernes, 3 de junio de 2022<\/p><\/div><div class=\"col-auto mt-md-0 mt-2\"><a class=\"btn btn-primary btn-lg px-lg-4 d-none d-md-block\" href=\"https:\/\/comunidad.comprasdominicana.gob.do\/\/Public\/Tendering\/OpportunityDetail\/Index?noticeUID=DO1.NTC.1086458\" target=\"_blank\" title=\"Detalles\"><i class=\"fas fa-link\"><\/i> DETALLES<\/a><a class=\"btn btn-primary btn-lg px-lg-4 d-block d-md-none\" href=\"https:\/\/comunidad.comprasdominicana.gob.do\/\/Public\/Tendering\/OpportunityDetail\/Index?noticeUID=DO1.NTC.1086458\" target=\"_blank\" title=\"Detalles\"><i class=\"fas fa-2x fa-link\"><\/i><\/a><\/div><\/div><\/div><div class=\"jumbotron archivos\"><div class=\"row align-items-center\"><div class=\"col\"><h6><a class=\"text-dark\" href=\"https:\/\/comunidad.comprasdominicana.gob.do\/\/Public\/Tendering\/OpportunityDetail\/Index?noticeUID=DO1.NTC.1085732\" title=\"Ver\" target=\"_blank\">APORDOM-DAF-CM-2022-0026<\/a><\/h6><p class=\"mb-0 bold\">ADQUISICION DE EQUIPOS DE CLIMATIZACION PARA LAS OFICINAS DE APORDOM, DIRIGIDO A MIPYMES<\/p><p class=\"mb-0\" style=\"font-size: .85rem\"><strong title=\"Estado del Proceso\"><i class=\"fas fa-spinner\"><\/i><\/strong> Proceso adjudicado y celebrado<\/p><p class=\"mb-0\" style=\"font-size: .85rem\"><strong title=\"Fecha de Publicaci\u00f3n\"><i class=\"fas fa-calendar-alt\"><\/i><\/strong> Publicado el jueves, 2 de junio de 2022<\/p><\/div><div class=\"col-auto mt-md-0 mt-2\"><a class=\"btn btn-primary btn-lg px-lg-4 d-none d-md-block\" href=\"https:\/\/comunidad.comprasdominicana.gob.do\/\/Public\/Tendering\/OpportunityDetail\/Index?noticeUID=DO1.NTC.1085732\" target=\"_blank\" title=\"Detalles\"><i class=\"fas fa-link\"><\/i> DETALLES<\/a><a class=\"btn btn-primary btn-lg px-lg-4 d-block d-md-none\" href=\"https:\/\/comunidad.comprasdominicana.gob.do\/\/Public\/Tendering\/OpportunityDetail\/Index?noticeUID=DO1.NTC.1085732\" target=\"_blank\" title=\"Detalles\"><i class=\"fas fa-2x fa-link\"><\/i><\/a><\/div><\/div><\/div><div class=\"jumbotron archivos\"><div class=\"row align-items-center\"><div class=\"col\"><h6><a class=\"text-dark\" href=\"https:\/\/comunidad.comprasdominicana.gob.do\/\/Public\/Tendering\/OpportunityDetail\/Index?noticeUID=DO1.NTC.1086034\" title=\"Ver\" target=\"_blank\">APORDOM-DAF-CM-2022-0027<\/a><\/h6><p class=\"mb-0 bold\">ADQUISICI\u00d3N DE RESMAS DE PAPEL PARA USO DE APORDOM, DIRIGIDO A MIPYMES, DECLARADO DESIERTO DEL PROCESO, APORDOM-DAF-CM-2022-0020<\/p><p class=\"mb-0\" style=\"font-size: .85rem\"><strong title=\"Estado del Proceso\"><i class=\"fas fa-spinner\"><\/i><\/strong> Proceso adjudicado y celebrado<\/p><p class=\"mb-0\" style=\"font-size: .85rem\"><strong title=\"Fecha de Publicaci\u00f3n\"><i class=\"fas fa-calendar-alt\"><\/i><\/strong> Publicado el jueves, 2 de junio de 2022<\/p><\/div><div class=\"col-auto mt-md-0 mt-2\"><a class=\"btn btn-primary btn-lg px-lg-4 d-none d-md-block\" href=\"https:\/\/comunidad.comprasdominicana.gob.do\/\/Public\/Tendering\/OpportunityDetail\/Index?noticeUID=DO1.NTC.1086034\" target=\"_blank\" title=\"Detalles\"><i class=\"fas fa-link\"><\/i> DETALLES<\/a><a class=\"btn btn-primary btn-lg px-lg-4 d-block d-md-none\" href=\"https:\/\/comunidad.comprasdominicana.gob.do\/\/Public\/Tendering\/OpportunityDetail\/Index?noticeUID=DO1.NTC.1086034\" target=\"_blank\" title=\"Detalles\"><i class=\"fas fa-2x fa-link\"><\/i><\/a><\/div><\/div><\/div><\/div><\/div><\/div>\n        <div class=\"card\">\n            <div class=\"card-header parents\" id=\"heading_procedimientos-de-contrataci-n-dirigidos-a-las-micro-peque-as-y-medianas-empresas-mipymes--69eeee772d89c-2022-69eeee772d89c-mayo-69eeee772d89c\">\n                <p class=\"title text-blue mb-0\">\n                    <a class=\"btn-block hover text-left collapsed\" data-toggle=\"collapse\" data-target=\"#collap_procedimientos-de-contrataci-n-dirigidos-a-las-micro-peque-as-y-medianas-empresas-mipymes--69eeee772d89c-2022-69eeee772d89c-mayo-69eeee772d89c\" aria-expanded=\"false\" aria-controls=\"collap_procedimientos-de-contrataci-n-dirigidos-a-las-micro-peque-as-y-medianas-empresas-mipymes--69eeee772d89c-2022-69eeee772d89c-mayo-69eeee772d89c\">Mayo<\/a>\n                <\/p>\n            <\/div>\n            <div id=\"collap_procedimientos-de-contrataci-n-dirigidos-a-las-micro-peque-as-y-medianas-empresas-mipymes--69eeee772d89c-2022-69eeee772d89c-mayo-69eeee772d89c\" class=\"collapse\" aria-labelledby=\"heading_procedimientos-de-contrataci-n-dirigidos-a-las-micro-peque-as-y-medianas-empresas-mipymes--69eeee772d89c-2022-69eeee772d89c-mayo-69eeee772d89c\" data-parent=\"#collap_procedimientos-de-contrataci-n-dirigidos-a-las-micro-peque-as-y-medianas-empresas-mipymes--69eeee772d89c-2022-69eeee772d89c\">\n                <div class=\"card-body\"><div class=\"jumbotron archivos\"><div class=\"row align-items-center\"><div class=\"col\"><h6><a class=\"text-dark\" href=\"https:\/\/comunidad.comprasdominicana.gob.do\/\/Public\/Tendering\/OpportunityDetail\/Index?noticeUID=DO1.NTC.1082130\" title=\"Ver\" target=\"_blank\">APORDOM-DAF-CM-2022-0023<\/a><\/h6><p class=\"mb-0 bold\">ADQUISICI\u00d3N DE MATERIAL FERRETEROS Y ELECTRICOS PARA USO DE OFICINA Y PUERTOS DE APORDOM, DIRIGIDO A MIPYMES <\/p><p class=\"mb-0\" style=\"font-size: .85rem\"><strong title=\"Estado del Proceso\"><i class=\"fas fa-spinner\"><\/i><\/strong> Proceso adjudicado y celebrado<\/p><p class=\"mb-0\" style=\"font-size: .85rem\"><strong title=\"Fecha de Publicaci\u00f3n\"><i class=\"fas fa-calendar-alt\"><\/i><\/strong> Publicado el mi\u00e9rcoles, 25 de mayo de 2022<\/p><\/div><div class=\"col-auto mt-md-0 mt-2\"><a class=\"btn btn-primary btn-lg px-lg-4 d-none d-md-block\" href=\"https:\/\/comunidad.comprasdominicana.gob.do\/\/Public\/Tendering\/OpportunityDetail\/Index?noticeUID=DO1.NTC.1082130\" target=\"_blank\" title=\"Detalles\"><i class=\"fas fa-link\"><\/i> DETALLES<\/a><a class=\"btn btn-primary btn-lg px-lg-4 d-block d-md-none\" href=\"https:\/\/comunidad.comprasdominicana.gob.do\/\/Public\/Tendering\/OpportunityDetail\/Index?noticeUID=DO1.NTC.1082130\" target=\"_blank\" title=\"Detalles\"><i class=\"fas fa-2x fa-link\"><\/i><\/a><\/div><\/div><\/div><div class=\"jumbotron archivos\"><div class=\"row align-items-center\"><div class=\"col\"><h6><a class=\"text-dark\" href=\"https:\/\/comunidad.comprasdominicana.gob.do\/\/Public\/Tendering\/OpportunityDetail\/Index?noticeUID=DO1.NTC.1075933\" title=\"Ver\" target=\"_blank\">APORDOM-DAF-CM-2022-0019<\/a><\/h6><p class=\"mb-0 bold\">ADQUISICION DE PINTURA Y MATERIALES FERRETEROS PARA LA SEDE PRINCIPAL DE APORDOM, DIRIGIDO A MIPYMES. <\/p><p class=\"mb-0\" style=\"font-size: .85rem\"><strong title=\"Estado del Proceso\"><i class=\"fas fa-spinner\"><\/i><\/strong> Proceso adjudicado y celebrado<\/p><p class=\"mb-0\" style=\"font-size: .85rem\"><strong title=\"Fecha de Publicaci\u00f3n\"><i class=\"fas fa-calendar-alt\"><\/i><\/strong> Publicado el mi\u00e9rcoles, 11 de mayo de 2022<\/p><\/div><div class=\"col-auto mt-md-0 mt-2\"><a class=\"btn btn-primary btn-lg px-lg-4 d-none d-md-block\" href=\"https:\/\/comunidad.comprasdominicana.gob.do\/\/Public\/Tendering\/OpportunityDetail\/Index?noticeUID=DO1.NTC.1075933\" target=\"_blank\" title=\"Detalles\"><i class=\"fas fa-link\"><\/i> DETALLES<\/a><a class=\"btn btn-primary btn-lg px-lg-4 d-block d-md-none\" href=\"https:\/\/comunidad.comprasdominicana.gob.do\/\/Public\/Tendering\/OpportunityDetail\/Index?noticeUID=DO1.NTC.1075933\" target=\"_blank\" title=\"Detalles\"><i class=\"fas fa-2x fa-link\"><\/i><\/a><\/div><\/div><\/div><div class=\"jumbotron archivos\"><div class=\"row align-items-center\"><div class=\"col\"><h6><a class=\"text-dark\" href=\"https:\/\/comunidad.comprasdominicana.gob.do\/\/Public\/Tendering\/OpportunityDetail\/Index?noticeUID=DO1.NTC.1075517\" title=\"Ver\" target=\"_blank\">APORDOM-DAF-CM-2022-0017<\/a><\/h6><p class=\"mb-0 bold\">ADQUISICI\u00d3N DE MATERIAL GASTABLE PARA EL ARCHIVO DE APORDOM, DIRIGIDO A MIPYMES<\/p><p class=\"mb-0\" style=\"font-size: .85rem\"><strong title=\"Estado del Proceso\"><i class=\"fas fa-spinner\"><\/i><\/strong> Proceso adjudicado y celebrado<\/p><p class=\"mb-0\" style=\"font-size: .85rem\"><strong title=\"Fecha de Publicaci\u00f3n\"><i class=\"fas fa-calendar-alt\"><\/i><\/strong> Publicado el martes, 10 de mayo de 2022<\/p><\/div><div class=\"col-auto mt-md-0 mt-2\"><a class=\"btn btn-primary btn-lg px-lg-4 d-none d-md-block\" href=\"https:\/\/comunidad.comprasdominicana.gob.do\/\/Public\/Tendering\/OpportunityDetail\/Index?noticeUID=DO1.NTC.1075517\" target=\"_blank\" title=\"Detalles\"><i class=\"fas fa-link\"><\/i> DETALLES<\/a><a class=\"btn btn-primary btn-lg px-lg-4 d-block d-md-none\" href=\"https:\/\/comunidad.comprasdominicana.gob.do\/\/Public\/Tendering\/OpportunityDetail\/Index?noticeUID=DO1.NTC.1075517\" target=\"_blank\" title=\"Detalles\"><i class=\"fas fa-2x fa-link\"><\/i><\/a><\/div><\/div><\/div><div class=\"jumbotron archivos\"><div class=\"row align-items-center\"><div class=\"col\"><h6><a class=\"text-dark\" href=\"https:\/\/comunidad.comprasdominicana.gob.do\/\/Public\/Tendering\/OpportunityDetail\/Index?noticeUID=DO1.NTC.1074230\" title=\"Ver\" target=\"_blank\">APORDOM-DAF-CM-2022-0018<\/a><\/h6><p class=\"mb-0 bold\">\u201cADQUISICI\u00d3N DE ART\u00cdCULOS Y EQUIPOS, EL\u00c9CTRICOS Y FERRETEROS PARA USO DE LA SEDE PRINCIPAL DE APORDOM DIRIGIDO A MIPYMES\u201d<\/p><p class=\"mb-0\" style=\"font-size: .85rem\"><strong title=\"Estado del Proceso\"><i class=\"fas fa-spinner\"><\/i><\/strong> Proceso adjudicado y celebrado<\/p><p class=\"mb-0\" style=\"font-size: .85rem\"><strong title=\"Fecha de Publicaci\u00f3n\"><i class=\"fas fa-calendar-alt\"><\/i><\/strong> Publicado el viernes, 6 de mayo de 2022<\/p><\/div><div class=\"col-auto mt-md-0 mt-2\"><a class=\"btn btn-primary btn-lg px-lg-4 d-none d-md-block\" href=\"https:\/\/comunidad.comprasdominicana.gob.do\/\/Public\/Tendering\/OpportunityDetail\/Index?noticeUID=DO1.NTC.1074230\" target=\"_blank\" title=\"Detalles\"><i class=\"fas fa-link\"><\/i> DETALLES<\/a><a class=\"btn btn-primary btn-lg px-lg-4 d-block d-md-none\" href=\"https:\/\/comunidad.comprasdominicana.gob.do\/\/Public\/Tendering\/OpportunityDetail\/Index?noticeUID=DO1.NTC.1074230\" target=\"_blank\" title=\"Detalles\"><i class=\"fas fa-2x fa-link\"><\/i><\/a><\/div><\/div><\/div><div class=\"jumbotron archivos\"><div class=\"row align-items-center\"><div class=\"col\"><h6><a class=\"text-dark\" href=\"https:\/\/comunidad.comprasdominicana.gob.do\/\/Public\/Tendering\/OpportunityDetail\/Index?noticeUID=DO1.NTC.1073138\" title=\"Ver\" target=\"_blank\">APORDOM-DAF-CM-2022-0011<\/a><\/h6><p class=\"mb-0 bold\">ADQUISICI\u00d3N DE ELECTRODOM\u00c9STICOS PARA USO DE LA SEDE PRINCIPAL DE APORDOM<\/p><p class=\"mb-0\" style=\"font-size: .85rem\"><strong title=\"Estado del Proceso\"><i class=\"fas fa-spinner\"><\/i><\/strong> Proceso adjudicado y celebrado<\/p><p class=\"mb-0\" style=\"font-size: .85rem\"><strong title=\"Fecha de Publicaci\u00f3n\"><i class=\"fas fa-calendar-alt\"><\/i><\/strong> Publicado el mi\u00e9rcoles, 4 de mayo de 2022<\/p><\/div><div class=\"col-auto mt-md-0 mt-2\"><a class=\"btn btn-primary btn-lg px-lg-4 d-none d-md-block\" href=\"https:\/\/comunidad.comprasdominicana.gob.do\/\/Public\/Tendering\/OpportunityDetail\/Index?noticeUID=DO1.NTC.1073138\" target=\"_blank\" title=\"Detalles\"><i class=\"fas fa-link\"><\/i> DETALLES<\/a><a class=\"btn btn-primary btn-lg px-lg-4 d-block d-md-none\" href=\"https:\/\/comunidad.comprasdominicana.gob.do\/\/Public\/Tendering\/OpportunityDetail\/Index?noticeUID=DO1.NTC.1073138\" target=\"_blank\" title=\"Detalles\"><i class=\"fas fa-2x fa-link\"><\/i><\/a><\/div><\/div><\/div><\/div><\/div><\/div>\n        <div class=\"card\">\n            <div class=\"card-header parents\" id=\"heading_procedimientos-de-contrataci-n-dirigidos-a-las-micro-peque-as-y-medianas-empresas-mipymes--69eeee772d89c-2022-69eeee772d89c-abril-69eeee772d89c\">\n                <p class=\"title text-blue mb-0\">\n                    <a class=\"btn-block hover text-left collapsed\" data-toggle=\"collapse\" data-target=\"#collap_procedimientos-de-contrataci-n-dirigidos-a-las-micro-peque-as-y-medianas-empresas-mipymes--69eeee772d89c-2022-69eeee772d89c-abril-69eeee772d89c\" aria-expanded=\"false\" aria-controls=\"collap_procedimientos-de-contrataci-n-dirigidos-a-las-micro-peque-as-y-medianas-empresas-mipymes--69eeee772d89c-2022-69eeee772d89c-abril-69eeee772d89c\">Abril<\/a>\n                <\/p>\n            <\/div>\n            <div id=\"collap_procedimientos-de-contrataci-n-dirigidos-a-las-micro-peque-as-y-medianas-empresas-mipymes--69eeee772d89c-2022-69eeee772d89c-abril-69eeee772d89c\" class=\"collapse\" aria-labelledby=\"heading_procedimientos-de-contrataci-n-dirigidos-a-las-micro-peque-as-y-medianas-empresas-mipymes--69eeee772d89c-2022-69eeee772d89c-abril-69eeee772d89c\" data-parent=\"#collap_procedimientos-de-contrataci-n-dirigidos-a-las-micro-peque-as-y-medianas-empresas-mipymes--69eeee772d89c-2022-69eeee772d89c\">\n                <div class=\"card-body\"><div class=\"jumbotron archivos\"><div class=\"row align-items-center\"><div class=\"col\"><h6><a class=\"text-dark\" href=\"https:\/\/comunidad.comprasdominicana.gob.do\/\/Public\/Tendering\/OpportunityDetail\/Index?noticeUID=DO1.NTC.1071618\" title=\"Ver\" target=\"_blank\">APORDOM-DAF-CM-2022-0016<\/a><\/h6><p class=\"mb-0 bold\">ADQUISICION DE MATERIALES ELECTRICOS PARA USO DE LA SEDE PRINCIPAL DE APORDOM DIRIGIDO A MIPYMES.<\/p><p class=\"mb-0\" style=\"font-size: .85rem\"><strong title=\"Estado del Proceso\"><i class=\"fas fa-spinner\"><\/i><\/strong> Proceso adjudicado y celebrado<\/p><p class=\"mb-0\" style=\"font-size: .85rem\"><strong title=\"Fecha de Publicaci\u00f3n\"><i class=\"fas fa-calendar-alt\"><\/i><\/strong> Publicado el viernes, 29 de abril de 2022<\/p><\/div><div class=\"col-auto mt-md-0 mt-2\"><a class=\"btn btn-primary btn-lg px-lg-4 d-none d-md-block\" href=\"https:\/\/comunidad.comprasdominicana.gob.do\/\/Public\/Tendering\/OpportunityDetail\/Index?noticeUID=DO1.NTC.1071618\" target=\"_blank\" title=\"Detalles\"><i class=\"fas fa-link\"><\/i> DETALLES<\/a><a class=\"btn btn-primary btn-lg px-lg-4 d-block d-md-none\" href=\"https:\/\/comunidad.comprasdominicana.gob.do\/\/Public\/Tendering\/OpportunityDetail\/Index?noticeUID=DO1.NTC.1071618\" target=\"_blank\" title=\"Detalles\"><i class=\"fas fa-2x fa-link\"><\/i><\/a><\/div><\/div><\/div><div class=\"jumbotron archivos\"><div class=\"row align-items-center\"><div class=\"col\"><h6><a class=\"text-dark\" href=\"https:\/\/comunidad.comprasdominicana.gob.do\/\/Public\/Tendering\/OpportunityDetail\/Index?noticeUID=DO1.NTC.1070825\" title=\"Ver\" target=\"_blank\">APORDOM-UC-CD-2022-0033<\/a><\/h6><p class=\"mb-0 bold\">ADQUISICI\u00d3N DE MATERIALES ELECTRCIOS Y FERRETEROS PARA USO DE LAS OFICINAS DE APORDOM DIRIGIDO A MIPYMES.<\/p><p class=\"mb-0\" style=\"font-size: .85rem\"><strong title=\"Estado del Proceso\"><i class=\"fas fa-spinner\"><\/i><\/strong> Proceso adjudicado y celebrado<\/p><p class=\"mb-0\" style=\"font-size: .85rem\"><strong title=\"Fecha de Publicaci\u00f3n\"><i class=\"fas fa-calendar-alt\"><\/i><\/strong> Publicado el mi\u00e9rcoles, 27 de abril de 2022<\/p><\/div><div class=\"col-auto mt-md-0 mt-2\"><a class=\"btn btn-primary btn-lg px-lg-4 d-none d-md-block\" href=\"https:\/\/comunidad.comprasdominicana.gob.do\/\/Public\/Tendering\/OpportunityDetail\/Index?noticeUID=DO1.NTC.1070825\" target=\"_blank\" title=\"Detalles\"><i class=\"fas fa-link\"><\/i> DETALLES<\/a><a class=\"btn btn-primary btn-lg px-lg-4 d-block d-md-none\" href=\"https:\/\/comunidad.comprasdominicana.gob.do\/\/Public\/Tendering\/OpportunityDetail\/Index?noticeUID=DO1.NTC.1070825\" target=\"_blank\" title=\"Detalles\"><i class=\"fas fa-2x fa-link\"><\/i><\/a><\/div><\/div><\/div><div class=\"jumbotron archivos\"><div class=\"row align-items-center\"><div class=\"col\"><h6><a class=\"text-dark\" href=\"https:\/\/comunidad.comprasdominicana.gob.do\/\/Public\/Tendering\/OpportunityDetail\/Index?noticeUID=DO1.NTC.1069850\" title=\"Ver\" target=\"_blank\">APORDOM-DAF-CM-2022-0015<\/a><\/h6><p class=\"mb-0 bold\">CONTRATACION DE LOGISTICA PARA EVENTO EN PUERTO PLATA Y SAN PEDRO DE MACORIS, DIRIGIDO A MIPYMES<\/p><p class=\"mb-0\" style=\"font-size: .85rem\"><strong title=\"Estado del Proceso\"><i class=\"fas fa-spinner\"><\/i><\/strong> Proceso adjudicado y celebrado<\/p><p class=\"mb-0\" style=\"font-size: .85rem\"><strong title=\"Fecha de Publicaci\u00f3n\"><i class=\"fas fa-calendar-alt\"><\/i><\/strong> Publicado el martes, 26 de abril de 2022<\/p><\/div><div class=\"col-auto mt-md-0 mt-2\"><a class=\"btn btn-primary btn-lg px-lg-4 d-none d-md-block\" href=\"https:\/\/comunidad.comprasdominicana.gob.do\/\/Public\/Tendering\/OpportunityDetail\/Index?noticeUID=DO1.NTC.1069850\" target=\"_blank\" title=\"Detalles\"><i class=\"fas fa-link\"><\/i> DETALLES<\/a><a class=\"btn btn-primary btn-lg px-lg-4 d-block d-md-none\" href=\"https:\/\/comunidad.comprasdominicana.gob.do\/\/Public\/Tendering\/OpportunityDetail\/Index?noticeUID=DO1.NTC.1069850\" target=\"_blank\" title=\"Detalles\"><i class=\"fas fa-2x fa-link\"><\/i><\/a><\/div><\/div><\/div><div class=\"jumbotron archivos\"><div class=\"row align-items-center\"><div class=\"col\"><h6><a class=\"text-dark\" href=\"https:\/\/comunidad.comprasdominicana.gob.do\/\/Public\/Tendering\/OpportunityDetail\/Index?noticeUID=DO1.NTC.1069413\" title=\"Ver\" target=\"_blank\">APORDOM-UC-CD-2022-0028<\/a><\/h6><p class=\"mb-0 bold\">ADQUISICI\u00d3N DE CAF\u00c9 PARA USO DE LA SEDE PRINCIPAL DE APORDOM DIRIGIDO A MIPYMES<\/p><p class=\"mb-0\" style=\"font-size: .85rem\"><strong title=\"Estado del Proceso\"><i class=\"fas fa-spinner\"><\/i><\/strong> Proceso adjudicado y celebrado<\/p><p class=\"mb-0\" style=\"font-size: .85rem\"><strong title=\"Fecha de Publicaci\u00f3n\"><i class=\"fas fa-calendar-alt\"><\/i><\/strong> Publicado el lunes, 25 de abril de 2022<\/p><\/div><div class=\"col-auto mt-md-0 mt-2\"><a class=\"btn btn-primary btn-lg px-lg-4 d-none d-md-block\" href=\"https:\/\/comunidad.comprasdominicana.gob.do\/\/Public\/Tendering\/OpportunityDetail\/Index?noticeUID=DO1.NTC.1069413\" target=\"_blank\" title=\"Detalles\"><i class=\"fas fa-link\"><\/i> DETALLES<\/a><a class=\"btn btn-primary btn-lg px-lg-4 d-block d-md-none\" href=\"https:\/\/comunidad.comprasdominicana.gob.do\/\/Public\/Tendering\/OpportunityDetail\/Index?noticeUID=DO1.NTC.1069413\" target=\"_blank\" title=\"Detalles\"><i class=\"fas fa-2x fa-link\"><\/i><\/a><\/div><\/div><\/div><div class=\"jumbotron archivos\"><div class=\"row align-items-center\"><div class=\"col\"><h6><a class=\"text-dark\" href=\"https:\/\/comunidad.comprasdominicana.gob.do\/\/Public\/Tendering\/OpportunityDetail\/Index?noticeUID=DO1.NTC.1068820\" title=\"Ver\" target=\"_blank\">APORDOM-UC-CD-2022-0029<\/a><\/h6><p class=\"mb-0 bold\">ADQUISICI\u00d3N DE T\u00c9, AZ\u00daCAR, CREMA Y VASOS PARA CAF\u00c9 PARA EL CONSUMO DE APORDOM DIRIGIDO A MIPYMES.<\/p><p class=\"mb-0\" style=\"font-size: .85rem\"><strong title=\"Estado del Proceso\"><i class=\"fas fa-spinner\"><\/i><\/strong> Proceso adjudicado y celebrado<\/p><p class=\"mb-0\" style=\"font-size: .85rem\"><strong title=\"Fecha de Publicaci\u00f3n\"><i class=\"fas fa-calendar-alt\"><\/i><\/strong> Publicado el viernes, 22 de abril de 2022<\/p><\/div><div class=\"col-auto mt-md-0 mt-2\"><a class=\"btn btn-primary btn-lg px-lg-4 d-none d-md-block\" href=\"https:\/\/comunidad.comprasdominicana.gob.do\/\/Public\/Tendering\/OpportunityDetail\/Index?noticeUID=DO1.NTC.1068820\" target=\"_blank\" title=\"Detalles\"><i class=\"fas fa-link\"><\/i> DETALLES<\/a><a class=\"btn btn-primary btn-lg px-lg-4 d-block d-md-none\" href=\"https:\/\/comunidad.comprasdominicana.gob.do\/\/Public\/Tendering\/OpportunityDetail\/Index?noticeUID=DO1.NTC.1068820\" target=\"_blank\" title=\"Detalles\"><i class=\"fas fa-2x fa-link\"><\/i><\/a><\/div><\/div><\/div><div class=\"jumbotron archivos\"><div class=\"row align-items-center\"><div class=\"col\"><h6><a class=\"text-dark\" href=\"https:\/\/comunidad.comprasdominicana.gob.do\/\/Public\/Tendering\/OpportunityDetail\/Index?noticeUID=DO1.NTC.1066633\" title=\"Ver\" target=\"_blank\">APORDOM-UC-CD-2022-0030<\/a><\/h6><p class=\"mb-0 bold\">CONTRATACION DE MONTAJE Y REFRIGERIO PARA JORNADA DE DONACION VOLUNTARIA DE SANGRE, DIRIGIDO A MIPYMES<\/p><p class=\"mb-0\" style=\"font-size: .85rem\"><strong title=\"Estado del Proceso\"><i class=\"fas fa-spinner\"><\/i><\/strong> Proceso adjudicado y celebrado<\/p><p class=\"mb-0\" style=\"font-size: .85rem\"><strong title=\"Fecha de Publicaci\u00f3n\"><i class=\"fas fa-calendar-alt\"><\/i><\/strong> Publicado el lunes, 18 de abril de 2022<\/p><\/div><div class=\"col-auto mt-md-0 mt-2\"><a class=\"btn btn-primary btn-lg px-lg-4 d-none d-md-block\" href=\"https:\/\/comunidad.comprasdominicana.gob.do\/\/Public\/Tendering\/OpportunityDetail\/Index?noticeUID=DO1.NTC.1066633\" target=\"_blank\" title=\"Detalles\"><i class=\"fas fa-link\"><\/i> DETALLES<\/a><a class=\"btn btn-primary btn-lg px-lg-4 d-block d-md-none\" href=\"https:\/\/comunidad.comprasdominicana.gob.do\/\/Public\/Tendering\/OpportunityDetail\/Index?noticeUID=DO1.NTC.1066633\" target=\"_blank\" title=\"Detalles\"><i class=\"fas fa-2x fa-link\"><\/i><\/a><\/div><\/div><\/div><div class=\"jumbotron archivos\"><div class=\"row align-items-center\"><div class=\"col\"><h6><a class=\"text-dark\" href=\"https:\/\/comunidad.comprasdominicana.gob.do\/\/Public\/Tendering\/OpportunityDetail\/Index?noticeUID=DO1.NTC.1062428\" title=\"Ver\" target=\"_blank\">APORDOM-DAF-CM-2022-0014<\/a><\/h6><p class=\"mb-0 bold\">ADQUISICI\u00d3N DE ART\u00cdCULOS Y EQUIPOS TECNOL\u00d3GICOS PARA LA SEDE PRINCIPAL DE APORDOM<\/p><p class=\"mb-0\" style=\"font-size: .85rem\"><strong title=\"Estado del Proceso\"><i class=\"fas fa-spinner\"><\/i><\/strong> Proceso adjudicado y celebrado<\/p><p class=\"mb-0\" style=\"font-size: .85rem\"><strong title=\"Fecha de Publicaci\u00f3n\"><i class=\"fas fa-calendar-alt\"><\/i><\/strong> Publicado el mi\u00e9rcoles, 6 de abril de 2022<\/p><\/div><div class=\"col-auto mt-md-0 mt-2\"><a class=\"btn btn-primary btn-lg px-lg-4 d-none d-md-block\" href=\"https:\/\/comunidad.comprasdominicana.gob.do\/\/Public\/Tendering\/OpportunityDetail\/Index?noticeUID=DO1.NTC.1062428\" target=\"_blank\" title=\"Detalles\"><i class=\"fas fa-link\"><\/i> DETALLES<\/a><a class=\"btn btn-primary btn-lg px-lg-4 d-block d-md-none\" href=\"https:\/\/comunidad.comprasdominicana.gob.do\/\/Public\/Tendering\/OpportunityDetail\/Index?noticeUID=DO1.NTC.1062428\" target=\"_blank\" title=\"Detalles\"><i class=\"fas fa-2x fa-link\"><\/i><\/a><\/div><\/div><\/div><\/div><\/div><\/div>\n        <div class=\"card\">\n            <div class=\"card-header parents\" id=\"heading_procedimientos-de-contrataci-n-dirigidos-a-las-micro-peque-as-y-medianas-empresas-mipymes--69eeee772d89c-2022-69eeee772d89c-marzo-69eeee772d89c\">\n                <p class=\"title text-blue mb-0\">\n                    <a class=\"btn-block hover text-left collapsed\" data-toggle=\"collapse\" data-target=\"#collap_procedimientos-de-contrataci-n-dirigidos-a-las-micro-peque-as-y-medianas-empresas-mipymes--69eeee772d89c-2022-69eeee772d89c-marzo-69eeee772d89c\" aria-expanded=\"false\" aria-controls=\"collap_procedimientos-de-contrataci-n-dirigidos-a-las-micro-peque-as-y-medianas-empresas-mipymes--69eeee772d89c-2022-69eeee772d89c-marzo-69eeee772d89c\">Marzo<\/a>\n                <\/p>\n            <\/div>\n            <div id=\"collap_procedimientos-de-contrataci-n-dirigidos-a-las-micro-peque-as-y-medianas-empresas-mipymes--69eeee772d89c-2022-69eeee772d89c-marzo-69eeee772d89c\" class=\"collapse\" aria-labelledby=\"heading_procedimientos-de-contrataci-n-dirigidos-a-las-micro-peque-as-y-medianas-empresas-mipymes--69eeee772d89c-2022-69eeee772d89c-marzo-69eeee772d89c\" data-parent=\"#collap_procedimientos-de-contrataci-n-dirigidos-a-las-micro-peque-as-y-medianas-empresas-mipymes--69eeee772d89c-2022-69eeee772d89c\">\n                <div class=\"card-body\"><div class=\"jumbotron archivos\"><div class=\"row align-items-center\"><div class=\"col\"><h6><a class=\"text-dark\" href=\"https:\/\/comunidad.comprasdominicana.gob.do\/\/Public\/Tendering\/OpportunityDetail\/Index?noticeUID=DO1.NTC.1057233\" title=\"Ver\" target=\"_blank\">APORDOM-DAF-CM-2022-0012<\/a><\/h6><p class=\"mb-0 bold\">ADQUISICI\u00d3N DE MATERIAL GASTABLE PARA LAS OFICINAS Y PUERTOS DE APORDOM DIRIGIDO A MIPYME. <\/p><p class=\"mb-0\" style=\"font-size: .85rem\"><strong title=\"Estado del Proceso\"><i class=\"fas fa-spinner\"><\/i><\/strong> Proceso adjudicado y celebrado<\/p><p class=\"mb-0\" style=\"font-size: .85rem\"><strong title=\"Fecha de Publicaci\u00f3n\"><i class=\"fas fa-calendar-alt\"><\/i><\/strong> Publicado el jueves, 24 de marzo de 2022<\/p><\/div><div class=\"col-auto mt-md-0 mt-2\"><a class=\"btn btn-primary btn-lg px-lg-4 d-none d-md-block\" href=\"https:\/\/comunidad.comprasdominicana.gob.do\/\/Public\/Tendering\/OpportunityDetail\/Index?noticeUID=DO1.NTC.1057233\" target=\"_blank\" title=\"Detalles\"><i class=\"fas fa-link\"><\/i> DETALLES<\/a><a class=\"btn btn-primary btn-lg px-lg-4 d-block d-md-none\" href=\"https:\/\/comunidad.comprasdominicana.gob.do\/\/Public\/Tendering\/OpportunityDetail\/Index?noticeUID=DO1.NTC.1057233\" target=\"_blank\" title=\"Detalles\"><i class=\"fas fa-2x fa-link\"><\/i><\/a><\/div><\/div><\/div><div class=\"jumbotron archivos\"><div class=\"row align-items-center\"><div class=\"col\"><h6><a class=\"text-dark\" href=\"https:\/\/comunidad.comprasdominicana.gob.do\/\/Public\/Tendering\/OpportunityDetail\/Index?noticeUID=DO1.NTC.1056035\" title=\"Ver\" target=\"_blank\">APORDOM-UC-CD-2022-0026<\/a><\/h6><p class=\"mb-0 bold\">ADQUISICION DE CORONAS FLORALES PARA CONDOLENCIAS DE APORDOM<\/p><p class=\"mb-0\" style=\"font-size: .85rem\"><strong title=\"Estado del Proceso\"><i class=\"fas fa-spinner\"><\/i><\/strong> Proceso adjudicado y celebrado<\/p><p class=\"mb-0\" style=\"font-size: .85rem\"><strong title=\"Fecha de Publicaci\u00f3n\"><i class=\"fas fa-calendar-alt\"><\/i><\/strong> Publicado el martes, 22 de marzo de 2022<\/p><\/div><div class=\"col-auto mt-md-0 mt-2\"><a class=\"btn btn-primary btn-lg px-lg-4 d-none d-md-block\" href=\"https:\/\/comunidad.comprasdominicana.gob.do\/\/Public\/Tendering\/OpportunityDetail\/Index?noticeUID=DO1.NTC.1056035\" target=\"_blank\" title=\"Detalles\"><i class=\"fas fa-link\"><\/i> DETALLES<\/a><a class=\"btn btn-primary btn-lg px-lg-4 d-block d-md-none\" href=\"https:\/\/comunidad.comprasdominicana.gob.do\/\/Public\/Tendering\/OpportunityDetail\/Index?noticeUID=DO1.NTC.1056035\" target=\"_blank\" title=\"Detalles\"><i class=\"fas fa-2x fa-link\"><\/i><\/a><\/div><\/div><\/div><div class=\"jumbotron archivos\"><div class=\"row align-items-center\"><div class=\"col\"><h6><a class=\"text-dark\" href=\"https:\/\/comunidad.comprasdominicana.gob.do\/\/Public\/Tendering\/OpportunityDetail\/Index?noticeUID=DO1.NTC.1054728\" title=\"Ver\" target=\"_blank\">APORDOM-UC-CD-2022-0023<\/a><\/h6><p class=\"mb-0 bold\">Contrataci\u00f3n de Servicio de Almuerzo para Reuni\u00f3n en Puerto de Manzanillo, Dirigido a Mipymes<\/p><p class=\"mb-0\" style=\"font-size: .85rem\"><strong title=\"Estado del Proceso\"><i class=\"fas fa-spinner\"><\/i><\/strong> Proceso adjudicado y celebrado<\/p><p class=\"mb-0\" style=\"font-size: .85rem\"><strong title=\"Fecha de Publicaci\u00f3n\"><i class=\"fas fa-calendar-alt\"><\/i><\/strong> Publicado el viernes, 18 de marzo de 2022<\/p><\/div><div class=\"col-auto mt-md-0 mt-2\"><a class=\"btn btn-primary btn-lg px-lg-4 d-none d-md-block\" href=\"https:\/\/comunidad.comprasdominicana.gob.do\/\/Public\/Tendering\/OpportunityDetail\/Index?noticeUID=DO1.NTC.1054728\" target=\"_blank\" title=\"Detalles\"><i class=\"fas fa-link\"><\/i> DETALLES<\/a><a class=\"btn btn-primary btn-lg px-lg-4 d-block d-md-none\" href=\"https:\/\/comunidad.comprasdominicana.gob.do\/\/Public\/Tendering\/OpportunityDetail\/Index?noticeUID=DO1.NTC.1054728\" target=\"_blank\" title=\"Detalles\"><i class=\"fas fa-2x fa-link\"><\/i><\/a><\/div><\/div><\/div><div class=\"jumbotron archivos\"><div class=\"row align-items-center\"><div class=\"col\"><h6><a class=\"text-dark\" href=\"https:\/\/comunidad.comprasdominicana.gob.do\/\/Public\/Tendering\/OpportunityDetail\/Index?noticeUID=DO1.NTC.1053942\" title=\"Ver\" target=\"_blank\">APORDOM-DAF-CM-2022-0009<\/a><\/h6><p class=\"mb-0 bold\">ADQUISICION DE MATERIALES FERRETEROS PARA OFICINAS APORDOM DIRIGIDO A MYPIMES<\/p><p class=\"mb-0\" style=\"font-size: .85rem\"><strong title=\"Estado del Proceso\"><i class=\"fas fa-spinner\"><\/i><\/strong> Proceso adjudicado y celebrado<\/p><p class=\"mb-0\" style=\"font-size: .85rem\"><strong title=\"Fecha de Publicaci\u00f3n\"><i class=\"fas fa-calendar-alt\"><\/i><\/strong> Publicado el jueves, 17 de marzo de 2022<\/p><\/div><div class=\"col-auto mt-md-0 mt-2\"><a class=\"btn btn-primary btn-lg px-lg-4 d-none d-md-block\" href=\"https:\/\/comunidad.comprasdominicana.gob.do\/\/Public\/Tendering\/OpportunityDetail\/Index?noticeUID=DO1.NTC.1053942\" target=\"_blank\" title=\"Detalles\"><i class=\"fas fa-link\"><\/i> DETALLES<\/a><a class=\"btn btn-primary btn-lg px-lg-4 d-block d-md-none\" href=\"https:\/\/comunidad.comprasdominicana.gob.do\/\/Public\/Tendering\/OpportunityDetail\/Index?noticeUID=DO1.NTC.1053942\" target=\"_blank\" title=\"Detalles\"><i class=\"fas fa-2x fa-link\"><\/i><\/a><\/div><\/div><\/div><\/div><\/div><\/div>\n        <div class=\"card\">\n            <div class=\"card-header parents\" id=\"heading_procedimientos-de-contrataci-n-dirigidos-a-las-micro-peque-as-y-medianas-empresas-mipymes--69eeee772d89c-2022-69eeee772d89c-febrero-69eeee772d89c\">\n                <p class=\"title text-blue mb-0\">\n                    <a class=\"btn-block hover text-left collapsed\" data-toggle=\"collapse\" data-target=\"#collap_procedimientos-de-contrataci-n-dirigidos-a-las-micro-peque-as-y-medianas-empresas-mipymes--69eeee772d89c-2022-69eeee772d89c-febrero-69eeee772d89c\" aria-expanded=\"false\" aria-controls=\"collap_procedimientos-de-contrataci-n-dirigidos-a-las-micro-peque-as-y-medianas-empresas-mipymes--69eeee772d89c-2022-69eeee772d89c-febrero-69eeee772d89c\">Febrero<\/a>\n                <\/p>\n            <\/div>\n            <div id=\"collap_procedimientos-de-contrataci-n-dirigidos-a-las-micro-peque-as-y-medianas-empresas-mipymes--69eeee772d89c-2022-69eeee772d89c-febrero-69eeee772d89c\" class=\"collapse\" aria-labelledby=\"heading_procedimientos-de-contrataci-n-dirigidos-a-las-micro-peque-as-y-medianas-empresas-mipymes--69eeee772d89c-2022-69eeee772d89c-febrero-69eeee772d89c\" data-parent=\"#collap_procedimientos-de-contrataci-n-dirigidos-a-las-micro-peque-as-y-medianas-empresas-mipymes--69eeee772d89c-2022-69eeee772d89c\">\n                <div class=\"card-body\"><div class=\"jumbotron archivos\"><div class=\"row align-items-center\"><div class=\"col\"><h6><a class=\"text-dark\" href=\"https:\/\/comunidad.comprasdominicana.gob.do\/\/Public\/Tendering\/OpportunityDetail\/Index?noticeUID=DO1.NTC.1035318\" title=\"Ver\" target=\"_blank\">APORDOM-DAF-CM-2022-0004<\/a><\/h6><p class=\"mb-0 bold\">Adquisici\u00f3n de Materiales de Higiene y Limpieza Declarados Desiertos del proceso Ref. No. APORDOM-DAF-CM-2021-0072, dirigido a Mipymes<\/p><p class=\"mb-0\" style=\"font-size: .85rem\"><strong title=\"Estado del Proceso\"><i class=\"fas fa-spinner\"><\/i><\/strong> Proceso adjudicado y celebrado<\/p><p class=\"mb-0\" style=\"font-size: .85rem\"><strong title=\"Fecha de Publicaci\u00f3n\"><i class=\"fas fa-calendar-alt\"><\/i><\/strong> Publicado el mi\u00e9rcoles, 2 de febrero de 2022<\/p><\/div><div class=\"col-auto mt-md-0 mt-2\"><a class=\"btn btn-primary btn-lg px-lg-4 d-none d-md-block\" href=\"https:\/\/comunidad.comprasdominicana.gob.do\/\/Public\/Tendering\/OpportunityDetail\/Index?noticeUID=DO1.NTC.1035318\" target=\"_blank\" title=\"Detalles\"><i class=\"fas fa-link\"><\/i> DETALLES<\/a><a class=\"btn btn-primary btn-lg px-lg-4 d-block d-md-none\" href=\"https:\/\/comunidad.comprasdominicana.gob.do\/\/Public\/Tendering\/OpportunityDetail\/Index?noticeUID=DO1.NTC.1035318\" target=\"_blank\" title=\"Detalles\"><i class=\"fas fa-2x fa-link\"><\/i><\/a><\/div><\/div><\/div><div class=\"jumbotron archivos\"><div class=\"row align-items-center\"><div class=\"col\"><h6><a class=\"text-dark\" href=\"https:\/\/comunidad.comprasdominicana.gob.do\/\/Public\/Tendering\/OpportunityDetail\/Index?noticeUID=DO1.NTC.1035106\" title=\"Ver\" target=\"_blank\">APORDOM-UC-CD-2022-0003<\/a><\/h6><p class=\"mb-0 bold\">Contrataci\u00f3n de Servicios de Almuerzos y Refrigerios para Reuniones de APORDOM, Dirigido a Mipymes Mujer<\/p><p class=\"mb-0\" style=\"font-size: .85rem\"><strong title=\"Estado del Proceso\"><i class=\"fas fa-spinner\"><\/i><\/strong> Proceso adjudicado y celebrado<\/p><p class=\"mb-0\" style=\"font-size: .85rem\"><strong title=\"Fecha de Publicaci\u00f3n\"><i class=\"fas fa-calendar-alt\"><\/i><\/strong> Publicado el mi\u00e9rcoles, 2 de febrero de 2022<\/p><\/div><div class=\"col-auto mt-md-0 mt-2\"><a class=\"btn btn-primary btn-lg px-lg-4 d-none d-md-block\" href=\"https:\/\/comunidad.comprasdominicana.gob.do\/\/Public\/Tendering\/OpportunityDetail\/Index?noticeUID=DO1.NTC.1035106\" target=\"_blank\" title=\"Detalles\"><i class=\"fas fa-link\"><\/i> DETALLES<\/a><a class=\"btn btn-primary btn-lg px-lg-4 d-block d-md-none\" href=\"https:\/\/comunidad.comprasdominicana.gob.do\/\/Public\/Tendering\/OpportunityDetail\/Index?noticeUID=DO1.NTC.1035106\" target=\"_blank\" title=\"Detalles\"><i class=\"fas fa-2x fa-link\"><\/i><\/a><\/div><\/div><\/div><\/div><\/div><\/div>\n        <div class=\"card\">\n            <div class=\"card-header parents\" id=\"heading_procedimientos-de-contrataci-n-dirigidos-a-las-micro-peque-as-y-medianas-empresas-mipymes--69eeee772d89c-2022-69eeee772d89c-enero-69eeee772d89c\">\n                <p class=\"title text-blue mb-0\">\n                    <a class=\"btn-block hover text-left collapsed\" data-toggle=\"collapse\" data-target=\"#collap_procedimientos-de-contrataci-n-dirigidos-a-las-micro-peque-as-y-medianas-empresas-mipymes--69eeee772d89c-2022-69eeee772d89c-enero-69eeee772d89c\" aria-expanded=\"false\" aria-controls=\"collap_procedimientos-de-contrataci-n-dirigidos-a-las-micro-peque-as-y-medianas-empresas-mipymes--69eeee772d89c-2022-69eeee772d89c-enero-69eeee772d89c\">Enero<\/a>\n                <\/p>\n            <\/div>\n            <div id=\"collap_procedimientos-de-contrataci-n-dirigidos-a-las-micro-peque-as-y-medianas-empresas-mipymes--69eeee772d89c-2022-69eeee772d89c-enero-69eeee772d89c\" class=\"collapse\" aria-labelledby=\"heading_procedimientos-de-contrataci-n-dirigidos-a-las-micro-peque-as-y-medianas-empresas-mipymes--69eeee772d89c-2022-69eeee772d89c-enero-69eeee772d89c\" data-parent=\"#collap_procedimientos-de-contrataci-n-dirigidos-a-las-micro-peque-as-y-medianas-empresas-mipymes--69eeee772d89c-2022-69eeee772d89c\">\n                <div class=\"card-body\"><div class=\"jumbotron archivos\"><div class=\"row align-items-center\"><div class=\"col\"><h6><a class=\"text-dark\" href=\"https:\/\/comunidad.comprasdominicana.gob.do\/\/Public\/Tendering\/OpportunityDetail\/Index?noticeUID=DO1.NTC.1031724\" title=\"Ver\" target=\"_blank\">APORDOM-UC-CD-2022-0002<\/a><\/h6><p class=\"mb-0 bold\">Adquisici\u00f3n de Art\u00edculos Deportivos Dirigido a MiPymes<\/p><p class=\"mb-0\" style=\"font-size: .85rem\"><strong title=\"Estado del Proceso\"><i class=\"fas fa-spinner\"><\/i><\/strong> Proceso adjudicado y celebrado<\/p><p class=\"mb-0\" style=\"font-size: .85rem\"><strong title=\"Fecha de Publicaci\u00f3n\"><i class=\"fas fa-calendar-alt\"><\/i><\/strong> Publicado el martes, 25 de enero de 2022<\/p><\/div><div class=\"col-auto mt-md-0 mt-2\"><a class=\"btn btn-primary btn-lg px-lg-4 d-none d-md-block\" href=\"https:\/\/comunidad.comprasdominicana.gob.do\/\/Public\/Tendering\/OpportunityDetail\/Index?noticeUID=DO1.NTC.1031724\" target=\"_blank\" title=\"Detalles\"><i class=\"fas fa-link\"><\/i> DETALLES<\/a><a class=\"btn btn-primary btn-lg px-lg-4 d-block d-md-none\" href=\"https:\/\/comunidad.comprasdominicana.gob.do\/\/Public\/Tendering\/OpportunityDetail\/Index?noticeUID=DO1.NTC.1031724\" target=\"_blank\" title=\"Detalles\"><i class=\"fas fa-2x fa-link\"><\/i><\/a><\/div><\/div><\/div><\/div><\/div><\/div><\/div><\/div><\/div>\n        <div class=\"card\">\n            <div class=\"card-header parents\" id=\"heading_procedimientos-de-contrataci-n-dirigidos-a-las-micro-peque-as-y-medianas-empresas-mipymes--69eeee772d89c-2021-69eeee772d89c\">\n                <p class=\"title text-blue mb-0\">\n                    <a class=\"btn-block hover text-left collapsed\" data-toggle=\"collapse\" data-target=\"#collap_procedimientos-de-contrataci-n-dirigidos-a-las-micro-peque-as-y-medianas-empresas-mipymes--69eeee772d89c-2021-69eeee772d89c\" aria-expanded=\"false\" aria-controls=\"collap_procedimientos-de-contrataci-n-dirigidos-a-las-micro-peque-as-y-medianas-empresas-mipymes--69eeee772d89c-2021-69eeee772d89c\">2021<\/a>\n                <\/p>\n            <\/div>\n            <div id=\"collap_procedimientos-de-contrataci-n-dirigidos-a-las-micro-peque-as-y-medianas-empresas-mipymes--69eeee772d89c-2021-69eeee772d89c\" class=\"collapse\" aria-labelledby=\"heading_procedimientos-de-contrataci-n-dirigidos-a-las-micro-peque-as-y-medianas-empresas-mipymes--69eeee772d89c-2021-69eeee772d89c\" data-parent=\"#collap_procedimientos-de-contrataci-n-dirigidos-a-las-micro-peque-as-y-medianas-empresas-mipymes--69eeee772d89c\">\n                <div class=\"card-body\">\n        <div class=\"card\">\n            <div class=\"card-header parents\" id=\"heading_procedimientos-de-contrataci-n-dirigidos-a-las-micro-peque-as-y-medianas-empresas-mipymes--69eeee772d89c-2021-69eeee772d89c-diciembre-69eeee772d89c\">\n                <p class=\"title text-blue mb-0\">\n                    <a class=\"btn-block hover text-left collapsed\" data-toggle=\"collapse\" data-target=\"#collap_procedimientos-de-contrataci-n-dirigidos-a-las-micro-peque-as-y-medianas-empresas-mipymes--69eeee772d89c-2021-69eeee772d89c-diciembre-69eeee772d89c\" aria-expanded=\"false\" aria-controls=\"collap_procedimientos-de-contrataci-n-dirigidos-a-las-micro-peque-as-y-medianas-empresas-mipymes--69eeee772d89c-2021-69eeee772d89c-diciembre-69eeee772d89c\">Diciembre<\/a>\n                <\/p>\n            <\/div>\n            <div id=\"collap_procedimientos-de-contrataci-n-dirigidos-a-las-micro-peque-as-y-medianas-empresas-mipymes--69eeee772d89c-2021-69eeee772d89c-diciembre-69eeee772d89c\" class=\"collapse\" aria-labelledby=\"heading_procedimientos-de-contrataci-n-dirigidos-a-las-micro-peque-as-y-medianas-empresas-mipymes--69eeee772d89c-2021-69eeee772d89c-diciembre-69eeee772d89c\" data-parent=\"#collap_procedimientos-de-contrataci-n-dirigidos-a-las-micro-peque-as-y-medianas-empresas-mipymes--69eeee772d89c-2021-69eeee772d89c\">\n                <div class=\"card-body\"><div class=\"jumbotron archivos\"><div class=\"row align-items-center\"><div class=\"col\"><h6><a class=\"text-dark\" href=\"https:\/\/comunidad.comprasdominicana.gob.do\/\/Public\/Tendering\/OpportunityDetail\/Index?noticeUID=DO1.NTC.1009957\" title=\"Ver\" target=\"_blank\">APORDOM-UC-CD-2021-0074<\/a><\/h6><p class=\"mb-0 bold\">Contrataci\u00f3n de Servicio de Impresi\u00f3n Digital, dirigido a Mipyme<\/p><p class=\"mb-0\" style=\"font-size: .85rem\"><strong title=\"Estado del Proceso\"><i class=\"fas fa-spinner\"><\/i><\/strong> Proceso adjudicado y celebrado<\/p><p class=\"mb-0\" style=\"font-size: .85rem\"><strong title=\"Fecha de Publicaci\u00f3n\"><i class=\"fas fa-calendar-alt\"><\/i><\/strong> Publicado el martes, 7 de diciembre de 2021<\/p><\/div><div class=\"col-auto mt-md-0 mt-2\"><a class=\"btn btn-primary btn-lg px-lg-4 d-none d-md-block\" href=\"https:\/\/comunidad.comprasdominicana.gob.do\/\/Public\/Tendering\/OpportunityDetail\/Index?noticeUID=DO1.NTC.1009957\" target=\"_blank\" title=\"Detalles\"><i class=\"fas fa-link\"><\/i> DETALLES<\/a><a class=\"btn btn-primary btn-lg px-lg-4 d-block d-md-none\" href=\"https:\/\/comunidad.comprasdominicana.gob.do\/\/Public\/Tendering\/OpportunityDetail\/Index?noticeUID=DO1.NTC.1009957\" target=\"_blank\" title=\"Detalles\"><i class=\"fas fa-2x fa-link\"><\/i><\/a><\/div><\/div><\/div><\/div><\/div><\/div>\n        <div class=\"card\">\n            <div class=\"card-header parents\" id=\"heading_procedimientos-de-contrataci-n-dirigidos-a-las-micro-peque-as-y-medianas-empresas-mipymes--69eeee772d89c-2021-69eeee772d89c-noviembre-69eeee772d89c\">\n                <p class=\"title text-blue mb-0\">\n                    <a class=\"btn-block hover text-left collapsed\" data-toggle=\"collapse\" data-target=\"#collap_procedimientos-de-contrataci-n-dirigidos-a-las-micro-peque-as-y-medianas-empresas-mipymes--69eeee772d89c-2021-69eeee772d89c-noviembre-69eeee772d89c\" aria-expanded=\"false\" aria-controls=\"collap_procedimientos-de-contrataci-n-dirigidos-a-las-micro-peque-as-y-medianas-empresas-mipymes--69eeee772d89c-2021-69eeee772d89c-noviembre-69eeee772d89c\">Noviembre<\/a>\n                <\/p>\n            <\/div>\n            <div id=\"collap_procedimientos-de-contrataci-n-dirigidos-a-las-micro-peque-as-y-medianas-empresas-mipymes--69eeee772d89c-2021-69eeee772d89c-noviembre-69eeee772d89c\" class=\"collapse\" aria-labelledby=\"heading_procedimientos-de-contrataci-n-dirigidos-a-las-micro-peque-as-y-medianas-empresas-mipymes--69eeee772d89c-2021-69eeee772d89c-noviembre-69eeee772d89c\" data-parent=\"#collap_procedimientos-de-contrataci-n-dirigidos-a-las-micro-peque-as-y-medianas-empresas-mipymes--69eeee772d89c-2021-69eeee772d89c\">\n                <div class=\"card-body\"><div class=\"jumbotron archivos\"><div class=\"row align-items-center\"><div class=\"col\"><h6><a class=\"text-dark\" href=\"https:\/\/comunidad.comprasdominicana.gob.do\/\/Public\/Tendering\/OpportunityDetail\/Index?noticeUID=DO1.NTC.1002730\" title=\"Ver\" target=\"_blank\">APORDOM-UC-CD-2021-0070<\/a><\/h6><p class=\"mb-0 bold\">Adquisici\u00f3n de T\u00f3ner y Rollos de Tinta Zebra, dirigido a MiPymes<\/p><p class=\"mb-0\" style=\"font-size: .85rem\"><strong title=\"Estado del Proceso\"><i class=\"fas fa-spinner\"><\/i><\/strong> Proceso adjudicado y celebrado<\/p><p class=\"mb-0\" style=\"font-size: .85rem\"><strong title=\"Fecha de Publicaci\u00f3n\"><i class=\"fas fa-calendar-alt\"><\/i><\/strong> Publicado el viernes, 19 de noviembre de 2021<\/p><\/div><div class=\"col-auto mt-md-0 mt-2\"><a class=\"btn btn-primary btn-lg px-lg-4 d-none d-md-block\" href=\"https:\/\/comunidad.comprasdominicana.gob.do\/\/Public\/Tendering\/OpportunityDetail\/Index?noticeUID=DO1.NTC.1002730\" target=\"_blank\" title=\"Detalles\"><i class=\"fas fa-link\"><\/i> DETALLES<\/a><a class=\"btn btn-primary btn-lg px-lg-4 d-block d-md-none\" href=\"https:\/\/comunidad.comprasdominicana.gob.do\/\/Public\/Tendering\/OpportunityDetail\/Index?noticeUID=DO1.NTC.1002730\" target=\"_blank\" title=\"Detalles\"><i class=\"fas fa-2x fa-link\"><\/i><\/a><\/div><\/div><\/div><div class=\"jumbotron archivos\"><div class=\"row align-items-center\"><div class=\"col\"><h6><a class=\"text-dark\" href=\"https:\/\/comunidad.comprasdominicana.gob.do\/\/Public\/Tendering\/OpportunityDetail\/Index?noticeUID=DO1.NTC.998231\" title=\"Ver\" target=\"_blank\">APORDOM-UC-CD-2021-0069<\/a><\/h6><p class=\"mb-0 bold\">Contrataci\u00f3n de Servicio de Brindis para Encendido del \u00c1rbol de Navidad de APORDOM, dirigido a MiPymes.<\/p><p class=\"mb-0\" style=\"font-size: .85rem\"><strong title=\"Estado del Proceso\"><i class=\"fas fa-spinner\"><\/i><\/strong> Proceso adjudicado y celebrado<\/p><p class=\"mb-0\" style=\"font-size: .85rem\"><strong title=\"Fecha de Publicaci\u00f3n\"><i class=\"fas fa-calendar-alt\"><\/i><\/strong> Publicado el jueves, 11 de noviembre de 2021<\/p><\/div><div class=\"col-auto mt-md-0 mt-2\"><a class=\"btn btn-primary btn-lg px-lg-4 d-none d-md-block\" href=\"https:\/\/comunidad.comprasdominicana.gob.do\/\/Public\/Tendering\/OpportunityDetail\/Index?noticeUID=DO1.NTC.998231\" target=\"_blank\" title=\"Detalles\"><i class=\"fas fa-link\"><\/i> DETALLES<\/a><a class=\"btn btn-primary btn-lg px-lg-4 d-block d-md-none\" href=\"https:\/\/comunidad.comprasdominicana.gob.do\/\/Public\/Tendering\/OpportunityDetail\/Index?noticeUID=DO1.NTC.998231\" target=\"_blank\" title=\"Detalles\"><i class=\"fas fa-2x fa-link\"><\/i><\/a><\/div><\/div><\/div><\/div><\/div><\/div>\n        <div class=\"card\">\n            <div class=\"card-header parents\" id=\"heading_procedimientos-de-contrataci-n-dirigidos-a-las-micro-peque-as-y-medianas-empresas-mipymes--69eeee772d89c-2021-69eeee772d89c-octubre-69eeee772d89c\">\n                <p class=\"title text-blue mb-0\">\n                    <a class=\"btn-block hover text-left collapsed\" data-toggle=\"collapse\" data-target=\"#collap_procedimientos-de-contrataci-n-dirigidos-a-las-micro-peque-as-y-medianas-empresas-mipymes--69eeee772d89c-2021-69eeee772d89c-octubre-69eeee772d89c\" aria-expanded=\"false\" aria-controls=\"collap_procedimientos-de-contrataci-n-dirigidos-a-las-micro-peque-as-y-medianas-empresas-mipymes--69eeee772d89c-2021-69eeee772d89c-octubre-69eeee772d89c\">Octubre<\/a>\n                <\/p>\n            <\/div>\n            <div id=\"collap_procedimientos-de-contrataci-n-dirigidos-a-las-micro-peque-as-y-medianas-empresas-mipymes--69eeee772d89c-2021-69eeee772d89c-octubre-69eeee772d89c\" class=\"collapse\" aria-labelledby=\"heading_procedimientos-de-contrataci-n-dirigidos-a-las-micro-peque-as-y-medianas-empresas-mipymes--69eeee772d89c-2021-69eeee772d89c-octubre-69eeee772d89c\" data-parent=\"#collap_procedimientos-de-contrataci-n-dirigidos-a-las-micro-peque-as-y-medianas-empresas-mipymes--69eeee772d89c-2021-69eeee772d89c\">\n                <div class=\"card-body\"><div class=\"jumbotron archivos\"><div class=\"row align-items-center\"><div class=\"col\"><h6><a class=\"text-dark\" href=\"https:\/\/comunidad.comprasdominicana.gob.do\/\/Public\/Tendering\/OpportunityDetail\/Index?noticeUID=DO1.NTC.985438\" title=\"Ver\" target=\"_blank\">APORDOM-UC-CD-2021-0066<\/a><\/h6><p class=\"mb-0 bold\">Contrataci\u00f3n de Montaje para Charla \u00b4\u00b4Portuaria Te Cuida\u00b4\u00b4, dirigido a MiPymes<\/p><p class=\"mb-0\" style=\"font-size: .85rem\"><strong title=\"Estado del Proceso\"><i class=\"fas fa-spinner\"><\/i><\/strong> Proceso adjudicado y celebrado<\/p><p class=\"mb-0\" style=\"font-size: .85rem\"><strong title=\"Fecha de Publicaci\u00f3n\"><i class=\"fas fa-calendar-alt\"><\/i><\/strong> Publicado el viernes, 15 de octubre de 2021<\/p><\/div><div class=\"col-auto mt-md-0 mt-2\"><a class=\"btn btn-primary btn-lg px-lg-4 d-none d-md-block\" href=\"https:\/\/comunidad.comprasdominicana.gob.do\/\/Public\/Tendering\/OpportunityDetail\/Index?noticeUID=DO1.NTC.985438\" target=\"_blank\" title=\"Detalles\"><i class=\"fas fa-link\"><\/i> DETALLES<\/a><a class=\"btn btn-primary btn-lg px-lg-4 d-block d-md-none\" href=\"https:\/\/comunidad.comprasdominicana.gob.do\/\/Public\/Tendering\/OpportunityDetail\/Index?noticeUID=DO1.NTC.985438\" target=\"_blank\" title=\"Detalles\"><i class=\"fas fa-2x fa-link\"><\/i><\/a><\/div><\/div><\/div><\/div><\/div><\/div>\n        <div class=\"card\">\n            <div class=\"card-header parents\" id=\"heading_procedimientos-de-contrataci-n-dirigidos-a-las-micro-peque-as-y-medianas-empresas-mipymes--69eeee772d89c-2021-69eeee772d89c-septiembre-69eeee772d89c\">\n                <p class=\"title text-blue mb-0\">\n                    <a class=\"btn-block hover text-left collapsed\" data-toggle=\"collapse\" data-target=\"#collap_procedimientos-de-contrataci-n-dirigidos-a-las-micro-peque-as-y-medianas-empresas-mipymes--69eeee772d89c-2021-69eeee772d89c-septiembre-69eeee772d89c\" aria-expanded=\"false\" aria-controls=\"collap_procedimientos-de-contrataci-n-dirigidos-a-las-micro-peque-as-y-medianas-empresas-mipymes--69eeee772d89c-2021-69eeee772d89c-septiembre-69eeee772d89c\">Septiembre<\/a>\n                <\/p>\n            <\/div>\n            <div id=\"collap_procedimientos-de-contrataci-n-dirigidos-a-las-micro-peque-as-y-medianas-empresas-mipymes--69eeee772d89c-2021-69eeee772d89c-septiembre-69eeee772d89c\" class=\"collapse\" aria-labelledby=\"heading_procedimientos-de-contrataci-n-dirigidos-a-las-micro-peque-as-y-medianas-empresas-mipymes--69eeee772d89c-2021-69eeee772d89c-septiembre-69eeee772d89c\" data-parent=\"#collap_procedimientos-de-contrataci-n-dirigidos-a-las-micro-peque-as-y-medianas-empresas-mipymes--69eeee772d89c-2021-69eeee772d89c\">\n                <div class=\"card-body\"><div class=\"jumbotron archivos\"><div class=\"row align-items-center\"><div class=\"col\"><h6><a class=\"text-dark\" href=\"https:\/\/comunidad.comprasdominicana.gob.do\/\/Public\/Tendering\/OpportunityDetail\/Index?noticeUID=DO1.NTC.976931\" title=\"Ver\" target=\"_blank\">APORDOM-DAF-CM-2021-0055<\/a><\/h6><p class=\"mb-0 bold\">Adquisici\u00f3n de Uniformes Deportivos del Lote desierto en el Proceso  APORDOM-DAF-CM-2021-0043, dirigido a Mipymes<\/p><p class=\"mb-0\" style=\"font-size: .85rem\"><strong title=\"Estado del Proceso\"><i class=\"fas fa-spinner\"><\/i><\/strong> Proceso adjudicado y celebrado<\/p><p class=\"mb-0\" style=\"font-size: .85rem\"><strong title=\"Fecha de Publicaci\u00f3n\"><i class=\"fas fa-calendar-alt\"><\/i><\/strong> Publicado el martes, 28 de septiembre de 2021<\/p><\/div><div class=\"col-auto mt-md-0 mt-2\"><a class=\"btn btn-primary btn-lg px-lg-4 d-none d-md-block\" href=\"https:\/\/comunidad.comprasdominicana.gob.do\/\/Public\/Tendering\/OpportunityDetail\/Index?noticeUID=DO1.NTC.976931\" target=\"_blank\" title=\"Detalles\"><i class=\"fas fa-link\"><\/i> DETALLES<\/a><a class=\"btn btn-primary btn-lg px-lg-4 d-block d-md-none\" href=\"https:\/\/comunidad.comprasdominicana.gob.do\/\/Public\/Tendering\/OpportunityDetail\/Index?noticeUID=DO1.NTC.976931\" target=\"_blank\" title=\"Detalles\"><i class=\"fas fa-2x fa-link\"><\/i><\/a><\/div><\/div><\/div><div class=\"jumbotron archivos\"><div class=\"row align-items-center\"><div class=\"col\"><h6><a class=\"text-dark\" href=\"https:\/\/comunidad.comprasdominicana.gob.do\/\/Public\/Tendering\/OpportunityDetail\/Index?noticeUID=DO1.NTC.974525\" title=\"Ver\" target=\"_blank\">APORDOM-DAF-CM-2021-0053<\/a><\/h6><p class=\"mb-0 bold\">Adquisici\u00f3n de Materiales Ferreteros para el Puerto de Saman\u00e1, dirigido a Mipymes.<\/p><p class=\"mb-0\" style=\"font-size: .85rem\"><strong title=\"Estado del Proceso\"><i class=\"fas fa-spinner\"><\/i><\/strong> Proceso adjudicado y celebrado<\/p><p class=\"mb-0\" style=\"font-size: .85rem\"><strong title=\"Fecha de Publicaci\u00f3n\"><i class=\"fas fa-calendar-alt\"><\/i><\/strong> Publicado el martes, 21 de septiembre de 2021<\/p><\/div><div class=\"col-auto mt-md-0 mt-2\"><a class=\"btn btn-primary btn-lg px-lg-4 d-none d-md-block\" href=\"https:\/\/comunidad.comprasdominicana.gob.do\/\/Public\/Tendering\/OpportunityDetail\/Index?noticeUID=DO1.NTC.974525\" target=\"_blank\" title=\"Detalles\"><i class=\"fas fa-link\"><\/i> DETALLES<\/a><a class=\"btn btn-primary btn-lg px-lg-4 d-block d-md-none\" href=\"https:\/\/comunidad.comprasdominicana.gob.do\/\/Public\/Tendering\/OpportunityDetail\/Index?noticeUID=DO1.NTC.974525\" target=\"_blank\" title=\"Detalles\"><i class=\"fas fa-2x fa-link\"><\/i><\/a><\/div><\/div><\/div><div class=\"jumbotron archivos\"><div class=\"row align-items-center\"><div class=\"col\"><h6><a class=\"text-dark\" href=\"https:\/\/comunidad.comprasdominicana.gob.do\/\/Public\/Tendering\/OpportunityDetail\/Index?noticeUID=DO1.NTC.971913\" title=\"Ver\" target=\"_blank\">APORDOM-UC-CD-2021-0057<\/a><\/h6><p class=\"mb-0 bold\">Adquisici\u00f3n de Material Gastable de Oficina, dirigido a Mipyme<\/p><p class=\"mb-0\" style=\"font-size: .85rem\"><strong title=\"Estado del Proceso\"><i class=\"fas fa-spinner\"><\/i><\/strong> Proceso adjudicado y celebrado<\/p><p class=\"mb-0\" style=\"font-size: .85rem\"><strong title=\"Fecha de Publicaci\u00f3n\"><i class=\"fas fa-calendar-alt\"><\/i><\/strong> Publicado el viernes, 17 de septiembre de 2021<\/p><\/div><div class=\"col-auto mt-md-0 mt-2\"><a class=\"btn btn-primary btn-lg px-lg-4 d-none d-md-block\" href=\"https:\/\/comunidad.comprasdominicana.gob.do\/\/Public\/Tendering\/OpportunityDetail\/Index?noticeUID=DO1.NTC.971913\" target=\"_blank\" title=\"Detalles\"><i class=\"fas fa-link\"><\/i> DETALLES<\/a><a class=\"btn btn-primary btn-lg px-lg-4 d-block d-md-none\" href=\"https:\/\/comunidad.comprasdominicana.gob.do\/\/Public\/Tendering\/OpportunityDetail\/Index?noticeUID=DO1.NTC.971913\" target=\"_blank\" title=\"Detalles\"><i class=\"fas fa-2x fa-link\"><\/i><\/a><\/div><\/div><\/div><div class=\"jumbotron archivos\"><div class=\"row align-items-center\"><div class=\"col\"><h6><a class=\"text-dark\" href=\"https:\/\/comunidad.comprasdominicana.gob.do\/\/Public\/Tendering\/OpportunityDetail\/Index?noticeUID=DO1.NTC.971633\" title=\"Ver\" target=\"_blank\">APORDOM-DAF-CM-2021-0051<\/a><\/h6><p class=\"mb-0 bold\">Adquisici\u00f3n de Equipos de Climatizaci\u00f3n.<\/p><p class=\"mb-0\" style=\"font-size: .85rem\"><strong title=\"Estado del Proceso\"><i class=\"fas fa-spinner\"><\/i><\/strong> Proceso adjudicado y celebrado<\/p><p class=\"mb-0\" style=\"font-size: .85rem\"><strong title=\"Fecha de Publicaci\u00f3n\"><i class=\"fas fa-calendar-alt\"><\/i><\/strong> Publicado el jueves, 16 de septiembre de 2021<\/p><\/div><div class=\"col-auto mt-md-0 mt-2\"><a class=\"btn btn-primary btn-lg px-lg-4 d-none d-md-block\" href=\"https:\/\/comunidad.comprasdominicana.gob.do\/\/Public\/Tendering\/OpportunityDetail\/Index?noticeUID=DO1.NTC.971633\" target=\"_blank\" title=\"Detalles\"><i class=\"fas fa-link\"><\/i> DETALLES<\/a><a class=\"btn btn-primary btn-lg px-lg-4 d-block d-md-none\" href=\"https:\/\/comunidad.comprasdominicana.gob.do\/\/Public\/Tendering\/OpportunityDetail\/Index?noticeUID=DO1.NTC.971633\" target=\"_blank\" title=\"Detalles\"><i class=\"fas fa-2x fa-link\"><\/i><\/a><\/div><\/div><\/div><div class=\"jumbotron archivos\"><div class=\"row align-items-center\"><div class=\"col\"><h6><a class=\"text-dark\" href=\"https:\/\/comunidad.comprasdominicana.gob.do\/\/Public\/Tendering\/OpportunityDetail\/Index?noticeUID=DO1.NTC.971523\" title=\"Ver\" target=\"_blank\">APORDOM-UC-CD-2021-0058<\/a><\/h6><p class=\"mb-0 bold\">Log\u00edstica para Reuni\u00f3n en Muelle Pesquero de Boca Chica, Dirigido a Mipymes.<\/p><p class=\"mb-0\" style=\"font-size: .85rem\"><strong title=\"Estado del Proceso\"><i class=\"fas fa-spinner\"><\/i><\/strong> Proceso adjudicado y celebrado<\/p><p class=\"mb-0\" style=\"font-size: .85rem\"><strong title=\"Fecha de Publicaci\u00f3n\"><i class=\"fas fa-calendar-alt\"><\/i><\/strong> Publicado el jueves, 16 de septiembre de 2021<\/p><\/div><div class=\"col-auto mt-md-0 mt-2\"><a class=\"btn btn-primary btn-lg px-lg-4 d-none d-md-block\" href=\"https:\/\/comunidad.comprasdominicana.gob.do\/\/Public\/Tendering\/OpportunityDetail\/Index?noticeUID=DO1.NTC.971523\" target=\"_blank\" title=\"Detalles\"><i class=\"fas fa-link\"><\/i> DETALLES<\/a><a class=\"btn btn-primary btn-lg px-lg-4 d-block d-md-none\" href=\"https:\/\/comunidad.comprasdominicana.gob.do\/\/Public\/Tendering\/OpportunityDetail\/Index?noticeUID=DO1.NTC.971523\" target=\"_blank\" title=\"Detalles\"><i class=\"fas fa-2x fa-link\"><\/i><\/a><\/div><\/div><\/div><div class=\"jumbotron archivos\"><div class=\"row align-items-center\"><div class=\"col\"><h6><a class=\"text-dark\" href=\"https:\/\/comunidad.comprasdominicana.gob.do\/\/Public\/Tendering\/OpportunityDetail\/Index?noticeUID=DO1.NTC.966235\" title=\"Ver\" target=\"_blank\">APORDOM-UC-CD-2021-0053<\/a><\/h6><p class=\"mb-0 bold\">Adquisici\u00f3n de Materiales de Ferreter\u00eda para Reparaci\u00f3n de Techo en Aluzinc Puerto de Boca Chica, dirigido a Mipyme<\/p><p class=\"mb-0\" style=\"font-size: .85rem\"><strong title=\"Estado del Proceso\"><i class=\"fas fa-spinner\"><\/i><\/strong> Proceso adjudicado y celebrado<\/p><p class=\"mb-0\" style=\"font-size: .85rem\"><strong title=\"Fecha de Publicaci\u00f3n\"><i class=\"fas fa-calendar-alt\"><\/i><\/strong> Publicado el viernes, 3 de septiembre de 2021<\/p><\/div><div class=\"col-auto mt-md-0 mt-2\"><a class=\"btn btn-primary btn-lg px-lg-4 d-none d-md-block\" href=\"https:\/\/comunidad.comprasdominicana.gob.do\/\/Public\/Tendering\/OpportunityDetail\/Index?noticeUID=DO1.NTC.966235\" target=\"_blank\" title=\"Detalles\"><i class=\"fas fa-link\"><\/i> DETALLES<\/a><a class=\"btn btn-primary btn-lg px-lg-4 d-block d-md-none\" href=\"https:\/\/comunidad.comprasdominicana.gob.do\/\/Public\/Tendering\/OpportunityDetail\/Index?noticeUID=DO1.NTC.966235\" target=\"_blank\" title=\"Detalles\"><i class=\"fas fa-2x fa-link\"><\/i><\/a><\/div><\/div><\/div><div class=\"jumbotron archivos\"><div class=\"row align-items-center\"><div class=\"col\"><h6><a class=\"text-dark\" href=\"https:\/\/comunidad.comprasdominicana.gob.do\/\/Public\/Tendering\/OpportunityDetail\/Index?noticeUID=DO1.NTC.966123\" title=\"Ver\" target=\"_blank\">APORDOM-UC-CD-2021-0051<\/a><\/h6><p class=\"mb-0 bold\">Adquisici\u00f3n de Aires Acondicionados, Dirigido a Mipymes.<\/p><p class=\"mb-0\" style=\"font-size: .85rem\"><strong title=\"Estado del Proceso\"><i class=\"fas fa-spinner\"><\/i><\/strong> Proceso adjudicado y celebrado<\/p><p class=\"mb-0\" style=\"font-size: .85rem\"><strong title=\"Fecha de Publicaci\u00f3n\"><i class=\"fas fa-calendar-alt\"><\/i><\/strong> Publicado el viernes, 3 de septiembre de 2021<\/p><\/div><div class=\"col-auto mt-md-0 mt-2\"><a class=\"btn btn-primary btn-lg px-lg-4 d-none d-md-block\" href=\"https:\/\/comunidad.comprasdominicana.gob.do\/\/Public\/Tendering\/OpportunityDetail\/Index?noticeUID=DO1.NTC.966123\" target=\"_blank\" title=\"Detalles\"><i class=\"fas fa-link\"><\/i> DETALLES<\/a><a class=\"btn btn-primary btn-lg px-lg-4 d-block d-md-none\" href=\"https:\/\/comunidad.comprasdominicana.gob.do\/\/Public\/Tendering\/OpportunityDetail\/Index?noticeUID=DO1.NTC.966123\" target=\"_blank\" title=\"Detalles\"><i class=\"fas fa-2x fa-link\"><\/i><\/a><\/div><\/div><\/div><\/div><\/div><\/div>\n        <div class=\"card\">\n            <div class=\"card-header parents\" id=\"heading_procedimientos-de-contrataci-n-dirigidos-a-las-micro-peque-as-y-medianas-empresas-mipymes--69eeee772d89c-2021-69eeee772d89c-agosto-69eeee772d89c\">\n                <p class=\"title text-blue mb-0\">\n                    <a class=\"btn-block hover text-left collapsed\" data-toggle=\"collapse\" data-target=\"#collap_procedimientos-de-contrataci-n-dirigidos-a-las-micro-peque-as-y-medianas-empresas-mipymes--69eeee772d89c-2021-69eeee772d89c-agosto-69eeee772d89c\" aria-expanded=\"false\" aria-controls=\"collap_procedimientos-de-contrataci-n-dirigidos-a-las-micro-peque-as-y-medianas-empresas-mipymes--69eeee772d89c-2021-69eeee772d89c-agosto-69eeee772d89c\">Agosto<\/a>\n                <\/p>\n            <\/div>\n            <div id=\"collap_procedimientos-de-contrataci-n-dirigidos-a-las-micro-peque-as-y-medianas-empresas-mipymes--69eeee772d89c-2021-69eeee772d89c-agosto-69eeee772d89c\" class=\"collapse\" aria-labelledby=\"heading_procedimientos-de-contrataci-n-dirigidos-a-las-micro-peque-as-y-medianas-empresas-mipymes--69eeee772d89c-2021-69eeee772d89c-agosto-69eeee772d89c\" data-parent=\"#collap_procedimientos-de-contrataci-n-dirigidos-a-las-micro-peque-as-y-medianas-empresas-mipymes--69eeee772d89c-2021-69eeee772d89c\">\n                <div class=\"card-body\"><div class=\"jumbotron archivos\"><div class=\"row align-items-center\"><div class=\"col\"><h6><a class=\"text-dark\" href=\"https:\/\/comunidad.comprasdominicana.gob.do\/\/Public\/Tendering\/OpportunityDetail\/Index?noticeUID=DO1.NTC.962947\" title=\"Ver\" target=\"_blank\">APORDOM-UC-CD-2021-0049<\/a><\/h6><p class=\"mb-0 bold\">Log\u00edstica para Reuni\u00f3n de trabajo en Puerto de Barahona.<\/p><p class=\"mb-0\" style=\"font-size: .85rem\"><strong title=\"Estado del Proceso\"><i class=\"fas fa-spinner\"><\/i><\/strong> Proceso adjudicado y celebrado<\/p><p class=\"mb-0\" style=\"font-size: .85rem\"><strong title=\"Fecha de Publicaci\u00f3n\"><i class=\"fas fa-calendar-alt\"><\/i><\/strong> Publicado el viernes, 27 de agosto de 2021<\/p><\/div><div class=\"col-auto mt-md-0 mt-2\"><a class=\"btn btn-primary btn-lg px-lg-4 d-none d-md-block\" href=\"https:\/\/comunidad.comprasdominicana.gob.do\/\/Public\/Tendering\/OpportunityDetail\/Index?noticeUID=DO1.NTC.962947\" target=\"_blank\" title=\"Detalles\"><i class=\"fas fa-link\"><\/i> DETALLES<\/a><a class=\"btn btn-primary btn-lg px-lg-4 d-block d-md-none\" href=\"https:\/\/comunidad.comprasdominicana.gob.do\/\/Public\/Tendering\/OpportunityDetail\/Index?noticeUID=DO1.NTC.962947\" target=\"_blank\" title=\"Detalles\"><i class=\"fas fa-2x fa-link\"><\/i><\/a><\/div><\/div><\/div><div class=\"jumbotron archivos\"><div class=\"row align-items-center\"><div class=\"col\"><h6><a class=\"text-dark\" href=\"https:\/\/comunidad.comprasdominicana.gob.do\/\/Public\/Tendering\/OpportunityDetail\/Index?noticeUID=DO1.NTC.963234\" title=\"Ver\" target=\"_blank\">APORDOM-DAF-CM-2021-0044<\/a><\/h6><p class=\"mb-0 bold\">Adquisici\u00f3n de Materiales y Equipos El\u00e9ctricos, Dirigido a MiPymes.<\/p><p class=\"mb-0\" style=\"font-size: .85rem\"><strong title=\"Estado del Proceso\"><i class=\"fas fa-spinner\"><\/i><\/strong> Proceso adjudicado y celebrado<\/p><p class=\"mb-0\" style=\"font-size: .85rem\"><strong title=\"Fecha de Publicaci\u00f3n\"><i class=\"fas fa-calendar-alt\"><\/i><\/strong> Publicado el viernes, 27 de agosto de 2021<\/p><\/div><div class=\"col-auto mt-md-0 mt-2\"><a class=\"btn btn-primary btn-lg px-lg-4 d-none d-md-block\" href=\"https:\/\/comunidad.comprasdominicana.gob.do\/\/Public\/Tendering\/OpportunityDetail\/Index?noticeUID=DO1.NTC.963234\" target=\"_blank\" title=\"Detalles\"><i class=\"fas fa-link\"><\/i> DETALLES<\/a><a class=\"btn btn-primary btn-lg px-lg-4 d-block d-md-none\" href=\"https:\/\/comunidad.comprasdominicana.gob.do\/\/Public\/Tendering\/OpportunityDetail\/Index?noticeUID=DO1.NTC.963234\" target=\"_blank\" title=\"Detalles\"><i class=\"fas fa-2x fa-link\"><\/i><\/a><\/div><\/div><\/div><div class=\"jumbotron archivos\"><div class=\"row align-items-center\"><div class=\"col\"><h6><a class=\"text-dark\" href=\"https:\/\/comunidad.comprasdominicana.gob.do\/\/Public\/Tendering\/OpportunityDetail\/Index?noticeUID=DO1.NTC.960107\" title=\"Ver\" target=\"_blank\">APORDOM-UC-CD-2021-0042<\/a><\/h6><p class=\"mb-0 bold\">Contrataci\u00f3n de Servicio de Alquiler de Veh\u00edculo.<\/p><p class=\"mb-0\" style=\"font-size: .85rem\"><strong title=\"Estado del Proceso\"><i class=\"fas fa-spinner\"><\/i><\/strong> Proceso adjudicado y celebrado<\/p><p class=\"mb-0\" style=\"font-size: .85rem\"><strong title=\"Fecha de Publicaci\u00f3n\"><i class=\"fas fa-calendar-alt\"><\/i><\/strong> Publicado el viernes, 20 de agosto de 2021<\/p><\/div><div class=\"col-auto mt-md-0 mt-2\"><a class=\"btn btn-primary btn-lg px-lg-4 d-none d-md-block\" href=\"https:\/\/comunidad.comprasdominicana.gob.do\/\/Public\/Tendering\/OpportunityDetail\/Index?noticeUID=DO1.NTC.960107\" target=\"_blank\" title=\"Detalles\"><i class=\"fas fa-link\"><\/i> DETALLES<\/a><a class=\"btn btn-primary btn-lg px-lg-4 d-block d-md-none\" href=\"https:\/\/comunidad.comprasdominicana.gob.do\/\/Public\/Tendering\/OpportunityDetail\/Index?noticeUID=DO1.NTC.960107\" target=\"_blank\" title=\"Detalles\"><i class=\"fas fa-2x fa-link\"><\/i><\/a><\/div><\/div><\/div><\/div><\/div><\/div>\n        <div class=\"card\">\n            <div class=\"card-header parents\" id=\"heading_procedimientos-de-contrataci-n-dirigidos-a-las-micro-peque-as-y-medianas-empresas-mipymes--69eeee772d89c-2021-69eeee772d89c-julio-69eeee772d89c\">\n                <p class=\"title text-blue mb-0\">\n                    <a class=\"btn-block hover text-left collapsed\" data-toggle=\"collapse\" data-target=\"#collap_procedimientos-de-contrataci-n-dirigidos-a-las-micro-peque-as-y-medianas-empresas-mipymes--69eeee772d89c-2021-69eeee772d89c-julio-69eeee772d89c\" aria-expanded=\"false\" aria-controls=\"collap_procedimientos-de-contrataci-n-dirigidos-a-las-micro-peque-as-y-medianas-empresas-mipymes--69eeee772d89c-2021-69eeee772d89c-julio-69eeee772d89c\">Julio<\/a>\n                <\/p>\n            <\/div>\n            <div id=\"collap_procedimientos-de-contrataci-n-dirigidos-a-las-micro-peque-as-y-medianas-empresas-mipymes--69eeee772d89c-2021-69eeee772d89c-julio-69eeee772d89c\" class=\"collapse\" aria-labelledby=\"heading_procedimientos-de-contrataci-n-dirigidos-a-las-micro-peque-as-y-medianas-empresas-mipymes--69eeee772d89c-2021-69eeee772d89c-julio-69eeee772d89c\" data-parent=\"#collap_procedimientos-de-contrataci-n-dirigidos-a-las-micro-peque-as-y-medianas-empresas-mipymes--69eeee772d89c-2021-69eeee772d89c\">\n                <div class=\"card-body\"><div class=\"jumbotron archivos\"><div class=\"row align-items-center\"><div class=\"col\"><h6><a class=\"text-dark\" href=\"https:\/\/comunidad.comprasdominicana.gob.do\/\/Public\/Tendering\/OpportunityDetail\/Index?noticeUID=DO1.NTC.951430\" title=\"Ver\" target=\"_blank\">APORDOM-UC-CD-2021-0041<\/a><\/h6><p class=\"mb-0 bold\">Adquisici\u00f3n de M\u00e1quinas Sumadoras para la Sede Principal de APORDOM, dirigido a Mipymes Mujer<\/p><p class=\"mb-0\" style=\"font-size: .85rem\"><strong title=\"Estado del Proceso\"><i class=\"fas fa-spinner\"><\/i><\/strong> Proceso adjudicado y celebrado<\/p><p class=\"mb-0\" style=\"font-size: .85rem\"><strong title=\"Fecha de Publicaci\u00f3n\"><i class=\"fas fa-calendar-alt\"><\/i><\/strong> Publicado el viernes, 30 de julio de 2021<\/p><\/div><div class=\"col-auto mt-md-0 mt-2\"><a class=\"btn btn-primary btn-lg px-lg-4 d-none d-md-block\" href=\"https:\/\/comunidad.comprasdominicana.gob.do\/\/Public\/Tendering\/OpportunityDetail\/Index?noticeUID=DO1.NTC.951430\" target=\"_blank\" title=\"Detalles\"><i class=\"fas fa-link\"><\/i> DETALLES<\/a><a class=\"btn btn-primary btn-lg px-lg-4 d-block d-md-none\" href=\"https:\/\/comunidad.comprasdominicana.gob.do\/\/Public\/Tendering\/OpportunityDetail\/Index?noticeUID=DO1.NTC.951430\" target=\"_blank\" title=\"Detalles\"><i class=\"fas fa-2x fa-link\"><\/i><\/a><\/div><\/div><\/div><div class=\"jumbotron archivos\"><div class=\"row align-items-center\"><div class=\"col\"><h6><a class=\"text-dark\" href=\"https:\/\/comunidad.comprasdominicana.gob.do\/\/Public\/Tendering\/OpportunityDetail\/Index?noticeUID=DO1.NTC.951708\" title=\"Ver\" target=\"_blank\">APORDOM-UC-CD-2021-0038<\/a><\/h6><p class=\"mb-0 bold\">Adquisici\u00f3n de Letrero para uso de la Cooperativa de APORDOM, Dirigido a MiPymes.<\/p><p class=\"mb-0\" style=\"font-size: .85rem\"><strong title=\"Estado del Proceso\"><i class=\"fas fa-spinner\"><\/i><\/strong> Proceso adjudicado y celebrado<\/p><p class=\"mb-0\" style=\"font-size: .85rem\"><strong title=\"Fecha de Publicaci\u00f3n\"><i class=\"fas fa-calendar-alt\"><\/i><\/strong> Publicado el viernes, 30 de julio de 2021<\/p><\/div><div class=\"col-auto mt-md-0 mt-2\"><a class=\"btn btn-primary btn-lg px-lg-4 d-none d-md-block\" href=\"https:\/\/comunidad.comprasdominicana.gob.do\/\/Public\/Tendering\/OpportunityDetail\/Index?noticeUID=DO1.NTC.951708\" target=\"_blank\" title=\"Detalles\"><i class=\"fas fa-link\"><\/i> DETALLES<\/a><a class=\"btn btn-primary btn-lg px-lg-4 d-block d-md-none\" href=\"https:\/\/comunidad.comprasdominicana.gob.do\/\/Public\/Tendering\/OpportunityDetail\/Index?noticeUID=DO1.NTC.951708\" target=\"_blank\" title=\"Detalles\"><i class=\"fas fa-2x fa-link\"><\/i><\/a><\/div><\/div><\/div><div class=\"jumbotron archivos\"><div class=\"row align-items-center\"><div class=\"col\"><h6><a class=\"text-dark\" href=\"https:\/\/comunidad.comprasdominicana.gob.do\/\/Public\/Tendering\/OpportunityDetail\/Index?noticeUID=DO1.NTC.951129\" title=\"Ver\" target=\"_blank\">APORDOM-DAF-CM-2021-0036<\/a><\/h6><p class=\"mb-0 bold\">Adquisici\u00f3n de Formularios y Material impreso para uso de APORDOM, Dirigido a MiPymes.<\/p><p class=\"mb-0\" style=\"font-size: .85rem\"><strong title=\"Estado del Proceso\"><i class=\"fas fa-spinner\"><\/i><\/strong> Proceso adjudicado y celebrado<\/p><p class=\"mb-0\" style=\"font-size: .85rem\"><strong title=\"Fecha de Publicaci\u00f3n\"><i class=\"fas fa-calendar-alt\"><\/i><\/strong> Publicado el jueves, 29 de julio de 2021<\/p><\/div><div class=\"col-auto mt-md-0 mt-2\"><a class=\"btn btn-primary btn-lg px-lg-4 d-none d-md-block\" href=\"https:\/\/comunidad.comprasdominicana.gob.do\/\/Public\/Tendering\/OpportunityDetail\/Index?noticeUID=DO1.NTC.951129\" target=\"_blank\" title=\"Detalles\"><i class=\"fas fa-link\"><\/i> DETALLES<\/a><a class=\"btn btn-primary btn-lg px-lg-4 d-block d-md-none\" href=\"https:\/\/comunidad.comprasdominicana.gob.do\/\/Public\/Tendering\/OpportunityDetail\/Index?noticeUID=DO1.NTC.951129\" target=\"_blank\" title=\"Detalles\"><i class=\"fas fa-2x fa-link\"><\/i><\/a><\/div><\/div><\/div><div class=\"jumbotron archivos\"><div class=\"row align-items-center\"><div class=\"col\"><h6><a class=\"text-dark\" href=\"https:\/\/comunidad.comprasdominicana.gob.do\/\/Public\/Tendering\/OpportunityDetail\/Index?noticeUID=DO1.NTC.950134\" title=\"Ver\" target=\"_blank\">APORDOM-DAF-CM-2021-0039<\/a><\/h6><p class=\"mb-0 bold\">Adquisici\u00f3n de (T\u00e9, Caf\u00e9, Az\u00facar, Removedores y Vasos para Caf\u00e9) para el consumo de Autoridad Portuaria por 3 meses, dirigido a Mipymes<\/p><p class=\"mb-0\" style=\"font-size: .85rem\"><strong title=\"Estado del Proceso\"><i class=\"fas fa-spinner\"><\/i><\/strong> Proceso adjudicado y celebrado<\/p><p class=\"mb-0\" style=\"font-size: .85rem\"><strong title=\"Fecha de Publicaci\u00f3n\"><i class=\"fas fa-calendar-alt\"><\/i><\/strong> Publicado el martes, 27 de julio de 2021<\/p><\/div><div class=\"col-auto mt-md-0 mt-2\"><a class=\"btn btn-primary btn-lg px-lg-4 d-none d-md-block\" href=\"https:\/\/comunidad.comprasdominicana.gob.do\/\/Public\/Tendering\/OpportunityDetail\/Index?noticeUID=DO1.NTC.950134\" target=\"_blank\" title=\"Detalles\"><i class=\"fas fa-link\"><\/i> DETALLES<\/a><a class=\"btn btn-primary btn-lg px-lg-4 d-block d-md-none\" href=\"https:\/\/comunidad.comprasdominicana.gob.do\/\/Public\/Tendering\/OpportunityDetail\/Index?noticeUID=DO1.NTC.950134\" target=\"_blank\" title=\"Detalles\"><i class=\"fas fa-2x fa-link\"><\/i><\/a><\/div><\/div><\/div><div class=\"jumbotron archivos\"><div class=\"row align-items-center\"><div class=\"col\"><h6><a class=\"text-dark\" href=\"https:\/\/comunidad.comprasdominicana.gob.do\/\/Public\/Tendering\/OpportunityDetail\/Index?noticeUID=DO1.NTC.943128\" title=\"Ver\" target=\"_blank\">APORDOM-UC-CD-2021-0033<\/a><\/h6><p class=\"mb-0 bold\">Adquisici\u00f3n de Electrodom\u00e9sticos para la Sede Principal de APORDOM, dirigido a Mipymes<\/p><p class=\"mb-0\" style=\"font-size: .85rem\"><strong title=\"Estado del Proceso\"><i class=\"fas fa-spinner\"><\/i><\/strong> Proceso adjudicado y celebrado<\/p><p class=\"mb-0\" style=\"font-size: .85rem\"><strong title=\"Fecha de Publicaci\u00f3n\"><i class=\"fas fa-calendar-alt\"><\/i><\/strong> Publicado el lunes, 12 de julio de 2021<\/p><\/div><div class=\"col-auto mt-md-0 mt-2\"><a class=\"btn btn-primary btn-lg px-lg-4 d-none d-md-block\" href=\"https:\/\/comunidad.comprasdominicana.gob.do\/\/Public\/Tendering\/OpportunityDetail\/Index?noticeUID=DO1.NTC.943128\" target=\"_blank\" title=\"Detalles\"><i class=\"fas fa-link\"><\/i> DETALLES<\/a><a class=\"btn btn-primary btn-lg px-lg-4 d-block d-md-none\" href=\"https:\/\/comunidad.comprasdominicana.gob.do\/\/Public\/Tendering\/OpportunityDetail\/Index?noticeUID=DO1.NTC.943128\" target=\"_blank\" title=\"Detalles\"><i class=\"fas fa-2x fa-link\"><\/i><\/a><\/div><\/div><\/div><div class=\"jumbotron archivos\"><div class=\"row align-items-center\"><div class=\"col\"><h6><a class=\"text-dark\" href=\"https:\/\/comunidad.comprasdominicana.gob.do\/\/Public\/Tendering\/OpportunityDetail\/Index?noticeUID=DO1.NTC.943224\" title=\"Ver\" target=\"_blank\">APORDOM-UC-CD-2021-0037<\/a><\/h6><p class=\"mb-0 bold\">Log\u00edstica para Reuni\u00f3n de trabajo en Puerto de Manzanillo, Con el Ministerio de la Presidencia y una Comisi\u00f3n de la Direcci\u00f3n General de Bienes Nacionales, dirigido a MiPymes.<\/p><p class=\"mb-0\" style=\"font-size: .85rem\"><strong title=\"Estado del Proceso\"><i class=\"fas fa-spinner\"><\/i><\/strong> Proceso adjudicado y celebrado<\/p><p class=\"mb-0\" style=\"font-size: .85rem\"><strong title=\"Fecha de Publicaci\u00f3n\"><i class=\"fas fa-calendar-alt\"><\/i><\/strong> Publicado el lunes, 12 de julio de 2021<\/p><\/div><div class=\"col-auto mt-md-0 mt-2\"><a class=\"btn btn-primary btn-lg px-lg-4 d-none d-md-block\" href=\"https:\/\/comunidad.comprasdominicana.gob.do\/\/Public\/Tendering\/OpportunityDetail\/Index?noticeUID=DO1.NTC.943224\" target=\"_blank\" title=\"Detalles\"><i class=\"fas fa-link\"><\/i> DETALLES<\/a><a class=\"btn btn-primary btn-lg px-lg-4 d-block d-md-none\" href=\"https:\/\/comunidad.comprasdominicana.gob.do\/\/Public\/Tendering\/OpportunityDetail\/Index?noticeUID=DO1.NTC.943224\" target=\"_blank\" title=\"Detalles\"><i class=\"fas fa-2x fa-link\"><\/i><\/a><\/div><\/div><\/div><div class=\"jumbotron archivos\"><div class=\"row align-items-center\"><div class=\"col\"><h6><a class=\"text-dark\" href=\"https:\/\/comunidad.comprasdominicana.gob.do\/\/Public\/Tendering\/OpportunityDetail\/Index?noticeUID=DO1.NTC.942129\" title=\"Ver\" target=\"_blank\">APORDOM-DAF-CM-2021-0035<\/a><\/h6><p class=\"mb-0 bold\">Adquisici\u00f3n de Materiales Gastables (desechables y productos de limpieza) para la Sede principal de APORDOM, dirigido a Mipymes<\/p><p class=\"mb-0\" style=\"font-size: .85rem\"><strong title=\"Estado del Proceso\"><i class=\"fas fa-spinner\"><\/i><\/strong> Proceso adjudicado y celebrado<\/p><p class=\"mb-0\" style=\"font-size: .85rem\"><strong title=\"Fecha de Publicaci\u00f3n\"><i class=\"fas fa-calendar-alt\"><\/i><\/strong> Publicado el jueves, 8 de julio de 2021<\/p><\/div><div class=\"col-auto mt-md-0 mt-2\"><a class=\"btn btn-primary btn-lg px-lg-4 d-none d-md-block\" href=\"https:\/\/comunidad.comprasdominicana.gob.do\/\/Public\/Tendering\/OpportunityDetail\/Index?noticeUID=DO1.NTC.942129\" target=\"_blank\" title=\"Detalles\"><i class=\"fas fa-link\"><\/i> DETALLES<\/a><a class=\"btn btn-primary btn-lg px-lg-4 d-block d-md-none\" href=\"https:\/\/comunidad.comprasdominicana.gob.do\/\/Public\/Tendering\/OpportunityDetail\/Index?noticeUID=DO1.NTC.942129\" target=\"_blank\" title=\"Detalles\"><i class=\"fas fa-2x fa-link\"><\/i><\/a><\/div><\/div><\/div><div class=\"jumbotron archivos\"><div class=\"row align-items-center\"><div class=\"col\"><h6><a class=\"text-dark\" href=\"https:\/\/comunidad.comprasdominicana.gob.do\/\/Public\/Tendering\/OpportunityDetail\/Index?noticeUID=DO1.NTC.941814\" title=\"Ver\" target=\"_blank\">APORDOM-DAF-CM-2021-0034<\/a><\/h6><p class=\"mb-0 bold\">Adquisici\u00f3n de Material gastable de oficina para uso de APORDOM, Dirigido a MiPymes.<\/p><p class=\"mb-0\" style=\"font-size: .85rem\"><strong title=\"Estado del Proceso\"><i class=\"fas fa-spinner\"><\/i><\/strong> Proceso adjudicado y celebrado<\/p><p class=\"mb-0\" style=\"font-size: .85rem\"><strong title=\"Fecha de Publicaci\u00f3n\"><i class=\"fas fa-calendar-alt\"><\/i><\/strong> Publicado el jueves, 8 de julio de 2021<\/p><\/div><div class=\"col-auto mt-md-0 mt-2\"><a class=\"btn btn-primary btn-lg px-lg-4 d-none d-md-block\" href=\"https:\/\/comunidad.comprasdominicana.gob.do\/\/Public\/Tendering\/OpportunityDetail\/Index?noticeUID=DO1.NTC.941814\" target=\"_blank\" title=\"Detalles\"><i class=\"fas fa-link\"><\/i> DETALLES<\/a><a class=\"btn btn-primary btn-lg px-lg-4 d-block d-md-none\" href=\"https:\/\/comunidad.comprasdominicana.gob.do\/\/Public\/Tendering\/OpportunityDetail\/Index?noticeUID=DO1.NTC.941814\" target=\"_blank\" title=\"Detalles\"><i class=\"fas fa-2x fa-link\"><\/i><\/a><\/div><\/div><\/div><div class=\"jumbotron archivos\"><div class=\"row align-items-center\"><div class=\"col\"><h6><a class=\"text-dark\" href=\"https:\/\/comunidad.comprasdominicana.gob.do\/\/Public\/Tendering\/OpportunityDetail\/Index?noticeUID=DO1.NTC.941241\" title=\"Ver\" target=\"_blank\">APORDOM-UC-CD-2021-0035<\/a><\/h6><p class=\"mb-0 bold\">Adquisici\u00f3n de Cajas de Papel Forma Continua para la Sede Principal de Autoridad Portuaria Dominicana, Dirigido a Mipyme.<\/p><p class=\"mb-0\" style=\"font-size: .85rem\"><strong title=\"Estado del Proceso\"><i class=\"fas fa-spinner\"><\/i><\/strong> Proceso adjudicado y celebrado<\/p><p class=\"mb-0\" style=\"font-size: .85rem\"><strong title=\"Fecha de Publicaci\u00f3n\"><i class=\"fas fa-calendar-alt\"><\/i><\/strong> Publicado el mi\u00e9rcoles, 7 de julio de 2021<\/p><\/div><div class=\"col-auto mt-md-0 mt-2\"><a class=\"btn btn-primary btn-lg px-lg-4 d-none d-md-block\" href=\"https:\/\/comunidad.comprasdominicana.gob.do\/\/Public\/Tendering\/OpportunityDetail\/Index?noticeUID=DO1.NTC.941241\" target=\"_blank\" title=\"Detalles\"><i class=\"fas fa-link\"><\/i> DETALLES<\/a><a class=\"btn btn-primary btn-lg px-lg-4 d-block d-md-none\" href=\"https:\/\/comunidad.comprasdominicana.gob.do\/\/Public\/Tendering\/OpportunityDetail\/Index?noticeUID=DO1.NTC.941241\" target=\"_blank\" title=\"Detalles\"><i class=\"fas fa-2x fa-link\"><\/i><\/a><\/div><\/div><\/div><\/div><\/div><\/div>\n        <div class=\"card\">\n            <div class=\"card-header parents\" id=\"heading_procedimientos-de-contrataci-n-dirigidos-a-las-micro-peque-as-y-medianas-empresas-mipymes--69eeee772d89c-2021-69eeee772d89c-junio-69eeee772d89c\">\n                <p class=\"title text-blue mb-0\">\n                    <a class=\"btn-block hover text-left collapsed\" data-toggle=\"collapse\" data-target=\"#collap_procedimientos-de-contrataci-n-dirigidos-a-las-micro-peque-as-y-medianas-empresas-mipymes--69eeee772d89c-2021-69eeee772d89c-junio-69eeee772d89c\" aria-expanded=\"false\" aria-controls=\"collap_procedimientos-de-contrataci-n-dirigidos-a-las-micro-peque-as-y-medianas-empresas-mipymes--69eeee772d89c-2021-69eeee772d89c-junio-69eeee772d89c\">Junio<\/a>\n                <\/p>\n            <\/div>\n            <div id=\"collap_procedimientos-de-contrataci-n-dirigidos-a-las-micro-peque-as-y-medianas-empresas-mipymes--69eeee772d89c-2021-69eeee772d89c-junio-69eeee772d89c\" class=\"collapse\" aria-labelledby=\"heading_procedimientos-de-contrataci-n-dirigidos-a-las-micro-peque-as-y-medianas-empresas-mipymes--69eeee772d89c-2021-69eeee772d89c-junio-69eeee772d89c\" data-parent=\"#collap_procedimientos-de-contrataci-n-dirigidos-a-las-micro-peque-as-y-medianas-empresas-mipymes--69eeee772d89c-2021-69eeee772d89c\">\n                <div class=\"card-body\"><div class=\"jumbotron archivos\"><div class=\"row align-items-center\"><div class=\"col\"><h6><a class=\"text-dark\" href=\"https:\/\/comunidad.comprasdominicana.gob.do\/\/Public\/Tendering\/OpportunityDetail\/Index?noticeUID=DO1.NTC.932315\" title=\"Ver\" target=\"_blank\">APORDOM-UC-CD-2021-0032<\/a><\/h6><p class=\"mb-0 bold\">Adquisici\u00f3n de Lanyard o porta carnet para uso de los empleados de  APORDOM.<\/p><p class=\"mb-0\" style=\"font-size: .85rem\"><strong title=\"Estado del Proceso\"><i class=\"fas fa-spinner\"><\/i><\/strong> Proceso adjudicado y celebrado<\/p><p class=\"mb-0\" style=\"font-size: .85rem\"><strong title=\"Fecha de Publicaci\u00f3n\"><i class=\"fas fa-calendar-alt\"><\/i><\/strong> Publicado el viernes, 18 de junio de 2021<\/p><\/div><div class=\"col-auto mt-md-0 mt-2\"><a class=\"btn btn-primary btn-lg px-lg-4 d-none d-md-block\" href=\"https:\/\/comunidad.comprasdominicana.gob.do\/\/Public\/Tendering\/OpportunityDetail\/Index?noticeUID=DO1.NTC.932315\" target=\"_blank\" title=\"Detalles\"><i class=\"fas fa-link\"><\/i> DETALLES<\/a><a class=\"btn btn-primary btn-lg px-lg-4 d-block d-md-none\" href=\"https:\/\/comunidad.comprasdominicana.gob.do\/\/Public\/Tendering\/OpportunityDetail\/Index?noticeUID=DO1.NTC.932315\" target=\"_blank\" title=\"Detalles\"><i class=\"fas fa-2x fa-link\"><\/i><\/a><\/div><\/div><\/div><div class=\"jumbotron archivos\"><div class=\"row align-items-center\"><div class=\"col\"><h6><a class=\"text-dark\" href=\"https:\/\/comunidad.comprasdominicana.gob.do\/\/Public\/Tendering\/OpportunityDetail\/Index?noticeUID=DO1.NTC.929827\" title=\"Ver\" target=\"_blank\">APORDOM-UC-CD-2021-0030<\/a><\/h6><p class=\"mb-0 bold\">Adquisici\u00f3n de Resmas de Papel Bond para la Sede Principal de Autoridad Portuaria Dominicana, Dirigido a Mipymes<\/p><p class=\"mb-0\" style=\"font-size: .85rem\"><strong title=\"Estado del Proceso\"><i class=\"fas fa-spinner\"><\/i><\/strong> Proceso adjudicado y celebrado<\/p><p class=\"mb-0\" style=\"font-size: .85rem\"><strong title=\"Fecha de Publicaci\u00f3n\"><i class=\"fas fa-calendar-alt\"><\/i><\/strong> Publicado el lunes, 14 de junio de 2021<\/p><\/div><div class=\"col-auto mt-md-0 mt-2\"><a class=\"btn btn-primary btn-lg px-lg-4 d-none d-md-block\" href=\"https:\/\/comunidad.comprasdominicana.gob.do\/\/Public\/Tendering\/OpportunityDetail\/Index?noticeUID=DO1.NTC.929827\" target=\"_blank\" title=\"Detalles\"><i class=\"fas fa-link\"><\/i> DETALLES<\/a><a class=\"btn btn-primary btn-lg px-lg-4 d-block d-md-none\" href=\"https:\/\/comunidad.comprasdominicana.gob.do\/\/Public\/Tendering\/OpportunityDetail\/Index?noticeUID=DO1.NTC.929827\" target=\"_blank\" title=\"Detalles\"><i class=\"fas fa-2x fa-link\"><\/i><\/a><\/div><\/div><\/div><div class=\"jumbotron archivos\"><div class=\"row align-items-center\"><div class=\"col\"><h6><a class=\"text-dark\" href=\"https:\/\/comunidad.comprasdominicana.gob.do\/\/Public\/Tendering\/OpportunityDetail\/Index?noticeUID=DO1.NTC.928736\" title=\"Ver\" target=\"_blank\">APORDOM-DAF-CM-2021-0031<\/a><\/h6><p class=\"mb-0 bold\">Adquisici\u00f3n de Aire Acondicionado y Condensadoras para la Sede Principal de Autoridad Portuaria Dominicana, dirigido a Mypimes<\/p><p class=\"mb-0\" style=\"font-size: .85rem\"><strong title=\"Estado del Proceso\"><i class=\"fas fa-spinner\"><\/i><\/strong> Proceso adjudicado y celebrado<\/p><p class=\"mb-0\" style=\"font-size: .85rem\"><strong title=\"Fecha de Publicaci\u00f3n\"><i class=\"fas fa-calendar-alt\"><\/i><\/strong> Publicado el jueves, 10 de junio de 2021<\/p><\/div><div class=\"col-auto mt-md-0 mt-2\"><a class=\"btn btn-primary btn-lg px-lg-4 d-none d-md-block\" href=\"https:\/\/comunidad.comprasdominicana.gob.do\/\/Public\/Tendering\/OpportunityDetail\/Index?noticeUID=DO1.NTC.928736\" target=\"_blank\" title=\"Detalles\"><i class=\"fas fa-link\"><\/i> DETALLES<\/a><a class=\"btn btn-primary btn-lg px-lg-4 d-block d-md-none\" href=\"https:\/\/comunidad.comprasdominicana.gob.do\/\/Public\/Tendering\/OpportunityDetail\/Index?noticeUID=DO1.NTC.928736\" target=\"_blank\" title=\"Detalles\"><i class=\"fas fa-2x fa-link\"><\/i><\/a><\/div><\/div><\/div><div class=\"jumbotron archivos\"><div class=\"row align-items-center\"><div class=\"col\"><h6><a class=\"text-dark\" href=\"https:\/\/comunidad.comprasdominicana.gob.do\/\/Public\/Tendering\/OpportunityDetail\/Index?noticeUID=DO1.NTC.930519\" title=\"Ver\" target=\"_blank\">APORDOM-DAF-CM-2021-0032<\/a><\/h6><p class=\"mb-0 bold\">ADQUISICI\u00d3N DE MATERIALES DE CONSTRUCCION PARA LA PLAZA DEL PUERTO DE SAN PEDRO DE MACORIS Y RECCONSTRUCCION DE LA MALLA CICLONICA EN PUERTODE BOCA CHICA DIRIGIDO A MIPYMES.<\/p><p class=\"mb-0\" style=\"font-size: .85rem\"><strong title=\"Estado del Proceso\"><i class=\"fas fa-spinner\"><\/i><\/strong> Proceso desierto<\/p><p class=\"mb-0\" style=\"font-size: .85rem\"><strong title=\"Fecha de Publicaci\u00f3n\"><i class=\"fas fa-calendar-alt\"><\/i><\/strong> Publicado el martes, 15 de junio de 2021<\/p><\/div><div class=\"col-auto mt-md-0 mt-2\"><a class=\"btn btn-primary btn-lg px-lg-4 d-none d-md-block\" href=\"https:\/\/comunidad.comprasdominicana.gob.do\/\/Public\/Tendering\/OpportunityDetail\/Index?noticeUID=DO1.NTC.930519\" target=\"_blank\" title=\"Detalles\"><i class=\"fas fa-link\"><\/i> DETALLES<\/a><a class=\"btn btn-primary btn-lg px-lg-4 d-block d-md-none\" href=\"https:\/\/comunidad.comprasdominicana.gob.do\/\/Public\/Tendering\/OpportunityDetail\/Index?noticeUID=DO1.NTC.930519\" target=\"_blank\" title=\"Detalles\"><i class=\"fas fa-2x fa-link\"><\/i><\/a><\/div><\/div><\/div><\/div><\/div><\/div>\n        <div class=\"card\">\n            <div class=\"card-header parents\" id=\"heading_procedimientos-de-contrataci-n-dirigidos-a-las-micro-peque-as-y-medianas-empresas-mipymes--69eeee772d89c-2021-69eeee772d89c-mayo-69eeee772d89c\">\n                <p class=\"title text-blue mb-0\">\n                    <a class=\"btn-block hover text-left collapsed\" data-toggle=\"collapse\" data-target=\"#collap_procedimientos-de-contrataci-n-dirigidos-a-las-micro-peque-as-y-medianas-empresas-mipymes--69eeee772d89c-2021-69eeee772d89c-mayo-69eeee772d89c\" aria-expanded=\"false\" aria-controls=\"collap_procedimientos-de-contrataci-n-dirigidos-a-las-micro-peque-as-y-medianas-empresas-mipymes--69eeee772d89c-2021-69eeee772d89c-mayo-69eeee772d89c\">Mayo<\/a>\n                <\/p>\n            <\/div>\n            <div id=\"collap_procedimientos-de-contrataci-n-dirigidos-a-las-micro-peque-as-y-medianas-empresas-mipymes--69eeee772d89c-2021-69eeee772d89c-mayo-69eeee772d89c\" class=\"collapse\" aria-labelledby=\"heading_procedimientos-de-contrataci-n-dirigidos-a-las-micro-peque-as-y-medianas-empresas-mipymes--69eeee772d89c-2021-69eeee772d89c-mayo-69eeee772d89c\" data-parent=\"#collap_procedimientos-de-contrataci-n-dirigidos-a-las-micro-peque-as-y-medianas-empresas-mipymes--69eeee772d89c-2021-69eeee772d89c\">\n                <div class=\"card-body\"><div class=\"jumbotron archivos\"><div class=\"row align-items-center\"><div class=\"col\"><h6><a class=\"text-dark\" href=\"https:\/\/comunidad.comprasdominicana.gob.do\/\/Public\/Tendering\/OpportunityDetail\/Index?noticeUID=DO1.NTC.916929\" title=\"Ver\" target=\"_blank\">APORDOM-UC-CD-2021-0023<\/a><\/h6><p class=\"mb-0 bold\">Adquisici\u00f3n de Computadoras  Laptops y Trituradora - Dirigido a MYPIMES <\/p><p class=\"mb-0\" style=\"font-size: .85rem\"><strong title=\"Estado del Proceso\"><i class=\"fas fa-spinner\"><\/i><\/strong> Proceso adjudicado y celebrado<\/p><p class=\"mb-0\" style=\"font-size: .85rem\"><strong title=\"Fecha de Publicaci\u00f3n\"><i class=\"fas fa-calendar-alt\"><\/i><\/strong> Publicado el mi\u00e9rcoles, 12 de mayo de 2021<\/p><\/div><div class=\"col-auto mt-md-0 mt-2\"><a class=\"btn btn-primary btn-lg px-lg-4 d-none d-md-block\" href=\"https:\/\/comunidad.comprasdominicana.gob.do\/\/Public\/Tendering\/OpportunityDetail\/Index?noticeUID=DO1.NTC.916929\" target=\"_blank\" title=\"Detalles\"><i class=\"fas fa-link\"><\/i> DETALLES<\/a><a class=\"btn btn-primary btn-lg px-lg-4 d-block d-md-none\" href=\"https:\/\/comunidad.comprasdominicana.gob.do\/\/Public\/Tendering\/OpportunityDetail\/Index?noticeUID=DO1.NTC.916929\" target=\"_blank\" title=\"Detalles\"><i class=\"fas fa-2x fa-link\"><\/i><\/a><\/div><\/div><\/div><div class=\"jumbotron archivos\"><div class=\"row align-items-center\"><div class=\"col\"><h6><a class=\"text-dark\" href=\"https:\/\/comunidad.comprasdominicana.gob.do\/\/Public\/Tendering\/OpportunityDetail\/Index?noticeUID=DO1.NTC.913419\" title=\"Ver\" target=\"_blank\">APORDOM-UC-CD-2021-0025<\/a><\/h6><p class=\"mb-0 bold\">Impresi\u00f3n  de Brochures-Dirigido a MYPIMES en el marco de la presentaci\u00f3n de Carta Compromiso de APORDOM. <\/p><p class=\"mb-0\" style=\"font-size: .85rem\"><strong title=\"Estado del Proceso\"><i class=\"fas fa-spinner\"><\/i><\/strong> Proceso adjudicado y celebrado<\/p><p class=\"mb-0\" style=\"font-size: .85rem\"><strong title=\"Fecha de Publicaci\u00f3n\"><i class=\"fas fa-calendar-alt\"><\/i><\/strong> Publicado el viernes, 7 de mayo de 2021<\/p><\/div><div class=\"col-auto mt-md-0 mt-2\"><a class=\"btn btn-primary btn-lg px-lg-4 d-none d-md-block\" href=\"https:\/\/comunidad.comprasdominicana.gob.do\/\/Public\/Tendering\/OpportunityDetail\/Index?noticeUID=DO1.NTC.913419\" target=\"_blank\" title=\"Detalles\"><i class=\"fas fa-link\"><\/i> DETALLES<\/a><a class=\"btn btn-primary btn-lg px-lg-4 d-block d-md-none\" href=\"https:\/\/comunidad.comprasdominicana.gob.do\/\/Public\/Tendering\/OpportunityDetail\/Index?noticeUID=DO1.NTC.913419\" target=\"_blank\" title=\"Detalles\"><i class=\"fas fa-2x fa-link\"><\/i><\/a><\/div><\/div><\/div><div class=\"jumbotron archivos\"><div class=\"row align-items-center\"><div class=\"col\"><h6><a class=\"text-dark\" href=\"https:\/\/comunidad.comprasdominicana.gob.do\/\/Public\/Tendering\/OpportunityDetail\/Index?noticeUID=DO1.NTC.913502\" title=\"Ver\" target=\"_blank\">APORDOM-UC-CD-2021-0022<\/a><\/h6><p class=\"mb-0 bold\">Adquisici\u00f3n De Cemento Para La Construcci\u00f3n De La Caseta Del Tanque De Combustible De APORDOM , Dirigido A Mipyme\n<\/p><p class=\"mb-0\" style=\"font-size: .85rem\"><strong title=\"Estado del Proceso\"><i class=\"fas fa-spinner\"><\/i><\/strong> Proceso adjudicado y celebrado<\/p><p class=\"mb-0\" style=\"font-size: .85rem\"><strong title=\"Fecha de Publicaci\u00f3n\"><i class=\"fas fa-calendar-alt\"><\/i><\/strong> Publicado el viernes, 7 de mayo de 2021<\/p><\/div><div class=\"col-auto mt-md-0 mt-2\"><a class=\"btn btn-primary btn-lg px-lg-4 d-none d-md-block\" href=\"https:\/\/comunidad.comprasdominicana.gob.do\/\/Public\/Tendering\/OpportunityDetail\/Index?noticeUID=DO1.NTC.913502\" target=\"_blank\" title=\"Detalles\"><i class=\"fas fa-link\"><\/i> DETALLES<\/a><a class=\"btn btn-primary btn-lg px-lg-4 d-block d-md-none\" href=\"https:\/\/comunidad.comprasdominicana.gob.do\/\/Public\/Tendering\/OpportunityDetail\/Index?noticeUID=DO1.NTC.913502\" target=\"_blank\" title=\"Detalles\"><i class=\"fas fa-2x fa-link\"><\/i><\/a><\/div><\/div><\/div><div class=\"jumbotron archivos\"><div class=\"row align-items-center\"><div class=\"col\"><h6><a class=\"text-dark\" href=\"https:\/\/comunidad.comprasdominicana.gob.do\/\/Public\/Tendering\/OpportunityDetail\/Index?noticeUID=DO1.NTC.912426\" title=\"Ver\" target=\"_blank\">APORDOM-UC-CD-2021-0020<\/a><\/h6><p class=\"mb-0 bold\">Contrataci\u00f3n de Servicio de Carpas  y Sonido para Actividad en APORDOM , Dirigido a Mipyme.<\/p><p class=\"mb-0\" style=\"font-size: .85rem\"><strong title=\"Estado del Proceso\"><i class=\"fas fa-spinner\"><\/i><\/strong> Proceso adjudicado y celebrado<\/p><p class=\"mb-0\" style=\"font-size: .85rem\"><strong title=\"Fecha de Publicaci\u00f3n\"><i class=\"fas fa-calendar-alt\"><\/i><\/strong> Publicado el mi\u00e9rcoles, 5 de mayo de 2021<\/p><\/div><div class=\"col-auto mt-md-0 mt-2\"><a class=\"btn btn-primary btn-lg px-lg-4 d-none d-md-block\" href=\"https:\/\/comunidad.comprasdominicana.gob.do\/\/Public\/Tendering\/OpportunityDetail\/Index?noticeUID=DO1.NTC.912426\" target=\"_blank\" title=\"Detalles\"><i class=\"fas fa-link\"><\/i> DETALLES<\/a><a class=\"btn btn-primary btn-lg px-lg-4 d-block d-md-none\" href=\"https:\/\/comunidad.comprasdominicana.gob.do\/\/Public\/Tendering\/OpportunityDetail\/Index?noticeUID=DO1.NTC.912426\" target=\"_blank\" title=\"Detalles\"><i class=\"fas fa-2x fa-link\"><\/i><\/a><\/div><\/div><\/div><div class=\"jumbotron archivos\"><div class=\"row align-items-center\"><div class=\"col\"><h6><a class=\"text-dark\" href=\"https:\/\/comunidad.comprasdominicana.gob.do\/\/Public\/Tendering\/OpportunityDetail\/Index?noticeUID=DO1.NTC.920039\" title=\"Ver\" target=\"_blank\">APORDOM-UC-CD-2021-0026<\/a><\/h6><p class=\"mb-0 bold\">Adquisici\u00f3n de  Materiales de Construcci\u00f3n para Plaza del Puerto de San Pedro de Macor\u00eds y Reconstrucci\u00f3n de Malla Cicl\u00f3nica en Puerto de Boca Chica Dirigido a Mipyme.<\/p><p class=\"mb-0\" style=\"font-size: .85rem\"><strong title=\"Estado del Proceso\"><i class=\"fas fa-spinner\"><\/i><\/strong> Proceso desierto<\/p><p class=\"mb-0\" style=\"font-size: .85rem\"><strong title=\"Fecha de Publicaci\u00f3n\"><i class=\"fas fa-calendar-alt\"><\/i><\/strong> Publicado el mi\u00e9rcoles, 19 de mayo de 2021<\/p><\/div><div class=\"col-auto mt-md-0 mt-2\"><a class=\"btn btn-primary btn-lg px-lg-4 d-none d-md-block\" href=\"https:\/\/comunidad.comprasdominicana.gob.do\/\/Public\/Tendering\/OpportunityDetail\/Index?noticeUID=DO1.NTC.920039\" target=\"_blank\" title=\"Detalles\"><i class=\"fas fa-link\"><\/i> DETALLES<\/a><a class=\"btn btn-primary btn-lg px-lg-4 d-block d-md-none\" href=\"https:\/\/comunidad.comprasdominicana.gob.do\/\/Public\/Tendering\/OpportunityDetail\/Index?noticeUID=DO1.NTC.920039\" target=\"_blank\" title=\"Detalles\"><i class=\"fas fa-2x fa-link\"><\/i><\/a><\/div><\/div><\/div><\/div><\/div><\/div>\n        <div class=\"card\">\n            <div class=\"card-header parents\" id=\"heading_procedimientos-de-contrataci-n-dirigidos-a-las-micro-peque-as-y-medianas-empresas-mipymes--69eeee772d89c-2021-69eeee772d89c-abril-69eeee772d89c\">\n                <p class=\"title text-blue mb-0\">\n                    <a class=\"btn-block hover text-left collapsed\" data-toggle=\"collapse\" data-target=\"#collap_procedimientos-de-contrataci-n-dirigidos-a-las-micro-peque-as-y-medianas-empresas-mipymes--69eeee772d89c-2021-69eeee772d89c-abril-69eeee772d89c\" aria-expanded=\"false\" aria-controls=\"collap_procedimientos-de-contrataci-n-dirigidos-a-las-micro-peque-as-y-medianas-empresas-mipymes--69eeee772d89c-2021-69eeee772d89c-abril-69eeee772d89c\">Abril<\/a>\n                <\/p>\n            <\/div>\n            <div id=\"collap_procedimientos-de-contrataci-n-dirigidos-a-las-micro-peque-as-y-medianas-empresas-mipymes--69eeee772d89c-2021-69eeee772d89c-abril-69eeee772d89c\" class=\"collapse\" aria-labelledby=\"heading_procedimientos-de-contrataci-n-dirigidos-a-las-micro-peque-as-y-medianas-empresas-mipymes--69eeee772d89c-2021-69eeee772d89c-abril-69eeee772d89c\" data-parent=\"#collap_procedimientos-de-contrataci-n-dirigidos-a-las-micro-peque-as-y-medianas-empresas-mipymes--69eeee772d89c-2021-69eeee772d89c\">\n                <div class=\"card-body\"><div class=\"jumbotron archivos\"><div class=\"row align-items-center\"><div class=\"col\"><h6><a class=\"text-dark\" href=\"https:\/\/comunidad.comprasdominicana.gob.do\/\/Public\/Tendering\/OpportunityDetail\/Index?noticeUID=DO1.NTC.910241\" title=\"Ver\" target=\"_blank\">APORDOM-DAF-CM-2021-0018<\/a><\/h6><p class=\"mb-0 bold\">Adquisici\u00f3n de Suministros de Oficina para la Sede Principal de Autoridad Portuaria Dominicana, Dirigido a Mipymes, <\/p><p class=\"mb-0\" style=\"font-size: .85rem\"><strong title=\"Estado del Proceso\"><i class=\"fas fa-spinner\"><\/i><\/strong> Proceso adjudicado y celebrado<\/p><p class=\"mb-0\" style=\"font-size: .85rem\"><strong title=\"Fecha de Publicaci\u00f3n\"><i class=\"fas fa-calendar-alt\"><\/i><\/strong> Publicado el jueves, 29 de abril de 2021<\/p><\/div><div class=\"col-auto mt-md-0 mt-2\"><a class=\"btn btn-primary btn-lg px-lg-4 d-none d-md-block\" href=\"https:\/\/comunidad.comprasdominicana.gob.do\/\/Public\/Tendering\/OpportunityDetail\/Index?noticeUID=DO1.NTC.910241\" target=\"_blank\" title=\"Detalles\"><i class=\"fas fa-link\"><\/i> DETALLES<\/a><a class=\"btn btn-primary btn-lg px-lg-4 d-block d-md-none\" href=\"https:\/\/comunidad.comprasdominicana.gob.do\/\/Public\/Tendering\/OpportunityDetail\/Index?noticeUID=DO1.NTC.910241\" target=\"_blank\" title=\"Detalles\"><i class=\"fas fa-2x fa-link\"><\/i><\/a><\/div><\/div><\/div><div class=\"jumbotron archivos\"><div class=\"row align-items-center\"><div class=\"col\"><h6><a class=\"text-dark\" href=\"https:\/\/comunidad.comprasdominicana.gob.do\/\/Public\/Tendering\/OpportunityDetail\/Index?noticeUID=DO1.NTC.905234\" title=\"Ver\" target=\"_blank\">APORDOM-DAF-CM-2021-0023<\/a><\/h6><p class=\"mb-0 bold\">Adquisici\u00f3n de (T\u00e9, Caf\u00e9, Az\u00facar, Removedores y Vasos para Caf\u00e9) para el consumo de Autoridad Portuaria por 3 meses, dirigido a Mipymes,<\/p><p class=\"mb-0\" style=\"font-size: .85rem\"><strong title=\"Estado del Proceso\"><i class=\"fas fa-spinner\"><\/i><\/strong> Proceso adjudicado y celebrado<\/p><p class=\"mb-0\" style=\"font-size: .85rem\"><strong title=\"Fecha de Publicaci\u00f3n\"><i class=\"fas fa-calendar-alt\"><\/i><\/strong> Publicado el viernes, 23 de abril de 2021<\/p><\/div><div class=\"col-auto mt-md-0 mt-2\"><a class=\"btn btn-primary btn-lg px-lg-4 d-none d-md-block\" href=\"https:\/\/comunidad.comprasdominicana.gob.do\/\/Public\/Tendering\/OpportunityDetail\/Index?noticeUID=DO1.NTC.905234\" target=\"_blank\" title=\"Detalles\"><i class=\"fas fa-link\"><\/i> DETALLES<\/a><a class=\"btn btn-primary btn-lg px-lg-4 d-block d-md-none\" href=\"https:\/\/comunidad.comprasdominicana.gob.do\/\/Public\/Tendering\/OpportunityDetail\/Index?noticeUID=DO1.NTC.905234\" target=\"_blank\" title=\"Detalles\"><i class=\"fas fa-2x fa-link\"><\/i><\/a><\/div><\/div><\/div><\/div><\/div><\/div>\n        <div class=\"card\">\n            <div class=\"card-header parents\" id=\"heading_procedimientos-de-contrataci-n-dirigidos-a-las-micro-peque-as-y-medianas-empresas-mipymes--69eeee772d89c-2021-69eeee772d89c-marzo-69eeee772d89c\">\n                <p class=\"title text-blue mb-0\">\n                    <a class=\"btn-block hover text-left collapsed\" data-toggle=\"collapse\" data-target=\"#collap_procedimientos-de-contrataci-n-dirigidos-a-las-micro-peque-as-y-medianas-empresas-mipymes--69eeee772d89c-2021-69eeee772d89c-marzo-69eeee772d89c\" aria-expanded=\"false\" aria-controls=\"collap_procedimientos-de-contrataci-n-dirigidos-a-las-micro-peque-as-y-medianas-empresas-mipymes--69eeee772d89c-2021-69eeee772d89c-marzo-69eeee772d89c\">Marzo<\/a>\n                <\/p>\n            <\/div>\n            <div id=\"collap_procedimientos-de-contrataci-n-dirigidos-a-las-micro-peque-as-y-medianas-empresas-mipymes--69eeee772d89c-2021-69eeee772d89c-marzo-69eeee772d89c\" class=\"collapse\" aria-labelledby=\"heading_procedimientos-de-contrataci-n-dirigidos-a-las-micro-peque-as-y-medianas-empresas-mipymes--69eeee772d89c-2021-69eeee772d89c-marzo-69eeee772d89c\" data-parent=\"#collap_procedimientos-de-contrataci-n-dirigidos-a-las-micro-peque-as-y-medianas-empresas-mipymes--69eeee772d89c-2021-69eeee772d89c\">\n                <div class=\"card-body\"><div class=\"jumbotron archivos\"><div class=\"row align-items-center\"><div class=\"col\"><h6><a class=\"text-dark\" href=\"https:\/\/comunidad.comprasdominicana.gob.do\/\/Public\/Tendering\/OpportunityDetail\/Index?noticeUID=DO1.NTC.886814\" title=\"Ver\" target=\"_blank\">APORDOM-DAF-CM-2021-0006<\/a><\/h6><p class=\"mb-0 bold\">Adquisici\u00f3n de Garita prefabricada para ampliaci\u00f3n del peaje de la entrada de la Sede Principal de APORDOM. <\/p><p class=\"mb-0\" style=\"font-size: .85rem\"><strong title=\"Estado del Proceso\"><i class=\"fas fa-spinner\"><\/i><\/strong> Proceso adjudicado y celebrado<\/p><p class=\"mb-0\" style=\"font-size: .85rem\"><strong title=\"Fecha de Publicaci\u00f3n\"><i class=\"fas fa-calendar-alt\"><\/i><\/strong> Publicado el viernes, 12 de marzo de 2021<\/p><\/div><div class=\"col-auto mt-md-0 mt-2\"><a class=\"btn btn-primary btn-lg px-lg-4 d-none d-md-block\" href=\"https:\/\/comunidad.comprasdominicana.gob.do\/\/Public\/Tendering\/OpportunityDetail\/Index?noticeUID=DO1.NTC.886814\" target=\"_blank\" title=\"Detalles\"><i class=\"fas fa-link\"><\/i> DETALLES<\/a><a class=\"btn btn-primary btn-lg px-lg-4 d-block d-md-none\" href=\"https:\/\/comunidad.comprasdominicana.gob.do\/\/Public\/Tendering\/OpportunityDetail\/Index?noticeUID=DO1.NTC.886814\" target=\"_blank\" title=\"Detalles\"><i class=\"fas fa-2x fa-link\"><\/i><\/a><\/div><\/div><\/div><div class=\"jumbotron archivos\"><div class=\"row align-items-center\"><div class=\"col\"><h6><a class=\"text-dark\" href=\"https:\/\/comunidad.comprasdominicana.gob.do\/\/Public\/Tendering\/OpportunityDetail\/Index?noticeUID=DO1.NTC.885611\" title=\"Ver\" target=\"_blank\">APORDOM-UC-CD-2021-0014<\/a><\/h6><p class=\"mb-0 bold\">Adquisici\u00f3n de Cables de Red para Instalaci\u00f3n de Impresoras de la Sede Principal de Autoridad Portuaria Dominicana , dirigido a Mipymes.<\/p><p class=\"mb-0\" style=\"font-size: .85rem\"><strong title=\"Estado del Proceso\"><i class=\"fas fa-spinner\"><\/i><\/strong> Proceso adjudicado y celebrado<\/p><p class=\"mb-0\" style=\"font-size: .85rem\"><strong title=\"Fecha de Publicaci\u00f3n\"><i class=\"fas fa-calendar-alt\"><\/i><\/strong> Publicado el mi\u00e9rcoles, 10 de marzo de 2021<\/p><\/div><div class=\"col-auto mt-md-0 mt-2\"><a class=\"btn btn-primary btn-lg px-lg-4 d-none d-md-block\" href=\"https:\/\/comunidad.comprasdominicana.gob.do\/\/Public\/Tendering\/OpportunityDetail\/Index?noticeUID=DO1.NTC.885611\" target=\"_blank\" title=\"Detalles\"><i class=\"fas fa-link\"><\/i> DETALLES<\/a><a class=\"btn btn-primary btn-lg px-lg-4 d-block d-md-none\" href=\"https:\/\/comunidad.comprasdominicana.gob.do\/\/Public\/Tendering\/OpportunityDetail\/Index?noticeUID=DO1.NTC.885611\" target=\"_blank\" title=\"Detalles\"><i class=\"fas fa-2x fa-link\"><\/i><\/a><\/div><\/div><\/div><div class=\"jumbotron archivos\"><div class=\"row align-items-center\"><div class=\"col\"><h6><a class=\"text-dark\" href=\"https:\/\/comunidad.comprasdominicana.gob.do\/\/Public\/Tendering\/OpportunityDetail\/Index?noticeUID=DO1.NTC.880929\" title=\"Ver\" target=\"_blank\">APORDOM-UC-CD-2021-0012<\/a><\/h6><p class=\"mb-0 bold\">Contrataci\u00f3n De Servicio De Desayuno Para La Presentaci\u00f3n De Proyecto En El Puerto De Manzanillo, Dirigido a Mipymes.<\/p><p class=\"mb-0\" style=\"font-size: .85rem\"><strong title=\"Estado del Proceso\"><i class=\"fas fa-spinner\"><\/i><\/strong> Proceso adjudicado y celebrado<\/p><p class=\"mb-0\" style=\"font-size: .85rem\"><strong title=\"Fecha de Publicaci\u00f3n\"><i class=\"fas fa-calendar-alt\"><\/i><\/strong> Publicado el martes, 2 de marzo de 2021<\/p><\/div><div class=\"col-auto mt-md-0 mt-2\"><a class=\"btn btn-primary btn-lg px-lg-4 d-none d-md-block\" href=\"https:\/\/comunidad.comprasdominicana.gob.do\/\/Public\/Tendering\/OpportunityDetail\/Index?noticeUID=DO1.NTC.880929\" target=\"_blank\" title=\"Detalles\"><i class=\"fas fa-link\"><\/i> DETALLES<\/a><a class=\"btn btn-primary btn-lg px-lg-4 d-block d-md-none\" href=\"https:\/\/comunidad.comprasdominicana.gob.do\/\/Public\/Tendering\/OpportunityDetail\/Index?noticeUID=DO1.NTC.880929\" target=\"_blank\" title=\"Detalles\"><i class=\"fas fa-2x fa-link\"><\/i><\/a><\/div><\/div><\/div><div class=\"jumbotron archivos\"><div class=\"row align-items-center\"><div class=\"col\"><h6><a class=\"text-dark\" href=\"https:\/\/comunidad.comprasdominicana.gob.do\/\/Public\/Tendering\/OpportunityDetail\/Index?noticeUID=DO1.NTC.880729\" title=\"Ver\" target=\"_blank\">APORDOM-UC-CD-2021-0011<\/a><\/h6><p class=\"mb-0 bold\">Contrataci\u00f3n de Servicio de Montaje de Techo Truss y Refrigerio para la presentaci\u00f3n de proyecto en el puerto de Manzanillo, Dirigido a Mipymes.<\/p><p class=\"mb-0\" style=\"font-size: .85rem\"><strong title=\"Estado del Proceso\"><i class=\"fas fa-spinner\"><\/i><\/strong> Proceso adjudicado y celebrado<\/p><p class=\"mb-0\" style=\"font-size: .85rem\"><strong title=\"Fecha de Publicaci\u00f3n\"><i class=\"fas fa-calendar-alt\"><\/i><\/strong> Publicado el lunes, 1 de marzo de 2021<\/p><\/div><div class=\"col-auto mt-md-0 mt-2\"><a class=\"btn btn-primary btn-lg px-lg-4 d-none d-md-block\" href=\"https:\/\/comunidad.comprasdominicana.gob.do\/\/Public\/Tendering\/OpportunityDetail\/Index?noticeUID=DO1.NTC.880729\" target=\"_blank\" title=\"Detalles\"><i class=\"fas fa-link\"><\/i> DETALLES<\/a><a class=\"btn btn-primary btn-lg px-lg-4 d-block d-md-none\" href=\"https:\/\/comunidad.comprasdominicana.gob.do\/\/Public\/Tendering\/OpportunityDetail\/Index?noticeUID=DO1.NTC.880729\" target=\"_blank\" title=\"Detalles\"><i class=\"fas fa-2x fa-link\"><\/i><\/a><\/div><\/div><\/div><div class=\"jumbotron archivos\"><div class=\"row align-items-center\"><div class=\"col\"><h6><a class=\"text-dark\" href=\"https:\/\/comunidad.comprasdominicana.gob.do\/\/Public\/Tendering\/OpportunityDetail\/Index?noticeUID=DO1.NTC.880650\" title=\"Ver\" target=\"_blank\">APORDOM-UC-CD-2021-0010<\/a><\/h6><p class=\"mb-0 bold\">Adquisici\u00f3n De Pinturas Para Acondicionamiento de la Entrada Principal de APORDOM, dirigido a Mipymes.<\/p><p class=\"mb-0\" style=\"font-size: .85rem\"><strong title=\"Estado del Proceso\"><i class=\"fas fa-spinner\"><\/i><\/strong> Proceso adjudicado y celebrado<\/p><p class=\"mb-0\" style=\"font-size: .85rem\"><strong title=\"Fecha de Publicaci\u00f3n\"><i class=\"fas fa-calendar-alt\"><\/i><\/strong> Publicado el lunes, 1 de marzo de 2021<\/p><\/div><div class=\"col-auto mt-md-0 mt-2\"><a class=\"btn btn-primary btn-lg px-lg-4 d-none d-md-block\" href=\"https:\/\/comunidad.comprasdominicana.gob.do\/\/Public\/Tendering\/OpportunityDetail\/Index?noticeUID=DO1.NTC.880650\" target=\"_blank\" title=\"Detalles\"><i class=\"fas fa-link\"><\/i> DETALLES<\/a><a class=\"btn btn-primary btn-lg px-lg-4 d-block d-md-none\" href=\"https:\/\/comunidad.comprasdominicana.gob.do\/\/Public\/Tendering\/OpportunityDetail\/Index?noticeUID=DO1.NTC.880650\" target=\"_blank\" title=\"Detalles\"><i class=\"fas fa-2x fa-link\"><\/i><\/a><\/div><\/div><\/div><div class=\"jumbotron archivos\"><div class=\"row align-items-center\"><div class=\"col\"><h6><a class=\"text-dark\" href=\"https:\/\/comunidad.comprasdominicana.gob.do\/\/Public\/Tendering\/OpportunityDetail\/Index?noticeUID=DO1.NTC.880226\" title=\"Ver\" target=\"_blank\">APORDOM-DAF-CM-2021-0013<\/a><\/h6><p class=\"mb-0 bold\">Contrataci\u00f3n de servicio de alquiler de gr\u00faa canasta para la adecuaci\u00f3n del peaje de APORDOM<\/p><p class=\"mb-0\" style=\"font-size: .85rem\"><strong title=\"Estado del Proceso\"><i class=\"fas fa-spinner\"><\/i><\/strong> Proceso adjudicado y celebrado<\/p><p class=\"mb-0\" style=\"font-size: .85rem\"><strong title=\"Fecha de Publicaci\u00f3n\"><i class=\"fas fa-calendar-alt\"><\/i><\/strong> Publicado el lunes, 1 de marzo de 2021<\/p><\/div><div class=\"col-auto mt-md-0 mt-2\"><a class=\"btn btn-primary btn-lg px-lg-4 d-none d-md-block\" href=\"https:\/\/comunidad.comprasdominicana.gob.do\/\/Public\/Tendering\/OpportunityDetail\/Index?noticeUID=DO1.NTC.880226\" target=\"_blank\" title=\"Detalles\"><i class=\"fas fa-link\"><\/i> DETALLES<\/a><a class=\"btn btn-primary btn-lg px-lg-4 d-block d-md-none\" href=\"https:\/\/comunidad.comprasdominicana.gob.do\/\/Public\/Tendering\/OpportunityDetail\/Index?noticeUID=DO1.NTC.880226\" target=\"_blank\" title=\"Detalles\"><i class=\"fas fa-2x fa-link\"><\/i><\/a><\/div><\/div><\/div><\/div><\/div><\/div>\n        <div class=\"card\">\n            <div class=\"card-header parents\" id=\"heading_procedimientos-de-contrataci-n-dirigidos-a-las-micro-peque-as-y-medianas-empresas-mipymes--69eeee772d89c-2021-69eeee772d89c-febrero-69eeee772d89c\">\n                <p class=\"title text-blue mb-0\">\n                    <a class=\"btn-block hover text-left collapsed\" data-toggle=\"collapse\" data-target=\"#collap_procedimientos-de-contrataci-n-dirigidos-a-las-micro-peque-as-y-medianas-empresas-mipymes--69eeee772d89c-2021-69eeee772d89c-febrero-69eeee772d89c\" aria-expanded=\"false\" aria-controls=\"collap_procedimientos-de-contrataci-n-dirigidos-a-las-micro-peque-as-y-medianas-empresas-mipymes--69eeee772d89c-2021-69eeee772d89c-febrero-69eeee772d89c\">Febrero<\/a>\n                <\/p>\n            <\/div>\n            <div id=\"collap_procedimientos-de-contrataci-n-dirigidos-a-las-micro-peque-as-y-medianas-empresas-mipymes--69eeee772d89c-2021-69eeee772d89c-febrero-69eeee772d89c\" class=\"collapse\" aria-labelledby=\"heading_procedimientos-de-contrataci-n-dirigidos-a-las-micro-peque-as-y-medianas-empresas-mipymes--69eeee772d89c-2021-69eeee772d89c-febrero-69eeee772d89c\" data-parent=\"#collap_procedimientos-de-contrataci-n-dirigidos-a-las-micro-peque-as-y-medianas-empresas-mipymes--69eeee772d89c-2021-69eeee772d89c\">\n                <div class=\"card-body\"><div class=\"jumbotron archivos\"><div class=\"row align-items-center\"><div class=\"col\"><h6><a class=\"text-dark\" href=\"https:\/\/comunidad.comprasdominicana.gob.do\/\/Public\/Tendering\/OpportunityDetail\/Index?noticeUID=DO1.NTC.878126\" title=\"Ver\" target=\"_blank\">APORDOM-UC-CD-2021-0009<\/a><\/h6><p class=\"mb-0 bold\">Adquisici\u00f3n de B\u00e1scula Digital, Nevera Ejecutiva y Abanicos de Pared para la Sede Principal de Autoridad Portuaria Dominicana, Dirigido a Mipymes.<\/p><p class=\"mb-0\" style=\"font-size: .85rem\"><strong title=\"Estado del Proceso\"><i class=\"fas fa-spinner\"><\/i><\/strong> Proceso adjudicado y celebrado<\/p><p class=\"mb-0\" style=\"font-size: .85rem\"><strong title=\"Fecha de Publicaci\u00f3n\"><i class=\"fas fa-calendar-alt\"><\/i><\/strong> Publicado el martes, 23 de febrero de 2021<\/p><\/div><div class=\"col-auto mt-md-0 mt-2\"><a class=\"btn btn-primary btn-lg px-lg-4 d-none d-md-block\" href=\"https:\/\/comunidad.comprasdominicana.gob.do\/\/Public\/Tendering\/OpportunityDetail\/Index?noticeUID=DO1.NTC.878126\" target=\"_blank\" title=\"Detalles\"><i class=\"fas fa-link\"><\/i> DETALLES<\/a><a class=\"btn btn-primary btn-lg px-lg-4 d-block d-md-none\" href=\"https:\/\/comunidad.comprasdominicana.gob.do\/\/Public\/Tendering\/OpportunityDetail\/Index?noticeUID=DO1.NTC.878126\" target=\"_blank\" title=\"Detalles\"><i class=\"fas fa-2x fa-link\"><\/i><\/a><\/div><\/div><\/div><div class=\"jumbotron archivos\"><div class=\"row align-items-center\"><div class=\"col\"><h6><a class=\"text-dark\" href=\"https:\/\/comunidad.comprasdominicana.gob.do\/\/Public\/Tendering\/OpportunityDetail\/Index?noticeUID=DO1.NTC.875433\" title=\"Ver\" target=\"_blank\">APORDOM-UC-CD-2021-0008<\/a><\/h6><p class=\"mb-0 bold\">Adquisici\u00f3n de una Unidad de Aire Acondicionado para la Cooperativa de APORDOM Dirigido a MIPYMES.\n<\/p><p class=\"mb-0\" style=\"font-size: .85rem\"><strong title=\"Estado del Proceso\"><i class=\"fas fa-spinner\"><\/i><\/strong> Proceso adjudicado y celebrado<\/p><p class=\"mb-0\" style=\"font-size: .85rem\"><strong title=\"Fecha de Publicaci\u00f3n\"><i class=\"fas fa-calendar-alt\"><\/i><\/strong> Publicado el mi\u00e9rcoles, 17 de febrero de 2021<\/p><\/div><div class=\"col-auto mt-md-0 mt-2\"><a class=\"btn btn-primary btn-lg px-lg-4 d-none d-md-block\" href=\"https:\/\/comunidad.comprasdominicana.gob.do\/\/Public\/Tendering\/OpportunityDetail\/Index?noticeUID=DO1.NTC.875433\" target=\"_blank\" title=\"Detalles\"><i class=\"fas fa-link\"><\/i> DETALLES<\/a><a class=\"btn btn-primary btn-lg px-lg-4 d-block d-md-none\" href=\"https:\/\/comunidad.comprasdominicana.gob.do\/\/Public\/Tendering\/OpportunityDetail\/Index?noticeUID=DO1.NTC.875433\" target=\"_blank\" title=\"Detalles\"><i class=\"fas fa-2x fa-link\"><\/i><\/a><\/div><\/div><\/div><div class=\"jumbotron archivos\"><div class=\"row align-items-center\"><div class=\"col\"><h6><a class=\"text-dark\" href=\"https:\/\/comunidad.comprasdominicana.gob.do\/\/Public\/Tendering\/OpportunityDetail\/Index?noticeUID=DO1.NTC.874618\" title=\"Ver\" target=\"_blank\">APORDOM-UC-CD-2021-0006<\/a><\/h6><p class=\"mb-0 bold\">Adquisici\u00f3n De M\u00e1quinas Sumadoras Para APORDOM , Dirigido a Mipyme Mujer.<\/p><p class=\"mb-0\" style=\"font-size: .85rem\"><strong title=\"Estado del Proceso\"><i class=\"fas fa-spinner\"><\/i><\/strong> Proceso adjudicado y celebrado<\/p><p class=\"mb-0\" style=\"font-size: .85rem\"><strong title=\"Fecha de Publicaci\u00f3n\"><i class=\"fas fa-calendar-alt\"><\/i><\/strong> Publicado el lunes, 15 de febrero de 2021<\/p><\/div><div class=\"col-auto mt-md-0 mt-2\"><a class=\"btn btn-primary btn-lg px-lg-4 d-none d-md-block\" href=\"https:\/\/comunidad.comprasdominicana.gob.do\/\/Public\/Tendering\/OpportunityDetail\/Index?noticeUID=DO1.NTC.874618\" target=\"_blank\" title=\"Detalles\"><i class=\"fas fa-link\"><\/i> DETALLES<\/a><a class=\"btn btn-primary btn-lg px-lg-4 d-block d-md-none\" href=\"https:\/\/comunidad.comprasdominicana.gob.do\/\/Public\/Tendering\/OpportunityDetail\/Index?noticeUID=DO1.NTC.874618\" target=\"_blank\" title=\"Detalles\"><i class=\"fas fa-2x fa-link\"><\/i><\/a><\/div><\/div><\/div><\/div><\/div><\/div>\n        <div class=\"card\">\n            <div class=\"card-header parents\" id=\"heading_procedimientos-de-contrataci-n-dirigidos-a-las-micro-peque-as-y-medianas-empresas-mipymes--69eeee772d89c-2021-69eeee772d89c-enero-69eeee772d89c\">\n                <p class=\"title text-blue mb-0\">\n                    <a class=\"btn-block hover text-left collapsed\" data-toggle=\"collapse\" data-target=\"#collap_procedimientos-de-contrataci-n-dirigidos-a-las-micro-peque-as-y-medianas-empresas-mipymes--69eeee772d89c-2021-69eeee772d89c-enero-69eeee772d89c\" aria-expanded=\"false\" aria-controls=\"collap_procedimientos-de-contrataci-n-dirigidos-a-las-micro-peque-as-y-medianas-empresas-mipymes--69eeee772d89c-2021-69eeee772d89c-enero-69eeee772d89c\">Enero<\/a>\n                <\/p>\n            <\/div>\n            <div id=\"collap_procedimientos-de-contrataci-n-dirigidos-a-las-micro-peque-as-y-medianas-empresas-mipymes--69eeee772d89c-2021-69eeee772d89c-enero-69eeee772d89c\" class=\"collapse\" aria-labelledby=\"heading_procedimientos-de-contrataci-n-dirigidos-a-las-micro-peque-as-y-medianas-empresas-mipymes--69eeee772d89c-2021-69eeee772d89c-enero-69eeee772d89c\" data-parent=\"#collap_procedimientos-de-contrataci-n-dirigidos-a-las-micro-peque-as-y-medianas-empresas-mipymes--69eeee772d89c-2021-69eeee772d89c\">\n                <div class=\"card-body\"><div class=\"jumbotron archivos\"><div class=\"row align-items-center\"><div class=\"col\"><h6><a class=\"text-dark\" href=\"https:\/\/comunidad.comprasdominicana.gob.do\/\/Public\/Tendering\/OpportunityDetail\/Index?noticeUID=DO1.NTC.866118\" title=\"Ver\" target=\"_blank\">APORDOM-UC-CD-2021-0002<\/a><\/h6><p class=\"mb-0 bold\">Adquisici\u00f3n de (T\u00e9, Caf\u00e9, Az\u00facar, Crema para Caf\u00e9 y Vasos para Caf\u00e9) para el consumo de Autoridad Portuaria por 3 meses, Dirigido a MIPYMES.<\/p><p class=\"mb-0\" style=\"font-size: .85rem\"><strong title=\"Estado del Proceso\"><i class=\"fas fa-spinner\"><\/i><\/strong> Proceso adjudicado y celebrado<\/p><p class=\"mb-0\" style=\"font-size: .85rem\"><strong title=\"Fecha de Publicaci\u00f3n\"><i class=\"fas fa-calendar-alt\"><\/i><\/strong> Publicado el martes, 26 de enero de 2021<\/p><\/div><div class=\"col-auto mt-md-0 mt-2\"><a class=\"btn btn-primary btn-lg px-lg-4 d-none d-md-block\" href=\"https:\/\/comunidad.comprasdominicana.gob.do\/\/Public\/Tendering\/OpportunityDetail\/Index?noticeUID=DO1.NTC.866118\" target=\"_blank\" title=\"Detalles\"><i class=\"fas fa-link\"><\/i> DETALLES<\/a><a class=\"btn btn-primary btn-lg px-lg-4 d-block d-md-none\" href=\"https:\/\/comunidad.comprasdominicana.gob.do\/\/Public\/Tendering\/OpportunityDetail\/Index?noticeUID=DO1.NTC.866118\" target=\"_blank\" title=\"Detalles\"><i class=\"fas fa-2x fa-link\"><\/i><\/a><\/div><\/div><\/div><div class=\"jumbotron archivos\"><div class=\"row align-items-center\"><div class=\"col\"><h6><a class=\"text-dark\" href=\"https:\/\/comunidad.comprasdominicana.gob.do\/\/Public\/Tendering\/OpportunityDetail\/Index?noticeUID=DO1.NTC.866310\" title=\"Ver\" target=\"_blank\">APORDOM-DAF-CM-2021-0001<\/a><\/h6><p class=\"mb-0 bold\">Adquisici\u00f3n de Suministros de Oficina para la Sede Principal de Autoridad Portuaria Dominicana por un periodo de 3 meses, Dirigido a Mipymes<\/p><p class=\"mb-0\" style=\"font-size: .85rem\"><strong title=\"Estado del Proceso\"><i class=\"fas fa-spinner\"><\/i><\/strong> Proceso adjudicado y celebrado<\/p><p class=\"mb-0\" style=\"font-size: .85rem\"><strong title=\"Fecha de Publicaci\u00f3n\"><i class=\"fas fa-calendar-alt\"><\/i><\/strong> Publicado el martes, 26 de enero de 2021<\/p><\/div><div class=\"col-auto mt-md-0 mt-2\"><a class=\"btn btn-primary btn-lg px-lg-4 d-none d-md-block\" href=\"https:\/\/comunidad.comprasdominicana.gob.do\/\/Public\/Tendering\/OpportunityDetail\/Index?noticeUID=DO1.NTC.866310\" target=\"_blank\" title=\"Detalles\"><i class=\"fas fa-link\"><\/i> DETALLES<\/a><a class=\"btn btn-primary btn-lg px-lg-4 d-block d-md-none\" href=\"https:\/\/comunidad.comprasdominicana.gob.do\/\/Public\/Tendering\/OpportunityDetail\/Index?noticeUID=DO1.NTC.866310\" target=\"_blank\" title=\"Detalles\"><i class=\"fas fa-2x fa-link\"><\/i><\/a><\/div><\/div><\/div><\/div><\/div><\/div><\/div><\/div><\/div>\n        <div class=\"card\">\n            <div class=\"card-header parents\" id=\"heading_procedimientos-de-contrataci-n-dirigidos-a-las-micro-peque-as-y-medianas-empresas-mipymes--69eeee772d89c-2020-69eeee772d89c\">\n                <p class=\"title text-blue mb-0\">\n                    <a class=\"btn-block hover text-left collapsed\" data-toggle=\"collapse\" data-target=\"#collap_procedimientos-de-contrataci-n-dirigidos-a-las-micro-peque-as-y-medianas-empresas-mipymes--69eeee772d89c-2020-69eeee772d89c\" aria-expanded=\"false\" aria-controls=\"collap_procedimientos-de-contrataci-n-dirigidos-a-las-micro-peque-as-y-medianas-empresas-mipymes--69eeee772d89c-2020-69eeee772d89c\">2020<\/a>\n                <\/p>\n            <\/div>\n            <div id=\"collap_procedimientos-de-contrataci-n-dirigidos-a-las-micro-peque-as-y-medianas-empresas-mipymes--69eeee772d89c-2020-69eeee772d89c\" class=\"collapse\" aria-labelledby=\"heading_procedimientos-de-contrataci-n-dirigidos-a-las-micro-peque-as-y-medianas-empresas-mipymes--69eeee772d89c-2020-69eeee772d89c\" data-parent=\"#collap_procedimientos-de-contrataci-n-dirigidos-a-las-micro-peque-as-y-medianas-empresas-mipymes--69eeee772d89c\">\n                <div class=\"card-body\">\n        <div class=\"card\">\n            <div class=\"card-header parents\" id=\"heading_procedimientos-de-contrataci-n-dirigidos-a-las-micro-peque-as-y-medianas-empresas-mipymes--69eeee772d89c-2020-69eeee772d89c-diciembre-69eeee772d89c\">\n                <p class=\"title text-blue mb-0\">\n                    <a class=\"btn-block hover text-left collapsed\" data-toggle=\"collapse\" data-target=\"#collap_procedimientos-de-contrataci-n-dirigidos-a-las-micro-peque-as-y-medianas-empresas-mipymes--69eeee772d89c-2020-69eeee772d89c-diciembre-69eeee772d89c\" aria-expanded=\"false\" aria-controls=\"collap_procedimientos-de-contrataci-n-dirigidos-a-las-micro-peque-as-y-medianas-empresas-mipymes--69eeee772d89c-2020-69eeee772d89c-diciembre-69eeee772d89c\">Diciembre<\/a>\n                <\/p>\n            <\/div>\n            <div id=\"collap_procedimientos-de-contrataci-n-dirigidos-a-las-micro-peque-as-y-medianas-empresas-mipymes--69eeee772d89c-2020-69eeee772d89c-diciembre-69eeee772d89c\" class=\"collapse\" aria-labelledby=\"heading_procedimientos-de-contrataci-n-dirigidos-a-las-micro-peque-as-y-medianas-empresas-mipymes--69eeee772d89c-2020-69eeee772d89c-diciembre-69eeee772d89c\" data-parent=\"#collap_procedimientos-de-contrataci-n-dirigidos-a-las-micro-peque-as-y-medianas-empresas-mipymes--69eeee772d89c-2020-69eeee772d89c\">\n                <div class=\"card-body\"><div class=\"jumbotron archivos\"><div class=\"row align-items-center\"><div class=\"col\"><h6><a class=\"text-dark\" href=\"https:\/\/comunidad.comprasdominicana.gob.do\/\/Public\/Tendering\/OpportunityDetail\/Index?noticeUID=DO1.NTC.854234\" title=\"Ver\" target=\"_blank\">APORDOM-DAF-CM-2020-0040<\/a><\/h6><p class=\"mb-0 bold\">Adquisici\u00f3n de suministros para la prevenci\u00f3n del COVID-19 para los colaboradores de APORDOM, dirigido a Mipymes<\/p><p class=\"mb-0\" style=\"font-size: .85rem\"><strong title=\"Estado del Proceso\"><i class=\"fas fa-spinner\"><\/i><\/strong> Proceso adjudicado y celebrado<\/p><p class=\"mb-0\" style=\"font-size: .85rem\"><strong title=\"Fecha de Publicaci\u00f3n\"><i class=\"fas fa-calendar-alt\"><\/i><\/strong> Publicado el lunes, 21 de diciembre de 2020<\/p><\/div><div class=\"col-auto mt-md-0 mt-2\"><a class=\"btn btn-primary btn-lg px-lg-4 d-none d-md-block\" href=\"https:\/\/comunidad.comprasdominicana.gob.do\/\/Public\/Tendering\/OpportunityDetail\/Index?noticeUID=DO1.NTC.854234\" target=\"_blank\" title=\"Detalles\"><i class=\"fas fa-link\"><\/i> DETALLES<\/a><a class=\"btn btn-primary btn-lg px-lg-4 d-block d-md-none\" href=\"https:\/\/comunidad.comprasdominicana.gob.do\/\/Public\/Tendering\/OpportunityDetail\/Index?noticeUID=DO1.NTC.854234\" target=\"_blank\" title=\"Detalles\"><i class=\"fas fa-2x fa-link\"><\/i><\/a><\/div><\/div><\/div><div class=\"jumbotron archivos\"><div class=\"row align-items-center\"><div class=\"col\"><h6><a class=\"text-dark\" href=\"https:\/\/comunidad.comprasdominicana.gob.do\/\/Public\/Tendering\/OpportunityDetail\/Index?noticeUID=DO1.NTC.852942\" title=\"Ver\" target=\"_blank\">APORDOM-UC-CD-2020-0034<\/a><\/h6><p class=\"mb-0 bold\">Servicio de Refrigerio para Eucarist\u00eda, dirigido a Mipyme, del \u00edtem Desierto No.1 del proceso Ref.: APORDOM-DAF-CM-2020-0029  <\/p><p class=\"mb-0\" style=\"font-size: .85rem\"><strong title=\"Estado del Proceso\"><i class=\"fas fa-spinner\"><\/i><\/strong> Proceso adjudicado y celebrado<\/p><p class=\"mb-0\" style=\"font-size: .85rem\"><strong title=\"Fecha de Publicaci\u00f3n\"><i class=\"fas fa-calendar-alt\"><\/i><\/strong> Publicado el jueves, 17 de diciembre de 2020<\/p><\/div><div class=\"col-auto mt-md-0 mt-2\"><a class=\"btn btn-primary btn-lg px-lg-4 d-none d-md-block\" href=\"https:\/\/comunidad.comprasdominicana.gob.do\/\/Public\/Tendering\/OpportunityDetail\/Index?noticeUID=DO1.NTC.852942\" target=\"_blank\" title=\"Detalles\"><i class=\"fas fa-link\"><\/i> DETALLES<\/a><a class=\"btn btn-primary btn-lg px-lg-4 d-block d-md-none\" href=\"https:\/\/comunidad.comprasdominicana.gob.do\/\/Public\/Tendering\/OpportunityDetail\/Index?noticeUID=DO1.NTC.852942\" target=\"_blank\" title=\"Detalles\"><i class=\"fas fa-2x fa-link\"><\/i><\/a><\/div><\/div><\/div><div class=\"jumbotron archivos\"><div class=\"row align-items-center\"><div class=\"col\"><h6><a class=\"text-dark\" href=\"https:\/\/comunidad.comprasdominicana.gob.do\/\/Public\/Tendering\/OpportunityDetail\/Index?noticeUID=DO1.NTC.851806\" title=\"Ver\" target=\"_blank\">APORDOM-DAF-CM-2020-0039<\/a><\/h6><p class=\"mb-0 bold\"> Adquisici\u00f3n de art\u00edculos promocionales alusivos al 50 aniversario de la Instituci\u00f3n, Dirigido a Mipymes.<\/p><p class=\"mb-0\" style=\"font-size: .85rem\"><strong title=\"Estado del Proceso\"><i class=\"fas fa-spinner\"><\/i><\/strong> Proceso adjudicado y celebrado<\/p><p class=\"mb-0\" style=\"font-size: .85rem\"><strong title=\"Fecha de Publicaci\u00f3n\"><i class=\"fas fa-calendar-alt\"><\/i><\/strong> Publicado el martes, 15 de diciembre de 2020<\/p><\/div><div class=\"col-auto mt-md-0 mt-2\"><a class=\"btn btn-primary btn-lg px-lg-4 d-none d-md-block\" href=\"https:\/\/comunidad.comprasdominicana.gob.do\/\/Public\/Tendering\/OpportunityDetail\/Index?noticeUID=DO1.NTC.851806\" target=\"_blank\" title=\"Detalles\"><i class=\"fas fa-link\"><\/i> DETALLES<\/a><a class=\"btn btn-primary btn-lg px-lg-4 d-block d-md-none\" href=\"https:\/\/comunidad.comprasdominicana.gob.do\/\/Public\/Tendering\/OpportunityDetail\/Index?noticeUID=DO1.NTC.851806\" target=\"_blank\" title=\"Detalles\"><i class=\"fas fa-2x fa-link\"><\/i><\/a><\/div><\/div><\/div><div class=\"jumbotron archivos\"><div class=\"row align-items-center\"><div class=\"col\"><h6><a class=\"text-dark\" href=\"https:\/\/comunidad.comprasdominicana.gob.do\/\/Public\/Tendering\/OpportunityDetail\/Index?noticeUID=DO1.NTC.845835\" title=\"Ver\" target=\"_blank\">APORDOM-UC-CD-2020-0029<\/a><\/h6><p class=\"mb-0 bold\">Contrataci\u00f3n del servicio de organizaci\u00f3n correspondiente a la actividad con Medios de Comunicaci\u00f3n en el Puerto San Pedro de Macor\u00eds , dirigido a Mipymes<\/p><p class=\"mb-0\" style=\"font-size: .85rem\"><strong title=\"Estado del Proceso\"><i class=\"fas fa-spinner\"><\/i><\/strong> Proceso adjudicado y celebrado<\/p><p class=\"mb-0\" style=\"font-size: .85rem\"><strong title=\"Fecha de Publicaci\u00f3n\"><i class=\"fas fa-calendar-alt\"><\/i><\/strong> Publicado el martes, 1 de diciembre de 2020<\/p><\/div><div class=\"col-auto mt-md-0 mt-2\"><a class=\"btn btn-primary btn-lg px-lg-4 d-none d-md-block\" href=\"https:\/\/comunidad.comprasdominicana.gob.do\/\/Public\/Tendering\/OpportunityDetail\/Index?noticeUID=DO1.NTC.845835\" target=\"_blank\" title=\"Detalles\"><i class=\"fas fa-link\"><\/i> DETALLES<\/a><a class=\"btn btn-primary btn-lg px-lg-4 d-block d-md-none\" href=\"https:\/\/comunidad.comprasdominicana.gob.do\/\/Public\/Tendering\/OpportunityDetail\/Index?noticeUID=DO1.NTC.845835\" target=\"_blank\" title=\"Detalles\"><i class=\"fas fa-2x fa-link\"><\/i><\/a><\/div><\/div><\/div><\/div><\/div><\/div>\n        <div class=\"card\">\n            <div class=\"card-header parents\" id=\"heading_procedimientos-de-contrataci-n-dirigidos-a-las-micro-peque-as-y-medianas-empresas-mipymes--69eeee772d89c-2020-69eeee772d89c-noviembre-69eeee772d89c\">\n                <p class=\"title text-blue mb-0\">\n                    <a class=\"btn-block hover text-left collapsed\" data-toggle=\"collapse\" data-target=\"#collap_procedimientos-de-contrataci-n-dirigidos-a-las-micro-peque-as-y-medianas-empresas-mipymes--69eeee772d89c-2020-69eeee772d89c-noviembre-69eeee772d89c\" aria-expanded=\"false\" aria-controls=\"collap_procedimientos-de-contrataci-n-dirigidos-a-las-micro-peque-as-y-medianas-empresas-mipymes--69eeee772d89c-2020-69eeee772d89c-noviembre-69eeee772d89c\">Noviembre<\/a>\n                <\/p>\n            <\/div>\n            <div id=\"collap_procedimientos-de-contrataci-n-dirigidos-a-las-micro-peque-as-y-medianas-empresas-mipymes--69eeee772d89c-2020-69eeee772d89c-noviembre-69eeee772d89c\" class=\"collapse\" aria-labelledby=\"heading_procedimientos-de-contrataci-n-dirigidos-a-las-micro-peque-as-y-medianas-empresas-mipymes--69eeee772d89c-2020-69eeee772d89c-noviembre-69eeee772d89c\" data-parent=\"#collap_procedimientos-de-contrataci-n-dirigidos-a-las-micro-peque-as-y-medianas-empresas-mipymes--69eeee772d89c-2020-69eeee772d89c\">\n                <div class=\"card-body\"><div class=\"jumbotron archivos\"><div class=\"row align-items-center\"><div class=\"col\"><h6><a class=\"text-dark\" href=\"https:\/\/comunidad.comprasdominicana.gob.do\/\/Public\/Tendering\/OpportunityDetail\/Index?noticeUID=DO1.NTC.843940\" title=\"Ver\" target=\"_blank\">APORDOM-UC-CD-2020-0028<\/a><\/h6><p class=\"mb-0 bold\">Adquisici\u00f3n de bocina port\u00e1til para uso en reuniones virtuales.<\/p><p class=\"mb-0\" style=\"font-size: .85rem\"><strong title=\"Estado del Proceso\"><i class=\"fas fa-spinner\"><\/i><\/strong> Proceso adjudicado y celebrado<\/p><p class=\"mb-0\" style=\"font-size: .85rem\"><strong title=\"Fecha de Publicaci\u00f3n\"><i class=\"fas fa-calendar-alt\"><\/i><\/strong> Publicado el jueves, 26 de noviembre de 2020<\/p><\/div><div class=\"col-auto mt-md-0 mt-2\"><a class=\"btn btn-primary btn-lg px-lg-4 d-none d-md-block\" href=\"https:\/\/comunidad.comprasdominicana.gob.do\/\/Public\/Tendering\/OpportunityDetail\/Index?noticeUID=DO1.NTC.843940\" target=\"_blank\" title=\"Detalles\"><i class=\"fas fa-link\"><\/i> DETALLES<\/a><a class=\"btn btn-primary btn-lg px-lg-4 d-block d-md-none\" href=\"https:\/\/comunidad.comprasdominicana.gob.do\/\/Public\/Tendering\/OpportunityDetail\/Index?noticeUID=DO1.NTC.843940\" target=\"_blank\" title=\"Detalles\"><i class=\"fas fa-2x fa-link\"><\/i><\/a><\/div><\/div><\/div><div class=\"jumbotron archivos\"><div class=\"row align-items-center\"><div class=\"col\"><h6><a class=\"text-dark\" href=\"https:\/\/comunidad.comprasdominicana.gob.do\/\/Public\/Tendering\/OpportunityDetail\/Index?noticeUID=DO1.NTC.842930\" title=\"Ver\" target=\"_blank\">APORDOM-DAF-CM-2020-0033<\/a><\/h6><p class=\"mb-0 bold\">Adquisici\u00f3n de suministro de oficina para la Sede Principal de Autoridad Portuaria Dominicana, Dirigido a Mipymes.<\/p><p class=\"mb-0\" style=\"font-size: .85rem\"><strong title=\"Estado del Proceso\"><i class=\"fas fa-spinner\"><\/i><\/strong> Proceso adjudicado y celebrado<\/p><p class=\"mb-0\" style=\"font-size: .85rem\"><strong title=\"Fecha de Publicaci\u00f3n\"><i class=\"fas fa-calendar-alt\"><\/i><\/strong> Publicado el martes, 24 de noviembre de 2020<\/p><\/div><div class=\"col-auto mt-md-0 mt-2\"><a class=\"btn btn-primary btn-lg px-lg-4 d-none d-md-block\" href=\"https:\/\/comunidad.comprasdominicana.gob.do\/\/Public\/Tendering\/OpportunityDetail\/Index?noticeUID=DO1.NTC.842930\" target=\"_blank\" title=\"Detalles\"><i class=\"fas fa-link\"><\/i> DETALLES<\/a><a class=\"btn btn-primary btn-lg px-lg-4 d-block d-md-none\" href=\"https:\/\/comunidad.comprasdominicana.gob.do\/\/Public\/Tendering\/OpportunityDetail\/Index?noticeUID=DO1.NTC.842930\" target=\"_blank\" title=\"Detalles\"><i class=\"fas fa-2x fa-link\"><\/i><\/a><\/div><\/div><\/div><div class=\"jumbotron archivos\"><div class=\"row align-items-center\"><div class=\"col\"><h6><a class=\"text-dark\" href=\"https:\/\/comunidad.comprasdominicana.gob.do\/\/Public\/Tendering\/OpportunityDetail\/Index?noticeUID=DO1.NTC.839249\" title=\"Ver\" target=\"_blank\">APORDOM-DAF-CM-2020-0030<\/a><\/h6><p class=\"mb-0 bold\">Adquisici\u00f3n de extintores y accesorios para extintores  para la Sede Principal de Autoridad Portuaria Dominicana, Dirigido a Mipymes.<\/p><p class=\"mb-0\" style=\"font-size: .85rem\"><strong title=\"Estado del Proceso\"><i class=\"fas fa-spinner\"><\/i><\/strong> Proceso adjudicado y celebrado<\/p><p class=\"mb-0\" style=\"font-size: .85rem\"><strong title=\"Fecha de Publicaci\u00f3n\"><i class=\"fas fa-calendar-alt\"><\/i><\/strong> Publicado el lunes, 16 de noviembre de 2020<\/p><\/div><div class=\"col-auto mt-md-0 mt-2\"><a class=\"btn btn-primary btn-lg px-lg-4 d-none d-md-block\" href=\"https:\/\/comunidad.comprasdominicana.gob.do\/\/Public\/Tendering\/OpportunityDetail\/Index?noticeUID=DO1.NTC.839249\" target=\"_blank\" title=\"Detalles\"><i class=\"fas fa-link\"><\/i> DETALLES<\/a><a class=\"btn btn-primary btn-lg px-lg-4 d-block d-md-none\" href=\"https:\/\/comunidad.comprasdominicana.gob.do\/\/Public\/Tendering\/OpportunityDetail\/Index?noticeUID=DO1.NTC.839249\" target=\"_blank\" title=\"Detalles\"><i class=\"fas fa-2x fa-link\"><\/i><\/a><\/div><\/div><\/div><\/div><\/div><\/div>\n        <div class=\"card\">\n            <div class=\"card-header parents\" id=\"heading_procedimientos-de-contrataci-n-dirigidos-a-las-micro-peque-as-y-medianas-empresas-mipymes--69eeee772d89c-2020-69eeee772d89c-octubre-69eeee772d89c\">\n                <p class=\"title text-blue mb-0\">\n                    <a class=\"btn-block hover text-left collapsed\" data-toggle=\"collapse\" data-target=\"#collap_procedimientos-de-contrataci-n-dirigidos-a-las-micro-peque-as-y-medianas-empresas-mipymes--69eeee772d89c-2020-69eeee772d89c-octubre-69eeee772d89c\" aria-expanded=\"false\" aria-controls=\"collap_procedimientos-de-contrataci-n-dirigidos-a-las-micro-peque-as-y-medianas-empresas-mipymes--69eeee772d89c-2020-69eeee772d89c-octubre-69eeee772d89c\">Octubre<\/a>\n                <\/p>\n            <\/div>\n            <div id=\"collap_procedimientos-de-contrataci-n-dirigidos-a-las-micro-peque-as-y-medianas-empresas-mipymes--69eeee772d89c-2020-69eeee772d89c-octubre-69eeee772d89c\" class=\"collapse\" aria-labelledby=\"heading_procedimientos-de-contrataci-n-dirigidos-a-las-micro-peque-as-y-medianas-empresas-mipymes--69eeee772d89c-2020-69eeee772d89c-octubre-69eeee772d89c\" data-parent=\"#collap_procedimientos-de-contrataci-n-dirigidos-a-las-micro-peque-as-y-medianas-empresas-mipymes--69eeee772d89c-2020-69eeee772d89c\">\n                <div class=\"card-body\"><div class=\"jumbotron archivos\"><div class=\"row align-items-center\"><div class=\"col\"><h6><a class=\"text-dark\" href=\"https:\/\/comunidad.comprasdominicana.gob.do\/\/Public\/Tendering\/OpportunityDetail\/Index?noticeUID=DO1.NTC.831434\" title=\"Ver\" target=\"_blank\">APORDOM-DAF-CM-2020-0026<\/a><\/h6><p class=\"mb-0 bold\">Adquisici\u00f3n de sellos, talonarios y material impreso para uso en la Autoridad Portuaria Dominicana por un per\u00edodo de 8 meses, Dirigido a MIPYMES.<\/p><p class=\"mb-0\" style=\"font-size: .85rem\"><strong title=\"Estado del Proceso\"><i class=\"fas fa-spinner\"><\/i><\/strong> Proceso adjudicado y celebrado<\/p><p class=\"mb-0\" style=\"font-size: .85rem\"><strong title=\"Fecha de Publicaci\u00f3n\"><i class=\"fas fa-calendar-alt\"><\/i><\/strong> Publicado el mi\u00e9rcoles, 28 de octubre de 2020<\/p><\/div><div class=\"col-auto mt-md-0 mt-2\"><a class=\"btn btn-primary btn-lg px-lg-4 d-none d-md-block\" href=\"https:\/\/comunidad.comprasdominicana.gob.do\/\/Public\/Tendering\/OpportunityDetail\/Index?noticeUID=DO1.NTC.831434\" target=\"_blank\" title=\"Detalles\"><i class=\"fas fa-link\"><\/i> DETALLES<\/a><a class=\"btn btn-primary btn-lg px-lg-4 d-block d-md-none\" href=\"https:\/\/comunidad.comprasdominicana.gob.do\/\/Public\/Tendering\/OpportunityDetail\/Index?noticeUID=DO1.NTC.831434\" target=\"_blank\" title=\"Detalles\"><i class=\"fas fa-2x fa-link\"><\/i><\/a><\/div><\/div><\/div><div class=\"jumbotron archivos\"><div class=\"row align-items-center\"><div class=\"col\"><h6><a class=\"text-dark\" href=\"https:\/\/comunidad.comprasdominicana.gob.do\/\/Public\/Tendering\/OpportunityDetail\/Index?noticeUID=DO1.NTC.830218\" title=\"Ver\" target=\"_blank\">APORDOM-UC-CD-2020-0023<\/a><\/h6><p class=\"mb-0 bold\">Adquisici\u00f3n de (T\u00e9 , Caf\u00e9 , Az\u00facar y Crema para Caf\u00e9) para el consumo de Autoridad Portuaria por 3 meses , Dirigido a MIPYMES.<\/p><p class=\"mb-0\" style=\"font-size: .85rem\"><strong title=\"Estado del Proceso\"><i class=\"fas fa-spinner\"><\/i><\/strong> Proceso adjudicado y celebrado<\/p><p class=\"mb-0\" style=\"font-size: .85rem\"><strong title=\"Fecha de Publicaci\u00f3n\"><i class=\"fas fa-calendar-alt\"><\/i><\/strong> Publicado el lunes, 26 de octubre de 2020<\/p><\/div><div class=\"col-auto mt-md-0 mt-2\"><a class=\"btn btn-primary btn-lg px-lg-4 d-none d-md-block\" href=\"https:\/\/comunidad.comprasdominicana.gob.do\/\/Public\/Tendering\/OpportunityDetail\/Index?noticeUID=DO1.NTC.830218\" target=\"_blank\" title=\"Detalles\"><i class=\"fas fa-link\"><\/i> DETALLES<\/a><a class=\"btn btn-primary btn-lg px-lg-4 d-block d-md-none\" href=\"https:\/\/comunidad.comprasdominicana.gob.do\/\/Public\/Tendering\/OpportunityDetail\/Index?noticeUID=DO1.NTC.830218\" target=\"_blank\" title=\"Detalles\"><i class=\"fas fa-2x fa-link\"><\/i><\/a><\/div><\/div><\/div><div class=\"jumbotron archivos\"><div class=\"row align-items-center\"><div class=\"col\"><h6><a class=\"text-dark\" href=\"https:\/\/comunidad.comprasdominicana.gob.do\/\/Public\/Tendering\/OpportunityDetail\/Index?noticeUID=DO1.NTC.826331\" title=\"Ver\" target=\"_blank\">APORDOM-DAF-CM-2020-0025<\/a><\/h6><p class=\"mb-0 bold\">Adquisici\u00f3n de materiales de higiene y limpieza para la Sede Central de Autoridad Portuaria Dominicana ,dirigido a Mipymes<\/p><p class=\"mb-0\" style=\"font-size: .85rem\"><strong title=\"Estado del Proceso\"><i class=\"fas fa-spinner\"><\/i><\/strong> Proceso adjudicado y celebrado<\/p><p class=\"mb-0\" style=\"font-size: .85rem\"><strong title=\"Fecha de Publicaci\u00f3n\"><i class=\"fas fa-calendar-alt\"><\/i><\/strong> Publicado el jueves, 15 de octubre de 2020<\/p><\/div><div class=\"col-auto mt-md-0 mt-2\"><a class=\"btn btn-primary btn-lg px-lg-4 d-none d-md-block\" href=\"https:\/\/comunidad.comprasdominicana.gob.do\/\/Public\/Tendering\/OpportunityDetail\/Index?noticeUID=DO1.NTC.826331\" target=\"_blank\" title=\"Detalles\"><i class=\"fas fa-link\"><\/i> DETALLES<\/a><a class=\"btn btn-primary btn-lg px-lg-4 d-block d-md-none\" href=\"https:\/\/comunidad.comprasdominicana.gob.do\/\/Public\/Tendering\/OpportunityDetail\/Index?noticeUID=DO1.NTC.826331\" target=\"_blank\" title=\"Detalles\"><i class=\"fas fa-2x fa-link\"><\/i><\/a><\/div><\/div><\/div><div class=\"jumbotron archivos\"><div class=\"row align-items-center\"><div class=\"col\"><h6><a class=\"text-dark\" href=\"https:\/\/comunidad.comprasdominicana.gob.do\/\/Public\/Tendering\/OpportunityDetail\/Index?noticeUID=DO1.NTC.823520\" title=\"Ver\" target=\"_blank\">APORDOM-UC-CD-2020-0017<\/a><\/h6><p class=\"mb-0 bold\">Adquisici\u00f3n de botones promocionales impresos para el d\u00eda internacional de la lucha contra el c\u00e1ncer de mama. Dirigido a Mipyme.<\/p><p class=\"mb-0\" style=\"font-size: .85rem\"><strong title=\"Estado del Proceso\"><i class=\"fas fa-spinner\"><\/i><\/strong> Proceso adjudicado y celebrado<\/p><p class=\"mb-0\" style=\"font-size: .85rem\"><strong title=\"Fecha de Publicaci\u00f3n\"><i class=\"fas fa-calendar-alt\"><\/i><\/strong> Publicado el viernes, 9 de octubre de 2020<\/p><\/div><div class=\"col-auto mt-md-0 mt-2\"><a class=\"btn btn-primary btn-lg px-lg-4 d-none d-md-block\" href=\"https:\/\/comunidad.comprasdominicana.gob.do\/\/Public\/Tendering\/OpportunityDetail\/Index?noticeUID=DO1.NTC.823520\" target=\"_blank\" title=\"Detalles\"><i class=\"fas fa-link\"><\/i> DETALLES<\/a><a class=\"btn btn-primary btn-lg px-lg-4 d-block d-md-none\" href=\"https:\/\/comunidad.comprasdominicana.gob.do\/\/Public\/Tendering\/OpportunityDetail\/Index?noticeUID=DO1.NTC.823520\" target=\"_blank\" title=\"Detalles\"><i class=\"fas fa-2x fa-link\"><\/i><\/a><\/div><\/div><\/div><div class=\"jumbotron archivos\"><div class=\"row align-items-center\"><div class=\"col\"><h6><a class=\"text-dark\" href=\"https:\/\/comunidad.comprasdominicana.gob.do\/\/Public\/Tendering\/OpportunityDetail\/Index?noticeUID=DO1.NTC.821510\" title=\"Ver\" target=\"_blank\">APORDOM-UC-CD-2020-0016<\/a><\/h6><p class=\"mb-0 bold\">Adquisici\u00f3n de T\u00f3ner y Cartuchos para la Sede Central de Autoridad Portuaria Dominicana, Dirigido a MIPYMES.<\/p><p class=\"mb-0\" style=\"font-size: .85rem\"><strong title=\"Estado del Proceso\"><i class=\"fas fa-spinner\"><\/i><\/strong> Proceso adjudicado y celebrado<\/p><p class=\"mb-0\" style=\"font-size: .85rem\"><strong title=\"Fecha de Publicaci\u00f3n\"><i class=\"fas fa-calendar-alt\"><\/i><\/strong> Publicado el martes, 6 de octubre de 2020<\/p><\/div><div class=\"col-auto mt-md-0 mt-2\"><a class=\"btn btn-primary btn-lg px-lg-4 d-none d-md-block\" href=\"https:\/\/comunidad.comprasdominicana.gob.do\/\/Public\/Tendering\/OpportunityDetail\/Index?noticeUID=DO1.NTC.821510\" target=\"_blank\" title=\"Detalles\"><i class=\"fas fa-link\"><\/i> DETALLES<\/a><a class=\"btn btn-primary btn-lg px-lg-4 d-block d-md-none\" href=\"https:\/\/comunidad.comprasdominicana.gob.do\/\/Public\/Tendering\/OpportunityDetail\/Index?noticeUID=DO1.NTC.821510\" target=\"_blank\" title=\"Detalles\"><i class=\"fas fa-2x fa-link\"><\/i><\/a><\/div><\/div><\/div><\/div><\/div><\/div><\/div><\/div><\/div>\n        <div class=\"card\">\n            <div class=\"card-header parents\" id=\"heading_procedimientos-de-contrataci-n-dirigidos-a-las-micro-peque-as-y-medianas-empresas-mipymes--69eeee772d89c-2019-69eeee772d89c\">\n                <p class=\"title text-blue mb-0\">\n                    <a class=\"btn-block hover text-left collapsed\" data-toggle=\"collapse\" data-target=\"#collap_procedimientos-de-contrataci-n-dirigidos-a-las-micro-peque-as-y-medianas-empresas-mipymes--69eeee772d89c-2019-69eeee772d89c\" aria-expanded=\"false\" aria-controls=\"collap_procedimientos-de-contrataci-n-dirigidos-a-las-micro-peque-as-y-medianas-empresas-mipymes--69eeee772d89c-2019-69eeee772d89c\">2019<\/a>\n                <\/p>\n            <\/div>\n            <div id=\"collap_procedimientos-de-contrataci-n-dirigidos-a-las-micro-peque-as-y-medianas-empresas-mipymes--69eeee772d89c-2019-69eeee772d89c\" class=\"collapse\" aria-labelledby=\"heading_procedimientos-de-contrataci-n-dirigidos-a-las-micro-peque-as-y-medianas-empresas-mipymes--69eeee772d89c-2019-69eeee772d89c\" data-parent=\"#collap_procedimientos-de-contrataci-n-dirigidos-a-las-micro-peque-as-y-medianas-empresas-mipymes--69eeee772d89c\">\n                <div class=\"card-body\">\n        <div class=\"card\">\n            <div class=\"card-header parents\" id=\"heading_procedimientos-de-contrataci-n-dirigidos-a-las-micro-peque-as-y-medianas-empresas-mipymes--69eeee772d89c-2019-69eeee772d89c-abril-69eeee772d89c\">\n                <p class=\"title text-blue mb-0\">\n                    <a class=\"btn-block hover text-left collapsed\" data-toggle=\"collapse\" data-target=\"#collap_procedimientos-de-contrataci-n-dirigidos-a-las-micro-peque-as-y-medianas-empresas-mipymes--69eeee772d89c-2019-69eeee772d89c-abril-69eeee772d89c\" aria-expanded=\"false\" aria-controls=\"collap_procedimientos-de-contrataci-n-dirigidos-a-las-micro-peque-as-y-medianas-empresas-mipymes--69eeee772d89c-2019-69eeee772d89c-abril-69eeee772d89c\">Abril<\/a>\n                <\/p>\n            <\/div>\n            <div id=\"collap_procedimientos-de-contrataci-n-dirigidos-a-las-micro-peque-as-y-medianas-empresas-mipymes--69eeee772d89c-2019-69eeee772d89c-abril-69eeee772d89c\" class=\"collapse\" aria-labelledby=\"heading_procedimientos-de-contrataci-n-dirigidos-a-las-micro-peque-as-y-medianas-empresas-mipymes--69eeee772d89c-2019-69eeee772d89c-abril-69eeee772d89c\" data-parent=\"#collap_procedimientos-de-contrataci-n-dirigidos-a-las-micro-peque-as-y-medianas-empresas-mipymes--69eeee772d89c-2019-69eeee772d89c\">\n                <div class=\"card-body\"><div class=\"jumbotron archivos\"><div class=\"row align-items-center\"><div class=\"col\"><h6><a class=\"text-dark\" href=\"https:\/\/comunidad.comprasdominicana.gob.do\/\/Public\/Tendering\/OpportunityDetail\/Index?noticeUID=DO1.NTC.567714\" title=\"Ver\" target=\"_blank\">APORDOM-UC-CD-2019-0003<\/a><\/h6><p class=\"mb-0 bold\">Adquisicion de Articulos de Limpieza e Higiene<\/p><p class=\"mb-0\" style=\"font-size: .85rem\"><strong title=\"Estado del Proceso\"><i class=\"fas fa-spinner\"><\/i><\/strong> Proceso adjudicado y celebrado<\/p><p class=\"mb-0\" style=\"font-size: .85rem\"><strong title=\"Fecha de Publicaci\u00f3n\"><i class=\"fas fa-calendar-alt\"><\/i><\/strong> Publicado el lunes, 8 de abril de 2019<\/p><\/div><div class=\"col-auto mt-md-0 mt-2\"><a class=\"btn btn-primary btn-lg px-lg-4 d-none d-md-block\" href=\"https:\/\/comunidad.comprasdominicana.gob.do\/\/Public\/Tendering\/OpportunityDetail\/Index?noticeUID=DO1.NTC.567714\" target=\"_blank\" title=\"Detalles\"><i class=\"fas fa-link\"><\/i> DETALLES<\/a><a class=\"btn btn-primary btn-lg px-lg-4 d-block d-md-none\" href=\"https:\/\/comunidad.comprasdominicana.gob.do\/\/Public\/Tendering\/OpportunityDetail\/Index?noticeUID=DO1.NTC.567714\" target=\"_blank\" title=\"Detalles\"><i class=\"fas fa-2x fa-link\"><\/i><\/a><\/div><\/div><\/div><\/div><\/div><\/div><\/div><\/div><\/div><\/div><\/div><\/div>\n        <div class=\"card\">\n            <div class=\"card-header parents\" id=\"heading_subasta-inversa-69eeee772d89c\">\n                <p class=\"title text-blue mb-0\">\n                    <a class=\"btn-block hover text-left collapsed\" data-toggle=\"collapse\" data-target=\"#collap_subasta-inversa-69eeee772d89c\" aria-expanded=\"false\" aria-controls=\"collap_subasta-inversa-69eeee772d89c\">Subasta Inversa<\/a>\n                <\/p>\n            <\/div>\n            <div id=\"collap_subasta-inversa-69eeee772d89c\" class=\"collapse\" aria-labelledby=\"heading_subasta-inversa-69eeee772d89c\" data-parent=\"#acc_69eeee772d89c\">\n                <div class=\"card-body\">\n        <div class=\"card\">\n            <div class=\"card-header parents\" id=\"heading_subasta-inversa-69eeee772d89c-2024-69eeee772d89c\">\n                <p class=\"title text-blue mb-0\">\n                    <a class=\"btn-block hover text-left collapsed\" data-toggle=\"collapse\" data-target=\"#collap_subasta-inversa-69eeee772d89c-2024-69eeee772d89c\" aria-expanded=\"false\" aria-controls=\"collap_subasta-inversa-69eeee772d89c-2024-69eeee772d89c\">2024<\/a>\n                <\/p>\n            <\/div>\n            <div id=\"collap_subasta-inversa-69eeee772d89c-2024-69eeee772d89c\" class=\"collapse\" aria-labelledby=\"heading_subasta-inversa-69eeee772d89c-2024-69eeee772d89c\" data-parent=\"#collap_subasta-inversa-69eeee772d89c\">\n                <div class=\"card-body\">\n        <div class=\"card\">\n            <div class=\"card-header parents\" id=\"heading_subasta-inversa-69eeee772d89c-2024-69eeee772d89c-agosto-69eeee772d89c\">\n                <p class=\"title text-blue mb-0\">\n                    <a class=\"btn-block hover text-left collapsed\" data-toggle=\"collapse\" data-target=\"#collap_subasta-inversa-69eeee772d89c-2024-69eeee772d89c-agosto-69eeee772d89c\" aria-expanded=\"false\" aria-controls=\"collap_subasta-inversa-69eeee772d89c-2024-69eeee772d89c-agosto-69eeee772d89c\">Agosto<\/a>\n                <\/p>\n            <\/div>\n            <div id=\"collap_subasta-inversa-69eeee772d89c-2024-69eeee772d89c-agosto-69eeee772d89c\" class=\"collapse\" aria-labelledby=\"heading_subasta-inversa-69eeee772d89c-2024-69eeee772d89c-agosto-69eeee772d89c\" data-parent=\"#collap_subasta-inversa-69eeee772d89c-2024-69eeee772d89c\">\n                <div class=\"card-body\"><div class=\"jumbotron archivos\"><div class=\"row align-items-center\"><div class=\"col\"><h6><a class=\"text-dark\" href=\"https:\/\/comunidad.comprasdominicana.gob.do\/\/Public\/Tendering\/OpportunityDetail\/Index?noticeUID=DO1.NTC.1435144\" title=\"Ver\" target=\"_blank\">APORDOM-CCC-SI-2024-0002<\/a><\/h6><p class=\"mb-0 bold\">Adquisici\u00f3n de Camionetas y Jeepeta para uso Operativo de esta APORDOM declarado desierto del proceso Ref. APORDOM-CCC-SI-2024-0001<\/p><p class=\"mb-0\" style=\"font-size: .85rem\"><strong title=\"Estado del Proceso\"><i class=\"fas fa-spinner\"><\/i><\/strong> Proceso adjudicado y celebrado<\/p><p class=\"mb-0\" style=\"font-size: .85rem\"><strong title=\"Fecha de Publicaci\u00f3n\"><i class=\"fas fa-calendar-alt\"><\/i><\/strong> Publicado el lunes, 19 de agosto de 2024<\/p><\/div><div class=\"col-auto mt-md-0 mt-2\"><a class=\"btn btn-primary btn-lg px-lg-4 d-none d-md-block\" href=\"https:\/\/comunidad.comprasdominicana.gob.do\/\/Public\/Tendering\/OpportunityDetail\/Index?noticeUID=DO1.NTC.1435144\" target=\"_blank\" title=\"Detalles\"><i class=\"fas fa-link\"><\/i> DETALLES<\/a><a class=\"btn btn-primary btn-lg px-lg-4 d-block d-md-none\" href=\"https:\/\/comunidad.comprasdominicana.gob.do\/\/Public\/Tendering\/OpportunityDetail\/Index?noticeUID=DO1.NTC.1435144\" target=\"_blank\" title=\"Detalles\"><i class=\"fas fa-2x fa-link\"><\/i><\/a><\/div><\/div><\/div><\/div><\/div><\/div>\n        <div class=\"card\">\n            <div class=\"card-header parents\" id=\"heading_subasta-inversa-69eeee772d89c-2024-69eeee772d89c-junio-69eeee772d89c\">\n                <p class=\"title text-blue mb-0\">\n                    <a class=\"btn-block hover text-left collapsed\" data-toggle=\"collapse\" data-target=\"#collap_subasta-inversa-69eeee772d89c-2024-69eeee772d89c-junio-69eeee772d89c\" aria-expanded=\"false\" aria-controls=\"collap_subasta-inversa-69eeee772d89c-2024-69eeee772d89c-junio-69eeee772d89c\">Junio<\/a>\n                <\/p>\n            <\/div>\n            <div id=\"collap_subasta-inversa-69eeee772d89c-2024-69eeee772d89c-junio-69eeee772d89c\" class=\"collapse\" aria-labelledby=\"heading_subasta-inversa-69eeee772d89c-2024-69eeee772d89c-junio-69eeee772d89c\" data-parent=\"#collap_subasta-inversa-69eeee772d89c-2024-69eeee772d89c\">\n                <div class=\"card-body\"><div class=\"jumbotron archivos\"><div class=\"row align-items-center\"><div class=\"col\"><h6><a class=\"text-dark\" href=\"https:\/\/comunidad.comprasdominicana.gob.do\/\/Public\/Tendering\/OpportunityDetail\/Index?noticeUID=DO1.NTC.1408051\" title=\"Ver\" target=\"_blank\">APORDOM-CCC-SI-2024-0001<\/a><\/h6><p class=\"mb-0 bold\">Adquisici\u00f3n de Veh\u00edculos de Motor para uso Operativo de esta APORDOM.<\/p><p class=\"mb-0\" style=\"font-size: .85rem\"><strong title=\"Estado del Proceso\"><i class=\"fas fa-spinner\"><\/i><\/strong> Proceso adjudicado y celebrado<\/p><p class=\"mb-0\" style=\"font-size: .85rem\"><strong title=\"Fecha de Publicaci\u00f3n\"><i class=\"fas fa-calendar-alt\"><\/i><\/strong> Publicado el lunes, 3 de junio de 2024<\/p><\/div><div class=\"col-auto mt-md-0 mt-2\"><a class=\"btn btn-primary btn-lg px-lg-4 d-none d-md-block\" href=\"https:\/\/comunidad.comprasdominicana.gob.do\/\/Public\/Tendering\/OpportunityDetail\/Index?noticeUID=DO1.NTC.1408051\" target=\"_blank\" title=\"Detalles\"><i class=\"fas fa-link\"><\/i> DETALLES<\/a><a class=\"btn btn-primary btn-lg px-lg-4 d-block d-md-none\" href=\"https:\/\/comunidad.comprasdominicana.gob.do\/\/Public\/Tendering\/OpportunityDetail\/Index?noticeUID=DO1.NTC.1408051\" target=\"_blank\" title=\"Detalles\"><i class=\"fas fa-2x fa-link\"><\/i><\/a><\/div><\/div><\/div><\/div><\/div><\/div><\/div><\/div><\/div>\n        <div class=\"card\">\n            <div class=\"card-header parents\" id=\"heading_subasta-inversa-69eeee772d89c-2023-69eeee772d89c\">\n                <p class=\"title text-blue mb-0\">\n                    <a class=\"btn-block hover text-left collapsed\" data-toggle=\"collapse\" data-target=\"#collap_subasta-inversa-69eeee772d89c-2023-69eeee772d89c\" aria-expanded=\"false\" aria-controls=\"collap_subasta-inversa-69eeee772d89c-2023-69eeee772d89c\">2023<\/a>\n                <\/p>\n            <\/div>\n            <div id=\"collap_subasta-inversa-69eeee772d89c-2023-69eeee772d89c\" class=\"collapse\" aria-labelledby=\"heading_subasta-inversa-69eeee772d89c-2023-69eeee772d89c\" data-parent=\"#collap_subasta-inversa-69eeee772d89c\">\n                <div class=\"card-body\">\n        <div class=\"card\">\n            <div class=\"card-header parents\" id=\"heading_subasta-inversa-69eeee772d89c-2023-69eeee772d89c-enero-69eeee772d89c\">\n                <p class=\"title text-blue mb-0\">\n                    <a class=\"btn-block hover text-left collapsed\" data-toggle=\"collapse\" data-target=\"#collap_subasta-inversa-69eeee772d89c-2023-69eeee772d89c-enero-69eeee772d89c\" aria-expanded=\"false\" aria-controls=\"collap_subasta-inversa-69eeee772d89c-2023-69eeee772d89c-enero-69eeee772d89c\">Enero<\/a>\n                <\/p>\n            <\/div>\n            <div id=\"collap_subasta-inversa-69eeee772d89c-2023-69eeee772d89c-enero-69eeee772d89c\" class=\"collapse\" aria-labelledby=\"heading_subasta-inversa-69eeee772d89c-2023-69eeee772d89c-enero-69eeee772d89c\" data-parent=\"#collap_subasta-inversa-69eeee772d89c-2023-69eeee772d89c\">\n                <div class=\"card-body\"><div class=\"jumbotron archivos\"><div class=\"row align-items-center\"><div class=\"col\"><h6><a class=\"text-dark\" href=\"https:\/\/comunidad.comprasdominicana.gob.do\/\/Public\/Tendering\/OpportunityDetail\/Index?noticeUID=DO1.NTC.1187824\" title=\"Ver\" target=\"_blank\">APORDOM-CCC-SI-2023-0001<\/a><\/h6><p class=\"mb-0 bold\">ADQUISICI\u00d3N DE VEH\u00cdCULOS PARA USO DE LA FLOTILLA VEHICULAR DE APORDOM<\/p><p class=\"mb-0\" style=\"font-size: .85rem\"><strong title=\"Estado del Proceso\"><i class=\"fas fa-spinner\"><\/i><\/strong> Proceso adjudicado y celebrado<\/p><p class=\"mb-0\" style=\"font-size: .85rem\"><strong title=\"Fecha de Publicaci\u00f3n\"><i class=\"fas fa-calendar-alt\"><\/i><\/strong> Publicado el viernes, 20 de enero de 2023<\/p><\/div><div class=\"col-auto mt-md-0 mt-2\"><a class=\"btn btn-primary btn-lg px-lg-4 d-none d-md-block\" href=\"https:\/\/comunidad.comprasdominicana.gob.do\/\/Public\/Tendering\/OpportunityDetail\/Index?noticeUID=DO1.NTC.1187824\" target=\"_blank\" title=\"Detalles\"><i class=\"fas fa-link\"><\/i> DETALLES<\/a><a class=\"btn btn-primary btn-lg px-lg-4 d-block d-md-none\" href=\"https:\/\/comunidad.comprasdominicana.gob.do\/\/Public\/Tendering\/OpportunityDetail\/Index?noticeUID=DO1.NTC.1187824\" target=\"_blank\" title=\"Detalles\"><i class=\"fas fa-2x fa-link\"><\/i><\/a><\/div><\/div><\/div><\/div><\/div><\/div><\/div><\/div><\/div>\n        <div class=\"card\">\n            <div class=\"card-header parents\" id=\"heading_subasta-inversa-69eeee772d89c-2022-69eeee772d89c\">\n                <p class=\"title text-blue mb-0\">\n                    <a class=\"btn-block hover text-left collapsed\" data-toggle=\"collapse\" data-target=\"#collap_subasta-inversa-69eeee772d89c-2022-69eeee772d89c\" aria-expanded=\"false\" aria-controls=\"collap_subasta-inversa-69eeee772d89c-2022-69eeee772d89c\">2022<\/a>\n                <\/p>\n            <\/div>\n            <div id=\"collap_subasta-inversa-69eeee772d89c-2022-69eeee772d89c\" class=\"collapse\" aria-labelledby=\"heading_subasta-inversa-69eeee772d89c-2022-69eeee772d89c\" data-parent=\"#collap_subasta-inversa-69eeee772d89c\">\n                <div class=\"card-body\">\n        <div class=\"card\">\n            <div class=\"card-header parents\" id=\"heading_subasta-inversa-69eeee772d89c-2022-69eeee772d89c-septiembre-69eeee772d89c\">\n                <p class=\"title text-blue mb-0\">\n                    <a class=\"btn-block hover text-left collapsed\" data-toggle=\"collapse\" data-target=\"#collap_subasta-inversa-69eeee772d89c-2022-69eeee772d89c-septiembre-69eeee772d89c\" aria-expanded=\"false\" aria-controls=\"collap_subasta-inversa-69eeee772d89c-2022-69eeee772d89c-septiembre-69eeee772d89c\">Septiembre<\/a>\n                <\/p>\n            <\/div>\n            <div id=\"collap_subasta-inversa-69eeee772d89c-2022-69eeee772d89c-septiembre-69eeee772d89c\" class=\"collapse\" aria-labelledby=\"heading_subasta-inversa-69eeee772d89c-2022-69eeee772d89c-septiembre-69eeee772d89c\" data-parent=\"#collap_subasta-inversa-69eeee772d89c-2022-69eeee772d89c\">\n                <div class=\"card-body\"><div class=\"jumbotron archivos\"><div class=\"row align-items-center\"><div class=\"col\"><h6><a class=\"text-dark\" href=\"https:\/\/comunidad.comprasdominicana.gob.do\/\/Public\/Tendering\/OpportunityDetail\/Index?noticeUID=DO1.NTC.1130634\" title=\"Ver\" target=\"_blank\">APORDOM-CCC-SI-2022-0001<\/a><\/h6><p class=\"mb-0 bold\">ADQUISICI\u00d3N DE VEH\u00cdCULOS PARA USO DE LA FLOTILLA VEHICULAR DE APORDOM<\/p><p class=\"mb-0\" style=\"font-size: .85rem\"><strong title=\"Estado del Proceso\"><i class=\"fas fa-spinner\"><\/i><\/strong> Proceso adjudicado y celebrado<\/p><p class=\"mb-0\" style=\"font-size: .85rem\"><strong title=\"Fecha de Publicaci\u00f3n\"><i class=\"fas fa-calendar-alt\"><\/i><\/strong> Publicado el jueves, 15 de septiembre de 2022<\/p><\/div><div class=\"col-auto mt-md-0 mt-2\"><a class=\"btn btn-primary btn-lg px-lg-4 d-none d-md-block\" href=\"https:\/\/comunidad.comprasdominicana.gob.do\/\/Public\/Tendering\/OpportunityDetail\/Index?noticeUID=DO1.NTC.1130634\" target=\"_blank\" title=\"Detalles\"><i class=\"fas fa-link\"><\/i> DETALLES<\/a><a class=\"btn btn-primary btn-lg px-lg-4 d-block d-md-none\" href=\"https:\/\/comunidad.comprasdominicana.gob.do\/\/Public\/Tendering\/OpportunityDetail\/Index?noticeUID=DO1.NTC.1130634\" target=\"_blank\" title=\"Detalles\"><i class=\"fas fa-2x fa-link\"><\/i><\/a><\/div><\/div><\/div><\/div><\/div><\/div><\/div><\/div><\/div><\/div><\/div><\/div><\/div><p class=\"pt-2 small\">* Est\u00e1 p\u00e1gina se actualiza cada d\u00eda por parte de la <a href=\"https:\/\/www.dgcp.gob.do\/\" target=\"_blank\">Direcci\u00f3n General de Contrataciones P\u00fablicas (DGCP)<\/a>.<\/p><\/div>\r\n<\/div>\r\n<!-- JS que aplica estilos y luego muestra suavemente -->\r\n<script>\r\ndocument.addEventListener(\"DOMContentLoaded\", function () {\r\n  const interval = setInterval(() => {\r\n    const pluginContent = document.querySelector('#procesos-plugin');\r\n    if (pluginContent && pluginContent.innerText.trim().length > 0) {\r\n      pluginContent.style.fontSize = '14px';\r\n      pluginContent.style.fontFamily = 'Lato, sans-serif';\r\n      pluginContent.querySelectorAll('*').forEach(el => {\r\n        el.style.fontSize = '14px';\r\n        el.style.fontFamily = 'Lato, sans-serif';\r\n        el.style.color = '#002b5c';\r\n        el.style.lineHeight = '1.5';\r\n      });\r\n      pluginContent.querySelectorAll('span, td, div, li').forEach(el => {\r\n        el.style.whiteSpace = 'nowrap';\r\n      });\r\n\r\n      \/\/ Mostrar con transici\u00f3n suave\r\n      pluginContent.style.opacity = '1';\r\n      pluginContent.style.pointerEvents = 'auto';\r\n\r\n      clearInterval(interval);\r\n    }\r\n  }, 300);\r\n});\r\n<\/script>\t\t\t\t<\/div>\n\t\t\t\t<\/div>\n\t\t\t\t\t<\/div>\n\t\t<\/div>\n\t\t\t\t\t<\/div>\n\t\t<\/section>\n\t\t\t\t<\/div>\n\t\t","protected":false},"excerpt":{"rendered":"<p>PACC de Autoridad Portuaria Dominicana \u00bfC\u00f3mo ser Proveedor del Estado? Link al PACC en el Portal Transaccional ACCEDE AL PORTAL TRANSACCIONAL Nota: Los a\u00f1os o meses que no figuran en esta p\u00e1gina se debe a que la instituci\u00f3n no hizo procesos de compras para el proceso correspondiente.<\/p>\n","protected":false},"author":10,"featured_media":0,"parent":0,"menu_order":0,"comment_status":"closed","ping_status":"closed","template":"","meta":{"_acf_changed":false,"footnotes":""},"class_list":["post-45","page","type-page","status-publish","hentry"],"acf":[],"yoast_head":"<!-- This site is optimized with the Yoast SEO plugin v26.9 - https:\/\/yoast.com\/product\/yoast-seo-wordpress\/ -->\n<title>Compras y contrataciones p\u00fablicas - Transparencia<\/title>\n<meta name=\"robots\" content=\"index, follow, max-snippet:-1, max-image-preview:large, max-video-preview:-1\" \/>\n<link rel=\"canonical\" href=\"https:\/\/portuaria.gob.do\/transparencia\/compras-y-contrataciones-publicas\/\" \/>\n<meta property=\"og:locale\" content=\"es_ES\" \/>\n<meta property=\"og:type\" content=\"article\" \/>\n<meta property=\"og:title\" content=\"Compras y contrataciones p\u00fablicas - Transparencia\" \/>\n<meta property=\"og:description\" content=\"PACC de Autoridad Portuaria Dominicana \u00bfC\u00f3mo ser Proveedor del Estado? Link al PACC en el Portal Transaccional ACCEDE AL PORTAL TRANSACCIONAL Nota: Los a\u00f1os o meses que no figuran en esta p\u00e1gina se debe a que la instituci\u00f3n no hizo procesos de compras para el proceso correspondiente.\" \/>\n<meta property=\"og:url\" content=\"https:\/\/portuaria.gob.do\/transparencia\/compras-y-contrataciones-publicas\/\" \/>\n<meta property=\"og:site_name\" content=\"Transparencia\" \/>\n<meta property=\"article:modified_time\" content=\"2026-04-01T20:42:42+00:00\" \/>\n<meta name=\"twitter:card\" content=\"summary_large_image\" \/>\n<meta name=\"twitter:label1\" content=\"Tiempo de lectura\" \/>\n\t<meta name=\"twitter:data1\" content=\"1 minuto\" \/>\n<script type=\"application\/ld+json\" class=\"yoast-schema-graph\">{\"@context\":\"https:\/\/schema.org\",\"@graph\":[{\"@type\":\"WebPage\",\"@id\":\"https:\/\/portuaria.gob.do\/transparencia\/compras-y-contrataciones-publicas\/\",\"url\":\"https:\/\/portuaria.gob.do\/transparencia\/compras-y-contrataciones-publicas\/\",\"name\":\"Compras y contrataciones p\u00fablicas - Transparencia\",\"isPartOf\":{\"@id\":\"https:\/\/portuaria.gob.do\/transparencia\/#website\"},\"datePublished\":\"2021-09-06T18:03:09+00:00\",\"dateModified\":\"2026-04-01T20:42:42+00:00\",\"breadcrumb\":{\"@id\":\"https:\/\/portuaria.gob.do\/transparencia\/compras-y-contrataciones-publicas\/#breadcrumb\"},\"inLanguage\":\"es\",\"potentialAction\":[{\"@type\":\"ReadAction\",\"target\":[\"https:\/\/portuaria.gob.do\/transparencia\/compras-y-contrataciones-publicas\/\"]}]},{\"@type\":\"BreadcrumbList\",\"@id\":\"https:\/\/portuaria.gob.do\/transparencia\/compras-y-contrataciones-publicas\/#breadcrumb\",\"itemListElement\":[{\"@type\":\"ListItem\",\"position\":1,\"name\":\"Portada\",\"item\":\"https:\/\/portuaria.gob.do\/transparencia\/\"},{\"@type\":\"ListItem\",\"position\":2,\"name\":\"Compras y contrataciones p\u00fablicas\"}]},{\"@type\":\"WebSite\",\"@id\":\"https:\/\/portuaria.gob.do\/transparencia\/#website\",\"url\":\"https:\/\/portuaria.gob.do\/transparencia\/\",\"name\":\"Transparencia\",\"description\":\"Otro sitio m\u00e1s de Portuaria sitios\",\"potentialAction\":[{\"@type\":\"SearchAction\",\"target\":{\"@type\":\"EntryPoint\",\"urlTemplate\":\"https:\/\/portuaria.gob.do\/transparencia\/?s={search_term_string}\"},\"query-input\":{\"@type\":\"PropertyValueSpecification\",\"valueRequired\":true,\"valueName\":\"search_term_string\"}}],\"inLanguage\":\"es\"}]}<\/script>\n<!-- \/ Yoast SEO plugin. -->","yoast_head_json":{"title":"Compras y contrataciones p\u00fablicas - Transparencia","robots":{"index":"index","follow":"follow","max-snippet":"max-snippet:-1","max-image-preview":"max-image-preview:large","max-video-preview":"max-video-preview:-1"},"canonical":"https:\/\/portuaria.gob.do\/transparencia\/compras-y-contrataciones-publicas\/","og_locale":"es_ES","og_type":"article","og_title":"Compras y contrataciones p\u00fablicas - Transparencia","og_description":"PACC de Autoridad Portuaria Dominicana \u00bfC\u00f3mo ser Proveedor del Estado? Link al PACC en el Portal Transaccional ACCEDE AL PORTAL TRANSACCIONAL Nota: Los a\u00f1os o meses que no figuran en esta p\u00e1gina se debe a que la instituci\u00f3n no hizo procesos de compras para el proceso correspondiente.","og_url":"https:\/\/portuaria.gob.do\/transparencia\/compras-y-contrataciones-publicas\/","og_site_name":"Transparencia","article_modified_time":"2026-04-01T20:42:42+00:00","twitter_card":"summary_large_image","twitter_misc":{"Tiempo de lectura":"1 minuto"},"schema":{"@context":"https:\/\/schema.org","@graph":[{"@type":"WebPage","@id":"https:\/\/portuaria.gob.do\/transparencia\/compras-y-contrataciones-publicas\/","url":"https:\/\/portuaria.gob.do\/transparencia\/compras-y-contrataciones-publicas\/","name":"Compras y contrataciones p\u00fablicas - Transparencia","isPartOf":{"@id":"https:\/\/portuaria.gob.do\/transparencia\/#website"},"datePublished":"2021-09-06T18:03:09+00:00","dateModified":"2026-04-01T20:42:42+00:00","breadcrumb":{"@id":"https:\/\/portuaria.gob.do\/transparencia\/compras-y-contrataciones-publicas\/#breadcrumb"},"inLanguage":"es","potentialAction":[{"@type":"ReadAction","target":["https:\/\/portuaria.gob.do\/transparencia\/compras-y-contrataciones-publicas\/"]}]},{"@type":"BreadcrumbList","@id":"https:\/\/portuaria.gob.do\/transparencia\/compras-y-contrataciones-publicas\/#breadcrumb","itemListElement":[{"@type":"ListItem","position":1,"name":"Portada","item":"https:\/\/portuaria.gob.do\/transparencia\/"},{"@type":"ListItem","position":2,"name":"Compras y contrataciones p\u00fablicas"}]},{"@type":"WebSite","@id":"https:\/\/portuaria.gob.do\/transparencia\/#website","url":"https:\/\/portuaria.gob.do\/transparencia\/","name":"Transparencia","description":"Otro sitio m\u00e1s de Portuaria sitios","potentialAction":[{"@type":"SearchAction","target":{"@type":"EntryPoint","urlTemplate":"https:\/\/portuaria.gob.do\/transparencia\/?s={search_term_string}"},"query-input":{"@type":"PropertyValueSpecification","valueRequired":true,"valueName":"search_term_string"}}],"inLanguage":"es"}]}},"_links":{"self":[{"href":"https:\/\/portuaria.gob.do\/transparencia\/wp-json\/wp\/v2\/pages\/45","targetHints":{"allow":["GET"]}}],"collection":[{"href":"https:\/\/portuaria.gob.do\/transparencia\/wp-json\/wp\/v2\/pages"}],"about":[{"href":"https:\/\/portuaria.gob.do\/transparencia\/wp-json\/wp\/v2\/types\/page"}],"author":[{"embeddable":true,"href":"https:\/\/portuaria.gob.do\/transparencia\/wp-json\/wp\/v2\/users\/10"}],"replies":[{"embeddable":true,"href":"https:\/\/portuaria.gob.do\/transparencia\/wp-json\/wp\/v2\/comments?post=45"}],"version-history":[{"count":48,"href":"https:\/\/portuaria.gob.do\/transparencia\/wp-json\/wp\/v2\/pages\/45\/revisions"}],"predecessor-version":[{"id":15095,"href":"https:\/\/portuaria.gob.do\/transparencia\/wp-json\/wp\/v2\/pages\/45\/revisions\/15095"}],"wp:attachment":[{"href":"https:\/\/portuaria.gob.do\/transparencia\/wp-json\/wp\/v2\/media?parent=45"}],"curies":[{"name":"wp","href":"https:\/\/api.w.org\/{rel}","templated":true}]}}